{"id":1796,"date":"2023-11-27T15:11:44","date_gmt":"2023-11-27T14:11:44","guid":{"rendered":"http:\/\/wordpress2363517.home.pl\/ptdl\/?page_id=1796"},"modified":"2026-01-19T07:48:42","modified_gmt":"2026-01-19T06:48:42","slug":"oddzial-lublin","status":"publish","type":"page","link":"https:\/\/ptdl.pl\/index.php\/oddzial-lublin\/","title":{"rendered":"Oddzia\u0142 Lublin"},"content":{"rendered":"<div class='flex_column av-bbwrj-64d2880b1c12e65686a0081720ad9992 av_one_full  avia-builder-el-0  el_before_av_two_third  avia-builder-el-first  first flex_column_div '     ><section  class='av_textblock_section av-lecvcq6o-91aefef4f12c7a920c40a9efc4af9382'  itemscope=\"itemscope\" itemtype=\"https:\/\/schema.org\/CreativeWork\" ><div class='avia_textblock mp-naglowek-specjalny1-class'  itemprop=\"text\" ><p>Oddzia\u0142 Lublin<\/p>\n<hr \/>\n<\/div><\/section><\/div>\n<div class='flex_column av-ftu8n-11ae29f94e6bb6bd1c929d4954d46185 av_two_third  avia-builder-el-2  el_after_av_one_full  el_before_av_one_third  first flex_column_div column-top-margin'     ><style type=\"text\/css\" data-created_by=\"avia_inline_auto\" id=\"style-css-av-lepnto4h-70e6ede7b8f0192918957318ecefb215\">\n#top .av_textblock_section.av-lepnto4h-70e6ede7b8f0192918957318ecefb215 .avia_textblock{\nfont-size:24px;\n}\n<\/style>\n<section  class='av_textblock_section av-lepnto4h-70e6ede7b8f0192918957318ecefb215'  itemscope=\"itemscope\" itemtype=\"https:\/\/schema.org\/CreativeWork\" ><div class='avia_textblock mp-naglowek-specjalny1-class'  itemprop=\"text\" ><div class=\"unit lastUnit\">\n<div class=\"division-address\">\n<div>\n<p><strong>Polskie Towarzystwo Diagnostyki Laboratoryjnej <\/strong><strong>Oddzia\u0142 w Lublinie<br \/>\nZak\u0142ad Diagnostyki Laboratoryjnej, Uniwersytet Medyczny w Lublinie<\/strong><br \/>\nDr W. Chod\u017aki 1, 20-093 Lublin<\/p>\n<\/div>\n<div class=\"address\"><\/div>\n<\/div>\n<\/div>\n<\/div><\/section><br \/>\n\n<style type=\"text\/css\" data-created_by=\"avia_inline_auto\" id=\"style-css-av-leqxymxb-4f95b8d97bab371b14755c7757a7ae28\">\n@-webkit-keyframes av_boxShadowEffect_av-leqxymxb-4f95b8d97bab371b14755c7757a7ae28 {\n0%   { box-shadow:  0 0 0 0 ; opacity: 1; }\n100% { box-shadow:  0 0 10px 0 ; opacity: 1; }\n}\n@keyframes av_boxShadowEffect_av-leqxymxb-4f95b8d97bab371b14755c7757a7ae28 {\n0%   { box-shadow:  0 0 0 0 ; opacity: 1; }\n100% { box-shadow:  0 0 10px 0 ; opacity: 1; }\n}\n.avia_transform .avia-image-container.av-leqxymxb-4f95b8d97bab371b14755c7757a7ae28{\n-webkit-animation-duration:2s;\n-moz-animation-duration:2s;\nanimation-duration:2s;\n}\n.avia-image-container.av-leqxymxb-4f95b8d97bab371b14755c7757a7ae28 img.avia_image{\nbox-shadow: 0 0 10px 0 ;\n}\n.avia-image-container.av-leqxymxb-4f95b8d97bab371b14755c7757a7ae28 .av-image-caption-overlay-center{\ncolor:#ffffff;\n}\n<\/style>\n<div  class='avia-image-container av-leqxymxb-4f95b8d97bab371b14755c7757a7ae28 av-styling- avia_animated_image av-animated-when-visible-95 fade-in-left avia-align-center  avia-builder-el-4  el_after_av_textblock  el_before_av_hr  av-img-box-shadow av-box-shadow-not-animated'   itemprop=\"image\" itemscope=\"itemscope\" itemtype=\"https:\/\/schema.org\/ImageObject\" ><div class=\"avia-image-container-inner\"><div class=\"avia-image-overlay-wrap\"><img decoding=\"async\" class='wp-image-2065 avia-img-lazy-loading-not-2065 avia_image shadow-not-animated' src=\"https:\/\/ptdl.pl\/ptdl\/wp-content\/uploads\/2024\/01\/oddzial_lublin-845x684.jpg\" alt='' title='oddzial_lublin'  height=\"684\" width=\"845\"  itemprop=\"thumbnailUrl\" srcset=\"https:\/\/ptdl.pl\/ptdl\/wp-content\/uploads\/2024\/01\/oddzial_lublin-845x684.jpg 845w, https:\/\/ptdl.pl\/ptdl\/wp-content\/uploads\/2024\/01\/oddzial_lublin-495x400.jpg 495w\" sizes=\"(max-width: 845px) 100vw, 845px\" \/><\/div><\/div><\/div><br \/>\n<div  class='hr av-3gkv-ad7e794586a7799e183f5a9542000a2e hr-default  avia-builder-el-5  el_after_av_image  el_before_av_textblock '><span class='hr-inner '><span class=\"hr-inner-style\"><\/span><\/span><\/div><br \/>\n<section  class='av_textblock_section av-lepr8ob1-491be447289dde8da5c2ea4b6ad31da1'  itemscope=\"itemscope\" itemtype=\"https:\/\/schema.org\/CreativeWork\" ><div class='avia_textblock mp-naglowek-specjalny1-class'  itemprop=\"text\" ><p style=\"text-align: center;\">Aktualno\u015bci Oddzia\u0142u<\/p>\n<hr \/>\n<\/div><\/section><br \/>\n<div  id=\"avia-magazine-1\"  class='av-magazine av-ler753zq-ab7630be02e4062e99faecfa38cb6c8d  avia-builder-el-7  el_after_av_textblock  avia-builder-el-last   avia-builder-el-7  el_after_av_textblock  avia-builder-el-last ' ><div class='av-magazine-group sort_all'><article class='av-magazine-entry av-magazine-entry-id-5846 av-magazine-format-standard av-magazine-type-post av-magazine-entry-1 av-magazine-entry-small '  itemscope=\"itemscope\" itemtype=\"https:\/\/schema.org\/CreativeWork\" ><div class=\"av-magazine-thumbnail\"><a href='https:\/\/ptdl.pl\/index.php\/2026\/03\/16\/posiedzenie-naukowo-szkoleniowe-oddzialow-warszawskiego-i-lubelskiego-ptdl-24-marzec-2026-r\/' title='Link to: Posiedzenie naukowo-szkoleniowe Oddzia\u0142\u00f3w Warszawskiego i Lubelskiego PTDL &#8211; 24 marzec 2026 r.' class='av-magazine-thumbnail-link'><img decoding=\"async\" width=\"80\" height=\"80\" src=\"https:\/\/ptdl.pl\/ptdl\/wp-content\/uploads\/2026\/03\/Ciemnoszary-Pastelowy-Zolty-Korporacyjny-Schludny-Post-na-Facebooka-\u2013-organizacje-non-profit2-80x80.png\" class=\"wp-image-5847 avia-img-lazy-loading-not-5847 attachment-thumbnail size-thumbnail wp-post-image\" alt=\"\" srcset=\"https:\/\/ptdl.pl\/ptdl\/wp-content\/uploads\/2026\/03\/Ciemnoszary-Pastelowy-Zolty-Korporacyjny-Schludny-Post-na-Facebooka-\u2013-organizacje-non-profit2-80x80.png 80w, https:\/\/ptdl.pl\/ptdl\/wp-content\/uploads\/2026\/03\/Ciemnoszary-Pastelowy-Zolty-Korporacyjny-Schludny-Post-na-Facebooka-\u2013-organizacje-non-profit2-36x36.png 36w, https:\/\/ptdl.pl\/ptdl\/wp-content\/uploads\/2026\/03\/Ciemnoszary-Pastelowy-Zolty-Korporacyjny-Schludny-Post-na-Facebooka-\u2013-organizacje-non-profit2-180x180.png 180w\" sizes=\"(max-width: 80px) 100vw, 80px\" \/><\/a><\/div><div class=\"av-magazine-content-wrap\"><header class=\"entry-content-header\"><time class='av-magazine-time updated'  itemprop=\"datePublished\" datetime=\"2026-03-16T17:37:18+01:00\" >2026-03-16<\/time><h3 class='av-magazine-title entry-title '  itemprop=\"headline\" ><a href='https:\/\/ptdl.pl\/index.php\/2026\/03\/16\/posiedzenie-naukowo-szkoleniowe-oddzialow-warszawskiego-i-lubelskiego-ptdl-24-marzec-2026-r\/' title='Link to: Posiedzenie naukowo-szkoleniowe Oddzia\u0142\u00f3w Warszawskiego i Lubelskiego PTDL &#8211; 24 marzec 2026 r.'>Posiedzenie naukowo-szkoleniowe Oddzia\u0142\u00f3w Warszawskiego i Lubelskiego PTDL &#8211; 24 marzec 2026 r.<\/a><\/h3><\/header><\/div><footer class=\"entry-footer\"><\/footer><\/article><article class='av-magazine-entry av-magazine-entry-id-5789 av-magazine-format-standard av-magazine-type-post av-magazine-entry-2 av-magazine-entry-small '  itemscope=\"itemscope\" itemtype=\"https:\/\/schema.org\/CreativeWork\" ><div class=\"av-magazine-thumbnail\"><a href='https:\/\/ptdl.pl\/index.php\/2026\/03\/09\/warsztaty-26-marca-2026-r-godz-13-00\/' title='Link to: Warsztaty &#8211; 26 marca 2026 r., godz. 13.00' class='av-magazine-thumbnail-link'><img decoding=\"async\" width=\"80\" height=\"80\" src=\"https:\/\/ptdl.pl\/ptdl\/wp-content\/uploads\/2026\/03\/PTDL_26-03-2026-80x80.jpg\" class=\"wp-image-5791 avia-img-lazy-loading-not-5791 attachment-thumbnail size-thumbnail wp-post-image\" alt=\"\" srcset=\"https:\/\/ptdl.pl\/ptdl\/wp-content\/uploads\/2026\/03\/PTDL_26-03-2026-80x80.jpg 80w, https:\/\/ptdl.pl\/ptdl\/wp-content\/uploads\/2026\/03\/PTDL_26-03-2026-36x36.jpg 36w, https:\/\/ptdl.pl\/ptdl\/wp-content\/uploads\/2026\/03\/PTDL_26-03-2026-180x180.jpg 180w\" sizes=\"(max-width: 80px) 100vw, 80px\" \/><\/a><\/div><div class=\"av-magazine-content-wrap\"><header class=\"entry-content-header\"><time class='av-magazine-time updated'  itemprop=\"datePublished\" datetime=\"2026-03-09T20:37:32+01:00\" >2026-03-09<\/time><h3 class='av-magazine-title entry-title '  itemprop=\"headline\" ><a href='https:\/\/ptdl.pl\/index.php\/2026\/03\/09\/warsztaty-26-marca-2026-r-godz-13-00\/' title='Link to: Warsztaty &#8211; 26 marca 2026 r., godz. 13.00'>Warsztaty &#8211; 26 marca 2026 r., godz. 13.00<\/a><\/h3><\/header><\/div><footer class=\"entry-footer\"><\/footer><\/article><article class='av-magazine-entry av-magazine-entry-id-5645 av-magazine-format-standard av-magazine-type-post av-magazine-entry-3 av-magazine-entry-small '  itemscope=\"itemscope\" itemtype=\"https:\/\/schema.org\/CreativeWork\" ><div class=\"av-magazine-thumbnail\"><a href='https:\/\/ptdl.pl\/index.php\/2026\/02\/05\/posiedzenie-naukowo-szkoleniowe-oddzialu-lubelskiego-ptdl-4\/' title='Link to: Posiedzenie naukowo-szkoleniowe Oddzia\u0142u Lubelskiego PTDL' class='av-magazine-thumbnail-link'><img decoding=\"async\" width=\"80\" height=\"80\" src=\"https:\/\/ptdl.pl\/ptdl\/wp-content\/uploads\/2026\/02\/Ciemnoszary-Pastelowy-Zolty-Korporacyjny-Schludny-Post-na-Facebooka-\u2013-organizacje-non-profit1-80x80.png\" class=\"wp-image-5647 avia-img-lazy-loading-not-5647 attachment-thumbnail size-thumbnail wp-post-image\" alt=\"\" srcset=\"https:\/\/ptdl.pl\/ptdl\/wp-content\/uploads\/2026\/02\/Ciemnoszary-Pastelowy-Zolty-Korporacyjny-Schludny-Post-na-Facebooka-\u2013-organizacje-non-profit1-80x80.png 80w, https:\/\/ptdl.pl\/ptdl\/wp-content\/uploads\/2026\/02\/Ciemnoszary-Pastelowy-Zolty-Korporacyjny-Schludny-Post-na-Facebooka-\u2013-organizacje-non-profit1-36x36.png 36w, https:\/\/ptdl.pl\/ptdl\/wp-content\/uploads\/2026\/02\/Ciemnoszary-Pastelowy-Zolty-Korporacyjny-Schludny-Post-na-Facebooka-\u2013-organizacje-non-profit1-180x180.png 180w\" sizes=\"(max-width: 80px) 100vw, 80px\" \/><\/a><\/div><div class=\"av-magazine-content-wrap\"><header class=\"entry-content-header\"><time class='av-magazine-time updated'  itemprop=\"datePublished\" datetime=\"2026-02-05T15:36:06+01:00\" >2026-02-05<\/time><h3 class='av-magazine-title entry-title '  itemprop=\"headline\" ><a href='https:\/\/ptdl.pl\/index.php\/2026\/02\/05\/posiedzenie-naukowo-szkoleniowe-oddzialu-lubelskiego-ptdl-4\/' title='Link to: Posiedzenie naukowo-szkoleniowe Oddzia\u0142u Lubelskiego PTDL'>Posiedzenie naukowo-szkoleniowe Oddzia\u0142u Lubelskiego PTDL<\/a><\/h3><\/header><\/div><footer class=\"entry-footer\"><\/footer><\/article><article class='av-magazine-entry av-magazine-entry-id-5330 av-magazine-format-standard av-magazine-type-post av-magazine-entry-4 av-magazine-entry-small '  itemscope=\"itemscope\" itemtype=\"https:\/\/schema.org\/CreativeWork\" ><div class=\"av-magazine-thumbnail\"><a href='https:\/\/ptdl.pl\/index.php\/2025\/10\/06\/konferencja-kierownikow-medycznych-laboratoriow-diagnostycznych-wojewodztwa-lubelskiego-22-pazdziernika-2025-r\/' title='Link to: Konferencja Kierownik\u00f3w Medycznych Laboratori\u00f3w Diagnostycznych wojew\u00f3dztwa lubelskiego &#8211; 22 pa\u017adziernika 2025 r.' class='av-magazine-thumbnail-link'><img decoding=\"async\" width=\"80\" height=\"80\" src=\"https:\/\/ptdl.pl\/ptdl\/wp-content\/uploads\/2025\/10\/1-80x80.jpg\" class=\"wp-image-5331 avia-img-lazy-loading-not-5331 attachment-thumbnail size-thumbnail wp-post-image\" alt=\"\" srcset=\"https:\/\/ptdl.pl\/ptdl\/wp-content\/uploads\/2025\/10\/1-80x80.jpg 80w, https:\/\/ptdl.pl\/ptdl\/wp-content\/uploads\/2025\/10\/1-36x36.jpg 36w, https:\/\/ptdl.pl\/ptdl\/wp-content\/uploads\/2025\/10\/1-180x180.jpg 180w\" sizes=\"(max-width: 80px) 100vw, 80px\" \/><\/a><\/div><div class=\"av-magazine-content-wrap\"><header class=\"entry-content-header\"><time class='av-magazine-time updated'  itemprop=\"datePublished\" datetime=\"2025-10-06T12:48:33+02:00\" >2025-10-06<\/time><h3 class='av-magazine-title entry-title '  itemprop=\"headline\" ><a href='https:\/\/ptdl.pl\/index.php\/2025\/10\/06\/konferencja-kierownikow-medycznych-laboratoriow-diagnostycznych-wojewodztwa-lubelskiego-22-pazdziernika-2025-r\/' title='Link to: Konferencja Kierownik\u00f3w Medycznych Laboratori\u00f3w Diagnostycznych wojew\u00f3dztwa lubelskiego &#8211; 22 pa\u017adziernika 2025 r.'>Konferencja Kierownik\u00f3w Medycznych Laboratori\u00f3w Diagnostycznych wojew\u00f3dztwa lubelskiego &#8211; 22 pa\u017adziernika 2025 r.<\/a><\/h3><\/header><\/div><footer class=\"entry-footer\"><\/footer><\/article><article class='av-magazine-entry av-magazine-entry-id-5253 av-magazine-format-standard av-magazine-type-post av-magazine-entry-5 av-magazine-entry-small '  itemscope=\"itemscope\" itemtype=\"https:\/\/schema.org\/CreativeWork\" ><div class=\"av-magazine-thumbnail\"><a href='https:\/\/ptdl.pl\/index.php\/2025\/10\/01\/80-lat-wydzialu-farmaceutycznego-i-30-lat-analityki-medycznej-uniwersytetu-medycznego-w-lublinie\/' title='Link to: 80 lat Wydzia\u0142u Farmaceutycznego i 30 lat Analityki Medycznej Uniwersytetu Medycznego w Lublinie' class='av-magazine-thumbnail-link'><img decoding=\"async\" width=\"80\" height=\"80\" src=\"https:\/\/ptdl.pl\/ptdl\/wp-content\/uploads\/2025\/10\/Jubileusz-WF-i-AM-80x80.jpg\" class=\"wp-image-5254 avia-img-lazy-loading-not-5254 attachment-thumbnail size-thumbnail wp-post-image\" alt=\"\" srcset=\"https:\/\/ptdl.pl\/ptdl\/wp-content\/uploads\/2025\/10\/Jubileusz-WF-i-AM-80x80.jpg 80w, https:\/\/ptdl.pl\/ptdl\/wp-content\/uploads\/2025\/10\/Jubileusz-WF-i-AM-36x36.jpg 36w, https:\/\/ptdl.pl\/ptdl\/wp-content\/uploads\/2025\/10\/Jubileusz-WF-i-AM-180x180.jpg 180w\" sizes=\"(max-width: 80px) 100vw, 80px\" \/><\/a><\/div><div class=\"av-magazine-content-wrap\"><header class=\"entry-content-header\"><time class='av-magazine-time updated'  itemprop=\"datePublished\" datetime=\"2025-10-01T12:03:18+02:00\" >2025-10-01<\/time><h3 class='av-magazine-title entry-title '  itemprop=\"headline\" ><a href='https:\/\/ptdl.pl\/index.php\/2025\/10\/01\/80-lat-wydzialu-farmaceutycznego-i-30-lat-analityki-medycznej-uniwersytetu-medycznego-w-lublinie\/' title='Link to: 80 lat Wydzia\u0142u Farmaceutycznego i 30 lat Analityki Medycznej Uniwersytetu Medycznego w Lublinie'>80 lat Wydzia\u0142u Farmaceutycznego i 30 lat Analityki Medycznej Uniwersytetu Medycznego w Lublinie<\/a><\/h3><\/header><\/div><footer class=\"entry-footer\"><\/footer><\/article><\/div><div class='av-masonry-pagination av-masonry-pagination-pagination'><nav class='pagination'><span class='pagination-meta'>Strona 1 z 5<\/span><span class='current'>1<\/span><a href='https:\/\/ptdl.pl\/index.php\/wp-json\/wp\/v2\/pages\/1796\/?avia-element-paging=2' class='inactive next_page' >2<\/a><a href='https:\/\/ptdl.pl\/index.php\/wp-json\/wp\/v2\/pages\/1796\/?avia-element-paging=3' class='inactive' >3<\/a><a href='https:\/\/ptdl.pl\/index.php\/wp-json\/wp\/v2\/pages\/1796\/?avia-element-paging=4' class='inactive' >4<\/a><a href='https:\/\/ptdl.pl\/index.php\/wp-json\/wp\/v2\/pages\/1796\/?avia-element-paging=5' class='inactive' >5<\/a><\/nav>\n<\/div><\/div><\/p><\/div>\n<div class='flex_column av-9njxb-7e13e76db42024df501517fd059c3eb7 av_one_third  avia-builder-el-8  el_after_av_two_third  avia-builder-el-last  flex_column_div column-top-margin'     ><section  class='av_textblock_section av-lepr8agv-482b0303bb421e7a1e81649c42def1d5'  itemscope=\"itemscope\" itemtype=\"https:\/\/schema.org\/CreativeWork\" ><div class='avia_textblock mp-naglowek-specjalny1-class'  itemprop=\"text\" ><p style=\"text-align: center;\">Aktualne sk\u0142adki<\/p>\n<hr \/>\n<\/div><\/section><br \/>\n<section  class='av_textblock_section av-4mmeqs-6f637db22c3df7159dae1a61cb0465dc'  itemscope=\"itemscope\" itemtype=\"https:\/\/schema.org\/CreativeWork\" ><div class='avia_textblock'  itemprop=\"text\" ><p style=\"text-align: center;\">Sk\u0142adka wynosi<br \/>\n<span style=\"font-size: 14pt;\"><strong>100 z\u0142<\/strong>,<\/span><br \/>\ndla emeryt\u00f3w<br \/>\n<span style=\"font-size: 14pt;\"><strong>20 z\u0142<\/strong>.<\/span><\/p>\n<p style=\"text-align: justify;\">W zwi\u0105zku z uruchomieniem nowej strony PTDL wraz z systemem obs\u0142ugi sk\u0142adek cz\u0142onkowskich uprzejmie prosimy <strong>o<\/strong> <strong>powt\u00f3rn\u0105 rejestracj\u0119 wszystkich cz\u0142onk\u00f3w Towarzystwa<\/strong>. Prosimy dokona\u0107 rejestracji <strong>PRZED op\u0142aceniem sk\u0142adki cz\u0142onkowskiej<\/strong>.<br \/>\nPo zarejestrowaniu, zalecamy op\u0142aci\u0107 sk\u0142adk\u0119 cz\u0142onkowsk\u0105 poprzez nowy system \u2013 dzi\u0119ki temu sk\u0142adki s\u0105 automatycznie rejestrowane w systemie. Alternatywnie, istnieje w dalszym ci\u0105gu mo\u017cliwo\u015b\u0107 op\u0142acenia tradycyjnym przelewem na konto Oddzia\u0142u Terenowego.<\/p>\n<\/div><\/section><br \/>\n<div  class='avia-button-wrap avia-button-center  avia-builder-el-11  el_after_av_textblock  el_before_av_textblock '>\n<style type=\"text\/css\" data-created_by=\"avia_inline_auto\" id=\"style-css-av-2kfl1w-4332ba330cfa8bf93d6c82478ac23bc5\">\n#top #wrap_all .avia-button.av-2kfl1w-4332ba330cfa8bf93d6c82478ac23bc5:hover{\ncolor:white;\n-webkit-transition:all 0.4s ease-in-out;\n-moz-transition:all 0.4s ease-in-out;\n-ms-transition:all 0.4s ease-in-out;\n-o-transition:all 0.4s ease-in-out;\ntransition:all 0.4s ease-in-out;\n}\n<\/style>\n<a href='https:\/\/ptdl.sorga.pl' class='avia-color-theme-color avia-font-color-theme-color avia-button avia-button-fullwidth av-2kfl1w-4332ba330cfa8bf93d6c82478ac23bc5 avia-icon_select-no avia-color-theme-color'  ><span class='avia_iconbox_title' >Rejestracja\/logowanie<\/span><span class='avia_button_background avia-button avia-button-fullwidth avia-color-theme-color-highlight'><\/span><\/a><\/div><br \/>\n<section  class='av_textblock_section av-lepr7rdn-2ddb37f29fda9955929607b5ebb4d7e8'  itemscope=\"itemscope\" itemtype=\"https:\/\/schema.org\/CreativeWork\" ><div class='avia_textblock'  itemprop=\"text\" ><p style=\"text-align: center;\">Numer rachunku bankowego:<\/p>\n<p style=\"text-align: center;\"><span style=\"font-size: 14pt;\"><strong>PKO BP SA<\/strong><\/span><br \/>\n<span style=\"font-size: 14pt;\"><strong>87 1020 2498 0000 8502 0771 2732<\/strong><\/span><\/p>\n<p style=\"text-align: center;\">W tytule p\u0142atno\u015bci prosz\u0119 wpisa\u0107: imi\u0119 i nazwisko cz\u0142onka PTDL op\u0142acaj\u0105cego sk\u0142adk\u0119\/sk\u0142adki; rok\/lata, za kt\u00f3ry\/kt\u00f3re op\u0142acana jest sk\u0142adka\/sk\u0142adki.<\/p>\n<p style=\"text-align: center;\"><strong>PROSIMY O WP\u0141AT\u0118 DO KO\u0143CA LUTEGO 2024 ROKU !<\/strong><\/p>\n<\/div><\/section><br \/>\n<div  class='hr av-b52mf-292f5e350f97db2a46698507c72611aa hr-default  avia-builder-el-13  el_after_av_textblock  el_before_av_textblock '><span class='hr-inner '><span class=\"hr-inner-style\"><\/span><\/span><\/div><br \/>\n<section  class='av_textblock_section av-leqs64ut-312ac74e5bbc787464a46a66f5cfe795'  itemscope=\"itemscope\" itemtype=\"https:\/\/schema.org\/CreativeWork\" ><div class='avia_textblock mp-naglowek-specjalny1-class'  itemprop=\"text\" ><p style=\"text-align: center;\">Zarz\u0105d Oddzia\u0142u<\/p>\n<\/div><\/section><br \/>\n<div  class='togglecontainer av-lepmmq0p-ca1328243295a851c6fd36a11a691c27  avia-builder-el-15  el_after_av_textblock  avia-builder-el-last  toggle_close_all' >\n<section class='av_toggle_section av-lepmm4dl-1-1-36bbffb7e89265bab7914f7e3b5496ee'  itemscope=\"itemscope\" itemtype=\"https:\/\/schema.org\/CreativeWork\" ><div role=\"tablist\" class=\"single_toggle\" data-tags=\"{Wszystko} \"  ><p data-fake-id='#toggle-id-1' class='toggler   '  itemprop=\"headline\"  role='tab' tabindex='0' aria-controls='toggle-id-1'><b>Przewodnicz\u0105cy<\/b><br \/>\ndr n. farm. Dariusz Duma<span class=\"toggle_icon\"><span class=\"vert_icon\"><\/span><span class=\"hor_icon\"><\/span><\/span><\/p><div id='toggle-id-1' class='toggle_wrap  '  ><div class='toggle_content invers-color '  itemprop=\"text\" ><p><strong>Zak\u0142ad Diagnostyki Laboratoryjnej, Katedra Diagnostyki Laboratoryjnej, Uniwersytet Medyczny w Lublinie<\/strong><br \/>\nChod\u017aki 1,20-093, Lublin<br \/>\ndumad68@gmail.com<br \/>\n<strong>Telefon: <\/strong>608 57 97 40<\/p>\n<\/div><\/div><\/div><\/section>\n<section class='av_toggle_section av-lepmm4dl-1-1-3-121d7aa56b1d59463a94ae1c45205494'  itemscope=\"itemscope\" itemtype=\"https:\/\/schema.org\/CreativeWork\" ><div role=\"tablist\" class=\"single_toggle\" data-tags=\"{Wszystko} \"  ><p data-fake-id='#toggle-id-2' class='toggler   '  itemprop=\"headline\"  role='tab' tabindex='0' aria-controls='toggle-id-2'><b>Wiceprzewodnicz\u0105ca <\/b><br \/>\nmgr Agnieszka Choj\u0119ta<span class=\"toggle_icon\"><span class=\"vert_icon\"><\/span><span class=\"hor_icon\"><\/span><\/span><\/p><div id='toggle-id-2' class='toggle_wrap  '  ><div class='toggle_content invers-color '  itemprop=\"text\" ><p><strong>Diagnostyka. Laboratoria Medyczne<\/strong><br \/>\nprof. A.G\u0119bali 6,20-093, Lublin<br \/>\nagachojeta@gmail.com<\/p>\n<\/div><\/div><\/div><\/section>\n<section class='av_toggle_section av-lepmm4dl-1-1-2-65ca5155ee162317a87a23ac5d0aef1b'  itemscope=\"itemscope\" itemtype=\"https:\/\/schema.org\/CreativeWork\" ><div role=\"tablist\" class=\"single_toggle\" data-tags=\"{Wszystko} \"  ><p data-fake-id='#toggle-id-3' class='toggler   '  itemprop=\"headline\"  role='tab' tabindex='0' aria-controls='toggle-id-3'><b>Sekretarz<\/b><br \/>\ndr n. farm. Maciej Korpysz<span class=\"toggle_icon\"><span class=\"vert_icon\"><\/span><span class=\"hor_icon\"><\/span><\/span><\/p><div id='toggle-id-3' class='toggle_wrap  '  ><div class='toggle_content invers-color '  itemprop=\"text\" ><p><strong>Zak\u0142ad Diagnostyki Biochemicznej Katedra Diagnostyki Laboratoryjnej Uniwersytet Medyczny w Lublinie<\/strong><br \/>\nStaszica 11, 20-081, Lublin<br \/>\nm.korpysz@gmail.com<br \/>\n<strong>Telefon: <\/strong>+48 81 532 38 16<\/p>\n<\/div><\/div><\/div><\/section>\n<section class='av_toggle_section av-lepmkvs1-0a5875ad95abd04bd8e71c7ccb663ab7'  itemscope=\"itemscope\" itemtype=\"https:\/\/schema.org\/CreativeWork\" ><div role=\"tablist\" class=\"single_toggle\" data-tags=\"{Wszystko} \"  ><p data-fake-id='#toggle-id-4' class='toggler   '  itemprop=\"headline\"  role='tab' tabindex='0' aria-controls='toggle-id-4'><b>Skarbnik<\/b><br \/>\ndr n. farm. Anna Kowalska-K\u0119pczy\u0144ska<span class=\"toggle_icon\"><span class=\"vert_icon\"><\/span><span class=\"hor_icon\"><\/span><\/span><\/p><div id='toggle-id-4' class='toggle_wrap  '  ><div class='toggle_content invers-color '  itemprop=\"text\" ><p><strong>Zak\u0142ad Diagnostyki Biochemicznej Katedra Diagnostyki Laboratoryjnej Uniwersytet Medyczny w Lublinie<\/strong><br \/>\nStaszica 11, 20-081, Lublin<br \/>\na.kowalska1004@gmail.com<br \/>\nTelefon: +48 81532 3816<\/p>\n<\/div><\/div><\/div><\/section>\n<section class='av_toggle_section av-lepmm4dl-627c017a8d77da952afb1fb743874eda'  itemscope=\"itemscope\" itemtype=\"https:\/\/schema.org\/CreativeWork\" ><div role=\"tablist\" class=\"single_toggle\" data-tags=\"{Wszystko} \"  ><p data-fake-id='#toggle-id-5' class='toggler   '  itemprop=\"headline\"  role='tab' tabindex='0' aria-controls='toggle-id-5'><b>Cz\u0142onek Zarz\u0105du<\/b><br \/>\nmgr Joanna Paruch<span class=\"toggle_icon\"><span class=\"vert_icon\"><\/span><span class=\"hor_icon\"><\/span><\/span><\/p><div id='toggle-id-5' class='toggle_wrap  '  ><div class='toggle_content invers-color '  itemprop=\"text\" ><\/div><\/div><\/div><\/section>\n<section class='av_toggle_section av-lepmm4dl-3-f0cd39781c34b380f39b6341730d8995'  itemscope=\"itemscope\" itemtype=\"https:\/\/schema.org\/CreativeWork\" ><div role=\"tablist\" class=\"single_toggle\" data-tags=\"{Wszystko} \"  ><p data-fake-id='#toggle-id-6' class='toggler   '  itemprop=\"headline\"  role='tab' tabindex='0' aria-controls='toggle-id-6'><b>Cz\u0142onek Zarz\u0105du<\/b><br \/>\ndr n. farm. Beata Wojtysiak-Duma<span class=\"toggle_icon\"><span class=\"vert_icon\"><\/span><span class=\"hor_icon\"><\/span><\/span><\/p><div id='toggle-id-6' class='toggle_wrap  '  ><div class='toggle_content invers-color '  itemprop=\"text\" ><\/div><\/div><\/div><\/section>\n<section class='av_toggle_section av-lepmm4dl-1-6-ed82aa80a9b97c75f2fa7bc5fb963da4'  itemscope=\"itemscope\" itemtype=\"https:\/\/schema.org\/CreativeWork\" ><div role=\"tablist\" class=\"single_toggle\" data-tags=\"{Wszystko} \"  ><p data-fake-id='#toggle-id-7' class='toggler   '  itemprop=\"headline\"  role='tab' tabindex='0' aria-controls='toggle-id-7'><b>Zast\u0119pca Cz\u0142onka Zarz\u0105du<\/b><br \/>\ndr n. med. Iwona Kaznowska-Bystryk<span class=\"toggle_icon\"><span class=\"vert_icon\"><\/span><span class=\"hor_icon\"><\/span><\/span><\/p><div id='toggle-id-7' class='toggle_wrap  '  ><div class='toggle_content invers-color '  itemprop=\"text\" ><\/div><\/div><\/div><\/section>\n<section class='av_toggle_section av-lepmm4dl-1-5-ac189f521cd161cb9c72b1e347ca4c2a'  itemscope=\"itemscope\" itemtype=\"https:\/\/schema.org\/CreativeWork\" ><div role=\"tablist\" class=\"single_toggle\" data-tags=\"{Wszystko} \"  ><p data-fake-id='#toggle-id-8' class='toggler   '  itemprop=\"headline\"  role='tab' tabindex='0' aria-controls='toggle-id-8'><b>Zast\u0119pca Cz\u0142onka Zarz\u0105du<\/b><br \/>\nmgr Wioleta Kowalska<span class=\"toggle_icon\"><span class=\"vert_icon\"><\/span><span class=\"hor_icon\"><\/span><\/span><\/p><div id='toggle-id-8' class='toggle_wrap  '  ><div class='toggle_content invers-color '  itemprop=\"text\" ><\/div><\/div><\/div><\/section>\n<section class='av_toggle_section av-lepmm4dl-1-4-86c200d0524f47af07f2fa3c3d0c1f0f'  itemscope=\"itemscope\" itemtype=\"https:\/\/schema.org\/CreativeWork\" ><div role=\"tablist\" class=\"single_toggle\" data-tags=\"{Wszystko} \"  ><p data-fake-id='#toggle-id-9' class='toggler   '  itemprop=\"headline\"  role='tab' tabindex='0' aria-controls='toggle-id-9'><b>Przewodnicz\u0105cy Komisji Rewizyjnej<\/b><br \/>\nmgr Ma\u0142gorzata Czwarno<span class=\"toggle_icon\"><span class=\"vert_icon\"><\/span><span class=\"hor_icon\"><\/span><\/span><\/p><div id='toggle-id-9' class='toggle_wrap  '  ><div class='toggle_content invers-color '  itemprop=\"text\" ><\/div><\/div><\/div><\/section>\n<section class='av_toggle_section av-lepmm4dl-1-3-123ecba4e86d97abb7bf869ddf3c66c7'  itemscope=\"itemscope\" itemtype=\"https:\/\/schema.org\/CreativeWork\" ><div role=\"tablist\" class=\"single_toggle\" data-tags=\"{Wszystko} \"  ><p data-fake-id='#toggle-id-10' class='toggler   '  itemprop=\"headline\"  role='tab' tabindex='0' aria-controls='toggle-id-10'><b>Sekretarz Komisji Rewizyjnej<\/b><br \/>\nmgr Magdalena Izdebska<span class=\"toggle_icon\"><span class=\"vert_icon\"><\/span><span class=\"hor_icon\"><\/span><\/span><\/p><div id='toggle-id-10' class='toggle_wrap  '  ><div class='toggle_content invers-color '  itemprop=\"text\" ><\/div><\/div><\/div><\/section>\n<section class='av_toggle_section av-lepmm4dl-1-2-adbcbb4fa67ba2ccfd58103b6e84a9c5'  itemscope=\"itemscope\" itemtype=\"https:\/\/schema.org\/CreativeWork\" ><div role=\"tablist\" class=\"single_toggle\" data-tags=\"{Wszystko} \"  ><p data-fake-id='#toggle-id-11' class='toggler   '  itemprop=\"headline\"  role='tab' tabindex='0' aria-controls='toggle-id-11'><b>Cz\u0142onek Komisji Rewizyjnej<\/b><br \/>\nmgr Aneta Grytczuk<span class=\"toggle_icon\"><span class=\"vert_icon\"><\/span><span class=\"hor_icon\"><\/span><\/span><\/p><div id='toggle-id-11' class='toggle_wrap  '  ><div class='toggle_content invers-color '  itemprop=\"text\" ><\/div><\/div><\/div><\/section>\n<\/div><\/p><\/div>\n","protected":false},"excerpt":{"rendered":"","protected":false},"author":1,"featured_media":0,"parent":0,"menu_order":0,"comment_status":"closed","ping_status":"closed","template":"","meta":{"footnotes":""},"class_list":["post-1796","page","type-page","status-publish","hentry"],"_links":{"self":[{"href":"https:\/\/ptdl.pl\/index.php\/wp-json\/wp\/v2\/pages\/1796","targetHints":{"allow":["GET"]}}],"collection":[{"href":"https:\/\/ptdl.pl\/index.php\/wp-json\/wp\/v2\/pages"}],"about":[{"href":"https:\/\/ptdl.pl\/index.php\/wp-json\/wp\/v2\/types\/page"}],"author":[{"embeddable":true,"href":"https:\/\/ptdl.pl\/index.php\/wp-json\/wp\/v2\/users\/1"}],"replies":[{"embeddable":true,"href":"https:\/\/ptdl.pl\/index.php\/wp-json\/wp\/v2\/comments?post=1796"}],"version-history":[{"count":12,"href":"https:\/\/ptdl.pl\/index.php\/wp-json\/wp\/v2\/pages\/1796\/revisions"}],"predecessor-version":[{"id":5612,"href":"https:\/\/ptdl.pl\/index.php\/wp-json\/wp\/v2\/pages\/1796\/revisions\/5612"}],"wp:attachment":[{"href":"https:\/\/ptdl.pl\/index.php\/wp-json\/wp\/v2\/media?parent=1796"}],"curies":[{"name":"wp","href":"https:\/\/api.w.org\/{rel}","templated":true}]}}