{"id":1813,"date":"2023-11-27T15:15:14","date_gmt":"2023-11-27T14:15:14","guid":{"rendered":"http:\/\/wordpress2363517.home.pl\/ptdl\/?page_id=1813"},"modified":"2024-01-10T20:00:41","modified_gmt":"2024-01-10T19:00:41","slug":"oddzial-wroclaw","status":"publish","type":"page","link":"https:\/\/ptdl.pl\/index.php\/oddzial-wroclaw\/","title":{"rendered":"Oddzia\u0142 Szczecin"},"content":{"rendered":"<div class='flex_column av-bbwrj-64d2880b1c12e65686a0081720ad9992 av_one_full  avia-builder-el-0  el_before_av_two_third  avia-builder-el-first  first flex_column_div '     ><section  class='av_textblock_section av-lecvcq6o-91aefef4f12c7a920c40a9efc4af9382'  itemscope=\"itemscope\" itemtype=\"https:\/\/schema.org\/CreativeWork\" ><div class='avia_textblock mp-naglowek-specjalny1-class'  itemprop=\"text\" ><p>Oddzia\u0142 Szczecin<\/p>\n<hr \/>\n<\/div><\/section><\/div>\n<div class='flex_column av-ftu8n-11ae29f94e6bb6bd1c929d4954d46185 av_two_third  avia-builder-el-2  el_after_av_one_full  el_before_av_one_third  first flex_column_div column-top-margin'     ><p>\n<style type=\"text\/css\" data-created_by=\"avia_inline_auto\" id=\"style-css-av-lepnto4h-70e6ede7b8f0192918957318ecefb215\">\n#top .av_textblock_section.av-lepnto4h-70e6ede7b8f0192918957318ecefb215 .avia_textblock{\nfont-size:24px;\n}\n<\/style>\n<section  class='av_textblock_section av-lepnto4h-70e6ede7b8f0192918957318ecefb215'  itemscope=\"itemscope\" itemtype=\"https:\/\/schema.org\/CreativeWork\" ><div class='avia_textblock mp-naglowek-specjalny1-class'  itemprop=\"text\" ><p>12-345 Szczecin<\/p>\n<\/div><\/section><br \/>\n\n<style type=\"text\/css\" data-created_by=\"avia_inline_auto\" id=\"style-css-av-leqxymxb-5d0cafe9d2b38cc69638232416ed039d\">\n@-webkit-keyframes av_boxShadowEffect_av-leqxymxb-5d0cafe9d2b38cc69638232416ed039d {\n0%   { box-shadow:  0 0 0 0 ; opacity: 1; }\n100% { box-shadow:  0 0 10px 0 ; opacity: 1; }\n}\n@keyframes av_boxShadowEffect_av-leqxymxb-5d0cafe9d2b38cc69638232416ed039d {\n0%   { box-shadow:  0 0 0 0 ; opacity: 1; }\n100% { box-shadow:  0 0 10px 0 ; opacity: 1; }\n}\n.avia_transform .avia-image-container.av-leqxymxb-5d0cafe9d2b38cc69638232416ed039d{\n-webkit-animation-duration:2s;\n-moz-animation-duration:2s;\nanimation-duration:2s;\n}\n.avia-image-container.av-leqxymxb-5d0cafe9d2b38cc69638232416ed039d img.avia_image{\nbox-shadow: 0 0 10px 0 ;\n}\n.avia-image-container.av-leqxymxb-5d0cafe9d2b38cc69638232416ed039d .av-image-caption-overlay-center{\ncolor:#ffffff;\n}\n<\/style>\n<div  class='avia-image-container av-leqxymxb-5d0cafe9d2b38cc69638232416ed039d av-styling- avia_animated_image av-animated-when-visible-95 fade-in-left avia-align-center  avia-builder-el-4  el_after_av_textblock  el_before_av_hr  av-img-box-shadow av-box-shadow-not-animated'   itemprop=\"image\" itemscope=\"itemscope\" itemtype=\"https:\/\/schema.org\/ImageObject\" ><div class=\"avia-image-container-inner\"><div class=\"avia-image-overlay-wrap\"><img decoding=\"async\" class='wp-image-2072 avia-img-lazy-loading-not-2072 avia_image shadow-not-animated' src=\"https:\/\/ptdl.pl\/ptdl\/wp-content\/uploads\/2024\/01\/oddzial_szczecin-845x684.jpg\" alt='' title='oddzial_szczecin'  height=\"684\" width=\"845\"  itemprop=\"thumbnailUrl\" srcset=\"https:\/\/ptdl.pl\/ptdl\/wp-content\/uploads\/2024\/01\/oddzial_szczecin-845x684.jpg 845w, https:\/\/ptdl.pl\/ptdl\/wp-content\/uploads\/2024\/01\/oddzial_szczecin-495x400.jpg 495w\" sizes=\"(max-width: 845px) 100vw, 845px\" \/><\/div><\/div><\/div><br \/>\n<div  class='hr av-3gkv-ad7e794586a7799e183f5a9542000a2e hr-default  avia-builder-el-5  el_after_av_image  el_before_av_textblock '><span class='hr-inner '><span class=\"hr-inner-style\"><\/span><\/span><\/div><br \/>\n<section  class='av_textblock_section av-lepr8ob1-491be447289dde8da5c2ea4b6ad31da1'  itemscope=\"itemscope\" itemtype=\"https:\/\/schema.org\/CreativeWork\" ><div class='avia_textblock mp-naglowek-specjalny1-class'  itemprop=\"text\" ><p style=\"text-align: center;\">Aktualno\u015bci Oddzia\u0142u<\/p>\n<hr \/>\n<\/div><\/section><br \/>\n<div  id=\"avia-magazine-1\"  class='av-magazine av-ler753zq-1681a140d1851c27b30dcdff06b81d5e  avia-builder-el-7  el_after_av_textblock  avia-builder-el-last   avia-builder-el-7  el_after_av_textblock  avia-builder-el-last ' ><div class='av-magazine-group sort_all'><article class='av-magazine-entry av-magazine-entry-id-5274 av-magazine-format-standard av-magazine-type-post av-magazine-entry-1 av-magazine-entry-small '  itemscope=\"itemscope\" itemtype=\"https:\/\/schema.org\/CreativeWork\" ><div class=\"av-magazine-thumbnail\"><a href='https:\/\/ptdl.pl\/index.php\/2025\/10\/02\/konferencja-naukowo-szkoleniowa-szczecinskiego-oddzialu-ptdl-miedzyzdroje-dn-09-10-pazdziernika-2025-roku\/' title='Link to: Konferencja Naukowo &#8211; Szkoleniowa Szczeci\u0144skiego Oddzia\u0142u PTDL  Mi\u0119dzyzdroje, dn. 09 &#8211; 10 pa\u017adziernika 2025 roku' class='av-magazine-thumbnail-link'><img decoding=\"async\" width=\"80\" height=\"80\" src=\"https:\/\/ptdl.pl\/ptdl\/wp-content\/uploads\/2023\/02\/news_026-80x80.jpg\" class=\"wp-image-817 avia-img-lazy-loading-not-817 attachment-thumbnail size-thumbnail wp-post-image\" alt=\"\" srcset=\"https:\/\/ptdl.pl\/ptdl\/wp-content\/uploads\/2023\/02\/news_026-80x80.jpg 80w, https:\/\/ptdl.pl\/ptdl\/wp-content\/uploads\/2023\/02\/news_026-36x36.jpg 36w, https:\/\/ptdl.pl\/ptdl\/wp-content\/uploads\/2023\/02\/news_026-180x180.jpg 180w\" sizes=\"(max-width: 80px) 100vw, 80px\" \/><\/a><\/div><div class=\"av-magazine-content-wrap\"><header class=\"entry-content-header\"><time class='av-magazine-time updated'  itemprop=\"datePublished\" datetime=\"2025-10-02T08:05:06+02:00\" >2025-10-02<\/time><h3 class='av-magazine-title entry-title '  itemprop=\"headline\" ><a href='https:\/\/ptdl.pl\/index.php\/2025\/10\/02\/konferencja-naukowo-szkoleniowa-szczecinskiego-oddzialu-ptdl-miedzyzdroje-dn-09-10-pazdziernika-2025-roku\/' title='Link to: Konferencja Naukowo &#8211; Szkoleniowa Szczeci\u0144skiego Oddzia\u0142u PTDL  Mi\u0119dzyzdroje, dn. 09 &#8211; 10 pa\u017adziernika 2025 roku'>Konferencja Naukowo &#8211; Szkoleniowa Szczeci\u0144skiego Oddzia\u0142u PTDL  Mi\u0119dzyzdroje, dn. 09 &#8211; 10 pa\u017adziernika 2025 roku<\/a><\/h3><\/header><\/div><footer class=\"entry-footer\"><\/footer><\/article><article class='av-magazine-entry av-magazine-entry-id-2476 av-magazine-format-standard av-magazine-type-post av-magazine-entry-2 av-magazine-entry-small '  itemscope=\"itemscope\" itemtype=\"https:\/\/schema.org\/CreativeWork\" ><div class=\"av-magazine-thumbnail\"><a href='https:\/\/ptdl.pl\/index.php\/2024\/01\/11\/zaproszenie-na-webinar-zdrowie-kobiety-wyzwania-w-diagnostyce-raka-jajnika\/' title='Link to: Zaproszenie na webinar &#8222;Zdrowie kobiety &#8211; wyzwania w diagnostyce raka jajnika.&#8221;' class='av-magazine-thumbnail-link'><img decoding=\"async\" width=\"80\" height=\"80\" src=\"https:\/\/ptdl.pl\/ptdl\/wp-content\/uploads\/2023\/12\/news_62-80x80.jpg\" class=\"wp-image-2037 avia-img-lazy-loading-not-2037 attachment-thumbnail size-thumbnail wp-post-image\" alt=\"\" srcset=\"https:\/\/ptdl.pl\/ptdl\/wp-content\/uploads\/2023\/12\/news_62-80x80.jpg 80w, https:\/\/ptdl.pl\/ptdl\/wp-content\/uploads\/2023\/12\/news_62-36x36.jpg 36w, https:\/\/ptdl.pl\/ptdl\/wp-content\/uploads\/2023\/12\/news_62-180x180.jpg 180w\" sizes=\"(max-width: 80px) 100vw, 80px\" \/><\/a><\/div><div class=\"av-magazine-content-wrap\"><header class=\"entry-content-header\"><time class='av-magazine-time updated'  itemprop=\"datePublished\" datetime=\"2024-01-11T12:15:45+01:00\" >2024-01-11<\/time><h3 class='av-magazine-title entry-title '  itemprop=\"headline\" ><a href='https:\/\/ptdl.pl\/index.php\/2024\/01\/11\/zaproszenie-na-webinar-zdrowie-kobiety-wyzwania-w-diagnostyce-raka-jajnika\/' title='Link to: Zaproszenie na webinar &#8222;Zdrowie kobiety &#8211; wyzwania w diagnostyce raka jajnika.&#8221;'>Zaproszenie na webinar &#8222;Zdrowie kobiety &#8211; wyzwania w diagnostyce raka jajnika.&#8221;<\/a><\/h3><\/header><\/div><footer class=\"entry-footer\"><\/footer><\/article><article class='av-magazine-entry av-magazine-entry-id-2008 av-magazine-format-standard av-magazine-type-post av-magazine-entry-3 av-magazine-entry-small '  itemscope=\"itemscope\" itemtype=\"https:\/\/schema.org\/CreativeWork\" ><div class=\"av-magazine-thumbnail\"><a href='https:\/\/ptdl.pl\/index.php\/2023\/11\/27\/zaproszenie-na-zebranie-naukowo-szkoleniowe-w-sobote-09-12-2023\/' title='Link to: Zaproszenie na zebranie naukowo-szkoleniowe w sobot\u0119 09.12.2023' class='av-magazine-thumbnail-link'><img decoding=\"async\" width=\"80\" height=\"80\" src=\"https:\/\/ptdl.pl\/ptdl\/wp-content\/uploads\/2023\/02\/news_014-80x80.jpg\" class=\"wp-image-805 avia-img-lazy-loading-not-805 attachment-thumbnail size-thumbnail wp-post-image\" alt=\"\" srcset=\"https:\/\/ptdl.pl\/ptdl\/wp-content\/uploads\/2023\/02\/news_014-80x80.jpg 80w, https:\/\/ptdl.pl\/ptdl\/wp-content\/uploads\/2023\/02\/news_014-36x36.jpg 36w, https:\/\/ptdl.pl\/ptdl\/wp-content\/uploads\/2023\/02\/news_014-180x180.jpg 180w\" sizes=\"(max-width: 80px) 100vw, 80px\" \/><\/a><\/div><div class=\"av-magazine-content-wrap\"><header class=\"entry-content-header\"><time class='av-magazine-time updated'  itemprop=\"datePublished\" datetime=\"2023-11-27T12:48:06+01:00\" >2023-11-27<\/time><h3 class='av-magazine-title entry-title '  itemprop=\"headline\" ><a href='https:\/\/ptdl.pl\/index.php\/2023\/11\/27\/zaproszenie-na-zebranie-naukowo-szkoleniowe-w-sobote-09-12-2023\/' title='Link to: Zaproszenie na zebranie naukowo-szkoleniowe w sobot\u0119 09.12.2023'>Zaproszenie na zebranie naukowo-szkoleniowe w sobot\u0119 09.12.2023<\/a><\/h3><\/header><\/div><footer class=\"entry-footer\"><\/footer><\/article><article class='av-magazine-entry av-magazine-entry-id-2011 av-magazine-format-standard av-magazine-type-post av-magazine-entry-4 av-magazine-entry-small '  itemscope=\"itemscope\" itemtype=\"https:\/\/schema.org\/CreativeWork\" ><div class=\"av-magazine-thumbnail\"><a href='https:\/\/ptdl.pl\/index.php\/2023\/10\/18\/spotkanie-kierownikow-medycznych-laboratoriow-diagnostycznych-zachodniopomorskie-2023\/' title='Link to: Spotkanie Kierownik\u00f3w Medycznych Laboratori\u00f3w Diagnostycznych \u2013 Zachodniopomorskie 2023' class='av-magazine-thumbnail-link'><img decoding=\"async\" width=\"80\" height=\"80\" src=\"https:\/\/ptdl.pl\/ptdl\/wp-content\/uploads\/2023\/02\/news_010-80x80.jpg\" class=\"wp-image-801 avia-img-lazy-loading-not-801 attachment-thumbnail size-thumbnail wp-post-image\" alt=\"\" srcset=\"https:\/\/ptdl.pl\/ptdl\/wp-content\/uploads\/2023\/02\/news_010-80x80.jpg 80w, https:\/\/ptdl.pl\/ptdl\/wp-content\/uploads\/2023\/02\/news_010-36x36.jpg 36w, https:\/\/ptdl.pl\/ptdl\/wp-content\/uploads\/2023\/02\/news_010-180x180.jpg 180w\" sizes=\"(max-width: 80px) 100vw, 80px\" \/><\/a><\/div><div class=\"av-magazine-content-wrap\"><header class=\"entry-content-header\"><time class='av-magazine-time updated'  itemprop=\"datePublished\" datetime=\"2023-10-18T12:49:09+02:00\" >2023-10-18<\/time><h3 class='av-magazine-title entry-title '  itemprop=\"headline\" ><a href='https:\/\/ptdl.pl\/index.php\/2023\/10\/18\/spotkanie-kierownikow-medycznych-laboratoriow-diagnostycznych-zachodniopomorskie-2023\/' title='Link to: Spotkanie Kierownik\u00f3w Medycznych Laboratori\u00f3w Diagnostycznych \u2013 Zachodniopomorskie 2023'>Spotkanie Kierownik\u00f3w Medycznych Laboratori\u00f3w Diagnostycznych \u2013 Zachodniopomorskie 2023<\/a><\/h3><\/header><\/div><footer class=\"entry-footer\"><\/footer><\/article><article class='av-magazine-entry av-magazine-entry-id-375 av-magazine-format-standard av-magazine-type-post av-magazine-entry-5 av-magazine-entry-small '  itemscope=\"itemscope\" itemtype=\"https:\/\/schema.org\/CreativeWork\" ><div class=\"av-magazine-thumbnail\"><a href='https:\/\/ptdl.pl\/index.php\/2023\/01\/18\/zaproszenie-dla-wszystkich-diagnostow-na-kurs\/' title='Link to: Zaproszenie dla wszystkich diagnost\u00f3w na kurs' class='av-magazine-thumbnail-link'><img decoding=\"async\" width=\"68\" height=\"80\" src=\"https:\/\/ptdl.pl\/ptdl\/wp-content\/uploads\/2023\/02\/szczecin_herb.jpg\" class=\"wp-image-205 avia-img-lazy-loading-not-205 attachment-thumbnail size-thumbnail wp-post-image\" alt=\"\" \/><\/a><\/div><div class=\"av-magazine-content-wrap\"><header class=\"entry-content-header\"><time class='av-magazine-time updated'  itemprop=\"datePublished\" datetime=\"2023-01-18T14:39:15+01:00\" >2023-01-18<\/time><h3 class='av-magazine-title entry-title '  itemprop=\"headline\" ><a href='https:\/\/ptdl.pl\/index.php\/2023\/01\/18\/zaproszenie-dla-wszystkich-diagnostow-na-kurs\/' title='Link to: Zaproszenie dla wszystkich diagnost\u00f3w na kurs'>Zaproszenie dla wszystkich diagnost\u00f3w na kurs<\/a><\/h3><\/header><\/div><footer class=\"entry-footer\"><\/footer><\/article><\/div><div class='av-masonry-pagination av-masonry-pagination-pagination'><nav class='pagination'><span class='pagination-meta'>Strona 1 z 2<\/span><span class='current'>1<\/span><a href='https:\/\/ptdl.pl\/index.php\/wp-json\/wp\/v2\/pages\/1813\/?avia-element-paging=2' class='inactive next_page' >2<\/a><\/nav>\n<\/div><\/div><\/p><\/div>\n<div class='flex_column av-9njxb-7e13e76db42024df501517fd059c3eb7 av_one_third  avia-builder-el-8  el_after_av_two_third  avia-builder-el-last  flex_column_div column-top-margin'     ><section  class='av_textblock_section av-lepr8agv-482b0303bb421e7a1e81649c42def1d5'  itemscope=\"itemscope\" itemtype=\"https:\/\/schema.org\/CreativeWork\" ><div class='avia_textblock mp-naglowek-specjalny1-class'  itemprop=\"text\" ><p style=\"text-align: center;\">Aktualne sk\u0142adki<\/p>\n<hr \/>\n<\/div><\/section><br \/>\n<section  class='av_textblock_section av-41h3cl-6e6e935ffa409da39d9f4d40744d0805'  itemscope=\"itemscope\" itemtype=\"https:\/\/schema.org\/CreativeWork\" ><div class='avia_textblock'  itemprop=\"text\" ><p style=\"text-align: center;\">Sk\u0142adka za 2024 rok wynosi<br \/>\n<span style=\"font-size: 14pt;\"><strong>100 z\u0142<\/strong>,<\/span><br \/>\ndla emeryt\u00f3w<br \/>\n<span style=\"font-size: 14pt;\"><strong>20 z\u0142<\/strong>.<\/span><\/p>\n<p style=\"text-align: justify;\">W zwi\u0105zku z uruchomieniem nowej strony PTDL wraz z systemem obs\u0142ugi sk\u0142adek cz\u0142onkowskich uprzejmie prosimy <strong>o<\/strong> <strong>powt\u00f3rn\u0105 rejestracj\u0119 wszystkich cz\u0142onk\u00f3w Towarzystwa<\/strong>. Prosimy dokona\u0107 rejestracji <strong>PRZED op\u0142aceniem sk\u0142adki cz\u0142onkowskiej<\/strong>.<br \/>\nPo zarejestrowaniu, zalecamy op\u0142aci\u0107 sk\u0142adk\u0119 cz\u0142onkowsk\u0105 poprzez nowy system \u2013 dzi\u0119ki temu sk\u0142adki s\u0105 automatycznie rejestrowane w systemie. Alternatywnie, istnieje w dalszym ci\u0105gu mo\u017cliwo\u015b\u0107 op\u0142acenia tradycyjnym przelewem na konto Oddzia\u0142u Terenowego.<\/p>\n<\/div><\/section><br \/>\n<div  class='avia-button-wrap avia-button-center  avia-builder-el-11  el_after_av_textblock  el_before_av_textblock '>\n<style type=\"text\/css\" data-created_by=\"avia_inline_auto\" id=\"style-css-av-2qh4ut-44323069de8c4c261617d8db71780d0d\">\n#top #wrap_all .avia-button.av-2qh4ut-44323069de8c4c261617d8db71780d0d:hover{\ncolor:white;\n-webkit-transition:all 0.4s ease-in-out;\n-moz-transition:all 0.4s ease-in-out;\n-ms-transition:all 0.4s ease-in-out;\n-o-transition:all 0.4s ease-in-out;\ntransition:all 0.4s ease-in-out;\n}\n<\/style>\n<a href='https:\/\/ptdl.sorga.pl' class='avia-color-theme-color avia-font-color-theme-color avia-button avia-button-fullwidth av-2qh4ut-44323069de8c4c261617d8db71780d0d avia-icon_select-no avia-color-theme-color'  ><span class='avia_iconbox_title' >Rejestracja\/logowanie<\/span><span class='avia_button_background avia-button avia-button-fullwidth avia-color-theme-color-highlight'><\/span><\/a><\/div><br \/>\n<section  class='av_textblock_section av-lepr7rdn-2ddb37f29fda9955929607b5ebb4d7e8'  itemscope=\"itemscope\" itemtype=\"https:\/\/schema.org\/CreativeWork\" ><div class='avia_textblock'  itemprop=\"text\" ><p style=\"text-align: center;\">Numer rachunku bankowego:<br \/>\n<span style=\"font-size: 14pt;\"><strong>PKO BP SA w Szczecinie<\/strong><\/span><br \/>\n<span style=\"font-size: 14pt;\"><strong>33 1020 4795 0000 9802 0195 3868<\/strong><\/span><\/p>\n<p style=\"text-align: center;\">W tytule p\u0142atno\u015bci prosz\u0119 wpisa\u0107: imi\u0119 i nazwisko cz\u0142onka PTDL op\u0142acaj\u0105cego sk\u0142adk\u0119\/sk\u0142adki; rok\/lata, za kt\u00f3ry\/kt\u00f3re op\u0142acana jest sk\u0142adka\/sk\u0142adki.<\/p>\n<p style=\"text-align: center;\"><strong>PROSIMY O WP\u0141AT\u0118 DO KO\u0143CA LUTEGO 2023 ROKU !<\/strong><\/p>\n<\/div><\/section><br \/>\n<div  class='hr av-b52mf-292f5e350f97db2a46698507c72611aa hr-default  avia-builder-el-13  el_after_av_textblock  el_before_av_textblock '><span class='hr-inner '><span class=\"hr-inner-style\"><\/span><\/span><\/div><br \/>\n<section  class='av_textblock_section av-leqs64ut-312ac74e5bbc787464a46a66f5cfe795'  itemscope=\"itemscope\" itemtype=\"https:\/\/schema.org\/CreativeWork\" ><div class='avia_textblock mp-naglowek-specjalny1-class'  itemprop=\"text\" ><p style=\"text-align: center;\">Zarz\u0105d Oddzia\u0142u<\/p>\n<\/div><\/section><br \/>\n<div  class='togglecontainer av-lepmmq0p-ca1328243295a851c6fd36a11a691c27  avia-builder-el-15  el_after_av_textblock  avia-builder-el-last  toggle_close_all' >\n<section class='av_toggle_section av-lepmm4dl-1-1-6a4f689b0ce2cd3bf21c555b24819103'  itemscope=\"itemscope\" itemtype=\"https:\/\/schema.org\/CreativeWork\" ><div role=\"tablist\" class=\"single_toggle\" data-tags=\"{Wszystko} \"  ><p data-fake-id='#toggle-id-1' class='toggler   '  itemprop=\"headline\"  role='tab' tabindex='0' aria-controls='toggle-id-1'><b>Przewodnicz\u0105ca<\/b><br \/>\ndr n. med. Katarzyna Fischer<span class=\"toggle_icon\"><span class=\"vert_icon\"><\/span><span class=\"hor_icon\"><\/span><\/span><\/p><div id='toggle-id-1' class='toggle_wrap  '  ><div class='toggle_content invers-color '  itemprop=\"text\" ><p><strong>Laboratorium Kliniki Reumatologii Samodzielnego Publicznego Szpitala Klinicznego nr 1 Pomorskiego Uniwersytetu Medycznego w Szczecinie, Samodzielna Pracownia Diagnostyki Reumatologicznej, Pomorski Uniwersytet Medyczny w Szczecinie<\/strong><br \/>\nUnii Lubelskiej 1, 71-252, Szczecin<br \/>\n<a href=\"mailto:katarzyna.fischer11@gmail.com\">katarzyna.fischer11@gmail.com<\/a><br \/>\n<strong>Telefon: <\/strong>91 425 33 43, 604 57 77 47<br \/>\n<strong>Fax: <\/strong>91 425 33 44<\/p>\n<\/div><\/div><\/div><\/section>\n<section class='av_toggle_section av-lepmm4dl-1-1-3-32b2b27301c77ea9597d050775436242'  itemscope=\"itemscope\" itemtype=\"https:\/\/schema.org\/CreativeWork\" ><div role=\"tablist\" class=\"single_toggle\" data-tags=\"{Wszystko} \"  ><p data-fake-id='#toggle-id-2' class='toggler   '  itemprop=\"headline\"  role='tab' tabindex='0' aria-controls='toggle-id-2'><b>Wiceprzewodnicz\u0105ca <\/b><br \/>\nprof. dr hab. n. med. Barbara Do\u0142\u0119gowska<span class=\"toggle_icon\"><span class=\"vert_icon\"><\/span><span class=\"hor_icon\"><\/span><\/span><\/p><div id='toggle-id-2' class='toggle_wrap  '  ><div class='toggle_content invers-color '  itemprop=\"text\" ><p><strong>Samodzielna Pracownia Promocji Zdrowia<\/strong><br \/>\nCh\u0142apowskiego 11, 70-103, Szczecin<br \/>\nanna.grzywacz@szczecin.ptdl.pl<\/p>\n<\/div><\/div><\/div><\/section>\n<section class='av_toggle_section av-lepmkvs1-bbf3210360d0d2f5e3256e0493f239ab'  itemscope=\"itemscope\" itemtype=\"https:\/\/schema.org\/CreativeWork\" ><div role=\"tablist\" class=\"single_toggle\" data-tags=\"{Wszystko} \"  ><p data-fake-id='#toggle-id-3' class='toggler   '  itemprop=\"headline\"  role='tab' tabindex='0' aria-controls='toggle-id-3'><b>Skarbnik<\/b><br \/>\nmgr Bo\u017cena Sembaty<span class=\"toggle_icon\"><span class=\"vert_icon\"><\/span><span class=\"hor_icon\"><\/span><\/span><\/p><div id='toggle-id-3' class='toggle_wrap  '  ><div class='toggle_content invers-color '  itemprop=\"text\" ><p><strong>DIAGNOSTYKA Sp. z o. o. Region Zachodniopomorski<\/strong><br \/>\nSoko\u0142owskiego 11; 70-230, Szczecin<br \/>\n<a href=\"mailto:bozkas@poczta.onet.pl\">bozkas@poczta.onet.pl<\/a><br \/>\n<strong>Tel: <\/strong>91 425-34-65, 602-620-250<br \/>\n<strong>Fax: <\/strong>91 425-34-56<\/p>\n<\/div><\/div><\/div><\/section>\n<section class='av_toggle_section av-lepmm4dl-1-1-2-112979a495f3619411af46879d20cdef'  itemscope=\"itemscope\" itemtype=\"https:\/\/schema.org\/CreativeWork\" ><div role=\"tablist\" class=\"single_toggle\" data-tags=\"{Wszystko} \"  ><p data-fake-id='#toggle-id-4' class='toggler   '  itemprop=\"headline\"  role='tab' tabindex='0' aria-controls='toggle-id-4'><b>Sekretarz<\/b><br \/>\ndr n. med. Ewa Czerska<span class=\"toggle_icon\"><span class=\"vert_icon\"><\/span><span class=\"hor_icon\"><\/span><\/span><\/p><div id='toggle-id-4' class='toggle_wrap  '  ><div class='toggle_content invers-color '  itemprop=\"text\" ><p><strong>Samodzielny Publiczny Wojew\u00f3dzki Szpital Zespolony<\/strong><br \/>\nArko\u0144ska 4, 71-455, Szczecin<br \/>\n<a href=\"mailto:czerska@spwsz.szczecin.pl\">czerska@spwsz.szczecin.pl<\/a><br \/>\n<strong>Tel: <\/strong>91 813-95-15<br \/>\n<strong>Fax: <\/strong>91 813-95-16<\/p>\n<\/div><\/div><\/div><\/section>\n<section class='av_toggle_section av-lepmm4dl-2-4469b41bd8551a589f74e3c1619c4456'  itemscope=\"itemscope\" itemtype=\"https:\/\/schema.org\/CreativeWork\" ><div role=\"tablist\" class=\"single_toggle\" data-tags=\"{Wszystko} \"  ><p data-fake-id='#toggle-id-5' class='toggler   '  itemprop=\"headline\"  role='tab' tabindex='0' aria-controls='toggle-id-5'><b>Cz\u0142onek Zarz\u0105du<\/b><br \/>\nmgr Jolanta Zaborska<span class=\"toggle_icon\"><span class=\"vert_icon\"><\/span><span class=\"hor_icon\"><\/span><\/span><\/p><div id='toggle-id-5' class='toggle_wrap  '  ><div class='toggle_content invers-color '  itemprop=\"text\" ><div class=\"phones\"><\/div>\n<\/div><\/div><\/div><\/section>\n<section class='av_toggle_section av-lepmm4dl-3-b69fe18a620c226dc85c0f9346c6d75b'  itemscope=\"itemscope\" itemtype=\"https:\/\/schema.org\/CreativeWork\" ><div role=\"tablist\" class=\"single_toggle\" data-tags=\"{Wszystko} \"  ><p data-fake-id='#toggle-id-6' class='toggler   '  itemprop=\"headline\"  role='tab' tabindex='0' aria-controls='toggle-id-6'><b>Cz\u0142onek Zarz\u0105du<\/b><br \/>\ndr n. med. Izabela Uzar<span class=\"toggle_icon\"><span class=\"vert_icon\"><\/span><span class=\"hor_icon\"><\/span><\/span><\/p><div id='toggle-id-6' class='toggle_wrap  '  ><div class='toggle_content invers-color '  itemprop=\"text\" ><\/div><\/div><\/div><\/section>\n<section class='av_toggle_section av-lepmm4dl-1-2-f4563c5ff2719c868626b2876514a5c8'  itemscope=\"itemscope\" itemtype=\"https:\/\/schema.org\/CreativeWork\" ><div role=\"tablist\" class=\"single_toggle\" data-tags=\"{Wszystko} \"  ><p data-fake-id='#toggle-id-7' class='toggler   '  itemprop=\"headline\"  role='tab' tabindex='0' aria-controls='toggle-id-7'><b>Cz\u0142onek Zarz\u0105du<\/b><br \/>\nmgr Ewa Kaim-Kowaluk<span class=\"toggle_icon\"><span class=\"vert_icon\"><\/span><span class=\"hor_icon\"><\/span><\/span><\/p><div id='toggle-id-7' class='toggle_wrap  '  ><div class='toggle_content invers-color '  itemprop=\"text\" ><\/div><\/div><\/div><\/section>\n<section class='av_toggle_section av-lepmm4dl-1-1-3-3-c1a35992f94b7c77045fb79d0569399e'  itemscope=\"itemscope\" itemtype=\"https:\/\/schema.org\/CreativeWork\" ><div role=\"tablist\" class=\"single_toggle\" data-tags=\"{Wszystko} \"  ><p data-fake-id='#toggle-id-8' class='toggler   '  itemprop=\"headline\"  role='tab' tabindex='0' aria-controls='toggle-id-8'><b>Cz\u0142onek Zarz\u0105du <\/b><br \/>\nmgr Micha\u0142 S\u0142awi\u0144ski<span class=\"toggle_icon\"><span class=\"vert_icon\"><\/span><span class=\"hor_icon\"><\/span><\/span><\/p><div id='toggle-id-8' class='toggle_wrap  '  ><div class='toggle_content invers-color '  itemprop=\"text\" ><\/div><\/div><\/div><\/section>\n<section class='av_toggle_section av-lepmm4dl-1-1-3-3-71f5c1433ce5b72edae0d519987d806b'  itemscope=\"itemscope\" itemtype=\"https:\/\/schema.org\/CreativeWork\" ><div role=\"tablist\" class=\"single_toggle\" data-tags=\"{Wszystko} \"  ><p data-fake-id='#toggle-id-9' class='toggler   '  itemprop=\"headline\"  role='tab' tabindex='0' aria-controls='toggle-id-9'><b>Cz\u0142onek Zarz\u0105du <\/b><br \/>\nmgr Bartosz Rodziewicz<span class=\"toggle_icon\"><span class=\"vert_icon\"><\/span><span class=\"hor_icon\"><\/span><\/span><\/p><div id='toggle-id-9' class='toggle_wrap  '  ><div class='toggle_content invers-color '  itemprop=\"text\" ><\/div><\/div><\/div><\/section>\n<section class='av_toggle_section av-lepmm4dl-1-1-3-3-57cfa873590a037abdcd8bf809841513'  itemscope=\"itemscope\" itemtype=\"https:\/\/schema.org\/CreativeWork\" ><div role=\"tablist\" class=\"single_toggle\" data-tags=\"{Wszystko} \"  ><p data-fake-id='#toggle-id-10' class='toggler   '  itemprop=\"headline\"  role='tab' tabindex='0' aria-controls='toggle-id-10'><b>Cz\u0142onek Zarz\u0105du <\/b><br \/>\nmgr Norbert Bajerski<span class=\"toggle_icon\"><span class=\"vert_icon\"><\/span><span class=\"hor_icon\"><\/span><\/span><\/p><div id='toggle-id-10' class='toggle_wrap  '  ><div class='toggle_content invers-color '  itemprop=\"text\" ><\/div><\/div><\/div><\/section>\n<section class='av_toggle_section av-lepmm4dl-1-4-4dd90c3ac46a3882215ce60539122e27'  itemscope=\"itemscope\" itemtype=\"https:\/\/schema.org\/CreativeWork\" ><div role=\"tablist\" class=\"single_toggle\" data-tags=\"{Wszystko} \"  ><p data-fake-id='#toggle-id-11' class='toggler   '  itemprop=\"headline\"  role='tab' tabindex='0' aria-controls='toggle-id-11'><b>Przewodnicz\u0105cy Komisji Rewizyjnej<\/b><br \/>\nmgr Hanna Wrona-Zarzycka<span class=\"toggle_icon\"><span class=\"vert_icon\"><\/span><span class=\"hor_icon\"><\/span><\/span><\/p><div id='toggle-id-11' class='toggle_wrap  '  ><div class='toggle_content invers-color '  itemprop=\"text\" ><\/div><\/div><\/div><\/section>\n<section class='av_toggle_section av-lepmm4dl-1-2-2-7f9590b03daad95f37e5e59d6568557e'  itemscope=\"itemscope\" itemtype=\"https:\/\/schema.org\/CreativeWork\" ><div role=\"tablist\" class=\"single_toggle\" data-tags=\"{Wszystko} \"  ><p data-fake-id='#toggle-id-12' class='toggler   '  itemprop=\"headline\"  role='tab' tabindex='0' aria-controls='toggle-id-12'><b>Cz\u0142onek Komisji Rewizyjnej<\/b><br \/>\nmgr Ma\u0142gorzata Mi\u0142os\u0142awska<span class=\"toggle_icon\"><span class=\"vert_icon\"><\/span><span class=\"hor_icon\"><\/span><\/span><\/p><div id='toggle-id-12' class='toggle_wrap  '  ><div class='toggle_content invers-color '  itemprop=\"text\" ><\/div><\/div><\/div><\/section>\n<section class='av_toggle_section av-lepmm4dl-939a1ea9ee0500e2332c47524df2c591'  itemscope=\"itemscope\" itemtype=\"https:\/\/schema.org\/CreativeWork\" ><div role=\"tablist\" class=\"single_toggle\" data-tags=\"{Wszystko} \"  ><p data-fake-id='#toggle-id-13' class='toggler   '  itemprop=\"headline\"  role='tab' tabindex='0' aria-controls='toggle-id-13'><b>Cz\u0142onek Komisji Rewizyjnej<\/b><br \/>\nmgr Iwona Kasza<span class=\"toggle_icon\"><span class=\"vert_icon\"><\/span><span class=\"hor_icon\"><\/span><\/span><\/p><div id='toggle-id-13' class='toggle_wrap  '  ><div class='toggle_content invers-color '  itemprop=\"text\" ><\/div><\/div><\/div><\/section>\n<section class='av_toggle_section av-lepmm4dl-1-2-1-15c602426a8ad2f7e895a325aefc455e'  itemscope=\"itemscope\" itemtype=\"https:\/\/schema.org\/CreativeWork\" ><div role=\"tablist\" class=\"single_toggle\" data-tags=\"{Wszystko} \"  ><p data-fake-id='#toggle-id-14' class='toggler   '  itemprop=\"headline\"  role='tab' tabindex='0' aria-controls='toggle-id-14'><b>Cz\u0142onek Komisji Rewizyjnej<\/b><br \/>\nmgr Beata Niedzia\u0142ek<span class=\"toggle_icon\"><span class=\"vert_icon\"><\/span><span class=\"hor_icon\"><\/span><\/span><\/p><div id='toggle-id-14' class='toggle_wrap  '  ><div class='toggle_content invers-color '  itemprop=\"text\" ><\/div><\/div><\/div><\/section>\n<section class='av_toggle_section av-lepmm4dl-1-2-1-75597f8a1225e7f7c1b159c1294543ba'  itemscope=\"itemscope\" itemtype=\"https:\/\/schema.org\/CreativeWork\" ><div role=\"tablist\" class=\"single_toggle\" data-tags=\"{Wszystko} \"  ><p data-fake-id='#toggle-id-15' class='toggler   '  itemprop=\"headline\"  role='tab' tabindex='0' aria-controls='toggle-id-15'><b>Cz\u0142onek Komisji Rewizyjnej<\/b><br \/>\ndr n. med. Anna Urba\u0144ska<span class=\"toggle_icon\"><span class=\"vert_icon\"><\/span><span class=\"hor_icon\"><\/span><\/span><\/p><div id='toggle-id-15' class='toggle_wrap  '  ><div class='toggle_content invers-color '  itemprop=\"text\" ><\/div><\/div><\/div><\/section>\n<\/div><\/p><\/div>\n","protected":false},"excerpt":{"rendered":"","protected":false},"author":1,"featured_media":0,"parent":0,"menu_order":0,"comment_status":"closed","ping_status":"closed","template":"","meta":{"footnotes":""},"class_list":["post-1813","page","type-page","status-publish","hentry"],"_links":{"self":[{"href":"https:\/\/ptdl.pl\/index.php\/wp-json\/wp\/v2\/pages\/1813","targetHints":{"allow":["GET"]}}],"collection":[{"href":"https:\/\/ptdl.pl\/index.php\/wp-json\/wp\/v2\/pages"}],"about":[{"href":"https:\/\/ptdl.pl\/index.php\/wp-json\/wp\/v2\/types\/page"}],"author":[{"embeddable":true,"href":"https:\/\/ptdl.pl\/index.php\/wp-json\/wp\/v2\/users\/1"}],"replies":[{"embeddable":true,"href":"https:\/\/ptdl.pl\/index.php\/wp-json\/wp\/v2\/comments?post=1813"}],"version-history":[{"count":8,"href":"https:\/\/ptdl.pl\/index.php\/wp-json\/wp\/v2\/pages\/1813\/revisions"}],"predecessor-version":[{"id":2475,"href":"https:\/\/ptdl.pl\/index.php\/wp-json\/wp\/v2\/pages\/1813\/revisions\/2475"}],"wp:attachment":[{"href":"https:\/\/ptdl.pl\/index.php\/wp-json\/wp\/v2\/media?parent=1813"}],"curies":[{"name":"wp","href":"https:\/\/api.w.org\/{rel}","templated":true}]}}