{"id":92,"date":"2023-02-03T12:54:00","date_gmt":"2023-02-03T11:54:00","guid":{"rendered":"http:\/\/wordpress2363517.home.pl\/ptdl\/index.php\/home\/"},"modified":"2026-02-19T12:24:12","modified_gmt":"2026-02-19T11:24:12","slug":"home","status":"publish","type":"page","link":"https:\/\/ptdl.pl\/","title":{"rendered":"Strona g\u0142\u00f3wna"},"content":{"rendered":"<div id='full_slider_1'  class='avia-fullwidth-slider main_color avia-shadow av-small-hide av-mini-hide  avia-builder-el-0  el_before_av_slideshow_full  avia-builder-el-first   container_wrap fullsize'  >\n<style type=\"text\/css\" data-created_by=\"avia_inline_auto\" id=\"style-css-av-ldsj7xnz-5b91b616967d98b7d1c5007fac5e0d4a\">\n@-webkit-keyframes av_slideshow_img_scale_av-ldsj7xnz-5b91b616967d98b7d1c5007fac5e0d4a {\n   0% { -webkit-transform: scale(1); opacity: 1; }\n 100% { -webkit-transform: scale(1.05); opacity: 1; }\n}\n@keyframes av_slideshow_img_scale_av-ldsj7xnz-5b91b616967d98b7d1c5007fac5e0d4a {\n   0% { transform: scale(1); opacity: 1; }\n 100% { transform: scale(1.05); opacity: 1; }\n}\n.avia-slideshow.av-ldsj7xnz-5b91b616967d98b7d1c5007fac5e0d4a .avia-slideshow-slide.next-active-slide img{\n-webkit-animation:av_slideshow_img_scale_av-ldsj7xnz-5b91b616967d98b7d1c5007fac5e0d4a 3s 1 ease-in-out;\n-moz-animation:av_slideshow_img_scale_av-ldsj7xnz-5b91b616967d98b7d1c5007fac5e0d4a 3s 1 ease-in-out;\n-o-animation:av_slideshow_img_scale_av-ldsj7xnz-5b91b616967d98b7d1c5007fac5e0d4a 3s 1 ease-in-out;\nanimation:av_slideshow_img_scale_av-ldsj7xnz-5b91b616967d98b7d1c5007fac5e0d4a 3s 1 ease-in-out;\n-webkit-transform:scale(1.05);\n-moz-transform:scale(1.05);\n-ms-transform:scale(1.05);\n-o-transform:scale(1.05);\ntransform:scale(1.05);\nopacity:1;\n}\n<\/style>\n<div  class='avia-slideshow av-ldsj7xnz-5b91b616967d98b7d1c5007fac5e0d4a avia-slideshow-featured av_slideshow_full avia-slide-slider av-small-hide av-mini-hide av-slideshow-ui av-control-default av-slideshow-autoplay av-loop-endless av-loop-manual-endless av-default-height-applied   avia-slideshow-1' data-slideshow-options=\"{&quot;animation&quot;:&quot;slide&quot;,&quot;autoplay&quot;:true,&quot;loop_autoplay&quot;:&quot;endless&quot;,&quot;interval&quot;:5,&quot;loop_manual&quot;:&quot;manual-endless&quot;,&quot;autoplay_stopper&quot;:false,&quot;noNavigation&quot;:false,&quot;bg_slider&quot;:false,&quot;keep_padding&quot;:false,&quot;hoverpause&quot;:false,&quot;show_slide_delay&quot;:0}\"  itemprop=\"image\" itemscope=\"itemscope\" itemtype=\"https:\/\/schema.org\/ImageObject\" ><ul class='avia-slideshow-inner ' style='padding-bottom: 27.083333333333%;'><li  class='avia-slideshow-slide av-ldsj7xnz-5b91b616967d98b7d1c5007fac5e0d4a__0  slide-1 slide-odd'><a href=\"https:\/\/zjazdptdl2026.pl\/\" target=\"_blank\" rel=\"noopener noreferrer\" data-rel='slideshow-1' class='avia-slide-wrap '><img decoding=\"async\" class=\"wp-image-5691 avia-img-lazy-loading-not-5691\"  src=\"https:\/\/ptdl.pl\/ptdl\/wp-content\/uploads\/2026\/02\/zjazd0000000.png\" width=\"1200\" height=\"325\" title='zjazd0000000' alt=''  itemprop=\"thumbnailUrl\" srcset=\"https:\/\/ptdl.pl\/ptdl\/wp-content\/uploads\/2026\/02\/zjazd0000000.png 1200w, https:\/\/ptdl.pl\/ptdl\/wp-content\/uploads\/2026\/02\/zjazd0000000-300x81.png 300w, https:\/\/ptdl.pl\/ptdl\/wp-content\/uploads\/2026\/02\/zjazd0000000-1030x279.png 1030w, https:\/\/ptdl.pl\/ptdl\/wp-content\/uploads\/2026\/02\/zjazd0000000-768x208.png 768w, https:\/\/ptdl.pl\/ptdl\/wp-content\/uploads\/2026\/02\/zjazd0000000-705x191.png 705w\" sizes=\"(max-width: 1200px) 100vw, 1200px\" \/><\/a><\/li><li  class='avia-slideshow-slide av-ldsj7xnz-5b91b616967d98b7d1c5007fac5e0d4a__1  slide-2 slide-even'><div data-rel='slideshow-1' class='avia-slide-wrap '   ><div class='av-slideshow-caption av-ldsj7xnz-5b91b616967d98b7d1c5007fac5e0d4a__1 caption_fullwidth caption_bottom'><div class=\"container caption_container\"><div class=\"slideshow_caption\"><div class=\"slideshow_inner_caption\"><div class=\"slideshow_align_caption\"><h2 class='avia-caption-title '  itemprop=\"name\" ><span><b>Rejestracja<\/b><\/span><\/h2><div class='avia-caption-content '  itemprop=\"description\" ><p><span><b>dla nowych cz\u0142onk\u00f3w PTDL<\/b><\/span><\/p>\n<\/div><a href='https:\/\/ptdl.sorga.pl\/rekrutacja?r=Czlonkowie'  class='avia-slideshow-button avia-button avia-color-light ' data-duration='800' data-easing='easeInOutQuad'>Zarejestruj si\u0119<\/a><\/div><\/div><\/div><\/div><\/div><img decoding=\"async\" class=\"wp-image-2152 avia-img-lazy-loading-not-2152\"  src=\"https:\/\/ptdl.pl\/ptdl\/wp-content\/uploads\/2024\/01\/rejestracja10-1500x400.jpg\" width=\"1500\" height=\"400\" title='Above view businesswoman using laptop computer on white office desk.' alt=''  itemprop=\"thumbnailUrl\"   \/><\/div><\/li><li  class='avia-slideshow-slide av-ldsj7xnz-5b91b616967d98b7d1c5007fac5e0d4a__2  slide-3 slide-odd'><div data-rel='slideshow-1' class='avia-slide-wrap '   ><div class='av-slideshow-caption av-ldsj7xnz-5b91b616967d98b7d1c5007fac5e0d4a__2 caption_fullwidth caption_bottom'><div class=\"container caption_container\"><div class=\"slideshow_caption\"><div class=\"slideshow_inner_caption\"><div class=\"slideshow_align_caption\"><a href='https:\/\/diagnostykalaboratoryjna.eu\/resources\/html\/cms\/MAINPAGE'  class='avia-slideshow-button avia-button avia-color-dark ' data-duration='800' data-easing='easeInOutQuad'>Przejd\u017a<\/a><\/div><\/div><\/div><\/div><\/div><img decoding=\"async\" class=\"wp-image-2171 avia-img-lazy-loading-not-2171\"  src=\"https:\/\/ptdl.pl\/ptdl\/wp-content\/uploads\/2024\/01\/dl_logo3-1-1500x400.png\" width=\"1500\" height=\"400\" title='dl_logo3' alt=''  itemprop=\"thumbnailUrl\"   \/><\/div><\/li><\/ul><div class='avia-slideshow-arrows avia-slideshow-controls' ><a href='#prev' class='prev-slide ' aria-hidden='true' data-av_icon='\ue87c' data-av_iconfont='entypo-fontello'  tabindex='-1'>Previous<\/a><a href='#next' class='next-slide ' aria-hidden='true' data-av_icon='\ue87d' data-av_iconfont='entypo-fontello'  tabindex='-1'>Next<\/a><\/div><div class='avia-slideshow-dots avia-slideshow-controls'><a href='#1' class='goto-slide active' >1<\/a><a href='#2' class='goto-slide ' >2<\/a><a href='#3' class='goto-slide ' >3<\/a><\/div><\/div><\/div>\n<div id='full_slider_2'  class='avia-fullwidth-slider main_color avia-shadow av-desktop-hide av-medium-hide  avia-builder-el-1  el_after_av_slideshow_full  el_before_av_section   slider-not-first container_wrap fullsize'  >\n<style type=\"text\/css\" data-created_by=\"avia_inline_auto\" id=\"style-css-av-lw6bamst-7d75e07af342b4c9a796da055fdebf11\">\n@-webkit-keyframes av_slideshow_img_scale_av-lw6bamst-7d75e07af342b4c9a796da055fdebf11 {\n   0% { -webkit-transform: scale(1.1); opacity: 1; }\n 100% { -webkit-transform: scale(1.2); opacity: 1; }\n}\n@keyframes av_slideshow_img_scale_av-lw6bamst-7d75e07af342b4c9a796da055fdebf11 {\n   0% { transform: scale(1.1); opacity: 1; }\n 100% { transform: scale(1.2); opacity: 1; }\n}\n.avia-slideshow.av-lw6bamst-7d75e07af342b4c9a796da055fdebf11 .avia-slideshow-slide.next-active-slide img{\n-webkit-animation:av_slideshow_img_scale_av-lw6bamst-7d75e07af342b4c9a796da055fdebf11 3s 1 ease-in-out;\n-moz-animation:av_slideshow_img_scale_av-lw6bamst-7d75e07af342b4c9a796da055fdebf11 3s 1 ease-in-out;\n-o-animation:av_slideshow_img_scale_av-lw6bamst-7d75e07af342b4c9a796da055fdebf11 3s 1 ease-in-out;\nanimation:av_slideshow_img_scale_av-lw6bamst-7d75e07af342b4c9a796da055fdebf11 3s 1 ease-in-out;\n-webkit-transform:scale(1.2);\n-moz-transform:scale(1.2);\n-ms-transform:scale(1.2);\n-o-transform:scale(1.2);\ntransform:scale(1.2);\nopacity:1;\n}\n<\/style>\n<div  class='avia-slideshow av-lw6bamst-7d75e07af342b4c9a796da055fdebf11 avia-slideshow-featured av_slideshow_full avia-slide-slider av-desktop-hide av-medium-hide av-slideshow-ui av-control-hidden av-no-slider-navigation av-hide-nav-arrows av-slideshow-autoplay av-loop-endless av-loop-manual-endless av-default-height-applied   avia-slideshow-2' data-slideshow-options=\"{&quot;animation&quot;:&quot;slide&quot;,&quot;autoplay&quot;:true,&quot;loop_autoplay&quot;:&quot;endless&quot;,&quot;interval&quot;:5,&quot;loop_manual&quot;:&quot;manual-endless&quot;,&quot;autoplay_stopper&quot;:false,&quot;noNavigation&quot;:true,&quot;bg_slider&quot;:false,&quot;keep_padding&quot;:false,&quot;hoverpause&quot;:false,&quot;show_slide_delay&quot;:0}\"  itemprop=\"image\" itemscope=\"itemscope\" itemtype=\"https:\/\/schema.org\/ImageObject\" ><ul class='avia-slideshow-inner ' style='padding-bottom: 27.083333333333%;'><li  class='avia-slideshow-slide av-lw6bamst-7d75e07af342b4c9a796da055fdebf11__0  slide-1 slide-odd'><a href=\"https:\/\/zjazdptdl2026.pl\/\" target=\"_blank\" rel=\"noopener noreferrer\" data-rel='slideshow-2' class='avia-slide-wrap '><img decoding=\"async\" class=\"wp-image-5691 avia-img-lazy-loading-not-5691\"  src=\"https:\/\/ptdl.pl\/ptdl\/wp-content\/uploads\/2026\/02\/zjazd0000000.png\" width=\"1200\" height=\"325\" title='zjazd0000000' alt=''  itemprop=\"thumbnailUrl\" srcset=\"https:\/\/ptdl.pl\/ptdl\/wp-content\/uploads\/2026\/02\/zjazd0000000.png 1200w, https:\/\/ptdl.pl\/ptdl\/wp-content\/uploads\/2026\/02\/zjazd0000000-300x81.png 300w, https:\/\/ptdl.pl\/ptdl\/wp-content\/uploads\/2026\/02\/zjazd0000000-1030x279.png 1030w, https:\/\/ptdl.pl\/ptdl\/wp-content\/uploads\/2026\/02\/zjazd0000000-768x208.png 768w, https:\/\/ptdl.pl\/ptdl\/wp-content\/uploads\/2026\/02\/zjazd0000000-705x191.png 705w\" sizes=\"(max-width: 1200px) 100vw, 1200px\" \/><\/a><\/li><li  class='avia-slideshow-slide av-lw6bamst-7d75e07af342b4c9a796da055fdebf11__1  slide-2 slide-even'><a href=\"https:\/\/ptdl.sorga.pl\/rekrutacja?r=Czlonkowie\"  data-rel='slideshow-2' class='avia-slide-wrap '   ><div class='av-slideshow-caption av-lw6bamst-7d75e07af342b4c9a796da055fdebf11__1 caption_fullwidth caption_bottom'><div class=\"container caption_container\"><div class=\"slideshow_caption\"><div class=\"slideshow_inner_caption\"><div class=\"slideshow_align_caption\"><div class='avia-caption-content '  itemprop=\"description\" ><p><b>Rejestracja<\/b><br \/>\n<b>dla nowych cz\u0142onk\u00f3w PTDL<\/b><\/p>\n<\/div><\/div><\/div><\/div><\/div><\/div><img decoding=\"async\" class=\"wp-image-2152 avia-img-lazy-loading-not-2152\"  src=\"https:\/\/ptdl.pl\/ptdl\/wp-content\/uploads\/2024\/01\/rejestracja10-1500x400.jpg\" width=\"1500\" height=\"400\" title='Above view businesswoman using laptop computer on white office desk.' alt=''  itemprop=\"thumbnailUrl\"   \/><\/a><\/li><li  class='avia-slideshow-slide av-lw6bamst-7d75e07af342b4c9a796da055fdebf11__2  slide-3 slide-odd'><a href=\"https:\/\/diagnostykalaboratoryjna.eu\/resources\/html\/cms\/MAINPAGE\"  data-rel='slideshow-2' class='avia-slide-wrap '   ><img decoding=\"async\" class=\"wp-image-2171 avia-img-lazy-loading-not-2171\"  src=\"https:\/\/ptdl.pl\/ptdl\/wp-content\/uploads\/2024\/01\/dl_logo3-1-1500x400.png\" width=\"1500\" height=\"400\" title='dl_logo3' alt=''  itemprop=\"thumbnailUrl\"   \/><\/a><\/li><\/ul><div class='avia-slideshow-arrows avia-slideshow-controls' ><a href='#prev' class='prev-slide ' aria-hidden='true' data-av_icon='\ue87c' data-av_iconfont='entypo-fontello'  tabindex='-1'>Previous<\/a><a href='#next' class='next-slide ' aria-hidden='true' data-av_icon='\ue87d' data-av_iconfont='entypo-fontello'  tabindex='-1'>Next<\/a><\/div><\/div><\/div>\n\n<style type=\"text\/css\" data-created_by=\"avia_inline_auto\" id=\"style-css-av-lemvlebd-f35ca15ebff76268cdbc661db9a1bc49\">\n.avia-section.av-lemvlebd-f35ca15ebff76268cdbc661db9a1bc49{\nposition:relative;\n}\n\n@media only screen and (max-width: 479px){ \n.avia-section.av-lemvlebd-f35ca15ebff76268cdbc661db9a1bc49{\nz-index:0;\n}\n.av-curtain-footer.av-curtain-activated #main .avia-section.av-lemvlebd-f35ca15ebff76268cdbc661db9a1bc49{\nz-index:0;\n}\n}\n<\/style>\n<div id='av_section_1'  class='avia-section av-lemvlebd-f35ca15ebff76268cdbc661db9a1bc49 main_color avia-section-default avia-no-border-styling  avia-builder-el-2  el_after_av_slideshow_full  avia-builder-el-last  avia-bg-style-parallax av-custom-positioned container_wrap fullsize'  ><div class='container av-section-cont-open' ><div class='template-page content  av-content-full alpha units'><div class='post-entry post-entry-type-page post-entry-92'><div class='entry-content-wrapper clearfix'>\n<div  class='avia-button-wrap avia-button-center  avia-builder-el-3  el_before_av_textblock  avia-builder-el-first '>\n<style type=\"text\/css\" data-created_by=\"avia_inline_auto\" id=\"style-css-av-lr42pm0i-6f959121b96d49ae887f7b94edab869e\">\n#top #wrap_all .avia-button.av-lr42pm0i-6f959121b96d49ae887f7b94edab869e:hover{\ncolor:white;\n-webkit-transition:all 0.4s ease-in-out;\n-moz-transition:all 0.4s ease-in-out;\n-ms-transition:all 0.4s ease-in-out;\n-o-transition:all 0.4s ease-in-out;\ntransition:all 0.4s ease-in-out;\n}\n<\/style>\n<a href='https:\/\/ptdl.sorga.pl' class='avia-color-theme-color avia-font-color-theme-color avia-button avia-button-fullwidth av-lr42pm0i-6f959121b96d49ae887f7b94edab869e avia-icon_select-yes-left-icon avia-color-theme-color'  ><span class='avia_button_icon avia_button_icon_left' aria-hidden='true' data-av_icon='\ue812' data-av_iconfont='entypo-fontello'><\/span><span class='avia_iconbox_title' >Rejestracja<\/span><span class='avia_button_background avia-button avia-button-fullwidth avia-color-theme-color-highlight'><\/span><\/a><\/div>\n<section  class='av_textblock_section av-le5m2lyq-e075c139348acf874e55fec11f551998'  itemscope=\"itemscope\" itemtype=\"https:\/\/schema.org\/CreativeWork\" ><div class='avia_textblock mp-naglowek-specjalny1-class'  itemprop=\"text\" ><p>Aktualno\u015bci Zarz\u0105du G\u0142\u00f3wnego<\/p>\n<hr \/>\n<\/div><\/section>\n<div  data-slideshow-options=\"{&quot;animation&quot;:&quot;fade&quot;,&quot;autoplay&quot;:false,&quot;loop_autoplay&quot;:&quot;once&quot;,&quot;interval&quot;:&quot;40&quot;,&quot;loop_manual&quot;:&quot;manual-endless&quot;,&quot;autoplay_stopper&quot;:false,&quot;noNavigation&quot;:false,&quot;show_slide_delay&quot;:90}\" class='avia-content-slider avia-content-slider-active avia-content-slider1 avia-content-slider-odd  avia-builder-el-5  el_after_av_textblock  el_before_av_textblock  mp-slider-z-postami1-class av-slideshow-ui av-control-default   av-no-slider-navigation av-slideshow-manual av-loop-once av-loop-manual-endless '  itemscope=\"itemscope\" itemtype=\"https:\/\/schema.org\/Blog\" ><div class=\"avia-content-slider-inner\"><div class=\"slide-entry-wrap\"><article class='slide-entry flex_column  post-entry post-entry-6143 slide-entry-overview slide-loop-1 slide-parity-odd  av_one_third first real-thumbnail post-format-standard'  itemscope=\"itemscope\" itemtype=\"https:\/\/schema.org\/CreativeWork\" ><a href='https:\/\/ptdl.pl\/index.php\/2026\/04\/23\/stanowisko-zarzadu-glownego-europejskiej-federacji-chemii-klinicznej-i-medycyny-laboratoryjnej-dotyczace-propozycji-legislacyjnych-komisji-europejskiej-2025-0404cod\/' data-rel='slide-1' class='slide-image' title='Stanowisko Zarz\u0105du G\u0142\u00f3wnego Europejskiej Federacji Chemii Klinicznej i Medycyny Laboratoryjnej dotycz\u0105ce propozycji legislacyjnych Komisji Europejskiej 2025\/0404(COD)'><img decoding=\"async\" width=\"500\" height=\"333\" src=\"https:\/\/ptdl.pl\/ptdl\/wp-content\/uploads\/2026\/04\/news074.jpg\" class=\"wp-image-6151 avia-img-lazy-loading-not-6151 attachment-extra_large size-extra_large wp-post-image\" alt=\"\" srcset=\"https:\/\/ptdl.pl\/ptdl\/wp-content\/uploads\/2026\/04\/news074.jpg 500w, https:\/\/ptdl.pl\/ptdl\/wp-content\/uploads\/2026\/04\/news074-300x200.jpg 300w\" sizes=\"(max-width: 500px) 100vw, 500px\" \/><\/a><div class=\"slide-content\"><header class=\"entry-content-header\"><h3 class='slide-entry-title entry-title '  itemprop=\"headline\" ><a href='https:\/\/ptdl.pl\/index.php\/2026\/04\/23\/stanowisko-zarzadu-glownego-europejskiej-federacji-chemii-klinicznej-i-medycyny-laboratoryjnej-dotyczace-propozycji-legislacyjnych-komisji-europejskiej-2025-0404cod\/' title='Stanowisko Zarz\u0105du G\u0142\u00f3wnego Europejskiej Federacji Chemii Klinicznej i Medycyny Laboratoryjnej dotycz\u0105ce propozycji legislacyjnych Komisji Europejskiej 2025\/0404(COD)'>Stanowisko Zarz\u0105du G\u0142\u00f3wnego Europejskiej Federacji Chemii Klinicznej i Medycyny Laboratoryjnej dotycz\u0105ce propozycji legislacyjnych Komisji Europejskiej 2025\/0404(COD)<\/a><\/h3><span class=\"av-vertical-delimiter\"><\/span><\/header><div class=\"slide-meta\"><time class='slide-meta-time updated'  itemprop=\"datePublished\" datetime=\"2026-04-23T12:07:46+02:00\" >2026-04-23<\/time><\/div><div class='slide-entry-excerpt entry-content'  itemprop=\"text\" ><div class=\"read-more-link\"><a href=\"https:\/\/ptdl.pl\/index.php\/2026\/04\/23\/stanowisko-zarzadu-glownego-europejskiej-federacji-chemii-klinicznej-i-medycyny-laboratoryjnej-dotyczace-propozycji-legislacyjnych-komisji-europejskiej-2025-0404cod\/\" class=\"more-link\">Czytaj dalej<span class=\"more-link-arrow\"><\/span><\/a><\/div><\/div><\/div><footer class=\"entry-footer\"><\/footer><span class='hidden'>\n\t\t\t\t<span class='av-structured-data'  itemprop=\"image\" itemscope=\"itemscope\" itemtype=\"https:\/\/schema.org\/ImageObject\" >\n\t\t\t\t\t\t<span itemprop='url'>https:\/\/ptdl.pl\/ptdl\/wp-content\/uploads\/2026\/04\/news074.jpg<\/span>\n\t\t\t\t\t\t<span itemprop='height'>333<\/span>\n\t\t\t\t\t\t<span itemprop='width'>500<\/span>\n\t\t\t\t<\/span>\n\t\t\t\t<span class='av-structured-data'  itemprop=\"publisher\" itemtype=\"https:\/\/schema.org\/Organization\" itemscope=\"itemscope\" >\n\t\t\t\t\t\t<span itemprop='name'>admin<\/span>\n\t\t\t\t\t\t<span itemprop='logo' itemscope itemtype='https:\/\/schema.org\/ImageObject'>\n\t\t\t\t\t\t\t<span itemprop='url'>https:\/\/ptdl.pl\/wp-content\/uploads\/2023\/03\/logo_2.svg<\/span>\n\t\t\t\t\t\t<\/span>\n\t\t\t\t<\/span><span class='av-structured-data'  itemprop=\"author\" itemscope=\"itemscope\" itemtype=\"https:\/\/schema.org\/Person\" ><span itemprop='name'>admin<\/span><\/span><span class='av-structured-data'  itemprop=\"datePublished\" datetime=\"2023-02-03T12:54:00+01:00\" >2026-04-23 12:07:46<\/span><span class='av-structured-data'  itemprop=\"dateModified\" itemtype=\"https:\/\/schema.org\/dateModified\" >2026-04-23 12:15:08<\/span><span class='av-structured-data'  itemprop=\"mainEntityOfPage\" itemtype=\"https:\/\/schema.org\/mainEntityOfPage\" ><span itemprop='name'>Stanowisko Zarz\u0105du G\u0142\u00f3wnego Europejskiej Federacji Chemii Klinicznej i Medycyny Laboratoryjnej dotycz\u0105ce propozycji legislacyjnych Komisji Europejskiej 2025\/0404(COD)<\/span><\/span><\/span><\/article><article class='slide-entry flex_column  post-entry post-entry-6092 slide-entry-overview slide-loop-2 slide-parity-even  av_one_third  real-thumbnail post-format-standard'  itemscope=\"itemscope\" itemtype=\"https:\/\/schema.org\/CreativeWork\" ><a href='https:\/\/ptdl.pl\/index.php\/2026\/04\/20\/ogolnopolski-dzien-diagnosty-laboratoryjnego\/' data-rel='slide-1' class='slide-image' title='OG\u00d3LNOPOLSKI DZIE\u0143 DIAGNOSTY LABORATORYJNEGO'><img decoding=\"async\" width=\"1320\" height=\"1309\" src=\"https:\/\/ptdl.pl\/ptdl\/wp-content\/uploads\/2026\/04\/fb.jpg\" class=\"wp-image-6093 avia-img-lazy-loading-not-6093 attachment-extra_large size-extra_large wp-post-image\" alt=\"\" srcset=\"https:\/\/ptdl.pl\/ptdl\/wp-content\/uploads\/2026\/04\/fb.jpg 1320w, https:\/\/ptdl.pl\/ptdl\/wp-content\/uploads\/2026\/04\/fb-300x298.jpg 300w, https:\/\/ptdl.pl\/ptdl\/wp-content\/uploads\/2026\/04\/fb-1030x1021.jpg 1030w, https:\/\/ptdl.pl\/ptdl\/wp-content\/uploads\/2026\/04\/fb-80x80.jpg 80w, https:\/\/ptdl.pl\/ptdl\/wp-content\/uploads\/2026\/04\/fb-768x762.jpg 768w, https:\/\/ptdl.pl\/ptdl\/wp-content\/uploads\/2026\/04\/fb-36x36.jpg 36w, https:\/\/ptdl.pl\/ptdl\/wp-content\/uploads\/2026\/04\/fb-180x180.jpg 180w, https:\/\/ptdl.pl\/ptdl\/wp-content\/uploads\/2026\/04\/fb-705x699.jpg 705w\" sizes=\"(max-width: 1320px) 100vw, 1320px\" \/><\/a><div class=\"slide-content\"><header class=\"entry-content-header\"><h3 class='slide-entry-title entry-title '  itemprop=\"headline\" ><a href='https:\/\/ptdl.pl\/index.php\/2026\/04\/20\/ogolnopolski-dzien-diagnosty-laboratoryjnego\/' title='OG\u00d3LNOPOLSKI DZIE\u0143 DIAGNOSTY LABORATORYJNEGO'>OG\u00d3LNOPOLSKI DZIE\u0143 DIAGNOSTY LABORATORYJNEGO<\/a><\/h3><span class=\"av-vertical-delimiter\"><\/span><\/header><div class=\"slide-meta\"><time class='slide-meta-time updated'  itemprop=\"datePublished\" datetime=\"2026-04-20T14:32:39+02:00\" >2026-04-20<\/time><\/div><div class='slide-entry-excerpt entry-content'  itemprop=\"text\" ><div class=\"read-more-link\"><a href=\"https:\/\/ptdl.pl\/index.php\/2026\/04\/20\/ogolnopolski-dzien-diagnosty-laboratoryjnego\/\" class=\"more-link\">Czytaj dalej<span class=\"more-link-arrow\"><\/span><\/a><\/div><\/div><\/div><footer class=\"entry-footer\"><\/footer><span class='hidden'>\n\t\t\t\t<span class='av-structured-data'  itemprop=\"image\" itemscope=\"itemscope\" itemtype=\"https:\/\/schema.org\/ImageObject\" >\n\t\t\t\t\t\t<span itemprop='url'>https:\/\/ptdl.pl\/ptdl\/wp-content\/uploads\/2026\/04\/fb.jpg<\/span>\n\t\t\t\t\t\t<span itemprop='height'>1309<\/span>\n\t\t\t\t\t\t<span itemprop='width'>1320<\/span>\n\t\t\t\t<\/span>\n\t\t\t\t<span class='av-structured-data'  itemprop=\"publisher\" itemtype=\"https:\/\/schema.org\/Organization\" itemscope=\"itemscope\" >\n\t\t\t\t\t\t<span itemprop='name'>admin<\/span>\n\t\t\t\t\t\t<span itemprop='logo' itemscope itemtype='https:\/\/schema.org\/ImageObject'>\n\t\t\t\t\t\t\t<span itemprop='url'>https:\/\/ptdl.pl\/wp-content\/uploads\/2023\/03\/logo_2.svg<\/span>\n\t\t\t\t\t\t<\/span>\n\t\t\t\t<\/span><span class='av-structured-data'  itemprop=\"author\" itemscope=\"itemscope\" itemtype=\"https:\/\/schema.org\/Person\" ><span itemprop='name'>admin<\/span><\/span><span class='av-structured-data'  itemprop=\"datePublished\" datetime=\"2023-02-03T12:54:00+01:00\" >2026-04-20 14:32:39<\/span><span class='av-structured-data'  itemprop=\"dateModified\" itemtype=\"https:\/\/schema.org\/dateModified\" >2026-04-20 14:35:28<\/span><span class='av-structured-data'  itemprop=\"mainEntityOfPage\" itemtype=\"https:\/\/schema.org\/mainEntityOfPage\" ><span itemprop='name'>OG\u00d3LNOPOLSKI DZIE\u0143 DIAGNOSTY LABORATORYJNEGO<\/span><\/span><\/span><\/article><article class='slide-entry flex_column  post-entry post-entry-6046 slide-entry-overview slide-loop-3 slide-parity-odd  av_one_third  real-thumbnail post-format-standard'  itemscope=\"itemscope\" itemtype=\"https:\/\/schema.org\/CreativeWork\" ><a href='https:\/\/ptdl.pl\/index.php\/2026\/04\/15\/konkurs-streszczen\/' data-rel='slide-1' class='slide-image' title='KONKURS STRESZCZE\u0143'><img decoding=\"async\" width=\"620\" height=\"390\" src=\"https:\/\/ptdl.pl\/ptdl\/wp-content\/uploads\/2026\/04\/logo_konkurs_streszczen.png\" class=\"wp-image-6047 avia-img-lazy-loading-not-6047 attachment-extra_large size-extra_large wp-post-image\" alt=\"\" srcset=\"https:\/\/ptdl.pl\/ptdl\/wp-content\/uploads\/2026\/04\/logo_konkurs_streszczen.png 620w, https:\/\/ptdl.pl\/ptdl\/wp-content\/uploads\/2026\/04\/logo_konkurs_streszczen-300x189.png 300w\" sizes=\"(max-width: 620px) 100vw, 620px\" \/><\/a><div class=\"slide-content\"><header class=\"entry-content-header\"><h3 class='slide-entry-title entry-title '  itemprop=\"headline\" ><a href='https:\/\/ptdl.pl\/index.php\/2026\/04\/15\/konkurs-streszczen\/' title='KONKURS STRESZCZE\u0143'>KONKURS STRESZCZE\u0143<\/a><\/h3><span class=\"av-vertical-delimiter\"><\/span><\/header><div class=\"slide-meta\"><time class='slide-meta-time updated'  itemprop=\"datePublished\" datetime=\"2026-04-15T11:08:58+02:00\" >2026-04-15<\/time><\/div><div class='slide-entry-excerpt entry-content'  itemprop=\"text\" ><div class=\"read-more-link\"><a href=\"https:\/\/ptdl.pl\/index.php\/2026\/04\/15\/konkurs-streszczen\/\" class=\"more-link\">Czytaj dalej<span class=\"more-link-arrow\"><\/span><\/a><\/div><\/div><\/div><footer class=\"entry-footer\"><\/footer><span class='hidden'>\n\t\t\t\t<span class='av-structured-data'  itemprop=\"image\" itemscope=\"itemscope\" itemtype=\"https:\/\/schema.org\/ImageObject\" >\n\t\t\t\t\t\t<span itemprop='url'>https:\/\/ptdl.pl\/ptdl\/wp-content\/uploads\/2026\/04\/logo_konkurs_streszczen.png<\/span>\n\t\t\t\t\t\t<span itemprop='height'>390<\/span>\n\t\t\t\t\t\t<span itemprop='width'>620<\/span>\n\t\t\t\t<\/span>\n\t\t\t\t<span class='av-structured-data'  itemprop=\"publisher\" itemtype=\"https:\/\/schema.org\/Organization\" itemscope=\"itemscope\" >\n\t\t\t\t\t\t<span itemprop='name'>admin<\/span>\n\t\t\t\t\t\t<span itemprop='logo' itemscope itemtype='https:\/\/schema.org\/ImageObject'>\n\t\t\t\t\t\t\t<span itemprop='url'>https:\/\/ptdl.pl\/wp-content\/uploads\/2023\/03\/logo_2.svg<\/span>\n\t\t\t\t\t\t<\/span>\n\t\t\t\t<\/span><span class='av-structured-data'  itemprop=\"author\" itemscope=\"itemscope\" itemtype=\"https:\/\/schema.org\/Person\" ><span itemprop='name'>admin<\/span><\/span><span class='av-structured-data'  itemprop=\"datePublished\" datetime=\"2023-02-03T12:54:00+01:00\" >2026-04-15 11:08:58<\/span><span class='av-structured-data'  itemprop=\"dateModified\" itemtype=\"https:\/\/schema.org\/dateModified\" >2026-04-15 11:25:08<\/span><span class='av-structured-data'  itemprop=\"mainEntityOfPage\" itemtype=\"https:\/\/schema.org\/mainEntityOfPage\" ><span itemprop='name'>KONKURS STRESZCZE\u0143<\/span><\/span><\/span><\/article><\/div><div class=\"slide-entry-wrap\"><article class='slide-entry flex_column  post-entry post-entry-6032 slide-entry-overview slide-loop-4 slide-parity-odd  av_one_third first real-thumbnail post-format-standard'  itemscope=\"itemscope\" itemtype=\"https:\/\/schema.org\/CreativeWork\" ><a href='https:\/\/ptdl.pl\/index.php\/2026\/04\/14\/sukces-przedstawicielki-ptdl-w-strukturach-eflm-2\/' data-rel='slide-1' class='slide-image' title='Sukces Przedstawicielki PTDL w strukturach EFLM'><img decoding=\"async\" width=\"587\" height=\"393\" src=\"https:\/\/ptdl.pl\/ptdl\/wp-content\/uploads\/2026\/04\/olga_ciepiela.png\" class=\"wp-image-6033 avia-img-lazy-loading-not-6033 attachment-extra_large size-extra_large wp-post-image\" alt=\"\" srcset=\"https:\/\/ptdl.pl\/ptdl\/wp-content\/uploads\/2026\/04\/olga_ciepiela.png 587w, https:\/\/ptdl.pl\/ptdl\/wp-content\/uploads\/2026\/04\/olga_ciepiela-300x201.png 300w\" sizes=\"(max-width: 587px) 100vw, 587px\" \/><\/a><div class=\"slide-content\"><header class=\"entry-content-header\"><h3 class='slide-entry-title entry-title '  itemprop=\"headline\" ><a href='https:\/\/ptdl.pl\/index.php\/2026\/04\/14\/sukces-przedstawicielki-ptdl-w-strukturach-eflm-2\/' title='Sukces Przedstawicielki PTDL w strukturach EFLM'>Sukces Przedstawicielki PTDL w strukturach EFLM<\/a><\/h3><span class=\"av-vertical-delimiter\"><\/span><\/header><div class=\"slide-meta\"><time class='slide-meta-time updated'  itemprop=\"datePublished\" datetime=\"2026-04-14T08:22:27+02:00\" >2026-04-14<\/time><\/div><div class='slide-entry-excerpt entry-content'  itemprop=\"text\" ><div class=\"read-more-link\"><a href=\"https:\/\/ptdl.pl\/index.php\/2026\/04\/14\/sukces-przedstawicielki-ptdl-w-strukturach-eflm-2\/\" class=\"more-link\">Czytaj dalej<span class=\"more-link-arrow\"><\/span><\/a><\/div><\/div><\/div><footer class=\"entry-footer\"><\/footer><span class='hidden'>\n\t\t\t\t<span class='av-structured-data'  itemprop=\"image\" itemscope=\"itemscope\" itemtype=\"https:\/\/schema.org\/ImageObject\" >\n\t\t\t\t\t\t<span itemprop='url'>https:\/\/ptdl.pl\/ptdl\/wp-content\/uploads\/2026\/04\/olga_ciepiela.png<\/span>\n\t\t\t\t\t\t<span itemprop='height'>393<\/span>\n\t\t\t\t\t\t<span itemprop='width'>587<\/span>\n\t\t\t\t<\/span>\n\t\t\t\t<span class='av-structured-data'  itemprop=\"publisher\" itemtype=\"https:\/\/schema.org\/Organization\" itemscope=\"itemscope\" >\n\t\t\t\t\t\t<span itemprop='name'>admin<\/span>\n\t\t\t\t\t\t<span itemprop='logo' itemscope itemtype='https:\/\/schema.org\/ImageObject'>\n\t\t\t\t\t\t\t<span itemprop='url'>https:\/\/ptdl.pl\/wp-content\/uploads\/2023\/03\/logo_2.svg<\/span>\n\t\t\t\t\t\t<\/span>\n\t\t\t\t<\/span><span class='av-structured-data'  itemprop=\"author\" itemscope=\"itemscope\" itemtype=\"https:\/\/schema.org\/Person\" ><span itemprop='name'>admin<\/span><\/span><span class='av-structured-data'  itemprop=\"datePublished\" datetime=\"2023-02-03T12:54:00+01:00\" >2026-04-14 08:22:27<\/span><span class='av-structured-data'  itemprop=\"dateModified\" itemtype=\"https:\/\/schema.org\/dateModified\" >2026-04-14 08:24:27<\/span><span class='av-structured-data'  itemprop=\"mainEntityOfPage\" itemtype=\"https:\/\/schema.org\/mainEntityOfPage\" ><span itemprop='name'>Sukces Przedstawicielki PTDL w strukturach EFLM<\/span><\/span><\/span><\/article><article class='slide-entry flex_column  post-entry post-entry-5942 slide-entry-overview slide-loop-5 slide-parity-even  av_one_third  real-thumbnail post-format-standard'  itemscope=\"itemscope\" itemtype=\"https:\/\/schema.org\/CreativeWork\" ><a href='https:\/\/ptdl.pl\/index.php\/2026\/04\/01\/zyczenia-swiateczne-8\/' data-rel='slide-1' class='slide-image' title='\u017byczenia \u015awi\u0105teczne'><img decoding=\"async\" width=\"1280\" height=\"1047\" src=\"https:\/\/ptdl.pl\/ptdl\/wp-content\/uploads\/2026\/04\/wielkanoc.jpg\" class=\"wp-image-5943 avia-img-lazy-loading-not-5943 attachment-extra_large size-extra_large wp-post-image\" alt=\"\" srcset=\"https:\/\/ptdl.pl\/ptdl\/wp-content\/uploads\/2026\/04\/wielkanoc.jpg 1280w, https:\/\/ptdl.pl\/ptdl\/wp-content\/uploads\/2026\/04\/wielkanoc-300x245.jpg 300w, https:\/\/ptdl.pl\/ptdl\/wp-content\/uploads\/2026\/04\/wielkanoc-1030x843.jpg 1030w, https:\/\/ptdl.pl\/ptdl\/wp-content\/uploads\/2026\/04\/wielkanoc-768x628.jpg 768w, https:\/\/ptdl.pl\/ptdl\/wp-content\/uploads\/2026\/04\/wielkanoc-705x577.jpg 705w\" sizes=\"(max-width: 1280px) 100vw, 1280px\" \/><\/a><div class=\"slide-content\"><header class=\"entry-content-header\"><h3 class='slide-entry-title entry-title '  itemprop=\"headline\" ><a href='https:\/\/ptdl.pl\/index.php\/2026\/04\/01\/zyczenia-swiateczne-8\/' title='\u017byczenia \u015awi\u0105teczne'>\u017byczenia \u015awi\u0105teczne<\/a><\/h3><span class=\"av-vertical-delimiter\"><\/span><\/header><div class=\"slide-meta\"><time class='slide-meta-time updated'  itemprop=\"datePublished\" datetime=\"2026-04-01T13:27:08+02:00\" >2026-04-01<\/time><\/div><div class='slide-entry-excerpt entry-content'  itemprop=\"text\" ><div class=\"read-more-link\"><a href=\"https:\/\/ptdl.pl\/index.php\/2026\/04\/01\/zyczenia-swiateczne-8\/\" class=\"more-link\">Czytaj dalej<span class=\"more-link-arrow\"><\/span><\/a><\/div><\/div><\/div><footer class=\"entry-footer\"><\/footer><span class='hidden'>\n\t\t\t\t<span class='av-structured-data'  itemprop=\"image\" itemscope=\"itemscope\" itemtype=\"https:\/\/schema.org\/ImageObject\" >\n\t\t\t\t\t\t<span itemprop='url'>https:\/\/ptdl.pl\/ptdl\/wp-content\/uploads\/2026\/04\/wielkanoc.jpg<\/span>\n\t\t\t\t\t\t<span itemprop='height'>1047<\/span>\n\t\t\t\t\t\t<span itemprop='width'>1280<\/span>\n\t\t\t\t<\/span>\n\t\t\t\t<span class='av-structured-data'  itemprop=\"publisher\" itemtype=\"https:\/\/schema.org\/Organization\" itemscope=\"itemscope\" >\n\t\t\t\t\t\t<span itemprop='name'>admin<\/span>\n\t\t\t\t\t\t<span itemprop='logo' itemscope itemtype='https:\/\/schema.org\/ImageObject'>\n\t\t\t\t\t\t\t<span itemprop='url'>https:\/\/ptdl.pl\/wp-content\/uploads\/2023\/03\/logo_2.svg<\/span>\n\t\t\t\t\t\t<\/span>\n\t\t\t\t<\/span><span class='av-structured-data'  itemprop=\"author\" itemscope=\"itemscope\" itemtype=\"https:\/\/schema.org\/Person\" ><span itemprop='name'>admin<\/span><\/span><span class='av-structured-data'  itemprop=\"datePublished\" datetime=\"2023-02-03T12:54:00+01:00\" >2026-04-01 13:27:08<\/span><span class='av-structured-data'  itemprop=\"dateModified\" itemtype=\"https:\/\/schema.org\/dateModified\" >2026-04-01 13:27:08<\/span><span class='av-structured-data'  itemprop=\"mainEntityOfPage\" itemtype=\"https:\/\/schema.org\/mainEntityOfPage\" ><span itemprop='name'>\u017byczenia \u015awi\u0105teczne<\/span><\/span><\/span><\/article><article class='slide-entry flex_column  post-entry post-entry-5806 slide-entry-overview slide-loop-6 slide-parity-odd  av_one_third  real-thumbnail post-format-standard'  itemscope=\"itemscope\" itemtype=\"https:\/\/schema.org\/CreativeWork\" ><a href='https:\/\/ptdl.pl\/index.php\/2026\/03\/10\/5806\/' data-rel='slide-1' class='slide-image' title='XI Kongres Wyzwa\u0144 Zdrowotnych'><img decoding=\"async\" width=\"1200\" height=\"628\" src=\"https:\/\/ptdl.pl\/ptdl\/wp-content\/uploads\/2026\/03\/HCC-26.jpg\" class=\"wp-image-5796 avia-img-lazy-loading-not-5796 attachment-extra_large size-extra_large wp-post-image\" alt=\"\" srcset=\"https:\/\/ptdl.pl\/ptdl\/wp-content\/uploads\/2026\/03\/HCC-26.jpg 1200w, https:\/\/ptdl.pl\/ptdl\/wp-content\/uploads\/2026\/03\/HCC-26-300x157.jpg 300w, https:\/\/ptdl.pl\/ptdl\/wp-content\/uploads\/2026\/03\/HCC-26-1030x539.jpg 1030w, https:\/\/ptdl.pl\/ptdl\/wp-content\/uploads\/2026\/03\/HCC-26-768x402.jpg 768w, https:\/\/ptdl.pl\/ptdl\/wp-content\/uploads\/2026\/03\/HCC-26-705x369.jpg 705w\" sizes=\"(max-width: 1200px) 100vw, 1200px\" \/><\/a><div class=\"slide-content\"><header class=\"entry-content-header\"><h3 class='slide-entry-title entry-title '  itemprop=\"headline\" ><a href='https:\/\/ptdl.pl\/index.php\/2026\/03\/10\/5806\/' title='XI Kongres Wyzwa\u0144 Zdrowotnych'>XI Kongres Wyzwa\u0144 Zdrowotnych<\/a><\/h3><span class=\"av-vertical-delimiter\"><\/span><\/header><div class=\"slide-meta\"><time class='slide-meta-time updated'  itemprop=\"datePublished\" datetime=\"2026-03-10T08:15:17+01:00\" >2026-03-10<\/time><\/div><div class='slide-entry-excerpt entry-content'  itemprop=\"text\" ><div class=\"read-more-link\"><a href=\"https:\/\/ptdl.pl\/index.php\/2026\/03\/10\/5806\/\" class=\"more-link\">Czytaj dalej<span class=\"more-link-arrow\"><\/span><\/a><\/div><\/div><\/div><footer class=\"entry-footer\"><\/footer><span class='hidden'>\n\t\t\t\t<span class='av-structured-data'  itemprop=\"image\" itemscope=\"itemscope\" itemtype=\"https:\/\/schema.org\/ImageObject\" >\n\t\t\t\t\t\t<span itemprop='url'>https:\/\/ptdl.pl\/ptdl\/wp-content\/uploads\/2026\/03\/HCC-26.jpg<\/span>\n\t\t\t\t\t\t<span itemprop='height'>628<\/span>\n\t\t\t\t\t\t<span itemprop='width'>1200<\/span>\n\t\t\t\t<\/span>\n\t\t\t\t<span class='av-structured-data'  itemprop=\"publisher\" itemtype=\"https:\/\/schema.org\/Organization\" itemscope=\"itemscope\" >\n\t\t\t\t\t\t<span itemprop='name'>admin<\/span>\n\t\t\t\t\t\t<span itemprop='logo' itemscope itemtype='https:\/\/schema.org\/ImageObject'>\n\t\t\t\t\t\t\t<span itemprop='url'>https:\/\/ptdl.pl\/wp-content\/uploads\/2023\/03\/logo_2.svg<\/span>\n\t\t\t\t\t\t<\/span>\n\t\t\t\t<\/span><span class='av-structured-data'  itemprop=\"author\" itemscope=\"itemscope\" itemtype=\"https:\/\/schema.org\/Person\" ><span itemprop='name'>admin<\/span><\/span><span class='av-structured-data'  itemprop=\"datePublished\" datetime=\"2023-02-03T12:54:00+01:00\" >2026-03-10 08:15:17<\/span><span class='av-structured-data'  itemprop=\"dateModified\" itemtype=\"https:\/\/schema.org\/dateModified\" >2026-03-10 08:16:08<\/span><span class='av-structured-data'  itemprop=\"mainEntityOfPage\" itemtype=\"https:\/\/schema.org\/mainEntityOfPage\" ><span itemprop='name'>XI Kongres Wyzwa\u0144 Zdrowotnych<\/span><\/span><\/span><\/article><\/div><div class=\"slide-entry-wrap\"><article class='slide-entry flex_column  post-entry post-entry-5795 slide-entry-overview slide-loop-7 slide-parity-odd  av_one_third first real-thumbnail post-format-standard'  itemscope=\"itemscope\" itemtype=\"https:\/\/schema.org\/CreativeWork\" ><a href='https:\/\/ptdl.pl\/index.php\/2026\/03\/10\/sukces-przedstawicielki-ptdl-w-strukturach-eflm\/' data-rel='slide-1' class='slide-image' title='Sukces przedstawicielki PTDL w strukturach EFLM'><img decoding=\"async\" width=\"1280\" height=\"834\" src=\"https:\/\/ptdl.pl\/ptdl\/wp-content\/uploads\/2026\/03\/Sukces-polskiej-przedstawicielki-w-strukturach-EFLM.jpg\" class=\"wp-image-5797 avia-img-lazy-loading-not-5797 attachment-extra_large size-extra_large wp-post-image\" alt=\"\" srcset=\"https:\/\/ptdl.pl\/ptdl\/wp-content\/uploads\/2026\/03\/Sukces-polskiej-przedstawicielki-w-strukturach-EFLM.jpg 1280w, https:\/\/ptdl.pl\/ptdl\/wp-content\/uploads\/2026\/03\/Sukces-polskiej-przedstawicielki-w-strukturach-EFLM-300x195.jpg 300w, https:\/\/ptdl.pl\/ptdl\/wp-content\/uploads\/2026\/03\/Sukces-polskiej-przedstawicielki-w-strukturach-EFLM-1030x671.jpg 1030w, https:\/\/ptdl.pl\/ptdl\/wp-content\/uploads\/2026\/03\/Sukces-polskiej-przedstawicielki-w-strukturach-EFLM-768x500.jpg 768w, https:\/\/ptdl.pl\/ptdl\/wp-content\/uploads\/2026\/03\/Sukces-polskiej-przedstawicielki-w-strukturach-EFLM-705x459.jpg 705w\" sizes=\"(max-width: 1280px) 100vw, 1280px\" \/><\/a><div class=\"slide-content\"><header class=\"entry-content-header\"><h3 class='slide-entry-title entry-title '  itemprop=\"headline\" ><a href='https:\/\/ptdl.pl\/index.php\/2026\/03\/10\/sukces-przedstawicielki-ptdl-w-strukturach-eflm\/' title='Sukces przedstawicielki PTDL w strukturach EFLM'>Sukces przedstawicielki PTDL w strukturach EFLM<\/a><\/h3><span class=\"av-vertical-delimiter\"><\/span><\/header><div class=\"slide-meta\"><time class='slide-meta-time updated'  itemprop=\"datePublished\" datetime=\"2026-03-10T08:07:22+01:00\" >2026-03-10<\/time><\/div><div class='slide-entry-excerpt entry-content'  itemprop=\"text\" ><div class=\"read-more-link\"><a href=\"https:\/\/ptdl.pl\/index.php\/2026\/03\/10\/sukces-przedstawicielki-ptdl-w-strukturach-eflm\/\" class=\"more-link\">Czytaj dalej<span class=\"more-link-arrow\"><\/span><\/a><\/div><\/div><\/div><footer class=\"entry-footer\"><\/footer><span class='hidden'>\n\t\t\t\t<span class='av-structured-data'  itemprop=\"image\" itemscope=\"itemscope\" itemtype=\"https:\/\/schema.org\/ImageObject\" >\n\t\t\t\t\t\t<span itemprop='url'>https:\/\/ptdl.pl\/ptdl\/wp-content\/uploads\/2026\/03\/Sukces-polskiej-przedstawicielki-w-strukturach-EFLM.jpg<\/span>\n\t\t\t\t\t\t<span itemprop='height'>834<\/span>\n\t\t\t\t\t\t<span itemprop='width'>1280<\/span>\n\t\t\t\t<\/span>\n\t\t\t\t<span class='av-structured-data'  itemprop=\"publisher\" itemtype=\"https:\/\/schema.org\/Organization\" itemscope=\"itemscope\" >\n\t\t\t\t\t\t<span itemprop='name'>admin<\/span>\n\t\t\t\t\t\t<span itemprop='logo' itemscope itemtype='https:\/\/schema.org\/ImageObject'>\n\t\t\t\t\t\t\t<span itemprop='url'>https:\/\/ptdl.pl\/wp-content\/uploads\/2023\/03\/logo_2.svg<\/span>\n\t\t\t\t\t\t<\/span>\n\t\t\t\t<\/span><span class='av-structured-data'  itemprop=\"author\" itemscope=\"itemscope\" itemtype=\"https:\/\/schema.org\/Person\" ><span itemprop='name'>admin<\/span><\/span><span class='av-structured-data'  itemprop=\"datePublished\" datetime=\"2023-02-03T12:54:00+01:00\" >2026-03-10 08:07:22<\/span><span class='av-structured-data'  itemprop=\"dateModified\" itemtype=\"https:\/\/schema.org\/dateModified\" >2026-03-10 08:12:52<\/span><span class='av-structured-data'  itemprop=\"mainEntityOfPage\" itemtype=\"https:\/\/schema.org\/mainEntityOfPage\" ><span itemprop='name'>Sukces przedstawicielki PTDL w strukturach EFLM<\/span><\/span><\/span><\/article><article class='slide-entry flex_column  post-entry post-entry-5713 slide-entry-overview slide-loop-8 slide-parity-even  av_one_third  real-thumbnail post-format-standard'  itemscope=\"itemscope\" itemtype=\"https:\/\/schema.org\/CreativeWork\" ><a href='https:\/\/ptdl.pl\/index.php\/2026\/02\/25\/iii-konferencja-interdyscyplinarne-problemy-diagnostyczno-terapeutyczne-krakow-24-kwietnia-2026\/' data-rel='slide-1' class='slide-image' title='III Konferencja \u201eInterdyscyplinarne problemy diagnostyczno-terapeutyczne\u201d \u2013 Krak\u00f3w, 24 kwietnia 2026.'><img decoding=\"async\" width=\"500\" height=\"333\" src=\"https:\/\/ptdl.pl\/ptdl\/wp-content\/uploads\/2023\/12\/news_40.jpg\" class=\"wp-image-2015 avia-img-lazy-loading-not-2015 attachment-extra_large size-extra_large wp-post-image\" alt=\"\" srcset=\"https:\/\/ptdl.pl\/ptdl\/wp-content\/uploads\/2023\/12\/news_40.jpg 500w, https:\/\/ptdl.pl\/ptdl\/wp-content\/uploads\/2023\/12\/news_40-300x200.jpg 300w\" sizes=\"(max-width: 500px) 100vw, 500px\" \/><\/a><div class=\"slide-content\"><header class=\"entry-content-header\"><h3 class='slide-entry-title entry-title '  itemprop=\"headline\" ><a href='https:\/\/ptdl.pl\/index.php\/2026\/02\/25\/iii-konferencja-interdyscyplinarne-problemy-diagnostyczno-terapeutyczne-krakow-24-kwietnia-2026\/' title='III Konferencja \u201eInterdyscyplinarne problemy diagnostyczno-terapeutyczne\u201d \u2013 Krak\u00f3w, 24 kwietnia 2026.'>III Konferencja \u201eInterdyscyplinarne problemy diagnostyczno-terapeutyczne\u201d \u2013 Krak\u00f3w, 24 kwietnia 2026.<\/a><\/h3><span class=\"av-vertical-delimiter\"><\/span><\/header><div class=\"slide-meta\"><time class='slide-meta-time updated'  itemprop=\"datePublished\" datetime=\"2026-02-25T14:36:27+01:00\" >2026-02-25<\/time><\/div><div class='slide-entry-excerpt entry-content'  itemprop=\"text\" ><div class=\"read-more-link\"><a href=\"https:\/\/ptdl.pl\/index.php\/2026\/02\/25\/iii-konferencja-interdyscyplinarne-problemy-diagnostyczno-terapeutyczne-krakow-24-kwietnia-2026\/\" class=\"more-link\">Czytaj dalej<span class=\"more-link-arrow\"><\/span><\/a><\/div><\/div><\/div><footer class=\"entry-footer\"><\/footer><span class='hidden'>\n\t\t\t\t<span class='av-structured-data'  itemprop=\"image\" itemscope=\"itemscope\" itemtype=\"https:\/\/schema.org\/ImageObject\" >\n\t\t\t\t\t\t<span itemprop='url'>https:\/\/ptdl.pl\/ptdl\/wp-content\/uploads\/2023\/12\/news_40.jpg<\/span>\n\t\t\t\t\t\t<span itemprop='height'>333<\/span>\n\t\t\t\t\t\t<span itemprop='width'>500<\/span>\n\t\t\t\t<\/span>\n\t\t\t\t<span class='av-structured-data'  itemprop=\"publisher\" itemtype=\"https:\/\/schema.org\/Organization\" itemscope=\"itemscope\" >\n\t\t\t\t\t\t<span itemprop='name'>admin<\/span>\n\t\t\t\t\t\t<span itemprop='logo' itemscope itemtype='https:\/\/schema.org\/ImageObject'>\n\t\t\t\t\t\t\t<span itemprop='url'>https:\/\/ptdl.pl\/wp-content\/uploads\/2023\/03\/logo_2.svg<\/span>\n\t\t\t\t\t\t<\/span>\n\t\t\t\t<\/span><span class='av-structured-data'  itemprop=\"author\" itemscope=\"itemscope\" itemtype=\"https:\/\/schema.org\/Person\" ><span itemprop='name'>admin<\/span><\/span><span class='av-structured-data'  itemprop=\"datePublished\" datetime=\"2023-02-03T12:54:00+01:00\" >2026-02-25 14:36:27<\/span><span class='av-structured-data'  itemprop=\"dateModified\" itemtype=\"https:\/\/schema.org\/dateModified\" >2026-02-25 14:39:31<\/span><span class='av-structured-data'  itemprop=\"mainEntityOfPage\" itemtype=\"https:\/\/schema.org\/mainEntityOfPage\" ><span itemprop='name'>III Konferencja \u201eInterdyscyplinarne problemy diagnostyczno-terapeutyczne\u201d \u2013 Krak\u00f3w, 24 kwietnia 2026.<\/span><\/span><\/span><\/article><article class='slide-entry flex_column  post-entry post-entry-5591 slide-entry-overview slide-loop-9 slide-parity-odd  av_one_third  real-thumbnail post-format-standard'  itemscope=\"itemscope\" itemtype=\"https:\/\/schema.org\/CreativeWork\" ><a href='https:\/\/ptdl.pl\/index.php\/2026\/01\/17\/zaproszenie-konferencja-kluczowe-aspekty-zdrowia-kobiety-opalenica-12-13-02-2026r\/' data-rel='slide-1' class='slide-image' title='Zaproszenie &#8211; Konferencja &#8222;Kluczowe aspekty zdrowia kobiety&#8221; &#8211; Opalenica 12-13.02.2026r.'><img decoding=\"async\" width=\"1500\" height=\"1500\" src=\"https:\/\/ptdl.pl\/ptdl\/wp-content\/uploads\/2025\/11\/21319075-1500x1500.jpg\" class=\"wp-image-5509 avia-img-lazy-loading-not-5509 attachment-extra_large size-extra_large wp-post-image\" alt=\"\" srcset=\"https:\/\/ptdl.pl\/ptdl\/wp-content\/uploads\/2025\/11\/21319075-1500x1500.jpg 1500w, https:\/\/ptdl.pl\/ptdl\/wp-content\/uploads\/2025\/11\/21319075-300x300.jpg 300w, https:\/\/ptdl.pl\/ptdl\/wp-content\/uploads\/2025\/11\/21319075-1030x1030.jpg 1030w, https:\/\/ptdl.pl\/ptdl\/wp-content\/uploads\/2025\/11\/21319075-80x80.jpg 80w, https:\/\/ptdl.pl\/ptdl\/wp-content\/uploads\/2025\/11\/21319075-768x768.jpg 768w, https:\/\/ptdl.pl\/ptdl\/wp-content\/uploads\/2025\/11\/21319075-1536x1536.jpg 1536w, https:\/\/ptdl.pl\/ptdl\/wp-content\/uploads\/2025\/11\/21319075-36x36.jpg 36w, https:\/\/ptdl.pl\/ptdl\/wp-content\/uploads\/2025\/11\/21319075-180x180.jpg 180w, https:\/\/ptdl.pl\/ptdl\/wp-content\/uploads\/2025\/11\/21319075-705x705.jpg 705w, https:\/\/ptdl.pl\/ptdl\/wp-content\/uploads\/2025\/11\/21319075.jpg 2048w\" sizes=\"(max-width: 1500px) 100vw, 1500px\" \/><\/a><div class=\"slide-content\"><header class=\"entry-content-header\"><h3 class='slide-entry-title entry-title '  itemprop=\"headline\" ><a href='https:\/\/ptdl.pl\/index.php\/2026\/01\/17\/zaproszenie-konferencja-kluczowe-aspekty-zdrowia-kobiety-opalenica-12-13-02-2026r\/' title='Zaproszenie &#8211; Konferencja &#8222;Kluczowe aspekty zdrowia kobiety&#8221; &#8211; Opalenica 12-13.02.2026r.'>Zaproszenie &#8211; Konferencja &#8222;Kluczowe aspekty zdrowia kobiety&#8221; &#8211; Opalenica 12-13.02.2026r.<\/a><\/h3><span class=\"av-vertical-delimiter\"><\/span><\/header><div class=\"slide-meta\"><time class='slide-meta-time updated'  itemprop=\"datePublished\" datetime=\"2026-01-17T17:19:19+01:00\" >2026-01-17<\/time><\/div><div class='slide-entry-excerpt entry-content'  itemprop=\"text\" ><div class=\"read-more-link\"><a href=\"https:\/\/ptdl.pl\/index.php\/2026\/01\/17\/zaproszenie-konferencja-kluczowe-aspekty-zdrowia-kobiety-opalenica-12-13-02-2026r\/\" class=\"more-link\">Czytaj dalej<span class=\"more-link-arrow\"><\/span><\/a><\/div><\/div><\/div><footer class=\"entry-footer\"><\/footer><span class='hidden'>\n\t\t\t\t<span class='av-structured-data'  itemprop=\"image\" itemscope=\"itemscope\" itemtype=\"https:\/\/schema.org\/ImageObject\" >\n\t\t\t\t\t\t<span itemprop='url'>https:\/\/ptdl.pl\/ptdl\/wp-content\/uploads\/2025\/11\/21319075.jpg<\/span>\n\t\t\t\t\t\t<span itemprop='height'>2048<\/span>\n\t\t\t\t\t\t<span itemprop='width'>2048<\/span>\n\t\t\t\t<\/span>\n\t\t\t\t<span class='av-structured-data'  itemprop=\"publisher\" itemtype=\"https:\/\/schema.org\/Organization\" itemscope=\"itemscope\" >\n\t\t\t\t\t\t<span itemprop='name'>Ma\u0142gorzata Zieli\u0144ska-Przyjemska<\/span>\n\t\t\t\t\t\t<span itemprop='logo' itemscope itemtype='https:\/\/schema.org\/ImageObject'>\n\t\t\t\t\t\t\t<span itemprop='url'>https:\/\/ptdl.pl\/wp-content\/uploads\/2023\/03\/logo_2.svg<\/span>\n\t\t\t\t\t\t<\/span>\n\t\t\t\t<\/span><span class='av-structured-data'  itemprop=\"author\" itemscope=\"itemscope\" itemtype=\"https:\/\/schema.org\/Person\" ><span itemprop='name'>Ma\u0142gorzata Zieli\u0144ska-Przyjemska<\/span><\/span><span class='av-structured-data'  itemprop=\"datePublished\" datetime=\"2023-02-03T12:54:00+01:00\" >2026-01-17 17:19:19<\/span><span class='av-structured-data'  itemprop=\"dateModified\" itemtype=\"https:\/\/schema.org\/dateModified\" >2026-02-06 21:17:11<\/span><span class='av-structured-data'  itemprop=\"mainEntityOfPage\" itemtype=\"https:\/\/schema.org\/mainEntityOfPage\" ><span itemprop='name'>Zaproszenie &#8211; Konferencja &#8222;Kluczowe aspekty zdrowia kobiety&#8221; &#8211; Opalenica 12-13.02.2026r.<\/span><\/span><\/span><\/article><\/div><div class=\"slide-entry-wrap\"><article class='slide-entry flex_column  post-entry post-entry-5567 slide-entry-overview slide-loop-10 slide-parity-odd  av_one_third first real-thumbnail post-format-standard'  itemscope=\"itemscope\" itemtype=\"https:\/\/schema.org\/CreativeWork\" ><a href='https:\/\/ptdl.pl\/index.php\/2026\/01\/01\/ifcc-professional-exchange-programmes\/' data-rel='slide-1' class='slide-image' title='IFCC Professional Exchange Programmes'><img decoding=\"async\" width=\"1288\" height=\"649\" src=\"https:\/\/ptdl.pl\/ptdl\/wp-content\/uploads\/2026\/01\/IFCC-PEP.jpg\" class=\"wp-image-5568 avia-img-lazy-loading-not-5568 attachment-extra_large size-extra_large wp-post-image\" alt=\"\" srcset=\"https:\/\/ptdl.pl\/ptdl\/wp-content\/uploads\/2026\/01\/IFCC-PEP.jpg 1288w, https:\/\/ptdl.pl\/ptdl\/wp-content\/uploads\/2026\/01\/IFCC-PEP-300x151.jpg 300w, https:\/\/ptdl.pl\/ptdl\/wp-content\/uploads\/2026\/01\/IFCC-PEP-1030x519.jpg 1030w, https:\/\/ptdl.pl\/ptdl\/wp-content\/uploads\/2026\/01\/IFCC-PEP-768x387.jpg 768w, https:\/\/ptdl.pl\/ptdl\/wp-content\/uploads\/2026\/01\/IFCC-PEP-705x355.jpg 705w\" sizes=\"(max-width: 1288px) 100vw, 1288px\" \/><\/a><div class=\"slide-content\"><header class=\"entry-content-header\"><h3 class='slide-entry-title entry-title '  itemprop=\"headline\" ><a href='https:\/\/ptdl.pl\/index.php\/2026\/01\/01\/ifcc-professional-exchange-programmes\/' title='IFCC Professional Exchange Programmes'>IFCC Professional Exchange Programmes<\/a><\/h3><span class=\"av-vertical-delimiter\"><\/span><\/header><div class=\"slide-meta\"><time class='slide-meta-time updated'  itemprop=\"datePublished\" datetime=\"2026-01-01T21:20:20+01:00\" >2026-01-01<\/time><\/div><div class='slide-entry-excerpt entry-content'  itemprop=\"text\" ><div class=\"read-more-link\"><a href=\"https:\/\/ptdl.pl\/index.php\/2026\/01\/01\/ifcc-professional-exchange-programmes\/\" class=\"more-link\">Czytaj dalej<span class=\"more-link-arrow\"><\/span><\/a><\/div><\/div><\/div><footer class=\"entry-footer\"><\/footer><span class='hidden'>\n\t\t\t\t<span class='av-structured-data'  itemprop=\"image\" itemscope=\"itemscope\" itemtype=\"https:\/\/schema.org\/ImageObject\" >\n\t\t\t\t\t\t<span itemprop='url'>https:\/\/ptdl.pl\/ptdl\/wp-content\/uploads\/2026\/01\/IFCC-PEP.jpg<\/span>\n\t\t\t\t\t\t<span itemprop='height'>649<\/span>\n\t\t\t\t\t\t<span itemprop='width'>1288<\/span>\n\t\t\t\t<\/span>\n\t\t\t\t<span class='av-structured-data'  itemprop=\"publisher\" itemtype=\"https:\/\/schema.org\/Organization\" itemscope=\"itemscope\" >\n\t\t\t\t\t\t<span itemprop='name'>Olga Ciepiela<\/span>\n\t\t\t\t\t\t<span itemprop='logo' itemscope itemtype='https:\/\/schema.org\/ImageObject'>\n\t\t\t\t\t\t\t<span itemprop='url'>https:\/\/ptdl.pl\/wp-content\/uploads\/2023\/03\/logo_2.svg<\/span>\n\t\t\t\t\t\t<\/span>\n\t\t\t\t<\/span><span class='av-structured-data'  itemprop=\"author\" itemscope=\"itemscope\" itemtype=\"https:\/\/schema.org\/Person\" ><span itemprop='name'>Olga Ciepiela<\/span><\/span><span class='av-structured-data'  itemprop=\"datePublished\" datetime=\"2023-02-03T12:54:00+01:00\" >2026-01-01 21:20:20<\/span><span class='av-structured-data'  itemprop=\"dateModified\" itemtype=\"https:\/\/schema.org\/dateModified\" >2026-01-01 21:21:16<\/span><span class='av-structured-data'  itemprop=\"mainEntityOfPage\" itemtype=\"https:\/\/schema.org\/mainEntityOfPage\" ><span itemprop='name'>IFCC Professional Exchange Programmes<\/span><\/span><\/span><\/article><article class='slide-entry flex_column  post-entry post-entry-5544 slide-entry-overview slide-loop-11 slide-parity-even  av_one_third  real-thumbnail post-format-standard'  itemscope=\"itemscope\" itemtype=\"https:\/\/schema.org\/CreativeWork\" ><a href='https:\/\/ptdl.pl\/index.php\/2025\/12\/19\/zyczenia-swiateczne-7\/' data-rel='slide-1' class='slide-image' title='\u017byczenia \u015awi\u0105teczne'><img decoding=\"async\" width=\"1280\" height=\"720\" src=\"https:\/\/ptdl.pl\/ptdl\/wp-content\/uploads\/2025\/12\/zyczenia-BN.jpg\" class=\"wp-image-5545 avia-img-lazy-loading-not-5545 attachment-extra_large size-extra_large wp-post-image\" alt=\"\" srcset=\"https:\/\/ptdl.pl\/ptdl\/wp-content\/uploads\/2025\/12\/zyczenia-BN.jpg 1280w, https:\/\/ptdl.pl\/ptdl\/wp-content\/uploads\/2025\/12\/zyczenia-BN-300x169.jpg 300w, https:\/\/ptdl.pl\/ptdl\/wp-content\/uploads\/2025\/12\/zyczenia-BN-1030x579.jpg 1030w, https:\/\/ptdl.pl\/ptdl\/wp-content\/uploads\/2025\/12\/zyczenia-BN-768x432.jpg 768w, https:\/\/ptdl.pl\/ptdl\/wp-content\/uploads\/2025\/12\/zyczenia-BN-705x397.jpg 705w\" sizes=\"(max-width: 1280px) 100vw, 1280px\" \/><\/a><div class=\"slide-content\"><header class=\"entry-content-header\"><h3 class='slide-entry-title entry-title '  itemprop=\"headline\" ><a href='https:\/\/ptdl.pl\/index.php\/2025\/12\/19\/zyczenia-swiateczne-7\/' title='\u017byczenia \u015awi\u0105teczne'>\u017byczenia \u015awi\u0105teczne<\/a><\/h3><span class=\"av-vertical-delimiter\"><\/span><\/header><div class=\"slide-meta\"><time class='slide-meta-time updated'  itemprop=\"datePublished\" datetime=\"2025-12-19T09:09:36+01:00\" >2025-12-19<\/time><\/div><div class='slide-entry-excerpt entry-content'  itemprop=\"text\" ><div class=\"read-more-link\"><a href=\"https:\/\/ptdl.pl\/index.php\/2025\/12\/19\/zyczenia-swiateczne-7\/\" class=\"more-link\">Czytaj dalej<span class=\"more-link-arrow\"><\/span><\/a><\/div><\/div><\/div><footer class=\"entry-footer\"><\/footer><span class='hidden'>\n\t\t\t\t<span class='av-structured-data'  itemprop=\"image\" itemscope=\"itemscope\" itemtype=\"https:\/\/schema.org\/ImageObject\" >\n\t\t\t\t\t\t<span itemprop='url'>https:\/\/ptdl.pl\/ptdl\/wp-content\/uploads\/2025\/12\/zyczenia-BN.jpg<\/span>\n\t\t\t\t\t\t<span itemprop='height'>720<\/span>\n\t\t\t\t\t\t<span itemprop='width'>1280<\/span>\n\t\t\t\t<\/span>\n\t\t\t\t<span class='av-structured-data'  itemprop=\"publisher\" itemtype=\"https:\/\/schema.org\/Organization\" itemscope=\"itemscope\" >\n\t\t\t\t\t\t<span itemprop='name'>admin<\/span>\n\t\t\t\t\t\t<span itemprop='logo' itemscope itemtype='https:\/\/schema.org\/ImageObject'>\n\t\t\t\t\t\t\t<span itemprop='url'>https:\/\/ptdl.pl\/wp-content\/uploads\/2023\/03\/logo_2.svg<\/span>\n\t\t\t\t\t\t<\/span>\n\t\t\t\t<\/span><span class='av-structured-data'  itemprop=\"author\" itemscope=\"itemscope\" itemtype=\"https:\/\/schema.org\/Person\" ><span itemprop='name'>admin<\/span><\/span><span class='av-structured-data'  itemprop=\"datePublished\" datetime=\"2023-02-03T12:54:00+01:00\" >2025-12-19 09:09:36<\/span><span class='av-structured-data'  itemprop=\"dateModified\" itemtype=\"https:\/\/schema.org\/dateModified\" >2025-12-19 09:10:33<\/span><span class='av-structured-data'  itemprop=\"mainEntityOfPage\" itemtype=\"https:\/\/schema.org\/mainEntityOfPage\" ><span itemprop='name'>\u017byczenia \u015awi\u0105teczne<\/span><\/span><\/span><\/article><article class='slide-entry flex_column  post-entry post-entry-5457 slide-entry-overview slide-loop-12 slide-parity-odd  av_one_third  real-thumbnail post-format-standard'  itemscope=\"itemscope\" itemtype=\"https:\/\/schema.org\/CreativeWork\" ><a href='https:\/\/ptdl.pl\/index.php\/2025\/11\/18\/ptdl-partnerem-forum-zdrowia-dzieci\/' data-rel='slide-1' class='slide-image' title='PTDL partnerem Forum Zdrowia Dzieci'><img decoding=\"async\" width=\"1200\" height=\"675\" src=\"https:\/\/ptdl.pl\/ptdl\/wp-content\/uploads\/2025\/11\/POLSKIE-TOWARZYSTWO-DIAGNOSTYKI-LABORATORYJNEJ_nanerjpg.jpg\" class=\"wp-image-5458 avia-img-lazy-loading-not-5458 attachment-extra_large size-extra_large wp-post-image\" alt=\"\" srcset=\"https:\/\/ptdl.pl\/ptdl\/wp-content\/uploads\/2025\/11\/POLSKIE-TOWARZYSTWO-DIAGNOSTYKI-LABORATORYJNEJ_nanerjpg.jpg 1200w, https:\/\/ptdl.pl\/ptdl\/wp-content\/uploads\/2025\/11\/POLSKIE-TOWARZYSTWO-DIAGNOSTYKI-LABORATORYJNEJ_nanerjpg-300x169.jpg 300w, https:\/\/ptdl.pl\/ptdl\/wp-content\/uploads\/2025\/11\/POLSKIE-TOWARZYSTWO-DIAGNOSTYKI-LABORATORYJNEJ_nanerjpg-1030x579.jpg 1030w, https:\/\/ptdl.pl\/ptdl\/wp-content\/uploads\/2025\/11\/POLSKIE-TOWARZYSTWO-DIAGNOSTYKI-LABORATORYJNEJ_nanerjpg-768x432.jpg 768w, https:\/\/ptdl.pl\/ptdl\/wp-content\/uploads\/2025\/11\/POLSKIE-TOWARZYSTWO-DIAGNOSTYKI-LABORATORYJNEJ_nanerjpg-705x397.jpg 705w\" sizes=\"(max-width: 1200px) 100vw, 1200px\" \/><\/a><div class=\"slide-content\"><header class=\"entry-content-header\"><h3 class='slide-entry-title entry-title '  itemprop=\"headline\" ><a href='https:\/\/ptdl.pl\/index.php\/2025\/11\/18\/ptdl-partnerem-forum-zdrowia-dzieci\/' title='PTDL partnerem Forum Zdrowia Dzieci'>PTDL partnerem Forum Zdrowia Dzieci<\/a><\/h3><span class=\"av-vertical-delimiter\"><\/span><\/header><div class=\"slide-meta\"><time class='slide-meta-time updated'  itemprop=\"datePublished\" datetime=\"2025-11-18T09:05:21+01:00\" >2025-11-18<\/time><\/div><div class='slide-entry-excerpt entry-content'  itemprop=\"text\" ><div class=\"read-more-link\"><a href=\"https:\/\/ptdl.pl\/index.php\/2025\/11\/18\/ptdl-partnerem-forum-zdrowia-dzieci\/\" class=\"more-link\">Czytaj dalej<span class=\"more-link-arrow\"><\/span><\/a><\/div><\/div><\/div><footer class=\"entry-footer\"><\/footer><span class='hidden'>\n\t\t\t\t<span class='av-structured-data'  itemprop=\"image\" itemscope=\"itemscope\" itemtype=\"https:\/\/schema.org\/ImageObject\" >\n\t\t\t\t\t\t<span itemprop='url'>https:\/\/ptdl.pl\/ptdl\/wp-content\/uploads\/2025\/11\/POLSKIE-TOWARZYSTWO-DIAGNOSTYKI-LABORATORYJNEJ_nanerjpg.jpg<\/span>\n\t\t\t\t\t\t<span itemprop='height'>675<\/span>\n\t\t\t\t\t\t<span itemprop='width'>1200<\/span>\n\t\t\t\t<\/span>\n\t\t\t\t<span class='av-structured-data'  itemprop=\"publisher\" itemtype=\"https:\/\/schema.org\/Organization\" itemscope=\"itemscope\" >\n\t\t\t\t\t\t<span itemprop='name'>admin<\/span>\n\t\t\t\t\t\t<span itemprop='logo' itemscope itemtype='https:\/\/schema.org\/ImageObject'>\n\t\t\t\t\t\t\t<span itemprop='url'>https:\/\/ptdl.pl\/wp-content\/uploads\/2023\/03\/logo_2.svg<\/span>\n\t\t\t\t\t\t<\/span>\n\t\t\t\t<\/span><span class='av-structured-data'  itemprop=\"author\" itemscope=\"itemscope\" itemtype=\"https:\/\/schema.org\/Person\" ><span itemprop='name'>admin<\/span><\/span><span class='av-structured-data'  itemprop=\"datePublished\" datetime=\"2023-02-03T12:54:00+01:00\" >2025-11-18 09:05:21<\/span><span class='av-structured-data'  itemprop=\"dateModified\" itemtype=\"https:\/\/schema.org\/dateModified\" >2025-11-18 09:07:33<\/span><span class='av-structured-data'  itemprop=\"mainEntityOfPage\" itemtype=\"https:\/\/schema.org\/mainEntityOfPage\" ><span itemprop='name'>PTDL partnerem Forum Zdrowia Dzieci<\/span><\/span><\/span><\/article><\/div><div class=\"slide-entry-wrap\"><article class='slide-entry flex_column  post-entry post-entry-5118 slide-entry-overview slide-loop-13 slide-parity-odd  av_one_third first real-thumbnail post-format-standard'  itemscope=\"itemscope\" itemtype=\"https:\/\/schema.org\/CreativeWork\" ><a href='https:\/\/ptdl.pl\/index.php\/2025\/07\/05\/sekcja-diagnostyki-zaburzen-lipidowych-polskiego-towarzystwa-lipidologicznego\/' data-rel='slide-1' class='slide-image' title='Sekcja diagnostyki zaburze\u0144 lipidowych Polskiego Towarzystwa Lipidologicznego'><img decoding=\"async\" width=\"1500\" height=\"859\" src=\"https:\/\/ptdl.pl\/ptdl\/wp-content\/uploads\/2025\/07\/na1strone-2.png\" class=\"wp-image-5121 avia-img-lazy-loading-not-5121 attachment-extra_large size-extra_large wp-post-image\" alt=\"\" srcset=\"https:\/\/ptdl.pl\/ptdl\/wp-content\/uploads\/2025\/07\/na1strone-2.png 1886w, https:\/\/ptdl.pl\/ptdl\/wp-content\/uploads\/2025\/07\/na1strone-2-300x172.png 300w, https:\/\/ptdl.pl\/ptdl\/wp-content\/uploads\/2025\/07\/na1strone-2-1030x590.png 1030w, https:\/\/ptdl.pl\/ptdl\/wp-content\/uploads\/2025\/07\/na1strone-2-768x440.png 768w\" sizes=\"(max-width: 1500px) 100vw, 1500px\" \/><\/a><div class=\"slide-content\"><header class=\"entry-content-header\"><h3 class='slide-entry-title entry-title '  itemprop=\"headline\" ><a href='https:\/\/ptdl.pl\/index.php\/2025\/07\/05\/sekcja-diagnostyki-zaburzen-lipidowych-polskiego-towarzystwa-lipidologicznego\/' title='Sekcja diagnostyki zaburze\u0144 lipidowych Polskiego Towarzystwa Lipidologicznego'>Sekcja diagnostyki zaburze\u0144 lipidowych Polskiego Towarzystwa Lipidologicznego<\/a><\/h3><span class=\"av-vertical-delimiter\"><\/span><\/header><div class=\"slide-meta\"><time class='slide-meta-time updated'  itemprop=\"datePublished\" datetime=\"2025-07-05T14:10:17+02:00\" >2025-07-05<\/time><\/div><div class='slide-entry-excerpt entry-content'  itemprop=\"text\" ><div class=\"read-more-link\"><a href=\"https:\/\/ptdl.pl\/index.php\/2025\/07\/05\/sekcja-diagnostyki-zaburzen-lipidowych-polskiego-towarzystwa-lipidologicznego\/\" class=\"more-link\">Czytaj dalej<span class=\"more-link-arrow\"><\/span><\/a><\/div><\/div><\/div><footer class=\"entry-footer\"><\/footer><span class='hidden'>\n\t\t\t\t<span class='av-structured-data'  itemprop=\"image\" itemscope=\"itemscope\" itemtype=\"https:\/\/schema.org\/ImageObject\" >\n\t\t\t\t\t\t<span itemprop='url'>https:\/\/ptdl.pl\/ptdl\/wp-content\/uploads\/2025\/07\/na1strone-2.png<\/span>\n\t\t\t\t\t\t<span itemprop='height'>1080<\/span>\n\t\t\t\t\t\t<span itemprop='width'>1886<\/span>\n\t\t\t\t<\/span>\n\t\t\t\t<span class='av-structured-data'  itemprop=\"publisher\" itemtype=\"https:\/\/schema.org\/Organization\" itemscope=\"itemscope\" >\n\t\t\t\t\t\t<span itemprop='name'>admin<\/span>\n\t\t\t\t\t\t<span itemprop='logo' itemscope itemtype='https:\/\/schema.org\/ImageObject'>\n\t\t\t\t\t\t\t<span itemprop='url'>https:\/\/ptdl.pl\/wp-content\/uploads\/2023\/03\/logo_2.svg<\/span>\n\t\t\t\t\t\t<\/span>\n\t\t\t\t<\/span><span class='av-structured-data'  itemprop=\"author\" itemscope=\"itemscope\" itemtype=\"https:\/\/schema.org\/Person\" ><span itemprop='name'>admin<\/span><\/span><span class='av-structured-data'  itemprop=\"datePublished\" datetime=\"2023-02-03T12:54:00+01:00\" >2025-07-05 14:10:17<\/span><span class='av-structured-data'  itemprop=\"dateModified\" itemtype=\"https:\/\/schema.org\/dateModified\" >2025-07-05 14:27:45<\/span><span class='av-structured-data'  itemprop=\"mainEntityOfPage\" itemtype=\"https:\/\/schema.org\/mainEntityOfPage\" ><span itemprop='name'>Sekcja diagnostyki zaburze\u0144 lipidowych Polskiego Towarzystwa Lipidologicznego<\/span><\/span><\/span><\/article><article class='slide-entry flex_column  post-entry post-entry-4628 slide-entry-overview slide-loop-14 slide-parity-even  av_one_third  real-thumbnail post-format-standard'  itemscope=\"itemscope\" itemtype=\"https:\/\/schema.org\/CreativeWork\" ><a href='https:\/\/ptdl.pl\/index.php\/2025\/06\/18\/konferencja-zdrowie-kobiety-zapisane-w-genach\/' data-rel='slide-1' class='slide-image' title='Konferencja &#8222;Zdrowie kobiety zapisane w genach&#8221;'><img decoding=\"async\" width=\"1200\" height=\"1200\" src=\"https:\/\/ptdl.pl\/ptdl\/wp-content\/uploads\/2025\/04\/PTDL-Zdrowie-Kobiety-FB-1200px.jpg\" class=\"wp-image-4629 avia-img-lazy-loading-not-4629 attachment-extra_large size-extra_large wp-post-image\" alt=\"\" srcset=\"https:\/\/ptdl.pl\/ptdl\/wp-content\/uploads\/2025\/04\/PTDL-Zdrowie-Kobiety-FB-1200px.jpg 1200w, https:\/\/ptdl.pl\/ptdl\/wp-content\/uploads\/2025\/04\/PTDL-Zdrowie-Kobiety-FB-1200px-300x300.jpg 300w, https:\/\/ptdl.pl\/ptdl\/wp-content\/uploads\/2025\/04\/PTDL-Zdrowie-Kobiety-FB-1200px-1030x1030.jpg 1030w, https:\/\/ptdl.pl\/ptdl\/wp-content\/uploads\/2025\/04\/PTDL-Zdrowie-Kobiety-FB-1200px-80x80.jpg 80w, https:\/\/ptdl.pl\/ptdl\/wp-content\/uploads\/2025\/04\/PTDL-Zdrowie-Kobiety-FB-1200px-768x768.jpg 768w, https:\/\/ptdl.pl\/ptdl\/wp-content\/uploads\/2025\/04\/PTDL-Zdrowie-Kobiety-FB-1200px-36x36.jpg 36w, https:\/\/ptdl.pl\/ptdl\/wp-content\/uploads\/2025\/04\/PTDL-Zdrowie-Kobiety-FB-1200px-180x180.jpg 180w, https:\/\/ptdl.pl\/ptdl\/wp-content\/uploads\/2025\/04\/PTDL-Zdrowie-Kobiety-FB-1200px-705x705.jpg 705w\" sizes=\"(max-width: 1200px) 100vw, 1200px\" \/><\/a><div class=\"slide-content\"><header class=\"entry-content-header\"><h3 class='slide-entry-title entry-title '  itemprop=\"headline\" ><a href='https:\/\/ptdl.pl\/index.php\/2025\/06\/18\/konferencja-zdrowie-kobiety-zapisane-w-genach\/' title='Konferencja &#8222;Zdrowie kobiety zapisane w genach&#8221;'>Konferencja &#8222;Zdrowie kobiety zapisane w genach&#8221;<\/a><\/h3><span class=\"av-vertical-delimiter\"><\/span><\/header><div class=\"slide-meta\"><time class='slide-meta-time updated'  itemprop=\"datePublished\" datetime=\"2025-06-18T08:15:58+02:00\" >2025-06-18<\/time><\/div><div class='slide-entry-excerpt entry-content'  itemprop=\"text\" ><div class=\"read-more-link\"><a href=\"https:\/\/ptdl.pl\/index.php\/2025\/06\/18\/konferencja-zdrowie-kobiety-zapisane-w-genach\/\" class=\"more-link\">Czytaj dalej<span class=\"more-link-arrow\"><\/span><\/a><\/div><\/div><\/div><footer class=\"entry-footer\"><\/footer><span class='hidden'>\n\t\t\t\t<span class='av-structured-data'  itemprop=\"image\" itemscope=\"itemscope\" itemtype=\"https:\/\/schema.org\/ImageObject\" >\n\t\t\t\t\t\t<span itemprop='url'>https:\/\/ptdl.pl\/ptdl\/wp-content\/uploads\/2025\/04\/PTDL-Zdrowie-Kobiety-FB-1200px.jpg<\/span>\n\t\t\t\t\t\t<span itemprop='height'>1200<\/span>\n\t\t\t\t\t\t<span itemprop='width'>1200<\/span>\n\t\t\t\t<\/span>\n\t\t\t\t<span class='av-structured-data'  itemprop=\"publisher\" itemtype=\"https:\/\/schema.org\/Organization\" itemscope=\"itemscope\" >\n\t\t\t\t\t\t<span itemprop='name'>admin<\/span>\n\t\t\t\t\t\t<span itemprop='logo' itemscope itemtype='https:\/\/schema.org\/ImageObject'>\n\t\t\t\t\t\t\t<span itemprop='url'>https:\/\/ptdl.pl\/wp-content\/uploads\/2023\/03\/logo_2.svg<\/span>\n\t\t\t\t\t\t<\/span>\n\t\t\t\t<\/span><span class='av-structured-data'  itemprop=\"author\" itemscope=\"itemscope\" itemtype=\"https:\/\/schema.org\/Person\" ><span itemprop='name'>admin<\/span><\/span><span class='av-structured-data'  itemprop=\"datePublished\" datetime=\"2023-02-03T12:54:00+01:00\" >2025-06-18 08:15:58<\/span><span class='av-structured-data'  itemprop=\"dateModified\" itemtype=\"https:\/\/schema.org\/dateModified\" >2025-06-18 13:39:32<\/span><span class='av-structured-data'  itemprop=\"mainEntityOfPage\" itemtype=\"https:\/\/schema.org\/mainEntityOfPage\" ><span itemprop='name'>Konferencja &#8222;Zdrowie kobiety zapisane w genach&#8221;<\/span><\/span><\/span><\/article><article class='slide-entry flex_column  post-entry post-entry-5085 slide-entry-overview slide-loop-15 slide-parity-odd  av_one_third  real-thumbnail post-format-standard'  itemscope=\"itemscope\" itemtype=\"https:\/\/schema.org\/CreativeWork\" ><a href='https:\/\/ptdl.pl\/index.php\/2025\/06\/17\/bo-pomaganie-to-sila\/' data-rel='slide-1' class='slide-image' title='Bo pomaganie to si\u0142a!'><img decoding=\"async\" width=\"1280\" height=\"720\" src=\"https:\/\/ptdl.pl\/ptdl\/wp-content\/uploads\/2025\/06\/pomaganie1.jpg\" class=\"wp-image-5086 avia-img-lazy-loading-not-5086 attachment-extra_large size-extra_large wp-post-image\" alt=\"\" srcset=\"https:\/\/ptdl.pl\/ptdl\/wp-content\/uploads\/2025\/06\/pomaganie1.jpg 1280w, https:\/\/ptdl.pl\/ptdl\/wp-content\/uploads\/2025\/06\/pomaganie1-300x169.jpg 300w, https:\/\/ptdl.pl\/ptdl\/wp-content\/uploads\/2025\/06\/pomaganie1-1030x579.jpg 1030w, https:\/\/ptdl.pl\/ptdl\/wp-content\/uploads\/2025\/06\/pomaganie1-768x432.jpg 768w, https:\/\/ptdl.pl\/ptdl\/wp-content\/uploads\/2025\/06\/pomaganie1-705x397.jpg 705w\" sizes=\"(max-width: 1280px) 100vw, 1280px\" \/><\/a><div class=\"slide-content\"><header class=\"entry-content-header\"><h3 class='slide-entry-title entry-title '  itemprop=\"headline\" ><a href='https:\/\/ptdl.pl\/index.php\/2025\/06\/17\/bo-pomaganie-to-sila\/' title='Bo pomaganie to si\u0142a!'>Bo pomaganie to si\u0142a!<\/a><\/h3><span class=\"av-vertical-delimiter\"><\/span><\/header><div class=\"slide-meta\"><time class='slide-meta-time updated'  itemprop=\"datePublished\" datetime=\"2025-06-17T13:30:00+02:00\" >2025-06-17<\/time><\/div><div class='slide-entry-excerpt entry-content'  itemprop=\"text\" ><div class=\"read-more-link\"><a href=\"https:\/\/ptdl.pl\/index.php\/2025\/06\/17\/bo-pomaganie-to-sila\/\" class=\"more-link\">Czytaj dalej<span class=\"more-link-arrow\"><\/span><\/a><\/div><\/div><\/div><footer class=\"entry-footer\"><\/footer><span class='hidden'>\n\t\t\t\t<span class='av-structured-data'  itemprop=\"image\" itemscope=\"itemscope\" itemtype=\"https:\/\/schema.org\/ImageObject\" >\n\t\t\t\t\t\t<span itemprop='url'>https:\/\/ptdl.pl\/ptdl\/wp-content\/uploads\/2025\/06\/pomaganie1.jpg<\/span>\n\t\t\t\t\t\t<span itemprop='height'>720<\/span>\n\t\t\t\t\t\t<span itemprop='width'>1280<\/span>\n\t\t\t\t<\/span>\n\t\t\t\t<span class='av-structured-data'  itemprop=\"publisher\" itemtype=\"https:\/\/schema.org\/Organization\" itemscope=\"itemscope\" >\n\t\t\t\t\t\t<span itemprop='name'>admin<\/span>\n\t\t\t\t\t\t<span itemprop='logo' itemscope itemtype='https:\/\/schema.org\/ImageObject'>\n\t\t\t\t\t\t\t<span itemprop='url'>https:\/\/ptdl.pl\/wp-content\/uploads\/2023\/03\/logo_2.svg<\/span>\n\t\t\t\t\t\t<\/span>\n\t\t\t\t<\/span><span class='av-structured-data'  itemprop=\"author\" itemscope=\"itemscope\" itemtype=\"https:\/\/schema.org\/Person\" ><span itemprop='name'>admin<\/span><\/span><span class='av-structured-data'  itemprop=\"datePublished\" datetime=\"2023-02-03T12:54:00+01:00\" >2025-06-17 13:30:00<\/span><span class='av-structured-data'  itemprop=\"dateModified\" itemtype=\"https:\/\/schema.org\/dateModified\" >2025-06-17 13:31:23<\/span><span class='av-structured-data'  itemprop=\"mainEntityOfPage\" itemtype=\"https:\/\/schema.org\/mainEntityOfPage\" ><span itemprop='name'>Bo pomaganie to si\u0142a!<\/span><\/span><\/span><\/article><\/div><div class=\"slide-entry-wrap\"><article class='slide-entry flex_column  post-entry post-entry-5059 slide-entry-overview slide-loop-16 slide-parity-odd  av_one_third first real-thumbnail post-format-standard'  itemscope=\"itemscope\" itemtype=\"https:\/\/schema.org\/CreativeWork\" ><a href='https:\/\/ptdl.pl\/index.php\/2025\/06\/06\/konferencja-trendy-w-diagnostyce-wybrane-aspekty-medycyny-laboratoryjnej-2025\/' data-rel='slide-1' class='slide-image' title='Konferencja \u201eTrendy w Diagnostyce \u2013 Wybrane aspekty Medycyny Laboratoryjnej 2025\u201e'><img decoding=\"async\" width=\"677\" height=\"234\" src=\"https:\/\/ptdl.pl\/ptdl\/wp-content\/uploads\/2025\/05\/DD.jpg\" class=\"wp-image-4878 avia-img-lazy-loading-not-4878 attachment-extra_large size-extra_large wp-post-image\" alt=\"\" srcset=\"https:\/\/ptdl.pl\/ptdl\/wp-content\/uploads\/2025\/05\/DD.jpg 677w, https:\/\/ptdl.pl\/ptdl\/wp-content\/uploads\/2025\/05\/DD-300x104.jpg 300w\" sizes=\"(max-width: 677px) 100vw, 677px\" \/><\/a><div class=\"slide-content\"><header class=\"entry-content-header\"><h3 class='slide-entry-title entry-title '  itemprop=\"headline\" ><a href='https:\/\/ptdl.pl\/index.php\/2025\/06\/06\/konferencja-trendy-w-diagnostyce-wybrane-aspekty-medycyny-laboratoryjnej-2025\/' title='Konferencja \u201eTrendy w Diagnostyce \u2013 Wybrane aspekty Medycyny Laboratoryjnej 2025\u201e'>Konferencja \u201eTrendy w Diagnostyce \u2013 Wybrane aspekty Medycyny Laboratoryjnej 2025\u201e<\/a><\/h3><span class=\"av-vertical-delimiter\"><\/span><\/header><div class=\"slide-meta\"><time class='slide-meta-time updated'  itemprop=\"datePublished\" datetime=\"2025-06-06T09:57:38+02:00\" >2025-06-06<\/time><\/div><div class='slide-entry-excerpt entry-content'  itemprop=\"text\" ><div class=\"read-more-link\"><a href=\"https:\/\/ptdl.pl\/index.php\/2025\/06\/06\/konferencja-trendy-w-diagnostyce-wybrane-aspekty-medycyny-laboratoryjnej-2025\/\" class=\"more-link\">Czytaj dalej<span class=\"more-link-arrow\"><\/span><\/a><\/div><\/div><\/div><footer class=\"entry-footer\"><\/footer><span class='hidden'>\n\t\t\t\t<span class='av-structured-data'  itemprop=\"image\" itemscope=\"itemscope\" itemtype=\"https:\/\/schema.org\/ImageObject\" >\n\t\t\t\t\t\t<span itemprop='url'>https:\/\/ptdl.pl\/ptdl\/wp-content\/uploads\/2025\/05\/DD.jpg<\/span>\n\t\t\t\t\t\t<span itemprop='height'>234<\/span>\n\t\t\t\t\t\t<span itemprop='width'>677<\/span>\n\t\t\t\t<\/span>\n\t\t\t\t<span class='av-structured-data'  itemprop=\"publisher\" itemtype=\"https:\/\/schema.org\/Organization\" itemscope=\"itemscope\" >\n\t\t\t\t\t\t<span itemprop='name'>admin<\/span>\n\t\t\t\t\t\t<span itemprop='logo' itemscope itemtype='https:\/\/schema.org\/ImageObject'>\n\t\t\t\t\t\t\t<span itemprop='url'>https:\/\/ptdl.pl\/wp-content\/uploads\/2023\/03\/logo_2.svg<\/span>\n\t\t\t\t\t\t<\/span>\n\t\t\t\t<\/span><span class='av-structured-data'  itemprop=\"author\" itemscope=\"itemscope\" itemtype=\"https:\/\/schema.org\/Person\" ><span itemprop='name'>admin<\/span><\/span><span class='av-structured-data'  itemprop=\"datePublished\" datetime=\"2023-02-03T12:54:00+01:00\" >2025-06-06 09:57:38<\/span><span class='av-structured-data'  itemprop=\"dateModified\" itemtype=\"https:\/\/schema.org\/dateModified\" >2025-06-06 10:00:51<\/span><span class='av-structured-data'  itemprop=\"mainEntityOfPage\" itemtype=\"https:\/\/schema.org\/mainEntityOfPage\" ><span itemprop='name'>Konferencja \u201eTrendy w Diagnostyce \u2013 Wybrane aspekty Medycyny Laboratoryjnej 2025\u201e<\/span><\/span><\/span><\/article><article class='slide-entry flex_column  post-entry post-entry-5017 slide-entry-overview slide-loop-17 slide-parity-even  av_one_third  real-thumbnail post-format-standard'  itemscope=\"itemscope\" itemtype=\"https:\/\/schema.org\/CreativeWork\" ><a href='https:\/\/ptdl.pl\/index.php\/2025\/05\/27\/dzien-diagnosty-laboratoryjnego\/' data-rel='slide-1' class='slide-image' title='Dzie\u0144 Diagnosty Laboratoryjnego'><img decoding=\"async\" width=\"1024\" height=\"576\" src=\"https:\/\/ptdl.pl\/ptdl\/wp-content\/uploads\/2025\/05\/Dzien-diagnosty.jpg\" class=\"wp-image-5018 avia-img-lazy-loading-not-5018 attachment-extra_large size-extra_large wp-post-image\" alt=\"\" srcset=\"https:\/\/ptdl.pl\/ptdl\/wp-content\/uploads\/2025\/05\/Dzien-diagnosty.jpg 1024w, https:\/\/ptdl.pl\/ptdl\/wp-content\/uploads\/2025\/05\/Dzien-diagnosty-300x169.jpg 300w, https:\/\/ptdl.pl\/ptdl\/wp-content\/uploads\/2025\/05\/Dzien-diagnosty-768x432.jpg 768w, https:\/\/ptdl.pl\/ptdl\/wp-content\/uploads\/2025\/05\/Dzien-diagnosty-705x397.jpg 705w\" sizes=\"(max-width: 1024px) 100vw, 1024px\" \/><\/a><div class=\"slide-content\"><header class=\"entry-content-header\"><h3 class='slide-entry-title entry-title '  itemprop=\"headline\" ><a href='https:\/\/ptdl.pl\/index.php\/2025\/05\/27\/dzien-diagnosty-laboratoryjnego\/' title='Dzie\u0144 Diagnosty Laboratoryjnego'>Dzie\u0144 Diagnosty Laboratoryjnego<\/a><\/h3><span class=\"av-vertical-delimiter\"><\/span><\/header><div class=\"slide-meta\"><time class='slide-meta-time updated'  itemprop=\"datePublished\" datetime=\"2025-05-27T12:12:41+02:00\" >2025-05-27<\/time><\/div><div class='slide-entry-excerpt entry-content'  itemprop=\"text\" ><div class=\"read-more-link\"><a href=\"https:\/\/ptdl.pl\/index.php\/2025\/05\/27\/dzien-diagnosty-laboratoryjnego\/\" class=\"more-link\">Czytaj dalej<span class=\"more-link-arrow\"><\/span><\/a><\/div><\/div><\/div><footer class=\"entry-footer\"><\/footer><span class='hidden'>\n\t\t\t\t<span class='av-structured-data'  itemprop=\"image\" itemscope=\"itemscope\" itemtype=\"https:\/\/schema.org\/ImageObject\" >\n\t\t\t\t\t\t<span itemprop='url'>https:\/\/ptdl.pl\/ptdl\/wp-content\/uploads\/2025\/05\/Dzien-diagnosty.jpg<\/span>\n\t\t\t\t\t\t<span itemprop='height'>576<\/span>\n\t\t\t\t\t\t<span itemprop='width'>1024<\/span>\n\t\t\t\t<\/span>\n\t\t\t\t<span class='av-structured-data'  itemprop=\"publisher\" itemtype=\"https:\/\/schema.org\/Organization\" itemscope=\"itemscope\" >\n\t\t\t\t\t\t<span itemprop='name'>admin<\/span>\n\t\t\t\t\t\t<span itemprop='logo' itemscope itemtype='https:\/\/schema.org\/ImageObject'>\n\t\t\t\t\t\t\t<span itemprop='url'>https:\/\/ptdl.pl\/wp-content\/uploads\/2023\/03\/logo_2.svg<\/span>\n\t\t\t\t\t\t<\/span>\n\t\t\t\t<\/span><span class='av-structured-data'  itemprop=\"author\" itemscope=\"itemscope\" itemtype=\"https:\/\/schema.org\/Person\" ><span itemprop='name'>admin<\/span><\/span><span class='av-structured-data'  itemprop=\"datePublished\" datetime=\"2023-02-03T12:54:00+01:00\" >2025-05-27 12:12:41<\/span><span class='av-structured-data'  itemprop=\"dateModified\" itemtype=\"https:\/\/schema.org\/dateModified\" >2025-05-27 12:12:41<\/span><span class='av-structured-data'  itemprop=\"mainEntityOfPage\" itemtype=\"https:\/\/schema.org\/mainEntityOfPage\" ><span itemprop='name'>Dzie\u0144 Diagnosty Laboratoryjnego<\/span><\/span><\/span><\/article><article class='slide-entry flex_column  post-entry post-entry-4983 slide-entry-overview slide-loop-18 slide-parity-odd  av_one_third  real-thumbnail post-format-standard'  itemscope=\"itemscope\" itemtype=\"https:\/\/schema.org\/CreativeWork\" ><a href='https:\/\/ptdl.pl\/index.php\/2025\/05\/26\/konferencja-medycyna-laboratoryjna-2025-2\/' data-rel='slide-1' class='slide-image' title='Konferencja MEDYCYNA LABORATORYJNA 2025'><img decoding=\"async\" width=\"500\" height=\"333\" src=\"https:\/\/ptdl.pl\/ptdl\/wp-content\/uploads\/2023\/12\/news_58.jpg\" class=\"wp-image-2033 avia-img-lazy-loading-not-2033 attachment-extra_large size-extra_large wp-post-image\" alt=\"\" srcset=\"https:\/\/ptdl.pl\/ptdl\/wp-content\/uploads\/2023\/12\/news_58.jpg 500w, https:\/\/ptdl.pl\/ptdl\/wp-content\/uploads\/2023\/12\/news_58-300x200.jpg 300w\" sizes=\"(max-width: 500px) 100vw, 500px\" \/><\/a><div class=\"slide-content\"><header class=\"entry-content-header\"><h3 class='slide-entry-title entry-title '  itemprop=\"headline\" ><a href='https:\/\/ptdl.pl\/index.php\/2025\/05\/26\/konferencja-medycyna-laboratoryjna-2025-2\/' title='Konferencja MEDYCYNA LABORATORYJNA 2025'>Konferencja MEDYCYNA LABORATORYJNA 2025<\/a><\/h3><span class=\"av-vertical-delimiter\"><\/span><\/header><div class=\"slide-meta\"><time class='slide-meta-time updated'  itemprop=\"datePublished\" datetime=\"2025-05-26T09:35:55+02:00\" >2025-05-26<\/time><\/div><div class='slide-entry-excerpt entry-content'  itemprop=\"text\" ><div class=\"read-more-link\"><a href=\"https:\/\/ptdl.pl\/index.php\/2025\/05\/26\/konferencja-medycyna-laboratoryjna-2025-2\/\" class=\"more-link\">Czytaj dalej<span class=\"more-link-arrow\"><\/span><\/a><\/div><\/div><\/div><footer class=\"entry-footer\"><\/footer><span class='hidden'>\n\t\t\t\t<span class='av-structured-data'  itemprop=\"image\" itemscope=\"itemscope\" itemtype=\"https:\/\/schema.org\/ImageObject\" >\n\t\t\t\t\t\t<span itemprop='url'>https:\/\/ptdl.pl\/ptdl\/wp-content\/uploads\/2023\/12\/news_58.jpg<\/span>\n\t\t\t\t\t\t<span itemprop='height'>333<\/span>\n\t\t\t\t\t\t<span itemprop='width'>500<\/span>\n\t\t\t\t<\/span>\n\t\t\t\t<span class='av-structured-data'  itemprop=\"publisher\" itemtype=\"https:\/\/schema.org\/Organization\" itemscope=\"itemscope\" >\n\t\t\t\t\t\t<span itemprop='name'>admin<\/span>\n\t\t\t\t\t\t<span itemprop='logo' itemscope itemtype='https:\/\/schema.org\/ImageObject'>\n\t\t\t\t\t\t\t<span itemprop='url'>https:\/\/ptdl.pl\/wp-content\/uploads\/2023\/03\/logo_2.svg<\/span>\n\t\t\t\t\t\t<\/span>\n\t\t\t\t<\/span><span class='av-structured-data'  itemprop=\"author\" itemscope=\"itemscope\" itemtype=\"https:\/\/schema.org\/Person\" ><span itemprop='name'>admin<\/span><\/span><span class='av-structured-data'  itemprop=\"datePublished\" datetime=\"2023-02-03T12:54:00+01:00\" >2025-05-26 09:35:55<\/span><span class='av-structured-data'  itemprop=\"dateModified\" itemtype=\"https:\/\/schema.org\/dateModified\" >2025-05-26 13:52:55<\/span><span class='av-structured-data'  itemprop=\"mainEntityOfPage\" itemtype=\"https:\/\/schema.org\/mainEntityOfPage\" ><span itemprop='name'>Konferencja MEDYCYNA LABORATORYJNA 2025<\/span><\/span><\/span><\/article><\/div><div class=\"slide-entry-wrap\"><article class='slide-entry flex_column  post-entry post-entry-4961 slide-entry-overview slide-loop-19 slide-parity-odd  av_one_third first real-thumbnail post-format-standard'  itemscope=\"itemscope\" itemtype=\"https:\/\/schema.org\/CreativeWork\" ><a href='https:\/\/ptdl.pl\/index.php\/2025\/05\/22\/ogolnopolski-konkurs-prac-magisterskich-absolwentow-kierunku-analityka-medyczna-2\/' data-rel='slide-1' class='slide-image' title='Og\u00f3lnopolski Konkurs Prac Magisterskich Absolwent\u00f3w kierunku analityka medyczna.'><img decoding=\"async\" width=\"609\" height=\"768\" src=\"https:\/\/ptdl.pl\/ptdl\/wp-content\/uploads\/2025\/05\/konkurs.jpg\" class=\"wp-image-4962 avia-img-lazy-loading-not-4962 attachment-extra_large size-extra_large wp-post-image\" alt=\"\" srcset=\"https:\/\/ptdl.pl\/ptdl\/wp-content\/uploads\/2025\/05\/konkurs.jpg 609w, https:\/\/ptdl.pl\/ptdl\/wp-content\/uploads\/2025\/05\/konkurs-238x300.jpg 238w, https:\/\/ptdl.pl\/ptdl\/wp-content\/uploads\/2025\/05\/konkurs-559x705.jpg 559w\" sizes=\"(max-width: 609px) 100vw, 609px\" \/><\/a><div class=\"slide-content\"><header class=\"entry-content-header\"><h3 class='slide-entry-title entry-title '  itemprop=\"headline\" ><a href='https:\/\/ptdl.pl\/index.php\/2025\/05\/22\/ogolnopolski-konkurs-prac-magisterskich-absolwentow-kierunku-analityka-medyczna-2\/' title='Og\u00f3lnopolski Konkurs Prac Magisterskich Absolwent\u00f3w kierunku analityka medyczna.'>Og\u00f3lnopolski Konkurs Prac Magisterskich Absolwent\u00f3w kierunku analityka medyczna.<\/a><\/h3><span class=\"av-vertical-delimiter\"><\/span><\/header><div class=\"slide-meta\"><time class='slide-meta-time updated'  itemprop=\"datePublished\" datetime=\"2025-05-22T14:20:17+02:00\" >2025-05-22<\/time><\/div><div class='slide-entry-excerpt entry-content'  itemprop=\"text\" ><div class=\"read-more-link\"><a href=\"https:\/\/ptdl.pl\/index.php\/2025\/05\/22\/ogolnopolski-konkurs-prac-magisterskich-absolwentow-kierunku-analityka-medyczna-2\/\" class=\"more-link\">Czytaj dalej<span class=\"more-link-arrow\"><\/span><\/a><\/div><\/div><\/div><footer class=\"entry-footer\"><\/footer><span class='hidden'>\n\t\t\t\t<span class='av-structured-data'  itemprop=\"image\" itemscope=\"itemscope\" itemtype=\"https:\/\/schema.org\/ImageObject\" >\n\t\t\t\t\t\t<span itemprop='url'>https:\/\/ptdl.pl\/ptdl\/wp-content\/uploads\/2025\/05\/konkurs.jpg<\/span>\n\t\t\t\t\t\t<span itemprop='height'>768<\/span>\n\t\t\t\t\t\t<span itemprop='width'>609<\/span>\n\t\t\t\t<\/span>\n\t\t\t\t<span class='av-structured-data'  itemprop=\"publisher\" itemtype=\"https:\/\/schema.org\/Organization\" itemscope=\"itemscope\" >\n\t\t\t\t\t\t<span itemprop='name'>admin<\/span>\n\t\t\t\t\t\t<span itemprop='logo' itemscope itemtype='https:\/\/schema.org\/ImageObject'>\n\t\t\t\t\t\t\t<span itemprop='url'>https:\/\/ptdl.pl\/wp-content\/uploads\/2023\/03\/logo_2.svg<\/span>\n\t\t\t\t\t\t<\/span>\n\t\t\t\t<\/span><span class='av-structured-data'  itemprop=\"author\" itemscope=\"itemscope\" itemtype=\"https:\/\/schema.org\/Person\" ><span itemprop='name'>admin<\/span><\/span><span class='av-structured-data'  itemprop=\"datePublished\" datetime=\"2023-02-03T12:54:00+01:00\" >2025-05-22 14:20:17<\/span><span class='av-structured-data'  itemprop=\"dateModified\" itemtype=\"https:\/\/schema.org\/dateModified\" >2025-05-22 14:22:02<\/span><span class='av-structured-data'  itemprop=\"mainEntityOfPage\" itemtype=\"https:\/\/schema.org\/mainEntityOfPage\" ><span itemprop='name'>Og\u00f3lnopolski Konkurs Prac Magisterskich Absolwent\u00f3w kierunku analityka medyczna.<\/span><\/span><\/span><\/article><article class='slide-entry flex_column  post-entry post-entry-4927 slide-entry-overview slide-loop-20 slide-parity-even  av_one_third  real-thumbnail post-format-standard'  itemscope=\"itemscope\" itemtype=\"https:\/\/schema.org\/CreativeWork\" ><a href='https:\/\/ptdl.pl\/index.php\/2025\/05\/21\/4927\/' data-rel='slide-1' class='slide-image' title='Forum Zdrowia Kobiet'><img decoding=\"async\" width=\"1200\" height=\"627\" src=\"https:\/\/ptdl.pl\/ptdl\/wp-content\/uploads\/2025\/05\/FZK_baner-partner_1200_627_POLSKIE-TOWARZYSTWO-DIAGNOSTYKI-LABORATORYJNEJ.jpg\" class=\"wp-image-4930 avia-img-lazy-loading-not-4930 attachment-extra_large size-extra_large wp-post-image\" alt=\"\" srcset=\"https:\/\/ptdl.pl\/ptdl\/wp-content\/uploads\/2025\/05\/FZK_baner-partner_1200_627_POLSKIE-TOWARZYSTWO-DIAGNOSTYKI-LABORATORYJNEJ.jpg 1200w, https:\/\/ptdl.pl\/ptdl\/wp-content\/uploads\/2025\/05\/FZK_baner-partner_1200_627_POLSKIE-TOWARZYSTWO-DIAGNOSTYKI-LABORATORYJNEJ-300x157.jpg 300w, https:\/\/ptdl.pl\/ptdl\/wp-content\/uploads\/2025\/05\/FZK_baner-partner_1200_627_POLSKIE-TOWARZYSTWO-DIAGNOSTYKI-LABORATORYJNEJ-1030x538.jpg 1030w, https:\/\/ptdl.pl\/ptdl\/wp-content\/uploads\/2025\/05\/FZK_baner-partner_1200_627_POLSKIE-TOWARZYSTWO-DIAGNOSTYKI-LABORATORYJNEJ-768x401.jpg 768w, https:\/\/ptdl.pl\/ptdl\/wp-content\/uploads\/2025\/05\/FZK_baner-partner_1200_627_POLSKIE-TOWARZYSTWO-DIAGNOSTYKI-LABORATORYJNEJ-705x368.jpg 705w\" sizes=\"(max-width: 1200px) 100vw, 1200px\" \/><\/a><div class=\"slide-content\"><header class=\"entry-content-header\"><h3 class='slide-entry-title entry-title '  itemprop=\"headline\" ><a href='https:\/\/ptdl.pl\/index.php\/2025\/05\/21\/4927\/' title='Forum Zdrowia Kobiet'>Forum Zdrowia Kobiet<\/a><\/h3><span class=\"av-vertical-delimiter\"><\/span><\/header><div class=\"slide-meta\"><time class='slide-meta-time updated'  itemprop=\"datePublished\" datetime=\"2025-05-21T10:17:20+02:00\" >2025-05-21<\/time><\/div><div class='slide-entry-excerpt entry-content'  itemprop=\"text\" ><div class=\"read-more-link\"><a href=\"https:\/\/ptdl.pl\/index.php\/2025\/05\/21\/4927\/\" class=\"more-link\">Czytaj dalej<span class=\"more-link-arrow\"><\/span><\/a><\/div><\/div><\/div><footer class=\"entry-footer\"><\/footer><span class='hidden'>\n\t\t\t\t<span class='av-structured-data'  itemprop=\"image\" itemscope=\"itemscope\" itemtype=\"https:\/\/schema.org\/ImageObject\" >\n\t\t\t\t\t\t<span itemprop='url'>https:\/\/ptdl.pl\/ptdl\/wp-content\/uploads\/2025\/05\/FZK_baner-partner_1200_627_POLSKIE-TOWARZYSTWO-DIAGNOSTYKI-LABORATORYJNEJ.jpg<\/span>\n\t\t\t\t\t\t<span itemprop='height'>627<\/span>\n\t\t\t\t\t\t<span itemprop='width'>1200<\/span>\n\t\t\t\t<\/span>\n\t\t\t\t<span class='av-structured-data'  itemprop=\"publisher\" itemtype=\"https:\/\/schema.org\/Organization\" itemscope=\"itemscope\" >\n\t\t\t\t\t\t<span itemprop='name'>admin<\/span>\n\t\t\t\t\t\t<span itemprop='logo' itemscope itemtype='https:\/\/schema.org\/ImageObject'>\n\t\t\t\t\t\t\t<span itemprop='url'>https:\/\/ptdl.pl\/wp-content\/uploads\/2023\/03\/logo_2.svg<\/span>\n\t\t\t\t\t\t<\/span>\n\t\t\t\t<\/span><span class='av-structured-data'  itemprop=\"author\" itemscope=\"itemscope\" itemtype=\"https:\/\/schema.org\/Person\" ><span itemprop='name'>admin<\/span><\/span><span class='av-structured-data'  itemprop=\"datePublished\" datetime=\"2023-02-03T12:54:00+01:00\" >2025-05-21 10:17:20<\/span><span class='av-structured-data'  itemprop=\"dateModified\" itemtype=\"https:\/\/schema.org\/dateModified\" >2025-05-26 13:47:03<\/span><span class='av-structured-data'  itemprop=\"mainEntityOfPage\" itemtype=\"https:\/\/schema.org\/mainEntityOfPage\" ><span itemprop='name'>Forum Zdrowia Kobiet<\/span><\/span><\/span><\/article><article class='slide-entry flex_column  post-entry post-entry-4872 slide-entry-overview slide-loop-21 slide-parity-odd  av_one_third  real-thumbnail post-format-standard'  itemscope=\"itemscope\" itemtype=\"https:\/\/schema.org\/CreativeWork\" ><a href='https:\/\/ptdl.pl\/index.php\/2025\/05\/13\/konferencja-online-trendy-w-diagnostyce-wybrane-aspekty-medycyny-laboratoryjnej-2025-26-maja-8-czerwca-2025\/' data-rel='slide-1' class='slide-image' title='Konferencja online &#8222;Trendy w Diagnostyce &#8211; Wybrane aspekty Medycyny Laboratoryjnej 2025&#8221;\u00a026 maja &#8211; 8 czerwca 2025'><img decoding=\"async\" width=\"677\" height=\"234\" src=\"https:\/\/ptdl.pl\/ptdl\/wp-content\/uploads\/2025\/05\/DD.jpg\" class=\"wp-image-4878 avia-img-lazy-loading-not-4878 attachment-extra_large size-extra_large wp-post-image\" alt=\"\" srcset=\"https:\/\/ptdl.pl\/ptdl\/wp-content\/uploads\/2025\/05\/DD.jpg 677w, https:\/\/ptdl.pl\/ptdl\/wp-content\/uploads\/2025\/05\/DD-300x104.jpg 300w\" sizes=\"(max-width: 677px) 100vw, 677px\" \/><\/a><div class=\"slide-content\"><header class=\"entry-content-header\"><h3 class='slide-entry-title entry-title '  itemprop=\"headline\" ><a href='https:\/\/ptdl.pl\/index.php\/2025\/05\/13\/konferencja-online-trendy-w-diagnostyce-wybrane-aspekty-medycyny-laboratoryjnej-2025-26-maja-8-czerwca-2025\/' title='Konferencja online &#8222;Trendy w Diagnostyce &#8211; Wybrane aspekty Medycyny Laboratoryjnej 2025&#8221;\u00a026 maja &#8211; 8 czerwca 2025'>Konferencja online &#8222;Trendy w Diagnostyce &#8211; Wybrane aspekty Medycyny Laboratoryjnej 2025&#8221;\u00a026 maja &#8211; 8 czerwca 2025<\/a><\/h3><span class=\"av-vertical-delimiter\"><\/span><\/header><div class=\"slide-meta\"><time class='slide-meta-time updated'  itemprop=\"datePublished\" datetime=\"2025-05-13T15:05:41+02:00\" >2025-05-13<\/time><\/div><div class='slide-entry-excerpt entry-content'  itemprop=\"text\" ><div class=\"read-more-link\"><a href=\"https:\/\/ptdl.pl\/index.php\/2025\/05\/13\/konferencja-online-trendy-w-diagnostyce-wybrane-aspekty-medycyny-laboratoryjnej-2025-26-maja-8-czerwca-2025\/\" class=\"more-link\">Czytaj dalej<span class=\"more-link-arrow\"><\/span><\/a><\/div><\/div><\/div><footer class=\"entry-footer\"><\/footer><span class='hidden'>\n\t\t\t\t<span class='av-structured-data'  itemprop=\"image\" itemscope=\"itemscope\" itemtype=\"https:\/\/schema.org\/ImageObject\" >\n\t\t\t\t\t\t<span itemprop='url'>https:\/\/ptdl.pl\/ptdl\/wp-content\/uploads\/2025\/05\/DD.jpg<\/span>\n\t\t\t\t\t\t<span itemprop='height'>234<\/span>\n\t\t\t\t\t\t<span itemprop='width'>677<\/span>\n\t\t\t\t<\/span>\n\t\t\t\t<span class='av-structured-data'  itemprop=\"publisher\" itemtype=\"https:\/\/schema.org\/Organization\" itemscope=\"itemscope\" >\n\t\t\t\t\t\t<span itemprop='name'>admin<\/span>\n\t\t\t\t\t\t<span itemprop='logo' itemscope itemtype='https:\/\/schema.org\/ImageObject'>\n\t\t\t\t\t\t\t<span itemprop='url'>https:\/\/ptdl.pl\/wp-content\/uploads\/2023\/03\/logo_2.svg<\/span>\n\t\t\t\t\t\t<\/span>\n\t\t\t\t<\/span><span class='av-structured-data'  itemprop=\"author\" itemscope=\"itemscope\" itemtype=\"https:\/\/schema.org\/Person\" ><span itemprop='name'>admin<\/span><\/span><span class='av-structured-data'  itemprop=\"datePublished\" datetime=\"2023-02-03T12:54:00+01:00\" >2025-05-13 15:05:41<\/span><span class='av-structured-data'  itemprop=\"dateModified\" itemtype=\"https:\/\/schema.org\/dateModified\" >2025-05-14 08:41:08<\/span><span class='av-structured-data'  itemprop=\"mainEntityOfPage\" itemtype=\"https:\/\/schema.org\/mainEntityOfPage\" ><span itemprop='name'>Konferencja online &#8222;Trendy w Diagnostyce &#8211; Wybrane aspekty Medycyny Laboratoryjnej 2025&#8221;\u00a026 maja &#8211; 8 czerwca 2025<\/span><\/span><\/span><\/article><\/div><div class=\"slide-entry-wrap\"><article class='slide-entry flex_column  post-entry post-entry-4841 slide-entry-overview slide-loop-22 slide-parity-odd  av_one_third first real-thumbnail post-format-standard'  itemscope=\"itemscope\" itemtype=\"https:\/\/schema.org\/CreativeWork\" ><a href='https:\/\/ptdl.pl\/index.php\/2025\/05\/08\/konferencja-medycyna-laboratoryjna-2025-rejestracja\/' data-rel='slide-1' class='slide-image' title='Konferencja MEDYCYNA LABORATORYJNA 2025 &#8211; REJESTRACJA'><img decoding=\"async\" width=\"500\" height=\"333\" src=\"https:\/\/ptdl.pl\/ptdl\/wp-content\/uploads\/2023\/12\/news_58.jpg\" class=\"wp-image-2033 avia-img-lazy-loading-not-2033 attachment-extra_large size-extra_large wp-post-image\" alt=\"\" srcset=\"https:\/\/ptdl.pl\/ptdl\/wp-content\/uploads\/2023\/12\/news_58.jpg 500w, https:\/\/ptdl.pl\/ptdl\/wp-content\/uploads\/2023\/12\/news_58-300x200.jpg 300w\" sizes=\"(max-width: 500px) 100vw, 500px\" \/><\/a><div class=\"slide-content\"><header class=\"entry-content-header\"><h3 class='slide-entry-title entry-title '  itemprop=\"headline\" ><a href='https:\/\/ptdl.pl\/index.php\/2025\/05\/08\/konferencja-medycyna-laboratoryjna-2025-rejestracja\/' title='Konferencja MEDYCYNA LABORATORYJNA 2025 &#8211; REJESTRACJA'>Konferencja MEDYCYNA LABORATORYJNA 2025 &#8211; REJESTRACJA<\/a><\/h3><span class=\"av-vertical-delimiter\"><\/span><\/header><div class=\"slide-meta\"><time class='slide-meta-time updated'  itemprop=\"datePublished\" datetime=\"2025-05-08T00:00:02+02:00\" >2025-05-08<\/time><\/div><div class='slide-entry-excerpt entry-content'  itemprop=\"text\" ><div class=\"read-more-link\"><a href=\"https:\/\/ptdl.pl\/index.php\/2025\/05\/08\/konferencja-medycyna-laboratoryjna-2025-rejestracja\/\" class=\"more-link\">Czytaj dalej<span class=\"more-link-arrow\"><\/span><\/a><\/div><\/div><\/div><footer class=\"entry-footer\"><\/footer><span class='hidden'>\n\t\t\t\t<span class='av-structured-data'  itemprop=\"image\" itemscope=\"itemscope\" itemtype=\"https:\/\/schema.org\/ImageObject\" >\n\t\t\t\t\t\t<span itemprop='url'>https:\/\/ptdl.pl\/ptdl\/wp-content\/uploads\/2023\/12\/news_58.jpg<\/span>\n\t\t\t\t\t\t<span itemprop='height'>333<\/span>\n\t\t\t\t\t\t<span itemprop='width'>500<\/span>\n\t\t\t\t<\/span>\n\t\t\t\t<span class='av-structured-data'  itemprop=\"publisher\" itemtype=\"https:\/\/schema.org\/Organization\" itemscope=\"itemscope\" >\n\t\t\t\t\t\t<span itemprop='name'>admin<\/span>\n\t\t\t\t\t\t<span itemprop='logo' itemscope itemtype='https:\/\/schema.org\/ImageObject'>\n\t\t\t\t\t\t\t<span itemprop='url'>https:\/\/ptdl.pl\/wp-content\/uploads\/2023\/03\/logo_2.svg<\/span>\n\t\t\t\t\t\t<\/span>\n\t\t\t\t<\/span><span class='av-structured-data'  itemprop=\"author\" itemscope=\"itemscope\" itemtype=\"https:\/\/schema.org\/Person\" ><span itemprop='name'>admin<\/span><\/span><span class='av-structured-data'  itemprop=\"datePublished\" datetime=\"2023-02-03T12:54:00+01:00\" >2025-05-08 00:00:02<\/span><span class='av-structured-data'  itemprop=\"dateModified\" itemtype=\"https:\/\/schema.org\/dateModified\" >2025-05-22 08:38:30<\/span><span class='av-structured-data'  itemprop=\"mainEntityOfPage\" itemtype=\"https:\/\/schema.org\/mainEntityOfPage\" ><span itemprop='name'>Konferencja MEDYCYNA LABORATORYJNA 2025 &#8211; REJESTRACJA<\/span><\/span><\/span><\/article><article class='slide-entry flex_column  post-entry post-entry-4823 slide-entry-overview slide-loop-23 slide-parity-even  av_one_third  real-thumbnail post-format-standard'  itemscope=\"itemscope\" itemtype=\"https:\/\/schema.org\/CreativeWork\" ><a href='https:\/\/ptdl.pl\/index.php\/2025\/05\/05\/ogolnopolski-konkurs-prac-magisterskich-absolwentow-kierunku-analityka-medyczna\/' data-rel='slide-1' class='slide-image' title='Og\u00f3lnopolski Konkurs Prac Magisterskich Absolwent\u00f3w Kierunku Analityka Medyczna'><img decoding=\"async\" width=\"1280\" height=\"720\" src=\"https:\/\/ptdl.pl\/ptdl\/wp-content\/uploads\/2025\/05\/konkurs-prac-mgr-2025-.jpg\" class=\"wp-image-4824 avia-img-lazy-loading-not-4824 attachment-extra_large size-extra_large wp-post-image\" alt=\"\" srcset=\"https:\/\/ptdl.pl\/ptdl\/wp-content\/uploads\/2025\/05\/konkurs-prac-mgr-2025-.jpg 1280w, https:\/\/ptdl.pl\/ptdl\/wp-content\/uploads\/2025\/05\/konkurs-prac-mgr-2025--300x169.jpg 300w, https:\/\/ptdl.pl\/ptdl\/wp-content\/uploads\/2025\/05\/konkurs-prac-mgr-2025--1030x579.jpg 1030w, https:\/\/ptdl.pl\/ptdl\/wp-content\/uploads\/2025\/05\/konkurs-prac-mgr-2025--768x432.jpg 768w, https:\/\/ptdl.pl\/ptdl\/wp-content\/uploads\/2025\/05\/konkurs-prac-mgr-2025--705x397.jpg 705w\" sizes=\"(max-width: 1280px) 100vw, 1280px\" \/><\/a><div class=\"slide-content\"><header class=\"entry-content-header\"><h3 class='slide-entry-title entry-title '  itemprop=\"headline\" ><a href='https:\/\/ptdl.pl\/index.php\/2025\/05\/05\/ogolnopolski-konkurs-prac-magisterskich-absolwentow-kierunku-analityka-medyczna\/' title='Og\u00f3lnopolski Konkurs Prac Magisterskich Absolwent\u00f3w Kierunku Analityka Medyczna'>Og\u00f3lnopolski Konkurs Prac Magisterskich Absolwent\u00f3w Kierunku Analityka Medyczna<\/a><\/h3><span class=\"av-vertical-delimiter\"><\/span><\/header><div class=\"slide-meta\"><time class='slide-meta-time updated'  itemprop=\"datePublished\" datetime=\"2025-05-05T14:56:06+02:00\" >2025-05-05<\/time><\/div><div class='slide-entry-excerpt entry-content'  itemprop=\"text\" ><div class=\"read-more-link\"><a href=\"https:\/\/ptdl.pl\/index.php\/2025\/05\/05\/ogolnopolski-konkurs-prac-magisterskich-absolwentow-kierunku-analityka-medyczna\/\" class=\"more-link\">Czytaj dalej<span class=\"more-link-arrow\"><\/span><\/a><\/div><\/div><\/div><footer class=\"entry-footer\"><\/footer><span class='hidden'>\n\t\t\t\t<span class='av-structured-data'  itemprop=\"image\" itemscope=\"itemscope\" itemtype=\"https:\/\/schema.org\/ImageObject\" >\n\t\t\t\t\t\t<span itemprop='url'>https:\/\/ptdl.pl\/ptdl\/wp-content\/uploads\/2025\/05\/konkurs-prac-mgr-2025-.jpg<\/span>\n\t\t\t\t\t\t<span itemprop='height'>720<\/span>\n\t\t\t\t\t\t<span itemprop='width'>1280<\/span>\n\t\t\t\t<\/span>\n\t\t\t\t<span class='av-structured-data'  itemprop=\"publisher\" itemtype=\"https:\/\/schema.org\/Organization\" itemscope=\"itemscope\" >\n\t\t\t\t\t\t<span itemprop='name'>admin<\/span>\n\t\t\t\t\t\t<span itemprop='logo' itemscope itemtype='https:\/\/schema.org\/ImageObject'>\n\t\t\t\t\t\t\t<span itemprop='url'>https:\/\/ptdl.pl\/wp-content\/uploads\/2023\/03\/logo_2.svg<\/span>\n\t\t\t\t\t\t<\/span>\n\t\t\t\t<\/span><span class='av-structured-data'  itemprop=\"author\" itemscope=\"itemscope\" itemtype=\"https:\/\/schema.org\/Person\" ><span itemprop='name'>admin<\/span><\/span><span class='av-structured-data'  itemprop=\"datePublished\" datetime=\"2023-02-03T12:54:00+01:00\" >2025-05-05 14:56:06<\/span><span class='av-structured-data'  itemprop=\"dateModified\" itemtype=\"https:\/\/schema.org\/dateModified\" >2025-05-05 15:00:44<\/span><span class='av-structured-data'  itemprop=\"mainEntityOfPage\" itemtype=\"https:\/\/schema.org\/mainEntityOfPage\" ><span itemprop='name'>Og\u00f3lnopolski Konkurs Prac Magisterskich Absolwent\u00f3w Kierunku Analityka Medyczna<\/span><\/span><\/span><\/article><article class='slide-entry flex_column  post-entry post-entry-4758 slide-entry-overview slide-loop-24 slide-parity-odd  av_one_third  real-thumbnail post-format-standard'  itemscope=\"itemscope\" itemtype=\"https:\/\/schema.org\/CreativeWork\" ><a href='https:\/\/ptdl.pl\/index.php\/2025\/04\/25\/konferencja-medycyna-laboratoryjna-2025\/' data-rel='slide-1' class='slide-image' title='Konferencja MEDYCYNA LABORATORYJNA 2025'><img decoding=\"async\" width=\"500\" height=\"332\" src=\"https:\/\/ptdl.pl\/ptdl\/wp-content\/uploads\/2023\/02\/news_026.jpg\" class=\"wp-image-817 avia-img-lazy-loading-not-817 attachment-extra_large size-extra_large wp-post-image\" alt=\"\" srcset=\"https:\/\/ptdl.pl\/ptdl\/wp-content\/uploads\/2023\/02\/news_026.jpg 500w, https:\/\/ptdl.pl\/ptdl\/wp-content\/uploads\/2023\/02\/news_026-300x199.jpg 300w\" sizes=\"(max-width: 500px) 100vw, 500px\" \/><\/a><div class=\"slide-content\"><header class=\"entry-content-header\"><h3 class='slide-entry-title entry-title '  itemprop=\"headline\" ><a href='https:\/\/ptdl.pl\/index.php\/2025\/04\/25\/konferencja-medycyna-laboratoryjna-2025\/' title='Konferencja MEDYCYNA LABORATORYJNA 2025'>Konferencja MEDYCYNA LABORATORYJNA 2025<\/a><\/h3><span class=\"av-vertical-delimiter\"><\/span><\/header><div class=\"slide-meta\"><time class='slide-meta-time updated'  itemprop=\"datePublished\" datetime=\"2025-04-25T09:42:16+02:00\" >2025-04-25<\/time><\/div><div class='slide-entry-excerpt entry-content'  itemprop=\"text\" ><div class=\"read-more-link\"><a href=\"https:\/\/ptdl.pl\/index.php\/2025\/04\/25\/konferencja-medycyna-laboratoryjna-2025\/\" class=\"more-link\">Czytaj dalej<span class=\"more-link-arrow\"><\/span><\/a><\/div><\/div><\/div><footer class=\"entry-footer\"><\/footer><span class='hidden'>\n\t\t\t\t<span class='av-structured-data'  itemprop=\"image\" itemscope=\"itemscope\" itemtype=\"https:\/\/schema.org\/ImageObject\" >\n\t\t\t\t\t\t<span itemprop='url'>https:\/\/ptdl.pl\/ptdl\/wp-content\/uploads\/2023\/02\/news_026.jpg<\/span>\n\t\t\t\t\t\t<span itemprop='height'>332<\/span>\n\t\t\t\t\t\t<span itemprop='width'>500<\/span>\n\t\t\t\t<\/span>\n\t\t\t\t<span class='av-structured-data'  itemprop=\"publisher\" itemtype=\"https:\/\/schema.org\/Organization\" itemscope=\"itemscope\" >\n\t\t\t\t\t\t<span itemprop='name'>admin<\/span>\n\t\t\t\t\t\t<span itemprop='logo' itemscope itemtype='https:\/\/schema.org\/ImageObject'>\n\t\t\t\t\t\t\t<span itemprop='url'>https:\/\/ptdl.pl\/wp-content\/uploads\/2023\/03\/logo_2.svg<\/span>\n\t\t\t\t\t\t<\/span>\n\t\t\t\t<\/span><span class='av-structured-data'  itemprop=\"author\" itemscope=\"itemscope\" itemtype=\"https:\/\/schema.org\/Person\" ><span itemprop='name'>admin<\/span><\/span><span class='av-structured-data'  itemprop=\"datePublished\" datetime=\"2023-02-03T12:54:00+01:00\" >2025-04-25 09:42:16<\/span><span class='av-structured-data'  itemprop=\"dateModified\" itemtype=\"https:\/\/schema.org\/dateModified\" >2025-04-28 09:59:24<\/span><span class='av-structured-data'  itemprop=\"mainEntityOfPage\" itemtype=\"https:\/\/schema.org\/mainEntityOfPage\" ><span itemprop='name'>Konferencja MEDYCYNA LABORATORYJNA 2025<\/span><\/span><\/span><\/article><\/div><div class=\"slide-entry-wrap\"><article class='slide-entry flex_column  post-entry post-entry-4610 slide-entry-overview slide-loop-25 slide-parity-odd  av_one_third first real-thumbnail post-format-standard'  itemscope=\"itemscope\" itemtype=\"https:\/\/schema.org\/CreativeWork\" ><a href='https:\/\/ptdl.pl\/index.php\/2025\/04\/10\/ifcc-oglasza-nabor-wnioskow-do-wiosennego-programu-pep-2025\/' data-rel='slide-1' class='slide-image' title='IFCC og\u0142asza nab\u00f3r wniosk\u00f3w do Wiosennego Programu PEP 2025.'><img decoding=\"async\" width=\"500\" height=\"333\" src=\"https:\/\/ptdl.pl\/ptdl\/wp-content\/uploads\/2024\/12\/ifcc_logo_500x333.png\" class=\"wp-image-4082 avia-img-lazy-loading-not-4082 attachment-extra_large size-extra_large wp-post-image\" alt=\"\" srcset=\"https:\/\/ptdl.pl\/ptdl\/wp-content\/uploads\/2024\/12\/ifcc_logo_500x333.png 500w, https:\/\/ptdl.pl\/ptdl\/wp-content\/uploads\/2024\/12\/ifcc_logo_500x333-300x200.png 300w\" sizes=\"(max-width: 500px) 100vw, 500px\" \/><\/a><div class=\"slide-content\"><header class=\"entry-content-header\"><h3 class='slide-entry-title entry-title '  itemprop=\"headline\" ><a href='https:\/\/ptdl.pl\/index.php\/2025\/04\/10\/ifcc-oglasza-nabor-wnioskow-do-wiosennego-programu-pep-2025\/' title='IFCC og\u0142asza nab\u00f3r wniosk\u00f3w do Wiosennego Programu PEP 2025.'>IFCC og\u0142asza nab\u00f3r wniosk\u00f3w do Wiosennego Programu PEP 2025.<\/a><\/h3><span class=\"av-vertical-delimiter\"><\/span><\/header><div class=\"slide-meta\"><time class='slide-meta-time updated'  itemprop=\"datePublished\" datetime=\"2025-04-10T11:59:32+02:00\" >2025-04-10<\/time><\/div><div class='slide-entry-excerpt entry-content'  itemprop=\"text\" ><div class=\"read-more-link\"><a href=\"https:\/\/ptdl.pl\/index.php\/2025\/04\/10\/ifcc-oglasza-nabor-wnioskow-do-wiosennego-programu-pep-2025\/\" class=\"more-link\">Czytaj dalej<span class=\"more-link-arrow\"><\/span><\/a><\/div><\/div><\/div><footer class=\"entry-footer\"><\/footer><span class='hidden'>\n\t\t\t\t<span class='av-structured-data'  itemprop=\"image\" itemscope=\"itemscope\" itemtype=\"https:\/\/schema.org\/ImageObject\" >\n\t\t\t\t\t\t<span itemprop='url'>https:\/\/ptdl.pl\/ptdl\/wp-content\/uploads\/2024\/12\/ifcc_logo_500x333.png<\/span>\n\t\t\t\t\t\t<span itemprop='height'>333<\/span>\n\t\t\t\t\t\t<span itemprop='width'>500<\/span>\n\t\t\t\t<\/span>\n\t\t\t\t<span class='av-structured-data'  itemprop=\"publisher\" itemtype=\"https:\/\/schema.org\/Organization\" itemscope=\"itemscope\" >\n\t\t\t\t\t\t<span itemprop='name'>admin<\/span>\n\t\t\t\t\t\t<span itemprop='logo' itemscope itemtype='https:\/\/schema.org\/ImageObject'>\n\t\t\t\t\t\t\t<span itemprop='url'>https:\/\/ptdl.pl\/wp-content\/uploads\/2023\/03\/logo_2.svg<\/span>\n\t\t\t\t\t\t<\/span>\n\t\t\t\t<\/span><span class='av-structured-data'  itemprop=\"author\" itemscope=\"itemscope\" itemtype=\"https:\/\/schema.org\/Person\" ><span itemprop='name'>admin<\/span><\/span><span class='av-structured-data'  itemprop=\"datePublished\" datetime=\"2023-02-03T12:54:00+01:00\" >2025-04-10 11:59:32<\/span><span class='av-structured-data'  itemprop=\"dateModified\" itemtype=\"https:\/\/schema.org\/dateModified\" >2025-04-10 11:59:32<\/span><span class='av-structured-data'  itemprop=\"mainEntityOfPage\" itemtype=\"https:\/\/schema.org\/mainEntityOfPage\" ><span itemprop='name'>IFCC og\u0142asza nab\u00f3r wniosk\u00f3w do Wiosennego Programu PEP 2025.<\/span><\/span><\/span><\/article><article class='slide-entry flex_column  post-entry post-entry-4529 slide-entry-overview slide-loop-26 slide-parity-even  av_one_third  real-thumbnail post-format-standard'  itemscope=\"itemscope\" itemtype=\"https:\/\/schema.org\/CreativeWork\" ><a href='https:\/\/ptdl.pl\/index.php\/2025\/03\/26\/powolanie-zespolu-do-spraw-opracowania-propozycji-zmian-standardu-ksztalcenia-przygotowujacego-do-wykonywania-zawodu-diagnosty-laboratoryjnego\/' data-rel='slide-1' class='slide-image' title='Powo\u0142anie zespo\u0142u do spraw opracowania propozycji zmian standardu kszta\u0142cenia przygotowuj\u0105cego do wykonywania zawodu diagnosty laboratoryjnego'><img decoding=\"async\" width=\"500\" height=\"333\" src=\"https:\/\/ptdl.pl\/ptdl\/wp-content\/uploads\/2025\/03\/Zarzadzenie-MZ_small.png\" class=\"wp-image-4531 avia-img-lazy-loading-not-4531 attachment-extra_large size-extra_large wp-post-image\" alt=\"\" srcset=\"https:\/\/ptdl.pl\/ptdl\/wp-content\/uploads\/2025\/03\/Zarzadzenie-MZ_small.png 500w, https:\/\/ptdl.pl\/ptdl\/wp-content\/uploads\/2025\/03\/Zarzadzenie-MZ_small-300x200.png 300w\" sizes=\"(max-width: 500px) 100vw, 500px\" \/><\/a><div class=\"slide-content\"><header class=\"entry-content-header\"><h3 class='slide-entry-title entry-title '  itemprop=\"headline\" ><a href='https:\/\/ptdl.pl\/index.php\/2025\/03\/26\/powolanie-zespolu-do-spraw-opracowania-propozycji-zmian-standardu-ksztalcenia-przygotowujacego-do-wykonywania-zawodu-diagnosty-laboratoryjnego\/' title='Powo\u0142anie zespo\u0142u do spraw opracowania propozycji zmian standardu kszta\u0142cenia przygotowuj\u0105cego do wykonywania zawodu diagnosty laboratoryjnego'>Powo\u0142anie zespo\u0142u do spraw opracowania propozycji zmian standardu kszta\u0142cenia przygotowuj\u0105cego do wykonywania zawodu diagnosty laboratoryjnego<\/a><\/h3><span class=\"av-vertical-delimiter\"><\/span><\/header><div class=\"slide-meta\"><time class='slide-meta-time updated'  itemprop=\"datePublished\" datetime=\"2025-03-26T09:27:59+01:00\" >2025-03-26<\/time><\/div><div class='slide-entry-excerpt entry-content'  itemprop=\"text\" ><div class=\"read-more-link\"><a href=\"https:\/\/ptdl.pl\/index.php\/2025\/03\/26\/powolanie-zespolu-do-spraw-opracowania-propozycji-zmian-standardu-ksztalcenia-przygotowujacego-do-wykonywania-zawodu-diagnosty-laboratoryjnego\/\" class=\"more-link\">Czytaj dalej<span class=\"more-link-arrow\"><\/span><\/a><\/div><\/div><\/div><footer class=\"entry-footer\"><\/footer><span class='hidden'>\n\t\t\t\t<span class='av-structured-data'  itemprop=\"image\" itemscope=\"itemscope\" itemtype=\"https:\/\/schema.org\/ImageObject\" >\n\t\t\t\t\t\t<span itemprop='url'>https:\/\/ptdl.pl\/ptdl\/wp-content\/uploads\/2025\/03\/Zarzadzenie-MZ_small.png<\/span>\n\t\t\t\t\t\t<span itemprop='height'>333<\/span>\n\t\t\t\t\t\t<span itemprop='width'>500<\/span>\n\t\t\t\t<\/span>\n\t\t\t\t<span class='av-structured-data'  itemprop=\"publisher\" itemtype=\"https:\/\/schema.org\/Organization\" itemscope=\"itemscope\" >\n\t\t\t\t\t\t<span itemprop='name'>admin<\/span>\n\t\t\t\t\t\t<span itemprop='logo' itemscope itemtype='https:\/\/schema.org\/ImageObject'>\n\t\t\t\t\t\t\t<span itemprop='url'>https:\/\/ptdl.pl\/wp-content\/uploads\/2023\/03\/logo_2.svg<\/span>\n\t\t\t\t\t\t<\/span>\n\t\t\t\t<\/span><span class='av-structured-data'  itemprop=\"author\" itemscope=\"itemscope\" itemtype=\"https:\/\/schema.org\/Person\" ><span itemprop='name'>admin<\/span><\/span><span class='av-structured-data'  itemprop=\"datePublished\" datetime=\"2023-02-03T12:54:00+01:00\" >2025-03-26 09:27:59<\/span><span class='av-structured-data'  itemprop=\"dateModified\" itemtype=\"https:\/\/schema.org\/dateModified\" >2025-03-26 09:29:29<\/span><span class='av-structured-data'  itemprop=\"mainEntityOfPage\" itemtype=\"https:\/\/schema.org\/mainEntityOfPage\" ><span itemprop='name'>Powo\u0142anie zespo\u0142u do spraw opracowania propozycji zmian standardu kszta\u0142cenia przygotowuj\u0105cego do wykonywania zawodu diagnosty laboratoryjnego<\/span><\/span><\/span><\/article><article class='slide-entry flex_column  post-entry post-entry-4430 slide-entry-overview slide-loop-27 slide-parity-odd  av_one_third  real-thumbnail post-format-standard'  itemscope=\"itemscope\" itemtype=\"https:\/\/schema.org\/CreativeWork\" ><a href='https:\/\/ptdl.pl\/index.php\/2025\/03\/04\/euromedlab-2025-wyniki-konkursu-streszczen\/' data-rel='slide-1' class='slide-image' title='EUROMEDLAB 2025 &#8211; wyniki konkursu streszcze\u0144'><img decoding=\"async\" width=\"500\" height=\"333\" src=\"https:\/\/ptdl.pl\/ptdl\/wp-content\/uploads\/2025\/03\/logo02.png\" class=\"wp-image-4432 avia-img-lazy-loading-not-4432 attachment-extra_large size-extra_large wp-post-image\" alt=\"\" srcset=\"https:\/\/ptdl.pl\/ptdl\/wp-content\/uploads\/2025\/03\/logo02.png 500w, https:\/\/ptdl.pl\/ptdl\/wp-content\/uploads\/2025\/03\/logo02-300x200.png 300w\" sizes=\"(max-width: 500px) 100vw, 500px\" \/><\/a><div class=\"slide-content\"><header class=\"entry-content-header\"><h3 class='slide-entry-title entry-title '  itemprop=\"headline\" ><a href='https:\/\/ptdl.pl\/index.php\/2025\/03\/04\/euromedlab-2025-wyniki-konkursu-streszczen\/' title='EUROMEDLAB 2025 &#8211; wyniki konkursu streszcze\u0144'>EUROMEDLAB 2025 &#8211; wyniki konkursu streszcze\u0144<\/a><\/h3><span class=\"av-vertical-delimiter\"><\/span><\/header><div class=\"slide-meta\"><time class='slide-meta-time updated'  itemprop=\"datePublished\" datetime=\"2025-03-04T11:03:49+01:00\" >2025-03-04<\/time><\/div><div class='slide-entry-excerpt entry-content'  itemprop=\"text\" ><div class=\"read-more-link\"><a href=\"https:\/\/ptdl.pl\/index.php\/2025\/03\/04\/euromedlab-2025-wyniki-konkursu-streszczen\/\" class=\"more-link\">Czytaj dalej<span class=\"more-link-arrow\"><\/span><\/a><\/div><\/div><\/div><footer class=\"entry-footer\"><\/footer><span class='hidden'>\n\t\t\t\t<span class='av-structured-data'  itemprop=\"image\" itemscope=\"itemscope\" itemtype=\"https:\/\/schema.org\/ImageObject\" >\n\t\t\t\t\t\t<span itemprop='url'>https:\/\/ptdl.pl\/ptdl\/wp-content\/uploads\/2025\/03\/logo02.png<\/span>\n\t\t\t\t\t\t<span itemprop='height'>333<\/span>\n\t\t\t\t\t\t<span itemprop='width'>500<\/span>\n\t\t\t\t<\/span>\n\t\t\t\t<span class='av-structured-data'  itemprop=\"publisher\" itemtype=\"https:\/\/schema.org\/Organization\" itemscope=\"itemscope\" >\n\t\t\t\t\t\t<span itemprop='name'>admin<\/span>\n\t\t\t\t\t\t<span itemprop='logo' itemscope itemtype='https:\/\/schema.org\/ImageObject'>\n\t\t\t\t\t\t\t<span itemprop='url'>https:\/\/ptdl.pl\/wp-content\/uploads\/2023\/03\/logo_2.svg<\/span>\n\t\t\t\t\t\t<\/span>\n\t\t\t\t<\/span><span class='av-structured-data'  itemprop=\"author\" itemscope=\"itemscope\" itemtype=\"https:\/\/schema.org\/Person\" ><span itemprop='name'>admin<\/span><\/span><span class='av-structured-data'  itemprop=\"datePublished\" datetime=\"2023-02-03T12:54:00+01:00\" >2025-03-04 11:03:49<\/span><span class='av-structured-data'  itemprop=\"dateModified\" itemtype=\"https:\/\/schema.org\/dateModified\" >2025-03-04 11:05:46<\/span><span class='av-structured-data'  itemprop=\"mainEntityOfPage\" itemtype=\"https:\/\/schema.org\/mainEntityOfPage\" ><span itemprop='name'>EUROMEDLAB 2025 &#8211; wyniki konkursu streszcze\u0144<\/span><\/span><\/span><\/article><\/div><div class=\"slide-entry-wrap\"><article class='slide-entry flex_column  post-entry post-entry-4268 slide-entry-overview slide-loop-28 slide-parity-odd  av_one_third first real-thumbnail post-format-standard'  itemscope=\"itemscope\" itemtype=\"https:\/\/schema.org\/CreativeWork\" ><a href='https:\/\/ptdl.pl\/index.php\/2025\/02\/28\/xvii-naukowo-szkoleniowy-zjazd-kolegium-medycyny-laboratoryjnej-w-polsce\/' data-rel='slide-1' class='slide-image' title='XVII Naukowo-Szkoleniowy Zjazd Kolegium Medycyny Laboratoryjnej w Polsce'><img decoding=\"async\" width=\"500\" height=\"333\" src=\"https:\/\/ptdl.pl\/ptdl\/wp-content\/uploads\/2025\/02\/kmlp_25_baner_2.png\" class=\"wp-image-4406 avia-img-lazy-loading-not-4406 attachment-extra_large size-extra_large wp-post-image\" alt=\"\" srcset=\"https:\/\/ptdl.pl\/ptdl\/wp-content\/uploads\/2025\/02\/kmlp_25_baner_2.png 500w, https:\/\/ptdl.pl\/ptdl\/wp-content\/uploads\/2025\/02\/kmlp_25_baner_2-300x200.png 300w\" sizes=\"(max-width: 500px) 100vw, 500px\" \/><\/a><div class=\"slide-content\"><header class=\"entry-content-header\"><h3 class='slide-entry-title entry-title '  itemprop=\"headline\" ><a href='https:\/\/ptdl.pl\/index.php\/2025\/02\/28\/xvii-naukowo-szkoleniowy-zjazd-kolegium-medycyny-laboratoryjnej-w-polsce\/' title='XVII Naukowo-Szkoleniowy Zjazd Kolegium Medycyny Laboratoryjnej w Polsce'>XVII Naukowo-Szkoleniowy Zjazd Kolegium Medycyny Laboratoryjnej w Polsce<\/a><\/h3><span class=\"av-vertical-delimiter\"><\/span><\/header><div class=\"slide-meta\"><time class='slide-meta-time updated'  itemprop=\"datePublished\" datetime=\"2025-02-28T13:54:19+01:00\" >2025-02-28<\/time><\/div><div class='slide-entry-excerpt entry-content'  itemprop=\"text\" ><div class=\"read-more-link\"><a href=\"https:\/\/ptdl.pl\/index.php\/2025\/02\/28\/xvii-naukowo-szkoleniowy-zjazd-kolegium-medycyny-laboratoryjnej-w-polsce\/\" class=\"more-link\">Czytaj dalej<span class=\"more-link-arrow\"><\/span><\/a><\/div><\/div><\/div><footer class=\"entry-footer\"><\/footer><span class='hidden'>\n\t\t\t\t<span class='av-structured-data'  itemprop=\"image\" itemscope=\"itemscope\" itemtype=\"https:\/\/schema.org\/ImageObject\" >\n\t\t\t\t\t\t<span itemprop='url'>https:\/\/ptdl.pl\/ptdl\/wp-content\/uploads\/2025\/02\/kmlp_25_baner_2.png<\/span>\n\t\t\t\t\t\t<span itemprop='height'>333<\/span>\n\t\t\t\t\t\t<span itemprop='width'>500<\/span>\n\t\t\t\t<\/span>\n\t\t\t\t<span class='av-structured-data'  itemprop=\"publisher\" itemtype=\"https:\/\/schema.org\/Organization\" itemscope=\"itemscope\" >\n\t\t\t\t\t\t<span itemprop='name'>admin<\/span>\n\t\t\t\t\t\t<span itemprop='logo' itemscope itemtype='https:\/\/schema.org\/ImageObject'>\n\t\t\t\t\t\t\t<span itemprop='url'>https:\/\/ptdl.pl\/wp-content\/uploads\/2023\/03\/logo_2.svg<\/span>\n\t\t\t\t\t\t<\/span>\n\t\t\t\t<\/span><span class='av-structured-data'  itemprop=\"author\" itemscope=\"itemscope\" itemtype=\"https:\/\/schema.org\/Person\" ><span itemprop='name'>admin<\/span><\/span><span class='av-structured-data'  itemprop=\"datePublished\" datetime=\"2023-02-03T12:54:00+01:00\" >2025-02-28 13:54:19<\/span><span class='av-structured-data'  itemprop=\"dateModified\" itemtype=\"https:\/\/schema.org\/dateModified\" >2025-02-28 14:39:13<\/span><span class='av-structured-data'  itemprop=\"mainEntityOfPage\" itemtype=\"https:\/\/schema.org\/mainEntityOfPage\" ><span itemprop='name'>XVII Naukowo-Szkoleniowy Zjazd Kolegium Medycyny Laboratoryjnej w Polsce<\/span><\/span><\/span><\/article><article class='slide-entry flex_column  post-entry post-entry-4325 slide-entry-overview slide-loop-29 slide-parity-even  av_one_third  real-thumbnail post-format-standard'  itemscope=\"itemscope\" itemtype=\"https:\/\/schema.org\/CreativeWork\" ><a href='https:\/\/ptdl.pl\/index.php\/2025\/02\/13\/sekcja-laboratoryjnej-genetyki-medycznej-ptdl\/' data-rel='slide-1' class='slide-image' title='Sekcja Laboratoryjnej Genetyki Medycznej PTDL'><img decoding=\"async\" width=\"800\" height=\"500\" src=\"https:\/\/ptdl.pl\/ptdl\/wp-content\/uploads\/2025\/02\/2710f04276151cbf0e4db7716918f0a7.jpg\" class=\"wp-image-4338 avia-img-lazy-loading-not-4338 attachment-extra_large size-extra_large wp-post-image\" alt=\"\" srcset=\"https:\/\/ptdl.pl\/ptdl\/wp-content\/uploads\/2025\/02\/2710f04276151cbf0e4db7716918f0a7.jpg 800w, https:\/\/ptdl.pl\/ptdl\/wp-content\/uploads\/2025\/02\/2710f04276151cbf0e4db7716918f0a7-300x188.jpg 300w, https:\/\/ptdl.pl\/ptdl\/wp-content\/uploads\/2025\/02\/2710f04276151cbf0e4db7716918f0a7-768x480.jpg 768w, https:\/\/ptdl.pl\/ptdl\/wp-content\/uploads\/2025\/02\/2710f04276151cbf0e4db7716918f0a7-705x441.jpg 705w\" sizes=\"(max-width: 800px) 100vw, 800px\" \/><\/a><div class=\"slide-content\"><header class=\"entry-content-header\"><h3 class='slide-entry-title entry-title '  itemprop=\"headline\" ><a href='https:\/\/ptdl.pl\/index.php\/2025\/02\/13\/sekcja-laboratoryjnej-genetyki-medycznej-ptdl\/' title='Sekcja Laboratoryjnej Genetyki Medycznej PTDL'>Sekcja Laboratoryjnej Genetyki Medycznej PTDL<\/a><\/h3><span class=\"av-vertical-delimiter\"><\/span><\/header><div class=\"slide-meta\"><time class='slide-meta-time updated'  itemprop=\"datePublished\" datetime=\"2025-02-13T17:33:45+01:00\" >2025-02-13<\/time><\/div><div class='slide-entry-excerpt entry-content'  itemprop=\"text\" ><div class=\"read-more-link\"><a href=\"https:\/\/ptdl.pl\/index.php\/2025\/02\/13\/sekcja-laboratoryjnej-genetyki-medycznej-ptdl\/\" class=\"more-link\">Czytaj dalej<span class=\"more-link-arrow\"><\/span><\/a><\/div><\/div><\/div><footer class=\"entry-footer\"><\/footer><span class='hidden'>\n\t\t\t\t<span class='av-structured-data'  itemprop=\"image\" itemscope=\"itemscope\" itemtype=\"https:\/\/schema.org\/ImageObject\" >\n\t\t\t\t\t\t<span itemprop='url'>https:\/\/ptdl.pl\/ptdl\/wp-content\/uploads\/2025\/02\/2710f04276151cbf0e4db7716918f0a7.jpg<\/span>\n\t\t\t\t\t\t<span itemprop='height'>500<\/span>\n\t\t\t\t\t\t<span itemprop='width'>800<\/span>\n\t\t\t\t<\/span>\n\t\t\t\t<span class='av-structured-data'  itemprop=\"publisher\" itemtype=\"https:\/\/schema.org\/Organization\" itemscope=\"itemscope\" >\n\t\t\t\t\t\t<span itemprop='name'>Ma\u0142gorzata Zieli\u0144ska-Przyjemska<\/span>\n\t\t\t\t\t\t<span itemprop='logo' itemscope itemtype='https:\/\/schema.org\/ImageObject'>\n\t\t\t\t\t\t\t<span itemprop='url'>https:\/\/ptdl.pl\/wp-content\/uploads\/2023\/03\/logo_2.svg<\/span>\n\t\t\t\t\t\t<\/span>\n\t\t\t\t<\/span><span class='av-structured-data'  itemprop=\"author\" itemscope=\"itemscope\" itemtype=\"https:\/\/schema.org\/Person\" ><span itemprop='name'>Ma\u0142gorzata Zieli\u0144ska-Przyjemska<\/span><\/span><span class='av-structured-data'  itemprop=\"datePublished\" datetime=\"2023-02-03T12:54:00+01:00\" >2025-02-13 17:33:45<\/span><span class='av-structured-data'  itemprop=\"dateModified\" itemtype=\"https:\/\/schema.org\/dateModified\" >2025-02-13 17:40:35<\/span><span class='av-structured-data'  itemprop=\"mainEntityOfPage\" itemtype=\"https:\/\/schema.org\/mainEntityOfPage\" ><span itemprop='name'>Sekcja Laboratoryjnej Genetyki Medycznej PTDL<\/span><\/span><\/span><\/article><article class='slide-entry flex_column  post-entry post-entry-4303 slide-entry-overview slide-loop-30 slide-parity-odd  av_one_third  real-thumbnail post-format-standard'  itemscope=\"itemscope\" itemtype=\"https:\/\/schema.org\/CreativeWork\" ><a href='https:\/\/ptdl.pl\/index.php\/2025\/02\/09\/konferencja-naukowo-szkoleniowa-labs-expo-2025\/' data-rel='slide-1' class='slide-image' title='Konferencja naukowo-szkoleniowa &#8211; LABS EXPO Pozna\u0144, 20.03.2025r.'><img decoding=\"async\" width=\"356\" height=\"300\" src=\"https:\/\/ptdl.pl\/ptdl\/wp-content\/uploads\/2025\/02\/LABS25_konferencja_1170x300-2.jpg\" class=\"wp-image-4311 avia-img-lazy-loading-not-4311 attachment-extra_large size-extra_large wp-post-image\" alt=\"\" srcset=\"https:\/\/ptdl.pl\/ptdl\/wp-content\/uploads\/2025\/02\/LABS25_konferencja_1170x300-2.jpg 356w, https:\/\/ptdl.pl\/ptdl\/wp-content\/uploads\/2025\/02\/LABS25_konferencja_1170x300-2-300x253.jpg 300w\" sizes=\"(max-width: 356px) 100vw, 356px\" \/><\/a><div class=\"slide-content\"><header class=\"entry-content-header\"><h3 class='slide-entry-title entry-title '  itemprop=\"headline\" ><a href='https:\/\/ptdl.pl\/index.php\/2025\/02\/09\/konferencja-naukowo-szkoleniowa-labs-expo-2025\/' title='Konferencja naukowo-szkoleniowa &#8211; LABS EXPO Pozna\u0144, 20.03.2025r.'>Konferencja naukowo-szkoleniowa &#8211; LABS EXPO Pozna\u0144, 20.03.2025r.<\/a><\/h3><span class=\"av-vertical-delimiter\"><\/span><\/header><div class=\"slide-meta\"><time class='slide-meta-time updated'  itemprop=\"datePublished\" datetime=\"2025-02-09T11:02:22+01:00\" >2025-02-09<\/time><\/div><div class='slide-entry-excerpt entry-content'  itemprop=\"text\" ><div class=\"read-more-link\"><a href=\"https:\/\/ptdl.pl\/index.php\/2025\/02\/09\/konferencja-naukowo-szkoleniowa-labs-expo-2025\/\" class=\"more-link\">Czytaj dalej<span class=\"more-link-arrow\"><\/span><\/a><\/div><\/div><\/div><footer class=\"entry-footer\"><\/footer><span class='hidden'>\n\t\t\t\t<span class='av-structured-data'  itemprop=\"image\" itemscope=\"itemscope\" itemtype=\"https:\/\/schema.org\/ImageObject\" >\n\t\t\t\t\t\t<span itemprop='url'>https:\/\/ptdl.pl\/ptdl\/wp-content\/uploads\/2025\/02\/LABS25_konferencja_1170x300-2.jpg<\/span>\n\t\t\t\t\t\t<span itemprop='height'>300<\/span>\n\t\t\t\t\t\t<span itemprop='width'>356<\/span>\n\t\t\t\t<\/span>\n\t\t\t\t<span class='av-structured-data'  itemprop=\"publisher\" itemtype=\"https:\/\/schema.org\/Organization\" itemscope=\"itemscope\" >\n\t\t\t\t\t\t<span itemprop='name'>Ma\u0142gorzata Zieli\u0144ska-Przyjemska<\/span>\n\t\t\t\t\t\t<span itemprop='logo' itemscope itemtype='https:\/\/schema.org\/ImageObject'>\n\t\t\t\t\t\t\t<span itemprop='url'>https:\/\/ptdl.pl\/wp-content\/uploads\/2023\/03\/logo_2.svg<\/span>\n\t\t\t\t\t\t<\/span>\n\t\t\t\t<\/span><span class='av-structured-data'  itemprop=\"author\" itemscope=\"itemscope\" itemtype=\"https:\/\/schema.org\/Person\" ><span itemprop='name'>Ma\u0142gorzata Zieli\u0144ska-Przyjemska<\/span><\/span><span class='av-structured-data'  itemprop=\"datePublished\" datetime=\"2023-02-03T12:54:00+01:00\" >2025-02-09 11:02:22<\/span><span class='av-structured-data'  itemprop=\"dateModified\" itemtype=\"https:\/\/schema.org\/dateModified\" >2025-02-09 11:05:49<\/span><span class='av-structured-data'  itemprop=\"mainEntityOfPage\" itemtype=\"https:\/\/schema.org\/mainEntityOfPage\" ><span itemprop='name'>Konferencja naukowo-szkoleniowa &#8211; LABS EXPO Pozna\u0144, 20.03.2025r.<\/span><\/span><\/span><\/article><\/div><div class=\"slide-entry-wrap\"><article class='slide-entry flex_column  post-entry post-entry-4247 slide-entry-overview slide-loop-31 slide-parity-odd  av_one_third first real-thumbnail post-format-standard'  itemscope=\"itemscope\" itemtype=\"https:\/\/schema.org\/CreativeWork\" ><a href='https:\/\/ptdl.pl\/index.php\/2025\/01\/28\/kurs-stacjonarny-p2-dual-stain-master-corfamed-2025\/' data-rel='slide-1' class='slide-image' title='Kurs stacjonarny P2 Dual Stain Master Corfamed 2025'><img decoding=\"async\" width=\"500\" height=\"332\" src=\"https:\/\/ptdl.pl\/ptdl\/wp-content\/uploads\/2023\/02\/news_017.jpg\" class=\"wp-image-808 avia-img-lazy-loading-not-808 attachment-extra_large size-extra_large wp-post-image\" alt=\"\" srcset=\"https:\/\/ptdl.pl\/ptdl\/wp-content\/uploads\/2023\/02\/news_017.jpg 500w, https:\/\/ptdl.pl\/ptdl\/wp-content\/uploads\/2023\/02\/news_017-300x199.jpg 300w\" sizes=\"(max-width: 500px) 100vw, 500px\" \/><\/a><div class=\"slide-content\"><header class=\"entry-content-header\"><h3 class='slide-entry-title entry-title '  itemprop=\"headline\" ><a href='https:\/\/ptdl.pl\/index.php\/2025\/01\/28\/kurs-stacjonarny-p2-dual-stain-master-corfamed-2025\/' title='Kurs stacjonarny P2 Dual Stain Master Corfamed 2025'>Kurs stacjonarny P2 Dual Stain Master Corfamed 2025<\/a><\/h3><span class=\"av-vertical-delimiter\"><\/span><\/header><div class=\"slide-meta\"><time class='slide-meta-time updated'  itemprop=\"datePublished\" datetime=\"2025-01-28T09:27:45+01:00\" >2025-01-28<\/time><\/div><div class='slide-entry-excerpt entry-content'  itemprop=\"text\" ><div class=\"read-more-link\"><a href=\"https:\/\/ptdl.pl\/index.php\/2025\/01\/28\/kurs-stacjonarny-p2-dual-stain-master-corfamed-2025\/\" class=\"more-link\">Czytaj dalej<span class=\"more-link-arrow\"><\/span><\/a><\/div><\/div><\/div><footer class=\"entry-footer\"><\/footer><span class='hidden'>\n\t\t\t\t<span class='av-structured-data'  itemprop=\"image\" itemscope=\"itemscope\" itemtype=\"https:\/\/schema.org\/ImageObject\" >\n\t\t\t\t\t\t<span itemprop='url'>https:\/\/ptdl.pl\/ptdl\/wp-content\/uploads\/2023\/02\/news_017.jpg<\/span>\n\t\t\t\t\t\t<span itemprop='height'>332<\/span>\n\t\t\t\t\t\t<span itemprop='width'>500<\/span>\n\t\t\t\t<\/span>\n\t\t\t\t<span class='av-structured-data'  itemprop=\"publisher\" itemtype=\"https:\/\/schema.org\/Organization\" itemscope=\"itemscope\" >\n\t\t\t\t\t\t<span itemprop='name'>admin<\/span>\n\t\t\t\t\t\t<span itemprop='logo' itemscope itemtype='https:\/\/schema.org\/ImageObject'>\n\t\t\t\t\t\t\t<span itemprop='url'>https:\/\/ptdl.pl\/wp-content\/uploads\/2023\/03\/logo_2.svg<\/span>\n\t\t\t\t\t\t<\/span>\n\t\t\t\t<\/span><span class='av-structured-data'  itemprop=\"author\" itemscope=\"itemscope\" itemtype=\"https:\/\/schema.org\/Person\" ><span itemprop='name'>admin<\/span><\/span><span class='av-structured-data'  itemprop=\"datePublished\" datetime=\"2023-02-03T12:54:00+01:00\" >2025-01-28 09:27:45<\/span><span class='av-structured-data'  itemprop=\"dateModified\" itemtype=\"https:\/\/schema.org\/dateModified\" >2025-01-28 14:30:40<\/span><span class='av-structured-data'  itemprop=\"mainEntityOfPage\" itemtype=\"https:\/\/schema.org\/mainEntityOfPage\" ><span itemprop='name'>Kurs stacjonarny P2 Dual Stain Master Corfamed 2025<\/span><\/span><\/span><\/article><article class='slide-entry flex_column  post-entry post-entry-4220 slide-entry-overview slide-loop-32 slide-parity-even  av_one_third  real-thumbnail post-format-standard'  itemscope=\"itemscope\" itemtype=\"https:\/\/schema.org\/CreativeWork\" ><a href='https:\/\/ptdl.pl\/index.php\/2025\/01\/19\/konferencja-naukowo-szkoleniowa-medycyna-laboratoryjna-w-profilaktyce-zdrowotnej-opalenica-27-28-lutego-2025-r\/' data-rel='slide-1' class='slide-image' title='Konferencja naukowo-szkoleniowa &#8222;Medycyna laboratoryjna w profilaktyce zdrowotnej&#8221; &#8211; Opalenica, 27-28 lutego 2025 r.'><img decoding=\"async\" width=\"1500\" height=\"1500\" src=\"https:\/\/ptdl.pl\/ptdl\/wp-content\/uploads\/2025\/01\/21319075-1500x1500.jpg\" class=\"wp-image-4221 avia-img-lazy-loading-not-4221 attachment-extra_large size-extra_large wp-post-image\" alt=\"\" srcset=\"https:\/\/ptdl.pl\/ptdl\/wp-content\/uploads\/2025\/01\/21319075-1500x1500.jpg 1500w, https:\/\/ptdl.pl\/ptdl\/wp-content\/uploads\/2025\/01\/21319075-300x300.jpg 300w, https:\/\/ptdl.pl\/ptdl\/wp-content\/uploads\/2025\/01\/21319075-1030x1030.jpg 1030w, https:\/\/ptdl.pl\/ptdl\/wp-content\/uploads\/2025\/01\/21319075-80x80.jpg 80w, https:\/\/ptdl.pl\/ptdl\/wp-content\/uploads\/2025\/01\/21319075-768x768.jpg 768w, https:\/\/ptdl.pl\/ptdl\/wp-content\/uploads\/2025\/01\/21319075-1536x1536.jpg 1536w, https:\/\/ptdl.pl\/ptdl\/wp-content\/uploads\/2025\/01\/21319075-36x36.jpg 36w, https:\/\/ptdl.pl\/ptdl\/wp-content\/uploads\/2025\/01\/21319075-180x180.jpg 180w, https:\/\/ptdl.pl\/ptdl\/wp-content\/uploads\/2025\/01\/21319075-705x705.jpg 705w, https:\/\/ptdl.pl\/ptdl\/wp-content\/uploads\/2025\/01\/21319075.jpg 2048w\" sizes=\"(max-width: 1500px) 100vw, 1500px\" \/><\/a><div class=\"slide-content\"><header class=\"entry-content-header\"><h3 class='slide-entry-title entry-title '  itemprop=\"headline\" ><a href='https:\/\/ptdl.pl\/index.php\/2025\/01\/19\/konferencja-naukowo-szkoleniowa-medycyna-laboratoryjna-w-profilaktyce-zdrowotnej-opalenica-27-28-lutego-2025-r\/' title='Konferencja naukowo-szkoleniowa &#8222;Medycyna laboratoryjna w profilaktyce zdrowotnej&#8221; &#8211; Opalenica, 27-28 lutego 2025 r.'>Konferencja naukowo-szkoleniowa &#8222;Medycyna laboratoryjna w profilaktyce zdrowotnej&#8221; &#8211; Opalenica, 27-28 lutego 2025 r.<\/a><\/h3><span class=\"av-vertical-delimiter\"><\/span><\/header><div class=\"slide-meta\"><time class='slide-meta-time updated'  itemprop=\"datePublished\" datetime=\"2025-01-19T19:19:42+01:00\" >2025-01-19<\/time><\/div><div class='slide-entry-excerpt entry-content'  itemprop=\"text\" ><div class=\"read-more-link\"><a href=\"https:\/\/ptdl.pl\/index.php\/2025\/01\/19\/konferencja-naukowo-szkoleniowa-medycyna-laboratoryjna-w-profilaktyce-zdrowotnej-opalenica-27-28-lutego-2025-r\/\" class=\"more-link\">Czytaj dalej<span class=\"more-link-arrow\"><\/span><\/a><\/div><\/div><\/div><footer class=\"entry-footer\"><\/footer><span class='hidden'>\n\t\t\t\t<span class='av-structured-data'  itemprop=\"image\" itemscope=\"itemscope\" itemtype=\"https:\/\/schema.org\/ImageObject\" >\n\t\t\t\t\t\t<span itemprop='url'>https:\/\/ptdl.pl\/ptdl\/wp-content\/uploads\/2025\/01\/21319075.jpg<\/span>\n\t\t\t\t\t\t<span itemprop='height'>2048<\/span>\n\t\t\t\t\t\t<span itemprop='width'>2048<\/span>\n\t\t\t\t<\/span>\n\t\t\t\t<span class='av-structured-data'  itemprop=\"publisher\" itemtype=\"https:\/\/schema.org\/Organization\" itemscope=\"itemscope\" >\n\t\t\t\t\t\t<span itemprop='name'>Ma\u0142gorzata Zieli\u0144ska-Przyjemska<\/span>\n\t\t\t\t\t\t<span itemprop='logo' itemscope itemtype='https:\/\/schema.org\/ImageObject'>\n\t\t\t\t\t\t\t<span itemprop='url'>https:\/\/ptdl.pl\/wp-content\/uploads\/2023\/03\/logo_2.svg<\/span>\n\t\t\t\t\t\t<\/span>\n\t\t\t\t<\/span><span class='av-structured-data'  itemprop=\"author\" itemscope=\"itemscope\" itemtype=\"https:\/\/schema.org\/Person\" ><span itemprop='name'>Ma\u0142gorzata Zieli\u0144ska-Przyjemska<\/span><\/span><span class='av-structured-data'  itemprop=\"datePublished\" datetime=\"2023-02-03T12:54:00+01:00\" >2025-01-19 19:19:42<\/span><span class='av-structured-data'  itemprop=\"dateModified\" itemtype=\"https:\/\/schema.org\/dateModified\" >2025-02-23 19:40:47<\/span><span class='av-structured-data'  itemprop=\"mainEntityOfPage\" itemtype=\"https:\/\/schema.org\/mainEntityOfPage\" ><span itemprop='name'>Konferencja naukowo-szkoleniowa &#8222;Medycyna laboratoryjna w profilaktyce zdrowotnej&#8221; &#8211; Opalenica, 27-28 lutego 2025 r.<\/span><\/span><\/span><\/article><article class='slide-entry flex_column  post-entry post-entry-4092 slide-entry-overview slide-loop-33 slide-parity-odd  av_one_third  real-thumbnail post-format-standard'  itemscope=\"itemscope\" itemtype=\"https:\/\/schema.org\/CreativeWork\" ><a href='https:\/\/ptdl.pl\/index.php\/2024\/12\/12\/4092\/' data-rel='slide-1' class='slide-image' title='Pomoc dla Zak\u0142adu Diagnostyki Laboratoryjnej  Zak\u0142adu Opieki Zdrowotnej  w Nysie'><img decoding=\"async\" width=\"1024\" height=\"768\" src=\"https:\/\/ptdl.pl\/ptdl\/wp-content\/uploads\/2024\/12\/nysa02.jpg\" class=\"wp-image-4094 avia-img-lazy-loading-not-4094 attachment-extra_large size-extra_large wp-post-image\" alt=\"\" srcset=\"https:\/\/ptdl.pl\/ptdl\/wp-content\/uploads\/2024\/12\/nysa02.jpg 1024w, https:\/\/ptdl.pl\/ptdl\/wp-content\/uploads\/2024\/12\/nysa02-300x225.jpg 300w, https:\/\/ptdl.pl\/ptdl\/wp-content\/uploads\/2024\/12\/nysa02-768x576.jpg 768w, https:\/\/ptdl.pl\/ptdl\/wp-content\/uploads\/2024\/12\/nysa02-705x529.jpg 705w\" sizes=\"(max-width: 1024px) 100vw, 1024px\" \/><\/a><div class=\"slide-content\"><header class=\"entry-content-header\"><h3 class='slide-entry-title entry-title '  itemprop=\"headline\" ><a href='https:\/\/ptdl.pl\/index.php\/2024\/12\/12\/4092\/' title='Pomoc dla Zak\u0142adu Diagnostyki Laboratoryjnej  Zak\u0142adu Opieki Zdrowotnej  w Nysie'>Pomoc dla Zak\u0142adu Diagnostyki Laboratoryjnej  Zak\u0142adu Opieki Zdrowotnej  w Nysie<\/a><\/h3><span class=\"av-vertical-delimiter\"><\/span><\/header><div class=\"slide-meta\"><time class='slide-meta-time updated'  itemprop=\"datePublished\" datetime=\"2024-12-12T11:14:20+01:00\" >2024-12-12<\/time><\/div><div class='slide-entry-excerpt entry-content'  itemprop=\"text\" ><div class=\"read-more-link\"><a href=\"https:\/\/ptdl.pl\/index.php\/2024\/12\/12\/4092\/\" class=\"more-link\">Czytaj dalej<span class=\"more-link-arrow\"><\/span><\/a><\/div><\/div><\/div><footer class=\"entry-footer\"><\/footer><span class='hidden'>\n\t\t\t\t<span class='av-structured-data'  itemprop=\"image\" itemscope=\"itemscope\" itemtype=\"https:\/\/schema.org\/ImageObject\" >\n\t\t\t\t\t\t<span itemprop='url'>https:\/\/ptdl.pl\/ptdl\/wp-content\/uploads\/2024\/12\/nysa02.jpg<\/span>\n\t\t\t\t\t\t<span itemprop='height'>768<\/span>\n\t\t\t\t\t\t<span itemprop='width'>1024<\/span>\n\t\t\t\t<\/span>\n\t\t\t\t<span class='av-structured-data'  itemprop=\"publisher\" itemtype=\"https:\/\/schema.org\/Organization\" itemscope=\"itemscope\" >\n\t\t\t\t\t\t<span itemprop='name'>admin<\/span>\n\t\t\t\t\t\t<span itemprop='logo' itemscope itemtype='https:\/\/schema.org\/ImageObject'>\n\t\t\t\t\t\t\t<span itemprop='url'>https:\/\/ptdl.pl\/wp-content\/uploads\/2023\/03\/logo_2.svg<\/span>\n\t\t\t\t\t\t<\/span>\n\t\t\t\t<\/span><span class='av-structured-data'  itemprop=\"author\" itemscope=\"itemscope\" itemtype=\"https:\/\/schema.org\/Person\" ><span itemprop='name'>admin<\/span><\/span><span class='av-structured-data'  itemprop=\"datePublished\" datetime=\"2023-02-03T12:54:00+01:00\" >2024-12-12 11:14:20<\/span><span class='av-structured-data'  itemprop=\"dateModified\" itemtype=\"https:\/\/schema.org\/dateModified\" >2024-12-12 11:22:11<\/span><span class='av-structured-data'  itemprop=\"mainEntityOfPage\" itemtype=\"https:\/\/schema.org\/mainEntityOfPage\" ><span itemprop='name'>Pomoc dla Zak\u0142adu Diagnostyki Laboratoryjnej  Zak\u0142adu Opieki Zdrowotnej  w Nysie<\/span><\/span><\/span><\/article><\/div><div class=\"slide-entry-wrap\"><article class='slide-entry flex_column  post-entry post-entry-4060 slide-entry-overview slide-loop-34 slide-parity-odd  av_one_third first real-thumbnail post-format-standard'  itemscope=\"itemscope\" itemtype=\"https:\/\/schema.org\/CreativeWork\" ><a href='https:\/\/ptdl.pl\/index.php\/2024\/12\/06\/stypendia-ifcc-travel-scholarships\/' data-rel='slide-1' class='slide-image' title='Stypendia IFCC Travel Scholarships'><img decoding=\"async\" width=\"500\" height=\"333\" src=\"https:\/\/ptdl.pl\/ptdl\/wp-content\/uploads\/2024\/12\/ifcc_logo_500x333.png\" class=\"wp-image-4082 avia-img-lazy-loading-not-4082 attachment-extra_large size-extra_large wp-post-image\" alt=\"\" srcset=\"https:\/\/ptdl.pl\/ptdl\/wp-content\/uploads\/2024\/12\/ifcc_logo_500x333.png 500w, https:\/\/ptdl.pl\/ptdl\/wp-content\/uploads\/2024\/12\/ifcc_logo_500x333-300x200.png 300w\" sizes=\"(max-width: 500px) 100vw, 500px\" \/><\/a><div class=\"slide-content\"><header class=\"entry-content-header\"><h3 class='slide-entry-title entry-title '  itemprop=\"headline\" ><a href='https:\/\/ptdl.pl\/index.php\/2024\/12\/06\/stypendia-ifcc-travel-scholarships\/' title='Stypendia IFCC Travel Scholarships'>Stypendia IFCC Travel Scholarships<\/a><\/h3><span class=\"av-vertical-delimiter\"><\/span><\/header><div class=\"slide-meta\"><time class='slide-meta-time updated'  itemprop=\"datePublished\" datetime=\"2024-12-06T14:05:07+01:00\" >2024-12-06<\/time><\/div><div class='slide-entry-excerpt entry-content'  itemprop=\"text\" ><div class=\"read-more-link\"><a href=\"https:\/\/ptdl.pl\/index.php\/2024\/12\/06\/stypendia-ifcc-travel-scholarships\/\" class=\"more-link\">Czytaj dalej<span class=\"more-link-arrow\"><\/span><\/a><\/div><\/div><\/div><footer class=\"entry-footer\"><\/footer><span class='hidden'>\n\t\t\t\t<span class='av-structured-data'  itemprop=\"image\" itemscope=\"itemscope\" itemtype=\"https:\/\/schema.org\/ImageObject\" >\n\t\t\t\t\t\t<span itemprop='url'>https:\/\/ptdl.pl\/ptdl\/wp-content\/uploads\/2024\/12\/ifcc_logo_500x333.png<\/span>\n\t\t\t\t\t\t<span itemprop='height'>333<\/span>\n\t\t\t\t\t\t<span itemprop='width'>500<\/span>\n\t\t\t\t<\/span>\n\t\t\t\t<span class='av-structured-data'  itemprop=\"publisher\" itemtype=\"https:\/\/schema.org\/Organization\" itemscope=\"itemscope\" >\n\t\t\t\t\t\t<span itemprop='name'>admin<\/span>\n\t\t\t\t\t\t<span itemprop='logo' itemscope itemtype='https:\/\/schema.org\/ImageObject'>\n\t\t\t\t\t\t\t<span itemprop='url'>https:\/\/ptdl.pl\/wp-content\/uploads\/2023\/03\/logo_2.svg<\/span>\n\t\t\t\t\t\t<\/span>\n\t\t\t\t<\/span><span class='av-structured-data'  itemprop=\"author\" itemscope=\"itemscope\" itemtype=\"https:\/\/schema.org\/Person\" ><span itemprop='name'>admin<\/span><\/span><span class='av-structured-data'  itemprop=\"datePublished\" datetime=\"2023-02-03T12:54:00+01:00\" >2024-12-06 14:05:07<\/span><span class='av-structured-data'  itemprop=\"dateModified\" itemtype=\"https:\/\/schema.org\/dateModified\" >2024-12-10 13:31:52<\/span><span class='av-structured-data'  itemprop=\"mainEntityOfPage\" itemtype=\"https:\/\/schema.org\/mainEntityOfPage\" ><span itemprop='name'>Stypendia IFCC Travel Scholarships<\/span><\/span><\/span><\/article><article class='slide-entry flex_column  post-entry post-entry-4002 slide-entry-overview slide-loop-35 slide-parity-even  av_one_third  real-thumbnail post-format-standard'  itemscope=\"itemscope\" itemtype=\"https:\/\/schema.org\/CreativeWork\" ><a href='https:\/\/ptdl.pl\/index.php\/2024\/11\/28\/4002\/' data-rel='slide-1' class='slide-image' title='Konkurs streszcze\u0144 EUROMEDLAB 2025'><img decoding=\"async\" width=\"500\" height=\"333\" src=\"https:\/\/ptdl.pl\/ptdl\/wp-content\/uploads\/2024\/11\/euromedlab2.png\" class=\"wp-image-4010 avia-img-lazy-loading-not-4010 attachment-extra_large size-extra_large wp-post-image\" alt=\"\" srcset=\"https:\/\/ptdl.pl\/ptdl\/wp-content\/uploads\/2024\/11\/euromedlab2.png 500w, https:\/\/ptdl.pl\/ptdl\/wp-content\/uploads\/2024\/11\/euromedlab2-300x200.png 300w\" sizes=\"(max-width: 500px) 100vw, 500px\" \/><\/a><div class=\"slide-content\"><header class=\"entry-content-header\"><h3 class='slide-entry-title entry-title '  itemprop=\"headline\" ><a href='https:\/\/ptdl.pl\/index.php\/2024\/11\/28\/4002\/' title='Konkurs streszcze\u0144 EUROMEDLAB 2025'>Konkurs streszcze\u0144 EUROMEDLAB 2025<\/a><\/h3><span class=\"av-vertical-delimiter\"><\/span><\/header><div class=\"slide-meta\"><time class='slide-meta-time updated'  itemprop=\"datePublished\" datetime=\"2024-11-28T10:31:53+01:00\" >2024-11-28<\/time><\/div><div class='slide-entry-excerpt entry-content'  itemprop=\"text\" ><div class=\"read-more-link\"><a href=\"https:\/\/ptdl.pl\/index.php\/2024\/11\/28\/4002\/\" class=\"more-link\">Czytaj dalej<span class=\"more-link-arrow\"><\/span><\/a><\/div><\/div><\/div><footer class=\"entry-footer\"><\/footer><span class='hidden'>\n\t\t\t\t<span class='av-structured-data'  itemprop=\"image\" itemscope=\"itemscope\" itemtype=\"https:\/\/schema.org\/ImageObject\" >\n\t\t\t\t\t\t<span itemprop='url'>https:\/\/ptdl.pl\/ptdl\/wp-content\/uploads\/2024\/11\/euromedlab2.png<\/span>\n\t\t\t\t\t\t<span itemprop='height'>333<\/span>\n\t\t\t\t\t\t<span itemprop='width'>500<\/span>\n\t\t\t\t<\/span>\n\t\t\t\t<span class='av-structured-data'  itemprop=\"publisher\" itemtype=\"https:\/\/schema.org\/Organization\" itemscope=\"itemscope\" >\n\t\t\t\t\t\t<span itemprop='name'>admin<\/span>\n\t\t\t\t\t\t<span itemprop='logo' itemscope itemtype='https:\/\/schema.org\/ImageObject'>\n\t\t\t\t\t\t\t<span itemprop='url'>https:\/\/ptdl.pl\/wp-content\/uploads\/2023\/03\/logo_2.svg<\/span>\n\t\t\t\t\t\t<\/span>\n\t\t\t\t<\/span><span class='av-structured-data'  itemprop=\"author\" itemscope=\"itemscope\" itemtype=\"https:\/\/schema.org\/Person\" ><span itemprop='name'>admin<\/span><\/span><span class='av-structured-data'  itemprop=\"datePublished\" datetime=\"2023-02-03T12:54:00+01:00\" >2024-11-28 10:31:53<\/span><span class='av-structured-data'  itemprop=\"dateModified\" itemtype=\"https:\/\/schema.org\/dateModified\" >2024-11-28 10:35:37<\/span><span class='av-structured-data'  itemprop=\"mainEntityOfPage\" itemtype=\"https:\/\/schema.org\/mainEntityOfPage\" ><span itemprop='name'>Konkurs streszcze\u0144 EUROMEDLAB 2025<\/span><\/span><\/span><\/article><article class='slide-entry flex_column  post-entry post-entry-3907 slide-entry-overview slide-loop-36 slide-parity-odd  av_one_third  real-thumbnail post-format-standard'  itemscope=\"itemscope\" itemtype=\"https:\/\/schema.org\/CreativeWork\" ><a href='https:\/\/ptdl.pl\/index.php\/2024\/11\/08\/3907\/' data-rel='slide-1' class='slide-image' title='Gratulacje !!!'><img decoding=\"async\" width=\"500\" height=\"333\" src=\"https:\/\/ptdl.pl\/ptdl\/wp-content\/uploads\/2024\/11\/klis.png\" class=\"wp-image-3908 avia-img-lazy-loading-not-3908 attachment-extra_large size-extra_large wp-post-image\" alt=\"\" srcset=\"https:\/\/ptdl.pl\/ptdl\/wp-content\/uploads\/2024\/11\/klis.png 500w, https:\/\/ptdl.pl\/ptdl\/wp-content\/uploads\/2024\/11\/klis-300x200.png 300w\" sizes=\"(max-width: 500px) 100vw, 500px\" \/><\/a><div class=\"slide-content\"><header class=\"entry-content-header\"><h3 class='slide-entry-title entry-title '  itemprop=\"headline\" ><a href='https:\/\/ptdl.pl\/index.php\/2024\/11\/08\/3907\/' title='Gratulacje !!!'>Gratulacje !!!<\/a><\/h3><span class=\"av-vertical-delimiter\"><\/span><\/header><div class=\"slide-meta\"><time class='slide-meta-time updated'  itemprop=\"datePublished\" datetime=\"2024-11-08T12:01:39+01:00\" >2024-11-08<\/time><\/div><div class='slide-entry-excerpt entry-content'  itemprop=\"text\" ><div class=\"read-more-link\"><a href=\"https:\/\/ptdl.pl\/index.php\/2024\/11\/08\/3907\/\" class=\"more-link\">Czytaj dalej<span class=\"more-link-arrow\"><\/span><\/a><\/div><\/div><\/div><footer class=\"entry-footer\"><\/footer><span class='hidden'>\n\t\t\t\t<span class='av-structured-data'  itemprop=\"image\" itemscope=\"itemscope\" itemtype=\"https:\/\/schema.org\/ImageObject\" >\n\t\t\t\t\t\t<span itemprop='url'>https:\/\/ptdl.pl\/ptdl\/wp-content\/uploads\/2024\/11\/klis.png<\/span>\n\t\t\t\t\t\t<span itemprop='height'>333<\/span>\n\t\t\t\t\t\t<span itemprop='width'>500<\/span>\n\t\t\t\t<\/span>\n\t\t\t\t<span class='av-structured-data'  itemprop=\"publisher\" itemtype=\"https:\/\/schema.org\/Organization\" itemscope=\"itemscope\" >\n\t\t\t\t\t\t<span itemprop='name'>admin<\/span>\n\t\t\t\t\t\t<span itemprop='logo' itemscope itemtype='https:\/\/schema.org\/ImageObject'>\n\t\t\t\t\t\t\t<span itemprop='url'>https:\/\/ptdl.pl\/wp-content\/uploads\/2023\/03\/logo_2.svg<\/span>\n\t\t\t\t\t\t<\/span>\n\t\t\t\t<\/span><span class='av-structured-data'  itemprop=\"author\" itemscope=\"itemscope\" itemtype=\"https:\/\/schema.org\/Person\" ><span itemprop='name'>admin<\/span><\/span><span class='av-structured-data'  itemprop=\"datePublished\" datetime=\"2023-02-03T12:54:00+01:00\" >2024-11-08 12:01:39<\/span><span class='av-structured-data'  itemprop=\"dateModified\" itemtype=\"https:\/\/schema.org\/dateModified\" >2024-11-08 12:02:09<\/span><span class='av-structured-data'  itemprop=\"mainEntityOfPage\" itemtype=\"https:\/\/schema.org\/mainEntityOfPage\" ><span itemprop='name'>Gratulacje !!!<\/span><\/span><\/span><\/article><\/div><div class=\"slide-entry-wrap\"><article class='slide-entry flex_column  post-entry post-entry-3729 slide-entry-overview slide-loop-37 slide-parity-odd  av_one_third first real-thumbnail post-format-standard'  itemscope=\"itemscope\" itemtype=\"https:\/\/schema.org\/CreativeWork\" ><a href='https:\/\/ptdl.pl\/index.php\/2024\/11\/07\/konferencja-evaluating-and-monitoring-analytical-quality-in-the-traceability-era\/' data-rel='slide-1' class='slide-image' title='Konferencja &#8222;Evaluating and monitoring analytical quality in the traceability era&#8221;'><img decoding=\"async\" width=\"500\" height=\"333\" src=\"https:\/\/ptdl.pl\/ptdl\/wp-content\/uploads\/2024\/10\/konferencja.png\" class=\"wp-image-3730 avia-img-lazy-loading-not-3730 attachment-extra_large size-extra_large wp-post-image\" alt=\"\" srcset=\"https:\/\/ptdl.pl\/ptdl\/wp-content\/uploads\/2024\/10\/konferencja.png 500w, https:\/\/ptdl.pl\/ptdl\/wp-content\/uploads\/2024\/10\/konferencja-300x200.png 300w\" sizes=\"(max-width: 500px) 100vw, 500px\" \/><\/a><div class=\"slide-content\"><header class=\"entry-content-header\"><h3 class='slide-entry-title entry-title '  itemprop=\"headline\" ><a href='https:\/\/ptdl.pl\/index.php\/2024\/11\/07\/konferencja-evaluating-and-monitoring-analytical-quality-in-the-traceability-era\/' title='Konferencja &#8222;Evaluating and monitoring analytical quality in the traceability era&#8221;'>Konferencja &#8222;Evaluating and monitoring analytical quality in the traceability era&#8221;<\/a><\/h3><span class=\"av-vertical-delimiter\"><\/span><\/header><div class=\"slide-meta\"><time class='slide-meta-time updated'  itemprop=\"datePublished\" datetime=\"2024-11-07T15:25:53+01:00\" >2024-11-07<\/time><\/div><div class='slide-entry-excerpt entry-content'  itemprop=\"text\" ><div class=\"read-more-link\"><a href=\"https:\/\/ptdl.pl\/index.php\/2024\/11\/07\/konferencja-evaluating-and-monitoring-analytical-quality-in-the-traceability-era\/\" class=\"more-link\">Czytaj dalej<span class=\"more-link-arrow\"><\/span><\/a><\/div><\/div><\/div><footer class=\"entry-footer\"><\/footer><span class='hidden'>\n\t\t\t\t<span class='av-structured-data'  itemprop=\"image\" itemscope=\"itemscope\" itemtype=\"https:\/\/schema.org\/ImageObject\" >\n\t\t\t\t\t\t<span itemprop='url'>https:\/\/ptdl.pl\/ptdl\/wp-content\/uploads\/2024\/10\/konferencja.png<\/span>\n\t\t\t\t\t\t<span itemprop='height'>333<\/span>\n\t\t\t\t\t\t<span itemprop='width'>500<\/span>\n\t\t\t\t<\/span>\n\t\t\t\t<span class='av-structured-data'  itemprop=\"publisher\" itemtype=\"https:\/\/schema.org\/Organization\" itemscope=\"itemscope\" >\n\t\t\t\t\t\t<span itemprop='name'>admin<\/span>\n\t\t\t\t\t\t<span itemprop='logo' itemscope itemtype='https:\/\/schema.org\/ImageObject'>\n\t\t\t\t\t\t\t<span itemprop='url'>https:\/\/ptdl.pl\/wp-content\/uploads\/2023\/03\/logo_2.svg<\/span>\n\t\t\t\t\t\t<\/span>\n\t\t\t\t<\/span><span class='av-structured-data'  itemprop=\"author\" itemscope=\"itemscope\" itemtype=\"https:\/\/schema.org\/Person\" ><span itemprop='name'>admin<\/span><\/span><span class='av-structured-data'  itemprop=\"datePublished\" datetime=\"2023-02-03T12:54:00+01:00\" >2024-11-07 15:25:53<\/span><span class='av-structured-data'  itemprop=\"dateModified\" itemtype=\"https:\/\/schema.org\/dateModified\" >2024-11-08 13:35:54<\/span><span class='av-structured-data'  itemprop=\"mainEntityOfPage\" itemtype=\"https:\/\/schema.org\/mainEntityOfPage\" ><span itemprop='name'>Konferencja &#8222;Evaluating and monitoring analytical quality in the traceability era&#8221;<\/span><\/span><\/span><\/article><article class='slide-entry flex_column  post-entry post-entry-3733 slide-entry-overview slide-loop-38 slide-parity-even  av_one_third  real-thumbnail post-format-standard'  itemscope=\"itemscope\" itemtype=\"https:\/\/schema.org\/CreativeWork\" ><a href='https:\/\/ptdl.pl\/index.php\/2024\/10\/10\/konferencja-ptdl-wyzwania-medycyny-laboratoryjnej-wspolczesnosc-spojrzenie-w-przyszlosc\/' data-rel='slide-1' class='slide-image' title='Konferencja PTDL &#8222;Wyzwania medycyny laboratoryjnej &#8211; wsp\u00f3\u0142czesno\u015b\u0107, spojrzenie w przysz\u0142o\u015b\u0107&#8221;'><img decoding=\"async\" width=\"500\" height=\"333\" src=\"https:\/\/ptdl.pl\/ptdl\/wp-content\/uploads\/2024\/04\/baner-60-PTDL.jpg\" class=\"wp-image-3241 avia-img-lazy-loading-not-3241 attachment-extra_large size-extra_large wp-post-image\" alt=\"\" srcset=\"https:\/\/ptdl.pl\/ptdl\/wp-content\/uploads\/2024\/04\/baner-60-PTDL.jpg 500w, https:\/\/ptdl.pl\/ptdl\/wp-content\/uploads\/2024\/04\/baner-60-PTDL-300x200.jpg 300w\" sizes=\"(max-width: 500px) 100vw, 500px\" \/><\/a><div class=\"slide-content\"><header class=\"entry-content-header\"><h3 class='slide-entry-title entry-title '  itemprop=\"headline\" ><a href='https:\/\/ptdl.pl\/index.php\/2024\/10\/10\/konferencja-ptdl-wyzwania-medycyny-laboratoryjnej-wspolczesnosc-spojrzenie-w-przyszlosc\/' title='Konferencja PTDL &#8222;Wyzwania medycyny laboratoryjnej &#8211; wsp\u00f3\u0142czesno\u015b\u0107, spojrzenie w przysz\u0142o\u015b\u0107&#8221;'>Konferencja PTDL &#8222;Wyzwania medycyny laboratoryjnej &#8211; wsp\u00f3\u0142czesno\u015b\u0107, spojrzenie w przysz\u0142o\u015b\u0107&#8221;<\/a><\/h3><span class=\"av-vertical-delimiter\"><\/span><\/header><div class=\"slide-meta\"><time class='slide-meta-time updated'  itemprop=\"datePublished\" datetime=\"2024-10-10T15:29:55+02:00\" >2024-10-10<\/time><\/div><div class='slide-entry-excerpt entry-content'  itemprop=\"text\" ><div class=\"read-more-link\"><a href=\"https:\/\/ptdl.pl\/index.php\/2024\/10\/10\/konferencja-ptdl-wyzwania-medycyny-laboratoryjnej-wspolczesnosc-spojrzenie-w-przyszlosc\/\" class=\"more-link\">Czytaj dalej<span class=\"more-link-arrow\"><\/span><\/a><\/div><\/div><\/div><footer class=\"entry-footer\"><\/footer><span class='hidden'>\n\t\t\t\t<span class='av-structured-data'  itemprop=\"image\" itemscope=\"itemscope\" itemtype=\"https:\/\/schema.org\/ImageObject\" >\n\t\t\t\t\t\t<span itemprop='url'>https:\/\/ptdl.pl\/ptdl\/wp-content\/uploads\/2024\/04\/baner-60-PTDL.jpg<\/span>\n\t\t\t\t\t\t<span itemprop='height'>333<\/span>\n\t\t\t\t\t\t<span itemprop='width'>500<\/span>\n\t\t\t\t<\/span>\n\t\t\t\t<span class='av-structured-data'  itemprop=\"publisher\" itemtype=\"https:\/\/schema.org\/Organization\" itemscope=\"itemscope\" >\n\t\t\t\t\t\t<span itemprop='name'>admin<\/span>\n\t\t\t\t\t\t<span itemprop='logo' itemscope itemtype='https:\/\/schema.org\/ImageObject'>\n\t\t\t\t\t\t\t<span itemprop='url'>https:\/\/ptdl.pl\/wp-content\/uploads\/2023\/03\/logo_2.svg<\/span>\n\t\t\t\t\t\t<\/span>\n\t\t\t\t<\/span><span class='av-structured-data'  itemprop=\"author\" itemscope=\"itemscope\" itemtype=\"https:\/\/schema.org\/Person\" ><span itemprop='name'>admin<\/span><\/span><span class='av-structured-data'  itemprop=\"datePublished\" datetime=\"2023-02-03T12:54:00+01:00\" >2024-10-10 15:29:55<\/span><span class='av-structured-data'  itemprop=\"dateModified\" itemtype=\"https:\/\/schema.org\/dateModified\" >2024-10-10 15:29:55<\/span><span class='av-structured-data'  itemprop=\"mainEntityOfPage\" itemtype=\"https:\/\/schema.org\/mainEntityOfPage\" ><span itemprop='name'>Konferencja PTDL &#8222;Wyzwania medycyny laboratoryjnej &#8211; wsp\u00f3\u0142czesno\u015b\u0107, spojrzenie w przysz\u0142o\u015b\u0107&#8221;<\/span><\/span><\/span><\/article><article class='slide-entry flex_column  post-entry post-entry-3649 slide-entry-overview slide-loop-39 slide-parity-odd  av_one_third  real-thumbnail post-format-standard'  itemscope=\"itemscope\" itemtype=\"https:\/\/schema.org\/CreativeWork\" ><a href='https:\/\/ptdl.pl\/index.php\/2024\/10\/01\/young-scientists-forum-2-0\/' data-rel='slide-1' class='slide-image' title='Young Scientists\u2019 Forum 2.0'><img decoding=\"async\" width=\"500\" height=\"333\" src=\"https:\/\/ptdl.pl\/ptdl\/wp-content\/uploads\/2024\/10\/ysf.png\" class=\"wp-image-3651 avia-img-lazy-loading-not-3651 attachment-extra_large size-extra_large wp-post-image\" alt=\"\" srcset=\"https:\/\/ptdl.pl\/ptdl\/wp-content\/uploads\/2024\/10\/ysf.png 500w, https:\/\/ptdl.pl\/ptdl\/wp-content\/uploads\/2024\/10\/ysf-300x200.png 300w\" sizes=\"(max-width: 500px) 100vw, 500px\" \/><\/a><div class=\"slide-content\"><header class=\"entry-content-header\"><h3 class='slide-entry-title entry-title '  itemprop=\"headline\" ><a href='https:\/\/ptdl.pl\/index.php\/2024\/10\/01\/young-scientists-forum-2-0\/' title='Young Scientists\u2019 Forum 2.0'>Young Scientists\u2019 Forum 2.0<\/a><\/h3><span class=\"av-vertical-delimiter\"><\/span><\/header><div class=\"slide-meta\"><time class='slide-meta-time updated'  itemprop=\"datePublished\" datetime=\"2024-10-01T13:21:14+02:00\" >2024-10-01<\/time><\/div><div class='slide-entry-excerpt entry-content'  itemprop=\"text\" ><div class=\"read-more-link\"><a href=\"https:\/\/ptdl.pl\/index.php\/2024\/10\/01\/young-scientists-forum-2-0\/\" class=\"more-link\">Czytaj dalej<span class=\"more-link-arrow\"><\/span><\/a><\/div><\/div><\/div><footer class=\"entry-footer\"><\/footer><span class='hidden'>\n\t\t\t\t<span class='av-structured-data'  itemprop=\"image\" itemscope=\"itemscope\" itemtype=\"https:\/\/schema.org\/ImageObject\" >\n\t\t\t\t\t\t<span itemprop='url'>https:\/\/ptdl.pl\/ptdl\/wp-content\/uploads\/2024\/10\/ysf.png<\/span>\n\t\t\t\t\t\t<span itemprop='height'>333<\/span>\n\t\t\t\t\t\t<span itemprop='width'>500<\/span>\n\t\t\t\t<\/span>\n\t\t\t\t<span class='av-structured-data'  itemprop=\"publisher\" itemtype=\"https:\/\/schema.org\/Organization\" itemscope=\"itemscope\" >\n\t\t\t\t\t\t<span itemprop='name'>admin<\/span>\n\t\t\t\t\t\t<span itemprop='logo' itemscope itemtype='https:\/\/schema.org\/ImageObject'>\n\t\t\t\t\t\t\t<span itemprop='url'>https:\/\/ptdl.pl\/wp-content\/uploads\/2023\/03\/logo_2.svg<\/span>\n\t\t\t\t\t\t<\/span>\n\t\t\t\t<\/span><span class='av-structured-data'  itemprop=\"author\" itemscope=\"itemscope\" itemtype=\"https:\/\/schema.org\/Person\" ><span itemprop='name'>admin<\/span><\/span><span class='av-structured-data'  itemprop=\"datePublished\" datetime=\"2023-02-03T12:54:00+01:00\" >2024-10-01 13:21:14<\/span><span class='av-structured-data'  itemprop=\"dateModified\" itemtype=\"https:\/\/schema.org\/dateModified\" >2024-10-01 13:21:14<\/span><span class='av-structured-data'  itemprop=\"mainEntityOfPage\" itemtype=\"https:\/\/schema.org\/mainEntityOfPage\" ><span itemprop='name'>Young Scientists\u2019 Forum 2.0<\/span><\/span><\/span><\/article><\/div><div class=\"slide-entry-wrap\"><article class='slide-entry flex_column  post-entry post-entry-3635 slide-entry-overview slide-loop-40 slide-parity-odd  av_one_third first real-thumbnail post-format-standard'  itemscope=\"itemscope\" itemtype=\"https:\/\/schema.org\/CreativeWork\" ><a href='https:\/\/ptdl.pl\/index.php\/2024\/09\/27\/nominacja-profesorska-prof-iwonia-bil-lula\/' data-rel='slide-1' class='slide-image' title='Nominacja profesorska prof. Iwona Bil-Lula'><img decoding=\"async\" width=\"500\" height=\"333\" src=\"https:\/\/ptdl.pl\/ptdl\/wp-content\/uploads\/2024\/09\/bil-lula.jpg\" class=\"wp-image-3636 avia-img-lazy-loading-not-3636 attachment-extra_large size-extra_large wp-post-image\" alt=\"\" srcset=\"https:\/\/ptdl.pl\/ptdl\/wp-content\/uploads\/2024\/09\/bil-lula.jpg 500w, https:\/\/ptdl.pl\/ptdl\/wp-content\/uploads\/2024\/09\/bil-lula-300x200.jpg 300w\" sizes=\"(max-width: 500px) 100vw, 500px\" \/><\/a><div class=\"slide-content\"><header class=\"entry-content-header\"><h3 class='slide-entry-title entry-title '  itemprop=\"headline\" ><a href='https:\/\/ptdl.pl\/index.php\/2024\/09\/27\/nominacja-profesorska-prof-iwonia-bil-lula\/' title='Nominacja profesorska prof. Iwona Bil-Lula'>Nominacja profesorska prof. Iwona Bil-Lula<\/a><\/h3><span class=\"av-vertical-delimiter\"><\/span><\/header><div class=\"slide-meta\"><time class='slide-meta-time updated'  itemprop=\"datePublished\" datetime=\"2024-09-27T13:38:49+02:00\" >2024-09-27<\/time><\/div><div class='slide-entry-excerpt entry-content'  itemprop=\"text\" ><div class=\"read-more-link\"><a href=\"https:\/\/ptdl.pl\/index.php\/2024\/09\/27\/nominacja-profesorska-prof-iwonia-bil-lula\/\" class=\"more-link\">Czytaj dalej<span class=\"more-link-arrow\"><\/span><\/a><\/div><\/div><\/div><footer class=\"entry-footer\"><\/footer><span class='hidden'>\n\t\t\t\t<span class='av-structured-data'  itemprop=\"image\" itemscope=\"itemscope\" itemtype=\"https:\/\/schema.org\/ImageObject\" >\n\t\t\t\t\t\t<span itemprop='url'>https:\/\/ptdl.pl\/ptdl\/wp-content\/uploads\/2024\/09\/bil-lula.jpg<\/span>\n\t\t\t\t\t\t<span itemprop='height'>333<\/span>\n\t\t\t\t\t\t<span itemprop='width'>500<\/span>\n\t\t\t\t<\/span>\n\t\t\t\t<span class='av-structured-data'  itemprop=\"publisher\" itemtype=\"https:\/\/schema.org\/Organization\" itemscope=\"itemscope\" >\n\t\t\t\t\t\t<span itemprop='name'>admin<\/span>\n\t\t\t\t\t\t<span itemprop='logo' itemscope itemtype='https:\/\/schema.org\/ImageObject'>\n\t\t\t\t\t\t\t<span itemprop='url'>https:\/\/ptdl.pl\/wp-content\/uploads\/2023\/03\/logo_2.svg<\/span>\n\t\t\t\t\t\t<\/span>\n\t\t\t\t<\/span><span class='av-structured-data'  itemprop=\"author\" itemscope=\"itemscope\" itemtype=\"https:\/\/schema.org\/Person\" ><span itemprop='name'>admin<\/span><\/span><span class='av-structured-data'  itemprop=\"datePublished\" datetime=\"2023-02-03T12:54:00+01:00\" >2024-09-27 13:38:49<\/span><span class='av-structured-data'  itemprop=\"dateModified\" itemtype=\"https:\/\/schema.org\/dateModified\" >2024-09-27 14:44:31<\/span><span class='av-structured-data'  itemprop=\"mainEntityOfPage\" itemtype=\"https:\/\/schema.org\/mainEntityOfPage\" ><span itemprop='name'>Nominacja profesorska prof. Iwona Bil-Lula<\/span><\/span><\/span><\/article><article class='slide-entry flex_column  post-entry post-entry-3541 slide-entry-overview slide-loop-41 slide-parity-even  av_one_third  real-thumbnail post-format-standard'  itemscope=\"itemscope\" itemtype=\"https:\/\/schema.org\/CreativeWork\" ><a href='https:\/\/ptdl.pl\/index.php\/2024\/07\/15\/akademia-cytologa-hpv-2\/' data-rel='slide-1' class='slide-image' title='Akademia Cytologa HPV'><img decoding=\"async\" width=\"500\" height=\"333\" src=\"https:\/\/ptdl.pl\/ptdl\/wp-content\/uploads\/2024\/07\/AC_2023.jpg\" class=\"wp-image-3542 avia-img-lazy-loading-not-3542 attachment-extra_large size-extra_large wp-post-image\" alt=\"\" srcset=\"https:\/\/ptdl.pl\/ptdl\/wp-content\/uploads\/2024\/07\/AC_2023.jpg 500w, https:\/\/ptdl.pl\/ptdl\/wp-content\/uploads\/2024\/07\/AC_2023-300x200.jpg 300w\" sizes=\"(max-width: 500px) 100vw, 500px\" \/><\/a><div class=\"slide-content\"><header class=\"entry-content-header\"><h3 class='slide-entry-title entry-title '  itemprop=\"headline\" ><a href='https:\/\/ptdl.pl\/index.php\/2024\/07\/15\/akademia-cytologa-hpv-2\/' title='Akademia Cytologa HPV'>Akademia Cytologa HPV<\/a><\/h3><span class=\"av-vertical-delimiter\"><\/span><\/header><div class=\"slide-meta\"><time class='slide-meta-time updated'  itemprop=\"datePublished\" datetime=\"2024-07-15T09:21:22+02:00\" >2024-07-15<\/time><\/div><div class='slide-entry-excerpt entry-content'  itemprop=\"text\" ><div class=\"read-more-link\"><a href=\"https:\/\/ptdl.pl\/index.php\/2024\/07\/15\/akademia-cytologa-hpv-2\/\" class=\"more-link\">Czytaj dalej<span class=\"more-link-arrow\"><\/span><\/a><\/div><\/div><\/div><footer class=\"entry-footer\"><\/footer><span class='hidden'>\n\t\t\t\t<span class='av-structured-data'  itemprop=\"image\" itemscope=\"itemscope\" itemtype=\"https:\/\/schema.org\/ImageObject\" >\n\t\t\t\t\t\t<span itemprop='url'>https:\/\/ptdl.pl\/ptdl\/wp-content\/uploads\/2024\/07\/AC_2023.jpg<\/span>\n\t\t\t\t\t\t<span itemprop='height'>333<\/span>\n\t\t\t\t\t\t<span itemprop='width'>500<\/span>\n\t\t\t\t<\/span>\n\t\t\t\t<span class='av-structured-data'  itemprop=\"publisher\" itemtype=\"https:\/\/schema.org\/Organization\" itemscope=\"itemscope\" >\n\t\t\t\t\t\t<span itemprop='name'>admin<\/span>\n\t\t\t\t\t\t<span itemprop='logo' itemscope itemtype='https:\/\/schema.org\/ImageObject'>\n\t\t\t\t\t\t\t<span itemprop='url'>https:\/\/ptdl.pl\/wp-content\/uploads\/2023\/03\/logo_2.svg<\/span>\n\t\t\t\t\t\t<\/span>\n\t\t\t\t<\/span><span class='av-structured-data'  itemprop=\"author\" itemscope=\"itemscope\" itemtype=\"https:\/\/schema.org\/Person\" ><span itemprop='name'>admin<\/span><\/span><span class='av-structured-data'  itemprop=\"datePublished\" datetime=\"2023-02-03T12:54:00+01:00\" >2024-07-15 09:21:22<\/span><span class='av-structured-data'  itemprop=\"dateModified\" itemtype=\"https:\/\/schema.org\/dateModified\" >2024-07-16 14:28:31<\/span><span class='av-structured-data'  itemprop=\"mainEntityOfPage\" itemtype=\"https:\/\/schema.org\/mainEntityOfPage\" ><span itemprop='name'>Akademia Cytologa HPV<\/span><\/span><\/span><\/article><article class='slide-entry flex_column  post-entry post-entry-3453 slide-entry-overview slide-loop-42 slide-parity-odd  av_one_third  real-thumbnail post-format-standard'  itemscope=\"itemscope\" itemtype=\"https:\/\/schema.org\/CreativeWork\" ><a href='https:\/\/ptdl.pl\/index.php\/2024\/05\/27\/27-maj-dzien-diagnosty-laboratoryjnego\/' data-rel='slide-1' class='slide-image' title='27 MAJ &#8211; Dzie\u0144 Diagnosty Laboratoryjnego'><img decoding=\"async\" width=\"500\" height=\"333\" src=\"https:\/\/ptdl.pl\/ptdl\/wp-content\/uploads\/2024\/05\/dzien-diagn-labpptx2.png\" class=\"wp-image-3455 avia-img-lazy-loading-not-3455 attachment-extra_large size-extra_large wp-post-image\" alt=\"\" srcset=\"https:\/\/ptdl.pl\/ptdl\/wp-content\/uploads\/2024\/05\/dzien-diagn-labpptx2.png 500w, https:\/\/ptdl.pl\/ptdl\/wp-content\/uploads\/2024\/05\/dzien-diagn-labpptx2-300x200.png 300w\" sizes=\"(max-width: 500px) 100vw, 500px\" \/><\/a><div class=\"slide-content\"><header class=\"entry-content-header\"><h3 class='slide-entry-title entry-title '  itemprop=\"headline\" ><a href='https:\/\/ptdl.pl\/index.php\/2024\/05\/27\/27-maj-dzien-diagnosty-laboratoryjnego\/' title='27 MAJ &#8211; Dzie\u0144 Diagnosty Laboratoryjnego'>27 MAJ &#8211; Dzie\u0144 Diagnosty Laboratoryjnego<\/a><\/h3><span class=\"av-vertical-delimiter\"><\/span><\/header><div class=\"slide-meta\"><time class='slide-meta-time updated'  itemprop=\"datePublished\" datetime=\"2024-05-27T10:23:39+02:00\" >2024-05-27<\/time><\/div><div class='slide-entry-excerpt entry-content'  itemprop=\"text\" ><div class=\"read-more-link\"><a href=\"https:\/\/ptdl.pl\/index.php\/2024\/05\/27\/27-maj-dzien-diagnosty-laboratoryjnego\/\" class=\"more-link\">Czytaj dalej<span class=\"more-link-arrow\"><\/span><\/a><\/div><\/div><\/div><footer class=\"entry-footer\"><\/footer><span class='hidden'>\n\t\t\t\t<span class='av-structured-data'  itemprop=\"image\" itemscope=\"itemscope\" itemtype=\"https:\/\/schema.org\/ImageObject\" >\n\t\t\t\t\t\t<span itemprop='url'>https:\/\/ptdl.pl\/ptdl\/wp-content\/uploads\/2024\/05\/dzien-diagn-labpptx2.png<\/span>\n\t\t\t\t\t\t<span itemprop='height'>333<\/span>\n\t\t\t\t\t\t<span itemprop='width'>500<\/span>\n\t\t\t\t<\/span>\n\t\t\t\t<span class='av-structured-data'  itemprop=\"publisher\" itemtype=\"https:\/\/schema.org\/Organization\" itemscope=\"itemscope\" >\n\t\t\t\t\t\t<span itemprop='name'>admin<\/span>\n\t\t\t\t\t\t<span itemprop='logo' itemscope itemtype='https:\/\/schema.org\/ImageObject'>\n\t\t\t\t\t\t\t<span itemprop='url'>https:\/\/ptdl.pl\/wp-content\/uploads\/2023\/03\/logo_2.svg<\/span>\n\t\t\t\t\t\t<\/span>\n\t\t\t\t<\/span><span class='av-structured-data'  itemprop=\"author\" itemscope=\"itemscope\" itemtype=\"https:\/\/schema.org\/Person\" ><span itemprop='name'>admin<\/span><\/span><span class='av-structured-data'  itemprop=\"datePublished\" datetime=\"2023-02-03T12:54:00+01:00\" >2024-05-27 10:23:39<\/span><span class='av-structured-data'  itemprop=\"dateModified\" itemtype=\"https:\/\/schema.org\/dateModified\" >2024-05-27 10:26:58<\/span><span class='av-structured-data'  itemprop=\"mainEntityOfPage\" itemtype=\"https:\/\/schema.org\/mainEntityOfPage\" ><span itemprop='name'>27 MAJ &#8211; Dzie\u0144 Diagnosty Laboratoryjnego<\/span><\/span><\/span><\/article><\/div><div class=\"slide-entry-wrap\"><article class='slide-entry flex_column  post-entry post-entry-3448 slide-entry-overview slide-loop-43 slide-parity-odd  av_one_third first real-thumbnail post-format-standard'  itemscope=\"itemscope\" itemtype=\"https:\/\/schema.org\/CreativeWork\" ><a href='https:\/\/ptdl.pl\/index.php\/2024\/05\/27\/konferencja-online-trendy-w-diagnostyce-wybrane-aspekty-medycyny-laboratoryjnej-27-maja-7-czerwca-2024\/' data-rel='slide-1' class='slide-image' title='Konferencja online Trendy w Diagnostyce &#8211; Wybrane aspekty Medycyny Laboratoryjnej 27 maja &#8211; 7 czerwca 2024'><img decoding=\"async\" width=\"502\" height=\"333\" src=\"https:\/\/ptdl.pl\/ptdl\/wp-content\/uploads\/2023\/12\/news_54.jpg\" class=\"wp-image-2029 avia-img-lazy-loading-not-2029 attachment-extra_large size-extra_large wp-post-image\" alt=\"\" srcset=\"https:\/\/ptdl.pl\/ptdl\/wp-content\/uploads\/2023\/12\/news_54.jpg 502w, https:\/\/ptdl.pl\/ptdl\/wp-content\/uploads\/2023\/12\/news_54-300x199.jpg 300w\" sizes=\"(max-width: 502px) 100vw, 502px\" \/><\/a><div class=\"slide-content\"><header class=\"entry-content-header\"><h3 class='slide-entry-title entry-title '  itemprop=\"headline\" ><a href='https:\/\/ptdl.pl\/index.php\/2024\/05\/27\/konferencja-online-trendy-w-diagnostyce-wybrane-aspekty-medycyny-laboratoryjnej-27-maja-7-czerwca-2024\/' title='Konferencja online Trendy w Diagnostyce &#8211; Wybrane aspekty Medycyny Laboratoryjnej 27 maja &#8211; 7 czerwca 2024'>Konferencja online Trendy w Diagnostyce &#8211; Wybrane aspekty Medycyny Laboratoryjnej 27 maja &#8211; 7 czerwca 2024<\/a><\/h3><span class=\"av-vertical-delimiter\"><\/span><\/header><div class=\"slide-meta\"><time class='slide-meta-time updated'  itemprop=\"datePublished\" datetime=\"2024-05-27T08:00:31+02:00\" >2024-05-27<\/time><\/div><div class='slide-entry-excerpt entry-content'  itemprop=\"text\" ><div class=\"read-more-link\"><a href=\"https:\/\/ptdl.pl\/index.php\/2024\/05\/27\/konferencja-online-trendy-w-diagnostyce-wybrane-aspekty-medycyny-laboratoryjnej-27-maja-7-czerwca-2024\/\" class=\"more-link\">Czytaj dalej<span class=\"more-link-arrow\"><\/span><\/a><\/div><\/div><\/div><footer class=\"entry-footer\"><\/footer><span class='hidden'>\n\t\t\t\t<span class='av-structured-data'  itemprop=\"image\" itemscope=\"itemscope\" itemtype=\"https:\/\/schema.org\/ImageObject\" >\n\t\t\t\t\t\t<span itemprop='url'>https:\/\/ptdl.pl\/ptdl\/wp-content\/uploads\/2023\/12\/news_54.jpg<\/span>\n\t\t\t\t\t\t<span itemprop='height'>333<\/span>\n\t\t\t\t\t\t<span itemprop='width'>502<\/span>\n\t\t\t\t<\/span>\n\t\t\t\t<span class='av-structured-data'  itemprop=\"publisher\" itemtype=\"https:\/\/schema.org\/Organization\" itemscope=\"itemscope\" >\n\t\t\t\t\t\t<span itemprop='name'>admin<\/span>\n\t\t\t\t\t\t<span itemprop='logo' itemscope itemtype='https:\/\/schema.org\/ImageObject'>\n\t\t\t\t\t\t\t<span itemprop='url'>https:\/\/ptdl.pl\/wp-content\/uploads\/2023\/03\/logo_2.svg<\/span>\n\t\t\t\t\t\t<\/span>\n\t\t\t\t<\/span><span class='av-structured-data'  itemprop=\"author\" itemscope=\"itemscope\" itemtype=\"https:\/\/schema.org\/Person\" ><span itemprop='name'>admin<\/span><\/span><span class='av-structured-data'  itemprop=\"datePublished\" datetime=\"2023-02-03T12:54:00+01:00\" >2024-05-27 08:00:31<\/span><span class='av-structured-data'  itemprop=\"dateModified\" itemtype=\"https:\/\/schema.org\/dateModified\" >2024-05-26 23:07:38<\/span><span class='av-structured-data'  itemprop=\"mainEntityOfPage\" itemtype=\"https:\/\/schema.org\/mainEntityOfPage\" ><span itemprop='name'>Konferencja online Trendy w Diagnostyce &#8211; Wybrane aspekty Medycyny Laboratoryjnej 27 maja &#8211; 7 czerwca 2024<\/span><\/span><\/span><\/article><article class='slide-entry flex_column  post-entry post-entry-3240 slide-entry-overview slide-loop-44 slide-parity-even  av_one_third  real-thumbnail post-format-standard'  itemscope=\"itemscope\" itemtype=\"https:\/\/schema.org\/CreativeWork\" ><a href='https:\/\/ptdl.pl\/index.php\/2024\/05\/15\/jubileuszowa-konferencja-wyzwania-medycyny-laboratoryjnej-wspolczesnosc-spojrzenie-w-przyszlosc-60-lecie-polskiego-towarzystwa-diagnostyki-laboratoryjnej\/' data-rel='slide-1' class='slide-image' title='Jubileuszowa konferencja &#8222;Wyzwania medycyny laboratoryjnej \u2013 60-lecie Polskiego Towarzystwa Diagnostyki Laboratoryjnej'><img decoding=\"async\" width=\"500\" height=\"333\" src=\"https:\/\/ptdl.pl\/ptdl\/wp-content\/uploads\/2024\/04\/baner-60-PTDL.jpg\" class=\"wp-image-3241 avia-img-lazy-loading-not-3241 attachment-extra_large size-extra_large wp-post-image\" alt=\"\" srcset=\"https:\/\/ptdl.pl\/ptdl\/wp-content\/uploads\/2024\/04\/baner-60-PTDL.jpg 500w, https:\/\/ptdl.pl\/ptdl\/wp-content\/uploads\/2024\/04\/baner-60-PTDL-300x200.jpg 300w\" sizes=\"(max-width: 500px) 100vw, 500px\" \/><\/a><div class=\"slide-content\"><header class=\"entry-content-header\"><h3 class='slide-entry-title entry-title '  itemprop=\"headline\" ><a href='https:\/\/ptdl.pl\/index.php\/2024\/05\/15\/jubileuszowa-konferencja-wyzwania-medycyny-laboratoryjnej-wspolczesnosc-spojrzenie-w-przyszlosc-60-lecie-polskiego-towarzystwa-diagnostyki-laboratoryjnej\/' title='Jubileuszowa konferencja &#8222;Wyzwania medycyny laboratoryjnej \u2013 60-lecie Polskiego Towarzystwa Diagnostyki Laboratoryjnej'>Jubileuszowa konferencja &#8222;Wyzwania medycyny laboratoryjnej \u2013 60-lecie Polskiego Towarzystwa Diagnostyki Laboratoryjnej<\/a><\/h3><span class=\"av-vertical-delimiter\"><\/span><\/header><div class=\"slide-meta\"><time class='slide-meta-time updated'  itemprop=\"datePublished\" datetime=\"2024-05-15T22:22:43+02:00\" >2024-05-15<\/time><\/div><div class='slide-entry-excerpt entry-content'  itemprop=\"text\" ><div class=\"read-more-link\"><a href=\"https:\/\/ptdl.pl\/index.php\/2024\/05\/15\/jubileuszowa-konferencja-wyzwania-medycyny-laboratoryjnej-wspolczesnosc-spojrzenie-w-przyszlosc-60-lecie-polskiego-towarzystwa-diagnostyki-laboratoryjnej\/\" class=\"more-link\">Czytaj dalej<span class=\"more-link-arrow\"><\/span><\/a><\/div><\/div><\/div><footer class=\"entry-footer\"><\/footer><span class='hidden'>\n\t\t\t\t<span class='av-structured-data'  itemprop=\"image\" itemscope=\"itemscope\" itemtype=\"https:\/\/schema.org\/ImageObject\" >\n\t\t\t\t\t\t<span itemprop='url'>https:\/\/ptdl.pl\/ptdl\/wp-content\/uploads\/2024\/04\/baner-60-PTDL.jpg<\/span>\n\t\t\t\t\t\t<span itemprop='height'>333<\/span>\n\t\t\t\t\t\t<span itemprop='width'>500<\/span>\n\t\t\t\t<\/span>\n\t\t\t\t<span class='av-structured-data'  itemprop=\"publisher\" itemtype=\"https:\/\/schema.org\/Organization\" itemscope=\"itemscope\" >\n\t\t\t\t\t\t<span itemprop='name'>admin<\/span>\n\t\t\t\t\t\t<span itemprop='logo' itemscope itemtype='https:\/\/schema.org\/ImageObject'>\n\t\t\t\t\t\t\t<span itemprop='url'>https:\/\/ptdl.pl\/wp-content\/uploads\/2023\/03\/logo_2.svg<\/span>\n\t\t\t\t\t\t<\/span>\n\t\t\t\t<\/span><span class='av-structured-data'  itemprop=\"author\" itemscope=\"itemscope\" itemtype=\"https:\/\/schema.org\/Person\" ><span itemprop='name'>admin<\/span><\/span><span class='av-structured-data'  itemprop=\"datePublished\" datetime=\"2023-02-03T12:54:00+01:00\" >2024-05-15 22:22:43<\/span><span class='av-structured-data'  itemprop=\"dateModified\" itemtype=\"https:\/\/schema.org\/dateModified\" >2024-05-15 22:20:01<\/span><span class='av-structured-data'  itemprop=\"mainEntityOfPage\" itemtype=\"https:\/\/schema.org\/mainEntityOfPage\" ><span itemprop='name'>Jubileuszowa konferencja &#8222;Wyzwania medycyny laboratoryjnej \u2013 60-lecie Polskiego Towarzystwa Diagnostyki Laboratoryjnej<\/span><\/span><\/span><\/article><article class='slide-entry flex_column  post-entry post-entry-3329 slide-entry-overview slide-loop-45 slide-parity-odd  av_one_third  real-thumbnail post-format-standard'  itemscope=\"itemscope\" itemtype=\"https:\/\/schema.org\/CreativeWork\" ><a href='https:\/\/ptdl.pl\/index.php\/2024\/05\/14\/konferencja-online-trendy-w-diagnostyce-wybrane-aspekty-medycyny-laboratoryjnej-27-maja-7-czerwca-202\/' data-rel='slide-1' class='slide-image' title='Konferencja online Trendy w Diagnostyce &#8211; Wybrane aspekty Medycyny Laboratoryjnej 27 maja &#8211; 7 czerwca 2024'><img decoding=\"async\" width=\"502\" height=\"333\" src=\"https:\/\/ptdl.pl\/ptdl\/wp-content\/uploads\/2023\/12\/news_54.jpg\" class=\"wp-image-2029 avia-img-lazy-loading-not-2029 attachment-extra_large size-extra_large wp-post-image\" alt=\"\" srcset=\"https:\/\/ptdl.pl\/ptdl\/wp-content\/uploads\/2023\/12\/news_54.jpg 502w, https:\/\/ptdl.pl\/ptdl\/wp-content\/uploads\/2023\/12\/news_54-300x199.jpg 300w\" sizes=\"(max-width: 502px) 100vw, 502px\" \/><\/a><div class=\"slide-content\"><header class=\"entry-content-header\"><h3 class='slide-entry-title entry-title '  itemprop=\"headline\" ><a href='https:\/\/ptdl.pl\/index.php\/2024\/05\/14\/konferencja-online-trendy-w-diagnostyce-wybrane-aspekty-medycyny-laboratoryjnej-27-maja-7-czerwca-202\/' title='Konferencja online Trendy w Diagnostyce &#8211; Wybrane aspekty Medycyny Laboratoryjnej 27 maja &#8211; 7 czerwca 2024'>Konferencja online Trendy w Diagnostyce &#8211; Wybrane aspekty Medycyny Laboratoryjnej 27 maja &#8211; 7 czerwca 2024<\/a><\/h3><span class=\"av-vertical-delimiter\"><\/span><\/header><div class=\"slide-meta\"><time class='slide-meta-time updated'  itemprop=\"datePublished\" datetime=\"2024-05-14T11:49:21+02:00\" >2024-05-14<\/time><\/div><div class='slide-entry-excerpt entry-content'  itemprop=\"text\" ><div class=\"read-more-link\"><a href=\"https:\/\/ptdl.pl\/index.php\/2024\/05\/14\/konferencja-online-trendy-w-diagnostyce-wybrane-aspekty-medycyny-laboratoryjnej-27-maja-7-czerwca-202\/\" class=\"more-link\">Czytaj dalej<span class=\"more-link-arrow\"><\/span><\/a><\/div><\/div><\/div><footer class=\"entry-footer\"><\/footer><span class='hidden'>\n\t\t\t\t<span class='av-structured-data'  itemprop=\"image\" itemscope=\"itemscope\" itemtype=\"https:\/\/schema.org\/ImageObject\" >\n\t\t\t\t\t\t<span itemprop='url'>https:\/\/ptdl.pl\/ptdl\/wp-content\/uploads\/2023\/12\/news_54.jpg<\/span>\n\t\t\t\t\t\t<span itemprop='height'>333<\/span>\n\t\t\t\t\t\t<span itemprop='width'>502<\/span>\n\t\t\t\t<\/span>\n\t\t\t\t<span class='av-structured-data'  itemprop=\"publisher\" itemtype=\"https:\/\/schema.org\/Organization\" itemscope=\"itemscope\" >\n\t\t\t\t\t\t<span itemprop='name'>admin<\/span>\n\t\t\t\t\t\t<span itemprop='logo' itemscope itemtype='https:\/\/schema.org\/ImageObject'>\n\t\t\t\t\t\t\t<span itemprop='url'>https:\/\/ptdl.pl\/wp-content\/uploads\/2023\/03\/logo_2.svg<\/span>\n\t\t\t\t\t\t<\/span>\n\t\t\t\t<\/span><span class='av-structured-data'  itemprop=\"author\" itemscope=\"itemscope\" itemtype=\"https:\/\/schema.org\/Person\" ><span itemprop='name'>admin<\/span><\/span><span class='av-structured-data'  itemprop=\"datePublished\" datetime=\"2023-02-03T12:54:00+01:00\" >2024-05-14 11:49:21<\/span><span class='av-structured-data'  itemprop=\"dateModified\" itemtype=\"https:\/\/schema.org\/dateModified\" >2024-05-24 09:45:35<\/span><span class='av-structured-data'  itemprop=\"mainEntityOfPage\" itemtype=\"https:\/\/schema.org\/mainEntityOfPage\" ><span itemprop='name'>Konferencja online Trendy w Diagnostyce &#8211; Wybrane aspekty Medycyny Laboratoryjnej 27 maja &#8211; 7 czerwca 2024<\/span><\/span><\/span><\/article><\/div><div class=\"slide-entry-wrap\"><article class='slide-entry flex_column  post-entry post-entry-3368 slide-entry-overview slide-loop-46 slide-parity-odd  av_one_third first real-thumbnail post-format-standard'  itemscope=\"itemscope\" itemtype=\"https:\/\/schema.org\/CreativeWork\" ><a href='https:\/\/ptdl.pl\/index.php\/2024\/05\/13\/konferencja-medycyna-laboratoryjna-2024-rejestracja\/' data-rel='slide-1' class='slide-image' title='Konferencja MEDYCYNA LABORATORYJNA 2024 &#8211; REJESTRACJA'><img decoding=\"async\" width=\"500\" height=\"332\" src=\"https:\/\/ptdl.pl\/ptdl\/wp-content\/uploads\/2023\/02\/news_017.jpg\" class=\"wp-image-808 avia-img-lazy-loading-not-808 attachment-extra_large size-extra_large wp-post-image\" alt=\"\" srcset=\"https:\/\/ptdl.pl\/ptdl\/wp-content\/uploads\/2023\/02\/news_017.jpg 500w, https:\/\/ptdl.pl\/ptdl\/wp-content\/uploads\/2023\/02\/news_017-300x199.jpg 300w\" sizes=\"(max-width: 500px) 100vw, 500px\" \/><\/a><div class=\"slide-content\"><header class=\"entry-content-header\"><h3 class='slide-entry-title entry-title '  itemprop=\"headline\" ><a href='https:\/\/ptdl.pl\/index.php\/2024\/05\/13\/konferencja-medycyna-laboratoryjna-2024-rejestracja\/' title='Konferencja MEDYCYNA LABORATORYJNA 2024 &#8211; REJESTRACJA'>Konferencja MEDYCYNA LABORATORYJNA 2024 &#8211; REJESTRACJA<\/a><\/h3><span class=\"av-vertical-delimiter\"><\/span><\/header><div class=\"slide-meta\"><time class='slide-meta-time updated'  itemprop=\"datePublished\" datetime=\"2024-05-13T22:16:12+02:00\" >2024-05-13<\/time><\/div><div class='slide-entry-excerpt entry-content'  itemprop=\"text\" ><div class=\"read-more-link\"><a href=\"https:\/\/ptdl.pl\/index.php\/2024\/05\/13\/konferencja-medycyna-laboratoryjna-2024-rejestracja\/\" class=\"more-link\">Czytaj dalej<span class=\"more-link-arrow\"><\/span><\/a><\/div><\/div><\/div><footer class=\"entry-footer\"><\/footer><span class='hidden'>\n\t\t\t\t<span class='av-structured-data'  itemprop=\"image\" itemscope=\"itemscope\" itemtype=\"https:\/\/schema.org\/ImageObject\" >\n\t\t\t\t\t\t<span itemprop='url'>https:\/\/ptdl.pl\/ptdl\/wp-content\/uploads\/2023\/02\/news_017.jpg<\/span>\n\t\t\t\t\t\t<span itemprop='height'>332<\/span>\n\t\t\t\t\t\t<span itemprop='width'>500<\/span>\n\t\t\t\t<\/span>\n\t\t\t\t<span class='av-structured-data'  itemprop=\"publisher\" itemtype=\"https:\/\/schema.org\/Organization\" itemscope=\"itemscope\" >\n\t\t\t\t\t\t<span itemprop='name'>admin<\/span>\n\t\t\t\t\t\t<span itemprop='logo' itemscope itemtype='https:\/\/schema.org\/ImageObject'>\n\t\t\t\t\t\t\t<span itemprop='url'>https:\/\/ptdl.pl\/wp-content\/uploads\/2023\/03\/logo_2.svg<\/span>\n\t\t\t\t\t\t<\/span>\n\t\t\t\t<\/span><span class='av-structured-data'  itemprop=\"author\" itemscope=\"itemscope\" itemtype=\"https:\/\/schema.org\/Person\" ><span itemprop='name'>admin<\/span><\/span><span class='av-structured-data'  itemprop=\"datePublished\" datetime=\"2023-02-03T12:54:00+01:00\" >2024-05-13 22:16:12<\/span><span class='av-structured-data'  itemprop=\"dateModified\" itemtype=\"https:\/\/schema.org\/dateModified\" >2024-05-24 10:49:38<\/span><span class='av-structured-data'  itemprop=\"mainEntityOfPage\" itemtype=\"https:\/\/schema.org\/mainEntityOfPage\" ><span itemprop='name'>Konferencja MEDYCYNA LABORATORYJNA 2024 &#8211; REJESTRACJA<\/span><\/span><\/span><\/article><article class='slide-entry flex_column  post-entry post-entry-3259 slide-entry-overview slide-loop-47 slide-parity-even  av_one_third  real-thumbnail post-format-standard'  itemscope=\"itemscope\" itemtype=\"https:\/\/schema.org\/CreativeWork\" ><a href='https:\/\/ptdl.pl\/index.php\/2024\/04\/30\/konferencja-medycyna-laboratoryjna-2024\/' data-rel='slide-1' class='slide-image' title='Konferencja MEDYCYNA LABORATORYJNA 2024'><img decoding=\"async\" width=\"500\" height=\"333\" src=\"https:\/\/ptdl.pl\/ptdl\/wp-content\/uploads\/2024\/04\/mszczonow2024s.png\" class=\"wp-image-3282 avia-img-lazy-loading-not-3282 attachment-extra_large size-extra_large wp-post-image\" alt=\"\" srcset=\"https:\/\/ptdl.pl\/ptdl\/wp-content\/uploads\/2024\/04\/mszczonow2024s.png 500w, https:\/\/ptdl.pl\/ptdl\/wp-content\/uploads\/2024\/04\/mszczonow2024s-300x200.png 300w\" sizes=\"(max-width: 500px) 100vw, 500px\" \/><\/a><div class=\"slide-content\"><header class=\"entry-content-header\"><h3 class='slide-entry-title entry-title '  itemprop=\"headline\" ><a href='https:\/\/ptdl.pl\/index.php\/2024\/04\/30\/konferencja-medycyna-laboratoryjna-2024\/' title='Konferencja MEDYCYNA LABORATORYJNA 2024'>Konferencja MEDYCYNA LABORATORYJNA 2024<\/a><\/h3><span class=\"av-vertical-delimiter\"><\/span><\/header><div class=\"slide-meta\"><time class='slide-meta-time updated'  itemprop=\"datePublished\" datetime=\"2024-04-30T08:48:41+02:00\" >2024-04-30<\/time><\/div><div class='slide-entry-excerpt entry-content'  itemprop=\"text\" ><div class=\"read-more-link\"><a href=\"https:\/\/ptdl.pl\/index.php\/2024\/04\/30\/konferencja-medycyna-laboratoryjna-2024\/\" class=\"more-link\">Czytaj dalej<span class=\"more-link-arrow\"><\/span><\/a><\/div><\/div><\/div><footer class=\"entry-footer\"><\/footer><span class='hidden'>\n\t\t\t\t<span class='av-structured-data'  itemprop=\"image\" itemscope=\"itemscope\" itemtype=\"https:\/\/schema.org\/ImageObject\" >\n\t\t\t\t\t\t<span itemprop='url'>https:\/\/ptdl.pl\/ptdl\/wp-content\/uploads\/2024\/04\/mszczonow2024s.png<\/span>\n\t\t\t\t\t\t<span itemprop='height'>333<\/span>\n\t\t\t\t\t\t<span itemprop='width'>500<\/span>\n\t\t\t\t<\/span>\n\t\t\t\t<span class='av-structured-data'  itemprop=\"publisher\" itemtype=\"https:\/\/schema.org\/Organization\" itemscope=\"itemscope\" >\n\t\t\t\t\t\t<span itemprop='name'>admin<\/span>\n\t\t\t\t\t\t<span itemprop='logo' itemscope itemtype='https:\/\/schema.org\/ImageObject'>\n\t\t\t\t\t\t\t<span itemprop='url'>https:\/\/ptdl.pl\/wp-content\/uploads\/2023\/03\/logo_2.svg<\/span>\n\t\t\t\t\t\t<\/span>\n\t\t\t\t<\/span><span class='av-structured-data'  itemprop=\"author\" itemscope=\"itemscope\" itemtype=\"https:\/\/schema.org\/Person\" ><span itemprop='name'>admin<\/span><\/span><span class='av-structured-data'  itemprop=\"datePublished\" datetime=\"2023-02-03T12:54:00+01:00\" >2024-04-30 08:48:41<\/span><span class='av-structured-data'  itemprop=\"dateModified\" itemtype=\"https:\/\/schema.org\/dateModified\" >2024-05-07 13:42:02<\/span><span class='av-structured-data'  itemprop=\"mainEntityOfPage\" itemtype=\"https:\/\/schema.org\/mainEntityOfPage\" ><span itemprop='name'>Konferencja MEDYCYNA LABORATORYJNA 2024<\/span><\/span><\/span><\/article><article class='slide-entry flex_column  post-entry post-entry-3069 slide-entry-overview slide-loop-48 slide-parity-odd  av_one_third  real-thumbnail post-format-standard'  itemscope=\"itemscope\" itemtype=\"https:\/\/schema.org\/CreativeWork\" ><a href='https:\/\/ptdl.pl\/index.php\/2024\/03\/27\/zyczenia-swiateczne-3\/' data-rel='slide-1' class='slide-image' title='\u017byczenia \u015bwi\u0105teczne'><img decoding=\"async\" width=\"500\" height=\"333\" src=\"https:\/\/ptdl.pl\/ptdl\/wp-content\/uploads\/2024\/03\/news_72.jpg\" class=\"wp-image-3078 avia-img-lazy-loading-not-3078 attachment-extra_large size-extra_large wp-post-image\" alt=\"\" srcset=\"https:\/\/ptdl.pl\/ptdl\/wp-content\/uploads\/2024\/03\/news_72.jpg 500w, https:\/\/ptdl.pl\/ptdl\/wp-content\/uploads\/2024\/03\/news_72-300x200.jpg 300w\" sizes=\"(max-width: 500px) 100vw, 500px\" \/><\/a><div class=\"slide-content\"><header class=\"entry-content-header\"><h3 class='slide-entry-title entry-title '  itemprop=\"headline\" ><a href='https:\/\/ptdl.pl\/index.php\/2024\/03\/27\/zyczenia-swiateczne-3\/' title='\u017byczenia \u015bwi\u0105teczne'>\u017byczenia \u015bwi\u0105teczne<\/a><\/h3><span class=\"av-vertical-delimiter\"><\/span><\/header><div class=\"slide-meta\"><time class='slide-meta-time updated'  itemprop=\"datePublished\" datetime=\"2024-03-27T12:27:33+01:00\" >2024-03-27<\/time><\/div><div class='slide-entry-excerpt entry-content'  itemprop=\"text\" ><div class=\"read-more-link\"><a href=\"https:\/\/ptdl.pl\/index.php\/2024\/03\/27\/zyczenia-swiateczne-3\/\" class=\"more-link\">Czytaj dalej<span class=\"more-link-arrow\"><\/span><\/a><\/div><\/div><\/div><footer class=\"entry-footer\"><\/footer><span class='hidden'>\n\t\t\t\t<span class='av-structured-data'  itemprop=\"image\" itemscope=\"itemscope\" itemtype=\"https:\/\/schema.org\/ImageObject\" >\n\t\t\t\t\t\t<span itemprop='url'>https:\/\/ptdl.pl\/ptdl\/wp-content\/uploads\/2024\/03\/news_72.jpg<\/span>\n\t\t\t\t\t\t<span itemprop='height'>333<\/span>\n\t\t\t\t\t\t<span itemprop='width'>500<\/span>\n\t\t\t\t<\/span>\n\t\t\t\t<span class='av-structured-data'  itemprop=\"publisher\" itemtype=\"https:\/\/schema.org\/Organization\" itemscope=\"itemscope\" >\n\t\t\t\t\t\t<span itemprop='name'>admin<\/span>\n\t\t\t\t\t\t<span itemprop='logo' itemscope itemtype='https:\/\/schema.org\/ImageObject'>\n\t\t\t\t\t\t\t<span itemprop='url'>https:\/\/ptdl.pl\/wp-content\/uploads\/2023\/03\/logo_2.svg<\/span>\n\t\t\t\t\t\t<\/span>\n\t\t\t\t<\/span><span class='av-structured-data'  itemprop=\"author\" itemscope=\"itemscope\" itemtype=\"https:\/\/schema.org\/Person\" ><span itemprop='name'>admin<\/span><\/span><span class='av-structured-data'  itemprop=\"datePublished\" datetime=\"2023-02-03T12:54:00+01:00\" >2024-03-27 12:27:33<\/span><span class='av-structured-data'  itemprop=\"dateModified\" itemtype=\"https:\/\/schema.org\/dateModified\" >2024-03-27 12:27:33<\/span><span class='av-structured-data'  itemprop=\"mainEntityOfPage\" itemtype=\"https:\/\/schema.org\/mainEntityOfPage\" ><span itemprop='name'>\u017byczenia \u015bwi\u0105teczne<\/span><\/span><\/span><\/article><\/div><div class=\"slide-entry-wrap\"><article class='slide-entry flex_column  post-entry post-entry-2972 slide-entry-overview slide-loop-49 slide-parity-odd  av_one_third first real-thumbnail post-format-standard'  itemscope=\"itemscope\" itemtype=\"https:\/\/schema.org\/CreativeWork\" ><a href='https:\/\/ptdl.pl\/index.php\/2024\/03\/13\/informacja-nt-platnosci-skladek\/' data-rel='slide-1' class='slide-image' title='Informacja nt. p\u0142atno\u015bci sk\u0142adek'><img decoding=\"async\" width=\"500\" height=\"333\" src=\"https:\/\/ptdl.pl\/ptdl\/wp-content\/uploads\/2024\/03\/dl_logo.jpg\" class=\"wp-image-2973 avia-img-lazy-loading-not-2973 attachment-extra_large size-extra_large wp-post-image\" alt=\"\" srcset=\"https:\/\/ptdl.pl\/ptdl\/wp-content\/uploads\/2024\/03\/dl_logo.jpg 500w, https:\/\/ptdl.pl\/ptdl\/wp-content\/uploads\/2024\/03\/dl_logo-300x200.jpg 300w\" sizes=\"(max-width: 500px) 100vw, 500px\" \/><\/a><div class=\"slide-content\"><header class=\"entry-content-header\"><h3 class='slide-entry-title entry-title '  itemprop=\"headline\" ><a href='https:\/\/ptdl.pl\/index.php\/2024\/03\/13\/informacja-nt-platnosci-skladek\/' title='Informacja nt. p\u0142atno\u015bci sk\u0142adek'>Informacja nt. p\u0142atno\u015bci sk\u0142adek<\/a><\/h3><span class=\"av-vertical-delimiter\"><\/span><\/header><div class=\"slide-meta\"><time class='slide-meta-time updated'  itemprop=\"datePublished\" datetime=\"2024-03-13T15:39:57+01:00\" >2024-03-13<\/time><\/div><div class='slide-entry-excerpt entry-content'  itemprop=\"text\" ><div class=\"read-more-link\"><a href=\"https:\/\/ptdl.pl\/index.php\/2024\/03\/13\/informacja-nt-platnosci-skladek\/\" class=\"more-link\">Czytaj dalej<span class=\"more-link-arrow\"><\/span><\/a><\/div><\/div><\/div><footer class=\"entry-footer\"><\/footer><span class='hidden'>\n\t\t\t\t<span class='av-structured-data'  itemprop=\"image\" itemscope=\"itemscope\" itemtype=\"https:\/\/schema.org\/ImageObject\" >\n\t\t\t\t\t\t<span itemprop='url'>https:\/\/ptdl.pl\/ptdl\/wp-content\/uploads\/2024\/03\/dl_logo.jpg<\/span>\n\t\t\t\t\t\t<span itemprop='height'>333<\/span>\n\t\t\t\t\t\t<span itemprop='width'>500<\/span>\n\t\t\t\t<\/span>\n\t\t\t\t<span class='av-structured-data'  itemprop=\"publisher\" itemtype=\"https:\/\/schema.org\/Organization\" itemscope=\"itemscope\" >\n\t\t\t\t\t\t<span itemprop='name'>admin<\/span>\n\t\t\t\t\t\t<span itemprop='logo' itemscope itemtype='https:\/\/schema.org\/ImageObject'>\n\t\t\t\t\t\t\t<span itemprop='url'>https:\/\/ptdl.pl\/wp-content\/uploads\/2023\/03\/logo_2.svg<\/span>\n\t\t\t\t\t\t<\/span>\n\t\t\t\t<\/span><span class='av-structured-data'  itemprop=\"author\" itemscope=\"itemscope\" itemtype=\"https:\/\/schema.org\/Person\" ><span itemprop='name'>admin<\/span><\/span><span class='av-structured-data'  itemprop=\"datePublished\" datetime=\"2023-02-03T12:54:00+01:00\" >2024-03-13 15:39:57<\/span><span class='av-structured-data'  itemprop=\"dateModified\" itemtype=\"https:\/\/schema.org\/dateModified\" >2024-03-13 15:39:57<\/span><span class='av-structured-data'  itemprop=\"mainEntityOfPage\" itemtype=\"https:\/\/schema.org\/mainEntityOfPage\" ><span itemprop='name'>Informacja nt. p\u0142atno\u015bci sk\u0142adek<\/span><\/span><\/span><\/article><article class='slide-entry flex_column  post-entry post-entry-2967 slide-entry-overview slide-loop-50 slide-parity-even  av_one_third  real-thumbnail post-format-standard'  itemscope=\"itemscope\" itemtype=\"https:\/\/schema.org\/CreativeWork\" ><a href='https:\/\/ptdl.pl\/index.php\/2024\/03\/13\/worldlab-dubay-2024-wyniki-konkursu-streszczen\/' data-rel='slide-1' class='slide-image' title='WORLDLAB &#8211; DUBAY 2024 \u2013 \u00a0wyniki konkursu streszcze\u0144'><img decoding=\"async\" width=\"500\" height=\"333\" src=\"https:\/\/ptdl.pl\/ptdl\/wp-content\/uploads\/2024\/03\/logo_ifcc.jpg\" class=\"wp-image-2969 avia-img-lazy-loading-not-2969 attachment-extra_large size-extra_large wp-post-image\" alt=\"\" srcset=\"https:\/\/ptdl.pl\/ptdl\/wp-content\/uploads\/2024\/03\/logo_ifcc.jpg 500w, https:\/\/ptdl.pl\/ptdl\/wp-content\/uploads\/2024\/03\/logo_ifcc-300x200.jpg 300w\" sizes=\"(max-width: 500px) 100vw, 500px\" \/><\/a><div class=\"slide-content\"><header class=\"entry-content-header\"><h3 class='slide-entry-title entry-title '  itemprop=\"headline\" ><a href='https:\/\/ptdl.pl\/index.php\/2024\/03\/13\/worldlab-dubay-2024-wyniki-konkursu-streszczen\/' title='WORLDLAB &#8211; DUBAY 2024 \u2013 \u00a0wyniki konkursu streszcze\u0144'>WORLDLAB &#8211; DUBAY 2024 \u2013 \u00a0wyniki konkursu streszcze\u0144<\/a><\/h3><span class=\"av-vertical-delimiter\"><\/span><\/header><div class=\"slide-meta\"><time class='slide-meta-time updated'  itemprop=\"datePublished\" datetime=\"2024-03-13T15:24:35+01:00\" >2024-03-13<\/time><\/div><div class='slide-entry-excerpt entry-content'  itemprop=\"text\" ><div class=\"read-more-link\"><a href=\"https:\/\/ptdl.pl\/index.php\/2024\/03\/13\/worldlab-dubay-2024-wyniki-konkursu-streszczen\/\" class=\"more-link\">Czytaj dalej<span class=\"more-link-arrow\"><\/span><\/a><\/div><\/div><\/div><footer class=\"entry-footer\"><\/footer><span class='hidden'>\n\t\t\t\t<span class='av-structured-data'  itemprop=\"image\" itemscope=\"itemscope\" itemtype=\"https:\/\/schema.org\/ImageObject\" >\n\t\t\t\t\t\t<span itemprop='url'>https:\/\/ptdl.pl\/ptdl\/wp-content\/uploads\/2024\/03\/logo_ifcc.jpg<\/span>\n\t\t\t\t\t\t<span itemprop='height'>333<\/span>\n\t\t\t\t\t\t<span itemprop='width'>500<\/span>\n\t\t\t\t<\/span>\n\t\t\t\t<span class='av-structured-data'  itemprop=\"publisher\" itemtype=\"https:\/\/schema.org\/Organization\" itemscope=\"itemscope\" >\n\t\t\t\t\t\t<span itemprop='name'>admin<\/span>\n\t\t\t\t\t\t<span itemprop='logo' itemscope itemtype='https:\/\/schema.org\/ImageObject'>\n\t\t\t\t\t\t\t<span itemprop='url'>https:\/\/ptdl.pl\/wp-content\/uploads\/2023\/03\/logo_2.svg<\/span>\n\t\t\t\t\t\t<\/span>\n\t\t\t\t<\/span><span class='av-structured-data'  itemprop=\"author\" itemscope=\"itemscope\" itemtype=\"https:\/\/schema.org\/Person\" ><span itemprop='name'>admin<\/span><\/span><span class='av-structured-data'  itemprop=\"datePublished\" datetime=\"2023-02-03T12:54:00+01:00\" >2024-03-13 15:24:35<\/span><span class='av-structured-data'  itemprop=\"dateModified\" itemtype=\"https:\/\/schema.org\/dateModified\" >2024-03-13 15:24:35<\/span><span class='av-structured-data'  itemprop=\"mainEntityOfPage\" itemtype=\"https:\/\/schema.org\/mainEntityOfPage\" ><span itemprop='name'>WORLDLAB &#8211; DUBAY 2024 \u2013 \u00a0wyniki konkursu streszcze\u0144<\/span><\/span><\/span><\/article><article class='slide-entry flex_column  post-entry post-entry-2726 slide-entry-overview slide-loop-51 slide-parity-odd  av_one_third  real-thumbnail post-format-standard'  itemscope=\"itemscope\" itemtype=\"https:\/\/schema.org\/CreativeWork\" ><a href='https:\/\/ptdl.pl\/index.php\/2024\/02\/10\/60-lecie-polskiego-towarzystwa-diagnostyki-laboratoryjnej\/' data-rel='slide-1' class='slide-image' title='60 Lecie Polskiego Towarzystwa Diagnostyki Laboratoryjnej'><img decoding=\"async\" width=\"500\" height=\"333\" src=\"https:\/\/ptdl.pl\/ptdl\/wp-content\/uploads\/2024\/02\/60_lecie.png\" class=\"wp-image-2736 avia-img-lazy-loading-not-2736 attachment-extra_large size-extra_large wp-post-image\" alt=\"\" srcset=\"https:\/\/ptdl.pl\/ptdl\/wp-content\/uploads\/2024\/02\/60_lecie.png 500w, https:\/\/ptdl.pl\/ptdl\/wp-content\/uploads\/2024\/02\/60_lecie-300x200.png 300w\" sizes=\"(max-width: 500px) 100vw, 500px\" \/><\/a><div class=\"slide-content\"><header class=\"entry-content-header\"><h3 class='slide-entry-title entry-title '  itemprop=\"headline\" ><a href='https:\/\/ptdl.pl\/index.php\/2024\/02\/10\/60-lecie-polskiego-towarzystwa-diagnostyki-laboratoryjnej\/' title='60 Lecie Polskiego Towarzystwa Diagnostyki Laboratoryjnej'>60 Lecie Polskiego Towarzystwa Diagnostyki Laboratoryjnej<\/a><\/h3><span class=\"av-vertical-delimiter\"><\/span><\/header><div class=\"slide-meta\"><time class='slide-meta-time updated'  itemprop=\"datePublished\" datetime=\"2024-02-10T00:04:44+01:00\" >2024-02-10<\/time><\/div><div class='slide-entry-excerpt entry-content'  itemprop=\"text\" ><div class=\"read-more-link\"><a href=\"https:\/\/ptdl.pl\/index.php\/2024\/02\/10\/60-lecie-polskiego-towarzystwa-diagnostyki-laboratoryjnej\/\" class=\"more-link\">Czytaj dalej<span class=\"more-link-arrow\"><\/span><\/a><\/div><\/div><\/div><footer class=\"entry-footer\"><\/footer><span class='hidden'>\n\t\t\t\t<span class='av-structured-data'  itemprop=\"image\" itemscope=\"itemscope\" itemtype=\"https:\/\/schema.org\/ImageObject\" >\n\t\t\t\t\t\t<span itemprop='url'>https:\/\/ptdl.pl\/ptdl\/wp-content\/uploads\/2024\/02\/60_lecie.png<\/span>\n\t\t\t\t\t\t<span itemprop='height'>333<\/span>\n\t\t\t\t\t\t<span itemprop='width'>500<\/span>\n\t\t\t\t<\/span>\n\t\t\t\t<span class='av-structured-data'  itemprop=\"publisher\" itemtype=\"https:\/\/schema.org\/Organization\" itemscope=\"itemscope\" >\n\t\t\t\t\t\t<span itemprop='name'>admin<\/span>\n\t\t\t\t\t\t<span itemprop='logo' itemscope itemtype='https:\/\/schema.org\/ImageObject'>\n\t\t\t\t\t\t\t<span itemprop='url'>https:\/\/ptdl.pl\/wp-content\/uploads\/2023\/03\/logo_2.svg<\/span>\n\t\t\t\t\t\t<\/span>\n\t\t\t\t<\/span><span class='av-structured-data'  itemprop=\"author\" itemscope=\"itemscope\" itemtype=\"https:\/\/schema.org\/Person\" ><span itemprop='name'>admin<\/span><\/span><span class='av-structured-data'  itemprop=\"datePublished\" datetime=\"2023-02-03T12:54:00+01:00\" >2024-02-10 00:04:44<\/span><span class='av-structured-data'  itemprop=\"dateModified\" itemtype=\"https:\/\/schema.org\/dateModified\" >2024-02-10 00:15:10<\/span><span class='av-structured-data'  itemprop=\"mainEntityOfPage\" itemtype=\"https:\/\/schema.org\/mainEntityOfPage\" ><span itemprop='name'>60 Lecie Polskiego Towarzystwa Diagnostyki Laboratoryjnej<\/span><\/span><\/span><\/article><\/div><div class=\"slide-entry-wrap\"><article class='slide-entry flex_column  post-entry post-entry-2512 slide-entry-overview slide-loop-52 slide-parity-odd  av_one_third first real-thumbnail post-format-standard'  itemscope=\"itemscope\" itemtype=\"https:\/\/schema.org\/CreativeWork\" ><a href='https:\/\/ptdl.pl\/index.php\/2024\/01\/17\/new-deadline-for-abstract-submission\/' data-rel='slide-1' class='slide-image' title='New deadline for abstract submission!'><img decoding=\"async\" width=\"500\" height=\"333\" src=\"https:\/\/ptdl.pl\/ptdl\/wp-content\/uploads\/2024\/01\/deadline-abstract_NEW_22.012_s.png\" class=\"wp-image-2514 avia-img-lazy-loading-not-2514 attachment-extra_large size-extra_large wp-post-image\" alt=\"\" srcset=\"https:\/\/ptdl.pl\/ptdl\/wp-content\/uploads\/2024\/01\/deadline-abstract_NEW_22.012_s.png 500w, https:\/\/ptdl.pl\/ptdl\/wp-content\/uploads\/2024\/01\/deadline-abstract_NEW_22.012_s-300x200.png 300w\" sizes=\"(max-width: 500px) 100vw, 500px\" \/><\/a><div class=\"slide-content\"><header class=\"entry-content-header\"><h3 class='slide-entry-title entry-title '  itemprop=\"headline\" ><a href='https:\/\/ptdl.pl\/index.php\/2024\/01\/17\/new-deadline-for-abstract-submission\/' title='New deadline for abstract submission!'>New deadline for abstract submission!<\/a><\/h3><span class=\"av-vertical-delimiter\"><\/span><\/header><div class=\"slide-meta\"><time class='slide-meta-time updated'  itemprop=\"datePublished\" datetime=\"2024-01-17T09:44:05+01:00\" >2024-01-17<\/time><\/div><div class='slide-entry-excerpt entry-content'  itemprop=\"text\" ><div class=\"read-more-link\"><a href=\"https:\/\/ptdl.pl\/index.php\/2024\/01\/17\/new-deadline-for-abstract-submission\/\" class=\"more-link\">Czytaj dalej<span class=\"more-link-arrow\"><\/span><\/a><\/div><\/div><\/div><footer class=\"entry-footer\"><\/footer><span class='hidden'>\n\t\t\t\t<span class='av-structured-data'  itemprop=\"image\" itemscope=\"itemscope\" itemtype=\"https:\/\/schema.org\/ImageObject\" >\n\t\t\t\t\t\t<span itemprop='url'>https:\/\/ptdl.pl\/ptdl\/wp-content\/uploads\/2024\/01\/deadline-abstract_NEW_22.012_s.png<\/span>\n\t\t\t\t\t\t<span itemprop='height'>333<\/span>\n\t\t\t\t\t\t<span itemprop='width'>500<\/span>\n\t\t\t\t<\/span>\n\t\t\t\t<span class='av-structured-data'  itemprop=\"publisher\" itemtype=\"https:\/\/schema.org\/Organization\" itemscope=\"itemscope\" >\n\t\t\t\t\t\t<span itemprop='name'>admin<\/span>\n\t\t\t\t\t\t<span itemprop='logo' itemscope itemtype='https:\/\/schema.org\/ImageObject'>\n\t\t\t\t\t\t\t<span itemprop='url'>https:\/\/ptdl.pl\/wp-content\/uploads\/2023\/03\/logo_2.svg<\/span>\n\t\t\t\t\t\t<\/span>\n\t\t\t\t<\/span><span class='av-structured-data'  itemprop=\"author\" itemscope=\"itemscope\" itemtype=\"https:\/\/schema.org\/Person\" ><span itemprop='name'>admin<\/span><\/span><span class='av-structured-data'  itemprop=\"datePublished\" datetime=\"2023-02-03T12:54:00+01:00\" >2024-01-17 09:44:05<\/span><span class='av-structured-data'  itemprop=\"dateModified\" itemtype=\"https:\/\/schema.org\/dateModified\" >2024-01-17 09:45:51<\/span><span class='av-structured-data'  itemprop=\"mainEntityOfPage\" itemtype=\"https:\/\/schema.org\/mainEntityOfPage\" ><span itemprop='name'>New deadline for abstract submission!<\/span><\/span><\/span><\/article><article class='slide-entry flex_column  post-entry post-entry-2257 slide-entry-overview slide-loop-53 slide-parity-even  av_one_third  real-thumbnail post-format-standard'  itemscope=\"itemscope\" itemtype=\"https:\/\/schema.org\/CreativeWork\" ><a href='https:\/\/ptdl.pl\/index.php\/2024\/01\/08\/list-gratulacyjny-dla-pani-prof-dr-hab-urszuli-demkow\/' data-rel='slide-1' class='slide-image' title='List gratulacyjny dla Pani Prof. dr hab. Urszuli Demkow'><img decoding=\"async\" width=\"500\" height=\"330\" src=\"https:\/\/ptdl.pl\/ptdl\/wp-content\/uploads\/2024\/01\/list_udemkov_s.png\" class=\"wp-image-2259 avia-img-lazy-loading-not-2259 attachment-extra_large size-extra_large wp-post-image\" alt=\"\" srcset=\"https:\/\/ptdl.pl\/ptdl\/wp-content\/uploads\/2024\/01\/list_udemkov_s.png 500w, https:\/\/ptdl.pl\/ptdl\/wp-content\/uploads\/2024\/01\/list_udemkov_s-300x198.png 300w\" sizes=\"(max-width: 500px) 100vw, 500px\" \/><\/a><div class=\"slide-content\"><header class=\"entry-content-header\"><h3 class='slide-entry-title entry-title '  itemprop=\"headline\" ><a href='https:\/\/ptdl.pl\/index.php\/2024\/01\/08\/list-gratulacyjny-dla-pani-prof-dr-hab-urszuli-demkow\/' title='List gratulacyjny dla Pani Prof. dr hab. Urszuli Demkow'>List gratulacyjny dla Pani Prof. dr hab. Urszuli Demkow<\/a><\/h3><span class=\"av-vertical-delimiter\"><\/span><\/header><div class=\"slide-meta\"><time class='slide-meta-time updated'  itemprop=\"datePublished\" datetime=\"2024-01-08T00:19:01+01:00\" >2024-01-08<\/time><\/div><div class='slide-entry-excerpt entry-content'  itemprop=\"text\" ><div class=\"read-more-link\"><a href=\"https:\/\/ptdl.pl\/index.php\/2024\/01\/08\/list-gratulacyjny-dla-pani-prof-dr-hab-urszuli-demkow\/\" class=\"more-link\">Czytaj dalej<span class=\"more-link-arrow\"><\/span><\/a><\/div><\/div><\/div><footer class=\"entry-footer\"><\/footer><span class='hidden'>\n\t\t\t\t<span class='av-structured-data'  itemprop=\"image\" itemscope=\"itemscope\" itemtype=\"https:\/\/schema.org\/ImageObject\" >\n\t\t\t\t\t\t<span itemprop='url'>https:\/\/ptdl.pl\/ptdl\/wp-content\/uploads\/2024\/01\/list_udemkov_s.png<\/span>\n\t\t\t\t\t\t<span itemprop='height'>330<\/span>\n\t\t\t\t\t\t<span itemprop='width'>500<\/span>\n\t\t\t\t<\/span>\n\t\t\t\t<span class='av-structured-data'  itemprop=\"publisher\" itemtype=\"https:\/\/schema.org\/Organization\" itemscope=\"itemscope\" >\n\t\t\t\t\t\t<span itemprop='name'>admin<\/span>\n\t\t\t\t\t\t<span itemprop='logo' itemscope itemtype='https:\/\/schema.org\/ImageObject'>\n\t\t\t\t\t\t\t<span itemprop='url'>https:\/\/ptdl.pl\/wp-content\/uploads\/2023\/03\/logo_2.svg<\/span>\n\t\t\t\t\t\t<\/span>\n\t\t\t\t<\/span><span class='av-structured-data'  itemprop=\"author\" itemscope=\"itemscope\" itemtype=\"https:\/\/schema.org\/Person\" ><span itemprop='name'>admin<\/span><\/span><span class='av-structured-data'  itemprop=\"datePublished\" datetime=\"2023-02-03T12:54:00+01:00\" >2024-01-08 00:19:01<\/span><span class='av-structured-data'  itemprop=\"dateModified\" itemtype=\"https:\/\/schema.org\/dateModified\" >2024-01-08 00:20:14<\/span><span class='av-structured-data'  itemprop=\"mainEntityOfPage\" itemtype=\"https:\/\/schema.org\/mainEntityOfPage\" ><span itemprop='name'>List gratulacyjny dla Pani Prof. dr hab. Urszuli Demkow<\/span><\/span><\/span><\/article><article class='slide-entry flex_column  post-entry post-entry-2224 slide-entry-overview slide-loop-54 slide-parity-odd  av_one_third  real-thumbnail post-format-standard'  itemscope=\"itemscope\" itemtype=\"https:\/\/schema.org\/CreativeWork\" ><a href='https:\/\/ptdl.pl\/index.php\/2024\/01\/04\/przedstawiciel-ptdl-wybrany-do-grupy-roboczej-ifcc\/' data-rel='slide-1' class='slide-image' title='Przedstawiciel PTDL wybrany do grupy roboczej IFCC!'><img decoding=\"async\" width=\"500\" height=\"333\" src=\"https:\/\/ptdl.pl\/ptdl\/wp-content\/uploads\/2024\/01\/ifcc_ptdl_logo_.png\" class=\"wp-image-2225 avia-img-lazy-loading-not-2225 attachment-extra_large size-extra_large wp-post-image\" alt=\"\" srcset=\"https:\/\/ptdl.pl\/ptdl\/wp-content\/uploads\/2024\/01\/ifcc_ptdl_logo_.png 500w, https:\/\/ptdl.pl\/ptdl\/wp-content\/uploads\/2024\/01\/ifcc_ptdl_logo_-300x200.png 300w\" sizes=\"(max-width: 500px) 100vw, 500px\" \/><\/a><div class=\"slide-content\"><header class=\"entry-content-header\"><h3 class='slide-entry-title entry-title '  itemprop=\"headline\" ><a href='https:\/\/ptdl.pl\/index.php\/2024\/01\/04\/przedstawiciel-ptdl-wybrany-do-grupy-roboczej-ifcc\/' title='Przedstawiciel PTDL wybrany do grupy roboczej IFCC!'>Przedstawiciel PTDL wybrany do grupy roboczej IFCC!<\/a><\/h3><span class=\"av-vertical-delimiter\"><\/span><\/header><div class=\"slide-meta\"><time class='slide-meta-time updated'  itemprop=\"datePublished\" datetime=\"2024-01-04T14:32:32+01:00\" >2024-01-04<\/time><\/div><div class='slide-entry-excerpt entry-content'  itemprop=\"text\" ><div class=\"read-more-link\"><a href=\"https:\/\/ptdl.pl\/index.php\/2024\/01\/04\/przedstawiciel-ptdl-wybrany-do-grupy-roboczej-ifcc\/\" class=\"more-link\">Czytaj dalej<span class=\"more-link-arrow\"><\/span><\/a><\/div><\/div><\/div><footer class=\"entry-footer\"><\/footer><span class='hidden'>\n\t\t\t\t<span class='av-structured-data'  itemprop=\"image\" itemscope=\"itemscope\" itemtype=\"https:\/\/schema.org\/ImageObject\" >\n\t\t\t\t\t\t<span itemprop='url'>https:\/\/ptdl.pl\/ptdl\/wp-content\/uploads\/2024\/01\/ifcc_ptdl_logo_.png<\/span>\n\t\t\t\t\t\t<span itemprop='height'>333<\/span>\n\t\t\t\t\t\t<span itemprop='width'>500<\/span>\n\t\t\t\t<\/span>\n\t\t\t\t<span class='av-structured-data'  itemprop=\"publisher\" itemtype=\"https:\/\/schema.org\/Organization\" itemscope=\"itemscope\" >\n\t\t\t\t\t\t<span itemprop='name'>admin<\/span>\n\t\t\t\t\t\t<span itemprop='logo' itemscope itemtype='https:\/\/schema.org\/ImageObject'>\n\t\t\t\t\t\t\t<span itemprop='url'>https:\/\/ptdl.pl\/wp-content\/uploads\/2023\/03\/logo_2.svg<\/span>\n\t\t\t\t\t\t<\/span>\n\t\t\t\t<\/span><span class='av-structured-data'  itemprop=\"author\" itemscope=\"itemscope\" itemtype=\"https:\/\/schema.org\/Person\" ><span itemprop='name'>admin<\/span><\/span><span class='av-structured-data'  itemprop=\"datePublished\" datetime=\"2023-02-03T12:54:00+01:00\" >2024-01-04 14:32:32<\/span><span class='av-structured-data'  itemprop=\"dateModified\" itemtype=\"https:\/\/schema.org\/dateModified\" >2024-01-04 14:33:17<\/span><span class='av-structured-data'  itemprop=\"mainEntityOfPage\" itemtype=\"https:\/\/schema.org\/mainEntityOfPage\" ><span itemprop='name'>Przedstawiciel PTDL wybrany do grupy roboczej IFCC!<\/span><\/span><\/span><\/article><\/div><div class=\"slide-entry-wrap\"><article class='slide-entry flex_column  post-entry post-entry-2212 slide-entry-overview slide-loop-55 slide-parity-odd  av_one_third first real-thumbnail post-format-standard'  itemscope=\"itemscope\" itemtype=\"https:\/\/schema.org\/CreativeWork\" ><a href='https:\/\/ptdl.pl\/index.php\/2024\/01\/04\/konkurs-streszczen-ifcc-worldlab-2024-w-dubaju\/' data-rel='slide-1' class='slide-image' title='Konkurs streszcze\u0144 IFCC WORLDLAB 2024 W DUBAJU'><img decoding=\"async\" width=\"500\" height=\"333\" src=\"https:\/\/ptdl.pl\/ptdl\/wp-content\/uploads\/2024\/01\/ifcc_dubai-1.png\" class=\"wp-image-2223 avia-img-lazy-loading-not-2223 attachment-extra_large size-extra_large wp-post-image\" alt=\"\" srcset=\"https:\/\/ptdl.pl\/ptdl\/wp-content\/uploads\/2024\/01\/ifcc_dubai-1.png 500w, https:\/\/ptdl.pl\/ptdl\/wp-content\/uploads\/2024\/01\/ifcc_dubai-1-300x200.png 300w\" sizes=\"(max-width: 500px) 100vw, 500px\" \/><\/a><div class=\"slide-content\"><header class=\"entry-content-header\"><h3 class='slide-entry-title entry-title '  itemprop=\"headline\" ><a href='https:\/\/ptdl.pl\/index.php\/2024\/01\/04\/konkurs-streszczen-ifcc-worldlab-2024-w-dubaju\/' title='Konkurs streszcze\u0144 IFCC WORLDLAB 2024 W DUBAJU'>Konkurs streszcze\u0144 IFCC WORLDLAB 2024 W DUBAJU<\/a><\/h3><span class=\"av-vertical-delimiter\"><\/span><\/header><div class=\"slide-meta\"><time class='slide-meta-time updated'  itemprop=\"datePublished\" datetime=\"2024-01-04T14:05:35+01:00\" >2024-01-04<\/time><\/div><div class='slide-entry-excerpt entry-content'  itemprop=\"text\" ><div class=\"read-more-link\"><a href=\"https:\/\/ptdl.pl\/index.php\/2024\/01\/04\/konkurs-streszczen-ifcc-worldlab-2024-w-dubaju\/\" class=\"more-link\">Czytaj dalej<span class=\"more-link-arrow\"><\/span><\/a><\/div><\/div><\/div><footer class=\"entry-footer\"><\/footer><span class='hidden'>\n\t\t\t\t<span class='av-structured-data'  itemprop=\"image\" itemscope=\"itemscope\" itemtype=\"https:\/\/schema.org\/ImageObject\" >\n\t\t\t\t\t\t<span itemprop='url'>https:\/\/ptdl.pl\/ptdl\/wp-content\/uploads\/2024\/01\/ifcc_dubai-1.png<\/span>\n\t\t\t\t\t\t<span itemprop='height'>333<\/span>\n\t\t\t\t\t\t<span itemprop='width'>500<\/span>\n\t\t\t\t<\/span>\n\t\t\t\t<span class='av-structured-data'  itemprop=\"publisher\" itemtype=\"https:\/\/schema.org\/Organization\" itemscope=\"itemscope\" >\n\t\t\t\t\t\t<span itemprop='name'>admin<\/span>\n\t\t\t\t\t\t<span itemprop='logo' itemscope itemtype='https:\/\/schema.org\/ImageObject'>\n\t\t\t\t\t\t\t<span itemprop='url'>https:\/\/ptdl.pl\/wp-content\/uploads\/2023\/03\/logo_2.svg<\/span>\n\t\t\t\t\t\t<\/span>\n\t\t\t\t<\/span><span class='av-structured-data'  itemprop=\"author\" itemscope=\"itemscope\" itemtype=\"https:\/\/schema.org\/Person\" ><span itemprop='name'>admin<\/span><\/span><span class='av-structured-data'  itemprop=\"datePublished\" datetime=\"2023-02-03T12:54:00+01:00\" >2024-01-04 14:05:35<\/span><span class='av-structured-data'  itemprop=\"dateModified\" itemtype=\"https:\/\/schema.org\/dateModified\" >2024-01-19 16:40:14<\/span><span class='av-structured-data'  itemprop=\"mainEntityOfPage\" itemtype=\"https:\/\/schema.org\/mainEntityOfPage\" ><span itemprop='name'>Konkurs streszcze\u0144 IFCC WORLDLAB 2024 W DUBAJU<\/span><\/span><\/span><\/article><article class='slide-entry flex_column  post-entry post-entry-1896 slide-entry-overview slide-loop-56 slide-parity-even  av_one_third  real-thumbnail post-format-standard'  itemscope=\"itemscope\" itemtype=\"https:\/\/schema.org\/CreativeWork\" ><a href='https:\/\/ptdl.pl\/index.php\/2023\/12\/12\/1896\/' data-rel='slide-1' class='slide-image' title='Bo\u017conarodzeniowe Serdeczno\u015bci'><img decoding=\"async\" width=\"500\" height=\"333\" src=\"https:\/\/ptdl.pl\/ptdl\/wp-content\/uploads\/2023\/12\/news037.jpg\" class=\"wp-image-1908 avia-img-lazy-loading-not-1908 attachment-extra_large size-extra_large wp-post-image\" alt=\"\" srcset=\"https:\/\/ptdl.pl\/ptdl\/wp-content\/uploads\/2023\/12\/news037.jpg 500w, https:\/\/ptdl.pl\/ptdl\/wp-content\/uploads\/2023\/12\/news037-300x200.jpg 300w\" sizes=\"(max-width: 500px) 100vw, 500px\" \/><\/a><div class=\"slide-content\"><header class=\"entry-content-header\"><h3 class='slide-entry-title entry-title '  itemprop=\"headline\" ><a href='https:\/\/ptdl.pl\/index.php\/2023\/12\/12\/1896\/' title='Bo\u017conarodzeniowe Serdeczno\u015bci'>Bo\u017conarodzeniowe Serdeczno\u015bci<\/a><\/h3><span class=\"av-vertical-delimiter\"><\/span><\/header><div class=\"slide-meta\"><time class='slide-meta-time updated'  itemprop=\"datePublished\" datetime=\"2023-12-12T11:12:08+01:00\" >2023-12-12<\/time><\/div><div class='slide-entry-excerpt entry-content'  itemprop=\"text\" ><div class=\"read-more-link\"><a href=\"https:\/\/ptdl.pl\/index.php\/2023\/12\/12\/1896\/\" class=\"more-link\">Czytaj dalej<span class=\"more-link-arrow\"><\/span><\/a><\/div><\/div><\/div><footer class=\"entry-footer\"><\/footer><span class='hidden'>\n\t\t\t\t<span class='av-structured-data'  itemprop=\"image\" itemscope=\"itemscope\" itemtype=\"https:\/\/schema.org\/ImageObject\" >\n\t\t\t\t\t\t<span itemprop='url'>https:\/\/ptdl.pl\/ptdl\/wp-content\/uploads\/2023\/12\/news037.jpg<\/span>\n\t\t\t\t\t\t<span itemprop='height'>333<\/span>\n\t\t\t\t\t\t<span itemprop='width'>500<\/span>\n\t\t\t\t<\/span>\n\t\t\t\t<span class='av-structured-data'  itemprop=\"publisher\" itemtype=\"https:\/\/schema.org\/Organization\" itemscope=\"itemscope\" >\n\t\t\t\t\t\t<span itemprop='name'>admin<\/span>\n\t\t\t\t\t\t<span itemprop='logo' itemscope itemtype='https:\/\/schema.org\/ImageObject'>\n\t\t\t\t\t\t\t<span itemprop='url'>https:\/\/ptdl.pl\/wp-content\/uploads\/2023\/03\/logo_2.svg<\/span>\n\t\t\t\t\t\t<\/span>\n\t\t\t\t<\/span><span class='av-structured-data'  itemprop=\"author\" itemscope=\"itemscope\" itemtype=\"https:\/\/schema.org\/Person\" ><span itemprop='name'>admin<\/span><\/span><span class='av-structured-data'  itemprop=\"datePublished\" datetime=\"2023-02-03T12:54:00+01:00\" >2023-12-12 11:12:08<\/span><span class='av-structured-data'  itemprop=\"dateModified\" itemtype=\"https:\/\/schema.org\/dateModified\" >2023-12-27 11:31:06<\/span><span class='av-structured-data'  itemprop=\"mainEntityOfPage\" itemtype=\"https:\/\/schema.org\/mainEntityOfPage\" ><span itemprop='name'>Bo\u017conarodzeniowe Serdeczno\u015bci<\/span><\/span><\/span><\/article><article class='slide-entry flex_column  post-entry post-entry-157 slide-entry-overview slide-loop-57 slide-parity-odd  av_one_third  real-thumbnail post-format-standard'  itemscope=\"itemscope\" itemtype=\"https:\/\/schema.org\/CreativeWork\" ><a href='https:\/\/ptdl.pl\/index.php\/2023\/02\/06\/konkurs-streszczen-worldlab-euromedlab-roma-2023\/' data-rel='slide-1' class='slide-image' title='Konkurs streszcze\u0144 WORLDLAB EUROMEDLAB ROMA 2023'><img decoding=\"async\" width=\"500\" height=\"332\" src=\"https:\/\/ptdl.pl\/ptdl\/wp-content\/uploads\/2023\/02\/news_004.jpg\" class=\"wp-image-180 avia-img-lazy-loading-not-180 attachment-extra_large size-extra_large wp-post-image\" alt=\"\" srcset=\"https:\/\/ptdl.pl\/ptdl\/wp-content\/uploads\/2023\/02\/news_004.jpg 500w, https:\/\/ptdl.pl\/ptdl\/wp-content\/uploads\/2023\/02\/news_004-300x199.jpg 300w\" sizes=\"(max-width: 500px) 100vw, 500px\" \/><\/a><div class=\"slide-content\"><header class=\"entry-content-header\"><h3 class='slide-entry-title entry-title '  itemprop=\"headline\" ><a href='https:\/\/ptdl.pl\/index.php\/2023\/02\/06\/konkurs-streszczen-worldlab-euromedlab-roma-2023\/' title='Konkurs streszcze\u0144 WORLDLAB EUROMEDLAB ROMA 2023'>Konkurs streszcze\u0144 WORLDLAB EUROMEDLAB ROMA 2023<\/a><\/h3><span class=\"av-vertical-delimiter\"><\/span><\/header><div class=\"slide-meta\"><time class='slide-meta-time updated'  itemprop=\"datePublished\" datetime=\"2023-02-06T10:08:14+01:00\" >2023-02-06<\/time><\/div><div class='slide-entry-excerpt entry-content'  itemprop=\"text\" ><div class=\"read-more-link\"><a href=\"https:\/\/ptdl.pl\/index.php\/2023\/02\/06\/konkurs-streszczen-worldlab-euromedlab-roma-2023\/\" class=\"more-link\">Czytaj dalej<span class=\"more-link-arrow\"><\/span><\/a><\/div><\/div><\/div><footer class=\"entry-footer\"><\/footer><span class='hidden'>\n\t\t\t\t<span class='av-structured-data'  itemprop=\"image\" itemscope=\"itemscope\" itemtype=\"https:\/\/schema.org\/ImageObject\" >\n\t\t\t\t\t\t<span itemprop='url'>https:\/\/ptdl.pl\/ptdl\/wp-content\/uploads\/2023\/02\/news_004.jpg<\/span>\n\t\t\t\t\t\t<span itemprop='height'>332<\/span>\n\t\t\t\t\t\t<span itemprop='width'>500<\/span>\n\t\t\t\t<\/span>\n\t\t\t\t<span class='av-structured-data'  itemprop=\"publisher\" itemtype=\"https:\/\/schema.org\/Organization\" itemscope=\"itemscope\" >\n\t\t\t\t\t\t<span itemprop='name'>admin<\/span>\n\t\t\t\t\t\t<span itemprop='logo' itemscope itemtype='https:\/\/schema.org\/ImageObject'>\n\t\t\t\t\t\t\t<span itemprop='url'>https:\/\/ptdl.pl\/wp-content\/uploads\/2023\/03\/logo_2.svg<\/span>\n\t\t\t\t\t\t<\/span>\n\t\t\t\t<\/span><span class='av-structured-data'  itemprop=\"author\" itemscope=\"itemscope\" itemtype=\"https:\/\/schema.org\/Person\" ><span itemprop='name'>admin<\/span><\/span><span class='av-structured-data'  itemprop=\"datePublished\" datetime=\"2023-02-03T12:54:00+01:00\" >2023-02-06 10:08:14<\/span><span class='av-structured-data'  itemprop=\"dateModified\" itemtype=\"https:\/\/schema.org\/dateModified\" >2023-02-08 15:31:04<\/span><span class='av-structured-data'  itemprop=\"mainEntityOfPage\" itemtype=\"https:\/\/schema.org\/mainEntityOfPage\" ><span itemprop='name'>Konkurs streszcze\u0144 WORLDLAB EUROMEDLAB ROMA 2023<\/span><\/span><\/span><\/article><\/div><div class=\"slide-entry-wrap\"><article class='slide-entry flex_column  post-entry post-entry-153 slide-entry-overview slide-loop-58 slide-parity-odd  av_one_third first real-thumbnail post-format-standard'  itemscope=\"itemscope\" itemtype=\"https:\/\/schema.org\/CreativeWork\" ><a href='https:\/\/ptdl.pl\/index.php\/2023\/02\/06\/xv-naukowo-szkoleniowy-zjazd-stowarzyszenia-kolegium-medycyny-laboratoryjnej-w-polsce\/' data-rel='slide-1' class='slide-image' title='XV Naukowo-Szkoleniowy Zjazd Stowarzyszenia Kolegium Medycyny Laboratoryjnej w Polsce'><img decoding=\"async\" width=\"500\" height=\"332\" src=\"https:\/\/ptdl.pl\/ptdl\/wp-content\/uploads\/2023\/02\/news_026.jpg\" class=\"wp-image-817 avia-img-lazy-loading-not-817 attachment-extra_large size-extra_large wp-post-image\" alt=\"\" srcset=\"https:\/\/ptdl.pl\/ptdl\/wp-content\/uploads\/2023\/02\/news_026.jpg 500w, https:\/\/ptdl.pl\/ptdl\/wp-content\/uploads\/2023\/02\/news_026-300x199.jpg 300w\" sizes=\"(max-width: 500px) 100vw, 500px\" \/><\/a><div class=\"slide-content\"><header class=\"entry-content-header\"><h3 class='slide-entry-title entry-title '  itemprop=\"headline\" ><a href='https:\/\/ptdl.pl\/index.php\/2023\/02\/06\/xv-naukowo-szkoleniowy-zjazd-stowarzyszenia-kolegium-medycyny-laboratoryjnej-w-polsce\/' title='XV Naukowo-Szkoleniowy Zjazd Stowarzyszenia Kolegium Medycyny Laboratoryjnej w Polsce'>XV Naukowo-Szkoleniowy Zjazd Stowarzyszenia Kolegium Medycyny Laboratoryjnej w Polsce<\/a><\/h3><span class=\"av-vertical-delimiter\"><\/span><\/header><div class=\"slide-meta\"><time class='slide-meta-time updated'  itemprop=\"datePublished\" datetime=\"2023-02-06T10:00:18+01:00\" >2023-02-06<\/time><\/div><div class='slide-entry-excerpt entry-content'  itemprop=\"text\" ><div class=\"read-more-link\"><a href=\"https:\/\/ptdl.pl\/index.php\/2023\/02\/06\/xv-naukowo-szkoleniowy-zjazd-stowarzyszenia-kolegium-medycyny-laboratoryjnej-w-polsce\/\" class=\"more-link\">Czytaj dalej<span class=\"more-link-arrow\"><\/span><\/a><\/div><\/div><\/div><footer class=\"entry-footer\"><\/footer><span class='hidden'>\n\t\t\t\t<span class='av-structured-data'  itemprop=\"image\" itemscope=\"itemscope\" itemtype=\"https:\/\/schema.org\/ImageObject\" >\n\t\t\t\t\t\t<span itemprop='url'>https:\/\/ptdl.pl\/ptdl\/wp-content\/uploads\/2023\/02\/news_026.jpg<\/span>\n\t\t\t\t\t\t<span itemprop='height'>332<\/span>\n\t\t\t\t\t\t<span itemprop='width'>500<\/span>\n\t\t\t\t<\/span>\n\t\t\t\t<span class='av-structured-data'  itemprop=\"publisher\" itemtype=\"https:\/\/schema.org\/Organization\" itemscope=\"itemscope\" >\n\t\t\t\t\t\t<span itemprop='name'>admin<\/span>\n\t\t\t\t\t\t<span itemprop='logo' itemscope itemtype='https:\/\/schema.org\/ImageObject'>\n\t\t\t\t\t\t\t<span itemprop='url'>https:\/\/ptdl.pl\/wp-content\/uploads\/2023\/03\/logo_2.svg<\/span>\n\t\t\t\t\t\t<\/span>\n\t\t\t\t<\/span><span class='av-structured-data'  itemprop=\"author\" itemscope=\"itemscope\" itemtype=\"https:\/\/schema.org\/Person\" ><span itemprop='name'>admin<\/span><\/span><span class='av-structured-data'  itemprop=\"datePublished\" datetime=\"2023-02-03T12:54:00+01:00\" >2023-02-06 10:00:18<\/span><span class='av-structured-data'  itemprop=\"dateModified\" itemtype=\"https:\/\/schema.org\/dateModified\" >2024-01-02 13:15:49<\/span><span class='av-structured-data'  itemprop=\"mainEntityOfPage\" itemtype=\"https:\/\/schema.org\/mainEntityOfPage\" ><span itemprop='name'>XV Naukowo-Szkoleniowy Zjazd Stowarzyszenia Kolegium Medycyny Laboratoryjnej w Polsce<\/span><\/span><\/span><\/article><article class='slide-entry flex_column  post-entry post-entry-151 slide-entry-overview slide-loop-59 slide-parity-even  av_one_third  real-thumbnail post-format-standard'  itemscope=\"itemscope\" itemtype=\"https:\/\/schema.org\/CreativeWork\" ><a href='https:\/\/ptdl.pl\/index.php\/2023\/02\/06\/innowacyjny-projekt-badawczy-w-obszarze-onkologii-konkurs-o-staz-w-londynskim-the-institute-of-cancer-research\/' data-rel='slide-1' class='slide-image' title='Innowacyjny projekt badawczy w obszarze onkologii &#8211; konkurs o sta\u017c w londy\u0144skim THE INSTITUTE OF CANCER RESEARCH'><img decoding=\"async\" width=\"590\" height=\"332\" src=\"https:\/\/ptdl.pl\/ptdl\/wp-content\/uploads\/2023\/02\/news_027.jpg\" class=\"wp-image-818 avia-img-lazy-loading-not-818 attachment-extra_large size-extra_large wp-post-image\" alt=\"\" srcset=\"https:\/\/ptdl.pl\/ptdl\/wp-content\/uploads\/2023\/02\/news_027.jpg 590w, https:\/\/ptdl.pl\/ptdl\/wp-content\/uploads\/2023\/02\/news_027-300x169.jpg 300w\" sizes=\"(max-width: 590px) 100vw, 590px\" \/><\/a><div class=\"slide-content\"><header class=\"entry-content-header\"><h3 class='slide-entry-title entry-title '  itemprop=\"headline\" ><a href='https:\/\/ptdl.pl\/index.php\/2023\/02\/06\/innowacyjny-projekt-badawczy-w-obszarze-onkologii-konkurs-o-staz-w-londynskim-the-institute-of-cancer-research\/' title='Innowacyjny projekt badawczy w obszarze onkologii &#8211; konkurs o sta\u017c w londy\u0144skim THE INSTITUTE OF CANCER RESEARCH'>Innowacyjny projekt badawczy w obszarze onkologii &#8211; konkurs o sta\u017c w londy\u0144skim THE INSTITUTE OF CANCER RESEARCH<\/a><\/h3><span class=\"av-vertical-delimiter\"><\/span><\/header><div class=\"slide-meta\"><time class='slide-meta-time updated'  itemprop=\"datePublished\" datetime=\"2023-02-06T09:57:04+01:00\" >2023-02-06<\/time><\/div><div class='slide-entry-excerpt entry-content'  itemprop=\"text\" ><div class=\"read-more-link\"><a href=\"https:\/\/ptdl.pl\/index.php\/2023\/02\/06\/innowacyjny-projekt-badawczy-w-obszarze-onkologii-konkurs-o-staz-w-londynskim-the-institute-of-cancer-research\/\" class=\"more-link\">Czytaj dalej<span class=\"more-link-arrow\"><\/span><\/a><\/div><\/div><\/div><footer class=\"entry-footer\"><\/footer><span class='hidden'>\n\t\t\t\t<span class='av-structured-data'  itemprop=\"image\" itemscope=\"itemscope\" itemtype=\"https:\/\/schema.org\/ImageObject\" >\n\t\t\t\t\t\t<span itemprop='url'>https:\/\/ptdl.pl\/ptdl\/wp-content\/uploads\/2023\/02\/news_027.jpg<\/span>\n\t\t\t\t\t\t<span itemprop='height'>332<\/span>\n\t\t\t\t\t\t<span itemprop='width'>590<\/span>\n\t\t\t\t<\/span>\n\t\t\t\t<span class='av-structured-data'  itemprop=\"publisher\" itemtype=\"https:\/\/schema.org\/Organization\" itemscope=\"itemscope\" >\n\t\t\t\t\t\t<span itemprop='name'>admin<\/span>\n\t\t\t\t\t\t<span itemprop='logo' itemscope itemtype='https:\/\/schema.org\/ImageObject'>\n\t\t\t\t\t\t\t<span itemprop='url'>https:\/\/ptdl.pl\/wp-content\/uploads\/2023\/03\/logo_2.svg<\/span>\n\t\t\t\t\t\t<\/span>\n\t\t\t\t<\/span><span class='av-structured-data'  itemprop=\"author\" itemscope=\"itemscope\" itemtype=\"https:\/\/schema.org\/Person\" ><span itemprop='name'>admin<\/span><\/span><span class='av-structured-data'  itemprop=\"datePublished\" datetime=\"2023-02-03T12:54:00+01:00\" >2023-02-06 09:57:04<\/span><span class='av-structured-data'  itemprop=\"dateModified\" itemtype=\"https:\/\/schema.org\/dateModified\" >2024-01-08 12:57:29<\/span><span class='av-structured-data'  itemprop=\"mainEntityOfPage\" itemtype=\"https:\/\/schema.org\/mainEntityOfPage\" ><span itemprop='name'>Innowacyjny projekt badawczy w obszarze onkologii &#8211; konkurs o sta\u017c w londy\u0144skim THE INSTITUTE OF CANCER RESEARCH<\/span><\/span><\/span><\/article><article class='slide-entry flex_column  post-entry post-entry-149 slide-entry-overview slide-loop-60 slide-parity-odd  av_one_third  real-thumbnail post-format-standard'  itemscope=\"itemscope\" itemtype=\"https:\/\/schema.org\/CreativeWork\" ><a href='https:\/\/ptdl.pl\/index.php\/2023\/02\/06\/bozonarodzeniowe-serdecznosci\/' data-rel='slide-1' class='slide-image' title='Bo\u017conarodzeniowe Serdeczno\u015bci'><img decoding=\"async\" width=\"500\" height=\"333\" src=\"https:\/\/ptdl.pl\/ptdl\/wp-content\/uploads\/2023\/12\/news036.jpg\" class=\"wp-image-1907 avia-img-lazy-loading-not-1907 attachment-extra_large size-extra_large wp-post-image\" alt=\"\" srcset=\"https:\/\/ptdl.pl\/ptdl\/wp-content\/uploads\/2023\/12\/news036.jpg 500w, https:\/\/ptdl.pl\/ptdl\/wp-content\/uploads\/2023\/12\/news036-300x200.jpg 300w\" sizes=\"(max-width: 500px) 100vw, 500px\" \/><\/a><div class=\"slide-content\"><header class=\"entry-content-header\"><h3 class='slide-entry-title entry-title '  itemprop=\"headline\" ><a href='https:\/\/ptdl.pl\/index.php\/2023\/02\/06\/bozonarodzeniowe-serdecznosci\/' title='Bo\u017conarodzeniowe Serdeczno\u015bci'>Bo\u017conarodzeniowe Serdeczno\u015bci<\/a><\/h3><span class=\"av-vertical-delimiter\"><\/span><\/header><div class=\"slide-meta\"><time class='slide-meta-time updated'  itemprop=\"datePublished\" datetime=\"2023-02-06T09:55:07+01:00\" >2023-02-06<\/time><\/div><div class='slide-entry-excerpt entry-content'  itemprop=\"text\" ><div class=\"read-more-link\"><a href=\"https:\/\/ptdl.pl\/index.php\/2023\/02\/06\/bozonarodzeniowe-serdecznosci\/\" class=\"more-link\">Czytaj dalej<span class=\"more-link-arrow\"><\/span><\/a><\/div><\/div><\/div><footer class=\"entry-footer\"><\/footer><span class='hidden'>\n\t\t\t\t<span class='av-structured-data'  itemprop=\"image\" itemscope=\"itemscope\" itemtype=\"https:\/\/schema.org\/ImageObject\" >\n\t\t\t\t\t\t<span itemprop='url'>https:\/\/ptdl.pl\/ptdl\/wp-content\/uploads\/2023\/12\/news036.jpg<\/span>\n\t\t\t\t\t\t<span itemprop='height'>333<\/span>\n\t\t\t\t\t\t<span itemprop='width'>500<\/span>\n\t\t\t\t<\/span>\n\t\t\t\t<span class='av-structured-data'  itemprop=\"publisher\" itemtype=\"https:\/\/schema.org\/Organization\" itemscope=\"itemscope\" >\n\t\t\t\t\t\t<span itemprop='name'>admin<\/span>\n\t\t\t\t\t\t<span itemprop='logo' itemscope itemtype='https:\/\/schema.org\/ImageObject'>\n\t\t\t\t\t\t\t<span itemprop='url'>https:\/\/ptdl.pl\/wp-content\/uploads\/2023\/03\/logo_2.svg<\/span>\n\t\t\t\t\t\t<\/span>\n\t\t\t\t<\/span><span class='av-structured-data'  itemprop=\"author\" itemscope=\"itemscope\" itemtype=\"https:\/\/schema.org\/Person\" ><span itemprop='name'>admin<\/span><\/span><span class='av-structured-data'  itemprop=\"datePublished\" datetime=\"2023-02-03T12:54:00+01:00\" >2023-02-06 09:55:07<\/span><span class='av-structured-data'  itemprop=\"dateModified\" itemtype=\"https:\/\/schema.org\/dateModified\" >2024-01-08 12:58:47<\/span><span class='av-structured-data'  itemprop=\"mainEntityOfPage\" itemtype=\"https:\/\/schema.org\/mainEntityOfPage\" ><span itemprop='name'>Bo\u017conarodzeniowe Serdeczno\u015bci<\/span><\/span><\/span><\/article><\/div><div class=\"slide-entry-wrap\"><article class='slide-entry flex_column  post-entry post-entry-142 slide-entry-overview slide-loop-61 slide-parity-odd  post-entry-last  av_one_third first real-thumbnail post-format-standard'  itemscope=\"itemscope\" itemtype=\"https:\/\/schema.org\/CreativeWork\" ><a href='https:\/\/ptdl.pl\/index.php\/2023\/02\/06\/serdecznie-gratulacje-dla-pani-moniki-pintal-slimak-z-okazji-wyboru-na-stanowisko-prezesa-krajowej-izby-diagnostow-laboratoryjnych\/' data-rel='slide-1' class='slide-image' title='Serdecznie gratulacje dla Pani Moniki Pintal-\u015alimak z okazji wyboru na stanowisko Prezesa Krajowej Izby Diagnost\u00f3w Laboratoryjnych'><img decoding=\"async\" width=\"501\" height=\"332\" src=\"https:\/\/ptdl.pl\/ptdl\/wp-content\/uploads\/2023\/02\/news_021.jpg\" class=\"wp-image-812 avia-img-lazy-loading-not-812 attachment-extra_large size-extra_large wp-post-image\" alt=\"\" srcset=\"https:\/\/ptdl.pl\/ptdl\/wp-content\/uploads\/2023\/02\/news_021.jpg 501w, https:\/\/ptdl.pl\/ptdl\/wp-content\/uploads\/2023\/02\/news_021-300x199.jpg 300w\" sizes=\"(max-width: 501px) 100vw, 501px\" \/><\/a><div class=\"slide-content\"><header class=\"entry-content-header\"><h3 class='slide-entry-title entry-title '  itemprop=\"headline\" ><a href='https:\/\/ptdl.pl\/index.php\/2023\/02\/06\/serdecznie-gratulacje-dla-pani-moniki-pintal-slimak-z-okazji-wyboru-na-stanowisko-prezesa-krajowej-izby-diagnostow-laboratoryjnych\/' title='Serdecznie gratulacje dla Pani Moniki Pintal-\u015alimak z okazji wyboru na stanowisko Prezesa Krajowej Izby Diagnost\u00f3w Laboratoryjnych'>Serdecznie gratulacje dla Pani Moniki Pintal-\u015alimak z okazji wyboru na stanowisko Prezesa Krajowej Izby Diagnost\u00f3w Laboratoryjnych<\/a><\/h3><span class=\"av-vertical-delimiter\"><\/span><\/header><div class=\"slide-meta\"><time class='slide-meta-time updated'  itemprop=\"datePublished\" datetime=\"2023-02-06T09:54:15+01:00\" >2023-02-06<\/time><\/div><div class='slide-entry-excerpt entry-content'  itemprop=\"text\" ><div class=\"read-more-link\"><a href=\"https:\/\/ptdl.pl\/index.php\/2023\/02\/06\/serdecznie-gratulacje-dla-pani-moniki-pintal-slimak-z-okazji-wyboru-na-stanowisko-prezesa-krajowej-izby-diagnostow-laboratoryjnych\/\" class=\"more-link\">Czytaj dalej<span class=\"more-link-arrow\"><\/span><\/a><\/div><\/div><\/div><footer class=\"entry-footer\"><\/footer><span class='hidden'>\n\t\t\t\t<span class='av-structured-data'  itemprop=\"image\" itemscope=\"itemscope\" itemtype=\"https:\/\/schema.org\/ImageObject\" >\n\t\t\t\t\t\t<span itemprop='url'>https:\/\/ptdl.pl\/ptdl\/wp-content\/uploads\/2023\/02\/news_021.jpg<\/span>\n\t\t\t\t\t\t<span itemprop='height'>332<\/span>\n\t\t\t\t\t\t<span itemprop='width'>501<\/span>\n\t\t\t\t<\/span>\n\t\t\t\t<span class='av-structured-data'  itemprop=\"publisher\" itemtype=\"https:\/\/schema.org\/Organization\" itemscope=\"itemscope\" >\n\t\t\t\t\t\t<span itemprop='name'>admin<\/span>\n\t\t\t\t\t\t<span itemprop='logo' itemscope itemtype='https:\/\/schema.org\/ImageObject'>\n\t\t\t\t\t\t\t<span itemprop='url'>https:\/\/ptdl.pl\/wp-content\/uploads\/2023\/03\/logo_2.svg<\/span>\n\t\t\t\t\t\t<\/span>\n\t\t\t\t<\/span><span class='av-structured-data'  itemprop=\"author\" itemscope=\"itemscope\" itemtype=\"https:\/\/schema.org\/Person\" ><span itemprop='name'>admin<\/span><\/span><span class='av-structured-data'  itemprop=\"datePublished\" datetime=\"2023-02-03T12:54:00+01:00\" >2023-02-06 09:54:15<\/span><span class='av-structured-data'  itemprop=\"dateModified\" itemtype=\"https:\/\/schema.org\/dateModified\" >2024-01-08 13:00:15<\/span><span class='av-structured-data'  itemprop=\"mainEntityOfPage\" itemtype=\"https:\/\/schema.org\/mainEntityOfPage\" ><span itemprop='name'>Serdecznie gratulacje dla Pani Moniki Pintal-\u015alimak z okazji wyboru na stanowisko Prezesa Krajowej Izby Diagnost\u00f3w Laboratoryjnych<\/span><\/span><\/span><\/article><\/div><\/div><div class='avia-slideshow-arrows avia-slideshow-controls' ><a href='#prev' class='prev-slide ' aria-hidden='true' data-av_icon='\ue87c' data-av_iconfont='entypo-fontello'  tabindex='-1'>Previous<\/a><a href='#next' class='next-slide ' aria-hidden='true' data-av_icon='\ue87d' data-av_iconfont='entypo-fontello'  tabindex='-1'>Next<\/a><\/div><\/div>\n<section  class='av_textblock_section av-lemlx01f-3115bb69edbdb5d0f0ade40be3777fc0'  itemscope=\"itemscope\" itemtype=\"https:\/\/schema.org\/CreativeWork\" ><div class='avia_textblock mp-naglowek-specjalny1-class'  itemprop=\"text\" ><p>Kursy i szkolenia<\/p>\n<hr \/>\n<\/div><\/section>\n<div  data-slideshow-options=\"{&quot;animation&quot;:&quot;fade&quot;,&quot;autoplay&quot;:false,&quot;loop_autoplay&quot;:&quot;once&quot;,&quot;interval&quot;:&quot;40&quot;,&quot;loop_manual&quot;:&quot;manual-endless&quot;,&quot;autoplay_stopper&quot;:false,&quot;noNavigation&quot;:false,&quot;show_slide_delay&quot;:90}\" class='avia-content-slider avia-content-slider-active avia-content-slider2 avia-content-slider-even  avia-builder-el-7  el_after_av_textblock  el_before_av_postslider  mp-slider-z-postami2-class av-slideshow-ui av-control-default   av-no-slider-navigation av-slideshow-manual av-loop-once av-loop-manual-endless  av-small-hide av-mini-hide'  itemscope=\"itemscope\" itemtype=\"https:\/\/schema.org\/Blog\" ><div class=\"avia-content-slider-inner\"><div class=\"slide-entry-wrap\"><article class='slide-entry flex_column  post-entry post-entry-6028 slide-entry-overview slide-loop-1 slide-parity-odd  av_one_fourth first real-thumbnail post-format-standard'  itemscope=\"itemscope\" itemtype=\"https:\/\/schema.org\/CreativeWork\" ><a href='https:\/\/ptdl.pl\/index.php\/2026\/04\/14\/webinar-success-story-at-hospital-clinic-of-barcelona\/' data-rel='slide-2' class='slide-image' title='Webinar: Success Story at Hospital Clinic of Barcelona'><img decoding=\"async\" width=\"300\" height=\"157\" src=\"https:\/\/ptdl.pl\/ptdl\/wp-content\/uploads\/2026\/04\/INPECO-webinar-PL-300x157.png\" class=\"wp-image-6029 avia-img-lazy-loading-not-6029 attachment-medium size-medium wp-post-image\" alt=\"\" srcset=\"https:\/\/ptdl.pl\/ptdl\/wp-content\/uploads\/2026\/04\/INPECO-webinar-PL-300x157.png 300w, https:\/\/ptdl.pl\/ptdl\/wp-content\/uploads\/2026\/04\/INPECO-webinar-PL-1030x539.png 1030w, https:\/\/ptdl.pl\/ptdl\/wp-content\/uploads\/2026\/04\/INPECO-webinar-PL-768x402.png 768w, https:\/\/ptdl.pl\/ptdl\/wp-content\/uploads\/2026\/04\/INPECO-webinar-PL-710x375.png 710w, https:\/\/ptdl.pl\/ptdl\/wp-content\/uploads\/2026\/04\/INPECO-webinar-PL-705x369.png 705w, https:\/\/ptdl.pl\/ptdl\/wp-content\/uploads\/2026\/04\/INPECO-webinar-PL.png 1200w\" sizes=\"(max-width: 300px) 100vw, 300px\" \/><\/a><div class=\"slide-content\"><header class=\"entry-content-header\"><h3 class='slide-entry-title entry-title '  itemprop=\"headline\" ><a href='https:\/\/ptdl.pl\/index.php\/2026\/04\/14\/webinar-success-story-at-hospital-clinic-of-barcelona\/' title='Webinar: Success Story at Hospital Clinic of Barcelona'>Webinar: Success Story at Hospital Clinic of Barcelona<\/a><\/h3><span class=\"av-vertical-delimiter\"><\/span><\/header><div class=\"slide-meta\"><time class='slide-meta-time updated'  itemprop=\"datePublished\" datetime=\"2026-04-14T08:17:32+02:00\" >2026-04-14<\/time><\/div><div class='slide-entry-excerpt entry-content'  itemprop=\"text\" ><div class=\"read-more-link\"><a href=\"https:\/\/ptdl.pl\/index.php\/2026\/04\/14\/webinar-success-story-at-hospital-clinic-of-barcelona\/\" class=\"more-link\">Czytaj dalej<span class=\"more-link-arrow\"><\/span><\/a><\/div><\/div><\/div><footer class=\"entry-footer\"><\/footer><span class='hidden'>\n\t\t\t\t<span class='av-structured-data'  itemprop=\"image\" itemscope=\"itemscope\" itemtype=\"https:\/\/schema.org\/ImageObject\" >\n\t\t\t\t\t\t<span itemprop='url'>https:\/\/ptdl.pl\/ptdl\/wp-content\/uploads\/2026\/04\/INPECO-webinar-PL.png<\/span>\n\t\t\t\t\t\t<span itemprop='height'>628<\/span>\n\t\t\t\t\t\t<span itemprop='width'>1200<\/span>\n\t\t\t\t<\/span>\n\t\t\t\t<span class='av-structured-data'  itemprop=\"publisher\" itemtype=\"https:\/\/schema.org\/Organization\" itemscope=\"itemscope\" >\n\t\t\t\t\t\t<span itemprop='name'>admin<\/span>\n\t\t\t\t\t\t<span itemprop='logo' itemscope itemtype='https:\/\/schema.org\/ImageObject'>\n\t\t\t\t\t\t\t<span itemprop='url'>https:\/\/ptdl.pl\/wp-content\/uploads\/2023\/03\/logo_2.svg<\/span>\n\t\t\t\t\t\t<\/span>\n\t\t\t\t<\/span><span class='av-structured-data'  itemprop=\"author\" itemscope=\"itemscope\" itemtype=\"https:\/\/schema.org\/Person\" ><span itemprop='name'>admin<\/span><\/span><span class='av-structured-data'  itemprop=\"datePublished\" datetime=\"2023-02-03T12:54:00+01:00\" >2026-04-14 08:17:32<\/span><span class='av-structured-data'  itemprop=\"dateModified\" itemtype=\"https:\/\/schema.org\/dateModified\" >2026-04-14 08:17:32<\/span><span class='av-structured-data'  itemprop=\"mainEntityOfPage\" itemtype=\"https:\/\/schema.org\/mainEntityOfPage\" ><span itemprop='name'>Webinar: Success Story at Hospital Clinic of Barcelona<\/span><\/span><\/span><\/article><article class='slide-entry flex_column  post-entry post-entry-6007 slide-entry-overview slide-loop-2 slide-parity-even  av_one_fourth  real-thumbnail post-format-standard'  itemscope=\"itemscope\" itemtype=\"https:\/\/schema.org\/CreativeWork\" ><a href='https:\/\/ptdl.pl\/index.php\/2026\/04\/07\/spotkanie-naukowo-szkoleniowe-ptdl-o-lodz-16-04-2026r\/' data-rel='slide-2' class='slide-image' title='Spotkanie naukowo-szkoleniowe PTDL o\/\u0141\u00f3d\u017a 16.04.2026r.'><img decoding=\"async\" width=\"300\" height=\"200\" src=\"https:\/\/ptdl.pl\/ptdl\/wp-content\/uploads\/2024\/06\/4d8f6fbf0ebc0b96327f5cab6a05c0b196d26414-300x200.png\" class=\"wp-image-3505 avia-img-lazy-loading-not-3505 attachment-medium size-medium wp-post-image\" alt=\"\" srcset=\"https:\/\/ptdl.pl\/ptdl\/wp-content\/uploads\/2024\/06\/4d8f6fbf0ebc0b96327f5cab6a05c0b196d26414-300x200.png 300w, https:\/\/ptdl.pl\/ptdl\/wp-content\/uploads\/2024\/06\/4d8f6fbf0ebc0b96327f5cab6a05c0b196d26414-705x470.png 705w, https:\/\/ptdl.pl\/ptdl\/wp-content\/uploads\/2024\/06\/4d8f6fbf0ebc0b96327f5cab6a05c0b196d26414.png 744w\" sizes=\"(max-width: 300px) 100vw, 300px\" \/><\/a><div class=\"slide-content\"><header class=\"entry-content-header\"><h3 class='slide-entry-title entry-title '  itemprop=\"headline\" ><a href='https:\/\/ptdl.pl\/index.php\/2026\/04\/07\/spotkanie-naukowo-szkoleniowe-ptdl-o-lodz-16-04-2026r\/' title='Spotkanie naukowo-szkoleniowe PTDL o\/\u0141\u00f3d\u017a 16.04.2026r.'>Spotkanie naukowo-szkoleniowe PTDL o\/\u0141\u00f3d\u017a 16.04.2026r.<\/a><\/h3><span class=\"av-vertical-delimiter\"><\/span><\/header><div class=\"slide-meta\"><time class='slide-meta-time updated'  itemprop=\"datePublished\" datetime=\"2026-04-07T19:41:40+02:00\" >2026-04-07<\/time><\/div><div class='slide-entry-excerpt entry-content'  itemprop=\"text\" ><div class=\"read-more-link\"><a href=\"https:\/\/ptdl.pl\/index.php\/2026\/04\/07\/spotkanie-naukowo-szkoleniowe-ptdl-o-lodz-16-04-2026r\/\" class=\"more-link\">Czytaj dalej<span class=\"more-link-arrow\"><\/span><\/a><\/div><\/div><\/div><footer class=\"entry-footer\"><\/footer><span class='hidden'>\n\t\t\t\t<span class='av-structured-data'  itemprop=\"image\" itemscope=\"itemscope\" itemtype=\"https:\/\/schema.org\/ImageObject\" >\n\t\t\t\t\t\t<span itemprop='url'>https:\/\/ptdl.pl\/ptdl\/wp-content\/uploads\/2024\/06\/4d8f6fbf0ebc0b96327f5cab6a05c0b196d26414.png<\/span>\n\t\t\t\t\t\t<span itemprop='height'>496<\/span>\n\t\t\t\t\t\t<span itemprop='width'>744<\/span>\n\t\t\t\t<\/span>\n\t\t\t\t<span class='av-structured-data'  itemprop=\"publisher\" itemtype=\"https:\/\/schema.org\/Organization\" itemscope=\"itemscope\" >\n\t\t\t\t\t\t<span itemprop='name'>dsk<\/span>\n\t\t\t\t\t\t<span itemprop='logo' itemscope itemtype='https:\/\/schema.org\/ImageObject'>\n\t\t\t\t\t\t\t<span itemprop='url'>https:\/\/ptdl.pl\/wp-content\/uploads\/2023\/03\/logo_2.svg<\/span>\n\t\t\t\t\t\t<\/span>\n\t\t\t\t<\/span><span class='av-structured-data'  itemprop=\"author\" itemscope=\"itemscope\" itemtype=\"https:\/\/schema.org\/Person\" ><span itemprop='name'>dsk<\/span><\/span><span class='av-structured-data'  itemprop=\"datePublished\" datetime=\"2023-02-03T12:54:00+01:00\" >2026-04-07 19:41:40<\/span><span class='av-structured-data'  itemprop=\"dateModified\" itemtype=\"https:\/\/schema.org\/dateModified\" >2026-04-07 19:47:22<\/span><span class='av-structured-data'  itemprop=\"mainEntityOfPage\" itemtype=\"https:\/\/schema.org\/mainEntityOfPage\" ><span itemprop='name'>Spotkanie naukowo-szkoleniowe PTDL o\/\u0141\u00f3d\u017a 16.04.2026r.<\/span><\/span><\/span><\/article><article class='slide-entry flex_column  post-entry post-entry-5899 slide-entry-overview slide-loop-3 slide-parity-odd  av_one_fourth  real-thumbnail post-format-standard'  itemscope=\"itemscope\" itemtype=\"https:\/\/schema.org\/CreativeWork\" ><a href='https:\/\/ptdl.pl\/index.php\/2026\/03\/27\/kurs-online-interpretacja-zaburzen-rownowagi-kwasowo-zasadowej-z-szczegolnym-uwzglednieniem-chorych-onkologicznych\/' data-rel='slide-2' class='slide-image' title='Kurs online \u201eInterpretacja zaburze\u0144 r\u00f3wnowagi kwasowo-zasadowej ze szczeg\u00f3lnym uwzgl\u0119dnieniem chorych onkologicznych\u201d'><img decoding=\"async\" width=\"300\" height=\"200\" src=\"https:\/\/ptdl.pl\/ptdl\/wp-content\/uploads\/2024\/01\/2020-10-17-1-300x200.jpg\" class=\"wp-image-2587 avia-img-lazy-loading-not-2587 attachment-medium size-medium wp-post-image\" alt=\"\" srcset=\"https:\/\/ptdl.pl\/ptdl\/wp-content\/uploads\/2024\/01\/2020-10-17-1-300x200.jpg 300w, https:\/\/ptdl.pl\/ptdl\/wp-content\/uploads\/2024\/01\/2020-10-17-1-1030x686.jpg 1030w, https:\/\/ptdl.pl\/ptdl\/wp-content\/uploads\/2024\/01\/2020-10-17-1-768x512.jpg 768w, https:\/\/ptdl.pl\/ptdl\/wp-content\/uploads\/2024\/01\/2020-10-17-1-705x470.jpg 705w, https:\/\/ptdl.pl\/ptdl\/wp-content\/uploads\/2024\/01\/2020-10-17-1.jpg 1360w\" sizes=\"(max-width: 300px) 100vw, 300px\" \/><\/a><div class=\"slide-content\"><header class=\"entry-content-header\"><h3 class='slide-entry-title entry-title '  itemprop=\"headline\" ><a href='https:\/\/ptdl.pl\/index.php\/2026\/03\/27\/kurs-online-interpretacja-zaburzen-rownowagi-kwasowo-zasadowej-z-szczegolnym-uwzglednieniem-chorych-onkologicznych\/' title='Kurs online \u201eInterpretacja zaburze\u0144 r\u00f3wnowagi kwasowo-zasadowej ze szczeg\u00f3lnym uwzgl\u0119dnieniem chorych onkologicznych\u201d'>Kurs online \u201eInterpretacja zaburze\u0144 r\u00f3wnowagi kwasowo-zasadowej ze szczeg\u00f3lnym uwzgl\u0119dnieniem chorych onkologicznych\u201d<\/a><\/h3><span class=\"av-vertical-delimiter\"><\/span><\/header><div class=\"slide-meta\"><time class='slide-meta-time updated'  itemprop=\"datePublished\" datetime=\"2026-03-27T12:14:21+01:00\" >2026-03-27<\/time><\/div><div class='slide-entry-excerpt entry-content'  itemprop=\"text\" ><div class=\"read-more-link\"><a href=\"https:\/\/ptdl.pl\/index.php\/2026\/03\/27\/kurs-online-interpretacja-zaburzen-rownowagi-kwasowo-zasadowej-z-szczegolnym-uwzglednieniem-chorych-onkologicznych\/\" class=\"more-link\">Czytaj dalej<span class=\"more-link-arrow\"><\/span><\/a><\/div><\/div><\/div><footer class=\"entry-footer\"><\/footer><span class='hidden'>\n\t\t\t\t<span class='av-structured-data'  itemprop=\"image\" itemscope=\"itemscope\" itemtype=\"https:\/\/schema.org\/ImageObject\" >\n\t\t\t\t\t\t<span itemprop='url'>https:\/\/ptdl.pl\/ptdl\/wp-content\/uploads\/2024\/01\/2020-10-17-1.jpg<\/span>\n\t\t\t\t\t\t<span itemprop='height'>906<\/span>\n\t\t\t\t\t\t<span itemprop='width'>1360<\/span>\n\t\t\t\t<\/span>\n\t\t\t\t<span class='av-structured-data'  itemprop=\"publisher\" itemtype=\"https:\/\/schema.org\/Organization\" itemscope=\"itemscope\" >\n\t\t\t\t\t\t<span itemprop='name'>Malwina Czech<\/span>\n\t\t\t\t\t\t<span itemprop='logo' itemscope itemtype='https:\/\/schema.org\/ImageObject'>\n\t\t\t\t\t\t\t<span itemprop='url'>https:\/\/ptdl.pl\/wp-content\/uploads\/2023\/03\/logo_2.svg<\/span>\n\t\t\t\t\t\t<\/span>\n\t\t\t\t<\/span><span class='av-structured-data'  itemprop=\"author\" itemscope=\"itemscope\" itemtype=\"https:\/\/schema.org\/Person\" ><span itemprop='name'>Malwina Czech<\/span><\/span><span class='av-structured-data'  itemprop=\"datePublished\" datetime=\"2023-02-03T12:54:00+01:00\" >2026-03-27 12:14:21<\/span><span class='av-structured-data'  itemprop=\"dateModified\" itemtype=\"https:\/\/schema.org\/dateModified\" >2026-04-01 11:53:58<\/span><span class='av-structured-data'  itemprop=\"mainEntityOfPage\" itemtype=\"https:\/\/schema.org\/mainEntityOfPage\" ><span itemprop='name'>Kurs online \u201eInterpretacja zaburze\u0144 r\u00f3wnowagi kwasowo-zasadowej ze szczeg\u00f3lnym uwzgl\u0119dnieniem chorych onkologicznych\u201d<\/span><\/span><\/span><\/article><article class='slide-entry flex_column  post-entry post-entry-5850 slide-entry-overview slide-loop-4 slide-parity-even  av_one_fourth  real-thumbnail post-format-standard'  itemscope=\"itemscope\" itemtype=\"https:\/\/schema.org\/CreativeWork\" ><a href='https:\/\/ptdl.pl\/index.php\/2026\/03\/16\/spotkanie-naukowo-szkoleniowe-ptdl-o-lodz-25-03-2026\/' data-rel='slide-2' class='slide-image' title='Spotkanie naukowo-szkoleniowe PTDL o\/\u0141\u00f3d\u017a 25.03.2026'><img decoding=\"async\" width=\"300\" height=\"200\" src=\"https:\/\/ptdl.pl\/ptdl\/wp-content\/uploads\/2024\/06\/4d8f6fbf0ebc0b96327f5cab6a05c0b196d26414-300x200.png\" class=\"wp-image-3505 avia-img-lazy-loading-not-3505 attachment-medium size-medium wp-post-image\" alt=\"\" srcset=\"https:\/\/ptdl.pl\/ptdl\/wp-content\/uploads\/2024\/06\/4d8f6fbf0ebc0b96327f5cab6a05c0b196d26414-300x200.png 300w, https:\/\/ptdl.pl\/ptdl\/wp-content\/uploads\/2024\/06\/4d8f6fbf0ebc0b96327f5cab6a05c0b196d26414-705x470.png 705w, https:\/\/ptdl.pl\/ptdl\/wp-content\/uploads\/2024\/06\/4d8f6fbf0ebc0b96327f5cab6a05c0b196d26414.png 744w\" sizes=\"(max-width: 300px) 100vw, 300px\" \/><\/a><div class=\"slide-content\"><header class=\"entry-content-header\"><h3 class='slide-entry-title entry-title '  itemprop=\"headline\" ><a href='https:\/\/ptdl.pl\/index.php\/2026\/03\/16\/spotkanie-naukowo-szkoleniowe-ptdl-o-lodz-25-03-2026\/' title='Spotkanie naukowo-szkoleniowe PTDL o\/\u0141\u00f3d\u017a 25.03.2026'>Spotkanie naukowo-szkoleniowe PTDL o\/\u0141\u00f3d\u017a 25.03.2026<\/a><\/h3><span class=\"av-vertical-delimiter\"><\/span><\/header><div class=\"slide-meta\"><time class='slide-meta-time updated'  itemprop=\"datePublished\" datetime=\"2026-03-16T18:25:17+01:00\" >2026-03-16<\/time><\/div><div class='slide-entry-excerpt entry-content'  itemprop=\"text\" ><div class=\"read-more-link\"><a href=\"https:\/\/ptdl.pl\/index.php\/2026\/03\/16\/spotkanie-naukowo-szkoleniowe-ptdl-o-lodz-25-03-2026\/\" class=\"more-link\">Czytaj dalej<span class=\"more-link-arrow\"><\/span><\/a><\/div><\/div><\/div><footer class=\"entry-footer\"><\/footer><span class='hidden'>\n\t\t\t\t<span class='av-structured-data'  itemprop=\"image\" itemscope=\"itemscope\" itemtype=\"https:\/\/schema.org\/ImageObject\" >\n\t\t\t\t\t\t<span itemprop='url'>https:\/\/ptdl.pl\/ptdl\/wp-content\/uploads\/2024\/06\/4d8f6fbf0ebc0b96327f5cab6a05c0b196d26414.png<\/span>\n\t\t\t\t\t\t<span itemprop='height'>496<\/span>\n\t\t\t\t\t\t<span itemprop='width'>744<\/span>\n\t\t\t\t<\/span>\n\t\t\t\t<span class='av-structured-data'  itemprop=\"publisher\" itemtype=\"https:\/\/schema.org\/Organization\" itemscope=\"itemscope\" >\n\t\t\t\t\t\t<span itemprop='name'>dsk<\/span>\n\t\t\t\t\t\t<span itemprop='logo' itemscope itemtype='https:\/\/schema.org\/ImageObject'>\n\t\t\t\t\t\t\t<span itemprop='url'>https:\/\/ptdl.pl\/wp-content\/uploads\/2023\/03\/logo_2.svg<\/span>\n\t\t\t\t\t\t<\/span>\n\t\t\t\t<\/span><span class='av-structured-data'  itemprop=\"author\" itemscope=\"itemscope\" itemtype=\"https:\/\/schema.org\/Person\" ><span itemprop='name'>dsk<\/span><\/span><span class='av-structured-data'  itemprop=\"datePublished\" datetime=\"2023-02-03T12:54:00+01:00\" >2026-03-16 18:25:17<\/span><span class='av-structured-data'  itemprop=\"dateModified\" itemtype=\"https:\/\/schema.org\/dateModified\" >2026-03-16 18:25:17<\/span><span class='av-structured-data'  itemprop=\"mainEntityOfPage\" itemtype=\"https:\/\/schema.org\/mainEntityOfPage\" ><span itemprop='name'>Spotkanie naukowo-szkoleniowe PTDL o\/\u0141\u00f3d\u017a 25.03.2026<\/span><\/span><\/span><\/article><\/div><div class=\"slide-entry-wrap\"><article class='slide-entry flex_column  post-entry post-entry-5812 slide-entry-overview slide-loop-5 slide-parity-odd  av_one_fourth first real-thumbnail post-format-standard'  itemscope=\"itemscope\" itemtype=\"https:\/\/schema.org\/CreativeWork\" ><a href='https:\/\/ptdl.pl\/index.php\/2026\/03\/10\/zebranie-naukowo-szkoleniowe-3\/' data-rel='slide-2' class='slide-image' title='Zebranie naukowo &#8211; szkoleniowe'><img decoding=\"async\" width=\"300\" height=\"200\" src=\"https:\/\/ptdl.pl\/ptdl\/wp-content\/uploads\/2023\/02\/news_011-300x200.jpg\" class=\"wp-image-802 avia-img-lazy-loading-not-802 attachment-medium size-medium wp-post-image\" alt=\"\" srcset=\"https:\/\/ptdl.pl\/ptdl\/wp-content\/uploads\/2023\/02\/news_011-300x200.jpg 300w, https:\/\/ptdl.pl\/ptdl\/wp-content\/uploads\/2023\/02\/news_011.jpg 500w\" sizes=\"(max-width: 300px) 100vw, 300px\" \/><\/a><div class=\"slide-content\"><header class=\"entry-content-header\"><h3 class='slide-entry-title entry-title '  itemprop=\"headline\" ><a href='https:\/\/ptdl.pl\/index.php\/2026\/03\/10\/zebranie-naukowo-szkoleniowe-3\/' title='Zebranie naukowo &#8211; szkoleniowe'>Zebranie naukowo &#8211; szkoleniowe<\/a><\/h3><span class=\"av-vertical-delimiter\"><\/span><\/header><div class=\"slide-meta\"><time class='slide-meta-time updated'  itemprop=\"datePublished\" datetime=\"2026-03-10T12:13:36+01:00\" >2026-03-10<\/time><\/div><div class='slide-entry-excerpt entry-content'  itemprop=\"text\" ><div class=\"read-more-link\"><a href=\"https:\/\/ptdl.pl\/index.php\/2026\/03\/10\/zebranie-naukowo-szkoleniowe-3\/\" class=\"more-link\">Czytaj dalej<span class=\"more-link-arrow\"><\/span><\/a><\/div><\/div><\/div><footer class=\"entry-footer\"><\/footer><span class='hidden'>\n\t\t\t\t<span class='av-structured-data'  itemprop=\"image\" itemscope=\"itemscope\" itemtype=\"https:\/\/schema.org\/ImageObject\" >\n\t\t\t\t\t\t<span itemprop='url'>https:\/\/ptdl.pl\/ptdl\/wp-content\/uploads\/2023\/02\/news_011.jpg<\/span>\n\t\t\t\t\t\t<span itemprop='height'>333<\/span>\n\t\t\t\t\t\t<span itemprop='width'>500<\/span>\n\t\t\t\t<\/span>\n\t\t\t\t<span class='av-structured-data'  itemprop=\"publisher\" itemtype=\"https:\/\/schema.org\/Organization\" itemscope=\"itemscope\" >\n\t\t\t\t\t\t<span itemprop='name'>Malwina Czech<\/span>\n\t\t\t\t\t\t<span itemprop='logo' itemscope itemtype='https:\/\/schema.org\/ImageObject'>\n\t\t\t\t\t\t\t<span itemprop='url'>https:\/\/ptdl.pl\/wp-content\/uploads\/2023\/03\/logo_2.svg<\/span>\n\t\t\t\t\t\t<\/span>\n\t\t\t\t<\/span><span class='av-structured-data'  itemprop=\"author\" itemscope=\"itemscope\" itemtype=\"https:\/\/schema.org\/Person\" ><span itemprop='name'>Malwina Czech<\/span><\/span><span class='av-structured-data'  itemprop=\"datePublished\" datetime=\"2023-02-03T12:54:00+01:00\" >2026-03-10 12:13:36<\/span><span class='av-structured-data'  itemprop=\"dateModified\" itemtype=\"https:\/\/schema.org\/dateModified\" >2026-03-10 12:15:04<\/span><span class='av-structured-data'  itemprop=\"mainEntityOfPage\" itemtype=\"https:\/\/schema.org\/mainEntityOfPage\" ><span itemprop='name'>Zebranie naukowo &#8211; szkoleniowe<\/span><\/span><\/span><\/article><article class='slide-entry flex_column  post-entry post-entry-5741 slide-entry-overview slide-loop-6 slide-parity-even  av_one_fourth  real-thumbnail post-format-standard'  itemscope=\"itemscope\" itemtype=\"https:\/\/schema.org\/CreativeWork\" ><a href='https:\/\/ptdl.pl\/index.php\/2026\/03\/03\/webinar-narzedzia-diagnostyczne-w-laboratoryjnej-parazytologii-medycznej-mozliwosci-i-ograniczenia-5-i-11-03-2026\/' data-rel='slide-2' class='slide-image' title='Webinar Narz\u0119dzia diagnostyczne w laboratoryjnej parazytologii medycznej \u2013 mo\u017cliwo\u015bci i ograniczenia 5 i 11.03.2026'><img decoding=\"async\" width=\"300\" height=\"184\" src=\"https:\/\/ptdl.pl\/ptdl\/wp-content\/uploads\/2026\/03\/Parazytologia-Tygiel-300x184.png\" class=\"wp-image-5742 avia-img-lazy-loading-not-5742 attachment-medium size-medium wp-post-image\" alt=\"\" srcset=\"https:\/\/ptdl.pl\/ptdl\/wp-content\/uploads\/2026\/03\/Parazytologia-Tygiel-300x184.png 300w, https:\/\/ptdl.pl\/ptdl\/wp-content\/uploads\/2026\/03\/Parazytologia-Tygiel-1030x631.png 1030w, https:\/\/ptdl.pl\/ptdl\/wp-content\/uploads\/2026\/03\/Parazytologia-Tygiel-768x471.png 768w, https:\/\/ptdl.pl\/ptdl\/wp-content\/uploads\/2026\/03\/Parazytologia-Tygiel-705x432.png 705w, https:\/\/ptdl.pl\/ptdl\/wp-content\/uploads\/2026\/03\/Parazytologia-Tygiel.png 1167w\" sizes=\"(max-width: 300px) 100vw, 300px\" \/><\/a><div class=\"slide-content\"><header class=\"entry-content-header\"><h3 class='slide-entry-title entry-title '  itemprop=\"headline\" ><a href='https:\/\/ptdl.pl\/index.php\/2026\/03\/03\/webinar-narzedzia-diagnostyczne-w-laboratoryjnej-parazytologii-medycznej-mozliwosci-i-ograniczenia-5-i-11-03-2026\/' title='Webinar Narz\u0119dzia diagnostyczne w laboratoryjnej parazytologii medycznej \u2013 mo\u017cliwo\u015bci i ograniczenia 5 i 11.03.2026'>Webinar Narz\u0119dzia diagnostyczne w laboratoryjnej parazytologii medycznej \u2013 mo\u017cliwo\u015bci i ograniczenia 5 i 11.03.2026<\/a><\/h3><span class=\"av-vertical-delimiter\"><\/span><\/header><div class=\"slide-meta\"><time class='slide-meta-time updated'  itemprop=\"datePublished\" datetime=\"2026-03-03T22:23:01+01:00\" >2026-03-03<\/time><\/div><div class='slide-entry-excerpt entry-content'  itemprop=\"text\" ><div class=\"read-more-link\"><a href=\"https:\/\/ptdl.pl\/index.php\/2026\/03\/03\/webinar-narzedzia-diagnostyczne-w-laboratoryjnej-parazytologii-medycznej-mozliwosci-i-ograniczenia-5-i-11-03-2026\/\" class=\"more-link\">Czytaj dalej<span class=\"more-link-arrow\"><\/span><\/a><\/div><\/div><\/div><footer class=\"entry-footer\"><\/footer><span class='hidden'>\n\t\t\t\t<span class='av-structured-data'  itemprop=\"image\" itemscope=\"itemscope\" itemtype=\"https:\/\/schema.org\/ImageObject\" >\n\t\t\t\t\t\t<span itemprop='url'>https:\/\/ptdl.pl\/ptdl\/wp-content\/uploads\/2026\/03\/Parazytologia-Tygiel.png<\/span>\n\t\t\t\t\t\t<span itemprop='height'>715<\/span>\n\t\t\t\t\t\t<span itemprop='width'>1167<\/span>\n\t\t\t\t<\/span>\n\t\t\t\t<span class='av-structured-data'  itemprop=\"publisher\" itemtype=\"https:\/\/schema.org\/Organization\" itemscope=\"itemscope\" >\n\t\t\t\t\t\t<span itemprop='name'>Olga Ciepiela<\/span>\n\t\t\t\t\t\t<span itemprop='logo' itemscope itemtype='https:\/\/schema.org\/ImageObject'>\n\t\t\t\t\t\t\t<span itemprop='url'>https:\/\/ptdl.pl\/wp-content\/uploads\/2023\/03\/logo_2.svg<\/span>\n\t\t\t\t\t\t<\/span>\n\t\t\t\t<\/span><span class='av-structured-data'  itemprop=\"author\" itemscope=\"itemscope\" itemtype=\"https:\/\/schema.org\/Person\" ><span itemprop='name'>Olga Ciepiela<\/span><\/span><span class='av-structured-data'  itemprop=\"datePublished\" datetime=\"2023-02-03T12:54:00+01:00\" >2026-03-03 22:23:01<\/span><span class='av-structured-data'  itemprop=\"dateModified\" itemtype=\"https:\/\/schema.org\/dateModified\" >2026-03-03 22:23:01<\/span><span class='av-structured-data'  itemprop=\"mainEntityOfPage\" itemtype=\"https:\/\/schema.org\/mainEntityOfPage\" ><span itemprop='name'>Webinar Narz\u0119dzia diagnostyczne w laboratoryjnej parazytologii medycznej \u2013 mo\u017cliwo\u015bci i ograniczenia 5 i 11.03.2026<\/span><\/span><\/span><\/article><article class='slide-entry flex_column  post-entry post-entry-5735 slide-entry-overview slide-loop-7 slide-parity-odd  av_one_fourth  real-thumbnail post-format-standard'  itemscope=\"itemscope\" itemtype=\"https:\/\/schema.org\/CreativeWork\" ><a href='https:\/\/ptdl.pl\/index.php\/2026\/03\/03\/webinar-wspolne-drogi-w-hemostazie\/' data-rel='slide-2' class='slide-image' title='Webinar: Wsp\u00f3lne drogi w hemostazie 24 i 25.03.2026'><img decoding=\"async\" width=\"300\" height=\"158\" src=\"https:\/\/ptdl.pl\/ptdl\/wp-content\/uploads\/2026\/03\/Webinar-werfen-300x158.jpg\" class=\"wp-image-5739 avia-img-lazy-loading-not-5739 attachment-medium size-medium wp-post-image\" alt=\"\" srcset=\"https:\/\/ptdl.pl\/ptdl\/wp-content\/uploads\/2026\/03\/Webinar-werfen-300x158.jpg 300w, https:\/\/ptdl.pl\/ptdl\/wp-content\/uploads\/2026\/03\/Webinar-werfen-768x404.jpg 768w, https:\/\/ptdl.pl\/ptdl\/wp-content\/uploads\/2026\/03\/Webinar-werfen-710x375.jpg 710w, https:\/\/ptdl.pl\/ptdl\/wp-content\/uploads\/2026\/03\/Webinar-werfen-705x371.jpg 705w, https:\/\/ptdl.pl\/ptdl\/wp-content\/uploads\/2026\/03\/Webinar-werfen.jpg 827w\" sizes=\"(max-width: 300px) 100vw, 300px\" \/><\/a><div class=\"slide-content\"><header class=\"entry-content-header\"><h3 class='slide-entry-title entry-title '  itemprop=\"headline\" ><a href='https:\/\/ptdl.pl\/index.php\/2026\/03\/03\/webinar-wspolne-drogi-w-hemostazie\/' title='Webinar: Wsp\u00f3lne drogi w hemostazie 24 i 25.03.2026'>Webinar: Wsp\u00f3lne drogi w hemostazie 24 i 25.03.2026<\/a><\/h3><span class=\"av-vertical-delimiter\"><\/span><\/header><div class=\"slide-meta\"><time class='slide-meta-time updated'  itemprop=\"datePublished\" datetime=\"2026-03-03T22:06:13+01:00\" >2026-03-03<\/time><\/div><div class='slide-entry-excerpt entry-content'  itemprop=\"text\" ><div class=\"read-more-link\"><a href=\"https:\/\/ptdl.pl\/index.php\/2026\/03\/03\/webinar-wspolne-drogi-w-hemostazie\/\" class=\"more-link\">Czytaj dalej<span class=\"more-link-arrow\"><\/span><\/a><\/div><\/div><\/div><footer class=\"entry-footer\"><\/footer><span class='hidden'>\n\t\t\t\t<span class='av-structured-data'  itemprop=\"image\" itemscope=\"itemscope\" itemtype=\"https:\/\/schema.org\/ImageObject\" >\n\t\t\t\t\t\t<span itemprop='url'>https:\/\/ptdl.pl\/ptdl\/wp-content\/uploads\/2026\/03\/Webinar-werfen.jpg<\/span>\n\t\t\t\t\t\t<span itemprop='height'>435<\/span>\n\t\t\t\t\t\t<span itemprop='width'>827<\/span>\n\t\t\t\t<\/span>\n\t\t\t\t<span class='av-structured-data'  itemprop=\"publisher\" itemtype=\"https:\/\/schema.org\/Organization\" itemscope=\"itemscope\" >\n\t\t\t\t\t\t<span itemprop='name'>Olga Ciepiela<\/span>\n\t\t\t\t\t\t<span itemprop='logo' itemscope itemtype='https:\/\/schema.org\/ImageObject'>\n\t\t\t\t\t\t\t<span itemprop='url'>https:\/\/ptdl.pl\/wp-content\/uploads\/2023\/03\/logo_2.svg<\/span>\n\t\t\t\t\t\t<\/span>\n\t\t\t\t<\/span><span class='av-structured-data'  itemprop=\"author\" itemscope=\"itemscope\" itemtype=\"https:\/\/schema.org\/Person\" ><span itemprop='name'>Olga Ciepiela<\/span><\/span><span class='av-structured-data'  itemprop=\"datePublished\" datetime=\"2023-02-03T12:54:00+01:00\" >2026-03-03 22:06:13<\/span><span class='av-structured-data'  itemprop=\"dateModified\" itemtype=\"https:\/\/schema.org\/dateModified\" >2026-03-03 22:18:16<\/span><span class='av-structured-data'  itemprop=\"mainEntityOfPage\" itemtype=\"https:\/\/schema.org\/mainEntityOfPage\" ><span itemprop='name'>Webinar: Wsp\u00f3lne drogi w hemostazie 24 i 25.03.2026<\/span><\/span><\/span><\/article><article class='slide-entry flex_column  post-entry post-entry-5708 slide-entry-overview slide-loop-8 slide-parity-even  av_one_fourth  real-thumbnail post-format-standard'  itemscope=\"itemscope\" itemtype=\"https:\/\/schema.org\/CreativeWork\" ><a href='https:\/\/ptdl.pl\/index.php\/2026\/02\/24\/kurs-diagnostyka-mikroskopowa-krwi-obwodowej-i-szpiku-kostnego-2\/' data-rel='slide-2' class='slide-image' title='Kurs &#8222;Diagnostyka mikroskopowa krwi obwodowej i szpiku kostnego&#8221;'><img decoding=\"async\" width=\"292\" height=\"300\" src=\"https:\/\/ptdl.pl\/ptdl\/wp-content\/uploads\/2025\/04\/EO_9564-292x300.jpg\" class=\"wp-image-4788 avia-img-lazy-loading-not-4788 attachment-medium size-medium wp-post-image\" alt=\"\" srcset=\"https:\/\/ptdl.pl\/ptdl\/wp-content\/uploads\/2025\/04\/EO_9564-292x300.jpg 292w, https:\/\/ptdl.pl\/ptdl\/wp-content\/uploads\/2025\/04\/EO_9564-36x36.jpg 36w, https:\/\/ptdl.pl\/ptdl\/wp-content\/uploads\/2025\/04\/EO_9564.jpg 348w\" sizes=\"(max-width: 292px) 100vw, 292px\" \/><\/a><div class=\"slide-content\"><header class=\"entry-content-header\"><h3 class='slide-entry-title entry-title '  itemprop=\"headline\" ><a href='https:\/\/ptdl.pl\/index.php\/2026\/02\/24\/kurs-diagnostyka-mikroskopowa-krwi-obwodowej-i-szpiku-kostnego-2\/' title='Kurs &#8222;Diagnostyka mikroskopowa krwi obwodowej i szpiku kostnego&#8221;'>Kurs &#8222;Diagnostyka mikroskopowa krwi obwodowej i szpiku kostnego&#8221;<\/a><\/h3><span class=\"av-vertical-delimiter\"><\/span><\/header><div class=\"slide-meta\"><time class='slide-meta-time updated'  itemprop=\"datePublished\" datetime=\"2026-02-24T12:44:29+01:00\" >2026-02-24<\/time><\/div><div class='slide-entry-excerpt entry-content'  itemprop=\"text\" ><div class=\"read-more-link\"><a href=\"https:\/\/ptdl.pl\/index.php\/2026\/02\/24\/kurs-diagnostyka-mikroskopowa-krwi-obwodowej-i-szpiku-kostnego-2\/\" class=\"more-link\">Czytaj dalej<span class=\"more-link-arrow\"><\/span><\/a><\/div><\/div><\/div><footer class=\"entry-footer\"><\/footer><span class='hidden'>\n\t\t\t\t<span class='av-structured-data'  itemprop=\"image\" itemscope=\"itemscope\" itemtype=\"https:\/\/schema.org\/ImageObject\" >\n\t\t\t\t\t\t<span itemprop='url'>https:\/\/ptdl.pl\/ptdl\/wp-content\/uploads\/2025\/04\/EO_9564.jpg<\/span>\n\t\t\t\t\t\t<span itemprop='height'>358<\/span>\n\t\t\t\t\t\t<span itemprop='width'>348<\/span>\n\t\t\t\t<\/span>\n\t\t\t\t<span class='av-structured-data'  itemprop=\"publisher\" itemtype=\"https:\/\/schema.org\/Organization\" itemscope=\"itemscope\" >\n\t\t\t\t\t\t<span itemprop='name'>Malwina Czech<\/span>\n\t\t\t\t\t\t<span itemprop='logo' itemscope itemtype='https:\/\/schema.org\/ImageObject'>\n\t\t\t\t\t\t\t<span itemprop='url'>https:\/\/ptdl.pl\/wp-content\/uploads\/2023\/03\/logo_2.svg<\/span>\n\t\t\t\t\t\t<\/span>\n\t\t\t\t<\/span><span class='av-structured-data'  itemprop=\"author\" itemscope=\"itemscope\" itemtype=\"https:\/\/schema.org\/Person\" ><span itemprop='name'>Malwina Czech<\/span><\/span><span class='av-structured-data'  itemprop=\"datePublished\" datetime=\"2023-02-03T12:54:00+01:00\" >2026-02-24 12:44:29<\/span><span class='av-structured-data'  itemprop=\"dateModified\" itemtype=\"https:\/\/schema.org\/dateModified\" >2026-03-09 08:16:20<\/span><span class='av-structured-data'  itemprop=\"mainEntityOfPage\" itemtype=\"https:\/\/schema.org\/mainEntityOfPage\" ><span itemprop='name'>Kurs &#8222;Diagnostyka mikroskopowa krwi obwodowej i szpiku kostnego&#8221;<\/span><\/span><\/span><\/article><\/div><div class=\"slide-entry-wrap\"><article class='slide-entry flex_column  post-entry post-entry-5668 slide-entry-overview slide-loop-9 slide-parity-odd  av_one_fourth first real-thumbnail post-format-standard'  itemscope=\"itemscope\" itemtype=\"https:\/\/schema.org\/CreativeWork\" ><a href='https:\/\/ptdl.pl\/index.php\/2026\/02\/17\/ptdl-lodz-spotkanie-naukowo-szkoleniowe-26-02-2026r\/' data-rel='slide-2' class='slide-image' title='PTDL \u0141\u00f3d\u017a &#8211; Spotkanie naukowo-szkoleniowe 26.02.2026r.'><img decoding=\"async\" width=\"300\" height=\"200\" src=\"https:\/\/ptdl.pl\/ptdl\/wp-content\/uploads\/2024\/06\/4d8f6fbf0ebc0b96327f5cab6a05c0b196d26414-300x200.png\" class=\"wp-image-3505 avia-img-lazy-loading-not-3505 attachment-medium size-medium wp-post-image\" alt=\"\" srcset=\"https:\/\/ptdl.pl\/ptdl\/wp-content\/uploads\/2024\/06\/4d8f6fbf0ebc0b96327f5cab6a05c0b196d26414-300x200.png 300w, https:\/\/ptdl.pl\/ptdl\/wp-content\/uploads\/2024\/06\/4d8f6fbf0ebc0b96327f5cab6a05c0b196d26414-705x470.png 705w, https:\/\/ptdl.pl\/ptdl\/wp-content\/uploads\/2024\/06\/4d8f6fbf0ebc0b96327f5cab6a05c0b196d26414.png 744w\" sizes=\"(max-width: 300px) 100vw, 300px\" \/><\/a><div class=\"slide-content\"><header class=\"entry-content-header\"><h3 class='slide-entry-title entry-title '  itemprop=\"headline\" ><a href='https:\/\/ptdl.pl\/index.php\/2026\/02\/17\/ptdl-lodz-spotkanie-naukowo-szkoleniowe-26-02-2026r\/' title='PTDL \u0141\u00f3d\u017a &#8211; Spotkanie naukowo-szkoleniowe 26.02.2026r.'>PTDL \u0141\u00f3d\u017a &#8211; Spotkanie naukowo-szkoleniowe 26.02.2026r.<\/a><\/h3><span class=\"av-vertical-delimiter\"><\/span><\/header><div class=\"slide-meta\"><time class='slide-meta-time updated'  itemprop=\"datePublished\" datetime=\"2026-02-17T16:39:13+01:00\" >2026-02-17<\/time><\/div><div class='slide-entry-excerpt entry-content'  itemprop=\"text\" ><div class=\"read-more-link\"><a href=\"https:\/\/ptdl.pl\/index.php\/2026\/02\/17\/ptdl-lodz-spotkanie-naukowo-szkoleniowe-26-02-2026r\/\" class=\"more-link\">Czytaj dalej<span class=\"more-link-arrow\"><\/span><\/a><\/div><\/div><\/div><footer class=\"entry-footer\"><\/footer><span class='hidden'>\n\t\t\t\t<span class='av-structured-data'  itemprop=\"image\" itemscope=\"itemscope\" itemtype=\"https:\/\/schema.org\/ImageObject\" >\n\t\t\t\t\t\t<span itemprop='url'>https:\/\/ptdl.pl\/ptdl\/wp-content\/uploads\/2024\/06\/4d8f6fbf0ebc0b96327f5cab6a05c0b196d26414.png<\/span>\n\t\t\t\t\t\t<span itemprop='height'>496<\/span>\n\t\t\t\t\t\t<span itemprop='width'>744<\/span>\n\t\t\t\t<\/span>\n\t\t\t\t<span class='av-structured-data'  itemprop=\"publisher\" itemtype=\"https:\/\/schema.org\/Organization\" itemscope=\"itemscope\" >\n\t\t\t\t\t\t<span itemprop='name'>dsk<\/span>\n\t\t\t\t\t\t<span itemprop='logo' itemscope itemtype='https:\/\/schema.org\/ImageObject'>\n\t\t\t\t\t\t\t<span itemprop='url'>https:\/\/ptdl.pl\/wp-content\/uploads\/2023\/03\/logo_2.svg<\/span>\n\t\t\t\t\t\t<\/span>\n\t\t\t\t<\/span><span class='av-structured-data'  itemprop=\"author\" itemscope=\"itemscope\" itemtype=\"https:\/\/schema.org\/Person\" ><span itemprop='name'>dsk<\/span><\/span><span class='av-structured-data'  itemprop=\"datePublished\" datetime=\"2023-02-03T12:54:00+01:00\" >2026-02-17 16:39:13<\/span><span class='av-structured-data'  itemprop=\"dateModified\" itemtype=\"https:\/\/schema.org\/dateModified\" >2026-02-17 16:39:13<\/span><span class='av-structured-data'  itemprop=\"mainEntityOfPage\" itemtype=\"https:\/\/schema.org\/mainEntityOfPage\" ><span itemprop='name'>PTDL \u0141\u00f3d\u017a &#8211; Spotkanie naukowo-szkoleniowe 26.02.2026r.<\/span><\/span><\/span><\/article><article class='slide-entry flex_column  post-entry post-entry-5582 slide-entry-overview slide-loop-10 slide-parity-even  av_one_fourth  real-thumbnail post-format-standard'  itemscope=\"itemscope\" itemtype=\"https:\/\/schema.org\/CreativeWork\" ><a href='https:\/\/ptdl.pl\/index.php\/2026\/01\/07\/zmiana-terminu-najblizszego-sympozjum-sobotniego\/' data-rel='slide-2' class='slide-image' title='Odzia\u0142 Krak\u00f3w !zmiana terminu najbli\u017cszego sympozjum sobotniego! na 21 lutego 2026'><img decoding=\"async\" width=\"300\" height=\"185\" src=\"https:\/\/ptdl.pl\/ptdl\/wp-content\/uploads\/2025\/10\/Department_of_Anatomy_Faculty_of_Medicine_Jagiellonian_University_Theatrum_Anatomicum_12_Kopernika_street_Krakow_Poland-300x185.jpg\" class=\"wp-image-5262 avia-img-lazy-loading-not-5262 attachment-medium size-medium wp-post-image\" alt=\"\" srcset=\"https:\/\/ptdl.pl\/ptdl\/wp-content\/uploads\/2025\/10\/Department_of_Anatomy_Faculty_of_Medicine_Jagiellonian_University_Theatrum_Anatomicum_12_Kopernika_street_Krakow_Poland-300x185.jpg 300w, https:\/\/ptdl.pl\/ptdl\/wp-content\/uploads\/2025\/10\/Department_of_Anatomy_Faculty_of_Medicine_Jagiellonian_University_Theatrum_Anatomicum_12_Kopernika_street_Krakow_Poland-1030x635.jpg 1030w, https:\/\/ptdl.pl\/ptdl\/wp-content\/uploads\/2025\/10\/Department_of_Anatomy_Faculty_of_Medicine_Jagiellonian_University_Theatrum_Anatomicum_12_Kopernika_street_Krakow_Poland-768x474.jpg 768w, https:\/\/ptdl.pl\/ptdl\/wp-content\/uploads\/2025\/10\/Department_of_Anatomy_Faculty_of_Medicine_Jagiellonian_University_Theatrum_Anatomicum_12_Kopernika_street_Krakow_Poland-1536x948.jpg 1536w, https:\/\/ptdl.pl\/ptdl\/wp-content\/uploads\/2025\/10\/Department_of_Anatomy_Faculty_of_Medicine_Jagiellonian_University_Theatrum_Anatomicum_12_Kopernika_street_Krakow_Poland-2048x1264.jpg 2048w, https:\/\/ptdl.pl\/ptdl\/wp-content\/uploads\/2025\/10\/Department_of_Anatomy_Faculty_of_Medicine_Jagiellonian_University_Theatrum_Anatomicum_12_Kopernika_street_Krakow_Poland-1500x925.jpg 1500w, https:\/\/ptdl.pl\/ptdl\/wp-content\/uploads\/2025\/10\/Department_of_Anatomy_Faculty_of_Medicine_Jagiellonian_University_Theatrum_Anatomicum_12_Kopernika_street_Krakow_Poland-705x435.jpg 705w\" sizes=\"(max-width: 300px) 100vw, 300px\" \/><\/a><div class=\"slide-content\"><header class=\"entry-content-header\"><h3 class='slide-entry-title entry-title '  itemprop=\"headline\" ><a href='https:\/\/ptdl.pl\/index.php\/2026\/01\/07\/zmiana-terminu-najblizszego-sympozjum-sobotniego\/' title='Odzia\u0142 Krak\u00f3w !zmiana terminu najbli\u017cszego sympozjum sobotniego! na 21 lutego 2026'>Odzia\u0142 Krak\u00f3w !zmiana terminu najbli\u017cszego sympozjum sobotniego! na 21 lutego 2026<\/a><\/h3><span class=\"av-vertical-delimiter\"><\/span><\/header><div class=\"slide-meta\"><time class='slide-meta-time updated'  itemprop=\"datePublished\" datetime=\"2026-01-07T15:20:14+01:00\" >2026-01-07<\/time><\/div><div class='slide-entry-excerpt entry-content'  itemprop=\"text\" ><div class=\"read-more-link\"><a href=\"https:\/\/ptdl.pl\/index.php\/2026\/01\/07\/zmiana-terminu-najblizszego-sympozjum-sobotniego\/\" class=\"more-link\">Czytaj dalej<span class=\"more-link-arrow\"><\/span><\/a><\/div><\/div><\/div><footer class=\"entry-footer\"><\/footer><span class='hidden'>\n\t\t\t\t<span class='av-structured-data'  itemprop=\"image\" itemscope=\"itemscope\" itemtype=\"https:\/\/schema.org\/ImageObject\" >\n\t\t\t\t\t\t<span itemprop='url'>https:\/\/ptdl.pl\/ptdl\/wp-content\/uploads\/2025\/10\/Department_of_Anatomy_Faculty_of_Medicine_Jagiellonian_University_Theatrum_Anatomicum_12_Kopernika_street_Krakow_Poland-scaled.jpg<\/span>\n\t\t\t\t\t\t<span itemprop='height'>1579<\/span>\n\t\t\t\t\t\t<span itemprop='width'>2560<\/span>\n\t\t\t\t<\/span>\n\t\t\t\t<span class='av-structured-data'  itemprop=\"publisher\" itemtype=\"https:\/\/schema.org\/Organization\" itemscope=\"itemscope\" >\n\t\t\t\t\t\t<span itemprop='name'>Anna Z\u0105bek-Adamska<\/span>\n\t\t\t\t\t\t<span itemprop='logo' itemscope itemtype='https:\/\/schema.org\/ImageObject'>\n\t\t\t\t\t\t\t<span itemprop='url'>https:\/\/ptdl.pl\/wp-content\/uploads\/2023\/03\/logo_2.svg<\/span>\n\t\t\t\t\t\t<\/span>\n\t\t\t\t<\/span><span class='av-structured-data'  itemprop=\"author\" itemscope=\"itemscope\" itemtype=\"https:\/\/schema.org\/Person\" ><span itemprop='name'>Anna Z\u0105bek-Adamska<\/span><\/span><span class='av-structured-data'  itemprop=\"datePublished\" datetime=\"2023-02-03T12:54:00+01:00\" >2026-01-07 15:20:14<\/span><span class='av-structured-data'  itemprop=\"dateModified\" itemtype=\"https:\/\/schema.org\/dateModified\" >2026-01-07 15:24:25<\/span><span class='av-structured-data'  itemprop=\"mainEntityOfPage\" itemtype=\"https:\/\/schema.org\/mainEntityOfPage\" ><span itemprop='name'>Odzia\u0142 Krak\u00f3w !zmiana terminu najbli\u017cszego sympozjum sobotniego! na 21 lutego 2026<\/span><\/span><\/span><\/article><article class='slide-entry flex_column  post-entry post-entry-5557 slide-entry-overview slide-loop-11 slide-parity-odd  av_one_fourth  real-thumbnail post-format-standard'  itemscope=\"itemscope\" itemtype=\"https:\/\/schema.org\/CreativeWork\" ><a href='https:\/\/ptdl.pl\/index.php\/2025\/12\/22\/zebranie-naukowo-szkoleniowe-2\/' data-rel='slide-2' class='slide-image' title='Zebranie naukowo &#8211; szkoleniowe'><img decoding=\"async\" width=\"300\" height=\"200\" src=\"https:\/\/ptdl.pl\/ptdl\/wp-content\/uploads\/2023\/02\/news_011-300x200.jpg\" class=\"wp-image-802 avia-img-lazy-loading-not-802 attachment-medium size-medium wp-post-image\" alt=\"\" srcset=\"https:\/\/ptdl.pl\/ptdl\/wp-content\/uploads\/2023\/02\/news_011-300x200.jpg 300w, https:\/\/ptdl.pl\/ptdl\/wp-content\/uploads\/2023\/02\/news_011.jpg 500w\" sizes=\"(max-width: 300px) 100vw, 300px\" \/><\/a><div class=\"slide-content\"><header class=\"entry-content-header\"><h3 class='slide-entry-title entry-title '  itemprop=\"headline\" ><a href='https:\/\/ptdl.pl\/index.php\/2025\/12\/22\/zebranie-naukowo-szkoleniowe-2\/' title='Zebranie naukowo &#8211; szkoleniowe'>Zebranie naukowo &#8211; szkoleniowe<\/a><\/h3><span class=\"av-vertical-delimiter\"><\/span><\/header><div class=\"slide-meta\"><time class='slide-meta-time updated'  itemprop=\"datePublished\" datetime=\"2025-12-22T07:49:37+01:00\" >2025-12-22<\/time><\/div><div class='slide-entry-excerpt entry-content'  itemprop=\"text\" ><div class=\"read-more-link\"><a href=\"https:\/\/ptdl.pl\/index.php\/2025\/12\/22\/zebranie-naukowo-szkoleniowe-2\/\" class=\"more-link\">Czytaj dalej<span class=\"more-link-arrow\"><\/span><\/a><\/div><\/div><\/div><footer class=\"entry-footer\"><\/footer><span class='hidden'>\n\t\t\t\t<span class='av-structured-data'  itemprop=\"image\" itemscope=\"itemscope\" itemtype=\"https:\/\/schema.org\/ImageObject\" >\n\t\t\t\t\t\t<span itemprop='url'>https:\/\/ptdl.pl\/ptdl\/wp-content\/uploads\/2023\/02\/news_011.jpg<\/span>\n\t\t\t\t\t\t<span itemprop='height'>333<\/span>\n\t\t\t\t\t\t<span itemprop='width'>500<\/span>\n\t\t\t\t<\/span>\n\t\t\t\t<span class='av-structured-data'  itemprop=\"publisher\" itemtype=\"https:\/\/schema.org\/Organization\" itemscope=\"itemscope\" >\n\t\t\t\t\t\t<span itemprop='name'>Malwina Czech<\/span>\n\t\t\t\t\t\t<span itemprop='logo' itemscope itemtype='https:\/\/schema.org\/ImageObject'>\n\t\t\t\t\t\t\t<span itemprop='url'>https:\/\/ptdl.pl\/wp-content\/uploads\/2023\/03\/logo_2.svg<\/span>\n\t\t\t\t\t\t<\/span>\n\t\t\t\t<\/span><span class='av-structured-data'  itemprop=\"author\" itemscope=\"itemscope\" itemtype=\"https:\/\/schema.org\/Person\" ><span itemprop='name'>Malwina Czech<\/span><\/span><span class='av-structured-data'  itemprop=\"datePublished\" datetime=\"2023-02-03T12:54:00+01:00\" >2025-12-22 07:49:37<\/span><span class='av-structured-data'  itemprop=\"dateModified\" itemtype=\"https:\/\/schema.org\/dateModified\" >2025-12-30 21:10:49<\/span><span class='av-structured-data'  itemprop=\"mainEntityOfPage\" itemtype=\"https:\/\/schema.org\/mainEntityOfPage\" ><span itemprop='name'>Zebranie naukowo &#8211; szkoleniowe<\/span><\/span><\/span><\/article><article class='slide-entry flex_column  post-entry post-entry-5493 slide-entry-overview slide-loop-12 slide-parity-even  av_one_fourth  real-thumbnail post-format-standard'  itemscope=\"itemscope\" itemtype=\"https:\/\/schema.org\/CreativeWork\" ><a href='https:\/\/ptdl.pl\/index.php\/2025\/11\/26\/spotkanie-naukowo-szkoleniowe-ptdl-oddzial-w-lodzi-18-grudnia-2025r\/' data-rel='slide-2' class='slide-image' title='\u015awi\u0105teczne spotkanie naukowo-szkoleniowe PTDL Oddzia\u0142 w \u0141odzi &#8211; 18 grudnia 2025r.'><img decoding=\"async\" width=\"300\" height=\"196\" src=\"https:\/\/ptdl.pl\/ptdl\/wp-content\/uploads\/2025\/06\/oddzial_lodz3-300x196.jpg\" class=\"wp-image-5082 avia-img-lazy-loading-not-5082 attachment-medium size-medium wp-post-image\" alt=\"\" srcset=\"https:\/\/ptdl.pl\/ptdl\/wp-content\/uploads\/2025\/06\/oddzial_lodz3-300x196.jpg 300w, https:\/\/ptdl.pl\/ptdl\/wp-content\/uploads\/2025\/06\/oddzial_lodz3-768x501.jpg 768w, https:\/\/ptdl.pl\/ptdl\/wp-content\/uploads\/2025\/06\/oddzial_lodz3-705x460.jpg 705w, https:\/\/ptdl.pl\/ptdl\/wp-content\/uploads\/2025\/06\/oddzial_lodz3.jpg 960w\" sizes=\"(max-width: 300px) 100vw, 300px\" \/><\/a><div class=\"slide-content\"><header class=\"entry-content-header\"><h3 class='slide-entry-title entry-title '  itemprop=\"headline\" ><a href='https:\/\/ptdl.pl\/index.php\/2025\/11\/26\/spotkanie-naukowo-szkoleniowe-ptdl-oddzial-w-lodzi-18-grudnia-2025r\/' title='\u015awi\u0105teczne spotkanie naukowo-szkoleniowe PTDL Oddzia\u0142 w \u0141odzi &#8211; 18 grudnia 2025r.'>\u015awi\u0105teczne spotkanie naukowo-szkoleniowe PTDL Oddzia\u0142 w \u0141odzi &#8211; 18 grudnia 2025r.<\/a><\/h3><span class=\"av-vertical-delimiter\"><\/span><\/header><div class=\"slide-meta\"><time class='slide-meta-time updated'  itemprop=\"datePublished\" datetime=\"2025-11-26T14:54:53+01:00\" >2025-11-26<\/time><\/div><div class='slide-entry-excerpt entry-content'  itemprop=\"text\" ><div class=\"read-more-link\"><a href=\"https:\/\/ptdl.pl\/index.php\/2025\/11\/26\/spotkanie-naukowo-szkoleniowe-ptdl-oddzial-w-lodzi-18-grudnia-2025r\/\" class=\"more-link\">Czytaj dalej<span class=\"more-link-arrow\"><\/span><\/a><\/div><\/div><\/div><footer class=\"entry-footer\"><\/footer><span class='hidden'>\n\t\t\t\t<span class='av-structured-data'  itemprop=\"image\" itemscope=\"itemscope\" itemtype=\"https:\/\/schema.org\/ImageObject\" >\n\t\t\t\t\t\t<span itemprop='url'>https:\/\/ptdl.pl\/ptdl\/wp-content\/uploads\/2025\/06\/oddzial_lodz3.jpg<\/span>\n\t\t\t\t\t\t<span itemprop='height'>626<\/span>\n\t\t\t\t\t\t<span itemprop='width'>960<\/span>\n\t\t\t\t<\/span>\n\t\t\t\t<span class='av-structured-data'  itemprop=\"publisher\" itemtype=\"https:\/\/schema.org\/Organization\" itemscope=\"itemscope\" >\n\t\t\t\t\t\t<span itemprop='name'>dsk<\/span>\n\t\t\t\t\t\t<span itemprop='logo' itemscope itemtype='https:\/\/schema.org\/ImageObject'>\n\t\t\t\t\t\t\t<span itemprop='url'>https:\/\/ptdl.pl\/wp-content\/uploads\/2023\/03\/logo_2.svg<\/span>\n\t\t\t\t\t\t<\/span>\n\t\t\t\t<\/span><span class='av-structured-data'  itemprop=\"author\" itemscope=\"itemscope\" itemtype=\"https:\/\/schema.org\/Person\" ><span itemprop='name'>dsk<\/span><\/span><span class='av-structured-data'  itemprop=\"datePublished\" datetime=\"2023-02-03T12:54:00+01:00\" >2025-11-26 14:54:53<\/span><span class='av-structured-data'  itemprop=\"dateModified\" itemtype=\"https:\/\/schema.org\/dateModified\" >2025-11-26 14:58:25<\/span><span class='av-structured-data'  itemprop=\"mainEntityOfPage\" itemtype=\"https:\/\/schema.org\/mainEntityOfPage\" ><span itemprop='name'>\u015awi\u0105teczne spotkanie naukowo-szkoleniowe PTDL Oddzia\u0142 w \u0141odzi &#8211; 18 grudnia 2025r.<\/span><\/span><\/span><\/article><\/div><div class=\"slide-entry-wrap\"><article class='slide-entry flex_column  post-entry post-entry-5489 slide-entry-overview slide-loop-13 slide-parity-odd  av_one_fourth first real-thumbnail post-format-standard'  itemscope=\"itemscope\" itemtype=\"https:\/\/schema.org\/CreativeWork\" ><a href='https:\/\/ptdl.pl\/index.php\/2025\/11\/25\/swiateczne-zebranie-naukowo-szkoleniowe\/' data-rel='slide-2' class='slide-image' title='\u015awi\u0105teczne zebranie naukowo &#8211; szkoleniowe'><img decoding=\"async\" width=\"300\" height=\"200\" src=\"https:\/\/ptdl.pl\/ptdl\/wp-content\/uploads\/2023\/02\/news_010-300x200.jpg\" class=\"wp-image-801 avia-img-lazy-loading-not-801 attachment-medium size-medium wp-post-image\" alt=\"\" srcset=\"https:\/\/ptdl.pl\/ptdl\/wp-content\/uploads\/2023\/02\/news_010-300x200.jpg 300w, https:\/\/ptdl.pl\/ptdl\/wp-content\/uploads\/2023\/02\/news_010.jpg 500w\" sizes=\"(max-width: 300px) 100vw, 300px\" \/><\/a><div class=\"slide-content\"><header class=\"entry-content-header\"><h3 class='slide-entry-title entry-title '  itemprop=\"headline\" ><a href='https:\/\/ptdl.pl\/index.php\/2025\/11\/25\/swiateczne-zebranie-naukowo-szkoleniowe\/' title='\u015awi\u0105teczne zebranie naukowo &#8211; szkoleniowe'>\u015awi\u0105teczne zebranie naukowo &#8211; szkoleniowe<\/a><\/h3><span class=\"av-vertical-delimiter\"><\/span><\/header><div class=\"slide-meta\"><time class='slide-meta-time updated'  itemprop=\"datePublished\" datetime=\"2025-11-25T22:13:59+01:00\" >2025-11-25<\/time><\/div><div class='slide-entry-excerpt entry-content'  itemprop=\"text\" ><div class=\"read-more-link\"><a href=\"https:\/\/ptdl.pl\/index.php\/2025\/11\/25\/swiateczne-zebranie-naukowo-szkoleniowe\/\" class=\"more-link\">Czytaj dalej<span class=\"more-link-arrow\"><\/span><\/a><\/div><\/div><\/div><footer class=\"entry-footer\"><\/footer><span class='hidden'>\n\t\t\t\t<span class='av-structured-data'  itemprop=\"image\" itemscope=\"itemscope\" itemtype=\"https:\/\/schema.org\/ImageObject\" >\n\t\t\t\t\t\t<span itemprop='url'>https:\/\/ptdl.pl\/ptdl\/wp-content\/uploads\/2023\/02\/news_010.jpg<\/span>\n\t\t\t\t\t\t<span itemprop='height'>333<\/span>\n\t\t\t\t\t\t<span itemprop='width'>500<\/span>\n\t\t\t\t<\/span>\n\t\t\t\t<span class='av-structured-data'  itemprop=\"publisher\" itemtype=\"https:\/\/schema.org\/Organization\" itemscope=\"itemscope\" >\n\t\t\t\t\t\t<span itemprop='name'>Malwina Czech<\/span>\n\t\t\t\t\t\t<span itemprop='logo' itemscope itemtype='https:\/\/schema.org\/ImageObject'>\n\t\t\t\t\t\t\t<span itemprop='url'>https:\/\/ptdl.pl\/wp-content\/uploads\/2023\/03\/logo_2.svg<\/span>\n\t\t\t\t\t\t<\/span>\n\t\t\t\t<\/span><span class='av-structured-data'  itemprop=\"author\" itemscope=\"itemscope\" itemtype=\"https:\/\/schema.org\/Person\" ><span itemprop='name'>Malwina Czech<\/span><\/span><span class='av-structured-data'  itemprop=\"datePublished\" datetime=\"2023-02-03T12:54:00+01:00\" >2025-11-25 22:13:59<\/span><span class='av-structured-data'  itemprop=\"dateModified\" itemtype=\"https:\/\/schema.org\/dateModified\" >2025-11-25 22:13:59<\/span><span class='av-structured-data'  itemprop=\"mainEntityOfPage\" itemtype=\"https:\/\/schema.org\/mainEntityOfPage\" ><span itemprop='name'>\u015awi\u0105teczne zebranie naukowo &#8211; szkoleniowe<\/span><\/span><\/span><\/article><article class='slide-entry flex_column  post-entry post-entry-5355 slide-entry-overview slide-loop-14 slide-parity-even  av_one_fourth  real-thumbnail post-format-standard'  itemscope=\"itemscope\" itemtype=\"https:\/\/schema.org\/CreativeWork\" ><a href='https:\/\/ptdl.pl\/index.php\/2025\/10\/14\/ptdl-lodz-spotkanie-naukowo-szkoleniowe-22-10-2025r\/' data-rel='slide-2' class='slide-image' title='PTDL \u0141\u00f3d\u017a \u2013 Spotkanie naukowo-szkoleniowe 22.10.2025r.'><img decoding=\"async\" width=\"300\" height=\"200\" src=\"https:\/\/ptdl.pl\/ptdl\/wp-content\/uploads\/2024\/06\/4d8f6fbf0ebc0b96327f5cab6a05c0b196d26414-300x200.png\" class=\"wp-image-3505 avia-img-lazy-loading-not-3505 attachment-medium size-medium wp-post-image\" alt=\"\" srcset=\"https:\/\/ptdl.pl\/ptdl\/wp-content\/uploads\/2024\/06\/4d8f6fbf0ebc0b96327f5cab6a05c0b196d26414-300x200.png 300w, https:\/\/ptdl.pl\/ptdl\/wp-content\/uploads\/2024\/06\/4d8f6fbf0ebc0b96327f5cab6a05c0b196d26414-705x470.png 705w, https:\/\/ptdl.pl\/ptdl\/wp-content\/uploads\/2024\/06\/4d8f6fbf0ebc0b96327f5cab6a05c0b196d26414.png 744w\" sizes=\"(max-width: 300px) 100vw, 300px\" \/><\/a><div class=\"slide-content\"><header class=\"entry-content-header\"><h3 class='slide-entry-title entry-title '  itemprop=\"headline\" ><a href='https:\/\/ptdl.pl\/index.php\/2025\/10\/14\/ptdl-lodz-spotkanie-naukowo-szkoleniowe-22-10-2025r\/' title='PTDL \u0141\u00f3d\u017a \u2013 Spotkanie naukowo-szkoleniowe 22.10.2025r.'>PTDL \u0141\u00f3d\u017a \u2013 Spotkanie naukowo-szkoleniowe 22.10.2025r.<\/a><\/h3><span class=\"av-vertical-delimiter\"><\/span><\/header><div class=\"slide-meta\"><time class='slide-meta-time updated'  itemprop=\"datePublished\" datetime=\"2025-10-14T19:53:00+02:00\" >2025-10-14<\/time><\/div><div class='slide-entry-excerpt entry-content'  itemprop=\"text\" ><div class=\"read-more-link\"><a href=\"https:\/\/ptdl.pl\/index.php\/2025\/10\/14\/ptdl-lodz-spotkanie-naukowo-szkoleniowe-22-10-2025r\/\" class=\"more-link\">Czytaj dalej<span class=\"more-link-arrow\"><\/span><\/a><\/div><\/div><\/div><footer class=\"entry-footer\"><\/footer><span class='hidden'>\n\t\t\t\t<span class='av-structured-data'  itemprop=\"image\" itemscope=\"itemscope\" itemtype=\"https:\/\/schema.org\/ImageObject\" >\n\t\t\t\t\t\t<span itemprop='url'>https:\/\/ptdl.pl\/ptdl\/wp-content\/uploads\/2024\/06\/4d8f6fbf0ebc0b96327f5cab6a05c0b196d26414.png<\/span>\n\t\t\t\t\t\t<span itemprop='height'>496<\/span>\n\t\t\t\t\t\t<span itemprop='width'>744<\/span>\n\t\t\t\t<\/span>\n\t\t\t\t<span class='av-structured-data'  itemprop=\"publisher\" itemtype=\"https:\/\/schema.org\/Organization\" itemscope=\"itemscope\" >\n\t\t\t\t\t\t<span itemprop='name'>dsk<\/span>\n\t\t\t\t\t\t<span itemprop='logo' itemscope itemtype='https:\/\/schema.org\/ImageObject'>\n\t\t\t\t\t\t\t<span itemprop='url'>https:\/\/ptdl.pl\/wp-content\/uploads\/2023\/03\/logo_2.svg<\/span>\n\t\t\t\t\t\t<\/span>\n\t\t\t\t<\/span><span class='av-structured-data'  itemprop=\"author\" itemscope=\"itemscope\" itemtype=\"https:\/\/schema.org\/Person\" ><span itemprop='name'>dsk<\/span><\/span><span class='av-structured-data'  itemprop=\"datePublished\" datetime=\"2023-02-03T12:54:00+01:00\" >2025-10-14 19:53:00<\/span><span class='av-structured-data'  itemprop=\"dateModified\" itemtype=\"https:\/\/schema.org\/dateModified\" >2025-10-14 19:53:00<\/span><span class='av-structured-data'  itemprop=\"mainEntityOfPage\" itemtype=\"https:\/\/schema.org\/mainEntityOfPage\" ><span itemprop='name'>PTDL \u0141\u00f3d\u017a \u2013 Spotkanie naukowo-szkoleniowe 22.10.2025r.<\/span><\/span><\/span><\/article><article class='slide-entry flex_column  post-entry post-entry-5316 slide-entry-overview slide-loop-15 slide-parity-odd  av_one_fourth  real-thumbnail post-format-standard'  itemscope=\"itemscope\" itemtype=\"https:\/\/schema.org\/CreativeWork\" ><a href='https:\/\/ptdl.pl\/index.php\/2025\/10\/05\/5316\/' data-rel='slide-2' class='slide-image' title='Sympozjum naukowo-szkoleniowe\/ oddzia\u0142 Krak\u00f3w-22 listopada 2025'><img decoding=\"async\" width=\"300\" height=\"185\" src=\"https:\/\/ptdl.pl\/ptdl\/wp-content\/uploads\/2025\/10\/Department_of_Anatomy_Faculty_of_Medicine_Jagiellonian_University_Theatrum_Anatomicum_12_Kopernika_street_Krakow_Poland-300x185.jpg\" class=\"wp-image-5262 avia-img-lazy-loading-not-5262 attachment-medium size-medium wp-post-image\" alt=\"\" srcset=\"https:\/\/ptdl.pl\/ptdl\/wp-content\/uploads\/2025\/10\/Department_of_Anatomy_Faculty_of_Medicine_Jagiellonian_University_Theatrum_Anatomicum_12_Kopernika_street_Krakow_Poland-300x185.jpg 300w, https:\/\/ptdl.pl\/ptdl\/wp-content\/uploads\/2025\/10\/Department_of_Anatomy_Faculty_of_Medicine_Jagiellonian_University_Theatrum_Anatomicum_12_Kopernika_street_Krakow_Poland-1030x635.jpg 1030w, https:\/\/ptdl.pl\/ptdl\/wp-content\/uploads\/2025\/10\/Department_of_Anatomy_Faculty_of_Medicine_Jagiellonian_University_Theatrum_Anatomicum_12_Kopernika_street_Krakow_Poland-768x474.jpg 768w, https:\/\/ptdl.pl\/ptdl\/wp-content\/uploads\/2025\/10\/Department_of_Anatomy_Faculty_of_Medicine_Jagiellonian_University_Theatrum_Anatomicum_12_Kopernika_street_Krakow_Poland-1536x948.jpg 1536w, https:\/\/ptdl.pl\/ptdl\/wp-content\/uploads\/2025\/10\/Department_of_Anatomy_Faculty_of_Medicine_Jagiellonian_University_Theatrum_Anatomicum_12_Kopernika_street_Krakow_Poland-2048x1264.jpg 2048w, https:\/\/ptdl.pl\/ptdl\/wp-content\/uploads\/2025\/10\/Department_of_Anatomy_Faculty_of_Medicine_Jagiellonian_University_Theatrum_Anatomicum_12_Kopernika_street_Krakow_Poland-1500x925.jpg 1500w, https:\/\/ptdl.pl\/ptdl\/wp-content\/uploads\/2025\/10\/Department_of_Anatomy_Faculty_of_Medicine_Jagiellonian_University_Theatrum_Anatomicum_12_Kopernika_street_Krakow_Poland-705x435.jpg 705w\" sizes=\"(max-width: 300px) 100vw, 300px\" \/><\/a><div class=\"slide-content\"><header class=\"entry-content-header\"><h3 class='slide-entry-title entry-title '  itemprop=\"headline\" ><a href='https:\/\/ptdl.pl\/index.php\/2025\/10\/05\/5316\/' title='Sympozjum naukowo-szkoleniowe\/ oddzia\u0142 Krak\u00f3w-22 listopada 2025'>Sympozjum naukowo-szkoleniowe\/ oddzia\u0142 Krak\u00f3w-22 listopada 2025<\/a><\/h3><span class=\"av-vertical-delimiter\"><\/span><\/header><div class=\"slide-meta\"><time class='slide-meta-time updated'  itemprop=\"datePublished\" datetime=\"2025-10-05T12:43:23+02:00\" >2025-10-05<\/time><\/div><div class='slide-entry-excerpt entry-content'  itemprop=\"text\" ><div class=\"read-more-link\"><a href=\"https:\/\/ptdl.pl\/index.php\/2025\/10\/05\/5316\/\" class=\"more-link\">Czytaj dalej<span class=\"more-link-arrow\"><\/span><\/a><\/div><\/div><\/div><footer class=\"entry-footer\"><\/footer><span class='hidden'>\n\t\t\t\t<span class='av-structured-data'  itemprop=\"image\" itemscope=\"itemscope\" itemtype=\"https:\/\/schema.org\/ImageObject\" >\n\t\t\t\t\t\t<span itemprop='url'>https:\/\/ptdl.pl\/ptdl\/wp-content\/uploads\/2025\/10\/Department_of_Anatomy_Faculty_of_Medicine_Jagiellonian_University_Theatrum_Anatomicum_12_Kopernika_street_Krakow_Poland-scaled.jpg<\/span>\n\t\t\t\t\t\t<span itemprop='height'>1579<\/span>\n\t\t\t\t\t\t<span itemprop='width'>2560<\/span>\n\t\t\t\t<\/span>\n\t\t\t\t<span class='av-structured-data'  itemprop=\"publisher\" itemtype=\"https:\/\/schema.org\/Organization\" itemscope=\"itemscope\" >\n\t\t\t\t\t\t<span itemprop='name'>Anna Z\u0105bek-Adamska<\/span>\n\t\t\t\t\t\t<span itemprop='logo' itemscope itemtype='https:\/\/schema.org\/ImageObject'>\n\t\t\t\t\t\t\t<span itemprop='url'>https:\/\/ptdl.pl\/wp-content\/uploads\/2023\/03\/logo_2.svg<\/span>\n\t\t\t\t\t\t<\/span>\n\t\t\t\t<\/span><span class='av-structured-data'  itemprop=\"author\" itemscope=\"itemscope\" itemtype=\"https:\/\/schema.org\/Person\" ><span itemprop='name'>Anna Z\u0105bek-Adamska<\/span><\/span><span class='av-structured-data'  itemprop=\"datePublished\" datetime=\"2023-02-03T12:54:00+01:00\" >2025-10-05 12:43:23<\/span><span class='av-structured-data'  itemprop=\"dateModified\" itemtype=\"https:\/\/schema.org\/dateModified\" >2025-11-13 13:30:48<\/span><span class='av-structured-data'  itemprop=\"mainEntityOfPage\" itemtype=\"https:\/\/schema.org\/mainEntityOfPage\" ><span itemprop='name'>Sympozjum naukowo-szkoleniowe\/ oddzia\u0142 Krak\u00f3w-22 listopada 2025<\/span><\/span><\/span><\/article><article class='slide-entry flex_column  post-entry post-entry-5039 slide-entry-overview slide-loop-16 slide-parity-even  av_one_fourth  real-thumbnail post-format-standard'  itemscope=\"itemscope\" itemtype=\"https:\/\/schema.org\/CreativeWork\" ><a href='https:\/\/ptdl.pl\/index.php\/2025\/06\/05\/studia-podyplomowe-na-uniwersytecie-mikolaja-kopernika-w-toruniu\/' data-rel='slide-2' class='slide-image' title='Studia podyplomowe na Uniwersytecie Miko\u0142aja Kopernika w Toruniu'><img decoding=\"async\" width=\"300\" height=\"200\" src=\"https:\/\/ptdl.pl\/ptdl\/wp-content\/uploads\/2025\/06\/UMKwT-300x200.png\" class=\"wp-image-5042 avia-img-lazy-loading-not-5042 attachment-medium size-medium wp-post-image\" alt=\"\" srcset=\"https:\/\/ptdl.pl\/ptdl\/wp-content\/uploads\/2025\/06\/UMKwT-300x200.png 300w, https:\/\/ptdl.pl\/ptdl\/wp-content\/uploads\/2025\/06\/UMKwT.png 500w\" sizes=\"(max-width: 300px) 100vw, 300px\" \/><\/a><div class=\"slide-content\"><header class=\"entry-content-header\"><h3 class='slide-entry-title entry-title '  itemprop=\"headline\" ><a href='https:\/\/ptdl.pl\/index.php\/2025\/06\/05\/studia-podyplomowe-na-uniwersytecie-mikolaja-kopernika-w-toruniu\/' title='Studia podyplomowe na Uniwersytecie Miko\u0142aja Kopernika w Toruniu'>Studia podyplomowe na Uniwersytecie Miko\u0142aja Kopernika w Toruniu<\/a><\/h3><span class=\"av-vertical-delimiter\"><\/span><\/header><div class=\"slide-meta\"><time class='slide-meta-time updated'  itemprop=\"datePublished\" datetime=\"2025-06-05T09:35:59+02:00\" >2025-06-05<\/time><\/div><div class='slide-entry-excerpt entry-content'  itemprop=\"text\" ><div class=\"read-more-link\"><a href=\"https:\/\/ptdl.pl\/index.php\/2025\/06\/05\/studia-podyplomowe-na-uniwersytecie-mikolaja-kopernika-w-toruniu\/\" class=\"more-link\">Czytaj dalej<span class=\"more-link-arrow\"><\/span><\/a><\/div><\/div><\/div><footer class=\"entry-footer\"><\/footer><span class='hidden'>\n\t\t\t\t<span class='av-structured-data'  itemprop=\"image\" itemscope=\"itemscope\" itemtype=\"https:\/\/schema.org\/ImageObject\" >\n\t\t\t\t\t\t<span itemprop='url'>https:\/\/ptdl.pl\/ptdl\/wp-content\/uploads\/2025\/06\/UMKwT.png<\/span>\n\t\t\t\t\t\t<span itemprop='height'>333<\/span>\n\t\t\t\t\t\t<span itemprop='width'>500<\/span>\n\t\t\t\t<\/span>\n\t\t\t\t<span class='av-structured-data'  itemprop=\"publisher\" itemtype=\"https:\/\/schema.org\/Organization\" itemscope=\"itemscope\" >\n\t\t\t\t\t\t<span itemprop='name'>admin<\/span>\n\t\t\t\t\t\t<span itemprop='logo' itemscope itemtype='https:\/\/schema.org\/ImageObject'>\n\t\t\t\t\t\t\t<span itemprop='url'>https:\/\/ptdl.pl\/wp-content\/uploads\/2023\/03\/logo_2.svg<\/span>\n\t\t\t\t\t\t<\/span>\n\t\t\t\t<\/span><span class='av-structured-data'  itemprop=\"author\" itemscope=\"itemscope\" itemtype=\"https:\/\/schema.org\/Person\" ><span itemprop='name'>admin<\/span><\/span><span class='av-structured-data'  itemprop=\"datePublished\" datetime=\"2023-02-03T12:54:00+01:00\" >2025-06-05 09:35:59<\/span><span class='av-structured-data'  itemprop=\"dateModified\" itemtype=\"https:\/\/schema.org\/dateModified\" >2025-06-05 09:43:13<\/span><span class='av-structured-data'  itemprop=\"mainEntityOfPage\" itemtype=\"https:\/\/schema.org\/mainEntityOfPage\" ><span itemprop='name'>Studia podyplomowe na Uniwersytecie Miko\u0142aja Kopernika w Toruniu<\/span><\/span><\/span><\/article><\/div><div class=\"slide-entry-wrap\"><article class='slide-entry flex_column  post-entry post-entry-4744 slide-entry-overview slide-loop-17 slide-parity-odd  av_one_fourth first real-thumbnail post-format-standard'  itemscope=\"itemscope\" itemtype=\"https:\/\/schema.org\/CreativeWork\" ><a href='https:\/\/ptdl.pl\/index.php\/2025\/04\/24\/zaproszenie-na-transmisje-konferencji-z-udzialem-stena-westgarda\/' data-rel='slide-2' class='slide-image' title='Zaproszenie na transmisj\u0119 konferencji z udzia\u0142em Stena Westgarda'><img decoding=\"async\" width=\"300\" height=\"200\" src=\"https:\/\/ptdl.pl\/ptdl\/wp-content\/uploads\/2025\/04\/image002small-300x200.jpg\" class=\"wp-image-4746 avia-img-lazy-loading-not-4746 attachment-medium size-medium wp-post-image\" alt=\"\" srcset=\"https:\/\/ptdl.pl\/ptdl\/wp-content\/uploads\/2025\/04\/image002small-300x200.jpg 300w, https:\/\/ptdl.pl\/ptdl\/wp-content\/uploads\/2025\/04\/image002small.jpg 500w\" sizes=\"(max-width: 300px) 100vw, 300px\" \/><\/a><div class=\"slide-content\"><header class=\"entry-content-header\"><h3 class='slide-entry-title entry-title '  itemprop=\"headline\" ><a href='https:\/\/ptdl.pl\/index.php\/2025\/04\/24\/zaproszenie-na-transmisje-konferencji-z-udzialem-stena-westgarda\/' title='Zaproszenie na transmisj\u0119 konferencji z udzia\u0142em Stena Westgarda'>Zaproszenie na transmisj\u0119 konferencji z udzia\u0142em Stena Westgarda<\/a><\/h3><span class=\"av-vertical-delimiter\"><\/span><\/header><div class=\"slide-meta\"><time class='slide-meta-time updated'  itemprop=\"datePublished\" datetime=\"2025-04-24T11:08:39+02:00\" >2025-04-24<\/time><\/div><div class='slide-entry-excerpt entry-content'  itemprop=\"text\" ><div class=\"read-more-link\"><a href=\"https:\/\/ptdl.pl\/index.php\/2025\/04\/24\/zaproszenie-na-transmisje-konferencji-z-udzialem-stena-westgarda\/\" class=\"more-link\">Czytaj dalej<span class=\"more-link-arrow\"><\/span><\/a><\/div><\/div><\/div><footer class=\"entry-footer\"><\/footer><span class='hidden'>\n\t\t\t\t<span class='av-structured-data'  itemprop=\"image\" itemscope=\"itemscope\" itemtype=\"https:\/\/schema.org\/ImageObject\" >\n\t\t\t\t\t\t<span itemprop='url'>https:\/\/ptdl.pl\/ptdl\/wp-content\/uploads\/2025\/04\/image002small.jpg<\/span>\n\t\t\t\t\t\t<span itemprop='height'>333<\/span>\n\t\t\t\t\t\t<span itemprop='width'>500<\/span>\n\t\t\t\t<\/span>\n\t\t\t\t<span class='av-structured-data'  itemprop=\"publisher\" itemtype=\"https:\/\/schema.org\/Organization\" itemscope=\"itemscope\" >\n\t\t\t\t\t\t<span itemprop='name'>admin<\/span>\n\t\t\t\t\t\t<span itemprop='logo' itemscope itemtype='https:\/\/schema.org\/ImageObject'>\n\t\t\t\t\t\t\t<span itemprop='url'>https:\/\/ptdl.pl\/wp-content\/uploads\/2023\/03\/logo_2.svg<\/span>\n\t\t\t\t\t\t<\/span>\n\t\t\t\t<\/span><span class='av-structured-data'  itemprop=\"author\" itemscope=\"itemscope\" itemtype=\"https:\/\/schema.org\/Person\" ><span itemprop='name'>admin<\/span><\/span><span class='av-structured-data'  itemprop=\"datePublished\" datetime=\"2023-02-03T12:54:00+01:00\" >2025-04-24 11:08:39<\/span><span class='av-structured-data'  itemprop=\"dateModified\" itemtype=\"https:\/\/schema.org\/dateModified\" >2025-04-28 09:22:47<\/span><span class='av-structured-data'  itemprop=\"mainEntityOfPage\" itemtype=\"https:\/\/schema.org\/mainEntityOfPage\" ><span itemprop='name'>Zaproszenie na transmisj\u0119 konferencji z udzia\u0142em Stena Westgarda<\/span><\/span><\/span><\/article><article class='slide-entry flex_column  post-entry post-entry-4679 slide-entry-overview slide-loop-18 slide-parity-even  av_one_fourth  real-thumbnail post-format-standard'  itemscope=\"itemscope\" itemtype=\"https:\/\/schema.org\/CreativeWork\" ><a href='https:\/\/ptdl.pl\/index.php\/2025\/04\/17\/wesolych-swiat-wielkanocnych\/' data-rel='slide-2' class='slide-image' title='Weso\u0142ych \u015awi\u0105t Wielkanocnych'><img decoding=\"async\" width=\"300\" height=\"200\" src=\"https:\/\/ptdl.pl\/ptdl\/wp-content\/uploads\/2024\/06\/4d8f6fbf0ebc0b96327f5cab6a05c0b196d26414-300x200.png\" class=\"wp-image-3505 avia-img-lazy-loading-not-3505 attachment-medium size-medium wp-post-image\" alt=\"\" srcset=\"https:\/\/ptdl.pl\/ptdl\/wp-content\/uploads\/2024\/06\/4d8f6fbf0ebc0b96327f5cab6a05c0b196d26414-300x200.png 300w, https:\/\/ptdl.pl\/ptdl\/wp-content\/uploads\/2024\/06\/4d8f6fbf0ebc0b96327f5cab6a05c0b196d26414-705x470.png 705w, https:\/\/ptdl.pl\/ptdl\/wp-content\/uploads\/2024\/06\/4d8f6fbf0ebc0b96327f5cab6a05c0b196d26414.png 744w\" sizes=\"(max-width: 300px) 100vw, 300px\" \/><\/a><div class=\"slide-content\"><header class=\"entry-content-header\"><h3 class='slide-entry-title entry-title '  itemprop=\"headline\" ><a href='https:\/\/ptdl.pl\/index.php\/2025\/04\/17\/wesolych-swiat-wielkanocnych\/' title='Weso\u0142ych \u015awi\u0105t Wielkanocnych'>Weso\u0142ych \u015awi\u0105t Wielkanocnych<\/a><\/h3><span class=\"av-vertical-delimiter\"><\/span><\/header><div class=\"slide-meta\"><time class='slide-meta-time updated'  itemprop=\"datePublished\" datetime=\"2025-04-17T11:16:03+02:00\" >2025-04-17<\/time><\/div><div class='slide-entry-excerpt entry-content'  itemprop=\"text\" ><div class=\"read-more-link\"><a href=\"https:\/\/ptdl.pl\/index.php\/2025\/04\/17\/wesolych-swiat-wielkanocnych\/\" class=\"more-link\">Czytaj dalej<span class=\"more-link-arrow\"><\/span><\/a><\/div><\/div><\/div><footer class=\"entry-footer\"><\/footer><span class='hidden'>\n\t\t\t\t<span class='av-structured-data'  itemprop=\"image\" itemscope=\"itemscope\" itemtype=\"https:\/\/schema.org\/ImageObject\" >\n\t\t\t\t\t\t<span itemprop='url'>https:\/\/ptdl.pl\/ptdl\/wp-content\/uploads\/2024\/06\/4d8f6fbf0ebc0b96327f5cab6a05c0b196d26414.png<\/span>\n\t\t\t\t\t\t<span itemprop='height'>496<\/span>\n\t\t\t\t\t\t<span itemprop='width'>744<\/span>\n\t\t\t\t<\/span>\n\t\t\t\t<span class='av-structured-data'  itemprop=\"publisher\" itemtype=\"https:\/\/schema.org\/Organization\" itemscope=\"itemscope\" >\n\t\t\t\t\t\t<span itemprop='name'>dsk<\/span>\n\t\t\t\t\t\t<span itemprop='logo' itemscope itemtype='https:\/\/schema.org\/ImageObject'>\n\t\t\t\t\t\t\t<span itemprop='url'>https:\/\/ptdl.pl\/wp-content\/uploads\/2023\/03\/logo_2.svg<\/span>\n\t\t\t\t\t\t<\/span>\n\t\t\t\t<\/span><span class='av-structured-data'  itemprop=\"author\" itemscope=\"itemscope\" itemtype=\"https:\/\/schema.org\/Person\" ><span itemprop='name'>dsk<\/span><\/span><span class='av-structured-data'  itemprop=\"datePublished\" datetime=\"2023-02-03T12:54:00+01:00\" >2025-04-17 11:16:03<\/span><span class='av-structured-data'  itemprop=\"dateModified\" itemtype=\"https:\/\/schema.org\/dateModified\" >2025-04-17 11:16:03<\/span><span class='av-structured-data'  itemprop=\"mainEntityOfPage\" itemtype=\"https:\/\/schema.org\/mainEntityOfPage\" ><span itemprop='name'>Weso\u0142ych \u015awi\u0105t Wielkanocnych<\/span><\/span><\/span><\/article><article class='slide-entry flex_column  post-entry post-entry-4621 slide-entry-overview slide-loop-19 slide-parity-odd  av_one_fourth  real-thumbnail post-format-standard'  itemscope=\"itemscope\" itemtype=\"https:\/\/schema.org\/CreativeWork\" ><a href='https:\/\/ptdl.pl\/index.php\/2025\/04\/15\/czwartki-z-kolegium-2\/' data-rel='slide-2' class='slide-image' title='Czwartki z Kolegium'><img decoding=\"async\" width=\"300\" height=\"180\" src=\"https:\/\/ptdl.pl\/ptdl\/wp-content\/uploads\/2025\/02\/logo_KMLwP-300x180.png\" class=\"wp-image-4400 avia-img-lazy-loading-not-4400 attachment-medium size-medium wp-post-image\" alt=\"\" srcset=\"https:\/\/ptdl.pl\/ptdl\/wp-content\/uploads\/2025\/02\/logo_KMLwP-300x180.png 300w, https:\/\/ptdl.pl\/ptdl\/wp-content\/uploads\/2025\/02\/logo_KMLwP.png 555w\" sizes=\"(max-width: 300px) 100vw, 300px\" \/><\/a><div class=\"slide-content\"><header class=\"entry-content-header\"><h3 class='slide-entry-title entry-title '  itemprop=\"headline\" ><a href='https:\/\/ptdl.pl\/index.php\/2025\/04\/15\/czwartki-z-kolegium-2\/' title='Czwartki z Kolegium'>Czwartki z Kolegium<\/a><\/h3><span class=\"av-vertical-delimiter\"><\/span><\/header><div class=\"slide-meta\"><time class='slide-meta-time updated'  itemprop=\"datePublished\" datetime=\"2025-04-15T07:59:27+02:00\" >2025-04-15<\/time><\/div><div class='slide-entry-excerpt entry-content'  itemprop=\"text\" ><div class=\"read-more-link\"><a href=\"https:\/\/ptdl.pl\/index.php\/2025\/04\/15\/czwartki-z-kolegium-2\/\" class=\"more-link\">Czytaj dalej<span class=\"more-link-arrow\"><\/span><\/a><\/div><\/div><\/div><footer class=\"entry-footer\"><\/footer><span class='hidden'>\n\t\t\t\t<span class='av-structured-data'  itemprop=\"image\" itemscope=\"itemscope\" itemtype=\"https:\/\/schema.org\/ImageObject\" >\n\t\t\t\t\t\t<span itemprop='url'>https:\/\/ptdl.pl\/ptdl\/wp-content\/uploads\/2025\/02\/logo_KMLwP.png<\/span>\n\t\t\t\t\t\t<span itemprop='height'>333<\/span>\n\t\t\t\t\t\t<span itemprop='width'>555<\/span>\n\t\t\t\t<\/span>\n\t\t\t\t<span class='av-structured-data'  itemprop=\"publisher\" itemtype=\"https:\/\/schema.org\/Organization\" itemscope=\"itemscope\" >\n\t\t\t\t\t\t<span itemprop='name'>admin<\/span>\n\t\t\t\t\t\t<span itemprop='logo' itemscope itemtype='https:\/\/schema.org\/ImageObject'>\n\t\t\t\t\t\t\t<span itemprop='url'>https:\/\/ptdl.pl\/wp-content\/uploads\/2023\/03\/logo_2.svg<\/span>\n\t\t\t\t\t\t<\/span>\n\t\t\t\t<\/span><span class='av-structured-data'  itemprop=\"author\" itemscope=\"itemscope\" itemtype=\"https:\/\/schema.org\/Person\" ><span itemprop='name'>admin<\/span><\/span><span class='av-structured-data'  itemprop=\"datePublished\" datetime=\"2023-02-03T12:54:00+01:00\" >2025-04-15 07:59:27<\/span><span class='av-structured-data'  itemprop=\"dateModified\" itemtype=\"https:\/\/schema.org\/dateModified\" >2025-04-15 08:00:34<\/span><span class='av-structured-data'  itemprop=\"mainEntityOfPage\" itemtype=\"https:\/\/schema.org\/mainEntityOfPage\" ><span itemprop='name'>Czwartki z Kolegium<\/span><\/span><\/span><\/article><article class='slide-entry flex_column  post-entry post-entry-4594 slide-entry-overview slide-loop-20 slide-parity-even  av_one_fourth  real-thumbnail post-format-standard'  itemscope=\"itemscope\" itemtype=\"https:\/\/schema.org\/CreativeWork\" ><a href='https:\/\/ptdl.pl\/index.php\/2025\/04\/05\/ptdl-lodz-spotkanie-naukowo-szkoleniowe-10-kwietnia-2025r\/' data-rel='slide-2' class='slide-image' title='PTDL \u0141\u00f3d\u017a &#8211; Spotkanie naukowo-szkoleniowe 10 kwietnia 2025r.'><img decoding=\"async\" width=\"300\" height=\"200\" src=\"https:\/\/ptdl.pl\/ptdl\/wp-content\/uploads\/2024\/05\/ogrod_MML-2-scaled-1-300x200.jpg\" class=\"wp-image-3393 avia-img-lazy-loading-not-3393 attachment-medium size-medium wp-post-image\" alt=\"\" srcset=\"https:\/\/ptdl.pl\/ptdl\/wp-content\/uploads\/2024\/05\/ogrod_MML-2-scaled-1-300x200.jpg 300w, https:\/\/ptdl.pl\/ptdl\/wp-content\/uploads\/2024\/05\/ogrod_MML-2-scaled-1-768x512.jpg 768w, https:\/\/ptdl.pl\/ptdl\/wp-content\/uploads\/2024\/05\/ogrod_MML-2-scaled-1-705x470.jpg 705w, https:\/\/ptdl.pl\/ptdl\/wp-content\/uploads\/2024\/05\/ogrod_MML-2-scaled-1.jpg 1024w\" sizes=\"(max-width: 300px) 100vw, 300px\" \/><\/a><div class=\"slide-content\"><header class=\"entry-content-header\"><h3 class='slide-entry-title entry-title '  itemprop=\"headline\" ><a href='https:\/\/ptdl.pl\/index.php\/2025\/04\/05\/ptdl-lodz-spotkanie-naukowo-szkoleniowe-10-kwietnia-2025r\/' title='PTDL \u0141\u00f3d\u017a &#8211; Spotkanie naukowo-szkoleniowe 10 kwietnia 2025r.'>PTDL \u0141\u00f3d\u017a &#8211; Spotkanie naukowo-szkoleniowe 10 kwietnia 2025r.<\/a><\/h3><span class=\"av-vertical-delimiter\"><\/span><\/header><div class=\"slide-meta\"><time class='slide-meta-time updated'  itemprop=\"datePublished\" datetime=\"2025-04-05T22:27:02+02:00\" >2025-04-05<\/time><\/div><div class='slide-entry-excerpt entry-content'  itemprop=\"text\" ><div class=\"read-more-link\"><a href=\"https:\/\/ptdl.pl\/index.php\/2025\/04\/05\/ptdl-lodz-spotkanie-naukowo-szkoleniowe-10-kwietnia-2025r\/\" class=\"more-link\">Czytaj dalej<span class=\"more-link-arrow\"><\/span><\/a><\/div><\/div><\/div><footer class=\"entry-footer\"><\/footer><span class='hidden'>\n\t\t\t\t<span class='av-structured-data'  itemprop=\"image\" itemscope=\"itemscope\" itemtype=\"https:\/\/schema.org\/ImageObject\" >\n\t\t\t\t\t\t<span itemprop='url'>https:\/\/ptdl.pl\/ptdl\/wp-content\/uploads\/2024\/05\/ogrod_MML-2-scaled-1.jpg<\/span>\n\t\t\t\t\t\t<span itemprop='height'>683<\/span>\n\t\t\t\t\t\t<span itemprop='width'>1024<\/span>\n\t\t\t\t<\/span>\n\t\t\t\t<span class='av-structured-data'  itemprop=\"publisher\" itemtype=\"https:\/\/schema.org\/Organization\" itemscope=\"itemscope\" >\n\t\t\t\t\t\t<span itemprop='name'>dsk<\/span>\n\t\t\t\t\t\t<span itemprop='logo' itemscope itemtype='https:\/\/schema.org\/ImageObject'>\n\t\t\t\t\t\t\t<span itemprop='url'>https:\/\/ptdl.pl\/wp-content\/uploads\/2023\/03\/logo_2.svg<\/span>\n\t\t\t\t\t\t<\/span>\n\t\t\t\t<\/span><span class='av-structured-data'  itemprop=\"author\" itemscope=\"itemscope\" itemtype=\"https:\/\/schema.org\/Person\" ><span itemprop='name'>dsk<\/span><\/span><span class='av-structured-data'  itemprop=\"datePublished\" datetime=\"2023-02-03T12:54:00+01:00\" >2025-04-05 22:27:02<\/span><span class='av-structured-data'  itemprop=\"dateModified\" itemtype=\"https:\/\/schema.org\/dateModified\" >2025-04-05 22:27:02<\/span><span class='av-structured-data'  itemprop=\"mainEntityOfPage\" itemtype=\"https:\/\/schema.org\/mainEntityOfPage\" ><span itemprop='name'>PTDL \u0141\u00f3d\u017a &#8211; Spotkanie naukowo-szkoleniowe 10 kwietnia 2025r.<\/span><\/span><\/span><\/article><\/div><div class=\"slide-entry-wrap\"><article class='slide-entry flex_column  post-entry post-entry-4584 slide-entry-overview slide-loop-21 slide-parity-odd  av_one_fourth first real-thumbnail post-format-standard'  itemscope=\"itemscope\" itemtype=\"https:\/\/schema.org\/CreativeWork\" ><a href='https:\/\/ptdl.pl\/index.php\/2025\/04\/04\/czwartki-z-kolegium\/' data-rel='slide-2' class='slide-image' title='Czwartki z Kolegium'><img decoding=\"async\" width=\"300\" height=\"180\" src=\"https:\/\/ptdl.pl\/ptdl\/wp-content\/uploads\/2025\/02\/logo_KMLwP-300x180.png\" class=\"wp-image-4400 avia-img-lazy-loading-not-4400 attachment-medium size-medium wp-post-image\" alt=\"\" srcset=\"https:\/\/ptdl.pl\/ptdl\/wp-content\/uploads\/2025\/02\/logo_KMLwP-300x180.png 300w, https:\/\/ptdl.pl\/ptdl\/wp-content\/uploads\/2025\/02\/logo_KMLwP.png 555w\" sizes=\"(max-width: 300px) 100vw, 300px\" \/><\/a><div class=\"slide-content\"><header class=\"entry-content-header\"><h3 class='slide-entry-title entry-title '  itemprop=\"headline\" ><a href='https:\/\/ptdl.pl\/index.php\/2025\/04\/04\/czwartki-z-kolegium\/' title='Czwartki z Kolegium'>Czwartki z Kolegium<\/a><\/h3><span class=\"av-vertical-delimiter\"><\/span><\/header><div class=\"slide-meta\"><time class='slide-meta-time updated'  itemprop=\"datePublished\" datetime=\"2025-04-04T08:22:13+02:00\" >2025-04-04<\/time><\/div><div class='slide-entry-excerpt entry-content'  itemprop=\"text\" ><div class=\"read-more-link\"><a href=\"https:\/\/ptdl.pl\/index.php\/2025\/04\/04\/czwartki-z-kolegium\/\" class=\"more-link\">Czytaj dalej<span class=\"more-link-arrow\"><\/span><\/a><\/div><\/div><\/div><footer class=\"entry-footer\"><\/footer><span class='hidden'>\n\t\t\t\t<span class='av-structured-data'  itemprop=\"image\" itemscope=\"itemscope\" itemtype=\"https:\/\/schema.org\/ImageObject\" >\n\t\t\t\t\t\t<span itemprop='url'>https:\/\/ptdl.pl\/ptdl\/wp-content\/uploads\/2025\/02\/logo_KMLwP.png<\/span>\n\t\t\t\t\t\t<span itemprop='height'>333<\/span>\n\t\t\t\t\t\t<span itemprop='width'>555<\/span>\n\t\t\t\t<\/span>\n\t\t\t\t<span class='av-structured-data'  itemprop=\"publisher\" itemtype=\"https:\/\/schema.org\/Organization\" itemscope=\"itemscope\" >\n\t\t\t\t\t\t<span itemprop='name'>admin<\/span>\n\t\t\t\t\t\t<span itemprop='logo' itemscope itemtype='https:\/\/schema.org\/ImageObject'>\n\t\t\t\t\t\t\t<span itemprop='url'>https:\/\/ptdl.pl\/wp-content\/uploads\/2023\/03\/logo_2.svg<\/span>\n\t\t\t\t\t\t<\/span>\n\t\t\t\t<\/span><span class='av-structured-data'  itemprop=\"author\" itemscope=\"itemscope\" itemtype=\"https:\/\/schema.org\/Person\" ><span itemprop='name'>admin<\/span><\/span><span class='av-structured-data'  itemprop=\"datePublished\" datetime=\"2023-02-03T12:54:00+01:00\" >2025-04-04 08:22:13<\/span><span class='av-structured-data'  itemprop=\"dateModified\" itemtype=\"https:\/\/schema.org\/dateModified\" >2025-04-04 08:22:13<\/span><span class='av-structured-data'  itemprop=\"mainEntityOfPage\" itemtype=\"https:\/\/schema.org\/mainEntityOfPage\" ><span itemprop='name'>Czwartki z Kolegium<\/span><\/span><\/span><\/article><article class='slide-entry flex_column  post-entry post-entry-4363 slide-entry-overview slide-loop-22 slide-parity-even  av_one_fourth  real-thumbnail post-format-standard'  itemscope=\"itemscope\" itemtype=\"https:\/\/schema.org\/CreativeWork\" ><a href='https:\/\/ptdl.pl\/index.php\/2025\/02\/18\/zaproszenie-do-udzialu-w-webinarze-26-luty-2025-r-godz-17-00\/' data-rel='slide-2' class='slide-image' title='Zaproszenie do udzia\u0142u w webinarze &#8211; 26 luty 2025 r., godz. 17.00'><img decoding=\"async\" width=\"300\" height=\"251\" src=\"https:\/\/ptdl.pl\/ptdl\/wp-content\/uploads\/2025\/02\/webLAB-300x251.png\" class=\"wp-image-4364 avia-img-lazy-loading-not-4364 attachment-medium size-medium wp-post-image\" alt=\"\" srcset=\"https:\/\/ptdl.pl\/ptdl\/wp-content\/uploads\/2025\/02\/webLAB-300x251.png 300w, https:\/\/ptdl.pl\/ptdl\/wp-content\/uploads\/2025\/02\/webLAB-768x644.png 768w, https:\/\/ptdl.pl\/ptdl\/wp-content\/uploads\/2025\/02\/webLAB-705x591.png 705w, https:\/\/ptdl.pl\/ptdl\/wp-content\/uploads\/2025\/02\/webLAB.png 940w\" sizes=\"(max-width: 300px) 100vw, 300px\" \/><\/a><div class=\"slide-content\"><header class=\"entry-content-header\"><h3 class='slide-entry-title entry-title '  itemprop=\"headline\" ><a href='https:\/\/ptdl.pl\/index.php\/2025\/02\/18\/zaproszenie-do-udzialu-w-webinarze-26-luty-2025-r-godz-17-00\/' title='Zaproszenie do udzia\u0142u w webinarze &#8211; 26 luty 2025 r., godz. 17.00'>Zaproszenie do udzia\u0142u w webinarze &#8211; 26 luty 2025 r., godz. 17.00<\/a><\/h3><span class=\"av-vertical-delimiter\"><\/span><\/header><div class=\"slide-meta\"><time class='slide-meta-time updated'  itemprop=\"datePublished\" datetime=\"2025-02-18T12:03:27+01:00\" >2025-02-18<\/time><\/div><div class='slide-entry-excerpt entry-content'  itemprop=\"text\" ><div class=\"read-more-link\"><a href=\"https:\/\/ptdl.pl\/index.php\/2025\/02\/18\/zaproszenie-do-udzialu-w-webinarze-26-luty-2025-r-godz-17-00\/\" class=\"more-link\">Czytaj dalej<span class=\"more-link-arrow\"><\/span><\/a><\/div><\/div><\/div><footer class=\"entry-footer\"><\/footer><span class='hidden'>\n\t\t\t\t<span class='av-structured-data'  itemprop=\"image\" itemscope=\"itemscope\" itemtype=\"https:\/\/schema.org\/ImageObject\" >\n\t\t\t\t\t\t<span itemprop='url'>https:\/\/ptdl.pl\/ptdl\/wp-content\/uploads\/2025\/02\/webLAB.png<\/span>\n\t\t\t\t\t\t<span itemprop='height'>788<\/span>\n\t\t\t\t\t\t<span itemprop='width'>940<\/span>\n\t\t\t\t<\/span>\n\t\t\t\t<span class='av-structured-data'  itemprop=\"publisher\" itemtype=\"https:\/\/schema.org\/Organization\" itemscope=\"itemscope\" >\n\t\t\t\t\t\t<span itemprop='name'>Dariusz Duma<\/span>\n\t\t\t\t\t\t<span itemprop='logo' itemscope itemtype='https:\/\/schema.org\/ImageObject'>\n\t\t\t\t\t\t\t<span itemprop='url'>https:\/\/ptdl.pl\/wp-content\/uploads\/2023\/03\/logo_2.svg<\/span>\n\t\t\t\t\t\t<\/span>\n\t\t\t\t<\/span><span class='av-structured-data'  itemprop=\"author\" itemscope=\"itemscope\" itemtype=\"https:\/\/schema.org\/Person\" ><span itemprop='name'>Dariusz Duma<\/span><\/span><span class='av-structured-data'  itemprop=\"datePublished\" datetime=\"2023-02-03T12:54:00+01:00\" >2025-02-18 12:03:27<\/span><span class='av-structured-data'  itemprop=\"dateModified\" itemtype=\"https:\/\/schema.org\/dateModified\" >2025-02-18 12:04:27<\/span><span class='av-structured-data'  itemprop=\"mainEntityOfPage\" itemtype=\"https:\/\/schema.org\/mainEntityOfPage\" ><span itemprop='name'>Zaproszenie do udzia\u0142u w webinarze &#8211; 26 luty 2025 r., godz. 17.00<\/span><\/span><\/span><\/article><article class='slide-entry flex_column  post-entry post-entry-4327 slide-entry-overview slide-loop-23 slide-parity-odd  av_one_fourth  real-thumbnail post-format-standard'  itemscope=\"itemscope\" itemtype=\"https:\/\/schema.org\/CreativeWork\" ><a href='https:\/\/ptdl.pl\/index.php\/2025\/02\/13\/kolejne-spotkania-naukowo-szkoleniowe-w-krakowie\/' data-rel='slide-2' class='slide-image' title='Sympozjum naukowo-szkoleniowe\/ oddzia\u0142 Krak\u00f3w  -29 marca 2025 r.'><img decoding=\"async\" width=\"300\" height=\"186\" src=\"https:\/\/ptdl.pl\/ptdl\/wp-content\/uploads\/2025\/02\/krak-300x186.jpg\" class=\"wp-image-4341 avia-img-lazy-loading-not-4341 attachment-medium size-medium wp-post-image\" alt=\"\" srcset=\"https:\/\/ptdl.pl\/ptdl\/wp-content\/uploads\/2025\/02\/krak-300x186.jpg 300w, https:\/\/ptdl.pl\/ptdl\/wp-content\/uploads\/2025\/02\/krak.jpg 700w\" sizes=\"(max-width: 300px) 100vw, 300px\" \/><\/a><div class=\"slide-content\"><header class=\"entry-content-header\"><h3 class='slide-entry-title entry-title '  itemprop=\"headline\" ><a href='https:\/\/ptdl.pl\/index.php\/2025\/02\/13\/kolejne-spotkania-naukowo-szkoleniowe-w-krakowie\/' title='Sympozjum naukowo-szkoleniowe\/ oddzia\u0142 Krak\u00f3w  -29 marca 2025 r.'>Sympozjum naukowo-szkoleniowe\/ oddzia\u0142 Krak\u00f3w  -29 marca 2025 r.<\/a><\/h3><span class=\"av-vertical-delimiter\"><\/span><\/header><div class=\"slide-meta\"><time class='slide-meta-time updated'  itemprop=\"datePublished\" datetime=\"2025-02-13T17:37:49+01:00\" >2025-02-13<\/time><\/div><div class='slide-entry-excerpt entry-content'  itemprop=\"text\" ><div class=\"read-more-link\"><a href=\"https:\/\/ptdl.pl\/index.php\/2025\/02\/13\/kolejne-spotkania-naukowo-szkoleniowe-w-krakowie\/\" class=\"more-link\">Czytaj dalej<span class=\"more-link-arrow\"><\/span><\/a><\/div><\/div><\/div><footer class=\"entry-footer\"><\/footer><span class='hidden'>\n\t\t\t\t<span class='av-structured-data'  itemprop=\"image\" itemscope=\"itemscope\" itemtype=\"https:\/\/schema.org\/ImageObject\" >\n\t\t\t\t\t\t<span itemprop='url'>https:\/\/ptdl.pl\/ptdl\/wp-content\/uploads\/2025\/02\/krak.jpg<\/span>\n\t\t\t\t\t\t<span itemprop='height'>433<\/span>\n\t\t\t\t\t\t<span itemprop='width'>700<\/span>\n\t\t\t\t<\/span>\n\t\t\t\t<span class='av-structured-data'  itemprop=\"publisher\" itemtype=\"https:\/\/schema.org\/Organization\" itemscope=\"itemscope\" >\n\t\t\t\t\t\t<span itemprop='name'>Anna Z\u0105bek-Adamska<\/span>\n\t\t\t\t\t\t<span itemprop='logo' itemscope itemtype='https:\/\/schema.org\/ImageObject'>\n\t\t\t\t\t\t\t<span itemprop='url'>https:\/\/ptdl.pl\/wp-content\/uploads\/2023\/03\/logo_2.svg<\/span>\n\t\t\t\t\t\t<\/span>\n\t\t\t\t<\/span><span class='av-structured-data'  itemprop=\"author\" itemscope=\"itemscope\" itemtype=\"https:\/\/schema.org\/Person\" ><span itemprop='name'>Anna Z\u0105bek-Adamska<\/span><\/span><span class='av-structured-data'  itemprop=\"datePublished\" datetime=\"2023-02-03T12:54:00+01:00\" >2025-02-13 17:37:49<\/span><span class='av-structured-data'  itemprop=\"dateModified\" itemtype=\"https:\/\/schema.org\/dateModified\" >2025-03-15 13:05:17<\/span><span class='av-structured-data'  itemprop=\"mainEntityOfPage\" itemtype=\"https:\/\/schema.org\/mainEntityOfPage\" ><span itemprop='name'>Sympozjum naukowo-szkoleniowe\/ oddzia\u0142 Krak\u00f3w  -29 marca 2025 r.<\/span><\/span><\/span><\/article><article class='slide-entry flex_column  post-entry post-entry-4292 slide-entry-overview slide-loop-24 slide-parity-even  av_one_fourth  real-thumbnail post-format-standard'  itemscope=\"itemscope\" itemtype=\"https:\/\/schema.org\/CreativeWork\" ><a href='https:\/\/ptdl.pl\/index.php\/2025\/02\/07\/ptdl-lodz-spotkanie-naukowo-szkoleniowe-26-02-2025r\/' data-rel='slide-2' class='slide-image' title='PTDL \u0141\u00f3d\u017a &#8211; Spotkanie naukowo-szkoleniowe 26.02.2025r.'><img decoding=\"async\" width=\"300\" height=\"200\" src=\"https:\/\/ptdl.pl\/ptdl\/wp-content\/uploads\/2024\/06\/4d8f6fbf0ebc0b96327f5cab6a05c0b196d26414-300x200.png\" class=\"wp-image-3505 avia-img-lazy-loading-not-3505 attachment-medium size-medium wp-post-image\" alt=\"\" srcset=\"https:\/\/ptdl.pl\/ptdl\/wp-content\/uploads\/2024\/06\/4d8f6fbf0ebc0b96327f5cab6a05c0b196d26414-300x200.png 300w, https:\/\/ptdl.pl\/ptdl\/wp-content\/uploads\/2024\/06\/4d8f6fbf0ebc0b96327f5cab6a05c0b196d26414-705x470.png 705w, https:\/\/ptdl.pl\/ptdl\/wp-content\/uploads\/2024\/06\/4d8f6fbf0ebc0b96327f5cab6a05c0b196d26414.png 744w\" sizes=\"(max-width: 300px) 100vw, 300px\" \/><\/a><div class=\"slide-content\"><header class=\"entry-content-header\"><h3 class='slide-entry-title entry-title '  itemprop=\"headline\" ><a href='https:\/\/ptdl.pl\/index.php\/2025\/02\/07\/ptdl-lodz-spotkanie-naukowo-szkoleniowe-26-02-2025r\/' title='PTDL \u0141\u00f3d\u017a &#8211; Spotkanie naukowo-szkoleniowe 26.02.2025r.'>PTDL \u0141\u00f3d\u017a &#8211; Spotkanie naukowo-szkoleniowe 26.02.2025r.<\/a><\/h3><span class=\"av-vertical-delimiter\"><\/span><\/header><div class=\"slide-meta\"><time class='slide-meta-time updated'  itemprop=\"datePublished\" datetime=\"2025-02-07T16:38:58+01:00\" >2025-02-07<\/time><\/div><div class='slide-entry-excerpt entry-content'  itemprop=\"text\" ><div class=\"read-more-link\"><a href=\"https:\/\/ptdl.pl\/index.php\/2025\/02\/07\/ptdl-lodz-spotkanie-naukowo-szkoleniowe-26-02-2025r\/\" class=\"more-link\">Czytaj dalej<span class=\"more-link-arrow\"><\/span><\/a><\/div><\/div><\/div><footer class=\"entry-footer\"><\/footer><span class='hidden'>\n\t\t\t\t<span class='av-structured-data'  itemprop=\"image\" itemscope=\"itemscope\" itemtype=\"https:\/\/schema.org\/ImageObject\" >\n\t\t\t\t\t\t<span itemprop='url'>https:\/\/ptdl.pl\/ptdl\/wp-content\/uploads\/2024\/06\/4d8f6fbf0ebc0b96327f5cab6a05c0b196d26414.png<\/span>\n\t\t\t\t\t\t<span itemprop='height'>496<\/span>\n\t\t\t\t\t\t<span itemprop='width'>744<\/span>\n\t\t\t\t<\/span>\n\t\t\t\t<span class='av-structured-data'  itemprop=\"publisher\" itemtype=\"https:\/\/schema.org\/Organization\" itemscope=\"itemscope\" >\n\t\t\t\t\t\t<span itemprop='name'>dsk<\/span>\n\t\t\t\t\t\t<span itemprop='logo' itemscope itemtype='https:\/\/schema.org\/ImageObject'>\n\t\t\t\t\t\t\t<span itemprop='url'>https:\/\/ptdl.pl\/wp-content\/uploads\/2023\/03\/logo_2.svg<\/span>\n\t\t\t\t\t\t<\/span>\n\t\t\t\t<\/span><span class='av-structured-data'  itemprop=\"author\" itemscope=\"itemscope\" itemtype=\"https:\/\/schema.org\/Person\" ><span itemprop='name'>dsk<\/span><\/span><span class='av-structured-data'  itemprop=\"datePublished\" datetime=\"2023-02-03T12:54:00+01:00\" >2025-02-07 16:38:58<\/span><span class='av-structured-data'  itemprop=\"dateModified\" itemtype=\"https:\/\/schema.org\/dateModified\" >2025-02-07 16:38:58<\/span><span class='av-structured-data'  itemprop=\"mainEntityOfPage\" itemtype=\"https:\/\/schema.org\/mainEntityOfPage\" ><span itemprop='name'>PTDL \u0141\u00f3d\u017a &#8211; Spotkanie naukowo-szkoleniowe 26.02.2025r.<\/span><\/span><\/span><\/article><\/div><div class=\"slide-entry-wrap\"><article class='slide-entry flex_column  post-entry post-entry-4247 slide-entry-overview slide-loop-25 slide-parity-odd  av_one_fourth first real-thumbnail post-format-standard'  itemscope=\"itemscope\" itemtype=\"https:\/\/schema.org\/CreativeWork\" ><a href='https:\/\/ptdl.pl\/index.php\/2025\/01\/28\/kurs-stacjonarny-p2-dual-stain-master-corfamed-2025\/' data-rel='slide-2' class='slide-image' title='Kurs stacjonarny P2 Dual Stain Master Corfamed 2025'><img decoding=\"async\" width=\"300\" height=\"199\" src=\"https:\/\/ptdl.pl\/ptdl\/wp-content\/uploads\/2023\/02\/news_017-300x199.jpg\" class=\"wp-image-808 avia-img-lazy-loading-not-808 attachment-medium size-medium wp-post-image\" alt=\"\" srcset=\"https:\/\/ptdl.pl\/ptdl\/wp-content\/uploads\/2023\/02\/news_017-300x199.jpg 300w, https:\/\/ptdl.pl\/ptdl\/wp-content\/uploads\/2023\/02\/news_017.jpg 500w\" sizes=\"(max-width: 300px) 100vw, 300px\" \/><\/a><div class=\"slide-content\"><header class=\"entry-content-header\"><h3 class='slide-entry-title entry-title '  itemprop=\"headline\" ><a href='https:\/\/ptdl.pl\/index.php\/2025\/01\/28\/kurs-stacjonarny-p2-dual-stain-master-corfamed-2025\/' title='Kurs stacjonarny P2 Dual Stain Master Corfamed 2025'>Kurs stacjonarny P2 Dual Stain Master Corfamed 2025<\/a><\/h3><span class=\"av-vertical-delimiter\"><\/span><\/header><div class=\"slide-meta\"><time class='slide-meta-time updated'  itemprop=\"datePublished\" datetime=\"2025-01-28T09:27:45+01:00\" >2025-01-28<\/time><\/div><div class='slide-entry-excerpt entry-content'  itemprop=\"text\" ><div class=\"read-more-link\"><a href=\"https:\/\/ptdl.pl\/index.php\/2025\/01\/28\/kurs-stacjonarny-p2-dual-stain-master-corfamed-2025\/\" class=\"more-link\">Czytaj dalej<span class=\"more-link-arrow\"><\/span><\/a><\/div><\/div><\/div><footer class=\"entry-footer\"><\/footer><span class='hidden'>\n\t\t\t\t<span class='av-structured-data'  itemprop=\"image\" itemscope=\"itemscope\" itemtype=\"https:\/\/schema.org\/ImageObject\" >\n\t\t\t\t\t\t<span itemprop='url'>https:\/\/ptdl.pl\/ptdl\/wp-content\/uploads\/2023\/02\/news_017.jpg<\/span>\n\t\t\t\t\t\t<span itemprop='height'>332<\/span>\n\t\t\t\t\t\t<span itemprop='width'>500<\/span>\n\t\t\t\t<\/span>\n\t\t\t\t<span class='av-structured-data'  itemprop=\"publisher\" itemtype=\"https:\/\/schema.org\/Organization\" itemscope=\"itemscope\" >\n\t\t\t\t\t\t<span itemprop='name'>admin<\/span>\n\t\t\t\t\t\t<span itemprop='logo' itemscope itemtype='https:\/\/schema.org\/ImageObject'>\n\t\t\t\t\t\t\t<span itemprop='url'>https:\/\/ptdl.pl\/wp-content\/uploads\/2023\/03\/logo_2.svg<\/span>\n\t\t\t\t\t\t<\/span>\n\t\t\t\t<\/span><span class='av-structured-data'  itemprop=\"author\" itemscope=\"itemscope\" itemtype=\"https:\/\/schema.org\/Person\" ><span itemprop='name'>admin<\/span><\/span><span class='av-structured-data'  itemprop=\"datePublished\" datetime=\"2023-02-03T12:54:00+01:00\" >2025-01-28 09:27:45<\/span><span class='av-structured-data'  itemprop=\"dateModified\" itemtype=\"https:\/\/schema.org\/dateModified\" >2025-01-28 14:30:40<\/span><span class='av-structured-data'  itemprop=\"mainEntityOfPage\" itemtype=\"https:\/\/schema.org\/mainEntityOfPage\" ><span itemprop='name'>Kurs stacjonarny P2 Dual Stain Master Corfamed 2025<\/span><\/span><\/span><\/article><article class='slide-entry flex_column  post-entry post-entry-4226 slide-entry-overview slide-loop-26 slide-parity-even  av_one_fourth  real-thumbnail post-format-standard'  itemscope=\"itemscope\" itemtype=\"https:\/\/schema.org\/CreativeWork\" ><a href='https:\/\/ptdl.pl\/index.php\/2025\/01\/20\/4226\/' data-rel='slide-2' class='slide-image' title='Zebranie naukowo &#8211; szkoleniowe w dn. 14.02.2025 r.'><img decoding=\"async\" width=\"300\" height=\"200\" src=\"https:\/\/ptdl.pl\/ptdl\/wp-content\/uploads\/2023\/02\/news_011-300x200.jpg\" class=\"wp-image-802 avia-img-lazy-loading-not-802 attachment-medium size-medium wp-post-image\" alt=\"\" srcset=\"https:\/\/ptdl.pl\/ptdl\/wp-content\/uploads\/2023\/02\/news_011-300x200.jpg 300w, https:\/\/ptdl.pl\/ptdl\/wp-content\/uploads\/2023\/02\/news_011.jpg 500w\" sizes=\"(max-width: 300px) 100vw, 300px\" \/><\/a><div class=\"slide-content\"><header class=\"entry-content-header\"><h3 class='slide-entry-title entry-title '  itemprop=\"headline\" ><a href='https:\/\/ptdl.pl\/index.php\/2025\/01\/20\/4226\/' title='Zebranie naukowo &#8211; szkoleniowe w dn. 14.02.2025 r.'>Zebranie naukowo &#8211; szkoleniowe w dn. 14.02.2025 r.<\/a><\/h3><span class=\"av-vertical-delimiter\"><\/span><\/header><div class=\"slide-meta\"><time class='slide-meta-time updated'  itemprop=\"datePublished\" datetime=\"2025-01-20T14:55:52+01:00\" >2025-01-20<\/time><\/div><div class='slide-entry-excerpt entry-content'  itemprop=\"text\" ><div class=\"read-more-link\"><a href=\"https:\/\/ptdl.pl\/index.php\/2025\/01\/20\/4226\/\" class=\"more-link\">Czytaj dalej<span class=\"more-link-arrow\"><\/span><\/a><\/div><\/div><\/div><footer class=\"entry-footer\"><\/footer><span class='hidden'>\n\t\t\t\t<span class='av-structured-data'  itemprop=\"image\" itemscope=\"itemscope\" itemtype=\"https:\/\/schema.org\/ImageObject\" >\n\t\t\t\t\t\t<span itemprop='url'>https:\/\/ptdl.pl\/ptdl\/wp-content\/uploads\/2023\/02\/news_011.jpg<\/span>\n\t\t\t\t\t\t<span itemprop='height'>333<\/span>\n\t\t\t\t\t\t<span itemprop='width'>500<\/span>\n\t\t\t\t<\/span>\n\t\t\t\t<span class='av-structured-data'  itemprop=\"publisher\" itemtype=\"https:\/\/schema.org\/Organization\" itemscope=\"itemscope\" >\n\t\t\t\t\t\t<span itemprop='name'>Malwina Czech<\/span>\n\t\t\t\t\t\t<span itemprop='logo' itemscope itemtype='https:\/\/schema.org\/ImageObject'>\n\t\t\t\t\t\t\t<span itemprop='url'>https:\/\/ptdl.pl\/wp-content\/uploads\/2023\/03\/logo_2.svg<\/span>\n\t\t\t\t\t\t<\/span>\n\t\t\t\t<\/span><span class='av-structured-data'  itemprop=\"author\" itemscope=\"itemscope\" itemtype=\"https:\/\/schema.org\/Person\" ><span itemprop='name'>Malwina Czech<\/span><\/span><span class='av-structured-data'  itemprop=\"datePublished\" datetime=\"2023-02-03T12:54:00+01:00\" >2025-01-20 14:55:52<\/span><span class='av-structured-data'  itemprop=\"dateModified\" itemtype=\"https:\/\/schema.org\/dateModified\" >2025-02-06 16:50:32<\/span><span class='av-structured-data'  itemprop=\"mainEntityOfPage\" itemtype=\"https:\/\/schema.org\/mainEntityOfPage\" ><span itemprop='name'>Zebranie naukowo &#8211; szkoleniowe w dn. 14.02.2025 r.<\/span><\/span><\/span><\/article><article class='slide-entry flex_column  post-entry post-entry-4120 slide-entry-overview slide-loop-27 slide-parity-odd  av_one_fourth  real-thumbnail post-format-standard'  itemscope=\"itemscope\" itemtype=\"https:\/\/schema.org\/CreativeWork\" ><a href='https:\/\/ptdl.pl\/index.php\/2024\/12\/20\/zyczenia-swiateczne-4\/' data-rel='slide-2' class='slide-image' title='\u017byczenia \u015awi\u0105teczne'><img decoding=\"async\" width=\"300\" height=\"213\" src=\"https:\/\/ptdl.pl\/ptdl\/wp-content\/uploads\/2024\/12\/PTDL-zyczenia-24-1-300x213.png\" class=\"wp-image-4121 avia-img-lazy-loading-not-4121 attachment-medium size-medium wp-post-image\" alt=\"\" srcset=\"https:\/\/ptdl.pl\/ptdl\/wp-content\/uploads\/2024\/12\/PTDL-zyczenia-24-1-300x213.png 300w, https:\/\/ptdl.pl\/ptdl\/wp-content\/uploads\/2024\/12\/PTDL-zyczenia-24-1-1030x731.png 1030w, https:\/\/ptdl.pl\/ptdl\/wp-content\/uploads\/2024\/12\/PTDL-zyczenia-24-1-768x545.png 768w, https:\/\/ptdl.pl\/ptdl\/wp-content\/uploads\/2024\/12\/PTDL-zyczenia-24-1-1536x1090.png 1536w, https:\/\/ptdl.pl\/ptdl\/wp-content\/uploads\/2024\/12\/PTDL-zyczenia-24-1-1500x1064.png 1500w, https:\/\/ptdl.pl\/ptdl\/wp-content\/uploads\/2024\/12\/PTDL-zyczenia-24-1-260x185.png 260w, https:\/\/ptdl.pl\/ptdl\/wp-content\/uploads\/2024\/12\/PTDL-zyczenia-24-1-705x500.png 705w, https:\/\/ptdl.pl\/ptdl\/wp-content\/uploads\/2024\/12\/PTDL-zyczenia-24-1.png 1748w\" sizes=\"(max-width: 300px) 100vw, 300px\" \/><\/a><div class=\"slide-content\"><header class=\"entry-content-header\"><h3 class='slide-entry-title entry-title '  itemprop=\"headline\" ><a href='https:\/\/ptdl.pl\/index.php\/2024\/12\/20\/zyczenia-swiateczne-4\/' title='\u017byczenia \u015awi\u0105teczne'>\u017byczenia \u015awi\u0105teczne<\/a><\/h3><span class=\"av-vertical-delimiter\"><\/span><\/header><div class=\"slide-meta\"><time class='slide-meta-time updated'  itemprop=\"datePublished\" datetime=\"2024-12-20T10:14:12+01:00\" >2024-12-20<\/time><\/div><div class='slide-entry-excerpt entry-content'  itemprop=\"text\" ><div class=\"read-more-link\"><a href=\"https:\/\/ptdl.pl\/index.php\/2024\/12\/20\/zyczenia-swiateczne-4\/\" class=\"more-link\">Czytaj dalej<span class=\"more-link-arrow\"><\/span><\/a><\/div><\/div><\/div><footer class=\"entry-footer\"><\/footer><span class='hidden'>\n\t\t\t\t<span class='av-structured-data'  itemprop=\"image\" itemscope=\"itemscope\" itemtype=\"https:\/\/schema.org\/ImageObject\" >\n\t\t\t\t\t\t<span itemprop='url'>https:\/\/ptdl.pl\/ptdl\/wp-content\/uploads\/2024\/12\/PTDL-zyczenia-24-1.png<\/span>\n\t\t\t\t\t\t<span itemprop='height'>1240<\/span>\n\t\t\t\t\t\t<span itemprop='width'>1748<\/span>\n\t\t\t\t<\/span>\n\t\t\t\t<span class='av-structured-data'  itemprop=\"publisher\" itemtype=\"https:\/\/schema.org\/Organization\" itemscope=\"itemscope\" >\n\t\t\t\t\t\t<span itemprop='name'>dsk<\/span>\n\t\t\t\t\t\t<span itemprop='logo' itemscope itemtype='https:\/\/schema.org\/ImageObject'>\n\t\t\t\t\t\t\t<span itemprop='url'>https:\/\/ptdl.pl\/wp-content\/uploads\/2023\/03\/logo_2.svg<\/span>\n\t\t\t\t\t\t<\/span>\n\t\t\t\t<\/span><span class='av-structured-data'  itemprop=\"author\" itemscope=\"itemscope\" itemtype=\"https:\/\/schema.org\/Person\" ><span itemprop='name'>dsk<\/span><\/span><span class='av-structured-data'  itemprop=\"datePublished\" datetime=\"2023-02-03T12:54:00+01:00\" >2024-12-20 10:14:12<\/span><span class='av-structured-data'  itemprop=\"dateModified\" itemtype=\"https:\/\/schema.org\/dateModified\" >2024-12-20 10:16:38<\/span><span class='av-structured-data'  itemprop=\"mainEntityOfPage\" itemtype=\"https:\/\/schema.org\/mainEntityOfPage\" ><span itemprop='name'>\u017byczenia \u015awi\u0105teczne<\/span><\/span><\/span><\/article><article class='slide-entry flex_column  post-entry post-entry-3995 slide-entry-overview slide-loop-28 slide-parity-even  av_one_fourth  real-thumbnail post-format-standard'  itemscope=\"itemscope\" itemtype=\"https:\/\/schema.org\/CreativeWork\" ><a href='https:\/\/ptdl.pl\/index.php\/2024\/11\/27\/swiateczne-posiedzenie-naukowo-szkoleniowe-12-12-2024-r\/' data-rel='slide-2' class='slide-image' title='PTDL O\/Bydgoszcz \u015awi\u0105teczne posiedzenie naukowo-szkoleniowe 12.12.2024 r'><img decoding=\"async\" width=\"300\" height=\"200\" src=\"https:\/\/ptdl.pl\/ptdl\/wp-content\/uploads\/2023\/12\/news037-300x200.jpg\" class=\"wp-image-1908 avia-img-lazy-loading-not-1908 attachment-medium size-medium wp-post-image\" alt=\"\" srcset=\"https:\/\/ptdl.pl\/ptdl\/wp-content\/uploads\/2023\/12\/news037-300x200.jpg 300w, https:\/\/ptdl.pl\/ptdl\/wp-content\/uploads\/2023\/12\/news037.jpg 500w\" sizes=\"(max-width: 300px) 100vw, 300px\" \/><\/a><div class=\"slide-content\"><header class=\"entry-content-header\"><h3 class='slide-entry-title entry-title '  itemprop=\"headline\" ><a href='https:\/\/ptdl.pl\/index.php\/2024\/11\/27\/swiateczne-posiedzenie-naukowo-szkoleniowe-12-12-2024-r\/' title='PTDL O\/Bydgoszcz \u015awi\u0105teczne posiedzenie naukowo-szkoleniowe 12.12.2024 r'>PTDL O\/Bydgoszcz \u015awi\u0105teczne posiedzenie naukowo-szkoleniowe 12.12.2024 r<\/a><\/h3><span class=\"av-vertical-delimiter\"><\/span><\/header><div class=\"slide-meta\"><time class='slide-meta-time updated'  itemprop=\"datePublished\" datetime=\"2024-11-27T19:56:52+01:00\" >2024-11-27<\/time><\/div><div class='slide-entry-excerpt entry-content'  itemprop=\"text\" ><div class=\"read-more-link\"><a href=\"https:\/\/ptdl.pl\/index.php\/2024\/11\/27\/swiateczne-posiedzenie-naukowo-szkoleniowe-12-12-2024-r\/\" class=\"more-link\">Czytaj dalej<span class=\"more-link-arrow\"><\/span><\/a><\/div><\/div><\/div><footer class=\"entry-footer\"><\/footer><span class='hidden'>\n\t\t\t\t<span class='av-structured-data'  itemprop=\"image\" itemscope=\"itemscope\" itemtype=\"https:\/\/schema.org\/ImageObject\" >\n\t\t\t\t\t\t<span itemprop='url'>https:\/\/ptdl.pl\/ptdl\/wp-content\/uploads\/2023\/12\/news037.jpg<\/span>\n\t\t\t\t\t\t<span itemprop='height'>333<\/span>\n\t\t\t\t\t\t<span itemprop='width'>500<\/span>\n\t\t\t\t<\/span>\n\t\t\t\t<span class='av-structured-data'  itemprop=\"publisher\" itemtype=\"https:\/\/schema.org\/Organization\" itemscope=\"itemscope\" >\n\t\t\t\t\t\t<span itemprop='name'>S\u0142awomira Balcerak<\/span>\n\t\t\t\t\t\t<span itemprop='logo' itemscope itemtype='https:\/\/schema.org\/ImageObject'>\n\t\t\t\t\t\t\t<span itemprop='url'>https:\/\/ptdl.pl\/wp-content\/uploads\/2023\/03\/logo_2.svg<\/span>\n\t\t\t\t\t\t<\/span>\n\t\t\t\t<\/span><span class='av-structured-data'  itemprop=\"author\" itemscope=\"itemscope\" itemtype=\"https:\/\/schema.org\/Person\" ><span itemprop='name'>S\u0142awomira Balcerak<\/span><\/span><span class='av-structured-data'  itemprop=\"datePublished\" datetime=\"2023-02-03T12:54:00+01:00\" >2024-11-27 19:56:52<\/span><span class='av-structured-data'  itemprop=\"dateModified\" itemtype=\"https:\/\/schema.org\/dateModified\" >2024-12-05 17:18:43<\/span><span class='av-structured-data'  itemprop=\"mainEntityOfPage\" itemtype=\"https:\/\/schema.org\/mainEntityOfPage\" ><span itemprop='name'>PTDL O\/Bydgoszcz \u015awi\u0105teczne posiedzenie naukowo-szkoleniowe 12.12.2024 r<\/span><\/span><\/span><\/article><\/div><div class=\"slide-entry-wrap\"><article class='slide-entry flex_column  post-entry post-entry-3963 slide-entry-overview slide-loop-29 slide-parity-odd  av_one_fourth first real-thumbnail post-format-standard'  itemscope=\"itemscope\" itemtype=\"https:\/\/schema.org\/CreativeWork\" ><a href='https:\/\/ptdl.pl\/index.php\/2024\/11\/26\/ptdl-lodz-spotkanie-naukowo-szkoleniowe-12-grudnia-2024r\/' data-rel='slide-2' class='slide-image' title='PTDL \u0141\u00f3d\u017a &#8211; Spotkanie naukowo-szkoleniowe 12 grudnia 2024r.'><img decoding=\"async\" width=\"300\" height=\"200\" src=\"https:\/\/ptdl.pl\/ptdl\/wp-content\/uploads\/2024\/06\/4d8f6fbf0ebc0b96327f5cab6a05c0b196d26414-300x200.png\" class=\"wp-image-3505 avia-img-lazy-loading-not-3505 attachment-medium size-medium wp-post-image\" alt=\"\" srcset=\"https:\/\/ptdl.pl\/ptdl\/wp-content\/uploads\/2024\/06\/4d8f6fbf0ebc0b96327f5cab6a05c0b196d26414-300x200.png 300w, https:\/\/ptdl.pl\/ptdl\/wp-content\/uploads\/2024\/06\/4d8f6fbf0ebc0b96327f5cab6a05c0b196d26414-705x470.png 705w, https:\/\/ptdl.pl\/ptdl\/wp-content\/uploads\/2024\/06\/4d8f6fbf0ebc0b96327f5cab6a05c0b196d26414.png 744w\" sizes=\"(max-width: 300px) 100vw, 300px\" \/><\/a><div class=\"slide-content\"><header class=\"entry-content-header\"><h3 class='slide-entry-title entry-title '  itemprop=\"headline\" ><a href='https:\/\/ptdl.pl\/index.php\/2024\/11\/26\/ptdl-lodz-spotkanie-naukowo-szkoleniowe-12-grudnia-2024r\/' title='PTDL \u0141\u00f3d\u017a &#8211; Spotkanie naukowo-szkoleniowe 12 grudnia 2024r.'>PTDL \u0141\u00f3d\u017a &#8211; Spotkanie naukowo-szkoleniowe 12 grudnia 2024r.<\/a><\/h3><span class=\"av-vertical-delimiter\"><\/span><\/header><div class=\"slide-meta\"><time class='slide-meta-time updated'  itemprop=\"datePublished\" datetime=\"2024-11-26T12:11:14+01:00\" >2024-11-26<\/time><\/div><div class='slide-entry-excerpt entry-content'  itemprop=\"text\" ><div class=\"read-more-link\"><a href=\"https:\/\/ptdl.pl\/index.php\/2024\/11\/26\/ptdl-lodz-spotkanie-naukowo-szkoleniowe-12-grudnia-2024r\/\" class=\"more-link\">Czytaj dalej<span class=\"more-link-arrow\"><\/span><\/a><\/div><\/div><\/div><footer class=\"entry-footer\"><\/footer><span class='hidden'>\n\t\t\t\t<span class='av-structured-data'  itemprop=\"image\" itemscope=\"itemscope\" itemtype=\"https:\/\/schema.org\/ImageObject\" >\n\t\t\t\t\t\t<span itemprop='url'>https:\/\/ptdl.pl\/ptdl\/wp-content\/uploads\/2024\/06\/4d8f6fbf0ebc0b96327f5cab6a05c0b196d26414.png<\/span>\n\t\t\t\t\t\t<span itemprop='height'>496<\/span>\n\t\t\t\t\t\t<span itemprop='width'>744<\/span>\n\t\t\t\t<\/span>\n\t\t\t\t<span class='av-structured-data'  itemprop=\"publisher\" itemtype=\"https:\/\/schema.org\/Organization\" itemscope=\"itemscope\" >\n\t\t\t\t\t\t<span itemprop='name'>dsk<\/span>\n\t\t\t\t\t\t<span itemprop='logo' itemscope itemtype='https:\/\/schema.org\/ImageObject'>\n\t\t\t\t\t\t\t<span itemprop='url'>https:\/\/ptdl.pl\/wp-content\/uploads\/2023\/03\/logo_2.svg<\/span>\n\t\t\t\t\t\t<\/span>\n\t\t\t\t<\/span><span class='av-structured-data'  itemprop=\"author\" itemscope=\"itemscope\" itemtype=\"https:\/\/schema.org\/Person\" ><span itemprop='name'>dsk<\/span><\/span><span class='av-structured-data'  itemprop=\"datePublished\" datetime=\"2023-02-03T12:54:00+01:00\" >2024-11-26 12:11:14<\/span><span class='av-structured-data'  itemprop=\"dateModified\" itemtype=\"https:\/\/schema.org\/dateModified\" >2025-01-20 15:11:45<\/span><span class='av-structured-data'  itemprop=\"mainEntityOfPage\" itemtype=\"https:\/\/schema.org\/mainEntityOfPage\" ><span itemprop='name'>PTDL \u0141\u00f3d\u017a &#8211; Spotkanie naukowo-szkoleniowe 12 grudnia 2024r.<\/span><\/span><\/span><\/article><article class='slide-entry flex_column  post-entry post-entry-3850 slide-entry-overview slide-loop-30 slide-parity-even  av_one_fourth  real-thumbnail post-format-standard'  itemscope=\"itemscope\" itemtype=\"https:\/\/schema.org\/CreativeWork\" ><a href='https:\/\/ptdl.pl\/index.php\/2024\/11\/04\/sympozjum-pt-jakosc-to-bedzieczyli-trudne-obszary-kontroli-jakosci-w-diagnostyce-laboratoryjnej\/' data-rel='slide-2' class='slide-image' title='SYMPOZJUM PT: JAKO\u015a(\u0106) TO B\u0118DZIE\u2026CZYLI TRUDNE OBSZARY KONTROLI JAKO\u015aCI W DIAGNOSTYCE LABORATORYJNEJ'><img decoding=\"async\" width=\"300\" height=\"129\" src=\"https:\/\/ptdl.pl\/ptdl\/wp-content\/uploads\/2024\/01\/oddzial_krakow-300x129.png\" class=\"wp-image-2063 avia-img-lazy-loading-not-2063 attachment-medium size-medium wp-post-image\" alt=\"\" srcset=\"https:\/\/ptdl.pl\/ptdl\/wp-content\/uploads\/2024\/01\/oddzial_krakow-300x129.png 300w, https:\/\/ptdl.pl\/ptdl\/wp-content\/uploads\/2024\/01\/oddzial_krakow-768x330.png 768w, https:\/\/ptdl.pl\/ptdl\/wp-content\/uploads\/2024\/01\/oddzial_krakow-705x303.png 705w, https:\/\/ptdl.pl\/ptdl\/wp-content\/uploads\/2024\/01\/oddzial_krakow.png 1000w\" sizes=\"(max-width: 300px) 100vw, 300px\" \/><\/a><div class=\"slide-content\"><header class=\"entry-content-header\"><h3 class='slide-entry-title entry-title '  itemprop=\"headline\" ><a href='https:\/\/ptdl.pl\/index.php\/2024\/11\/04\/sympozjum-pt-jakosc-to-bedzieczyli-trudne-obszary-kontroli-jakosci-w-diagnostyce-laboratoryjnej\/' title='SYMPOZJUM PT: JAKO\u015a(\u0106) TO B\u0118DZIE\u2026CZYLI TRUDNE OBSZARY KONTROLI JAKO\u015aCI W DIAGNOSTYCE LABORATORYJNEJ'>SYMPOZJUM PT: JAKO\u015a(\u0106) TO B\u0118DZIE\u2026CZYLI TRUDNE OBSZARY KONTROLI JAKO\u015aCI W DIAGNOSTYCE LABORATORYJNEJ<\/a><\/h3><span class=\"av-vertical-delimiter\"><\/span><\/header><div class=\"slide-meta\"><time class='slide-meta-time updated'  itemprop=\"datePublished\" datetime=\"2024-11-04T17:48:35+01:00\" >2024-11-04<\/time><\/div><div class='slide-entry-excerpt entry-content'  itemprop=\"text\" ><div class=\"read-more-link\"><a href=\"https:\/\/ptdl.pl\/index.php\/2024\/11\/04\/sympozjum-pt-jakosc-to-bedzieczyli-trudne-obszary-kontroli-jakosci-w-diagnostyce-laboratoryjnej\/\" class=\"more-link\">Czytaj dalej<span class=\"more-link-arrow\"><\/span><\/a><\/div><\/div><\/div><footer class=\"entry-footer\"><\/footer><span class='hidden'>\n\t\t\t\t<span class='av-structured-data'  itemprop=\"image\" itemscope=\"itemscope\" itemtype=\"https:\/\/schema.org\/ImageObject\" >\n\t\t\t\t\t\t<span itemprop='url'>https:\/\/ptdl.pl\/ptdl\/wp-content\/uploads\/2024\/01\/oddzial_krakow.png<\/span>\n\t\t\t\t\t\t<span itemprop='height'>430<\/span>\n\t\t\t\t\t\t<span itemprop='width'>1000<\/span>\n\t\t\t\t<\/span>\n\t\t\t\t<span class='av-structured-data'  itemprop=\"publisher\" itemtype=\"https:\/\/schema.org\/Organization\" itemscope=\"itemscope\" >\n\t\t\t\t\t\t<span itemprop='name'>Anna Z\u0105bek-Adamska<\/span>\n\t\t\t\t\t\t<span itemprop='logo' itemscope itemtype='https:\/\/schema.org\/ImageObject'>\n\t\t\t\t\t\t\t<span itemprop='url'>https:\/\/ptdl.pl\/wp-content\/uploads\/2023\/03\/logo_2.svg<\/span>\n\t\t\t\t\t\t<\/span>\n\t\t\t\t<\/span><span class='av-structured-data'  itemprop=\"author\" itemscope=\"itemscope\" itemtype=\"https:\/\/schema.org\/Person\" ><span itemprop='name'>Anna Z\u0105bek-Adamska<\/span><\/span><span class='av-structured-data'  itemprop=\"datePublished\" datetime=\"2023-02-03T12:54:00+01:00\" >2024-11-04 17:48:35<\/span><span class='av-structured-data'  itemprop=\"dateModified\" itemtype=\"https:\/\/schema.org\/dateModified\" >2024-11-19 16:45:47<\/span><span class='av-structured-data'  itemprop=\"mainEntityOfPage\" itemtype=\"https:\/\/schema.org\/mainEntityOfPage\" ><span itemprop='name'>SYMPOZJUM PT: JAKO\u015a(\u0106) TO B\u0118DZIE\u2026CZYLI TRUDNE OBSZARY KONTROLI JAKO\u015aCI W DIAGNOSTYCE LABORATORYJNEJ<\/span><\/span><\/span><\/article><article class='slide-entry flex_column  post-entry post-entry-3819 slide-entry-overview slide-loop-31 slide-parity-odd  av_one_fourth  real-thumbnail post-format-standard'  itemscope=\"itemscope\" itemtype=\"https:\/\/schema.org\/CreativeWork\" ><a href='https:\/\/ptdl.pl\/index.php\/2024\/10\/30\/3819\/' data-rel='slide-2' class='slide-image' title='Stowarzyszenie Kolegium Medycyny Laboratoryjnej w Polsce zaprasza na \u201eCzwartki z Kolegium\u201d'><img decoding=\"async\" width=\"300\" height=\"200\" src=\"https:\/\/ptdl.pl\/ptdl\/wp-content\/uploads\/2024\/10\/PMLP-300x200.png\" class=\"wp-image-3821 avia-img-lazy-loading-not-3821 attachment-medium size-medium wp-post-image\" alt=\"\" srcset=\"https:\/\/ptdl.pl\/ptdl\/wp-content\/uploads\/2024\/10\/PMLP-300x200.png 300w, https:\/\/ptdl.pl\/ptdl\/wp-content\/uploads\/2024\/10\/PMLP.png 500w\" sizes=\"(max-width: 300px) 100vw, 300px\" \/><\/a><div class=\"slide-content\"><header class=\"entry-content-header\"><h3 class='slide-entry-title entry-title '  itemprop=\"headline\" ><a href='https:\/\/ptdl.pl\/index.php\/2024\/10\/30\/3819\/' title='Stowarzyszenie Kolegium Medycyny Laboratoryjnej w Polsce zaprasza na \u201eCzwartki z Kolegium\u201d'>Stowarzyszenie Kolegium Medycyny Laboratoryjnej w Polsce zaprasza na \u201eCzwartki z Kolegium\u201d<\/a><\/h3><span class=\"av-vertical-delimiter\"><\/span><\/header><div class=\"slide-meta\"><time class='slide-meta-time updated'  itemprop=\"datePublished\" datetime=\"2024-10-30T14:51:48+01:00\" >2024-10-30<\/time><\/div><div class='slide-entry-excerpt entry-content'  itemprop=\"text\" ><div class=\"read-more-link\"><a href=\"https:\/\/ptdl.pl\/index.php\/2024\/10\/30\/3819\/\" class=\"more-link\">Czytaj dalej<span class=\"more-link-arrow\"><\/span><\/a><\/div><\/div><\/div><footer class=\"entry-footer\"><\/footer><span class='hidden'>\n\t\t\t\t<span class='av-structured-data'  itemprop=\"image\" itemscope=\"itemscope\" itemtype=\"https:\/\/schema.org\/ImageObject\" >\n\t\t\t\t\t\t<span itemprop='url'>https:\/\/ptdl.pl\/ptdl\/wp-content\/uploads\/2024\/10\/PMLP.png<\/span>\n\t\t\t\t\t\t<span itemprop='height'>333<\/span>\n\t\t\t\t\t\t<span itemprop='width'>500<\/span>\n\t\t\t\t<\/span>\n\t\t\t\t<span class='av-structured-data'  itemprop=\"publisher\" itemtype=\"https:\/\/schema.org\/Organization\" itemscope=\"itemscope\" >\n\t\t\t\t\t\t<span itemprop='name'>admin<\/span>\n\t\t\t\t\t\t<span itemprop='logo' itemscope itemtype='https:\/\/schema.org\/ImageObject'>\n\t\t\t\t\t\t\t<span itemprop='url'>https:\/\/ptdl.pl\/wp-content\/uploads\/2023\/03\/logo_2.svg<\/span>\n\t\t\t\t\t\t<\/span>\n\t\t\t\t<\/span><span class='av-structured-data'  itemprop=\"author\" itemscope=\"itemscope\" itemtype=\"https:\/\/schema.org\/Person\" ><span itemprop='name'>admin<\/span><\/span><span class='av-structured-data'  itemprop=\"datePublished\" datetime=\"2023-02-03T12:54:00+01:00\" >2024-10-30 14:51:48<\/span><span class='av-structured-data'  itemprop=\"dateModified\" itemtype=\"https:\/\/schema.org\/dateModified\" >2024-10-30 14:52:22<\/span><span class='av-structured-data'  itemprop=\"mainEntityOfPage\" itemtype=\"https:\/\/schema.org\/mainEntityOfPage\" ><span itemprop='name'>Stowarzyszenie Kolegium Medycyny Laboratoryjnej w Polsce zaprasza na \u201eCzwartki z Kolegium\u201d<\/span><\/span><\/span><\/article><article class='slide-entry flex_column  post-entry post-entry-3807 slide-entry-overview slide-loop-32 slide-parity-even  av_one_fourth  real-thumbnail post-format-standard'  itemscope=\"itemscope\" itemtype=\"https:\/\/schema.org\/CreativeWork\" ><a href='https:\/\/ptdl.pl\/index.php\/2024\/10\/28\/3807\/' data-rel='slide-2' class='slide-image' title='Akademia Cytologa HPV'><img decoding=\"async\" width=\"300\" height=\"200\" src=\"https:\/\/ptdl.pl\/ptdl\/wp-content\/uploads\/2024\/10\/AC_2023_mailing_gora_600px_@2_v2-300x200.jpg\" class=\"wp-image-3808 avia-img-lazy-loading-not-3808 attachment-medium size-medium wp-post-image\" alt=\"\" srcset=\"https:\/\/ptdl.pl\/ptdl\/wp-content\/uploads\/2024\/10\/AC_2023_mailing_gora_600px_@2_v2-300x200.jpg 300w, https:\/\/ptdl.pl\/ptdl\/wp-content\/uploads\/2024\/10\/AC_2023_mailing_gora_600px_@2_v2.jpg 500w\" sizes=\"(max-width: 300px) 100vw, 300px\" \/><\/a><div class=\"slide-content\"><header class=\"entry-content-header\"><h3 class='slide-entry-title entry-title '  itemprop=\"headline\" ><a href='https:\/\/ptdl.pl\/index.php\/2024\/10\/28\/3807\/' title='Akademia Cytologa HPV'>Akademia Cytologa HPV<\/a><\/h3><span class=\"av-vertical-delimiter\"><\/span><\/header><div class=\"slide-meta\"><time class='slide-meta-time updated'  itemprop=\"datePublished\" datetime=\"2024-10-28T10:26:56+01:00\" >2024-10-28<\/time><\/div><div class='slide-entry-excerpt entry-content'  itemprop=\"text\" ><div class=\"read-more-link\"><a href=\"https:\/\/ptdl.pl\/index.php\/2024\/10\/28\/3807\/\" class=\"more-link\">Czytaj dalej<span class=\"more-link-arrow\"><\/span><\/a><\/div><\/div><\/div><footer class=\"entry-footer\"><\/footer><span class='hidden'>\n\t\t\t\t<span class='av-structured-data'  itemprop=\"image\" itemscope=\"itemscope\" itemtype=\"https:\/\/schema.org\/ImageObject\" >\n\t\t\t\t\t\t<span itemprop='url'>https:\/\/ptdl.pl\/ptdl\/wp-content\/uploads\/2024\/10\/AC_2023_mailing_gora_600px_@2_v2.jpg<\/span>\n\t\t\t\t\t\t<span itemprop='height'>333<\/span>\n\t\t\t\t\t\t<span itemprop='width'>500<\/span>\n\t\t\t\t<\/span>\n\t\t\t\t<span class='av-structured-data'  itemprop=\"publisher\" itemtype=\"https:\/\/schema.org\/Organization\" itemscope=\"itemscope\" >\n\t\t\t\t\t\t<span itemprop='name'>admin<\/span>\n\t\t\t\t\t\t<span itemprop='logo' itemscope itemtype='https:\/\/schema.org\/ImageObject'>\n\t\t\t\t\t\t\t<span itemprop='url'>https:\/\/ptdl.pl\/wp-content\/uploads\/2023\/03\/logo_2.svg<\/span>\n\t\t\t\t\t\t<\/span>\n\t\t\t\t<\/span><span class='av-structured-data'  itemprop=\"author\" itemscope=\"itemscope\" itemtype=\"https:\/\/schema.org\/Person\" ><span itemprop='name'>admin<\/span><\/span><span class='av-structured-data'  itemprop=\"datePublished\" datetime=\"2023-02-03T12:54:00+01:00\" >2024-10-28 10:26:56<\/span><span class='av-structured-data'  itemprop=\"dateModified\" itemtype=\"https:\/\/schema.org\/dateModified\" >2024-10-28 10:28:39<\/span><span class='av-structured-data'  itemprop=\"mainEntityOfPage\" itemtype=\"https:\/\/schema.org\/mainEntityOfPage\" ><span itemprop='name'>Akademia Cytologa HPV<\/span><\/span><\/span><\/article><\/div><div class=\"slide-entry-wrap\"><article class='slide-entry flex_column  post-entry post-entry-3775 slide-entry-overview slide-loop-33 slide-parity-odd  av_one_fourth first real-thumbnail post-format-standard'  itemscope=\"itemscope\" itemtype=\"https:\/\/schema.org\/CreativeWork\" ><a href='https:\/\/ptdl.pl\/index.php\/2024\/10\/15\/kurs-diagnostyka-mikroskopowa-krwi-obwodowej-i-szpiku-kostnego\/' data-rel='slide-2' class='slide-image' title='Kurs \u201eDiagnostyka mikroskopowa krwi obwodowej i szpiku kostnego&#8221;'><img decoding=\"async\" width=\"298\" height=\"300\" src=\"https:\/\/ptdl.pl\/ptdl\/wp-content\/uploads\/2024\/06\/BL_21227-298x300.jpg\" class=\"wp-image-3493 avia-img-lazy-loading-not-3493 attachment-medium size-medium wp-post-image\" alt=\"\" srcset=\"https:\/\/ptdl.pl\/ptdl\/wp-content\/uploads\/2024\/06\/BL_21227-298x300.jpg 298w, https:\/\/ptdl.pl\/ptdl\/wp-content\/uploads\/2024\/06\/BL_21227-80x80.jpg 80w, https:\/\/ptdl.pl\/ptdl\/wp-content\/uploads\/2024\/06\/BL_21227-36x36.jpg 36w, https:\/\/ptdl.pl\/ptdl\/wp-content\/uploads\/2024\/06\/BL_21227-180x180.jpg 180w, https:\/\/ptdl.pl\/ptdl\/wp-content\/uploads\/2024\/06\/BL_21227.jpg 368w\" sizes=\"(max-width: 298px) 100vw, 298px\" \/><\/a><div class=\"slide-content\"><header class=\"entry-content-header\"><h3 class='slide-entry-title entry-title '  itemprop=\"headline\" ><a href='https:\/\/ptdl.pl\/index.php\/2024\/10\/15\/kurs-diagnostyka-mikroskopowa-krwi-obwodowej-i-szpiku-kostnego\/' title='Kurs \u201eDiagnostyka mikroskopowa krwi obwodowej i szpiku kostnego&#8221;'>Kurs \u201eDiagnostyka mikroskopowa krwi obwodowej i szpiku kostnego&#8221;<\/a><\/h3><span class=\"av-vertical-delimiter\"><\/span><\/header><div class=\"slide-meta\"><time class='slide-meta-time updated'  itemprop=\"datePublished\" datetime=\"2024-10-15T14:23:08+02:00\" >2024-10-15<\/time><\/div><div class='slide-entry-excerpt entry-content'  itemprop=\"text\" ><div class=\"read-more-link\"><a href=\"https:\/\/ptdl.pl\/index.php\/2024\/10\/15\/kurs-diagnostyka-mikroskopowa-krwi-obwodowej-i-szpiku-kostnego\/\" class=\"more-link\">Czytaj dalej<span class=\"more-link-arrow\"><\/span><\/a><\/div><\/div><\/div><footer class=\"entry-footer\"><\/footer><span class='hidden'>\n\t\t\t\t<span class='av-structured-data'  itemprop=\"image\" itemscope=\"itemscope\" itemtype=\"https:\/\/schema.org\/ImageObject\" >\n\t\t\t\t\t\t<span itemprop='url'>https:\/\/ptdl.pl\/ptdl\/wp-content\/uploads\/2024\/06\/BL_21227.jpg<\/span>\n\t\t\t\t\t\t<span itemprop='height'>370<\/span>\n\t\t\t\t\t\t<span itemprop='width'>368<\/span>\n\t\t\t\t<\/span>\n\t\t\t\t<span class='av-structured-data'  itemprop=\"publisher\" itemtype=\"https:\/\/schema.org\/Organization\" itemscope=\"itemscope\" >\n\t\t\t\t\t\t<span itemprop='name'>Malwina Czech<\/span>\n\t\t\t\t\t\t<span itemprop='logo' itemscope itemtype='https:\/\/schema.org\/ImageObject'>\n\t\t\t\t\t\t\t<span itemprop='url'>https:\/\/ptdl.pl\/wp-content\/uploads\/2023\/03\/logo_2.svg<\/span>\n\t\t\t\t\t\t<\/span>\n\t\t\t\t<\/span><span class='av-structured-data'  itemprop=\"author\" itemscope=\"itemscope\" itemtype=\"https:\/\/schema.org\/Person\" ><span itemprop='name'>Malwina Czech<\/span><\/span><span class='av-structured-data'  itemprop=\"datePublished\" datetime=\"2023-02-03T12:54:00+01:00\" >2024-10-15 14:23:08<\/span><span class='av-structured-data'  itemprop=\"dateModified\" itemtype=\"https:\/\/schema.org\/dateModified\" >2024-10-15 20:15:45<\/span><span class='av-structured-data'  itemprop=\"mainEntityOfPage\" itemtype=\"https:\/\/schema.org\/mainEntityOfPage\" ><span itemprop='name'>Kurs \u201eDiagnostyka mikroskopowa krwi obwodowej i szpiku kostnego&#8221;<\/span><\/span><\/span><\/article><article class='slide-entry flex_column  post-entry post-entry-3655 slide-entry-overview slide-loop-34 slide-parity-even  av_one_fourth  real-thumbnail post-format-standard'  itemscope=\"itemscope\" itemtype=\"https:\/\/schema.org\/CreativeWork\" ><a href='https:\/\/ptdl.pl\/index.php\/2024\/10\/01\/ptdl-lodz-spotkanie-naukowo-szkoleniowe-15-10-2024r\/' data-rel='slide-2' class='slide-image' title='PTDL \u0141\u00f3d\u017a &#8211; Spotkanie naukowo-szkoleniowe 15.10.2024r.'><img decoding=\"async\" width=\"300\" height=\"200\" src=\"https:\/\/ptdl.pl\/ptdl\/wp-content\/uploads\/2024\/06\/4d8f6fbf0ebc0b96327f5cab6a05c0b196d26414-300x200.png\" class=\"wp-image-3505 avia-img-lazy-loading-not-3505 attachment-medium size-medium wp-post-image\" alt=\"\" srcset=\"https:\/\/ptdl.pl\/ptdl\/wp-content\/uploads\/2024\/06\/4d8f6fbf0ebc0b96327f5cab6a05c0b196d26414-300x200.png 300w, https:\/\/ptdl.pl\/ptdl\/wp-content\/uploads\/2024\/06\/4d8f6fbf0ebc0b96327f5cab6a05c0b196d26414-705x470.png 705w, https:\/\/ptdl.pl\/ptdl\/wp-content\/uploads\/2024\/06\/4d8f6fbf0ebc0b96327f5cab6a05c0b196d26414.png 744w\" sizes=\"(max-width: 300px) 100vw, 300px\" \/><\/a><div class=\"slide-content\"><header class=\"entry-content-header\"><h3 class='slide-entry-title entry-title '  itemprop=\"headline\" ><a href='https:\/\/ptdl.pl\/index.php\/2024\/10\/01\/ptdl-lodz-spotkanie-naukowo-szkoleniowe-15-10-2024r\/' title='PTDL \u0141\u00f3d\u017a &#8211; Spotkanie naukowo-szkoleniowe 15.10.2024r.'>PTDL \u0141\u00f3d\u017a &#8211; Spotkanie naukowo-szkoleniowe 15.10.2024r.<\/a><\/h3><span class=\"av-vertical-delimiter\"><\/span><\/header><div class=\"slide-meta\"><time class='slide-meta-time updated'  itemprop=\"datePublished\" datetime=\"2024-10-01T14:08:25+02:00\" >2024-10-01<\/time><\/div><div class='slide-entry-excerpt entry-content'  itemprop=\"text\" ><div class=\"read-more-link\"><a href=\"https:\/\/ptdl.pl\/index.php\/2024\/10\/01\/ptdl-lodz-spotkanie-naukowo-szkoleniowe-15-10-2024r\/\" class=\"more-link\">Czytaj dalej<span class=\"more-link-arrow\"><\/span><\/a><\/div><\/div><\/div><footer class=\"entry-footer\"><\/footer><span class='hidden'>\n\t\t\t\t<span class='av-structured-data'  itemprop=\"image\" itemscope=\"itemscope\" itemtype=\"https:\/\/schema.org\/ImageObject\" >\n\t\t\t\t\t\t<span itemprop='url'>https:\/\/ptdl.pl\/ptdl\/wp-content\/uploads\/2024\/06\/4d8f6fbf0ebc0b96327f5cab6a05c0b196d26414.png<\/span>\n\t\t\t\t\t\t<span itemprop='height'>496<\/span>\n\t\t\t\t\t\t<span itemprop='width'>744<\/span>\n\t\t\t\t<\/span>\n\t\t\t\t<span class='av-structured-data'  itemprop=\"publisher\" itemtype=\"https:\/\/schema.org\/Organization\" itemscope=\"itemscope\" >\n\t\t\t\t\t\t<span itemprop='name'>dsk<\/span>\n\t\t\t\t\t\t<span itemprop='logo' itemscope itemtype='https:\/\/schema.org\/ImageObject'>\n\t\t\t\t\t\t\t<span itemprop='url'>https:\/\/ptdl.pl\/wp-content\/uploads\/2023\/03\/logo_2.svg<\/span>\n\t\t\t\t\t\t<\/span>\n\t\t\t\t<\/span><span class='av-structured-data'  itemprop=\"author\" itemscope=\"itemscope\" itemtype=\"https:\/\/schema.org\/Person\" ><span itemprop='name'>dsk<\/span><\/span><span class='av-structured-data'  itemprop=\"datePublished\" datetime=\"2023-02-03T12:54:00+01:00\" >2024-10-01 14:08:25<\/span><span class='av-structured-data'  itemprop=\"dateModified\" itemtype=\"https:\/\/schema.org\/dateModified\" >2024-10-15 10:14:25<\/span><span class='av-structured-data'  itemprop=\"mainEntityOfPage\" itemtype=\"https:\/\/schema.org\/mainEntityOfPage\" ><span itemprop='name'>PTDL \u0141\u00f3d\u017a &#8211; Spotkanie naukowo-szkoleniowe 15.10.2024r.<\/span><\/span><\/span><\/article><article class='slide-entry flex_column  post-entry post-entry-3498 slide-entry-overview slide-loop-35 slide-parity-odd  av_one_fourth  real-thumbnail post-format-standard'  itemscope=\"itemscope\" itemtype=\"https:\/\/schema.org\/CreativeWork\" ><a href='https:\/\/ptdl.pl\/index.php\/2024\/06\/19\/ptdl-lodz-spotkanie-naukowo-szkoleniowe-27-06-2024r\/' data-rel='slide-2' class='slide-image' title='PTDL \u0141\u00f3d\u017a &#8211; Spotkanie naukowo-szkoleniowe 27.06.2024r.'><img decoding=\"async\" width=\"300\" height=\"200\" src=\"https:\/\/ptdl.pl\/ptdl\/wp-content\/uploads\/2024\/06\/4d8f6fbf0ebc0b96327f5cab6a05c0b196d26414-300x200.png\" class=\"wp-image-3505 avia-img-lazy-loading-not-3505 attachment-medium size-medium wp-post-image\" alt=\"\" srcset=\"https:\/\/ptdl.pl\/ptdl\/wp-content\/uploads\/2024\/06\/4d8f6fbf0ebc0b96327f5cab6a05c0b196d26414-300x200.png 300w, https:\/\/ptdl.pl\/ptdl\/wp-content\/uploads\/2024\/06\/4d8f6fbf0ebc0b96327f5cab6a05c0b196d26414-705x470.png 705w, https:\/\/ptdl.pl\/ptdl\/wp-content\/uploads\/2024\/06\/4d8f6fbf0ebc0b96327f5cab6a05c0b196d26414.png 744w\" sizes=\"(max-width: 300px) 100vw, 300px\" \/><\/a><div class=\"slide-content\"><header class=\"entry-content-header\"><h3 class='slide-entry-title entry-title '  itemprop=\"headline\" ><a href='https:\/\/ptdl.pl\/index.php\/2024\/06\/19\/ptdl-lodz-spotkanie-naukowo-szkoleniowe-27-06-2024r\/' title='PTDL \u0141\u00f3d\u017a &#8211; Spotkanie naukowo-szkoleniowe 27.06.2024r.'>PTDL \u0141\u00f3d\u017a &#8211; Spotkanie naukowo-szkoleniowe 27.06.2024r.<\/a><\/h3><span class=\"av-vertical-delimiter\"><\/span><\/header><div class=\"slide-meta\"><time class='slide-meta-time updated'  itemprop=\"datePublished\" datetime=\"2024-06-19T16:55:01+02:00\" >2024-06-19<\/time><\/div><div class='slide-entry-excerpt entry-content'  itemprop=\"text\" ><div class=\"read-more-link\"><a href=\"https:\/\/ptdl.pl\/index.php\/2024\/06\/19\/ptdl-lodz-spotkanie-naukowo-szkoleniowe-27-06-2024r\/\" class=\"more-link\">Czytaj dalej<span class=\"more-link-arrow\"><\/span><\/a><\/div><\/div><\/div><footer class=\"entry-footer\"><\/footer><span class='hidden'>\n\t\t\t\t<span class='av-structured-data'  itemprop=\"image\" itemscope=\"itemscope\" itemtype=\"https:\/\/schema.org\/ImageObject\" >\n\t\t\t\t\t\t<span itemprop='url'>https:\/\/ptdl.pl\/ptdl\/wp-content\/uploads\/2024\/06\/4d8f6fbf0ebc0b96327f5cab6a05c0b196d26414.png<\/span>\n\t\t\t\t\t\t<span itemprop='height'>496<\/span>\n\t\t\t\t\t\t<span itemprop='width'>744<\/span>\n\t\t\t\t<\/span>\n\t\t\t\t<span class='av-structured-data'  itemprop=\"publisher\" itemtype=\"https:\/\/schema.org\/Organization\" itemscope=\"itemscope\" >\n\t\t\t\t\t\t<span itemprop='name'>dsk<\/span>\n\t\t\t\t\t\t<span itemprop='logo' itemscope itemtype='https:\/\/schema.org\/ImageObject'>\n\t\t\t\t\t\t\t<span itemprop='url'>https:\/\/ptdl.pl\/wp-content\/uploads\/2023\/03\/logo_2.svg<\/span>\n\t\t\t\t\t\t<\/span>\n\t\t\t\t<\/span><span class='av-structured-data'  itemprop=\"author\" itemscope=\"itemscope\" itemtype=\"https:\/\/schema.org\/Person\" ><span itemprop='name'>dsk<\/span><\/span><span class='av-structured-data'  itemprop=\"datePublished\" datetime=\"2023-02-03T12:54:00+01:00\" >2024-06-19 16:55:01<\/span><span class='av-structured-data'  itemprop=\"dateModified\" itemtype=\"https:\/\/schema.org\/dateModified\" >2024-06-27 09:24:12<\/span><span class='av-structured-data'  itemprop=\"mainEntityOfPage\" itemtype=\"https:\/\/schema.org\/mainEntityOfPage\" ><span itemprop='name'>PTDL \u0141\u00f3d\u017a &#8211; Spotkanie naukowo-szkoleniowe 27.06.2024r.<\/span><\/span><\/span><\/article><article class='slide-entry flex_column  post-entry post-entry-3462 slide-entry-overview slide-loop-36 slide-parity-even  av_one_fourth  real-thumbnail post-format-standard'  itemscope=\"itemscope\" itemtype=\"https:\/\/schema.org\/CreativeWork\" ><a href='https:\/\/ptdl.pl\/index.php\/2024\/05\/27\/zebranie-naukowo-szkoleniowe\/' data-rel='slide-2' class='slide-image' title='Zebranie naukowo &#8211; szkoleniowe'><img decoding=\"async\" width=\"300\" height=\"200\" src=\"https:\/\/ptdl.pl\/ptdl\/wp-content\/uploads\/2023\/02\/news_012-300x200.jpg\" class=\"wp-image-803 avia-img-lazy-loading-not-803 attachment-medium size-medium wp-post-image\" alt=\"\" srcset=\"https:\/\/ptdl.pl\/ptdl\/wp-content\/uploads\/2023\/02\/news_012-300x200.jpg 300w, https:\/\/ptdl.pl\/ptdl\/wp-content\/uploads\/2023\/02\/news_012.jpg 500w\" sizes=\"(max-width: 300px) 100vw, 300px\" \/><\/a><div class=\"slide-content\"><header class=\"entry-content-header\"><h3 class='slide-entry-title entry-title '  itemprop=\"headline\" ><a href='https:\/\/ptdl.pl\/index.php\/2024\/05\/27\/zebranie-naukowo-szkoleniowe\/' title='Zebranie naukowo &#8211; szkoleniowe'>Zebranie naukowo &#8211; szkoleniowe<\/a><\/h3><span class=\"av-vertical-delimiter\"><\/span><\/header><div class=\"slide-meta\"><time class='slide-meta-time updated'  itemprop=\"datePublished\" datetime=\"2024-05-27T12:31:41+02:00\" >2024-05-27<\/time><\/div><div class='slide-entry-excerpt entry-content'  itemprop=\"text\" ><div class=\"read-more-link\"><a href=\"https:\/\/ptdl.pl\/index.php\/2024\/05\/27\/zebranie-naukowo-szkoleniowe\/\" class=\"more-link\">Czytaj dalej<span class=\"more-link-arrow\"><\/span><\/a><\/div><\/div><\/div><footer class=\"entry-footer\"><\/footer><span class='hidden'>\n\t\t\t\t<span class='av-structured-data'  itemprop=\"image\" itemscope=\"itemscope\" itemtype=\"https:\/\/schema.org\/ImageObject\" >\n\t\t\t\t\t\t<span itemprop='url'>https:\/\/ptdl.pl\/ptdl\/wp-content\/uploads\/2023\/02\/news_012.jpg<\/span>\n\t\t\t\t\t\t<span itemprop='height'>333<\/span>\n\t\t\t\t\t\t<span itemprop='width'>500<\/span>\n\t\t\t\t<\/span>\n\t\t\t\t<span class='av-structured-data'  itemprop=\"publisher\" itemtype=\"https:\/\/schema.org\/Organization\" itemscope=\"itemscope\" >\n\t\t\t\t\t\t<span itemprop='name'>Malwina Czech<\/span>\n\t\t\t\t\t\t<span itemprop='logo' itemscope itemtype='https:\/\/schema.org\/ImageObject'>\n\t\t\t\t\t\t\t<span itemprop='url'>https:\/\/ptdl.pl\/wp-content\/uploads\/2023\/03\/logo_2.svg<\/span>\n\t\t\t\t\t\t<\/span>\n\t\t\t\t<\/span><span class='av-structured-data'  itemprop=\"author\" itemscope=\"itemscope\" itemtype=\"https:\/\/schema.org\/Person\" ><span itemprop='name'>Malwina Czech<\/span><\/span><span class='av-structured-data'  itemprop=\"datePublished\" datetime=\"2023-02-03T12:54:00+01:00\" >2024-05-27 12:31:41<\/span><span class='av-structured-data'  itemprop=\"dateModified\" itemtype=\"https:\/\/schema.org\/dateModified\" >2024-05-27 12:31:41<\/span><span class='av-structured-data'  itemprop=\"mainEntityOfPage\" itemtype=\"https:\/\/schema.org\/mainEntityOfPage\" ><span itemprop='name'>Zebranie naukowo &#8211; szkoleniowe<\/span><\/span><\/span><\/article><\/div><div class=\"slide-entry-wrap\"><article class='slide-entry flex_column  post-entry post-entry-3405 slide-entry-overview slide-loop-37 slide-parity-odd  av_one_fourth first real-thumbnail post-format-standard'  itemscope=\"itemscope\" itemtype=\"https:\/\/schema.org\/CreativeWork\" ><a href='https:\/\/ptdl.pl\/index.php\/2024\/05\/21\/webinar-znaczenie-immunofiksacji-bialek-surowicy-w-rozpoznawaniu-i-monitorowaniu-leczenia-szpiczaka-plazmocytowego\/' data-rel='slide-2' class='slide-image' title='WEBINAR Znaczenie immunofiksacji bia\u0142ek surowicy w rozpoznawaniu i monitorowaniu leczenia szpiczaka plazmocytowego'><img decoding=\"async\" width=\"300\" height=\"200\" src=\"https:\/\/ptdl.pl\/ptdl\/wp-content\/uploads\/2023\/12\/news_62-300x200.jpg\" class=\"wp-image-2037 avia-img-lazy-loading-not-2037 attachment-medium size-medium wp-post-image\" alt=\"\" srcset=\"https:\/\/ptdl.pl\/ptdl\/wp-content\/uploads\/2023\/12\/news_62-300x200.jpg 300w, https:\/\/ptdl.pl\/ptdl\/wp-content\/uploads\/2023\/12\/news_62.jpg 500w\" sizes=\"(max-width: 300px) 100vw, 300px\" \/><\/a><div class=\"slide-content\"><header class=\"entry-content-header\"><h3 class='slide-entry-title entry-title '  itemprop=\"headline\" ><a href='https:\/\/ptdl.pl\/index.php\/2024\/05\/21\/webinar-znaczenie-immunofiksacji-bialek-surowicy-w-rozpoznawaniu-i-monitorowaniu-leczenia-szpiczaka-plazmocytowego\/' title='WEBINAR Znaczenie immunofiksacji bia\u0142ek surowicy w rozpoznawaniu i monitorowaniu leczenia szpiczaka plazmocytowego'>WEBINAR Znaczenie immunofiksacji bia\u0142ek surowicy w rozpoznawaniu i monitorowaniu leczenia szpiczaka plazmocytowego<\/a><\/h3><span class=\"av-vertical-delimiter\"><\/span><\/header><div class=\"slide-meta\"><time class='slide-meta-time updated'  itemprop=\"datePublished\" datetime=\"2024-05-21T17:01:11+02:00\" >2024-05-21<\/time><\/div><div class='slide-entry-excerpt entry-content'  itemprop=\"text\" ><div class=\"read-more-link\"><a href=\"https:\/\/ptdl.pl\/index.php\/2024\/05\/21\/webinar-znaczenie-immunofiksacji-bialek-surowicy-w-rozpoznawaniu-i-monitorowaniu-leczenia-szpiczaka-plazmocytowego\/\" class=\"more-link\">Czytaj dalej<span class=\"more-link-arrow\"><\/span><\/a><\/div><\/div><\/div><footer class=\"entry-footer\"><\/footer><span class='hidden'>\n\t\t\t\t<span class='av-structured-data'  itemprop=\"image\" itemscope=\"itemscope\" itemtype=\"https:\/\/schema.org\/ImageObject\" >\n\t\t\t\t\t\t<span itemprop='url'>https:\/\/ptdl.pl\/ptdl\/wp-content\/uploads\/2023\/12\/news_62.jpg<\/span>\n\t\t\t\t\t\t<span itemprop='height'>333<\/span>\n\t\t\t\t\t\t<span itemprop='width'>500<\/span>\n\t\t\t\t<\/span>\n\t\t\t\t<span class='av-structured-data'  itemprop=\"publisher\" itemtype=\"https:\/\/schema.org\/Organization\" itemscope=\"itemscope\" >\n\t\t\t\t\t\t<span itemprop='name'>admin<\/span>\n\t\t\t\t\t\t<span itemprop='logo' itemscope itemtype='https:\/\/schema.org\/ImageObject'>\n\t\t\t\t\t\t\t<span itemprop='url'>https:\/\/ptdl.pl\/wp-content\/uploads\/2023\/03\/logo_2.svg<\/span>\n\t\t\t\t\t\t<\/span>\n\t\t\t\t<\/span><span class='av-structured-data'  itemprop=\"author\" itemscope=\"itemscope\" itemtype=\"https:\/\/schema.org\/Person\" ><span itemprop='name'>admin<\/span><\/span><span class='av-structured-data'  itemprop=\"datePublished\" datetime=\"2023-02-03T12:54:00+01:00\" >2024-05-21 17:01:11<\/span><span class='av-structured-data'  itemprop=\"dateModified\" itemtype=\"https:\/\/schema.org\/dateModified\" >2024-05-21 17:03:21<\/span><span class='av-structured-data'  itemprop=\"mainEntityOfPage\" itemtype=\"https:\/\/schema.org\/mainEntityOfPage\" ><span itemprop='name'>WEBINAR Znaczenie immunofiksacji bia\u0142ek surowicy w rozpoznawaniu i monitorowaniu leczenia szpiczaka plazmocytowego<\/span><\/span><\/span><\/article><article class='slide-entry flex_column  post-entry post-entry-3385 slide-entry-overview slide-loop-38 slide-parity-even  av_one_fourth  real-thumbnail post-format-standard'  itemscope=\"itemscope\" itemtype=\"https:\/\/schema.org\/CreativeWork\" ><a href='https:\/\/ptdl.pl\/index.php\/2024\/05\/20\/ptdl-lodz-spotkanie-naukowo-szkoleniowe-28-05-2024r\/' data-rel='slide-2' class='slide-image' title='PTDL \u0141\u00f3d\u017a &#8211; Spotkanie naukowo-szkoleniowe 28.05.2024r.'><img decoding=\"async\" width=\"300\" height=\"200\" src=\"https:\/\/ptdl.pl\/ptdl\/wp-content\/uploads\/2024\/05\/ogrod_MML-2-scaled-1-300x200.jpg\" class=\"wp-image-3393 avia-img-lazy-loading-not-3393 attachment-medium size-medium wp-post-image\" alt=\"\" srcset=\"https:\/\/ptdl.pl\/ptdl\/wp-content\/uploads\/2024\/05\/ogrod_MML-2-scaled-1-300x200.jpg 300w, https:\/\/ptdl.pl\/ptdl\/wp-content\/uploads\/2024\/05\/ogrod_MML-2-scaled-1-768x512.jpg 768w, https:\/\/ptdl.pl\/ptdl\/wp-content\/uploads\/2024\/05\/ogrod_MML-2-scaled-1-705x470.jpg 705w, https:\/\/ptdl.pl\/ptdl\/wp-content\/uploads\/2024\/05\/ogrod_MML-2-scaled-1.jpg 1024w\" sizes=\"(max-width: 300px) 100vw, 300px\" \/><\/a><div class=\"slide-content\"><header class=\"entry-content-header\"><h3 class='slide-entry-title entry-title '  itemprop=\"headline\" ><a href='https:\/\/ptdl.pl\/index.php\/2024\/05\/20\/ptdl-lodz-spotkanie-naukowo-szkoleniowe-28-05-2024r\/' title='PTDL \u0141\u00f3d\u017a &#8211; Spotkanie naukowo-szkoleniowe 28.05.2024r.'>PTDL \u0141\u00f3d\u017a &#8211; Spotkanie naukowo-szkoleniowe 28.05.2024r.<\/a><\/h3><span class=\"av-vertical-delimiter\"><\/span><\/header><div class=\"slide-meta\"><time class='slide-meta-time updated'  itemprop=\"datePublished\" datetime=\"2024-05-20T16:49:21+02:00\" >2024-05-20<\/time><\/div><div class='slide-entry-excerpt entry-content'  itemprop=\"text\" ><div class=\"read-more-link\"><a href=\"https:\/\/ptdl.pl\/index.php\/2024\/05\/20\/ptdl-lodz-spotkanie-naukowo-szkoleniowe-28-05-2024r\/\" class=\"more-link\">Czytaj dalej<span class=\"more-link-arrow\"><\/span><\/a><\/div><\/div><\/div><footer class=\"entry-footer\"><\/footer><span class='hidden'>\n\t\t\t\t<span class='av-structured-data'  itemprop=\"image\" itemscope=\"itemscope\" itemtype=\"https:\/\/schema.org\/ImageObject\" >\n\t\t\t\t\t\t<span itemprop='url'>https:\/\/ptdl.pl\/ptdl\/wp-content\/uploads\/2024\/05\/ogrod_MML-2-scaled-1.jpg<\/span>\n\t\t\t\t\t\t<span itemprop='height'>683<\/span>\n\t\t\t\t\t\t<span itemprop='width'>1024<\/span>\n\t\t\t\t<\/span>\n\t\t\t\t<span class='av-structured-data'  itemprop=\"publisher\" itemtype=\"https:\/\/schema.org\/Organization\" itemscope=\"itemscope\" >\n\t\t\t\t\t\t<span itemprop='name'>dsk<\/span>\n\t\t\t\t\t\t<span itemprop='logo' itemscope itemtype='https:\/\/schema.org\/ImageObject'>\n\t\t\t\t\t\t\t<span itemprop='url'>https:\/\/ptdl.pl\/wp-content\/uploads\/2023\/03\/logo_2.svg<\/span>\n\t\t\t\t\t\t<\/span>\n\t\t\t\t<\/span><span class='av-structured-data'  itemprop=\"author\" itemscope=\"itemscope\" itemtype=\"https:\/\/schema.org\/Person\" ><span itemprop='name'>dsk<\/span><\/span><span class='av-structured-data'  itemprop=\"datePublished\" datetime=\"2023-02-03T12:54:00+01:00\" >2024-05-20 16:49:21<\/span><span class='av-structured-data'  itemprop=\"dateModified\" itemtype=\"https:\/\/schema.org\/dateModified\" >2024-05-21 08:19:58<\/span><span class='av-structured-data'  itemprop=\"mainEntityOfPage\" itemtype=\"https:\/\/schema.org\/mainEntityOfPage\" ><span itemprop='name'>PTDL \u0141\u00f3d\u017a &#8211; Spotkanie naukowo-szkoleniowe 28.05.2024r.<\/span><\/span><\/span><\/article><article class='slide-entry flex_column  post-entry post-entry-3297 slide-entry-overview slide-loop-39 slide-parity-odd  av_one_fourth  real-thumbnail post-format-standard'  itemscope=\"itemscope\" itemtype=\"https:\/\/schema.org\/CreativeWork\" ><a href='https:\/\/ptdl.pl\/index.php\/2024\/05\/10\/posiedzenie-naukowo-szkoleniowe-w-formule-online-oddzialow-lubelskiego-i-podkarpackiego-ptdl-21-maj-2024-r\/' data-rel='slide-2' class='slide-image' title='Posiedzenie naukowo-szkoleniowe w formule ONLINE Oddzia\u0142\u00f3w Lubelskiego i Podkarpackiego PTDL &#8211; 21 maj 2024 r.'><img decoding=\"async\" width=\"300\" height=\"251\" src=\"https:\/\/ptdl.pl\/ptdl\/wp-content\/uploads\/2024\/05\/21-maj-2024-r.-wtorek-godz.-16.45-300x251.png\" class=\"wp-image-3298 avia-img-lazy-loading-not-3298 attachment-medium size-medium wp-post-image\" alt=\"\" srcset=\"https:\/\/ptdl.pl\/ptdl\/wp-content\/uploads\/2024\/05\/21-maj-2024-r.-wtorek-godz.-16.45-300x251.png 300w, https:\/\/ptdl.pl\/ptdl\/wp-content\/uploads\/2024\/05\/21-maj-2024-r.-wtorek-godz.-16.45-768x644.png 768w, https:\/\/ptdl.pl\/ptdl\/wp-content\/uploads\/2024\/05\/21-maj-2024-r.-wtorek-godz.-16.45-705x591.png 705w, https:\/\/ptdl.pl\/ptdl\/wp-content\/uploads\/2024\/05\/21-maj-2024-r.-wtorek-godz.-16.45.png 940w\" sizes=\"(max-width: 300px) 100vw, 300px\" \/><\/a><div class=\"slide-content\"><header class=\"entry-content-header\"><h3 class='slide-entry-title entry-title '  itemprop=\"headline\" ><a href='https:\/\/ptdl.pl\/index.php\/2024\/05\/10\/posiedzenie-naukowo-szkoleniowe-w-formule-online-oddzialow-lubelskiego-i-podkarpackiego-ptdl-21-maj-2024-r\/' title='Posiedzenie naukowo-szkoleniowe w formule ONLINE Oddzia\u0142\u00f3w Lubelskiego i Podkarpackiego PTDL &#8211; 21 maj 2024 r.'>Posiedzenie naukowo-szkoleniowe w formule ONLINE Oddzia\u0142\u00f3w Lubelskiego i Podkarpackiego PTDL &#8211; 21 maj 2024 r.<\/a><\/h3><span class=\"av-vertical-delimiter\"><\/span><\/header><div class=\"slide-meta\"><time class='slide-meta-time updated'  itemprop=\"datePublished\" datetime=\"2024-05-10T16:30:30+02:00\" >2024-05-10<\/time><\/div><div class='slide-entry-excerpt entry-content'  itemprop=\"text\" ><div class=\"read-more-link\"><a href=\"https:\/\/ptdl.pl\/index.php\/2024\/05\/10\/posiedzenie-naukowo-szkoleniowe-w-formule-online-oddzialow-lubelskiego-i-podkarpackiego-ptdl-21-maj-2024-r\/\" class=\"more-link\">Czytaj dalej<span class=\"more-link-arrow\"><\/span><\/a><\/div><\/div><\/div><footer class=\"entry-footer\"><\/footer><span class='hidden'>\n\t\t\t\t<span class='av-structured-data'  itemprop=\"image\" itemscope=\"itemscope\" itemtype=\"https:\/\/schema.org\/ImageObject\" >\n\t\t\t\t\t\t<span itemprop='url'>https:\/\/ptdl.pl\/ptdl\/wp-content\/uploads\/2024\/05\/21-maj-2024-r.-wtorek-godz.-16.45.png<\/span>\n\t\t\t\t\t\t<span itemprop='height'>788<\/span>\n\t\t\t\t\t\t<span itemprop='width'>940<\/span>\n\t\t\t\t<\/span>\n\t\t\t\t<span class='av-structured-data'  itemprop=\"publisher\" itemtype=\"https:\/\/schema.org\/Organization\" itemscope=\"itemscope\" >\n\t\t\t\t\t\t<span itemprop='name'>Dariusz Duma<\/span>\n\t\t\t\t\t\t<span itemprop='logo' itemscope itemtype='https:\/\/schema.org\/ImageObject'>\n\t\t\t\t\t\t\t<span itemprop='url'>https:\/\/ptdl.pl\/wp-content\/uploads\/2023\/03\/logo_2.svg<\/span>\n\t\t\t\t\t\t<\/span>\n\t\t\t\t<\/span><span class='av-structured-data'  itemprop=\"author\" itemscope=\"itemscope\" itemtype=\"https:\/\/schema.org\/Person\" ><span itemprop='name'>Dariusz Duma<\/span><\/span><span class='av-structured-data'  itemprop=\"datePublished\" datetime=\"2023-02-03T12:54:00+01:00\" >2024-05-10 16:30:30<\/span><span class='av-structured-data'  itemprop=\"dateModified\" itemtype=\"https:\/\/schema.org\/dateModified\" >2024-05-10 16:41:36<\/span><span class='av-structured-data'  itemprop=\"mainEntityOfPage\" itemtype=\"https:\/\/schema.org\/mainEntityOfPage\" ><span itemprop='name'>Posiedzenie naukowo-szkoleniowe w formule ONLINE Oddzia\u0142\u00f3w Lubelskiego i Podkarpackiego PTDL &#8211; 21 maj 2024 r.<\/span><\/span><\/span><\/article><article class='slide-entry flex_column  post-entry post-entry-3197 slide-entry-overview slide-loop-40 slide-parity-even  av_one_fourth  real-thumbnail post-format-standard'  itemscope=\"itemscope\" itemtype=\"https:\/\/schema.org\/CreativeWork\" ><a href='https:\/\/ptdl.pl\/index.php\/2024\/04\/18\/posiedzenie-naukowo-szkoleniowe-oddzialu-lubelskiego-ptdl-2\/' data-rel='slide-2' class='slide-image' title='Posiedzenie naukowo-szkoleniowe Oddzia\u0142u Lubelskiego PTDL'><img decoding=\"async\" width=\"300\" height=\"251\" src=\"https:\/\/ptdl.pl\/ptdl\/wp-content\/uploads\/2024\/04\/Spotkanie-naukowo-szkoleniowe-9-maj-2024-r-300x251.png\" class=\"wp-image-3200 avia-img-lazy-loading-not-3200 attachment-medium size-medium wp-post-image\" alt=\"\" srcset=\"https:\/\/ptdl.pl\/ptdl\/wp-content\/uploads\/2024\/04\/Spotkanie-naukowo-szkoleniowe-9-maj-2024-r-300x251.png 300w, https:\/\/ptdl.pl\/ptdl\/wp-content\/uploads\/2024\/04\/Spotkanie-naukowo-szkoleniowe-9-maj-2024-r-768x644.png 768w, https:\/\/ptdl.pl\/ptdl\/wp-content\/uploads\/2024\/04\/Spotkanie-naukowo-szkoleniowe-9-maj-2024-r-705x591.png 705w, https:\/\/ptdl.pl\/ptdl\/wp-content\/uploads\/2024\/04\/Spotkanie-naukowo-szkoleniowe-9-maj-2024-r.png 940w\" sizes=\"(max-width: 300px) 100vw, 300px\" \/><\/a><div class=\"slide-content\"><header class=\"entry-content-header\"><h3 class='slide-entry-title entry-title '  itemprop=\"headline\" ><a href='https:\/\/ptdl.pl\/index.php\/2024\/04\/18\/posiedzenie-naukowo-szkoleniowe-oddzialu-lubelskiego-ptdl-2\/' title='Posiedzenie naukowo-szkoleniowe Oddzia\u0142u Lubelskiego PTDL'>Posiedzenie naukowo-szkoleniowe Oddzia\u0142u Lubelskiego PTDL<\/a><\/h3><span class=\"av-vertical-delimiter\"><\/span><\/header><div class=\"slide-meta\"><time class='slide-meta-time updated'  itemprop=\"datePublished\" datetime=\"2024-04-18T20:03:16+02:00\" >2024-04-18<\/time><\/div><div class='slide-entry-excerpt entry-content'  itemprop=\"text\" ><div class=\"read-more-link\"><a href=\"https:\/\/ptdl.pl\/index.php\/2024\/04\/18\/posiedzenie-naukowo-szkoleniowe-oddzialu-lubelskiego-ptdl-2\/\" class=\"more-link\">Czytaj dalej<span class=\"more-link-arrow\"><\/span><\/a><\/div><\/div><\/div><footer class=\"entry-footer\"><\/footer><span class='hidden'>\n\t\t\t\t<span class='av-structured-data'  itemprop=\"image\" itemscope=\"itemscope\" itemtype=\"https:\/\/schema.org\/ImageObject\" >\n\t\t\t\t\t\t<span itemprop='url'>https:\/\/ptdl.pl\/ptdl\/wp-content\/uploads\/2024\/04\/Spotkanie-naukowo-szkoleniowe-9-maj-2024-r.png<\/span>\n\t\t\t\t\t\t<span itemprop='height'>788<\/span>\n\t\t\t\t\t\t<span itemprop='width'>940<\/span>\n\t\t\t\t<\/span>\n\t\t\t\t<span class='av-structured-data'  itemprop=\"publisher\" itemtype=\"https:\/\/schema.org\/Organization\" itemscope=\"itemscope\" >\n\t\t\t\t\t\t<span itemprop='name'>Dariusz Duma<\/span>\n\t\t\t\t\t\t<span itemprop='logo' itemscope itemtype='https:\/\/schema.org\/ImageObject'>\n\t\t\t\t\t\t\t<span itemprop='url'>https:\/\/ptdl.pl\/wp-content\/uploads\/2023\/03\/logo_2.svg<\/span>\n\t\t\t\t\t\t<\/span>\n\t\t\t\t<\/span><span class='av-structured-data'  itemprop=\"author\" itemscope=\"itemscope\" itemtype=\"https:\/\/schema.org\/Person\" ><span itemprop='name'>Dariusz Duma<\/span><\/span><span class='av-structured-data'  itemprop=\"datePublished\" datetime=\"2023-02-03T12:54:00+01:00\" >2024-04-18 20:03:16<\/span><span class='av-structured-data'  itemprop=\"dateModified\" itemtype=\"https:\/\/schema.org\/dateModified\" >2024-04-18 20:03:16<\/span><span class='av-structured-data'  itemprop=\"mainEntityOfPage\" itemtype=\"https:\/\/schema.org\/mainEntityOfPage\" ><span itemprop='name'>Posiedzenie naukowo-szkoleniowe Oddzia\u0142u Lubelskiego PTDL<\/span><\/span><\/span><\/article><\/div><div class=\"slide-entry-wrap\"><article class='slide-entry flex_column  post-entry post-entry-3159 slide-entry-overview slide-loop-41 slide-parity-odd  av_one_fourth first real-thumbnail post-format-standard'  itemscope=\"itemscope\" itemtype=\"https:\/\/schema.org\/CreativeWork\" ><a href='https:\/\/ptdl.pl\/index.php\/2024\/04\/10\/link-do-nagrania-webinaru-raportowanie-wynikow-elektroforezy-bialek-surowicy-omowienie-rekomendacji-grupy-roboczej-ptdl\/' data-rel='slide-2' class='slide-image' title='Link do nagrania webinaru &#8222;Raportowanie wynik\u00f3w elektroforezy bia\u0142ek surowicy &#8211; om\u00f3wienie rekomendacji Grupy Roboczej PTDL&#8221;'><img decoding=\"async\" width=\"300\" height=\"168\" src=\"https:\/\/ptdl.pl\/ptdl\/wp-content\/uploads\/2024\/04\/Rekomendacje-RAWEB-300x168.jpg\" class=\"wp-image-3163 avia-img-lazy-loading-not-3163 attachment-medium size-medium wp-post-image\" alt=\"\" srcset=\"https:\/\/ptdl.pl\/ptdl\/wp-content\/uploads\/2024\/04\/Rekomendacje-RAWEB-300x168.jpg 300w, https:\/\/ptdl.pl\/ptdl\/wp-content\/uploads\/2024\/04\/Rekomendacje-RAWEB-768x429.jpg 768w, https:\/\/ptdl.pl\/ptdl\/wp-content\/uploads\/2024\/04\/Rekomendacje-RAWEB-705x394.jpg 705w, https:\/\/ptdl.pl\/ptdl\/wp-content\/uploads\/2024\/04\/Rekomendacje-RAWEB.jpg 981w\" sizes=\"(max-width: 300px) 100vw, 300px\" \/><\/a><div class=\"slide-content\"><header class=\"entry-content-header\"><h3 class='slide-entry-title entry-title '  itemprop=\"headline\" ><a href='https:\/\/ptdl.pl\/index.php\/2024\/04\/10\/link-do-nagrania-webinaru-raportowanie-wynikow-elektroforezy-bialek-surowicy-omowienie-rekomendacji-grupy-roboczej-ptdl\/' title='Link do nagrania webinaru &#8222;Raportowanie wynik\u00f3w elektroforezy bia\u0142ek surowicy &#8211; om\u00f3wienie rekomendacji Grupy Roboczej PTDL&#8221;'>Link do nagrania webinaru &#8222;Raportowanie wynik\u00f3w elektroforezy bia\u0142ek surowicy &#8211; om\u00f3wienie rekomendacji Grupy Roboczej PTDL&#8221;<\/a><\/h3><span class=\"av-vertical-delimiter\"><\/span><\/header><div class=\"slide-meta\"><time class='slide-meta-time updated'  itemprop=\"datePublished\" datetime=\"2024-04-10T12:15:14+02:00\" >2024-04-10<\/time><\/div><div class='slide-entry-excerpt entry-content'  itemprop=\"text\" ><div class=\"read-more-link\"><a href=\"https:\/\/ptdl.pl\/index.php\/2024\/04\/10\/link-do-nagrania-webinaru-raportowanie-wynikow-elektroforezy-bialek-surowicy-omowienie-rekomendacji-grupy-roboczej-ptdl\/\" class=\"more-link\">Czytaj dalej<span class=\"more-link-arrow\"><\/span><\/a><\/div><\/div><\/div><footer class=\"entry-footer\"><\/footer><span class='hidden'>\n\t\t\t\t<span class='av-structured-data'  itemprop=\"image\" itemscope=\"itemscope\" itemtype=\"https:\/\/schema.org\/ImageObject\" >\n\t\t\t\t\t\t<span itemprop='url'>https:\/\/ptdl.pl\/ptdl\/wp-content\/uploads\/2024\/04\/Rekomendacje-RAWEB.jpg<\/span>\n\t\t\t\t\t\t<span itemprop='height'>548<\/span>\n\t\t\t\t\t\t<span itemprop='width'>981<\/span>\n\t\t\t\t<\/span>\n\t\t\t\t<span class='av-structured-data'  itemprop=\"publisher\" itemtype=\"https:\/\/schema.org\/Organization\" itemscope=\"itemscope\" >\n\t\t\t\t\t\t<span itemprop='name'>Olga Ciepiela<\/span>\n\t\t\t\t\t\t<span itemprop='logo' itemscope itemtype='https:\/\/schema.org\/ImageObject'>\n\t\t\t\t\t\t\t<span itemprop='url'>https:\/\/ptdl.pl\/wp-content\/uploads\/2023\/03\/logo_2.svg<\/span>\n\t\t\t\t\t\t<\/span>\n\t\t\t\t<\/span><span class='av-structured-data'  itemprop=\"author\" itemscope=\"itemscope\" itemtype=\"https:\/\/schema.org\/Person\" ><span itemprop='name'>Olga Ciepiela<\/span><\/span><span class='av-structured-data'  itemprop=\"datePublished\" datetime=\"2023-02-03T12:54:00+01:00\" >2024-04-10 12:15:14<\/span><span class='av-structured-data'  itemprop=\"dateModified\" itemtype=\"https:\/\/schema.org\/dateModified\" >2024-04-10 12:16:20<\/span><span class='av-structured-data'  itemprop=\"mainEntityOfPage\" itemtype=\"https:\/\/schema.org\/mainEntityOfPage\" ><span itemprop='name'>Link do nagrania webinaru &#8222;Raportowanie wynik\u00f3w elektroforezy bia\u0142ek surowicy &#8211; om\u00f3wienie rekomendacji Grupy Roboczej PTDL&#8221;<\/span><\/span><\/span><\/article><article class='slide-entry flex_column  post-entry post-entry-2960 slide-entry-overview slide-loop-42 slide-parity-even  av_one_fourth  real-thumbnail post-format-standard'  itemscope=\"itemscope\" itemtype=\"https:\/\/schema.org\/CreativeWork\" ><a href='https:\/\/ptdl.pl\/index.php\/2024\/03\/12\/sympozjum-naukowo-szkoleniowe-diagnostyka-laboratoryjna-chorob-nerek-i-drog-moczowych\/' data-rel='slide-2' class='slide-image' title='Sympozjum -\u201eDiagnostyka laboratoryjna chor\u00f3b nerek i dr\u00f3g moczowych\u201d o\/ Krak\u00f3w 20.04.2024'><img decoding=\"async\" width=\"300\" height=\"169\" src=\"https:\/\/ptdl.pl\/ptdl\/wp-content\/uploads\/2024\/03\/Badanie-moczu-podstawowe-badanie-diagnostyczne.-Na-czym-polega_full-hd-300x169.jpg\" class=\"wp-image-2961 avia-img-lazy-loading-not-2961 attachment-medium size-medium wp-post-image\" alt=\"\" srcset=\"https:\/\/ptdl.pl\/ptdl\/wp-content\/uploads\/2024\/03\/Badanie-moczu-podstawowe-badanie-diagnostyczne.-Na-czym-polega_full-hd-300x169.jpg 300w, https:\/\/ptdl.pl\/ptdl\/wp-content\/uploads\/2024\/03\/Badanie-moczu-podstawowe-badanie-diagnostyczne.-Na-czym-polega_full-hd-1030x579.jpg 1030w, https:\/\/ptdl.pl\/ptdl\/wp-content\/uploads\/2024\/03\/Badanie-moczu-podstawowe-badanie-diagnostyczne.-Na-czym-polega_full-hd-768x432.jpg 768w, https:\/\/ptdl.pl\/ptdl\/wp-content\/uploads\/2024\/03\/Badanie-moczu-podstawowe-badanie-diagnostyczne.-Na-czym-polega_full-hd-1536x864.jpg 1536w, https:\/\/ptdl.pl\/ptdl\/wp-content\/uploads\/2024\/03\/Badanie-moczu-podstawowe-badanie-diagnostyczne.-Na-czym-polega_full-hd-1500x844.jpg 1500w, https:\/\/ptdl.pl\/ptdl\/wp-content\/uploads\/2024\/03\/Badanie-moczu-podstawowe-badanie-diagnostyczne.-Na-czym-polega_full-hd-705x397.jpg 705w, https:\/\/ptdl.pl\/ptdl\/wp-content\/uploads\/2024\/03\/Badanie-moczu-podstawowe-badanie-diagnostyczne.-Na-czym-polega_full-hd.jpg 1920w\" sizes=\"(max-width: 300px) 100vw, 300px\" \/><\/a><div class=\"slide-content\"><header class=\"entry-content-header\"><h3 class='slide-entry-title entry-title '  itemprop=\"headline\" ><a href='https:\/\/ptdl.pl\/index.php\/2024\/03\/12\/sympozjum-naukowo-szkoleniowe-diagnostyka-laboratoryjna-chorob-nerek-i-drog-moczowych\/' title='Sympozjum -\u201eDiagnostyka laboratoryjna chor\u00f3b nerek i dr\u00f3g moczowych\u201d o\/ Krak\u00f3w 20.04.2024'>Sympozjum -\u201eDiagnostyka laboratoryjna chor\u00f3b nerek i dr\u00f3g moczowych\u201d o\/ Krak\u00f3w 20.04.2024<\/a><\/h3><span class=\"av-vertical-delimiter\"><\/span><\/header><div class=\"slide-meta\"><time class='slide-meta-time updated'  itemprop=\"datePublished\" datetime=\"2024-03-12T14:45:50+01:00\" >2024-03-12<\/time><\/div><div class='slide-entry-excerpt entry-content'  itemprop=\"text\" ><div class=\"read-more-link\"><a href=\"https:\/\/ptdl.pl\/index.php\/2024\/03\/12\/sympozjum-naukowo-szkoleniowe-diagnostyka-laboratoryjna-chorob-nerek-i-drog-moczowych\/\" class=\"more-link\">Czytaj dalej<span class=\"more-link-arrow\"><\/span><\/a><\/div><\/div><\/div><footer class=\"entry-footer\"><\/footer><span class='hidden'>\n\t\t\t\t<span class='av-structured-data'  itemprop=\"image\" itemscope=\"itemscope\" itemtype=\"https:\/\/schema.org\/ImageObject\" >\n\t\t\t\t\t\t<span itemprop='url'>https:\/\/ptdl.pl\/ptdl\/wp-content\/uploads\/2024\/03\/Badanie-moczu-podstawowe-badanie-diagnostyczne.-Na-czym-polega_full-hd.jpg<\/span>\n\t\t\t\t\t\t<span itemprop='height'>1080<\/span>\n\t\t\t\t\t\t<span itemprop='width'>1920<\/span>\n\t\t\t\t<\/span>\n\t\t\t\t<span class='av-structured-data'  itemprop=\"publisher\" itemtype=\"https:\/\/schema.org\/Organization\" itemscope=\"itemscope\" >\n\t\t\t\t\t\t<span itemprop='name'>Anna Z\u0105bek-Adamska<\/span>\n\t\t\t\t\t\t<span itemprop='logo' itemscope itemtype='https:\/\/schema.org\/ImageObject'>\n\t\t\t\t\t\t\t<span itemprop='url'>https:\/\/ptdl.pl\/wp-content\/uploads\/2023\/03\/logo_2.svg<\/span>\n\t\t\t\t\t\t<\/span>\n\t\t\t\t<\/span><span class='av-structured-data'  itemprop=\"author\" itemscope=\"itemscope\" itemtype=\"https:\/\/schema.org\/Person\" ><span itemprop='name'>Anna Z\u0105bek-Adamska<\/span><\/span><span class='av-structured-data'  itemprop=\"datePublished\" datetime=\"2023-02-03T12:54:00+01:00\" >2024-03-12 14:45:50<\/span><span class='av-structured-data'  itemprop=\"dateModified\" itemtype=\"https:\/\/schema.org\/dateModified\" >2024-03-27 12:12:11<\/span><span class='av-structured-data'  itemprop=\"mainEntityOfPage\" itemtype=\"https:\/\/schema.org\/mainEntityOfPage\" ><span itemprop='name'>Sympozjum -\u201eDiagnostyka laboratoryjna chor\u00f3b nerek i dr\u00f3g moczowych\u201d o\/ Krak\u00f3w 20.04.2024<\/span><\/span><\/span><\/article><article class='slide-entry flex_column  post-entry post-entry-2929 slide-entry-overview slide-loop-43 slide-parity-odd  av_one_fourth  real-thumbnail post-format-standard'  itemscope=\"itemscope\" itemtype=\"https:\/\/schema.org\/CreativeWork\" ><a href='https:\/\/ptdl.pl\/index.php\/2024\/03\/08\/zaproszenie-na-spotkanie-naukowo-szkoleniowe-ptdl-lodz-18-03-2024r\/' data-rel='slide-2' class='slide-image' title='Zaproszenie na spotkanie naukowo-szkoleniowe PTDL \u0141\u00f3d\u017a 18.03.2024r.'><img decoding=\"async\" width=\"300\" height=\"200\" src=\"https:\/\/ptdl.pl\/ptdl\/wp-content\/uploads\/2023\/12\/news_46-300x200.jpg\" class=\"wp-image-2021 avia-img-lazy-loading-not-2021 attachment-medium size-medium wp-post-image\" alt=\"\" srcset=\"https:\/\/ptdl.pl\/ptdl\/wp-content\/uploads\/2023\/12\/news_46-300x200.jpg 300w, https:\/\/ptdl.pl\/ptdl\/wp-content\/uploads\/2023\/12\/news_46.jpg 500w\" sizes=\"(max-width: 300px) 100vw, 300px\" \/><\/a><div class=\"slide-content\"><header class=\"entry-content-header\"><h3 class='slide-entry-title entry-title '  itemprop=\"headline\" ><a href='https:\/\/ptdl.pl\/index.php\/2024\/03\/08\/zaproszenie-na-spotkanie-naukowo-szkoleniowe-ptdl-lodz-18-03-2024r\/' title='Zaproszenie na spotkanie naukowo-szkoleniowe PTDL \u0141\u00f3d\u017a 18.03.2024r.'>Zaproszenie na spotkanie naukowo-szkoleniowe PTDL \u0141\u00f3d\u017a 18.03.2024r.<\/a><\/h3><span class=\"av-vertical-delimiter\"><\/span><\/header><div class=\"slide-meta\"><time class='slide-meta-time updated'  itemprop=\"datePublished\" datetime=\"2024-03-08T14:04:42+01:00\" >2024-03-08<\/time><\/div><div class='slide-entry-excerpt entry-content'  itemprop=\"text\" ><div class=\"read-more-link\"><a href=\"https:\/\/ptdl.pl\/index.php\/2024\/03\/08\/zaproszenie-na-spotkanie-naukowo-szkoleniowe-ptdl-lodz-18-03-2024r\/\" class=\"more-link\">Czytaj dalej<span class=\"more-link-arrow\"><\/span><\/a><\/div><\/div><\/div><footer class=\"entry-footer\"><\/footer><span class='hidden'>\n\t\t\t\t<span class='av-structured-data'  itemprop=\"image\" itemscope=\"itemscope\" itemtype=\"https:\/\/schema.org\/ImageObject\" >\n\t\t\t\t\t\t<span itemprop='url'>https:\/\/ptdl.pl\/ptdl\/wp-content\/uploads\/2023\/12\/news_46.jpg<\/span>\n\t\t\t\t\t\t<span itemprop='height'>333<\/span>\n\t\t\t\t\t\t<span itemprop='width'>500<\/span>\n\t\t\t\t<\/span>\n\t\t\t\t<span class='av-structured-data'  itemprop=\"publisher\" itemtype=\"https:\/\/schema.org\/Organization\" itemscope=\"itemscope\" >\n\t\t\t\t\t\t<span itemprop='name'>dsk<\/span>\n\t\t\t\t\t\t<span itemprop='logo' itemscope itemtype='https:\/\/schema.org\/ImageObject'>\n\t\t\t\t\t\t\t<span itemprop='url'>https:\/\/ptdl.pl\/wp-content\/uploads\/2023\/03\/logo_2.svg<\/span>\n\t\t\t\t\t\t<\/span>\n\t\t\t\t<\/span><span class='av-structured-data'  itemprop=\"author\" itemscope=\"itemscope\" itemtype=\"https:\/\/schema.org\/Person\" ><span itemprop='name'>dsk<\/span><\/span><span class='av-structured-data'  itemprop=\"datePublished\" datetime=\"2023-02-03T12:54:00+01:00\" >2024-03-08 14:04:42<\/span><span class='av-structured-data'  itemprop=\"dateModified\" itemtype=\"https:\/\/schema.org\/dateModified\" >2024-03-11 09:06:49<\/span><span class='av-structured-data'  itemprop=\"mainEntityOfPage\" itemtype=\"https:\/\/schema.org\/mainEntityOfPage\" ><span itemprop='name'>Zaproszenie na spotkanie naukowo-szkoleniowe PTDL \u0141\u00f3d\u017a 18.03.2024r.<\/span><\/span><\/span><\/article><article class='slide-entry flex_column  post-entry post-entry-2870 slide-entry-overview slide-loop-44 slide-parity-even  av_one_fourth  real-thumbnail post-format-standard'  itemscope=\"itemscope\" itemtype=\"https:\/\/schema.org\/CreativeWork\" ><a href='https:\/\/ptdl.pl\/index.php\/2024\/03\/05\/posiedzenie-naukowo-szkoleniowe-o-bydgoszcz-21-03-2024-r\/' data-rel='slide-2' class='slide-image' title='Posiedzenie naukowo-szkoleniowe O\/Bydgoszcz 21.03.2024 r'><img decoding=\"async\" width=\"300\" height=\"200\" src=\"https:\/\/ptdl.pl\/ptdl\/wp-content\/uploads\/2024\/01\/2020-10-17-300x200.jpg\" class=\"wp-image-2586 avia-img-lazy-loading-not-2586 attachment-medium size-medium wp-post-image\" alt=\"\" srcset=\"https:\/\/ptdl.pl\/ptdl\/wp-content\/uploads\/2024\/01\/2020-10-17-300x200.jpg 300w, https:\/\/ptdl.pl\/ptdl\/wp-content\/uploads\/2024\/01\/2020-10-17-1030x686.jpg 1030w, https:\/\/ptdl.pl\/ptdl\/wp-content\/uploads\/2024\/01\/2020-10-17-768x512.jpg 768w, https:\/\/ptdl.pl\/ptdl\/wp-content\/uploads\/2024\/01\/2020-10-17-705x470.jpg 705w, https:\/\/ptdl.pl\/ptdl\/wp-content\/uploads\/2024\/01\/2020-10-17.jpg 1360w\" sizes=\"(max-width: 300px) 100vw, 300px\" \/><\/a><div class=\"slide-content\"><header class=\"entry-content-header\"><h3 class='slide-entry-title entry-title '  itemprop=\"headline\" ><a href='https:\/\/ptdl.pl\/index.php\/2024\/03\/05\/posiedzenie-naukowo-szkoleniowe-o-bydgoszcz-21-03-2024-r\/' title='Posiedzenie naukowo-szkoleniowe O\/Bydgoszcz 21.03.2024 r'>Posiedzenie naukowo-szkoleniowe O\/Bydgoszcz 21.03.2024 r<\/a><\/h3><span class=\"av-vertical-delimiter\"><\/span><\/header><div class=\"slide-meta\"><time class='slide-meta-time updated'  itemprop=\"datePublished\" datetime=\"2024-03-05T22:47:26+01:00\" >2024-03-05<\/time><\/div><div class='slide-entry-excerpt entry-content'  itemprop=\"text\" ><div class=\"read-more-link\"><a href=\"https:\/\/ptdl.pl\/index.php\/2024\/03\/05\/posiedzenie-naukowo-szkoleniowe-o-bydgoszcz-21-03-2024-r\/\" class=\"more-link\">Czytaj dalej<span class=\"more-link-arrow\"><\/span><\/a><\/div><\/div><\/div><footer class=\"entry-footer\"><\/footer><span class='hidden'>\n\t\t\t\t<span class='av-structured-data'  itemprop=\"image\" itemscope=\"itemscope\" itemtype=\"https:\/\/schema.org\/ImageObject\" >\n\t\t\t\t\t\t<span itemprop='url'>https:\/\/ptdl.pl\/ptdl\/wp-content\/uploads\/2024\/01\/2020-10-17.jpg<\/span>\n\t\t\t\t\t\t<span itemprop='height'>906<\/span>\n\t\t\t\t\t\t<span itemprop='width'>1360<\/span>\n\t\t\t\t<\/span>\n\t\t\t\t<span class='av-structured-data'  itemprop=\"publisher\" itemtype=\"https:\/\/schema.org\/Organization\" itemscope=\"itemscope\" >\n\t\t\t\t\t\t<span itemprop='name'>S\u0142awomira Balcerak<\/span>\n\t\t\t\t\t\t<span itemprop='logo' itemscope itemtype='https:\/\/schema.org\/ImageObject'>\n\t\t\t\t\t\t\t<span itemprop='url'>https:\/\/ptdl.pl\/wp-content\/uploads\/2023\/03\/logo_2.svg<\/span>\n\t\t\t\t\t\t<\/span>\n\t\t\t\t<\/span><span class='av-structured-data'  itemprop=\"author\" itemscope=\"itemscope\" itemtype=\"https:\/\/schema.org\/Person\" ><span itemprop='name'>S\u0142awomira Balcerak<\/span><\/span><span class='av-structured-data'  itemprop=\"datePublished\" datetime=\"2023-02-03T12:54:00+01:00\" >2024-03-05 22:47:26<\/span><span class='av-structured-data'  itemprop=\"dateModified\" itemtype=\"https:\/\/schema.org\/dateModified\" >2024-03-05 22:50:05<\/span><span class='av-structured-data'  itemprop=\"mainEntityOfPage\" itemtype=\"https:\/\/schema.org\/mainEntityOfPage\" ><span itemprop='name'>Posiedzenie naukowo-szkoleniowe O\/Bydgoszcz 21.03.2024 r<\/span><\/span><\/span><\/article><\/div><div class=\"slide-entry-wrap\"><article class='slide-entry flex_column  post-entry post-entry-2857 slide-entry-overview slide-loop-45 slide-parity-odd  av_one_fourth first real-thumbnail post-format-standard'  itemscope=\"itemscope\" itemtype=\"https:\/\/schema.org\/CreativeWork\" ><a href='https:\/\/ptdl.pl\/index.php\/2024\/03\/04\/posiedzenie-naukowo-szkoleniowe-o-bydgoszcz-6-03-2024\/' data-rel='slide-2' class='slide-image' title='Posiedzenie naukowo-szkoleniowe O\/Bydgoszcz 6.03.2024'><img decoding=\"async\" width=\"300\" height=\"200\" src=\"https:\/\/ptdl.pl\/ptdl\/wp-content\/uploads\/2023\/12\/news_63-300x200.jpg\" class=\"wp-image-2038 avia-img-lazy-loading-not-2038 attachment-medium size-medium wp-post-image\" alt=\"\" srcset=\"https:\/\/ptdl.pl\/ptdl\/wp-content\/uploads\/2023\/12\/news_63-300x200.jpg 300w, https:\/\/ptdl.pl\/ptdl\/wp-content\/uploads\/2023\/12\/news_63.jpg 500w\" sizes=\"(max-width: 300px) 100vw, 300px\" \/><\/a><div class=\"slide-content\"><header class=\"entry-content-header\"><h3 class='slide-entry-title entry-title '  itemprop=\"headline\" ><a href='https:\/\/ptdl.pl\/index.php\/2024\/03\/04\/posiedzenie-naukowo-szkoleniowe-o-bydgoszcz-6-03-2024\/' title='Posiedzenie naukowo-szkoleniowe O\/Bydgoszcz 6.03.2024'>Posiedzenie naukowo-szkoleniowe O\/Bydgoszcz 6.03.2024<\/a><\/h3><span class=\"av-vertical-delimiter\"><\/span><\/header><div class=\"slide-meta\"><time class='slide-meta-time updated'  itemprop=\"datePublished\" datetime=\"2024-03-04T01:21:49+01:00\" >2024-03-04<\/time><\/div><div class='slide-entry-excerpt entry-content'  itemprop=\"text\" ><div class=\"read-more-link\"><a href=\"https:\/\/ptdl.pl\/index.php\/2024\/03\/04\/posiedzenie-naukowo-szkoleniowe-o-bydgoszcz-6-03-2024\/\" class=\"more-link\">Czytaj dalej<span class=\"more-link-arrow\"><\/span><\/a><\/div><\/div><\/div><footer class=\"entry-footer\"><\/footer><span class='hidden'>\n\t\t\t\t<span class='av-structured-data'  itemprop=\"image\" itemscope=\"itemscope\" itemtype=\"https:\/\/schema.org\/ImageObject\" >\n\t\t\t\t\t\t<span itemprop='url'>https:\/\/ptdl.pl\/ptdl\/wp-content\/uploads\/2023\/12\/news_63.jpg<\/span>\n\t\t\t\t\t\t<span itemprop='height'>333<\/span>\n\t\t\t\t\t\t<span itemprop='width'>500<\/span>\n\t\t\t\t<\/span>\n\t\t\t\t<span class='av-structured-data'  itemprop=\"publisher\" itemtype=\"https:\/\/schema.org\/Organization\" itemscope=\"itemscope\" >\n\t\t\t\t\t\t<span itemprop='name'>S\u0142awomira Balcerak<\/span>\n\t\t\t\t\t\t<span itemprop='logo' itemscope itemtype='https:\/\/schema.org\/ImageObject'>\n\t\t\t\t\t\t\t<span itemprop='url'>https:\/\/ptdl.pl\/wp-content\/uploads\/2023\/03\/logo_2.svg<\/span>\n\t\t\t\t\t\t<\/span>\n\t\t\t\t<\/span><span class='av-structured-data'  itemprop=\"author\" itemscope=\"itemscope\" itemtype=\"https:\/\/schema.org\/Person\" ><span itemprop='name'>S\u0142awomira Balcerak<\/span><\/span><span class='av-structured-data'  itemprop=\"datePublished\" datetime=\"2023-02-03T12:54:00+01:00\" >2024-03-04 01:21:49<\/span><span class='av-structured-data'  itemprop=\"dateModified\" itemtype=\"https:\/\/schema.org\/dateModified\" >2024-03-04 01:21:49<\/span><span class='av-structured-data'  itemprop=\"mainEntityOfPage\" itemtype=\"https:\/\/schema.org\/mainEntityOfPage\" ><span itemprop='name'>Posiedzenie naukowo-szkoleniowe O\/Bydgoszcz 6.03.2024<\/span><\/span><\/span><\/article><article class='slide-entry flex_column  post-entry post-entry-2623 slide-entry-overview slide-loop-46 slide-parity-even  av_one_fourth  real-thumbnail post-format-standard'  itemscope=\"itemscope\" itemtype=\"https:\/\/schema.org\/CreativeWork\" ><a href='https:\/\/ptdl.pl\/index.php\/2024\/01\/29\/posiedzenie-naukowo-szkoleniowe-on-line-8-02-2024\/' data-rel='slide-2' class='slide-image' title='Posiedzenie naukowo-szkoleniowe on-line 8.02.2024 O\/Bydgoszcz'><img decoding=\"async\" width=\"300\" height=\"200\" src=\"https:\/\/ptdl.pl\/ptdl\/wp-content\/uploads\/2023\/12\/news_46-300x200.jpg\" class=\"wp-image-2021 avia-img-lazy-loading-not-2021 attachment-medium size-medium wp-post-image\" alt=\"\" srcset=\"https:\/\/ptdl.pl\/ptdl\/wp-content\/uploads\/2023\/12\/news_46-300x200.jpg 300w, https:\/\/ptdl.pl\/ptdl\/wp-content\/uploads\/2023\/12\/news_46.jpg 500w\" sizes=\"(max-width: 300px) 100vw, 300px\" \/><\/a><div class=\"slide-content\"><header class=\"entry-content-header\"><h3 class='slide-entry-title entry-title '  itemprop=\"headline\" ><a href='https:\/\/ptdl.pl\/index.php\/2024\/01\/29\/posiedzenie-naukowo-szkoleniowe-on-line-8-02-2024\/' title='Posiedzenie naukowo-szkoleniowe on-line 8.02.2024 O\/Bydgoszcz'>Posiedzenie naukowo-szkoleniowe on-line 8.02.2024 O\/Bydgoszcz<\/a><\/h3><span class=\"av-vertical-delimiter\"><\/span><\/header><div class=\"slide-meta\"><time class='slide-meta-time updated'  itemprop=\"datePublished\" datetime=\"2024-01-29T22:51:41+01:00\" >2024-01-29<\/time><\/div><div class='slide-entry-excerpt entry-content'  itemprop=\"text\" ><div class=\"read-more-link\"><a href=\"https:\/\/ptdl.pl\/index.php\/2024\/01\/29\/posiedzenie-naukowo-szkoleniowe-on-line-8-02-2024\/\" class=\"more-link\">Czytaj dalej<span class=\"more-link-arrow\"><\/span><\/a><\/div><\/div><\/div><footer class=\"entry-footer\"><\/footer><span class='hidden'>\n\t\t\t\t<span class='av-structured-data'  itemprop=\"image\" itemscope=\"itemscope\" itemtype=\"https:\/\/schema.org\/ImageObject\" >\n\t\t\t\t\t\t<span itemprop='url'>https:\/\/ptdl.pl\/ptdl\/wp-content\/uploads\/2023\/12\/news_46.jpg<\/span>\n\t\t\t\t\t\t<span itemprop='height'>333<\/span>\n\t\t\t\t\t\t<span itemprop='width'>500<\/span>\n\t\t\t\t<\/span>\n\t\t\t\t<span class='av-structured-data'  itemprop=\"publisher\" itemtype=\"https:\/\/schema.org\/Organization\" itemscope=\"itemscope\" >\n\t\t\t\t\t\t<span itemprop='name'>S\u0142awomira Balcerak<\/span>\n\t\t\t\t\t\t<span itemprop='logo' itemscope itemtype='https:\/\/schema.org\/ImageObject'>\n\t\t\t\t\t\t\t<span itemprop='url'>https:\/\/ptdl.pl\/wp-content\/uploads\/2023\/03\/logo_2.svg<\/span>\n\t\t\t\t\t\t<\/span>\n\t\t\t\t<\/span><span class='av-structured-data'  itemprop=\"author\" itemscope=\"itemscope\" itemtype=\"https:\/\/schema.org\/Person\" ><span itemprop='name'>S\u0142awomira Balcerak<\/span><\/span><span class='av-structured-data'  itemprop=\"datePublished\" datetime=\"2023-02-03T12:54:00+01:00\" >2024-01-29 22:51:41<\/span><span class='av-structured-data'  itemprop=\"dateModified\" itemtype=\"https:\/\/schema.org\/dateModified\" >2024-01-29 23:13:20<\/span><span class='av-structured-data'  itemprop=\"mainEntityOfPage\" itemtype=\"https:\/\/schema.org\/mainEntityOfPage\" ><span itemprop='name'>Posiedzenie naukowo-szkoleniowe on-line 8.02.2024 O\/Bydgoszcz<\/span><\/span><\/span><\/article><article class='slide-entry flex_column  post-entry post-entry-2570 slide-entry-overview slide-loop-47 slide-parity-odd  av_one_fourth  real-thumbnail post-format-standard'  itemscope=\"itemscope\" itemtype=\"https:\/\/schema.org\/CreativeWork\" ><a href='https:\/\/ptdl.pl\/index.php\/2024\/01\/23\/akademia-hpv\/' data-rel='slide-2' class='slide-image' title='Akademia HPV'><img decoding=\"async\" width=\"300\" height=\"200\" src=\"https:\/\/ptdl.pl\/ptdl\/wp-content\/uploads\/2024\/01\/akademia_HPV-300x200.png\" class=\"wp-image-2571 avia-img-lazy-loading-not-2571 attachment-medium size-medium wp-post-image\" alt=\"\" srcset=\"https:\/\/ptdl.pl\/ptdl\/wp-content\/uploads\/2024\/01\/akademia_HPV-300x200.png 300w, https:\/\/ptdl.pl\/ptdl\/wp-content\/uploads\/2024\/01\/akademia_HPV.png 500w\" sizes=\"(max-width: 300px) 100vw, 300px\" \/><\/a><div class=\"slide-content\"><header class=\"entry-content-header\"><h3 class='slide-entry-title entry-title '  itemprop=\"headline\" ><a href='https:\/\/ptdl.pl\/index.php\/2024\/01\/23\/akademia-hpv\/' title='Akademia HPV'>Akademia HPV<\/a><\/h3><span class=\"av-vertical-delimiter\"><\/span><\/header><div class=\"slide-meta\"><time class='slide-meta-time updated'  itemprop=\"datePublished\" datetime=\"2024-01-23T13:44:36+01:00\" >2024-01-23<\/time><\/div><div class='slide-entry-excerpt entry-content'  itemprop=\"text\" ><div class=\"read-more-link\"><a href=\"https:\/\/ptdl.pl\/index.php\/2024\/01\/23\/akademia-hpv\/\" class=\"more-link\">Czytaj dalej<span class=\"more-link-arrow\"><\/span><\/a><\/div><\/div><\/div><footer class=\"entry-footer\"><\/footer><span class='hidden'>\n\t\t\t\t<span class='av-structured-data'  itemprop=\"image\" itemscope=\"itemscope\" itemtype=\"https:\/\/schema.org\/ImageObject\" >\n\t\t\t\t\t\t<span itemprop='url'>https:\/\/ptdl.pl\/ptdl\/wp-content\/uploads\/2024\/01\/akademia_HPV.png<\/span>\n\t\t\t\t\t\t<span itemprop='height'>333<\/span>\n\t\t\t\t\t\t<span itemprop='width'>500<\/span>\n\t\t\t\t<\/span>\n\t\t\t\t<span class='av-structured-data'  itemprop=\"publisher\" itemtype=\"https:\/\/schema.org\/Organization\" itemscope=\"itemscope\" >\n\t\t\t\t\t\t<span itemprop='name'>admin<\/span>\n\t\t\t\t\t\t<span itemprop='logo' itemscope itemtype='https:\/\/schema.org\/ImageObject'>\n\t\t\t\t\t\t\t<span itemprop='url'>https:\/\/ptdl.pl\/wp-content\/uploads\/2023\/03\/logo_2.svg<\/span>\n\t\t\t\t\t\t<\/span>\n\t\t\t\t<\/span><span class='av-structured-data'  itemprop=\"author\" itemscope=\"itemscope\" itemtype=\"https:\/\/schema.org\/Person\" ><span itemprop='name'>admin<\/span><\/span><span class='av-structured-data'  itemprop=\"datePublished\" datetime=\"2023-02-03T12:54:00+01:00\" >2024-01-23 13:44:36<\/span><span class='av-structured-data'  itemprop=\"dateModified\" itemtype=\"https:\/\/schema.org\/dateModified\" >2024-01-23 13:45:16<\/span><span class='av-structured-data'  itemprop=\"mainEntityOfPage\" itemtype=\"https:\/\/schema.org\/mainEntityOfPage\" ><span itemprop='name'>Akademia HPV<\/span><\/span><\/span><\/article><article class='slide-entry flex_column  post-entry post-entry-2417 slide-entry-overview slide-loop-48 slide-parity-even  av_one_fourth  real-thumbnail post-format-standard'  itemscope=\"itemscope\" itemtype=\"https:\/\/schema.org\/CreativeWork\" ><a href='https:\/\/ptdl.pl\/index.php\/2024\/01\/10\/akademia-cytologa-hpv\/' data-rel='slide-2' class='slide-image' title='Akademia Cytologa HPV'><img decoding=\"async\" width=\"300\" height=\"200\" src=\"https:\/\/ptdl.pl\/ptdl\/wp-content\/uploads\/2024\/01\/akademia_cytologa_hpv_s-300x200.png\" class=\"wp-image-2423 avia-img-lazy-loading-not-2423 attachment-medium size-medium wp-post-image\" alt=\"\" srcset=\"https:\/\/ptdl.pl\/ptdl\/wp-content\/uploads\/2024\/01\/akademia_cytologa_hpv_s-300x200.png 300w, https:\/\/ptdl.pl\/ptdl\/wp-content\/uploads\/2024\/01\/akademia_cytologa_hpv_s.png 500w\" sizes=\"(max-width: 300px) 100vw, 300px\" \/><\/a><div class=\"slide-content\"><header class=\"entry-content-header\"><h3 class='slide-entry-title entry-title '  itemprop=\"headline\" ><a href='https:\/\/ptdl.pl\/index.php\/2024\/01\/10\/akademia-cytologa-hpv\/' title='Akademia Cytologa HPV'>Akademia Cytologa HPV<\/a><\/h3><span class=\"av-vertical-delimiter\"><\/span><\/header><div class=\"slide-meta\"><time class='slide-meta-time updated'  itemprop=\"datePublished\" datetime=\"2024-01-10T18:58:08+01:00\" >2024-01-10<\/time><\/div><div class='slide-entry-excerpt entry-content'  itemprop=\"text\" ><div class=\"read-more-link\"><a href=\"https:\/\/ptdl.pl\/index.php\/2024\/01\/10\/akademia-cytologa-hpv\/\" class=\"more-link\">Czytaj dalej<span class=\"more-link-arrow\"><\/span><\/a><\/div><\/div><\/div><footer class=\"entry-footer\"><\/footer><span class='hidden'>\n\t\t\t\t<span class='av-structured-data'  itemprop=\"image\" itemscope=\"itemscope\" itemtype=\"https:\/\/schema.org\/ImageObject\" >\n\t\t\t\t\t\t<span itemprop='url'>https:\/\/ptdl.pl\/ptdl\/wp-content\/uploads\/2024\/01\/akademia_cytologa_hpv_s.png<\/span>\n\t\t\t\t\t\t<span itemprop='height'>333<\/span>\n\t\t\t\t\t\t<span itemprop='width'>500<\/span>\n\t\t\t\t<\/span>\n\t\t\t\t<span class='av-structured-data'  itemprop=\"publisher\" itemtype=\"https:\/\/schema.org\/Organization\" itemscope=\"itemscope\" >\n\t\t\t\t\t\t<span itemprop='name'>admin<\/span>\n\t\t\t\t\t\t<span itemprop='logo' itemscope itemtype='https:\/\/schema.org\/ImageObject'>\n\t\t\t\t\t\t\t<span itemprop='url'>https:\/\/ptdl.pl\/wp-content\/uploads\/2023\/03\/logo_2.svg<\/span>\n\t\t\t\t\t\t<\/span>\n\t\t\t\t<\/span><span class='av-structured-data'  itemprop=\"author\" itemscope=\"itemscope\" itemtype=\"https:\/\/schema.org\/Person\" ><span itemprop='name'>admin<\/span><\/span><span class='av-structured-data'  itemprop=\"datePublished\" datetime=\"2023-02-03T12:54:00+01:00\" >2024-01-10 18:58:08<\/span><span class='av-structured-data'  itemprop=\"dateModified\" itemtype=\"https:\/\/schema.org\/dateModified\" >2024-01-10 19:03:04<\/span><span class='av-structured-data'  itemprop=\"mainEntityOfPage\" itemtype=\"https:\/\/schema.org\/mainEntityOfPage\" ><span itemprop='name'>Akademia Cytologa HPV<\/span><\/span><\/span><\/article><\/div><div class=\"slide-entry-wrap\"><article class='slide-entry flex_column  post-entry post-entry-330 slide-entry-overview slide-loop-49 slide-parity-odd  av_one_fourth first real-thumbnail post-format-standard'  itemscope=\"itemscope\" itemtype=\"https:\/\/schema.org\/CreativeWork\" ><a href='https:\/\/ptdl.pl\/index.php\/2023\/01\/25\/zebranie-naukowo-szkoleniowe-03-02-2023\/' data-rel='slide-2' class='slide-image' title='Zebranie naukowo-szkoleniowe 03.02.2023'><img decoding=\"async\" width=\"300\" height=\"199\" src=\"https:\/\/ptdl.pl\/ptdl\/wp-content\/uploads\/2023\/02\/news_026-300x199.jpg\" class=\"wp-image-817 avia-img-lazy-loading-not-817 attachment-medium size-medium wp-post-image\" alt=\"\" srcset=\"https:\/\/ptdl.pl\/ptdl\/wp-content\/uploads\/2023\/02\/news_026-300x199.jpg 300w, https:\/\/ptdl.pl\/ptdl\/wp-content\/uploads\/2023\/02\/news_026.jpg 500w\" sizes=\"(max-width: 300px) 100vw, 300px\" \/><\/a><div class=\"slide-content\"><header class=\"entry-content-header\"><h3 class='slide-entry-title entry-title '  itemprop=\"headline\" ><a href='https:\/\/ptdl.pl\/index.php\/2023\/01\/25\/zebranie-naukowo-szkoleniowe-03-02-2023\/' title='Zebranie naukowo-szkoleniowe 03.02.2023'>Zebranie naukowo-szkoleniowe 03.02.2023<\/a><\/h3><span class=\"av-vertical-delimiter\"><\/span><\/header><div class=\"slide-meta\"><time class='slide-meta-time updated'  itemprop=\"datePublished\" datetime=\"2023-01-25T13:51:18+01:00\" >2023-01-25<\/time><\/div><div class='slide-entry-excerpt entry-content'  itemprop=\"text\" ><div class=\"read-more-link\"><a href=\"https:\/\/ptdl.pl\/index.php\/2023\/01\/25\/zebranie-naukowo-szkoleniowe-03-02-2023\/\" class=\"more-link\">Czytaj dalej<span class=\"more-link-arrow\"><\/span><\/a><\/div><\/div><\/div><footer class=\"entry-footer\"><\/footer><span class='hidden'>\n\t\t\t\t<span class='av-structured-data'  itemprop=\"image\" itemscope=\"itemscope\" itemtype=\"https:\/\/schema.org\/ImageObject\" >\n\t\t\t\t\t\t<span itemprop='url'>https:\/\/ptdl.pl\/ptdl\/wp-content\/uploads\/2023\/02\/news_026.jpg<\/span>\n\t\t\t\t\t\t<span itemprop='height'>332<\/span>\n\t\t\t\t\t\t<span itemprop='width'>500<\/span>\n\t\t\t\t<\/span>\n\t\t\t\t<span class='av-structured-data'  itemprop=\"publisher\" itemtype=\"https:\/\/schema.org\/Organization\" itemscope=\"itemscope\" >\n\t\t\t\t\t\t<span itemprop='name'>admin<\/span>\n\t\t\t\t\t\t<span itemprop='logo' itemscope itemtype='https:\/\/schema.org\/ImageObject'>\n\t\t\t\t\t\t\t<span itemprop='url'>https:\/\/ptdl.pl\/wp-content\/uploads\/2023\/03\/logo_2.svg<\/span>\n\t\t\t\t\t\t<\/span>\n\t\t\t\t<\/span><span class='av-structured-data'  itemprop=\"author\" itemscope=\"itemscope\" itemtype=\"https:\/\/schema.org\/Person\" ><span itemprop='name'>admin<\/span><\/span><span class='av-structured-data'  itemprop=\"datePublished\" datetime=\"2023-02-03T12:54:00+01:00\" >2023-01-25 13:51:18<\/span><span class='av-structured-data'  itemprop=\"dateModified\" itemtype=\"https:\/\/schema.org\/dateModified\" >2023-02-28 08:53:56<\/span><span class='av-structured-data'  itemprop=\"mainEntityOfPage\" itemtype=\"https:\/\/schema.org\/mainEntityOfPage\" ><span itemprop='name'>Zebranie naukowo-szkoleniowe 03.02.2023<\/span><\/span><\/span><\/article><article class='slide-entry flex_column  post-entry post-entry-272 slide-entry-overview slide-loop-50 slide-parity-even  av_one_fourth  real-thumbnail post-format-standard'  itemscope=\"itemscope\" itemtype=\"https:\/\/schema.org\/CreativeWork\" ><a href='https:\/\/ptdl.pl\/index.php\/2023\/01\/25\/posiedzenie-naukowo-szkoleniowe-16-02-2023-r\/' data-rel='slide-2' class='slide-image' title='Posiedzenie naukowo-szkoleniowe 16.02.2023 r'><img decoding=\"async\" width=\"300\" height=\"200\" src=\"https:\/\/ptdl.pl\/ptdl\/wp-content\/uploads\/2023\/02\/news_011-300x200.jpg\" class=\"wp-image-802 avia-img-lazy-loading-not-802 attachment-medium size-medium wp-post-image\" alt=\"\" srcset=\"https:\/\/ptdl.pl\/ptdl\/wp-content\/uploads\/2023\/02\/news_011-300x200.jpg 300w, https:\/\/ptdl.pl\/ptdl\/wp-content\/uploads\/2023\/02\/news_011.jpg 500w\" sizes=\"(max-width: 300px) 100vw, 300px\" \/><\/a><div class=\"slide-content\"><header class=\"entry-content-header\"><h3 class='slide-entry-title entry-title '  itemprop=\"headline\" ><a href='https:\/\/ptdl.pl\/index.php\/2023\/01\/25\/posiedzenie-naukowo-szkoleniowe-16-02-2023-r\/' title='Posiedzenie naukowo-szkoleniowe 16.02.2023 r'>Posiedzenie naukowo-szkoleniowe 16.02.2023 r<\/a><\/h3><span class=\"av-vertical-delimiter\"><\/span><\/header><div class=\"slide-meta\"><time class='slide-meta-time updated'  itemprop=\"datePublished\" datetime=\"2023-01-25T13:26:55+01:00\" >2023-01-25<\/time><\/div><div class='slide-entry-excerpt entry-content'  itemprop=\"text\" ><div class=\"read-more-link\"><a href=\"https:\/\/ptdl.pl\/index.php\/2023\/01\/25\/posiedzenie-naukowo-szkoleniowe-16-02-2023-r\/\" class=\"more-link\">Czytaj dalej<span class=\"more-link-arrow\"><\/span><\/a><\/div><\/div><\/div><footer class=\"entry-footer\"><\/footer><span class='hidden'>\n\t\t\t\t<span class='av-structured-data'  itemprop=\"image\" itemscope=\"itemscope\" itemtype=\"https:\/\/schema.org\/ImageObject\" >\n\t\t\t\t\t\t<span itemprop='url'>https:\/\/ptdl.pl\/ptdl\/wp-content\/uploads\/2023\/02\/news_011.jpg<\/span>\n\t\t\t\t\t\t<span itemprop='height'>333<\/span>\n\t\t\t\t\t\t<span itemprop='width'>500<\/span>\n\t\t\t\t<\/span>\n\t\t\t\t<span class='av-structured-data'  itemprop=\"publisher\" itemtype=\"https:\/\/schema.org\/Organization\" itemscope=\"itemscope\" >\n\t\t\t\t\t\t<span itemprop='name'>admin<\/span>\n\t\t\t\t\t\t<span itemprop='logo' itemscope itemtype='https:\/\/schema.org\/ImageObject'>\n\t\t\t\t\t\t\t<span itemprop='url'>https:\/\/ptdl.pl\/wp-content\/uploads\/2023\/03\/logo_2.svg<\/span>\n\t\t\t\t\t\t<\/span>\n\t\t\t\t<\/span><span class='av-structured-data'  itemprop=\"author\" itemscope=\"itemscope\" itemtype=\"https:\/\/schema.org\/Person\" ><span itemprop='name'>admin<\/span><\/span><span class='av-structured-data'  itemprop=\"datePublished\" datetime=\"2023-02-03T12:54:00+01:00\" >2023-01-25 13:26:55<\/span><span class='av-structured-data'  itemprop=\"dateModified\" itemtype=\"https:\/\/schema.org\/dateModified\" >2023-02-28 08:52:37<\/span><span class='av-structured-data'  itemprop=\"mainEntityOfPage\" itemtype=\"https:\/\/schema.org\/mainEntityOfPage\" ><span itemprop='name'>Posiedzenie naukowo-szkoleniowe 16.02.2023 r<\/span><\/span><\/span><\/article><article class='slide-entry flex_column  post-entry post-entry-389 slide-entry-overview slide-loop-51 slide-parity-odd  post-entry-last  av_one_fourth  real-thumbnail post-format-standard'  itemscope=\"itemscope\" itemtype=\"https:\/\/schema.org\/CreativeWork\" ><a href='https:\/\/ptdl.pl\/index.php\/2023\/01\/24\/sympozjum-naukowo-szkoleniowe-01-02-2023-stacjonarnie\/' data-rel='slide-2' class='slide-image' title='Sympozjum naukowo-szkoleniowe 01.02.2023 (stacjonarnie)'><img decoding=\"async\" width=\"300\" height=\"200\" src=\"https:\/\/ptdl.pl\/ptdl\/wp-content\/uploads\/2023\/02\/news_015-300x200.jpg\" class=\"wp-image-806 avia-img-lazy-loading-not-806 attachment-medium size-medium wp-post-image\" alt=\"\" srcset=\"https:\/\/ptdl.pl\/ptdl\/wp-content\/uploads\/2023\/02\/news_015-300x200.jpg 300w, https:\/\/ptdl.pl\/ptdl\/wp-content\/uploads\/2023\/02\/news_015.jpg 500w\" sizes=\"(max-width: 300px) 100vw, 300px\" \/><\/a><div class=\"slide-content\"><header class=\"entry-content-header\"><h3 class='slide-entry-title entry-title '  itemprop=\"headline\" ><a href='https:\/\/ptdl.pl\/index.php\/2023\/01\/24\/sympozjum-naukowo-szkoleniowe-01-02-2023-stacjonarnie\/' title='Sympozjum naukowo-szkoleniowe 01.02.2023 (stacjonarnie)'>Sympozjum naukowo-szkoleniowe 01.02.2023 (stacjonarnie)<\/a><\/h3><span class=\"av-vertical-delimiter\"><\/span><\/header><div class=\"slide-meta\"><time class='slide-meta-time updated'  itemprop=\"datePublished\" datetime=\"2023-01-24T15:08:53+01:00\" >2023-01-24<\/time><\/div><div class='slide-entry-excerpt entry-content'  itemprop=\"text\" ><div class=\"read-more-link\"><a href=\"https:\/\/ptdl.pl\/index.php\/2023\/01\/24\/sympozjum-naukowo-szkoleniowe-01-02-2023-stacjonarnie\/\" class=\"more-link\">Czytaj dalej<span class=\"more-link-arrow\"><\/span><\/a><\/div><\/div><\/div><footer class=\"entry-footer\"><\/footer><span class='hidden'>\n\t\t\t\t<span class='av-structured-data'  itemprop=\"image\" itemscope=\"itemscope\" itemtype=\"https:\/\/schema.org\/ImageObject\" >\n\t\t\t\t\t\t<span itemprop='url'>https:\/\/ptdl.pl\/ptdl\/wp-content\/uploads\/2023\/02\/news_015.jpg<\/span>\n\t\t\t\t\t\t<span itemprop='height'>333<\/span>\n\t\t\t\t\t\t<span itemprop='width'>500<\/span>\n\t\t\t\t<\/span>\n\t\t\t\t<span class='av-structured-data'  itemprop=\"publisher\" itemtype=\"https:\/\/schema.org\/Organization\" itemscope=\"itemscope\" >\n\t\t\t\t\t\t<span itemprop='name'>admin<\/span>\n\t\t\t\t\t\t<span itemprop='logo' itemscope itemtype='https:\/\/schema.org\/ImageObject'>\n\t\t\t\t\t\t\t<span itemprop='url'>https:\/\/ptdl.pl\/wp-content\/uploads\/2023\/03\/logo_2.svg<\/span>\n\t\t\t\t\t\t<\/span>\n\t\t\t\t<\/span><span class='av-structured-data'  itemprop=\"author\" itemscope=\"itemscope\" itemtype=\"https:\/\/schema.org\/Person\" ><span itemprop='name'>admin<\/span><\/span><span class='av-structured-data'  itemprop=\"datePublished\" datetime=\"2023-02-03T12:54:00+01:00\" >2023-01-24 15:08:53<\/span><span class='av-structured-data'  itemprop=\"dateModified\" itemtype=\"https:\/\/schema.org\/dateModified\" >2023-02-28 08:51:50<\/span><span class='av-structured-data'  itemprop=\"mainEntityOfPage\" itemtype=\"https:\/\/schema.org\/mainEntityOfPage\" ><span itemprop='name'>Sympozjum naukowo-szkoleniowe 01.02.2023 (stacjonarnie)<\/span><\/span><\/span><\/article><\/div><\/div><div class='avia-slideshow-arrows avia-slideshow-controls' ><a href='#prev' class='prev-slide ' aria-hidden='true' data-av_icon='\ue87c' data-av_iconfont='entypo-fontello'  tabindex='-1'>Previous<\/a><a href='#next' class='next-slide ' aria-hidden='true' data-av_icon='\ue87d' data-av_iconfont='entypo-fontello'  tabindex='-1'>Next<\/a><\/div><\/div>\n<div  data-slideshow-options=\"{&quot;animation&quot;:&quot;fade&quot;,&quot;autoplay&quot;:false,&quot;loop_autoplay&quot;:&quot;once&quot;,&quot;interval&quot;:&quot;40&quot;,&quot;loop_manual&quot;:&quot;manual-endless&quot;,&quot;autoplay_stopper&quot;:false,&quot;noNavigation&quot;:false,&quot;show_slide_delay&quot;:90}\" class='avia-content-slider avia-content-slider-active avia-content-slider3 avia-content-slider-odd  avia-builder-el-8  el_after_av_postslider  el_before_av_textblock  av-slideshow-ui av-control-default   av-no-slider-navigation av-slideshow-manual av-loop-once av-loop-manual-endless  av-desktop-hide av-medium-hide'  itemscope=\"itemscope\" itemtype=\"https:\/\/schema.org\/Blog\" ><div class=\"avia-content-slider-inner\"><div class=\"slide-entry-wrap\"><article class='slide-entry flex_column  post-entry post-entry-6028 slide-entry-overview slide-loop-1 slide-parity-odd  av_one_third first real-thumbnail post-format-standard'  itemscope=\"itemscope\" itemtype=\"https:\/\/schema.org\/CreativeWork\" ><a href='https:\/\/ptdl.pl\/index.php\/2026\/04\/14\/webinar-success-story-at-hospital-clinic-of-barcelona\/' data-rel='slide-3' class='slide-image' title='Webinar: Success Story at Hospital Clinic of Barcelona'><img decoding=\"async\" width=\"300\" height=\"157\" src=\"https:\/\/ptdl.pl\/ptdl\/wp-content\/uploads\/2026\/04\/INPECO-webinar-PL-300x157.png\" class=\"wp-image-6029 avia-img-lazy-loading-not-6029 attachment-medium size-medium wp-post-image\" alt=\"\" srcset=\"https:\/\/ptdl.pl\/ptdl\/wp-content\/uploads\/2026\/04\/INPECO-webinar-PL-300x157.png 300w, https:\/\/ptdl.pl\/ptdl\/wp-content\/uploads\/2026\/04\/INPECO-webinar-PL-1030x539.png 1030w, https:\/\/ptdl.pl\/ptdl\/wp-content\/uploads\/2026\/04\/INPECO-webinar-PL-768x402.png 768w, https:\/\/ptdl.pl\/ptdl\/wp-content\/uploads\/2026\/04\/INPECO-webinar-PL-710x375.png 710w, https:\/\/ptdl.pl\/ptdl\/wp-content\/uploads\/2026\/04\/INPECO-webinar-PL-705x369.png 705w, https:\/\/ptdl.pl\/ptdl\/wp-content\/uploads\/2026\/04\/INPECO-webinar-PL.png 1200w\" sizes=\"(max-width: 300px) 100vw, 300px\" \/><\/a><div class=\"slide-content\"><header class=\"entry-content-header\"><h3 class='slide-entry-title entry-title '  itemprop=\"headline\" ><a href='https:\/\/ptdl.pl\/index.php\/2026\/04\/14\/webinar-success-story-at-hospital-clinic-of-barcelona\/' title='Webinar: Success Story at Hospital Clinic of Barcelona'>Webinar: Success Story at Hospital Clinic of Barcelona<\/a><\/h3><span class=\"av-vertical-delimiter\"><\/span><\/header><div class=\"slide-meta\"><time class='slide-meta-time updated'  itemprop=\"datePublished\" datetime=\"2026-04-14T08:17:32+02:00\" >2026-04-14<\/time><\/div><div class='slide-entry-excerpt entry-content'  itemprop=\"text\" ><div class=\"read-more-link\"><a href=\"https:\/\/ptdl.pl\/index.php\/2026\/04\/14\/webinar-success-story-at-hospital-clinic-of-barcelona\/\" class=\"more-link\">Czytaj dalej<span class=\"more-link-arrow\"><\/span><\/a><\/div><\/div><\/div><footer class=\"entry-footer\"><\/footer><span class='hidden'>\n\t\t\t\t<span class='av-structured-data'  itemprop=\"image\" itemscope=\"itemscope\" itemtype=\"https:\/\/schema.org\/ImageObject\" >\n\t\t\t\t\t\t<span itemprop='url'>https:\/\/ptdl.pl\/ptdl\/wp-content\/uploads\/2026\/04\/INPECO-webinar-PL.png<\/span>\n\t\t\t\t\t\t<span itemprop='height'>628<\/span>\n\t\t\t\t\t\t<span itemprop='width'>1200<\/span>\n\t\t\t\t<\/span>\n\t\t\t\t<span class='av-structured-data'  itemprop=\"publisher\" itemtype=\"https:\/\/schema.org\/Organization\" itemscope=\"itemscope\" >\n\t\t\t\t\t\t<span itemprop='name'>admin<\/span>\n\t\t\t\t\t\t<span itemprop='logo' itemscope itemtype='https:\/\/schema.org\/ImageObject'>\n\t\t\t\t\t\t\t<span itemprop='url'>https:\/\/ptdl.pl\/wp-content\/uploads\/2023\/03\/logo_2.svg<\/span>\n\t\t\t\t\t\t<\/span>\n\t\t\t\t<\/span><span class='av-structured-data'  itemprop=\"author\" itemscope=\"itemscope\" itemtype=\"https:\/\/schema.org\/Person\" ><span itemprop='name'>admin<\/span><\/span><span class='av-structured-data'  itemprop=\"datePublished\" datetime=\"2023-02-03T12:54:00+01:00\" >2026-04-14 08:17:32<\/span><span class='av-structured-data'  itemprop=\"dateModified\" itemtype=\"https:\/\/schema.org\/dateModified\" >2026-04-14 08:17:32<\/span><span class='av-structured-data'  itemprop=\"mainEntityOfPage\" itemtype=\"https:\/\/schema.org\/mainEntityOfPage\" ><span itemprop='name'>Webinar: Success Story at Hospital Clinic of Barcelona<\/span><\/span><\/span><\/article><article class='slide-entry flex_column  post-entry post-entry-6007 slide-entry-overview slide-loop-2 slide-parity-even  av_one_third  real-thumbnail post-format-standard'  itemscope=\"itemscope\" itemtype=\"https:\/\/schema.org\/CreativeWork\" ><a href='https:\/\/ptdl.pl\/index.php\/2026\/04\/07\/spotkanie-naukowo-szkoleniowe-ptdl-o-lodz-16-04-2026r\/' data-rel='slide-3' class='slide-image' title='Spotkanie naukowo-szkoleniowe PTDL o\/\u0141\u00f3d\u017a 16.04.2026r.'><img decoding=\"async\" width=\"300\" height=\"200\" src=\"https:\/\/ptdl.pl\/ptdl\/wp-content\/uploads\/2024\/06\/4d8f6fbf0ebc0b96327f5cab6a05c0b196d26414-300x200.png\" class=\"wp-image-3505 avia-img-lazy-loading-not-3505 attachment-medium size-medium wp-post-image\" alt=\"\" srcset=\"https:\/\/ptdl.pl\/ptdl\/wp-content\/uploads\/2024\/06\/4d8f6fbf0ebc0b96327f5cab6a05c0b196d26414-300x200.png 300w, https:\/\/ptdl.pl\/ptdl\/wp-content\/uploads\/2024\/06\/4d8f6fbf0ebc0b96327f5cab6a05c0b196d26414-705x470.png 705w, https:\/\/ptdl.pl\/ptdl\/wp-content\/uploads\/2024\/06\/4d8f6fbf0ebc0b96327f5cab6a05c0b196d26414.png 744w\" sizes=\"(max-width: 300px) 100vw, 300px\" \/><\/a><div class=\"slide-content\"><header class=\"entry-content-header\"><h3 class='slide-entry-title entry-title '  itemprop=\"headline\" ><a href='https:\/\/ptdl.pl\/index.php\/2026\/04\/07\/spotkanie-naukowo-szkoleniowe-ptdl-o-lodz-16-04-2026r\/' title='Spotkanie naukowo-szkoleniowe PTDL o\/\u0141\u00f3d\u017a 16.04.2026r.'>Spotkanie naukowo-szkoleniowe PTDL o\/\u0141\u00f3d\u017a 16.04.2026r.<\/a><\/h3><span class=\"av-vertical-delimiter\"><\/span><\/header><div class=\"slide-meta\"><time class='slide-meta-time updated'  itemprop=\"datePublished\" datetime=\"2026-04-07T19:41:40+02:00\" >2026-04-07<\/time><\/div><div class='slide-entry-excerpt entry-content'  itemprop=\"text\" ><div class=\"read-more-link\"><a href=\"https:\/\/ptdl.pl\/index.php\/2026\/04\/07\/spotkanie-naukowo-szkoleniowe-ptdl-o-lodz-16-04-2026r\/\" class=\"more-link\">Czytaj dalej<span class=\"more-link-arrow\"><\/span><\/a><\/div><\/div><\/div><footer class=\"entry-footer\"><\/footer><span class='hidden'>\n\t\t\t\t<span class='av-structured-data'  itemprop=\"image\" itemscope=\"itemscope\" itemtype=\"https:\/\/schema.org\/ImageObject\" >\n\t\t\t\t\t\t<span itemprop='url'>https:\/\/ptdl.pl\/ptdl\/wp-content\/uploads\/2024\/06\/4d8f6fbf0ebc0b96327f5cab6a05c0b196d26414.png<\/span>\n\t\t\t\t\t\t<span itemprop='height'>496<\/span>\n\t\t\t\t\t\t<span itemprop='width'>744<\/span>\n\t\t\t\t<\/span>\n\t\t\t\t<span class='av-structured-data'  itemprop=\"publisher\" itemtype=\"https:\/\/schema.org\/Organization\" itemscope=\"itemscope\" >\n\t\t\t\t\t\t<span itemprop='name'>dsk<\/span>\n\t\t\t\t\t\t<span itemprop='logo' itemscope itemtype='https:\/\/schema.org\/ImageObject'>\n\t\t\t\t\t\t\t<span itemprop='url'>https:\/\/ptdl.pl\/wp-content\/uploads\/2023\/03\/logo_2.svg<\/span>\n\t\t\t\t\t\t<\/span>\n\t\t\t\t<\/span><span class='av-structured-data'  itemprop=\"author\" itemscope=\"itemscope\" itemtype=\"https:\/\/schema.org\/Person\" ><span itemprop='name'>dsk<\/span><\/span><span class='av-structured-data'  itemprop=\"datePublished\" datetime=\"2023-02-03T12:54:00+01:00\" >2026-04-07 19:41:40<\/span><span class='av-structured-data'  itemprop=\"dateModified\" itemtype=\"https:\/\/schema.org\/dateModified\" >2026-04-07 19:47:22<\/span><span class='av-structured-data'  itemprop=\"mainEntityOfPage\" itemtype=\"https:\/\/schema.org\/mainEntityOfPage\" ><span itemprop='name'>Spotkanie naukowo-szkoleniowe PTDL o\/\u0141\u00f3d\u017a 16.04.2026r.<\/span><\/span><\/span><\/article><article class='slide-entry flex_column  post-entry post-entry-5899 slide-entry-overview slide-loop-3 slide-parity-odd  av_one_third  real-thumbnail post-format-standard'  itemscope=\"itemscope\" itemtype=\"https:\/\/schema.org\/CreativeWork\" ><a href='https:\/\/ptdl.pl\/index.php\/2026\/03\/27\/kurs-online-interpretacja-zaburzen-rownowagi-kwasowo-zasadowej-z-szczegolnym-uwzglednieniem-chorych-onkologicznych\/' data-rel='slide-3' class='slide-image' title='Kurs online \u201eInterpretacja zaburze\u0144 r\u00f3wnowagi kwasowo-zasadowej ze szczeg\u00f3lnym uwzgl\u0119dnieniem chorych onkologicznych\u201d'><img decoding=\"async\" width=\"300\" height=\"200\" src=\"https:\/\/ptdl.pl\/ptdl\/wp-content\/uploads\/2024\/01\/2020-10-17-1-300x200.jpg\" class=\"wp-image-2587 avia-img-lazy-loading-not-2587 attachment-medium size-medium wp-post-image\" alt=\"\" srcset=\"https:\/\/ptdl.pl\/ptdl\/wp-content\/uploads\/2024\/01\/2020-10-17-1-300x200.jpg 300w, https:\/\/ptdl.pl\/ptdl\/wp-content\/uploads\/2024\/01\/2020-10-17-1-1030x686.jpg 1030w, https:\/\/ptdl.pl\/ptdl\/wp-content\/uploads\/2024\/01\/2020-10-17-1-768x512.jpg 768w, https:\/\/ptdl.pl\/ptdl\/wp-content\/uploads\/2024\/01\/2020-10-17-1-705x470.jpg 705w, https:\/\/ptdl.pl\/ptdl\/wp-content\/uploads\/2024\/01\/2020-10-17-1.jpg 1360w\" sizes=\"(max-width: 300px) 100vw, 300px\" \/><\/a><div class=\"slide-content\"><header class=\"entry-content-header\"><h3 class='slide-entry-title entry-title '  itemprop=\"headline\" ><a href='https:\/\/ptdl.pl\/index.php\/2026\/03\/27\/kurs-online-interpretacja-zaburzen-rownowagi-kwasowo-zasadowej-z-szczegolnym-uwzglednieniem-chorych-onkologicznych\/' title='Kurs online \u201eInterpretacja zaburze\u0144 r\u00f3wnowagi kwasowo-zasadowej ze szczeg\u00f3lnym uwzgl\u0119dnieniem chorych onkologicznych\u201d'>Kurs online \u201eInterpretacja zaburze\u0144 r\u00f3wnowagi kwasowo-zasadowej ze szczeg\u00f3lnym uwzgl\u0119dnieniem chorych onkologicznych\u201d<\/a><\/h3><span class=\"av-vertical-delimiter\"><\/span><\/header><div class=\"slide-meta\"><time class='slide-meta-time updated'  itemprop=\"datePublished\" datetime=\"2026-03-27T12:14:21+01:00\" >2026-03-27<\/time><\/div><div class='slide-entry-excerpt entry-content'  itemprop=\"text\" ><div class=\"read-more-link\"><a href=\"https:\/\/ptdl.pl\/index.php\/2026\/03\/27\/kurs-online-interpretacja-zaburzen-rownowagi-kwasowo-zasadowej-z-szczegolnym-uwzglednieniem-chorych-onkologicznych\/\" class=\"more-link\">Czytaj dalej<span class=\"more-link-arrow\"><\/span><\/a><\/div><\/div><\/div><footer class=\"entry-footer\"><\/footer><span class='hidden'>\n\t\t\t\t<span class='av-structured-data'  itemprop=\"image\" itemscope=\"itemscope\" itemtype=\"https:\/\/schema.org\/ImageObject\" >\n\t\t\t\t\t\t<span itemprop='url'>https:\/\/ptdl.pl\/ptdl\/wp-content\/uploads\/2024\/01\/2020-10-17-1.jpg<\/span>\n\t\t\t\t\t\t<span itemprop='height'>906<\/span>\n\t\t\t\t\t\t<span itemprop='width'>1360<\/span>\n\t\t\t\t<\/span>\n\t\t\t\t<span class='av-structured-data'  itemprop=\"publisher\" itemtype=\"https:\/\/schema.org\/Organization\" itemscope=\"itemscope\" >\n\t\t\t\t\t\t<span itemprop='name'>Malwina Czech<\/span>\n\t\t\t\t\t\t<span itemprop='logo' itemscope itemtype='https:\/\/schema.org\/ImageObject'>\n\t\t\t\t\t\t\t<span itemprop='url'>https:\/\/ptdl.pl\/wp-content\/uploads\/2023\/03\/logo_2.svg<\/span>\n\t\t\t\t\t\t<\/span>\n\t\t\t\t<\/span><span class='av-structured-data'  itemprop=\"author\" itemscope=\"itemscope\" itemtype=\"https:\/\/schema.org\/Person\" ><span itemprop='name'>Malwina Czech<\/span><\/span><span class='av-structured-data'  itemprop=\"datePublished\" datetime=\"2023-02-03T12:54:00+01:00\" >2026-03-27 12:14:21<\/span><span class='av-structured-data'  itemprop=\"dateModified\" itemtype=\"https:\/\/schema.org\/dateModified\" >2026-04-01 11:53:58<\/span><span class='av-structured-data'  itemprop=\"mainEntityOfPage\" itemtype=\"https:\/\/schema.org\/mainEntityOfPage\" ><span itemprop='name'>Kurs online \u201eInterpretacja zaburze\u0144 r\u00f3wnowagi kwasowo-zasadowej ze szczeg\u00f3lnym uwzgl\u0119dnieniem chorych onkologicznych\u201d<\/span><\/span><\/span><\/article><\/div><div class=\"slide-entry-wrap\"><article class='slide-entry flex_column  post-entry post-entry-5850 slide-entry-overview slide-loop-4 slide-parity-odd  av_one_third first real-thumbnail post-format-standard'  itemscope=\"itemscope\" itemtype=\"https:\/\/schema.org\/CreativeWork\" ><a href='https:\/\/ptdl.pl\/index.php\/2026\/03\/16\/spotkanie-naukowo-szkoleniowe-ptdl-o-lodz-25-03-2026\/' data-rel='slide-3' class='slide-image' title='Spotkanie naukowo-szkoleniowe PTDL o\/\u0141\u00f3d\u017a 25.03.2026'><img decoding=\"async\" width=\"300\" height=\"200\" src=\"https:\/\/ptdl.pl\/ptdl\/wp-content\/uploads\/2024\/06\/4d8f6fbf0ebc0b96327f5cab6a05c0b196d26414-300x200.png\" class=\"wp-image-3505 avia-img-lazy-loading-not-3505 attachment-medium size-medium wp-post-image\" alt=\"\" srcset=\"https:\/\/ptdl.pl\/ptdl\/wp-content\/uploads\/2024\/06\/4d8f6fbf0ebc0b96327f5cab6a05c0b196d26414-300x200.png 300w, https:\/\/ptdl.pl\/ptdl\/wp-content\/uploads\/2024\/06\/4d8f6fbf0ebc0b96327f5cab6a05c0b196d26414-705x470.png 705w, https:\/\/ptdl.pl\/ptdl\/wp-content\/uploads\/2024\/06\/4d8f6fbf0ebc0b96327f5cab6a05c0b196d26414.png 744w\" sizes=\"(max-width: 300px) 100vw, 300px\" \/><\/a><div class=\"slide-content\"><header class=\"entry-content-header\"><h3 class='slide-entry-title entry-title '  itemprop=\"headline\" ><a href='https:\/\/ptdl.pl\/index.php\/2026\/03\/16\/spotkanie-naukowo-szkoleniowe-ptdl-o-lodz-25-03-2026\/' title='Spotkanie naukowo-szkoleniowe PTDL o\/\u0141\u00f3d\u017a 25.03.2026'>Spotkanie naukowo-szkoleniowe PTDL o\/\u0141\u00f3d\u017a 25.03.2026<\/a><\/h3><span class=\"av-vertical-delimiter\"><\/span><\/header><div class=\"slide-meta\"><time class='slide-meta-time updated'  itemprop=\"datePublished\" datetime=\"2026-03-16T18:25:17+01:00\" >2026-03-16<\/time><\/div><div class='slide-entry-excerpt entry-content'  itemprop=\"text\" ><div class=\"read-more-link\"><a href=\"https:\/\/ptdl.pl\/index.php\/2026\/03\/16\/spotkanie-naukowo-szkoleniowe-ptdl-o-lodz-25-03-2026\/\" class=\"more-link\">Czytaj dalej<span class=\"more-link-arrow\"><\/span><\/a><\/div><\/div><\/div><footer class=\"entry-footer\"><\/footer><span class='hidden'>\n\t\t\t\t<span class='av-structured-data'  itemprop=\"image\" itemscope=\"itemscope\" itemtype=\"https:\/\/schema.org\/ImageObject\" >\n\t\t\t\t\t\t<span itemprop='url'>https:\/\/ptdl.pl\/ptdl\/wp-content\/uploads\/2024\/06\/4d8f6fbf0ebc0b96327f5cab6a05c0b196d26414.png<\/span>\n\t\t\t\t\t\t<span itemprop='height'>496<\/span>\n\t\t\t\t\t\t<span itemprop='width'>744<\/span>\n\t\t\t\t<\/span>\n\t\t\t\t<span class='av-structured-data'  itemprop=\"publisher\" itemtype=\"https:\/\/schema.org\/Organization\" itemscope=\"itemscope\" >\n\t\t\t\t\t\t<span itemprop='name'>dsk<\/span>\n\t\t\t\t\t\t<span itemprop='logo' itemscope itemtype='https:\/\/schema.org\/ImageObject'>\n\t\t\t\t\t\t\t<span itemprop='url'>https:\/\/ptdl.pl\/wp-content\/uploads\/2023\/03\/logo_2.svg<\/span>\n\t\t\t\t\t\t<\/span>\n\t\t\t\t<\/span><span class='av-structured-data'  itemprop=\"author\" itemscope=\"itemscope\" itemtype=\"https:\/\/schema.org\/Person\" ><span itemprop='name'>dsk<\/span><\/span><span class='av-structured-data'  itemprop=\"datePublished\" datetime=\"2023-02-03T12:54:00+01:00\" >2026-03-16 18:25:17<\/span><span class='av-structured-data'  itemprop=\"dateModified\" itemtype=\"https:\/\/schema.org\/dateModified\" >2026-03-16 18:25:17<\/span><span class='av-structured-data'  itemprop=\"mainEntityOfPage\" itemtype=\"https:\/\/schema.org\/mainEntityOfPage\" ><span itemprop='name'>Spotkanie naukowo-szkoleniowe PTDL o\/\u0141\u00f3d\u017a 25.03.2026<\/span><\/span><\/span><\/article><article class='slide-entry flex_column  post-entry post-entry-5812 slide-entry-overview slide-loop-5 slide-parity-even  av_one_third  real-thumbnail post-format-standard'  itemscope=\"itemscope\" itemtype=\"https:\/\/schema.org\/CreativeWork\" ><a href='https:\/\/ptdl.pl\/index.php\/2026\/03\/10\/zebranie-naukowo-szkoleniowe-3\/' data-rel='slide-3' class='slide-image' title='Zebranie naukowo &#8211; szkoleniowe'><img decoding=\"async\" width=\"300\" height=\"200\" src=\"https:\/\/ptdl.pl\/ptdl\/wp-content\/uploads\/2023\/02\/news_011-300x200.jpg\" class=\"wp-image-802 avia-img-lazy-loading-not-802 attachment-medium size-medium wp-post-image\" alt=\"\" srcset=\"https:\/\/ptdl.pl\/ptdl\/wp-content\/uploads\/2023\/02\/news_011-300x200.jpg 300w, https:\/\/ptdl.pl\/ptdl\/wp-content\/uploads\/2023\/02\/news_011.jpg 500w\" sizes=\"(max-width: 300px) 100vw, 300px\" \/><\/a><div class=\"slide-content\"><header class=\"entry-content-header\"><h3 class='slide-entry-title entry-title '  itemprop=\"headline\" ><a href='https:\/\/ptdl.pl\/index.php\/2026\/03\/10\/zebranie-naukowo-szkoleniowe-3\/' title='Zebranie naukowo &#8211; szkoleniowe'>Zebranie naukowo &#8211; szkoleniowe<\/a><\/h3><span class=\"av-vertical-delimiter\"><\/span><\/header><div class=\"slide-meta\"><time class='slide-meta-time updated'  itemprop=\"datePublished\" datetime=\"2026-03-10T12:13:36+01:00\" >2026-03-10<\/time><\/div><div class='slide-entry-excerpt entry-content'  itemprop=\"text\" ><div class=\"read-more-link\"><a href=\"https:\/\/ptdl.pl\/index.php\/2026\/03\/10\/zebranie-naukowo-szkoleniowe-3\/\" class=\"more-link\">Czytaj dalej<span class=\"more-link-arrow\"><\/span><\/a><\/div><\/div><\/div><footer class=\"entry-footer\"><\/footer><span class='hidden'>\n\t\t\t\t<span class='av-structured-data'  itemprop=\"image\" itemscope=\"itemscope\" itemtype=\"https:\/\/schema.org\/ImageObject\" >\n\t\t\t\t\t\t<span itemprop='url'>https:\/\/ptdl.pl\/ptdl\/wp-content\/uploads\/2023\/02\/news_011.jpg<\/span>\n\t\t\t\t\t\t<span itemprop='height'>333<\/span>\n\t\t\t\t\t\t<span itemprop='width'>500<\/span>\n\t\t\t\t<\/span>\n\t\t\t\t<span class='av-structured-data'  itemprop=\"publisher\" itemtype=\"https:\/\/schema.org\/Organization\" itemscope=\"itemscope\" >\n\t\t\t\t\t\t<span itemprop='name'>Malwina Czech<\/span>\n\t\t\t\t\t\t<span itemprop='logo' itemscope itemtype='https:\/\/schema.org\/ImageObject'>\n\t\t\t\t\t\t\t<span itemprop='url'>https:\/\/ptdl.pl\/wp-content\/uploads\/2023\/03\/logo_2.svg<\/span>\n\t\t\t\t\t\t<\/span>\n\t\t\t\t<\/span><span class='av-structured-data'  itemprop=\"author\" itemscope=\"itemscope\" itemtype=\"https:\/\/schema.org\/Person\" ><span itemprop='name'>Malwina Czech<\/span><\/span><span class='av-structured-data'  itemprop=\"datePublished\" datetime=\"2023-02-03T12:54:00+01:00\" >2026-03-10 12:13:36<\/span><span class='av-structured-data'  itemprop=\"dateModified\" itemtype=\"https:\/\/schema.org\/dateModified\" >2026-03-10 12:15:04<\/span><span class='av-structured-data'  itemprop=\"mainEntityOfPage\" itemtype=\"https:\/\/schema.org\/mainEntityOfPage\" ><span itemprop='name'>Zebranie naukowo &#8211; szkoleniowe<\/span><\/span><\/span><\/article><article class='slide-entry flex_column  post-entry post-entry-5741 slide-entry-overview slide-loop-6 slide-parity-odd  av_one_third  real-thumbnail post-format-standard'  itemscope=\"itemscope\" itemtype=\"https:\/\/schema.org\/CreativeWork\" ><a href='https:\/\/ptdl.pl\/index.php\/2026\/03\/03\/webinar-narzedzia-diagnostyczne-w-laboratoryjnej-parazytologii-medycznej-mozliwosci-i-ograniczenia-5-i-11-03-2026\/' data-rel='slide-3' class='slide-image' title='Webinar Narz\u0119dzia diagnostyczne w laboratoryjnej parazytologii medycznej \u2013 mo\u017cliwo\u015bci i ograniczenia 5 i 11.03.2026'><img decoding=\"async\" width=\"300\" height=\"184\" src=\"https:\/\/ptdl.pl\/ptdl\/wp-content\/uploads\/2026\/03\/Parazytologia-Tygiel-300x184.png\" class=\"wp-image-5742 avia-img-lazy-loading-not-5742 attachment-medium size-medium wp-post-image\" alt=\"\" srcset=\"https:\/\/ptdl.pl\/ptdl\/wp-content\/uploads\/2026\/03\/Parazytologia-Tygiel-300x184.png 300w, https:\/\/ptdl.pl\/ptdl\/wp-content\/uploads\/2026\/03\/Parazytologia-Tygiel-1030x631.png 1030w, https:\/\/ptdl.pl\/ptdl\/wp-content\/uploads\/2026\/03\/Parazytologia-Tygiel-768x471.png 768w, https:\/\/ptdl.pl\/ptdl\/wp-content\/uploads\/2026\/03\/Parazytologia-Tygiel-705x432.png 705w, https:\/\/ptdl.pl\/ptdl\/wp-content\/uploads\/2026\/03\/Parazytologia-Tygiel.png 1167w\" sizes=\"(max-width: 300px) 100vw, 300px\" \/><\/a><div class=\"slide-content\"><header class=\"entry-content-header\"><h3 class='slide-entry-title entry-title '  itemprop=\"headline\" ><a href='https:\/\/ptdl.pl\/index.php\/2026\/03\/03\/webinar-narzedzia-diagnostyczne-w-laboratoryjnej-parazytologii-medycznej-mozliwosci-i-ograniczenia-5-i-11-03-2026\/' title='Webinar Narz\u0119dzia diagnostyczne w laboratoryjnej parazytologii medycznej \u2013 mo\u017cliwo\u015bci i ograniczenia 5 i 11.03.2026'>Webinar Narz\u0119dzia diagnostyczne w laboratoryjnej parazytologii medycznej \u2013 mo\u017cliwo\u015bci i ograniczenia 5 i 11.03.2026<\/a><\/h3><span class=\"av-vertical-delimiter\"><\/span><\/header><div class=\"slide-meta\"><time class='slide-meta-time updated'  itemprop=\"datePublished\" datetime=\"2026-03-03T22:23:01+01:00\" >2026-03-03<\/time><\/div><div class='slide-entry-excerpt entry-content'  itemprop=\"text\" ><div class=\"read-more-link\"><a href=\"https:\/\/ptdl.pl\/index.php\/2026\/03\/03\/webinar-narzedzia-diagnostyczne-w-laboratoryjnej-parazytologii-medycznej-mozliwosci-i-ograniczenia-5-i-11-03-2026\/\" class=\"more-link\">Czytaj dalej<span class=\"more-link-arrow\"><\/span><\/a><\/div><\/div><\/div><footer class=\"entry-footer\"><\/footer><span class='hidden'>\n\t\t\t\t<span class='av-structured-data'  itemprop=\"image\" itemscope=\"itemscope\" itemtype=\"https:\/\/schema.org\/ImageObject\" >\n\t\t\t\t\t\t<span itemprop='url'>https:\/\/ptdl.pl\/ptdl\/wp-content\/uploads\/2026\/03\/Parazytologia-Tygiel.png<\/span>\n\t\t\t\t\t\t<span itemprop='height'>715<\/span>\n\t\t\t\t\t\t<span itemprop='width'>1167<\/span>\n\t\t\t\t<\/span>\n\t\t\t\t<span class='av-structured-data'  itemprop=\"publisher\" itemtype=\"https:\/\/schema.org\/Organization\" itemscope=\"itemscope\" >\n\t\t\t\t\t\t<span itemprop='name'>Olga Ciepiela<\/span>\n\t\t\t\t\t\t<span itemprop='logo' itemscope itemtype='https:\/\/schema.org\/ImageObject'>\n\t\t\t\t\t\t\t<span itemprop='url'>https:\/\/ptdl.pl\/wp-content\/uploads\/2023\/03\/logo_2.svg<\/span>\n\t\t\t\t\t\t<\/span>\n\t\t\t\t<\/span><span class='av-structured-data'  itemprop=\"author\" itemscope=\"itemscope\" itemtype=\"https:\/\/schema.org\/Person\" ><span itemprop='name'>Olga Ciepiela<\/span><\/span><span class='av-structured-data'  itemprop=\"datePublished\" datetime=\"2023-02-03T12:54:00+01:00\" >2026-03-03 22:23:01<\/span><span class='av-structured-data'  itemprop=\"dateModified\" itemtype=\"https:\/\/schema.org\/dateModified\" >2026-03-03 22:23:01<\/span><span class='av-structured-data'  itemprop=\"mainEntityOfPage\" itemtype=\"https:\/\/schema.org\/mainEntityOfPage\" ><span itemprop='name'>Webinar Narz\u0119dzia diagnostyczne w laboratoryjnej parazytologii medycznej \u2013 mo\u017cliwo\u015bci i ograniczenia 5 i 11.03.2026<\/span><\/span><\/span><\/article><\/div><div class=\"slide-entry-wrap\"><article class='slide-entry flex_column  post-entry post-entry-5735 slide-entry-overview slide-loop-7 slide-parity-odd  av_one_third first real-thumbnail post-format-standard'  itemscope=\"itemscope\" itemtype=\"https:\/\/schema.org\/CreativeWork\" ><a href='https:\/\/ptdl.pl\/index.php\/2026\/03\/03\/webinar-wspolne-drogi-w-hemostazie\/' data-rel='slide-3' class='slide-image' title='Webinar: Wsp\u00f3lne drogi w hemostazie 24 i 25.03.2026'><img decoding=\"async\" width=\"300\" height=\"158\" src=\"https:\/\/ptdl.pl\/ptdl\/wp-content\/uploads\/2026\/03\/Webinar-werfen-300x158.jpg\" class=\"wp-image-5739 avia-img-lazy-loading-not-5739 attachment-medium size-medium wp-post-image\" alt=\"\" srcset=\"https:\/\/ptdl.pl\/ptdl\/wp-content\/uploads\/2026\/03\/Webinar-werfen-300x158.jpg 300w, https:\/\/ptdl.pl\/ptdl\/wp-content\/uploads\/2026\/03\/Webinar-werfen-768x404.jpg 768w, https:\/\/ptdl.pl\/ptdl\/wp-content\/uploads\/2026\/03\/Webinar-werfen-710x375.jpg 710w, https:\/\/ptdl.pl\/ptdl\/wp-content\/uploads\/2026\/03\/Webinar-werfen-705x371.jpg 705w, https:\/\/ptdl.pl\/ptdl\/wp-content\/uploads\/2026\/03\/Webinar-werfen.jpg 827w\" sizes=\"(max-width: 300px) 100vw, 300px\" \/><\/a><div class=\"slide-content\"><header class=\"entry-content-header\"><h3 class='slide-entry-title entry-title '  itemprop=\"headline\" ><a href='https:\/\/ptdl.pl\/index.php\/2026\/03\/03\/webinar-wspolne-drogi-w-hemostazie\/' title='Webinar: Wsp\u00f3lne drogi w hemostazie 24 i 25.03.2026'>Webinar: Wsp\u00f3lne drogi w hemostazie 24 i 25.03.2026<\/a><\/h3><span class=\"av-vertical-delimiter\"><\/span><\/header><div class=\"slide-meta\"><time class='slide-meta-time updated'  itemprop=\"datePublished\" datetime=\"2026-03-03T22:06:13+01:00\" >2026-03-03<\/time><\/div><div class='slide-entry-excerpt entry-content'  itemprop=\"text\" ><div class=\"read-more-link\"><a href=\"https:\/\/ptdl.pl\/index.php\/2026\/03\/03\/webinar-wspolne-drogi-w-hemostazie\/\" class=\"more-link\">Czytaj dalej<span class=\"more-link-arrow\"><\/span><\/a><\/div><\/div><\/div><footer class=\"entry-footer\"><\/footer><span class='hidden'>\n\t\t\t\t<span class='av-structured-data'  itemprop=\"image\" itemscope=\"itemscope\" itemtype=\"https:\/\/schema.org\/ImageObject\" >\n\t\t\t\t\t\t<span itemprop='url'>https:\/\/ptdl.pl\/ptdl\/wp-content\/uploads\/2026\/03\/Webinar-werfen.jpg<\/span>\n\t\t\t\t\t\t<span itemprop='height'>435<\/span>\n\t\t\t\t\t\t<span itemprop='width'>827<\/span>\n\t\t\t\t<\/span>\n\t\t\t\t<span class='av-structured-data'  itemprop=\"publisher\" itemtype=\"https:\/\/schema.org\/Organization\" itemscope=\"itemscope\" >\n\t\t\t\t\t\t<span itemprop='name'>Olga Ciepiela<\/span>\n\t\t\t\t\t\t<span itemprop='logo' itemscope itemtype='https:\/\/schema.org\/ImageObject'>\n\t\t\t\t\t\t\t<span itemprop='url'>https:\/\/ptdl.pl\/wp-content\/uploads\/2023\/03\/logo_2.svg<\/span>\n\t\t\t\t\t\t<\/span>\n\t\t\t\t<\/span><span class='av-structured-data'  itemprop=\"author\" itemscope=\"itemscope\" itemtype=\"https:\/\/schema.org\/Person\" ><span itemprop='name'>Olga Ciepiela<\/span><\/span><span class='av-structured-data'  itemprop=\"datePublished\" datetime=\"2023-02-03T12:54:00+01:00\" >2026-03-03 22:06:13<\/span><span class='av-structured-data'  itemprop=\"dateModified\" itemtype=\"https:\/\/schema.org\/dateModified\" >2026-03-03 22:18:16<\/span><span class='av-structured-data'  itemprop=\"mainEntityOfPage\" itemtype=\"https:\/\/schema.org\/mainEntityOfPage\" ><span itemprop='name'>Webinar: Wsp\u00f3lne drogi w hemostazie 24 i 25.03.2026<\/span><\/span><\/span><\/article><article class='slide-entry flex_column  post-entry post-entry-5708 slide-entry-overview slide-loop-8 slide-parity-even  av_one_third  real-thumbnail post-format-standard'  itemscope=\"itemscope\" itemtype=\"https:\/\/schema.org\/CreativeWork\" ><a href='https:\/\/ptdl.pl\/index.php\/2026\/02\/24\/kurs-diagnostyka-mikroskopowa-krwi-obwodowej-i-szpiku-kostnego-2\/' data-rel='slide-3' class='slide-image' title='Kurs &#8222;Diagnostyka mikroskopowa krwi obwodowej i szpiku kostnego&#8221;'><img decoding=\"async\" width=\"292\" height=\"300\" src=\"https:\/\/ptdl.pl\/ptdl\/wp-content\/uploads\/2025\/04\/EO_9564-292x300.jpg\" class=\"wp-image-4788 avia-img-lazy-loading-not-4788 attachment-medium size-medium wp-post-image\" alt=\"\" srcset=\"https:\/\/ptdl.pl\/ptdl\/wp-content\/uploads\/2025\/04\/EO_9564-292x300.jpg 292w, https:\/\/ptdl.pl\/ptdl\/wp-content\/uploads\/2025\/04\/EO_9564-36x36.jpg 36w, https:\/\/ptdl.pl\/ptdl\/wp-content\/uploads\/2025\/04\/EO_9564.jpg 348w\" sizes=\"(max-width: 292px) 100vw, 292px\" \/><\/a><div class=\"slide-content\"><header class=\"entry-content-header\"><h3 class='slide-entry-title entry-title '  itemprop=\"headline\" ><a href='https:\/\/ptdl.pl\/index.php\/2026\/02\/24\/kurs-diagnostyka-mikroskopowa-krwi-obwodowej-i-szpiku-kostnego-2\/' title='Kurs &#8222;Diagnostyka mikroskopowa krwi obwodowej i szpiku kostnego&#8221;'>Kurs &#8222;Diagnostyka mikroskopowa krwi obwodowej i szpiku kostnego&#8221;<\/a><\/h3><span class=\"av-vertical-delimiter\"><\/span><\/header><div class=\"slide-meta\"><time class='slide-meta-time updated'  itemprop=\"datePublished\" datetime=\"2026-02-24T12:44:29+01:00\" >2026-02-24<\/time><\/div><div class='slide-entry-excerpt entry-content'  itemprop=\"text\" ><div class=\"read-more-link\"><a href=\"https:\/\/ptdl.pl\/index.php\/2026\/02\/24\/kurs-diagnostyka-mikroskopowa-krwi-obwodowej-i-szpiku-kostnego-2\/\" class=\"more-link\">Czytaj dalej<span class=\"more-link-arrow\"><\/span><\/a><\/div><\/div><\/div><footer class=\"entry-footer\"><\/footer><span class='hidden'>\n\t\t\t\t<span class='av-structured-data'  itemprop=\"image\" itemscope=\"itemscope\" itemtype=\"https:\/\/schema.org\/ImageObject\" >\n\t\t\t\t\t\t<span itemprop='url'>https:\/\/ptdl.pl\/ptdl\/wp-content\/uploads\/2025\/04\/EO_9564.jpg<\/span>\n\t\t\t\t\t\t<span itemprop='height'>358<\/span>\n\t\t\t\t\t\t<span itemprop='width'>348<\/span>\n\t\t\t\t<\/span>\n\t\t\t\t<span class='av-structured-data'  itemprop=\"publisher\" itemtype=\"https:\/\/schema.org\/Organization\" itemscope=\"itemscope\" >\n\t\t\t\t\t\t<span itemprop='name'>Malwina Czech<\/span>\n\t\t\t\t\t\t<span itemprop='logo' itemscope itemtype='https:\/\/schema.org\/ImageObject'>\n\t\t\t\t\t\t\t<span itemprop='url'>https:\/\/ptdl.pl\/wp-content\/uploads\/2023\/03\/logo_2.svg<\/span>\n\t\t\t\t\t\t<\/span>\n\t\t\t\t<\/span><span class='av-structured-data'  itemprop=\"author\" itemscope=\"itemscope\" itemtype=\"https:\/\/schema.org\/Person\" ><span itemprop='name'>Malwina Czech<\/span><\/span><span class='av-structured-data'  itemprop=\"datePublished\" datetime=\"2023-02-03T12:54:00+01:00\" >2026-02-24 12:44:29<\/span><span class='av-structured-data'  itemprop=\"dateModified\" itemtype=\"https:\/\/schema.org\/dateModified\" >2026-03-09 08:16:20<\/span><span class='av-structured-data'  itemprop=\"mainEntityOfPage\" itemtype=\"https:\/\/schema.org\/mainEntityOfPage\" ><span itemprop='name'>Kurs &#8222;Diagnostyka mikroskopowa krwi obwodowej i szpiku kostnego&#8221;<\/span><\/span><\/span><\/article><article class='slide-entry flex_column  post-entry post-entry-5668 slide-entry-overview slide-loop-9 slide-parity-odd  av_one_third  real-thumbnail post-format-standard'  itemscope=\"itemscope\" itemtype=\"https:\/\/schema.org\/CreativeWork\" ><a href='https:\/\/ptdl.pl\/index.php\/2026\/02\/17\/ptdl-lodz-spotkanie-naukowo-szkoleniowe-26-02-2026r\/' data-rel='slide-3' class='slide-image' title='PTDL \u0141\u00f3d\u017a &#8211; Spotkanie naukowo-szkoleniowe 26.02.2026r.'><img decoding=\"async\" width=\"300\" height=\"200\" src=\"https:\/\/ptdl.pl\/ptdl\/wp-content\/uploads\/2024\/06\/4d8f6fbf0ebc0b96327f5cab6a05c0b196d26414-300x200.png\" class=\"wp-image-3505 avia-img-lazy-loading-not-3505 attachment-medium size-medium wp-post-image\" alt=\"\" srcset=\"https:\/\/ptdl.pl\/ptdl\/wp-content\/uploads\/2024\/06\/4d8f6fbf0ebc0b96327f5cab6a05c0b196d26414-300x200.png 300w, https:\/\/ptdl.pl\/ptdl\/wp-content\/uploads\/2024\/06\/4d8f6fbf0ebc0b96327f5cab6a05c0b196d26414-705x470.png 705w, https:\/\/ptdl.pl\/ptdl\/wp-content\/uploads\/2024\/06\/4d8f6fbf0ebc0b96327f5cab6a05c0b196d26414.png 744w\" sizes=\"(max-width: 300px) 100vw, 300px\" \/><\/a><div class=\"slide-content\"><header class=\"entry-content-header\"><h3 class='slide-entry-title entry-title '  itemprop=\"headline\" ><a href='https:\/\/ptdl.pl\/index.php\/2026\/02\/17\/ptdl-lodz-spotkanie-naukowo-szkoleniowe-26-02-2026r\/' title='PTDL \u0141\u00f3d\u017a &#8211; Spotkanie naukowo-szkoleniowe 26.02.2026r.'>PTDL \u0141\u00f3d\u017a &#8211; Spotkanie naukowo-szkoleniowe 26.02.2026r.<\/a><\/h3><span class=\"av-vertical-delimiter\"><\/span><\/header><div class=\"slide-meta\"><time class='slide-meta-time updated'  itemprop=\"datePublished\" datetime=\"2026-02-17T16:39:13+01:00\" >2026-02-17<\/time><\/div><div class='slide-entry-excerpt entry-content'  itemprop=\"text\" ><div class=\"read-more-link\"><a href=\"https:\/\/ptdl.pl\/index.php\/2026\/02\/17\/ptdl-lodz-spotkanie-naukowo-szkoleniowe-26-02-2026r\/\" class=\"more-link\">Czytaj dalej<span class=\"more-link-arrow\"><\/span><\/a><\/div><\/div><\/div><footer class=\"entry-footer\"><\/footer><span class='hidden'>\n\t\t\t\t<span class='av-structured-data'  itemprop=\"image\" itemscope=\"itemscope\" itemtype=\"https:\/\/schema.org\/ImageObject\" >\n\t\t\t\t\t\t<span itemprop='url'>https:\/\/ptdl.pl\/ptdl\/wp-content\/uploads\/2024\/06\/4d8f6fbf0ebc0b96327f5cab6a05c0b196d26414.png<\/span>\n\t\t\t\t\t\t<span itemprop='height'>496<\/span>\n\t\t\t\t\t\t<span itemprop='width'>744<\/span>\n\t\t\t\t<\/span>\n\t\t\t\t<span class='av-structured-data'  itemprop=\"publisher\" itemtype=\"https:\/\/schema.org\/Organization\" itemscope=\"itemscope\" >\n\t\t\t\t\t\t<span itemprop='name'>dsk<\/span>\n\t\t\t\t\t\t<span itemprop='logo' itemscope itemtype='https:\/\/schema.org\/ImageObject'>\n\t\t\t\t\t\t\t<span itemprop='url'>https:\/\/ptdl.pl\/wp-content\/uploads\/2023\/03\/logo_2.svg<\/span>\n\t\t\t\t\t\t<\/span>\n\t\t\t\t<\/span><span class='av-structured-data'  itemprop=\"author\" itemscope=\"itemscope\" itemtype=\"https:\/\/schema.org\/Person\" ><span itemprop='name'>dsk<\/span><\/span><span class='av-structured-data'  itemprop=\"datePublished\" datetime=\"2023-02-03T12:54:00+01:00\" >2026-02-17 16:39:13<\/span><span class='av-structured-data'  itemprop=\"dateModified\" itemtype=\"https:\/\/schema.org\/dateModified\" >2026-02-17 16:39:13<\/span><span class='av-structured-data'  itemprop=\"mainEntityOfPage\" itemtype=\"https:\/\/schema.org\/mainEntityOfPage\" ><span itemprop='name'>PTDL \u0141\u00f3d\u017a &#8211; Spotkanie naukowo-szkoleniowe 26.02.2026r.<\/span><\/span><\/span><\/article><\/div><div class=\"slide-entry-wrap\"><article class='slide-entry flex_column  post-entry post-entry-5582 slide-entry-overview slide-loop-10 slide-parity-odd  av_one_third first real-thumbnail post-format-standard'  itemscope=\"itemscope\" itemtype=\"https:\/\/schema.org\/CreativeWork\" ><a href='https:\/\/ptdl.pl\/index.php\/2026\/01\/07\/zmiana-terminu-najblizszego-sympozjum-sobotniego\/' data-rel='slide-3' class='slide-image' title='Odzia\u0142 Krak\u00f3w !zmiana terminu najbli\u017cszego sympozjum sobotniego! na 21 lutego 2026'><img decoding=\"async\" width=\"300\" height=\"185\" src=\"https:\/\/ptdl.pl\/ptdl\/wp-content\/uploads\/2025\/10\/Department_of_Anatomy_Faculty_of_Medicine_Jagiellonian_University_Theatrum_Anatomicum_12_Kopernika_street_Krakow_Poland-300x185.jpg\" class=\"wp-image-5262 avia-img-lazy-loading-not-5262 attachment-medium size-medium wp-post-image\" alt=\"\" srcset=\"https:\/\/ptdl.pl\/ptdl\/wp-content\/uploads\/2025\/10\/Department_of_Anatomy_Faculty_of_Medicine_Jagiellonian_University_Theatrum_Anatomicum_12_Kopernika_street_Krakow_Poland-300x185.jpg 300w, https:\/\/ptdl.pl\/ptdl\/wp-content\/uploads\/2025\/10\/Department_of_Anatomy_Faculty_of_Medicine_Jagiellonian_University_Theatrum_Anatomicum_12_Kopernika_street_Krakow_Poland-1030x635.jpg 1030w, https:\/\/ptdl.pl\/ptdl\/wp-content\/uploads\/2025\/10\/Department_of_Anatomy_Faculty_of_Medicine_Jagiellonian_University_Theatrum_Anatomicum_12_Kopernika_street_Krakow_Poland-768x474.jpg 768w, https:\/\/ptdl.pl\/ptdl\/wp-content\/uploads\/2025\/10\/Department_of_Anatomy_Faculty_of_Medicine_Jagiellonian_University_Theatrum_Anatomicum_12_Kopernika_street_Krakow_Poland-1536x948.jpg 1536w, https:\/\/ptdl.pl\/ptdl\/wp-content\/uploads\/2025\/10\/Department_of_Anatomy_Faculty_of_Medicine_Jagiellonian_University_Theatrum_Anatomicum_12_Kopernika_street_Krakow_Poland-2048x1264.jpg 2048w, https:\/\/ptdl.pl\/ptdl\/wp-content\/uploads\/2025\/10\/Department_of_Anatomy_Faculty_of_Medicine_Jagiellonian_University_Theatrum_Anatomicum_12_Kopernika_street_Krakow_Poland-1500x925.jpg 1500w, https:\/\/ptdl.pl\/ptdl\/wp-content\/uploads\/2025\/10\/Department_of_Anatomy_Faculty_of_Medicine_Jagiellonian_University_Theatrum_Anatomicum_12_Kopernika_street_Krakow_Poland-705x435.jpg 705w\" sizes=\"(max-width: 300px) 100vw, 300px\" \/><\/a><div class=\"slide-content\"><header class=\"entry-content-header\"><h3 class='slide-entry-title entry-title '  itemprop=\"headline\" ><a href='https:\/\/ptdl.pl\/index.php\/2026\/01\/07\/zmiana-terminu-najblizszego-sympozjum-sobotniego\/' title='Odzia\u0142 Krak\u00f3w !zmiana terminu najbli\u017cszego sympozjum sobotniego! na 21 lutego 2026'>Odzia\u0142 Krak\u00f3w !zmiana terminu najbli\u017cszego sympozjum sobotniego! na 21 lutego 2026<\/a><\/h3><span class=\"av-vertical-delimiter\"><\/span><\/header><div class=\"slide-meta\"><time class='slide-meta-time updated'  itemprop=\"datePublished\" datetime=\"2026-01-07T15:20:14+01:00\" >2026-01-07<\/time><\/div><div class='slide-entry-excerpt entry-content'  itemprop=\"text\" ><div class=\"read-more-link\"><a href=\"https:\/\/ptdl.pl\/index.php\/2026\/01\/07\/zmiana-terminu-najblizszego-sympozjum-sobotniego\/\" class=\"more-link\">Czytaj dalej<span class=\"more-link-arrow\"><\/span><\/a><\/div><\/div><\/div><footer class=\"entry-footer\"><\/footer><span class='hidden'>\n\t\t\t\t<span class='av-structured-data'  itemprop=\"image\" itemscope=\"itemscope\" itemtype=\"https:\/\/schema.org\/ImageObject\" >\n\t\t\t\t\t\t<span itemprop='url'>https:\/\/ptdl.pl\/ptdl\/wp-content\/uploads\/2025\/10\/Department_of_Anatomy_Faculty_of_Medicine_Jagiellonian_University_Theatrum_Anatomicum_12_Kopernika_street_Krakow_Poland-scaled.jpg<\/span>\n\t\t\t\t\t\t<span itemprop='height'>1579<\/span>\n\t\t\t\t\t\t<span itemprop='width'>2560<\/span>\n\t\t\t\t<\/span>\n\t\t\t\t<span class='av-structured-data'  itemprop=\"publisher\" itemtype=\"https:\/\/schema.org\/Organization\" itemscope=\"itemscope\" >\n\t\t\t\t\t\t<span itemprop='name'>Anna Z\u0105bek-Adamska<\/span>\n\t\t\t\t\t\t<span itemprop='logo' itemscope itemtype='https:\/\/schema.org\/ImageObject'>\n\t\t\t\t\t\t\t<span itemprop='url'>https:\/\/ptdl.pl\/wp-content\/uploads\/2023\/03\/logo_2.svg<\/span>\n\t\t\t\t\t\t<\/span>\n\t\t\t\t<\/span><span class='av-structured-data'  itemprop=\"author\" itemscope=\"itemscope\" itemtype=\"https:\/\/schema.org\/Person\" ><span itemprop='name'>Anna Z\u0105bek-Adamska<\/span><\/span><span class='av-structured-data'  itemprop=\"datePublished\" datetime=\"2023-02-03T12:54:00+01:00\" >2026-01-07 15:20:14<\/span><span class='av-structured-data'  itemprop=\"dateModified\" itemtype=\"https:\/\/schema.org\/dateModified\" >2026-01-07 15:24:25<\/span><span class='av-structured-data'  itemprop=\"mainEntityOfPage\" itemtype=\"https:\/\/schema.org\/mainEntityOfPage\" ><span itemprop='name'>Odzia\u0142 Krak\u00f3w !zmiana terminu najbli\u017cszego sympozjum sobotniego! na 21 lutego 2026<\/span><\/span><\/span><\/article><article class='slide-entry flex_column  post-entry post-entry-5557 slide-entry-overview slide-loop-11 slide-parity-even  av_one_third  real-thumbnail post-format-standard'  itemscope=\"itemscope\" itemtype=\"https:\/\/schema.org\/CreativeWork\" ><a href='https:\/\/ptdl.pl\/index.php\/2025\/12\/22\/zebranie-naukowo-szkoleniowe-2\/' data-rel='slide-3' class='slide-image' title='Zebranie naukowo &#8211; szkoleniowe'><img decoding=\"async\" width=\"300\" height=\"200\" src=\"https:\/\/ptdl.pl\/ptdl\/wp-content\/uploads\/2023\/02\/news_011-300x200.jpg\" class=\"wp-image-802 avia-img-lazy-loading-not-802 attachment-medium size-medium wp-post-image\" alt=\"\" srcset=\"https:\/\/ptdl.pl\/ptdl\/wp-content\/uploads\/2023\/02\/news_011-300x200.jpg 300w, https:\/\/ptdl.pl\/ptdl\/wp-content\/uploads\/2023\/02\/news_011.jpg 500w\" sizes=\"(max-width: 300px) 100vw, 300px\" \/><\/a><div class=\"slide-content\"><header class=\"entry-content-header\"><h3 class='slide-entry-title entry-title '  itemprop=\"headline\" ><a href='https:\/\/ptdl.pl\/index.php\/2025\/12\/22\/zebranie-naukowo-szkoleniowe-2\/' title='Zebranie naukowo &#8211; szkoleniowe'>Zebranie naukowo &#8211; szkoleniowe<\/a><\/h3><span class=\"av-vertical-delimiter\"><\/span><\/header><div class=\"slide-meta\"><time class='slide-meta-time updated'  itemprop=\"datePublished\" datetime=\"2025-12-22T07:49:37+01:00\" >2025-12-22<\/time><\/div><div class='slide-entry-excerpt entry-content'  itemprop=\"text\" ><div class=\"read-more-link\"><a href=\"https:\/\/ptdl.pl\/index.php\/2025\/12\/22\/zebranie-naukowo-szkoleniowe-2\/\" class=\"more-link\">Czytaj dalej<span class=\"more-link-arrow\"><\/span><\/a><\/div><\/div><\/div><footer class=\"entry-footer\"><\/footer><span class='hidden'>\n\t\t\t\t<span class='av-structured-data'  itemprop=\"image\" itemscope=\"itemscope\" itemtype=\"https:\/\/schema.org\/ImageObject\" >\n\t\t\t\t\t\t<span itemprop='url'>https:\/\/ptdl.pl\/ptdl\/wp-content\/uploads\/2023\/02\/news_011.jpg<\/span>\n\t\t\t\t\t\t<span itemprop='height'>333<\/span>\n\t\t\t\t\t\t<span itemprop='width'>500<\/span>\n\t\t\t\t<\/span>\n\t\t\t\t<span class='av-structured-data'  itemprop=\"publisher\" itemtype=\"https:\/\/schema.org\/Organization\" itemscope=\"itemscope\" >\n\t\t\t\t\t\t<span itemprop='name'>Malwina Czech<\/span>\n\t\t\t\t\t\t<span itemprop='logo' itemscope itemtype='https:\/\/schema.org\/ImageObject'>\n\t\t\t\t\t\t\t<span itemprop='url'>https:\/\/ptdl.pl\/wp-content\/uploads\/2023\/03\/logo_2.svg<\/span>\n\t\t\t\t\t\t<\/span>\n\t\t\t\t<\/span><span class='av-structured-data'  itemprop=\"author\" itemscope=\"itemscope\" itemtype=\"https:\/\/schema.org\/Person\" ><span itemprop='name'>Malwina Czech<\/span><\/span><span class='av-structured-data'  itemprop=\"datePublished\" datetime=\"2023-02-03T12:54:00+01:00\" >2025-12-22 07:49:37<\/span><span class='av-structured-data'  itemprop=\"dateModified\" itemtype=\"https:\/\/schema.org\/dateModified\" >2025-12-30 21:10:49<\/span><span class='av-structured-data'  itemprop=\"mainEntityOfPage\" itemtype=\"https:\/\/schema.org\/mainEntityOfPage\" ><span itemprop='name'>Zebranie naukowo &#8211; szkoleniowe<\/span><\/span><\/span><\/article><article class='slide-entry flex_column  post-entry post-entry-5493 slide-entry-overview slide-loop-12 slide-parity-odd  av_one_third  real-thumbnail post-format-standard'  itemscope=\"itemscope\" itemtype=\"https:\/\/schema.org\/CreativeWork\" ><a href='https:\/\/ptdl.pl\/index.php\/2025\/11\/26\/spotkanie-naukowo-szkoleniowe-ptdl-oddzial-w-lodzi-18-grudnia-2025r\/' data-rel='slide-3' class='slide-image' title='\u015awi\u0105teczne spotkanie naukowo-szkoleniowe PTDL Oddzia\u0142 w \u0141odzi &#8211; 18 grudnia 2025r.'><img decoding=\"async\" width=\"300\" height=\"196\" src=\"https:\/\/ptdl.pl\/ptdl\/wp-content\/uploads\/2025\/06\/oddzial_lodz3-300x196.jpg\" class=\"wp-image-5082 avia-img-lazy-loading-not-5082 attachment-medium size-medium wp-post-image\" alt=\"\" srcset=\"https:\/\/ptdl.pl\/ptdl\/wp-content\/uploads\/2025\/06\/oddzial_lodz3-300x196.jpg 300w, https:\/\/ptdl.pl\/ptdl\/wp-content\/uploads\/2025\/06\/oddzial_lodz3-768x501.jpg 768w, https:\/\/ptdl.pl\/ptdl\/wp-content\/uploads\/2025\/06\/oddzial_lodz3-705x460.jpg 705w, https:\/\/ptdl.pl\/ptdl\/wp-content\/uploads\/2025\/06\/oddzial_lodz3.jpg 960w\" sizes=\"(max-width: 300px) 100vw, 300px\" \/><\/a><div class=\"slide-content\"><header class=\"entry-content-header\"><h3 class='slide-entry-title entry-title '  itemprop=\"headline\" ><a href='https:\/\/ptdl.pl\/index.php\/2025\/11\/26\/spotkanie-naukowo-szkoleniowe-ptdl-oddzial-w-lodzi-18-grudnia-2025r\/' title='\u015awi\u0105teczne spotkanie naukowo-szkoleniowe PTDL Oddzia\u0142 w \u0141odzi &#8211; 18 grudnia 2025r.'>\u015awi\u0105teczne spotkanie naukowo-szkoleniowe PTDL Oddzia\u0142 w \u0141odzi &#8211; 18 grudnia 2025r.<\/a><\/h3><span class=\"av-vertical-delimiter\"><\/span><\/header><div class=\"slide-meta\"><time class='slide-meta-time updated'  itemprop=\"datePublished\" datetime=\"2025-11-26T14:54:53+01:00\" >2025-11-26<\/time><\/div><div class='slide-entry-excerpt entry-content'  itemprop=\"text\" ><div class=\"read-more-link\"><a href=\"https:\/\/ptdl.pl\/index.php\/2025\/11\/26\/spotkanie-naukowo-szkoleniowe-ptdl-oddzial-w-lodzi-18-grudnia-2025r\/\" class=\"more-link\">Czytaj dalej<span class=\"more-link-arrow\"><\/span><\/a><\/div><\/div><\/div><footer class=\"entry-footer\"><\/footer><span class='hidden'>\n\t\t\t\t<span class='av-structured-data'  itemprop=\"image\" itemscope=\"itemscope\" itemtype=\"https:\/\/schema.org\/ImageObject\" >\n\t\t\t\t\t\t<span itemprop='url'>https:\/\/ptdl.pl\/ptdl\/wp-content\/uploads\/2025\/06\/oddzial_lodz3.jpg<\/span>\n\t\t\t\t\t\t<span itemprop='height'>626<\/span>\n\t\t\t\t\t\t<span itemprop='width'>960<\/span>\n\t\t\t\t<\/span>\n\t\t\t\t<span class='av-structured-data'  itemprop=\"publisher\" itemtype=\"https:\/\/schema.org\/Organization\" itemscope=\"itemscope\" >\n\t\t\t\t\t\t<span itemprop='name'>dsk<\/span>\n\t\t\t\t\t\t<span itemprop='logo' itemscope itemtype='https:\/\/schema.org\/ImageObject'>\n\t\t\t\t\t\t\t<span itemprop='url'>https:\/\/ptdl.pl\/wp-content\/uploads\/2023\/03\/logo_2.svg<\/span>\n\t\t\t\t\t\t<\/span>\n\t\t\t\t<\/span><span class='av-structured-data'  itemprop=\"author\" itemscope=\"itemscope\" itemtype=\"https:\/\/schema.org\/Person\" ><span itemprop='name'>dsk<\/span><\/span><span class='av-structured-data'  itemprop=\"datePublished\" datetime=\"2023-02-03T12:54:00+01:00\" >2025-11-26 14:54:53<\/span><span class='av-structured-data'  itemprop=\"dateModified\" itemtype=\"https:\/\/schema.org\/dateModified\" >2025-11-26 14:58:25<\/span><span class='av-structured-data'  itemprop=\"mainEntityOfPage\" itemtype=\"https:\/\/schema.org\/mainEntityOfPage\" ><span itemprop='name'>\u015awi\u0105teczne spotkanie naukowo-szkoleniowe PTDL Oddzia\u0142 w \u0141odzi &#8211; 18 grudnia 2025r.<\/span><\/span><\/span><\/article><\/div><div class=\"slide-entry-wrap\"><article class='slide-entry flex_column  post-entry post-entry-5489 slide-entry-overview slide-loop-13 slide-parity-odd  av_one_third first real-thumbnail post-format-standard'  itemscope=\"itemscope\" itemtype=\"https:\/\/schema.org\/CreativeWork\" ><a href='https:\/\/ptdl.pl\/index.php\/2025\/11\/25\/swiateczne-zebranie-naukowo-szkoleniowe\/' data-rel='slide-3' class='slide-image' title='\u015awi\u0105teczne zebranie naukowo &#8211; szkoleniowe'><img decoding=\"async\" width=\"300\" height=\"200\" src=\"https:\/\/ptdl.pl\/ptdl\/wp-content\/uploads\/2023\/02\/news_010-300x200.jpg\" class=\"wp-image-801 avia-img-lazy-loading-not-801 attachment-medium size-medium wp-post-image\" alt=\"\" srcset=\"https:\/\/ptdl.pl\/ptdl\/wp-content\/uploads\/2023\/02\/news_010-300x200.jpg 300w, https:\/\/ptdl.pl\/ptdl\/wp-content\/uploads\/2023\/02\/news_010.jpg 500w\" sizes=\"(max-width: 300px) 100vw, 300px\" \/><\/a><div class=\"slide-content\"><header class=\"entry-content-header\"><h3 class='slide-entry-title entry-title '  itemprop=\"headline\" ><a href='https:\/\/ptdl.pl\/index.php\/2025\/11\/25\/swiateczne-zebranie-naukowo-szkoleniowe\/' title='\u015awi\u0105teczne zebranie naukowo &#8211; szkoleniowe'>\u015awi\u0105teczne zebranie naukowo &#8211; szkoleniowe<\/a><\/h3><span class=\"av-vertical-delimiter\"><\/span><\/header><div class=\"slide-meta\"><time class='slide-meta-time updated'  itemprop=\"datePublished\" datetime=\"2025-11-25T22:13:59+01:00\" >2025-11-25<\/time><\/div><div class='slide-entry-excerpt entry-content'  itemprop=\"text\" ><div class=\"read-more-link\"><a href=\"https:\/\/ptdl.pl\/index.php\/2025\/11\/25\/swiateczne-zebranie-naukowo-szkoleniowe\/\" class=\"more-link\">Czytaj dalej<span class=\"more-link-arrow\"><\/span><\/a><\/div><\/div><\/div><footer class=\"entry-footer\"><\/footer><span class='hidden'>\n\t\t\t\t<span class='av-structured-data'  itemprop=\"image\" itemscope=\"itemscope\" itemtype=\"https:\/\/schema.org\/ImageObject\" >\n\t\t\t\t\t\t<span itemprop='url'>https:\/\/ptdl.pl\/ptdl\/wp-content\/uploads\/2023\/02\/news_010.jpg<\/span>\n\t\t\t\t\t\t<span itemprop='height'>333<\/span>\n\t\t\t\t\t\t<span itemprop='width'>500<\/span>\n\t\t\t\t<\/span>\n\t\t\t\t<span class='av-structured-data'  itemprop=\"publisher\" itemtype=\"https:\/\/schema.org\/Organization\" itemscope=\"itemscope\" >\n\t\t\t\t\t\t<span itemprop='name'>Malwina Czech<\/span>\n\t\t\t\t\t\t<span itemprop='logo' itemscope itemtype='https:\/\/schema.org\/ImageObject'>\n\t\t\t\t\t\t\t<span itemprop='url'>https:\/\/ptdl.pl\/wp-content\/uploads\/2023\/03\/logo_2.svg<\/span>\n\t\t\t\t\t\t<\/span>\n\t\t\t\t<\/span><span class='av-structured-data'  itemprop=\"author\" itemscope=\"itemscope\" itemtype=\"https:\/\/schema.org\/Person\" ><span itemprop='name'>Malwina Czech<\/span><\/span><span class='av-structured-data'  itemprop=\"datePublished\" datetime=\"2023-02-03T12:54:00+01:00\" >2025-11-25 22:13:59<\/span><span class='av-structured-data'  itemprop=\"dateModified\" itemtype=\"https:\/\/schema.org\/dateModified\" >2025-11-25 22:13:59<\/span><span class='av-structured-data'  itemprop=\"mainEntityOfPage\" itemtype=\"https:\/\/schema.org\/mainEntityOfPage\" ><span itemprop='name'>\u015awi\u0105teczne zebranie naukowo &#8211; szkoleniowe<\/span><\/span><\/span><\/article><article class='slide-entry flex_column  post-entry post-entry-5355 slide-entry-overview slide-loop-14 slide-parity-even  av_one_third  real-thumbnail post-format-standard'  itemscope=\"itemscope\" itemtype=\"https:\/\/schema.org\/CreativeWork\" ><a href='https:\/\/ptdl.pl\/index.php\/2025\/10\/14\/ptdl-lodz-spotkanie-naukowo-szkoleniowe-22-10-2025r\/' data-rel='slide-3' class='slide-image' title='PTDL \u0141\u00f3d\u017a \u2013 Spotkanie naukowo-szkoleniowe 22.10.2025r.'><img decoding=\"async\" width=\"300\" height=\"200\" src=\"https:\/\/ptdl.pl\/ptdl\/wp-content\/uploads\/2024\/06\/4d8f6fbf0ebc0b96327f5cab6a05c0b196d26414-300x200.png\" class=\"wp-image-3505 avia-img-lazy-loading-not-3505 attachment-medium size-medium wp-post-image\" alt=\"\" srcset=\"https:\/\/ptdl.pl\/ptdl\/wp-content\/uploads\/2024\/06\/4d8f6fbf0ebc0b96327f5cab6a05c0b196d26414-300x200.png 300w, https:\/\/ptdl.pl\/ptdl\/wp-content\/uploads\/2024\/06\/4d8f6fbf0ebc0b96327f5cab6a05c0b196d26414-705x470.png 705w, https:\/\/ptdl.pl\/ptdl\/wp-content\/uploads\/2024\/06\/4d8f6fbf0ebc0b96327f5cab6a05c0b196d26414.png 744w\" sizes=\"(max-width: 300px) 100vw, 300px\" \/><\/a><div class=\"slide-content\"><header class=\"entry-content-header\"><h3 class='slide-entry-title entry-title '  itemprop=\"headline\" ><a href='https:\/\/ptdl.pl\/index.php\/2025\/10\/14\/ptdl-lodz-spotkanie-naukowo-szkoleniowe-22-10-2025r\/' title='PTDL \u0141\u00f3d\u017a \u2013 Spotkanie naukowo-szkoleniowe 22.10.2025r.'>PTDL \u0141\u00f3d\u017a \u2013 Spotkanie naukowo-szkoleniowe 22.10.2025r.<\/a><\/h3><span class=\"av-vertical-delimiter\"><\/span><\/header><div class=\"slide-meta\"><time class='slide-meta-time updated'  itemprop=\"datePublished\" datetime=\"2025-10-14T19:53:00+02:00\" >2025-10-14<\/time><\/div><div class='slide-entry-excerpt entry-content'  itemprop=\"text\" ><div class=\"read-more-link\"><a href=\"https:\/\/ptdl.pl\/index.php\/2025\/10\/14\/ptdl-lodz-spotkanie-naukowo-szkoleniowe-22-10-2025r\/\" class=\"more-link\">Czytaj dalej<span class=\"more-link-arrow\"><\/span><\/a><\/div><\/div><\/div><footer class=\"entry-footer\"><\/footer><span class='hidden'>\n\t\t\t\t<span class='av-structured-data'  itemprop=\"image\" itemscope=\"itemscope\" itemtype=\"https:\/\/schema.org\/ImageObject\" >\n\t\t\t\t\t\t<span itemprop='url'>https:\/\/ptdl.pl\/ptdl\/wp-content\/uploads\/2024\/06\/4d8f6fbf0ebc0b96327f5cab6a05c0b196d26414.png<\/span>\n\t\t\t\t\t\t<span itemprop='height'>496<\/span>\n\t\t\t\t\t\t<span itemprop='width'>744<\/span>\n\t\t\t\t<\/span>\n\t\t\t\t<span class='av-structured-data'  itemprop=\"publisher\" itemtype=\"https:\/\/schema.org\/Organization\" itemscope=\"itemscope\" >\n\t\t\t\t\t\t<span itemprop='name'>dsk<\/span>\n\t\t\t\t\t\t<span itemprop='logo' itemscope itemtype='https:\/\/schema.org\/ImageObject'>\n\t\t\t\t\t\t\t<span itemprop='url'>https:\/\/ptdl.pl\/wp-content\/uploads\/2023\/03\/logo_2.svg<\/span>\n\t\t\t\t\t\t<\/span>\n\t\t\t\t<\/span><span class='av-structured-data'  itemprop=\"author\" itemscope=\"itemscope\" itemtype=\"https:\/\/schema.org\/Person\" ><span itemprop='name'>dsk<\/span><\/span><span class='av-structured-data'  itemprop=\"datePublished\" datetime=\"2023-02-03T12:54:00+01:00\" >2025-10-14 19:53:00<\/span><span class='av-structured-data'  itemprop=\"dateModified\" itemtype=\"https:\/\/schema.org\/dateModified\" >2025-10-14 19:53:00<\/span><span class='av-structured-data'  itemprop=\"mainEntityOfPage\" itemtype=\"https:\/\/schema.org\/mainEntityOfPage\" ><span itemprop='name'>PTDL \u0141\u00f3d\u017a \u2013 Spotkanie naukowo-szkoleniowe 22.10.2025r.<\/span><\/span><\/span><\/article><article class='slide-entry flex_column  post-entry post-entry-5316 slide-entry-overview slide-loop-15 slide-parity-odd  av_one_third  real-thumbnail post-format-standard'  itemscope=\"itemscope\" itemtype=\"https:\/\/schema.org\/CreativeWork\" ><a href='https:\/\/ptdl.pl\/index.php\/2025\/10\/05\/5316\/' data-rel='slide-3' class='slide-image' title='Sympozjum naukowo-szkoleniowe\/ oddzia\u0142 Krak\u00f3w-22 listopada 2025'><img decoding=\"async\" width=\"300\" height=\"185\" src=\"https:\/\/ptdl.pl\/ptdl\/wp-content\/uploads\/2025\/10\/Department_of_Anatomy_Faculty_of_Medicine_Jagiellonian_University_Theatrum_Anatomicum_12_Kopernika_street_Krakow_Poland-300x185.jpg\" class=\"wp-image-5262 avia-img-lazy-loading-not-5262 attachment-medium size-medium wp-post-image\" alt=\"\" srcset=\"https:\/\/ptdl.pl\/ptdl\/wp-content\/uploads\/2025\/10\/Department_of_Anatomy_Faculty_of_Medicine_Jagiellonian_University_Theatrum_Anatomicum_12_Kopernika_street_Krakow_Poland-300x185.jpg 300w, https:\/\/ptdl.pl\/ptdl\/wp-content\/uploads\/2025\/10\/Department_of_Anatomy_Faculty_of_Medicine_Jagiellonian_University_Theatrum_Anatomicum_12_Kopernika_street_Krakow_Poland-1030x635.jpg 1030w, https:\/\/ptdl.pl\/ptdl\/wp-content\/uploads\/2025\/10\/Department_of_Anatomy_Faculty_of_Medicine_Jagiellonian_University_Theatrum_Anatomicum_12_Kopernika_street_Krakow_Poland-768x474.jpg 768w, https:\/\/ptdl.pl\/ptdl\/wp-content\/uploads\/2025\/10\/Department_of_Anatomy_Faculty_of_Medicine_Jagiellonian_University_Theatrum_Anatomicum_12_Kopernika_street_Krakow_Poland-1536x948.jpg 1536w, https:\/\/ptdl.pl\/ptdl\/wp-content\/uploads\/2025\/10\/Department_of_Anatomy_Faculty_of_Medicine_Jagiellonian_University_Theatrum_Anatomicum_12_Kopernika_street_Krakow_Poland-2048x1264.jpg 2048w, https:\/\/ptdl.pl\/ptdl\/wp-content\/uploads\/2025\/10\/Department_of_Anatomy_Faculty_of_Medicine_Jagiellonian_University_Theatrum_Anatomicum_12_Kopernika_street_Krakow_Poland-1500x925.jpg 1500w, https:\/\/ptdl.pl\/ptdl\/wp-content\/uploads\/2025\/10\/Department_of_Anatomy_Faculty_of_Medicine_Jagiellonian_University_Theatrum_Anatomicum_12_Kopernika_street_Krakow_Poland-705x435.jpg 705w\" sizes=\"(max-width: 300px) 100vw, 300px\" \/><\/a><div class=\"slide-content\"><header class=\"entry-content-header\"><h3 class='slide-entry-title entry-title '  itemprop=\"headline\" ><a href='https:\/\/ptdl.pl\/index.php\/2025\/10\/05\/5316\/' title='Sympozjum naukowo-szkoleniowe\/ oddzia\u0142 Krak\u00f3w-22 listopada 2025'>Sympozjum naukowo-szkoleniowe\/ oddzia\u0142 Krak\u00f3w-22 listopada 2025<\/a><\/h3><span class=\"av-vertical-delimiter\"><\/span><\/header><div class=\"slide-meta\"><time class='slide-meta-time updated'  itemprop=\"datePublished\" datetime=\"2025-10-05T12:43:23+02:00\" >2025-10-05<\/time><\/div><div class='slide-entry-excerpt entry-content'  itemprop=\"text\" ><div class=\"read-more-link\"><a href=\"https:\/\/ptdl.pl\/index.php\/2025\/10\/05\/5316\/\" class=\"more-link\">Czytaj dalej<span class=\"more-link-arrow\"><\/span><\/a><\/div><\/div><\/div><footer class=\"entry-footer\"><\/footer><span class='hidden'>\n\t\t\t\t<span class='av-structured-data'  itemprop=\"image\" itemscope=\"itemscope\" itemtype=\"https:\/\/schema.org\/ImageObject\" >\n\t\t\t\t\t\t<span itemprop='url'>https:\/\/ptdl.pl\/ptdl\/wp-content\/uploads\/2025\/10\/Department_of_Anatomy_Faculty_of_Medicine_Jagiellonian_University_Theatrum_Anatomicum_12_Kopernika_street_Krakow_Poland-scaled.jpg<\/span>\n\t\t\t\t\t\t<span itemprop='height'>1579<\/span>\n\t\t\t\t\t\t<span itemprop='width'>2560<\/span>\n\t\t\t\t<\/span>\n\t\t\t\t<span class='av-structured-data'  itemprop=\"publisher\" itemtype=\"https:\/\/schema.org\/Organization\" itemscope=\"itemscope\" >\n\t\t\t\t\t\t<span itemprop='name'>Anna Z\u0105bek-Adamska<\/span>\n\t\t\t\t\t\t<span itemprop='logo' itemscope itemtype='https:\/\/schema.org\/ImageObject'>\n\t\t\t\t\t\t\t<span itemprop='url'>https:\/\/ptdl.pl\/wp-content\/uploads\/2023\/03\/logo_2.svg<\/span>\n\t\t\t\t\t\t<\/span>\n\t\t\t\t<\/span><span class='av-structured-data'  itemprop=\"author\" itemscope=\"itemscope\" itemtype=\"https:\/\/schema.org\/Person\" ><span itemprop='name'>Anna Z\u0105bek-Adamska<\/span><\/span><span class='av-structured-data'  itemprop=\"datePublished\" datetime=\"2023-02-03T12:54:00+01:00\" >2025-10-05 12:43:23<\/span><span class='av-structured-data'  itemprop=\"dateModified\" itemtype=\"https:\/\/schema.org\/dateModified\" >2025-11-13 13:30:48<\/span><span class='av-structured-data'  itemprop=\"mainEntityOfPage\" itemtype=\"https:\/\/schema.org\/mainEntityOfPage\" ><span itemprop='name'>Sympozjum naukowo-szkoleniowe\/ oddzia\u0142 Krak\u00f3w-22 listopada 2025<\/span><\/span><\/span><\/article><\/div><div class=\"slide-entry-wrap\"><article class='slide-entry flex_column  post-entry post-entry-5039 slide-entry-overview slide-loop-16 slide-parity-odd  av_one_third first real-thumbnail post-format-standard'  itemscope=\"itemscope\" itemtype=\"https:\/\/schema.org\/CreativeWork\" ><a href='https:\/\/ptdl.pl\/index.php\/2025\/06\/05\/studia-podyplomowe-na-uniwersytecie-mikolaja-kopernika-w-toruniu\/' data-rel='slide-3' class='slide-image' title='Studia podyplomowe na Uniwersytecie Miko\u0142aja Kopernika w Toruniu'><img decoding=\"async\" width=\"300\" height=\"200\" src=\"https:\/\/ptdl.pl\/ptdl\/wp-content\/uploads\/2025\/06\/UMKwT-300x200.png\" class=\"wp-image-5042 avia-img-lazy-loading-not-5042 attachment-medium size-medium wp-post-image\" alt=\"\" srcset=\"https:\/\/ptdl.pl\/ptdl\/wp-content\/uploads\/2025\/06\/UMKwT-300x200.png 300w, https:\/\/ptdl.pl\/ptdl\/wp-content\/uploads\/2025\/06\/UMKwT.png 500w\" sizes=\"(max-width: 300px) 100vw, 300px\" \/><\/a><div class=\"slide-content\"><header class=\"entry-content-header\"><h3 class='slide-entry-title entry-title '  itemprop=\"headline\" ><a href='https:\/\/ptdl.pl\/index.php\/2025\/06\/05\/studia-podyplomowe-na-uniwersytecie-mikolaja-kopernika-w-toruniu\/' title='Studia podyplomowe na Uniwersytecie Miko\u0142aja Kopernika w Toruniu'>Studia podyplomowe na Uniwersytecie Miko\u0142aja Kopernika w Toruniu<\/a><\/h3><span class=\"av-vertical-delimiter\"><\/span><\/header><div class=\"slide-meta\"><time class='slide-meta-time updated'  itemprop=\"datePublished\" datetime=\"2025-06-05T09:35:59+02:00\" >2025-06-05<\/time><\/div><div class='slide-entry-excerpt entry-content'  itemprop=\"text\" ><div class=\"read-more-link\"><a href=\"https:\/\/ptdl.pl\/index.php\/2025\/06\/05\/studia-podyplomowe-na-uniwersytecie-mikolaja-kopernika-w-toruniu\/\" class=\"more-link\">Czytaj dalej<span class=\"more-link-arrow\"><\/span><\/a><\/div><\/div><\/div><footer class=\"entry-footer\"><\/footer><span class='hidden'>\n\t\t\t\t<span class='av-structured-data'  itemprop=\"image\" itemscope=\"itemscope\" itemtype=\"https:\/\/schema.org\/ImageObject\" >\n\t\t\t\t\t\t<span itemprop='url'>https:\/\/ptdl.pl\/ptdl\/wp-content\/uploads\/2025\/06\/UMKwT.png<\/span>\n\t\t\t\t\t\t<span itemprop='height'>333<\/span>\n\t\t\t\t\t\t<span itemprop='width'>500<\/span>\n\t\t\t\t<\/span>\n\t\t\t\t<span class='av-structured-data'  itemprop=\"publisher\" itemtype=\"https:\/\/schema.org\/Organization\" itemscope=\"itemscope\" >\n\t\t\t\t\t\t<span itemprop='name'>admin<\/span>\n\t\t\t\t\t\t<span itemprop='logo' itemscope itemtype='https:\/\/schema.org\/ImageObject'>\n\t\t\t\t\t\t\t<span itemprop='url'>https:\/\/ptdl.pl\/wp-content\/uploads\/2023\/03\/logo_2.svg<\/span>\n\t\t\t\t\t\t<\/span>\n\t\t\t\t<\/span><span class='av-structured-data'  itemprop=\"author\" itemscope=\"itemscope\" itemtype=\"https:\/\/schema.org\/Person\" ><span itemprop='name'>admin<\/span><\/span><span class='av-structured-data'  itemprop=\"datePublished\" datetime=\"2023-02-03T12:54:00+01:00\" >2025-06-05 09:35:59<\/span><span class='av-structured-data'  itemprop=\"dateModified\" itemtype=\"https:\/\/schema.org\/dateModified\" >2025-06-05 09:43:13<\/span><span class='av-structured-data'  itemprop=\"mainEntityOfPage\" itemtype=\"https:\/\/schema.org\/mainEntityOfPage\" ><span itemprop='name'>Studia podyplomowe na Uniwersytecie Miko\u0142aja Kopernika w Toruniu<\/span><\/span><\/span><\/article><article class='slide-entry flex_column  post-entry post-entry-4744 slide-entry-overview slide-loop-17 slide-parity-even  av_one_third  real-thumbnail post-format-standard'  itemscope=\"itemscope\" itemtype=\"https:\/\/schema.org\/CreativeWork\" ><a href='https:\/\/ptdl.pl\/index.php\/2025\/04\/24\/zaproszenie-na-transmisje-konferencji-z-udzialem-stena-westgarda\/' data-rel='slide-3' class='slide-image' title='Zaproszenie na transmisj\u0119 konferencji z udzia\u0142em Stena Westgarda'><img decoding=\"async\" width=\"300\" height=\"200\" src=\"https:\/\/ptdl.pl\/ptdl\/wp-content\/uploads\/2025\/04\/image002small-300x200.jpg\" class=\"wp-image-4746 avia-img-lazy-loading-not-4746 attachment-medium size-medium wp-post-image\" alt=\"\" srcset=\"https:\/\/ptdl.pl\/ptdl\/wp-content\/uploads\/2025\/04\/image002small-300x200.jpg 300w, https:\/\/ptdl.pl\/ptdl\/wp-content\/uploads\/2025\/04\/image002small.jpg 500w\" sizes=\"(max-width: 300px) 100vw, 300px\" \/><\/a><div class=\"slide-content\"><header class=\"entry-content-header\"><h3 class='slide-entry-title entry-title '  itemprop=\"headline\" ><a href='https:\/\/ptdl.pl\/index.php\/2025\/04\/24\/zaproszenie-na-transmisje-konferencji-z-udzialem-stena-westgarda\/' title='Zaproszenie na transmisj\u0119 konferencji z udzia\u0142em Stena Westgarda'>Zaproszenie na transmisj\u0119 konferencji z udzia\u0142em Stena Westgarda<\/a><\/h3><span class=\"av-vertical-delimiter\"><\/span><\/header><div class=\"slide-meta\"><time class='slide-meta-time updated'  itemprop=\"datePublished\" datetime=\"2025-04-24T11:08:39+02:00\" >2025-04-24<\/time><\/div><div class='slide-entry-excerpt entry-content'  itemprop=\"text\" ><div class=\"read-more-link\"><a href=\"https:\/\/ptdl.pl\/index.php\/2025\/04\/24\/zaproszenie-na-transmisje-konferencji-z-udzialem-stena-westgarda\/\" class=\"more-link\">Czytaj dalej<span class=\"more-link-arrow\"><\/span><\/a><\/div><\/div><\/div><footer class=\"entry-footer\"><\/footer><span class='hidden'>\n\t\t\t\t<span class='av-structured-data'  itemprop=\"image\" itemscope=\"itemscope\" itemtype=\"https:\/\/schema.org\/ImageObject\" >\n\t\t\t\t\t\t<span itemprop='url'>https:\/\/ptdl.pl\/ptdl\/wp-content\/uploads\/2025\/04\/image002small.jpg<\/span>\n\t\t\t\t\t\t<span itemprop='height'>333<\/span>\n\t\t\t\t\t\t<span itemprop='width'>500<\/span>\n\t\t\t\t<\/span>\n\t\t\t\t<span class='av-structured-data'  itemprop=\"publisher\" itemtype=\"https:\/\/schema.org\/Organization\" itemscope=\"itemscope\" >\n\t\t\t\t\t\t<span itemprop='name'>admin<\/span>\n\t\t\t\t\t\t<span itemprop='logo' itemscope itemtype='https:\/\/schema.org\/ImageObject'>\n\t\t\t\t\t\t\t<span itemprop='url'>https:\/\/ptdl.pl\/wp-content\/uploads\/2023\/03\/logo_2.svg<\/span>\n\t\t\t\t\t\t<\/span>\n\t\t\t\t<\/span><span class='av-structured-data'  itemprop=\"author\" itemscope=\"itemscope\" itemtype=\"https:\/\/schema.org\/Person\" ><span itemprop='name'>admin<\/span><\/span><span class='av-structured-data'  itemprop=\"datePublished\" datetime=\"2023-02-03T12:54:00+01:00\" >2025-04-24 11:08:39<\/span><span class='av-structured-data'  itemprop=\"dateModified\" itemtype=\"https:\/\/schema.org\/dateModified\" >2025-04-28 09:22:47<\/span><span class='av-structured-data'  itemprop=\"mainEntityOfPage\" itemtype=\"https:\/\/schema.org\/mainEntityOfPage\" ><span itemprop='name'>Zaproszenie na transmisj\u0119 konferencji z udzia\u0142em Stena Westgarda<\/span><\/span><\/span><\/article><article class='slide-entry flex_column  post-entry post-entry-4679 slide-entry-overview slide-loop-18 slide-parity-odd  av_one_third  real-thumbnail post-format-standard'  itemscope=\"itemscope\" itemtype=\"https:\/\/schema.org\/CreativeWork\" ><a href='https:\/\/ptdl.pl\/index.php\/2025\/04\/17\/wesolych-swiat-wielkanocnych\/' data-rel='slide-3' class='slide-image' title='Weso\u0142ych \u015awi\u0105t Wielkanocnych'><img decoding=\"async\" width=\"300\" height=\"200\" src=\"https:\/\/ptdl.pl\/ptdl\/wp-content\/uploads\/2024\/06\/4d8f6fbf0ebc0b96327f5cab6a05c0b196d26414-300x200.png\" class=\"wp-image-3505 avia-img-lazy-loading-not-3505 attachment-medium size-medium wp-post-image\" alt=\"\" srcset=\"https:\/\/ptdl.pl\/ptdl\/wp-content\/uploads\/2024\/06\/4d8f6fbf0ebc0b96327f5cab6a05c0b196d26414-300x200.png 300w, https:\/\/ptdl.pl\/ptdl\/wp-content\/uploads\/2024\/06\/4d8f6fbf0ebc0b96327f5cab6a05c0b196d26414-705x470.png 705w, https:\/\/ptdl.pl\/ptdl\/wp-content\/uploads\/2024\/06\/4d8f6fbf0ebc0b96327f5cab6a05c0b196d26414.png 744w\" sizes=\"(max-width: 300px) 100vw, 300px\" \/><\/a><div class=\"slide-content\"><header class=\"entry-content-header\"><h3 class='slide-entry-title entry-title '  itemprop=\"headline\" ><a href='https:\/\/ptdl.pl\/index.php\/2025\/04\/17\/wesolych-swiat-wielkanocnych\/' title='Weso\u0142ych \u015awi\u0105t Wielkanocnych'>Weso\u0142ych \u015awi\u0105t Wielkanocnych<\/a><\/h3><span class=\"av-vertical-delimiter\"><\/span><\/header><div class=\"slide-meta\"><time class='slide-meta-time updated'  itemprop=\"datePublished\" datetime=\"2025-04-17T11:16:03+02:00\" >2025-04-17<\/time><\/div><div class='slide-entry-excerpt entry-content'  itemprop=\"text\" ><div class=\"read-more-link\"><a href=\"https:\/\/ptdl.pl\/index.php\/2025\/04\/17\/wesolych-swiat-wielkanocnych\/\" class=\"more-link\">Czytaj dalej<span class=\"more-link-arrow\"><\/span><\/a><\/div><\/div><\/div><footer class=\"entry-footer\"><\/footer><span class='hidden'>\n\t\t\t\t<span class='av-structured-data'  itemprop=\"image\" itemscope=\"itemscope\" itemtype=\"https:\/\/schema.org\/ImageObject\" >\n\t\t\t\t\t\t<span itemprop='url'>https:\/\/ptdl.pl\/ptdl\/wp-content\/uploads\/2024\/06\/4d8f6fbf0ebc0b96327f5cab6a05c0b196d26414.png<\/span>\n\t\t\t\t\t\t<span itemprop='height'>496<\/span>\n\t\t\t\t\t\t<span itemprop='width'>744<\/span>\n\t\t\t\t<\/span>\n\t\t\t\t<span class='av-structured-data'  itemprop=\"publisher\" itemtype=\"https:\/\/schema.org\/Organization\" itemscope=\"itemscope\" >\n\t\t\t\t\t\t<span itemprop='name'>dsk<\/span>\n\t\t\t\t\t\t<span itemprop='logo' itemscope itemtype='https:\/\/schema.org\/ImageObject'>\n\t\t\t\t\t\t\t<span itemprop='url'>https:\/\/ptdl.pl\/wp-content\/uploads\/2023\/03\/logo_2.svg<\/span>\n\t\t\t\t\t\t<\/span>\n\t\t\t\t<\/span><span class='av-structured-data'  itemprop=\"author\" itemscope=\"itemscope\" itemtype=\"https:\/\/schema.org\/Person\" ><span itemprop='name'>dsk<\/span><\/span><span class='av-structured-data'  itemprop=\"datePublished\" datetime=\"2023-02-03T12:54:00+01:00\" >2025-04-17 11:16:03<\/span><span class='av-structured-data'  itemprop=\"dateModified\" itemtype=\"https:\/\/schema.org\/dateModified\" >2025-04-17 11:16:03<\/span><span class='av-structured-data'  itemprop=\"mainEntityOfPage\" itemtype=\"https:\/\/schema.org\/mainEntityOfPage\" ><span itemprop='name'>Weso\u0142ych \u015awi\u0105t Wielkanocnych<\/span><\/span><\/span><\/article><\/div><div class=\"slide-entry-wrap\"><article class='slide-entry flex_column  post-entry post-entry-4621 slide-entry-overview slide-loop-19 slide-parity-odd  av_one_third first real-thumbnail post-format-standard'  itemscope=\"itemscope\" itemtype=\"https:\/\/schema.org\/CreativeWork\" ><a href='https:\/\/ptdl.pl\/index.php\/2025\/04\/15\/czwartki-z-kolegium-2\/' data-rel='slide-3' class='slide-image' title='Czwartki z Kolegium'><img decoding=\"async\" width=\"300\" height=\"180\" src=\"https:\/\/ptdl.pl\/ptdl\/wp-content\/uploads\/2025\/02\/logo_KMLwP-300x180.png\" class=\"wp-image-4400 avia-img-lazy-loading-not-4400 attachment-medium size-medium wp-post-image\" alt=\"\" srcset=\"https:\/\/ptdl.pl\/ptdl\/wp-content\/uploads\/2025\/02\/logo_KMLwP-300x180.png 300w, https:\/\/ptdl.pl\/ptdl\/wp-content\/uploads\/2025\/02\/logo_KMLwP.png 555w\" sizes=\"(max-width: 300px) 100vw, 300px\" \/><\/a><div class=\"slide-content\"><header class=\"entry-content-header\"><h3 class='slide-entry-title entry-title '  itemprop=\"headline\" ><a href='https:\/\/ptdl.pl\/index.php\/2025\/04\/15\/czwartki-z-kolegium-2\/' title='Czwartki z Kolegium'>Czwartki z Kolegium<\/a><\/h3><span class=\"av-vertical-delimiter\"><\/span><\/header><div class=\"slide-meta\"><time class='slide-meta-time updated'  itemprop=\"datePublished\" datetime=\"2025-04-15T07:59:27+02:00\" >2025-04-15<\/time><\/div><div class='slide-entry-excerpt entry-content'  itemprop=\"text\" ><div class=\"read-more-link\"><a href=\"https:\/\/ptdl.pl\/index.php\/2025\/04\/15\/czwartki-z-kolegium-2\/\" class=\"more-link\">Czytaj dalej<span class=\"more-link-arrow\"><\/span><\/a><\/div><\/div><\/div><footer class=\"entry-footer\"><\/footer><span class='hidden'>\n\t\t\t\t<span class='av-structured-data'  itemprop=\"image\" itemscope=\"itemscope\" itemtype=\"https:\/\/schema.org\/ImageObject\" >\n\t\t\t\t\t\t<span itemprop='url'>https:\/\/ptdl.pl\/ptdl\/wp-content\/uploads\/2025\/02\/logo_KMLwP.png<\/span>\n\t\t\t\t\t\t<span itemprop='height'>333<\/span>\n\t\t\t\t\t\t<span itemprop='width'>555<\/span>\n\t\t\t\t<\/span>\n\t\t\t\t<span class='av-structured-data'  itemprop=\"publisher\" itemtype=\"https:\/\/schema.org\/Organization\" itemscope=\"itemscope\" >\n\t\t\t\t\t\t<span itemprop='name'>admin<\/span>\n\t\t\t\t\t\t<span itemprop='logo' itemscope itemtype='https:\/\/schema.org\/ImageObject'>\n\t\t\t\t\t\t\t<span itemprop='url'>https:\/\/ptdl.pl\/wp-content\/uploads\/2023\/03\/logo_2.svg<\/span>\n\t\t\t\t\t\t<\/span>\n\t\t\t\t<\/span><span class='av-structured-data'  itemprop=\"author\" itemscope=\"itemscope\" itemtype=\"https:\/\/schema.org\/Person\" ><span itemprop='name'>admin<\/span><\/span><span class='av-structured-data'  itemprop=\"datePublished\" datetime=\"2023-02-03T12:54:00+01:00\" >2025-04-15 07:59:27<\/span><span class='av-structured-data'  itemprop=\"dateModified\" itemtype=\"https:\/\/schema.org\/dateModified\" >2025-04-15 08:00:34<\/span><span class='av-structured-data'  itemprop=\"mainEntityOfPage\" itemtype=\"https:\/\/schema.org\/mainEntityOfPage\" ><span itemprop='name'>Czwartki z Kolegium<\/span><\/span><\/span><\/article><article class='slide-entry flex_column  post-entry post-entry-4594 slide-entry-overview slide-loop-20 slide-parity-even  av_one_third  real-thumbnail post-format-standard'  itemscope=\"itemscope\" itemtype=\"https:\/\/schema.org\/CreativeWork\" ><a href='https:\/\/ptdl.pl\/index.php\/2025\/04\/05\/ptdl-lodz-spotkanie-naukowo-szkoleniowe-10-kwietnia-2025r\/' data-rel='slide-3' class='slide-image' title='PTDL \u0141\u00f3d\u017a &#8211; Spotkanie naukowo-szkoleniowe 10 kwietnia 2025r.'><img decoding=\"async\" width=\"300\" height=\"200\" src=\"https:\/\/ptdl.pl\/ptdl\/wp-content\/uploads\/2024\/05\/ogrod_MML-2-scaled-1-300x200.jpg\" class=\"wp-image-3393 avia-img-lazy-loading-not-3393 attachment-medium size-medium wp-post-image\" alt=\"\" srcset=\"https:\/\/ptdl.pl\/ptdl\/wp-content\/uploads\/2024\/05\/ogrod_MML-2-scaled-1-300x200.jpg 300w, https:\/\/ptdl.pl\/ptdl\/wp-content\/uploads\/2024\/05\/ogrod_MML-2-scaled-1-768x512.jpg 768w, https:\/\/ptdl.pl\/ptdl\/wp-content\/uploads\/2024\/05\/ogrod_MML-2-scaled-1-705x470.jpg 705w, https:\/\/ptdl.pl\/ptdl\/wp-content\/uploads\/2024\/05\/ogrod_MML-2-scaled-1.jpg 1024w\" sizes=\"(max-width: 300px) 100vw, 300px\" \/><\/a><div class=\"slide-content\"><header class=\"entry-content-header\"><h3 class='slide-entry-title entry-title '  itemprop=\"headline\" ><a href='https:\/\/ptdl.pl\/index.php\/2025\/04\/05\/ptdl-lodz-spotkanie-naukowo-szkoleniowe-10-kwietnia-2025r\/' title='PTDL \u0141\u00f3d\u017a &#8211; Spotkanie naukowo-szkoleniowe 10 kwietnia 2025r.'>PTDL \u0141\u00f3d\u017a &#8211; Spotkanie naukowo-szkoleniowe 10 kwietnia 2025r.<\/a><\/h3><span class=\"av-vertical-delimiter\"><\/span><\/header><div class=\"slide-meta\"><time class='slide-meta-time updated'  itemprop=\"datePublished\" datetime=\"2025-04-05T22:27:02+02:00\" >2025-04-05<\/time><\/div><div class='slide-entry-excerpt entry-content'  itemprop=\"text\" ><div class=\"read-more-link\"><a href=\"https:\/\/ptdl.pl\/index.php\/2025\/04\/05\/ptdl-lodz-spotkanie-naukowo-szkoleniowe-10-kwietnia-2025r\/\" class=\"more-link\">Czytaj dalej<span class=\"more-link-arrow\"><\/span><\/a><\/div><\/div><\/div><footer class=\"entry-footer\"><\/footer><span class='hidden'>\n\t\t\t\t<span class='av-structured-data'  itemprop=\"image\" itemscope=\"itemscope\" itemtype=\"https:\/\/schema.org\/ImageObject\" >\n\t\t\t\t\t\t<span itemprop='url'>https:\/\/ptdl.pl\/ptdl\/wp-content\/uploads\/2024\/05\/ogrod_MML-2-scaled-1.jpg<\/span>\n\t\t\t\t\t\t<span itemprop='height'>683<\/span>\n\t\t\t\t\t\t<span itemprop='width'>1024<\/span>\n\t\t\t\t<\/span>\n\t\t\t\t<span class='av-structured-data'  itemprop=\"publisher\" itemtype=\"https:\/\/schema.org\/Organization\" itemscope=\"itemscope\" >\n\t\t\t\t\t\t<span itemprop='name'>dsk<\/span>\n\t\t\t\t\t\t<span itemprop='logo' itemscope itemtype='https:\/\/schema.org\/ImageObject'>\n\t\t\t\t\t\t\t<span itemprop='url'>https:\/\/ptdl.pl\/wp-content\/uploads\/2023\/03\/logo_2.svg<\/span>\n\t\t\t\t\t\t<\/span>\n\t\t\t\t<\/span><span class='av-structured-data'  itemprop=\"author\" itemscope=\"itemscope\" itemtype=\"https:\/\/schema.org\/Person\" ><span itemprop='name'>dsk<\/span><\/span><span class='av-structured-data'  itemprop=\"datePublished\" datetime=\"2023-02-03T12:54:00+01:00\" >2025-04-05 22:27:02<\/span><span class='av-structured-data'  itemprop=\"dateModified\" itemtype=\"https:\/\/schema.org\/dateModified\" >2025-04-05 22:27:02<\/span><span class='av-structured-data'  itemprop=\"mainEntityOfPage\" itemtype=\"https:\/\/schema.org\/mainEntityOfPage\" ><span itemprop='name'>PTDL \u0141\u00f3d\u017a &#8211; Spotkanie naukowo-szkoleniowe 10 kwietnia 2025r.<\/span><\/span><\/span><\/article><article class='slide-entry flex_column  post-entry post-entry-4584 slide-entry-overview slide-loop-21 slide-parity-odd  av_one_third  real-thumbnail post-format-standard'  itemscope=\"itemscope\" itemtype=\"https:\/\/schema.org\/CreativeWork\" ><a href='https:\/\/ptdl.pl\/index.php\/2025\/04\/04\/czwartki-z-kolegium\/' data-rel='slide-3' class='slide-image' title='Czwartki z Kolegium'><img decoding=\"async\" width=\"300\" height=\"180\" src=\"https:\/\/ptdl.pl\/ptdl\/wp-content\/uploads\/2025\/02\/logo_KMLwP-300x180.png\" class=\"wp-image-4400 avia-img-lazy-loading-not-4400 attachment-medium size-medium wp-post-image\" alt=\"\" srcset=\"https:\/\/ptdl.pl\/ptdl\/wp-content\/uploads\/2025\/02\/logo_KMLwP-300x180.png 300w, https:\/\/ptdl.pl\/ptdl\/wp-content\/uploads\/2025\/02\/logo_KMLwP.png 555w\" sizes=\"(max-width: 300px) 100vw, 300px\" \/><\/a><div class=\"slide-content\"><header class=\"entry-content-header\"><h3 class='slide-entry-title entry-title '  itemprop=\"headline\" ><a href='https:\/\/ptdl.pl\/index.php\/2025\/04\/04\/czwartki-z-kolegium\/' title='Czwartki z Kolegium'>Czwartki z Kolegium<\/a><\/h3><span class=\"av-vertical-delimiter\"><\/span><\/header><div class=\"slide-meta\"><time class='slide-meta-time updated'  itemprop=\"datePublished\" datetime=\"2025-04-04T08:22:13+02:00\" >2025-04-04<\/time><\/div><div class='slide-entry-excerpt entry-content'  itemprop=\"text\" ><div class=\"read-more-link\"><a href=\"https:\/\/ptdl.pl\/index.php\/2025\/04\/04\/czwartki-z-kolegium\/\" class=\"more-link\">Czytaj dalej<span class=\"more-link-arrow\"><\/span><\/a><\/div><\/div><\/div><footer class=\"entry-footer\"><\/footer><span class='hidden'>\n\t\t\t\t<span class='av-structured-data'  itemprop=\"image\" itemscope=\"itemscope\" itemtype=\"https:\/\/schema.org\/ImageObject\" >\n\t\t\t\t\t\t<span itemprop='url'>https:\/\/ptdl.pl\/ptdl\/wp-content\/uploads\/2025\/02\/logo_KMLwP.png<\/span>\n\t\t\t\t\t\t<span itemprop='height'>333<\/span>\n\t\t\t\t\t\t<span itemprop='width'>555<\/span>\n\t\t\t\t<\/span>\n\t\t\t\t<span class='av-structured-data'  itemprop=\"publisher\" itemtype=\"https:\/\/schema.org\/Organization\" itemscope=\"itemscope\" >\n\t\t\t\t\t\t<span itemprop='name'>admin<\/span>\n\t\t\t\t\t\t<span itemprop='logo' itemscope itemtype='https:\/\/schema.org\/ImageObject'>\n\t\t\t\t\t\t\t<span itemprop='url'>https:\/\/ptdl.pl\/wp-content\/uploads\/2023\/03\/logo_2.svg<\/span>\n\t\t\t\t\t\t<\/span>\n\t\t\t\t<\/span><span class='av-structured-data'  itemprop=\"author\" itemscope=\"itemscope\" itemtype=\"https:\/\/schema.org\/Person\" ><span itemprop='name'>admin<\/span><\/span><span class='av-structured-data'  itemprop=\"datePublished\" datetime=\"2023-02-03T12:54:00+01:00\" >2025-04-04 08:22:13<\/span><span class='av-structured-data'  itemprop=\"dateModified\" itemtype=\"https:\/\/schema.org\/dateModified\" >2025-04-04 08:22:13<\/span><span class='av-structured-data'  itemprop=\"mainEntityOfPage\" itemtype=\"https:\/\/schema.org\/mainEntityOfPage\" ><span itemprop='name'>Czwartki z Kolegium<\/span><\/span><\/span><\/article><\/div><div class=\"slide-entry-wrap\"><article class='slide-entry flex_column  post-entry post-entry-4363 slide-entry-overview slide-loop-22 slide-parity-odd  av_one_third first real-thumbnail post-format-standard'  itemscope=\"itemscope\" itemtype=\"https:\/\/schema.org\/CreativeWork\" ><a href='https:\/\/ptdl.pl\/index.php\/2025\/02\/18\/zaproszenie-do-udzialu-w-webinarze-26-luty-2025-r-godz-17-00\/' data-rel='slide-3' class='slide-image' title='Zaproszenie do udzia\u0142u w webinarze &#8211; 26 luty 2025 r., godz. 17.00'><img decoding=\"async\" width=\"300\" height=\"251\" src=\"https:\/\/ptdl.pl\/ptdl\/wp-content\/uploads\/2025\/02\/webLAB-300x251.png\" class=\"wp-image-4364 avia-img-lazy-loading-not-4364 attachment-medium size-medium wp-post-image\" alt=\"\" srcset=\"https:\/\/ptdl.pl\/ptdl\/wp-content\/uploads\/2025\/02\/webLAB-300x251.png 300w, https:\/\/ptdl.pl\/ptdl\/wp-content\/uploads\/2025\/02\/webLAB-768x644.png 768w, https:\/\/ptdl.pl\/ptdl\/wp-content\/uploads\/2025\/02\/webLAB-705x591.png 705w, https:\/\/ptdl.pl\/ptdl\/wp-content\/uploads\/2025\/02\/webLAB.png 940w\" sizes=\"(max-width: 300px) 100vw, 300px\" \/><\/a><div class=\"slide-content\"><header class=\"entry-content-header\"><h3 class='slide-entry-title entry-title '  itemprop=\"headline\" ><a href='https:\/\/ptdl.pl\/index.php\/2025\/02\/18\/zaproszenie-do-udzialu-w-webinarze-26-luty-2025-r-godz-17-00\/' title='Zaproszenie do udzia\u0142u w webinarze &#8211; 26 luty 2025 r., godz. 17.00'>Zaproszenie do udzia\u0142u w webinarze &#8211; 26 luty 2025 r., godz. 17.00<\/a><\/h3><span class=\"av-vertical-delimiter\"><\/span><\/header><div class=\"slide-meta\"><time class='slide-meta-time updated'  itemprop=\"datePublished\" datetime=\"2025-02-18T12:03:27+01:00\" >2025-02-18<\/time><\/div><div class='slide-entry-excerpt entry-content'  itemprop=\"text\" ><div class=\"read-more-link\"><a href=\"https:\/\/ptdl.pl\/index.php\/2025\/02\/18\/zaproszenie-do-udzialu-w-webinarze-26-luty-2025-r-godz-17-00\/\" class=\"more-link\">Czytaj dalej<span class=\"more-link-arrow\"><\/span><\/a><\/div><\/div><\/div><footer class=\"entry-footer\"><\/footer><span class='hidden'>\n\t\t\t\t<span class='av-structured-data'  itemprop=\"image\" itemscope=\"itemscope\" itemtype=\"https:\/\/schema.org\/ImageObject\" >\n\t\t\t\t\t\t<span itemprop='url'>https:\/\/ptdl.pl\/ptdl\/wp-content\/uploads\/2025\/02\/webLAB.png<\/span>\n\t\t\t\t\t\t<span itemprop='height'>788<\/span>\n\t\t\t\t\t\t<span itemprop='width'>940<\/span>\n\t\t\t\t<\/span>\n\t\t\t\t<span class='av-structured-data'  itemprop=\"publisher\" itemtype=\"https:\/\/schema.org\/Organization\" itemscope=\"itemscope\" >\n\t\t\t\t\t\t<span itemprop='name'>Dariusz Duma<\/span>\n\t\t\t\t\t\t<span itemprop='logo' itemscope itemtype='https:\/\/schema.org\/ImageObject'>\n\t\t\t\t\t\t\t<span itemprop='url'>https:\/\/ptdl.pl\/wp-content\/uploads\/2023\/03\/logo_2.svg<\/span>\n\t\t\t\t\t\t<\/span>\n\t\t\t\t<\/span><span class='av-structured-data'  itemprop=\"author\" itemscope=\"itemscope\" itemtype=\"https:\/\/schema.org\/Person\" ><span itemprop='name'>Dariusz Duma<\/span><\/span><span class='av-structured-data'  itemprop=\"datePublished\" datetime=\"2023-02-03T12:54:00+01:00\" >2025-02-18 12:03:27<\/span><span class='av-structured-data'  itemprop=\"dateModified\" itemtype=\"https:\/\/schema.org\/dateModified\" >2025-02-18 12:04:27<\/span><span class='av-structured-data'  itemprop=\"mainEntityOfPage\" itemtype=\"https:\/\/schema.org\/mainEntityOfPage\" ><span itemprop='name'>Zaproszenie do udzia\u0142u w webinarze &#8211; 26 luty 2025 r., godz. 17.00<\/span><\/span><\/span><\/article><article class='slide-entry flex_column  post-entry post-entry-4327 slide-entry-overview slide-loop-23 slide-parity-even  av_one_third  real-thumbnail post-format-standard'  itemscope=\"itemscope\" itemtype=\"https:\/\/schema.org\/CreativeWork\" ><a href='https:\/\/ptdl.pl\/index.php\/2025\/02\/13\/kolejne-spotkania-naukowo-szkoleniowe-w-krakowie\/' data-rel='slide-3' class='slide-image' title='Sympozjum naukowo-szkoleniowe\/ oddzia\u0142 Krak\u00f3w  -29 marca 2025 r.'><img decoding=\"async\" width=\"300\" height=\"186\" src=\"https:\/\/ptdl.pl\/ptdl\/wp-content\/uploads\/2025\/02\/krak-300x186.jpg\" class=\"wp-image-4341 avia-img-lazy-loading-not-4341 attachment-medium size-medium wp-post-image\" alt=\"\" srcset=\"https:\/\/ptdl.pl\/ptdl\/wp-content\/uploads\/2025\/02\/krak-300x186.jpg 300w, https:\/\/ptdl.pl\/ptdl\/wp-content\/uploads\/2025\/02\/krak.jpg 700w\" sizes=\"(max-width: 300px) 100vw, 300px\" \/><\/a><div class=\"slide-content\"><header class=\"entry-content-header\"><h3 class='slide-entry-title entry-title '  itemprop=\"headline\" ><a href='https:\/\/ptdl.pl\/index.php\/2025\/02\/13\/kolejne-spotkania-naukowo-szkoleniowe-w-krakowie\/' title='Sympozjum naukowo-szkoleniowe\/ oddzia\u0142 Krak\u00f3w  -29 marca 2025 r.'>Sympozjum naukowo-szkoleniowe\/ oddzia\u0142 Krak\u00f3w  -29 marca 2025 r.<\/a><\/h3><span class=\"av-vertical-delimiter\"><\/span><\/header><div class=\"slide-meta\"><time class='slide-meta-time updated'  itemprop=\"datePublished\" datetime=\"2025-02-13T17:37:49+01:00\" >2025-02-13<\/time><\/div><div class='slide-entry-excerpt entry-content'  itemprop=\"text\" ><div class=\"read-more-link\"><a href=\"https:\/\/ptdl.pl\/index.php\/2025\/02\/13\/kolejne-spotkania-naukowo-szkoleniowe-w-krakowie\/\" class=\"more-link\">Czytaj dalej<span class=\"more-link-arrow\"><\/span><\/a><\/div><\/div><\/div><footer class=\"entry-footer\"><\/footer><span class='hidden'>\n\t\t\t\t<span class='av-structured-data'  itemprop=\"image\" itemscope=\"itemscope\" itemtype=\"https:\/\/schema.org\/ImageObject\" >\n\t\t\t\t\t\t<span itemprop='url'>https:\/\/ptdl.pl\/ptdl\/wp-content\/uploads\/2025\/02\/krak.jpg<\/span>\n\t\t\t\t\t\t<span itemprop='height'>433<\/span>\n\t\t\t\t\t\t<span itemprop='width'>700<\/span>\n\t\t\t\t<\/span>\n\t\t\t\t<span class='av-structured-data'  itemprop=\"publisher\" itemtype=\"https:\/\/schema.org\/Organization\" itemscope=\"itemscope\" >\n\t\t\t\t\t\t<span itemprop='name'>Anna Z\u0105bek-Adamska<\/span>\n\t\t\t\t\t\t<span itemprop='logo' itemscope itemtype='https:\/\/schema.org\/ImageObject'>\n\t\t\t\t\t\t\t<span itemprop='url'>https:\/\/ptdl.pl\/wp-content\/uploads\/2023\/03\/logo_2.svg<\/span>\n\t\t\t\t\t\t<\/span>\n\t\t\t\t<\/span><span class='av-structured-data'  itemprop=\"author\" itemscope=\"itemscope\" itemtype=\"https:\/\/schema.org\/Person\" ><span itemprop='name'>Anna Z\u0105bek-Adamska<\/span><\/span><span class='av-structured-data'  itemprop=\"datePublished\" datetime=\"2023-02-03T12:54:00+01:00\" >2025-02-13 17:37:49<\/span><span class='av-structured-data'  itemprop=\"dateModified\" itemtype=\"https:\/\/schema.org\/dateModified\" >2025-03-15 13:05:17<\/span><span class='av-structured-data'  itemprop=\"mainEntityOfPage\" itemtype=\"https:\/\/schema.org\/mainEntityOfPage\" ><span itemprop='name'>Sympozjum naukowo-szkoleniowe\/ oddzia\u0142 Krak\u00f3w  -29 marca 2025 r.<\/span><\/span><\/span><\/article><article class='slide-entry flex_column  post-entry post-entry-4292 slide-entry-overview slide-loop-24 slide-parity-odd  av_one_third  real-thumbnail post-format-standard'  itemscope=\"itemscope\" itemtype=\"https:\/\/schema.org\/CreativeWork\" ><a href='https:\/\/ptdl.pl\/index.php\/2025\/02\/07\/ptdl-lodz-spotkanie-naukowo-szkoleniowe-26-02-2025r\/' data-rel='slide-3' class='slide-image' title='PTDL \u0141\u00f3d\u017a &#8211; Spotkanie naukowo-szkoleniowe 26.02.2025r.'><img decoding=\"async\" width=\"300\" height=\"200\" src=\"https:\/\/ptdl.pl\/ptdl\/wp-content\/uploads\/2024\/06\/4d8f6fbf0ebc0b96327f5cab6a05c0b196d26414-300x200.png\" class=\"wp-image-3505 avia-img-lazy-loading-not-3505 attachment-medium size-medium wp-post-image\" alt=\"\" srcset=\"https:\/\/ptdl.pl\/ptdl\/wp-content\/uploads\/2024\/06\/4d8f6fbf0ebc0b96327f5cab6a05c0b196d26414-300x200.png 300w, https:\/\/ptdl.pl\/ptdl\/wp-content\/uploads\/2024\/06\/4d8f6fbf0ebc0b96327f5cab6a05c0b196d26414-705x470.png 705w, https:\/\/ptdl.pl\/ptdl\/wp-content\/uploads\/2024\/06\/4d8f6fbf0ebc0b96327f5cab6a05c0b196d26414.png 744w\" sizes=\"(max-width: 300px) 100vw, 300px\" \/><\/a><div class=\"slide-content\"><header class=\"entry-content-header\"><h3 class='slide-entry-title entry-title '  itemprop=\"headline\" ><a href='https:\/\/ptdl.pl\/index.php\/2025\/02\/07\/ptdl-lodz-spotkanie-naukowo-szkoleniowe-26-02-2025r\/' title='PTDL \u0141\u00f3d\u017a &#8211; Spotkanie naukowo-szkoleniowe 26.02.2025r.'>PTDL \u0141\u00f3d\u017a &#8211; Spotkanie naukowo-szkoleniowe 26.02.2025r.<\/a><\/h3><span class=\"av-vertical-delimiter\"><\/span><\/header><div class=\"slide-meta\"><time class='slide-meta-time updated'  itemprop=\"datePublished\" datetime=\"2025-02-07T16:38:58+01:00\" >2025-02-07<\/time><\/div><div class='slide-entry-excerpt entry-content'  itemprop=\"text\" ><div class=\"read-more-link\"><a href=\"https:\/\/ptdl.pl\/index.php\/2025\/02\/07\/ptdl-lodz-spotkanie-naukowo-szkoleniowe-26-02-2025r\/\" class=\"more-link\">Czytaj dalej<span class=\"more-link-arrow\"><\/span><\/a><\/div><\/div><\/div><footer class=\"entry-footer\"><\/footer><span class='hidden'>\n\t\t\t\t<span class='av-structured-data'  itemprop=\"image\" itemscope=\"itemscope\" itemtype=\"https:\/\/schema.org\/ImageObject\" >\n\t\t\t\t\t\t<span itemprop='url'>https:\/\/ptdl.pl\/ptdl\/wp-content\/uploads\/2024\/06\/4d8f6fbf0ebc0b96327f5cab6a05c0b196d26414.png<\/span>\n\t\t\t\t\t\t<span itemprop='height'>496<\/span>\n\t\t\t\t\t\t<span itemprop='width'>744<\/span>\n\t\t\t\t<\/span>\n\t\t\t\t<span class='av-structured-data'  itemprop=\"publisher\" itemtype=\"https:\/\/schema.org\/Organization\" itemscope=\"itemscope\" >\n\t\t\t\t\t\t<span itemprop='name'>dsk<\/span>\n\t\t\t\t\t\t<span itemprop='logo' itemscope itemtype='https:\/\/schema.org\/ImageObject'>\n\t\t\t\t\t\t\t<span itemprop='url'>https:\/\/ptdl.pl\/wp-content\/uploads\/2023\/03\/logo_2.svg<\/span>\n\t\t\t\t\t\t<\/span>\n\t\t\t\t<\/span><span class='av-structured-data'  itemprop=\"author\" itemscope=\"itemscope\" itemtype=\"https:\/\/schema.org\/Person\" ><span itemprop='name'>dsk<\/span><\/span><span class='av-structured-data'  itemprop=\"datePublished\" datetime=\"2023-02-03T12:54:00+01:00\" >2025-02-07 16:38:58<\/span><span class='av-structured-data'  itemprop=\"dateModified\" itemtype=\"https:\/\/schema.org\/dateModified\" >2025-02-07 16:38:58<\/span><span class='av-structured-data'  itemprop=\"mainEntityOfPage\" itemtype=\"https:\/\/schema.org\/mainEntityOfPage\" ><span itemprop='name'>PTDL \u0141\u00f3d\u017a &#8211; Spotkanie naukowo-szkoleniowe 26.02.2025r.<\/span><\/span><\/span><\/article><\/div><div class=\"slide-entry-wrap\"><article class='slide-entry flex_column  post-entry post-entry-4247 slide-entry-overview slide-loop-25 slide-parity-odd  av_one_third first real-thumbnail post-format-standard'  itemscope=\"itemscope\" itemtype=\"https:\/\/schema.org\/CreativeWork\" ><a href='https:\/\/ptdl.pl\/index.php\/2025\/01\/28\/kurs-stacjonarny-p2-dual-stain-master-corfamed-2025\/' data-rel='slide-3' class='slide-image' title='Kurs stacjonarny P2 Dual Stain Master Corfamed 2025'><img decoding=\"async\" width=\"300\" height=\"199\" src=\"https:\/\/ptdl.pl\/ptdl\/wp-content\/uploads\/2023\/02\/news_017-300x199.jpg\" class=\"wp-image-808 avia-img-lazy-loading-not-808 attachment-medium size-medium wp-post-image\" alt=\"\" srcset=\"https:\/\/ptdl.pl\/ptdl\/wp-content\/uploads\/2023\/02\/news_017-300x199.jpg 300w, https:\/\/ptdl.pl\/ptdl\/wp-content\/uploads\/2023\/02\/news_017.jpg 500w\" sizes=\"(max-width: 300px) 100vw, 300px\" \/><\/a><div class=\"slide-content\"><header class=\"entry-content-header\"><h3 class='slide-entry-title entry-title '  itemprop=\"headline\" ><a href='https:\/\/ptdl.pl\/index.php\/2025\/01\/28\/kurs-stacjonarny-p2-dual-stain-master-corfamed-2025\/' title='Kurs stacjonarny P2 Dual Stain Master Corfamed 2025'>Kurs stacjonarny P2 Dual Stain Master Corfamed 2025<\/a><\/h3><span class=\"av-vertical-delimiter\"><\/span><\/header><div class=\"slide-meta\"><time class='slide-meta-time updated'  itemprop=\"datePublished\" datetime=\"2025-01-28T09:27:45+01:00\" >2025-01-28<\/time><\/div><div class='slide-entry-excerpt entry-content'  itemprop=\"text\" ><div class=\"read-more-link\"><a href=\"https:\/\/ptdl.pl\/index.php\/2025\/01\/28\/kurs-stacjonarny-p2-dual-stain-master-corfamed-2025\/\" class=\"more-link\">Czytaj dalej<span class=\"more-link-arrow\"><\/span><\/a><\/div><\/div><\/div><footer class=\"entry-footer\"><\/footer><span class='hidden'>\n\t\t\t\t<span class='av-structured-data'  itemprop=\"image\" itemscope=\"itemscope\" itemtype=\"https:\/\/schema.org\/ImageObject\" >\n\t\t\t\t\t\t<span itemprop='url'>https:\/\/ptdl.pl\/ptdl\/wp-content\/uploads\/2023\/02\/news_017.jpg<\/span>\n\t\t\t\t\t\t<span itemprop='height'>332<\/span>\n\t\t\t\t\t\t<span itemprop='width'>500<\/span>\n\t\t\t\t<\/span>\n\t\t\t\t<span class='av-structured-data'  itemprop=\"publisher\" itemtype=\"https:\/\/schema.org\/Organization\" itemscope=\"itemscope\" >\n\t\t\t\t\t\t<span itemprop='name'>admin<\/span>\n\t\t\t\t\t\t<span itemprop='logo' itemscope itemtype='https:\/\/schema.org\/ImageObject'>\n\t\t\t\t\t\t\t<span itemprop='url'>https:\/\/ptdl.pl\/wp-content\/uploads\/2023\/03\/logo_2.svg<\/span>\n\t\t\t\t\t\t<\/span>\n\t\t\t\t<\/span><span class='av-structured-data'  itemprop=\"author\" itemscope=\"itemscope\" itemtype=\"https:\/\/schema.org\/Person\" ><span itemprop='name'>admin<\/span><\/span><span class='av-structured-data'  itemprop=\"datePublished\" datetime=\"2023-02-03T12:54:00+01:00\" >2025-01-28 09:27:45<\/span><span class='av-structured-data'  itemprop=\"dateModified\" itemtype=\"https:\/\/schema.org\/dateModified\" >2025-01-28 14:30:40<\/span><span class='av-structured-data'  itemprop=\"mainEntityOfPage\" itemtype=\"https:\/\/schema.org\/mainEntityOfPage\" ><span itemprop='name'>Kurs stacjonarny P2 Dual Stain Master Corfamed 2025<\/span><\/span><\/span><\/article><article class='slide-entry flex_column  post-entry post-entry-4226 slide-entry-overview slide-loop-26 slide-parity-even  av_one_third  real-thumbnail post-format-standard'  itemscope=\"itemscope\" itemtype=\"https:\/\/schema.org\/CreativeWork\" ><a href='https:\/\/ptdl.pl\/index.php\/2025\/01\/20\/4226\/' data-rel='slide-3' class='slide-image' title='Zebranie naukowo &#8211; szkoleniowe w dn. 14.02.2025 r.'><img decoding=\"async\" width=\"300\" height=\"200\" src=\"https:\/\/ptdl.pl\/ptdl\/wp-content\/uploads\/2023\/02\/news_011-300x200.jpg\" class=\"wp-image-802 avia-img-lazy-loading-not-802 attachment-medium size-medium wp-post-image\" alt=\"\" srcset=\"https:\/\/ptdl.pl\/ptdl\/wp-content\/uploads\/2023\/02\/news_011-300x200.jpg 300w, https:\/\/ptdl.pl\/ptdl\/wp-content\/uploads\/2023\/02\/news_011.jpg 500w\" sizes=\"(max-width: 300px) 100vw, 300px\" \/><\/a><div class=\"slide-content\"><header class=\"entry-content-header\"><h3 class='slide-entry-title entry-title '  itemprop=\"headline\" ><a href='https:\/\/ptdl.pl\/index.php\/2025\/01\/20\/4226\/' title='Zebranie naukowo &#8211; szkoleniowe w dn. 14.02.2025 r.'>Zebranie naukowo &#8211; szkoleniowe w dn. 14.02.2025 r.<\/a><\/h3><span class=\"av-vertical-delimiter\"><\/span><\/header><div class=\"slide-meta\"><time class='slide-meta-time updated'  itemprop=\"datePublished\" datetime=\"2025-01-20T14:55:52+01:00\" >2025-01-20<\/time><\/div><div class='slide-entry-excerpt entry-content'  itemprop=\"text\" ><div class=\"read-more-link\"><a href=\"https:\/\/ptdl.pl\/index.php\/2025\/01\/20\/4226\/\" class=\"more-link\">Czytaj dalej<span class=\"more-link-arrow\"><\/span><\/a><\/div><\/div><\/div><footer class=\"entry-footer\"><\/footer><span class='hidden'>\n\t\t\t\t<span class='av-structured-data'  itemprop=\"image\" itemscope=\"itemscope\" itemtype=\"https:\/\/schema.org\/ImageObject\" >\n\t\t\t\t\t\t<span itemprop='url'>https:\/\/ptdl.pl\/ptdl\/wp-content\/uploads\/2023\/02\/news_011.jpg<\/span>\n\t\t\t\t\t\t<span itemprop='height'>333<\/span>\n\t\t\t\t\t\t<span itemprop='width'>500<\/span>\n\t\t\t\t<\/span>\n\t\t\t\t<span class='av-structured-data'  itemprop=\"publisher\" itemtype=\"https:\/\/schema.org\/Organization\" itemscope=\"itemscope\" >\n\t\t\t\t\t\t<span itemprop='name'>Malwina Czech<\/span>\n\t\t\t\t\t\t<span itemprop='logo' itemscope itemtype='https:\/\/schema.org\/ImageObject'>\n\t\t\t\t\t\t\t<span itemprop='url'>https:\/\/ptdl.pl\/wp-content\/uploads\/2023\/03\/logo_2.svg<\/span>\n\t\t\t\t\t\t<\/span>\n\t\t\t\t<\/span><span class='av-structured-data'  itemprop=\"author\" itemscope=\"itemscope\" itemtype=\"https:\/\/schema.org\/Person\" ><span itemprop='name'>Malwina Czech<\/span><\/span><span class='av-structured-data'  itemprop=\"datePublished\" datetime=\"2023-02-03T12:54:00+01:00\" >2025-01-20 14:55:52<\/span><span class='av-structured-data'  itemprop=\"dateModified\" itemtype=\"https:\/\/schema.org\/dateModified\" >2025-02-06 16:50:32<\/span><span class='av-structured-data'  itemprop=\"mainEntityOfPage\" itemtype=\"https:\/\/schema.org\/mainEntityOfPage\" ><span itemprop='name'>Zebranie naukowo &#8211; szkoleniowe w dn. 14.02.2025 r.<\/span><\/span><\/span><\/article><article class='slide-entry flex_column  post-entry post-entry-4120 slide-entry-overview slide-loop-27 slide-parity-odd  av_one_third  real-thumbnail post-format-standard'  itemscope=\"itemscope\" itemtype=\"https:\/\/schema.org\/CreativeWork\" ><a href='https:\/\/ptdl.pl\/index.php\/2024\/12\/20\/zyczenia-swiateczne-4\/' data-rel='slide-3' class='slide-image' title='\u017byczenia \u015awi\u0105teczne'><img decoding=\"async\" width=\"300\" height=\"213\" src=\"https:\/\/ptdl.pl\/ptdl\/wp-content\/uploads\/2024\/12\/PTDL-zyczenia-24-1-300x213.png\" class=\"wp-image-4121 avia-img-lazy-loading-not-4121 attachment-medium size-medium wp-post-image\" alt=\"\" srcset=\"https:\/\/ptdl.pl\/ptdl\/wp-content\/uploads\/2024\/12\/PTDL-zyczenia-24-1-300x213.png 300w, https:\/\/ptdl.pl\/ptdl\/wp-content\/uploads\/2024\/12\/PTDL-zyczenia-24-1-1030x731.png 1030w, https:\/\/ptdl.pl\/ptdl\/wp-content\/uploads\/2024\/12\/PTDL-zyczenia-24-1-768x545.png 768w, https:\/\/ptdl.pl\/ptdl\/wp-content\/uploads\/2024\/12\/PTDL-zyczenia-24-1-1536x1090.png 1536w, https:\/\/ptdl.pl\/ptdl\/wp-content\/uploads\/2024\/12\/PTDL-zyczenia-24-1-1500x1064.png 1500w, https:\/\/ptdl.pl\/ptdl\/wp-content\/uploads\/2024\/12\/PTDL-zyczenia-24-1-260x185.png 260w, https:\/\/ptdl.pl\/ptdl\/wp-content\/uploads\/2024\/12\/PTDL-zyczenia-24-1-705x500.png 705w, https:\/\/ptdl.pl\/ptdl\/wp-content\/uploads\/2024\/12\/PTDL-zyczenia-24-1.png 1748w\" sizes=\"(max-width: 300px) 100vw, 300px\" \/><\/a><div class=\"slide-content\"><header class=\"entry-content-header\"><h3 class='slide-entry-title entry-title '  itemprop=\"headline\" ><a href='https:\/\/ptdl.pl\/index.php\/2024\/12\/20\/zyczenia-swiateczne-4\/' title='\u017byczenia \u015awi\u0105teczne'>\u017byczenia \u015awi\u0105teczne<\/a><\/h3><span class=\"av-vertical-delimiter\"><\/span><\/header><div class=\"slide-meta\"><time class='slide-meta-time updated'  itemprop=\"datePublished\" datetime=\"2024-12-20T10:14:12+01:00\" >2024-12-20<\/time><\/div><div class='slide-entry-excerpt entry-content'  itemprop=\"text\" ><div class=\"read-more-link\"><a href=\"https:\/\/ptdl.pl\/index.php\/2024\/12\/20\/zyczenia-swiateczne-4\/\" class=\"more-link\">Czytaj dalej<span class=\"more-link-arrow\"><\/span><\/a><\/div><\/div><\/div><footer class=\"entry-footer\"><\/footer><span class='hidden'>\n\t\t\t\t<span class='av-structured-data'  itemprop=\"image\" itemscope=\"itemscope\" itemtype=\"https:\/\/schema.org\/ImageObject\" >\n\t\t\t\t\t\t<span itemprop='url'>https:\/\/ptdl.pl\/ptdl\/wp-content\/uploads\/2024\/12\/PTDL-zyczenia-24-1.png<\/span>\n\t\t\t\t\t\t<span itemprop='height'>1240<\/span>\n\t\t\t\t\t\t<span itemprop='width'>1748<\/span>\n\t\t\t\t<\/span>\n\t\t\t\t<span class='av-structured-data'  itemprop=\"publisher\" itemtype=\"https:\/\/schema.org\/Organization\" itemscope=\"itemscope\" >\n\t\t\t\t\t\t<span itemprop='name'>dsk<\/span>\n\t\t\t\t\t\t<span itemprop='logo' itemscope itemtype='https:\/\/schema.org\/ImageObject'>\n\t\t\t\t\t\t\t<span itemprop='url'>https:\/\/ptdl.pl\/wp-content\/uploads\/2023\/03\/logo_2.svg<\/span>\n\t\t\t\t\t\t<\/span>\n\t\t\t\t<\/span><span class='av-structured-data'  itemprop=\"author\" itemscope=\"itemscope\" itemtype=\"https:\/\/schema.org\/Person\" ><span itemprop='name'>dsk<\/span><\/span><span class='av-structured-data'  itemprop=\"datePublished\" datetime=\"2023-02-03T12:54:00+01:00\" >2024-12-20 10:14:12<\/span><span class='av-structured-data'  itemprop=\"dateModified\" itemtype=\"https:\/\/schema.org\/dateModified\" >2024-12-20 10:16:38<\/span><span class='av-structured-data'  itemprop=\"mainEntityOfPage\" itemtype=\"https:\/\/schema.org\/mainEntityOfPage\" ><span itemprop='name'>\u017byczenia \u015awi\u0105teczne<\/span><\/span><\/span><\/article><\/div><div class=\"slide-entry-wrap\"><article class='slide-entry flex_column  post-entry post-entry-3995 slide-entry-overview slide-loop-28 slide-parity-odd  av_one_third first real-thumbnail post-format-standard'  itemscope=\"itemscope\" itemtype=\"https:\/\/schema.org\/CreativeWork\" ><a href='https:\/\/ptdl.pl\/index.php\/2024\/11\/27\/swiateczne-posiedzenie-naukowo-szkoleniowe-12-12-2024-r\/' data-rel='slide-3' class='slide-image' title='PTDL O\/Bydgoszcz \u015awi\u0105teczne posiedzenie naukowo-szkoleniowe 12.12.2024 r'><img decoding=\"async\" width=\"300\" height=\"200\" src=\"https:\/\/ptdl.pl\/ptdl\/wp-content\/uploads\/2023\/12\/news037-300x200.jpg\" class=\"wp-image-1908 avia-img-lazy-loading-not-1908 attachment-medium size-medium wp-post-image\" alt=\"\" srcset=\"https:\/\/ptdl.pl\/ptdl\/wp-content\/uploads\/2023\/12\/news037-300x200.jpg 300w, https:\/\/ptdl.pl\/ptdl\/wp-content\/uploads\/2023\/12\/news037.jpg 500w\" sizes=\"(max-width: 300px) 100vw, 300px\" \/><\/a><div class=\"slide-content\"><header class=\"entry-content-header\"><h3 class='slide-entry-title entry-title '  itemprop=\"headline\" ><a href='https:\/\/ptdl.pl\/index.php\/2024\/11\/27\/swiateczne-posiedzenie-naukowo-szkoleniowe-12-12-2024-r\/' title='PTDL O\/Bydgoszcz \u015awi\u0105teczne posiedzenie naukowo-szkoleniowe 12.12.2024 r'>PTDL O\/Bydgoszcz \u015awi\u0105teczne posiedzenie naukowo-szkoleniowe 12.12.2024 r<\/a><\/h3><span class=\"av-vertical-delimiter\"><\/span><\/header><div class=\"slide-meta\"><time class='slide-meta-time updated'  itemprop=\"datePublished\" datetime=\"2024-11-27T19:56:52+01:00\" >2024-11-27<\/time><\/div><div class='slide-entry-excerpt entry-content'  itemprop=\"text\" ><div class=\"read-more-link\"><a href=\"https:\/\/ptdl.pl\/index.php\/2024\/11\/27\/swiateczne-posiedzenie-naukowo-szkoleniowe-12-12-2024-r\/\" class=\"more-link\">Czytaj dalej<span class=\"more-link-arrow\"><\/span><\/a><\/div><\/div><\/div><footer class=\"entry-footer\"><\/footer><span class='hidden'>\n\t\t\t\t<span class='av-structured-data'  itemprop=\"image\" itemscope=\"itemscope\" itemtype=\"https:\/\/schema.org\/ImageObject\" >\n\t\t\t\t\t\t<span itemprop='url'>https:\/\/ptdl.pl\/ptdl\/wp-content\/uploads\/2023\/12\/news037.jpg<\/span>\n\t\t\t\t\t\t<span itemprop='height'>333<\/span>\n\t\t\t\t\t\t<span itemprop='width'>500<\/span>\n\t\t\t\t<\/span>\n\t\t\t\t<span class='av-structured-data'  itemprop=\"publisher\" itemtype=\"https:\/\/schema.org\/Organization\" itemscope=\"itemscope\" >\n\t\t\t\t\t\t<span itemprop='name'>S\u0142awomira Balcerak<\/span>\n\t\t\t\t\t\t<span itemprop='logo' itemscope itemtype='https:\/\/schema.org\/ImageObject'>\n\t\t\t\t\t\t\t<span itemprop='url'>https:\/\/ptdl.pl\/wp-content\/uploads\/2023\/03\/logo_2.svg<\/span>\n\t\t\t\t\t\t<\/span>\n\t\t\t\t<\/span><span class='av-structured-data'  itemprop=\"author\" itemscope=\"itemscope\" itemtype=\"https:\/\/schema.org\/Person\" ><span itemprop='name'>S\u0142awomira Balcerak<\/span><\/span><span class='av-structured-data'  itemprop=\"datePublished\" datetime=\"2023-02-03T12:54:00+01:00\" >2024-11-27 19:56:52<\/span><span class='av-structured-data'  itemprop=\"dateModified\" itemtype=\"https:\/\/schema.org\/dateModified\" >2024-12-05 17:18:43<\/span><span class='av-structured-data'  itemprop=\"mainEntityOfPage\" itemtype=\"https:\/\/schema.org\/mainEntityOfPage\" ><span itemprop='name'>PTDL O\/Bydgoszcz \u015awi\u0105teczne posiedzenie naukowo-szkoleniowe 12.12.2024 r<\/span><\/span><\/span><\/article><article class='slide-entry flex_column  post-entry post-entry-3963 slide-entry-overview slide-loop-29 slide-parity-even  av_one_third  real-thumbnail post-format-standard'  itemscope=\"itemscope\" itemtype=\"https:\/\/schema.org\/CreativeWork\" ><a href='https:\/\/ptdl.pl\/index.php\/2024\/11\/26\/ptdl-lodz-spotkanie-naukowo-szkoleniowe-12-grudnia-2024r\/' data-rel='slide-3' class='slide-image' title='PTDL \u0141\u00f3d\u017a &#8211; Spotkanie naukowo-szkoleniowe 12 grudnia 2024r.'><img decoding=\"async\" width=\"300\" height=\"200\" src=\"https:\/\/ptdl.pl\/ptdl\/wp-content\/uploads\/2024\/06\/4d8f6fbf0ebc0b96327f5cab6a05c0b196d26414-300x200.png\" class=\"wp-image-3505 avia-img-lazy-loading-not-3505 attachment-medium size-medium wp-post-image\" alt=\"\" srcset=\"https:\/\/ptdl.pl\/ptdl\/wp-content\/uploads\/2024\/06\/4d8f6fbf0ebc0b96327f5cab6a05c0b196d26414-300x200.png 300w, https:\/\/ptdl.pl\/ptdl\/wp-content\/uploads\/2024\/06\/4d8f6fbf0ebc0b96327f5cab6a05c0b196d26414-705x470.png 705w, https:\/\/ptdl.pl\/ptdl\/wp-content\/uploads\/2024\/06\/4d8f6fbf0ebc0b96327f5cab6a05c0b196d26414.png 744w\" sizes=\"(max-width: 300px) 100vw, 300px\" \/><\/a><div class=\"slide-content\"><header class=\"entry-content-header\"><h3 class='slide-entry-title entry-title '  itemprop=\"headline\" ><a href='https:\/\/ptdl.pl\/index.php\/2024\/11\/26\/ptdl-lodz-spotkanie-naukowo-szkoleniowe-12-grudnia-2024r\/' title='PTDL \u0141\u00f3d\u017a &#8211; Spotkanie naukowo-szkoleniowe 12 grudnia 2024r.'>PTDL \u0141\u00f3d\u017a &#8211; Spotkanie naukowo-szkoleniowe 12 grudnia 2024r.<\/a><\/h3><span class=\"av-vertical-delimiter\"><\/span><\/header><div class=\"slide-meta\"><time class='slide-meta-time updated'  itemprop=\"datePublished\" datetime=\"2024-11-26T12:11:14+01:00\" >2024-11-26<\/time><\/div><div class='slide-entry-excerpt entry-content'  itemprop=\"text\" ><div class=\"read-more-link\"><a href=\"https:\/\/ptdl.pl\/index.php\/2024\/11\/26\/ptdl-lodz-spotkanie-naukowo-szkoleniowe-12-grudnia-2024r\/\" class=\"more-link\">Czytaj dalej<span class=\"more-link-arrow\"><\/span><\/a><\/div><\/div><\/div><footer class=\"entry-footer\"><\/footer><span class='hidden'>\n\t\t\t\t<span class='av-structured-data'  itemprop=\"image\" itemscope=\"itemscope\" itemtype=\"https:\/\/schema.org\/ImageObject\" >\n\t\t\t\t\t\t<span itemprop='url'>https:\/\/ptdl.pl\/ptdl\/wp-content\/uploads\/2024\/06\/4d8f6fbf0ebc0b96327f5cab6a05c0b196d26414.png<\/span>\n\t\t\t\t\t\t<span itemprop='height'>496<\/span>\n\t\t\t\t\t\t<span itemprop='width'>744<\/span>\n\t\t\t\t<\/span>\n\t\t\t\t<span class='av-structured-data'  itemprop=\"publisher\" itemtype=\"https:\/\/schema.org\/Organization\" itemscope=\"itemscope\" >\n\t\t\t\t\t\t<span itemprop='name'>dsk<\/span>\n\t\t\t\t\t\t<span itemprop='logo' itemscope itemtype='https:\/\/schema.org\/ImageObject'>\n\t\t\t\t\t\t\t<span itemprop='url'>https:\/\/ptdl.pl\/wp-content\/uploads\/2023\/03\/logo_2.svg<\/span>\n\t\t\t\t\t\t<\/span>\n\t\t\t\t<\/span><span class='av-structured-data'  itemprop=\"author\" itemscope=\"itemscope\" itemtype=\"https:\/\/schema.org\/Person\" ><span itemprop='name'>dsk<\/span><\/span><span class='av-structured-data'  itemprop=\"datePublished\" datetime=\"2023-02-03T12:54:00+01:00\" >2024-11-26 12:11:14<\/span><span class='av-structured-data'  itemprop=\"dateModified\" itemtype=\"https:\/\/schema.org\/dateModified\" >2025-01-20 15:11:45<\/span><span class='av-structured-data'  itemprop=\"mainEntityOfPage\" itemtype=\"https:\/\/schema.org\/mainEntityOfPage\" ><span itemprop='name'>PTDL \u0141\u00f3d\u017a &#8211; Spotkanie naukowo-szkoleniowe 12 grudnia 2024r.<\/span><\/span><\/span><\/article><article class='slide-entry flex_column  post-entry post-entry-3850 slide-entry-overview slide-loop-30 slide-parity-odd  av_one_third  real-thumbnail post-format-standard'  itemscope=\"itemscope\" itemtype=\"https:\/\/schema.org\/CreativeWork\" ><a href='https:\/\/ptdl.pl\/index.php\/2024\/11\/04\/sympozjum-pt-jakosc-to-bedzieczyli-trudne-obszary-kontroli-jakosci-w-diagnostyce-laboratoryjnej\/' data-rel='slide-3' class='slide-image' title='SYMPOZJUM PT: JAKO\u015a(\u0106) TO B\u0118DZIE\u2026CZYLI TRUDNE OBSZARY KONTROLI JAKO\u015aCI W DIAGNOSTYCE LABORATORYJNEJ'><img decoding=\"async\" width=\"300\" height=\"129\" src=\"https:\/\/ptdl.pl\/ptdl\/wp-content\/uploads\/2024\/01\/oddzial_krakow-300x129.png\" class=\"wp-image-2063 avia-img-lazy-loading-not-2063 attachment-medium size-medium wp-post-image\" alt=\"\" srcset=\"https:\/\/ptdl.pl\/ptdl\/wp-content\/uploads\/2024\/01\/oddzial_krakow-300x129.png 300w, https:\/\/ptdl.pl\/ptdl\/wp-content\/uploads\/2024\/01\/oddzial_krakow-768x330.png 768w, https:\/\/ptdl.pl\/ptdl\/wp-content\/uploads\/2024\/01\/oddzial_krakow-705x303.png 705w, https:\/\/ptdl.pl\/ptdl\/wp-content\/uploads\/2024\/01\/oddzial_krakow.png 1000w\" sizes=\"(max-width: 300px) 100vw, 300px\" \/><\/a><div class=\"slide-content\"><header class=\"entry-content-header\"><h3 class='slide-entry-title entry-title '  itemprop=\"headline\" ><a href='https:\/\/ptdl.pl\/index.php\/2024\/11\/04\/sympozjum-pt-jakosc-to-bedzieczyli-trudne-obszary-kontroli-jakosci-w-diagnostyce-laboratoryjnej\/' title='SYMPOZJUM PT: JAKO\u015a(\u0106) TO B\u0118DZIE\u2026CZYLI TRUDNE OBSZARY KONTROLI JAKO\u015aCI W DIAGNOSTYCE LABORATORYJNEJ'>SYMPOZJUM PT: JAKO\u015a(\u0106) TO B\u0118DZIE\u2026CZYLI TRUDNE OBSZARY KONTROLI JAKO\u015aCI W DIAGNOSTYCE LABORATORYJNEJ<\/a><\/h3><span class=\"av-vertical-delimiter\"><\/span><\/header><div class=\"slide-meta\"><time class='slide-meta-time updated'  itemprop=\"datePublished\" datetime=\"2024-11-04T17:48:35+01:00\" >2024-11-04<\/time><\/div><div class='slide-entry-excerpt entry-content'  itemprop=\"text\" ><div class=\"read-more-link\"><a href=\"https:\/\/ptdl.pl\/index.php\/2024\/11\/04\/sympozjum-pt-jakosc-to-bedzieczyli-trudne-obszary-kontroli-jakosci-w-diagnostyce-laboratoryjnej\/\" class=\"more-link\">Czytaj dalej<span class=\"more-link-arrow\"><\/span><\/a><\/div><\/div><\/div><footer class=\"entry-footer\"><\/footer><span class='hidden'>\n\t\t\t\t<span class='av-structured-data'  itemprop=\"image\" itemscope=\"itemscope\" itemtype=\"https:\/\/schema.org\/ImageObject\" >\n\t\t\t\t\t\t<span itemprop='url'>https:\/\/ptdl.pl\/ptdl\/wp-content\/uploads\/2024\/01\/oddzial_krakow.png<\/span>\n\t\t\t\t\t\t<span itemprop='height'>430<\/span>\n\t\t\t\t\t\t<span itemprop='width'>1000<\/span>\n\t\t\t\t<\/span>\n\t\t\t\t<span class='av-structured-data'  itemprop=\"publisher\" itemtype=\"https:\/\/schema.org\/Organization\" itemscope=\"itemscope\" >\n\t\t\t\t\t\t<span itemprop='name'>Anna Z\u0105bek-Adamska<\/span>\n\t\t\t\t\t\t<span itemprop='logo' itemscope itemtype='https:\/\/schema.org\/ImageObject'>\n\t\t\t\t\t\t\t<span itemprop='url'>https:\/\/ptdl.pl\/wp-content\/uploads\/2023\/03\/logo_2.svg<\/span>\n\t\t\t\t\t\t<\/span>\n\t\t\t\t<\/span><span class='av-structured-data'  itemprop=\"author\" itemscope=\"itemscope\" itemtype=\"https:\/\/schema.org\/Person\" ><span itemprop='name'>Anna Z\u0105bek-Adamska<\/span><\/span><span class='av-structured-data'  itemprop=\"datePublished\" datetime=\"2023-02-03T12:54:00+01:00\" >2024-11-04 17:48:35<\/span><span class='av-structured-data'  itemprop=\"dateModified\" itemtype=\"https:\/\/schema.org\/dateModified\" >2024-11-19 16:45:47<\/span><span class='av-structured-data'  itemprop=\"mainEntityOfPage\" itemtype=\"https:\/\/schema.org\/mainEntityOfPage\" ><span itemprop='name'>SYMPOZJUM PT: JAKO\u015a(\u0106) TO B\u0118DZIE\u2026CZYLI TRUDNE OBSZARY KONTROLI JAKO\u015aCI W DIAGNOSTYCE LABORATORYJNEJ<\/span><\/span><\/span><\/article><\/div><div class=\"slide-entry-wrap\"><article class='slide-entry flex_column  post-entry post-entry-3819 slide-entry-overview slide-loop-31 slide-parity-odd  av_one_third first real-thumbnail post-format-standard'  itemscope=\"itemscope\" itemtype=\"https:\/\/schema.org\/CreativeWork\" ><a href='https:\/\/ptdl.pl\/index.php\/2024\/10\/30\/3819\/' data-rel='slide-3' class='slide-image' title='Stowarzyszenie Kolegium Medycyny Laboratoryjnej w Polsce zaprasza na \u201eCzwartki z Kolegium\u201d'><img decoding=\"async\" width=\"300\" height=\"200\" src=\"https:\/\/ptdl.pl\/ptdl\/wp-content\/uploads\/2024\/10\/PMLP-300x200.png\" class=\"wp-image-3821 avia-img-lazy-loading-not-3821 attachment-medium size-medium wp-post-image\" alt=\"\" srcset=\"https:\/\/ptdl.pl\/ptdl\/wp-content\/uploads\/2024\/10\/PMLP-300x200.png 300w, https:\/\/ptdl.pl\/ptdl\/wp-content\/uploads\/2024\/10\/PMLP.png 500w\" sizes=\"(max-width: 300px) 100vw, 300px\" \/><\/a><div class=\"slide-content\"><header class=\"entry-content-header\"><h3 class='slide-entry-title entry-title '  itemprop=\"headline\" ><a href='https:\/\/ptdl.pl\/index.php\/2024\/10\/30\/3819\/' title='Stowarzyszenie Kolegium Medycyny Laboratoryjnej w Polsce zaprasza na \u201eCzwartki z Kolegium\u201d'>Stowarzyszenie Kolegium Medycyny Laboratoryjnej w Polsce zaprasza na \u201eCzwartki z Kolegium\u201d<\/a><\/h3><span class=\"av-vertical-delimiter\"><\/span><\/header><div class=\"slide-meta\"><time class='slide-meta-time updated'  itemprop=\"datePublished\" datetime=\"2024-10-30T14:51:48+01:00\" >2024-10-30<\/time><\/div><div class='slide-entry-excerpt entry-content'  itemprop=\"text\" ><div class=\"read-more-link\"><a href=\"https:\/\/ptdl.pl\/index.php\/2024\/10\/30\/3819\/\" class=\"more-link\">Czytaj dalej<span class=\"more-link-arrow\"><\/span><\/a><\/div><\/div><\/div><footer class=\"entry-footer\"><\/footer><span class='hidden'>\n\t\t\t\t<span class='av-structured-data'  itemprop=\"image\" itemscope=\"itemscope\" itemtype=\"https:\/\/schema.org\/ImageObject\" >\n\t\t\t\t\t\t<span itemprop='url'>https:\/\/ptdl.pl\/ptdl\/wp-content\/uploads\/2024\/10\/PMLP.png<\/span>\n\t\t\t\t\t\t<span itemprop='height'>333<\/span>\n\t\t\t\t\t\t<span itemprop='width'>500<\/span>\n\t\t\t\t<\/span>\n\t\t\t\t<span class='av-structured-data'  itemprop=\"publisher\" itemtype=\"https:\/\/schema.org\/Organization\" itemscope=\"itemscope\" >\n\t\t\t\t\t\t<span itemprop='name'>admin<\/span>\n\t\t\t\t\t\t<span itemprop='logo' itemscope itemtype='https:\/\/schema.org\/ImageObject'>\n\t\t\t\t\t\t\t<span itemprop='url'>https:\/\/ptdl.pl\/wp-content\/uploads\/2023\/03\/logo_2.svg<\/span>\n\t\t\t\t\t\t<\/span>\n\t\t\t\t<\/span><span class='av-structured-data'  itemprop=\"author\" itemscope=\"itemscope\" itemtype=\"https:\/\/schema.org\/Person\" ><span itemprop='name'>admin<\/span><\/span><span class='av-structured-data'  itemprop=\"datePublished\" datetime=\"2023-02-03T12:54:00+01:00\" >2024-10-30 14:51:48<\/span><span class='av-structured-data'  itemprop=\"dateModified\" itemtype=\"https:\/\/schema.org\/dateModified\" >2024-10-30 14:52:22<\/span><span class='av-structured-data'  itemprop=\"mainEntityOfPage\" itemtype=\"https:\/\/schema.org\/mainEntityOfPage\" ><span itemprop='name'>Stowarzyszenie Kolegium Medycyny Laboratoryjnej w Polsce zaprasza na \u201eCzwartki z Kolegium\u201d<\/span><\/span><\/span><\/article><article class='slide-entry flex_column  post-entry post-entry-3807 slide-entry-overview slide-loop-32 slide-parity-even  av_one_third  real-thumbnail post-format-standard'  itemscope=\"itemscope\" itemtype=\"https:\/\/schema.org\/CreativeWork\" ><a href='https:\/\/ptdl.pl\/index.php\/2024\/10\/28\/3807\/' data-rel='slide-3' class='slide-image' title='Akademia Cytologa HPV'><img decoding=\"async\" width=\"300\" height=\"200\" src=\"https:\/\/ptdl.pl\/ptdl\/wp-content\/uploads\/2024\/10\/AC_2023_mailing_gora_600px_@2_v2-300x200.jpg\" class=\"wp-image-3808 avia-img-lazy-loading-not-3808 attachment-medium size-medium wp-post-image\" alt=\"\" srcset=\"https:\/\/ptdl.pl\/ptdl\/wp-content\/uploads\/2024\/10\/AC_2023_mailing_gora_600px_@2_v2-300x200.jpg 300w, https:\/\/ptdl.pl\/ptdl\/wp-content\/uploads\/2024\/10\/AC_2023_mailing_gora_600px_@2_v2.jpg 500w\" sizes=\"(max-width: 300px) 100vw, 300px\" \/><\/a><div class=\"slide-content\"><header class=\"entry-content-header\"><h3 class='slide-entry-title entry-title '  itemprop=\"headline\" ><a href='https:\/\/ptdl.pl\/index.php\/2024\/10\/28\/3807\/' title='Akademia Cytologa HPV'>Akademia Cytologa HPV<\/a><\/h3><span class=\"av-vertical-delimiter\"><\/span><\/header><div class=\"slide-meta\"><time class='slide-meta-time updated'  itemprop=\"datePublished\" datetime=\"2024-10-28T10:26:56+01:00\" >2024-10-28<\/time><\/div><div class='slide-entry-excerpt entry-content'  itemprop=\"text\" ><div class=\"read-more-link\"><a href=\"https:\/\/ptdl.pl\/index.php\/2024\/10\/28\/3807\/\" class=\"more-link\">Czytaj dalej<span class=\"more-link-arrow\"><\/span><\/a><\/div><\/div><\/div><footer class=\"entry-footer\"><\/footer><span class='hidden'>\n\t\t\t\t<span class='av-structured-data'  itemprop=\"image\" itemscope=\"itemscope\" itemtype=\"https:\/\/schema.org\/ImageObject\" >\n\t\t\t\t\t\t<span itemprop='url'>https:\/\/ptdl.pl\/ptdl\/wp-content\/uploads\/2024\/10\/AC_2023_mailing_gora_600px_@2_v2.jpg<\/span>\n\t\t\t\t\t\t<span itemprop='height'>333<\/span>\n\t\t\t\t\t\t<span itemprop='width'>500<\/span>\n\t\t\t\t<\/span>\n\t\t\t\t<span class='av-structured-data'  itemprop=\"publisher\" itemtype=\"https:\/\/schema.org\/Organization\" itemscope=\"itemscope\" >\n\t\t\t\t\t\t<span itemprop='name'>admin<\/span>\n\t\t\t\t\t\t<span itemprop='logo' itemscope itemtype='https:\/\/schema.org\/ImageObject'>\n\t\t\t\t\t\t\t<span itemprop='url'>https:\/\/ptdl.pl\/wp-content\/uploads\/2023\/03\/logo_2.svg<\/span>\n\t\t\t\t\t\t<\/span>\n\t\t\t\t<\/span><span class='av-structured-data'  itemprop=\"author\" itemscope=\"itemscope\" itemtype=\"https:\/\/schema.org\/Person\" ><span itemprop='name'>admin<\/span><\/span><span class='av-structured-data'  itemprop=\"datePublished\" datetime=\"2023-02-03T12:54:00+01:00\" >2024-10-28 10:26:56<\/span><span class='av-structured-data'  itemprop=\"dateModified\" itemtype=\"https:\/\/schema.org\/dateModified\" >2024-10-28 10:28:39<\/span><span class='av-structured-data'  itemprop=\"mainEntityOfPage\" itemtype=\"https:\/\/schema.org\/mainEntityOfPage\" ><span itemprop='name'>Akademia Cytologa HPV<\/span><\/span><\/span><\/article><article class='slide-entry flex_column  post-entry post-entry-3775 slide-entry-overview slide-loop-33 slide-parity-odd  av_one_third  real-thumbnail post-format-standard'  itemscope=\"itemscope\" itemtype=\"https:\/\/schema.org\/CreativeWork\" ><a href='https:\/\/ptdl.pl\/index.php\/2024\/10\/15\/kurs-diagnostyka-mikroskopowa-krwi-obwodowej-i-szpiku-kostnego\/' data-rel='slide-3' class='slide-image' title='Kurs \u201eDiagnostyka mikroskopowa krwi obwodowej i szpiku kostnego&#8221;'><img decoding=\"async\" width=\"298\" height=\"300\" src=\"https:\/\/ptdl.pl\/ptdl\/wp-content\/uploads\/2024\/06\/BL_21227-298x300.jpg\" class=\"wp-image-3493 avia-img-lazy-loading-not-3493 attachment-medium size-medium wp-post-image\" alt=\"\" srcset=\"https:\/\/ptdl.pl\/ptdl\/wp-content\/uploads\/2024\/06\/BL_21227-298x300.jpg 298w, https:\/\/ptdl.pl\/ptdl\/wp-content\/uploads\/2024\/06\/BL_21227-80x80.jpg 80w, https:\/\/ptdl.pl\/ptdl\/wp-content\/uploads\/2024\/06\/BL_21227-36x36.jpg 36w, https:\/\/ptdl.pl\/ptdl\/wp-content\/uploads\/2024\/06\/BL_21227-180x180.jpg 180w, https:\/\/ptdl.pl\/ptdl\/wp-content\/uploads\/2024\/06\/BL_21227.jpg 368w\" sizes=\"(max-width: 298px) 100vw, 298px\" \/><\/a><div class=\"slide-content\"><header class=\"entry-content-header\"><h3 class='slide-entry-title entry-title '  itemprop=\"headline\" ><a href='https:\/\/ptdl.pl\/index.php\/2024\/10\/15\/kurs-diagnostyka-mikroskopowa-krwi-obwodowej-i-szpiku-kostnego\/' title='Kurs \u201eDiagnostyka mikroskopowa krwi obwodowej i szpiku kostnego&#8221;'>Kurs \u201eDiagnostyka mikroskopowa krwi obwodowej i szpiku kostnego&#8221;<\/a><\/h3><span class=\"av-vertical-delimiter\"><\/span><\/header><div class=\"slide-meta\"><time class='slide-meta-time updated'  itemprop=\"datePublished\" datetime=\"2024-10-15T14:23:08+02:00\" >2024-10-15<\/time><\/div><div class='slide-entry-excerpt entry-content'  itemprop=\"text\" ><div class=\"read-more-link\"><a href=\"https:\/\/ptdl.pl\/index.php\/2024\/10\/15\/kurs-diagnostyka-mikroskopowa-krwi-obwodowej-i-szpiku-kostnego\/\" class=\"more-link\">Czytaj dalej<span class=\"more-link-arrow\"><\/span><\/a><\/div><\/div><\/div><footer class=\"entry-footer\"><\/footer><span class='hidden'>\n\t\t\t\t<span class='av-structured-data'  itemprop=\"image\" itemscope=\"itemscope\" itemtype=\"https:\/\/schema.org\/ImageObject\" >\n\t\t\t\t\t\t<span itemprop='url'>https:\/\/ptdl.pl\/ptdl\/wp-content\/uploads\/2024\/06\/BL_21227.jpg<\/span>\n\t\t\t\t\t\t<span itemprop='height'>370<\/span>\n\t\t\t\t\t\t<span itemprop='width'>368<\/span>\n\t\t\t\t<\/span>\n\t\t\t\t<span class='av-structured-data'  itemprop=\"publisher\" itemtype=\"https:\/\/schema.org\/Organization\" itemscope=\"itemscope\" >\n\t\t\t\t\t\t<span itemprop='name'>Malwina Czech<\/span>\n\t\t\t\t\t\t<span itemprop='logo' itemscope itemtype='https:\/\/schema.org\/ImageObject'>\n\t\t\t\t\t\t\t<span itemprop='url'>https:\/\/ptdl.pl\/wp-content\/uploads\/2023\/03\/logo_2.svg<\/span>\n\t\t\t\t\t\t<\/span>\n\t\t\t\t<\/span><span class='av-structured-data'  itemprop=\"author\" itemscope=\"itemscope\" itemtype=\"https:\/\/schema.org\/Person\" ><span itemprop='name'>Malwina Czech<\/span><\/span><span class='av-structured-data'  itemprop=\"datePublished\" datetime=\"2023-02-03T12:54:00+01:00\" >2024-10-15 14:23:08<\/span><span class='av-structured-data'  itemprop=\"dateModified\" itemtype=\"https:\/\/schema.org\/dateModified\" >2024-10-15 20:15:45<\/span><span class='av-structured-data'  itemprop=\"mainEntityOfPage\" itemtype=\"https:\/\/schema.org\/mainEntityOfPage\" ><span itemprop='name'>Kurs \u201eDiagnostyka mikroskopowa krwi obwodowej i szpiku kostnego&#8221;<\/span><\/span><\/span><\/article><\/div><div class=\"slide-entry-wrap\"><article class='slide-entry flex_column  post-entry post-entry-3655 slide-entry-overview slide-loop-34 slide-parity-odd  av_one_third first real-thumbnail post-format-standard'  itemscope=\"itemscope\" itemtype=\"https:\/\/schema.org\/CreativeWork\" ><a href='https:\/\/ptdl.pl\/index.php\/2024\/10\/01\/ptdl-lodz-spotkanie-naukowo-szkoleniowe-15-10-2024r\/' data-rel='slide-3' class='slide-image' title='PTDL \u0141\u00f3d\u017a &#8211; Spotkanie naukowo-szkoleniowe 15.10.2024r.'><img decoding=\"async\" width=\"300\" height=\"200\" src=\"https:\/\/ptdl.pl\/ptdl\/wp-content\/uploads\/2024\/06\/4d8f6fbf0ebc0b96327f5cab6a05c0b196d26414-300x200.png\" class=\"wp-image-3505 avia-img-lazy-loading-not-3505 attachment-medium size-medium wp-post-image\" alt=\"\" srcset=\"https:\/\/ptdl.pl\/ptdl\/wp-content\/uploads\/2024\/06\/4d8f6fbf0ebc0b96327f5cab6a05c0b196d26414-300x200.png 300w, https:\/\/ptdl.pl\/ptdl\/wp-content\/uploads\/2024\/06\/4d8f6fbf0ebc0b96327f5cab6a05c0b196d26414-705x470.png 705w, https:\/\/ptdl.pl\/ptdl\/wp-content\/uploads\/2024\/06\/4d8f6fbf0ebc0b96327f5cab6a05c0b196d26414.png 744w\" sizes=\"(max-width: 300px) 100vw, 300px\" \/><\/a><div class=\"slide-content\"><header class=\"entry-content-header\"><h3 class='slide-entry-title entry-title '  itemprop=\"headline\" ><a href='https:\/\/ptdl.pl\/index.php\/2024\/10\/01\/ptdl-lodz-spotkanie-naukowo-szkoleniowe-15-10-2024r\/' title='PTDL \u0141\u00f3d\u017a &#8211; Spotkanie naukowo-szkoleniowe 15.10.2024r.'>PTDL \u0141\u00f3d\u017a &#8211; Spotkanie naukowo-szkoleniowe 15.10.2024r.<\/a><\/h3><span class=\"av-vertical-delimiter\"><\/span><\/header><div class=\"slide-meta\"><time class='slide-meta-time updated'  itemprop=\"datePublished\" datetime=\"2024-10-01T14:08:25+02:00\" >2024-10-01<\/time><\/div><div class='slide-entry-excerpt entry-content'  itemprop=\"text\" ><div class=\"read-more-link\"><a href=\"https:\/\/ptdl.pl\/index.php\/2024\/10\/01\/ptdl-lodz-spotkanie-naukowo-szkoleniowe-15-10-2024r\/\" class=\"more-link\">Czytaj dalej<span class=\"more-link-arrow\"><\/span><\/a><\/div><\/div><\/div><footer class=\"entry-footer\"><\/footer><span class='hidden'>\n\t\t\t\t<span class='av-structured-data'  itemprop=\"image\" itemscope=\"itemscope\" itemtype=\"https:\/\/schema.org\/ImageObject\" >\n\t\t\t\t\t\t<span itemprop='url'>https:\/\/ptdl.pl\/ptdl\/wp-content\/uploads\/2024\/06\/4d8f6fbf0ebc0b96327f5cab6a05c0b196d26414.png<\/span>\n\t\t\t\t\t\t<span itemprop='height'>496<\/span>\n\t\t\t\t\t\t<span itemprop='width'>744<\/span>\n\t\t\t\t<\/span>\n\t\t\t\t<span class='av-structured-data'  itemprop=\"publisher\" itemtype=\"https:\/\/schema.org\/Organization\" itemscope=\"itemscope\" >\n\t\t\t\t\t\t<span itemprop='name'>dsk<\/span>\n\t\t\t\t\t\t<span itemprop='logo' itemscope itemtype='https:\/\/schema.org\/ImageObject'>\n\t\t\t\t\t\t\t<span itemprop='url'>https:\/\/ptdl.pl\/wp-content\/uploads\/2023\/03\/logo_2.svg<\/span>\n\t\t\t\t\t\t<\/span>\n\t\t\t\t<\/span><span class='av-structured-data'  itemprop=\"author\" itemscope=\"itemscope\" itemtype=\"https:\/\/schema.org\/Person\" ><span itemprop='name'>dsk<\/span><\/span><span class='av-structured-data'  itemprop=\"datePublished\" datetime=\"2023-02-03T12:54:00+01:00\" >2024-10-01 14:08:25<\/span><span class='av-structured-data'  itemprop=\"dateModified\" itemtype=\"https:\/\/schema.org\/dateModified\" >2024-10-15 10:14:25<\/span><span class='av-structured-data'  itemprop=\"mainEntityOfPage\" itemtype=\"https:\/\/schema.org\/mainEntityOfPage\" ><span itemprop='name'>PTDL \u0141\u00f3d\u017a &#8211; Spotkanie naukowo-szkoleniowe 15.10.2024r.<\/span><\/span><\/span><\/article><article class='slide-entry flex_column  post-entry post-entry-3498 slide-entry-overview slide-loop-35 slide-parity-even  av_one_third  real-thumbnail post-format-standard'  itemscope=\"itemscope\" itemtype=\"https:\/\/schema.org\/CreativeWork\" ><a href='https:\/\/ptdl.pl\/index.php\/2024\/06\/19\/ptdl-lodz-spotkanie-naukowo-szkoleniowe-27-06-2024r\/' data-rel='slide-3' class='slide-image' title='PTDL \u0141\u00f3d\u017a &#8211; Spotkanie naukowo-szkoleniowe 27.06.2024r.'><img decoding=\"async\" width=\"300\" height=\"200\" src=\"https:\/\/ptdl.pl\/ptdl\/wp-content\/uploads\/2024\/06\/4d8f6fbf0ebc0b96327f5cab6a05c0b196d26414-300x200.png\" class=\"wp-image-3505 avia-img-lazy-loading-not-3505 attachment-medium size-medium wp-post-image\" alt=\"\" srcset=\"https:\/\/ptdl.pl\/ptdl\/wp-content\/uploads\/2024\/06\/4d8f6fbf0ebc0b96327f5cab6a05c0b196d26414-300x200.png 300w, https:\/\/ptdl.pl\/ptdl\/wp-content\/uploads\/2024\/06\/4d8f6fbf0ebc0b96327f5cab6a05c0b196d26414-705x470.png 705w, https:\/\/ptdl.pl\/ptdl\/wp-content\/uploads\/2024\/06\/4d8f6fbf0ebc0b96327f5cab6a05c0b196d26414.png 744w\" sizes=\"(max-width: 300px) 100vw, 300px\" \/><\/a><div class=\"slide-content\"><header class=\"entry-content-header\"><h3 class='slide-entry-title entry-title '  itemprop=\"headline\" ><a href='https:\/\/ptdl.pl\/index.php\/2024\/06\/19\/ptdl-lodz-spotkanie-naukowo-szkoleniowe-27-06-2024r\/' title='PTDL \u0141\u00f3d\u017a &#8211; Spotkanie naukowo-szkoleniowe 27.06.2024r.'>PTDL \u0141\u00f3d\u017a &#8211; Spotkanie naukowo-szkoleniowe 27.06.2024r.<\/a><\/h3><span class=\"av-vertical-delimiter\"><\/span><\/header><div class=\"slide-meta\"><time class='slide-meta-time updated'  itemprop=\"datePublished\" datetime=\"2024-06-19T16:55:01+02:00\" >2024-06-19<\/time><\/div><div class='slide-entry-excerpt entry-content'  itemprop=\"text\" ><div class=\"read-more-link\"><a href=\"https:\/\/ptdl.pl\/index.php\/2024\/06\/19\/ptdl-lodz-spotkanie-naukowo-szkoleniowe-27-06-2024r\/\" class=\"more-link\">Czytaj dalej<span class=\"more-link-arrow\"><\/span><\/a><\/div><\/div><\/div><footer class=\"entry-footer\"><\/footer><span class='hidden'>\n\t\t\t\t<span class='av-structured-data'  itemprop=\"image\" itemscope=\"itemscope\" itemtype=\"https:\/\/schema.org\/ImageObject\" >\n\t\t\t\t\t\t<span itemprop='url'>https:\/\/ptdl.pl\/ptdl\/wp-content\/uploads\/2024\/06\/4d8f6fbf0ebc0b96327f5cab6a05c0b196d26414.png<\/span>\n\t\t\t\t\t\t<span itemprop='height'>496<\/span>\n\t\t\t\t\t\t<span itemprop='width'>744<\/span>\n\t\t\t\t<\/span>\n\t\t\t\t<span class='av-structured-data'  itemprop=\"publisher\" itemtype=\"https:\/\/schema.org\/Organization\" itemscope=\"itemscope\" >\n\t\t\t\t\t\t<span itemprop='name'>dsk<\/span>\n\t\t\t\t\t\t<span itemprop='logo' itemscope itemtype='https:\/\/schema.org\/ImageObject'>\n\t\t\t\t\t\t\t<span itemprop='url'>https:\/\/ptdl.pl\/wp-content\/uploads\/2023\/03\/logo_2.svg<\/span>\n\t\t\t\t\t\t<\/span>\n\t\t\t\t<\/span><span class='av-structured-data'  itemprop=\"author\" itemscope=\"itemscope\" itemtype=\"https:\/\/schema.org\/Person\" ><span itemprop='name'>dsk<\/span><\/span><span class='av-structured-data'  itemprop=\"datePublished\" datetime=\"2023-02-03T12:54:00+01:00\" >2024-06-19 16:55:01<\/span><span class='av-structured-data'  itemprop=\"dateModified\" itemtype=\"https:\/\/schema.org\/dateModified\" >2024-06-27 09:24:12<\/span><span class='av-structured-data'  itemprop=\"mainEntityOfPage\" itemtype=\"https:\/\/schema.org\/mainEntityOfPage\" ><span itemprop='name'>PTDL \u0141\u00f3d\u017a &#8211; Spotkanie naukowo-szkoleniowe 27.06.2024r.<\/span><\/span><\/span><\/article><article class='slide-entry flex_column  post-entry post-entry-3462 slide-entry-overview slide-loop-36 slide-parity-odd  av_one_third  real-thumbnail post-format-standard'  itemscope=\"itemscope\" itemtype=\"https:\/\/schema.org\/CreativeWork\" ><a href='https:\/\/ptdl.pl\/index.php\/2024\/05\/27\/zebranie-naukowo-szkoleniowe\/' data-rel='slide-3' class='slide-image' title='Zebranie naukowo &#8211; szkoleniowe'><img decoding=\"async\" width=\"300\" height=\"200\" src=\"https:\/\/ptdl.pl\/ptdl\/wp-content\/uploads\/2023\/02\/news_012-300x200.jpg\" class=\"wp-image-803 avia-img-lazy-loading-not-803 attachment-medium size-medium wp-post-image\" alt=\"\" srcset=\"https:\/\/ptdl.pl\/ptdl\/wp-content\/uploads\/2023\/02\/news_012-300x200.jpg 300w, https:\/\/ptdl.pl\/ptdl\/wp-content\/uploads\/2023\/02\/news_012.jpg 500w\" sizes=\"(max-width: 300px) 100vw, 300px\" \/><\/a><div class=\"slide-content\"><header class=\"entry-content-header\"><h3 class='slide-entry-title entry-title '  itemprop=\"headline\" ><a href='https:\/\/ptdl.pl\/index.php\/2024\/05\/27\/zebranie-naukowo-szkoleniowe\/' title='Zebranie naukowo &#8211; szkoleniowe'>Zebranie naukowo &#8211; szkoleniowe<\/a><\/h3><span class=\"av-vertical-delimiter\"><\/span><\/header><div class=\"slide-meta\"><time class='slide-meta-time updated'  itemprop=\"datePublished\" datetime=\"2024-05-27T12:31:41+02:00\" >2024-05-27<\/time><\/div><div class='slide-entry-excerpt entry-content'  itemprop=\"text\" ><div class=\"read-more-link\"><a href=\"https:\/\/ptdl.pl\/index.php\/2024\/05\/27\/zebranie-naukowo-szkoleniowe\/\" class=\"more-link\">Czytaj dalej<span class=\"more-link-arrow\"><\/span><\/a><\/div><\/div><\/div><footer class=\"entry-footer\"><\/footer><span class='hidden'>\n\t\t\t\t<span class='av-structured-data'  itemprop=\"image\" itemscope=\"itemscope\" itemtype=\"https:\/\/schema.org\/ImageObject\" >\n\t\t\t\t\t\t<span itemprop='url'>https:\/\/ptdl.pl\/ptdl\/wp-content\/uploads\/2023\/02\/news_012.jpg<\/span>\n\t\t\t\t\t\t<span itemprop='height'>333<\/span>\n\t\t\t\t\t\t<span itemprop='width'>500<\/span>\n\t\t\t\t<\/span>\n\t\t\t\t<span class='av-structured-data'  itemprop=\"publisher\" itemtype=\"https:\/\/schema.org\/Organization\" itemscope=\"itemscope\" >\n\t\t\t\t\t\t<span itemprop='name'>Malwina Czech<\/span>\n\t\t\t\t\t\t<span itemprop='logo' itemscope itemtype='https:\/\/schema.org\/ImageObject'>\n\t\t\t\t\t\t\t<span itemprop='url'>https:\/\/ptdl.pl\/wp-content\/uploads\/2023\/03\/logo_2.svg<\/span>\n\t\t\t\t\t\t<\/span>\n\t\t\t\t<\/span><span class='av-structured-data'  itemprop=\"author\" itemscope=\"itemscope\" itemtype=\"https:\/\/schema.org\/Person\" ><span itemprop='name'>Malwina Czech<\/span><\/span><span class='av-structured-data'  itemprop=\"datePublished\" datetime=\"2023-02-03T12:54:00+01:00\" >2024-05-27 12:31:41<\/span><span class='av-structured-data'  itemprop=\"dateModified\" itemtype=\"https:\/\/schema.org\/dateModified\" >2024-05-27 12:31:41<\/span><span class='av-structured-data'  itemprop=\"mainEntityOfPage\" itemtype=\"https:\/\/schema.org\/mainEntityOfPage\" ><span itemprop='name'>Zebranie naukowo &#8211; szkoleniowe<\/span><\/span><\/span><\/article><\/div><div class=\"slide-entry-wrap\"><article class='slide-entry flex_column  post-entry post-entry-3405 slide-entry-overview slide-loop-37 slide-parity-odd  av_one_third first real-thumbnail post-format-standard'  itemscope=\"itemscope\" itemtype=\"https:\/\/schema.org\/CreativeWork\" ><a href='https:\/\/ptdl.pl\/index.php\/2024\/05\/21\/webinar-znaczenie-immunofiksacji-bialek-surowicy-w-rozpoznawaniu-i-monitorowaniu-leczenia-szpiczaka-plazmocytowego\/' data-rel='slide-3' class='slide-image' title='WEBINAR Znaczenie immunofiksacji bia\u0142ek surowicy w rozpoznawaniu i monitorowaniu leczenia szpiczaka plazmocytowego'><img decoding=\"async\" width=\"300\" height=\"200\" src=\"https:\/\/ptdl.pl\/ptdl\/wp-content\/uploads\/2023\/12\/news_62-300x200.jpg\" class=\"wp-image-2037 avia-img-lazy-loading-not-2037 attachment-medium size-medium wp-post-image\" alt=\"\" srcset=\"https:\/\/ptdl.pl\/ptdl\/wp-content\/uploads\/2023\/12\/news_62-300x200.jpg 300w, https:\/\/ptdl.pl\/ptdl\/wp-content\/uploads\/2023\/12\/news_62.jpg 500w\" sizes=\"(max-width: 300px) 100vw, 300px\" \/><\/a><div class=\"slide-content\"><header class=\"entry-content-header\"><h3 class='slide-entry-title entry-title '  itemprop=\"headline\" ><a href='https:\/\/ptdl.pl\/index.php\/2024\/05\/21\/webinar-znaczenie-immunofiksacji-bialek-surowicy-w-rozpoznawaniu-i-monitorowaniu-leczenia-szpiczaka-plazmocytowego\/' title='WEBINAR Znaczenie immunofiksacji bia\u0142ek surowicy w rozpoznawaniu i monitorowaniu leczenia szpiczaka plazmocytowego'>WEBINAR Znaczenie immunofiksacji bia\u0142ek surowicy w rozpoznawaniu i monitorowaniu leczenia szpiczaka plazmocytowego<\/a><\/h3><span class=\"av-vertical-delimiter\"><\/span><\/header><div class=\"slide-meta\"><time class='slide-meta-time updated'  itemprop=\"datePublished\" datetime=\"2024-05-21T17:01:11+02:00\" >2024-05-21<\/time><\/div><div class='slide-entry-excerpt entry-content'  itemprop=\"text\" ><div class=\"read-more-link\"><a href=\"https:\/\/ptdl.pl\/index.php\/2024\/05\/21\/webinar-znaczenie-immunofiksacji-bialek-surowicy-w-rozpoznawaniu-i-monitorowaniu-leczenia-szpiczaka-plazmocytowego\/\" class=\"more-link\">Czytaj dalej<span class=\"more-link-arrow\"><\/span><\/a><\/div><\/div><\/div><footer class=\"entry-footer\"><\/footer><span class='hidden'>\n\t\t\t\t<span class='av-structured-data'  itemprop=\"image\" itemscope=\"itemscope\" itemtype=\"https:\/\/schema.org\/ImageObject\" >\n\t\t\t\t\t\t<span itemprop='url'>https:\/\/ptdl.pl\/ptdl\/wp-content\/uploads\/2023\/12\/news_62.jpg<\/span>\n\t\t\t\t\t\t<span itemprop='height'>333<\/span>\n\t\t\t\t\t\t<span itemprop='width'>500<\/span>\n\t\t\t\t<\/span>\n\t\t\t\t<span class='av-structured-data'  itemprop=\"publisher\" itemtype=\"https:\/\/schema.org\/Organization\" itemscope=\"itemscope\" >\n\t\t\t\t\t\t<span itemprop='name'>admin<\/span>\n\t\t\t\t\t\t<span itemprop='logo' itemscope itemtype='https:\/\/schema.org\/ImageObject'>\n\t\t\t\t\t\t\t<span itemprop='url'>https:\/\/ptdl.pl\/wp-content\/uploads\/2023\/03\/logo_2.svg<\/span>\n\t\t\t\t\t\t<\/span>\n\t\t\t\t<\/span><span class='av-structured-data'  itemprop=\"author\" itemscope=\"itemscope\" itemtype=\"https:\/\/schema.org\/Person\" ><span itemprop='name'>admin<\/span><\/span><span class='av-structured-data'  itemprop=\"datePublished\" datetime=\"2023-02-03T12:54:00+01:00\" >2024-05-21 17:01:11<\/span><span class='av-structured-data'  itemprop=\"dateModified\" itemtype=\"https:\/\/schema.org\/dateModified\" >2024-05-21 17:03:21<\/span><span class='av-structured-data'  itemprop=\"mainEntityOfPage\" itemtype=\"https:\/\/schema.org\/mainEntityOfPage\" ><span itemprop='name'>WEBINAR Znaczenie immunofiksacji bia\u0142ek surowicy w rozpoznawaniu i monitorowaniu leczenia szpiczaka plazmocytowego<\/span><\/span><\/span><\/article><article class='slide-entry flex_column  post-entry post-entry-3385 slide-entry-overview slide-loop-38 slide-parity-even  av_one_third  real-thumbnail post-format-standard'  itemscope=\"itemscope\" itemtype=\"https:\/\/schema.org\/CreativeWork\" ><a href='https:\/\/ptdl.pl\/index.php\/2024\/05\/20\/ptdl-lodz-spotkanie-naukowo-szkoleniowe-28-05-2024r\/' data-rel='slide-3' class='slide-image' title='PTDL \u0141\u00f3d\u017a &#8211; Spotkanie naukowo-szkoleniowe 28.05.2024r.'><img decoding=\"async\" width=\"300\" height=\"200\" src=\"https:\/\/ptdl.pl\/ptdl\/wp-content\/uploads\/2024\/05\/ogrod_MML-2-scaled-1-300x200.jpg\" class=\"wp-image-3393 avia-img-lazy-loading-not-3393 attachment-medium size-medium wp-post-image\" alt=\"\" srcset=\"https:\/\/ptdl.pl\/ptdl\/wp-content\/uploads\/2024\/05\/ogrod_MML-2-scaled-1-300x200.jpg 300w, https:\/\/ptdl.pl\/ptdl\/wp-content\/uploads\/2024\/05\/ogrod_MML-2-scaled-1-768x512.jpg 768w, https:\/\/ptdl.pl\/ptdl\/wp-content\/uploads\/2024\/05\/ogrod_MML-2-scaled-1-705x470.jpg 705w, https:\/\/ptdl.pl\/ptdl\/wp-content\/uploads\/2024\/05\/ogrod_MML-2-scaled-1.jpg 1024w\" sizes=\"(max-width: 300px) 100vw, 300px\" \/><\/a><div class=\"slide-content\"><header class=\"entry-content-header\"><h3 class='slide-entry-title entry-title '  itemprop=\"headline\" ><a href='https:\/\/ptdl.pl\/index.php\/2024\/05\/20\/ptdl-lodz-spotkanie-naukowo-szkoleniowe-28-05-2024r\/' title='PTDL \u0141\u00f3d\u017a &#8211; Spotkanie naukowo-szkoleniowe 28.05.2024r.'>PTDL \u0141\u00f3d\u017a &#8211; Spotkanie naukowo-szkoleniowe 28.05.2024r.<\/a><\/h3><span class=\"av-vertical-delimiter\"><\/span><\/header><div class=\"slide-meta\"><time class='slide-meta-time updated'  itemprop=\"datePublished\" datetime=\"2024-05-20T16:49:21+02:00\" >2024-05-20<\/time><\/div><div class='slide-entry-excerpt entry-content'  itemprop=\"text\" ><div class=\"read-more-link\"><a href=\"https:\/\/ptdl.pl\/index.php\/2024\/05\/20\/ptdl-lodz-spotkanie-naukowo-szkoleniowe-28-05-2024r\/\" class=\"more-link\">Czytaj dalej<span class=\"more-link-arrow\"><\/span><\/a><\/div><\/div><\/div><footer class=\"entry-footer\"><\/footer><span class='hidden'>\n\t\t\t\t<span class='av-structured-data'  itemprop=\"image\" itemscope=\"itemscope\" itemtype=\"https:\/\/schema.org\/ImageObject\" >\n\t\t\t\t\t\t<span itemprop='url'>https:\/\/ptdl.pl\/ptdl\/wp-content\/uploads\/2024\/05\/ogrod_MML-2-scaled-1.jpg<\/span>\n\t\t\t\t\t\t<span itemprop='height'>683<\/span>\n\t\t\t\t\t\t<span itemprop='width'>1024<\/span>\n\t\t\t\t<\/span>\n\t\t\t\t<span class='av-structured-data'  itemprop=\"publisher\" itemtype=\"https:\/\/schema.org\/Organization\" itemscope=\"itemscope\" >\n\t\t\t\t\t\t<span itemprop='name'>dsk<\/span>\n\t\t\t\t\t\t<span itemprop='logo' itemscope itemtype='https:\/\/schema.org\/ImageObject'>\n\t\t\t\t\t\t\t<span itemprop='url'>https:\/\/ptdl.pl\/wp-content\/uploads\/2023\/03\/logo_2.svg<\/span>\n\t\t\t\t\t\t<\/span>\n\t\t\t\t<\/span><span class='av-structured-data'  itemprop=\"author\" itemscope=\"itemscope\" itemtype=\"https:\/\/schema.org\/Person\" ><span itemprop='name'>dsk<\/span><\/span><span class='av-structured-data'  itemprop=\"datePublished\" datetime=\"2023-02-03T12:54:00+01:00\" >2024-05-20 16:49:21<\/span><span class='av-structured-data'  itemprop=\"dateModified\" itemtype=\"https:\/\/schema.org\/dateModified\" >2024-05-21 08:19:58<\/span><span class='av-structured-data'  itemprop=\"mainEntityOfPage\" itemtype=\"https:\/\/schema.org\/mainEntityOfPage\" ><span itemprop='name'>PTDL \u0141\u00f3d\u017a &#8211; Spotkanie naukowo-szkoleniowe 28.05.2024r.<\/span><\/span><\/span><\/article><article class='slide-entry flex_column  post-entry post-entry-3297 slide-entry-overview slide-loop-39 slide-parity-odd  av_one_third  real-thumbnail post-format-standard'  itemscope=\"itemscope\" itemtype=\"https:\/\/schema.org\/CreativeWork\" ><a href='https:\/\/ptdl.pl\/index.php\/2024\/05\/10\/posiedzenie-naukowo-szkoleniowe-w-formule-online-oddzialow-lubelskiego-i-podkarpackiego-ptdl-21-maj-2024-r\/' data-rel='slide-3' class='slide-image' title='Posiedzenie naukowo-szkoleniowe w formule ONLINE Oddzia\u0142\u00f3w Lubelskiego i Podkarpackiego PTDL &#8211; 21 maj 2024 r.'><img decoding=\"async\" width=\"300\" height=\"251\" src=\"https:\/\/ptdl.pl\/ptdl\/wp-content\/uploads\/2024\/05\/21-maj-2024-r.-wtorek-godz.-16.45-300x251.png\" class=\"wp-image-3298 avia-img-lazy-loading-not-3298 attachment-medium size-medium wp-post-image\" alt=\"\" srcset=\"https:\/\/ptdl.pl\/ptdl\/wp-content\/uploads\/2024\/05\/21-maj-2024-r.-wtorek-godz.-16.45-300x251.png 300w, https:\/\/ptdl.pl\/ptdl\/wp-content\/uploads\/2024\/05\/21-maj-2024-r.-wtorek-godz.-16.45-768x644.png 768w, https:\/\/ptdl.pl\/ptdl\/wp-content\/uploads\/2024\/05\/21-maj-2024-r.-wtorek-godz.-16.45-705x591.png 705w, https:\/\/ptdl.pl\/ptdl\/wp-content\/uploads\/2024\/05\/21-maj-2024-r.-wtorek-godz.-16.45.png 940w\" sizes=\"(max-width: 300px) 100vw, 300px\" \/><\/a><div class=\"slide-content\"><header class=\"entry-content-header\"><h3 class='slide-entry-title entry-title '  itemprop=\"headline\" ><a href='https:\/\/ptdl.pl\/index.php\/2024\/05\/10\/posiedzenie-naukowo-szkoleniowe-w-formule-online-oddzialow-lubelskiego-i-podkarpackiego-ptdl-21-maj-2024-r\/' title='Posiedzenie naukowo-szkoleniowe w formule ONLINE Oddzia\u0142\u00f3w Lubelskiego i Podkarpackiego PTDL &#8211; 21 maj 2024 r.'>Posiedzenie naukowo-szkoleniowe w formule ONLINE Oddzia\u0142\u00f3w Lubelskiego i Podkarpackiego PTDL &#8211; 21 maj 2024 r.<\/a><\/h3><span class=\"av-vertical-delimiter\"><\/span><\/header><div class=\"slide-meta\"><time class='slide-meta-time updated'  itemprop=\"datePublished\" datetime=\"2024-05-10T16:30:30+02:00\" >2024-05-10<\/time><\/div><div class='slide-entry-excerpt entry-content'  itemprop=\"text\" ><div class=\"read-more-link\"><a href=\"https:\/\/ptdl.pl\/index.php\/2024\/05\/10\/posiedzenie-naukowo-szkoleniowe-w-formule-online-oddzialow-lubelskiego-i-podkarpackiego-ptdl-21-maj-2024-r\/\" class=\"more-link\">Czytaj dalej<span class=\"more-link-arrow\"><\/span><\/a><\/div><\/div><\/div><footer class=\"entry-footer\"><\/footer><span class='hidden'>\n\t\t\t\t<span class='av-structured-data'  itemprop=\"image\" itemscope=\"itemscope\" itemtype=\"https:\/\/schema.org\/ImageObject\" >\n\t\t\t\t\t\t<span itemprop='url'>https:\/\/ptdl.pl\/ptdl\/wp-content\/uploads\/2024\/05\/21-maj-2024-r.-wtorek-godz.-16.45.png<\/span>\n\t\t\t\t\t\t<span itemprop='height'>788<\/span>\n\t\t\t\t\t\t<span itemprop='width'>940<\/span>\n\t\t\t\t<\/span>\n\t\t\t\t<span class='av-structured-data'  itemprop=\"publisher\" itemtype=\"https:\/\/schema.org\/Organization\" itemscope=\"itemscope\" >\n\t\t\t\t\t\t<span itemprop='name'>Dariusz Duma<\/span>\n\t\t\t\t\t\t<span itemprop='logo' itemscope itemtype='https:\/\/schema.org\/ImageObject'>\n\t\t\t\t\t\t\t<span itemprop='url'>https:\/\/ptdl.pl\/wp-content\/uploads\/2023\/03\/logo_2.svg<\/span>\n\t\t\t\t\t\t<\/span>\n\t\t\t\t<\/span><span class='av-structured-data'  itemprop=\"author\" itemscope=\"itemscope\" itemtype=\"https:\/\/schema.org\/Person\" ><span itemprop='name'>Dariusz Duma<\/span><\/span><span class='av-structured-data'  itemprop=\"datePublished\" datetime=\"2023-02-03T12:54:00+01:00\" >2024-05-10 16:30:30<\/span><span class='av-structured-data'  itemprop=\"dateModified\" itemtype=\"https:\/\/schema.org\/dateModified\" >2024-05-10 16:41:36<\/span><span class='av-structured-data'  itemprop=\"mainEntityOfPage\" itemtype=\"https:\/\/schema.org\/mainEntityOfPage\" ><span itemprop='name'>Posiedzenie naukowo-szkoleniowe w formule ONLINE Oddzia\u0142\u00f3w Lubelskiego i Podkarpackiego PTDL &#8211; 21 maj 2024 r.<\/span><\/span><\/span><\/article><\/div><div class=\"slide-entry-wrap\"><article class='slide-entry flex_column  post-entry post-entry-3197 slide-entry-overview slide-loop-40 slide-parity-odd  av_one_third first real-thumbnail post-format-standard'  itemscope=\"itemscope\" itemtype=\"https:\/\/schema.org\/CreativeWork\" ><a href='https:\/\/ptdl.pl\/index.php\/2024\/04\/18\/posiedzenie-naukowo-szkoleniowe-oddzialu-lubelskiego-ptdl-2\/' data-rel='slide-3' class='slide-image' title='Posiedzenie naukowo-szkoleniowe Oddzia\u0142u Lubelskiego PTDL'><img decoding=\"async\" width=\"300\" height=\"251\" src=\"https:\/\/ptdl.pl\/ptdl\/wp-content\/uploads\/2024\/04\/Spotkanie-naukowo-szkoleniowe-9-maj-2024-r-300x251.png\" class=\"wp-image-3200 avia-img-lazy-loading-not-3200 attachment-medium size-medium wp-post-image\" alt=\"\" srcset=\"https:\/\/ptdl.pl\/ptdl\/wp-content\/uploads\/2024\/04\/Spotkanie-naukowo-szkoleniowe-9-maj-2024-r-300x251.png 300w, https:\/\/ptdl.pl\/ptdl\/wp-content\/uploads\/2024\/04\/Spotkanie-naukowo-szkoleniowe-9-maj-2024-r-768x644.png 768w, https:\/\/ptdl.pl\/ptdl\/wp-content\/uploads\/2024\/04\/Spotkanie-naukowo-szkoleniowe-9-maj-2024-r-705x591.png 705w, https:\/\/ptdl.pl\/ptdl\/wp-content\/uploads\/2024\/04\/Spotkanie-naukowo-szkoleniowe-9-maj-2024-r.png 940w\" sizes=\"(max-width: 300px) 100vw, 300px\" \/><\/a><div class=\"slide-content\"><header class=\"entry-content-header\"><h3 class='slide-entry-title entry-title '  itemprop=\"headline\" ><a href='https:\/\/ptdl.pl\/index.php\/2024\/04\/18\/posiedzenie-naukowo-szkoleniowe-oddzialu-lubelskiego-ptdl-2\/' title='Posiedzenie naukowo-szkoleniowe Oddzia\u0142u Lubelskiego PTDL'>Posiedzenie naukowo-szkoleniowe Oddzia\u0142u Lubelskiego PTDL<\/a><\/h3><span class=\"av-vertical-delimiter\"><\/span><\/header><div class=\"slide-meta\"><time class='slide-meta-time updated'  itemprop=\"datePublished\" datetime=\"2024-04-18T20:03:16+02:00\" >2024-04-18<\/time><\/div><div class='slide-entry-excerpt entry-content'  itemprop=\"text\" ><div class=\"read-more-link\"><a href=\"https:\/\/ptdl.pl\/index.php\/2024\/04\/18\/posiedzenie-naukowo-szkoleniowe-oddzialu-lubelskiego-ptdl-2\/\" class=\"more-link\">Czytaj dalej<span class=\"more-link-arrow\"><\/span><\/a><\/div><\/div><\/div><footer class=\"entry-footer\"><\/footer><span class='hidden'>\n\t\t\t\t<span class='av-structured-data'  itemprop=\"image\" itemscope=\"itemscope\" itemtype=\"https:\/\/schema.org\/ImageObject\" >\n\t\t\t\t\t\t<span itemprop='url'>https:\/\/ptdl.pl\/ptdl\/wp-content\/uploads\/2024\/04\/Spotkanie-naukowo-szkoleniowe-9-maj-2024-r.png<\/span>\n\t\t\t\t\t\t<span itemprop='height'>788<\/span>\n\t\t\t\t\t\t<span itemprop='width'>940<\/span>\n\t\t\t\t<\/span>\n\t\t\t\t<span class='av-structured-data'  itemprop=\"publisher\" itemtype=\"https:\/\/schema.org\/Organization\" itemscope=\"itemscope\" >\n\t\t\t\t\t\t<span itemprop='name'>Dariusz Duma<\/span>\n\t\t\t\t\t\t<span itemprop='logo' itemscope itemtype='https:\/\/schema.org\/ImageObject'>\n\t\t\t\t\t\t\t<span itemprop='url'>https:\/\/ptdl.pl\/wp-content\/uploads\/2023\/03\/logo_2.svg<\/span>\n\t\t\t\t\t\t<\/span>\n\t\t\t\t<\/span><span class='av-structured-data'  itemprop=\"author\" itemscope=\"itemscope\" itemtype=\"https:\/\/schema.org\/Person\" ><span itemprop='name'>Dariusz Duma<\/span><\/span><span class='av-structured-data'  itemprop=\"datePublished\" datetime=\"2023-02-03T12:54:00+01:00\" >2024-04-18 20:03:16<\/span><span class='av-structured-data'  itemprop=\"dateModified\" itemtype=\"https:\/\/schema.org\/dateModified\" >2024-04-18 20:03:16<\/span><span class='av-structured-data'  itemprop=\"mainEntityOfPage\" itemtype=\"https:\/\/schema.org\/mainEntityOfPage\" ><span itemprop='name'>Posiedzenie naukowo-szkoleniowe Oddzia\u0142u Lubelskiego PTDL<\/span><\/span><\/span><\/article><article class='slide-entry flex_column  post-entry post-entry-3159 slide-entry-overview slide-loop-41 slide-parity-even  av_one_third  real-thumbnail post-format-standard'  itemscope=\"itemscope\" itemtype=\"https:\/\/schema.org\/CreativeWork\" ><a href='https:\/\/ptdl.pl\/index.php\/2024\/04\/10\/link-do-nagrania-webinaru-raportowanie-wynikow-elektroforezy-bialek-surowicy-omowienie-rekomendacji-grupy-roboczej-ptdl\/' data-rel='slide-3' class='slide-image' title='Link do nagrania webinaru &#8222;Raportowanie wynik\u00f3w elektroforezy bia\u0142ek surowicy &#8211; om\u00f3wienie rekomendacji Grupy Roboczej PTDL&#8221;'><img decoding=\"async\" width=\"300\" height=\"168\" src=\"https:\/\/ptdl.pl\/ptdl\/wp-content\/uploads\/2024\/04\/Rekomendacje-RAWEB-300x168.jpg\" class=\"wp-image-3163 avia-img-lazy-loading-not-3163 attachment-medium size-medium wp-post-image\" alt=\"\" srcset=\"https:\/\/ptdl.pl\/ptdl\/wp-content\/uploads\/2024\/04\/Rekomendacje-RAWEB-300x168.jpg 300w, https:\/\/ptdl.pl\/ptdl\/wp-content\/uploads\/2024\/04\/Rekomendacje-RAWEB-768x429.jpg 768w, https:\/\/ptdl.pl\/ptdl\/wp-content\/uploads\/2024\/04\/Rekomendacje-RAWEB-705x394.jpg 705w, https:\/\/ptdl.pl\/ptdl\/wp-content\/uploads\/2024\/04\/Rekomendacje-RAWEB.jpg 981w\" sizes=\"(max-width: 300px) 100vw, 300px\" \/><\/a><div class=\"slide-content\"><header class=\"entry-content-header\"><h3 class='slide-entry-title entry-title '  itemprop=\"headline\" ><a href='https:\/\/ptdl.pl\/index.php\/2024\/04\/10\/link-do-nagrania-webinaru-raportowanie-wynikow-elektroforezy-bialek-surowicy-omowienie-rekomendacji-grupy-roboczej-ptdl\/' title='Link do nagrania webinaru &#8222;Raportowanie wynik\u00f3w elektroforezy bia\u0142ek surowicy &#8211; om\u00f3wienie rekomendacji Grupy Roboczej PTDL&#8221;'>Link do nagrania webinaru &#8222;Raportowanie wynik\u00f3w elektroforezy bia\u0142ek surowicy &#8211; om\u00f3wienie rekomendacji Grupy Roboczej PTDL&#8221;<\/a><\/h3><span class=\"av-vertical-delimiter\"><\/span><\/header><div class=\"slide-meta\"><time class='slide-meta-time updated'  itemprop=\"datePublished\" datetime=\"2024-04-10T12:15:14+02:00\" >2024-04-10<\/time><\/div><div class='slide-entry-excerpt entry-content'  itemprop=\"text\" ><div class=\"read-more-link\"><a href=\"https:\/\/ptdl.pl\/index.php\/2024\/04\/10\/link-do-nagrania-webinaru-raportowanie-wynikow-elektroforezy-bialek-surowicy-omowienie-rekomendacji-grupy-roboczej-ptdl\/\" class=\"more-link\">Czytaj dalej<span class=\"more-link-arrow\"><\/span><\/a><\/div><\/div><\/div><footer class=\"entry-footer\"><\/footer><span class='hidden'>\n\t\t\t\t<span class='av-structured-data'  itemprop=\"image\" itemscope=\"itemscope\" itemtype=\"https:\/\/schema.org\/ImageObject\" >\n\t\t\t\t\t\t<span itemprop='url'>https:\/\/ptdl.pl\/ptdl\/wp-content\/uploads\/2024\/04\/Rekomendacje-RAWEB.jpg<\/span>\n\t\t\t\t\t\t<span itemprop='height'>548<\/span>\n\t\t\t\t\t\t<span itemprop='width'>981<\/span>\n\t\t\t\t<\/span>\n\t\t\t\t<span class='av-structured-data'  itemprop=\"publisher\" itemtype=\"https:\/\/schema.org\/Organization\" itemscope=\"itemscope\" >\n\t\t\t\t\t\t<span itemprop='name'>Olga Ciepiela<\/span>\n\t\t\t\t\t\t<span itemprop='logo' itemscope itemtype='https:\/\/schema.org\/ImageObject'>\n\t\t\t\t\t\t\t<span itemprop='url'>https:\/\/ptdl.pl\/wp-content\/uploads\/2023\/03\/logo_2.svg<\/span>\n\t\t\t\t\t\t<\/span>\n\t\t\t\t<\/span><span class='av-structured-data'  itemprop=\"author\" itemscope=\"itemscope\" itemtype=\"https:\/\/schema.org\/Person\" ><span itemprop='name'>Olga Ciepiela<\/span><\/span><span class='av-structured-data'  itemprop=\"datePublished\" datetime=\"2023-02-03T12:54:00+01:00\" >2024-04-10 12:15:14<\/span><span class='av-structured-data'  itemprop=\"dateModified\" itemtype=\"https:\/\/schema.org\/dateModified\" >2024-04-10 12:16:20<\/span><span class='av-structured-data'  itemprop=\"mainEntityOfPage\" itemtype=\"https:\/\/schema.org\/mainEntityOfPage\" ><span itemprop='name'>Link do nagrania webinaru &#8222;Raportowanie wynik\u00f3w elektroforezy bia\u0142ek surowicy &#8211; om\u00f3wienie rekomendacji Grupy Roboczej PTDL&#8221;<\/span><\/span><\/span><\/article><article class='slide-entry flex_column  post-entry post-entry-2960 slide-entry-overview slide-loop-42 slide-parity-odd  av_one_third  real-thumbnail post-format-standard'  itemscope=\"itemscope\" itemtype=\"https:\/\/schema.org\/CreativeWork\" ><a href='https:\/\/ptdl.pl\/index.php\/2024\/03\/12\/sympozjum-naukowo-szkoleniowe-diagnostyka-laboratoryjna-chorob-nerek-i-drog-moczowych\/' data-rel='slide-3' class='slide-image' title='Sympozjum -\u201eDiagnostyka laboratoryjna chor\u00f3b nerek i dr\u00f3g moczowych\u201d o\/ Krak\u00f3w 20.04.2024'><img decoding=\"async\" width=\"300\" height=\"169\" src=\"https:\/\/ptdl.pl\/ptdl\/wp-content\/uploads\/2024\/03\/Badanie-moczu-podstawowe-badanie-diagnostyczne.-Na-czym-polega_full-hd-300x169.jpg\" class=\"wp-image-2961 avia-img-lazy-loading-not-2961 attachment-medium size-medium wp-post-image\" alt=\"\" srcset=\"https:\/\/ptdl.pl\/ptdl\/wp-content\/uploads\/2024\/03\/Badanie-moczu-podstawowe-badanie-diagnostyczne.-Na-czym-polega_full-hd-300x169.jpg 300w, https:\/\/ptdl.pl\/ptdl\/wp-content\/uploads\/2024\/03\/Badanie-moczu-podstawowe-badanie-diagnostyczne.-Na-czym-polega_full-hd-1030x579.jpg 1030w, https:\/\/ptdl.pl\/ptdl\/wp-content\/uploads\/2024\/03\/Badanie-moczu-podstawowe-badanie-diagnostyczne.-Na-czym-polega_full-hd-768x432.jpg 768w, https:\/\/ptdl.pl\/ptdl\/wp-content\/uploads\/2024\/03\/Badanie-moczu-podstawowe-badanie-diagnostyczne.-Na-czym-polega_full-hd-1536x864.jpg 1536w, https:\/\/ptdl.pl\/ptdl\/wp-content\/uploads\/2024\/03\/Badanie-moczu-podstawowe-badanie-diagnostyczne.-Na-czym-polega_full-hd-1500x844.jpg 1500w, https:\/\/ptdl.pl\/ptdl\/wp-content\/uploads\/2024\/03\/Badanie-moczu-podstawowe-badanie-diagnostyczne.-Na-czym-polega_full-hd-705x397.jpg 705w, https:\/\/ptdl.pl\/ptdl\/wp-content\/uploads\/2024\/03\/Badanie-moczu-podstawowe-badanie-diagnostyczne.-Na-czym-polega_full-hd.jpg 1920w\" sizes=\"(max-width: 300px) 100vw, 300px\" \/><\/a><div class=\"slide-content\"><header class=\"entry-content-header\"><h3 class='slide-entry-title entry-title '  itemprop=\"headline\" ><a href='https:\/\/ptdl.pl\/index.php\/2024\/03\/12\/sympozjum-naukowo-szkoleniowe-diagnostyka-laboratoryjna-chorob-nerek-i-drog-moczowych\/' title='Sympozjum -\u201eDiagnostyka laboratoryjna chor\u00f3b nerek i dr\u00f3g moczowych\u201d o\/ Krak\u00f3w 20.04.2024'>Sympozjum -\u201eDiagnostyka laboratoryjna chor\u00f3b nerek i dr\u00f3g moczowych\u201d o\/ Krak\u00f3w 20.04.2024<\/a><\/h3><span class=\"av-vertical-delimiter\"><\/span><\/header><div class=\"slide-meta\"><time class='slide-meta-time updated'  itemprop=\"datePublished\" datetime=\"2024-03-12T14:45:50+01:00\" >2024-03-12<\/time><\/div><div class='slide-entry-excerpt entry-content'  itemprop=\"text\" ><div class=\"read-more-link\"><a href=\"https:\/\/ptdl.pl\/index.php\/2024\/03\/12\/sympozjum-naukowo-szkoleniowe-diagnostyka-laboratoryjna-chorob-nerek-i-drog-moczowych\/\" class=\"more-link\">Czytaj dalej<span class=\"more-link-arrow\"><\/span><\/a><\/div><\/div><\/div><footer class=\"entry-footer\"><\/footer><span class='hidden'>\n\t\t\t\t<span class='av-structured-data'  itemprop=\"image\" itemscope=\"itemscope\" itemtype=\"https:\/\/schema.org\/ImageObject\" >\n\t\t\t\t\t\t<span itemprop='url'>https:\/\/ptdl.pl\/ptdl\/wp-content\/uploads\/2024\/03\/Badanie-moczu-podstawowe-badanie-diagnostyczne.-Na-czym-polega_full-hd.jpg<\/span>\n\t\t\t\t\t\t<span itemprop='height'>1080<\/span>\n\t\t\t\t\t\t<span itemprop='width'>1920<\/span>\n\t\t\t\t<\/span>\n\t\t\t\t<span class='av-structured-data'  itemprop=\"publisher\" itemtype=\"https:\/\/schema.org\/Organization\" itemscope=\"itemscope\" >\n\t\t\t\t\t\t<span itemprop='name'>Anna Z\u0105bek-Adamska<\/span>\n\t\t\t\t\t\t<span itemprop='logo' itemscope itemtype='https:\/\/schema.org\/ImageObject'>\n\t\t\t\t\t\t\t<span itemprop='url'>https:\/\/ptdl.pl\/wp-content\/uploads\/2023\/03\/logo_2.svg<\/span>\n\t\t\t\t\t\t<\/span>\n\t\t\t\t<\/span><span class='av-structured-data'  itemprop=\"author\" itemscope=\"itemscope\" itemtype=\"https:\/\/schema.org\/Person\" ><span itemprop='name'>Anna Z\u0105bek-Adamska<\/span><\/span><span class='av-structured-data'  itemprop=\"datePublished\" datetime=\"2023-02-03T12:54:00+01:00\" >2024-03-12 14:45:50<\/span><span class='av-structured-data'  itemprop=\"dateModified\" itemtype=\"https:\/\/schema.org\/dateModified\" >2024-03-27 12:12:11<\/span><span class='av-structured-data'  itemprop=\"mainEntityOfPage\" itemtype=\"https:\/\/schema.org\/mainEntityOfPage\" ><span itemprop='name'>Sympozjum -\u201eDiagnostyka laboratoryjna chor\u00f3b nerek i dr\u00f3g moczowych\u201d o\/ Krak\u00f3w 20.04.2024<\/span><\/span><\/span><\/article><\/div><div class=\"slide-entry-wrap\"><article class='slide-entry flex_column  post-entry post-entry-2929 slide-entry-overview slide-loop-43 slide-parity-odd  av_one_third first real-thumbnail post-format-standard'  itemscope=\"itemscope\" itemtype=\"https:\/\/schema.org\/CreativeWork\" ><a href='https:\/\/ptdl.pl\/index.php\/2024\/03\/08\/zaproszenie-na-spotkanie-naukowo-szkoleniowe-ptdl-lodz-18-03-2024r\/' data-rel='slide-3' class='slide-image' title='Zaproszenie na spotkanie naukowo-szkoleniowe PTDL \u0141\u00f3d\u017a 18.03.2024r.'><img decoding=\"async\" width=\"300\" height=\"200\" src=\"https:\/\/ptdl.pl\/ptdl\/wp-content\/uploads\/2023\/12\/news_46-300x200.jpg\" class=\"wp-image-2021 avia-img-lazy-loading-not-2021 attachment-medium size-medium wp-post-image\" alt=\"\" srcset=\"https:\/\/ptdl.pl\/ptdl\/wp-content\/uploads\/2023\/12\/news_46-300x200.jpg 300w, https:\/\/ptdl.pl\/ptdl\/wp-content\/uploads\/2023\/12\/news_46.jpg 500w\" sizes=\"(max-width: 300px) 100vw, 300px\" \/><\/a><div class=\"slide-content\"><header class=\"entry-content-header\"><h3 class='slide-entry-title entry-title '  itemprop=\"headline\" ><a href='https:\/\/ptdl.pl\/index.php\/2024\/03\/08\/zaproszenie-na-spotkanie-naukowo-szkoleniowe-ptdl-lodz-18-03-2024r\/' title='Zaproszenie na spotkanie naukowo-szkoleniowe PTDL \u0141\u00f3d\u017a 18.03.2024r.'>Zaproszenie na spotkanie naukowo-szkoleniowe PTDL \u0141\u00f3d\u017a 18.03.2024r.<\/a><\/h3><span class=\"av-vertical-delimiter\"><\/span><\/header><div class=\"slide-meta\"><time class='slide-meta-time updated'  itemprop=\"datePublished\" datetime=\"2024-03-08T14:04:42+01:00\" >2024-03-08<\/time><\/div><div class='slide-entry-excerpt entry-content'  itemprop=\"text\" ><div class=\"read-more-link\"><a href=\"https:\/\/ptdl.pl\/index.php\/2024\/03\/08\/zaproszenie-na-spotkanie-naukowo-szkoleniowe-ptdl-lodz-18-03-2024r\/\" class=\"more-link\">Czytaj dalej<span class=\"more-link-arrow\"><\/span><\/a><\/div><\/div><\/div><footer class=\"entry-footer\"><\/footer><span class='hidden'>\n\t\t\t\t<span class='av-structured-data'  itemprop=\"image\" itemscope=\"itemscope\" itemtype=\"https:\/\/schema.org\/ImageObject\" >\n\t\t\t\t\t\t<span itemprop='url'>https:\/\/ptdl.pl\/ptdl\/wp-content\/uploads\/2023\/12\/news_46.jpg<\/span>\n\t\t\t\t\t\t<span itemprop='height'>333<\/span>\n\t\t\t\t\t\t<span itemprop='width'>500<\/span>\n\t\t\t\t<\/span>\n\t\t\t\t<span class='av-structured-data'  itemprop=\"publisher\" itemtype=\"https:\/\/schema.org\/Organization\" itemscope=\"itemscope\" >\n\t\t\t\t\t\t<span itemprop='name'>dsk<\/span>\n\t\t\t\t\t\t<span itemprop='logo' itemscope itemtype='https:\/\/schema.org\/ImageObject'>\n\t\t\t\t\t\t\t<span itemprop='url'>https:\/\/ptdl.pl\/wp-content\/uploads\/2023\/03\/logo_2.svg<\/span>\n\t\t\t\t\t\t<\/span>\n\t\t\t\t<\/span><span class='av-structured-data'  itemprop=\"author\" itemscope=\"itemscope\" itemtype=\"https:\/\/schema.org\/Person\" ><span itemprop='name'>dsk<\/span><\/span><span class='av-structured-data'  itemprop=\"datePublished\" datetime=\"2023-02-03T12:54:00+01:00\" >2024-03-08 14:04:42<\/span><span class='av-structured-data'  itemprop=\"dateModified\" itemtype=\"https:\/\/schema.org\/dateModified\" >2024-03-11 09:06:49<\/span><span class='av-structured-data'  itemprop=\"mainEntityOfPage\" itemtype=\"https:\/\/schema.org\/mainEntityOfPage\" ><span itemprop='name'>Zaproszenie na spotkanie naukowo-szkoleniowe PTDL \u0141\u00f3d\u017a 18.03.2024r.<\/span><\/span><\/span><\/article><article class='slide-entry flex_column  post-entry post-entry-2870 slide-entry-overview slide-loop-44 slide-parity-even  av_one_third  real-thumbnail post-format-standard'  itemscope=\"itemscope\" itemtype=\"https:\/\/schema.org\/CreativeWork\" ><a href='https:\/\/ptdl.pl\/index.php\/2024\/03\/05\/posiedzenie-naukowo-szkoleniowe-o-bydgoszcz-21-03-2024-r\/' data-rel='slide-3' class='slide-image' title='Posiedzenie naukowo-szkoleniowe O\/Bydgoszcz 21.03.2024 r'><img decoding=\"async\" width=\"300\" height=\"200\" src=\"https:\/\/ptdl.pl\/ptdl\/wp-content\/uploads\/2024\/01\/2020-10-17-300x200.jpg\" class=\"wp-image-2586 avia-img-lazy-loading-not-2586 attachment-medium size-medium wp-post-image\" alt=\"\" srcset=\"https:\/\/ptdl.pl\/ptdl\/wp-content\/uploads\/2024\/01\/2020-10-17-300x200.jpg 300w, https:\/\/ptdl.pl\/ptdl\/wp-content\/uploads\/2024\/01\/2020-10-17-1030x686.jpg 1030w, https:\/\/ptdl.pl\/ptdl\/wp-content\/uploads\/2024\/01\/2020-10-17-768x512.jpg 768w, https:\/\/ptdl.pl\/ptdl\/wp-content\/uploads\/2024\/01\/2020-10-17-705x470.jpg 705w, https:\/\/ptdl.pl\/ptdl\/wp-content\/uploads\/2024\/01\/2020-10-17.jpg 1360w\" sizes=\"(max-width: 300px) 100vw, 300px\" \/><\/a><div class=\"slide-content\"><header class=\"entry-content-header\"><h3 class='slide-entry-title entry-title '  itemprop=\"headline\" ><a href='https:\/\/ptdl.pl\/index.php\/2024\/03\/05\/posiedzenie-naukowo-szkoleniowe-o-bydgoszcz-21-03-2024-r\/' title='Posiedzenie naukowo-szkoleniowe O\/Bydgoszcz 21.03.2024 r'>Posiedzenie naukowo-szkoleniowe O\/Bydgoszcz 21.03.2024 r<\/a><\/h3><span class=\"av-vertical-delimiter\"><\/span><\/header><div class=\"slide-meta\"><time class='slide-meta-time updated'  itemprop=\"datePublished\" datetime=\"2024-03-05T22:47:26+01:00\" >2024-03-05<\/time><\/div><div class='slide-entry-excerpt entry-content'  itemprop=\"text\" ><div class=\"read-more-link\"><a href=\"https:\/\/ptdl.pl\/index.php\/2024\/03\/05\/posiedzenie-naukowo-szkoleniowe-o-bydgoszcz-21-03-2024-r\/\" class=\"more-link\">Czytaj dalej<span class=\"more-link-arrow\"><\/span><\/a><\/div><\/div><\/div><footer class=\"entry-footer\"><\/footer><span class='hidden'>\n\t\t\t\t<span class='av-structured-data'  itemprop=\"image\" itemscope=\"itemscope\" itemtype=\"https:\/\/schema.org\/ImageObject\" >\n\t\t\t\t\t\t<span itemprop='url'>https:\/\/ptdl.pl\/ptdl\/wp-content\/uploads\/2024\/01\/2020-10-17.jpg<\/span>\n\t\t\t\t\t\t<span itemprop='height'>906<\/span>\n\t\t\t\t\t\t<span itemprop='width'>1360<\/span>\n\t\t\t\t<\/span>\n\t\t\t\t<span class='av-structured-data'  itemprop=\"publisher\" itemtype=\"https:\/\/schema.org\/Organization\" itemscope=\"itemscope\" >\n\t\t\t\t\t\t<span itemprop='name'>S\u0142awomira Balcerak<\/span>\n\t\t\t\t\t\t<span itemprop='logo' itemscope itemtype='https:\/\/schema.org\/ImageObject'>\n\t\t\t\t\t\t\t<span itemprop='url'>https:\/\/ptdl.pl\/wp-content\/uploads\/2023\/03\/logo_2.svg<\/span>\n\t\t\t\t\t\t<\/span>\n\t\t\t\t<\/span><span class='av-structured-data'  itemprop=\"author\" itemscope=\"itemscope\" itemtype=\"https:\/\/schema.org\/Person\" ><span itemprop='name'>S\u0142awomira Balcerak<\/span><\/span><span class='av-structured-data'  itemprop=\"datePublished\" datetime=\"2023-02-03T12:54:00+01:00\" >2024-03-05 22:47:26<\/span><span class='av-structured-data'  itemprop=\"dateModified\" itemtype=\"https:\/\/schema.org\/dateModified\" >2024-03-05 22:50:05<\/span><span class='av-structured-data'  itemprop=\"mainEntityOfPage\" itemtype=\"https:\/\/schema.org\/mainEntityOfPage\" ><span itemprop='name'>Posiedzenie naukowo-szkoleniowe O\/Bydgoszcz 21.03.2024 r<\/span><\/span><\/span><\/article><article class='slide-entry flex_column  post-entry post-entry-2857 slide-entry-overview slide-loop-45 slide-parity-odd  av_one_third  real-thumbnail post-format-standard'  itemscope=\"itemscope\" itemtype=\"https:\/\/schema.org\/CreativeWork\" ><a href='https:\/\/ptdl.pl\/index.php\/2024\/03\/04\/posiedzenie-naukowo-szkoleniowe-o-bydgoszcz-6-03-2024\/' data-rel='slide-3' class='slide-image' title='Posiedzenie naukowo-szkoleniowe O\/Bydgoszcz 6.03.2024'><img decoding=\"async\" width=\"300\" height=\"200\" src=\"https:\/\/ptdl.pl\/ptdl\/wp-content\/uploads\/2023\/12\/news_63-300x200.jpg\" class=\"wp-image-2038 avia-img-lazy-loading-not-2038 attachment-medium size-medium wp-post-image\" alt=\"\" srcset=\"https:\/\/ptdl.pl\/ptdl\/wp-content\/uploads\/2023\/12\/news_63-300x200.jpg 300w, https:\/\/ptdl.pl\/ptdl\/wp-content\/uploads\/2023\/12\/news_63.jpg 500w\" sizes=\"(max-width: 300px) 100vw, 300px\" \/><\/a><div class=\"slide-content\"><header class=\"entry-content-header\"><h3 class='slide-entry-title entry-title '  itemprop=\"headline\" ><a href='https:\/\/ptdl.pl\/index.php\/2024\/03\/04\/posiedzenie-naukowo-szkoleniowe-o-bydgoszcz-6-03-2024\/' title='Posiedzenie naukowo-szkoleniowe O\/Bydgoszcz 6.03.2024'>Posiedzenie naukowo-szkoleniowe O\/Bydgoszcz 6.03.2024<\/a><\/h3><span class=\"av-vertical-delimiter\"><\/span><\/header><div class=\"slide-meta\"><time class='slide-meta-time updated'  itemprop=\"datePublished\" datetime=\"2024-03-04T01:21:49+01:00\" >2024-03-04<\/time><\/div><div class='slide-entry-excerpt entry-content'  itemprop=\"text\" ><div class=\"read-more-link\"><a href=\"https:\/\/ptdl.pl\/index.php\/2024\/03\/04\/posiedzenie-naukowo-szkoleniowe-o-bydgoszcz-6-03-2024\/\" class=\"more-link\">Czytaj dalej<span class=\"more-link-arrow\"><\/span><\/a><\/div><\/div><\/div><footer class=\"entry-footer\"><\/footer><span class='hidden'>\n\t\t\t\t<span class='av-structured-data'  itemprop=\"image\" itemscope=\"itemscope\" itemtype=\"https:\/\/schema.org\/ImageObject\" >\n\t\t\t\t\t\t<span itemprop='url'>https:\/\/ptdl.pl\/ptdl\/wp-content\/uploads\/2023\/12\/news_63.jpg<\/span>\n\t\t\t\t\t\t<span itemprop='height'>333<\/span>\n\t\t\t\t\t\t<span itemprop='width'>500<\/span>\n\t\t\t\t<\/span>\n\t\t\t\t<span class='av-structured-data'  itemprop=\"publisher\" itemtype=\"https:\/\/schema.org\/Organization\" itemscope=\"itemscope\" >\n\t\t\t\t\t\t<span itemprop='name'>S\u0142awomira Balcerak<\/span>\n\t\t\t\t\t\t<span itemprop='logo' itemscope itemtype='https:\/\/schema.org\/ImageObject'>\n\t\t\t\t\t\t\t<span itemprop='url'>https:\/\/ptdl.pl\/wp-content\/uploads\/2023\/03\/logo_2.svg<\/span>\n\t\t\t\t\t\t<\/span>\n\t\t\t\t<\/span><span class='av-structured-data'  itemprop=\"author\" itemscope=\"itemscope\" itemtype=\"https:\/\/schema.org\/Person\" ><span itemprop='name'>S\u0142awomira Balcerak<\/span><\/span><span class='av-structured-data'  itemprop=\"datePublished\" datetime=\"2023-02-03T12:54:00+01:00\" >2024-03-04 01:21:49<\/span><span class='av-structured-data'  itemprop=\"dateModified\" itemtype=\"https:\/\/schema.org\/dateModified\" >2024-03-04 01:21:49<\/span><span class='av-structured-data'  itemprop=\"mainEntityOfPage\" itemtype=\"https:\/\/schema.org\/mainEntityOfPage\" ><span itemprop='name'>Posiedzenie naukowo-szkoleniowe O\/Bydgoszcz 6.03.2024<\/span><\/span><\/span><\/article><\/div><div class=\"slide-entry-wrap\"><article class='slide-entry flex_column  post-entry post-entry-2623 slide-entry-overview slide-loop-46 slide-parity-odd  av_one_third first real-thumbnail post-format-standard'  itemscope=\"itemscope\" itemtype=\"https:\/\/schema.org\/CreativeWork\" ><a href='https:\/\/ptdl.pl\/index.php\/2024\/01\/29\/posiedzenie-naukowo-szkoleniowe-on-line-8-02-2024\/' data-rel='slide-3' class='slide-image' title='Posiedzenie naukowo-szkoleniowe on-line 8.02.2024 O\/Bydgoszcz'><img decoding=\"async\" width=\"300\" height=\"200\" src=\"https:\/\/ptdl.pl\/ptdl\/wp-content\/uploads\/2023\/12\/news_46-300x200.jpg\" class=\"wp-image-2021 avia-img-lazy-loading-not-2021 attachment-medium size-medium wp-post-image\" alt=\"\" srcset=\"https:\/\/ptdl.pl\/ptdl\/wp-content\/uploads\/2023\/12\/news_46-300x200.jpg 300w, https:\/\/ptdl.pl\/ptdl\/wp-content\/uploads\/2023\/12\/news_46.jpg 500w\" sizes=\"(max-width: 300px) 100vw, 300px\" \/><\/a><div class=\"slide-content\"><header class=\"entry-content-header\"><h3 class='slide-entry-title entry-title '  itemprop=\"headline\" ><a href='https:\/\/ptdl.pl\/index.php\/2024\/01\/29\/posiedzenie-naukowo-szkoleniowe-on-line-8-02-2024\/' title='Posiedzenie naukowo-szkoleniowe on-line 8.02.2024 O\/Bydgoszcz'>Posiedzenie naukowo-szkoleniowe on-line 8.02.2024 O\/Bydgoszcz<\/a><\/h3><span class=\"av-vertical-delimiter\"><\/span><\/header><div class=\"slide-meta\"><time class='slide-meta-time updated'  itemprop=\"datePublished\" datetime=\"2024-01-29T22:51:41+01:00\" >2024-01-29<\/time><\/div><div class='slide-entry-excerpt entry-content'  itemprop=\"text\" ><div class=\"read-more-link\"><a href=\"https:\/\/ptdl.pl\/index.php\/2024\/01\/29\/posiedzenie-naukowo-szkoleniowe-on-line-8-02-2024\/\" class=\"more-link\">Czytaj dalej<span class=\"more-link-arrow\"><\/span><\/a><\/div><\/div><\/div><footer class=\"entry-footer\"><\/footer><span class='hidden'>\n\t\t\t\t<span class='av-structured-data'  itemprop=\"image\" itemscope=\"itemscope\" itemtype=\"https:\/\/schema.org\/ImageObject\" >\n\t\t\t\t\t\t<span itemprop='url'>https:\/\/ptdl.pl\/ptdl\/wp-content\/uploads\/2023\/12\/news_46.jpg<\/span>\n\t\t\t\t\t\t<span itemprop='height'>333<\/span>\n\t\t\t\t\t\t<span itemprop='width'>500<\/span>\n\t\t\t\t<\/span>\n\t\t\t\t<span class='av-structured-data'  itemprop=\"publisher\" itemtype=\"https:\/\/schema.org\/Organization\" itemscope=\"itemscope\" >\n\t\t\t\t\t\t<span itemprop='name'>S\u0142awomira Balcerak<\/span>\n\t\t\t\t\t\t<span itemprop='logo' itemscope itemtype='https:\/\/schema.org\/ImageObject'>\n\t\t\t\t\t\t\t<span itemprop='url'>https:\/\/ptdl.pl\/wp-content\/uploads\/2023\/03\/logo_2.svg<\/span>\n\t\t\t\t\t\t<\/span>\n\t\t\t\t<\/span><span class='av-structured-data'  itemprop=\"author\" itemscope=\"itemscope\" itemtype=\"https:\/\/schema.org\/Person\" ><span itemprop='name'>S\u0142awomira Balcerak<\/span><\/span><span class='av-structured-data'  itemprop=\"datePublished\" datetime=\"2023-02-03T12:54:00+01:00\" >2024-01-29 22:51:41<\/span><span class='av-structured-data'  itemprop=\"dateModified\" itemtype=\"https:\/\/schema.org\/dateModified\" >2024-01-29 23:13:20<\/span><span class='av-structured-data'  itemprop=\"mainEntityOfPage\" itemtype=\"https:\/\/schema.org\/mainEntityOfPage\" ><span itemprop='name'>Posiedzenie naukowo-szkoleniowe on-line 8.02.2024 O\/Bydgoszcz<\/span><\/span><\/span><\/article><article class='slide-entry flex_column  post-entry post-entry-2570 slide-entry-overview slide-loop-47 slide-parity-even  av_one_third  real-thumbnail post-format-standard'  itemscope=\"itemscope\" itemtype=\"https:\/\/schema.org\/CreativeWork\" ><a href='https:\/\/ptdl.pl\/index.php\/2024\/01\/23\/akademia-hpv\/' data-rel='slide-3' class='slide-image' title='Akademia HPV'><img decoding=\"async\" width=\"300\" height=\"200\" src=\"https:\/\/ptdl.pl\/ptdl\/wp-content\/uploads\/2024\/01\/akademia_HPV-300x200.png\" class=\"wp-image-2571 avia-img-lazy-loading-not-2571 attachment-medium size-medium wp-post-image\" alt=\"\" srcset=\"https:\/\/ptdl.pl\/ptdl\/wp-content\/uploads\/2024\/01\/akademia_HPV-300x200.png 300w, https:\/\/ptdl.pl\/ptdl\/wp-content\/uploads\/2024\/01\/akademia_HPV.png 500w\" sizes=\"(max-width: 300px) 100vw, 300px\" \/><\/a><div class=\"slide-content\"><header class=\"entry-content-header\"><h3 class='slide-entry-title entry-title '  itemprop=\"headline\" ><a href='https:\/\/ptdl.pl\/index.php\/2024\/01\/23\/akademia-hpv\/' title='Akademia HPV'>Akademia HPV<\/a><\/h3><span class=\"av-vertical-delimiter\"><\/span><\/header><div class=\"slide-meta\"><time class='slide-meta-time updated'  itemprop=\"datePublished\" datetime=\"2024-01-23T13:44:36+01:00\" >2024-01-23<\/time><\/div><div class='slide-entry-excerpt entry-content'  itemprop=\"text\" ><div class=\"read-more-link\"><a href=\"https:\/\/ptdl.pl\/index.php\/2024\/01\/23\/akademia-hpv\/\" class=\"more-link\">Czytaj dalej<span class=\"more-link-arrow\"><\/span><\/a><\/div><\/div><\/div><footer class=\"entry-footer\"><\/footer><span class='hidden'>\n\t\t\t\t<span class='av-structured-data'  itemprop=\"image\" itemscope=\"itemscope\" itemtype=\"https:\/\/schema.org\/ImageObject\" >\n\t\t\t\t\t\t<span itemprop='url'>https:\/\/ptdl.pl\/ptdl\/wp-content\/uploads\/2024\/01\/akademia_HPV.png<\/span>\n\t\t\t\t\t\t<span itemprop='height'>333<\/span>\n\t\t\t\t\t\t<span itemprop='width'>500<\/span>\n\t\t\t\t<\/span>\n\t\t\t\t<span class='av-structured-data'  itemprop=\"publisher\" itemtype=\"https:\/\/schema.org\/Organization\" itemscope=\"itemscope\" >\n\t\t\t\t\t\t<span itemprop='name'>admin<\/span>\n\t\t\t\t\t\t<span itemprop='logo' itemscope itemtype='https:\/\/schema.org\/ImageObject'>\n\t\t\t\t\t\t\t<span itemprop='url'>https:\/\/ptdl.pl\/wp-content\/uploads\/2023\/03\/logo_2.svg<\/span>\n\t\t\t\t\t\t<\/span>\n\t\t\t\t<\/span><span class='av-structured-data'  itemprop=\"author\" itemscope=\"itemscope\" itemtype=\"https:\/\/schema.org\/Person\" ><span itemprop='name'>admin<\/span><\/span><span class='av-structured-data'  itemprop=\"datePublished\" datetime=\"2023-02-03T12:54:00+01:00\" >2024-01-23 13:44:36<\/span><span class='av-structured-data'  itemprop=\"dateModified\" itemtype=\"https:\/\/schema.org\/dateModified\" >2024-01-23 13:45:16<\/span><span class='av-structured-data'  itemprop=\"mainEntityOfPage\" itemtype=\"https:\/\/schema.org\/mainEntityOfPage\" ><span itemprop='name'>Akademia HPV<\/span><\/span><\/span><\/article><article class='slide-entry flex_column  post-entry post-entry-2417 slide-entry-overview slide-loop-48 slide-parity-odd  av_one_third  real-thumbnail post-format-standard'  itemscope=\"itemscope\" itemtype=\"https:\/\/schema.org\/CreativeWork\" ><a href='https:\/\/ptdl.pl\/index.php\/2024\/01\/10\/akademia-cytologa-hpv\/' data-rel='slide-3' class='slide-image' title='Akademia Cytologa HPV'><img decoding=\"async\" width=\"300\" height=\"200\" src=\"https:\/\/ptdl.pl\/ptdl\/wp-content\/uploads\/2024\/01\/akademia_cytologa_hpv_s-300x200.png\" class=\"wp-image-2423 avia-img-lazy-loading-not-2423 attachment-medium size-medium wp-post-image\" alt=\"\" srcset=\"https:\/\/ptdl.pl\/ptdl\/wp-content\/uploads\/2024\/01\/akademia_cytologa_hpv_s-300x200.png 300w, https:\/\/ptdl.pl\/ptdl\/wp-content\/uploads\/2024\/01\/akademia_cytologa_hpv_s.png 500w\" sizes=\"(max-width: 300px) 100vw, 300px\" \/><\/a><div class=\"slide-content\"><header class=\"entry-content-header\"><h3 class='slide-entry-title entry-title '  itemprop=\"headline\" ><a href='https:\/\/ptdl.pl\/index.php\/2024\/01\/10\/akademia-cytologa-hpv\/' title='Akademia Cytologa HPV'>Akademia Cytologa HPV<\/a><\/h3><span class=\"av-vertical-delimiter\"><\/span><\/header><div class=\"slide-meta\"><time class='slide-meta-time updated'  itemprop=\"datePublished\" datetime=\"2024-01-10T18:58:08+01:00\" >2024-01-10<\/time><\/div><div class='slide-entry-excerpt entry-content'  itemprop=\"text\" ><div class=\"read-more-link\"><a href=\"https:\/\/ptdl.pl\/index.php\/2024\/01\/10\/akademia-cytologa-hpv\/\" class=\"more-link\">Czytaj dalej<span class=\"more-link-arrow\"><\/span><\/a><\/div><\/div><\/div><footer class=\"entry-footer\"><\/footer><span class='hidden'>\n\t\t\t\t<span class='av-structured-data'  itemprop=\"image\" itemscope=\"itemscope\" itemtype=\"https:\/\/schema.org\/ImageObject\" >\n\t\t\t\t\t\t<span itemprop='url'>https:\/\/ptdl.pl\/ptdl\/wp-content\/uploads\/2024\/01\/akademia_cytologa_hpv_s.png<\/span>\n\t\t\t\t\t\t<span itemprop='height'>333<\/span>\n\t\t\t\t\t\t<span itemprop='width'>500<\/span>\n\t\t\t\t<\/span>\n\t\t\t\t<span class='av-structured-data'  itemprop=\"publisher\" itemtype=\"https:\/\/schema.org\/Organization\" itemscope=\"itemscope\" >\n\t\t\t\t\t\t<span itemprop='name'>admin<\/span>\n\t\t\t\t\t\t<span itemprop='logo' itemscope itemtype='https:\/\/schema.org\/ImageObject'>\n\t\t\t\t\t\t\t<span itemprop='url'>https:\/\/ptdl.pl\/wp-content\/uploads\/2023\/03\/logo_2.svg<\/span>\n\t\t\t\t\t\t<\/span>\n\t\t\t\t<\/span><span class='av-structured-data'  itemprop=\"author\" itemscope=\"itemscope\" itemtype=\"https:\/\/schema.org\/Person\" ><span itemprop='name'>admin<\/span><\/span><span class='av-structured-data'  itemprop=\"datePublished\" datetime=\"2023-02-03T12:54:00+01:00\" >2024-01-10 18:58:08<\/span><span class='av-structured-data'  itemprop=\"dateModified\" itemtype=\"https:\/\/schema.org\/dateModified\" >2024-01-10 19:03:04<\/span><span class='av-structured-data'  itemprop=\"mainEntityOfPage\" itemtype=\"https:\/\/schema.org\/mainEntityOfPage\" ><span itemprop='name'>Akademia Cytologa HPV<\/span><\/span><\/span><\/article><\/div><div class=\"slide-entry-wrap\"><article class='slide-entry flex_column  post-entry post-entry-330 slide-entry-overview slide-loop-49 slide-parity-odd  av_one_third first real-thumbnail post-format-standard'  itemscope=\"itemscope\" itemtype=\"https:\/\/schema.org\/CreativeWork\" ><a href='https:\/\/ptdl.pl\/index.php\/2023\/01\/25\/zebranie-naukowo-szkoleniowe-03-02-2023\/' data-rel='slide-3' class='slide-image' title='Zebranie naukowo-szkoleniowe 03.02.2023'><img decoding=\"async\" width=\"300\" height=\"199\" src=\"https:\/\/ptdl.pl\/ptdl\/wp-content\/uploads\/2023\/02\/news_026-300x199.jpg\" class=\"wp-image-817 avia-img-lazy-loading-not-817 attachment-medium size-medium wp-post-image\" alt=\"\" srcset=\"https:\/\/ptdl.pl\/ptdl\/wp-content\/uploads\/2023\/02\/news_026-300x199.jpg 300w, https:\/\/ptdl.pl\/ptdl\/wp-content\/uploads\/2023\/02\/news_026.jpg 500w\" sizes=\"(max-width: 300px) 100vw, 300px\" \/><\/a><div class=\"slide-content\"><header class=\"entry-content-header\"><h3 class='slide-entry-title entry-title '  itemprop=\"headline\" ><a href='https:\/\/ptdl.pl\/index.php\/2023\/01\/25\/zebranie-naukowo-szkoleniowe-03-02-2023\/' title='Zebranie naukowo-szkoleniowe 03.02.2023'>Zebranie naukowo-szkoleniowe 03.02.2023<\/a><\/h3><span class=\"av-vertical-delimiter\"><\/span><\/header><div class=\"slide-meta\"><time class='slide-meta-time updated'  itemprop=\"datePublished\" datetime=\"2023-01-25T13:51:18+01:00\" >2023-01-25<\/time><\/div><div class='slide-entry-excerpt entry-content'  itemprop=\"text\" ><div class=\"read-more-link\"><a href=\"https:\/\/ptdl.pl\/index.php\/2023\/01\/25\/zebranie-naukowo-szkoleniowe-03-02-2023\/\" class=\"more-link\">Czytaj dalej<span class=\"more-link-arrow\"><\/span><\/a><\/div><\/div><\/div><footer class=\"entry-footer\"><\/footer><span class='hidden'>\n\t\t\t\t<span class='av-structured-data'  itemprop=\"image\" itemscope=\"itemscope\" itemtype=\"https:\/\/schema.org\/ImageObject\" >\n\t\t\t\t\t\t<span itemprop='url'>https:\/\/ptdl.pl\/ptdl\/wp-content\/uploads\/2023\/02\/news_026.jpg<\/span>\n\t\t\t\t\t\t<span itemprop='height'>332<\/span>\n\t\t\t\t\t\t<span itemprop='width'>500<\/span>\n\t\t\t\t<\/span>\n\t\t\t\t<span class='av-structured-data'  itemprop=\"publisher\" itemtype=\"https:\/\/schema.org\/Organization\" itemscope=\"itemscope\" >\n\t\t\t\t\t\t<span itemprop='name'>admin<\/span>\n\t\t\t\t\t\t<span itemprop='logo' itemscope itemtype='https:\/\/schema.org\/ImageObject'>\n\t\t\t\t\t\t\t<span itemprop='url'>https:\/\/ptdl.pl\/wp-content\/uploads\/2023\/03\/logo_2.svg<\/span>\n\t\t\t\t\t\t<\/span>\n\t\t\t\t<\/span><span class='av-structured-data'  itemprop=\"author\" itemscope=\"itemscope\" itemtype=\"https:\/\/schema.org\/Person\" ><span itemprop='name'>admin<\/span><\/span><span class='av-structured-data'  itemprop=\"datePublished\" datetime=\"2023-02-03T12:54:00+01:00\" >2023-01-25 13:51:18<\/span><span class='av-structured-data'  itemprop=\"dateModified\" itemtype=\"https:\/\/schema.org\/dateModified\" >2023-02-28 08:53:56<\/span><span class='av-structured-data'  itemprop=\"mainEntityOfPage\" itemtype=\"https:\/\/schema.org\/mainEntityOfPage\" ><span itemprop='name'>Zebranie naukowo-szkoleniowe 03.02.2023<\/span><\/span><\/span><\/article><article class='slide-entry flex_column  post-entry post-entry-272 slide-entry-overview slide-loop-50 slide-parity-even  av_one_third  real-thumbnail post-format-standard'  itemscope=\"itemscope\" itemtype=\"https:\/\/schema.org\/CreativeWork\" ><a href='https:\/\/ptdl.pl\/index.php\/2023\/01\/25\/posiedzenie-naukowo-szkoleniowe-16-02-2023-r\/' data-rel='slide-3' class='slide-image' title='Posiedzenie naukowo-szkoleniowe 16.02.2023 r'><img decoding=\"async\" width=\"300\" height=\"200\" src=\"https:\/\/ptdl.pl\/ptdl\/wp-content\/uploads\/2023\/02\/news_011-300x200.jpg\" class=\"wp-image-802 avia-img-lazy-loading-not-802 attachment-medium size-medium wp-post-image\" alt=\"\" srcset=\"https:\/\/ptdl.pl\/ptdl\/wp-content\/uploads\/2023\/02\/news_011-300x200.jpg 300w, https:\/\/ptdl.pl\/ptdl\/wp-content\/uploads\/2023\/02\/news_011.jpg 500w\" sizes=\"(max-width: 300px) 100vw, 300px\" \/><\/a><div class=\"slide-content\"><header class=\"entry-content-header\"><h3 class='slide-entry-title entry-title '  itemprop=\"headline\" ><a href='https:\/\/ptdl.pl\/index.php\/2023\/01\/25\/posiedzenie-naukowo-szkoleniowe-16-02-2023-r\/' title='Posiedzenie naukowo-szkoleniowe 16.02.2023 r'>Posiedzenie naukowo-szkoleniowe 16.02.2023 r<\/a><\/h3><span class=\"av-vertical-delimiter\"><\/span><\/header><div class=\"slide-meta\"><time class='slide-meta-time updated'  itemprop=\"datePublished\" datetime=\"2023-01-25T13:26:55+01:00\" >2023-01-25<\/time><\/div><div class='slide-entry-excerpt entry-content'  itemprop=\"text\" ><div class=\"read-more-link\"><a href=\"https:\/\/ptdl.pl\/index.php\/2023\/01\/25\/posiedzenie-naukowo-szkoleniowe-16-02-2023-r\/\" class=\"more-link\">Czytaj dalej<span class=\"more-link-arrow\"><\/span><\/a><\/div><\/div><\/div><footer class=\"entry-footer\"><\/footer><span class='hidden'>\n\t\t\t\t<span class='av-structured-data'  itemprop=\"image\" itemscope=\"itemscope\" itemtype=\"https:\/\/schema.org\/ImageObject\" >\n\t\t\t\t\t\t<span itemprop='url'>https:\/\/ptdl.pl\/ptdl\/wp-content\/uploads\/2023\/02\/news_011.jpg<\/span>\n\t\t\t\t\t\t<span itemprop='height'>333<\/span>\n\t\t\t\t\t\t<span itemprop='width'>500<\/span>\n\t\t\t\t<\/span>\n\t\t\t\t<span class='av-structured-data'  itemprop=\"publisher\" itemtype=\"https:\/\/schema.org\/Organization\" itemscope=\"itemscope\" >\n\t\t\t\t\t\t<span itemprop='name'>admin<\/span>\n\t\t\t\t\t\t<span itemprop='logo' itemscope itemtype='https:\/\/schema.org\/ImageObject'>\n\t\t\t\t\t\t\t<span itemprop='url'>https:\/\/ptdl.pl\/wp-content\/uploads\/2023\/03\/logo_2.svg<\/span>\n\t\t\t\t\t\t<\/span>\n\t\t\t\t<\/span><span class='av-structured-data'  itemprop=\"author\" itemscope=\"itemscope\" itemtype=\"https:\/\/schema.org\/Person\" ><span itemprop='name'>admin<\/span><\/span><span class='av-structured-data'  itemprop=\"datePublished\" datetime=\"2023-02-03T12:54:00+01:00\" >2023-01-25 13:26:55<\/span><span class='av-structured-data'  itemprop=\"dateModified\" itemtype=\"https:\/\/schema.org\/dateModified\" >2023-02-28 08:52:37<\/span><span class='av-structured-data'  itemprop=\"mainEntityOfPage\" itemtype=\"https:\/\/schema.org\/mainEntityOfPage\" ><span itemprop='name'>Posiedzenie naukowo-szkoleniowe 16.02.2023 r<\/span><\/span><\/span><\/article><article class='slide-entry flex_column  post-entry post-entry-389 slide-entry-overview slide-loop-51 slide-parity-odd  post-entry-last  av_one_third  real-thumbnail post-format-standard'  itemscope=\"itemscope\" itemtype=\"https:\/\/schema.org\/CreativeWork\" ><a href='https:\/\/ptdl.pl\/index.php\/2023\/01\/24\/sympozjum-naukowo-szkoleniowe-01-02-2023-stacjonarnie\/' data-rel='slide-3' class='slide-image' title='Sympozjum naukowo-szkoleniowe 01.02.2023 (stacjonarnie)'><img decoding=\"async\" width=\"300\" height=\"200\" src=\"https:\/\/ptdl.pl\/ptdl\/wp-content\/uploads\/2023\/02\/news_015-300x200.jpg\" class=\"wp-image-806 avia-img-lazy-loading-not-806 attachment-medium size-medium wp-post-image\" alt=\"\" srcset=\"https:\/\/ptdl.pl\/ptdl\/wp-content\/uploads\/2023\/02\/news_015-300x200.jpg 300w, https:\/\/ptdl.pl\/ptdl\/wp-content\/uploads\/2023\/02\/news_015.jpg 500w\" sizes=\"(max-width: 300px) 100vw, 300px\" \/><\/a><div class=\"slide-content\"><header class=\"entry-content-header\"><h3 class='slide-entry-title entry-title '  itemprop=\"headline\" ><a href='https:\/\/ptdl.pl\/index.php\/2023\/01\/24\/sympozjum-naukowo-szkoleniowe-01-02-2023-stacjonarnie\/' title='Sympozjum naukowo-szkoleniowe 01.02.2023 (stacjonarnie)'>Sympozjum naukowo-szkoleniowe 01.02.2023 (stacjonarnie)<\/a><\/h3><span class=\"av-vertical-delimiter\"><\/span><\/header><div class=\"slide-meta\"><time class='slide-meta-time updated'  itemprop=\"datePublished\" datetime=\"2023-01-24T15:08:53+01:00\" >2023-01-24<\/time><\/div><div class='slide-entry-excerpt entry-content'  itemprop=\"text\" ><div class=\"read-more-link\"><a href=\"https:\/\/ptdl.pl\/index.php\/2023\/01\/24\/sympozjum-naukowo-szkoleniowe-01-02-2023-stacjonarnie\/\" class=\"more-link\">Czytaj dalej<span class=\"more-link-arrow\"><\/span><\/a><\/div><\/div><\/div><footer class=\"entry-footer\"><\/footer><span class='hidden'>\n\t\t\t\t<span class='av-structured-data'  itemprop=\"image\" itemscope=\"itemscope\" itemtype=\"https:\/\/schema.org\/ImageObject\" >\n\t\t\t\t\t\t<span itemprop='url'>https:\/\/ptdl.pl\/ptdl\/wp-content\/uploads\/2023\/02\/news_015.jpg<\/span>\n\t\t\t\t\t\t<span itemprop='height'>333<\/span>\n\t\t\t\t\t\t<span itemprop='width'>500<\/span>\n\t\t\t\t<\/span>\n\t\t\t\t<span class='av-structured-data'  itemprop=\"publisher\" itemtype=\"https:\/\/schema.org\/Organization\" itemscope=\"itemscope\" >\n\t\t\t\t\t\t<span itemprop='name'>admin<\/span>\n\t\t\t\t\t\t<span itemprop='logo' itemscope itemtype='https:\/\/schema.org\/ImageObject'>\n\t\t\t\t\t\t\t<span itemprop='url'>https:\/\/ptdl.pl\/wp-content\/uploads\/2023\/03\/logo_2.svg<\/span>\n\t\t\t\t\t\t<\/span>\n\t\t\t\t<\/span><span class='av-structured-data'  itemprop=\"author\" itemscope=\"itemscope\" itemtype=\"https:\/\/schema.org\/Person\" ><span itemprop='name'>admin<\/span><\/span><span class='av-structured-data'  itemprop=\"datePublished\" datetime=\"2023-02-03T12:54:00+01:00\" >2023-01-24 15:08:53<\/span><span class='av-structured-data'  itemprop=\"dateModified\" itemtype=\"https:\/\/schema.org\/dateModified\" >2023-02-28 08:51:50<\/span><span class='av-structured-data'  itemprop=\"mainEntityOfPage\" itemtype=\"https:\/\/schema.org\/mainEntityOfPage\" ><span itemprop='name'>Sympozjum naukowo-szkoleniowe 01.02.2023 (stacjonarnie)<\/span><\/span><\/span><\/article><\/div><\/div><div class='avia-slideshow-arrows avia-slideshow-controls' ><a href='#prev' class='prev-slide ' aria-hidden='true' data-av_icon='\ue87c' data-av_iconfont='entypo-fontello'  tabindex='-1'>Previous<\/a><a href='#next' class='next-slide ' aria-hidden='true' data-av_icon='\ue87d' data-av_iconfont='entypo-fontello'  tabindex='-1'>Next<\/a><\/div><\/div>\n<section  class='av_textblock_section av-1ctk0-8670768b5b44d38eb0b6a83aae37243f'  itemscope=\"itemscope\" itemtype=\"https:\/\/schema.org\/CreativeWork\" ><div class='avia_textblock mp-naglowek-specjalny1-class'  itemprop=\"text\" ><p>Konferencje<\/p>\n<hr \/>\n<\/div><\/section>\n<div  data-slideshow-options=\"{&quot;animation&quot;:&quot;fade&quot;,&quot;autoplay&quot;:false,&quot;loop_autoplay&quot;:&quot;once&quot;,&quot;interval&quot;:&quot;40&quot;,&quot;loop_manual&quot;:&quot;manual-endless&quot;,&quot;autoplay_stopper&quot;:false,&quot;noNavigation&quot;:false,&quot;show_slide_delay&quot;:90}\" class='avia-content-slider avia-content-slider-active avia-content-slider4 avia-content-slider-even  avia-builder-el-10  el_after_av_textblock  el_before_av_postslider  mp-slider-z-postami2-class av-slideshow-ui av-control-default   av-no-slider-navigation av-slideshow-manual av-loop-once av-loop-manual-endless  av-small-hide av-mini-hide'  itemscope=\"itemscope\" itemtype=\"https:\/\/schema.org\/Blog\" ><div class=\"avia-content-slider-inner\"><div class=\"slide-entry-wrap\"><article class='slide-entry flex_column  post-entry post-entry-6138 slide-entry-overview slide-loop-1 slide-parity-odd  av_one_fourth first real-thumbnail post-format-standard'  itemscope=\"itemscope\" itemtype=\"https:\/\/schema.org\/CreativeWork\" ><a href='https:\/\/ptdl.pl\/index.php\/2026\/04\/23\/konferencja-wiosenne-spotkania-z-medycyna-laboratoryjna-krynica-zdroj-2026\/' data-rel='slide-4' class='slide-image' title='Konferencja \u201eWiosenne spotkania z medycyn\u0105 laboratoryjn\u0105 \u2013 Krynica-Zdr\u00f3j 2026\u201d'><img decoding=\"async\" width=\"300\" height=\"169\" src=\"https:\/\/ptdl.pl\/ptdl\/wp-content\/uploads\/2026\/04\/zdjecia-do-kolazu-konferencja-PTDL-16-17.04.26-300x169.jpg\" class=\"wp-image-6139 avia-img-lazy-loading-not-6139 attachment-medium size-medium wp-post-image\" alt=\"\" srcset=\"https:\/\/ptdl.pl\/ptdl\/wp-content\/uploads\/2026\/04\/zdjecia-do-kolazu-konferencja-PTDL-16-17.04.26-300x169.jpg 300w, https:\/\/ptdl.pl\/ptdl\/wp-content\/uploads\/2026\/04\/zdjecia-do-kolazu-konferencja-PTDL-16-17.04.26-1030x579.jpg 1030w, https:\/\/ptdl.pl\/ptdl\/wp-content\/uploads\/2026\/04\/zdjecia-do-kolazu-konferencja-PTDL-16-17.04.26-768x432.jpg 768w, https:\/\/ptdl.pl\/ptdl\/wp-content\/uploads\/2026\/04\/zdjecia-do-kolazu-konferencja-PTDL-16-17.04.26-1536x864.jpg 1536w, https:\/\/ptdl.pl\/ptdl\/wp-content\/uploads\/2026\/04\/zdjecia-do-kolazu-konferencja-PTDL-16-17.04.26-1500x844.jpg 1500w, https:\/\/ptdl.pl\/ptdl\/wp-content\/uploads\/2026\/04\/zdjecia-do-kolazu-konferencja-PTDL-16-17.04.26-705x397.jpg 705w, https:\/\/ptdl.pl\/ptdl\/wp-content\/uploads\/2026\/04\/zdjecia-do-kolazu-konferencja-PTDL-16-17.04.26.jpg 1920w\" sizes=\"(max-width: 300px) 100vw, 300px\" \/><\/a><div class=\"slide-content\"><header class=\"entry-content-header\"><h3 class='slide-entry-title entry-title '  itemprop=\"headline\" ><a href='https:\/\/ptdl.pl\/index.php\/2026\/04\/23\/konferencja-wiosenne-spotkania-z-medycyna-laboratoryjna-krynica-zdroj-2026\/' title='Konferencja \u201eWiosenne spotkania z medycyn\u0105 laboratoryjn\u0105 \u2013 Krynica-Zdr\u00f3j 2026\u201d'>Konferencja \u201eWiosenne spotkania z medycyn\u0105 laboratoryjn\u0105 \u2013 Krynica-Zdr\u00f3j 2026\u201d<\/a><\/h3><span class=\"av-vertical-delimiter\"><\/span><\/header><div class=\"slide-meta\"><time class='slide-meta-time updated'  itemprop=\"datePublished\" datetime=\"2026-04-23T11:51:59+02:00\" >2026-04-23<\/time><\/div><div class='slide-entry-excerpt entry-content'  itemprop=\"text\" ><div class=\"read-more-link\"><a href=\"https:\/\/ptdl.pl\/index.php\/2026\/04\/23\/konferencja-wiosenne-spotkania-z-medycyna-laboratoryjna-krynica-zdroj-2026\/\" class=\"more-link\">Czytaj dalej<span class=\"more-link-arrow\"><\/span><\/a><\/div><\/div><\/div><footer class=\"entry-footer\"><\/footer><span class='hidden'>\n\t\t\t\t<span class='av-structured-data'  itemprop=\"image\" itemscope=\"itemscope\" itemtype=\"https:\/\/schema.org\/ImageObject\" >\n\t\t\t\t\t\t<span itemprop='url'>https:\/\/ptdl.pl\/ptdl\/wp-content\/uploads\/2026\/04\/zdjecia-do-kolazu-konferencja-PTDL-16-17.04.26.jpg<\/span>\n\t\t\t\t\t\t<span itemprop='height'>1080<\/span>\n\t\t\t\t\t\t<span itemprop='width'>1920<\/span>\n\t\t\t\t<\/span>\n\t\t\t\t<span class='av-structured-data'  itemprop=\"publisher\" itemtype=\"https:\/\/schema.org\/Organization\" itemscope=\"itemscope\" >\n\t\t\t\t\t\t<span itemprop='name'>admin<\/span>\n\t\t\t\t\t\t<span itemprop='logo' itemscope itemtype='https:\/\/schema.org\/ImageObject'>\n\t\t\t\t\t\t\t<span itemprop='url'>https:\/\/ptdl.pl\/wp-content\/uploads\/2023\/03\/logo_2.svg<\/span>\n\t\t\t\t\t\t<\/span>\n\t\t\t\t<\/span><span class='av-structured-data'  itemprop=\"author\" itemscope=\"itemscope\" itemtype=\"https:\/\/schema.org\/Person\" ><span itemprop='name'>admin<\/span><\/span><span class='av-structured-data'  itemprop=\"datePublished\" datetime=\"2023-02-03T12:54:00+01:00\" >2026-04-23 11:51:59<\/span><span class='av-structured-data'  itemprop=\"dateModified\" itemtype=\"https:\/\/schema.org\/dateModified\" >2026-04-23 11:53:33<\/span><span class='av-structured-data'  itemprop=\"mainEntityOfPage\" itemtype=\"https:\/\/schema.org\/mainEntityOfPage\" ><span itemprop='name'>Konferencja \u201eWiosenne spotkania z medycyn\u0105 laboratoryjn\u0105 \u2013 Krynica-Zdr\u00f3j 2026\u201d<\/span><\/span><\/span><\/article><article class='slide-entry flex_column  post-entry post-entry-6092 slide-entry-overview slide-loop-2 slide-parity-even  av_one_fourth  real-thumbnail post-format-standard'  itemscope=\"itemscope\" itemtype=\"https:\/\/schema.org\/CreativeWork\" ><a href='https:\/\/ptdl.pl\/index.php\/2026\/04\/20\/ogolnopolski-dzien-diagnosty-laboratoryjnego\/' data-rel='slide-4' class='slide-image' title='OG\u00d3LNOPOLSKI DZIE\u0143 DIAGNOSTY LABORATORYJNEGO'><img decoding=\"async\" width=\"300\" height=\"298\" src=\"https:\/\/ptdl.pl\/ptdl\/wp-content\/uploads\/2026\/04\/fb-300x298.jpg\" class=\"wp-image-6093 avia-img-lazy-loading-not-6093 attachment-medium size-medium wp-post-image\" alt=\"\" srcset=\"https:\/\/ptdl.pl\/ptdl\/wp-content\/uploads\/2026\/04\/fb-300x298.jpg 300w, https:\/\/ptdl.pl\/ptdl\/wp-content\/uploads\/2026\/04\/fb-1030x1021.jpg 1030w, https:\/\/ptdl.pl\/ptdl\/wp-content\/uploads\/2026\/04\/fb-80x80.jpg 80w, https:\/\/ptdl.pl\/ptdl\/wp-content\/uploads\/2026\/04\/fb-768x762.jpg 768w, https:\/\/ptdl.pl\/ptdl\/wp-content\/uploads\/2026\/04\/fb-36x36.jpg 36w, https:\/\/ptdl.pl\/ptdl\/wp-content\/uploads\/2026\/04\/fb-180x180.jpg 180w, https:\/\/ptdl.pl\/ptdl\/wp-content\/uploads\/2026\/04\/fb-705x699.jpg 705w, https:\/\/ptdl.pl\/ptdl\/wp-content\/uploads\/2026\/04\/fb.jpg 1320w\" sizes=\"(max-width: 300px) 100vw, 300px\" \/><\/a><div class=\"slide-content\"><header class=\"entry-content-header\"><h3 class='slide-entry-title entry-title '  itemprop=\"headline\" ><a href='https:\/\/ptdl.pl\/index.php\/2026\/04\/20\/ogolnopolski-dzien-diagnosty-laboratoryjnego\/' title='OG\u00d3LNOPOLSKI DZIE\u0143 DIAGNOSTY LABORATORYJNEGO'>OG\u00d3LNOPOLSKI DZIE\u0143 DIAGNOSTY LABORATORYJNEGO<\/a><\/h3><span class=\"av-vertical-delimiter\"><\/span><\/header><div class=\"slide-meta\"><time class='slide-meta-time updated'  itemprop=\"datePublished\" datetime=\"2026-04-20T14:32:39+02:00\" >2026-04-20<\/time><\/div><div class='slide-entry-excerpt entry-content'  itemprop=\"text\" ><div class=\"read-more-link\"><a href=\"https:\/\/ptdl.pl\/index.php\/2026\/04\/20\/ogolnopolski-dzien-diagnosty-laboratoryjnego\/\" class=\"more-link\">Czytaj dalej<span class=\"more-link-arrow\"><\/span><\/a><\/div><\/div><\/div><footer class=\"entry-footer\"><\/footer><span class='hidden'>\n\t\t\t\t<span class='av-structured-data'  itemprop=\"image\" itemscope=\"itemscope\" itemtype=\"https:\/\/schema.org\/ImageObject\" >\n\t\t\t\t\t\t<span itemprop='url'>https:\/\/ptdl.pl\/ptdl\/wp-content\/uploads\/2026\/04\/fb.jpg<\/span>\n\t\t\t\t\t\t<span itemprop='height'>1309<\/span>\n\t\t\t\t\t\t<span itemprop='width'>1320<\/span>\n\t\t\t\t<\/span>\n\t\t\t\t<span class='av-structured-data'  itemprop=\"publisher\" itemtype=\"https:\/\/schema.org\/Organization\" itemscope=\"itemscope\" >\n\t\t\t\t\t\t<span itemprop='name'>admin<\/span>\n\t\t\t\t\t\t<span itemprop='logo' itemscope itemtype='https:\/\/schema.org\/ImageObject'>\n\t\t\t\t\t\t\t<span itemprop='url'>https:\/\/ptdl.pl\/wp-content\/uploads\/2023\/03\/logo_2.svg<\/span>\n\t\t\t\t\t\t<\/span>\n\t\t\t\t<\/span><span class='av-structured-data'  itemprop=\"author\" itemscope=\"itemscope\" itemtype=\"https:\/\/schema.org\/Person\" ><span itemprop='name'>admin<\/span><\/span><span class='av-structured-data'  itemprop=\"datePublished\" datetime=\"2023-02-03T12:54:00+01:00\" >2026-04-20 14:32:39<\/span><span class='av-structured-data'  itemprop=\"dateModified\" itemtype=\"https:\/\/schema.org\/dateModified\" >2026-04-20 14:35:28<\/span><span class='av-structured-data'  itemprop=\"mainEntityOfPage\" itemtype=\"https:\/\/schema.org\/mainEntityOfPage\" ><span itemprop='name'>OG\u00d3LNOPOLSKI DZIE\u0143 DIAGNOSTY LABORATORYJNEGO<\/span><\/span><\/span><\/article><article class='slide-entry flex_column  post-entry post-entry-6070 slide-entry-overview slide-loop-3 slide-parity-odd  av_one_fourth  real-thumbnail post-format-standard'  itemscope=\"itemscope\" itemtype=\"https:\/\/schema.org\/CreativeWork\" ><a href='https:\/\/ptdl.pl\/index.php\/2026\/04\/20\/rejestracja-na-konferencje-naukowo-szkoleniowa-oddzialu-ptdl-w-bydgoszczy-27-28-maja-2026-r-turzno-k-torunia\/' data-rel='slide-4' class='slide-image' title='Rejestracja na konferencj\u0119 naukowo-szkoleniow\u0105 Oddzia\u0142u PTDL w Bydgoszczy 27-28 maja 2026 r-Turzno k\/Torunia'><img decoding=\"async\" width=\"300\" height=\"226\" src=\"https:\/\/ptdl.pl\/ptdl\/wp-content\/uploads\/2025\/04\/turzno-1-300x226.jpg\" class=\"wp-image-4666 avia-img-lazy-loading-not-4666 attachment-medium size-medium wp-post-image\" alt=\"\" srcset=\"https:\/\/ptdl.pl\/ptdl\/wp-content\/uploads\/2025\/04\/turzno-1-300x226.jpg 300w, https:\/\/ptdl.pl\/ptdl\/wp-content\/uploads\/2025\/04\/turzno-1-768x579.jpg 768w, https:\/\/ptdl.pl\/ptdl\/wp-content\/uploads\/2025\/04\/turzno-1-705x531.jpg 705w, https:\/\/ptdl.pl\/ptdl\/wp-content\/uploads\/2025\/04\/turzno-1.jpg 1019w\" sizes=\"(max-width: 300px) 100vw, 300px\" \/><\/a><div class=\"slide-content\"><header class=\"entry-content-header\"><h3 class='slide-entry-title entry-title '  itemprop=\"headline\" ><a href='https:\/\/ptdl.pl\/index.php\/2026\/04\/20\/rejestracja-na-konferencje-naukowo-szkoleniowa-oddzialu-ptdl-w-bydgoszczy-27-28-maja-2026-r-turzno-k-torunia\/' title='Rejestracja na konferencj\u0119 naukowo-szkoleniow\u0105 Oddzia\u0142u PTDL w Bydgoszczy 27-28 maja 2026 r-Turzno k\/Torunia'>Rejestracja na konferencj\u0119 naukowo-szkoleniow\u0105 Oddzia\u0142u PTDL w Bydgoszczy 27-28 maja 2026 r-Turzno k\/Torunia<\/a><\/h3><span class=\"av-vertical-delimiter\"><\/span><\/header><div class=\"slide-meta\"><time class='slide-meta-time updated'  itemprop=\"datePublished\" datetime=\"2026-04-20T00:25:23+02:00\" >2026-04-20<\/time><\/div><div class='slide-entry-excerpt entry-content'  itemprop=\"text\" ><div class=\"read-more-link\"><a href=\"https:\/\/ptdl.pl\/index.php\/2026\/04\/20\/rejestracja-na-konferencje-naukowo-szkoleniowa-oddzialu-ptdl-w-bydgoszczy-27-28-maja-2026-r-turzno-k-torunia\/\" class=\"more-link\">Czytaj dalej<span class=\"more-link-arrow\"><\/span><\/a><\/div><\/div><\/div><footer class=\"entry-footer\"><\/footer><span class='hidden'>\n\t\t\t\t<span class='av-structured-data'  itemprop=\"image\" itemscope=\"itemscope\" itemtype=\"https:\/\/schema.org\/ImageObject\" >\n\t\t\t\t\t\t<span itemprop='url'>https:\/\/ptdl.pl\/ptdl\/wp-content\/uploads\/2025\/04\/turzno-1.jpg<\/span>\n\t\t\t\t\t\t<span itemprop='height'>768<\/span>\n\t\t\t\t\t\t<span itemprop='width'>1019<\/span>\n\t\t\t\t<\/span>\n\t\t\t\t<span class='av-structured-data'  itemprop=\"publisher\" itemtype=\"https:\/\/schema.org\/Organization\" itemscope=\"itemscope\" >\n\t\t\t\t\t\t<span itemprop='name'>S\u0142awomira Balcerak<\/span>\n\t\t\t\t\t\t<span itemprop='logo' itemscope itemtype='https:\/\/schema.org\/ImageObject'>\n\t\t\t\t\t\t\t<span itemprop='url'>https:\/\/ptdl.pl\/wp-content\/uploads\/2023\/03\/logo_2.svg<\/span>\n\t\t\t\t\t\t<\/span>\n\t\t\t\t<\/span><span class='av-structured-data'  itemprop=\"author\" itemscope=\"itemscope\" itemtype=\"https:\/\/schema.org\/Person\" ><span itemprop='name'>S\u0142awomira Balcerak<\/span><\/span><span class='av-structured-data'  itemprop=\"datePublished\" datetime=\"2023-02-03T12:54:00+01:00\" >2026-04-20 00:25:23<\/span><span class='av-structured-data'  itemprop=\"dateModified\" itemtype=\"https:\/\/schema.org\/dateModified\" >2026-04-20 00:25:23<\/span><span class='av-structured-data'  itemprop=\"mainEntityOfPage\" itemtype=\"https:\/\/schema.org\/mainEntityOfPage\" ><span itemprop='name'>Rejestracja na konferencj\u0119 naukowo-szkoleniow\u0105 Oddzia\u0142u PTDL w Bydgoszczy 27-28 maja 2026 r-Turzno k\/Torunia<\/span><\/span><\/span><\/article><article class='slide-entry flex_column  post-entry post-entry-6022 slide-entry-overview slide-loop-4 slide-parity-even  av_one_fourth  real-thumbnail post-format-standard'  itemscope=\"itemscope\" itemtype=\"https:\/\/schema.org\/CreativeWork\" ><a href='https:\/\/ptdl.pl\/index.php\/2026\/04\/13\/program-konferencji-naukowo-szkoleniowej-szklarska-poreba-2026\/' data-rel='slide-4' class='slide-image' title='Program Konferencji  Naukowo- Szkoleniowej Szklarska Por\u0119ba 2026'><img decoding=\"async\" width=\"300\" height=\"300\" src=\"https:\/\/ptdl.pl\/ptdl\/wp-content\/uploads\/2026\/04\/77596-2-300x300.png\" class=\"wp-image-6024 avia-img-lazy-loading-not-6024 attachment-medium size-medium wp-post-image\" alt=\"\" srcset=\"https:\/\/ptdl.pl\/ptdl\/wp-content\/uploads\/2026\/04\/77596-2-300x300.png 300w, https:\/\/ptdl.pl\/ptdl\/wp-content\/uploads\/2026\/04\/77596-2-80x80.png 80w, https:\/\/ptdl.pl\/ptdl\/wp-content\/uploads\/2026\/04\/77596-2-768x768.png 768w, https:\/\/ptdl.pl\/ptdl\/wp-content\/uploads\/2026\/04\/77596-2-36x36.png 36w, https:\/\/ptdl.pl\/ptdl\/wp-content\/uploads\/2026\/04\/77596-2-180x180.png 180w, https:\/\/ptdl.pl\/ptdl\/wp-content\/uploads\/2026\/04\/77596-2-705x705.png 705w, https:\/\/ptdl.pl\/ptdl\/wp-content\/uploads\/2026\/04\/77596-2.png 1024w\" sizes=\"(max-width: 300px) 100vw, 300px\" \/><\/a><div class=\"slide-content\"><header class=\"entry-content-header\"><h3 class='slide-entry-title entry-title '  itemprop=\"headline\" ><a href='https:\/\/ptdl.pl\/index.php\/2026\/04\/13\/program-konferencji-naukowo-szkoleniowej-szklarska-poreba-2026\/' title='Program Konferencji  Naukowo- Szkoleniowej Szklarska Por\u0119ba 2026'>Program Konferencji  Naukowo- Szkoleniowej Szklarska Por\u0119ba 2026<\/a><\/h3><span class=\"av-vertical-delimiter\"><\/span><\/header><div class=\"slide-meta\"><time class='slide-meta-time updated'  itemprop=\"datePublished\" datetime=\"2026-04-13T15:21:51+02:00\" >2026-04-13<\/time><\/div><div class='slide-entry-excerpt entry-content'  itemprop=\"text\" ><div class=\"read-more-link\"><a href=\"https:\/\/ptdl.pl\/index.php\/2026\/04\/13\/program-konferencji-naukowo-szkoleniowej-szklarska-poreba-2026\/\" class=\"more-link\">Czytaj dalej<span class=\"more-link-arrow\"><\/span><\/a><\/div><\/div><\/div><footer class=\"entry-footer\"><\/footer><span class='hidden'>\n\t\t\t\t<span class='av-structured-data'  itemprop=\"image\" itemscope=\"itemscope\" itemtype=\"https:\/\/schema.org\/ImageObject\" >\n\t\t\t\t\t\t<span itemprop='url'>https:\/\/ptdl.pl\/ptdl\/wp-content\/uploads\/2026\/04\/77596-2.png<\/span>\n\t\t\t\t\t\t<span itemprop='height'>1024<\/span>\n\t\t\t\t\t\t<span itemprop='width'>1024<\/span>\n\t\t\t\t<\/span>\n\t\t\t\t<span class='av-structured-data'  itemprop=\"publisher\" itemtype=\"https:\/\/schema.org\/Organization\" itemscope=\"itemscope\" >\n\t\t\t\t\t\t<span itemprop='name'>Olga Loska<\/span>\n\t\t\t\t\t\t<span itemprop='logo' itemscope itemtype='https:\/\/schema.org\/ImageObject'>\n\t\t\t\t\t\t\t<span itemprop='url'>https:\/\/ptdl.pl\/wp-content\/uploads\/2023\/03\/logo_2.svg<\/span>\n\t\t\t\t\t\t<\/span>\n\t\t\t\t<\/span><span class='av-structured-data'  itemprop=\"author\" itemscope=\"itemscope\" itemtype=\"https:\/\/schema.org\/Person\" ><span itemprop='name'>Olga Loska<\/span><\/span><span class='av-structured-data'  itemprop=\"datePublished\" datetime=\"2023-02-03T12:54:00+01:00\" >2026-04-13 15:21:51<\/span><span class='av-structured-data'  itemprop=\"dateModified\" itemtype=\"https:\/\/schema.org\/dateModified\" >2026-04-13 15:21:51<\/span><span class='av-structured-data'  itemprop=\"mainEntityOfPage\" itemtype=\"https:\/\/schema.org\/mainEntityOfPage\" ><span itemprop='name'>Program Konferencji  Naukowo- Szkoleniowej Szklarska Por\u0119ba 2026<\/span><\/span><\/span><\/article><\/div><div class=\"slide-entry-wrap\"><article class='slide-entry flex_column  post-entry post-entry-5985 slide-entry-overview slide-loop-5 slide-parity-odd  av_one_fourth first real-thumbnail post-format-standard'  itemscope=\"itemscope\" itemtype=\"https:\/\/schema.org\/CreativeWork\" ><a href='https:\/\/ptdl.pl\/index.php\/2026\/04\/02\/program-konferencji-naukowo-szkoleniowej-oddzialu-ptdl-w-bydgoszczy-27-28-maja-2026-turzno\/' data-rel='slide-4' class='slide-image' title='Program konferencji naukowo-szkoleniowej Oddzia\u0142u PTDL w Bydgoszczy 27-28 maja 2026 Turzno'><img decoding=\"async\" width=\"300\" height=\"226\" src=\"https:\/\/ptdl.pl\/ptdl\/wp-content\/uploads\/2025\/04\/turzno-1-300x226.jpg\" class=\"wp-image-4666 avia-img-lazy-loading-not-4666 attachment-medium size-medium wp-post-image\" alt=\"\" srcset=\"https:\/\/ptdl.pl\/ptdl\/wp-content\/uploads\/2025\/04\/turzno-1-300x226.jpg 300w, https:\/\/ptdl.pl\/ptdl\/wp-content\/uploads\/2025\/04\/turzno-1-768x579.jpg 768w, https:\/\/ptdl.pl\/ptdl\/wp-content\/uploads\/2025\/04\/turzno-1-705x531.jpg 705w, https:\/\/ptdl.pl\/ptdl\/wp-content\/uploads\/2025\/04\/turzno-1.jpg 1019w\" sizes=\"(max-width: 300px) 100vw, 300px\" \/><\/a><div class=\"slide-content\"><header class=\"entry-content-header\"><h3 class='slide-entry-title entry-title '  itemprop=\"headline\" ><a href='https:\/\/ptdl.pl\/index.php\/2026\/04\/02\/program-konferencji-naukowo-szkoleniowej-oddzialu-ptdl-w-bydgoszczy-27-28-maja-2026-turzno\/' title='Program konferencji naukowo-szkoleniowej Oddzia\u0142u PTDL w Bydgoszczy 27-28 maja 2026 Turzno'>Program konferencji naukowo-szkoleniowej Oddzia\u0142u PTDL w Bydgoszczy 27-28 maja 2026 Turzno<\/a><\/h3><span class=\"av-vertical-delimiter\"><\/span><\/header><div class=\"slide-meta\"><time class='slide-meta-time updated'  itemprop=\"datePublished\" datetime=\"2026-04-02T22:40:41+02:00\" >2026-04-02<\/time><\/div><div class='slide-entry-excerpt entry-content'  itemprop=\"text\" ><div class=\"read-more-link\"><a href=\"https:\/\/ptdl.pl\/index.php\/2026\/04\/02\/program-konferencji-naukowo-szkoleniowej-oddzialu-ptdl-w-bydgoszczy-27-28-maja-2026-turzno\/\" class=\"more-link\">Czytaj dalej<span class=\"more-link-arrow\"><\/span><\/a><\/div><\/div><\/div><footer class=\"entry-footer\"><\/footer><span class='hidden'>\n\t\t\t\t<span class='av-structured-data'  itemprop=\"image\" itemscope=\"itemscope\" itemtype=\"https:\/\/schema.org\/ImageObject\" >\n\t\t\t\t\t\t<span itemprop='url'>https:\/\/ptdl.pl\/ptdl\/wp-content\/uploads\/2025\/04\/turzno-1.jpg<\/span>\n\t\t\t\t\t\t<span itemprop='height'>768<\/span>\n\t\t\t\t\t\t<span itemprop='width'>1019<\/span>\n\t\t\t\t<\/span>\n\t\t\t\t<span class='av-structured-data'  itemprop=\"publisher\" itemtype=\"https:\/\/schema.org\/Organization\" itemscope=\"itemscope\" >\n\t\t\t\t\t\t<span itemprop='name'>S\u0142awomira Balcerak<\/span>\n\t\t\t\t\t\t<span itemprop='logo' itemscope itemtype='https:\/\/schema.org\/ImageObject'>\n\t\t\t\t\t\t\t<span itemprop='url'>https:\/\/ptdl.pl\/wp-content\/uploads\/2023\/03\/logo_2.svg<\/span>\n\t\t\t\t\t\t<\/span>\n\t\t\t\t<\/span><span class='av-structured-data'  itemprop=\"author\" itemscope=\"itemscope\" itemtype=\"https:\/\/schema.org\/Person\" ><span itemprop='name'>S\u0142awomira Balcerak<\/span><\/span><span class='av-structured-data'  itemprop=\"datePublished\" datetime=\"2023-02-03T12:54:00+01:00\" >2026-04-02 22:40:41<\/span><span class='av-structured-data'  itemprop=\"dateModified\" itemtype=\"https:\/\/schema.org\/dateModified\" >2026-04-02 22:40:41<\/span><span class='av-structured-data'  itemprop=\"mainEntityOfPage\" itemtype=\"https:\/\/schema.org\/mainEntityOfPage\" ><span itemprop='name'>Program konferencji naukowo-szkoleniowej Oddzia\u0142u PTDL w Bydgoszczy 27-28 maja 2026 Turzno<\/span><\/span><\/span><\/article><article class='slide-entry flex_column  post-entry post-entry-5908 slide-entry-overview slide-loop-6 slide-parity-even  av_one_fourth  real-thumbnail post-format-standard'  itemscope=\"itemscope\" itemtype=\"https:\/\/schema.org\/CreativeWork\" ><a href='https:\/\/ptdl.pl\/index.php\/2026\/03\/27\/konferencja-naukowo-szkoleniowa-oddzialu-ptdl-w-bydgoszczy-27-28-maja-2026-r-turzno-k-torunia\/' data-rel='slide-4' class='slide-image' title='Konferencja naukowo-szkoleniowa Oddzia\u0142u PTDL w Bydgoszczy 27-28 maja 2026 r Turzno k\/Torunia'><img decoding=\"async\" width=\"300\" height=\"226\" src=\"https:\/\/ptdl.pl\/ptdl\/wp-content\/uploads\/2025\/04\/turzno-1-300x226.jpg\" class=\"wp-image-4666 avia-img-lazy-loading-not-4666 attachment-medium size-medium wp-post-image\" alt=\"\" srcset=\"https:\/\/ptdl.pl\/ptdl\/wp-content\/uploads\/2025\/04\/turzno-1-300x226.jpg 300w, https:\/\/ptdl.pl\/ptdl\/wp-content\/uploads\/2025\/04\/turzno-1-768x579.jpg 768w, https:\/\/ptdl.pl\/ptdl\/wp-content\/uploads\/2025\/04\/turzno-1-705x531.jpg 705w, https:\/\/ptdl.pl\/ptdl\/wp-content\/uploads\/2025\/04\/turzno-1.jpg 1019w\" sizes=\"(max-width: 300px) 100vw, 300px\" \/><\/a><div class=\"slide-content\"><header class=\"entry-content-header\"><h3 class='slide-entry-title entry-title '  itemprop=\"headline\" ><a href='https:\/\/ptdl.pl\/index.php\/2026\/03\/27\/konferencja-naukowo-szkoleniowa-oddzialu-ptdl-w-bydgoszczy-27-28-maja-2026-r-turzno-k-torunia\/' title='Konferencja naukowo-szkoleniowa Oddzia\u0142u PTDL w Bydgoszczy 27-28 maja 2026 r Turzno k\/Torunia'>Konferencja naukowo-szkoleniowa Oddzia\u0142u PTDL w Bydgoszczy 27-28 maja 2026 r Turzno k\/Torunia<\/a><\/h3><span class=\"av-vertical-delimiter\"><\/span><\/header><div class=\"slide-meta\"><time class='slide-meta-time updated'  itemprop=\"datePublished\" datetime=\"2026-03-27T21:28:36+01:00\" >2026-03-27<\/time><\/div><div class='slide-entry-excerpt entry-content'  itemprop=\"text\" ><div class=\"read-more-link\"><a href=\"https:\/\/ptdl.pl\/index.php\/2026\/03\/27\/konferencja-naukowo-szkoleniowa-oddzialu-ptdl-w-bydgoszczy-27-28-maja-2026-r-turzno-k-torunia\/\" class=\"more-link\">Czytaj dalej<span class=\"more-link-arrow\"><\/span><\/a><\/div><\/div><\/div><footer class=\"entry-footer\"><\/footer><span class='hidden'>\n\t\t\t\t<span class='av-structured-data'  itemprop=\"image\" itemscope=\"itemscope\" itemtype=\"https:\/\/schema.org\/ImageObject\" >\n\t\t\t\t\t\t<span itemprop='url'>https:\/\/ptdl.pl\/ptdl\/wp-content\/uploads\/2025\/04\/turzno-1.jpg<\/span>\n\t\t\t\t\t\t<span itemprop='height'>768<\/span>\n\t\t\t\t\t\t<span itemprop='width'>1019<\/span>\n\t\t\t\t<\/span>\n\t\t\t\t<span class='av-structured-data'  itemprop=\"publisher\" itemtype=\"https:\/\/schema.org\/Organization\" itemscope=\"itemscope\" >\n\t\t\t\t\t\t<span itemprop='name'>S\u0142awomira Balcerak<\/span>\n\t\t\t\t\t\t<span itemprop='logo' itemscope itemtype='https:\/\/schema.org\/ImageObject'>\n\t\t\t\t\t\t\t<span itemprop='url'>https:\/\/ptdl.pl\/wp-content\/uploads\/2023\/03\/logo_2.svg<\/span>\n\t\t\t\t\t\t<\/span>\n\t\t\t\t<\/span><span class='av-structured-data'  itemprop=\"author\" itemscope=\"itemscope\" itemtype=\"https:\/\/schema.org\/Person\" ><span itemprop='name'>S\u0142awomira Balcerak<\/span><\/span><span class='av-structured-data'  itemprop=\"datePublished\" datetime=\"2023-02-03T12:54:00+01:00\" >2026-03-27 21:28:36<\/span><span class='av-structured-data'  itemprop=\"dateModified\" itemtype=\"https:\/\/schema.org\/dateModified\" >2026-03-27 21:28:36<\/span><span class='av-structured-data'  itemprop=\"mainEntityOfPage\" itemtype=\"https:\/\/schema.org\/mainEntityOfPage\" ><span itemprop='name'>Konferencja naukowo-szkoleniowa Oddzia\u0142u PTDL w Bydgoszczy 27-28 maja 2026 r Turzno k\/Torunia<\/span><\/span><\/span><\/article><article class='slide-entry flex_column  post-entry post-entry-5820 slide-entry-overview slide-loop-7 slide-parity-odd  av_one_fourth  real-thumbnail post-format-standard'  itemscope=\"itemscope\" itemtype=\"https:\/\/schema.org\/CreativeWork\" ><a href='https:\/\/ptdl.pl\/index.php\/2026\/03\/11\/konferencja-lodzkie-spotkania-diagnostyczne-2026-priorytety-w-medycynie-laboratoryjnej\/' data-rel='slide-4' class='slide-image' title='Konferencja &#8222;\u0141\u00f3dzkie Spotkania Diagnostyczne 2026 &#8211; Priorytety w Medycynie Laboratoryjnej&#8221;'><img decoding=\"async\" width=\"300\" height=\"145\" src=\"https:\/\/ptdl.pl\/ptdl\/wp-content\/uploads\/2026\/03\/620x300-300x145.png\" class=\"wp-image-5828 avia-img-lazy-loading-not-5828 attachment-medium size-medium wp-post-image\" alt=\"\" srcset=\"https:\/\/ptdl.pl\/ptdl\/wp-content\/uploads\/2026\/03\/620x300-300x145.png 300w, https:\/\/ptdl.pl\/ptdl\/wp-content\/uploads\/2026\/03\/620x300.png 620w\" sizes=\"(max-width: 300px) 100vw, 300px\" \/><\/a><div class=\"slide-content\"><header class=\"entry-content-header\"><h3 class='slide-entry-title entry-title '  itemprop=\"headline\" ><a href='https:\/\/ptdl.pl\/index.php\/2026\/03\/11\/konferencja-lodzkie-spotkania-diagnostyczne-2026-priorytety-w-medycynie-laboratoryjnej\/' title='Konferencja &#8222;\u0141\u00f3dzkie Spotkania Diagnostyczne 2026 &#8211; Priorytety w Medycynie Laboratoryjnej&#8221;'>Konferencja &#8222;\u0141\u00f3dzkie Spotkania Diagnostyczne 2026 &#8211; Priorytety w Medycynie Laboratoryjnej&#8221;<\/a><\/h3><span class=\"av-vertical-delimiter\"><\/span><\/header><div class=\"slide-meta\"><time class='slide-meta-time updated'  itemprop=\"datePublished\" datetime=\"2026-03-11T17:59:38+01:00\" >2026-03-11<\/time><\/div><div class='slide-entry-excerpt entry-content'  itemprop=\"text\" ><div class=\"read-more-link\"><a href=\"https:\/\/ptdl.pl\/index.php\/2026\/03\/11\/konferencja-lodzkie-spotkania-diagnostyczne-2026-priorytety-w-medycynie-laboratoryjnej\/\" class=\"more-link\">Czytaj dalej<span class=\"more-link-arrow\"><\/span><\/a><\/div><\/div><\/div><footer class=\"entry-footer\"><\/footer><span class='hidden'>\n\t\t\t\t<span class='av-structured-data'  itemprop=\"image\" itemscope=\"itemscope\" itemtype=\"https:\/\/schema.org\/ImageObject\" >\n\t\t\t\t\t\t<span itemprop='url'>https:\/\/ptdl.pl\/ptdl\/wp-content\/uploads\/2026\/03\/620x300.png<\/span>\n\t\t\t\t\t\t<span itemprop='height'>300<\/span>\n\t\t\t\t\t\t<span itemprop='width'>620<\/span>\n\t\t\t\t<\/span>\n\t\t\t\t<span class='av-structured-data'  itemprop=\"publisher\" itemtype=\"https:\/\/schema.org\/Organization\" itemscope=\"itemscope\" >\n\t\t\t\t\t\t<span itemprop='name'>dsk<\/span>\n\t\t\t\t\t\t<span itemprop='logo' itemscope itemtype='https:\/\/schema.org\/ImageObject'>\n\t\t\t\t\t\t\t<span itemprop='url'>https:\/\/ptdl.pl\/wp-content\/uploads\/2023\/03\/logo_2.svg<\/span>\n\t\t\t\t\t\t<\/span>\n\t\t\t\t<\/span><span class='av-structured-data'  itemprop=\"author\" itemscope=\"itemscope\" itemtype=\"https:\/\/schema.org\/Person\" ><span itemprop='name'>dsk<\/span><\/span><span class='av-structured-data'  itemprop=\"datePublished\" datetime=\"2023-02-03T12:54:00+01:00\" >2026-03-11 17:59:38<\/span><span class='av-structured-data'  itemprop=\"dateModified\" itemtype=\"https:\/\/schema.org\/dateModified\" >2026-03-15 16:08:47<\/span><span class='av-structured-data'  itemprop=\"mainEntityOfPage\" itemtype=\"https:\/\/schema.org\/mainEntityOfPage\" ><span itemprop='name'>Konferencja &#8222;\u0141\u00f3dzkie Spotkania Diagnostyczne 2026 &#8211; Priorytety w Medycynie Laboratoryjnej&#8221;<\/span><\/span><\/span><\/article><article class='slide-entry flex_column  post-entry post-entry-5725 slide-entry-overview slide-loop-8 slide-parity-even  av_one_fourth  real-thumbnail post-format-standard'  itemscope=\"itemscope\" itemtype=\"https:\/\/schema.org\/CreativeWork\" ><a href='https:\/\/ptdl.pl\/index.php\/2026\/03\/02\/konferecja-naukowo-szkoleniowa-wiosenne-spotkania-z-medycyna-laboratoryjna-krynica-zdroj-2026-6\/' data-rel='slide-4' class='slide-image' title='KONFERECJA NAUKOWO-SZKOLENIOWA, Wiosenne Spotkania z Medycyn\u0105 Laboratoryjn\u0105, Krynica- Zdr\u00f3j 2026'><img decoding=\"async\" width=\"275\" height=\"183\" src=\"https:\/\/ptdl.pl\/ptdl\/wp-content\/uploads\/2026\/03\/pobrane-2.jpg\" class=\"wp-image-5726 avia-img-lazy-loading-not-5726 attachment-medium size-medium wp-post-image\" alt=\"\" \/><\/a><div class=\"slide-content\"><header class=\"entry-content-header\"><h3 class='slide-entry-title entry-title '  itemprop=\"headline\" ><a href='https:\/\/ptdl.pl\/index.php\/2026\/03\/02\/konferecja-naukowo-szkoleniowa-wiosenne-spotkania-z-medycyna-laboratoryjna-krynica-zdroj-2026-6\/' title='KONFERECJA NAUKOWO-SZKOLENIOWA, Wiosenne Spotkania z Medycyn\u0105 Laboratoryjn\u0105, Krynica- Zdr\u00f3j 2026'>KONFERECJA NAUKOWO-SZKOLENIOWA, Wiosenne Spotkania z Medycyn\u0105 Laboratoryjn\u0105, Krynica- Zdr\u00f3j 2026<\/a><\/h3><span class=\"av-vertical-delimiter\"><\/span><\/header><div class=\"slide-meta\"><time class='slide-meta-time updated'  itemprop=\"datePublished\" datetime=\"2026-03-02T15:46:24+01:00\" >2026-03-02<\/time><\/div><div class='slide-entry-excerpt entry-content'  itemprop=\"text\" ><div class=\"read-more-link\"><a href=\"https:\/\/ptdl.pl\/index.php\/2026\/03\/02\/konferecja-naukowo-szkoleniowa-wiosenne-spotkania-z-medycyna-laboratoryjna-krynica-zdroj-2026-6\/\" class=\"more-link\">Czytaj dalej<span class=\"more-link-arrow\"><\/span><\/a><\/div><\/div><\/div><footer class=\"entry-footer\"><\/footer><span class='hidden'>\n\t\t\t\t<span class='av-structured-data'  itemprop=\"image\" itemscope=\"itemscope\" itemtype=\"https:\/\/schema.org\/ImageObject\" >\n\t\t\t\t\t\t<span itemprop='url'>https:\/\/ptdl.pl\/ptdl\/wp-content\/uploads\/2026\/03\/pobrane-2.jpg<\/span>\n\t\t\t\t\t\t<span itemprop='height'>183<\/span>\n\t\t\t\t\t\t<span itemprop='width'>275<\/span>\n\t\t\t\t<\/span>\n\t\t\t\t<span class='av-structured-data'  itemprop=\"publisher\" itemtype=\"https:\/\/schema.org\/Organization\" itemscope=\"itemscope\" >\n\t\t\t\t\t\t<span itemprop='name'>Anna Z\u0105bek-Adamska<\/span>\n\t\t\t\t\t\t<span itemprop='logo' itemscope itemtype='https:\/\/schema.org\/ImageObject'>\n\t\t\t\t\t\t\t<span itemprop='url'>https:\/\/ptdl.pl\/wp-content\/uploads\/2023\/03\/logo_2.svg<\/span>\n\t\t\t\t\t\t<\/span>\n\t\t\t\t<\/span><span class='av-structured-data'  itemprop=\"author\" itemscope=\"itemscope\" itemtype=\"https:\/\/schema.org\/Person\" ><span itemprop='name'>Anna Z\u0105bek-Adamska<\/span><\/span><span class='av-structured-data'  itemprop=\"datePublished\" datetime=\"2023-02-03T12:54:00+01:00\" >2026-03-02 15:46:24<\/span><span class='av-structured-data'  itemprop=\"dateModified\" itemtype=\"https:\/\/schema.org\/dateModified\" >2026-04-13 13:47:10<\/span><span class='av-structured-data'  itemprop=\"mainEntityOfPage\" itemtype=\"https:\/\/schema.org\/mainEntityOfPage\" ><span itemprop='name'>KONFERECJA NAUKOWO-SZKOLENIOWA, Wiosenne Spotkania z Medycyn\u0105 Laboratoryjn\u0105, Krynica- Zdr\u00f3j 2026<\/span><\/span><\/span><\/article><\/div><div class=\"slide-entry-wrap\"><article class='slide-entry flex_column  post-entry post-entry-5713 slide-entry-overview slide-loop-9 slide-parity-odd  av_one_fourth first real-thumbnail post-format-standard'  itemscope=\"itemscope\" itemtype=\"https:\/\/schema.org\/CreativeWork\" ><a href='https:\/\/ptdl.pl\/index.php\/2026\/02\/25\/iii-konferencja-interdyscyplinarne-problemy-diagnostyczno-terapeutyczne-krakow-24-kwietnia-2026\/' data-rel='slide-4' class='slide-image' title='III Konferencja \u201eInterdyscyplinarne problemy diagnostyczno-terapeutyczne\u201d \u2013 Krak\u00f3w, 24 kwietnia 2026.'><img decoding=\"async\" width=\"300\" height=\"200\" src=\"https:\/\/ptdl.pl\/ptdl\/wp-content\/uploads\/2023\/12\/news_40-300x200.jpg\" class=\"wp-image-2015 avia-img-lazy-loading-not-2015 attachment-medium size-medium wp-post-image\" alt=\"\" srcset=\"https:\/\/ptdl.pl\/ptdl\/wp-content\/uploads\/2023\/12\/news_40-300x200.jpg 300w, https:\/\/ptdl.pl\/ptdl\/wp-content\/uploads\/2023\/12\/news_40.jpg 500w\" sizes=\"(max-width: 300px) 100vw, 300px\" \/><\/a><div class=\"slide-content\"><header class=\"entry-content-header\"><h3 class='slide-entry-title entry-title '  itemprop=\"headline\" ><a href='https:\/\/ptdl.pl\/index.php\/2026\/02\/25\/iii-konferencja-interdyscyplinarne-problemy-diagnostyczno-terapeutyczne-krakow-24-kwietnia-2026\/' title='III Konferencja \u201eInterdyscyplinarne problemy diagnostyczno-terapeutyczne\u201d \u2013 Krak\u00f3w, 24 kwietnia 2026.'>III Konferencja \u201eInterdyscyplinarne problemy diagnostyczno-terapeutyczne\u201d \u2013 Krak\u00f3w, 24 kwietnia 2026.<\/a><\/h3><span class=\"av-vertical-delimiter\"><\/span><\/header><div class=\"slide-meta\"><time class='slide-meta-time updated'  itemprop=\"datePublished\" datetime=\"2026-02-25T14:36:27+01:00\" >2026-02-25<\/time><\/div><div class='slide-entry-excerpt entry-content'  itemprop=\"text\" ><div class=\"read-more-link\"><a href=\"https:\/\/ptdl.pl\/index.php\/2026\/02\/25\/iii-konferencja-interdyscyplinarne-problemy-diagnostyczno-terapeutyczne-krakow-24-kwietnia-2026\/\" class=\"more-link\">Czytaj dalej<span class=\"more-link-arrow\"><\/span><\/a><\/div><\/div><\/div><footer class=\"entry-footer\"><\/footer><span class='hidden'>\n\t\t\t\t<span class='av-structured-data'  itemprop=\"image\" itemscope=\"itemscope\" itemtype=\"https:\/\/schema.org\/ImageObject\" >\n\t\t\t\t\t\t<span itemprop='url'>https:\/\/ptdl.pl\/ptdl\/wp-content\/uploads\/2023\/12\/news_40.jpg<\/span>\n\t\t\t\t\t\t<span itemprop='height'>333<\/span>\n\t\t\t\t\t\t<span itemprop='width'>500<\/span>\n\t\t\t\t<\/span>\n\t\t\t\t<span class='av-structured-data'  itemprop=\"publisher\" itemtype=\"https:\/\/schema.org\/Organization\" itemscope=\"itemscope\" >\n\t\t\t\t\t\t<span itemprop='name'>admin<\/span>\n\t\t\t\t\t\t<span itemprop='logo' itemscope itemtype='https:\/\/schema.org\/ImageObject'>\n\t\t\t\t\t\t\t<span itemprop='url'>https:\/\/ptdl.pl\/wp-content\/uploads\/2023\/03\/logo_2.svg<\/span>\n\t\t\t\t\t\t<\/span>\n\t\t\t\t<\/span><span class='av-structured-data'  itemprop=\"author\" itemscope=\"itemscope\" itemtype=\"https:\/\/schema.org\/Person\" ><span itemprop='name'>admin<\/span><\/span><span class='av-structured-data'  itemprop=\"datePublished\" datetime=\"2023-02-03T12:54:00+01:00\" >2026-02-25 14:36:27<\/span><span class='av-structured-data'  itemprop=\"dateModified\" itemtype=\"https:\/\/schema.org\/dateModified\" >2026-02-25 14:39:31<\/span><span class='av-structured-data'  itemprop=\"mainEntityOfPage\" itemtype=\"https:\/\/schema.org\/mainEntityOfPage\" ><span itemprop='name'>III Konferencja \u201eInterdyscyplinarne problemy diagnostyczno-terapeutyczne\u201d \u2013 Krak\u00f3w, 24 kwietnia 2026.<\/span><\/span><\/span><\/article><article class='slide-entry flex_column  post-entry post-entry-5661 slide-entry-overview slide-loop-10 slide-parity-even  av_one_fourth  real-thumbnail post-format-standard'  itemscope=\"itemscope\" itemtype=\"https:\/\/schema.org\/CreativeWork\" ><a href='https:\/\/ptdl.pl\/index.php\/2026\/02\/16\/swiatowy-kongres-terapii-monitorowanej-i-toksykologii-klinicznej\/' data-rel='slide-4' class='slide-image' title='\u015awiatowy Kongres Terapii Monitorowanej i Toksykologii Klinicznej'><img decoding=\"async\" width=\"300\" height=\"200\" src=\"https:\/\/ptdl.pl\/ptdl\/wp-content\/uploads\/2023\/12\/news_49-300x200.jpg\" class=\"wp-image-2024 avia-img-lazy-loading-not-2024 attachment-medium size-medium wp-post-image\" alt=\"\" srcset=\"https:\/\/ptdl.pl\/ptdl\/wp-content\/uploads\/2023\/12\/news_49-300x200.jpg 300w, https:\/\/ptdl.pl\/ptdl\/wp-content\/uploads\/2023\/12\/news_49.jpg 500w\" sizes=\"(max-width: 300px) 100vw, 300px\" \/><\/a><div class=\"slide-content\"><header class=\"entry-content-header\"><h3 class='slide-entry-title entry-title '  itemprop=\"headline\" ><a href='https:\/\/ptdl.pl\/index.php\/2026\/02\/16\/swiatowy-kongres-terapii-monitorowanej-i-toksykologii-klinicznej\/' title='\u015awiatowy Kongres Terapii Monitorowanej i Toksykologii Klinicznej'>\u015awiatowy Kongres Terapii Monitorowanej i Toksykologii Klinicznej<\/a><\/h3><span class=\"av-vertical-delimiter\"><\/span><\/header><div class=\"slide-meta\"><time class='slide-meta-time updated'  itemprop=\"datePublished\" datetime=\"2026-02-16T13:43:45+01:00\" >2026-02-16<\/time><\/div><div class='slide-entry-excerpt entry-content'  itemprop=\"text\" ><div class=\"read-more-link\"><a href=\"https:\/\/ptdl.pl\/index.php\/2026\/02\/16\/swiatowy-kongres-terapii-monitorowanej-i-toksykologii-klinicznej\/\" class=\"more-link\">Czytaj dalej<span class=\"more-link-arrow\"><\/span><\/a><\/div><\/div><\/div><footer class=\"entry-footer\"><\/footer><span class='hidden'>\n\t\t\t\t<span class='av-structured-data'  itemprop=\"image\" itemscope=\"itemscope\" itemtype=\"https:\/\/schema.org\/ImageObject\" >\n\t\t\t\t\t\t<span itemprop='url'>https:\/\/ptdl.pl\/ptdl\/wp-content\/uploads\/2023\/12\/news_49.jpg<\/span>\n\t\t\t\t\t\t<span itemprop='height'>333<\/span>\n\t\t\t\t\t\t<span itemprop='width'>500<\/span>\n\t\t\t\t<\/span>\n\t\t\t\t<span class='av-structured-data'  itemprop=\"publisher\" itemtype=\"https:\/\/schema.org\/Organization\" itemscope=\"itemscope\" >\n\t\t\t\t\t\t<span itemprop='name'>admin<\/span>\n\t\t\t\t\t\t<span itemprop='logo' itemscope itemtype='https:\/\/schema.org\/ImageObject'>\n\t\t\t\t\t\t\t<span itemprop='url'>https:\/\/ptdl.pl\/wp-content\/uploads\/2023\/03\/logo_2.svg<\/span>\n\t\t\t\t\t\t<\/span>\n\t\t\t\t<\/span><span class='av-structured-data'  itemprop=\"author\" itemscope=\"itemscope\" itemtype=\"https:\/\/schema.org\/Person\" ><span itemprop='name'>admin<\/span><\/span><span class='av-structured-data'  itemprop=\"datePublished\" datetime=\"2023-02-03T12:54:00+01:00\" >2026-02-16 13:43:45<\/span><span class='av-structured-data'  itemprop=\"dateModified\" itemtype=\"https:\/\/schema.org\/dateModified\" >2026-02-16 13:43:45<\/span><span class='av-structured-data'  itemprop=\"mainEntityOfPage\" itemtype=\"https:\/\/schema.org\/mainEntityOfPage\" ><span itemprop='name'>\u015awiatowy Kongres Terapii Monitorowanej i Toksykologii Klinicznej<\/span><\/span><\/span><\/article><article class='slide-entry flex_column  post-entry post-entry-5653 slide-entry-overview slide-loop-11 slide-parity-odd  av_one_fourth  real-thumbnail post-format-standard'  itemscope=\"itemscope\" itemtype=\"https:\/\/schema.org\/CreativeWork\" ><a href='https:\/\/ptdl.pl\/index.php\/2026\/02\/10\/sesja-laboratory-medicine-wimc-17-19-04-2026\/' data-rel='slide-4' class='slide-image' title='Sesja Laboratory Medicine WIMC 17-19.04.2026'><img decoding=\"async\" width=\"300\" height=\"256\" src=\"https:\/\/ptdl.pl\/ptdl\/wp-content\/uploads\/2026\/02\/Bez-tytulu-e1770756683266-300x256.jpg\" class=\"wp-image-5654 avia-img-lazy-loading-not-5654 attachment-medium size-medium wp-post-image\" alt=\"\" srcset=\"https:\/\/ptdl.pl\/ptdl\/wp-content\/uploads\/2026\/02\/Bez-tytulu-e1770756683266-300x256.jpg 300w, https:\/\/ptdl.pl\/ptdl\/wp-content\/uploads\/2026\/02\/Bez-tytulu-e1770756683266.jpg 542w\" sizes=\"(max-width: 300px) 100vw, 300px\" \/><\/a><div class=\"slide-content\"><header class=\"entry-content-header\"><h3 class='slide-entry-title entry-title '  itemprop=\"headline\" ><a href='https:\/\/ptdl.pl\/index.php\/2026\/02\/10\/sesja-laboratory-medicine-wimc-17-19-04-2026\/' title='Sesja Laboratory Medicine WIMC 17-19.04.2026'>Sesja Laboratory Medicine WIMC 17-19.04.2026<\/a><\/h3><span class=\"av-vertical-delimiter\"><\/span><\/header><div class=\"slide-meta\"><time class='slide-meta-time updated'  itemprop=\"datePublished\" datetime=\"2026-02-10T21:51:58+01:00\" >2026-02-10<\/time><\/div><div class='slide-entry-excerpt entry-content'  itemprop=\"text\" ><div class=\"read-more-link\"><a href=\"https:\/\/ptdl.pl\/index.php\/2026\/02\/10\/sesja-laboratory-medicine-wimc-17-19-04-2026\/\" class=\"more-link\">Czytaj dalej<span class=\"more-link-arrow\"><\/span><\/a><\/div><\/div><\/div><footer class=\"entry-footer\"><\/footer><span class='hidden'>\n\t\t\t\t<span class='av-structured-data'  itemprop=\"image\" itemscope=\"itemscope\" itemtype=\"https:\/\/schema.org\/ImageObject\" >\n\t\t\t\t\t\t<span itemprop='url'>https:\/\/ptdl.pl\/ptdl\/wp-content\/uploads\/2026\/02\/Bez-tytulu-e1770756683266.jpg<\/span>\n\t\t\t\t\t\t<span itemprop='height'>463<\/span>\n\t\t\t\t\t\t<span itemprop='width'>542<\/span>\n\t\t\t\t<\/span>\n\t\t\t\t<span class='av-structured-data'  itemprop=\"publisher\" itemtype=\"https:\/\/schema.org\/Organization\" itemscope=\"itemscope\" >\n\t\t\t\t\t\t<span itemprop='name'>Olga Ciepiela<\/span>\n\t\t\t\t\t\t<span itemprop='logo' itemscope itemtype='https:\/\/schema.org\/ImageObject'>\n\t\t\t\t\t\t\t<span itemprop='url'>https:\/\/ptdl.pl\/wp-content\/uploads\/2023\/03\/logo_2.svg<\/span>\n\t\t\t\t\t\t<\/span>\n\t\t\t\t<\/span><span class='av-structured-data'  itemprop=\"author\" itemscope=\"itemscope\" itemtype=\"https:\/\/schema.org\/Person\" ><span itemprop='name'>Olga Ciepiela<\/span><\/span><span class='av-structured-data'  itemprop=\"datePublished\" datetime=\"2023-02-03T12:54:00+01:00\" >2026-02-10 21:51:58<\/span><span class='av-structured-data'  itemprop=\"dateModified\" itemtype=\"https:\/\/schema.org\/dateModified\" >2026-02-10 21:51:58<\/span><span class='av-structured-data'  itemprop=\"mainEntityOfPage\" itemtype=\"https:\/\/schema.org\/mainEntityOfPage\" ><span itemprop='name'>Sesja Laboratory Medicine WIMC 17-19.04.2026<\/span><\/span><\/span><\/article><article class='slide-entry flex_column  post-entry post-entry-5628 slide-entry-overview slide-loop-12 slide-parity-even  av_one_fourth  real-thumbnail post-format-standard'  itemscope=\"itemscope\" itemtype=\"https:\/\/schema.org\/CreativeWork\" ><a href='https:\/\/ptdl.pl\/index.php\/2026\/01\/28\/hematologia-praktyczna-wyzwania-i-nowe-mozliwosci-sympozjum-naukowo-szkoleniowe-o-charakterze-warsztatow\/' data-rel='slide-4' class='slide-image' title='HEMATOLOGIA PRAKTYCZNA \u2013 WYZWANIA I NOWE MO\u017bLIWO\u015aCI-Konferencja naukowo-szkoleniowa o charakterze warsztat\u00f3w'><img decoding=\"async\" width=\"300\" height=\"185\" src=\"https:\/\/ptdl.pl\/ptdl\/wp-content\/uploads\/2025\/10\/Department_of_Anatomy_Faculty_of_Medicine_Jagiellonian_University_Theatrum_Anatomicum_12_Kopernika_street_Krakow_Poland-300x185.jpg\" class=\"wp-image-5262 avia-img-lazy-loading-not-5262 attachment-medium size-medium wp-post-image\" alt=\"\" srcset=\"https:\/\/ptdl.pl\/ptdl\/wp-content\/uploads\/2025\/10\/Department_of_Anatomy_Faculty_of_Medicine_Jagiellonian_University_Theatrum_Anatomicum_12_Kopernika_street_Krakow_Poland-300x185.jpg 300w, https:\/\/ptdl.pl\/ptdl\/wp-content\/uploads\/2025\/10\/Department_of_Anatomy_Faculty_of_Medicine_Jagiellonian_University_Theatrum_Anatomicum_12_Kopernika_street_Krakow_Poland-1030x635.jpg 1030w, https:\/\/ptdl.pl\/ptdl\/wp-content\/uploads\/2025\/10\/Department_of_Anatomy_Faculty_of_Medicine_Jagiellonian_University_Theatrum_Anatomicum_12_Kopernika_street_Krakow_Poland-768x474.jpg 768w, https:\/\/ptdl.pl\/ptdl\/wp-content\/uploads\/2025\/10\/Department_of_Anatomy_Faculty_of_Medicine_Jagiellonian_University_Theatrum_Anatomicum_12_Kopernika_street_Krakow_Poland-1536x948.jpg 1536w, https:\/\/ptdl.pl\/ptdl\/wp-content\/uploads\/2025\/10\/Department_of_Anatomy_Faculty_of_Medicine_Jagiellonian_University_Theatrum_Anatomicum_12_Kopernika_street_Krakow_Poland-2048x1264.jpg 2048w, https:\/\/ptdl.pl\/ptdl\/wp-content\/uploads\/2025\/10\/Department_of_Anatomy_Faculty_of_Medicine_Jagiellonian_University_Theatrum_Anatomicum_12_Kopernika_street_Krakow_Poland-1500x925.jpg 1500w, https:\/\/ptdl.pl\/ptdl\/wp-content\/uploads\/2025\/10\/Department_of_Anatomy_Faculty_of_Medicine_Jagiellonian_University_Theatrum_Anatomicum_12_Kopernika_street_Krakow_Poland-705x435.jpg 705w\" sizes=\"(max-width: 300px) 100vw, 300px\" \/><\/a><div class=\"slide-content\"><header class=\"entry-content-header\"><h3 class='slide-entry-title entry-title '  itemprop=\"headline\" ><a href='https:\/\/ptdl.pl\/index.php\/2026\/01\/28\/hematologia-praktyczna-wyzwania-i-nowe-mozliwosci-sympozjum-naukowo-szkoleniowe-o-charakterze-warsztatow\/' title='HEMATOLOGIA PRAKTYCZNA \u2013 WYZWANIA I NOWE MO\u017bLIWO\u015aCI-Konferencja naukowo-szkoleniowa o charakterze warsztat\u00f3w'>HEMATOLOGIA PRAKTYCZNA \u2013 WYZWANIA I NOWE MO\u017bLIWO\u015aCI-Konferencja naukowo-szkoleniowa o charakterze warsztat\u00f3w<\/a><\/h3><span class=\"av-vertical-delimiter\"><\/span><\/header><div class=\"slide-meta\"><time class='slide-meta-time updated'  itemprop=\"datePublished\" datetime=\"2026-01-28T17:27:34+01:00\" >2026-01-28<\/time><\/div><div class='slide-entry-excerpt entry-content'  itemprop=\"text\" ><div class=\"read-more-link\"><a href=\"https:\/\/ptdl.pl\/index.php\/2026\/01\/28\/hematologia-praktyczna-wyzwania-i-nowe-mozliwosci-sympozjum-naukowo-szkoleniowe-o-charakterze-warsztatow\/\" class=\"more-link\">Czytaj dalej<span class=\"more-link-arrow\"><\/span><\/a><\/div><\/div><\/div><footer class=\"entry-footer\"><\/footer><span class='hidden'>\n\t\t\t\t<span class='av-structured-data'  itemprop=\"image\" itemscope=\"itemscope\" itemtype=\"https:\/\/schema.org\/ImageObject\" >\n\t\t\t\t\t\t<span itemprop='url'>https:\/\/ptdl.pl\/ptdl\/wp-content\/uploads\/2025\/10\/Department_of_Anatomy_Faculty_of_Medicine_Jagiellonian_University_Theatrum_Anatomicum_12_Kopernika_street_Krakow_Poland-scaled.jpg<\/span>\n\t\t\t\t\t\t<span itemprop='height'>1579<\/span>\n\t\t\t\t\t\t<span itemprop='width'>2560<\/span>\n\t\t\t\t<\/span>\n\t\t\t\t<span class='av-structured-data'  itemprop=\"publisher\" itemtype=\"https:\/\/schema.org\/Organization\" itemscope=\"itemscope\" >\n\t\t\t\t\t\t<span itemprop='name'>Anna Z\u0105bek-Adamska<\/span>\n\t\t\t\t\t\t<span itemprop='logo' itemscope itemtype='https:\/\/schema.org\/ImageObject'>\n\t\t\t\t\t\t\t<span itemprop='url'>https:\/\/ptdl.pl\/wp-content\/uploads\/2023\/03\/logo_2.svg<\/span>\n\t\t\t\t\t\t<\/span>\n\t\t\t\t<\/span><span class='av-structured-data'  itemprop=\"author\" itemscope=\"itemscope\" itemtype=\"https:\/\/schema.org\/Person\" ><span itemprop='name'>Anna Z\u0105bek-Adamska<\/span><\/span><span class='av-structured-data'  itemprop=\"datePublished\" datetime=\"2023-02-03T12:54:00+01:00\" >2026-01-28 17:27:34<\/span><span class='av-structured-data'  itemprop=\"dateModified\" itemtype=\"https:\/\/schema.org\/dateModified\" >2026-02-20 17:32:23<\/span><span class='av-structured-data'  itemprop=\"mainEntityOfPage\" itemtype=\"https:\/\/schema.org\/mainEntityOfPage\" ><span itemprop='name'>HEMATOLOGIA PRAKTYCZNA \u2013 WYZWANIA I NOWE MO\u017bLIWO\u015aCI-Konferencja naukowo-szkoleniowa o charakterze warsztat\u00f3w<\/span><\/span><\/span><\/article><\/div><div class=\"slide-entry-wrap\"><article class='slide-entry flex_column  post-entry post-entry-5582 slide-entry-overview slide-loop-13 slide-parity-odd  av_one_fourth first real-thumbnail post-format-standard'  itemscope=\"itemscope\" itemtype=\"https:\/\/schema.org\/CreativeWork\" ><a href='https:\/\/ptdl.pl\/index.php\/2026\/01\/07\/zmiana-terminu-najblizszego-sympozjum-sobotniego\/' data-rel='slide-4' class='slide-image' title='Odzia\u0142 Krak\u00f3w !zmiana terminu najbli\u017cszego sympozjum sobotniego! na 21 lutego 2026'><img decoding=\"async\" width=\"300\" height=\"185\" src=\"https:\/\/ptdl.pl\/ptdl\/wp-content\/uploads\/2025\/10\/Department_of_Anatomy_Faculty_of_Medicine_Jagiellonian_University_Theatrum_Anatomicum_12_Kopernika_street_Krakow_Poland-300x185.jpg\" class=\"wp-image-5262 avia-img-lazy-loading-not-5262 attachment-medium size-medium wp-post-image\" alt=\"\" srcset=\"https:\/\/ptdl.pl\/ptdl\/wp-content\/uploads\/2025\/10\/Department_of_Anatomy_Faculty_of_Medicine_Jagiellonian_University_Theatrum_Anatomicum_12_Kopernika_street_Krakow_Poland-300x185.jpg 300w, https:\/\/ptdl.pl\/ptdl\/wp-content\/uploads\/2025\/10\/Department_of_Anatomy_Faculty_of_Medicine_Jagiellonian_University_Theatrum_Anatomicum_12_Kopernika_street_Krakow_Poland-1030x635.jpg 1030w, https:\/\/ptdl.pl\/ptdl\/wp-content\/uploads\/2025\/10\/Department_of_Anatomy_Faculty_of_Medicine_Jagiellonian_University_Theatrum_Anatomicum_12_Kopernika_street_Krakow_Poland-768x474.jpg 768w, https:\/\/ptdl.pl\/ptdl\/wp-content\/uploads\/2025\/10\/Department_of_Anatomy_Faculty_of_Medicine_Jagiellonian_University_Theatrum_Anatomicum_12_Kopernika_street_Krakow_Poland-1536x948.jpg 1536w, https:\/\/ptdl.pl\/ptdl\/wp-content\/uploads\/2025\/10\/Department_of_Anatomy_Faculty_of_Medicine_Jagiellonian_University_Theatrum_Anatomicum_12_Kopernika_street_Krakow_Poland-2048x1264.jpg 2048w, https:\/\/ptdl.pl\/ptdl\/wp-content\/uploads\/2025\/10\/Department_of_Anatomy_Faculty_of_Medicine_Jagiellonian_University_Theatrum_Anatomicum_12_Kopernika_street_Krakow_Poland-1500x925.jpg 1500w, https:\/\/ptdl.pl\/ptdl\/wp-content\/uploads\/2025\/10\/Department_of_Anatomy_Faculty_of_Medicine_Jagiellonian_University_Theatrum_Anatomicum_12_Kopernika_street_Krakow_Poland-705x435.jpg 705w\" sizes=\"(max-width: 300px) 100vw, 300px\" \/><\/a><div class=\"slide-content\"><header class=\"entry-content-header\"><h3 class='slide-entry-title entry-title '  itemprop=\"headline\" ><a href='https:\/\/ptdl.pl\/index.php\/2026\/01\/07\/zmiana-terminu-najblizszego-sympozjum-sobotniego\/' title='Odzia\u0142 Krak\u00f3w !zmiana terminu najbli\u017cszego sympozjum sobotniego! na 21 lutego 2026'>Odzia\u0142 Krak\u00f3w !zmiana terminu najbli\u017cszego sympozjum sobotniego! na 21 lutego 2026<\/a><\/h3><span class=\"av-vertical-delimiter\"><\/span><\/header><div class=\"slide-meta\"><time class='slide-meta-time updated'  itemprop=\"datePublished\" datetime=\"2026-01-07T15:20:14+01:00\" >2026-01-07<\/time><\/div><div class='slide-entry-excerpt entry-content'  itemprop=\"text\" ><div class=\"read-more-link\"><a href=\"https:\/\/ptdl.pl\/index.php\/2026\/01\/07\/zmiana-terminu-najblizszego-sympozjum-sobotniego\/\" class=\"more-link\">Czytaj dalej<span class=\"more-link-arrow\"><\/span><\/a><\/div><\/div><\/div><footer class=\"entry-footer\"><\/footer><span class='hidden'>\n\t\t\t\t<span class='av-structured-data'  itemprop=\"image\" itemscope=\"itemscope\" itemtype=\"https:\/\/schema.org\/ImageObject\" >\n\t\t\t\t\t\t<span itemprop='url'>https:\/\/ptdl.pl\/ptdl\/wp-content\/uploads\/2025\/10\/Department_of_Anatomy_Faculty_of_Medicine_Jagiellonian_University_Theatrum_Anatomicum_12_Kopernika_street_Krakow_Poland-scaled.jpg<\/span>\n\t\t\t\t\t\t<span itemprop='height'>1579<\/span>\n\t\t\t\t\t\t<span itemprop='width'>2560<\/span>\n\t\t\t\t<\/span>\n\t\t\t\t<span class='av-structured-data'  itemprop=\"publisher\" itemtype=\"https:\/\/schema.org\/Organization\" itemscope=\"itemscope\" >\n\t\t\t\t\t\t<span itemprop='name'>Anna Z\u0105bek-Adamska<\/span>\n\t\t\t\t\t\t<span itemprop='logo' itemscope itemtype='https:\/\/schema.org\/ImageObject'>\n\t\t\t\t\t\t\t<span itemprop='url'>https:\/\/ptdl.pl\/wp-content\/uploads\/2023\/03\/logo_2.svg<\/span>\n\t\t\t\t\t\t<\/span>\n\t\t\t\t<\/span><span class='av-structured-data'  itemprop=\"author\" itemscope=\"itemscope\" itemtype=\"https:\/\/schema.org\/Person\" ><span itemprop='name'>Anna Z\u0105bek-Adamska<\/span><\/span><span class='av-structured-data'  itemprop=\"datePublished\" datetime=\"2023-02-03T12:54:00+01:00\" >2026-01-07 15:20:14<\/span><span class='av-structured-data'  itemprop=\"dateModified\" itemtype=\"https:\/\/schema.org\/dateModified\" >2026-01-07 15:24:25<\/span><span class='av-structured-data'  itemprop=\"mainEntityOfPage\" itemtype=\"https:\/\/schema.org\/mainEntityOfPage\" ><span itemprop='name'>Odzia\u0142 Krak\u00f3w !zmiana terminu najbli\u017cszego sympozjum sobotniego! na 21 lutego 2026<\/span><\/span><\/span><\/article><article class='slide-entry flex_column  post-entry post-entry-5525 slide-entry-overview slide-loop-14 slide-parity-even  av_one_fourth  real-thumbnail post-format-standard'  itemscope=\"itemscope\" itemtype=\"https:\/\/schema.org\/CreativeWork\" ><a href='https:\/\/ptdl.pl\/index.php\/2025\/12\/01\/konferencja-naukowo-szkoleniowa-oddzialu-lubuskiego-jesionka-2026\/' data-rel='slide-4' class='slide-image' title='Konferencja Naukowo-Szkoleniowa oddzia\u0142u Lubuskiego Jesionka 2026'><img decoding=\"async\" width=\"300\" height=\"200\" src=\"https:\/\/ptdl.pl\/ptdl\/wp-content\/uploads\/2023\/12\/news_56-300x200.jpg\" class=\"wp-image-2031 avia-img-lazy-loading-not-2031 attachment-medium size-medium wp-post-image\" alt=\"\" srcset=\"https:\/\/ptdl.pl\/ptdl\/wp-content\/uploads\/2023\/12\/news_56-300x200.jpg 300w, https:\/\/ptdl.pl\/ptdl\/wp-content\/uploads\/2023\/12\/news_56.jpg 500w\" sizes=\"(max-width: 300px) 100vw, 300px\" \/><\/a><div class=\"slide-content\"><header class=\"entry-content-header\"><h3 class='slide-entry-title entry-title '  itemprop=\"headline\" ><a href='https:\/\/ptdl.pl\/index.php\/2025\/12\/01\/konferencja-naukowo-szkoleniowa-oddzialu-lubuskiego-jesionka-2026\/' title='Konferencja Naukowo-Szkoleniowa oddzia\u0142u Lubuskiego Jesionka 2026'>Konferencja Naukowo-Szkoleniowa oddzia\u0142u Lubuskiego Jesionka 2026<\/a><\/h3><span class=\"av-vertical-delimiter\"><\/span><\/header><div class=\"slide-meta\"><time class='slide-meta-time updated'  itemprop=\"datePublished\" datetime=\"2025-12-01T18:44:47+01:00\" >2025-12-01<\/time><\/div><div class='slide-entry-excerpt entry-content'  itemprop=\"text\" ><div class=\"read-more-link\"><a href=\"https:\/\/ptdl.pl\/index.php\/2025\/12\/01\/konferencja-naukowo-szkoleniowa-oddzialu-lubuskiego-jesionka-2026\/\" class=\"more-link\">Czytaj dalej<span class=\"more-link-arrow\"><\/span><\/a><\/div><\/div><\/div><footer class=\"entry-footer\"><\/footer><span class='hidden'>\n\t\t\t\t<span class='av-structured-data'  itemprop=\"image\" itemscope=\"itemscope\" itemtype=\"https:\/\/schema.org\/ImageObject\" >\n\t\t\t\t\t\t<span itemprop='url'>https:\/\/ptdl.pl\/ptdl\/wp-content\/uploads\/2023\/12\/news_56.jpg<\/span>\n\t\t\t\t\t\t<span itemprop='height'>333<\/span>\n\t\t\t\t\t\t<span itemprop='width'>500<\/span>\n\t\t\t\t<\/span>\n\t\t\t\t<span class='av-structured-data'  itemprop=\"publisher\" itemtype=\"https:\/\/schema.org\/Organization\" itemscope=\"itemscope\" >\n\t\t\t\t\t\t<span itemprop='name'>Katarzyna Drzyzga-Gramacka<\/span>\n\t\t\t\t\t\t<span itemprop='logo' itemscope itemtype='https:\/\/schema.org\/ImageObject'>\n\t\t\t\t\t\t\t<span itemprop='url'>https:\/\/ptdl.pl\/wp-content\/uploads\/2023\/03\/logo_2.svg<\/span>\n\t\t\t\t\t\t<\/span>\n\t\t\t\t<\/span><span class='av-structured-data'  itemprop=\"author\" itemscope=\"itemscope\" itemtype=\"https:\/\/schema.org\/Person\" ><span itemprop='name'>Katarzyna Drzyzga-Gramacka<\/span><\/span><span class='av-structured-data'  itemprop=\"datePublished\" datetime=\"2023-02-03T12:54:00+01:00\" >2025-12-01 18:44:47<\/span><span class='av-structured-data'  itemprop=\"dateModified\" itemtype=\"https:\/\/schema.org\/dateModified\" >2025-12-01 18:44:47<\/span><span class='av-structured-data'  itemprop=\"mainEntityOfPage\" itemtype=\"https:\/\/schema.org\/mainEntityOfPage\" ><span itemprop='name'>Konferencja Naukowo-Szkoleniowa oddzia\u0142u Lubuskiego Jesionka 2026<\/span><\/span><\/span><\/article><article class='slide-entry flex_column  post-entry post-entry-5518 slide-entry-overview slide-loop-15 slide-parity-odd  av_one_fourth  real-thumbnail post-format-standard'  itemscope=\"itemscope\" itemtype=\"https:\/\/schema.org\/CreativeWork\" ><a href='https:\/\/ptdl.pl\/index.php\/2025\/11\/30\/ii-konferencja-naukowo-szkoleniowa-wspolczesna-diagnostyka-laboratoryjna-roznorodnosc-sila-synergii-program-i-zapisy\/' data-rel='slide-4' class='slide-image' title='II konferencja naukowo-szkoleniowa \u201eWsp\u00f3\u0142czesna diagnostyka laboratoryjna \u2013 r\u00f3\u017cnorodno\u015b\u0107 si\u0142\u0105 synergii\u201d &#8211; PROGRAM I ZAPISY'><img decoding=\"async\" width=\"300\" height=\"300\" src=\"https:\/\/ptdl.pl\/ptdl\/wp-content\/uploads\/2024\/11\/projekt-1-300x300.jpg\" class=\"wp-image-4022 avia-img-lazy-loading-not-4022 attachment-medium size-medium wp-post-image\" alt=\"\" srcset=\"https:\/\/ptdl.pl\/ptdl\/wp-content\/uploads\/2024\/11\/projekt-1-300x300.jpg 300w, https:\/\/ptdl.pl\/ptdl\/wp-content\/uploads\/2024\/11\/projekt-1-80x80.jpg 80w, https:\/\/ptdl.pl\/ptdl\/wp-content\/uploads\/2024\/11\/projekt-1-36x36.jpg 36w, https:\/\/ptdl.pl\/ptdl\/wp-content\/uploads\/2024\/11\/projekt-1-180x180.jpg 180w, https:\/\/ptdl.pl\/ptdl\/wp-content\/uploads\/2024\/11\/projekt-1.jpg 500w\" sizes=\"(max-width: 300px) 100vw, 300px\" \/><\/a><div class=\"slide-content\"><header class=\"entry-content-header\"><h3 class='slide-entry-title entry-title '  itemprop=\"headline\" ><a href='https:\/\/ptdl.pl\/index.php\/2025\/11\/30\/ii-konferencja-naukowo-szkoleniowa-wspolczesna-diagnostyka-laboratoryjna-roznorodnosc-sila-synergii-program-i-zapisy\/' title='II konferencja naukowo-szkoleniowa \u201eWsp\u00f3\u0142czesna diagnostyka laboratoryjna \u2013 r\u00f3\u017cnorodno\u015b\u0107 si\u0142\u0105 synergii\u201d &#8211; PROGRAM I ZAPISY'>II konferencja naukowo-szkoleniowa \u201eWsp\u00f3\u0142czesna diagnostyka laboratoryjna \u2013 r\u00f3\u017cnorodno\u015b\u0107 si\u0142\u0105 synergii\u201d &#8211; PROGRAM I ZAPISY<\/a><\/h3><span class=\"av-vertical-delimiter\"><\/span><\/header><div class=\"slide-meta\"><time class='slide-meta-time updated'  itemprop=\"datePublished\" datetime=\"2025-11-30T13:37:22+01:00\" >2025-11-30<\/time><\/div><div class='slide-entry-excerpt entry-content'  itemprop=\"text\" ><div class=\"read-more-link\"><a href=\"https:\/\/ptdl.pl\/index.php\/2025\/11\/30\/ii-konferencja-naukowo-szkoleniowa-wspolczesna-diagnostyka-laboratoryjna-roznorodnosc-sila-synergii-program-i-zapisy\/\" class=\"more-link\">Czytaj dalej<span class=\"more-link-arrow\"><\/span><\/a><\/div><\/div><\/div><footer class=\"entry-footer\"><\/footer><span class='hidden'>\n\t\t\t\t<span class='av-structured-data'  itemprop=\"image\" itemscope=\"itemscope\" itemtype=\"https:\/\/schema.org\/ImageObject\" >\n\t\t\t\t\t\t<span itemprop='url'>https:\/\/ptdl.pl\/ptdl\/wp-content\/uploads\/2024\/11\/projekt-1.jpg<\/span>\n\t\t\t\t\t\t<span itemprop='height'>500<\/span>\n\t\t\t\t\t\t<span itemprop='width'>500<\/span>\n\t\t\t\t<\/span>\n\t\t\t\t<span class='av-structured-data'  itemprop=\"publisher\" itemtype=\"https:\/\/schema.org\/Organization\" itemscope=\"itemscope\" >\n\t\t\t\t\t\t<span itemprop='name'>Olga Loska<\/span>\n\t\t\t\t\t\t<span itemprop='logo' itemscope itemtype='https:\/\/schema.org\/ImageObject'>\n\t\t\t\t\t\t\t<span itemprop='url'>https:\/\/ptdl.pl\/wp-content\/uploads\/2023\/03\/logo_2.svg<\/span>\n\t\t\t\t\t\t<\/span>\n\t\t\t\t<\/span><span class='av-structured-data'  itemprop=\"author\" itemscope=\"itemscope\" itemtype=\"https:\/\/schema.org\/Person\" ><span itemprop='name'>Olga Loska<\/span><\/span><span class='av-structured-data'  itemprop=\"datePublished\" datetime=\"2023-02-03T12:54:00+01:00\" >2025-11-30 13:37:22<\/span><span class='av-structured-data'  itemprop=\"dateModified\" itemtype=\"https:\/\/schema.org\/dateModified\" >2025-12-04 15:40:27<\/span><span class='av-structured-data'  itemprop=\"mainEntityOfPage\" itemtype=\"https:\/\/schema.org\/mainEntityOfPage\" ><span itemprop='name'>II konferencja naukowo-szkoleniowa \u201eWsp\u00f3\u0142czesna diagnostyka laboratoryjna \u2013 r\u00f3\u017cnorodno\u015b\u0107 si\u0142\u0105 synergii\u201d &#8211; PROGRAM I ZAPISY<\/span><\/span><\/span><\/article><article class='slide-entry flex_column  post-entry post-entry-5380 slide-entry-overview slide-loop-16 slide-parity-even  av_one_fourth  real-thumbnail post-format-standard'  itemscope=\"itemscope\" itemtype=\"https:\/\/schema.org\/CreativeWork\" ><a href='https:\/\/ptdl.pl\/index.php\/2025\/10\/22\/mikroby-antybiotyki-i-lekoopornosc-pod-kontrola-konferencja-naukowo-szkoleniowa-szpitala-uniwersyteckiego-w-krakowie\/' data-rel='slide-4' class='slide-image' title='MIKROBY, ANTYBIOTYKI I LEKOOPORNO\u015a\u0106 POD KONTROL\u0104- Konferencja Naukowo-Szkoleniowa Szpitala Uniwersyteckiego w Krakowie'><img decoding=\"async\" width=\"212\" height=\"300\" src=\"https:\/\/ptdl.pl\/ptdl\/wp-content\/uploads\/2025\/10\/A3-Plakat_konferencja-antybiotyki_druk-wew-pdf-212x300.jpg\" class=\"wp-image-5381 avia-img-lazy-loading-not-5381 attachment-medium size-medium wp-post-image\" alt=\"\" \/><\/a><div class=\"slide-content\"><header class=\"entry-content-header\"><h3 class='slide-entry-title entry-title '  itemprop=\"headline\" ><a href='https:\/\/ptdl.pl\/index.php\/2025\/10\/22\/mikroby-antybiotyki-i-lekoopornosc-pod-kontrola-konferencja-naukowo-szkoleniowa-szpitala-uniwersyteckiego-w-krakowie\/' title='MIKROBY, ANTYBIOTYKI I LEKOOPORNO\u015a\u0106 POD KONTROL\u0104- Konferencja Naukowo-Szkoleniowa Szpitala Uniwersyteckiego w Krakowie'>MIKROBY, ANTYBIOTYKI I LEKOOPORNO\u015a\u0106 POD KONTROL\u0104- Konferencja Naukowo-Szkoleniowa Szpitala Uniwersyteckiego w Krakowie<\/a><\/h3><span class=\"av-vertical-delimiter\"><\/span><\/header><div class=\"slide-meta\"><time class='slide-meta-time updated'  itemprop=\"datePublished\" datetime=\"2025-10-22T21:21:46+02:00\" >2025-10-22<\/time><\/div><div class='slide-entry-excerpt entry-content'  itemprop=\"text\" ><div class=\"read-more-link\"><a href=\"https:\/\/ptdl.pl\/index.php\/2025\/10\/22\/mikroby-antybiotyki-i-lekoopornosc-pod-kontrola-konferencja-naukowo-szkoleniowa-szpitala-uniwersyteckiego-w-krakowie\/\" class=\"more-link\">Czytaj dalej<span class=\"more-link-arrow\"><\/span><\/a><\/div><\/div><\/div><footer class=\"entry-footer\"><\/footer><span class='hidden'>\n\t\t\t\t<span class='av-structured-data'  itemprop=\"image\" itemscope=\"itemscope\" itemtype=\"https:\/\/schema.org\/ImageObject\" >\n\t\t\t\t\t\t<span itemprop='url'>https:\/\/ptdl.pl\/ptdl\/wp-content\/uploads\/2025\/10\/A3-Plakat_konferencja-antybiotyki_druk-wew-pdf.jpg<\/span>\n\t\t\t\t\t\t<span itemprop='height'>2117<\/span>\n\t\t\t\t\t\t<span itemprop='width'>1497<\/span>\n\t\t\t\t<\/span>\n\t\t\t\t<span class='av-structured-data'  itemprop=\"publisher\" itemtype=\"https:\/\/schema.org\/Organization\" itemscope=\"itemscope\" >\n\t\t\t\t\t\t<span itemprop='name'>Anna Z\u0105bek-Adamska<\/span>\n\t\t\t\t\t\t<span itemprop='logo' itemscope itemtype='https:\/\/schema.org\/ImageObject'>\n\t\t\t\t\t\t\t<span itemprop='url'>https:\/\/ptdl.pl\/wp-content\/uploads\/2023\/03\/logo_2.svg<\/span>\n\t\t\t\t\t\t<\/span>\n\t\t\t\t<\/span><span class='av-structured-data'  itemprop=\"author\" itemscope=\"itemscope\" itemtype=\"https:\/\/schema.org\/Person\" ><span itemprop='name'>Anna Z\u0105bek-Adamska<\/span><\/span><span class='av-structured-data'  itemprop=\"datePublished\" datetime=\"2023-02-03T12:54:00+01:00\" >2025-10-22 21:21:46<\/span><span class='av-structured-data'  itemprop=\"dateModified\" itemtype=\"https:\/\/schema.org\/dateModified\" >2025-10-22 21:21:46<\/span><span class='av-structured-data'  itemprop=\"mainEntityOfPage\" itemtype=\"https:\/\/schema.org\/mainEntityOfPage\" ><span itemprop='name'>MIKROBY, ANTYBIOTYKI I LEKOOPORNO\u015a\u0106 POD KONTROL\u0104- Konferencja Naukowo-Szkoleniowa Szpitala Uniwersyteckiego w Krakowie<\/span><\/span><\/span><\/article><\/div><div class=\"slide-entry-wrap\"><article class='slide-entry flex_column  post-entry post-entry-5362 slide-entry-overview slide-loop-17 slide-parity-odd  av_one_fourth first real-thumbnail post-format-standard'  itemscope=\"itemscope\" itemtype=\"https:\/\/schema.org\/CreativeWork\" ><a href='https:\/\/ptdl.pl\/index.php\/2025\/10\/22\/zaproszenie-na-konferencje-diagnostyczna\/' data-rel='slide-4' class='slide-image' title='Zaproszenie na sympozjum naukowe'><img decoding=\"async\" width=\"300\" height=\"200\" src=\"https:\/\/ptdl.pl\/ptdl\/wp-content\/uploads\/2023\/12\/news_56-300x200.jpg\" class=\"wp-image-2031 avia-img-lazy-loading-not-2031 attachment-medium size-medium wp-post-image\" alt=\"\" srcset=\"https:\/\/ptdl.pl\/ptdl\/wp-content\/uploads\/2023\/12\/news_56-300x200.jpg 300w, https:\/\/ptdl.pl\/ptdl\/wp-content\/uploads\/2023\/12\/news_56.jpg 500w\" sizes=\"(max-width: 300px) 100vw, 300px\" \/><\/a><div class=\"slide-content\"><header class=\"entry-content-header\"><h3 class='slide-entry-title entry-title '  itemprop=\"headline\" ><a href='https:\/\/ptdl.pl\/index.php\/2025\/10\/22\/zaproszenie-na-konferencje-diagnostyczna\/' title='Zaproszenie na sympozjum naukowe'>Zaproszenie na sympozjum naukowe<\/a><\/h3><span class=\"av-vertical-delimiter\"><\/span><\/header><div class=\"slide-meta\"><time class='slide-meta-time updated'  itemprop=\"datePublished\" datetime=\"2025-10-22T09:22:10+02:00\" >2025-10-22<\/time><\/div><div class='slide-entry-excerpt entry-content'  itemprop=\"text\" ><div class=\"read-more-link\"><a href=\"https:\/\/ptdl.pl\/index.php\/2025\/10\/22\/zaproszenie-na-konferencje-diagnostyczna\/\" class=\"more-link\">Czytaj dalej<span class=\"more-link-arrow\"><\/span><\/a><\/div><\/div><\/div><footer class=\"entry-footer\"><\/footer><span class='hidden'>\n\t\t\t\t<span class='av-structured-data'  itemprop=\"image\" itemscope=\"itemscope\" itemtype=\"https:\/\/schema.org\/ImageObject\" >\n\t\t\t\t\t\t<span itemprop='url'>https:\/\/ptdl.pl\/ptdl\/wp-content\/uploads\/2023\/12\/news_56.jpg<\/span>\n\t\t\t\t\t\t<span itemprop='height'>333<\/span>\n\t\t\t\t\t\t<span itemprop='width'>500<\/span>\n\t\t\t\t<\/span>\n\t\t\t\t<span class='av-structured-data'  itemprop=\"publisher\" itemtype=\"https:\/\/schema.org\/Organization\" itemscope=\"itemscope\" >\n\t\t\t\t\t\t<span itemprop='name'>Malwina Czech<\/span>\n\t\t\t\t\t\t<span itemprop='logo' itemscope itemtype='https:\/\/schema.org\/ImageObject'>\n\t\t\t\t\t\t\t<span itemprop='url'>https:\/\/ptdl.pl\/wp-content\/uploads\/2023\/03\/logo_2.svg<\/span>\n\t\t\t\t\t\t<\/span>\n\t\t\t\t<\/span><span class='av-structured-data'  itemprop=\"author\" itemscope=\"itemscope\" itemtype=\"https:\/\/schema.org\/Person\" ><span itemprop='name'>Malwina Czech<\/span><\/span><span class='av-structured-data'  itemprop=\"datePublished\" datetime=\"2023-02-03T12:54:00+01:00\" >2025-10-22 09:22:10<\/span><span class='av-structured-data'  itemprop=\"dateModified\" itemtype=\"https:\/\/schema.org\/dateModified\" >2025-10-29 13:07:48<\/span><span class='av-structured-data'  itemprop=\"mainEntityOfPage\" itemtype=\"https:\/\/schema.org\/mainEntityOfPage\" ><span itemprop='name'>Zaproszenie na sympozjum naukowe<\/span><\/span><\/span><\/article><article class='slide-entry flex_column  post-entry post-entry-5330 slide-entry-overview slide-loop-18 slide-parity-even  av_one_fourth  real-thumbnail post-format-standard'  itemscope=\"itemscope\" itemtype=\"https:\/\/schema.org\/CreativeWork\" ><a href='https:\/\/ptdl.pl\/index.php\/2025\/10\/06\/konferencja-kierownikow-medycznych-laboratoriow-diagnostycznych-wojewodztwa-lubelskiego-22-pazdziernika-2025-r\/' data-rel='slide-4' class='slide-image' title='Konferencja Kierownik\u00f3w Medycznych Laboratori\u00f3w Diagnostycznych wojew\u00f3dztwa lubelskiego &#8211; 22 pa\u017adziernika 2025 r.'><img decoding=\"async\" width=\"218\" height=\"300\" src=\"https:\/\/ptdl.pl\/ptdl\/wp-content\/uploads\/2025\/10\/1-218x300.jpg\" class=\"wp-image-5331 avia-img-lazy-loading-not-5331 attachment-medium size-medium wp-post-image\" alt=\"\" srcset=\"https:\/\/ptdl.pl\/ptdl\/wp-content\/uploads\/2025\/10\/1-218x300.jpg 218w, https:\/\/ptdl.pl\/ptdl\/wp-content\/uploads\/2025\/10\/1-512x705.jpg 512w, https:\/\/ptdl.pl\/ptdl\/wp-content\/uploads\/2025\/10\/1.jpg 554w\" sizes=\"(max-width: 218px) 100vw, 218px\" \/><\/a><div class=\"slide-content\"><header class=\"entry-content-header\"><h3 class='slide-entry-title entry-title '  itemprop=\"headline\" ><a href='https:\/\/ptdl.pl\/index.php\/2025\/10\/06\/konferencja-kierownikow-medycznych-laboratoriow-diagnostycznych-wojewodztwa-lubelskiego-22-pazdziernika-2025-r\/' title='Konferencja Kierownik\u00f3w Medycznych Laboratori\u00f3w Diagnostycznych wojew\u00f3dztwa lubelskiego &#8211; 22 pa\u017adziernika 2025 r.'>Konferencja Kierownik\u00f3w Medycznych Laboratori\u00f3w Diagnostycznych wojew\u00f3dztwa lubelskiego &#8211; 22 pa\u017adziernika 2025 r.<\/a><\/h3><span class=\"av-vertical-delimiter\"><\/span><\/header><div class=\"slide-meta\"><time class='slide-meta-time updated'  itemprop=\"datePublished\" datetime=\"2025-10-06T12:48:33+02:00\" >2025-10-06<\/time><\/div><div class='slide-entry-excerpt entry-content'  itemprop=\"text\" ><div class=\"read-more-link\"><a href=\"https:\/\/ptdl.pl\/index.php\/2025\/10\/06\/konferencja-kierownikow-medycznych-laboratoriow-diagnostycznych-wojewodztwa-lubelskiego-22-pazdziernika-2025-r\/\" class=\"more-link\">Czytaj dalej<span class=\"more-link-arrow\"><\/span><\/a><\/div><\/div><\/div><footer class=\"entry-footer\"><\/footer><span class='hidden'>\n\t\t\t\t<span class='av-structured-data'  itemprop=\"image\" itemscope=\"itemscope\" itemtype=\"https:\/\/schema.org\/ImageObject\" >\n\t\t\t\t\t\t<span itemprop='url'>https:\/\/ptdl.pl\/ptdl\/wp-content\/uploads\/2025\/10\/1.jpg<\/span>\n\t\t\t\t\t\t<span itemprop='height'>763<\/span>\n\t\t\t\t\t\t<span itemprop='width'>554<\/span>\n\t\t\t\t<\/span>\n\t\t\t\t<span class='av-structured-data'  itemprop=\"publisher\" itemtype=\"https:\/\/schema.org\/Organization\" itemscope=\"itemscope\" >\n\t\t\t\t\t\t<span itemprop='name'>Dariusz Duma<\/span>\n\t\t\t\t\t\t<span itemprop='logo' itemscope itemtype='https:\/\/schema.org\/ImageObject'>\n\t\t\t\t\t\t\t<span itemprop='url'>https:\/\/ptdl.pl\/wp-content\/uploads\/2023\/03\/logo_2.svg<\/span>\n\t\t\t\t\t\t<\/span>\n\t\t\t\t<\/span><span class='av-structured-data'  itemprop=\"author\" itemscope=\"itemscope\" itemtype=\"https:\/\/schema.org\/Person\" ><span itemprop='name'>Dariusz Duma<\/span><\/span><span class='av-structured-data'  itemprop=\"datePublished\" datetime=\"2023-02-03T12:54:00+01:00\" >2025-10-06 12:48:33<\/span><span class='av-structured-data'  itemprop=\"dateModified\" itemtype=\"https:\/\/schema.org\/dateModified\" >2025-10-06 13:02:37<\/span><span class='av-structured-data'  itemprop=\"mainEntityOfPage\" itemtype=\"https:\/\/schema.org\/mainEntityOfPage\" ><span itemprop='name'>Konferencja Kierownik\u00f3w Medycznych Laboratori\u00f3w Diagnostycznych wojew\u00f3dztwa lubelskiego &#8211; 22 pa\u017adziernika 2025 r.<\/span><\/span><\/span><\/article><article class='slide-entry flex_column  post-entry post-entry-5300 slide-entry-overview slide-loop-19 slide-parity-odd  av_one_fourth  real-thumbnail post-format-standard'  itemscope=\"itemscope\" itemtype=\"https:\/\/schema.org\/CreativeWork\" ><a href='https:\/\/ptdl.pl\/index.php\/2025\/10\/04\/zaproszenie\/' data-rel='slide-4' class='slide-image' title='Zaproszenie na konferencj\u0119 profilaktyczno-edukacyjn\u0105 PROFILAKTYKA PRZECIWNOWOTWOROWA RECEPT\u0104 NA ZDROWIE'><img decoding=\"async\" width=\"264\" height=\"191\" src=\"https:\/\/ptdl.pl\/ptdl\/wp-content\/uploads\/2025\/10\/rozowy.jpg\" class=\"wp-image-5315 avia-img-lazy-loading-not-5315 attachment-medium size-medium wp-post-image\" alt=\"\" \/><\/a><div class=\"slide-content\"><header class=\"entry-content-header\"><h3 class='slide-entry-title entry-title '  itemprop=\"headline\" ><a href='https:\/\/ptdl.pl\/index.php\/2025\/10\/04\/zaproszenie\/' title='Zaproszenie na konferencj\u0119 profilaktyczno-edukacyjn\u0105 PROFILAKTYKA PRZECIWNOWOTWOROWA RECEPT\u0104 NA ZDROWIE'>Zaproszenie na konferencj\u0119 profilaktyczno-edukacyjn\u0105 PROFILAKTYKA PRZECIWNOWOTWOROWA RECEPT\u0104 NA ZDROWIE<\/a><\/h3><span class=\"av-vertical-delimiter\"><\/span><\/header><div class=\"slide-meta\"><time class='slide-meta-time updated'  itemprop=\"datePublished\" datetime=\"2025-10-04T03:13:57+02:00\" >2025-10-04<\/time><\/div><div class='slide-entry-excerpt entry-content'  itemprop=\"text\" ><div class=\"read-more-link\"><a href=\"https:\/\/ptdl.pl\/index.php\/2025\/10\/04\/zaproszenie\/\" class=\"more-link\">Czytaj dalej<span class=\"more-link-arrow\"><\/span><\/a><\/div><\/div><\/div><footer class=\"entry-footer\"><\/footer><span class='hidden'>\n\t\t\t\t<span class='av-structured-data'  itemprop=\"image\" itemscope=\"itemscope\" itemtype=\"https:\/\/schema.org\/ImageObject\" >\n\t\t\t\t\t\t<span itemprop='url'>https:\/\/ptdl.pl\/ptdl\/wp-content\/uploads\/2025\/10\/rozowy.jpg<\/span>\n\t\t\t\t\t\t<span itemprop='height'>191<\/span>\n\t\t\t\t\t\t<span itemprop='width'>264<\/span>\n\t\t\t\t<\/span>\n\t\t\t\t<span class='av-structured-data'  itemprop=\"publisher\" itemtype=\"https:\/\/schema.org\/Organization\" itemscope=\"itemscope\" >\n\t\t\t\t\t\t<span itemprop='name'>Malwina Czech<\/span>\n\t\t\t\t\t\t<span itemprop='logo' itemscope itemtype='https:\/\/schema.org\/ImageObject'>\n\t\t\t\t\t\t\t<span itemprop='url'>https:\/\/ptdl.pl\/wp-content\/uploads\/2023\/03\/logo_2.svg<\/span>\n\t\t\t\t\t\t<\/span>\n\t\t\t\t<\/span><span class='av-structured-data'  itemprop=\"author\" itemscope=\"itemscope\" itemtype=\"https:\/\/schema.org\/Person\" ><span itemprop='name'>Malwina Czech<\/span><\/span><span class='av-structured-data'  itemprop=\"datePublished\" datetime=\"2023-02-03T12:54:00+01:00\" >2025-10-04 03:13:57<\/span><span class='av-structured-data'  itemprop=\"dateModified\" itemtype=\"https:\/\/schema.org\/dateModified\" >2025-10-04 03:24:42<\/span><span class='av-structured-data'  itemprop=\"mainEntityOfPage\" itemtype=\"https:\/\/schema.org\/mainEntityOfPage\" ><span itemprop='name'>Zaproszenie na konferencj\u0119 profilaktyczno-edukacyjn\u0105 PROFILAKTYKA PRZECIWNOWOTWOROWA RECEPT\u0104 NA ZDROWIE<\/span><\/span><\/span><\/article><article class='slide-entry flex_column  post-entry post-entry-5278 slide-entry-overview slide-loop-20 slide-parity-even  av_one_fourth  real-thumbnail post-format-standard'  itemscope=\"itemscope\" itemtype=\"https:\/\/schema.org\/CreativeWork\" ><a href='https:\/\/ptdl.pl\/index.php\/2025\/10\/03\/konferencja-ngs-w-badaniach-diagnostycznych-guzow-litych-i-w-hematoonkologii-nowe-perspektywy\/' data-rel='slide-4' class='slide-image' title='KONFERENCJA &#8222;NGS w badaniach diagnostycznych guz\u00f3w litych i w hematoonkologii \u2013 nowe perspektywy&#8221;'><img decoding=\"async\" width=\"300\" height=\"300\" src=\"https:\/\/ptdl.pl\/ptdl\/wp-content\/uploads\/2025\/10\/logokonferencji-300x300.png\" class=\"wp-image-5283 avia-img-lazy-loading-not-5283 attachment-medium size-medium wp-post-image\" alt=\"\" srcset=\"https:\/\/ptdl.pl\/ptdl\/wp-content\/uploads\/2025\/10\/logokonferencji-300x300.png 300w, https:\/\/ptdl.pl\/ptdl\/wp-content\/uploads\/2025\/10\/logokonferencji-80x80.png 80w, https:\/\/ptdl.pl\/ptdl\/wp-content\/uploads\/2025\/10\/logokonferencji-36x36.png 36w, https:\/\/ptdl.pl\/ptdl\/wp-content\/uploads\/2025\/10\/logokonferencji-180x180.png 180w, https:\/\/ptdl.pl\/ptdl\/wp-content\/uploads\/2025\/10\/logokonferencji.png 500w\" sizes=\"(max-width: 300px) 100vw, 300px\" \/><\/a><div class=\"slide-content\"><header class=\"entry-content-header\"><h3 class='slide-entry-title entry-title '  itemprop=\"headline\" ><a href='https:\/\/ptdl.pl\/index.php\/2025\/10\/03\/konferencja-ngs-w-badaniach-diagnostycznych-guzow-litych-i-w-hematoonkologii-nowe-perspektywy\/' title='KONFERENCJA &#8222;NGS w badaniach diagnostycznych guz\u00f3w litych i w hematoonkologii \u2013 nowe perspektywy&#8221;'>KONFERENCJA &#8222;NGS w badaniach diagnostycznych guz\u00f3w litych i w hematoonkologii \u2013 nowe perspektywy&#8221;<\/a><\/h3><span class=\"av-vertical-delimiter\"><\/span><\/header><div class=\"slide-meta\"><time class='slide-meta-time updated'  itemprop=\"datePublished\" datetime=\"2025-10-03T20:03:49+02:00\" >2025-10-03<\/time><\/div><div class='slide-entry-excerpt entry-content'  itemprop=\"text\" ><div class=\"read-more-link\"><a href=\"https:\/\/ptdl.pl\/index.php\/2025\/10\/03\/konferencja-ngs-w-badaniach-diagnostycznych-guzow-litych-i-w-hematoonkologii-nowe-perspektywy\/\" class=\"more-link\">Czytaj dalej<span class=\"more-link-arrow\"><\/span><\/a><\/div><\/div><\/div><footer class=\"entry-footer\"><\/footer><span class='hidden'>\n\t\t\t\t<span class='av-structured-data'  itemprop=\"image\" itemscope=\"itemscope\" itemtype=\"https:\/\/schema.org\/ImageObject\" >\n\t\t\t\t\t\t<span itemprop='url'>https:\/\/ptdl.pl\/ptdl\/wp-content\/uploads\/2025\/10\/logokonferencji.png<\/span>\n\t\t\t\t\t\t<span itemprop='height'>499<\/span>\n\t\t\t\t\t\t<span itemprop='width'>500<\/span>\n\t\t\t\t<\/span>\n\t\t\t\t<span class='av-structured-data'  itemprop=\"publisher\" itemtype=\"https:\/\/schema.org\/Organization\" itemscope=\"itemscope\" >\n\t\t\t\t\t\t<span itemprop='name'>Olga Loska<\/span>\n\t\t\t\t\t\t<span itemprop='logo' itemscope itemtype='https:\/\/schema.org\/ImageObject'>\n\t\t\t\t\t\t\t<span itemprop='url'>https:\/\/ptdl.pl\/wp-content\/uploads\/2023\/03\/logo_2.svg<\/span>\n\t\t\t\t\t\t<\/span>\n\t\t\t\t<\/span><span class='av-structured-data'  itemprop=\"author\" itemscope=\"itemscope\" itemtype=\"https:\/\/schema.org\/Person\" ><span itemprop='name'>Olga Loska<\/span><\/span><span class='av-structured-data'  itemprop=\"datePublished\" datetime=\"2023-02-03T12:54:00+01:00\" >2025-10-03 20:03:49<\/span><span class='av-structured-data'  itemprop=\"dateModified\" itemtype=\"https:\/\/schema.org\/dateModified\" >2025-10-03 20:59:21<\/span><span class='av-structured-data'  itemprop=\"mainEntityOfPage\" itemtype=\"https:\/\/schema.org\/mainEntityOfPage\" ><span itemprop='name'>KONFERENCJA &#8222;NGS w badaniach diagnostycznych guz\u00f3w litych i w hematoonkologii \u2013 nowe perspektywy&#8221;<\/span><\/span><\/span><\/article><\/div><div class=\"slide-entry-wrap\"><article class='slide-entry flex_column  post-entry post-entry-5274 slide-entry-overview slide-loop-21 slide-parity-odd  av_one_fourth first real-thumbnail post-format-standard'  itemscope=\"itemscope\" itemtype=\"https:\/\/schema.org\/CreativeWork\" ><a href='https:\/\/ptdl.pl\/index.php\/2025\/10\/02\/konferencja-naukowo-szkoleniowa-szczecinskiego-oddzialu-ptdl-miedzyzdroje-dn-09-10-pazdziernika-2025-roku\/' data-rel='slide-4' class='slide-image' title='Konferencja Naukowo &#8211; Szkoleniowa Szczeci\u0144skiego Oddzia\u0142u PTDL  Mi\u0119dzyzdroje, dn. 09 &#8211; 10 pa\u017adziernika 2025 roku'><img decoding=\"async\" width=\"300\" height=\"199\" src=\"https:\/\/ptdl.pl\/ptdl\/wp-content\/uploads\/2023\/02\/news_026-300x199.jpg\" class=\"wp-image-817 avia-img-lazy-loading-not-817 attachment-medium size-medium wp-post-image\" alt=\"\" srcset=\"https:\/\/ptdl.pl\/ptdl\/wp-content\/uploads\/2023\/02\/news_026-300x199.jpg 300w, https:\/\/ptdl.pl\/ptdl\/wp-content\/uploads\/2023\/02\/news_026.jpg 500w\" sizes=\"(max-width: 300px) 100vw, 300px\" \/><\/a><div class=\"slide-content\"><header class=\"entry-content-header\"><h3 class='slide-entry-title entry-title '  itemprop=\"headline\" ><a href='https:\/\/ptdl.pl\/index.php\/2025\/10\/02\/konferencja-naukowo-szkoleniowa-szczecinskiego-oddzialu-ptdl-miedzyzdroje-dn-09-10-pazdziernika-2025-roku\/' title='Konferencja Naukowo &#8211; Szkoleniowa Szczeci\u0144skiego Oddzia\u0142u PTDL  Mi\u0119dzyzdroje, dn. 09 &#8211; 10 pa\u017adziernika 2025 roku'>Konferencja Naukowo &#8211; Szkoleniowa Szczeci\u0144skiego Oddzia\u0142u PTDL  Mi\u0119dzyzdroje, dn. 09 &#8211; 10 pa\u017adziernika 2025 roku<\/a><\/h3><span class=\"av-vertical-delimiter\"><\/span><\/header><div class=\"slide-meta\"><time class='slide-meta-time updated'  itemprop=\"datePublished\" datetime=\"2025-10-02T08:05:06+02:00\" >2025-10-02<\/time><\/div><div class='slide-entry-excerpt entry-content'  itemprop=\"text\" ><div class=\"read-more-link\"><a href=\"https:\/\/ptdl.pl\/index.php\/2025\/10\/02\/konferencja-naukowo-szkoleniowa-szczecinskiego-oddzialu-ptdl-miedzyzdroje-dn-09-10-pazdziernika-2025-roku\/\" class=\"more-link\">Czytaj dalej<span class=\"more-link-arrow\"><\/span><\/a><\/div><\/div><\/div><footer class=\"entry-footer\"><\/footer><span class='hidden'>\n\t\t\t\t<span class='av-structured-data'  itemprop=\"image\" itemscope=\"itemscope\" itemtype=\"https:\/\/schema.org\/ImageObject\" >\n\t\t\t\t\t\t<span itemprop='url'>https:\/\/ptdl.pl\/ptdl\/wp-content\/uploads\/2023\/02\/news_026.jpg<\/span>\n\t\t\t\t\t\t<span itemprop='height'>332<\/span>\n\t\t\t\t\t\t<span itemprop='width'>500<\/span>\n\t\t\t\t<\/span>\n\t\t\t\t<span class='av-structured-data'  itemprop=\"publisher\" itemtype=\"https:\/\/schema.org\/Organization\" itemscope=\"itemscope\" >\n\t\t\t\t\t\t<span itemprop='name'>admin<\/span>\n\t\t\t\t\t\t<span itemprop='logo' itemscope itemtype='https:\/\/schema.org\/ImageObject'>\n\t\t\t\t\t\t\t<span itemprop='url'>https:\/\/ptdl.pl\/wp-content\/uploads\/2023\/03\/logo_2.svg<\/span>\n\t\t\t\t\t\t<\/span>\n\t\t\t\t<\/span><span class='av-structured-data'  itemprop=\"author\" itemscope=\"itemscope\" itemtype=\"https:\/\/schema.org\/Person\" ><span itemprop='name'>admin<\/span><\/span><span class='av-structured-data'  itemprop=\"datePublished\" datetime=\"2023-02-03T12:54:00+01:00\" >2025-10-02 08:05:06<\/span><span class='av-structured-data'  itemprop=\"dateModified\" itemtype=\"https:\/\/schema.org\/dateModified\" >2025-10-02 08:05:06<\/span><span class='av-structured-data'  itemprop=\"mainEntityOfPage\" itemtype=\"https:\/\/schema.org\/mainEntityOfPage\" ><span itemprop='name'>Konferencja Naukowo &#8211; Szkoleniowa Szczeci\u0144skiego Oddzia\u0142u PTDL  Mi\u0119dzyzdroje, dn. 09 &#8211; 10 pa\u017adziernika 2025 roku<\/span><\/span><\/span><\/article><article class='slide-entry flex_column  post-entry post-entry-5253 slide-entry-overview slide-loop-22 slide-parity-even  av_one_fourth  real-thumbnail post-format-standard'  itemscope=\"itemscope\" itemtype=\"https:\/\/schema.org\/CreativeWork\" ><a href='https:\/\/ptdl.pl\/index.php\/2025\/10\/01\/80-lat-wydzialu-farmaceutycznego-i-30-lat-analityki-medycznej-uniwersytetu-medycznego-w-lublinie\/' data-rel='slide-4' class='slide-image' title='80 lat Wydzia\u0142u Farmaceutycznego i 30 lat Analityki Medycznej Uniwersytetu Medycznego w Lublinie'><img decoding=\"async\" width=\"300\" height=\"157\" src=\"https:\/\/ptdl.pl\/ptdl\/wp-content\/uploads\/2025\/10\/Jubileusz-WF-i-AM-300x157.jpg\" class=\"wp-image-5254 avia-img-lazy-loading-not-5254 attachment-medium size-medium wp-post-image\" alt=\"\" srcset=\"https:\/\/ptdl.pl\/ptdl\/wp-content\/uploads\/2025\/10\/Jubileusz-WF-i-AM-300x157.jpg 300w, https:\/\/ptdl.pl\/ptdl\/wp-content\/uploads\/2025\/10\/Jubileusz-WF-i-AM-768x402.jpg 768w, https:\/\/ptdl.pl\/ptdl\/wp-content\/uploads\/2025\/10\/Jubileusz-WF-i-AM-710x375.jpg 710w, https:\/\/ptdl.pl\/ptdl\/wp-content\/uploads\/2025\/10\/Jubileusz-WF-i-AM-705x369.jpg 705w, https:\/\/ptdl.pl\/ptdl\/wp-content\/uploads\/2025\/10\/Jubileusz-WF-i-AM.jpg 960w\" sizes=\"(max-width: 300px) 100vw, 300px\" \/><\/a><div class=\"slide-content\"><header class=\"entry-content-header\"><h3 class='slide-entry-title entry-title '  itemprop=\"headline\" ><a href='https:\/\/ptdl.pl\/index.php\/2025\/10\/01\/80-lat-wydzialu-farmaceutycznego-i-30-lat-analityki-medycznej-uniwersytetu-medycznego-w-lublinie\/' title='80 lat Wydzia\u0142u Farmaceutycznego i 30 lat Analityki Medycznej Uniwersytetu Medycznego w Lublinie'>80 lat Wydzia\u0142u Farmaceutycznego i 30 lat Analityki Medycznej Uniwersytetu Medycznego w Lublinie<\/a><\/h3><span class=\"av-vertical-delimiter\"><\/span><\/header><div class=\"slide-meta\"><time class='slide-meta-time updated'  itemprop=\"datePublished\" datetime=\"2025-10-01T12:03:18+02:00\" >2025-10-01<\/time><\/div><div class='slide-entry-excerpt entry-content'  itemprop=\"text\" ><div class=\"read-more-link\"><a href=\"https:\/\/ptdl.pl\/index.php\/2025\/10\/01\/80-lat-wydzialu-farmaceutycznego-i-30-lat-analityki-medycznej-uniwersytetu-medycznego-w-lublinie\/\" class=\"more-link\">Czytaj dalej<span class=\"more-link-arrow\"><\/span><\/a><\/div><\/div><\/div><footer class=\"entry-footer\"><\/footer><span class='hidden'>\n\t\t\t\t<span class='av-structured-data'  itemprop=\"image\" itemscope=\"itemscope\" itemtype=\"https:\/\/schema.org\/ImageObject\" >\n\t\t\t\t\t\t<span itemprop='url'>https:\/\/ptdl.pl\/ptdl\/wp-content\/uploads\/2025\/10\/Jubileusz-WF-i-AM.jpg<\/span>\n\t\t\t\t\t\t<span itemprop='height'>503<\/span>\n\t\t\t\t\t\t<span itemprop='width'>960<\/span>\n\t\t\t\t<\/span>\n\t\t\t\t<span class='av-structured-data'  itemprop=\"publisher\" itemtype=\"https:\/\/schema.org\/Organization\" itemscope=\"itemscope\" >\n\t\t\t\t\t\t<span itemprop='name'>Dariusz Duma<\/span>\n\t\t\t\t\t\t<span itemprop='logo' itemscope itemtype='https:\/\/schema.org\/ImageObject'>\n\t\t\t\t\t\t\t<span itemprop='url'>https:\/\/ptdl.pl\/wp-content\/uploads\/2023\/03\/logo_2.svg<\/span>\n\t\t\t\t\t\t<\/span>\n\t\t\t\t<\/span><span class='av-structured-data'  itemprop=\"author\" itemscope=\"itemscope\" itemtype=\"https:\/\/schema.org\/Person\" ><span itemprop='name'>Dariusz Duma<\/span><\/span><span class='av-structured-data'  itemprop=\"datePublished\" datetime=\"2023-02-03T12:54:00+01:00\" >2025-10-01 12:03:18<\/span><span class='av-structured-data'  itemprop=\"dateModified\" itemtype=\"https:\/\/schema.org\/dateModified\" >2025-10-01 12:03:18<\/span><span class='av-structured-data'  itemprop=\"mainEntityOfPage\" itemtype=\"https:\/\/schema.org\/mainEntityOfPage\" ><span itemprop='name'>80 lat Wydzia\u0142u Farmaceutycznego i 30 lat Analityki Medycznej Uniwersytetu Medycznego w Lublinie<\/span><\/span><\/span><\/article><article class='slide-entry flex_column  post-entry post-entry-5214 slide-entry-overview slide-loop-23 slide-parity-odd  av_one_fourth  real-thumbnail post-format-standard'  itemscope=\"itemscope\" itemtype=\"https:\/\/schema.org\/CreativeWork\" ><a href='https:\/\/ptdl.pl\/index.php\/2025\/09\/22\/podsumowanie-lodzkie-spotkania-diagnostyczne-priorytety-medycyny-laboratoryjnej-2025\/' data-rel='slide-4' class='slide-image' title='Podsumowanie &#8211; \u0141\u00f3dzkie Spotkania Diagnostyczne. Priorytety Medycyny Laboratoryjnej 2025'><img decoding=\"async\" width=\"300\" height=\"163\" src=\"https:\/\/ptdl.pl\/ptdl\/wp-content\/uploads\/2025\/06\/baner-1200x620-1-e1753710853184-300x163.png\" class=\"wp-image-5072 avia-img-lazy-loading-not-5072 attachment-medium size-medium wp-post-image\" alt=\"\" \/><\/a><div class=\"slide-content\"><header class=\"entry-content-header\"><h3 class='slide-entry-title entry-title '  itemprop=\"headline\" ><a href='https:\/\/ptdl.pl\/index.php\/2025\/09\/22\/podsumowanie-lodzkie-spotkania-diagnostyczne-priorytety-medycyny-laboratoryjnej-2025\/' title='Podsumowanie &#8211; \u0141\u00f3dzkie Spotkania Diagnostyczne. Priorytety Medycyny Laboratoryjnej 2025'>Podsumowanie &#8211; \u0141\u00f3dzkie Spotkania Diagnostyczne. Priorytety Medycyny Laboratoryjnej 2025<\/a><\/h3><span class=\"av-vertical-delimiter\"><\/span><\/header><div class=\"slide-meta\"><time class='slide-meta-time updated'  itemprop=\"datePublished\" datetime=\"2025-09-22T20:53:22+02:00\" >2025-09-22<\/time><\/div><div class='slide-entry-excerpt entry-content'  itemprop=\"text\" ><div class=\"read-more-link\"><a href=\"https:\/\/ptdl.pl\/index.php\/2025\/09\/22\/podsumowanie-lodzkie-spotkania-diagnostyczne-priorytety-medycyny-laboratoryjnej-2025\/\" class=\"more-link\">Czytaj dalej<span class=\"more-link-arrow\"><\/span><\/a><\/div><\/div><\/div><footer class=\"entry-footer\"><\/footer><span class='hidden'>\n\t\t\t\t<span class='av-structured-data'  itemprop=\"image\" itemscope=\"itemscope\" itemtype=\"https:\/\/schema.org\/ImageObject\" >\n\t\t\t\t\t\t<span itemprop='url'>https:\/\/ptdl.pl\/ptdl\/wp-content\/uploads\/2025\/06\/baner-1200x620-1-e1753710935509.png<\/span>\n\t\t\t\t\t\t<span itemprop='height'>271<\/span>\n\t\t\t\t\t\t<span itemprop='width'>500<\/span>\n\t\t\t\t<\/span>\n\t\t\t\t<span class='av-structured-data'  itemprop=\"publisher\" itemtype=\"https:\/\/schema.org\/Organization\" itemscope=\"itemscope\" >\n\t\t\t\t\t\t<span itemprop='name'>dsk<\/span>\n\t\t\t\t\t\t<span itemprop='logo' itemscope itemtype='https:\/\/schema.org\/ImageObject'>\n\t\t\t\t\t\t\t<span itemprop='url'>https:\/\/ptdl.pl\/wp-content\/uploads\/2023\/03\/logo_2.svg<\/span>\n\t\t\t\t\t\t<\/span>\n\t\t\t\t<\/span><span class='av-structured-data'  itemprop=\"author\" itemscope=\"itemscope\" itemtype=\"https:\/\/schema.org\/Person\" ><span itemprop='name'>dsk<\/span><\/span><span class='av-structured-data'  itemprop=\"datePublished\" datetime=\"2023-02-03T12:54:00+01:00\" >2025-09-22 20:53:22<\/span><span class='av-structured-data'  itemprop=\"dateModified\" itemtype=\"https:\/\/schema.org\/dateModified\" >2025-09-23 18:45:19<\/span><span class='av-structured-data'  itemprop=\"mainEntityOfPage\" itemtype=\"https:\/\/schema.org\/mainEntityOfPage\" ><span itemprop='name'>Podsumowanie &#8211; \u0141\u00f3dzkie Spotkania Diagnostyczne. Priorytety Medycyny Laboratoryjnej 2025<\/span><\/span><\/span><\/article><article class='slide-entry flex_column  post-entry post-entry-5170 slide-entry-overview slide-loop-24 slide-parity-even  av_one_fourth  real-thumbnail post-format-standard'  itemscope=\"itemscope\" itemtype=\"https:\/\/schema.org\/CreativeWork\" ><a href='https:\/\/ptdl.pl\/index.php\/2025\/09\/11\/konferencja-akademia-kontroli-zakazen\/' data-rel='slide-4' class='slide-image' title='Konferencja Akademia Kontroli Zaka\u017ce\u0144'><img decoding=\"async\" width=\"300\" height=\"169\" src=\"https:\/\/ptdl.pl\/ptdl\/wp-content\/uploads\/2025\/09\/akz-300x169.jpg\" class=\"wp-image-5172 avia-img-lazy-loading-not-5172 attachment-medium size-medium wp-post-image\" alt=\"\" srcset=\"https:\/\/ptdl.pl\/ptdl\/wp-content\/uploads\/2025\/09\/akz-300x169.jpg 300w, https:\/\/ptdl.pl\/ptdl\/wp-content\/uploads\/2025\/09\/akz-1030x579.jpg 1030w, https:\/\/ptdl.pl\/ptdl\/wp-content\/uploads\/2025\/09\/akz-768x432.jpg 768w, https:\/\/ptdl.pl\/ptdl\/wp-content\/uploads\/2025\/09\/akz-1536x864.jpg 1536w, https:\/\/ptdl.pl\/ptdl\/wp-content\/uploads\/2025\/09\/akz-1500x844.jpg 1500w, https:\/\/ptdl.pl\/ptdl\/wp-content\/uploads\/2025\/09\/akz-705x397.jpg 705w, https:\/\/ptdl.pl\/ptdl\/wp-content\/uploads\/2025\/09\/akz.jpg 1920w\" sizes=\"(max-width: 300px) 100vw, 300px\" \/><\/a><div class=\"slide-content\"><header class=\"entry-content-header\"><h3 class='slide-entry-title entry-title '  itemprop=\"headline\" ><a href='https:\/\/ptdl.pl\/index.php\/2025\/09\/11\/konferencja-akademia-kontroli-zakazen\/' title='Konferencja Akademia Kontroli Zaka\u017ce\u0144'>Konferencja Akademia Kontroli Zaka\u017ce\u0144<\/a><\/h3><span class=\"av-vertical-delimiter\"><\/span><\/header><div class=\"slide-meta\"><time class='slide-meta-time updated'  itemprop=\"datePublished\" datetime=\"2025-09-11T13:27:42+02:00\" >2025-09-11<\/time><\/div><div class='slide-entry-excerpt entry-content'  itemprop=\"text\" ><div class=\"read-more-link\"><a href=\"https:\/\/ptdl.pl\/index.php\/2025\/09\/11\/konferencja-akademia-kontroli-zakazen\/\" class=\"more-link\">Czytaj dalej<span class=\"more-link-arrow\"><\/span><\/a><\/div><\/div><\/div><footer class=\"entry-footer\"><\/footer><span class='hidden'>\n\t\t\t\t<span class='av-structured-data'  itemprop=\"image\" itemscope=\"itemscope\" itemtype=\"https:\/\/schema.org\/ImageObject\" >\n\t\t\t\t\t\t<span itemprop='url'>https:\/\/ptdl.pl\/ptdl\/wp-content\/uploads\/2025\/09\/akz.jpg<\/span>\n\t\t\t\t\t\t<span itemprop='height'>1080<\/span>\n\t\t\t\t\t\t<span itemprop='width'>1920<\/span>\n\t\t\t\t<\/span>\n\t\t\t\t<span class='av-structured-data'  itemprop=\"publisher\" itemtype=\"https:\/\/schema.org\/Organization\" itemscope=\"itemscope\" >\n\t\t\t\t\t\t<span itemprop='name'>admin<\/span>\n\t\t\t\t\t\t<span itemprop='logo' itemscope itemtype='https:\/\/schema.org\/ImageObject'>\n\t\t\t\t\t\t\t<span itemprop='url'>https:\/\/ptdl.pl\/wp-content\/uploads\/2023\/03\/logo_2.svg<\/span>\n\t\t\t\t\t\t<\/span>\n\t\t\t\t<\/span><span class='av-structured-data'  itemprop=\"author\" itemscope=\"itemscope\" itemtype=\"https:\/\/schema.org\/Person\" ><span itemprop='name'>admin<\/span><\/span><span class='av-structured-data'  itemprop=\"datePublished\" datetime=\"2023-02-03T12:54:00+01:00\" >2025-09-11 13:27:42<\/span><span class='av-structured-data'  itemprop=\"dateModified\" itemtype=\"https:\/\/schema.org\/dateModified\" >2025-09-11 13:36:17<\/span><span class='av-structured-data'  itemprop=\"mainEntityOfPage\" itemtype=\"https:\/\/schema.org\/mainEntityOfPage\" ><span itemprop='name'>Konferencja Akademia Kontroli Zaka\u017ce\u0144<\/span><\/span><\/span><\/article><\/div><div class=\"slide-entry-wrap\"><article class='slide-entry flex_column  post-entry post-entry-4628 slide-entry-overview slide-loop-25 slide-parity-odd  av_one_fourth first real-thumbnail post-format-standard'  itemscope=\"itemscope\" itemtype=\"https:\/\/schema.org\/CreativeWork\" ><a href='https:\/\/ptdl.pl\/index.php\/2025\/06\/18\/konferencja-zdrowie-kobiety-zapisane-w-genach\/' data-rel='slide-4' class='slide-image' title='Konferencja &#8222;Zdrowie kobiety zapisane w genach&#8221;'><img decoding=\"async\" width=\"300\" height=\"300\" src=\"https:\/\/ptdl.pl\/ptdl\/wp-content\/uploads\/2025\/04\/PTDL-Zdrowie-Kobiety-FB-1200px-300x300.jpg\" class=\"wp-image-4629 avia-img-lazy-loading-not-4629 attachment-medium size-medium wp-post-image\" alt=\"\" srcset=\"https:\/\/ptdl.pl\/ptdl\/wp-content\/uploads\/2025\/04\/PTDL-Zdrowie-Kobiety-FB-1200px-300x300.jpg 300w, https:\/\/ptdl.pl\/ptdl\/wp-content\/uploads\/2025\/04\/PTDL-Zdrowie-Kobiety-FB-1200px-1030x1030.jpg 1030w, https:\/\/ptdl.pl\/ptdl\/wp-content\/uploads\/2025\/04\/PTDL-Zdrowie-Kobiety-FB-1200px-80x80.jpg 80w, https:\/\/ptdl.pl\/ptdl\/wp-content\/uploads\/2025\/04\/PTDL-Zdrowie-Kobiety-FB-1200px-768x768.jpg 768w, https:\/\/ptdl.pl\/ptdl\/wp-content\/uploads\/2025\/04\/PTDL-Zdrowie-Kobiety-FB-1200px-36x36.jpg 36w, https:\/\/ptdl.pl\/ptdl\/wp-content\/uploads\/2025\/04\/PTDL-Zdrowie-Kobiety-FB-1200px-180x180.jpg 180w, https:\/\/ptdl.pl\/ptdl\/wp-content\/uploads\/2025\/04\/PTDL-Zdrowie-Kobiety-FB-1200px-705x705.jpg 705w, https:\/\/ptdl.pl\/ptdl\/wp-content\/uploads\/2025\/04\/PTDL-Zdrowie-Kobiety-FB-1200px.jpg 1200w\" sizes=\"(max-width: 300px) 100vw, 300px\" \/><\/a><div class=\"slide-content\"><header class=\"entry-content-header\"><h3 class='slide-entry-title entry-title '  itemprop=\"headline\" ><a href='https:\/\/ptdl.pl\/index.php\/2025\/06\/18\/konferencja-zdrowie-kobiety-zapisane-w-genach\/' title='Konferencja &#8222;Zdrowie kobiety zapisane w genach&#8221;'>Konferencja &#8222;Zdrowie kobiety zapisane w genach&#8221;<\/a><\/h3><span class=\"av-vertical-delimiter\"><\/span><\/header><div class=\"slide-meta\"><time class='slide-meta-time updated'  itemprop=\"datePublished\" datetime=\"2025-06-18T08:15:58+02:00\" >2025-06-18<\/time><\/div><div class='slide-entry-excerpt entry-content'  itemprop=\"text\" ><div class=\"read-more-link\"><a href=\"https:\/\/ptdl.pl\/index.php\/2025\/06\/18\/konferencja-zdrowie-kobiety-zapisane-w-genach\/\" class=\"more-link\">Czytaj dalej<span class=\"more-link-arrow\"><\/span><\/a><\/div><\/div><\/div><footer class=\"entry-footer\"><\/footer><span class='hidden'>\n\t\t\t\t<span class='av-structured-data'  itemprop=\"image\" itemscope=\"itemscope\" itemtype=\"https:\/\/schema.org\/ImageObject\" >\n\t\t\t\t\t\t<span itemprop='url'>https:\/\/ptdl.pl\/ptdl\/wp-content\/uploads\/2025\/04\/PTDL-Zdrowie-Kobiety-FB-1200px.jpg<\/span>\n\t\t\t\t\t\t<span itemprop='height'>1200<\/span>\n\t\t\t\t\t\t<span itemprop='width'>1200<\/span>\n\t\t\t\t<\/span>\n\t\t\t\t<span class='av-structured-data'  itemprop=\"publisher\" itemtype=\"https:\/\/schema.org\/Organization\" itemscope=\"itemscope\" >\n\t\t\t\t\t\t<span itemprop='name'>admin<\/span>\n\t\t\t\t\t\t<span itemprop='logo' itemscope itemtype='https:\/\/schema.org\/ImageObject'>\n\t\t\t\t\t\t\t<span itemprop='url'>https:\/\/ptdl.pl\/wp-content\/uploads\/2023\/03\/logo_2.svg<\/span>\n\t\t\t\t\t\t<\/span>\n\t\t\t\t<\/span><span class='av-structured-data'  itemprop=\"author\" itemscope=\"itemscope\" itemtype=\"https:\/\/schema.org\/Person\" ><span itemprop='name'>admin<\/span><\/span><span class='av-structured-data'  itemprop=\"datePublished\" datetime=\"2023-02-03T12:54:00+01:00\" >2025-06-18 08:15:58<\/span><span class='av-structured-data'  itemprop=\"dateModified\" itemtype=\"https:\/\/schema.org\/dateModified\" >2025-06-18 13:39:32<\/span><span class='av-structured-data'  itemprop=\"mainEntityOfPage\" itemtype=\"https:\/\/schema.org\/mainEntityOfPage\" ><span itemprop='name'>Konferencja &#8222;Zdrowie kobiety zapisane w genach&#8221;<\/span><\/span><\/span><\/article><article class='slide-entry flex_column  post-entry post-entry-5071 slide-entry-overview slide-loop-26 slide-parity-even  av_one_fourth  real-thumbnail post-format-standard'  itemscope=\"itemscope\" itemtype=\"https:\/\/schema.org\/CreativeWork\" ><a href='https:\/\/ptdl.pl\/index.php\/2025\/06\/08\/konferencja-lodzkie-spotkania-diagnostyczne-2025\/' data-rel='slide-4' class='slide-image' title='Konferencja &#8211; \u0141\u00f3dzkie Spotkania Diagnostyczne 2025'><img decoding=\"async\" width=\"300\" height=\"163\" src=\"https:\/\/ptdl.pl\/ptdl\/wp-content\/uploads\/2025\/06\/baner-1200x620-1-e1753710853184-300x163.png\" class=\"wp-image-5072 avia-img-lazy-loading-not-5072 attachment-medium size-medium wp-post-image\" alt=\"\" \/><\/a><div class=\"slide-content\"><header class=\"entry-content-header\"><h3 class='slide-entry-title entry-title '  itemprop=\"headline\" ><a href='https:\/\/ptdl.pl\/index.php\/2025\/06\/08\/konferencja-lodzkie-spotkania-diagnostyczne-2025\/' title='Konferencja &#8211; \u0141\u00f3dzkie Spotkania Diagnostyczne 2025'>Konferencja &#8211; \u0141\u00f3dzkie Spotkania Diagnostyczne 2025<\/a><\/h3><span class=\"av-vertical-delimiter\"><\/span><\/header><div class=\"slide-meta\"><time class='slide-meta-time updated'  itemprop=\"datePublished\" datetime=\"2025-06-08T10:40:53+02:00\" >2025-06-08<\/time><\/div><div class='slide-entry-excerpt entry-content'  itemprop=\"text\" ><div class=\"read-more-link\"><a href=\"https:\/\/ptdl.pl\/index.php\/2025\/06\/08\/konferencja-lodzkie-spotkania-diagnostyczne-2025\/\" class=\"more-link\">Czytaj dalej<span class=\"more-link-arrow\"><\/span><\/a><\/div><\/div><\/div><footer class=\"entry-footer\"><\/footer><span class='hidden'>\n\t\t\t\t<span class='av-structured-data'  itemprop=\"image\" itemscope=\"itemscope\" itemtype=\"https:\/\/schema.org\/ImageObject\" >\n\t\t\t\t\t\t<span itemprop='url'>https:\/\/ptdl.pl\/ptdl\/wp-content\/uploads\/2025\/06\/baner-1200x620-1-e1753710935509.png<\/span>\n\t\t\t\t\t\t<span itemprop='height'>271<\/span>\n\t\t\t\t\t\t<span itemprop='width'>500<\/span>\n\t\t\t\t<\/span>\n\t\t\t\t<span class='av-structured-data'  itemprop=\"publisher\" itemtype=\"https:\/\/schema.org\/Organization\" itemscope=\"itemscope\" >\n\t\t\t\t\t\t<span itemprop='name'>dsk<\/span>\n\t\t\t\t\t\t<span itemprop='logo' itemscope itemtype='https:\/\/schema.org\/ImageObject'>\n\t\t\t\t\t\t\t<span itemprop='url'>https:\/\/ptdl.pl\/wp-content\/uploads\/2023\/03\/logo_2.svg<\/span>\n\t\t\t\t\t\t<\/span>\n\t\t\t\t<\/span><span class='av-structured-data'  itemprop=\"author\" itemscope=\"itemscope\" itemtype=\"https:\/\/schema.org\/Person\" ><span itemprop='name'>dsk<\/span><\/span><span class='av-structured-data'  itemprop=\"datePublished\" datetime=\"2023-02-03T12:54:00+01:00\" >2025-06-08 10:40:53<\/span><span class='av-structured-data'  itemprop=\"dateModified\" itemtype=\"https:\/\/schema.org\/dateModified\" >2025-08-19 17:33:28<\/span><span class='av-structured-data'  itemprop=\"mainEntityOfPage\" itemtype=\"https:\/\/schema.org\/mainEntityOfPage\" ><span itemprop='name'>Konferencja &#8211; \u0141\u00f3dzkie Spotkania Diagnostyczne 2025<\/span><\/span><\/span><\/article><article class='slide-entry flex_column  post-entry post-entry-5059 slide-entry-overview slide-loop-27 slide-parity-odd  av_one_fourth  real-thumbnail post-format-standard'  itemscope=\"itemscope\" itemtype=\"https:\/\/schema.org\/CreativeWork\" ><a href='https:\/\/ptdl.pl\/index.php\/2025\/06\/06\/konferencja-trendy-w-diagnostyce-wybrane-aspekty-medycyny-laboratoryjnej-2025\/' data-rel='slide-4' class='slide-image' title='Konferencja \u201eTrendy w Diagnostyce \u2013 Wybrane aspekty Medycyny Laboratoryjnej 2025\u201e'><img decoding=\"async\" width=\"300\" height=\"104\" src=\"https:\/\/ptdl.pl\/ptdl\/wp-content\/uploads\/2025\/05\/DD-300x104.jpg\" class=\"wp-image-4878 avia-img-lazy-loading-not-4878 attachment-medium size-medium wp-post-image\" alt=\"\" srcset=\"https:\/\/ptdl.pl\/ptdl\/wp-content\/uploads\/2025\/05\/DD-300x104.jpg 300w, https:\/\/ptdl.pl\/ptdl\/wp-content\/uploads\/2025\/05\/DD.jpg 677w\" sizes=\"(max-width: 300px) 100vw, 300px\" \/><\/a><div class=\"slide-content\"><header class=\"entry-content-header\"><h3 class='slide-entry-title entry-title '  itemprop=\"headline\" ><a href='https:\/\/ptdl.pl\/index.php\/2025\/06\/06\/konferencja-trendy-w-diagnostyce-wybrane-aspekty-medycyny-laboratoryjnej-2025\/' title='Konferencja \u201eTrendy w Diagnostyce \u2013 Wybrane aspekty Medycyny Laboratoryjnej 2025\u201e'>Konferencja \u201eTrendy w Diagnostyce \u2013 Wybrane aspekty Medycyny Laboratoryjnej 2025\u201e<\/a><\/h3><span class=\"av-vertical-delimiter\"><\/span><\/header><div class=\"slide-meta\"><time class='slide-meta-time updated'  itemprop=\"datePublished\" datetime=\"2025-06-06T09:57:38+02:00\" >2025-06-06<\/time><\/div><div class='slide-entry-excerpt entry-content'  itemprop=\"text\" ><div class=\"read-more-link\"><a href=\"https:\/\/ptdl.pl\/index.php\/2025\/06\/06\/konferencja-trendy-w-diagnostyce-wybrane-aspekty-medycyny-laboratoryjnej-2025\/\" class=\"more-link\">Czytaj dalej<span class=\"more-link-arrow\"><\/span><\/a><\/div><\/div><\/div><footer class=\"entry-footer\"><\/footer><span class='hidden'>\n\t\t\t\t<span class='av-structured-data'  itemprop=\"image\" itemscope=\"itemscope\" itemtype=\"https:\/\/schema.org\/ImageObject\" >\n\t\t\t\t\t\t<span itemprop='url'>https:\/\/ptdl.pl\/ptdl\/wp-content\/uploads\/2025\/05\/DD.jpg<\/span>\n\t\t\t\t\t\t<span itemprop='height'>234<\/span>\n\t\t\t\t\t\t<span itemprop='width'>677<\/span>\n\t\t\t\t<\/span>\n\t\t\t\t<span class='av-structured-data'  itemprop=\"publisher\" itemtype=\"https:\/\/schema.org\/Organization\" itemscope=\"itemscope\" >\n\t\t\t\t\t\t<span itemprop='name'>admin<\/span>\n\t\t\t\t\t\t<span itemprop='logo' itemscope itemtype='https:\/\/schema.org\/ImageObject'>\n\t\t\t\t\t\t\t<span itemprop='url'>https:\/\/ptdl.pl\/wp-content\/uploads\/2023\/03\/logo_2.svg<\/span>\n\t\t\t\t\t\t<\/span>\n\t\t\t\t<\/span><span class='av-structured-data'  itemprop=\"author\" itemscope=\"itemscope\" itemtype=\"https:\/\/schema.org\/Person\" ><span itemprop='name'>admin<\/span><\/span><span class='av-structured-data'  itemprop=\"datePublished\" datetime=\"2023-02-03T12:54:00+01:00\" >2025-06-06 09:57:38<\/span><span class='av-structured-data'  itemprop=\"dateModified\" itemtype=\"https:\/\/schema.org\/dateModified\" >2025-06-06 10:00:51<\/span><span class='av-structured-data'  itemprop=\"mainEntityOfPage\" itemtype=\"https:\/\/schema.org\/mainEntityOfPage\" ><span itemprop='name'>Konferencja \u201eTrendy w Diagnostyce \u2013 Wybrane aspekty Medycyny Laboratoryjnej 2025\u201e<\/span><\/span><\/span><\/article><article class='slide-entry flex_column  post-entry post-entry-5030 slide-entry-overview slide-loop-28 slide-parity-even  av_one_fourth  real-thumbnail post-format-standard'  itemscope=\"itemscope\" itemtype=\"https:\/\/schema.org\/CreativeWork\" ><a href='https:\/\/ptdl.pl\/index.php\/2025\/05\/31\/swietokrzyski-dzien-diagnosty-7-czerwca-2025\/' data-rel='slide-4' class='slide-image' title='\u015awi\u0119tokrzyski Dzie\u0144 Diagnosty &#8211; 7 czerwca 2025'><img decoding=\"async\" width=\"212\" height=\"300\" src=\"https:\/\/ptdl.pl\/ptdl\/wp-content\/uploads\/2025\/05\/agenda-2-212x300.jpg\" class=\"wp-image-5035 avia-img-lazy-loading-not-5035 attachment-medium size-medium wp-post-image\" alt=\"\" srcset=\"https:\/\/ptdl.pl\/ptdl\/wp-content\/uploads\/2025\/05\/agenda-2-212x300.jpg 212w, https:\/\/ptdl.pl\/ptdl\/wp-content\/uploads\/2025\/05\/agenda-2-728x1030.jpg 728w, https:\/\/ptdl.pl\/ptdl\/wp-content\/uploads\/2025\/05\/agenda-2-768x1086.jpg 768w, https:\/\/ptdl.pl\/ptdl\/wp-content\/uploads\/2025\/05\/agenda-2-1086x1536.jpg 1086w, https:\/\/ptdl.pl\/ptdl\/wp-content\/uploads\/2025\/05\/agenda-2-1448x2048.jpg 1448w, https:\/\/ptdl.pl\/ptdl\/wp-content\/uploads\/2025\/05\/agenda-2-1060x1500.jpg 1060w, https:\/\/ptdl.pl\/ptdl\/wp-content\/uploads\/2025\/05\/agenda-2-498x705.jpg 498w, https:\/\/ptdl.pl\/ptdl\/wp-content\/uploads\/2025\/05\/agenda-2.jpg 1587w\" sizes=\"(max-width: 212px) 100vw, 212px\" \/><\/a><div class=\"slide-content\"><header class=\"entry-content-header\"><h3 class='slide-entry-title entry-title '  itemprop=\"headline\" ><a href='https:\/\/ptdl.pl\/index.php\/2025\/05\/31\/swietokrzyski-dzien-diagnosty-7-czerwca-2025\/' title='\u015awi\u0119tokrzyski Dzie\u0144 Diagnosty &#8211; 7 czerwca 2025'>\u015awi\u0119tokrzyski Dzie\u0144 Diagnosty &#8211; 7 czerwca 2025<\/a><\/h3><span class=\"av-vertical-delimiter\"><\/span><\/header><div class=\"slide-meta\"><time class='slide-meta-time updated'  itemprop=\"datePublished\" datetime=\"2025-05-31T13:27:30+02:00\" >2025-05-31<\/time><\/div><div class='slide-entry-excerpt entry-content'  itemprop=\"text\" ><div class=\"read-more-link\"><a href=\"https:\/\/ptdl.pl\/index.php\/2025\/05\/31\/swietokrzyski-dzien-diagnosty-7-czerwca-2025\/\" class=\"more-link\">Czytaj dalej<span class=\"more-link-arrow\"><\/span><\/a><\/div><\/div><\/div><footer class=\"entry-footer\"><\/footer><span class='hidden'>\n\t\t\t\t<span class='av-structured-data'  itemprop=\"image\" itemscope=\"itemscope\" itemtype=\"https:\/\/schema.org\/ImageObject\" >\n\t\t\t\t\t\t<span itemprop='url'>https:\/\/ptdl.pl\/ptdl\/wp-content\/uploads\/2025\/05\/agenda-2.jpg<\/span>\n\t\t\t\t\t\t<span itemprop='height'>2245<\/span>\n\t\t\t\t\t\t<span itemprop='width'>1587<\/span>\n\t\t\t\t<\/span>\n\t\t\t\t<span class='av-structured-data'  itemprop=\"publisher\" itemtype=\"https:\/\/schema.org\/Organization\" itemscope=\"itemscope\" >\n\t\t\t\t\t\t<span itemprop='name'>Anna Goliszek<\/span>\n\t\t\t\t\t\t<span itemprop='logo' itemscope itemtype='https:\/\/schema.org\/ImageObject'>\n\t\t\t\t\t\t\t<span itemprop='url'>https:\/\/ptdl.pl\/wp-content\/uploads\/2023\/03\/logo_2.svg<\/span>\n\t\t\t\t\t\t<\/span>\n\t\t\t\t<\/span><span class='av-structured-data'  itemprop=\"author\" itemscope=\"itemscope\" itemtype=\"https:\/\/schema.org\/Person\" ><span itemprop='name'>Anna Goliszek<\/span><\/span><span class='av-structured-data'  itemprop=\"datePublished\" datetime=\"2023-02-03T12:54:00+01:00\" >2025-05-31 13:27:30<\/span><span class='av-structured-data'  itemprop=\"dateModified\" itemtype=\"https:\/\/schema.org\/dateModified\" >2025-09-04 12:21:18<\/span><span class='av-structured-data'  itemprop=\"mainEntityOfPage\" itemtype=\"https:\/\/schema.org\/mainEntityOfPage\" ><span itemprop='name'>\u015awi\u0119tokrzyski Dzie\u0144 Diagnosty &#8211; 7 czerwca 2025<\/span><\/span><\/span><\/article><\/div><div class=\"slide-entry-wrap\"><article class='slide-entry flex_column  post-entry post-entry-4983 slide-entry-overview slide-loop-29 slide-parity-odd  av_one_fourth first real-thumbnail post-format-standard'  itemscope=\"itemscope\" itemtype=\"https:\/\/schema.org\/CreativeWork\" ><a href='https:\/\/ptdl.pl\/index.php\/2025\/05\/26\/konferencja-medycyna-laboratoryjna-2025-2\/' data-rel='slide-4' class='slide-image' title='Konferencja MEDYCYNA LABORATORYJNA 2025'><img decoding=\"async\" width=\"300\" height=\"200\" src=\"https:\/\/ptdl.pl\/ptdl\/wp-content\/uploads\/2023\/12\/news_58-300x200.jpg\" class=\"wp-image-2033 avia-img-lazy-loading-not-2033 attachment-medium size-medium wp-post-image\" alt=\"\" srcset=\"https:\/\/ptdl.pl\/ptdl\/wp-content\/uploads\/2023\/12\/news_58-300x200.jpg 300w, https:\/\/ptdl.pl\/ptdl\/wp-content\/uploads\/2023\/12\/news_58.jpg 500w\" sizes=\"(max-width: 300px) 100vw, 300px\" \/><\/a><div class=\"slide-content\"><header class=\"entry-content-header\"><h3 class='slide-entry-title entry-title '  itemprop=\"headline\" ><a href='https:\/\/ptdl.pl\/index.php\/2025\/05\/26\/konferencja-medycyna-laboratoryjna-2025-2\/' title='Konferencja MEDYCYNA LABORATORYJNA 2025'>Konferencja MEDYCYNA LABORATORYJNA 2025<\/a><\/h3><span class=\"av-vertical-delimiter\"><\/span><\/header><div class=\"slide-meta\"><time class='slide-meta-time updated'  itemprop=\"datePublished\" datetime=\"2025-05-26T09:35:55+02:00\" >2025-05-26<\/time><\/div><div class='slide-entry-excerpt entry-content'  itemprop=\"text\" ><div class=\"read-more-link\"><a href=\"https:\/\/ptdl.pl\/index.php\/2025\/05\/26\/konferencja-medycyna-laboratoryjna-2025-2\/\" class=\"more-link\">Czytaj dalej<span class=\"more-link-arrow\"><\/span><\/a><\/div><\/div><\/div><footer class=\"entry-footer\"><\/footer><span class='hidden'>\n\t\t\t\t<span class='av-structured-data'  itemprop=\"image\" itemscope=\"itemscope\" itemtype=\"https:\/\/schema.org\/ImageObject\" >\n\t\t\t\t\t\t<span itemprop='url'>https:\/\/ptdl.pl\/ptdl\/wp-content\/uploads\/2023\/12\/news_58.jpg<\/span>\n\t\t\t\t\t\t<span itemprop='height'>333<\/span>\n\t\t\t\t\t\t<span itemprop='width'>500<\/span>\n\t\t\t\t<\/span>\n\t\t\t\t<span class='av-structured-data'  itemprop=\"publisher\" itemtype=\"https:\/\/schema.org\/Organization\" itemscope=\"itemscope\" >\n\t\t\t\t\t\t<span itemprop='name'>admin<\/span>\n\t\t\t\t\t\t<span itemprop='logo' itemscope itemtype='https:\/\/schema.org\/ImageObject'>\n\t\t\t\t\t\t\t<span itemprop='url'>https:\/\/ptdl.pl\/wp-content\/uploads\/2023\/03\/logo_2.svg<\/span>\n\t\t\t\t\t\t<\/span>\n\t\t\t\t<\/span><span class='av-structured-data'  itemprop=\"author\" itemscope=\"itemscope\" itemtype=\"https:\/\/schema.org\/Person\" ><span itemprop='name'>admin<\/span><\/span><span class='av-structured-data'  itemprop=\"datePublished\" datetime=\"2023-02-03T12:54:00+01:00\" >2025-05-26 09:35:55<\/span><span class='av-structured-data'  itemprop=\"dateModified\" itemtype=\"https:\/\/schema.org\/dateModified\" >2025-05-26 13:52:55<\/span><span class='av-structured-data'  itemprop=\"mainEntityOfPage\" itemtype=\"https:\/\/schema.org\/mainEntityOfPage\" ><span itemprop='name'>Konferencja MEDYCYNA LABORATORYJNA 2025<\/span><\/span><\/span><\/article><article class='slide-entry flex_column  post-entry post-entry-4948 slide-entry-overview slide-loop-30 slide-parity-even  av_one_fourth  real-thumbnail post-format-standard'  itemscope=\"itemscope\" itemtype=\"https:\/\/schema.org\/CreativeWork\" ><a href='https:\/\/ptdl.pl\/index.php\/2025\/05\/21\/konferencja\/' data-rel='slide-4' class='slide-image' title='Konferencja'><img decoding=\"async\" width=\"300\" height=\"199\" src=\"https:\/\/ptdl.pl\/ptdl\/wp-content\/uploads\/2023\/02\/news_017-300x199.jpg\" class=\"wp-image-808 avia-img-lazy-loading-not-808 attachment-medium size-medium wp-post-image\" alt=\"\" srcset=\"https:\/\/ptdl.pl\/ptdl\/wp-content\/uploads\/2023\/02\/news_017-300x199.jpg 300w, https:\/\/ptdl.pl\/ptdl\/wp-content\/uploads\/2023\/02\/news_017.jpg 500w\" sizes=\"(max-width: 300px) 100vw, 300px\" \/><\/a><div class=\"slide-content\"><header class=\"entry-content-header\"><h3 class='slide-entry-title entry-title '  itemprop=\"headline\" ><a href='https:\/\/ptdl.pl\/index.php\/2025\/05\/21\/konferencja\/' title='Konferencja'>Konferencja<\/a><\/h3><span class=\"av-vertical-delimiter\"><\/span><\/header><div class=\"slide-meta\"><time class='slide-meta-time updated'  itemprop=\"datePublished\" datetime=\"2025-05-21T15:22:11+02:00\" >2025-05-21<\/time><\/div><div class='slide-entry-excerpt entry-content'  itemprop=\"text\" ><div class=\"read-more-link\"><a href=\"https:\/\/ptdl.pl\/index.php\/2025\/05\/21\/konferencja\/\" class=\"more-link\">Czytaj dalej<span class=\"more-link-arrow\"><\/span><\/a><\/div><\/div><\/div><footer class=\"entry-footer\"><\/footer><span class='hidden'>\n\t\t\t\t<span class='av-structured-data'  itemprop=\"image\" itemscope=\"itemscope\" itemtype=\"https:\/\/schema.org\/ImageObject\" >\n\t\t\t\t\t\t<span itemprop='url'>https:\/\/ptdl.pl\/ptdl\/wp-content\/uploads\/2023\/02\/news_017.jpg<\/span>\n\t\t\t\t\t\t<span itemprop='height'>332<\/span>\n\t\t\t\t\t\t<span itemprop='width'>500<\/span>\n\t\t\t\t<\/span>\n\t\t\t\t<span class='av-structured-data'  itemprop=\"publisher\" itemtype=\"https:\/\/schema.org\/Organization\" itemscope=\"itemscope\" >\n\t\t\t\t\t\t<span itemprop='name'>Malwina Czech<\/span>\n\t\t\t\t\t\t<span itemprop='logo' itemscope itemtype='https:\/\/schema.org\/ImageObject'>\n\t\t\t\t\t\t\t<span itemprop='url'>https:\/\/ptdl.pl\/wp-content\/uploads\/2023\/03\/logo_2.svg<\/span>\n\t\t\t\t\t\t<\/span>\n\t\t\t\t<\/span><span class='av-structured-data'  itemprop=\"author\" itemscope=\"itemscope\" itemtype=\"https:\/\/schema.org\/Person\" ><span itemprop='name'>Malwina Czech<\/span><\/span><span class='av-structured-data'  itemprop=\"datePublished\" datetime=\"2023-02-03T12:54:00+01:00\" >2025-05-21 15:22:11<\/span><span class='av-structured-data'  itemprop=\"dateModified\" itemtype=\"https:\/\/schema.org\/dateModified\" >2025-05-21 15:42:05<\/span><span class='av-structured-data'  itemprop=\"mainEntityOfPage\" itemtype=\"https:\/\/schema.org\/mainEntityOfPage\" ><span itemprop='name'>Konferencja<\/span><\/span><\/span><\/article><article class='slide-entry flex_column  post-entry post-entry-4872 slide-entry-overview slide-loop-31 slide-parity-odd  av_one_fourth  real-thumbnail post-format-standard'  itemscope=\"itemscope\" itemtype=\"https:\/\/schema.org\/CreativeWork\" ><a href='https:\/\/ptdl.pl\/index.php\/2025\/05\/13\/konferencja-online-trendy-w-diagnostyce-wybrane-aspekty-medycyny-laboratoryjnej-2025-26-maja-8-czerwca-2025\/' data-rel='slide-4' class='slide-image' title='Konferencja online &#8222;Trendy w Diagnostyce &#8211; Wybrane aspekty Medycyny Laboratoryjnej 2025&#8221;\u00a026 maja &#8211; 8 czerwca 2025'><img decoding=\"async\" width=\"300\" height=\"104\" src=\"https:\/\/ptdl.pl\/ptdl\/wp-content\/uploads\/2025\/05\/DD-300x104.jpg\" class=\"wp-image-4878 avia-img-lazy-loading-not-4878 attachment-medium size-medium wp-post-image\" alt=\"\" srcset=\"https:\/\/ptdl.pl\/ptdl\/wp-content\/uploads\/2025\/05\/DD-300x104.jpg 300w, https:\/\/ptdl.pl\/ptdl\/wp-content\/uploads\/2025\/05\/DD.jpg 677w\" sizes=\"(max-width: 300px) 100vw, 300px\" \/><\/a><div class=\"slide-content\"><header class=\"entry-content-header\"><h3 class='slide-entry-title entry-title '  itemprop=\"headline\" ><a href='https:\/\/ptdl.pl\/index.php\/2025\/05\/13\/konferencja-online-trendy-w-diagnostyce-wybrane-aspekty-medycyny-laboratoryjnej-2025-26-maja-8-czerwca-2025\/' title='Konferencja online &#8222;Trendy w Diagnostyce &#8211; Wybrane aspekty Medycyny Laboratoryjnej 2025&#8221;\u00a026 maja &#8211; 8 czerwca 2025'>Konferencja online &#8222;Trendy w Diagnostyce &#8211; Wybrane aspekty Medycyny Laboratoryjnej 2025&#8221;\u00a026 maja &#8211; 8 czerwca 2025<\/a><\/h3><span class=\"av-vertical-delimiter\"><\/span><\/header><div class=\"slide-meta\"><time class='slide-meta-time updated'  itemprop=\"datePublished\" datetime=\"2025-05-13T15:05:41+02:00\" >2025-05-13<\/time><\/div><div class='slide-entry-excerpt entry-content'  itemprop=\"text\" ><div class=\"read-more-link\"><a href=\"https:\/\/ptdl.pl\/index.php\/2025\/05\/13\/konferencja-online-trendy-w-diagnostyce-wybrane-aspekty-medycyny-laboratoryjnej-2025-26-maja-8-czerwca-2025\/\" class=\"more-link\">Czytaj dalej<span class=\"more-link-arrow\"><\/span><\/a><\/div><\/div><\/div><footer class=\"entry-footer\"><\/footer><span class='hidden'>\n\t\t\t\t<span class='av-structured-data'  itemprop=\"image\" itemscope=\"itemscope\" itemtype=\"https:\/\/schema.org\/ImageObject\" >\n\t\t\t\t\t\t<span itemprop='url'>https:\/\/ptdl.pl\/ptdl\/wp-content\/uploads\/2025\/05\/DD.jpg<\/span>\n\t\t\t\t\t\t<span itemprop='height'>234<\/span>\n\t\t\t\t\t\t<span itemprop='width'>677<\/span>\n\t\t\t\t<\/span>\n\t\t\t\t<span class='av-structured-data'  itemprop=\"publisher\" itemtype=\"https:\/\/schema.org\/Organization\" itemscope=\"itemscope\" >\n\t\t\t\t\t\t<span itemprop='name'>admin<\/span>\n\t\t\t\t\t\t<span itemprop='logo' itemscope itemtype='https:\/\/schema.org\/ImageObject'>\n\t\t\t\t\t\t\t<span itemprop='url'>https:\/\/ptdl.pl\/wp-content\/uploads\/2023\/03\/logo_2.svg<\/span>\n\t\t\t\t\t\t<\/span>\n\t\t\t\t<\/span><span class='av-structured-data'  itemprop=\"author\" itemscope=\"itemscope\" itemtype=\"https:\/\/schema.org\/Person\" ><span itemprop='name'>admin<\/span><\/span><span class='av-structured-data'  itemprop=\"datePublished\" datetime=\"2023-02-03T12:54:00+01:00\" >2025-05-13 15:05:41<\/span><span class='av-structured-data'  itemprop=\"dateModified\" itemtype=\"https:\/\/schema.org\/dateModified\" >2025-05-14 08:41:08<\/span><span class='av-structured-data'  itemprop=\"mainEntityOfPage\" itemtype=\"https:\/\/schema.org\/mainEntityOfPage\" ><span itemprop='name'>Konferencja online &#8222;Trendy w Diagnostyce &#8211; Wybrane aspekty Medycyny Laboratoryjnej 2025&#8221;\u00a026 maja &#8211; 8 czerwca 2025<\/span><\/span><\/span><\/article><article class='slide-entry flex_column  post-entry post-entry-4859 slide-entry-overview slide-loop-32 slide-parity-even  av_one_fourth  real-thumbnail post-format-standard'  itemscope=\"itemscope\" itemtype=\"https:\/\/schema.org\/CreativeWork\" ><a href='https:\/\/ptdl.pl\/index.php\/2025\/05\/12\/rejestracja-na-ogolnopolska-konferencje-vi-jesien-diagnostyczna-21-23-09-2025-w-mragowie\/' data-rel='slide-4' class='slide-image' title='Rejestracja na Og\u00f3lnopolsk\u0105 Konferencj\u0119 VI Jesie\u0144 Diagnostyczna 21-23.09.2025 w Mr\u0105gowie'><img decoding=\"async\" width=\"300\" height=\"148\" src=\"https:\/\/ptdl.pl\/ptdl\/wp-content\/uploads\/2025\/05\/Mragowo-300x148.jpg\" class=\"wp-image-4861 avia-img-lazy-loading-not-4861 attachment-medium size-medium wp-post-image\" alt=\"\" srcset=\"https:\/\/ptdl.pl\/ptdl\/wp-content\/uploads\/2025\/05\/Mragowo-300x148.jpg 300w, https:\/\/ptdl.pl\/ptdl\/wp-content\/uploads\/2025\/05\/Mragowo-1030x509.jpg 1030w, https:\/\/ptdl.pl\/ptdl\/wp-content\/uploads\/2025\/05\/Mragowo-768x380.jpg 768w, https:\/\/ptdl.pl\/ptdl\/wp-content\/uploads\/2025\/05\/Mragowo-1536x759.jpg 1536w, https:\/\/ptdl.pl\/ptdl\/wp-content\/uploads\/2025\/05\/Mragowo-1500x742.jpg 1500w, https:\/\/ptdl.pl\/ptdl\/wp-content\/uploads\/2025\/05\/Mragowo-705x349.jpg 705w, https:\/\/ptdl.pl\/ptdl\/wp-content\/uploads\/2025\/05\/Mragowo.jpg 1942w\" sizes=\"(max-width: 300px) 100vw, 300px\" \/><\/a><div class=\"slide-content\"><header class=\"entry-content-header\"><h3 class='slide-entry-title entry-title '  itemprop=\"headline\" ><a href='https:\/\/ptdl.pl\/index.php\/2025\/05\/12\/rejestracja-na-ogolnopolska-konferencje-vi-jesien-diagnostyczna-21-23-09-2025-w-mragowie\/' title='Rejestracja na Og\u00f3lnopolsk\u0105 Konferencj\u0119 VI Jesie\u0144 Diagnostyczna 21-23.09.2025 w Mr\u0105gowie'>Rejestracja na Og\u00f3lnopolsk\u0105 Konferencj\u0119 VI Jesie\u0144 Diagnostyczna 21-23.09.2025 w Mr\u0105gowie<\/a><\/h3><span class=\"av-vertical-delimiter\"><\/span><\/header><div class=\"slide-meta\"><time class='slide-meta-time updated'  itemprop=\"datePublished\" datetime=\"2025-05-12T11:27:57+02:00\" >2025-05-12<\/time><\/div><div class='slide-entry-excerpt entry-content'  itemprop=\"text\" ><div class=\"read-more-link\"><a href=\"https:\/\/ptdl.pl\/index.php\/2025\/05\/12\/rejestracja-na-ogolnopolska-konferencje-vi-jesien-diagnostyczna-21-23-09-2025-w-mragowie\/\" class=\"more-link\">Czytaj dalej<span class=\"more-link-arrow\"><\/span><\/a><\/div><\/div><\/div><footer class=\"entry-footer\"><\/footer><span class='hidden'>\n\t\t\t\t<span class='av-structured-data'  itemprop=\"image\" itemscope=\"itemscope\" itemtype=\"https:\/\/schema.org\/ImageObject\" >\n\t\t\t\t\t\t<span itemprop='url'>https:\/\/ptdl.pl\/ptdl\/wp-content\/uploads\/2025\/05\/Mragowo.jpg<\/span>\n\t\t\t\t\t\t<span itemprop='height'>960<\/span>\n\t\t\t\t\t\t<span itemprop='width'>1942<\/span>\n\t\t\t\t<\/span>\n\t\t\t\t<span class='av-structured-data'  itemprop=\"publisher\" itemtype=\"https:\/\/schema.org\/Organization\" itemscope=\"itemscope\" >\n\t\t\t\t\t\t<span itemprop='name'>Olga Ciepiela<\/span>\n\t\t\t\t\t\t<span itemprop='logo' itemscope itemtype='https:\/\/schema.org\/ImageObject'>\n\t\t\t\t\t\t\t<span itemprop='url'>https:\/\/ptdl.pl\/wp-content\/uploads\/2023\/03\/logo_2.svg<\/span>\n\t\t\t\t\t\t<\/span>\n\t\t\t\t<\/span><span class='av-structured-data'  itemprop=\"author\" itemscope=\"itemscope\" itemtype=\"https:\/\/schema.org\/Person\" ><span itemprop='name'>Olga Ciepiela<\/span><\/span><span class='av-structured-data'  itemprop=\"datePublished\" datetime=\"2023-02-03T12:54:00+01:00\" >2025-05-12 11:27:57<\/span><span class='av-structured-data'  itemprop=\"dateModified\" itemtype=\"https:\/\/schema.org\/dateModified\" >2025-05-12 11:27:57<\/span><span class='av-structured-data'  itemprop=\"mainEntityOfPage\" itemtype=\"https:\/\/schema.org\/mainEntityOfPage\" ><span itemprop='name'>Rejestracja na Og\u00f3lnopolsk\u0105 Konferencj\u0119 VI Jesie\u0144 Diagnostyczna 21-23.09.2025 w Mr\u0105gowie<\/span><\/span><\/span><\/article><\/div><div class=\"slide-entry-wrap\"><article class='slide-entry flex_column  post-entry post-entry-4841 slide-entry-overview slide-loop-33 slide-parity-odd  av_one_fourth first real-thumbnail post-format-standard'  itemscope=\"itemscope\" itemtype=\"https:\/\/schema.org\/CreativeWork\" ><a href='https:\/\/ptdl.pl\/index.php\/2025\/05\/08\/konferencja-medycyna-laboratoryjna-2025-rejestracja\/' data-rel='slide-4' class='slide-image' title='Konferencja MEDYCYNA LABORATORYJNA 2025 &#8211; REJESTRACJA'><img decoding=\"async\" width=\"300\" height=\"200\" src=\"https:\/\/ptdl.pl\/ptdl\/wp-content\/uploads\/2023\/12\/news_58-300x200.jpg\" class=\"wp-image-2033 avia-img-lazy-loading-not-2033 attachment-medium size-medium wp-post-image\" alt=\"\" srcset=\"https:\/\/ptdl.pl\/ptdl\/wp-content\/uploads\/2023\/12\/news_58-300x200.jpg 300w, https:\/\/ptdl.pl\/ptdl\/wp-content\/uploads\/2023\/12\/news_58.jpg 500w\" sizes=\"(max-width: 300px) 100vw, 300px\" \/><\/a><div class=\"slide-content\"><header class=\"entry-content-header\"><h3 class='slide-entry-title entry-title '  itemprop=\"headline\" ><a href='https:\/\/ptdl.pl\/index.php\/2025\/05\/08\/konferencja-medycyna-laboratoryjna-2025-rejestracja\/' title='Konferencja MEDYCYNA LABORATORYJNA 2025 &#8211; REJESTRACJA'>Konferencja MEDYCYNA LABORATORYJNA 2025 &#8211; REJESTRACJA<\/a><\/h3><span class=\"av-vertical-delimiter\"><\/span><\/header><div class=\"slide-meta\"><time class='slide-meta-time updated'  itemprop=\"datePublished\" datetime=\"2025-05-08T00:00:02+02:00\" >2025-05-08<\/time><\/div><div class='slide-entry-excerpt entry-content'  itemprop=\"text\" ><div class=\"read-more-link\"><a href=\"https:\/\/ptdl.pl\/index.php\/2025\/05\/08\/konferencja-medycyna-laboratoryjna-2025-rejestracja\/\" class=\"more-link\">Czytaj dalej<span class=\"more-link-arrow\"><\/span><\/a><\/div><\/div><\/div><footer class=\"entry-footer\"><\/footer><span class='hidden'>\n\t\t\t\t<span class='av-structured-data'  itemprop=\"image\" itemscope=\"itemscope\" itemtype=\"https:\/\/schema.org\/ImageObject\" >\n\t\t\t\t\t\t<span itemprop='url'>https:\/\/ptdl.pl\/ptdl\/wp-content\/uploads\/2023\/12\/news_58.jpg<\/span>\n\t\t\t\t\t\t<span itemprop='height'>333<\/span>\n\t\t\t\t\t\t<span itemprop='width'>500<\/span>\n\t\t\t\t<\/span>\n\t\t\t\t<span class='av-structured-data'  itemprop=\"publisher\" itemtype=\"https:\/\/schema.org\/Organization\" itemscope=\"itemscope\" >\n\t\t\t\t\t\t<span itemprop='name'>admin<\/span>\n\t\t\t\t\t\t<span itemprop='logo' itemscope itemtype='https:\/\/schema.org\/ImageObject'>\n\t\t\t\t\t\t\t<span itemprop='url'>https:\/\/ptdl.pl\/wp-content\/uploads\/2023\/03\/logo_2.svg<\/span>\n\t\t\t\t\t\t<\/span>\n\t\t\t\t<\/span><span class='av-structured-data'  itemprop=\"author\" itemscope=\"itemscope\" itemtype=\"https:\/\/schema.org\/Person\" ><span itemprop='name'>admin<\/span><\/span><span class='av-structured-data'  itemprop=\"datePublished\" datetime=\"2023-02-03T12:54:00+01:00\" >2025-05-08 00:00:02<\/span><span class='av-structured-data'  itemprop=\"dateModified\" itemtype=\"https:\/\/schema.org\/dateModified\" >2025-05-22 08:38:30<\/span><span class='av-structured-data'  itemprop=\"mainEntityOfPage\" itemtype=\"https:\/\/schema.org\/mainEntityOfPage\" ><span itemprop='name'>Konferencja MEDYCYNA LABORATORYJNA 2025 &#8211; REJESTRACJA<\/span><\/span><\/span><\/article><article class='slide-entry flex_column  post-entry post-entry-4807 slide-entry-overview slide-loop-34 slide-parity-even  av_one_fourth  real-thumbnail post-format-standard'  itemscope=\"itemscope\" itemtype=\"https:\/\/schema.org\/CreativeWork\" ><a href='https:\/\/ptdl.pl\/index.php\/2025\/05\/02\/konferencja-oddzialu-ptdl-w-bydgoszczy-27-28-maja-2025-program\/' data-rel='slide-4' class='slide-image' title='Konferencja Oddzia\u0142u PTDL w Bydgoszczy  27-28 maja 2025-program'><img decoding=\"async\" width=\"300\" height=\"226\" src=\"https:\/\/ptdl.pl\/ptdl\/wp-content\/uploads\/2025\/04\/turzno-1-300x226.jpg\" class=\"wp-image-4666 avia-img-lazy-loading-not-4666 attachment-medium size-medium wp-post-image\" alt=\"\" srcset=\"https:\/\/ptdl.pl\/ptdl\/wp-content\/uploads\/2025\/04\/turzno-1-300x226.jpg 300w, https:\/\/ptdl.pl\/ptdl\/wp-content\/uploads\/2025\/04\/turzno-1-768x579.jpg 768w, https:\/\/ptdl.pl\/ptdl\/wp-content\/uploads\/2025\/04\/turzno-1-705x531.jpg 705w, https:\/\/ptdl.pl\/ptdl\/wp-content\/uploads\/2025\/04\/turzno-1.jpg 1019w\" sizes=\"(max-width: 300px) 100vw, 300px\" \/><\/a><div class=\"slide-content\"><header class=\"entry-content-header\"><h3 class='slide-entry-title entry-title '  itemprop=\"headline\" ><a href='https:\/\/ptdl.pl\/index.php\/2025\/05\/02\/konferencja-oddzialu-ptdl-w-bydgoszczy-27-28-maja-2025-program\/' title='Konferencja Oddzia\u0142u PTDL w Bydgoszczy  27-28 maja 2025-program'>Konferencja Oddzia\u0142u PTDL w Bydgoszczy  27-28 maja 2025-program<\/a><\/h3><span class=\"av-vertical-delimiter\"><\/span><\/header><div class=\"slide-meta\"><time class='slide-meta-time updated'  itemprop=\"datePublished\" datetime=\"2025-05-02T01:46:29+02:00\" >2025-05-02<\/time><\/div><div class='slide-entry-excerpt entry-content'  itemprop=\"text\" ><div class=\"read-more-link\"><a href=\"https:\/\/ptdl.pl\/index.php\/2025\/05\/02\/konferencja-oddzialu-ptdl-w-bydgoszczy-27-28-maja-2025-program\/\" class=\"more-link\">Czytaj dalej<span class=\"more-link-arrow\"><\/span><\/a><\/div><\/div><\/div><footer class=\"entry-footer\"><\/footer><span class='hidden'>\n\t\t\t\t<span class='av-structured-data'  itemprop=\"image\" itemscope=\"itemscope\" itemtype=\"https:\/\/schema.org\/ImageObject\" >\n\t\t\t\t\t\t<span itemprop='url'>https:\/\/ptdl.pl\/ptdl\/wp-content\/uploads\/2025\/04\/turzno-1.jpg<\/span>\n\t\t\t\t\t\t<span itemprop='height'>768<\/span>\n\t\t\t\t\t\t<span itemprop='width'>1019<\/span>\n\t\t\t\t<\/span>\n\t\t\t\t<span class='av-structured-data'  itemprop=\"publisher\" itemtype=\"https:\/\/schema.org\/Organization\" itemscope=\"itemscope\" >\n\t\t\t\t\t\t<span itemprop='name'>S\u0142awomira Balcerak<\/span>\n\t\t\t\t\t\t<span itemprop='logo' itemscope itemtype='https:\/\/schema.org\/ImageObject'>\n\t\t\t\t\t\t\t<span itemprop='url'>https:\/\/ptdl.pl\/wp-content\/uploads\/2023\/03\/logo_2.svg<\/span>\n\t\t\t\t\t\t<\/span>\n\t\t\t\t<\/span><span class='av-structured-data'  itemprop=\"author\" itemscope=\"itemscope\" itemtype=\"https:\/\/schema.org\/Person\" ><span itemprop='name'>S\u0142awomira Balcerak<\/span><\/span><span class='av-structured-data'  itemprop=\"datePublished\" datetime=\"2023-02-03T12:54:00+01:00\" >2025-05-02 01:46:29<\/span><span class='av-structured-data'  itemprop=\"dateModified\" itemtype=\"https:\/\/schema.org\/dateModified\" >2025-05-22 15:48:44<\/span><span class='av-structured-data'  itemprop=\"mainEntityOfPage\" itemtype=\"https:\/\/schema.org\/mainEntityOfPage\" ><span itemprop='name'>Konferencja Oddzia\u0142u PTDL w Bydgoszczy  27-28 maja 2025-program<\/span><\/span><\/span><\/article><article class='slide-entry flex_column  post-entry post-entry-4758 slide-entry-overview slide-loop-35 slide-parity-odd  av_one_fourth  real-thumbnail post-format-standard'  itemscope=\"itemscope\" itemtype=\"https:\/\/schema.org\/CreativeWork\" ><a href='https:\/\/ptdl.pl\/index.php\/2025\/04\/25\/konferencja-medycyna-laboratoryjna-2025\/' data-rel='slide-4' class='slide-image' title='Konferencja MEDYCYNA LABORATORYJNA 2025'><img decoding=\"async\" width=\"300\" height=\"199\" src=\"https:\/\/ptdl.pl\/ptdl\/wp-content\/uploads\/2023\/02\/news_026-300x199.jpg\" class=\"wp-image-817 avia-img-lazy-loading-not-817 attachment-medium size-medium wp-post-image\" alt=\"\" srcset=\"https:\/\/ptdl.pl\/ptdl\/wp-content\/uploads\/2023\/02\/news_026-300x199.jpg 300w, https:\/\/ptdl.pl\/ptdl\/wp-content\/uploads\/2023\/02\/news_026.jpg 500w\" sizes=\"(max-width: 300px) 100vw, 300px\" \/><\/a><div class=\"slide-content\"><header class=\"entry-content-header\"><h3 class='slide-entry-title entry-title '  itemprop=\"headline\" ><a href='https:\/\/ptdl.pl\/index.php\/2025\/04\/25\/konferencja-medycyna-laboratoryjna-2025\/' title='Konferencja MEDYCYNA LABORATORYJNA 2025'>Konferencja MEDYCYNA LABORATORYJNA 2025<\/a><\/h3><span class=\"av-vertical-delimiter\"><\/span><\/header><div class=\"slide-meta\"><time class='slide-meta-time updated'  itemprop=\"datePublished\" datetime=\"2025-04-25T09:42:16+02:00\" >2025-04-25<\/time><\/div><div class='slide-entry-excerpt entry-content'  itemprop=\"text\" ><div class=\"read-more-link\"><a href=\"https:\/\/ptdl.pl\/index.php\/2025\/04\/25\/konferencja-medycyna-laboratoryjna-2025\/\" class=\"more-link\">Czytaj dalej<span class=\"more-link-arrow\"><\/span><\/a><\/div><\/div><\/div><footer class=\"entry-footer\"><\/footer><span class='hidden'>\n\t\t\t\t<span class='av-structured-data'  itemprop=\"image\" itemscope=\"itemscope\" itemtype=\"https:\/\/schema.org\/ImageObject\" >\n\t\t\t\t\t\t<span itemprop='url'>https:\/\/ptdl.pl\/ptdl\/wp-content\/uploads\/2023\/02\/news_026.jpg<\/span>\n\t\t\t\t\t\t<span itemprop='height'>332<\/span>\n\t\t\t\t\t\t<span itemprop='width'>500<\/span>\n\t\t\t\t<\/span>\n\t\t\t\t<span class='av-structured-data'  itemprop=\"publisher\" itemtype=\"https:\/\/schema.org\/Organization\" itemscope=\"itemscope\" >\n\t\t\t\t\t\t<span itemprop='name'>admin<\/span>\n\t\t\t\t\t\t<span itemprop='logo' itemscope itemtype='https:\/\/schema.org\/ImageObject'>\n\t\t\t\t\t\t\t<span itemprop='url'>https:\/\/ptdl.pl\/wp-content\/uploads\/2023\/03\/logo_2.svg<\/span>\n\t\t\t\t\t\t<\/span>\n\t\t\t\t<\/span><span class='av-structured-data'  itemprop=\"author\" itemscope=\"itemscope\" itemtype=\"https:\/\/schema.org\/Person\" ><span itemprop='name'>admin<\/span><\/span><span class='av-structured-data'  itemprop=\"datePublished\" datetime=\"2023-02-03T12:54:00+01:00\" >2025-04-25 09:42:16<\/span><span class='av-structured-data'  itemprop=\"dateModified\" itemtype=\"https:\/\/schema.org\/dateModified\" >2025-04-28 09:59:24<\/span><span class='av-structured-data'  itemprop=\"mainEntityOfPage\" itemtype=\"https:\/\/schema.org\/mainEntityOfPage\" ><span itemprop='name'>Konferencja MEDYCYNA LABORATORYJNA 2025<\/span><\/span><\/span><\/article><article class='slide-entry flex_column  post-entry post-entry-4726 slide-entry-overview slide-loop-36 slide-parity-even  av_one_fourth  real-thumbnail post-format-standard'  itemscope=\"itemscope\" itemtype=\"https:\/\/schema.org\/CreativeWork\" ><a href='https:\/\/ptdl.pl\/index.php\/2025\/04\/24\/rejestracja-na-konferencje-naukowo-szkoleniowa-27-28-maja-2025-r-turzno\/' data-rel='slide-4' class='slide-image' title='Rejestracja na konferencj\u0119 naukowo-szkoleniow\u0105 Oddzia\u0142u PTDL w Bydgoszczy 27-28 maja 2025 r- Turzno'><img decoding=\"async\" width=\"300\" height=\"226\" src=\"https:\/\/ptdl.pl\/ptdl\/wp-content\/uploads\/2025\/04\/turzno-1-300x226.jpg\" class=\"wp-image-4666 avia-img-lazy-loading-not-4666 attachment-medium size-medium wp-post-image\" alt=\"\" srcset=\"https:\/\/ptdl.pl\/ptdl\/wp-content\/uploads\/2025\/04\/turzno-1-300x226.jpg 300w, https:\/\/ptdl.pl\/ptdl\/wp-content\/uploads\/2025\/04\/turzno-1-768x579.jpg 768w, https:\/\/ptdl.pl\/ptdl\/wp-content\/uploads\/2025\/04\/turzno-1-705x531.jpg 705w, https:\/\/ptdl.pl\/ptdl\/wp-content\/uploads\/2025\/04\/turzno-1.jpg 1019w\" sizes=\"(max-width: 300px) 100vw, 300px\" \/><\/a><div class=\"slide-content\"><header class=\"entry-content-header\"><h3 class='slide-entry-title entry-title '  itemprop=\"headline\" ><a href='https:\/\/ptdl.pl\/index.php\/2025\/04\/24\/rejestracja-na-konferencje-naukowo-szkoleniowa-27-28-maja-2025-r-turzno\/' title='Rejestracja na konferencj\u0119 naukowo-szkoleniow\u0105 Oddzia\u0142u PTDL w Bydgoszczy 27-28 maja 2025 r- Turzno'>Rejestracja na konferencj\u0119 naukowo-szkoleniow\u0105 Oddzia\u0142u PTDL w Bydgoszczy 27-28 maja 2025 r- Turzno<\/a><\/h3><span class=\"av-vertical-delimiter\"><\/span><\/header><div class=\"slide-meta\"><time class='slide-meta-time updated'  itemprop=\"datePublished\" datetime=\"2025-04-24T00:32:57+02:00\" >2025-04-24<\/time><\/div><div class='slide-entry-excerpt entry-content'  itemprop=\"text\" ><div class=\"read-more-link\"><a href=\"https:\/\/ptdl.pl\/index.php\/2025\/04\/24\/rejestracja-na-konferencje-naukowo-szkoleniowa-27-28-maja-2025-r-turzno\/\" class=\"more-link\">Czytaj dalej<span class=\"more-link-arrow\"><\/span><\/a><\/div><\/div><\/div><footer class=\"entry-footer\"><\/footer><span class='hidden'>\n\t\t\t\t<span class='av-structured-data'  itemprop=\"image\" itemscope=\"itemscope\" itemtype=\"https:\/\/schema.org\/ImageObject\" >\n\t\t\t\t\t\t<span itemprop='url'>https:\/\/ptdl.pl\/ptdl\/wp-content\/uploads\/2025\/04\/turzno-1.jpg<\/span>\n\t\t\t\t\t\t<span itemprop='height'>768<\/span>\n\t\t\t\t\t\t<span itemprop='width'>1019<\/span>\n\t\t\t\t<\/span>\n\t\t\t\t<span class='av-structured-data'  itemprop=\"publisher\" itemtype=\"https:\/\/schema.org\/Organization\" itemscope=\"itemscope\" >\n\t\t\t\t\t\t<span itemprop='name'>S\u0142awomira Balcerak<\/span>\n\t\t\t\t\t\t<span itemprop='logo' itemscope itemtype='https:\/\/schema.org\/ImageObject'>\n\t\t\t\t\t\t\t<span itemprop='url'>https:\/\/ptdl.pl\/wp-content\/uploads\/2023\/03\/logo_2.svg<\/span>\n\t\t\t\t\t\t<\/span>\n\t\t\t\t<\/span><span class='av-structured-data'  itemprop=\"author\" itemscope=\"itemscope\" itemtype=\"https:\/\/schema.org\/Person\" ><span itemprop='name'>S\u0142awomira Balcerak<\/span><\/span><span class='av-structured-data'  itemprop=\"datePublished\" datetime=\"2023-02-03T12:54:00+01:00\" >2025-04-24 00:32:57<\/span><span class='av-structured-data'  itemprop=\"dateModified\" itemtype=\"https:\/\/schema.org\/dateModified\" >2025-05-02 01:47:35<\/span><span class='av-structured-data'  itemprop=\"mainEntityOfPage\" itemtype=\"https:\/\/schema.org\/mainEntityOfPage\" ><span itemprop='name'>Rejestracja na konferencj\u0119 naukowo-szkoleniow\u0105 Oddzia\u0142u PTDL w Bydgoszczy 27-28 maja 2025 r- Turzno<\/span><\/span><\/span><\/article><\/div><div class=\"slide-entry-wrap\"><article class='slide-entry flex_column  post-entry post-entry-4697 slide-entry-overview slide-loop-37 slide-parity-odd  av_one_fourth first real-thumbnail post-format-standard'  itemscope=\"itemscope\" itemtype=\"https:\/\/schema.org\/CreativeWork\" ><a href='https:\/\/ptdl.pl\/index.php\/2025\/04\/18\/konferencja-stdl-12-05-2025\/' data-rel='slide-4' class='slide-image' title='Konferencja STDL 12.05.2025'><img decoding=\"async\" width=\"300\" height=\"169\" src=\"https:\/\/ptdl.pl\/ptdl\/wp-content\/uploads\/2025\/04\/IMG_9063-300x169.jpeg\" class=\"wp-image-4699 avia-img-lazy-loading-not-4699 attachment-medium size-medium wp-post-image\" alt=\"\" srcset=\"https:\/\/ptdl.pl\/ptdl\/wp-content\/uploads\/2025\/04\/IMG_9063-300x169.jpeg 300w, https:\/\/ptdl.pl\/ptdl\/wp-content\/uploads\/2025\/04\/IMG_9063-1030x579.jpeg 1030w, https:\/\/ptdl.pl\/ptdl\/wp-content\/uploads\/2025\/04\/IMG_9063-768x432.jpeg 768w, https:\/\/ptdl.pl\/ptdl\/wp-content\/uploads\/2025\/04\/IMG_9063-1536x864.jpeg 1536w, https:\/\/ptdl.pl\/ptdl\/wp-content\/uploads\/2025\/04\/IMG_9063-2048x1152.jpeg 2048w, https:\/\/ptdl.pl\/ptdl\/wp-content\/uploads\/2025\/04\/IMG_9063-1500x844.jpeg 1500w, https:\/\/ptdl.pl\/ptdl\/wp-content\/uploads\/2025\/04\/IMG_9063-705x396.jpeg 705w\" sizes=\"(max-width: 300px) 100vw, 300px\" \/><\/a><div class=\"slide-content\"><header class=\"entry-content-header\"><h3 class='slide-entry-title entry-title '  itemprop=\"headline\" ><a href='https:\/\/ptdl.pl\/index.php\/2025\/04\/18\/konferencja-stdl-12-05-2025\/' title='Konferencja STDL 12.05.2025'>Konferencja STDL 12.05.2025<\/a><\/h3><span class=\"av-vertical-delimiter\"><\/span><\/header><div class=\"slide-meta\"><time class='slide-meta-time updated'  itemprop=\"datePublished\" datetime=\"2025-04-18T12:15:07+02:00\" >2025-04-18<\/time><\/div><div class='slide-entry-excerpt entry-content'  itemprop=\"text\" ><div class=\"read-more-link\"><a href=\"https:\/\/ptdl.pl\/index.php\/2025\/04\/18\/konferencja-stdl-12-05-2025\/\" class=\"more-link\">Czytaj dalej<span class=\"more-link-arrow\"><\/span><\/a><\/div><\/div><\/div><footer class=\"entry-footer\"><\/footer><span class='hidden'>\n\t\t\t\t<span class='av-structured-data'  itemprop=\"image\" itemscope=\"itemscope\" itemtype=\"https:\/\/schema.org\/ImageObject\" >\n\t\t\t\t\t\t<span itemprop='url'>https:\/\/ptdl.pl\/ptdl\/wp-content\/uploads\/2025\/04\/IMG_9063-scaled.jpeg<\/span>\n\t\t\t\t\t\t<span itemprop='height'>1440<\/span>\n\t\t\t\t\t\t<span itemprop='width'>2560<\/span>\n\t\t\t\t<\/span>\n\t\t\t\t<span class='av-structured-data'  itemprop=\"publisher\" itemtype=\"https:\/\/schema.org\/Organization\" itemscope=\"itemscope\" >\n\t\t\t\t\t\t<span itemprop='name'>dsk<\/span>\n\t\t\t\t\t\t<span itemprop='logo' itemscope itemtype='https:\/\/schema.org\/ImageObject'>\n\t\t\t\t\t\t\t<span itemprop='url'>https:\/\/ptdl.pl\/wp-content\/uploads\/2023\/03\/logo_2.svg<\/span>\n\t\t\t\t\t\t<\/span>\n\t\t\t\t<\/span><span class='av-structured-data'  itemprop=\"author\" itemscope=\"itemscope\" itemtype=\"https:\/\/schema.org\/Person\" ><span itemprop='name'>dsk<\/span><\/span><span class='av-structured-data'  itemprop=\"datePublished\" datetime=\"2023-02-03T12:54:00+01:00\" >2025-04-18 12:15:07<\/span><span class='av-structured-data'  itemprop=\"dateModified\" itemtype=\"https:\/\/schema.org\/dateModified\" >2025-04-22 13:14:11<\/span><span class='av-structured-data'  itemprop=\"mainEntityOfPage\" itemtype=\"https:\/\/schema.org\/mainEntityOfPage\" ><span itemprop='name'>Konferencja STDL 12.05.2025<\/span><\/span><\/span><\/article><article class='slide-entry flex_column  post-entry post-entry-4665 slide-entry-overview slide-loop-38 slide-parity-even  av_one_fourth  real-thumbnail post-format-standard'  itemscope=\"itemscope\" itemtype=\"https:\/\/schema.org\/CreativeWork\" ><a href='https:\/\/ptdl.pl\/index.php\/2025\/04\/16\/4665\/' data-rel='slide-4' class='slide-image' title='Konferencja naukowo-szkoleniowa Oddzia\u0142u PTDL w Bydgoszczy -27-28 maja 2025 r Turzno k\/Torunia'><img decoding=\"async\" width=\"300\" height=\"226\" src=\"https:\/\/ptdl.pl\/ptdl\/wp-content\/uploads\/2025\/04\/turzno-1-300x226.jpg\" class=\"wp-image-4666 avia-img-lazy-loading-not-4666 attachment-medium size-medium wp-post-image\" alt=\"\" srcset=\"https:\/\/ptdl.pl\/ptdl\/wp-content\/uploads\/2025\/04\/turzno-1-300x226.jpg 300w, https:\/\/ptdl.pl\/ptdl\/wp-content\/uploads\/2025\/04\/turzno-1-768x579.jpg 768w, https:\/\/ptdl.pl\/ptdl\/wp-content\/uploads\/2025\/04\/turzno-1-705x531.jpg 705w, https:\/\/ptdl.pl\/ptdl\/wp-content\/uploads\/2025\/04\/turzno-1.jpg 1019w\" sizes=\"(max-width: 300px) 100vw, 300px\" \/><\/a><div class=\"slide-content\"><header class=\"entry-content-header\"><h3 class='slide-entry-title entry-title '  itemprop=\"headline\" ><a href='https:\/\/ptdl.pl\/index.php\/2025\/04\/16\/4665\/' title='Konferencja naukowo-szkoleniowa Oddzia\u0142u PTDL w Bydgoszczy -27-28 maja 2025 r Turzno k\/Torunia'>Konferencja naukowo-szkoleniowa Oddzia\u0142u PTDL w Bydgoszczy -27-28 maja 2025 r Turzno k\/Torunia<\/a><\/h3><span class=\"av-vertical-delimiter\"><\/span><\/header><div class=\"slide-meta\"><time class='slide-meta-time updated'  itemprop=\"datePublished\" datetime=\"2025-04-16T21:45:28+02:00\" >2025-04-16<\/time><\/div><div class='slide-entry-excerpt entry-content'  itemprop=\"text\" ><div class=\"read-more-link\"><a href=\"https:\/\/ptdl.pl\/index.php\/2025\/04\/16\/4665\/\" class=\"more-link\">Czytaj dalej<span class=\"more-link-arrow\"><\/span><\/a><\/div><\/div><\/div><footer class=\"entry-footer\"><\/footer><span class='hidden'>\n\t\t\t\t<span class='av-structured-data'  itemprop=\"image\" itemscope=\"itemscope\" itemtype=\"https:\/\/schema.org\/ImageObject\" >\n\t\t\t\t\t\t<span itemprop='url'>https:\/\/ptdl.pl\/ptdl\/wp-content\/uploads\/2025\/04\/turzno-1.jpg<\/span>\n\t\t\t\t\t\t<span itemprop='height'>768<\/span>\n\t\t\t\t\t\t<span itemprop='width'>1019<\/span>\n\t\t\t\t<\/span>\n\t\t\t\t<span class='av-structured-data'  itemprop=\"publisher\" itemtype=\"https:\/\/schema.org\/Organization\" itemscope=\"itemscope\" >\n\t\t\t\t\t\t<span itemprop='name'>S\u0142awomira Balcerak<\/span>\n\t\t\t\t\t\t<span itemprop='logo' itemscope itemtype='https:\/\/schema.org\/ImageObject'>\n\t\t\t\t\t\t\t<span itemprop='url'>https:\/\/ptdl.pl\/wp-content\/uploads\/2023\/03\/logo_2.svg<\/span>\n\t\t\t\t\t\t<\/span>\n\t\t\t\t<\/span><span class='av-structured-data'  itemprop=\"author\" itemscope=\"itemscope\" itemtype=\"https:\/\/schema.org\/Person\" ><span itemprop='name'>S\u0142awomira Balcerak<\/span><\/span><span class='av-structured-data'  itemprop=\"datePublished\" datetime=\"2023-02-03T12:54:00+01:00\" >2025-04-16 21:45:28<\/span><span class='av-structured-data'  itemprop=\"dateModified\" itemtype=\"https:\/\/schema.org\/dateModified\" >2025-04-16 21:49:11<\/span><span class='av-structured-data'  itemprop=\"mainEntityOfPage\" itemtype=\"https:\/\/schema.org\/mainEntityOfPage\" ><span itemprop='name'>Konferencja naukowo-szkoleniowa Oddzia\u0142u PTDL w Bydgoszczy -27-28 maja 2025 r Turzno k\/Torunia<\/span><\/span><\/span><\/article><article class='slide-entry flex_column  post-entry post-entry-4538 slide-entry-overview slide-loop-39 slide-parity-odd  av_one_fourth  real-thumbnail post-format-standard'  itemscope=\"itemscope\" itemtype=\"https:\/\/schema.org\/CreativeWork\" ><a href='https:\/\/ptdl.pl\/index.php\/2025\/03\/28\/konferencja-towards-an-eu-action-plan-on-rare-diseases\/' data-rel='slide-4' class='slide-image' title='Konferencja &#039;Towards an EU action plan on rare diseases&#8217;'><img decoding=\"async\" width=\"212\" height=\"300\" src=\"https:\/\/ptdl.pl\/ptdl\/wp-content\/uploads\/2025\/03\/25_042_image_web-212x300.jpg\" class=\"wp-image-4539 avia-img-lazy-loading-not-4539 attachment-medium size-medium wp-post-image\" alt=\"\" srcset=\"https:\/\/ptdl.pl\/ptdl\/wp-content\/uploads\/2025\/03\/25_042_image_web-212x300.jpg 212w, https:\/\/ptdl.pl\/ptdl\/wp-content\/uploads\/2025\/03\/25_042_image_web.jpg 480w\" sizes=\"(max-width: 212px) 100vw, 212px\" \/><\/a><div class=\"slide-content\"><header class=\"entry-content-header\"><h3 class='slide-entry-title entry-title '  itemprop=\"headline\" ><a href='https:\/\/ptdl.pl\/index.php\/2025\/03\/28\/konferencja-towards-an-eu-action-plan-on-rare-diseases\/' title='Konferencja &#039;Towards an EU action plan on rare diseases&#8217;'>Konferencja 'Towards an EU action plan on rare diseases&#8217;<\/a><\/h3><span class=\"av-vertical-delimiter\"><\/span><\/header><div class=\"slide-meta\"><time class='slide-meta-time updated'  itemprop=\"datePublished\" datetime=\"2025-03-28T08:45:33+01:00\" >2025-03-28<\/time><\/div><div class='slide-entry-excerpt entry-content'  itemprop=\"text\" ><div class=\"read-more-link\"><a href=\"https:\/\/ptdl.pl\/index.php\/2025\/03\/28\/konferencja-towards-an-eu-action-plan-on-rare-diseases\/\" class=\"more-link\">Czytaj dalej<span class=\"more-link-arrow\"><\/span><\/a><\/div><\/div><\/div><footer class=\"entry-footer\"><\/footer><span class='hidden'>\n\t\t\t\t<span class='av-structured-data'  itemprop=\"image\" itemscope=\"itemscope\" itemtype=\"https:\/\/schema.org\/ImageObject\" >\n\t\t\t\t\t\t<span itemprop='url'>https:\/\/ptdl.pl\/ptdl\/wp-content\/uploads\/2025\/03\/25_042_image_web.jpg<\/span>\n\t\t\t\t\t\t<span itemprop='height'>679<\/span>\n\t\t\t\t\t\t<span itemprop='width'>480<\/span>\n\t\t\t\t<\/span>\n\t\t\t\t<span class='av-structured-data'  itemprop=\"publisher\" itemtype=\"https:\/\/schema.org\/Organization\" itemscope=\"itemscope\" >\n\t\t\t\t\t\t<span itemprop='name'>admin<\/span>\n\t\t\t\t\t\t<span itemprop='logo' itemscope itemtype='https:\/\/schema.org\/ImageObject'>\n\t\t\t\t\t\t\t<span itemprop='url'>https:\/\/ptdl.pl\/wp-content\/uploads\/2023\/03\/logo_2.svg<\/span>\n\t\t\t\t\t\t<\/span>\n\t\t\t\t<\/span><span class='av-structured-data'  itemprop=\"author\" itemscope=\"itemscope\" itemtype=\"https:\/\/schema.org\/Person\" ><span itemprop='name'>admin<\/span><\/span><span class='av-structured-data'  itemprop=\"datePublished\" datetime=\"2023-02-03T12:54:00+01:00\" >2025-03-28 08:45:33<\/span><span class='av-structured-data'  itemprop=\"dateModified\" itemtype=\"https:\/\/schema.org\/dateModified\" >2025-03-28 08:47:07<\/span><span class='av-structured-data'  itemprop=\"mainEntityOfPage\" itemtype=\"https:\/\/schema.org\/mainEntityOfPage\" ><span itemprop='name'>Konferencja 'Towards an EU action plan on rare diseases&#8217;<\/span><\/span><\/span><\/article><article class='slide-entry flex_column  post-entry post-entry-4441 slide-entry-overview slide-loop-40 slide-parity-even  av_one_fourth  real-thumbnail post-format-standard'  itemscope=\"itemscope\" itemtype=\"https:\/\/schema.org\/CreativeWork\" ><a href='https:\/\/ptdl.pl\/index.php\/2025\/03\/05\/majowe-spotkania-z-medycyna-laboratoryjna-konferencja-naukowo-szkoleniowa-oddzialow-malopolskiego-swietokrzyskiego-i-podkarpackiego\/' data-rel='slide-4' class='slide-image' title='Majowe Spotkania z Medycyn\u0105 Laboratoryjn\u0105- Konferencja Naukowo-Szkoleniowa  Oddzia\u0142\u00f3w: Ma\u0142opolskiego, \u015awi\u0119tokrzyskiego i Podkarpackiego'><img decoding=\"async\" width=\"300\" height=\"161\" src=\"https:\/\/ptdl.pl\/ptdl\/wp-content\/uploads\/2025\/03\/badania-z-krwi-u-dzieci-1-896x480-1-300x161.jpg\" class=\"wp-image-4442 avia-img-lazy-loading-not-4442 attachment-medium size-medium wp-post-image\" alt=\"\" srcset=\"https:\/\/ptdl.pl\/ptdl\/wp-content\/uploads\/2025\/03\/badania-z-krwi-u-dzieci-1-896x480-1-300x161.jpg 300w, https:\/\/ptdl.pl\/ptdl\/wp-content\/uploads\/2025\/03\/badania-z-krwi-u-dzieci-1-896x480-1-768x411.jpg 768w, https:\/\/ptdl.pl\/ptdl\/wp-content\/uploads\/2025\/03\/badania-z-krwi-u-dzieci-1-896x480-1-705x378.jpg 705w, https:\/\/ptdl.pl\/ptdl\/wp-content\/uploads\/2025\/03\/badania-z-krwi-u-dzieci-1-896x480-1.jpg 896w\" sizes=\"(max-width: 300px) 100vw, 300px\" \/><\/a><div class=\"slide-content\"><header class=\"entry-content-header\"><h3 class='slide-entry-title entry-title '  itemprop=\"headline\" ><a href='https:\/\/ptdl.pl\/index.php\/2025\/03\/05\/majowe-spotkania-z-medycyna-laboratoryjna-konferencja-naukowo-szkoleniowa-oddzialow-malopolskiego-swietokrzyskiego-i-podkarpackiego\/' title='Majowe Spotkania z Medycyn\u0105 Laboratoryjn\u0105- Konferencja Naukowo-Szkoleniowa  Oddzia\u0142\u00f3w: Ma\u0142opolskiego, \u015awi\u0119tokrzyskiego i Podkarpackiego'>Majowe Spotkania z Medycyn\u0105 Laboratoryjn\u0105- Konferencja Naukowo-Szkoleniowa  Oddzia\u0142\u00f3w: Ma\u0142opolskiego, \u015awi\u0119tokrzyskiego i Podkarpackiego<\/a><\/h3><span class=\"av-vertical-delimiter\"><\/span><\/header><div class=\"slide-meta\"><time class='slide-meta-time updated'  itemprop=\"datePublished\" datetime=\"2025-03-05T13:45:28+01:00\" >2025-03-05<\/time><\/div><div class='slide-entry-excerpt entry-content'  itemprop=\"text\" ><div class=\"read-more-link\"><a href=\"https:\/\/ptdl.pl\/index.php\/2025\/03\/05\/majowe-spotkania-z-medycyna-laboratoryjna-konferencja-naukowo-szkoleniowa-oddzialow-malopolskiego-swietokrzyskiego-i-podkarpackiego\/\" class=\"more-link\">Czytaj dalej<span class=\"more-link-arrow\"><\/span><\/a><\/div><\/div><\/div><footer class=\"entry-footer\"><\/footer><span class='hidden'>\n\t\t\t\t<span class='av-structured-data'  itemprop=\"image\" itemscope=\"itemscope\" itemtype=\"https:\/\/schema.org\/ImageObject\" >\n\t\t\t\t\t\t<span itemprop='url'>https:\/\/ptdl.pl\/ptdl\/wp-content\/uploads\/2025\/03\/badania-z-krwi-u-dzieci-1-896x480-1.jpg<\/span>\n\t\t\t\t\t\t<span itemprop='height'>480<\/span>\n\t\t\t\t\t\t<span itemprop='width'>896<\/span>\n\t\t\t\t<\/span>\n\t\t\t\t<span class='av-structured-data'  itemprop=\"publisher\" itemtype=\"https:\/\/schema.org\/Organization\" itemscope=\"itemscope\" >\n\t\t\t\t\t\t<span itemprop='name'>Anna Z\u0105bek-Adamska<\/span>\n\t\t\t\t\t\t<span itemprop='logo' itemscope itemtype='https:\/\/schema.org\/ImageObject'>\n\t\t\t\t\t\t\t<span itemprop='url'>https:\/\/ptdl.pl\/wp-content\/uploads\/2023\/03\/logo_2.svg<\/span>\n\t\t\t\t\t\t<\/span>\n\t\t\t\t<\/span><span class='av-structured-data'  itemprop=\"author\" itemscope=\"itemscope\" itemtype=\"https:\/\/schema.org\/Person\" ><span itemprop='name'>Anna Z\u0105bek-Adamska<\/span><\/span><span class='av-structured-data'  itemprop=\"datePublished\" datetime=\"2023-02-03T12:54:00+01:00\" >2025-03-05 13:45:28<\/span><span class='av-structured-data'  itemprop=\"dateModified\" itemtype=\"https:\/\/schema.org\/dateModified\" >2025-04-28 07:33:22<\/span><span class='av-structured-data'  itemprop=\"mainEntityOfPage\" itemtype=\"https:\/\/schema.org\/mainEntityOfPage\" ><span itemprop='name'>Majowe Spotkania z Medycyn\u0105 Laboratoryjn\u0105- Konferencja Naukowo-Szkoleniowa  Oddzia\u0142\u00f3w: Ma\u0142opolskiego, \u015awi\u0119tokrzyskiego i Podkarpackiego<\/span><\/span><\/span><\/article><\/div><div class=\"slide-entry-wrap\"><article class='slide-entry flex_column  post-entry post-entry-4268 slide-entry-overview slide-loop-41 slide-parity-odd  av_one_fourth first real-thumbnail post-format-standard'  itemscope=\"itemscope\" itemtype=\"https:\/\/schema.org\/CreativeWork\" ><a href='https:\/\/ptdl.pl\/index.php\/2025\/02\/28\/xvii-naukowo-szkoleniowy-zjazd-kolegium-medycyny-laboratoryjnej-w-polsce\/' data-rel='slide-4' class='slide-image' title='XVII Naukowo-Szkoleniowy Zjazd Kolegium Medycyny Laboratoryjnej w Polsce'><img decoding=\"async\" width=\"300\" height=\"200\" src=\"https:\/\/ptdl.pl\/ptdl\/wp-content\/uploads\/2025\/02\/kmlp_25_baner_2-300x200.png\" class=\"wp-image-4406 avia-img-lazy-loading-not-4406 attachment-medium size-medium wp-post-image\" alt=\"\" srcset=\"https:\/\/ptdl.pl\/ptdl\/wp-content\/uploads\/2025\/02\/kmlp_25_baner_2-300x200.png 300w, https:\/\/ptdl.pl\/ptdl\/wp-content\/uploads\/2025\/02\/kmlp_25_baner_2.png 500w\" sizes=\"(max-width: 300px) 100vw, 300px\" \/><\/a><div class=\"slide-content\"><header class=\"entry-content-header\"><h3 class='slide-entry-title entry-title '  itemprop=\"headline\" ><a href='https:\/\/ptdl.pl\/index.php\/2025\/02\/28\/xvii-naukowo-szkoleniowy-zjazd-kolegium-medycyny-laboratoryjnej-w-polsce\/' title='XVII Naukowo-Szkoleniowy Zjazd Kolegium Medycyny Laboratoryjnej w Polsce'>XVII Naukowo-Szkoleniowy Zjazd Kolegium Medycyny Laboratoryjnej w Polsce<\/a><\/h3><span class=\"av-vertical-delimiter\"><\/span><\/header><div class=\"slide-meta\"><time class='slide-meta-time updated'  itemprop=\"datePublished\" datetime=\"2025-02-28T13:54:19+01:00\" >2025-02-28<\/time><\/div><div class='slide-entry-excerpt entry-content'  itemprop=\"text\" ><div class=\"read-more-link\"><a href=\"https:\/\/ptdl.pl\/index.php\/2025\/02\/28\/xvii-naukowo-szkoleniowy-zjazd-kolegium-medycyny-laboratoryjnej-w-polsce\/\" class=\"more-link\">Czytaj dalej<span class=\"more-link-arrow\"><\/span><\/a><\/div><\/div><\/div><footer class=\"entry-footer\"><\/footer><span class='hidden'>\n\t\t\t\t<span class='av-structured-data'  itemprop=\"image\" itemscope=\"itemscope\" itemtype=\"https:\/\/schema.org\/ImageObject\" >\n\t\t\t\t\t\t<span itemprop='url'>https:\/\/ptdl.pl\/ptdl\/wp-content\/uploads\/2025\/02\/kmlp_25_baner_2.png<\/span>\n\t\t\t\t\t\t<span itemprop='height'>333<\/span>\n\t\t\t\t\t\t<span itemprop='width'>500<\/span>\n\t\t\t\t<\/span>\n\t\t\t\t<span class='av-structured-data'  itemprop=\"publisher\" itemtype=\"https:\/\/schema.org\/Organization\" itemscope=\"itemscope\" >\n\t\t\t\t\t\t<span itemprop='name'>admin<\/span>\n\t\t\t\t\t\t<span itemprop='logo' itemscope itemtype='https:\/\/schema.org\/ImageObject'>\n\t\t\t\t\t\t\t<span itemprop='url'>https:\/\/ptdl.pl\/wp-content\/uploads\/2023\/03\/logo_2.svg<\/span>\n\t\t\t\t\t\t<\/span>\n\t\t\t\t<\/span><span class='av-structured-data'  itemprop=\"author\" itemscope=\"itemscope\" itemtype=\"https:\/\/schema.org\/Person\" ><span itemprop='name'>admin<\/span><\/span><span class='av-structured-data'  itemprop=\"datePublished\" datetime=\"2023-02-03T12:54:00+01:00\" >2025-02-28 13:54:19<\/span><span class='av-structured-data'  itemprop=\"dateModified\" itemtype=\"https:\/\/schema.org\/dateModified\" >2025-02-28 14:39:13<\/span><span class='av-structured-data'  itemprop=\"mainEntityOfPage\" itemtype=\"https:\/\/schema.org\/mainEntityOfPage\" ><span itemprop='name'>XVII Naukowo-Szkoleniowy Zjazd Kolegium Medycyny Laboratoryjnej w Polsce<\/span><\/span><\/span><\/article><article class='slide-entry flex_column  post-entry post-entry-4370 slide-entry-overview slide-loop-42 slide-parity-even  av_one_fourth  real-thumbnail post-format-standard'  itemscope=\"itemscope\" itemtype=\"https:\/\/schema.org\/CreativeWork\" ><a href='https:\/\/ptdl.pl\/index.php\/2025\/02\/20\/webinar-tfys-clinical-case-discussions\/' data-rel='slide-4' class='slide-image' title='Webinar TFYS Clinical Case Discussions'><img decoding=\"async\" width=\"221\" height=\"300\" src=\"https:\/\/ptdl.pl\/ptdl\/wp-content\/uploads\/2025\/02\/TF-YS_20IFCC-221x300.png\" class=\"wp-image-4371 avia-img-lazy-loading-not-4371 attachment-medium size-medium wp-post-image\" alt=\"\" srcset=\"https:\/\/ptdl.pl\/ptdl\/wp-content\/uploads\/2025\/02\/TF-YS_20IFCC-221x300.png 221w, https:\/\/ptdl.pl\/ptdl\/wp-content\/uploads\/2025\/02\/TF-YS_20IFCC.png 444w\" sizes=\"(max-width: 221px) 100vw, 221px\" \/><\/a><div class=\"slide-content\"><header class=\"entry-content-header\"><h3 class='slide-entry-title entry-title '  itemprop=\"headline\" ><a href='https:\/\/ptdl.pl\/index.php\/2025\/02\/20\/webinar-tfys-clinical-case-discussions\/' title='Webinar TFYS Clinical Case Discussions'>Webinar TFYS Clinical Case Discussions<\/a><\/h3><span class=\"av-vertical-delimiter\"><\/span><\/header><div class=\"slide-meta\"><time class='slide-meta-time updated'  itemprop=\"datePublished\" datetime=\"2025-02-20T10:00:21+01:00\" >2025-02-20<\/time><\/div><div class='slide-entry-excerpt entry-content'  itemprop=\"text\" ><div class=\"read-more-link\"><a href=\"https:\/\/ptdl.pl\/index.php\/2025\/02\/20\/webinar-tfys-clinical-case-discussions\/\" class=\"more-link\">Czytaj dalej<span class=\"more-link-arrow\"><\/span><\/a><\/div><\/div><\/div><footer class=\"entry-footer\"><\/footer><span class='hidden'>\n\t\t\t\t<span class='av-structured-data'  itemprop=\"image\" itemscope=\"itemscope\" itemtype=\"https:\/\/schema.org\/ImageObject\" >\n\t\t\t\t\t\t<span itemprop='url'>https:\/\/ptdl.pl\/ptdl\/wp-content\/uploads\/2025\/02\/TF-YS_20IFCC.png<\/span>\n\t\t\t\t\t\t<span itemprop='height'>604<\/span>\n\t\t\t\t\t\t<span itemprop='width'>444<\/span>\n\t\t\t\t<\/span>\n\t\t\t\t<span class='av-structured-data'  itemprop=\"publisher\" itemtype=\"https:\/\/schema.org\/Organization\" itemscope=\"itemscope\" >\n\t\t\t\t\t\t<span itemprop='name'>admin<\/span>\n\t\t\t\t\t\t<span itemprop='logo' itemscope itemtype='https:\/\/schema.org\/ImageObject'>\n\t\t\t\t\t\t\t<span itemprop='url'>https:\/\/ptdl.pl\/wp-content\/uploads\/2023\/03\/logo_2.svg<\/span>\n\t\t\t\t\t\t<\/span>\n\t\t\t\t<\/span><span class='av-structured-data'  itemprop=\"author\" itemscope=\"itemscope\" itemtype=\"https:\/\/schema.org\/Person\" ><span itemprop='name'>admin<\/span><\/span><span class='av-structured-data'  itemprop=\"datePublished\" datetime=\"2023-02-03T12:54:00+01:00\" >2025-02-20 10:00:21<\/span><span class='av-structured-data'  itemprop=\"dateModified\" itemtype=\"https:\/\/schema.org\/dateModified\" >2025-02-20 10:01:18<\/span><span class='av-structured-data'  itemprop=\"mainEntityOfPage\" itemtype=\"https:\/\/schema.org\/mainEntityOfPage\" ><span itemprop='name'>Webinar TFYS Clinical Case Discussions<\/span><\/span><\/span><\/article><article class='slide-entry flex_column  post-entry post-entry-4327 slide-entry-overview slide-loop-43 slide-parity-odd  av_one_fourth  real-thumbnail post-format-standard'  itemscope=\"itemscope\" itemtype=\"https:\/\/schema.org\/CreativeWork\" ><a href='https:\/\/ptdl.pl\/index.php\/2025\/02\/13\/kolejne-spotkania-naukowo-szkoleniowe-w-krakowie\/' data-rel='slide-4' class='slide-image' title='Sympozjum naukowo-szkoleniowe\/ oddzia\u0142 Krak\u00f3w  -29 marca 2025 r.'><img decoding=\"async\" width=\"300\" height=\"186\" src=\"https:\/\/ptdl.pl\/ptdl\/wp-content\/uploads\/2025\/02\/krak-300x186.jpg\" class=\"wp-image-4341 avia-img-lazy-loading-not-4341 attachment-medium size-medium wp-post-image\" alt=\"\" srcset=\"https:\/\/ptdl.pl\/ptdl\/wp-content\/uploads\/2025\/02\/krak-300x186.jpg 300w, https:\/\/ptdl.pl\/ptdl\/wp-content\/uploads\/2025\/02\/krak.jpg 700w\" sizes=\"(max-width: 300px) 100vw, 300px\" \/><\/a><div class=\"slide-content\"><header class=\"entry-content-header\"><h3 class='slide-entry-title entry-title '  itemprop=\"headline\" ><a href='https:\/\/ptdl.pl\/index.php\/2025\/02\/13\/kolejne-spotkania-naukowo-szkoleniowe-w-krakowie\/' title='Sympozjum naukowo-szkoleniowe\/ oddzia\u0142 Krak\u00f3w  -29 marca 2025 r.'>Sympozjum naukowo-szkoleniowe\/ oddzia\u0142 Krak\u00f3w  -29 marca 2025 r.<\/a><\/h3><span class=\"av-vertical-delimiter\"><\/span><\/header><div class=\"slide-meta\"><time class='slide-meta-time updated'  itemprop=\"datePublished\" datetime=\"2025-02-13T17:37:49+01:00\" >2025-02-13<\/time><\/div><div class='slide-entry-excerpt entry-content'  itemprop=\"text\" ><div class=\"read-more-link\"><a href=\"https:\/\/ptdl.pl\/index.php\/2025\/02\/13\/kolejne-spotkania-naukowo-szkoleniowe-w-krakowie\/\" class=\"more-link\">Czytaj dalej<span class=\"more-link-arrow\"><\/span><\/a><\/div><\/div><\/div><footer class=\"entry-footer\"><\/footer><span class='hidden'>\n\t\t\t\t<span class='av-structured-data'  itemprop=\"image\" itemscope=\"itemscope\" itemtype=\"https:\/\/schema.org\/ImageObject\" >\n\t\t\t\t\t\t<span itemprop='url'>https:\/\/ptdl.pl\/ptdl\/wp-content\/uploads\/2025\/02\/krak.jpg<\/span>\n\t\t\t\t\t\t<span itemprop='height'>433<\/span>\n\t\t\t\t\t\t<span itemprop='width'>700<\/span>\n\t\t\t\t<\/span>\n\t\t\t\t<span class='av-structured-data'  itemprop=\"publisher\" itemtype=\"https:\/\/schema.org\/Organization\" itemscope=\"itemscope\" >\n\t\t\t\t\t\t<span itemprop='name'>Anna Z\u0105bek-Adamska<\/span>\n\t\t\t\t\t\t<span itemprop='logo' itemscope itemtype='https:\/\/schema.org\/ImageObject'>\n\t\t\t\t\t\t\t<span itemprop='url'>https:\/\/ptdl.pl\/wp-content\/uploads\/2023\/03\/logo_2.svg<\/span>\n\t\t\t\t\t\t<\/span>\n\t\t\t\t<\/span><span class='av-structured-data'  itemprop=\"author\" itemscope=\"itemscope\" itemtype=\"https:\/\/schema.org\/Person\" ><span itemprop='name'>Anna Z\u0105bek-Adamska<\/span><\/span><span class='av-structured-data'  itemprop=\"datePublished\" datetime=\"2023-02-03T12:54:00+01:00\" >2025-02-13 17:37:49<\/span><span class='av-structured-data'  itemprop=\"dateModified\" itemtype=\"https:\/\/schema.org\/dateModified\" >2025-03-15 13:05:17<\/span><span class='av-structured-data'  itemprop=\"mainEntityOfPage\" itemtype=\"https:\/\/schema.org\/mainEntityOfPage\" ><span itemprop='name'>Sympozjum naukowo-szkoleniowe\/ oddzia\u0142 Krak\u00f3w  -29 marca 2025 r.<\/span><\/span><\/span><\/article><article class='slide-entry flex_column  post-entry post-entry-4303 slide-entry-overview slide-loop-44 slide-parity-even  av_one_fourth  real-thumbnail post-format-standard'  itemscope=\"itemscope\" itemtype=\"https:\/\/schema.org\/CreativeWork\" ><a href='https:\/\/ptdl.pl\/index.php\/2025\/02\/09\/konferencja-naukowo-szkoleniowa-labs-expo-2025\/' data-rel='slide-4' class='slide-image' title='Konferencja naukowo-szkoleniowa &#8211; LABS EXPO Pozna\u0144, 20.03.2025r.'><img decoding=\"async\" width=\"300\" height=\"253\" src=\"https:\/\/ptdl.pl\/ptdl\/wp-content\/uploads\/2025\/02\/LABS25_konferencja_1170x300-2-300x253.jpg\" class=\"wp-image-4311 avia-img-lazy-loading-not-4311 attachment-medium size-medium wp-post-image\" alt=\"\" srcset=\"https:\/\/ptdl.pl\/ptdl\/wp-content\/uploads\/2025\/02\/LABS25_konferencja_1170x300-2-300x253.jpg 300w, https:\/\/ptdl.pl\/ptdl\/wp-content\/uploads\/2025\/02\/LABS25_konferencja_1170x300-2.jpg 356w\" sizes=\"(max-width: 300px) 100vw, 300px\" \/><\/a><div class=\"slide-content\"><header class=\"entry-content-header\"><h3 class='slide-entry-title entry-title '  itemprop=\"headline\" ><a href='https:\/\/ptdl.pl\/index.php\/2025\/02\/09\/konferencja-naukowo-szkoleniowa-labs-expo-2025\/' title='Konferencja naukowo-szkoleniowa &#8211; LABS EXPO Pozna\u0144, 20.03.2025r.'>Konferencja naukowo-szkoleniowa &#8211; LABS EXPO Pozna\u0144, 20.03.2025r.<\/a><\/h3><span class=\"av-vertical-delimiter\"><\/span><\/header><div class=\"slide-meta\"><time class='slide-meta-time updated'  itemprop=\"datePublished\" datetime=\"2025-02-09T11:02:22+01:00\" >2025-02-09<\/time><\/div><div class='slide-entry-excerpt entry-content'  itemprop=\"text\" ><div class=\"read-more-link\"><a href=\"https:\/\/ptdl.pl\/index.php\/2025\/02\/09\/konferencja-naukowo-szkoleniowa-labs-expo-2025\/\" class=\"more-link\">Czytaj dalej<span class=\"more-link-arrow\"><\/span><\/a><\/div><\/div><\/div><footer class=\"entry-footer\"><\/footer><span class='hidden'>\n\t\t\t\t<span class='av-structured-data'  itemprop=\"image\" itemscope=\"itemscope\" itemtype=\"https:\/\/schema.org\/ImageObject\" >\n\t\t\t\t\t\t<span itemprop='url'>https:\/\/ptdl.pl\/ptdl\/wp-content\/uploads\/2025\/02\/LABS25_konferencja_1170x300-2.jpg<\/span>\n\t\t\t\t\t\t<span itemprop='height'>300<\/span>\n\t\t\t\t\t\t<span itemprop='width'>356<\/span>\n\t\t\t\t<\/span>\n\t\t\t\t<span class='av-structured-data'  itemprop=\"publisher\" itemtype=\"https:\/\/schema.org\/Organization\" itemscope=\"itemscope\" >\n\t\t\t\t\t\t<span itemprop='name'>Ma\u0142gorzata Zieli\u0144ska-Przyjemska<\/span>\n\t\t\t\t\t\t<span itemprop='logo' itemscope itemtype='https:\/\/schema.org\/ImageObject'>\n\t\t\t\t\t\t\t<span itemprop='url'>https:\/\/ptdl.pl\/wp-content\/uploads\/2023\/03\/logo_2.svg<\/span>\n\t\t\t\t\t\t<\/span>\n\t\t\t\t<\/span><span class='av-structured-data'  itemprop=\"author\" itemscope=\"itemscope\" itemtype=\"https:\/\/schema.org\/Person\" ><span itemprop='name'>Ma\u0142gorzata Zieli\u0144ska-Przyjemska<\/span><\/span><span class='av-structured-data'  itemprop=\"datePublished\" datetime=\"2023-02-03T12:54:00+01:00\" >2025-02-09 11:02:22<\/span><span class='av-structured-data'  itemprop=\"dateModified\" itemtype=\"https:\/\/schema.org\/dateModified\" >2025-02-09 11:05:49<\/span><span class='av-structured-data'  itemprop=\"mainEntityOfPage\" itemtype=\"https:\/\/schema.org\/mainEntityOfPage\" ><span itemprop='name'>Konferencja naukowo-szkoleniowa &#8211; LABS EXPO Pozna\u0144, 20.03.2025r.<\/span><\/span><\/span><\/article><\/div><div class=\"slide-entry-wrap\"><article class='slide-entry flex_column  post-entry post-entry-4220 slide-entry-overview slide-loop-45 slide-parity-odd  av_one_fourth first real-thumbnail post-format-standard'  itemscope=\"itemscope\" itemtype=\"https:\/\/schema.org\/CreativeWork\" ><a href='https:\/\/ptdl.pl\/index.php\/2025\/01\/19\/konferencja-naukowo-szkoleniowa-medycyna-laboratoryjna-w-profilaktyce-zdrowotnej-opalenica-27-28-lutego-2025-r\/' data-rel='slide-4' class='slide-image' title='Konferencja naukowo-szkoleniowa &#8222;Medycyna laboratoryjna w profilaktyce zdrowotnej&#8221; &#8211; Opalenica, 27-28 lutego 2025 r.'><img decoding=\"async\" width=\"300\" height=\"300\" src=\"https:\/\/ptdl.pl\/ptdl\/wp-content\/uploads\/2025\/01\/21319075-300x300.jpg\" class=\"wp-image-4221 avia-img-lazy-loading-not-4221 attachment-medium size-medium wp-post-image\" alt=\"\" srcset=\"https:\/\/ptdl.pl\/ptdl\/wp-content\/uploads\/2025\/01\/21319075-300x300.jpg 300w, https:\/\/ptdl.pl\/ptdl\/wp-content\/uploads\/2025\/01\/21319075-1030x1030.jpg 1030w, https:\/\/ptdl.pl\/ptdl\/wp-content\/uploads\/2025\/01\/21319075-80x80.jpg 80w, https:\/\/ptdl.pl\/ptdl\/wp-content\/uploads\/2025\/01\/21319075-768x768.jpg 768w, https:\/\/ptdl.pl\/ptdl\/wp-content\/uploads\/2025\/01\/21319075-1536x1536.jpg 1536w, https:\/\/ptdl.pl\/ptdl\/wp-content\/uploads\/2025\/01\/21319075-36x36.jpg 36w, https:\/\/ptdl.pl\/ptdl\/wp-content\/uploads\/2025\/01\/21319075-180x180.jpg 180w, https:\/\/ptdl.pl\/ptdl\/wp-content\/uploads\/2025\/01\/21319075-1500x1500.jpg 1500w, https:\/\/ptdl.pl\/ptdl\/wp-content\/uploads\/2025\/01\/21319075-705x705.jpg 705w, https:\/\/ptdl.pl\/ptdl\/wp-content\/uploads\/2025\/01\/21319075.jpg 2048w\" sizes=\"(max-width: 300px) 100vw, 300px\" \/><\/a><div class=\"slide-content\"><header class=\"entry-content-header\"><h3 class='slide-entry-title entry-title '  itemprop=\"headline\" ><a href='https:\/\/ptdl.pl\/index.php\/2025\/01\/19\/konferencja-naukowo-szkoleniowa-medycyna-laboratoryjna-w-profilaktyce-zdrowotnej-opalenica-27-28-lutego-2025-r\/' title='Konferencja naukowo-szkoleniowa &#8222;Medycyna laboratoryjna w profilaktyce zdrowotnej&#8221; &#8211; Opalenica, 27-28 lutego 2025 r.'>Konferencja naukowo-szkoleniowa &#8222;Medycyna laboratoryjna w profilaktyce zdrowotnej&#8221; &#8211; Opalenica, 27-28 lutego 2025 r.<\/a><\/h3><span class=\"av-vertical-delimiter\"><\/span><\/header><div class=\"slide-meta\"><time class='slide-meta-time updated'  itemprop=\"datePublished\" datetime=\"2025-01-19T19:19:42+01:00\" >2025-01-19<\/time><\/div><div class='slide-entry-excerpt entry-content'  itemprop=\"text\" ><div class=\"read-more-link\"><a href=\"https:\/\/ptdl.pl\/index.php\/2025\/01\/19\/konferencja-naukowo-szkoleniowa-medycyna-laboratoryjna-w-profilaktyce-zdrowotnej-opalenica-27-28-lutego-2025-r\/\" class=\"more-link\">Czytaj dalej<span class=\"more-link-arrow\"><\/span><\/a><\/div><\/div><\/div><footer class=\"entry-footer\"><\/footer><span class='hidden'>\n\t\t\t\t<span class='av-structured-data'  itemprop=\"image\" itemscope=\"itemscope\" itemtype=\"https:\/\/schema.org\/ImageObject\" >\n\t\t\t\t\t\t<span itemprop='url'>https:\/\/ptdl.pl\/ptdl\/wp-content\/uploads\/2025\/01\/21319075.jpg<\/span>\n\t\t\t\t\t\t<span itemprop='height'>2048<\/span>\n\t\t\t\t\t\t<span itemprop='width'>2048<\/span>\n\t\t\t\t<\/span>\n\t\t\t\t<span class='av-structured-data'  itemprop=\"publisher\" itemtype=\"https:\/\/schema.org\/Organization\" itemscope=\"itemscope\" >\n\t\t\t\t\t\t<span itemprop='name'>Ma\u0142gorzata Zieli\u0144ska-Przyjemska<\/span>\n\t\t\t\t\t\t<span itemprop='logo' itemscope itemtype='https:\/\/schema.org\/ImageObject'>\n\t\t\t\t\t\t\t<span itemprop='url'>https:\/\/ptdl.pl\/wp-content\/uploads\/2023\/03\/logo_2.svg<\/span>\n\t\t\t\t\t\t<\/span>\n\t\t\t\t<\/span><span class='av-structured-data'  itemprop=\"author\" itemscope=\"itemscope\" itemtype=\"https:\/\/schema.org\/Person\" ><span itemprop='name'>Ma\u0142gorzata Zieli\u0144ska-Przyjemska<\/span><\/span><span class='av-structured-data'  itemprop=\"datePublished\" datetime=\"2023-02-03T12:54:00+01:00\" >2025-01-19 19:19:42<\/span><span class='av-structured-data'  itemprop=\"dateModified\" itemtype=\"https:\/\/schema.org\/dateModified\" >2025-02-23 19:40:47<\/span><span class='av-structured-data'  itemprop=\"mainEntityOfPage\" itemtype=\"https:\/\/schema.org\/mainEntityOfPage\" ><span itemprop='name'>Konferencja naukowo-szkoleniowa &#8222;Medycyna laboratoryjna w profilaktyce zdrowotnej&#8221; &#8211; Opalenica, 27-28 lutego 2025 r.<\/span><\/span><\/span><\/article><article class='slide-entry flex_column  post-entry post-entry-4204 slide-entry-overview slide-loop-46 slide-parity-even  av_one_fourth  real-thumbnail post-format-standard'  itemscope=\"itemscope\" itemtype=\"https:\/\/schema.org\/CreativeWork\" ><a href='https:\/\/ptdl.pl\/index.php\/2025\/01\/16\/sympozjum-naukowo-szkoleniowe-laboratorium-w-sluzbie-onkologii-wybrane-metody-diagnostyczne-i-ich-rola-w-terapii-nowotworow\/' data-rel='slide-4' class='slide-image' title='Sympozjum naukowo-szkoleniowe\/ oddzia\u0142 Krak\u00f3w-15 luty 2025'><img decoding=\"async\" width=\"300\" height=\"150\" src=\"https:\/\/ptdl.pl\/ptdl\/wp-content\/uploads\/2023\/02\/news_016-300x150.jpg\" class=\"wp-image-807 avia-img-lazy-loading-not-807 attachment-medium size-medium wp-post-image\" alt=\"\" srcset=\"https:\/\/ptdl.pl\/ptdl\/wp-content\/uploads\/2023\/02\/news_016-300x150.jpg 300w, https:\/\/ptdl.pl\/ptdl\/wp-content\/uploads\/2023\/02\/news_016.jpg 664w\" sizes=\"(max-width: 300px) 100vw, 300px\" \/><\/a><div class=\"slide-content\"><header class=\"entry-content-header\"><h3 class='slide-entry-title entry-title '  itemprop=\"headline\" ><a href='https:\/\/ptdl.pl\/index.php\/2025\/01\/16\/sympozjum-naukowo-szkoleniowe-laboratorium-w-sluzbie-onkologii-wybrane-metody-diagnostyczne-i-ich-rola-w-terapii-nowotworow\/' title='Sympozjum naukowo-szkoleniowe\/ oddzia\u0142 Krak\u00f3w-15 luty 2025'>Sympozjum naukowo-szkoleniowe\/ oddzia\u0142 Krak\u00f3w-15 luty 2025<\/a><\/h3><span class=\"av-vertical-delimiter\"><\/span><\/header><div class=\"slide-meta\"><time class='slide-meta-time updated'  itemprop=\"datePublished\" datetime=\"2025-01-16T18:41:20+01:00\" >2025-01-16<\/time><\/div><div class='slide-entry-excerpt entry-content'  itemprop=\"text\" ><div class=\"read-more-link\"><a href=\"https:\/\/ptdl.pl\/index.php\/2025\/01\/16\/sympozjum-naukowo-szkoleniowe-laboratorium-w-sluzbie-onkologii-wybrane-metody-diagnostyczne-i-ich-rola-w-terapii-nowotworow\/\" class=\"more-link\">Czytaj dalej<span class=\"more-link-arrow\"><\/span><\/a><\/div><\/div><\/div><footer class=\"entry-footer\"><\/footer><span class='hidden'>\n\t\t\t\t<span class='av-structured-data'  itemprop=\"image\" itemscope=\"itemscope\" itemtype=\"https:\/\/schema.org\/ImageObject\" >\n\t\t\t\t\t\t<span itemprop='url'>https:\/\/ptdl.pl\/ptdl\/wp-content\/uploads\/2023\/02\/news_016.jpg<\/span>\n\t\t\t\t\t\t<span itemprop='height'>332<\/span>\n\t\t\t\t\t\t<span itemprop='width'>664<\/span>\n\t\t\t\t<\/span>\n\t\t\t\t<span class='av-structured-data'  itemprop=\"publisher\" itemtype=\"https:\/\/schema.org\/Organization\" itemscope=\"itemscope\" >\n\t\t\t\t\t\t<span itemprop='name'>Anna Z\u0105bek-Adamska<\/span>\n\t\t\t\t\t\t<span itemprop='logo' itemscope itemtype='https:\/\/schema.org\/ImageObject'>\n\t\t\t\t\t\t\t<span itemprop='url'>https:\/\/ptdl.pl\/wp-content\/uploads\/2023\/03\/logo_2.svg<\/span>\n\t\t\t\t\t\t<\/span>\n\t\t\t\t<\/span><span class='av-structured-data'  itemprop=\"author\" itemscope=\"itemscope\" itemtype=\"https:\/\/schema.org\/Person\" ><span itemprop='name'>Anna Z\u0105bek-Adamska<\/span><\/span><span class='av-structured-data'  itemprop=\"datePublished\" datetime=\"2023-02-03T12:54:00+01:00\" >2025-01-16 18:41:20<\/span><span class='av-structured-data'  itemprop=\"dateModified\" itemtype=\"https:\/\/schema.org\/dateModified\" >2025-02-13 17:29:35<\/span><span class='av-structured-data'  itemprop=\"mainEntityOfPage\" itemtype=\"https:\/\/schema.org\/mainEntityOfPage\" ><span itemprop='name'>Sympozjum naukowo-szkoleniowe\/ oddzia\u0142 Krak\u00f3w-15 luty 2025<\/span><\/span><\/span><\/article><article class='slide-entry flex_column  post-entry post-entry-4173 slide-entry-overview slide-loop-47 slide-parity-odd  av_one_fourth  real-thumbnail post-format-standard'  itemscope=\"itemscope\" itemtype=\"https:\/\/schema.org\/CreativeWork\" ><a href='https:\/\/ptdl.pl\/index.php\/2025\/01\/12\/konferencja-naukowo-szkoleniowa-oddzialu-lubuskiego-jesionka-2025\/' data-rel='slide-4' class='slide-image' title='Konferencja Naukowo-Szkoleniowa Oddzia\u0142u Lubuskiego Jesionka 2025'><img decoding=\"async\" width=\"300\" height=\"125\" src=\"https:\/\/ptdl.pl\/ptdl\/wp-content\/uploads\/2024\/11\/slider-1-300x125.jpg\" class=\"wp-image-3933 avia-img-lazy-loading-not-3933 attachment-medium size-medium wp-post-image\" alt=\"\" srcset=\"https:\/\/ptdl.pl\/ptdl\/wp-content\/uploads\/2024\/11\/slider-1-300x125.jpg 300w, https:\/\/ptdl.pl\/ptdl\/wp-content\/uploads\/2024\/11\/slider-1-1030x429.jpg 1030w, https:\/\/ptdl.pl\/ptdl\/wp-content\/uploads\/2024\/11\/slider-1-768x320.jpg 768w, https:\/\/ptdl.pl\/ptdl\/wp-content\/uploads\/2024\/11\/slider-1-1536x640.jpg 1536w, https:\/\/ptdl.pl\/ptdl\/wp-content\/uploads\/2024\/11\/slider-1-1500x625.jpg 1500w, https:\/\/ptdl.pl\/ptdl\/wp-content\/uploads\/2024\/11\/slider-1-705x294.jpg 705w, https:\/\/ptdl.pl\/ptdl\/wp-content\/uploads\/2024\/11\/slider-1.jpg 1920w\" sizes=\"(max-width: 300px) 100vw, 300px\" \/><\/a><div class=\"slide-content\"><header class=\"entry-content-header\"><h3 class='slide-entry-title entry-title '  itemprop=\"headline\" ><a href='https:\/\/ptdl.pl\/index.php\/2025\/01\/12\/konferencja-naukowo-szkoleniowa-oddzialu-lubuskiego-jesionka-2025\/' title='Konferencja Naukowo-Szkoleniowa Oddzia\u0142u Lubuskiego Jesionka 2025'>Konferencja Naukowo-Szkoleniowa Oddzia\u0142u Lubuskiego Jesionka 2025<\/a><\/h3><span class=\"av-vertical-delimiter\"><\/span><\/header><div class=\"slide-meta\"><time class='slide-meta-time updated'  itemprop=\"datePublished\" datetime=\"2025-01-12T20:28:41+01:00\" >2025-01-12<\/time><\/div><div class='slide-entry-excerpt entry-content'  itemprop=\"text\" ><div class=\"read-more-link\"><a href=\"https:\/\/ptdl.pl\/index.php\/2025\/01\/12\/konferencja-naukowo-szkoleniowa-oddzialu-lubuskiego-jesionka-2025\/\" class=\"more-link\">Czytaj dalej<span class=\"more-link-arrow\"><\/span><\/a><\/div><\/div><\/div><footer class=\"entry-footer\"><\/footer><span class='hidden'>\n\t\t\t\t<span class='av-structured-data'  itemprop=\"image\" itemscope=\"itemscope\" itemtype=\"https:\/\/schema.org\/ImageObject\" >\n\t\t\t\t\t\t<span itemprop='url'>https:\/\/ptdl.pl\/ptdl\/wp-content\/uploads\/2024\/11\/slider-1.jpg<\/span>\n\t\t\t\t\t\t<span itemprop='height'>800<\/span>\n\t\t\t\t\t\t<span itemprop='width'>1920<\/span>\n\t\t\t\t<\/span>\n\t\t\t\t<span class='av-structured-data'  itemprop=\"publisher\" itemtype=\"https:\/\/schema.org\/Organization\" itemscope=\"itemscope\" >\n\t\t\t\t\t\t<span itemprop='name'>Katarzyna Drzyzga-Gramacka<\/span>\n\t\t\t\t\t\t<span itemprop='logo' itemscope itemtype='https:\/\/schema.org\/ImageObject'>\n\t\t\t\t\t\t\t<span itemprop='url'>https:\/\/ptdl.pl\/wp-content\/uploads\/2023\/03\/logo_2.svg<\/span>\n\t\t\t\t\t\t<\/span>\n\t\t\t\t<\/span><span class='av-structured-data'  itemprop=\"author\" itemscope=\"itemscope\" itemtype=\"https:\/\/schema.org\/Person\" ><span itemprop='name'>Katarzyna Drzyzga-Gramacka<\/span><\/span><span class='av-structured-data'  itemprop=\"datePublished\" datetime=\"2023-02-03T12:54:00+01:00\" >2025-01-12 20:28:41<\/span><span class='av-structured-data'  itemprop=\"dateModified\" itemtype=\"https:\/\/schema.org\/dateModified\" >2025-01-12 20:28:41<\/span><span class='av-structured-data'  itemprop=\"mainEntityOfPage\" itemtype=\"https:\/\/schema.org\/mainEntityOfPage\" ><span itemprop='name'>Konferencja Naukowo-Szkoleniowa Oddzia\u0142u Lubuskiego Jesionka 2025<\/span><\/span><\/span><\/article><article class='slide-entry flex_column  post-entry post-entry-4014 slide-entry-overview slide-loop-48 slide-parity-even  av_one_fourth  real-thumbnail post-format-standard'  itemscope=\"itemscope\" itemtype=\"https:\/\/schema.org\/CreativeWork\" ><a href='https:\/\/ptdl.pl\/index.php\/2024\/11\/28\/konferencja-wspolczesna-diagnostyka-laboratoryjna-roznorodnosc-sila-synergii\/' data-rel='slide-4' class='slide-image' title='KONFERENCJA \u201eWsp\u00f3\u0142czesna diagnostyka laboratoryjna \u2013r\u00f3\u017cnorodno\u015b\u0107 si\u0142\u0105 synergii\u201d'><img decoding=\"async\" width=\"300\" height=\"300\" src=\"https:\/\/ptdl.pl\/ptdl\/wp-content\/uploads\/2024\/11\/projekt-1-300x300.jpg\" class=\"wp-image-4022 avia-img-lazy-loading-not-4022 attachment-medium size-medium wp-post-image\" alt=\"\" srcset=\"https:\/\/ptdl.pl\/ptdl\/wp-content\/uploads\/2024\/11\/projekt-1-300x300.jpg 300w, https:\/\/ptdl.pl\/ptdl\/wp-content\/uploads\/2024\/11\/projekt-1-80x80.jpg 80w, https:\/\/ptdl.pl\/ptdl\/wp-content\/uploads\/2024\/11\/projekt-1-36x36.jpg 36w, https:\/\/ptdl.pl\/ptdl\/wp-content\/uploads\/2024\/11\/projekt-1-180x180.jpg 180w, https:\/\/ptdl.pl\/ptdl\/wp-content\/uploads\/2024\/11\/projekt-1.jpg 500w\" sizes=\"(max-width: 300px) 100vw, 300px\" \/><\/a><div class=\"slide-content\"><header class=\"entry-content-header\"><h3 class='slide-entry-title entry-title '  itemprop=\"headline\" ><a href='https:\/\/ptdl.pl\/index.php\/2024\/11\/28\/konferencja-wspolczesna-diagnostyka-laboratoryjna-roznorodnosc-sila-synergii\/' title='KONFERENCJA \u201eWsp\u00f3\u0142czesna diagnostyka laboratoryjna \u2013r\u00f3\u017cnorodno\u015b\u0107 si\u0142\u0105 synergii\u201d'>KONFERENCJA \u201eWsp\u00f3\u0142czesna diagnostyka laboratoryjna \u2013r\u00f3\u017cnorodno\u015b\u0107 si\u0142\u0105 synergii\u201d<\/a><\/h3><span class=\"av-vertical-delimiter\"><\/span><\/header><div class=\"slide-meta\"><time class='slide-meta-time updated'  itemprop=\"datePublished\" datetime=\"2024-11-28T14:48:34+01:00\" >2024-11-28<\/time><\/div><div class='slide-entry-excerpt entry-content'  itemprop=\"text\" ><div class=\"read-more-link\"><a href=\"https:\/\/ptdl.pl\/index.php\/2024\/11\/28\/konferencja-wspolczesna-diagnostyka-laboratoryjna-roznorodnosc-sila-synergii\/\" class=\"more-link\">Czytaj dalej<span class=\"more-link-arrow\"><\/span><\/a><\/div><\/div><\/div><footer class=\"entry-footer\"><\/footer><span class='hidden'>\n\t\t\t\t<span class='av-structured-data'  itemprop=\"image\" itemscope=\"itemscope\" itemtype=\"https:\/\/schema.org\/ImageObject\" >\n\t\t\t\t\t\t<span itemprop='url'>https:\/\/ptdl.pl\/ptdl\/wp-content\/uploads\/2024\/11\/projekt-1.jpg<\/span>\n\t\t\t\t\t\t<span itemprop='height'>500<\/span>\n\t\t\t\t\t\t<span itemprop='width'>500<\/span>\n\t\t\t\t<\/span>\n\t\t\t\t<span class='av-structured-data'  itemprop=\"publisher\" itemtype=\"https:\/\/schema.org\/Organization\" itemscope=\"itemscope\" >\n\t\t\t\t\t\t<span itemprop='name'>Olga Loska<\/span>\n\t\t\t\t\t\t<span itemprop='logo' itemscope itemtype='https:\/\/schema.org\/ImageObject'>\n\t\t\t\t\t\t\t<span itemprop='url'>https:\/\/ptdl.pl\/wp-content\/uploads\/2023\/03\/logo_2.svg<\/span>\n\t\t\t\t\t\t<\/span>\n\t\t\t\t<\/span><span class='av-structured-data'  itemprop=\"author\" itemscope=\"itemscope\" itemtype=\"https:\/\/schema.org\/Person\" ><span itemprop='name'>Olga Loska<\/span><\/span><span class='av-structured-data'  itemprop=\"datePublished\" datetime=\"2023-02-03T12:54:00+01:00\" >2024-11-28 14:48:34<\/span><span class='av-structured-data'  itemprop=\"dateModified\" itemtype=\"https:\/\/schema.org\/dateModified\" >2024-11-28 14:54:18<\/span><span class='av-structured-data'  itemprop=\"mainEntityOfPage\" itemtype=\"https:\/\/schema.org\/mainEntityOfPage\" ><span itemprop='name'>KONFERENCJA \u201eWsp\u00f3\u0142czesna diagnostyka laboratoryjna \u2013r\u00f3\u017cnorodno\u015b\u0107 si\u0142\u0105 synergii\u201d<\/span><\/span><\/span><\/article><\/div><div class=\"slide-entry-wrap\"><article class='slide-entry flex_column  post-entry post-entry-3912 slide-entry-overview slide-loop-49 slide-parity-odd  av_one_fourth first real-thumbnail post-format-standard'  itemscope=\"itemscope\" itemtype=\"https:\/\/schema.org\/CreativeWork\" ><a href='https:\/\/ptdl.pl\/index.php\/2024\/11\/08\/konferencja-international-scientific-meeting-evaluating-and-monitoring-analytical-quality-in-the-traceability-era\/' data-rel='slide-4' class='slide-image' title='Konferencja International Scientific Meeting &#8222;Evaluating and Monitoring Analytical Quality in the Traceability Era&#8221;'><img decoding=\"async\" width=\"300\" height=\"199\" src=\"https:\/\/ptdl.pl\/ptdl\/wp-content\/uploads\/2023\/02\/news_017-300x199.jpg\" class=\"wp-image-808 avia-img-lazy-loading-not-808 attachment-medium size-medium wp-post-image\" alt=\"\" srcset=\"https:\/\/ptdl.pl\/ptdl\/wp-content\/uploads\/2023\/02\/news_017-300x199.jpg 300w, https:\/\/ptdl.pl\/ptdl\/wp-content\/uploads\/2023\/02\/news_017.jpg 500w\" sizes=\"(max-width: 300px) 100vw, 300px\" \/><\/a><div class=\"slide-content\"><header class=\"entry-content-header\"><h3 class='slide-entry-title entry-title '  itemprop=\"headline\" ><a href='https:\/\/ptdl.pl\/index.php\/2024\/11\/08\/konferencja-international-scientific-meeting-evaluating-and-monitoring-analytical-quality-in-the-traceability-era\/' title='Konferencja International Scientific Meeting &#8222;Evaluating and Monitoring Analytical Quality in the Traceability Era&#8221;'>Konferencja International Scientific Meeting &#8222;Evaluating and Monitoring Analytical Quality in the Traceability Era&#8221;<\/a><\/h3><span class=\"av-vertical-delimiter\"><\/span><\/header><div class=\"slide-meta\"><time class='slide-meta-time updated'  itemprop=\"datePublished\" datetime=\"2024-11-08T13:27:57+01:00\" >2024-11-08<\/time><\/div><div class='slide-entry-excerpt entry-content'  itemprop=\"text\" ><div class=\"read-more-link\"><a href=\"https:\/\/ptdl.pl\/index.php\/2024\/11\/08\/konferencja-international-scientific-meeting-evaluating-and-monitoring-analytical-quality-in-the-traceability-era\/\" class=\"more-link\">Czytaj dalej<span class=\"more-link-arrow\"><\/span><\/a><\/div><\/div><\/div><footer class=\"entry-footer\"><\/footer><span class='hidden'>\n\t\t\t\t<span class='av-structured-data'  itemprop=\"image\" itemscope=\"itemscope\" itemtype=\"https:\/\/schema.org\/ImageObject\" >\n\t\t\t\t\t\t<span itemprop='url'>https:\/\/ptdl.pl\/ptdl\/wp-content\/uploads\/2023\/02\/news_017.jpg<\/span>\n\t\t\t\t\t\t<span itemprop='height'>332<\/span>\n\t\t\t\t\t\t<span itemprop='width'>500<\/span>\n\t\t\t\t<\/span>\n\t\t\t\t<span class='av-structured-data'  itemprop=\"publisher\" itemtype=\"https:\/\/schema.org\/Organization\" itemscope=\"itemscope\" >\n\t\t\t\t\t\t<span itemprop='name'>admin<\/span>\n\t\t\t\t\t\t<span itemprop='logo' itemscope itemtype='https:\/\/schema.org\/ImageObject'>\n\t\t\t\t\t\t\t<span itemprop='url'>https:\/\/ptdl.pl\/wp-content\/uploads\/2023\/03\/logo_2.svg<\/span>\n\t\t\t\t\t\t<\/span>\n\t\t\t\t<\/span><span class='av-structured-data'  itemprop=\"author\" itemscope=\"itemscope\" itemtype=\"https:\/\/schema.org\/Person\" ><span itemprop='name'>admin<\/span><\/span><span class='av-structured-data'  itemprop=\"datePublished\" datetime=\"2023-02-03T12:54:00+01:00\" >2024-11-08 13:27:57<\/span><span class='av-structured-data'  itemprop=\"dateModified\" itemtype=\"https:\/\/schema.org\/dateModified\" >2024-11-08 13:28:33<\/span><span class='av-structured-data'  itemprop=\"mainEntityOfPage\" itemtype=\"https:\/\/schema.org\/mainEntityOfPage\" ><span itemprop='name'>Konferencja International Scientific Meeting &#8222;Evaluating and Monitoring Analytical Quality in the Traceability Era&#8221;<\/span><\/span><\/span><\/article><article class='slide-entry flex_column  post-entry post-entry-3729 slide-entry-overview slide-loop-50 slide-parity-even  av_one_fourth  real-thumbnail post-format-standard'  itemscope=\"itemscope\" itemtype=\"https:\/\/schema.org\/CreativeWork\" ><a href='https:\/\/ptdl.pl\/index.php\/2024\/11\/07\/konferencja-evaluating-and-monitoring-analytical-quality-in-the-traceability-era\/' data-rel='slide-4' class='slide-image' title='Konferencja &#8222;Evaluating and monitoring analytical quality in the traceability era&#8221;'><img decoding=\"async\" width=\"300\" height=\"200\" src=\"https:\/\/ptdl.pl\/ptdl\/wp-content\/uploads\/2024\/10\/konferencja-300x200.png\" class=\"wp-image-3730 avia-img-lazy-loading-not-3730 attachment-medium size-medium wp-post-image\" alt=\"\" srcset=\"https:\/\/ptdl.pl\/ptdl\/wp-content\/uploads\/2024\/10\/konferencja-300x200.png 300w, https:\/\/ptdl.pl\/ptdl\/wp-content\/uploads\/2024\/10\/konferencja.png 500w\" sizes=\"(max-width: 300px) 100vw, 300px\" \/><\/a><div class=\"slide-content\"><header class=\"entry-content-header\"><h3 class='slide-entry-title entry-title '  itemprop=\"headline\" ><a href='https:\/\/ptdl.pl\/index.php\/2024\/11\/07\/konferencja-evaluating-and-monitoring-analytical-quality-in-the-traceability-era\/' title='Konferencja &#8222;Evaluating and monitoring analytical quality in the traceability era&#8221;'>Konferencja &#8222;Evaluating and monitoring analytical quality in the traceability era&#8221;<\/a><\/h3><span class=\"av-vertical-delimiter\"><\/span><\/header><div class=\"slide-meta\"><time class='slide-meta-time updated'  itemprop=\"datePublished\" datetime=\"2024-11-07T15:25:53+01:00\" >2024-11-07<\/time><\/div><div class='slide-entry-excerpt entry-content'  itemprop=\"text\" ><div class=\"read-more-link\"><a href=\"https:\/\/ptdl.pl\/index.php\/2024\/11\/07\/konferencja-evaluating-and-monitoring-analytical-quality-in-the-traceability-era\/\" class=\"more-link\">Czytaj dalej<span class=\"more-link-arrow\"><\/span><\/a><\/div><\/div><\/div><footer class=\"entry-footer\"><\/footer><span class='hidden'>\n\t\t\t\t<span class='av-structured-data'  itemprop=\"image\" itemscope=\"itemscope\" itemtype=\"https:\/\/schema.org\/ImageObject\" >\n\t\t\t\t\t\t<span itemprop='url'>https:\/\/ptdl.pl\/ptdl\/wp-content\/uploads\/2024\/10\/konferencja.png<\/span>\n\t\t\t\t\t\t<span itemprop='height'>333<\/span>\n\t\t\t\t\t\t<span itemprop='width'>500<\/span>\n\t\t\t\t<\/span>\n\t\t\t\t<span class='av-structured-data'  itemprop=\"publisher\" itemtype=\"https:\/\/schema.org\/Organization\" itemscope=\"itemscope\" >\n\t\t\t\t\t\t<span itemprop='name'>admin<\/span>\n\t\t\t\t\t\t<span itemprop='logo' itemscope itemtype='https:\/\/schema.org\/ImageObject'>\n\t\t\t\t\t\t\t<span itemprop='url'>https:\/\/ptdl.pl\/wp-content\/uploads\/2023\/03\/logo_2.svg<\/span>\n\t\t\t\t\t\t<\/span>\n\t\t\t\t<\/span><span class='av-structured-data'  itemprop=\"author\" itemscope=\"itemscope\" itemtype=\"https:\/\/schema.org\/Person\" ><span itemprop='name'>admin<\/span><\/span><span class='av-structured-data'  itemprop=\"datePublished\" datetime=\"2023-02-03T12:54:00+01:00\" >2024-11-07 15:25:53<\/span><span class='av-structured-data'  itemprop=\"dateModified\" itemtype=\"https:\/\/schema.org\/dateModified\" >2024-11-08 13:35:54<\/span><span class='av-structured-data'  itemprop=\"mainEntityOfPage\" itemtype=\"https:\/\/schema.org\/mainEntityOfPage\" ><span itemprop='name'>Konferencja &#8222;Evaluating and monitoring analytical quality in the traceability era&#8221;<\/span><\/span><\/span><\/article><article class='slide-entry flex_column  post-entry post-entry-3850 slide-entry-overview slide-loop-51 slide-parity-odd  av_one_fourth  real-thumbnail post-format-standard'  itemscope=\"itemscope\" itemtype=\"https:\/\/schema.org\/CreativeWork\" ><a href='https:\/\/ptdl.pl\/index.php\/2024\/11\/04\/sympozjum-pt-jakosc-to-bedzieczyli-trudne-obszary-kontroli-jakosci-w-diagnostyce-laboratoryjnej\/' data-rel='slide-4' class='slide-image' title='SYMPOZJUM PT: JAKO\u015a(\u0106) TO B\u0118DZIE\u2026CZYLI TRUDNE OBSZARY KONTROLI JAKO\u015aCI W DIAGNOSTYCE LABORATORYJNEJ'><img decoding=\"async\" width=\"300\" height=\"129\" src=\"https:\/\/ptdl.pl\/ptdl\/wp-content\/uploads\/2024\/01\/oddzial_krakow-300x129.png\" class=\"wp-image-2063 avia-img-lazy-loading-not-2063 attachment-medium size-medium wp-post-image\" alt=\"\" srcset=\"https:\/\/ptdl.pl\/ptdl\/wp-content\/uploads\/2024\/01\/oddzial_krakow-300x129.png 300w, https:\/\/ptdl.pl\/ptdl\/wp-content\/uploads\/2024\/01\/oddzial_krakow-768x330.png 768w, https:\/\/ptdl.pl\/ptdl\/wp-content\/uploads\/2024\/01\/oddzial_krakow-705x303.png 705w, https:\/\/ptdl.pl\/ptdl\/wp-content\/uploads\/2024\/01\/oddzial_krakow.png 1000w\" sizes=\"(max-width: 300px) 100vw, 300px\" \/><\/a><div class=\"slide-content\"><header class=\"entry-content-header\"><h3 class='slide-entry-title entry-title '  itemprop=\"headline\" ><a href='https:\/\/ptdl.pl\/index.php\/2024\/11\/04\/sympozjum-pt-jakosc-to-bedzieczyli-trudne-obszary-kontroli-jakosci-w-diagnostyce-laboratoryjnej\/' title='SYMPOZJUM PT: JAKO\u015a(\u0106) TO B\u0118DZIE\u2026CZYLI TRUDNE OBSZARY KONTROLI JAKO\u015aCI W DIAGNOSTYCE LABORATORYJNEJ'>SYMPOZJUM PT: JAKO\u015a(\u0106) TO B\u0118DZIE\u2026CZYLI TRUDNE OBSZARY KONTROLI JAKO\u015aCI W DIAGNOSTYCE LABORATORYJNEJ<\/a><\/h3><span class=\"av-vertical-delimiter\"><\/span><\/header><div class=\"slide-meta\"><time class='slide-meta-time updated'  itemprop=\"datePublished\" datetime=\"2024-11-04T17:48:35+01:00\" >2024-11-04<\/time><\/div><div class='slide-entry-excerpt entry-content'  itemprop=\"text\" ><div class=\"read-more-link\"><a href=\"https:\/\/ptdl.pl\/index.php\/2024\/11\/04\/sympozjum-pt-jakosc-to-bedzieczyli-trudne-obszary-kontroli-jakosci-w-diagnostyce-laboratoryjnej\/\" class=\"more-link\">Czytaj dalej<span class=\"more-link-arrow\"><\/span><\/a><\/div><\/div><\/div><footer class=\"entry-footer\"><\/footer><span class='hidden'>\n\t\t\t\t<span class='av-structured-data'  itemprop=\"image\" itemscope=\"itemscope\" itemtype=\"https:\/\/schema.org\/ImageObject\" >\n\t\t\t\t\t\t<span itemprop='url'>https:\/\/ptdl.pl\/ptdl\/wp-content\/uploads\/2024\/01\/oddzial_krakow.png<\/span>\n\t\t\t\t\t\t<span itemprop='height'>430<\/span>\n\t\t\t\t\t\t<span itemprop='width'>1000<\/span>\n\t\t\t\t<\/span>\n\t\t\t\t<span class='av-structured-data'  itemprop=\"publisher\" itemtype=\"https:\/\/schema.org\/Organization\" itemscope=\"itemscope\" >\n\t\t\t\t\t\t<span itemprop='name'>Anna Z\u0105bek-Adamska<\/span>\n\t\t\t\t\t\t<span itemprop='logo' itemscope itemtype='https:\/\/schema.org\/ImageObject'>\n\t\t\t\t\t\t\t<span itemprop='url'>https:\/\/ptdl.pl\/wp-content\/uploads\/2023\/03\/logo_2.svg<\/span>\n\t\t\t\t\t\t<\/span>\n\t\t\t\t<\/span><span class='av-structured-data'  itemprop=\"author\" itemscope=\"itemscope\" itemtype=\"https:\/\/schema.org\/Person\" ><span itemprop='name'>Anna Z\u0105bek-Adamska<\/span><\/span><span class='av-structured-data'  itemprop=\"datePublished\" datetime=\"2023-02-03T12:54:00+01:00\" >2024-11-04 17:48:35<\/span><span class='av-structured-data'  itemprop=\"dateModified\" itemtype=\"https:\/\/schema.org\/dateModified\" >2024-11-19 16:45:47<\/span><span class='av-structured-data'  itemprop=\"mainEntityOfPage\" itemtype=\"https:\/\/schema.org\/mainEntityOfPage\" ><span itemprop='name'>SYMPOZJUM PT: JAKO\u015a(\u0106) TO B\u0118DZIE\u2026CZYLI TRUDNE OBSZARY KONTROLI JAKO\u015aCI W DIAGNOSTYCE LABORATORYJNEJ<\/span><\/span><\/span><\/article><article class='slide-entry flex_column  post-entry post-entry-3725 slide-entry-overview slide-loop-52 slide-parity-even  av_one_fourth  real-thumbnail post-format-standard'  itemscope=\"itemscope\" itemtype=\"https:\/\/schema.org\/CreativeWork\" ><a href='https:\/\/ptdl.pl\/index.php\/2024\/10\/09\/warszawsko-lubelsko-swietokrzyska-jesien-diagnostyczna-17-18-10-2024-starachowice\/' data-rel='slide-4' class='slide-image' title='Warszawsko-Lubelsko-\u015awi\u0119tokrzyska Jesie\u0144 Diagnostyczna 17-18.10.2024 Starachowice'><img decoding=\"async\" width=\"300\" height=\"169\" src=\"https:\/\/ptdl.pl\/ptdl\/wp-content\/uploads\/2024\/10\/14-pkt-edukacyjnych-300x169.jpg\" class=\"wp-image-3726 avia-img-lazy-loading-not-3726 attachment-medium size-medium wp-post-image\" alt=\"\" srcset=\"https:\/\/ptdl.pl\/ptdl\/wp-content\/uploads\/2024\/10\/14-pkt-edukacyjnych-300x169.jpg 300w, https:\/\/ptdl.pl\/ptdl\/wp-content\/uploads\/2024\/10\/14-pkt-edukacyjnych-1030x579.jpg 1030w, https:\/\/ptdl.pl\/ptdl\/wp-content\/uploads\/2024\/10\/14-pkt-edukacyjnych-768x432.jpg 768w, https:\/\/ptdl.pl\/ptdl\/wp-content\/uploads\/2024\/10\/14-pkt-edukacyjnych-705x397.jpg 705w, https:\/\/ptdl.pl\/ptdl\/wp-content\/uploads\/2024\/10\/14-pkt-edukacyjnych.jpg 1280w\" sizes=\"(max-width: 300px) 100vw, 300px\" \/><\/a><div class=\"slide-content\"><header class=\"entry-content-header\"><h3 class='slide-entry-title entry-title '  itemprop=\"headline\" ><a href='https:\/\/ptdl.pl\/index.php\/2024\/10\/09\/warszawsko-lubelsko-swietokrzyska-jesien-diagnostyczna-17-18-10-2024-starachowice\/' title='Warszawsko-Lubelsko-\u015awi\u0119tokrzyska Jesie\u0144 Diagnostyczna 17-18.10.2024 Starachowice'>Warszawsko-Lubelsko-\u015awi\u0119tokrzyska Jesie\u0144 Diagnostyczna 17-18.10.2024 Starachowice<\/a><\/h3><span class=\"av-vertical-delimiter\"><\/span><\/header><div class=\"slide-meta\"><time class='slide-meta-time updated'  itemprop=\"datePublished\" datetime=\"2024-10-09T13:19:18+02:00\" >2024-10-09<\/time><\/div><div class='slide-entry-excerpt entry-content'  itemprop=\"text\" ><div class=\"read-more-link\"><a href=\"https:\/\/ptdl.pl\/index.php\/2024\/10\/09\/warszawsko-lubelsko-swietokrzyska-jesien-diagnostyczna-17-18-10-2024-starachowice\/\" class=\"more-link\">Czytaj dalej<span class=\"more-link-arrow\"><\/span><\/a><\/div><\/div><\/div><footer class=\"entry-footer\"><\/footer><span class='hidden'>\n\t\t\t\t<span class='av-structured-data'  itemprop=\"image\" itemscope=\"itemscope\" itemtype=\"https:\/\/schema.org\/ImageObject\" >\n\t\t\t\t\t\t<span itemprop='url'>https:\/\/ptdl.pl\/ptdl\/wp-content\/uploads\/2024\/10\/14-pkt-edukacyjnych.jpg<\/span>\n\t\t\t\t\t\t<span itemprop='height'>720<\/span>\n\t\t\t\t\t\t<span itemprop='width'>1280<\/span>\n\t\t\t\t<\/span>\n\t\t\t\t<span class='av-structured-data'  itemprop=\"publisher\" itemtype=\"https:\/\/schema.org\/Organization\" itemscope=\"itemscope\" >\n\t\t\t\t\t\t<span itemprop='name'>Olga Ciepiela<\/span>\n\t\t\t\t\t\t<span itemprop='logo' itemscope itemtype='https:\/\/schema.org\/ImageObject'>\n\t\t\t\t\t\t\t<span itemprop='url'>https:\/\/ptdl.pl\/wp-content\/uploads\/2023\/03\/logo_2.svg<\/span>\n\t\t\t\t\t\t<\/span>\n\t\t\t\t<\/span><span class='av-structured-data'  itemprop=\"author\" itemscope=\"itemscope\" itemtype=\"https:\/\/schema.org\/Person\" ><span itemprop='name'>Olga Ciepiela<\/span><\/span><span class='av-structured-data'  itemprop=\"datePublished\" datetime=\"2023-02-03T12:54:00+01:00\" >2024-10-09 13:19:18<\/span><span class='av-structured-data'  itemprop=\"dateModified\" itemtype=\"https:\/\/schema.org\/dateModified\" >2024-10-09 13:20:06<\/span><span class='av-structured-data'  itemprop=\"mainEntityOfPage\" itemtype=\"https:\/\/schema.org\/mainEntityOfPage\" ><span itemprop='name'>Warszawsko-Lubelsko-\u015awi\u0119tokrzyska Jesie\u0144 Diagnostyczna 17-18.10.2024 Starachowice<\/span><\/span><\/span><\/article><\/div><div class=\"slide-entry-wrap\"><article class='slide-entry flex_column  post-entry post-entry-3573 slide-entry-overview slide-loop-53 slide-parity-odd  av_one_fourth first real-thumbnail post-format-standard'  itemscope=\"itemscope\" itemtype=\"https:\/\/schema.org\/CreativeWork\" ><a href='https:\/\/ptdl.pl\/index.php\/2024\/09\/08\/posiedzenie-naukowo-szkoleniowenowosci-w-diagnostyce-laboratoryjnej-26-09-2024-r\/' data-rel='slide-4' class='slide-image' title='Posiedzenie naukowo-szkoleniowe&#8221;Nowo\u015bci w diagnostyce laboratoryjnej&#8221; -26.09.2024 r'><img decoding=\"async\" width=\"300\" height=\"200\" src=\"https:\/\/ptdl.pl\/ptdl\/wp-content\/uploads\/2024\/01\/cc-300x200.jpg\" class=\"wp-image-2539 avia-img-lazy-loading-not-2539 attachment-medium size-medium wp-post-image\" alt=\"\" srcset=\"https:\/\/ptdl.pl\/ptdl\/wp-content\/uploads\/2024\/01\/cc-300x200.jpg 300w, https:\/\/ptdl.pl\/ptdl\/wp-content\/uploads\/2024\/01\/cc-1030x687.jpg 1030w, https:\/\/ptdl.pl\/ptdl\/wp-content\/uploads\/2024\/01\/cc-768x512.jpg 768w, https:\/\/ptdl.pl\/ptdl\/wp-content\/uploads\/2024\/01\/cc-705x470.jpg 705w, https:\/\/ptdl.pl\/ptdl\/wp-content\/uploads\/2024\/01\/cc.jpg 1152w\" sizes=\"(max-width: 300px) 100vw, 300px\" \/><\/a><div class=\"slide-content\"><header class=\"entry-content-header\"><h3 class='slide-entry-title entry-title '  itemprop=\"headline\" ><a href='https:\/\/ptdl.pl\/index.php\/2024\/09\/08\/posiedzenie-naukowo-szkoleniowenowosci-w-diagnostyce-laboratoryjnej-26-09-2024-r\/' title='Posiedzenie naukowo-szkoleniowe&#8221;Nowo\u015bci w diagnostyce laboratoryjnej&#8221; -26.09.2024 r'>Posiedzenie naukowo-szkoleniowe&#8221;Nowo\u015bci w diagnostyce laboratoryjnej&#8221; -26.09.2024 r<\/a><\/h3><span class=\"av-vertical-delimiter\"><\/span><\/header><div class=\"slide-meta\"><time class='slide-meta-time updated'  itemprop=\"datePublished\" datetime=\"2024-09-08T10:21:26+02:00\" >2024-09-08<\/time><\/div><div class='slide-entry-excerpt entry-content'  itemprop=\"text\" ><div class=\"read-more-link\"><a href=\"https:\/\/ptdl.pl\/index.php\/2024\/09\/08\/posiedzenie-naukowo-szkoleniowenowosci-w-diagnostyce-laboratoryjnej-26-09-2024-r\/\" class=\"more-link\">Czytaj dalej<span class=\"more-link-arrow\"><\/span><\/a><\/div><\/div><\/div><footer class=\"entry-footer\"><\/footer><span class='hidden'>\n\t\t\t\t<span class='av-structured-data'  itemprop=\"image\" itemscope=\"itemscope\" itemtype=\"https:\/\/schema.org\/ImageObject\" >\n\t\t\t\t\t\t<span itemprop='url'>https:\/\/ptdl.pl\/ptdl\/wp-content\/uploads\/2024\/01\/cc.jpg<\/span>\n\t\t\t\t\t\t<span itemprop='height'>768<\/span>\n\t\t\t\t\t\t<span itemprop='width'>1152<\/span>\n\t\t\t\t<\/span>\n\t\t\t\t<span class='av-structured-data'  itemprop=\"publisher\" itemtype=\"https:\/\/schema.org\/Organization\" itemscope=\"itemscope\" >\n\t\t\t\t\t\t<span itemprop='name'>S\u0142awomira Balcerak<\/span>\n\t\t\t\t\t\t<span itemprop='logo' itemscope itemtype='https:\/\/schema.org\/ImageObject'>\n\t\t\t\t\t\t\t<span itemprop='url'>https:\/\/ptdl.pl\/wp-content\/uploads\/2023\/03\/logo_2.svg<\/span>\n\t\t\t\t\t\t<\/span>\n\t\t\t\t<\/span><span class='av-structured-data'  itemprop=\"author\" itemscope=\"itemscope\" itemtype=\"https:\/\/schema.org\/Person\" ><span itemprop='name'>S\u0142awomira Balcerak<\/span><\/span><span class='av-structured-data'  itemprop=\"datePublished\" datetime=\"2023-02-03T12:54:00+01:00\" >2024-09-08 10:21:26<\/span><span class='av-structured-data'  itemprop=\"dateModified\" itemtype=\"https:\/\/schema.org\/dateModified\" >2024-09-08 10:33:09<\/span><span class='av-structured-data'  itemprop=\"mainEntityOfPage\" itemtype=\"https:\/\/schema.org\/mainEntityOfPage\" ><span itemprop='name'>Posiedzenie naukowo-szkoleniowe&#8221;Nowo\u015bci w diagnostyce laboratoryjnej&#8221; -26.09.2024 r<\/span><\/span><\/span><\/article><article class='slide-entry flex_column  post-entry post-entry-3564 slide-entry-overview slide-loop-54 slide-parity-even  av_one_fourth  real-thumbnail post-format-standard'  itemscope=\"itemscope\" itemtype=\"https:\/\/schema.org\/CreativeWork\" ><a href='https:\/\/ptdl.pl\/index.php\/2024\/08\/07\/v-warszawsko-lubelsko-swietkorzyska-jesien-diagnostyczna-konferencja-naukowa-17-18-10-2024\/' data-rel='slide-4' class='slide-image' title='V Warszawsko-Lubelsko-\u015awi\u0119tokrzyska Jesie\u0144 Diagnostyczna &#8211; Konferencja naukowa 17-18.10.2024'><img decoding=\"async\" width=\"300\" height=\"183\" src=\"https:\/\/ptdl.pl\/ptdl\/wp-content\/uploads\/2024\/08\/Na-strone-PTDL-300x183.jpg\" class=\"wp-image-3565 avia-img-lazy-loading-not-3565 attachment-medium size-medium wp-post-image\" alt=\"\" srcset=\"https:\/\/ptdl.pl\/ptdl\/wp-content\/uploads\/2024\/08\/Na-strone-PTDL-300x183.jpg 300w, https:\/\/ptdl.pl\/ptdl\/wp-content\/uploads\/2024\/08\/Na-strone-PTDL-705x430.jpg 705w, https:\/\/ptdl.pl\/ptdl\/wp-content\/uploads\/2024\/08\/Na-strone-PTDL.jpg 740w\" sizes=\"(max-width: 300px) 100vw, 300px\" \/><\/a><div class=\"slide-content\"><header class=\"entry-content-header\"><h3 class='slide-entry-title entry-title '  itemprop=\"headline\" ><a href='https:\/\/ptdl.pl\/index.php\/2024\/08\/07\/v-warszawsko-lubelsko-swietkorzyska-jesien-diagnostyczna-konferencja-naukowa-17-18-10-2024\/' title='V Warszawsko-Lubelsko-\u015awi\u0119tokrzyska Jesie\u0144 Diagnostyczna &#8211; Konferencja naukowa 17-18.10.2024'>V Warszawsko-Lubelsko-\u015awi\u0119tokrzyska Jesie\u0144 Diagnostyczna &#8211; Konferencja naukowa 17-18.10.2024<\/a><\/h3><span class=\"av-vertical-delimiter\"><\/span><\/header><div class=\"slide-meta\"><time class='slide-meta-time updated'  itemprop=\"datePublished\" datetime=\"2024-08-07T14:40:45+02:00\" >2024-08-07<\/time><\/div><div class='slide-entry-excerpt entry-content'  itemprop=\"text\" ><div class=\"read-more-link\"><a href=\"https:\/\/ptdl.pl\/index.php\/2024\/08\/07\/v-warszawsko-lubelsko-swietkorzyska-jesien-diagnostyczna-konferencja-naukowa-17-18-10-2024\/\" class=\"more-link\">Czytaj dalej<span class=\"more-link-arrow\"><\/span><\/a><\/div><\/div><\/div><footer class=\"entry-footer\"><\/footer><span class='hidden'>\n\t\t\t\t<span class='av-structured-data'  itemprop=\"image\" itemscope=\"itemscope\" itemtype=\"https:\/\/schema.org\/ImageObject\" >\n\t\t\t\t\t\t<span itemprop='url'>https:\/\/ptdl.pl\/ptdl\/wp-content\/uploads\/2024\/08\/Na-strone-PTDL.jpg<\/span>\n\t\t\t\t\t\t<span itemprop='height'>451<\/span>\n\t\t\t\t\t\t<span itemprop='width'>740<\/span>\n\t\t\t\t<\/span>\n\t\t\t\t<span class='av-structured-data'  itemprop=\"publisher\" itemtype=\"https:\/\/schema.org\/Organization\" itemscope=\"itemscope\" >\n\t\t\t\t\t\t<span itemprop='name'>Olga Ciepiela<\/span>\n\t\t\t\t\t\t<span itemprop='logo' itemscope itemtype='https:\/\/schema.org\/ImageObject'>\n\t\t\t\t\t\t\t<span itemprop='url'>https:\/\/ptdl.pl\/wp-content\/uploads\/2023\/03\/logo_2.svg<\/span>\n\t\t\t\t\t\t<\/span>\n\t\t\t\t<\/span><span class='av-structured-data'  itemprop=\"author\" itemscope=\"itemscope\" itemtype=\"https:\/\/schema.org\/Person\" ><span itemprop='name'>Olga Ciepiela<\/span><\/span><span class='av-structured-data'  itemprop=\"datePublished\" datetime=\"2023-02-03T12:54:00+01:00\" >2024-08-07 14:40:45<\/span><span class='av-structured-data'  itemprop=\"dateModified\" itemtype=\"https:\/\/schema.org\/dateModified\" >2024-08-07 14:41:46<\/span><span class='av-structured-data'  itemprop=\"mainEntityOfPage\" itemtype=\"https:\/\/schema.org\/mainEntityOfPage\" ><span itemprop='name'>V Warszawsko-Lubelsko-\u015awi\u0119tokrzyska Jesie\u0144 Diagnostyczna &#8211; Konferencja naukowa 17-18.10.2024<\/span><\/span><\/span><\/article><article class='slide-entry flex_column  post-entry post-entry-3448 slide-entry-overview slide-loop-55 slide-parity-odd  av_one_fourth  real-thumbnail post-format-standard'  itemscope=\"itemscope\" itemtype=\"https:\/\/schema.org\/CreativeWork\" ><a href='https:\/\/ptdl.pl\/index.php\/2024\/05\/27\/konferencja-online-trendy-w-diagnostyce-wybrane-aspekty-medycyny-laboratoryjnej-27-maja-7-czerwca-2024\/' data-rel='slide-4' class='slide-image' title='Konferencja online Trendy w Diagnostyce &#8211; Wybrane aspekty Medycyny Laboratoryjnej 27 maja &#8211; 7 czerwca 2024'><img decoding=\"async\" width=\"300\" height=\"199\" src=\"https:\/\/ptdl.pl\/ptdl\/wp-content\/uploads\/2023\/12\/news_54-300x199.jpg\" class=\"wp-image-2029 avia-img-lazy-loading-not-2029 attachment-medium size-medium wp-post-image\" alt=\"\" srcset=\"https:\/\/ptdl.pl\/ptdl\/wp-content\/uploads\/2023\/12\/news_54-300x199.jpg 300w, https:\/\/ptdl.pl\/ptdl\/wp-content\/uploads\/2023\/12\/news_54.jpg 502w\" sizes=\"(max-width: 300px) 100vw, 300px\" \/><\/a><div class=\"slide-content\"><header class=\"entry-content-header\"><h3 class='slide-entry-title entry-title '  itemprop=\"headline\" ><a href='https:\/\/ptdl.pl\/index.php\/2024\/05\/27\/konferencja-online-trendy-w-diagnostyce-wybrane-aspekty-medycyny-laboratoryjnej-27-maja-7-czerwca-2024\/' title='Konferencja online Trendy w Diagnostyce &#8211; Wybrane aspekty Medycyny Laboratoryjnej 27 maja &#8211; 7 czerwca 2024'>Konferencja online Trendy w Diagnostyce &#8211; Wybrane aspekty Medycyny Laboratoryjnej 27 maja &#8211; 7 czerwca 2024<\/a><\/h3><span class=\"av-vertical-delimiter\"><\/span><\/header><div class=\"slide-meta\"><time class='slide-meta-time updated'  itemprop=\"datePublished\" datetime=\"2024-05-27T08:00:31+02:00\" >2024-05-27<\/time><\/div><div class='slide-entry-excerpt entry-content'  itemprop=\"text\" ><div class=\"read-more-link\"><a href=\"https:\/\/ptdl.pl\/index.php\/2024\/05\/27\/konferencja-online-trendy-w-diagnostyce-wybrane-aspekty-medycyny-laboratoryjnej-27-maja-7-czerwca-2024\/\" class=\"more-link\">Czytaj dalej<span class=\"more-link-arrow\"><\/span><\/a><\/div><\/div><\/div><footer class=\"entry-footer\"><\/footer><span class='hidden'>\n\t\t\t\t<span class='av-structured-data'  itemprop=\"image\" itemscope=\"itemscope\" itemtype=\"https:\/\/schema.org\/ImageObject\" >\n\t\t\t\t\t\t<span itemprop='url'>https:\/\/ptdl.pl\/ptdl\/wp-content\/uploads\/2023\/12\/news_54.jpg<\/span>\n\t\t\t\t\t\t<span itemprop='height'>333<\/span>\n\t\t\t\t\t\t<span itemprop='width'>502<\/span>\n\t\t\t\t<\/span>\n\t\t\t\t<span class='av-structured-data'  itemprop=\"publisher\" itemtype=\"https:\/\/schema.org\/Organization\" itemscope=\"itemscope\" >\n\t\t\t\t\t\t<span itemprop='name'>admin<\/span>\n\t\t\t\t\t\t<span itemprop='logo' itemscope itemtype='https:\/\/schema.org\/ImageObject'>\n\t\t\t\t\t\t\t<span itemprop='url'>https:\/\/ptdl.pl\/wp-content\/uploads\/2023\/03\/logo_2.svg<\/span>\n\t\t\t\t\t\t<\/span>\n\t\t\t\t<\/span><span class='av-structured-data'  itemprop=\"author\" itemscope=\"itemscope\" itemtype=\"https:\/\/schema.org\/Person\" ><span itemprop='name'>admin<\/span><\/span><span class='av-structured-data'  itemprop=\"datePublished\" datetime=\"2023-02-03T12:54:00+01:00\" >2024-05-27 08:00:31<\/span><span class='av-structured-data'  itemprop=\"dateModified\" itemtype=\"https:\/\/schema.org\/dateModified\" >2024-05-26 23:07:38<\/span><span class='av-structured-data'  itemprop=\"mainEntityOfPage\" itemtype=\"https:\/\/schema.org\/mainEntityOfPage\" ><span itemprop='name'>Konferencja online Trendy w Diagnostyce &#8211; Wybrane aspekty Medycyny Laboratoryjnej 27 maja &#8211; 7 czerwca 2024<\/span><\/span><\/span><\/article><article class='slide-entry flex_column  post-entry post-entry-3329 slide-entry-overview slide-loop-56 slide-parity-even  av_one_fourth  real-thumbnail post-format-standard'  itemscope=\"itemscope\" itemtype=\"https:\/\/schema.org\/CreativeWork\" ><a href='https:\/\/ptdl.pl\/index.php\/2024\/05\/14\/konferencja-online-trendy-w-diagnostyce-wybrane-aspekty-medycyny-laboratoryjnej-27-maja-7-czerwca-202\/' data-rel='slide-4' class='slide-image' title='Konferencja online Trendy w Diagnostyce &#8211; Wybrane aspekty Medycyny Laboratoryjnej 27 maja &#8211; 7 czerwca 2024'><img decoding=\"async\" width=\"300\" height=\"199\" src=\"https:\/\/ptdl.pl\/ptdl\/wp-content\/uploads\/2023\/12\/news_54-300x199.jpg\" class=\"wp-image-2029 avia-img-lazy-loading-not-2029 attachment-medium size-medium wp-post-image\" alt=\"\" srcset=\"https:\/\/ptdl.pl\/ptdl\/wp-content\/uploads\/2023\/12\/news_54-300x199.jpg 300w, https:\/\/ptdl.pl\/ptdl\/wp-content\/uploads\/2023\/12\/news_54.jpg 502w\" sizes=\"(max-width: 300px) 100vw, 300px\" \/><\/a><div class=\"slide-content\"><header class=\"entry-content-header\"><h3 class='slide-entry-title entry-title '  itemprop=\"headline\" ><a href='https:\/\/ptdl.pl\/index.php\/2024\/05\/14\/konferencja-online-trendy-w-diagnostyce-wybrane-aspekty-medycyny-laboratoryjnej-27-maja-7-czerwca-202\/' title='Konferencja online Trendy w Diagnostyce &#8211; Wybrane aspekty Medycyny Laboratoryjnej 27 maja &#8211; 7 czerwca 2024'>Konferencja online Trendy w Diagnostyce &#8211; Wybrane aspekty Medycyny Laboratoryjnej 27 maja &#8211; 7 czerwca 2024<\/a><\/h3><span class=\"av-vertical-delimiter\"><\/span><\/header><div class=\"slide-meta\"><time class='slide-meta-time updated'  itemprop=\"datePublished\" datetime=\"2024-05-14T11:49:21+02:00\" >2024-05-14<\/time><\/div><div class='slide-entry-excerpt entry-content'  itemprop=\"text\" ><div class=\"read-more-link\"><a href=\"https:\/\/ptdl.pl\/index.php\/2024\/05\/14\/konferencja-online-trendy-w-diagnostyce-wybrane-aspekty-medycyny-laboratoryjnej-27-maja-7-czerwca-202\/\" class=\"more-link\">Czytaj dalej<span class=\"more-link-arrow\"><\/span><\/a><\/div><\/div><\/div><footer class=\"entry-footer\"><\/footer><span class='hidden'>\n\t\t\t\t<span class='av-structured-data'  itemprop=\"image\" itemscope=\"itemscope\" itemtype=\"https:\/\/schema.org\/ImageObject\" >\n\t\t\t\t\t\t<span itemprop='url'>https:\/\/ptdl.pl\/ptdl\/wp-content\/uploads\/2023\/12\/news_54.jpg<\/span>\n\t\t\t\t\t\t<span itemprop='height'>333<\/span>\n\t\t\t\t\t\t<span itemprop='width'>502<\/span>\n\t\t\t\t<\/span>\n\t\t\t\t<span class='av-structured-data'  itemprop=\"publisher\" itemtype=\"https:\/\/schema.org\/Organization\" itemscope=\"itemscope\" >\n\t\t\t\t\t\t<span itemprop='name'>admin<\/span>\n\t\t\t\t\t\t<span itemprop='logo' itemscope itemtype='https:\/\/schema.org\/ImageObject'>\n\t\t\t\t\t\t\t<span itemprop='url'>https:\/\/ptdl.pl\/wp-content\/uploads\/2023\/03\/logo_2.svg<\/span>\n\t\t\t\t\t\t<\/span>\n\t\t\t\t<\/span><span class='av-structured-data'  itemprop=\"author\" itemscope=\"itemscope\" itemtype=\"https:\/\/schema.org\/Person\" ><span itemprop='name'>admin<\/span><\/span><span class='av-structured-data'  itemprop=\"datePublished\" datetime=\"2023-02-03T12:54:00+01:00\" >2024-05-14 11:49:21<\/span><span class='av-structured-data'  itemprop=\"dateModified\" itemtype=\"https:\/\/schema.org\/dateModified\" >2024-05-24 09:45:35<\/span><span class='av-structured-data'  itemprop=\"mainEntityOfPage\" itemtype=\"https:\/\/schema.org\/mainEntityOfPage\" ><span itemprop='name'>Konferencja online Trendy w Diagnostyce &#8211; Wybrane aspekty Medycyny Laboratoryjnej 27 maja &#8211; 7 czerwca 2024<\/span><\/span><\/span><\/article><\/div><div class=\"slide-entry-wrap\"><article class='slide-entry flex_column  post-entry post-entry-3368 slide-entry-overview slide-loop-57 slide-parity-odd  av_one_fourth first real-thumbnail post-format-standard'  itemscope=\"itemscope\" itemtype=\"https:\/\/schema.org\/CreativeWork\" ><a href='https:\/\/ptdl.pl\/index.php\/2024\/05\/13\/konferencja-medycyna-laboratoryjna-2024-rejestracja\/' data-rel='slide-4' class='slide-image' title='Konferencja MEDYCYNA LABORATORYJNA 2024 &#8211; REJESTRACJA'><img decoding=\"async\" width=\"300\" height=\"199\" src=\"https:\/\/ptdl.pl\/ptdl\/wp-content\/uploads\/2023\/02\/news_017-300x199.jpg\" class=\"wp-image-808 avia-img-lazy-loading-not-808 attachment-medium size-medium wp-post-image\" alt=\"\" srcset=\"https:\/\/ptdl.pl\/ptdl\/wp-content\/uploads\/2023\/02\/news_017-300x199.jpg 300w, https:\/\/ptdl.pl\/ptdl\/wp-content\/uploads\/2023\/02\/news_017.jpg 500w\" sizes=\"(max-width: 300px) 100vw, 300px\" \/><\/a><div class=\"slide-content\"><header class=\"entry-content-header\"><h3 class='slide-entry-title entry-title '  itemprop=\"headline\" ><a href='https:\/\/ptdl.pl\/index.php\/2024\/05\/13\/konferencja-medycyna-laboratoryjna-2024-rejestracja\/' title='Konferencja MEDYCYNA LABORATORYJNA 2024 &#8211; REJESTRACJA'>Konferencja MEDYCYNA LABORATORYJNA 2024 &#8211; REJESTRACJA<\/a><\/h3><span class=\"av-vertical-delimiter\"><\/span><\/header><div class=\"slide-meta\"><time class='slide-meta-time updated'  itemprop=\"datePublished\" datetime=\"2024-05-13T22:16:12+02:00\" >2024-05-13<\/time><\/div><div class='slide-entry-excerpt entry-content'  itemprop=\"text\" ><div class=\"read-more-link\"><a href=\"https:\/\/ptdl.pl\/index.php\/2024\/05\/13\/konferencja-medycyna-laboratoryjna-2024-rejestracja\/\" class=\"more-link\">Czytaj dalej<span class=\"more-link-arrow\"><\/span><\/a><\/div><\/div><\/div><footer class=\"entry-footer\"><\/footer><span class='hidden'>\n\t\t\t\t<span class='av-structured-data'  itemprop=\"image\" itemscope=\"itemscope\" itemtype=\"https:\/\/schema.org\/ImageObject\" >\n\t\t\t\t\t\t<span itemprop='url'>https:\/\/ptdl.pl\/ptdl\/wp-content\/uploads\/2023\/02\/news_017.jpg<\/span>\n\t\t\t\t\t\t<span itemprop='height'>332<\/span>\n\t\t\t\t\t\t<span itemprop='width'>500<\/span>\n\t\t\t\t<\/span>\n\t\t\t\t<span class='av-structured-data'  itemprop=\"publisher\" itemtype=\"https:\/\/schema.org\/Organization\" itemscope=\"itemscope\" >\n\t\t\t\t\t\t<span itemprop='name'>admin<\/span>\n\t\t\t\t\t\t<span itemprop='logo' itemscope itemtype='https:\/\/schema.org\/ImageObject'>\n\t\t\t\t\t\t\t<span itemprop='url'>https:\/\/ptdl.pl\/wp-content\/uploads\/2023\/03\/logo_2.svg<\/span>\n\t\t\t\t\t\t<\/span>\n\t\t\t\t<\/span><span class='av-structured-data'  itemprop=\"author\" itemscope=\"itemscope\" itemtype=\"https:\/\/schema.org\/Person\" ><span itemprop='name'>admin<\/span><\/span><span class='av-structured-data'  itemprop=\"datePublished\" datetime=\"2023-02-03T12:54:00+01:00\" >2024-05-13 22:16:12<\/span><span class='av-structured-data'  itemprop=\"dateModified\" itemtype=\"https:\/\/schema.org\/dateModified\" >2024-05-24 10:49:38<\/span><span class='av-structured-data'  itemprop=\"mainEntityOfPage\" itemtype=\"https:\/\/schema.org\/mainEntityOfPage\" ><span itemprop='name'>Konferencja MEDYCYNA LABORATORYJNA 2024 &#8211; REJESTRACJA<\/span><\/span><\/span><\/article><article class='slide-entry flex_column  post-entry post-entry-3319 slide-entry-overview slide-loop-58 slide-parity-even  av_one_fourth  real-thumbnail post-format-image'  itemscope=\"itemscope\" itemtype=\"https:\/\/schema.org\/CreativeWork\" ><a href='https:\/\/ptdl.pl\/index.php\/2024\/05\/13\/mini-konferencja-immunochemia-w-diagnostyce-chorob-cywilizacyjnych-11-06-2024-gdansk\/' data-rel='slide-4' class='slide-image' title='Mini-konferencja &#8222;Immunochemia w diagnostyce chor\u00f3b cywilizacyjnych&#8221; 11.06.2024 Gda\u0144sk'><img decoding=\"async\" width=\"300\" height=\"168\" src=\"https:\/\/ptdl.pl\/ptdl\/wp-content\/uploads\/2024\/05\/Bez-nazwy.jpg\" class=\"wp-image-3323 avia-img-lazy-loading-not-3323 attachment-medium size-medium wp-post-image\" alt=\"\" \/><\/a><div class=\"slide-content\"><header class=\"entry-content-header\"><h3 class='slide-entry-title entry-title '  itemprop=\"headline\" ><a href='https:\/\/ptdl.pl\/index.php\/2024\/05\/13\/mini-konferencja-immunochemia-w-diagnostyce-chorob-cywilizacyjnych-11-06-2024-gdansk\/' title='Mini-konferencja &#8222;Immunochemia w diagnostyce chor\u00f3b cywilizacyjnych&#8221; 11.06.2024 Gda\u0144sk'>Mini-konferencja &#8222;Immunochemia w diagnostyce chor\u00f3b cywilizacyjnych&#8221; 11.06.2024 Gda\u0144sk<\/a><\/h3><span class=\"av-vertical-delimiter\"><\/span><\/header><div class=\"slide-meta\"><time class='slide-meta-time updated'  itemprop=\"datePublished\" datetime=\"2024-05-13T11:09:38+02:00\" >2024-05-13<\/time><\/div><div class='slide-entry-excerpt entry-content'  itemprop=\"text\" ><div class=\"read-more-link\"><a href=\"https:\/\/ptdl.pl\/index.php\/2024\/05\/13\/mini-konferencja-immunochemia-w-diagnostyce-chorob-cywilizacyjnych-11-06-2024-gdansk\/\" class=\"more-link\">Czytaj dalej<span class=\"more-link-arrow\"><\/span><\/a><\/div><\/div><\/div><footer class=\"entry-footer\"><\/footer><span class='hidden'>\n\t\t\t\t<span class='av-structured-data'  itemprop=\"image\" itemscope=\"itemscope\" itemtype=\"https:\/\/schema.org\/ImageObject\" >\n\t\t\t\t\t\t<span itemprop='url'>https:\/\/ptdl.pl\/ptdl\/wp-content\/uploads\/2024\/05\/Bez-nazwy.jpg<\/span>\n\t\t\t\t\t\t<span itemprop='height'>168<\/span>\n\t\t\t\t\t\t<span itemprop='width'>300<\/span>\n\t\t\t\t<\/span>\n\t\t\t\t<span class='av-structured-data'  itemprop=\"publisher\" itemtype=\"https:\/\/schema.org\/Organization\" itemscope=\"itemscope\" >\n\t\t\t\t\t\t<span itemprop='name'>Agnieszka Jankowska-Kulawy<\/span>\n\t\t\t\t\t\t<span itemprop='logo' itemscope itemtype='https:\/\/schema.org\/ImageObject'>\n\t\t\t\t\t\t\t<span itemprop='url'>https:\/\/ptdl.pl\/wp-content\/uploads\/2023\/03\/logo_2.svg<\/span>\n\t\t\t\t\t\t<\/span>\n\t\t\t\t<\/span><span class='av-structured-data'  itemprop=\"author\" itemscope=\"itemscope\" itemtype=\"https:\/\/schema.org\/Person\" ><span itemprop='name'>Agnieszka Jankowska-Kulawy<\/span><\/span><span class='av-structured-data'  itemprop=\"datePublished\" datetime=\"2023-02-03T12:54:00+01:00\" >2024-05-13 11:09:38<\/span><span class='av-structured-data'  itemprop=\"dateModified\" itemtype=\"https:\/\/schema.org\/dateModified\" >2024-05-13 11:13:15<\/span><span class='av-structured-data'  itemprop=\"mainEntityOfPage\" itemtype=\"https:\/\/schema.org\/mainEntityOfPage\" ><span itemprop='name'>Mini-konferencja &#8222;Immunochemia w diagnostyce chor\u00f3b cywilizacyjnych&#8221; 11.06.2024 Gda\u0144sk<\/span><\/span><\/span><\/article><article class='slide-entry flex_column  post-entry post-entry-3306 slide-entry-overview slide-loop-59 slide-parity-odd  av_one_fourth  real-thumbnail post-format-standard'  itemscope=\"itemscope\" itemtype=\"https:\/\/schema.org\/CreativeWork\" ><a href='https:\/\/ptdl.pl\/index.php\/2024\/05\/11\/rejestracja-na-konferencje-naukowo-szkoleniowa-oddzialu-ptdl-w-bydgoszczy-lysomice-2024-r\/' data-rel='slide-4' class='slide-image' title='Rejestracja na konferencj\u0119 naukowo-szkoleniow\u0105 Oddzia\u0142u PTDL w Bydgoszczy-\u0141ysomice 2024 r'><img decoding=\"async\" width=\"300\" height=\"200\" src=\"https:\/\/ptdl.pl\/ptdl\/wp-content\/uploads\/2024\/01\/2020-10-17-300x200.jpg\" class=\"wp-image-2586 avia-img-lazy-loading-not-2586 attachment-medium size-medium wp-post-image\" alt=\"\" srcset=\"https:\/\/ptdl.pl\/ptdl\/wp-content\/uploads\/2024\/01\/2020-10-17-300x200.jpg 300w, https:\/\/ptdl.pl\/ptdl\/wp-content\/uploads\/2024\/01\/2020-10-17-1030x686.jpg 1030w, https:\/\/ptdl.pl\/ptdl\/wp-content\/uploads\/2024\/01\/2020-10-17-768x512.jpg 768w, https:\/\/ptdl.pl\/ptdl\/wp-content\/uploads\/2024\/01\/2020-10-17-705x470.jpg 705w, https:\/\/ptdl.pl\/ptdl\/wp-content\/uploads\/2024\/01\/2020-10-17.jpg 1360w\" sizes=\"(max-width: 300px) 100vw, 300px\" \/><\/a><div class=\"slide-content\"><header class=\"entry-content-header\"><h3 class='slide-entry-title entry-title '  itemprop=\"headline\" ><a href='https:\/\/ptdl.pl\/index.php\/2024\/05\/11\/rejestracja-na-konferencje-naukowo-szkoleniowa-oddzialu-ptdl-w-bydgoszczy-lysomice-2024-r\/' title='Rejestracja na konferencj\u0119 naukowo-szkoleniow\u0105 Oddzia\u0142u PTDL w Bydgoszczy-\u0141ysomice 2024 r'>Rejestracja na konferencj\u0119 naukowo-szkoleniow\u0105 Oddzia\u0142u PTDL w Bydgoszczy-\u0141ysomice 2024 r<\/a><\/h3><span class=\"av-vertical-delimiter\"><\/span><\/header><div class=\"slide-meta\"><time class='slide-meta-time updated'  itemprop=\"datePublished\" datetime=\"2024-05-11T12:50:07+02:00\" >2024-05-11<\/time><\/div><div class='slide-entry-excerpt entry-content'  itemprop=\"text\" ><div class=\"read-more-link\"><a href=\"https:\/\/ptdl.pl\/index.php\/2024\/05\/11\/rejestracja-na-konferencje-naukowo-szkoleniowa-oddzialu-ptdl-w-bydgoszczy-lysomice-2024-r\/\" class=\"more-link\">Czytaj dalej<span class=\"more-link-arrow\"><\/span><\/a><\/div><\/div><\/div><footer class=\"entry-footer\"><\/footer><span class='hidden'>\n\t\t\t\t<span class='av-structured-data'  itemprop=\"image\" itemscope=\"itemscope\" itemtype=\"https:\/\/schema.org\/ImageObject\" >\n\t\t\t\t\t\t<span itemprop='url'>https:\/\/ptdl.pl\/ptdl\/wp-content\/uploads\/2024\/01\/2020-10-17.jpg<\/span>\n\t\t\t\t\t\t<span itemprop='height'>906<\/span>\n\t\t\t\t\t\t<span itemprop='width'>1360<\/span>\n\t\t\t\t<\/span>\n\t\t\t\t<span class='av-structured-data'  itemprop=\"publisher\" itemtype=\"https:\/\/schema.org\/Organization\" itemscope=\"itemscope\" >\n\t\t\t\t\t\t<span itemprop='name'>S\u0142awomira Balcerak<\/span>\n\t\t\t\t\t\t<span itemprop='logo' itemscope itemtype='https:\/\/schema.org\/ImageObject'>\n\t\t\t\t\t\t\t<span itemprop='url'>https:\/\/ptdl.pl\/wp-content\/uploads\/2023\/03\/logo_2.svg<\/span>\n\t\t\t\t\t\t<\/span>\n\t\t\t\t<\/span><span class='av-structured-data'  itemprop=\"author\" itemscope=\"itemscope\" itemtype=\"https:\/\/schema.org\/Person\" ><span itemprop='name'>S\u0142awomira Balcerak<\/span><\/span><span class='av-structured-data'  itemprop=\"datePublished\" datetime=\"2023-02-03T12:54:00+01:00\" >2024-05-11 12:50:07<\/span><span class='av-structured-data'  itemprop=\"dateModified\" itemtype=\"https:\/\/schema.org\/dateModified\" >2024-05-13 15:42:47<\/span><span class='av-structured-data'  itemprop=\"mainEntityOfPage\" itemtype=\"https:\/\/schema.org\/mainEntityOfPage\" ><span itemprop='name'>Rejestracja na konferencj\u0119 naukowo-szkoleniow\u0105 Oddzia\u0142u PTDL w Bydgoszczy-\u0141ysomice 2024 r<\/span><\/span><\/span><\/article><article class='slide-entry flex_column  post-entry post-entry-3259 slide-entry-overview slide-loop-60 slide-parity-even  av_one_fourth  real-thumbnail post-format-standard'  itemscope=\"itemscope\" itemtype=\"https:\/\/schema.org\/CreativeWork\" ><a href='https:\/\/ptdl.pl\/index.php\/2024\/04\/30\/konferencja-medycyna-laboratoryjna-2024\/' data-rel='slide-4' class='slide-image' title='Konferencja MEDYCYNA LABORATORYJNA 2024'><img decoding=\"async\" width=\"300\" height=\"200\" src=\"https:\/\/ptdl.pl\/ptdl\/wp-content\/uploads\/2024\/04\/mszczonow2024s-300x200.png\" class=\"wp-image-3282 avia-img-lazy-loading-not-3282 attachment-medium size-medium wp-post-image\" alt=\"\" srcset=\"https:\/\/ptdl.pl\/ptdl\/wp-content\/uploads\/2024\/04\/mszczonow2024s-300x200.png 300w, https:\/\/ptdl.pl\/ptdl\/wp-content\/uploads\/2024\/04\/mszczonow2024s.png 500w\" sizes=\"(max-width: 300px) 100vw, 300px\" \/><\/a><div class=\"slide-content\"><header class=\"entry-content-header\"><h3 class='slide-entry-title entry-title '  itemprop=\"headline\" ><a href='https:\/\/ptdl.pl\/index.php\/2024\/04\/30\/konferencja-medycyna-laboratoryjna-2024\/' title='Konferencja MEDYCYNA LABORATORYJNA 2024'>Konferencja MEDYCYNA LABORATORYJNA 2024<\/a><\/h3><span class=\"av-vertical-delimiter\"><\/span><\/header><div class=\"slide-meta\"><time class='slide-meta-time updated'  itemprop=\"datePublished\" datetime=\"2024-04-30T08:48:41+02:00\" >2024-04-30<\/time><\/div><div class='slide-entry-excerpt entry-content'  itemprop=\"text\" ><div class=\"read-more-link\"><a href=\"https:\/\/ptdl.pl\/index.php\/2024\/04\/30\/konferencja-medycyna-laboratoryjna-2024\/\" class=\"more-link\">Czytaj dalej<span class=\"more-link-arrow\"><\/span><\/a><\/div><\/div><\/div><footer class=\"entry-footer\"><\/footer><span class='hidden'>\n\t\t\t\t<span class='av-structured-data'  itemprop=\"image\" itemscope=\"itemscope\" itemtype=\"https:\/\/schema.org\/ImageObject\" >\n\t\t\t\t\t\t<span itemprop='url'>https:\/\/ptdl.pl\/ptdl\/wp-content\/uploads\/2024\/04\/mszczonow2024s.png<\/span>\n\t\t\t\t\t\t<span itemprop='height'>333<\/span>\n\t\t\t\t\t\t<span itemprop='width'>500<\/span>\n\t\t\t\t<\/span>\n\t\t\t\t<span class='av-structured-data'  itemprop=\"publisher\" itemtype=\"https:\/\/schema.org\/Organization\" itemscope=\"itemscope\" >\n\t\t\t\t\t\t<span itemprop='name'>admin<\/span>\n\t\t\t\t\t\t<span itemprop='logo' itemscope itemtype='https:\/\/schema.org\/ImageObject'>\n\t\t\t\t\t\t\t<span itemprop='url'>https:\/\/ptdl.pl\/wp-content\/uploads\/2023\/03\/logo_2.svg<\/span>\n\t\t\t\t\t\t<\/span>\n\t\t\t\t<\/span><span class='av-structured-data'  itemprop=\"author\" itemscope=\"itemscope\" itemtype=\"https:\/\/schema.org\/Person\" ><span itemprop='name'>admin<\/span><\/span><span class='av-structured-data'  itemprop=\"datePublished\" datetime=\"2023-02-03T12:54:00+01:00\" >2024-04-30 08:48:41<\/span><span class='av-structured-data'  itemprop=\"dateModified\" itemtype=\"https:\/\/schema.org\/dateModified\" >2024-05-07 13:42:02<\/span><span class='av-structured-data'  itemprop=\"mainEntityOfPage\" itemtype=\"https:\/\/schema.org\/mainEntityOfPage\" ><span itemprop='name'>Konferencja MEDYCYNA LABORATORYJNA 2024<\/span><\/span><\/span><\/article><\/div><div class=\"slide-entry-wrap\"><article class='slide-entry flex_column  post-entry post-entry-3251 slide-entry-overview slide-loop-61 slide-parity-odd  av_one_fourth first real-thumbnail post-format-standard'  itemscope=\"itemscope\" itemtype=\"https:\/\/schema.org\/CreativeWork\" ><a href='https:\/\/ptdl.pl\/index.php\/2024\/04\/24\/3251\/' data-rel='slide-4' class='slide-image' title='Konferencja Naukowo-Szkoleniowa O\/Bydgoszcz 05-06 czerwca 2024 r'><img decoding=\"async\" width=\"300\" height=\"200\" src=\"https:\/\/ptdl.pl\/ptdl\/wp-content\/uploads\/2024\/01\/2020-10-17-300x200.jpg\" class=\"wp-image-2586 avia-img-lazy-loading-not-2586 attachment-medium size-medium wp-post-image\" alt=\"\" srcset=\"https:\/\/ptdl.pl\/ptdl\/wp-content\/uploads\/2024\/01\/2020-10-17-300x200.jpg 300w, https:\/\/ptdl.pl\/ptdl\/wp-content\/uploads\/2024\/01\/2020-10-17-1030x686.jpg 1030w, https:\/\/ptdl.pl\/ptdl\/wp-content\/uploads\/2024\/01\/2020-10-17-768x512.jpg 768w, https:\/\/ptdl.pl\/ptdl\/wp-content\/uploads\/2024\/01\/2020-10-17-705x470.jpg 705w, https:\/\/ptdl.pl\/ptdl\/wp-content\/uploads\/2024\/01\/2020-10-17.jpg 1360w\" sizes=\"(max-width: 300px) 100vw, 300px\" \/><\/a><div class=\"slide-content\"><header class=\"entry-content-header\"><h3 class='slide-entry-title entry-title '  itemprop=\"headline\" ><a href='https:\/\/ptdl.pl\/index.php\/2024\/04\/24\/3251\/' title='Konferencja Naukowo-Szkoleniowa O\/Bydgoszcz 05-06 czerwca 2024 r'>Konferencja Naukowo-Szkoleniowa O\/Bydgoszcz 05-06 czerwca 2024 r<\/a><\/h3><span class=\"av-vertical-delimiter\"><\/span><\/header><div class=\"slide-meta\"><time class='slide-meta-time updated'  itemprop=\"datePublished\" datetime=\"2024-04-24T16:28:59+02:00\" >2024-04-24<\/time><\/div><div class='slide-entry-excerpt entry-content'  itemprop=\"text\" ><div class=\"read-more-link\"><a href=\"https:\/\/ptdl.pl\/index.php\/2024\/04\/24\/3251\/\" class=\"more-link\">Czytaj dalej<span class=\"more-link-arrow\"><\/span><\/a><\/div><\/div><\/div><footer class=\"entry-footer\"><\/footer><span class='hidden'>\n\t\t\t\t<span class='av-structured-data'  itemprop=\"image\" itemscope=\"itemscope\" itemtype=\"https:\/\/schema.org\/ImageObject\" >\n\t\t\t\t\t\t<span itemprop='url'>https:\/\/ptdl.pl\/ptdl\/wp-content\/uploads\/2024\/01\/2020-10-17.jpg<\/span>\n\t\t\t\t\t\t<span itemprop='height'>906<\/span>\n\t\t\t\t\t\t<span itemprop='width'>1360<\/span>\n\t\t\t\t<\/span>\n\t\t\t\t<span class='av-structured-data'  itemprop=\"publisher\" itemtype=\"https:\/\/schema.org\/Organization\" itemscope=\"itemscope\" >\n\t\t\t\t\t\t<span itemprop='name'>S\u0142awomira Balcerak<\/span>\n\t\t\t\t\t\t<span itemprop='logo' itemscope itemtype='https:\/\/schema.org\/ImageObject'>\n\t\t\t\t\t\t\t<span itemprop='url'>https:\/\/ptdl.pl\/wp-content\/uploads\/2023\/03\/logo_2.svg<\/span>\n\t\t\t\t\t\t<\/span>\n\t\t\t\t<\/span><span class='av-structured-data'  itemprop=\"author\" itemscope=\"itemscope\" itemtype=\"https:\/\/schema.org\/Person\" ><span itemprop='name'>S\u0142awomira Balcerak<\/span><\/span><span class='av-structured-data'  itemprop=\"datePublished\" datetime=\"2023-02-03T12:54:00+01:00\" >2024-04-24 16:28:59<\/span><span class='av-structured-data'  itemprop=\"dateModified\" itemtype=\"https:\/\/schema.org\/dateModified\" >2024-05-17 16:38:53<\/span><span class='av-structured-data'  itemprop=\"mainEntityOfPage\" itemtype=\"https:\/\/schema.org\/mainEntityOfPage\" ><span itemprop='name'>Konferencja Naukowo-Szkoleniowa O\/Bydgoszcz 05-06 czerwca 2024 r<\/span><\/span><\/span><\/article><article class='slide-entry flex_column  post-entry post-entry-3182 slide-entry-overview slide-loop-62 slide-parity-even  av_one_fourth  real-thumbnail post-format-standard'  itemscope=\"itemscope\" itemtype=\"https:\/\/schema.org\/CreativeWork\" ><a href='https:\/\/ptdl.pl\/index.php\/2024\/04\/15\/jubileuszowa-konferencja-z-okazji-xxx-lecia-katolickich-stowarzyszen-medycznych\/' data-rel='slide-4' class='slide-image' title='Jubileuszowa konferencja z okazji XXX-lecia Katolickich Stowarzysze\u0144 Medycznych'><img decoding=\"async\" width=\"300\" height=\"200\" src=\"https:\/\/ptdl.pl\/ptdl\/wp-content\/uploads\/2024\/04\/Zaproszenie_20Krak_C3_B3w1-300x200.png\" class=\"wp-image-3183 avia-img-lazy-loading-not-3183 attachment-medium size-medium wp-post-image\" alt=\"\" srcset=\"https:\/\/ptdl.pl\/ptdl\/wp-content\/uploads\/2024\/04\/Zaproszenie_20Krak_C3_B3w1-300x200.png 300w, https:\/\/ptdl.pl\/ptdl\/wp-content\/uploads\/2024\/04\/Zaproszenie_20Krak_C3_B3w1.png 500w\" sizes=\"(max-width: 300px) 100vw, 300px\" \/><\/a><div class=\"slide-content\"><header class=\"entry-content-header\"><h3 class='slide-entry-title entry-title '  itemprop=\"headline\" ><a href='https:\/\/ptdl.pl\/index.php\/2024\/04\/15\/jubileuszowa-konferencja-z-okazji-xxx-lecia-katolickich-stowarzyszen-medycznych\/' title='Jubileuszowa konferencja z okazji XXX-lecia Katolickich Stowarzysze\u0144 Medycznych'>Jubileuszowa konferencja z okazji XXX-lecia Katolickich Stowarzysze\u0144 Medycznych<\/a><\/h3><span class=\"av-vertical-delimiter\"><\/span><\/header><div class=\"slide-meta\"><time class='slide-meta-time updated'  itemprop=\"datePublished\" datetime=\"2024-04-15T11:55:59+02:00\" >2024-04-15<\/time><\/div><div class='slide-entry-excerpt entry-content'  itemprop=\"text\" ><div class=\"read-more-link\"><a href=\"https:\/\/ptdl.pl\/index.php\/2024\/04\/15\/jubileuszowa-konferencja-z-okazji-xxx-lecia-katolickich-stowarzyszen-medycznych\/\" class=\"more-link\">Czytaj dalej<span class=\"more-link-arrow\"><\/span><\/a><\/div><\/div><\/div><footer class=\"entry-footer\"><\/footer><span class='hidden'>\n\t\t\t\t<span class='av-structured-data'  itemprop=\"image\" itemscope=\"itemscope\" itemtype=\"https:\/\/schema.org\/ImageObject\" >\n\t\t\t\t\t\t<span itemprop='url'>https:\/\/ptdl.pl\/ptdl\/wp-content\/uploads\/2024\/04\/Zaproszenie_20Krak_C3_B3w1.png<\/span>\n\t\t\t\t\t\t<span itemprop='height'>333<\/span>\n\t\t\t\t\t\t<span itemprop='width'>500<\/span>\n\t\t\t\t<\/span>\n\t\t\t\t<span class='av-structured-data'  itemprop=\"publisher\" itemtype=\"https:\/\/schema.org\/Organization\" itemscope=\"itemscope\" >\n\t\t\t\t\t\t<span itemprop='name'>admin<\/span>\n\t\t\t\t\t\t<span itemprop='logo' itemscope itemtype='https:\/\/schema.org\/ImageObject'>\n\t\t\t\t\t\t\t<span itemprop='url'>https:\/\/ptdl.pl\/wp-content\/uploads\/2023\/03\/logo_2.svg<\/span>\n\t\t\t\t\t\t<\/span>\n\t\t\t\t<\/span><span class='av-structured-data'  itemprop=\"author\" itemscope=\"itemscope\" itemtype=\"https:\/\/schema.org\/Person\" ><span itemprop='name'>admin<\/span><\/span><span class='av-structured-data'  itemprop=\"datePublished\" datetime=\"2023-02-03T12:54:00+01:00\" >2024-04-15 11:55:59<\/span><span class='av-structured-data'  itemprop=\"dateModified\" itemtype=\"https:\/\/schema.org\/dateModified\" >2024-04-15 11:57:54<\/span><span class='av-structured-data'  itemprop=\"mainEntityOfPage\" itemtype=\"https:\/\/schema.org\/mainEntityOfPage\" ><span itemprop='name'>Jubileuszowa konferencja z okazji XXX-lecia Katolickich Stowarzysze\u0144 Medycznych<\/span><\/span><\/span><\/article><article class='slide-entry flex_column  post-entry post-entry-3172 slide-entry-overview slide-loop-63 slide-parity-odd  av_one_fourth  real-thumbnail post-format-standard'  itemscope=\"itemscope\" itemtype=\"https:\/\/schema.org\/CreativeWork\" ><a href='https:\/\/ptdl.pl\/index.php\/2024\/04\/11\/sympozjum-naukowe-katowickiego-oddzialu-ptdl\/' data-rel='slide-4' class='slide-image' title='Sympozjum Naukowe Katowickiego Oddzia\u0142u PTDL'><img decoding=\"async\" width=\"300\" height=\"169\" src=\"https:\/\/ptdl.pl\/ptdl\/wp-content\/uploads\/2024\/02\/oddzial_katowice-300x169.webp\" class=\"wp-image-2773 avia-img-lazy-loading-not-2773 attachment-medium size-medium wp-post-image\" alt=\"\" srcset=\"https:\/\/ptdl.pl\/ptdl\/wp-content\/uploads\/2024\/02\/oddzial_katowice-300x169.webp 300w, https:\/\/ptdl.pl\/ptdl\/wp-content\/uploads\/2024\/02\/oddzial_katowice-768x432.webp 768w, https:\/\/ptdl.pl\/ptdl\/wp-content\/uploads\/2024\/02\/oddzial_katowice-705x397.webp 705w, https:\/\/ptdl.pl\/ptdl\/wp-content\/uploads\/2024\/02\/oddzial_katowice.webp 800w\" sizes=\"(max-width: 300px) 100vw, 300px\" \/><\/a><div class=\"slide-content\"><header class=\"entry-content-header\"><h3 class='slide-entry-title entry-title '  itemprop=\"headline\" ><a href='https:\/\/ptdl.pl\/index.php\/2024\/04\/11\/sympozjum-naukowe-katowickiego-oddzialu-ptdl\/' title='Sympozjum Naukowe Katowickiego Oddzia\u0142u PTDL'>Sympozjum Naukowe Katowickiego Oddzia\u0142u PTDL<\/a><\/h3><span class=\"av-vertical-delimiter\"><\/span><\/header><div class=\"slide-meta\"><time class='slide-meta-time updated'  itemprop=\"datePublished\" datetime=\"2024-04-11T14:22:58+02:00\" >2024-04-11<\/time><\/div><div class='slide-entry-excerpt entry-content'  itemprop=\"text\" ><div class=\"read-more-link\"><a href=\"https:\/\/ptdl.pl\/index.php\/2024\/04\/11\/sympozjum-naukowe-katowickiego-oddzialu-ptdl\/\" class=\"more-link\">Czytaj dalej<span class=\"more-link-arrow\"><\/span><\/a><\/div><\/div><\/div><footer class=\"entry-footer\"><\/footer><span class='hidden'>\n\t\t\t\t<span class='av-structured-data'  itemprop=\"image\" itemscope=\"itemscope\" itemtype=\"https:\/\/schema.org\/ImageObject\" >\n\t\t\t\t\t\t<span itemprop='url'>https:\/\/ptdl.pl\/ptdl\/wp-content\/uploads\/2024\/02\/oddzial_katowice.webp<\/span>\n\t\t\t\t\t\t<span itemprop='height'>450<\/span>\n\t\t\t\t\t\t<span itemprop='width'>800<\/span>\n\t\t\t\t<\/span>\n\t\t\t\t<span class='av-structured-data'  itemprop=\"publisher\" itemtype=\"https:\/\/schema.org\/Organization\" itemscope=\"itemscope\" >\n\t\t\t\t\t\t<span itemprop='name'>Malwina Czech<\/span>\n\t\t\t\t\t\t<span itemprop='logo' itemscope itemtype='https:\/\/schema.org\/ImageObject'>\n\t\t\t\t\t\t\t<span itemprop='url'>https:\/\/ptdl.pl\/wp-content\/uploads\/2023\/03\/logo_2.svg<\/span>\n\t\t\t\t\t\t<\/span>\n\t\t\t\t<\/span><span class='av-structured-data'  itemprop=\"author\" itemscope=\"itemscope\" itemtype=\"https:\/\/schema.org\/Person\" ><span itemprop='name'>Malwina Czech<\/span><\/span><span class='av-structured-data'  itemprop=\"datePublished\" datetime=\"2023-02-03T12:54:00+01:00\" >2024-04-11 14:22:58<\/span><span class='av-structured-data'  itemprop=\"dateModified\" itemtype=\"https:\/\/schema.org\/dateModified\" >2024-04-11 14:22:58<\/span><span class='av-structured-data'  itemprop=\"mainEntityOfPage\" itemtype=\"https:\/\/schema.org\/mainEntityOfPage\" ><span itemprop='name'>Sympozjum Naukowe Katowickiego Oddzia\u0142u PTDL<\/span><\/span><\/span><\/article><article class='slide-entry flex_column  post-entry post-entry-3134 slide-entry-overview slide-loop-64 slide-parity-even  av_one_fourth  real-thumbnail post-format-standard'  itemscope=\"itemscope\" itemtype=\"https:\/\/schema.org\/CreativeWork\" ><a href='https:\/\/ptdl.pl\/index.php\/2024\/04\/05\/konferencja-interdyscyplinarne-problemy-diagnostyczno-terapeutyczne-w-populacji-geriatrycznej\/' data-rel='slide-4' class='slide-image' title='Konferencja &#8222;Interdyscyplinarne problemy diagnostyczno-terapeutyczne w populacji geriatrycznej&#8221;'><img decoding=\"async\" width=\"300\" height=\"200\" src=\"https:\/\/ptdl.pl\/ptdl\/wp-content\/uploads\/2023\/02\/news_022-300x200.jpg\" class=\"wp-image-813 avia-img-lazy-loading-not-813 attachment-medium size-medium wp-post-image\" alt=\"\" srcset=\"https:\/\/ptdl.pl\/ptdl\/wp-content\/uploads\/2023\/02\/news_022-300x200.jpg 300w, https:\/\/ptdl.pl\/ptdl\/wp-content\/uploads\/2023\/02\/news_022.jpg 500w\" sizes=\"(max-width: 300px) 100vw, 300px\" \/><\/a><div class=\"slide-content\"><header class=\"entry-content-header\"><h3 class='slide-entry-title entry-title '  itemprop=\"headline\" ><a href='https:\/\/ptdl.pl\/index.php\/2024\/04\/05\/konferencja-interdyscyplinarne-problemy-diagnostyczno-terapeutyczne-w-populacji-geriatrycznej\/' title='Konferencja &#8222;Interdyscyplinarne problemy diagnostyczno-terapeutyczne w populacji geriatrycznej&#8221;'>Konferencja &#8222;Interdyscyplinarne problemy diagnostyczno-terapeutyczne w populacji geriatrycznej&#8221;<\/a><\/h3><span class=\"av-vertical-delimiter\"><\/span><\/header><div class=\"slide-meta\"><time class='slide-meta-time updated'  itemprop=\"datePublished\" datetime=\"2024-04-05T11:07:46+02:00\" >2024-04-05<\/time><\/div><div class='slide-entry-excerpt entry-content'  itemprop=\"text\" ><div class=\"read-more-link\"><a href=\"https:\/\/ptdl.pl\/index.php\/2024\/04\/05\/konferencja-interdyscyplinarne-problemy-diagnostyczno-terapeutyczne-w-populacji-geriatrycznej\/\" class=\"more-link\">Czytaj dalej<span class=\"more-link-arrow\"><\/span><\/a><\/div><\/div><\/div><footer class=\"entry-footer\"><\/footer><span class='hidden'>\n\t\t\t\t<span class='av-structured-data'  itemprop=\"image\" itemscope=\"itemscope\" itemtype=\"https:\/\/schema.org\/ImageObject\" >\n\t\t\t\t\t\t<span itemprop='url'>https:\/\/ptdl.pl\/ptdl\/wp-content\/uploads\/2023\/02\/news_022.jpg<\/span>\n\t\t\t\t\t\t<span itemprop='height'>333<\/span>\n\t\t\t\t\t\t<span itemprop='width'>500<\/span>\n\t\t\t\t<\/span>\n\t\t\t\t<span class='av-structured-data'  itemprop=\"publisher\" itemtype=\"https:\/\/schema.org\/Organization\" itemscope=\"itemscope\" >\n\t\t\t\t\t\t<span itemprop='name'>Anna Z\u0105bek-Adamska<\/span>\n\t\t\t\t\t\t<span itemprop='logo' itemscope itemtype='https:\/\/schema.org\/ImageObject'>\n\t\t\t\t\t\t\t<span itemprop='url'>https:\/\/ptdl.pl\/wp-content\/uploads\/2023\/03\/logo_2.svg<\/span>\n\t\t\t\t\t\t<\/span>\n\t\t\t\t<\/span><span class='av-structured-data'  itemprop=\"author\" itemscope=\"itemscope\" itemtype=\"https:\/\/schema.org\/Person\" ><span itemprop='name'>Anna Z\u0105bek-Adamska<\/span><\/span><span class='av-structured-data'  itemprop=\"datePublished\" datetime=\"2023-02-03T12:54:00+01:00\" >2024-04-05 11:07:46<\/span><span class='av-structured-data'  itemprop=\"dateModified\" itemtype=\"https:\/\/schema.org\/dateModified\" >2024-04-05 11:10:18<\/span><span class='av-structured-data'  itemprop=\"mainEntityOfPage\" itemtype=\"https:\/\/schema.org\/mainEntityOfPage\" ><span itemprop='name'>Konferencja &#8222;Interdyscyplinarne problemy diagnostyczno-terapeutyczne w populacji geriatrycznej&#8221;<\/span><\/span><\/span><\/article><\/div><div class=\"slide-entry-wrap\"><article class='slide-entry flex_column  post-entry post-entry-3116 slide-entry-overview slide-loop-65 slide-parity-odd  av_one_fourth first real-thumbnail post-format-standard'  itemscope=\"itemscope\" itemtype=\"https:\/\/schema.org\/CreativeWork\" ><a href='https:\/\/ptdl.pl\/index.php\/2024\/04\/02\/xvi-naukowo-szkoleniowy-zjazd-stowarzyszenia-kolegium-medycyny-laboratoryjnej-w-polsce\/' data-rel='slide-4' class='slide-image' title='XVI Naukowo-Szkoleniowy Zjazd STOWARZYSZENIA KOLEGIUM MEDYCYNY LABORATORYJNEJ W POLSCE'><img decoding=\"async\" width=\"300\" height=\"199\" src=\"https:\/\/ptdl.pl\/ptdl\/wp-content\/uploads\/2023\/02\/news_017-300x199.jpg\" class=\"wp-image-808 avia-img-lazy-loading-not-808 attachment-medium size-medium wp-post-image\" alt=\"\" srcset=\"https:\/\/ptdl.pl\/ptdl\/wp-content\/uploads\/2023\/02\/news_017-300x199.jpg 300w, https:\/\/ptdl.pl\/ptdl\/wp-content\/uploads\/2023\/02\/news_017.jpg 500w\" sizes=\"(max-width: 300px) 100vw, 300px\" \/><\/a><div class=\"slide-content\"><header class=\"entry-content-header\"><h3 class='slide-entry-title entry-title '  itemprop=\"headline\" ><a href='https:\/\/ptdl.pl\/index.php\/2024\/04\/02\/xvi-naukowo-szkoleniowy-zjazd-stowarzyszenia-kolegium-medycyny-laboratoryjnej-w-polsce\/' title='XVI Naukowo-Szkoleniowy Zjazd STOWARZYSZENIA KOLEGIUM MEDYCYNY LABORATORYJNEJ W POLSCE'>XVI Naukowo-Szkoleniowy Zjazd STOWARZYSZENIA KOLEGIUM MEDYCYNY LABORATORYJNEJ W POLSCE<\/a><\/h3><span class=\"av-vertical-delimiter\"><\/span><\/header><div class=\"slide-meta\"><time class='slide-meta-time updated'  itemprop=\"datePublished\" datetime=\"2024-04-02T11:20:39+02:00\" >2024-04-02<\/time><\/div><div class='slide-entry-excerpt entry-content'  itemprop=\"text\" ><div class=\"read-more-link\"><a href=\"https:\/\/ptdl.pl\/index.php\/2024\/04\/02\/xvi-naukowo-szkoleniowy-zjazd-stowarzyszenia-kolegium-medycyny-laboratoryjnej-w-polsce\/\" class=\"more-link\">Czytaj dalej<span class=\"more-link-arrow\"><\/span><\/a><\/div><\/div><\/div><footer class=\"entry-footer\"><\/footer><span class='hidden'>\n\t\t\t\t<span class='av-structured-data'  itemprop=\"image\" itemscope=\"itemscope\" itemtype=\"https:\/\/schema.org\/ImageObject\" >\n\t\t\t\t\t\t<span itemprop='url'>https:\/\/ptdl.pl\/ptdl\/wp-content\/uploads\/2023\/02\/news_017.jpg<\/span>\n\t\t\t\t\t\t<span itemprop='height'>332<\/span>\n\t\t\t\t\t\t<span itemprop='width'>500<\/span>\n\t\t\t\t<\/span>\n\t\t\t\t<span class='av-structured-data'  itemprop=\"publisher\" itemtype=\"https:\/\/schema.org\/Organization\" itemscope=\"itemscope\" >\n\t\t\t\t\t\t<span itemprop='name'>admin<\/span>\n\t\t\t\t\t\t<span itemprop='logo' itemscope itemtype='https:\/\/schema.org\/ImageObject'>\n\t\t\t\t\t\t\t<span itemprop='url'>https:\/\/ptdl.pl\/wp-content\/uploads\/2023\/03\/logo_2.svg<\/span>\n\t\t\t\t\t\t<\/span>\n\t\t\t\t<\/span><span class='av-structured-data'  itemprop=\"author\" itemscope=\"itemscope\" itemtype=\"https:\/\/schema.org\/Person\" ><span itemprop='name'>admin<\/span><\/span><span class='av-structured-data'  itemprop=\"datePublished\" datetime=\"2023-02-03T12:54:00+01:00\" >2024-04-02 11:20:39<\/span><span class='av-structured-data'  itemprop=\"dateModified\" itemtype=\"https:\/\/schema.org\/dateModified\" >2024-04-09 08:31:13<\/span><span class='av-structured-data'  itemprop=\"mainEntityOfPage\" itemtype=\"https:\/\/schema.org\/mainEntityOfPage\" ><span itemprop='name'>XVI Naukowo-Szkoleniowy Zjazd STOWARZYSZENIA KOLEGIUM MEDYCYNY LABORATORYJNEJ W POLSCE<\/span><\/span><\/span><\/article><article class='slide-entry flex_column  post-entry post-entry-3044 slide-entry-overview slide-loop-66 slide-parity-even  av_one_fourth  real-thumbnail post-format-standard'  itemscope=\"itemscope\" itemtype=\"https:\/\/schema.org\/CreativeWork\" ><a href='https:\/\/ptdl.pl\/index.php\/2024\/03\/22\/program-xi-konferencji-naukowo-szkoleniowej-pomorskie-spotkania-z-diagnostyka-2024-11-04-12-04-2024-r\/' data-rel='slide-4' class='slide-image' title='Program XI KONFERENCJI NAUKOWO &#8211; SZKOLENIOWEJ \u201ePOMORSKIE SPOTKANIA Z DIAGNOSTYK\u0104\u201d 2024 11.04. &#8211; 12.04.2024 r.,'><img decoding=\"async\" width=\"300\" height=\"200\" src=\"https:\/\/ptdl.pl\/ptdl\/wp-content\/uploads\/2023\/12\/news_60-300x200.jpg\" class=\"wp-image-2035 avia-img-lazy-loading-not-2035 attachment-medium size-medium wp-post-image\" alt=\"\" srcset=\"https:\/\/ptdl.pl\/ptdl\/wp-content\/uploads\/2023\/12\/news_60-300x200.jpg 300w, https:\/\/ptdl.pl\/ptdl\/wp-content\/uploads\/2023\/12\/news_60.jpg 500w\" sizes=\"(max-width: 300px) 100vw, 300px\" \/><\/a><div class=\"slide-content\"><header class=\"entry-content-header\"><h3 class='slide-entry-title entry-title '  itemprop=\"headline\" ><a href='https:\/\/ptdl.pl\/index.php\/2024\/03\/22\/program-xi-konferencji-naukowo-szkoleniowej-pomorskie-spotkania-z-diagnostyka-2024-11-04-12-04-2024-r\/' title='Program XI KONFERENCJI NAUKOWO &#8211; SZKOLENIOWEJ \u201ePOMORSKIE SPOTKANIA Z DIAGNOSTYK\u0104\u201d 2024 11.04. &#8211; 12.04.2024 r.,'>Program XI KONFERENCJI NAUKOWO &#8211; SZKOLENIOWEJ \u201ePOMORSKIE SPOTKANIA Z DIAGNOSTYK\u0104\u201d 2024 11.04. &#8211; 12.04.2024 r.,<\/a><\/h3><span class=\"av-vertical-delimiter\"><\/span><\/header><div class=\"slide-meta\"><time class='slide-meta-time updated'  itemprop=\"datePublished\" datetime=\"2024-03-22T10:24:29+01:00\" >2024-03-22<\/time><\/div><div class='slide-entry-excerpt entry-content'  itemprop=\"text\" ><div class=\"read-more-link\"><a href=\"https:\/\/ptdl.pl\/index.php\/2024\/03\/22\/program-xi-konferencji-naukowo-szkoleniowej-pomorskie-spotkania-z-diagnostyka-2024-11-04-12-04-2024-r\/\" class=\"more-link\">Czytaj dalej<span class=\"more-link-arrow\"><\/span><\/a><\/div><\/div><\/div><footer class=\"entry-footer\"><\/footer><span class='hidden'>\n\t\t\t\t<span class='av-structured-data'  itemprop=\"image\" itemscope=\"itemscope\" itemtype=\"https:\/\/schema.org\/ImageObject\" >\n\t\t\t\t\t\t<span itemprop='url'>https:\/\/ptdl.pl\/ptdl\/wp-content\/uploads\/2023\/12\/news_60.jpg<\/span>\n\t\t\t\t\t\t<span itemprop='height'>333<\/span>\n\t\t\t\t\t\t<span itemprop='width'>500<\/span>\n\t\t\t\t<\/span>\n\t\t\t\t<span class='av-structured-data'  itemprop=\"publisher\" itemtype=\"https:\/\/schema.org\/Organization\" itemscope=\"itemscope\" >\n\t\t\t\t\t\t<span itemprop='name'>Agnieszka Jankowska-Kulawy<\/span>\n\t\t\t\t\t\t<span itemprop='logo' itemscope itemtype='https:\/\/schema.org\/ImageObject'>\n\t\t\t\t\t\t\t<span itemprop='url'>https:\/\/ptdl.pl\/wp-content\/uploads\/2023\/03\/logo_2.svg<\/span>\n\t\t\t\t\t\t<\/span>\n\t\t\t\t<\/span><span class='av-structured-data'  itemprop=\"author\" itemscope=\"itemscope\" itemtype=\"https:\/\/schema.org\/Person\" ><span itemprop='name'>Agnieszka Jankowska-Kulawy<\/span><\/span><span class='av-structured-data'  itemprop=\"datePublished\" datetime=\"2023-02-03T12:54:00+01:00\" >2024-03-22 10:24:29<\/span><span class='av-structured-data'  itemprop=\"dateModified\" itemtype=\"https:\/\/schema.org\/dateModified\" >2024-03-27 12:04:48<\/span><span class='av-structured-data'  itemprop=\"mainEntityOfPage\" itemtype=\"https:\/\/schema.org\/mainEntityOfPage\" ><span itemprop='name'>Program XI KONFERENCJI NAUKOWO &#8211; SZKOLENIOWEJ \u201ePOMORSKIE SPOTKANIA Z DIAGNOSTYK\u0104\u201d 2024 11.04. &#8211; 12.04.2024 r.,<\/span><\/span><\/span><\/article><article class='slide-entry flex_column  post-entry post-entry-3032 slide-entry-overview slide-loop-67 slide-parity-odd  av_one_fourth  real-thumbnail post-format-standard'  itemscope=\"itemscope\" itemtype=\"https:\/\/schema.org\/CreativeWork\" ><a href='https:\/\/ptdl.pl\/index.php\/2024\/03\/19\/sympozjum-naukowo-szkoleniowe-katowickiego-oddzialu-ptdl\/' data-rel='slide-4' class='slide-image' title='Sympozjum Naukowo-Szkoleniowe Katowickiego Oddzia\u0142u PTDL'><img decoding=\"async\" width=\"300\" height=\"200\" src=\"https:\/\/ptdl.pl\/ptdl\/wp-content\/uploads\/2023\/02\/news_028-300x200.jpg\" class=\"wp-image-819 avia-img-lazy-loading-not-819 attachment-medium size-medium wp-post-image\" alt=\"\" srcset=\"https:\/\/ptdl.pl\/ptdl\/wp-content\/uploads\/2023\/02\/news_028-300x200.jpg 300w, https:\/\/ptdl.pl\/ptdl\/wp-content\/uploads\/2023\/02\/news_028.jpg 500w\" sizes=\"(max-width: 300px) 100vw, 300px\" \/><\/a><div class=\"slide-content\"><header class=\"entry-content-header\"><h3 class='slide-entry-title entry-title '  itemprop=\"headline\" ><a href='https:\/\/ptdl.pl\/index.php\/2024\/03\/19\/sympozjum-naukowo-szkoleniowe-katowickiego-oddzialu-ptdl\/' title='Sympozjum Naukowo-Szkoleniowe Katowickiego Oddzia\u0142u PTDL'>Sympozjum Naukowo-Szkoleniowe Katowickiego Oddzia\u0142u PTDL<\/a><\/h3><span class=\"av-vertical-delimiter\"><\/span><\/header><div class=\"slide-meta\"><time class='slide-meta-time updated'  itemprop=\"datePublished\" datetime=\"2024-03-19T14:17:44+01:00\" >2024-03-19<\/time><\/div><div class='slide-entry-excerpt entry-content'  itemprop=\"text\" ><div class=\"read-more-link\"><a href=\"https:\/\/ptdl.pl\/index.php\/2024\/03\/19\/sympozjum-naukowo-szkoleniowe-katowickiego-oddzialu-ptdl\/\" class=\"more-link\">Czytaj dalej<span class=\"more-link-arrow\"><\/span><\/a><\/div><\/div><\/div><footer class=\"entry-footer\"><\/footer><span class='hidden'>\n\t\t\t\t<span class='av-structured-data'  itemprop=\"image\" itemscope=\"itemscope\" itemtype=\"https:\/\/schema.org\/ImageObject\" >\n\t\t\t\t\t\t<span itemprop='url'>https:\/\/ptdl.pl\/ptdl\/wp-content\/uploads\/2023\/02\/news_028.jpg<\/span>\n\t\t\t\t\t\t<span itemprop='height'>333<\/span>\n\t\t\t\t\t\t<span itemprop='width'>500<\/span>\n\t\t\t\t<\/span>\n\t\t\t\t<span class='av-structured-data'  itemprop=\"publisher\" itemtype=\"https:\/\/schema.org\/Organization\" itemscope=\"itemscope\" >\n\t\t\t\t\t\t<span itemprop='name'>admin<\/span>\n\t\t\t\t\t\t<span itemprop='logo' itemscope itemtype='https:\/\/schema.org\/ImageObject'>\n\t\t\t\t\t\t\t<span itemprop='url'>https:\/\/ptdl.pl\/wp-content\/uploads\/2023\/03\/logo_2.svg<\/span>\n\t\t\t\t\t\t<\/span>\n\t\t\t\t<\/span><span class='av-structured-data'  itemprop=\"author\" itemscope=\"itemscope\" itemtype=\"https:\/\/schema.org\/Person\" ><span itemprop='name'>admin<\/span><\/span><span class='av-structured-data'  itemprop=\"datePublished\" datetime=\"2023-02-03T12:54:00+01:00\" >2024-03-19 14:17:44<\/span><span class='av-structured-data'  itemprop=\"dateModified\" itemtype=\"https:\/\/schema.org\/dateModified\" >2024-03-19 14:17:44<\/span><span class='av-structured-data'  itemprop=\"mainEntityOfPage\" itemtype=\"https:\/\/schema.org\/mainEntityOfPage\" ><span itemprop='name'>Sympozjum Naukowo-Szkoleniowe Katowickiego Oddzia\u0142u PTDL<\/span><\/span><\/span><\/article><article class='slide-entry flex_column  post-entry post-entry-2992 slide-entry-overview slide-loop-68 slide-parity-even  av_one_fourth  real-thumbnail post-format-standard'  itemscope=\"itemscope\" itemtype=\"https:\/\/schema.org\/CreativeWork\" ><a href='https:\/\/ptdl.pl\/index.php\/2024\/03\/15\/konferencja-naukowo-szkoleniowa-opolskiego-oddzialu-ptdl-program\/' data-rel='slide-4' class='slide-image' title='Konferencja Naukowo-Szkoleniowa Opolskiego Oddzia\u0142u PTDL &#8211; Program'><img decoding=\"async\" width=\"300\" height=\"200\" src=\"https:\/\/ptdl.pl\/ptdl\/wp-content\/uploads\/2024\/03\/news_65-300x200.jpg\" class=\"wp-image-3009 avia-img-lazy-loading-not-3009 attachment-medium size-medium wp-post-image\" alt=\"\" srcset=\"https:\/\/ptdl.pl\/ptdl\/wp-content\/uploads\/2024\/03\/news_65-300x200.jpg 300w, https:\/\/ptdl.pl\/ptdl\/wp-content\/uploads\/2024\/03\/news_65.jpg 500w\" sizes=\"(max-width: 300px) 100vw, 300px\" \/><\/a><div class=\"slide-content\"><header class=\"entry-content-header\"><h3 class='slide-entry-title entry-title '  itemprop=\"headline\" ><a href='https:\/\/ptdl.pl\/index.php\/2024\/03\/15\/konferencja-naukowo-szkoleniowa-opolskiego-oddzialu-ptdl-program\/' title='Konferencja Naukowo-Szkoleniowa Opolskiego Oddzia\u0142u PTDL &#8211; Program'>Konferencja Naukowo-Szkoleniowa Opolskiego Oddzia\u0142u PTDL &#8211; Program<\/a><\/h3><span class=\"av-vertical-delimiter\"><\/span><\/header><div class=\"slide-meta\"><time class='slide-meta-time updated'  itemprop=\"datePublished\" datetime=\"2024-03-15T19:27:41+01:00\" >2024-03-15<\/time><\/div><div class='slide-entry-excerpt entry-content'  itemprop=\"text\" ><div class=\"read-more-link\"><a href=\"https:\/\/ptdl.pl\/index.php\/2024\/03\/15\/konferencja-naukowo-szkoleniowa-opolskiego-oddzialu-ptdl-program\/\" class=\"more-link\">Czytaj dalej<span class=\"more-link-arrow\"><\/span><\/a><\/div><\/div><\/div><footer class=\"entry-footer\"><\/footer><span class='hidden'>\n\t\t\t\t<span class='av-structured-data'  itemprop=\"image\" itemscope=\"itemscope\" itemtype=\"https:\/\/schema.org\/ImageObject\" >\n\t\t\t\t\t\t<span itemprop='url'>https:\/\/ptdl.pl\/ptdl\/wp-content\/uploads\/2024\/03\/news_65.jpg<\/span>\n\t\t\t\t\t\t<span itemprop='height'>333<\/span>\n\t\t\t\t\t\t<span itemprop='width'>500<\/span>\n\t\t\t\t<\/span>\n\t\t\t\t<span class='av-structured-data'  itemprop=\"publisher\" itemtype=\"https:\/\/schema.org\/Organization\" itemscope=\"itemscope\" >\n\t\t\t\t\t\t<span itemprop='name'>Ewa Gawrylak-Dryja<\/span>\n\t\t\t\t\t\t<span itemprop='logo' itemscope itemtype='https:\/\/schema.org\/ImageObject'>\n\t\t\t\t\t\t\t<span itemprop='url'>https:\/\/ptdl.pl\/wp-content\/uploads\/2023\/03\/logo_2.svg<\/span>\n\t\t\t\t\t\t<\/span>\n\t\t\t\t<\/span><span class='av-structured-data'  itemprop=\"author\" itemscope=\"itemscope\" itemtype=\"https:\/\/schema.org\/Person\" ><span itemprop='name'>Ewa Gawrylak-Dryja<\/span><\/span><span class='av-structured-data'  itemprop=\"datePublished\" datetime=\"2023-02-03T12:54:00+01:00\" >2024-03-15 19:27:41<\/span><span class='av-structured-data'  itemprop=\"dateModified\" itemtype=\"https:\/\/schema.org\/dateModified\" >2024-03-27 12:11:57<\/span><span class='av-structured-data'  itemprop=\"mainEntityOfPage\" itemtype=\"https:\/\/schema.org\/mainEntityOfPage\" ><span itemprop='name'>Konferencja Naukowo-Szkoleniowa Opolskiego Oddzia\u0142u PTDL &#8211; Program<\/span><\/span><\/span><\/article><\/div><div class=\"slide-entry-wrap\"><article class='slide-entry flex_column  post-entry post-entry-2878 slide-entry-overview slide-loop-69 slide-parity-odd  av_one_fourth first real-thumbnail post-format-standard'  itemscope=\"itemscope\" itemtype=\"https:\/\/schema.org\/CreativeWork\" ><a href='https:\/\/ptdl.pl\/index.php\/2024\/03\/06\/ix-kongres-wyzwan-zdrowotnych\/' data-rel='slide-4' class='slide-image' title='IX Kongres Wyzwa\u0144 Zdrowotnych'><img decoding=\"async\" width=\"300\" height=\"200\" src=\"https:\/\/ptdl.pl\/ptdl\/wp-content\/uploads\/2024\/03\/hcccongres_s-300x200.jpg\" class=\"wp-image-2917 avia-img-lazy-loading-not-2917 attachment-medium size-medium wp-post-image\" alt=\"\" srcset=\"https:\/\/ptdl.pl\/ptdl\/wp-content\/uploads\/2024\/03\/hcccongres_s-300x200.jpg 300w, https:\/\/ptdl.pl\/ptdl\/wp-content\/uploads\/2024\/03\/hcccongres_s.jpg 500w\" sizes=\"(max-width: 300px) 100vw, 300px\" \/><\/a><div class=\"slide-content\"><header class=\"entry-content-header\"><h3 class='slide-entry-title entry-title '  itemprop=\"headline\" ><a href='https:\/\/ptdl.pl\/index.php\/2024\/03\/06\/ix-kongres-wyzwan-zdrowotnych\/' title='IX Kongres Wyzwa\u0144 Zdrowotnych'>IX Kongres Wyzwa\u0144 Zdrowotnych<\/a><\/h3><span class=\"av-vertical-delimiter\"><\/span><\/header><div class=\"slide-meta\"><time class='slide-meta-time updated'  itemprop=\"datePublished\" datetime=\"2024-03-06T09:15:12+01:00\" >2024-03-06<\/time><\/div><div class='slide-entry-excerpt entry-content'  itemprop=\"text\" ><div class=\"read-more-link\"><a href=\"https:\/\/ptdl.pl\/index.php\/2024\/03\/06\/ix-kongres-wyzwan-zdrowotnych\/\" class=\"more-link\">Czytaj dalej<span class=\"more-link-arrow\"><\/span><\/a><\/div><\/div><\/div><footer class=\"entry-footer\"><\/footer><span class='hidden'>\n\t\t\t\t<span class='av-structured-data'  itemprop=\"image\" itemscope=\"itemscope\" itemtype=\"https:\/\/schema.org\/ImageObject\" >\n\t\t\t\t\t\t<span itemprop='url'>https:\/\/ptdl.pl\/ptdl\/wp-content\/uploads\/2024\/03\/hcccongres_s.jpg<\/span>\n\t\t\t\t\t\t<span itemprop='height'>333<\/span>\n\t\t\t\t\t\t<span itemprop='width'>500<\/span>\n\t\t\t\t<\/span>\n\t\t\t\t<span class='av-structured-data'  itemprop=\"publisher\" itemtype=\"https:\/\/schema.org\/Organization\" itemscope=\"itemscope\" >\n\t\t\t\t\t\t<span itemprop='name'>admin<\/span>\n\t\t\t\t\t\t<span itemprop='logo' itemscope itemtype='https:\/\/schema.org\/ImageObject'>\n\t\t\t\t\t\t\t<span itemprop='url'>https:\/\/ptdl.pl\/wp-content\/uploads\/2023\/03\/logo_2.svg<\/span>\n\t\t\t\t\t\t<\/span>\n\t\t\t\t<\/span><span class='av-structured-data'  itemprop=\"author\" itemscope=\"itemscope\" itemtype=\"https:\/\/schema.org\/Person\" ><span itemprop='name'>admin<\/span><\/span><span class='av-structured-data'  itemprop=\"datePublished\" datetime=\"2023-02-03T12:54:00+01:00\" >2024-03-06 09:15:12<\/span><span class='av-structured-data'  itemprop=\"dateModified\" itemtype=\"https:\/\/schema.org\/dateModified\" >2024-03-08 12:10:30<\/span><span class='av-structured-data'  itemprop=\"mainEntityOfPage\" itemtype=\"https:\/\/schema.org\/mainEntityOfPage\" ><span itemprop='name'>IX Kongres Wyzwa\u0144 Zdrowotnych<\/span><\/span><\/span><\/article><article class='slide-entry flex_column  post-entry post-entry-2852 slide-entry-overview slide-loop-70 slide-parity-even  av_one_fourth  real-thumbnail post-format-standard'  itemscope=\"itemscope\" itemtype=\"https:\/\/schema.org\/CreativeWork\" ><a href='https:\/\/ptdl.pl\/index.php\/2024\/03\/01\/konferencja-naukowa-bialostockiego-oddzialu-ptdl-wiosenne-spotkania-z-diagnostyka-laboratoryjna-bialystok-dn-16-17-maja-2024-roku\/' data-rel='slide-4' class='slide-image' title='Konferencja Naukowa Bia\u0142ostockiego Oddzia\u0142u PTDL \u201eWiosenne Spotkania z Diagnostyk\u0105 Laboratoryjn\u0105\u201d Bia\u0142ystok, dn. 16 &#8211; 17 maja 2024 roku'><img decoding=\"async\" width=\"300\" height=\"200\" src=\"https:\/\/ptdl.pl\/ptdl\/wp-content\/uploads\/2023\/12\/news_60-300x200.jpg\" class=\"wp-image-2035 avia-img-lazy-loading-not-2035 attachment-medium size-medium wp-post-image\" alt=\"\" srcset=\"https:\/\/ptdl.pl\/ptdl\/wp-content\/uploads\/2023\/12\/news_60-300x200.jpg 300w, https:\/\/ptdl.pl\/ptdl\/wp-content\/uploads\/2023\/12\/news_60.jpg 500w\" sizes=\"(max-width: 300px) 100vw, 300px\" \/><\/a><div class=\"slide-content\"><header class=\"entry-content-header\"><h3 class='slide-entry-title entry-title '  itemprop=\"headline\" ><a href='https:\/\/ptdl.pl\/index.php\/2024\/03\/01\/konferencja-naukowa-bialostockiego-oddzialu-ptdl-wiosenne-spotkania-z-diagnostyka-laboratoryjna-bialystok-dn-16-17-maja-2024-roku\/' title='Konferencja Naukowa Bia\u0142ostockiego Oddzia\u0142u PTDL \u201eWiosenne Spotkania z Diagnostyk\u0105 Laboratoryjn\u0105\u201d Bia\u0142ystok, dn. 16 &#8211; 17 maja 2024 roku'>Konferencja Naukowa Bia\u0142ostockiego Oddzia\u0142u PTDL \u201eWiosenne Spotkania z Diagnostyk\u0105 Laboratoryjn\u0105\u201d Bia\u0142ystok, dn. 16 &#8211; 17 maja 2024 roku<\/a><\/h3><span class=\"av-vertical-delimiter\"><\/span><\/header><div class=\"slide-meta\"><time class='slide-meta-time updated'  itemprop=\"datePublished\" datetime=\"2024-03-01T21:45:47+01:00\" >2024-03-01<\/time><\/div><div class='slide-entry-excerpt entry-content'  itemprop=\"text\" ><div class=\"read-more-link\"><a href=\"https:\/\/ptdl.pl\/index.php\/2024\/03\/01\/konferencja-naukowa-bialostockiego-oddzialu-ptdl-wiosenne-spotkania-z-diagnostyka-laboratoryjna-bialystok-dn-16-17-maja-2024-roku\/\" class=\"more-link\">Czytaj dalej<span class=\"more-link-arrow\"><\/span><\/a><\/div><\/div><\/div><footer class=\"entry-footer\"><\/footer><span class='hidden'>\n\t\t\t\t<span class='av-structured-data'  itemprop=\"image\" itemscope=\"itemscope\" itemtype=\"https:\/\/schema.org\/ImageObject\" >\n\t\t\t\t\t\t<span itemprop='url'>https:\/\/ptdl.pl\/ptdl\/wp-content\/uploads\/2023\/12\/news_60.jpg<\/span>\n\t\t\t\t\t\t<span itemprop='height'>333<\/span>\n\t\t\t\t\t\t<span itemprop='width'>500<\/span>\n\t\t\t\t<\/span>\n\t\t\t\t<span class='av-structured-data'  itemprop=\"publisher\" itemtype=\"https:\/\/schema.org\/Organization\" itemscope=\"itemscope\" >\n\t\t\t\t\t\t<span itemprop='name'>Ma\u0142gorzata Rusak<\/span>\n\t\t\t\t\t\t<span itemprop='logo' itemscope itemtype='https:\/\/schema.org\/ImageObject'>\n\t\t\t\t\t\t\t<span itemprop='url'>https:\/\/ptdl.pl\/wp-content\/uploads\/2023\/03\/logo_2.svg<\/span>\n\t\t\t\t\t\t<\/span>\n\t\t\t\t<\/span><span class='av-structured-data'  itemprop=\"author\" itemscope=\"itemscope\" itemtype=\"https:\/\/schema.org\/Person\" ><span itemprop='name'>Ma\u0142gorzata Rusak<\/span><\/span><span class='av-structured-data'  itemprop=\"datePublished\" datetime=\"2023-02-03T12:54:00+01:00\" >2024-03-01 21:45:47<\/span><span class='av-structured-data'  itemprop=\"dateModified\" itemtype=\"https:\/\/schema.org\/dateModified\" >2024-03-01 21:45:47<\/span><span class='av-structured-data'  itemprop=\"mainEntityOfPage\" itemtype=\"https:\/\/schema.org\/mainEntityOfPage\" ><span itemprop='name'>Konferencja Naukowa Bia\u0142ostockiego Oddzia\u0142u PTDL \u201eWiosenne Spotkania z Diagnostyk\u0105 Laboratoryjn\u0105\u201d Bia\u0142ystok, dn. 16 &#8211; 17 maja 2024 roku<\/span><\/span><\/span><\/article><article class='slide-entry flex_column  post-entry post-entry-2822 slide-entry-overview slide-loop-71 slide-parity-odd  av_one_fourth  real-thumbnail post-format-standard'  itemscope=\"itemscope\" itemtype=\"https:\/\/schema.org\/CreativeWork\" ><a href='https:\/\/ptdl.pl\/index.php\/2024\/02\/28\/konferencja-randox-acusera-roadshow-wewnatrzlaboratoryjna-kontrola-jakosci-poznan-18-04-2024r-godz-12-00\/' data-rel='slide-4' class='slide-image' title='Konferencja \u201eRandox Acusera Roadshow- wewn\u0105trzlaboratoryjna kontrola jako\u015bci\u201d Pozna\u0144, 18.04.2024r. godz. 12.00'><img decoding=\"async\" width=\"219\" height=\"300\" src=\"https:\/\/ptdl.pl\/ptdl\/wp-content\/uploads\/2024\/02\/Zrzut-ekranu-8-219x300.png\" class=\"wp-image-3146 avia-img-lazy-loading-not-3146 attachment-medium size-medium wp-post-image\" alt=\"\" srcset=\"https:\/\/ptdl.pl\/ptdl\/wp-content\/uploads\/2024\/02\/Zrzut-ekranu-8-219x300.png 219w, https:\/\/ptdl.pl\/ptdl\/wp-content\/uploads\/2024\/02\/Zrzut-ekranu-8.png 331w\" sizes=\"(max-width: 219px) 100vw, 219px\" \/><\/a><div class=\"slide-content\"><header class=\"entry-content-header\"><h3 class='slide-entry-title entry-title '  itemprop=\"headline\" ><a href='https:\/\/ptdl.pl\/index.php\/2024\/02\/28\/konferencja-randox-acusera-roadshow-wewnatrzlaboratoryjna-kontrola-jakosci-poznan-18-04-2024r-godz-12-00\/' title='Konferencja \u201eRandox Acusera Roadshow- wewn\u0105trzlaboratoryjna kontrola jako\u015bci\u201d Pozna\u0144, 18.04.2024r. godz. 12.00'>Konferencja \u201eRandox Acusera Roadshow- wewn\u0105trzlaboratoryjna kontrola jako\u015bci\u201d Pozna\u0144, 18.04.2024r. godz. 12.00<\/a><\/h3><span class=\"av-vertical-delimiter\"><\/span><\/header><div class=\"slide-meta\"><time class='slide-meta-time updated'  itemprop=\"datePublished\" datetime=\"2024-02-28T21:45:41+01:00\" >2024-02-28<\/time><\/div><div class='slide-entry-excerpt entry-content'  itemprop=\"text\" ><div class=\"read-more-link\"><a href=\"https:\/\/ptdl.pl\/index.php\/2024\/02\/28\/konferencja-randox-acusera-roadshow-wewnatrzlaboratoryjna-kontrola-jakosci-poznan-18-04-2024r-godz-12-00\/\" class=\"more-link\">Czytaj dalej<span class=\"more-link-arrow\"><\/span><\/a><\/div><\/div><\/div><footer class=\"entry-footer\"><\/footer><span class='hidden'>\n\t\t\t\t<span class='av-structured-data'  itemprop=\"image\" itemscope=\"itemscope\" itemtype=\"https:\/\/schema.org\/ImageObject\" >\n\t\t\t\t\t\t<span itemprop='url'>https:\/\/ptdl.pl\/ptdl\/wp-content\/uploads\/2024\/02\/Zrzut-ekranu-8.png<\/span>\n\t\t\t\t\t\t<span itemprop='height'>453<\/span>\n\t\t\t\t\t\t<span itemprop='width'>331<\/span>\n\t\t\t\t<\/span>\n\t\t\t\t<span class='av-structured-data'  itemprop=\"publisher\" itemtype=\"https:\/\/schema.org\/Organization\" itemscope=\"itemscope\" >\n\t\t\t\t\t\t<span itemprop='name'>Ma\u0142gorzata Zieli\u0144ska-Przyjemska<\/span>\n\t\t\t\t\t\t<span itemprop='logo' itemscope itemtype='https:\/\/schema.org\/ImageObject'>\n\t\t\t\t\t\t\t<span itemprop='url'>https:\/\/ptdl.pl\/wp-content\/uploads\/2023\/03\/logo_2.svg<\/span>\n\t\t\t\t\t\t<\/span>\n\t\t\t\t<\/span><span class='av-structured-data'  itemprop=\"author\" itemscope=\"itemscope\" itemtype=\"https:\/\/schema.org\/Person\" ><span itemprop='name'>Ma\u0142gorzata Zieli\u0144ska-Przyjemska<\/span><\/span><span class='av-structured-data'  itemprop=\"datePublished\" datetime=\"2023-02-03T12:54:00+01:00\" >2024-02-28 21:45:41<\/span><span class='av-structured-data'  itemprop=\"dateModified\" itemtype=\"https:\/\/schema.org\/dateModified\" >2024-04-05 21:18:13<\/span><span class='av-structured-data'  itemprop=\"mainEntityOfPage\" itemtype=\"https:\/\/schema.org\/mainEntityOfPage\" ><span itemprop='name'>Konferencja \u201eRandox Acusera Roadshow- wewn\u0105trzlaboratoryjna kontrola jako\u015bci\u201d Pozna\u0144, 18.04.2024r. godz. 12.00<\/span><\/span><\/span><\/article><article class='slide-entry flex_column  post-entry post-entry-2797 slide-entry-overview slide-loop-72 slide-parity-even  av_one_fourth  real-thumbnail post-format-standard'  itemscope=\"itemscope\" itemtype=\"https:\/\/schema.org\/CreativeWork\" ><a href='https:\/\/ptdl.pl\/index.php\/2024\/02\/22\/2797\/' data-rel='slide-4' class='slide-image' title='Konferencja Randox QC Roadshow \u2013 Warszawa'><img decoding=\"async\" width=\"300\" height=\"200\" src=\"https:\/\/ptdl.pl\/ptdl\/wp-content\/uploads\/2024\/03\/Randox-300x200.png\" class=\"wp-image-2918 avia-img-lazy-loading-not-2918 attachment-medium size-medium wp-post-image\" alt=\"\" srcset=\"https:\/\/ptdl.pl\/ptdl\/wp-content\/uploads\/2024\/03\/Randox-300x200.png 300w, https:\/\/ptdl.pl\/ptdl\/wp-content\/uploads\/2024\/03\/Randox.png 500w\" sizes=\"(max-width: 300px) 100vw, 300px\" \/><\/a><div class=\"slide-content\"><header class=\"entry-content-header\"><h3 class='slide-entry-title entry-title '  itemprop=\"headline\" ><a href='https:\/\/ptdl.pl\/index.php\/2024\/02\/22\/2797\/' title='Konferencja Randox QC Roadshow \u2013 Warszawa'>Konferencja Randox QC Roadshow \u2013 Warszawa<\/a><\/h3><span class=\"av-vertical-delimiter\"><\/span><\/header><div class=\"slide-meta\"><time class='slide-meta-time updated'  itemprop=\"datePublished\" datetime=\"2024-02-22T12:01:01+01:00\" >2024-02-22<\/time><\/div><div class='slide-entry-excerpt entry-content'  itemprop=\"text\" ><div class=\"read-more-link\"><a href=\"https:\/\/ptdl.pl\/index.php\/2024\/02\/22\/2797\/\" class=\"more-link\">Czytaj dalej<span class=\"more-link-arrow\"><\/span><\/a><\/div><\/div><\/div><footer class=\"entry-footer\"><\/footer><span class='hidden'>\n\t\t\t\t<span class='av-structured-data'  itemprop=\"image\" itemscope=\"itemscope\" itemtype=\"https:\/\/schema.org\/ImageObject\" >\n\t\t\t\t\t\t<span itemprop='url'>https:\/\/ptdl.pl\/ptdl\/wp-content\/uploads\/2024\/03\/Randox.png<\/span>\n\t\t\t\t\t\t<span itemprop='height'>333<\/span>\n\t\t\t\t\t\t<span itemprop='width'>500<\/span>\n\t\t\t\t<\/span>\n\t\t\t\t<span class='av-structured-data'  itemprop=\"publisher\" itemtype=\"https:\/\/schema.org\/Organization\" itemscope=\"itemscope\" >\n\t\t\t\t\t\t<span itemprop='name'>Olga Ciepiela<\/span>\n\t\t\t\t\t\t<span itemprop='logo' itemscope itemtype='https:\/\/schema.org\/ImageObject'>\n\t\t\t\t\t\t\t<span itemprop='url'>https:\/\/ptdl.pl\/wp-content\/uploads\/2023\/03\/logo_2.svg<\/span>\n\t\t\t\t\t\t<\/span>\n\t\t\t\t<\/span><span class='av-structured-data'  itemprop=\"author\" itemscope=\"itemscope\" itemtype=\"https:\/\/schema.org\/Person\" ><span itemprop='name'>Olga Ciepiela<\/span><\/span><span class='av-structured-data'  itemprop=\"datePublished\" datetime=\"2023-02-03T12:54:00+01:00\" >2024-02-22 12:01:01<\/span><span class='av-structured-data'  itemprop=\"dateModified\" itemtype=\"https:\/\/schema.org\/dateModified\" >2024-03-08 12:17:07<\/span><span class='av-structured-data'  itemprop=\"mainEntityOfPage\" itemtype=\"https:\/\/schema.org\/mainEntityOfPage\" ><span itemprop='name'>Konferencja Randox QC Roadshow \u2013 Warszawa<\/span><\/span><\/span><\/article><\/div><div class=\"slide-entry-wrap\"><article class='slide-entry flex_column  post-entry post-entry-2690 slide-entry-overview slide-loop-73 slide-parity-odd  av_one_fourth first real-thumbnail post-format-standard'  itemscope=\"itemscope\" itemtype=\"https:\/\/schema.org\/CreativeWork\" ><a href='https:\/\/ptdl.pl\/index.php\/2024\/02\/08\/xi-konferencja-naukowo-szkoleniowa-pomorskie-spotkania-z-diagnostyka-2024-11-04-12-04-2024-r-gdansk-sobieszewo\/' data-rel='slide-4' class='slide-image' title='XI KONFERENCJA NAUKOWO &#8211; SZKOLENIOWA \u201ePOMORSKIE SPOTKANIA Z DIAGNOSTYK\u0104\u201d 2024 11.04. &#8211; 12.04.2024 r., Gda\u0144sk-Sobieszewo'><img decoding=\"async\" width=\"300\" height=\"199\" src=\"https:\/\/ptdl.pl\/ptdl\/wp-content\/uploads\/2023\/02\/news_017-300x199.jpg\" class=\"wp-image-808 avia-img-lazy-loading-not-808 attachment-medium size-medium wp-post-image\" alt=\"\" srcset=\"https:\/\/ptdl.pl\/ptdl\/wp-content\/uploads\/2023\/02\/news_017-300x199.jpg 300w, https:\/\/ptdl.pl\/ptdl\/wp-content\/uploads\/2023\/02\/news_017.jpg 500w\" sizes=\"(max-width: 300px) 100vw, 300px\" \/><\/a><div class=\"slide-content\"><header class=\"entry-content-header\"><h3 class='slide-entry-title entry-title '  itemprop=\"headline\" ><a href='https:\/\/ptdl.pl\/index.php\/2024\/02\/08\/xi-konferencja-naukowo-szkoleniowa-pomorskie-spotkania-z-diagnostyka-2024-11-04-12-04-2024-r-gdansk-sobieszewo\/' title='XI KONFERENCJA NAUKOWO &#8211; SZKOLENIOWA \u201ePOMORSKIE SPOTKANIA Z DIAGNOSTYK\u0104\u201d 2024 11.04. &#8211; 12.04.2024 r., Gda\u0144sk-Sobieszewo'>XI KONFERENCJA NAUKOWO &#8211; SZKOLENIOWA \u201ePOMORSKIE SPOTKANIA Z DIAGNOSTYK\u0104\u201d 2024 11.04. &#8211; 12.04.2024 r., Gda\u0144sk-Sobieszewo<\/a><\/h3><span class=\"av-vertical-delimiter\"><\/span><\/header><div class=\"slide-meta\"><time class='slide-meta-time updated'  itemprop=\"datePublished\" datetime=\"2024-02-08T11:17:41+01:00\" >2024-02-08<\/time><\/div><div class='slide-entry-excerpt entry-content'  itemprop=\"text\" ><div class=\"read-more-link\"><a href=\"https:\/\/ptdl.pl\/index.php\/2024\/02\/08\/xi-konferencja-naukowo-szkoleniowa-pomorskie-spotkania-z-diagnostyka-2024-11-04-12-04-2024-r-gdansk-sobieszewo\/\" class=\"more-link\">Czytaj dalej<span class=\"more-link-arrow\"><\/span><\/a><\/div><\/div><\/div><footer class=\"entry-footer\"><\/footer><span class='hidden'>\n\t\t\t\t<span class='av-structured-data'  itemprop=\"image\" itemscope=\"itemscope\" itemtype=\"https:\/\/schema.org\/ImageObject\" >\n\t\t\t\t\t\t<span itemprop='url'>https:\/\/ptdl.pl\/ptdl\/wp-content\/uploads\/2023\/02\/news_017.jpg<\/span>\n\t\t\t\t\t\t<span itemprop='height'>332<\/span>\n\t\t\t\t\t\t<span itemprop='width'>500<\/span>\n\t\t\t\t<\/span>\n\t\t\t\t<span class='av-structured-data'  itemprop=\"publisher\" itemtype=\"https:\/\/schema.org\/Organization\" itemscope=\"itemscope\" >\n\t\t\t\t\t\t<span itemprop='name'>Agnieszka Jankowska-Kulawy<\/span>\n\t\t\t\t\t\t<span itemprop='logo' itemscope itemtype='https:\/\/schema.org\/ImageObject'>\n\t\t\t\t\t\t\t<span itemprop='url'>https:\/\/ptdl.pl\/wp-content\/uploads\/2023\/03\/logo_2.svg<\/span>\n\t\t\t\t\t\t<\/span>\n\t\t\t\t<\/span><span class='av-structured-data'  itemprop=\"author\" itemscope=\"itemscope\" itemtype=\"https:\/\/schema.org\/Person\" ><span itemprop='name'>Agnieszka Jankowska-Kulawy<\/span><\/span><span class='av-structured-data'  itemprop=\"datePublished\" datetime=\"2023-02-03T12:54:00+01:00\" >2024-02-08 11:17:41<\/span><span class='av-structured-data'  itemprop=\"dateModified\" itemtype=\"https:\/\/schema.org\/dateModified\" >2024-02-08 15:30:48<\/span><span class='av-structured-data'  itemprop=\"mainEntityOfPage\" itemtype=\"https:\/\/schema.org\/mainEntityOfPage\" ><span itemprop='name'>XI KONFERENCJA NAUKOWO &#8211; SZKOLENIOWA \u201ePOMORSKIE SPOTKANIA Z DIAGNOSTYK\u0104\u201d 2024 11.04. &#8211; 12.04.2024 r., Gda\u0144sk-Sobieszewo<\/span><\/span><\/span><\/article><article class='slide-entry flex_column  post-entry post-entry-2680 slide-entry-overview slide-loop-74 slide-parity-even  av_one_fourth  real-thumbnail post-format-standard'  itemscope=\"itemscope\" itemtype=\"https:\/\/schema.org\/CreativeWork\" ><a href='https:\/\/ptdl.pl\/index.php\/2024\/02\/06\/konferencja-naukowo-szkoleniowa-opolskiego-oddzialu-ptdl\/' data-rel='slide-4' class='slide-image' title='Konferencja Naukowo-Szkoleniowa Opolskiego Oddzia\u0142u PTDL'><img decoding=\"async\" width=\"300\" height=\"200\" src=\"https:\/\/ptdl.pl\/ptdl\/wp-content\/uploads\/2023\/12\/news_44-300x200.jpg\" class=\"wp-image-2019 avia-img-lazy-loading-not-2019 attachment-medium size-medium wp-post-image\" alt=\"\" srcset=\"https:\/\/ptdl.pl\/ptdl\/wp-content\/uploads\/2023\/12\/news_44-300x200.jpg 300w, https:\/\/ptdl.pl\/ptdl\/wp-content\/uploads\/2023\/12\/news_44.jpg 500w\" sizes=\"(max-width: 300px) 100vw, 300px\" \/><\/a><div class=\"slide-content\"><header class=\"entry-content-header\"><h3 class='slide-entry-title entry-title '  itemprop=\"headline\" ><a href='https:\/\/ptdl.pl\/index.php\/2024\/02\/06\/konferencja-naukowo-szkoleniowa-opolskiego-oddzialu-ptdl\/' title='Konferencja Naukowo-Szkoleniowa Opolskiego Oddzia\u0142u PTDL'>Konferencja Naukowo-Szkoleniowa Opolskiego Oddzia\u0142u PTDL<\/a><\/h3><span class=\"av-vertical-delimiter\"><\/span><\/header><div class=\"slide-meta\"><time class='slide-meta-time updated'  itemprop=\"datePublished\" datetime=\"2024-02-06T19:39:53+01:00\" >2024-02-06<\/time><\/div><div class='slide-entry-excerpt entry-content'  itemprop=\"text\" ><div class=\"read-more-link\"><a href=\"https:\/\/ptdl.pl\/index.php\/2024\/02\/06\/konferencja-naukowo-szkoleniowa-opolskiego-oddzialu-ptdl\/\" class=\"more-link\">Czytaj dalej<span class=\"more-link-arrow\"><\/span><\/a><\/div><\/div><\/div><footer class=\"entry-footer\"><\/footer><span class='hidden'>\n\t\t\t\t<span class='av-structured-data'  itemprop=\"image\" itemscope=\"itemscope\" itemtype=\"https:\/\/schema.org\/ImageObject\" >\n\t\t\t\t\t\t<span itemprop='url'>https:\/\/ptdl.pl\/ptdl\/wp-content\/uploads\/2023\/12\/news_44.jpg<\/span>\n\t\t\t\t\t\t<span itemprop='height'>333<\/span>\n\t\t\t\t\t\t<span itemprop='width'>500<\/span>\n\t\t\t\t<\/span>\n\t\t\t\t<span class='av-structured-data'  itemprop=\"publisher\" itemtype=\"https:\/\/schema.org\/Organization\" itemscope=\"itemscope\" >\n\t\t\t\t\t\t<span itemprop='name'>Ewa Gawrylak-Dryja<\/span>\n\t\t\t\t\t\t<span itemprop='logo' itemscope itemtype='https:\/\/schema.org\/ImageObject'>\n\t\t\t\t\t\t\t<span itemprop='url'>https:\/\/ptdl.pl\/wp-content\/uploads\/2023\/03\/logo_2.svg<\/span>\n\t\t\t\t\t\t<\/span>\n\t\t\t\t<\/span><span class='av-structured-data'  itemprop=\"author\" itemscope=\"itemscope\" itemtype=\"https:\/\/schema.org\/Person\" ><span itemprop='name'>Ewa Gawrylak-Dryja<\/span><\/span><span class='av-structured-data'  itemprop=\"datePublished\" datetime=\"2023-02-03T12:54:00+01:00\" >2024-02-06 19:39:53<\/span><span class='av-structured-data'  itemprop=\"dateModified\" itemtype=\"https:\/\/schema.org\/dateModified\" >2024-02-08 15:36:53<\/span><span class='av-structured-data'  itemprop=\"mainEntityOfPage\" itemtype=\"https:\/\/schema.org\/mainEntityOfPage\" ><span itemprop='name'>Konferencja Naukowo-Szkoleniowa Opolskiego Oddzia\u0142u PTDL<\/span><\/span><\/span><\/article><article class='slide-entry flex_column  post-entry post-entry-2664 slide-entry-overview slide-loop-75 slide-parity-odd  av_one_fourth  real-thumbnail post-format-standard'  itemscope=\"itemscope\" itemtype=\"https:\/\/schema.org\/CreativeWork\" ><a href='https:\/\/ptdl.pl\/index.php\/2024\/02\/06\/konferencja-naukowo-szkoleniowa-poznan-28-02-2024r\/' data-rel='slide-4' class='slide-image' title='Konferencja naukowo-szkoleniowa pt. &#8222;Labtalks 2024. Diagnostyka laboratoryjna \u2013 kluczowy element post\u0119powania klinicznego z pacjentem&#8221; &#8211; Pozna\u0144, 28.02.2024r.'><img decoding=\"async\" width=\"300\" height=\"200\" src=\"https:\/\/ptdl.pl\/ptdl\/wp-content\/uploads\/2024\/02\/Zaproszenie11-2-300x200.jpg\" class=\"wp-image-2740 avia-img-lazy-loading-not-2740 attachment-medium size-medium wp-post-image\" alt=\"\" srcset=\"https:\/\/ptdl.pl\/ptdl\/wp-content\/uploads\/2024\/02\/Zaproszenie11-2-300x200.jpg 300w, https:\/\/ptdl.pl\/ptdl\/wp-content\/uploads\/2024\/02\/Zaproszenie11-2.jpg 500w\" sizes=\"(max-width: 300px) 100vw, 300px\" \/><\/a><div class=\"slide-content\"><header class=\"entry-content-header\"><h3 class='slide-entry-title entry-title '  itemprop=\"headline\" ><a href='https:\/\/ptdl.pl\/index.php\/2024\/02\/06\/konferencja-naukowo-szkoleniowa-poznan-28-02-2024r\/' title='Konferencja naukowo-szkoleniowa pt. &#8222;Labtalks 2024. Diagnostyka laboratoryjna \u2013 kluczowy element post\u0119powania klinicznego z pacjentem&#8221; &#8211; Pozna\u0144, 28.02.2024r.'>Konferencja naukowo-szkoleniowa pt. &#8222;Labtalks 2024. Diagnostyka laboratoryjna \u2013 kluczowy element post\u0119powania klinicznego z pacjentem&#8221; &#8211; Pozna\u0144, 28.02.2024r.<\/a><\/h3><span class=\"av-vertical-delimiter\"><\/span><\/header><div class=\"slide-meta\"><time class='slide-meta-time updated'  itemprop=\"datePublished\" datetime=\"2024-02-06T18:37:25+01:00\" >2024-02-06<\/time><\/div><div class='slide-entry-excerpt entry-content'  itemprop=\"text\" ><div class=\"read-more-link\"><a href=\"https:\/\/ptdl.pl\/index.php\/2024\/02\/06\/konferencja-naukowo-szkoleniowa-poznan-28-02-2024r\/\" class=\"more-link\">Czytaj dalej<span class=\"more-link-arrow\"><\/span><\/a><\/div><\/div><\/div><footer class=\"entry-footer\"><\/footer><span class='hidden'>\n\t\t\t\t<span class='av-structured-data'  itemprop=\"image\" itemscope=\"itemscope\" itemtype=\"https:\/\/schema.org\/ImageObject\" >\n\t\t\t\t\t\t<span itemprop='url'>https:\/\/ptdl.pl\/ptdl\/wp-content\/uploads\/2024\/02\/Zaproszenie11-2.jpg<\/span>\n\t\t\t\t\t\t<span itemprop='height'>333<\/span>\n\t\t\t\t\t\t<span itemprop='width'>500<\/span>\n\t\t\t\t<\/span>\n\t\t\t\t<span class='av-structured-data'  itemprop=\"publisher\" itemtype=\"https:\/\/schema.org\/Organization\" itemscope=\"itemscope\" >\n\t\t\t\t\t\t<span itemprop='name'>Ma\u0142gorzata Zieli\u0144ska-Przyjemska<\/span>\n\t\t\t\t\t\t<span itemprop='logo' itemscope itemtype='https:\/\/schema.org\/ImageObject'>\n\t\t\t\t\t\t\t<span itemprop='url'>https:\/\/ptdl.pl\/wp-content\/uploads\/2023\/03\/logo_2.svg<\/span>\n\t\t\t\t\t\t<\/span>\n\t\t\t\t<\/span><span class='av-structured-data'  itemprop=\"author\" itemscope=\"itemscope\" itemtype=\"https:\/\/schema.org\/Person\" ><span itemprop='name'>Ma\u0142gorzata Zieli\u0144ska-Przyjemska<\/span><\/span><span class='av-structured-data'  itemprop=\"datePublished\" datetime=\"2023-02-03T12:54:00+01:00\" >2024-02-06 18:37:25<\/span><span class='av-structured-data'  itemprop=\"dateModified\" itemtype=\"https:\/\/schema.org\/dateModified\" >2024-02-22 15:48:04<\/span><span class='av-structured-data'  itemprop=\"mainEntityOfPage\" itemtype=\"https:\/\/schema.org\/mainEntityOfPage\" ><span itemprop='name'>Konferencja naukowo-szkoleniowa pt. &#8222;Labtalks 2024. Diagnostyka laboratoryjna \u2013 kluczowy element post\u0119powania klinicznego z pacjentem&#8221; &#8211; Pozna\u0144, 28.02.2024r.<\/span><\/span><\/span><\/article><article class='slide-entry flex_column  post-entry post-entry-2657 slide-entry-overview slide-loop-76 slide-parity-even  av_one_fourth  real-thumbnail post-format-standard'  itemscope=\"itemscope\" itemtype=\"https:\/\/schema.org\/CreativeWork\" ><a href='https:\/\/ptdl.pl\/index.php\/2024\/02\/04\/konferencja-nowotwory-narastajace-wyzwanie-medycyny-laboratoryjnej-poznan-19-marca-2024-r\/' data-rel='slide-4' class='slide-image' title='Konferencja \u201eNowotwory \u2013 narastaj\u0105ce wyzwanie medycyny laboratoryjnej\u201d &#8211; Pozna\u0144, 19 marca 2024 r.'><img decoding=\"async\" width=\"300\" height=\"200\" src=\"https:\/\/ptdl.pl\/ptdl\/wp-content\/uploads\/2024\/02\/Konferencja-PTDL-1080x1080-1-1030x1030-1-300x200.png\" class=\"wp-image-2743 avia-img-lazy-loading-not-2743 attachment-medium size-medium wp-post-image\" alt=\"\" srcset=\"https:\/\/ptdl.pl\/ptdl\/wp-content\/uploads\/2024\/02\/Konferencja-PTDL-1080x1080-1-1030x1030-1-300x200.png 300w, https:\/\/ptdl.pl\/ptdl\/wp-content\/uploads\/2024\/02\/Konferencja-PTDL-1080x1080-1-1030x1030-1.png 500w\" sizes=\"(max-width: 300px) 100vw, 300px\" \/><\/a><div class=\"slide-content\"><header class=\"entry-content-header\"><h3 class='slide-entry-title entry-title '  itemprop=\"headline\" ><a href='https:\/\/ptdl.pl\/index.php\/2024\/02\/04\/konferencja-nowotwory-narastajace-wyzwanie-medycyny-laboratoryjnej-poznan-19-marca-2024-r\/' title='Konferencja \u201eNowotwory \u2013 narastaj\u0105ce wyzwanie medycyny laboratoryjnej\u201d &#8211; Pozna\u0144, 19 marca 2024 r.'>Konferencja \u201eNowotwory \u2013 narastaj\u0105ce wyzwanie medycyny laboratoryjnej\u201d &#8211; Pozna\u0144, 19 marca 2024 r.<\/a><\/h3><span class=\"av-vertical-delimiter\"><\/span><\/header><div class=\"slide-meta\"><time class='slide-meta-time updated'  itemprop=\"datePublished\" datetime=\"2024-02-04T13:53:15+01:00\" >2024-02-04<\/time><\/div><div class='slide-entry-excerpt entry-content'  itemprop=\"text\" ><div class=\"read-more-link\"><a href=\"https:\/\/ptdl.pl\/index.php\/2024\/02\/04\/konferencja-nowotwory-narastajace-wyzwanie-medycyny-laboratoryjnej-poznan-19-marca-2024-r\/\" class=\"more-link\">Czytaj dalej<span class=\"more-link-arrow\"><\/span><\/a><\/div><\/div><\/div><footer class=\"entry-footer\"><\/footer><span class='hidden'>\n\t\t\t\t<span class='av-structured-data'  itemprop=\"image\" itemscope=\"itemscope\" itemtype=\"https:\/\/schema.org\/ImageObject\" >\n\t\t\t\t\t\t<span itemprop='url'>https:\/\/ptdl.pl\/ptdl\/wp-content\/uploads\/2024\/02\/Konferencja-PTDL-1080x1080-1-1030x1030-1.png<\/span>\n\t\t\t\t\t\t<span itemprop='height'>333<\/span>\n\t\t\t\t\t\t<span itemprop='width'>500<\/span>\n\t\t\t\t<\/span>\n\t\t\t\t<span class='av-structured-data'  itemprop=\"publisher\" itemtype=\"https:\/\/schema.org\/Organization\" itemscope=\"itemscope\" >\n\t\t\t\t\t\t<span itemprop='name'>Ma\u0142gorzata Zieli\u0144ska-Przyjemska<\/span>\n\t\t\t\t\t\t<span itemprop='logo' itemscope itemtype='https:\/\/schema.org\/ImageObject'>\n\t\t\t\t\t\t\t<span itemprop='url'>https:\/\/ptdl.pl\/wp-content\/uploads\/2023\/03\/logo_2.svg<\/span>\n\t\t\t\t\t\t<\/span>\n\t\t\t\t<\/span><span class='av-structured-data'  itemprop=\"author\" itemscope=\"itemscope\" itemtype=\"https:\/\/schema.org\/Person\" ><span itemprop='name'>Ma\u0142gorzata Zieli\u0144ska-Przyjemska<\/span><\/span><span class='av-structured-data'  itemprop=\"datePublished\" datetime=\"2023-02-03T12:54:00+01:00\" >2024-02-04 13:53:15<\/span><span class='av-structured-data'  itemprop=\"dateModified\" itemtype=\"https:\/\/schema.org\/dateModified\" >2024-02-10 00:24:57<\/span><span class='av-structured-data'  itemprop=\"mainEntityOfPage\" itemtype=\"https:\/\/schema.org\/mainEntityOfPage\" ><span itemprop='name'>Konferencja \u201eNowotwory \u2013 narastaj\u0105ce wyzwanie medycyny laboratoryjnej\u201d &#8211; Pozna\u0144, 19 marca 2024 r.<\/span><\/span><\/span><\/article><\/div><div class=\"slide-entry-wrap\"><article class='slide-entry flex_column  post-entry post-entry-2577 slide-entry-overview slide-loop-77 slide-parity-odd  av_one_fourth first real-thumbnail post-format-standard'  itemscope=\"itemscope\" itemtype=\"https:\/\/schema.org\/CreativeWork\" ><a href='https:\/\/ptdl.pl\/index.php\/2024\/01\/23\/konferencja-jakosc-w-medycynie-laboratoryjnej\/' data-rel='slide-4' class='slide-image' title='Konferencja &#8222;Jako\u015b\u0107 w Medycynie Laboratoryjnej&#8221;'><img decoding=\"async\" width=\"300\" height=\"200\" src=\"https:\/\/ptdl.pl\/ptdl\/wp-content\/uploads\/2024\/01\/konferencja_01_s-300x200.png\" class=\"wp-image-2581 avia-img-lazy-loading-not-2581 attachment-medium size-medium wp-post-image\" alt=\"\" srcset=\"https:\/\/ptdl.pl\/ptdl\/wp-content\/uploads\/2024\/01\/konferencja_01_s-300x200.png 300w, https:\/\/ptdl.pl\/ptdl\/wp-content\/uploads\/2024\/01\/konferencja_01_s.png 500w\" sizes=\"(max-width: 300px) 100vw, 300px\" \/><\/a><div class=\"slide-content\"><header class=\"entry-content-header\"><h3 class='slide-entry-title entry-title '  itemprop=\"headline\" ><a href='https:\/\/ptdl.pl\/index.php\/2024\/01\/23\/konferencja-jakosc-w-medycynie-laboratoryjnej\/' title='Konferencja &#8222;Jako\u015b\u0107 w Medycynie Laboratoryjnej&#8221;'>Konferencja &#8222;Jako\u015b\u0107 w Medycynie Laboratoryjnej&#8221;<\/a><\/h3><span class=\"av-vertical-delimiter\"><\/span><\/header><div class=\"slide-meta\"><time class='slide-meta-time updated'  itemprop=\"datePublished\" datetime=\"2024-01-23T14:54:43+01:00\" >2024-01-23<\/time><\/div><div class='slide-entry-excerpt entry-content'  itemprop=\"text\" ><div class=\"read-more-link\"><a href=\"https:\/\/ptdl.pl\/index.php\/2024\/01\/23\/konferencja-jakosc-w-medycynie-laboratoryjnej\/\" class=\"more-link\">Czytaj dalej<span class=\"more-link-arrow\"><\/span><\/a><\/div><\/div><\/div><footer class=\"entry-footer\"><\/footer><span class='hidden'>\n\t\t\t\t<span class='av-structured-data'  itemprop=\"image\" itemscope=\"itemscope\" itemtype=\"https:\/\/schema.org\/ImageObject\" >\n\t\t\t\t\t\t<span itemprop='url'>https:\/\/ptdl.pl\/ptdl\/wp-content\/uploads\/2024\/01\/konferencja_01_s.png<\/span>\n\t\t\t\t\t\t<span itemprop='height'>333<\/span>\n\t\t\t\t\t\t<span itemprop='width'>500<\/span>\n\t\t\t\t<\/span>\n\t\t\t\t<span class='av-structured-data'  itemprop=\"publisher\" itemtype=\"https:\/\/schema.org\/Organization\" itemscope=\"itemscope\" >\n\t\t\t\t\t\t<span itemprop='name'>admin<\/span>\n\t\t\t\t\t\t<span itemprop='logo' itemscope itemtype='https:\/\/schema.org\/ImageObject'>\n\t\t\t\t\t\t\t<span itemprop='url'>https:\/\/ptdl.pl\/wp-content\/uploads\/2023\/03\/logo_2.svg<\/span>\n\t\t\t\t\t\t<\/span>\n\t\t\t\t<\/span><span class='av-structured-data'  itemprop=\"author\" itemscope=\"itemscope\" itemtype=\"https:\/\/schema.org\/Person\" ><span itemprop='name'>admin<\/span><\/span><span class='av-structured-data'  itemprop=\"datePublished\" datetime=\"2023-02-03T12:54:00+01:00\" >2024-01-23 14:54:43<\/span><span class='av-structured-data'  itemprop=\"dateModified\" itemtype=\"https:\/\/schema.org\/dateModified\" >2024-01-23 14:54:43<\/span><span class='av-structured-data'  itemprop=\"mainEntityOfPage\" itemtype=\"https:\/\/schema.org\/mainEntityOfPage\" ><span itemprop='name'>Konferencja &#8222;Jako\u015b\u0107 w Medycynie Laboratoryjnej&#8221;<\/span><\/span><\/span><\/article><article class='slide-entry flex_column  post-entry post-entry-2538 slide-entry-overview slide-loop-78 slide-parity-even  av_one_fourth  real-thumbnail post-format-standard'  itemscope=\"itemscope\" itemtype=\"https:\/\/schema.org\/CreativeWork\" ><a href='https:\/\/ptdl.pl\/index.php\/2024\/01\/18\/konferencja-naukowo-szkoleniowa-i-posiedzenie-czlonkow-oddzialu-3-lutego-2024r-krakow\/' data-rel='slide-4' class='slide-image' title='Konferencja Naukowo-Szkoleniowa i posiedzenie Cz\u0142onk\u00f3w oddzia\u0142u &#8211; 3 lutego 2024r, Krak\u00f3w'><img decoding=\"async\" width=\"300\" height=\"200\" src=\"https:\/\/ptdl.pl\/ptdl\/wp-content\/uploads\/2023\/12\/news_58-300x200.jpg\" class=\"wp-image-2033 avia-img-lazy-loading-not-2033 attachment-medium size-medium wp-post-image\" alt=\"\" srcset=\"https:\/\/ptdl.pl\/ptdl\/wp-content\/uploads\/2023\/12\/news_58-300x200.jpg 300w, https:\/\/ptdl.pl\/ptdl\/wp-content\/uploads\/2023\/12\/news_58.jpg 500w\" sizes=\"(max-width: 300px) 100vw, 300px\" \/><\/a><div class=\"slide-content\"><header class=\"entry-content-header\"><h3 class='slide-entry-title entry-title '  itemprop=\"headline\" ><a href='https:\/\/ptdl.pl\/index.php\/2024\/01\/18\/konferencja-naukowo-szkoleniowa-i-posiedzenie-czlonkow-oddzialu-3-lutego-2024r-krakow\/' title='Konferencja Naukowo-Szkoleniowa i posiedzenie Cz\u0142onk\u00f3w oddzia\u0142u &#8211; 3 lutego 2024r, Krak\u00f3w'>Konferencja Naukowo-Szkoleniowa i posiedzenie Cz\u0142onk\u00f3w oddzia\u0142u &#8211; 3 lutego 2024r, Krak\u00f3w<\/a><\/h3><span class=\"av-vertical-delimiter\"><\/span><\/header><div class=\"slide-meta\"><time class='slide-meta-time updated'  itemprop=\"datePublished\" datetime=\"2024-01-18T15:04:32+01:00\" >2024-01-18<\/time><\/div><div class='slide-entry-excerpt entry-content'  itemprop=\"text\" ><div class=\"read-more-link\"><a href=\"https:\/\/ptdl.pl\/index.php\/2024\/01\/18\/konferencja-naukowo-szkoleniowa-i-posiedzenie-czlonkow-oddzialu-3-lutego-2024r-krakow\/\" class=\"more-link\">Czytaj dalej<span class=\"more-link-arrow\"><\/span><\/a><\/div><\/div><\/div><footer class=\"entry-footer\"><\/footer><span class='hidden'>\n\t\t\t\t<span class='av-structured-data'  itemprop=\"image\" itemscope=\"itemscope\" itemtype=\"https:\/\/schema.org\/ImageObject\" >\n\t\t\t\t\t\t<span itemprop='url'>https:\/\/ptdl.pl\/ptdl\/wp-content\/uploads\/2023\/12\/news_58.jpg<\/span>\n\t\t\t\t\t\t<span itemprop='height'>333<\/span>\n\t\t\t\t\t\t<span itemprop='width'>500<\/span>\n\t\t\t\t<\/span>\n\t\t\t\t<span class='av-structured-data'  itemprop=\"publisher\" itemtype=\"https:\/\/schema.org\/Organization\" itemscope=\"itemscope\" >\n\t\t\t\t\t\t<span itemprop='name'>Anna Z\u0105bek-Adamska<\/span>\n\t\t\t\t\t\t<span itemprop='logo' itemscope itemtype='https:\/\/schema.org\/ImageObject'>\n\t\t\t\t\t\t\t<span itemprop='url'>https:\/\/ptdl.pl\/wp-content\/uploads\/2023\/03\/logo_2.svg<\/span>\n\t\t\t\t\t\t<\/span>\n\t\t\t\t<\/span><span class='av-structured-data'  itemprop=\"author\" itemscope=\"itemscope\" itemtype=\"https:\/\/schema.org\/Person\" ><span itemprop='name'>Anna Z\u0105bek-Adamska<\/span><\/span><span class='av-structured-data'  itemprop=\"datePublished\" datetime=\"2023-02-03T12:54:00+01:00\" >2024-01-18 15:04:32<\/span><span class='av-structured-data'  itemprop=\"dateModified\" itemtype=\"https:\/\/schema.org\/dateModified\" >2024-02-02 17:52:23<\/span><span class='av-structured-data'  itemprop=\"mainEntityOfPage\" itemtype=\"https:\/\/schema.org\/mainEntityOfPage\" ><span itemprop='name'>Konferencja Naukowo-Szkoleniowa i posiedzenie Cz\u0142onk\u00f3w oddzia\u0142u &#8211; 3 lutego 2024r, Krak\u00f3w<\/span><\/span><\/span><\/article><article class='slide-entry flex_column  post-entry post-entry-2520 slide-entry-overview slide-loop-79 slide-parity-odd  av_one_fourth  real-thumbnail post-format-standard'  itemscope=\"itemscope\" itemtype=\"https:\/\/schema.org\/CreativeWork\" ><a href='https:\/\/ptdl.pl\/index.php\/2024\/01\/18\/akademia-kontroli-zakazen\/' data-rel='slide-4' class='slide-image' title='Akademia Kontroli Zaka\u017ce\u0144'><img decoding=\"async\" width=\"300\" height=\"200\" src=\"https:\/\/ptdl.pl\/ptdl\/wp-content\/uploads\/2024\/01\/akademia_kontroli_zakazen_s-300x200.png\" class=\"wp-image-2523 avia-img-lazy-loading-not-2523 attachment-medium size-medium wp-post-image\" alt=\"\" srcset=\"https:\/\/ptdl.pl\/ptdl\/wp-content\/uploads\/2024\/01\/akademia_kontroli_zakazen_s-300x200.png 300w, https:\/\/ptdl.pl\/ptdl\/wp-content\/uploads\/2024\/01\/akademia_kontroli_zakazen_s.png 500w\" sizes=\"(max-width: 300px) 100vw, 300px\" \/><\/a><div class=\"slide-content\"><header class=\"entry-content-header\"><h3 class='slide-entry-title entry-title '  itemprop=\"headline\" ><a href='https:\/\/ptdl.pl\/index.php\/2024\/01\/18\/akademia-kontroli-zakazen\/' title='Akademia Kontroli Zaka\u017ce\u0144'>Akademia Kontroli Zaka\u017ce\u0144<\/a><\/h3><span class=\"av-vertical-delimiter\"><\/span><\/header><div class=\"slide-meta\"><time class='slide-meta-time updated'  itemprop=\"datePublished\" datetime=\"2024-01-18T11:18:12+01:00\" >2024-01-18<\/time><\/div><div class='slide-entry-excerpt entry-content'  itemprop=\"text\" ><div class=\"read-more-link\"><a href=\"https:\/\/ptdl.pl\/index.php\/2024\/01\/18\/akademia-kontroli-zakazen\/\" class=\"more-link\">Czytaj dalej<span class=\"more-link-arrow\"><\/span><\/a><\/div><\/div><\/div><footer class=\"entry-footer\"><\/footer><span class='hidden'>\n\t\t\t\t<span class='av-structured-data'  itemprop=\"image\" itemscope=\"itemscope\" itemtype=\"https:\/\/schema.org\/ImageObject\" >\n\t\t\t\t\t\t<span itemprop='url'>https:\/\/ptdl.pl\/ptdl\/wp-content\/uploads\/2024\/01\/akademia_kontroli_zakazen_s.png<\/span>\n\t\t\t\t\t\t<span itemprop='height'>333<\/span>\n\t\t\t\t\t\t<span itemprop='width'>500<\/span>\n\t\t\t\t<\/span>\n\t\t\t\t<span class='av-structured-data'  itemprop=\"publisher\" itemtype=\"https:\/\/schema.org\/Organization\" itemscope=\"itemscope\" >\n\t\t\t\t\t\t<span itemprop='name'>admin<\/span>\n\t\t\t\t\t\t<span itemprop='logo' itemscope itemtype='https:\/\/schema.org\/ImageObject'>\n\t\t\t\t\t\t\t<span itemprop='url'>https:\/\/ptdl.pl\/wp-content\/uploads\/2023\/03\/logo_2.svg<\/span>\n\t\t\t\t\t\t<\/span>\n\t\t\t\t<\/span><span class='av-structured-data'  itemprop=\"author\" itemscope=\"itemscope\" itemtype=\"https:\/\/schema.org\/Person\" ><span itemprop='name'>admin<\/span><\/span><span class='av-structured-data'  itemprop=\"datePublished\" datetime=\"2023-02-03T12:54:00+01:00\" >2024-01-18 11:18:12<\/span><span class='av-structured-data'  itemprop=\"dateModified\" itemtype=\"https:\/\/schema.org\/dateModified\" >2024-01-18 11:18:46<\/span><span class='av-structured-data'  itemprop=\"mainEntityOfPage\" itemtype=\"https:\/\/schema.org\/mainEntityOfPage\" ><span itemprop='name'>Akademia Kontroli Zaka\u017ce\u0144<\/span><\/span><\/span><\/article><article class='slide-entry flex_column  post-entry post-entry-2212 slide-entry-overview slide-loop-80 slide-parity-even  av_one_fourth  real-thumbnail post-format-standard'  itemscope=\"itemscope\" itemtype=\"https:\/\/schema.org\/CreativeWork\" ><a href='https:\/\/ptdl.pl\/index.php\/2024\/01\/04\/konkurs-streszczen-ifcc-worldlab-2024-w-dubaju\/' data-rel='slide-4' class='slide-image' title='Konkurs streszcze\u0144 IFCC WORLDLAB 2024 W DUBAJU'><img decoding=\"async\" width=\"300\" height=\"200\" src=\"https:\/\/ptdl.pl\/ptdl\/wp-content\/uploads\/2024\/01\/ifcc_dubai-1-300x200.png\" class=\"wp-image-2223 avia-img-lazy-loading-not-2223 attachment-medium size-medium wp-post-image\" alt=\"\" srcset=\"https:\/\/ptdl.pl\/ptdl\/wp-content\/uploads\/2024\/01\/ifcc_dubai-1-300x200.png 300w, https:\/\/ptdl.pl\/ptdl\/wp-content\/uploads\/2024\/01\/ifcc_dubai-1.png 500w\" sizes=\"(max-width: 300px) 100vw, 300px\" \/><\/a><div class=\"slide-content\"><header class=\"entry-content-header\"><h3 class='slide-entry-title entry-title '  itemprop=\"headline\" ><a href='https:\/\/ptdl.pl\/index.php\/2024\/01\/04\/konkurs-streszczen-ifcc-worldlab-2024-w-dubaju\/' title='Konkurs streszcze\u0144 IFCC WORLDLAB 2024 W DUBAJU'>Konkurs streszcze\u0144 IFCC WORLDLAB 2024 W DUBAJU<\/a><\/h3><span class=\"av-vertical-delimiter\"><\/span><\/header><div class=\"slide-meta\"><time class='slide-meta-time updated'  itemprop=\"datePublished\" datetime=\"2024-01-04T14:05:35+01:00\" >2024-01-04<\/time><\/div><div class='slide-entry-excerpt entry-content'  itemprop=\"text\" ><div class=\"read-more-link\"><a href=\"https:\/\/ptdl.pl\/index.php\/2024\/01\/04\/konkurs-streszczen-ifcc-worldlab-2024-w-dubaju\/\" class=\"more-link\">Czytaj dalej<span class=\"more-link-arrow\"><\/span><\/a><\/div><\/div><\/div><footer class=\"entry-footer\"><\/footer><span class='hidden'>\n\t\t\t\t<span class='av-structured-data'  itemprop=\"image\" itemscope=\"itemscope\" itemtype=\"https:\/\/schema.org\/ImageObject\" >\n\t\t\t\t\t\t<span itemprop='url'>https:\/\/ptdl.pl\/ptdl\/wp-content\/uploads\/2024\/01\/ifcc_dubai-1.png<\/span>\n\t\t\t\t\t\t<span itemprop='height'>333<\/span>\n\t\t\t\t\t\t<span itemprop='width'>500<\/span>\n\t\t\t\t<\/span>\n\t\t\t\t<span class='av-structured-data'  itemprop=\"publisher\" itemtype=\"https:\/\/schema.org\/Organization\" itemscope=\"itemscope\" >\n\t\t\t\t\t\t<span itemprop='name'>admin<\/span>\n\t\t\t\t\t\t<span itemprop='logo' itemscope itemtype='https:\/\/schema.org\/ImageObject'>\n\t\t\t\t\t\t\t<span itemprop='url'>https:\/\/ptdl.pl\/wp-content\/uploads\/2023\/03\/logo_2.svg<\/span>\n\t\t\t\t\t\t<\/span>\n\t\t\t\t<\/span><span class='av-structured-data'  itemprop=\"author\" itemscope=\"itemscope\" itemtype=\"https:\/\/schema.org\/Person\" ><span itemprop='name'>admin<\/span><\/span><span class='av-structured-data'  itemprop=\"datePublished\" datetime=\"2023-02-03T12:54:00+01:00\" >2024-01-04 14:05:35<\/span><span class='av-structured-data'  itemprop=\"dateModified\" itemtype=\"https:\/\/schema.org\/dateModified\" >2024-01-19 16:40:14<\/span><span class='av-structured-data'  itemprop=\"mainEntityOfPage\" itemtype=\"https:\/\/schema.org\/mainEntityOfPage\" ><span itemprop='name'>Konkurs streszcze\u0144 IFCC WORLDLAB 2024 W DUBAJU<\/span><\/span><\/span><\/article><\/div><div class=\"slide-entry-wrap\"><article class='slide-entry flex_column  post-entry post-entry-1973 slide-entry-overview slide-loop-81 slide-parity-odd  av_one_fourth first real-thumbnail post-format-standard'  itemscope=\"itemscope\" itemtype=\"https:\/\/schema.org\/CreativeWork\" ><a href='https:\/\/ptdl.pl\/index.php\/2023\/11\/23\/xii-lubuska-konferencja-diagnostyczna-medycyna-laboratoryjna-nowosci-i-wyzwania-zima-2024\/' data-rel='slide-4' class='slide-image' title='XII Lubuska Konferencja Diagnostyczna &#8211; &#8222;Medycyna Laboratoryjna &#8211; nowo\u015bci i wyzwania&#8221;\u00a0ZIMA 2024'><img decoding=\"async\" width=\"300\" height=\"200\" src=\"https:\/\/ptdl.pl\/ptdl\/wp-content\/uploads\/2023\/02\/news_011-300x200.jpg\" class=\"wp-image-802 avia-img-lazy-loading-not-802 attachment-medium size-medium wp-post-image\" alt=\"\" srcset=\"https:\/\/ptdl.pl\/ptdl\/wp-content\/uploads\/2023\/02\/news_011-300x200.jpg 300w, https:\/\/ptdl.pl\/ptdl\/wp-content\/uploads\/2023\/02\/news_011.jpg 500w\" sizes=\"(max-width: 300px) 100vw, 300px\" \/><\/a><div class=\"slide-content\"><header class=\"entry-content-header\"><h3 class='slide-entry-title entry-title '  itemprop=\"headline\" ><a href='https:\/\/ptdl.pl\/index.php\/2023\/11\/23\/xii-lubuska-konferencja-diagnostyczna-medycyna-laboratoryjna-nowosci-i-wyzwania-zima-2024\/' title='XII Lubuska Konferencja Diagnostyczna &#8211; &#8222;Medycyna Laboratoryjna &#8211; nowo\u015bci i wyzwania&#8221;\u00a0ZIMA 2024'>XII Lubuska Konferencja Diagnostyczna &#8211; &#8222;Medycyna Laboratoryjna &#8211; nowo\u015bci i wyzwania&#8221;\u00a0ZIMA 2024<\/a><\/h3><span class=\"av-vertical-delimiter\"><\/span><\/header><div class=\"slide-meta\"><time class='slide-meta-time updated'  itemprop=\"datePublished\" datetime=\"2023-11-23T10:03:14+01:00\" >2023-11-23<\/time><\/div><div class='slide-entry-excerpt entry-content'  itemprop=\"text\" ><div class=\"read-more-link\"><a href=\"https:\/\/ptdl.pl\/index.php\/2023\/11\/23\/xii-lubuska-konferencja-diagnostyczna-medycyna-laboratoryjna-nowosci-i-wyzwania-zima-2024\/\" class=\"more-link\">Czytaj dalej<span class=\"more-link-arrow\"><\/span><\/a><\/div><\/div><\/div><footer class=\"entry-footer\"><\/footer><span class='hidden'>\n\t\t\t\t<span class='av-structured-data'  itemprop=\"image\" itemscope=\"itemscope\" itemtype=\"https:\/\/schema.org\/ImageObject\" >\n\t\t\t\t\t\t<span itemprop='url'>https:\/\/ptdl.pl\/ptdl\/wp-content\/uploads\/2023\/02\/news_011.jpg<\/span>\n\t\t\t\t\t\t<span itemprop='height'>333<\/span>\n\t\t\t\t\t\t<span itemprop='width'>500<\/span>\n\t\t\t\t<\/span>\n\t\t\t\t<span class='av-structured-data'  itemprop=\"publisher\" itemtype=\"https:\/\/schema.org\/Organization\" itemscope=\"itemscope\" >\n\t\t\t\t\t\t<span itemprop='name'>admin<\/span>\n\t\t\t\t\t\t<span itemprop='logo' itemscope itemtype='https:\/\/schema.org\/ImageObject'>\n\t\t\t\t\t\t\t<span itemprop='url'>https:\/\/ptdl.pl\/wp-content\/uploads\/2023\/03\/logo_2.svg<\/span>\n\t\t\t\t\t\t<\/span>\n\t\t\t\t<\/span><span class='av-structured-data'  itemprop=\"author\" itemscope=\"itemscope\" itemtype=\"https:\/\/schema.org\/Person\" ><span itemprop='name'>admin<\/span><\/span><span class='av-structured-data'  itemprop=\"datePublished\" datetime=\"2023-02-03T12:54:00+01:00\" >2023-11-23 10:03:14<\/span><span class='av-structured-data'  itemprop=\"dateModified\" itemtype=\"https:\/\/schema.org\/dateModified\" >2023-12-31 12:31:53<\/span><span class='av-structured-data'  itemprop=\"mainEntityOfPage\" itemtype=\"https:\/\/schema.org\/mainEntityOfPage\" ><span itemprop='name'>XII Lubuska Konferencja Diagnostyczna &#8211; &#8222;Medycyna Laboratoryjna &#8211; nowo\u015bci i wyzwania&#8221;\u00a0ZIMA 2024<\/span><\/span><\/span><\/article><article class='slide-entry flex_column  post-entry post-entry-1956 slide-entry-overview slide-loop-82 slide-parity-even  av_one_fourth  real-thumbnail post-format-standard'  itemscope=\"itemscope\" itemtype=\"https:\/\/schema.org\/CreativeWork\" ><a href='https:\/\/ptdl.pl\/index.php\/2023\/10\/21\/konferencja-swietokrzyskie-spotkania-nowosci-w-diagnostyce-edycja-jesien\/' data-rel='slide-4' class='slide-image' title='Konferencja &#8222;\u015awi\u0119tokrzyskie Spotkania-Nowo\u015bci w diagnostyce &#8211; edycja jesie\u0144&#8221;'><img decoding=\"async\" width=\"300\" height=\"199\" src=\"https:\/\/ptdl.pl\/ptdl\/wp-content\/uploads\/2023\/02\/news_017-300x199.jpg\" class=\"wp-image-808 avia-img-lazy-loading-not-808 attachment-medium size-medium wp-post-image\" alt=\"\" srcset=\"https:\/\/ptdl.pl\/ptdl\/wp-content\/uploads\/2023\/02\/news_017-300x199.jpg 300w, https:\/\/ptdl.pl\/ptdl\/wp-content\/uploads\/2023\/02\/news_017.jpg 500w\" sizes=\"(max-width: 300px) 100vw, 300px\" \/><\/a><div class=\"slide-content\"><header class=\"entry-content-header\"><h3 class='slide-entry-title entry-title '  itemprop=\"headline\" ><a href='https:\/\/ptdl.pl\/index.php\/2023\/10\/21\/konferencja-swietokrzyskie-spotkania-nowosci-w-diagnostyce-edycja-jesien\/' title='Konferencja &#8222;\u015awi\u0119tokrzyskie Spotkania-Nowo\u015bci w diagnostyce &#8211; edycja jesie\u0144&#8221;'>Konferencja &#8222;\u015awi\u0119tokrzyskie Spotkania-Nowo\u015bci w diagnostyce &#8211; edycja jesie\u0144&#8221;<\/a><\/h3><span class=\"av-vertical-delimiter\"><\/span><\/header><div class=\"slide-meta\"><time class='slide-meta-time updated'  itemprop=\"datePublished\" datetime=\"2023-10-21T09:34:48+02:00\" >2023-10-21<\/time><\/div><div class='slide-entry-excerpt entry-content'  itemprop=\"text\" ><div class=\"read-more-link\"><a href=\"https:\/\/ptdl.pl\/index.php\/2023\/10\/21\/konferencja-swietokrzyskie-spotkania-nowosci-w-diagnostyce-edycja-jesien\/\" class=\"more-link\">Czytaj dalej<span class=\"more-link-arrow\"><\/span><\/a><\/div><\/div><\/div><footer class=\"entry-footer\"><\/footer><span class='hidden'>\n\t\t\t\t<span class='av-structured-data'  itemprop=\"image\" itemscope=\"itemscope\" itemtype=\"https:\/\/schema.org\/ImageObject\" >\n\t\t\t\t\t\t<span itemprop='url'>https:\/\/ptdl.pl\/ptdl\/wp-content\/uploads\/2023\/02\/news_017.jpg<\/span>\n\t\t\t\t\t\t<span itemprop='height'>332<\/span>\n\t\t\t\t\t\t<span itemprop='width'>500<\/span>\n\t\t\t\t<\/span>\n\t\t\t\t<span class='av-structured-data'  itemprop=\"publisher\" itemtype=\"https:\/\/schema.org\/Organization\" itemscope=\"itemscope\" >\n\t\t\t\t\t\t<span itemprop='name'>admin<\/span>\n\t\t\t\t\t\t<span itemprop='logo' itemscope itemtype='https:\/\/schema.org\/ImageObject'>\n\t\t\t\t\t\t\t<span itemprop='url'>https:\/\/ptdl.pl\/wp-content\/uploads\/2023\/03\/logo_2.svg<\/span>\n\t\t\t\t\t\t<\/span>\n\t\t\t\t<\/span><span class='av-structured-data'  itemprop=\"author\" itemscope=\"itemscope\" itemtype=\"https:\/\/schema.org\/Person\" ><span itemprop='name'>admin<\/span><\/span><span class='av-structured-data'  itemprop=\"datePublished\" datetime=\"2023-02-03T12:54:00+01:00\" >2023-10-21 09:34:48<\/span><span class='av-structured-data'  itemprop=\"dateModified\" itemtype=\"https:\/\/schema.org\/dateModified\" >2023-12-31 09:38:26<\/span><span class='av-structured-data'  itemprop=\"mainEntityOfPage\" itemtype=\"https:\/\/schema.org\/mainEntityOfPage\" ><span itemprop='name'>Konferencja &#8222;\u015awi\u0119tokrzyskie Spotkania-Nowo\u015bci w diagnostyce &#8211; edycja jesie\u0144&#8221;<\/span><\/span><\/span><\/article><article class='slide-entry flex_column  post-entry post-entry-1985 slide-entry-overview slide-loop-83 slide-parity-odd  av_one_fourth  real-thumbnail post-format-standard'  itemscope=\"itemscope\" itemtype=\"https:\/\/schema.org\/CreativeWork\" ><a href='https:\/\/ptdl.pl\/index.php\/2023\/05\/13\/konferencja-diagnostyka-laboratoryjna-olsztyn-2023\/' data-rel='slide-4' class='slide-image' title='Konferencja &#8222;Diagnostyka Laboratoryjna- Olsztyn 2023&#8221;'><img decoding=\"async\" width=\"300\" height=\"200\" src=\"https:\/\/ptdl.pl\/ptdl\/wp-content\/uploads\/2023\/02\/news_028-300x200.jpg\" class=\"wp-image-819 avia-img-lazy-loading-not-819 attachment-medium size-medium wp-post-image\" alt=\"\" srcset=\"https:\/\/ptdl.pl\/ptdl\/wp-content\/uploads\/2023\/02\/news_028-300x200.jpg 300w, https:\/\/ptdl.pl\/ptdl\/wp-content\/uploads\/2023\/02\/news_028.jpg 500w\" sizes=\"(max-width: 300px) 100vw, 300px\" \/><\/a><div class=\"slide-content\"><header class=\"entry-content-header\"><h3 class='slide-entry-title entry-title '  itemprop=\"headline\" ><a href='https:\/\/ptdl.pl\/index.php\/2023\/05\/13\/konferencja-diagnostyka-laboratoryjna-olsztyn-2023\/' title='Konferencja &#8222;Diagnostyka Laboratoryjna- Olsztyn 2023&#8221;'>Konferencja &#8222;Diagnostyka Laboratoryjna- Olsztyn 2023&#8221;<\/a><\/h3><span class=\"av-vertical-delimiter\"><\/span><\/header><div class=\"slide-meta\"><time class='slide-meta-time updated'  itemprop=\"datePublished\" datetime=\"2023-05-13T12:28:14+02:00\" >2023-05-13<\/time><\/div><div class='slide-entry-excerpt entry-content'  itemprop=\"text\" ><div class=\"read-more-link\"><a href=\"https:\/\/ptdl.pl\/index.php\/2023\/05\/13\/konferencja-diagnostyka-laboratoryjna-olsztyn-2023\/\" class=\"more-link\">Czytaj dalej<span class=\"more-link-arrow\"><\/span><\/a><\/div><\/div><\/div><footer class=\"entry-footer\"><\/footer><span class='hidden'>\n\t\t\t\t<span class='av-structured-data'  itemprop=\"image\" itemscope=\"itemscope\" itemtype=\"https:\/\/schema.org\/ImageObject\" >\n\t\t\t\t\t\t<span itemprop='url'>https:\/\/ptdl.pl\/ptdl\/wp-content\/uploads\/2023\/02\/news_028.jpg<\/span>\n\t\t\t\t\t\t<span itemprop='height'>333<\/span>\n\t\t\t\t\t\t<span itemprop='width'>500<\/span>\n\t\t\t\t<\/span>\n\t\t\t\t<span class='av-structured-data'  itemprop=\"publisher\" itemtype=\"https:\/\/schema.org\/Organization\" itemscope=\"itemscope\" >\n\t\t\t\t\t\t<span itemprop='name'>admin<\/span>\n\t\t\t\t\t\t<span itemprop='logo' itemscope itemtype='https:\/\/schema.org\/ImageObject'>\n\t\t\t\t\t\t\t<span itemprop='url'>https:\/\/ptdl.pl\/wp-content\/uploads\/2023\/03\/logo_2.svg<\/span>\n\t\t\t\t\t\t<\/span>\n\t\t\t\t<\/span><span class='av-structured-data'  itemprop=\"author\" itemscope=\"itemscope\" itemtype=\"https:\/\/schema.org\/Person\" ><span itemprop='name'>admin<\/span><\/span><span class='av-structured-data'  itemprop=\"datePublished\" datetime=\"2023-02-03T12:54:00+01:00\" >2023-05-13 12:28:14<\/span><span class='av-structured-data'  itemprop=\"dateModified\" itemtype=\"https:\/\/schema.org\/dateModified\" >2023-12-31 12:32:21<\/span><span class='av-structured-data'  itemprop=\"mainEntityOfPage\" itemtype=\"https:\/\/schema.org\/mainEntityOfPage\" ><span itemprop='name'>Konferencja &#8222;Diagnostyka Laboratoryjna- Olsztyn 2023&#8221;<\/span><\/span><\/span><\/article><article class='slide-entry flex_column  post-entry post-entry-366 slide-entry-overview slide-loop-84 slide-parity-even  av_one_fourth  real-thumbnail post-format-standard'  itemscope=\"itemscope\" itemtype=\"https:\/\/schema.org\/CreativeWork\" ><a href='https:\/\/ptdl.pl\/index.php\/2023\/02\/08\/posiedzenie-naukowo-szkoleniowe-09-lutego-2023-r-aktualizacja\/' data-rel='slide-4' class='slide-image' title='Posiedzenie naukowo-szkoleniowe 09 lutego 2023 r. aktualizacja'><img decoding=\"async\" width=\"300\" height=\"199\" src=\"https:\/\/ptdl.pl\/ptdl\/wp-content\/uploads\/2023\/02\/news_026-300x199.jpg\" class=\"wp-image-817 avia-img-lazy-loading-not-817 attachment-medium size-medium wp-post-image\" alt=\"\" srcset=\"https:\/\/ptdl.pl\/ptdl\/wp-content\/uploads\/2023\/02\/news_026-300x199.jpg 300w, https:\/\/ptdl.pl\/ptdl\/wp-content\/uploads\/2023\/02\/news_026.jpg 500w\" sizes=\"(max-width: 300px) 100vw, 300px\" \/><\/a><div class=\"slide-content\"><header class=\"entry-content-header\"><h3 class='slide-entry-title entry-title '  itemprop=\"headline\" ><a href='https:\/\/ptdl.pl\/index.php\/2023\/02\/08\/posiedzenie-naukowo-szkoleniowe-09-lutego-2023-r-aktualizacja\/' title='Posiedzenie naukowo-szkoleniowe 09 lutego 2023 r. aktualizacja'>Posiedzenie naukowo-szkoleniowe 09 lutego 2023 r. aktualizacja<\/a><\/h3><span class=\"av-vertical-delimiter\"><\/span><\/header><div class=\"slide-meta\"><time class='slide-meta-time updated'  itemprop=\"datePublished\" datetime=\"2023-02-08T14:32:23+01:00\" >2023-02-08<\/time><\/div><div class='slide-entry-excerpt entry-content'  itemprop=\"text\" ><div class=\"read-more-link\"><a href=\"https:\/\/ptdl.pl\/index.php\/2023\/02\/08\/posiedzenie-naukowo-szkoleniowe-09-lutego-2023-r-aktualizacja\/\" class=\"more-link\">Czytaj dalej<span class=\"more-link-arrow\"><\/span><\/a><\/div><\/div><\/div><footer class=\"entry-footer\"><\/footer><span class='hidden'>\n\t\t\t\t<span class='av-structured-data'  itemprop=\"image\" itemscope=\"itemscope\" itemtype=\"https:\/\/schema.org\/ImageObject\" >\n\t\t\t\t\t\t<span itemprop='url'>https:\/\/ptdl.pl\/ptdl\/wp-content\/uploads\/2023\/02\/news_026.jpg<\/span>\n\t\t\t\t\t\t<span itemprop='height'>332<\/span>\n\t\t\t\t\t\t<span itemprop='width'>500<\/span>\n\t\t\t\t<\/span>\n\t\t\t\t<span class='av-structured-data'  itemprop=\"publisher\" itemtype=\"https:\/\/schema.org\/Organization\" itemscope=\"itemscope\" >\n\t\t\t\t\t\t<span itemprop='name'>admin<\/span>\n\t\t\t\t\t\t<span itemprop='logo' itemscope itemtype='https:\/\/schema.org\/ImageObject'>\n\t\t\t\t\t\t\t<span itemprop='url'>https:\/\/ptdl.pl\/wp-content\/uploads\/2023\/03\/logo_2.svg<\/span>\n\t\t\t\t\t\t<\/span>\n\t\t\t\t<\/span><span class='av-structured-data'  itemprop=\"author\" itemscope=\"itemscope\" itemtype=\"https:\/\/schema.org\/Person\" ><span itemprop='name'>admin<\/span><\/span><span class='av-structured-data'  itemprop=\"datePublished\" datetime=\"2023-02-03T12:54:00+01:00\" >2023-02-08 14:32:23<\/span><span class='av-structured-data'  itemprop=\"dateModified\" itemtype=\"https:\/\/schema.org\/dateModified\" >2023-02-28 08:48:53<\/span><span class='av-structured-data'  itemprop=\"mainEntityOfPage\" itemtype=\"https:\/\/schema.org\/mainEntityOfPage\" ><span itemprop='name'>Posiedzenie naukowo-szkoleniowe 09 lutego 2023 r. aktualizacja<\/span><\/span><\/span><\/article><\/div><div class=\"slide-entry-wrap\"><article class='slide-entry flex_column  post-entry post-entry-343 slide-entry-overview slide-loop-85 slide-parity-odd  av_one_fourth first real-thumbnail post-format-standard'  itemscope=\"itemscope\" itemtype=\"https:\/\/schema.org\/CreativeWork\" ><a href='https:\/\/ptdl.pl\/index.php\/2023\/02\/08\/konferencja-naukowa-ptdl-o-krakow-25-lutego-2023-r\/' data-rel='slide-4' class='slide-image' title='Konferencja naukowa PTDL O\/Krak\u00f3w 25 lutego 2023 r.'><img decoding=\"async\" width=\"300\" height=\"200\" src=\"https:\/\/ptdl.pl\/ptdl\/wp-content\/uploads\/2023\/02\/news_028-300x200.jpg\" class=\"wp-image-819 avia-img-lazy-loading-not-819 attachment-medium size-medium wp-post-image\" alt=\"\" srcset=\"https:\/\/ptdl.pl\/ptdl\/wp-content\/uploads\/2023\/02\/news_028-300x200.jpg 300w, https:\/\/ptdl.pl\/ptdl\/wp-content\/uploads\/2023\/02\/news_028.jpg 500w\" sizes=\"(max-width: 300px) 100vw, 300px\" \/><\/a><div class=\"slide-content\"><header class=\"entry-content-header\"><h3 class='slide-entry-title entry-title '  itemprop=\"headline\" ><a href='https:\/\/ptdl.pl\/index.php\/2023\/02\/08\/konferencja-naukowa-ptdl-o-krakow-25-lutego-2023-r\/' title='Konferencja naukowa PTDL O\/Krak\u00f3w 25 lutego 2023 r.'>Konferencja naukowa PTDL O\/Krak\u00f3w 25 lutego 2023 r.<\/a><\/h3><span class=\"av-vertical-delimiter\"><\/span><\/header><div class=\"slide-meta\"><time class='slide-meta-time updated'  itemprop=\"datePublished\" datetime=\"2023-02-08T14:08:50+01:00\" >2023-02-08<\/time><\/div><div class='slide-entry-excerpt entry-content'  itemprop=\"text\" ><div class=\"read-more-link\"><a href=\"https:\/\/ptdl.pl\/index.php\/2023\/02\/08\/konferencja-naukowa-ptdl-o-krakow-25-lutego-2023-r\/\" class=\"more-link\">Czytaj dalej<span class=\"more-link-arrow\"><\/span><\/a><\/div><\/div><\/div><footer class=\"entry-footer\"><\/footer><span class='hidden'>\n\t\t\t\t<span class='av-structured-data'  itemprop=\"image\" itemscope=\"itemscope\" itemtype=\"https:\/\/schema.org\/ImageObject\" >\n\t\t\t\t\t\t<span itemprop='url'>https:\/\/ptdl.pl\/ptdl\/wp-content\/uploads\/2023\/02\/news_028.jpg<\/span>\n\t\t\t\t\t\t<span itemprop='height'>333<\/span>\n\t\t\t\t\t\t<span itemprop='width'>500<\/span>\n\t\t\t\t<\/span>\n\t\t\t\t<span class='av-structured-data'  itemprop=\"publisher\" itemtype=\"https:\/\/schema.org\/Organization\" itemscope=\"itemscope\" >\n\t\t\t\t\t\t<span itemprop='name'>admin<\/span>\n\t\t\t\t\t\t<span itemprop='logo' itemscope itemtype='https:\/\/schema.org\/ImageObject'>\n\t\t\t\t\t\t\t<span itemprop='url'>https:\/\/ptdl.pl\/wp-content\/uploads\/2023\/03\/logo_2.svg<\/span>\n\t\t\t\t\t\t<\/span>\n\t\t\t\t<\/span><span class='av-structured-data'  itemprop=\"author\" itemscope=\"itemscope\" itemtype=\"https:\/\/schema.org\/Person\" ><span itemprop='name'>admin<\/span><\/span><span class='av-structured-data'  itemprop=\"datePublished\" datetime=\"2023-02-03T12:54:00+01:00\" >2023-02-08 14:08:50<\/span><span class='av-structured-data'  itemprop=\"dateModified\" itemtype=\"https:\/\/schema.org\/dateModified\" >2023-02-28 08:49:31<\/span><span class='av-structured-data'  itemprop=\"mainEntityOfPage\" itemtype=\"https:\/\/schema.org\/mainEntityOfPage\" ><span itemprop='name'>Konferencja naukowa PTDL O\/Krak\u00f3w 25 lutego 2023 r.<\/span><\/span><\/span><\/article><article class='slide-entry flex_column  post-entry post-entry-363 slide-entry-overview slide-loop-86 slide-parity-even  av_one_fourth  real-thumbnail post-format-standard'  itemscope=\"itemscope\" itemtype=\"https:\/\/schema.org\/CreativeWork\" ><a href='https:\/\/ptdl.pl\/index.php\/2023\/02\/02\/konferencja-naukowo-szkoleniowa\/' data-rel='slide-4' class='slide-image' title='Konferencja naukowo-szkoleniowa'><img decoding=\"async\" width=\"300\" height=\"199\" src=\"https:\/\/ptdl.pl\/ptdl\/wp-content\/uploads\/2023\/02\/news_017-300x199.jpg\" class=\"wp-image-808 avia-img-lazy-loading-not-808 attachment-medium size-medium wp-post-image\" alt=\"\" srcset=\"https:\/\/ptdl.pl\/ptdl\/wp-content\/uploads\/2023\/02\/news_017-300x199.jpg 300w, https:\/\/ptdl.pl\/ptdl\/wp-content\/uploads\/2023\/02\/news_017.jpg 500w\" sizes=\"(max-width: 300px) 100vw, 300px\" \/><\/a><div class=\"slide-content\"><header class=\"entry-content-header\"><h3 class='slide-entry-title entry-title '  itemprop=\"headline\" ><a href='https:\/\/ptdl.pl\/index.php\/2023\/02\/02\/konferencja-naukowo-szkoleniowa\/' title='Konferencja naukowo-szkoleniowa'>Konferencja naukowo-szkoleniowa<\/a><\/h3><span class=\"av-vertical-delimiter\"><\/span><\/header><div class=\"slide-meta\"><time class='slide-meta-time updated'  itemprop=\"datePublished\" datetime=\"2023-02-02T14:21:36+01:00\" >2023-02-02<\/time><\/div><div class='slide-entry-excerpt entry-content'  itemprop=\"text\" ><div class=\"read-more-link\"><a href=\"https:\/\/ptdl.pl\/index.php\/2023\/02\/02\/konferencja-naukowo-szkoleniowa\/\" class=\"more-link\">Czytaj dalej<span class=\"more-link-arrow\"><\/span><\/a><\/div><\/div><\/div><footer class=\"entry-footer\"><\/footer><span class='hidden'>\n\t\t\t\t<span class='av-structured-data'  itemprop=\"image\" itemscope=\"itemscope\" itemtype=\"https:\/\/schema.org\/ImageObject\" >\n\t\t\t\t\t\t<span itemprop='url'>https:\/\/ptdl.pl\/ptdl\/wp-content\/uploads\/2023\/02\/news_017.jpg<\/span>\n\t\t\t\t\t\t<span itemprop='height'>332<\/span>\n\t\t\t\t\t\t<span itemprop='width'>500<\/span>\n\t\t\t\t<\/span>\n\t\t\t\t<span class='av-structured-data'  itemprop=\"publisher\" itemtype=\"https:\/\/schema.org\/Organization\" itemscope=\"itemscope\" >\n\t\t\t\t\t\t<span itemprop='name'>admin<\/span>\n\t\t\t\t\t\t<span itemprop='logo' itemscope itemtype='https:\/\/schema.org\/ImageObject'>\n\t\t\t\t\t\t\t<span itemprop='url'>https:\/\/ptdl.pl\/wp-content\/uploads\/2023\/03\/logo_2.svg<\/span>\n\t\t\t\t\t\t<\/span>\n\t\t\t\t<\/span><span class='av-structured-data'  itemprop=\"author\" itemscope=\"itemscope\" itemtype=\"https:\/\/schema.org\/Person\" ><span itemprop='name'>admin<\/span><\/span><span class='av-structured-data'  itemprop=\"datePublished\" datetime=\"2023-02-03T12:54:00+01:00\" >2023-02-02 14:21:36<\/span><span class='av-structured-data'  itemprop=\"dateModified\" itemtype=\"https:\/\/schema.org\/dateModified\" >2023-02-28 08:50:25<\/span><span class='av-structured-data'  itemprop=\"mainEntityOfPage\" itemtype=\"https:\/\/schema.org\/mainEntityOfPage\" ><span itemprop='name'>Konferencja naukowo-szkoleniowa<\/span><\/span><\/span><\/article><article class='slide-entry flex_column  post-entry post-entry-358 slide-entry-overview slide-loop-87 slide-parity-odd  av_one_fourth  real-thumbnail post-format-standard'  itemscope=\"itemscope\" itemtype=\"https:\/\/schema.org\/CreativeWork\" ><a href='https:\/\/ptdl.pl\/index.php\/2023\/01\/20\/diagnostyka-toksykologiczna-wyzwania-laboratoryjne-kliniczne-i-spoleczne\/' data-rel='slide-4' class='slide-image' title='Diagnostyka toksykologiczna &#8211; wyzwania laboratoryjne, kliniczne i spo\u0142eczne'><img decoding=\"async\" width=\"300\" height=\"200\" src=\"https:\/\/ptdl.pl\/ptdl\/wp-content\/uploads\/2023\/02\/news_022-300x200.jpg\" class=\"wp-image-813 avia-img-lazy-loading-not-813 attachment-medium size-medium wp-post-image\" alt=\"\" srcset=\"https:\/\/ptdl.pl\/ptdl\/wp-content\/uploads\/2023\/02\/news_022-300x200.jpg 300w, https:\/\/ptdl.pl\/ptdl\/wp-content\/uploads\/2023\/02\/news_022.jpg 500w\" sizes=\"(max-width: 300px) 100vw, 300px\" \/><\/a><div class=\"slide-content\"><header class=\"entry-content-header\"><h3 class='slide-entry-title entry-title '  itemprop=\"headline\" ><a href='https:\/\/ptdl.pl\/index.php\/2023\/01\/20\/diagnostyka-toksykologiczna-wyzwania-laboratoryjne-kliniczne-i-spoleczne\/' title='Diagnostyka toksykologiczna &#8211; wyzwania laboratoryjne, kliniczne i spo\u0142eczne'>Diagnostyka toksykologiczna &#8211; wyzwania laboratoryjne, kliniczne i spo\u0142eczne<\/a><\/h3><span class=\"av-vertical-delimiter\"><\/span><\/header><div class=\"slide-meta\"><time class='slide-meta-time updated'  itemprop=\"datePublished\" datetime=\"2023-01-20T14:20:11+01:00\" >2023-01-20<\/time><\/div><div class='slide-entry-excerpt entry-content'  itemprop=\"text\" ><div class=\"read-more-link\"><a href=\"https:\/\/ptdl.pl\/index.php\/2023\/01\/20\/diagnostyka-toksykologiczna-wyzwania-laboratoryjne-kliniczne-i-spoleczne\/\" class=\"more-link\">Czytaj dalej<span class=\"more-link-arrow\"><\/span><\/a><\/div><\/div><\/div><footer class=\"entry-footer\"><\/footer><span class='hidden'>\n\t\t\t\t<span class='av-structured-data'  itemprop=\"image\" itemscope=\"itemscope\" itemtype=\"https:\/\/schema.org\/ImageObject\" >\n\t\t\t\t\t\t<span itemprop='url'>https:\/\/ptdl.pl\/ptdl\/wp-content\/uploads\/2023\/02\/news_022.jpg<\/span>\n\t\t\t\t\t\t<span itemprop='height'>333<\/span>\n\t\t\t\t\t\t<span itemprop='width'>500<\/span>\n\t\t\t\t<\/span>\n\t\t\t\t<span class='av-structured-data'  itemprop=\"publisher\" itemtype=\"https:\/\/schema.org\/Organization\" itemscope=\"itemscope\" >\n\t\t\t\t\t\t<span itemprop='name'>admin<\/span>\n\t\t\t\t\t\t<span itemprop='logo' itemscope itemtype='https:\/\/schema.org\/ImageObject'>\n\t\t\t\t\t\t\t<span itemprop='url'>https:\/\/ptdl.pl\/wp-content\/uploads\/2023\/03\/logo_2.svg<\/span>\n\t\t\t\t\t\t<\/span>\n\t\t\t\t<\/span><span class='av-structured-data'  itemprop=\"author\" itemscope=\"itemscope\" itemtype=\"https:\/\/schema.org\/Person\" ><span itemprop='name'>admin<\/span><\/span><span class='av-structured-data'  itemprop=\"datePublished\" datetime=\"2023-02-03T12:54:00+01:00\" >2023-01-20 14:20:11<\/span><span class='av-structured-data'  itemprop=\"dateModified\" itemtype=\"https:\/\/schema.org\/dateModified\" >2023-02-28 08:54:52<\/span><span class='av-structured-data'  itemprop=\"mainEntityOfPage\" itemtype=\"https:\/\/schema.org\/mainEntityOfPage\" ><span itemprop='name'>Diagnostyka toksykologiczna &#8211; wyzwania laboratoryjne, kliniczne i spo\u0142eczne<\/span><\/span><\/span><\/article><article class='slide-entry flex_column  post-entry post-entry-346 slide-entry-overview slide-loop-88 slide-parity-even  av_one_fourth  fake-thumbnail post-format-standard'  itemscope=\"itemscope\" itemtype=\"https:\/\/schema.org\/CreativeWork\" ><a href='https:\/\/ptdl.pl\/index.php\/2022\/11\/17\/xi-lubuska-konferencja-diagnostyczna-zima-2023\/' data-rel='slide-4' class='slide-image' title='XI Lubuska Konferencja Diagnostyczna &#8211; ZIMA 2023'><span class='fallback-post-type-icon' aria-hidden='true' data-av_icon='\ue836' data-av_iconfont='entypo-fontello'><\/span><span class='slider-fallback-image'><img decoding=\"async\" width=\"80\" height=\"94\" src=\"https:\/\/ptdl.pl\/ptdl\/wp-content\/uploads\/2023\/02\/lubuski_herb.jpg\" class=\"wp-image-199 avia-img-lazy-loading-not-199 attachment-medium size-medium wp-post-image\" alt=\"\" \/><\/span><\/a><div class=\"slide-content\"><header class=\"entry-content-header\"><h3 class='slide-entry-title entry-title '  itemprop=\"headline\" ><a href='https:\/\/ptdl.pl\/index.php\/2022\/11\/17\/xi-lubuska-konferencja-diagnostyczna-zima-2023\/' title='XI Lubuska Konferencja Diagnostyczna &#8211; ZIMA 2023'>XI Lubuska Konferencja Diagnostyczna &#8211; ZIMA 2023<\/a><\/h3><span class=\"av-vertical-delimiter\"><\/span><\/header><div class=\"slide-meta\"><time class='slide-meta-time updated'  itemprop=\"datePublished\" datetime=\"2022-11-17T14:09:22+01:00\" >2022-11-17<\/time><\/div><div class='slide-entry-excerpt entry-content'  itemprop=\"text\" ><div class=\"read-more-link\"><a href=\"https:\/\/ptdl.pl\/index.php\/2022\/11\/17\/xi-lubuska-konferencja-diagnostyczna-zima-2023\/\" class=\"more-link\">Czytaj dalej<span class=\"more-link-arrow\"><\/span><\/a><\/div><\/div><\/div><footer class=\"entry-footer\"><\/footer><span class='hidden'>\n\t\t\t\t<span class='av-structured-data'  itemprop=\"image\" itemscope=\"itemscope\" itemtype=\"https:\/\/schema.org\/ImageObject\" >\n\t\t\t\t\t\t<span itemprop='url'>https:\/\/ptdl.pl\/wp-content\/uploads\/2023\/03\/logo_2.svg<\/span>\n\t\t\t\t\t\t<span itemprop='height'>0<\/span>\n\t\t\t\t\t\t<span itemprop='width'>0<\/span>\n\t\t\t\t<\/span>\n\t\t\t\t<span class='av-structured-data'  itemprop=\"publisher\" itemtype=\"https:\/\/schema.org\/Organization\" itemscope=\"itemscope\" >\n\t\t\t\t\t\t<span itemprop='name'>admin<\/span>\n\t\t\t\t\t\t<span itemprop='logo' itemscope itemtype='https:\/\/schema.org\/ImageObject'>\n\t\t\t\t\t\t\t<span itemprop='url'>https:\/\/ptdl.pl\/wp-content\/uploads\/2023\/03\/logo_2.svg<\/span>\n\t\t\t\t\t\t<\/span>\n\t\t\t\t<\/span><span class='av-structured-data'  itemprop=\"author\" itemscope=\"itemscope\" itemtype=\"https:\/\/schema.org\/Person\" ><span itemprop='name'>admin<\/span><\/span><span class='av-structured-data'  itemprop=\"datePublished\" datetime=\"2023-02-03T12:54:00+01:00\" >2022-11-17 14:09:22<\/span><span class='av-structured-data'  itemprop=\"dateModified\" itemtype=\"https:\/\/schema.org\/dateModified\" >2023-02-28 08:57:39<\/span><span class='av-structured-data'  itemprop=\"mainEntityOfPage\" itemtype=\"https:\/\/schema.org\/mainEntityOfPage\" ><span itemprop='name'>XI Lubuska Konferencja Diagnostyczna &#8211; ZIMA 2023<\/span><\/span><\/span><\/article><\/div><div class=\"slide-entry-wrap\"><article class='slide-entry flex_column  post-entry post-entry-349 slide-entry-overview slide-loop-89 slide-parity-odd  post-entry-last  av_one_fourth first real-thumbnail post-format-standard'  itemscope=\"itemscope\" itemtype=\"https:\/\/schema.org\/CreativeWork\" ><a href='https:\/\/ptdl.pl\/index.php\/2022\/01\/06\/xi-lubuska-konferencja-diagnostyczna-zima-2023-2\/' data-rel='slide-4' class='slide-image' title='XI Lubuska Konferencja Diagnostyczna &#8211; ZIMA 2023'><img decoding=\"async\" width=\"80\" height=\"94\" src=\"https:\/\/ptdl.pl\/ptdl\/wp-content\/uploads\/2023\/02\/lubuski_herb.jpg\" class=\"wp-image-199 avia-img-lazy-loading-not-199 attachment-medium size-medium wp-post-image\" alt=\"\" \/><\/a><div class=\"slide-content\"><header class=\"entry-content-header\"><h3 class='slide-entry-title entry-title '  itemprop=\"headline\" ><a href='https:\/\/ptdl.pl\/index.php\/2022\/01\/06\/xi-lubuska-konferencja-diagnostyczna-zima-2023-2\/' title='XI Lubuska Konferencja Diagnostyczna &#8211; ZIMA 2023'>XI Lubuska Konferencja Diagnostyczna &#8211; ZIMA 2023<\/a><\/h3><span class=\"av-vertical-delimiter\"><\/span><\/header><div class=\"slide-meta\"><time class='slide-meta-time updated'  itemprop=\"datePublished\" datetime=\"2022-01-06T14:10:47+01:00\" >2022-01-06<\/time><\/div><div class='slide-entry-excerpt entry-content'  itemprop=\"text\" ><div class=\"read-more-link\"><a href=\"https:\/\/ptdl.pl\/index.php\/2022\/01\/06\/xi-lubuska-konferencja-diagnostyczna-zima-2023-2\/\" class=\"more-link\">Czytaj dalej<span class=\"more-link-arrow\"><\/span><\/a><\/div><\/div><\/div><footer class=\"entry-footer\"><\/footer><span class='hidden'>\n\t\t\t\t<span class='av-structured-data'  itemprop=\"image\" itemscope=\"itemscope\" itemtype=\"https:\/\/schema.org\/ImageObject\" >\n\t\t\t\t\t\t<span itemprop='url'>https:\/\/ptdl.pl\/ptdl\/wp-content\/uploads\/2023\/02\/lubuski_herb.jpg<\/span>\n\t\t\t\t\t\t<span itemprop='height'>94<\/span>\n\t\t\t\t\t\t<span itemprop='width'>80<\/span>\n\t\t\t\t<\/span>\n\t\t\t\t<span class='av-structured-data'  itemprop=\"publisher\" itemtype=\"https:\/\/schema.org\/Organization\" itemscope=\"itemscope\" >\n\t\t\t\t\t\t<span itemprop='name'>admin<\/span>\n\t\t\t\t\t\t<span itemprop='logo' itemscope itemtype='https:\/\/schema.org\/ImageObject'>\n\t\t\t\t\t\t\t<span itemprop='url'>https:\/\/ptdl.pl\/wp-content\/uploads\/2023\/03\/logo_2.svg<\/span>\n\t\t\t\t\t\t<\/span>\n\t\t\t\t<\/span><span class='av-structured-data'  itemprop=\"author\" itemscope=\"itemscope\" itemtype=\"https:\/\/schema.org\/Person\" ><span itemprop='name'>admin<\/span><\/span><span class='av-structured-data'  itemprop=\"datePublished\" datetime=\"2023-02-03T12:54:00+01:00\" >2022-01-06 14:10:47<\/span><span class='av-structured-data'  itemprop=\"dateModified\" itemtype=\"https:\/\/schema.org\/dateModified\" >2023-02-27 10:20:11<\/span><span class='av-structured-data'  itemprop=\"mainEntityOfPage\" itemtype=\"https:\/\/schema.org\/mainEntityOfPage\" ><span itemprop='name'>XI Lubuska Konferencja Diagnostyczna &#8211; ZIMA 2023<\/span><\/span><\/span><\/article><\/div><\/div><div class='avia-slideshow-arrows avia-slideshow-controls' ><a href='#prev' class='prev-slide ' aria-hidden='true' data-av_icon='\ue87c' data-av_iconfont='entypo-fontello'  tabindex='-1'>Previous<\/a><a href='#next' class='next-slide ' aria-hidden='true' data-av_icon='\ue87d' data-av_iconfont='entypo-fontello'  tabindex='-1'>Next<\/a><\/div><\/div>\n<div  data-slideshow-options=\"{&quot;animation&quot;:&quot;fade&quot;,&quot;autoplay&quot;:false,&quot;loop_autoplay&quot;:&quot;once&quot;,&quot;interval&quot;:&quot;40&quot;,&quot;loop_manual&quot;:&quot;manual-endless&quot;,&quot;autoplay_stopper&quot;:false,&quot;noNavigation&quot;:false,&quot;show_slide_delay&quot;:90}\" class='avia-content-slider avia-content-slider-active avia-content-slider5 avia-content-slider-odd  avia-builder-el-11  el_after_av_postslider  el_before_av_textblock  av-slideshow-ui av-control-default   av-no-slider-navigation av-slideshow-manual av-loop-once av-loop-manual-endless  av-desktop-hide av-medium-hide'  itemscope=\"itemscope\" itemtype=\"https:\/\/schema.org\/Blog\" ><div class=\"avia-content-slider-inner\"><div class=\"slide-entry-wrap\"><article class='slide-entry flex_column  post-entry post-entry-6138 slide-entry-overview slide-loop-1 slide-parity-odd  av_one_third first real-thumbnail post-format-standard'  itemscope=\"itemscope\" itemtype=\"https:\/\/schema.org\/CreativeWork\" ><a href='https:\/\/ptdl.pl\/index.php\/2026\/04\/23\/konferencja-wiosenne-spotkania-z-medycyna-laboratoryjna-krynica-zdroj-2026\/' data-rel='slide-5' class='slide-image' title='Konferencja \u201eWiosenne spotkania z medycyn\u0105 laboratoryjn\u0105 \u2013 Krynica-Zdr\u00f3j 2026\u201d'><img decoding=\"async\" width=\"300\" height=\"169\" src=\"https:\/\/ptdl.pl\/ptdl\/wp-content\/uploads\/2026\/04\/zdjecia-do-kolazu-konferencja-PTDL-16-17.04.26-300x169.jpg\" class=\"wp-image-6139 avia-img-lazy-loading-not-6139 attachment-medium size-medium wp-post-image\" alt=\"\" srcset=\"https:\/\/ptdl.pl\/ptdl\/wp-content\/uploads\/2026\/04\/zdjecia-do-kolazu-konferencja-PTDL-16-17.04.26-300x169.jpg 300w, https:\/\/ptdl.pl\/ptdl\/wp-content\/uploads\/2026\/04\/zdjecia-do-kolazu-konferencja-PTDL-16-17.04.26-1030x579.jpg 1030w, https:\/\/ptdl.pl\/ptdl\/wp-content\/uploads\/2026\/04\/zdjecia-do-kolazu-konferencja-PTDL-16-17.04.26-768x432.jpg 768w, https:\/\/ptdl.pl\/ptdl\/wp-content\/uploads\/2026\/04\/zdjecia-do-kolazu-konferencja-PTDL-16-17.04.26-1536x864.jpg 1536w, https:\/\/ptdl.pl\/ptdl\/wp-content\/uploads\/2026\/04\/zdjecia-do-kolazu-konferencja-PTDL-16-17.04.26-1500x844.jpg 1500w, https:\/\/ptdl.pl\/ptdl\/wp-content\/uploads\/2026\/04\/zdjecia-do-kolazu-konferencja-PTDL-16-17.04.26-705x397.jpg 705w, https:\/\/ptdl.pl\/ptdl\/wp-content\/uploads\/2026\/04\/zdjecia-do-kolazu-konferencja-PTDL-16-17.04.26.jpg 1920w\" sizes=\"(max-width: 300px) 100vw, 300px\" \/><\/a><div class=\"slide-content\"><header class=\"entry-content-header\"><h3 class='slide-entry-title entry-title '  itemprop=\"headline\" ><a href='https:\/\/ptdl.pl\/index.php\/2026\/04\/23\/konferencja-wiosenne-spotkania-z-medycyna-laboratoryjna-krynica-zdroj-2026\/' title='Konferencja \u201eWiosenne spotkania z medycyn\u0105 laboratoryjn\u0105 \u2013 Krynica-Zdr\u00f3j 2026\u201d'>Konferencja \u201eWiosenne spotkania z medycyn\u0105 laboratoryjn\u0105 \u2013 Krynica-Zdr\u00f3j 2026\u201d<\/a><\/h3><span class=\"av-vertical-delimiter\"><\/span><\/header><div class=\"slide-meta\"><time class='slide-meta-time updated'  itemprop=\"datePublished\" datetime=\"2026-04-23T11:51:59+02:00\" >2026-04-23<\/time><\/div><div class='slide-entry-excerpt entry-content'  itemprop=\"text\" ><div class=\"read-more-link\"><a href=\"https:\/\/ptdl.pl\/index.php\/2026\/04\/23\/konferencja-wiosenne-spotkania-z-medycyna-laboratoryjna-krynica-zdroj-2026\/\" class=\"more-link\">Czytaj dalej<span class=\"more-link-arrow\"><\/span><\/a><\/div><\/div><\/div><footer class=\"entry-footer\"><\/footer><span class='hidden'>\n\t\t\t\t<span class='av-structured-data'  itemprop=\"image\" itemscope=\"itemscope\" itemtype=\"https:\/\/schema.org\/ImageObject\" >\n\t\t\t\t\t\t<span itemprop='url'>https:\/\/ptdl.pl\/ptdl\/wp-content\/uploads\/2026\/04\/zdjecia-do-kolazu-konferencja-PTDL-16-17.04.26.jpg<\/span>\n\t\t\t\t\t\t<span itemprop='height'>1080<\/span>\n\t\t\t\t\t\t<span itemprop='width'>1920<\/span>\n\t\t\t\t<\/span>\n\t\t\t\t<span class='av-structured-data'  itemprop=\"publisher\" itemtype=\"https:\/\/schema.org\/Organization\" itemscope=\"itemscope\" >\n\t\t\t\t\t\t<span itemprop='name'>admin<\/span>\n\t\t\t\t\t\t<span itemprop='logo' itemscope itemtype='https:\/\/schema.org\/ImageObject'>\n\t\t\t\t\t\t\t<span itemprop='url'>https:\/\/ptdl.pl\/wp-content\/uploads\/2023\/03\/logo_2.svg<\/span>\n\t\t\t\t\t\t<\/span>\n\t\t\t\t<\/span><span class='av-structured-data'  itemprop=\"author\" itemscope=\"itemscope\" itemtype=\"https:\/\/schema.org\/Person\" ><span itemprop='name'>admin<\/span><\/span><span class='av-structured-data'  itemprop=\"datePublished\" datetime=\"2023-02-03T12:54:00+01:00\" >2026-04-23 11:51:59<\/span><span class='av-structured-data'  itemprop=\"dateModified\" itemtype=\"https:\/\/schema.org\/dateModified\" >2026-04-23 11:53:33<\/span><span class='av-structured-data'  itemprop=\"mainEntityOfPage\" itemtype=\"https:\/\/schema.org\/mainEntityOfPage\" ><span itemprop='name'>Konferencja \u201eWiosenne spotkania z medycyn\u0105 laboratoryjn\u0105 \u2013 Krynica-Zdr\u00f3j 2026\u201d<\/span><\/span><\/span><\/article><article class='slide-entry flex_column  post-entry post-entry-6092 slide-entry-overview slide-loop-2 slide-parity-even  av_one_third  real-thumbnail post-format-standard'  itemscope=\"itemscope\" itemtype=\"https:\/\/schema.org\/CreativeWork\" ><a href='https:\/\/ptdl.pl\/index.php\/2026\/04\/20\/ogolnopolski-dzien-diagnosty-laboratoryjnego\/' data-rel='slide-5' class='slide-image' title='OG\u00d3LNOPOLSKI DZIE\u0143 DIAGNOSTY LABORATORYJNEGO'><img decoding=\"async\" width=\"300\" height=\"298\" src=\"https:\/\/ptdl.pl\/ptdl\/wp-content\/uploads\/2026\/04\/fb-300x298.jpg\" class=\"wp-image-6093 avia-img-lazy-loading-not-6093 attachment-medium size-medium wp-post-image\" alt=\"\" srcset=\"https:\/\/ptdl.pl\/ptdl\/wp-content\/uploads\/2026\/04\/fb-300x298.jpg 300w, https:\/\/ptdl.pl\/ptdl\/wp-content\/uploads\/2026\/04\/fb-1030x1021.jpg 1030w, https:\/\/ptdl.pl\/ptdl\/wp-content\/uploads\/2026\/04\/fb-80x80.jpg 80w, https:\/\/ptdl.pl\/ptdl\/wp-content\/uploads\/2026\/04\/fb-768x762.jpg 768w, https:\/\/ptdl.pl\/ptdl\/wp-content\/uploads\/2026\/04\/fb-36x36.jpg 36w, https:\/\/ptdl.pl\/ptdl\/wp-content\/uploads\/2026\/04\/fb-180x180.jpg 180w, https:\/\/ptdl.pl\/ptdl\/wp-content\/uploads\/2026\/04\/fb-705x699.jpg 705w, https:\/\/ptdl.pl\/ptdl\/wp-content\/uploads\/2026\/04\/fb.jpg 1320w\" sizes=\"(max-width: 300px) 100vw, 300px\" \/><\/a><div class=\"slide-content\"><header class=\"entry-content-header\"><h3 class='slide-entry-title entry-title '  itemprop=\"headline\" ><a href='https:\/\/ptdl.pl\/index.php\/2026\/04\/20\/ogolnopolski-dzien-diagnosty-laboratoryjnego\/' title='OG\u00d3LNOPOLSKI DZIE\u0143 DIAGNOSTY LABORATORYJNEGO'>OG\u00d3LNOPOLSKI DZIE\u0143 DIAGNOSTY LABORATORYJNEGO<\/a><\/h3><span class=\"av-vertical-delimiter\"><\/span><\/header><div class=\"slide-meta\"><time class='slide-meta-time updated'  itemprop=\"datePublished\" datetime=\"2026-04-20T14:32:39+02:00\" >2026-04-20<\/time><\/div><div class='slide-entry-excerpt entry-content'  itemprop=\"text\" ><div class=\"read-more-link\"><a href=\"https:\/\/ptdl.pl\/index.php\/2026\/04\/20\/ogolnopolski-dzien-diagnosty-laboratoryjnego\/\" class=\"more-link\">Czytaj dalej<span class=\"more-link-arrow\"><\/span><\/a><\/div><\/div><\/div><footer class=\"entry-footer\"><\/footer><span class='hidden'>\n\t\t\t\t<span class='av-structured-data'  itemprop=\"image\" itemscope=\"itemscope\" itemtype=\"https:\/\/schema.org\/ImageObject\" >\n\t\t\t\t\t\t<span itemprop='url'>https:\/\/ptdl.pl\/ptdl\/wp-content\/uploads\/2026\/04\/fb.jpg<\/span>\n\t\t\t\t\t\t<span itemprop='height'>1309<\/span>\n\t\t\t\t\t\t<span itemprop='width'>1320<\/span>\n\t\t\t\t<\/span>\n\t\t\t\t<span class='av-structured-data'  itemprop=\"publisher\" itemtype=\"https:\/\/schema.org\/Organization\" itemscope=\"itemscope\" >\n\t\t\t\t\t\t<span itemprop='name'>admin<\/span>\n\t\t\t\t\t\t<span itemprop='logo' itemscope itemtype='https:\/\/schema.org\/ImageObject'>\n\t\t\t\t\t\t\t<span itemprop='url'>https:\/\/ptdl.pl\/wp-content\/uploads\/2023\/03\/logo_2.svg<\/span>\n\t\t\t\t\t\t<\/span>\n\t\t\t\t<\/span><span class='av-structured-data'  itemprop=\"author\" itemscope=\"itemscope\" itemtype=\"https:\/\/schema.org\/Person\" ><span itemprop='name'>admin<\/span><\/span><span class='av-structured-data'  itemprop=\"datePublished\" datetime=\"2023-02-03T12:54:00+01:00\" >2026-04-20 14:32:39<\/span><span class='av-structured-data'  itemprop=\"dateModified\" itemtype=\"https:\/\/schema.org\/dateModified\" >2026-04-20 14:35:28<\/span><span class='av-structured-data'  itemprop=\"mainEntityOfPage\" itemtype=\"https:\/\/schema.org\/mainEntityOfPage\" ><span itemprop='name'>OG\u00d3LNOPOLSKI DZIE\u0143 DIAGNOSTY LABORATORYJNEGO<\/span><\/span><\/span><\/article><article class='slide-entry flex_column  post-entry post-entry-6070 slide-entry-overview slide-loop-3 slide-parity-odd  av_one_third  real-thumbnail post-format-standard'  itemscope=\"itemscope\" itemtype=\"https:\/\/schema.org\/CreativeWork\" ><a href='https:\/\/ptdl.pl\/index.php\/2026\/04\/20\/rejestracja-na-konferencje-naukowo-szkoleniowa-oddzialu-ptdl-w-bydgoszczy-27-28-maja-2026-r-turzno-k-torunia\/' data-rel='slide-5' class='slide-image' title='Rejestracja na konferencj\u0119 naukowo-szkoleniow\u0105 Oddzia\u0142u PTDL w Bydgoszczy 27-28 maja 2026 r-Turzno k\/Torunia'><img decoding=\"async\" width=\"300\" height=\"226\" src=\"https:\/\/ptdl.pl\/ptdl\/wp-content\/uploads\/2025\/04\/turzno-1-300x226.jpg\" class=\"wp-image-4666 avia-img-lazy-loading-not-4666 attachment-medium size-medium wp-post-image\" alt=\"\" srcset=\"https:\/\/ptdl.pl\/ptdl\/wp-content\/uploads\/2025\/04\/turzno-1-300x226.jpg 300w, https:\/\/ptdl.pl\/ptdl\/wp-content\/uploads\/2025\/04\/turzno-1-768x579.jpg 768w, https:\/\/ptdl.pl\/ptdl\/wp-content\/uploads\/2025\/04\/turzno-1-705x531.jpg 705w, https:\/\/ptdl.pl\/ptdl\/wp-content\/uploads\/2025\/04\/turzno-1.jpg 1019w\" sizes=\"(max-width: 300px) 100vw, 300px\" \/><\/a><div class=\"slide-content\"><header class=\"entry-content-header\"><h3 class='slide-entry-title entry-title '  itemprop=\"headline\" ><a href='https:\/\/ptdl.pl\/index.php\/2026\/04\/20\/rejestracja-na-konferencje-naukowo-szkoleniowa-oddzialu-ptdl-w-bydgoszczy-27-28-maja-2026-r-turzno-k-torunia\/' title='Rejestracja na konferencj\u0119 naukowo-szkoleniow\u0105 Oddzia\u0142u PTDL w Bydgoszczy 27-28 maja 2026 r-Turzno k\/Torunia'>Rejestracja na konferencj\u0119 naukowo-szkoleniow\u0105 Oddzia\u0142u PTDL w Bydgoszczy 27-28 maja 2026 r-Turzno k\/Torunia<\/a><\/h3><span class=\"av-vertical-delimiter\"><\/span><\/header><div class=\"slide-meta\"><time class='slide-meta-time updated'  itemprop=\"datePublished\" datetime=\"2026-04-20T00:25:23+02:00\" >2026-04-20<\/time><\/div><div class='slide-entry-excerpt entry-content'  itemprop=\"text\" ><div class=\"read-more-link\"><a href=\"https:\/\/ptdl.pl\/index.php\/2026\/04\/20\/rejestracja-na-konferencje-naukowo-szkoleniowa-oddzialu-ptdl-w-bydgoszczy-27-28-maja-2026-r-turzno-k-torunia\/\" class=\"more-link\">Czytaj dalej<span class=\"more-link-arrow\"><\/span><\/a><\/div><\/div><\/div><footer class=\"entry-footer\"><\/footer><span class='hidden'>\n\t\t\t\t<span class='av-structured-data'  itemprop=\"image\" itemscope=\"itemscope\" itemtype=\"https:\/\/schema.org\/ImageObject\" >\n\t\t\t\t\t\t<span itemprop='url'>https:\/\/ptdl.pl\/ptdl\/wp-content\/uploads\/2025\/04\/turzno-1.jpg<\/span>\n\t\t\t\t\t\t<span itemprop='height'>768<\/span>\n\t\t\t\t\t\t<span itemprop='width'>1019<\/span>\n\t\t\t\t<\/span>\n\t\t\t\t<span class='av-structured-data'  itemprop=\"publisher\" itemtype=\"https:\/\/schema.org\/Organization\" itemscope=\"itemscope\" >\n\t\t\t\t\t\t<span itemprop='name'>S\u0142awomira Balcerak<\/span>\n\t\t\t\t\t\t<span itemprop='logo' itemscope itemtype='https:\/\/schema.org\/ImageObject'>\n\t\t\t\t\t\t\t<span itemprop='url'>https:\/\/ptdl.pl\/wp-content\/uploads\/2023\/03\/logo_2.svg<\/span>\n\t\t\t\t\t\t<\/span>\n\t\t\t\t<\/span><span class='av-structured-data'  itemprop=\"author\" itemscope=\"itemscope\" itemtype=\"https:\/\/schema.org\/Person\" ><span itemprop='name'>S\u0142awomira Balcerak<\/span><\/span><span class='av-structured-data'  itemprop=\"datePublished\" datetime=\"2023-02-03T12:54:00+01:00\" >2026-04-20 00:25:23<\/span><span class='av-structured-data'  itemprop=\"dateModified\" itemtype=\"https:\/\/schema.org\/dateModified\" >2026-04-20 00:25:23<\/span><span class='av-structured-data'  itemprop=\"mainEntityOfPage\" itemtype=\"https:\/\/schema.org\/mainEntityOfPage\" ><span itemprop='name'>Rejestracja na konferencj\u0119 naukowo-szkoleniow\u0105 Oddzia\u0142u PTDL w Bydgoszczy 27-28 maja 2026 r-Turzno k\/Torunia<\/span><\/span><\/span><\/article><\/div><div class=\"slide-entry-wrap\"><article class='slide-entry flex_column  post-entry post-entry-6022 slide-entry-overview slide-loop-4 slide-parity-odd  av_one_third first real-thumbnail post-format-standard'  itemscope=\"itemscope\" itemtype=\"https:\/\/schema.org\/CreativeWork\" ><a href='https:\/\/ptdl.pl\/index.php\/2026\/04\/13\/program-konferencji-naukowo-szkoleniowej-szklarska-poreba-2026\/' data-rel='slide-5' class='slide-image' title='Program Konferencji  Naukowo- Szkoleniowej Szklarska Por\u0119ba 2026'><img decoding=\"async\" width=\"300\" height=\"300\" src=\"https:\/\/ptdl.pl\/ptdl\/wp-content\/uploads\/2026\/04\/77596-2-300x300.png\" class=\"wp-image-6024 avia-img-lazy-loading-not-6024 attachment-medium size-medium wp-post-image\" alt=\"\" srcset=\"https:\/\/ptdl.pl\/ptdl\/wp-content\/uploads\/2026\/04\/77596-2-300x300.png 300w, https:\/\/ptdl.pl\/ptdl\/wp-content\/uploads\/2026\/04\/77596-2-80x80.png 80w, https:\/\/ptdl.pl\/ptdl\/wp-content\/uploads\/2026\/04\/77596-2-768x768.png 768w, https:\/\/ptdl.pl\/ptdl\/wp-content\/uploads\/2026\/04\/77596-2-36x36.png 36w, https:\/\/ptdl.pl\/ptdl\/wp-content\/uploads\/2026\/04\/77596-2-180x180.png 180w, https:\/\/ptdl.pl\/ptdl\/wp-content\/uploads\/2026\/04\/77596-2-705x705.png 705w, https:\/\/ptdl.pl\/ptdl\/wp-content\/uploads\/2026\/04\/77596-2.png 1024w\" sizes=\"(max-width: 300px) 100vw, 300px\" \/><\/a><div class=\"slide-content\"><header class=\"entry-content-header\"><h3 class='slide-entry-title entry-title '  itemprop=\"headline\" ><a href='https:\/\/ptdl.pl\/index.php\/2026\/04\/13\/program-konferencji-naukowo-szkoleniowej-szklarska-poreba-2026\/' title='Program Konferencji  Naukowo- Szkoleniowej Szklarska Por\u0119ba 2026'>Program Konferencji  Naukowo- Szkoleniowej Szklarska Por\u0119ba 2026<\/a><\/h3><span class=\"av-vertical-delimiter\"><\/span><\/header><div class=\"slide-meta\"><time class='slide-meta-time updated'  itemprop=\"datePublished\" datetime=\"2026-04-13T15:21:51+02:00\" >2026-04-13<\/time><\/div><div class='slide-entry-excerpt entry-content'  itemprop=\"text\" ><div class=\"read-more-link\"><a href=\"https:\/\/ptdl.pl\/index.php\/2026\/04\/13\/program-konferencji-naukowo-szkoleniowej-szklarska-poreba-2026\/\" class=\"more-link\">Czytaj dalej<span class=\"more-link-arrow\"><\/span><\/a><\/div><\/div><\/div><footer class=\"entry-footer\"><\/footer><span class='hidden'>\n\t\t\t\t<span class='av-structured-data'  itemprop=\"image\" itemscope=\"itemscope\" itemtype=\"https:\/\/schema.org\/ImageObject\" >\n\t\t\t\t\t\t<span itemprop='url'>https:\/\/ptdl.pl\/ptdl\/wp-content\/uploads\/2026\/04\/77596-2.png<\/span>\n\t\t\t\t\t\t<span itemprop='height'>1024<\/span>\n\t\t\t\t\t\t<span itemprop='width'>1024<\/span>\n\t\t\t\t<\/span>\n\t\t\t\t<span class='av-structured-data'  itemprop=\"publisher\" itemtype=\"https:\/\/schema.org\/Organization\" itemscope=\"itemscope\" >\n\t\t\t\t\t\t<span itemprop='name'>Olga Loska<\/span>\n\t\t\t\t\t\t<span itemprop='logo' itemscope itemtype='https:\/\/schema.org\/ImageObject'>\n\t\t\t\t\t\t\t<span itemprop='url'>https:\/\/ptdl.pl\/wp-content\/uploads\/2023\/03\/logo_2.svg<\/span>\n\t\t\t\t\t\t<\/span>\n\t\t\t\t<\/span><span class='av-structured-data'  itemprop=\"author\" itemscope=\"itemscope\" itemtype=\"https:\/\/schema.org\/Person\" ><span itemprop='name'>Olga Loska<\/span><\/span><span class='av-structured-data'  itemprop=\"datePublished\" datetime=\"2023-02-03T12:54:00+01:00\" >2026-04-13 15:21:51<\/span><span class='av-structured-data'  itemprop=\"dateModified\" itemtype=\"https:\/\/schema.org\/dateModified\" >2026-04-13 15:21:51<\/span><span class='av-structured-data'  itemprop=\"mainEntityOfPage\" itemtype=\"https:\/\/schema.org\/mainEntityOfPage\" ><span itemprop='name'>Program Konferencji  Naukowo- Szkoleniowej Szklarska Por\u0119ba 2026<\/span><\/span><\/span><\/article><article class='slide-entry flex_column  post-entry post-entry-5985 slide-entry-overview slide-loop-5 slide-parity-even  av_one_third  real-thumbnail post-format-standard'  itemscope=\"itemscope\" itemtype=\"https:\/\/schema.org\/CreativeWork\" ><a href='https:\/\/ptdl.pl\/index.php\/2026\/04\/02\/program-konferencji-naukowo-szkoleniowej-oddzialu-ptdl-w-bydgoszczy-27-28-maja-2026-turzno\/' data-rel='slide-5' class='slide-image' title='Program konferencji naukowo-szkoleniowej Oddzia\u0142u PTDL w Bydgoszczy 27-28 maja 2026 Turzno'><img decoding=\"async\" width=\"300\" height=\"226\" src=\"https:\/\/ptdl.pl\/ptdl\/wp-content\/uploads\/2025\/04\/turzno-1-300x226.jpg\" class=\"wp-image-4666 avia-img-lazy-loading-not-4666 attachment-medium size-medium wp-post-image\" alt=\"\" srcset=\"https:\/\/ptdl.pl\/ptdl\/wp-content\/uploads\/2025\/04\/turzno-1-300x226.jpg 300w, https:\/\/ptdl.pl\/ptdl\/wp-content\/uploads\/2025\/04\/turzno-1-768x579.jpg 768w, https:\/\/ptdl.pl\/ptdl\/wp-content\/uploads\/2025\/04\/turzno-1-705x531.jpg 705w, https:\/\/ptdl.pl\/ptdl\/wp-content\/uploads\/2025\/04\/turzno-1.jpg 1019w\" sizes=\"(max-width: 300px) 100vw, 300px\" \/><\/a><div class=\"slide-content\"><header class=\"entry-content-header\"><h3 class='slide-entry-title entry-title '  itemprop=\"headline\" ><a href='https:\/\/ptdl.pl\/index.php\/2026\/04\/02\/program-konferencji-naukowo-szkoleniowej-oddzialu-ptdl-w-bydgoszczy-27-28-maja-2026-turzno\/' title='Program konferencji naukowo-szkoleniowej Oddzia\u0142u PTDL w Bydgoszczy 27-28 maja 2026 Turzno'>Program konferencji naukowo-szkoleniowej Oddzia\u0142u PTDL w Bydgoszczy 27-28 maja 2026 Turzno<\/a><\/h3><span class=\"av-vertical-delimiter\"><\/span><\/header><div class=\"slide-meta\"><time class='slide-meta-time updated'  itemprop=\"datePublished\" datetime=\"2026-04-02T22:40:41+02:00\" >2026-04-02<\/time><\/div><div class='slide-entry-excerpt entry-content'  itemprop=\"text\" ><div class=\"read-more-link\"><a href=\"https:\/\/ptdl.pl\/index.php\/2026\/04\/02\/program-konferencji-naukowo-szkoleniowej-oddzialu-ptdl-w-bydgoszczy-27-28-maja-2026-turzno\/\" class=\"more-link\">Czytaj dalej<span class=\"more-link-arrow\"><\/span><\/a><\/div><\/div><\/div><footer class=\"entry-footer\"><\/footer><span class='hidden'>\n\t\t\t\t<span class='av-structured-data'  itemprop=\"image\" itemscope=\"itemscope\" itemtype=\"https:\/\/schema.org\/ImageObject\" >\n\t\t\t\t\t\t<span itemprop='url'>https:\/\/ptdl.pl\/ptdl\/wp-content\/uploads\/2025\/04\/turzno-1.jpg<\/span>\n\t\t\t\t\t\t<span itemprop='height'>768<\/span>\n\t\t\t\t\t\t<span itemprop='width'>1019<\/span>\n\t\t\t\t<\/span>\n\t\t\t\t<span class='av-structured-data'  itemprop=\"publisher\" itemtype=\"https:\/\/schema.org\/Organization\" itemscope=\"itemscope\" >\n\t\t\t\t\t\t<span itemprop='name'>S\u0142awomira Balcerak<\/span>\n\t\t\t\t\t\t<span itemprop='logo' itemscope itemtype='https:\/\/schema.org\/ImageObject'>\n\t\t\t\t\t\t\t<span itemprop='url'>https:\/\/ptdl.pl\/wp-content\/uploads\/2023\/03\/logo_2.svg<\/span>\n\t\t\t\t\t\t<\/span>\n\t\t\t\t<\/span><span class='av-structured-data'  itemprop=\"author\" itemscope=\"itemscope\" itemtype=\"https:\/\/schema.org\/Person\" ><span itemprop='name'>S\u0142awomira Balcerak<\/span><\/span><span class='av-structured-data'  itemprop=\"datePublished\" datetime=\"2023-02-03T12:54:00+01:00\" >2026-04-02 22:40:41<\/span><span class='av-structured-data'  itemprop=\"dateModified\" itemtype=\"https:\/\/schema.org\/dateModified\" >2026-04-02 22:40:41<\/span><span class='av-structured-data'  itemprop=\"mainEntityOfPage\" itemtype=\"https:\/\/schema.org\/mainEntityOfPage\" ><span itemprop='name'>Program konferencji naukowo-szkoleniowej Oddzia\u0142u PTDL w Bydgoszczy 27-28 maja 2026 Turzno<\/span><\/span><\/span><\/article><article class='slide-entry flex_column  post-entry post-entry-5908 slide-entry-overview slide-loop-6 slide-parity-odd  av_one_third  real-thumbnail post-format-standard'  itemscope=\"itemscope\" itemtype=\"https:\/\/schema.org\/CreativeWork\" ><a href='https:\/\/ptdl.pl\/index.php\/2026\/03\/27\/konferencja-naukowo-szkoleniowa-oddzialu-ptdl-w-bydgoszczy-27-28-maja-2026-r-turzno-k-torunia\/' data-rel='slide-5' class='slide-image' title='Konferencja naukowo-szkoleniowa Oddzia\u0142u PTDL w Bydgoszczy 27-28 maja 2026 r Turzno k\/Torunia'><img decoding=\"async\" width=\"300\" height=\"226\" src=\"https:\/\/ptdl.pl\/ptdl\/wp-content\/uploads\/2025\/04\/turzno-1-300x226.jpg\" class=\"wp-image-4666 avia-img-lazy-loading-not-4666 attachment-medium size-medium wp-post-image\" alt=\"\" srcset=\"https:\/\/ptdl.pl\/ptdl\/wp-content\/uploads\/2025\/04\/turzno-1-300x226.jpg 300w, https:\/\/ptdl.pl\/ptdl\/wp-content\/uploads\/2025\/04\/turzno-1-768x579.jpg 768w, https:\/\/ptdl.pl\/ptdl\/wp-content\/uploads\/2025\/04\/turzno-1-705x531.jpg 705w, https:\/\/ptdl.pl\/ptdl\/wp-content\/uploads\/2025\/04\/turzno-1.jpg 1019w\" sizes=\"(max-width: 300px) 100vw, 300px\" \/><\/a><div class=\"slide-content\"><header class=\"entry-content-header\"><h3 class='slide-entry-title entry-title '  itemprop=\"headline\" ><a href='https:\/\/ptdl.pl\/index.php\/2026\/03\/27\/konferencja-naukowo-szkoleniowa-oddzialu-ptdl-w-bydgoszczy-27-28-maja-2026-r-turzno-k-torunia\/' title='Konferencja naukowo-szkoleniowa Oddzia\u0142u PTDL w Bydgoszczy 27-28 maja 2026 r Turzno k\/Torunia'>Konferencja naukowo-szkoleniowa Oddzia\u0142u PTDL w Bydgoszczy 27-28 maja 2026 r Turzno k\/Torunia<\/a><\/h3><span class=\"av-vertical-delimiter\"><\/span><\/header><div class=\"slide-meta\"><time class='slide-meta-time updated'  itemprop=\"datePublished\" datetime=\"2026-03-27T21:28:36+01:00\" >2026-03-27<\/time><\/div><div class='slide-entry-excerpt entry-content'  itemprop=\"text\" ><div class=\"read-more-link\"><a href=\"https:\/\/ptdl.pl\/index.php\/2026\/03\/27\/konferencja-naukowo-szkoleniowa-oddzialu-ptdl-w-bydgoszczy-27-28-maja-2026-r-turzno-k-torunia\/\" class=\"more-link\">Czytaj dalej<span class=\"more-link-arrow\"><\/span><\/a><\/div><\/div><\/div><footer class=\"entry-footer\"><\/footer><span class='hidden'>\n\t\t\t\t<span class='av-structured-data'  itemprop=\"image\" itemscope=\"itemscope\" itemtype=\"https:\/\/schema.org\/ImageObject\" >\n\t\t\t\t\t\t<span itemprop='url'>https:\/\/ptdl.pl\/ptdl\/wp-content\/uploads\/2025\/04\/turzno-1.jpg<\/span>\n\t\t\t\t\t\t<span itemprop='height'>768<\/span>\n\t\t\t\t\t\t<span itemprop='width'>1019<\/span>\n\t\t\t\t<\/span>\n\t\t\t\t<span class='av-structured-data'  itemprop=\"publisher\" itemtype=\"https:\/\/schema.org\/Organization\" itemscope=\"itemscope\" >\n\t\t\t\t\t\t<span itemprop='name'>S\u0142awomira Balcerak<\/span>\n\t\t\t\t\t\t<span itemprop='logo' itemscope itemtype='https:\/\/schema.org\/ImageObject'>\n\t\t\t\t\t\t\t<span itemprop='url'>https:\/\/ptdl.pl\/wp-content\/uploads\/2023\/03\/logo_2.svg<\/span>\n\t\t\t\t\t\t<\/span>\n\t\t\t\t<\/span><span class='av-structured-data'  itemprop=\"author\" itemscope=\"itemscope\" itemtype=\"https:\/\/schema.org\/Person\" ><span itemprop='name'>S\u0142awomira Balcerak<\/span><\/span><span class='av-structured-data'  itemprop=\"datePublished\" datetime=\"2023-02-03T12:54:00+01:00\" >2026-03-27 21:28:36<\/span><span class='av-structured-data'  itemprop=\"dateModified\" itemtype=\"https:\/\/schema.org\/dateModified\" >2026-03-27 21:28:36<\/span><span class='av-structured-data'  itemprop=\"mainEntityOfPage\" itemtype=\"https:\/\/schema.org\/mainEntityOfPage\" ><span itemprop='name'>Konferencja naukowo-szkoleniowa Oddzia\u0142u PTDL w Bydgoszczy 27-28 maja 2026 r Turzno k\/Torunia<\/span><\/span><\/span><\/article><\/div><div class=\"slide-entry-wrap\"><article class='slide-entry flex_column  post-entry post-entry-5820 slide-entry-overview slide-loop-7 slide-parity-odd  av_one_third first real-thumbnail post-format-standard'  itemscope=\"itemscope\" itemtype=\"https:\/\/schema.org\/CreativeWork\" ><a href='https:\/\/ptdl.pl\/index.php\/2026\/03\/11\/konferencja-lodzkie-spotkania-diagnostyczne-2026-priorytety-w-medycynie-laboratoryjnej\/' data-rel='slide-5' class='slide-image' title='Konferencja &#8222;\u0141\u00f3dzkie Spotkania Diagnostyczne 2026 &#8211; Priorytety w Medycynie Laboratoryjnej&#8221;'><img decoding=\"async\" width=\"300\" height=\"145\" src=\"https:\/\/ptdl.pl\/ptdl\/wp-content\/uploads\/2026\/03\/620x300-300x145.png\" class=\"wp-image-5828 avia-img-lazy-loading-not-5828 attachment-medium size-medium wp-post-image\" alt=\"\" srcset=\"https:\/\/ptdl.pl\/ptdl\/wp-content\/uploads\/2026\/03\/620x300-300x145.png 300w, https:\/\/ptdl.pl\/ptdl\/wp-content\/uploads\/2026\/03\/620x300.png 620w\" sizes=\"(max-width: 300px) 100vw, 300px\" \/><\/a><div class=\"slide-content\"><header class=\"entry-content-header\"><h3 class='slide-entry-title entry-title '  itemprop=\"headline\" ><a href='https:\/\/ptdl.pl\/index.php\/2026\/03\/11\/konferencja-lodzkie-spotkania-diagnostyczne-2026-priorytety-w-medycynie-laboratoryjnej\/' title='Konferencja &#8222;\u0141\u00f3dzkie Spotkania Diagnostyczne 2026 &#8211; Priorytety w Medycynie Laboratoryjnej&#8221;'>Konferencja &#8222;\u0141\u00f3dzkie Spotkania Diagnostyczne 2026 &#8211; Priorytety w Medycynie Laboratoryjnej&#8221;<\/a><\/h3><span class=\"av-vertical-delimiter\"><\/span><\/header><div class=\"slide-meta\"><time class='slide-meta-time updated'  itemprop=\"datePublished\" datetime=\"2026-03-11T17:59:38+01:00\" >2026-03-11<\/time><\/div><div class='slide-entry-excerpt entry-content'  itemprop=\"text\" ><div class=\"read-more-link\"><a href=\"https:\/\/ptdl.pl\/index.php\/2026\/03\/11\/konferencja-lodzkie-spotkania-diagnostyczne-2026-priorytety-w-medycynie-laboratoryjnej\/\" class=\"more-link\">Czytaj dalej<span class=\"more-link-arrow\"><\/span><\/a><\/div><\/div><\/div><footer class=\"entry-footer\"><\/footer><span class='hidden'>\n\t\t\t\t<span class='av-structured-data'  itemprop=\"image\" itemscope=\"itemscope\" itemtype=\"https:\/\/schema.org\/ImageObject\" >\n\t\t\t\t\t\t<span itemprop='url'>https:\/\/ptdl.pl\/ptdl\/wp-content\/uploads\/2026\/03\/620x300.png<\/span>\n\t\t\t\t\t\t<span itemprop='height'>300<\/span>\n\t\t\t\t\t\t<span itemprop='width'>620<\/span>\n\t\t\t\t<\/span>\n\t\t\t\t<span class='av-structured-data'  itemprop=\"publisher\" itemtype=\"https:\/\/schema.org\/Organization\" itemscope=\"itemscope\" >\n\t\t\t\t\t\t<span itemprop='name'>dsk<\/span>\n\t\t\t\t\t\t<span itemprop='logo' itemscope itemtype='https:\/\/schema.org\/ImageObject'>\n\t\t\t\t\t\t\t<span itemprop='url'>https:\/\/ptdl.pl\/wp-content\/uploads\/2023\/03\/logo_2.svg<\/span>\n\t\t\t\t\t\t<\/span>\n\t\t\t\t<\/span><span class='av-structured-data'  itemprop=\"author\" itemscope=\"itemscope\" itemtype=\"https:\/\/schema.org\/Person\" ><span itemprop='name'>dsk<\/span><\/span><span class='av-structured-data'  itemprop=\"datePublished\" datetime=\"2023-02-03T12:54:00+01:00\" >2026-03-11 17:59:38<\/span><span class='av-structured-data'  itemprop=\"dateModified\" itemtype=\"https:\/\/schema.org\/dateModified\" >2026-03-15 16:08:47<\/span><span class='av-structured-data'  itemprop=\"mainEntityOfPage\" itemtype=\"https:\/\/schema.org\/mainEntityOfPage\" ><span itemprop='name'>Konferencja &#8222;\u0141\u00f3dzkie Spotkania Diagnostyczne 2026 &#8211; Priorytety w Medycynie Laboratoryjnej&#8221;<\/span><\/span><\/span><\/article><article class='slide-entry flex_column  post-entry post-entry-5725 slide-entry-overview slide-loop-8 slide-parity-even  av_one_third  real-thumbnail post-format-standard'  itemscope=\"itemscope\" itemtype=\"https:\/\/schema.org\/CreativeWork\" ><a href='https:\/\/ptdl.pl\/index.php\/2026\/03\/02\/konferecja-naukowo-szkoleniowa-wiosenne-spotkania-z-medycyna-laboratoryjna-krynica-zdroj-2026-6\/' data-rel='slide-5' class='slide-image' title='KONFERECJA NAUKOWO-SZKOLENIOWA, Wiosenne Spotkania z Medycyn\u0105 Laboratoryjn\u0105, Krynica- Zdr\u00f3j 2026'><img decoding=\"async\" width=\"275\" height=\"183\" src=\"https:\/\/ptdl.pl\/ptdl\/wp-content\/uploads\/2026\/03\/pobrane-2.jpg\" class=\"wp-image-5726 avia-img-lazy-loading-not-5726 attachment-medium size-medium wp-post-image\" alt=\"\" \/><\/a><div class=\"slide-content\"><header class=\"entry-content-header\"><h3 class='slide-entry-title entry-title '  itemprop=\"headline\" ><a href='https:\/\/ptdl.pl\/index.php\/2026\/03\/02\/konferecja-naukowo-szkoleniowa-wiosenne-spotkania-z-medycyna-laboratoryjna-krynica-zdroj-2026-6\/' title='KONFERECJA NAUKOWO-SZKOLENIOWA, Wiosenne Spotkania z Medycyn\u0105 Laboratoryjn\u0105, Krynica- Zdr\u00f3j 2026'>KONFERECJA NAUKOWO-SZKOLENIOWA, Wiosenne Spotkania z Medycyn\u0105 Laboratoryjn\u0105, Krynica- Zdr\u00f3j 2026<\/a><\/h3><span class=\"av-vertical-delimiter\"><\/span><\/header><div class=\"slide-meta\"><time class='slide-meta-time updated'  itemprop=\"datePublished\" datetime=\"2026-03-02T15:46:24+01:00\" >2026-03-02<\/time><\/div><div class='slide-entry-excerpt entry-content'  itemprop=\"text\" ><div class=\"read-more-link\"><a href=\"https:\/\/ptdl.pl\/index.php\/2026\/03\/02\/konferecja-naukowo-szkoleniowa-wiosenne-spotkania-z-medycyna-laboratoryjna-krynica-zdroj-2026-6\/\" class=\"more-link\">Czytaj dalej<span class=\"more-link-arrow\"><\/span><\/a><\/div><\/div><\/div><footer class=\"entry-footer\"><\/footer><span class='hidden'>\n\t\t\t\t<span class='av-structured-data'  itemprop=\"image\" itemscope=\"itemscope\" itemtype=\"https:\/\/schema.org\/ImageObject\" >\n\t\t\t\t\t\t<span itemprop='url'>https:\/\/ptdl.pl\/ptdl\/wp-content\/uploads\/2026\/03\/pobrane-2.jpg<\/span>\n\t\t\t\t\t\t<span itemprop='height'>183<\/span>\n\t\t\t\t\t\t<span itemprop='width'>275<\/span>\n\t\t\t\t<\/span>\n\t\t\t\t<span class='av-structured-data'  itemprop=\"publisher\" itemtype=\"https:\/\/schema.org\/Organization\" itemscope=\"itemscope\" >\n\t\t\t\t\t\t<span itemprop='name'>Anna Z\u0105bek-Adamska<\/span>\n\t\t\t\t\t\t<span itemprop='logo' itemscope itemtype='https:\/\/schema.org\/ImageObject'>\n\t\t\t\t\t\t\t<span itemprop='url'>https:\/\/ptdl.pl\/wp-content\/uploads\/2023\/03\/logo_2.svg<\/span>\n\t\t\t\t\t\t<\/span>\n\t\t\t\t<\/span><span class='av-structured-data'  itemprop=\"author\" itemscope=\"itemscope\" itemtype=\"https:\/\/schema.org\/Person\" ><span itemprop='name'>Anna Z\u0105bek-Adamska<\/span><\/span><span class='av-structured-data'  itemprop=\"datePublished\" datetime=\"2023-02-03T12:54:00+01:00\" >2026-03-02 15:46:24<\/span><span class='av-structured-data'  itemprop=\"dateModified\" itemtype=\"https:\/\/schema.org\/dateModified\" >2026-04-13 13:47:10<\/span><span class='av-structured-data'  itemprop=\"mainEntityOfPage\" itemtype=\"https:\/\/schema.org\/mainEntityOfPage\" ><span itemprop='name'>KONFERECJA NAUKOWO-SZKOLENIOWA, Wiosenne Spotkania z Medycyn\u0105 Laboratoryjn\u0105, Krynica- Zdr\u00f3j 2026<\/span><\/span><\/span><\/article><article class='slide-entry flex_column  post-entry post-entry-5713 slide-entry-overview slide-loop-9 slide-parity-odd  av_one_third  real-thumbnail post-format-standard'  itemscope=\"itemscope\" itemtype=\"https:\/\/schema.org\/CreativeWork\" ><a href='https:\/\/ptdl.pl\/index.php\/2026\/02\/25\/iii-konferencja-interdyscyplinarne-problemy-diagnostyczno-terapeutyczne-krakow-24-kwietnia-2026\/' data-rel='slide-5' class='slide-image' title='III Konferencja \u201eInterdyscyplinarne problemy diagnostyczno-terapeutyczne\u201d \u2013 Krak\u00f3w, 24 kwietnia 2026.'><img decoding=\"async\" width=\"300\" height=\"200\" src=\"https:\/\/ptdl.pl\/ptdl\/wp-content\/uploads\/2023\/12\/news_40-300x200.jpg\" class=\"wp-image-2015 avia-img-lazy-loading-not-2015 attachment-medium size-medium wp-post-image\" alt=\"\" srcset=\"https:\/\/ptdl.pl\/ptdl\/wp-content\/uploads\/2023\/12\/news_40-300x200.jpg 300w, https:\/\/ptdl.pl\/ptdl\/wp-content\/uploads\/2023\/12\/news_40.jpg 500w\" sizes=\"(max-width: 300px) 100vw, 300px\" \/><\/a><div class=\"slide-content\"><header class=\"entry-content-header\"><h3 class='slide-entry-title entry-title '  itemprop=\"headline\" ><a href='https:\/\/ptdl.pl\/index.php\/2026\/02\/25\/iii-konferencja-interdyscyplinarne-problemy-diagnostyczno-terapeutyczne-krakow-24-kwietnia-2026\/' title='III Konferencja \u201eInterdyscyplinarne problemy diagnostyczno-terapeutyczne\u201d \u2013 Krak\u00f3w, 24 kwietnia 2026.'>III Konferencja \u201eInterdyscyplinarne problemy diagnostyczno-terapeutyczne\u201d \u2013 Krak\u00f3w, 24 kwietnia 2026.<\/a><\/h3><span class=\"av-vertical-delimiter\"><\/span><\/header><div class=\"slide-meta\"><time class='slide-meta-time updated'  itemprop=\"datePublished\" datetime=\"2026-02-25T14:36:27+01:00\" >2026-02-25<\/time><\/div><div class='slide-entry-excerpt entry-content'  itemprop=\"text\" ><div class=\"read-more-link\"><a href=\"https:\/\/ptdl.pl\/index.php\/2026\/02\/25\/iii-konferencja-interdyscyplinarne-problemy-diagnostyczno-terapeutyczne-krakow-24-kwietnia-2026\/\" class=\"more-link\">Czytaj dalej<span class=\"more-link-arrow\"><\/span><\/a><\/div><\/div><\/div><footer class=\"entry-footer\"><\/footer><span class='hidden'>\n\t\t\t\t<span class='av-structured-data'  itemprop=\"image\" itemscope=\"itemscope\" itemtype=\"https:\/\/schema.org\/ImageObject\" >\n\t\t\t\t\t\t<span itemprop='url'>https:\/\/ptdl.pl\/ptdl\/wp-content\/uploads\/2023\/12\/news_40.jpg<\/span>\n\t\t\t\t\t\t<span itemprop='height'>333<\/span>\n\t\t\t\t\t\t<span itemprop='width'>500<\/span>\n\t\t\t\t<\/span>\n\t\t\t\t<span class='av-structured-data'  itemprop=\"publisher\" itemtype=\"https:\/\/schema.org\/Organization\" itemscope=\"itemscope\" >\n\t\t\t\t\t\t<span itemprop='name'>admin<\/span>\n\t\t\t\t\t\t<span itemprop='logo' itemscope itemtype='https:\/\/schema.org\/ImageObject'>\n\t\t\t\t\t\t\t<span itemprop='url'>https:\/\/ptdl.pl\/wp-content\/uploads\/2023\/03\/logo_2.svg<\/span>\n\t\t\t\t\t\t<\/span>\n\t\t\t\t<\/span><span class='av-structured-data'  itemprop=\"author\" itemscope=\"itemscope\" itemtype=\"https:\/\/schema.org\/Person\" ><span itemprop='name'>admin<\/span><\/span><span class='av-structured-data'  itemprop=\"datePublished\" datetime=\"2023-02-03T12:54:00+01:00\" >2026-02-25 14:36:27<\/span><span class='av-structured-data'  itemprop=\"dateModified\" itemtype=\"https:\/\/schema.org\/dateModified\" >2026-02-25 14:39:31<\/span><span class='av-structured-data'  itemprop=\"mainEntityOfPage\" itemtype=\"https:\/\/schema.org\/mainEntityOfPage\" ><span itemprop='name'>III Konferencja \u201eInterdyscyplinarne problemy diagnostyczno-terapeutyczne\u201d \u2013 Krak\u00f3w, 24 kwietnia 2026.<\/span><\/span><\/span><\/article><\/div><div class=\"slide-entry-wrap\"><article class='slide-entry flex_column  post-entry post-entry-5661 slide-entry-overview slide-loop-10 slide-parity-odd  av_one_third first real-thumbnail post-format-standard'  itemscope=\"itemscope\" itemtype=\"https:\/\/schema.org\/CreativeWork\" ><a href='https:\/\/ptdl.pl\/index.php\/2026\/02\/16\/swiatowy-kongres-terapii-monitorowanej-i-toksykologii-klinicznej\/' data-rel='slide-5' class='slide-image' title='\u015awiatowy Kongres Terapii Monitorowanej i Toksykologii Klinicznej'><img decoding=\"async\" width=\"300\" height=\"200\" src=\"https:\/\/ptdl.pl\/ptdl\/wp-content\/uploads\/2023\/12\/news_49-300x200.jpg\" class=\"wp-image-2024 avia-img-lazy-loading-not-2024 attachment-medium size-medium wp-post-image\" alt=\"\" srcset=\"https:\/\/ptdl.pl\/ptdl\/wp-content\/uploads\/2023\/12\/news_49-300x200.jpg 300w, https:\/\/ptdl.pl\/ptdl\/wp-content\/uploads\/2023\/12\/news_49.jpg 500w\" sizes=\"(max-width: 300px) 100vw, 300px\" \/><\/a><div class=\"slide-content\"><header class=\"entry-content-header\"><h3 class='slide-entry-title entry-title '  itemprop=\"headline\" ><a href='https:\/\/ptdl.pl\/index.php\/2026\/02\/16\/swiatowy-kongres-terapii-monitorowanej-i-toksykologii-klinicznej\/' title='\u015awiatowy Kongres Terapii Monitorowanej i Toksykologii Klinicznej'>\u015awiatowy Kongres Terapii Monitorowanej i Toksykologii Klinicznej<\/a><\/h3><span class=\"av-vertical-delimiter\"><\/span><\/header><div class=\"slide-meta\"><time class='slide-meta-time updated'  itemprop=\"datePublished\" datetime=\"2026-02-16T13:43:45+01:00\" >2026-02-16<\/time><\/div><div class='slide-entry-excerpt entry-content'  itemprop=\"text\" ><div class=\"read-more-link\"><a href=\"https:\/\/ptdl.pl\/index.php\/2026\/02\/16\/swiatowy-kongres-terapii-monitorowanej-i-toksykologii-klinicznej\/\" class=\"more-link\">Czytaj dalej<span class=\"more-link-arrow\"><\/span><\/a><\/div><\/div><\/div><footer class=\"entry-footer\"><\/footer><span class='hidden'>\n\t\t\t\t<span class='av-structured-data'  itemprop=\"image\" itemscope=\"itemscope\" itemtype=\"https:\/\/schema.org\/ImageObject\" >\n\t\t\t\t\t\t<span itemprop='url'>https:\/\/ptdl.pl\/ptdl\/wp-content\/uploads\/2023\/12\/news_49.jpg<\/span>\n\t\t\t\t\t\t<span itemprop='height'>333<\/span>\n\t\t\t\t\t\t<span itemprop='width'>500<\/span>\n\t\t\t\t<\/span>\n\t\t\t\t<span class='av-structured-data'  itemprop=\"publisher\" itemtype=\"https:\/\/schema.org\/Organization\" itemscope=\"itemscope\" >\n\t\t\t\t\t\t<span itemprop='name'>admin<\/span>\n\t\t\t\t\t\t<span itemprop='logo' itemscope itemtype='https:\/\/schema.org\/ImageObject'>\n\t\t\t\t\t\t\t<span itemprop='url'>https:\/\/ptdl.pl\/wp-content\/uploads\/2023\/03\/logo_2.svg<\/span>\n\t\t\t\t\t\t<\/span>\n\t\t\t\t<\/span><span class='av-structured-data'  itemprop=\"author\" itemscope=\"itemscope\" itemtype=\"https:\/\/schema.org\/Person\" ><span itemprop='name'>admin<\/span><\/span><span class='av-structured-data'  itemprop=\"datePublished\" datetime=\"2023-02-03T12:54:00+01:00\" >2026-02-16 13:43:45<\/span><span class='av-structured-data'  itemprop=\"dateModified\" itemtype=\"https:\/\/schema.org\/dateModified\" >2026-02-16 13:43:45<\/span><span class='av-structured-data'  itemprop=\"mainEntityOfPage\" itemtype=\"https:\/\/schema.org\/mainEntityOfPage\" ><span itemprop='name'>\u015awiatowy Kongres Terapii Monitorowanej i Toksykologii Klinicznej<\/span><\/span><\/span><\/article><article class='slide-entry flex_column  post-entry post-entry-5653 slide-entry-overview slide-loop-11 slide-parity-even  av_one_third  real-thumbnail post-format-standard'  itemscope=\"itemscope\" itemtype=\"https:\/\/schema.org\/CreativeWork\" ><a href='https:\/\/ptdl.pl\/index.php\/2026\/02\/10\/sesja-laboratory-medicine-wimc-17-19-04-2026\/' data-rel='slide-5' class='slide-image' title='Sesja Laboratory Medicine WIMC 17-19.04.2026'><img decoding=\"async\" width=\"300\" height=\"256\" src=\"https:\/\/ptdl.pl\/ptdl\/wp-content\/uploads\/2026\/02\/Bez-tytulu-e1770756683266-300x256.jpg\" class=\"wp-image-5654 avia-img-lazy-loading-not-5654 attachment-medium size-medium wp-post-image\" alt=\"\" srcset=\"https:\/\/ptdl.pl\/ptdl\/wp-content\/uploads\/2026\/02\/Bez-tytulu-e1770756683266-300x256.jpg 300w, https:\/\/ptdl.pl\/ptdl\/wp-content\/uploads\/2026\/02\/Bez-tytulu-e1770756683266.jpg 542w\" sizes=\"(max-width: 300px) 100vw, 300px\" \/><\/a><div class=\"slide-content\"><header class=\"entry-content-header\"><h3 class='slide-entry-title entry-title '  itemprop=\"headline\" ><a href='https:\/\/ptdl.pl\/index.php\/2026\/02\/10\/sesja-laboratory-medicine-wimc-17-19-04-2026\/' title='Sesja Laboratory Medicine WIMC 17-19.04.2026'>Sesja Laboratory Medicine WIMC 17-19.04.2026<\/a><\/h3><span class=\"av-vertical-delimiter\"><\/span><\/header><div class=\"slide-meta\"><time class='slide-meta-time updated'  itemprop=\"datePublished\" datetime=\"2026-02-10T21:51:58+01:00\" >2026-02-10<\/time><\/div><div class='slide-entry-excerpt entry-content'  itemprop=\"text\" ><div class=\"read-more-link\"><a href=\"https:\/\/ptdl.pl\/index.php\/2026\/02\/10\/sesja-laboratory-medicine-wimc-17-19-04-2026\/\" class=\"more-link\">Czytaj dalej<span class=\"more-link-arrow\"><\/span><\/a><\/div><\/div><\/div><footer class=\"entry-footer\"><\/footer><span class='hidden'>\n\t\t\t\t<span class='av-structured-data'  itemprop=\"image\" itemscope=\"itemscope\" itemtype=\"https:\/\/schema.org\/ImageObject\" >\n\t\t\t\t\t\t<span itemprop='url'>https:\/\/ptdl.pl\/ptdl\/wp-content\/uploads\/2026\/02\/Bez-tytulu-e1770756683266.jpg<\/span>\n\t\t\t\t\t\t<span itemprop='height'>463<\/span>\n\t\t\t\t\t\t<span itemprop='width'>542<\/span>\n\t\t\t\t<\/span>\n\t\t\t\t<span class='av-structured-data'  itemprop=\"publisher\" itemtype=\"https:\/\/schema.org\/Organization\" itemscope=\"itemscope\" >\n\t\t\t\t\t\t<span itemprop='name'>Olga Ciepiela<\/span>\n\t\t\t\t\t\t<span itemprop='logo' itemscope itemtype='https:\/\/schema.org\/ImageObject'>\n\t\t\t\t\t\t\t<span itemprop='url'>https:\/\/ptdl.pl\/wp-content\/uploads\/2023\/03\/logo_2.svg<\/span>\n\t\t\t\t\t\t<\/span>\n\t\t\t\t<\/span><span class='av-structured-data'  itemprop=\"author\" itemscope=\"itemscope\" itemtype=\"https:\/\/schema.org\/Person\" ><span itemprop='name'>Olga Ciepiela<\/span><\/span><span class='av-structured-data'  itemprop=\"datePublished\" datetime=\"2023-02-03T12:54:00+01:00\" >2026-02-10 21:51:58<\/span><span class='av-structured-data'  itemprop=\"dateModified\" itemtype=\"https:\/\/schema.org\/dateModified\" >2026-02-10 21:51:58<\/span><span class='av-structured-data'  itemprop=\"mainEntityOfPage\" itemtype=\"https:\/\/schema.org\/mainEntityOfPage\" ><span itemprop='name'>Sesja Laboratory Medicine WIMC 17-19.04.2026<\/span><\/span><\/span><\/article><article class='slide-entry flex_column  post-entry post-entry-5628 slide-entry-overview slide-loop-12 slide-parity-odd  av_one_third  real-thumbnail post-format-standard'  itemscope=\"itemscope\" itemtype=\"https:\/\/schema.org\/CreativeWork\" ><a href='https:\/\/ptdl.pl\/index.php\/2026\/01\/28\/hematologia-praktyczna-wyzwania-i-nowe-mozliwosci-sympozjum-naukowo-szkoleniowe-o-charakterze-warsztatow\/' data-rel='slide-5' class='slide-image' title='HEMATOLOGIA PRAKTYCZNA \u2013 WYZWANIA I NOWE MO\u017bLIWO\u015aCI-Konferencja naukowo-szkoleniowa o charakterze warsztat\u00f3w'><img decoding=\"async\" width=\"300\" height=\"185\" src=\"https:\/\/ptdl.pl\/ptdl\/wp-content\/uploads\/2025\/10\/Department_of_Anatomy_Faculty_of_Medicine_Jagiellonian_University_Theatrum_Anatomicum_12_Kopernika_street_Krakow_Poland-300x185.jpg\" class=\"wp-image-5262 avia-img-lazy-loading-not-5262 attachment-medium size-medium wp-post-image\" alt=\"\" srcset=\"https:\/\/ptdl.pl\/ptdl\/wp-content\/uploads\/2025\/10\/Department_of_Anatomy_Faculty_of_Medicine_Jagiellonian_University_Theatrum_Anatomicum_12_Kopernika_street_Krakow_Poland-300x185.jpg 300w, https:\/\/ptdl.pl\/ptdl\/wp-content\/uploads\/2025\/10\/Department_of_Anatomy_Faculty_of_Medicine_Jagiellonian_University_Theatrum_Anatomicum_12_Kopernika_street_Krakow_Poland-1030x635.jpg 1030w, https:\/\/ptdl.pl\/ptdl\/wp-content\/uploads\/2025\/10\/Department_of_Anatomy_Faculty_of_Medicine_Jagiellonian_University_Theatrum_Anatomicum_12_Kopernika_street_Krakow_Poland-768x474.jpg 768w, https:\/\/ptdl.pl\/ptdl\/wp-content\/uploads\/2025\/10\/Department_of_Anatomy_Faculty_of_Medicine_Jagiellonian_University_Theatrum_Anatomicum_12_Kopernika_street_Krakow_Poland-1536x948.jpg 1536w, https:\/\/ptdl.pl\/ptdl\/wp-content\/uploads\/2025\/10\/Department_of_Anatomy_Faculty_of_Medicine_Jagiellonian_University_Theatrum_Anatomicum_12_Kopernika_street_Krakow_Poland-2048x1264.jpg 2048w, https:\/\/ptdl.pl\/ptdl\/wp-content\/uploads\/2025\/10\/Department_of_Anatomy_Faculty_of_Medicine_Jagiellonian_University_Theatrum_Anatomicum_12_Kopernika_street_Krakow_Poland-1500x925.jpg 1500w, https:\/\/ptdl.pl\/ptdl\/wp-content\/uploads\/2025\/10\/Department_of_Anatomy_Faculty_of_Medicine_Jagiellonian_University_Theatrum_Anatomicum_12_Kopernika_street_Krakow_Poland-705x435.jpg 705w\" sizes=\"(max-width: 300px) 100vw, 300px\" \/><\/a><div class=\"slide-content\"><header class=\"entry-content-header\"><h3 class='slide-entry-title entry-title '  itemprop=\"headline\" ><a href='https:\/\/ptdl.pl\/index.php\/2026\/01\/28\/hematologia-praktyczna-wyzwania-i-nowe-mozliwosci-sympozjum-naukowo-szkoleniowe-o-charakterze-warsztatow\/' title='HEMATOLOGIA PRAKTYCZNA \u2013 WYZWANIA I NOWE MO\u017bLIWO\u015aCI-Konferencja naukowo-szkoleniowa o charakterze warsztat\u00f3w'>HEMATOLOGIA PRAKTYCZNA \u2013 WYZWANIA I NOWE MO\u017bLIWO\u015aCI-Konferencja naukowo-szkoleniowa o charakterze warsztat\u00f3w<\/a><\/h3><span class=\"av-vertical-delimiter\"><\/span><\/header><div class=\"slide-meta\"><time class='slide-meta-time updated'  itemprop=\"datePublished\" datetime=\"2026-01-28T17:27:34+01:00\" >2026-01-28<\/time><\/div><div class='slide-entry-excerpt entry-content'  itemprop=\"text\" ><div class=\"read-more-link\"><a href=\"https:\/\/ptdl.pl\/index.php\/2026\/01\/28\/hematologia-praktyczna-wyzwania-i-nowe-mozliwosci-sympozjum-naukowo-szkoleniowe-o-charakterze-warsztatow\/\" class=\"more-link\">Czytaj dalej<span class=\"more-link-arrow\"><\/span><\/a><\/div><\/div><\/div><footer class=\"entry-footer\"><\/footer><span class='hidden'>\n\t\t\t\t<span class='av-structured-data'  itemprop=\"image\" itemscope=\"itemscope\" itemtype=\"https:\/\/schema.org\/ImageObject\" >\n\t\t\t\t\t\t<span itemprop='url'>https:\/\/ptdl.pl\/ptdl\/wp-content\/uploads\/2025\/10\/Department_of_Anatomy_Faculty_of_Medicine_Jagiellonian_University_Theatrum_Anatomicum_12_Kopernika_street_Krakow_Poland-scaled.jpg<\/span>\n\t\t\t\t\t\t<span itemprop='height'>1579<\/span>\n\t\t\t\t\t\t<span itemprop='width'>2560<\/span>\n\t\t\t\t<\/span>\n\t\t\t\t<span class='av-structured-data'  itemprop=\"publisher\" itemtype=\"https:\/\/schema.org\/Organization\" itemscope=\"itemscope\" >\n\t\t\t\t\t\t<span itemprop='name'>Anna Z\u0105bek-Adamska<\/span>\n\t\t\t\t\t\t<span itemprop='logo' itemscope itemtype='https:\/\/schema.org\/ImageObject'>\n\t\t\t\t\t\t\t<span itemprop='url'>https:\/\/ptdl.pl\/wp-content\/uploads\/2023\/03\/logo_2.svg<\/span>\n\t\t\t\t\t\t<\/span>\n\t\t\t\t<\/span><span class='av-structured-data'  itemprop=\"author\" itemscope=\"itemscope\" itemtype=\"https:\/\/schema.org\/Person\" ><span itemprop='name'>Anna Z\u0105bek-Adamska<\/span><\/span><span class='av-structured-data'  itemprop=\"datePublished\" datetime=\"2023-02-03T12:54:00+01:00\" >2026-01-28 17:27:34<\/span><span class='av-structured-data'  itemprop=\"dateModified\" itemtype=\"https:\/\/schema.org\/dateModified\" >2026-02-20 17:32:23<\/span><span class='av-structured-data'  itemprop=\"mainEntityOfPage\" itemtype=\"https:\/\/schema.org\/mainEntityOfPage\" ><span itemprop='name'>HEMATOLOGIA PRAKTYCZNA \u2013 WYZWANIA I NOWE MO\u017bLIWO\u015aCI-Konferencja naukowo-szkoleniowa o charakterze warsztat\u00f3w<\/span><\/span><\/span><\/article><\/div><div class=\"slide-entry-wrap\"><article class='slide-entry flex_column  post-entry post-entry-5582 slide-entry-overview slide-loop-13 slide-parity-odd  av_one_third first real-thumbnail post-format-standard'  itemscope=\"itemscope\" itemtype=\"https:\/\/schema.org\/CreativeWork\" ><a href='https:\/\/ptdl.pl\/index.php\/2026\/01\/07\/zmiana-terminu-najblizszego-sympozjum-sobotniego\/' data-rel='slide-5' class='slide-image' title='Odzia\u0142 Krak\u00f3w !zmiana terminu najbli\u017cszego sympozjum sobotniego! na 21 lutego 2026'><img decoding=\"async\" width=\"300\" height=\"185\" src=\"https:\/\/ptdl.pl\/ptdl\/wp-content\/uploads\/2025\/10\/Department_of_Anatomy_Faculty_of_Medicine_Jagiellonian_University_Theatrum_Anatomicum_12_Kopernika_street_Krakow_Poland-300x185.jpg\" class=\"wp-image-5262 avia-img-lazy-loading-not-5262 attachment-medium size-medium wp-post-image\" alt=\"\" srcset=\"https:\/\/ptdl.pl\/ptdl\/wp-content\/uploads\/2025\/10\/Department_of_Anatomy_Faculty_of_Medicine_Jagiellonian_University_Theatrum_Anatomicum_12_Kopernika_street_Krakow_Poland-300x185.jpg 300w, https:\/\/ptdl.pl\/ptdl\/wp-content\/uploads\/2025\/10\/Department_of_Anatomy_Faculty_of_Medicine_Jagiellonian_University_Theatrum_Anatomicum_12_Kopernika_street_Krakow_Poland-1030x635.jpg 1030w, https:\/\/ptdl.pl\/ptdl\/wp-content\/uploads\/2025\/10\/Department_of_Anatomy_Faculty_of_Medicine_Jagiellonian_University_Theatrum_Anatomicum_12_Kopernika_street_Krakow_Poland-768x474.jpg 768w, https:\/\/ptdl.pl\/ptdl\/wp-content\/uploads\/2025\/10\/Department_of_Anatomy_Faculty_of_Medicine_Jagiellonian_University_Theatrum_Anatomicum_12_Kopernika_street_Krakow_Poland-1536x948.jpg 1536w, https:\/\/ptdl.pl\/ptdl\/wp-content\/uploads\/2025\/10\/Department_of_Anatomy_Faculty_of_Medicine_Jagiellonian_University_Theatrum_Anatomicum_12_Kopernika_street_Krakow_Poland-2048x1264.jpg 2048w, https:\/\/ptdl.pl\/ptdl\/wp-content\/uploads\/2025\/10\/Department_of_Anatomy_Faculty_of_Medicine_Jagiellonian_University_Theatrum_Anatomicum_12_Kopernika_street_Krakow_Poland-1500x925.jpg 1500w, https:\/\/ptdl.pl\/ptdl\/wp-content\/uploads\/2025\/10\/Department_of_Anatomy_Faculty_of_Medicine_Jagiellonian_University_Theatrum_Anatomicum_12_Kopernika_street_Krakow_Poland-705x435.jpg 705w\" sizes=\"(max-width: 300px) 100vw, 300px\" \/><\/a><div class=\"slide-content\"><header class=\"entry-content-header\"><h3 class='slide-entry-title entry-title '  itemprop=\"headline\" ><a href='https:\/\/ptdl.pl\/index.php\/2026\/01\/07\/zmiana-terminu-najblizszego-sympozjum-sobotniego\/' title='Odzia\u0142 Krak\u00f3w !zmiana terminu najbli\u017cszego sympozjum sobotniego! na 21 lutego 2026'>Odzia\u0142 Krak\u00f3w !zmiana terminu najbli\u017cszego sympozjum sobotniego! na 21 lutego 2026<\/a><\/h3><span class=\"av-vertical-delimiter\"><\/span><\/header><div class=\"slide-meta\"><time class='slide-meta-time updated'  itemprop=\"datePublished\" datetime=\"2026-01-07T15:20:14+01:00\" >2026-01-07<\/time><\/div><div class='slide-entry-excerpt entry-content'  itemprop=\"text\" ><div class=\"read-more-link\"><a href=\"https:\/\/ptdl.pl\/index.php\/2026\/01\/07\/zmiana-terminu-najblizszego-sympozjum-sobotniego\/\" class=\"more-link\">Czytaj dalej<span class=\"more-link-arrow\"><\/span><\/a><\/div><\/div><\/div><footer class=\"entry-footer\"><\/footer><span class='hidden'>\n\t\t\t\t<span class='av-structured-data'  itemprop=\"image\" itemscope=\"itemscope\" itemtype=\"https:\/\/schema.org\/ImageObject\" >\n\t\t\t\t\t\t<span itemprop='url'>https:\/\/ptdl.pl\/ptdl\/wp-content\/uploads\/2025\/10\/Department_of_Anatomy_Faculty_of_Medicine_Jagiellonian_University_Theatrum_Anatomicum_12_Kopernika_street_Krakow_Poland-scaled.jpg<\/span>\n\t\t\t\t\t\t<span itemprop='height'>1579<\/span>\n\t\t\t\t\t\t<span itemprop='width'>2560<\/span>\n\t\t\t\t<\/span>\n\t\t\t\t<span class='av-structured-data'  itemprop=\"publisher\" itemtype=\"https:\/\/schema.org\/Organization\" itemscope=\"itemscope\" >\n\t\t\t\t\t\t<span itemprop='name'>Anna Z\u0105bek-Adamska<\/span>\n\t\t\t\t\t\t<span itemprop='logo' itemscope itemtype='https:\/\/schema.org\/ImageObject'>\n\t\t\t\t\t\t\t<span itemprop='url'>https:\/\/ptdl.pl\/wp-content\/uploads\/2023\/03\/logo_2.svg<\/span>\n\t\t\t\t\t\t<\/span>\n\t\t\t\t<\/span><span class='av-structured-data'  itemprop=\"author\" itemscope=\"itemscope\" itemtype=\"https:\/\/schema.org\/Person\" ><span itemprop='name'>Anna Z\u0105bek-Adamska<\/span><\/span><span class='av-structured-data'  itemprop=\"datePublished\" datetime=\"2023-02-03T12:54:00+01:00\" >2026-01-07 15:20:14<\/span><span class='av-structured-data'  itemprop=\"dateModified\" itemtype=\"https:\/\/schema.org\/dateModified\" >2026-01-07 15:24:25<\/span><span class='av-structured-data'  itemprop=\"mainEntityOfPage\" itemtype=\"https:\/\/schema.org\/mainEntityOfPage\" ><span itemprop='name'>Odzia\u0142 Krak\u00f3w !zmiana terminu najbli\u017cszego sympozjum sobotniego! na 21 lutego 2026<\/span><\/span><\/span><\/article><article class='slide-entry flex_column  post-entry post-entry-5525 slide-entry-overview slide-loop-14 slide-parity-even  av_one_third  real-thumbnail post-format-standard'  itemscope=\"itemscope\" itemtype=\"https:\/\/schema.org\/CreativeWork\" ><a href='https:\/\/ptdl.pl\/index.php\/2025\/12\/01\/konferencja-naukowo-szkoleniowa-oddzialu-lubuskiego-jesionka-2026\/' data-rel='slide-5' class='slide-image' title='Konferencja Naukowo-Szkoleniowa oddzia\u0142u Lubuskiego Jesionka 2026'><img decoding=\"async\" width=\"300\" height=\"200\" src=\"https:\/\/ptdl.pl\/ptdl\/wp-content\/uploads\/2023\/12\/news_56-300x200.jpg\" class=\"wp-image-2031 avia-img-lazy-loading-not-2031 attachment-medium size-medium wp-post-image\" alt=\"\" srcset=\"https:\/\/ptdl.pl\/ptdl\/wp-content\/uploads\/2023\/12\/news_56-300x200.jpg 300w, https:\/\/ptdl.pl\/ptdl\/wp-content\/uploads\/2023\/12\/news_56.jpg 500w\" sizes=\"(max-width: 300px) 100vw, 300px\" \/><\/a><div class=\"slide-content\"><header class=\"entry-content-header\"><h3 class='slide-entry-title entry-title '  itemprop=\"headline\" ><a href='https:\/\/ptdl.pl\/index.php\/2025\/12\/01\/konferencja-naukowo-szkoleniowa-oddzialu-lubuskiego-jesionka-2026\/' title='Konferencja Naukowo-Szkoleniowa oddzia\u0142u Lubuskiego Jesionka 2026'>Konferencja Naukowo-Szkoleniowa oddzia\u0142u Lubuskiego Jesionka 2026<\/a><\/h3><span class=\"av-vertical-delimiter\"><\/span><\/header><div class=\"slide-meta\"><time class='slide-meta-time updated'  itemprop=\"datePublished\" datetime=\"2025-12-01T18:44:47+01:00\" >2025-12-01<\/time><\/div><div class='slide-entry-excerpt entry-content'  itemprop=\"text\" ><div class=\"read-more-link\"><a href=\"https:\/\/ptdl.pl\/index.php\/2025\/12\/01\/konferencja-naukowo-szkoleniowa-oddzialu-lubuskiego-jesionka-2026\/\" class=\"more-link\">Czytaj dalej<span class=\"more-link-arrow\"><\/span><\/a><\/div><\/div><\/div><footer class=\"entry-footer\"><\/footer><span class='hidden'>\n\t\t\t\t<span class='av-structured-data'  itemprop=\"image\" itemscope=\"itemscope\" itemtype=\"https:\/\/schema.org\/ImageObject\" >\n\t\t\t\t\t\t<span itemprop='url'>https:\/\/ptdl.pl\/ptdl\/wp-content\/uploads\/2023\/12\/news_56.jpg<\/span>\n\t\t\t\t\t\t<span itemprop='height'>333<\/span>\n\t\t\t\t\t\t<span itemprop='width'>500<\/span>\n\t\t\t\t<\/span>\n\t\t\t\t<span class='av-structured-data'  itemprop=\"publisher\" itemtype=\"https:\/\/schema.org\/Organization\" itemscope=\"itemscope\" >\n\t\t\t\t\t\t<span itemprop='name'>Katarzyna Drzyzga-Gramacka<\/span>\n\t\t\t\t\t\t<span itemprop='logo' itemscope itemtype='https:\/\/schema.org\/ImageObject'>\n\t\t\t\t\t\t\t<span itemprop='url'>https:\/\/ptdl.pl\/wp-content\/uploads\/2023\/03\/logo_2.svg<\/span>\n\t\t\t\t\t\t<\/span>\n\t\t\t\t<\/span><span class='av-structured-data'  itemprop=\"author\" itemscope=\"itemscope\" itemtype=\"https:\/\/schema.org\/Person\" ><span itemprop='name'>Katarzyna Drzyzga-Gramacka<\/span><\/span><span class='av-structured-data'  itemprop=\"datePublished\" datetime=\"2023-02-03T12:54:00+01:00\" >2025-12-01 18:44:47<\/span><span class='av-structured-data'  itemprop=\"dateModified\" itemtype=\"https:\/\/schema.org\/dateModified\" >2025-12-01 18:44:47<\/span><span class='av-structured-data'  itemprop=\"mainEntityOfPage\" itemtype=\"https:\/\/schema.org\/mainEntityOfPage\" ><span itemprop='name'>Konferencja Naukowo-Szkoleniowa oddzia\u0142u Lubuskiego Jesionka 2026<\/span><\/span><\/span><\/article><article class='slide-entry flex_column  post-entry post-entry-5518 slide-entry-overview slide-loop-15 slide-parity-odd  av_one_third  real-thumbnail post-format-standard'  itemscope=\"itemscope\" itemtype=\"https:\/\/schema.org\/CreativeWork\" ><a href='https:\/\/ptdl.pl\/index.php\/2025\/11\/30\/ii-konferencja-naukowo-szkoleniowa-wspolczesna-diagnostyka-laboratoryjna-roznorodnosc-sila-synergii-program-i-zapisy\/' data-rel='slide-5' class='slide-image' title='II konferencja naukowo-szkoleniowa \u201eWsp\u00f3\u0142czesna diagnostyka laboratoryjna \u2013 r\u00f3\u017cnorodno\u015b\u0107 si\u0142\u0105 synergii\u201d &#8211; PROGRAM I ZAPISY'><img decoding=\"async\" width=\"300\" height=\"300\" src=\"https:\/\/ptdl.pl\/ptdl\/wp-content\/uploads\/2024\/11\/projekt-1-300x300.jpg\" class=\"wp-image-4022 avia-img-lazy-loading-not-4022 attachment-medium size-medium wp-post-image\" alt=\"\" srcset=\"https:\/\/ptdl.pl\/ptdl\/wp-content\/uploads\/2024\/11\/projekt-1-300x300.jpg 300w, https:\/\/ptdl.pl\/ptdl\/wp-content\/uploads\/2024\/11\/projekt-1-80x80.jpg 80w, https:\/\/ptdl.pl\/ptdl\/wp-content\/uploads\/2024\/11\/projekt-1-36x36.jpg 36w, https:\/\/ptdl.pl\/ptdl\/wp-content\/uploads\/2024\/11\/projekt-1-180x180.jpg 180w, https:\/\/ptdl.pl\/ptdl\/wp-content\/uploads\/2024\/11\/projekt-1.jpg 500w\" sizes=\"(max-width: 300px) 100vw, 300px\" \/><\/a><div class=\"slide-content\"><header class=\"entry-content-header\"><h3 class='slide-entry-title entry-title '  itemprop=\"headline\" ><a href='https:\/\/ptdl.pl\/index.php\/2025\/11\/30\/ii-konferencja-naukowo-szkoleniowa-wspolczesna-diagnostyka-laboratoryjna-roznorodnosc-sila-synergii-program-i-zapisy\/' title='II konferencja naukowo-szkoleniowa \u201eWsp\u00f3\u0142czesna diagnostyka laboratoryjna \u2013 r\u00f3\u017cnorodno\u015b\u0107 si\u0142\u0105 synergii\u201d &#8211; PROGRAM I ZAPISY'>II konferencja naukowo-szkoleniowa \u201eWsp\u00f3\u0142czesna diagnostyka laboratoryjna \u2013 r\u00f3\u017cnorodno\u015b\u0107 si\u0142\u0105 synergii\u201d &#8211; PROGRAM I ZAPISY<\/a><\/h3><span class=\"av-vertical-delimiter\"><\/span><\/header><div class=\"slide-meta\"><time class='slide-meta-time updated'  itemprop=\"datePublished\" datetime=\"2025-11-30T13:37:22+01:00\" >2025-11-30<\/time><\/div><div class='slide-entry-excerpt entry-content'  itemprop=\"text\" ><div class=\"read-more-link\"><a href=\"https:\/\/ptdl.pl\/index.php\/2025\/11\/30\/ii-konferencja-naukowo-szkoleniowa-wspolczesna-diagnostyka-laboratoryjna-roznorodnosc-sila-synergii-program-i-zapisy\/\" class=\"more-link\">Czytaj dalej<span class=\"more-link-arrow\"><\/span><\/a><\/div><\/div><\/div><footer class=\"entry-footer\"><\/footer><span class='hidden'>\n\t\t\t\t<span class='av-structured-data'  itemprop=\"image\" itemscope=\"itemscope\" itemtype=\"https:\/\/schema.org\/ImageObject\" >\n\t\t\t\t\t\t<span itemprop='url'>https:\/\/ptdl.pl\/ptdl\/wp-content\/uploads\/2024\/11\/projekt-1.jpg<\/span>\n\t\t\t\t\t\t<span itemprop='height'>500<\/span>\n\t\t\t\t\t\t<span itemprop='width'>500<\/span>\n\t\t\t\t<\/span>\n\t\t\t\t<span class='av-structured-data'  itemprop=\"publisher\" itemtype=\"https:\/\/schema.org\/Organization\" itemscope=\"itemscope\" >\n\t\t\t\t\t\t<span itemprop='name'>Olga Loska<\/span>\n\t\t\t\t\t\t<span itemprop='logo' itemscope itemtype='https:\/\/schema.org\/ImageObject'>\n\t\t\t\t\t\t\t<span itemprop='url'>https:\/\/ptdl.pl\/wp-content\/uploads\/2023\/03\/logo_2.svg<\/span>\n\t\t\t\t\t\t<\/span>\n\t\t\t\t<\/span><span class='av-structured-data'  itemprop=\"author\" itemscope=\"itemscope\" itemtype=\"https:\/\/schema.org\/Person\" ><span itemprop='name'>Olga Loska<\/span><\/span><span class='av-structured-data'  itemprop=\"datePublished\" datetime=\"2023-02-03T12:54:00+01:00\" >2025-11-30 13:37:22<\/span><span class='av-structured-data'  itemprop=\"dateModified\" itemtype=\"https:\/\/schema.org\/dateModified\" >2025-12-04 15:40:27<\/span><span class='av-structured-data'  itemprop=\"mainEntityOfPage\" itemtype=\"https:\/\/schema.org\/mainEntityOfPage\" ><span itemprop='name'>II konferencja naukowo-szkoleniowa \u201eWsp\u00f3\u0142czesna diagnostyka laboratoryjna \u2013 r\u00f3\u017cnorodno\u015b\u0107 si\u0142\u0105 synergii\u201d &#8211; PROGRAM I ZAPISY<\/span><\/span><\/span><\/article><\/div><div class=\"slide-entry-wrap\"><article class='slide-entry flex_column  post-entry post-entry-5380 slide-entry-overview slide-loop-16 slide-parity-odd  av_one_third first real-thumbnail post-format-standard'  itemscope=\"itemscope\" itemtype=\"https:\/\/schema.org\/CreativeWork\" ><a href='https:\/\/ptdl.pl\/index.php\/2025\/10\/22\/mikroby-antybiotyki-i-lekoopornosc-pod-kontrola-konferencja-naukowo-szkoleniowa-szpitala-uniwersyteckiego-w-krakowie\/' data-rel='slide-5' class='slide-image' title='MIKROBY, ANTYBIOTYKI I LEKOOPORNO\u015a\u0106 POD KONTROL\u0104- Konferencja Naukowo-Szkoleniowa Szpitala Uniwersyteckiego w Krakowie'><img decoding=\"async\" width=\"212\" height=\"300\" src=\"https:\/\/ptdl.pl\/ptdl\/wp-content\/uploads\/2025\/10\/A3-Plakat_konferencja-antybiotyki_druk-wew-pdf-212x300.jpg\" class=\"wp-image-5381 avia-img-lazy-loading-not-5381 attachment-medium size-medium wp-post-image\" alt=\"\" \/><\/a><div class=\"slide-content\"><header class=\"entry-content-header\"><h3 class='slide-entry-title entry-title '  itemprop=\"headline\" ><a href='https:\/\/ptdl.pl\/index.php\/2025\/10\/22\/mikroby-antybiotyki-i-lekoopornosc-pod-kontrola-konferencja-naukowo-szkoleniowa-szpitala-uniwersyteckiego-w-krakowie\/' title='MIKROBY, ANTYBIOTYKI I LEKOOPORNO\u015a\u0106 POD KONTROL\u0104- Konferencja Naukowo-Szkoleniowa Szpitala Uniwersyteckiego w Krakowie'>MIKROBY, ANTYBIOTYKI I LEKOOPORNO\u015a\u0106 POD KONTROL\u0104- Konferencja Naukowo-Szkoleniowa Szpitala Uniwersyteckiego w Krakowie<\/a><\/h3><span class=\"av-vertical-delimiter\"><\/span><\/header><div class=\"slide-meta\"><time class='slide-meta-time updated'  itemprop=\"datePublished\" datetime=\"2025-10-22T21:21:46+02:00\" >2025-10-22<\/time><\/div><div class='slide-entry-excerpt entry-content'  itemprop=\"text\" ><div class=\"read-more-link\"><a href=\"https:\/\/ptdl.pl\/index.php\/2025\/10\/22\/mikroby-antybiotyki-i-lekoopornosc-pod-kontrola-konferencja-naukowo-szkoleniowa-szpitala-uniwersyteckiego-w-krakowie\/\" class=\"more-link\">Czytaj dalej<span class=\"more-link-arrow\"><\/span><\/a><\/div><\/div><\/div><footer class=\"entry-footer\"><\/footer><span class='hidden'>\n\t\t\t\t<span class='av-structured-data'  itemprop=\"image\" itemscope=\"itemscope\" itemtype=\"https:\/\/schema.org\/ImageObject\" >\n\t\t\t\t\t\t<span itemprop='url'>https:\/\/ptdl.pl\/ptdl\/wp-content\/uploads\/2025\/10\/A3-Plakat_konferencja-antybiotyki_druk-wew-pdf.jpg<\/span>\n\t\t\t\t\t\t<span itemprop='height'>2117<\/span>\n\t\t\t\t\t\t<span itemprop='width'>1497<\/span>\n\t\t\t\t<\/span>\n\t\t\t\t<span class='av-structured-data'  itemprop=\"publisher\" itemtype=\"https:\/\/schema.org\/Organization\" itemscope=\"itemscope\" >\n\t\t\t\t\t\t<span itemprop='name'>Anna Z\u0105bek-Adamska<\/span>\n\t\t\t\t\t\t<span itemprop='logo' itemscope itemtype='https:\/\/schema.org\/ImageObject'>\n\t\t\t\t\t\t\t<span itemprop='url'>https:\/\/ptdl.pl\/wp-content\/uploads\/2023\/03\/logo_2.svg<\/span>\n\t\t\t\t\t\t<\/span>\n\t\t\t\t<\/span><span class='av-structured-data'  itemprop=\"author\" itemscope=\"itemscope\" itemtype=\"https:\/\/schema.org\/Person\" ><span itemprop='name'>Anna Z\u0105bek-Adamska<\/span><\/span><span class='av-structured-data'  itemprop=\"datePublished\" datetime=\"2023-02-03T12:54:00+01:00\" >2025-10-22 21:21:46<\/span><span class='av-structured-data'  itemprop=\"dateModified\" itemtype=\"https:\/\/schema.org\/dateModified\" >2025-10-22 21:21:46<\/span><span class='av-structured-data'  itemprop=\"mainEntityOfPage\" itemtype=\"https:\/\/schema.org\/mainEntityOfPage\" ><span itemprop='name'>MIKROBY, ANTYBIOTYKI I LEKOOPORNO\u015a\u0106 POD KONTROL\u0104- Konferencja Naukowo-Szkoleniowa Szpitala Uniwersyteckiego w Krakowie<\/span><\/span><\/span><\/article><article class='slide-entry flex_column  post-entry post-entry-5362 slide-entry-overview slide-loop-17 slide-parity-even  av_one_third  real-thumbnail post-format-standard'  itemscope=\"itemscope\" itemtype=\"https:\/\/schema.org\/CreativeWork\" ><a href='https:\/\/ptdl.pl\/index.php\/2025\/10\/22\/zaproszenie-na-konferencje-diagnostyczna\/' data-rel='slide-5' class='slide-image' title='Zaproszenie na sympozjum naukowe'><img decoding=\"async\" width=\"300\" height=\"200\" src=\"https:\/\/ptdl.pl\/ptdl\/wp-content\/uploads\/2023\/12\/news_56-300x200.jpg\" class=\"wp-image-2031 avia-img-lazy-loading-not-2031 attachment-medium size-medium wp-post-image\" alt=\"\" srcset=\"https:\/\/ptdl.pl\/ptdl\/wp-content\/uploads\/2023\/12\/news_56-300x200.jpg 300w, https:\/\/ptdl.pl\/ptdl\/wp-content\/uploads\/2023\/12\/news_56.jpg 500w\" sizes=\"(max-width: 300px) 100vw, 300px\" \/><\/a><div class=\"slide-content\"><header class=\"entry-content-header\"><h3 class='slide-entry-title entry-title '  itemprop=\"headline\" ><a href='https:\/\/ptdl.pl\/index.php\/2025\/10\/22\/zaproszenie-na-konferencje-diagnostyczna\/' title='Zaproszenie na sympozjum naukowe'>Zaproszenie na sympozjum naukowe<\/a><\/h3><span class=\"av-vertical-delimiter\"><\/span><\/header><div class=\"slide-meta\"><time class='slide-meta-time updated'  itemprop=\"datePublished\" datetime=\"2025-10-22T09:22:10+02:00\" >2025-10-22<\/time><\/div><div class='slide-entry-excerpt entry-content'  itemprop=\"text\" ><div class=\"read-more-link\"><a href=\"https:\/\/ptdl.pl\/index.php\/2025\/10\/22\/zaproszenie-na-konferencje-diagnostyczna\/\" class=\"more-link\">Czytaj dalej<span class=\"more-link-arrow\"><\/span><\/a><\/div><\/div><\/div><footer class=\"entry-footer\"><\/footer><span class='hidden'>\n\t\t\t\t<span class='av-structured-data'  itemprop=\"image\" itemscope=\"itemscope\" itemtype=\"https:\/\/schema.org\/ImageObject\" >\n\t\t\t\t\t\t<span itemprop='url'>https:\/\/ptdl.pl\/ptdl\/wp-content\/uploads\/2023\/12\/news_56.jpg<\/span>\n\t\t\t\t\t\t<span itemprop='height'>333<\/span>\n\t\t\t\t\t\t<span itemprop='width'>500<\/span>\n\t\t\t\t<\/span>\n\t\t\t\t<span class='av-structured-data'  itemprop=\"publisher\" itemtype=\"https:\/\/schema.org\/Organization\" itemscope=\"itemscope\" >\n\t\t\t\t\t\t<span itemprop='name'>Malwina Czech<\/span>\n\t\t\t\t\t\t<span itemprop='logo' itemscope itemtype='https:\/\/schema.org\/ImageObject'>\n\t\t\t\t\t\t\t<span itemprop='url'>https:\/\/ptdl.pl\/wp-content\/uploads\/2023\/03\/logo_2.svg<\/span>\n\t\t\t\t\t\t<\/span>\n\t\t\t\t<\/span><span class='av-structured-data'  itemprop=\"author\" itemscope=\"itemscope\" itemtype=\"https:\/\/schema.org\/Person\" ><span itemprop='name'>Malwina Czech<\/span><\/span><span class='av-structured-data'  itemprop=\"datePublished\" datetime=\"2023-02-03T12:54:00+01:00\" >2025-10-22 09:22:10<\/span><span class='av-structured-data'  itemprop=\"dateModified\" itemtype=\"https:\/\/schema.org\/dateModified\" >2025-10-29 13:07:48<\/span><span class='av-structured-data'  itemprop=\"mainEntityOfPage\" itemtype=\"https:\/\/schema.org\/mainEntityOfPage\" ><span itemprop='name'>Zaproszenie na sympozjum naukowe<\/span><\/span><\/span><\/article><article class='slide-entry flex_column  post-entry post-entry-5330 slide-entry-overview slide-loop-18 slide-parity-odd  av_one_third  real-thumbnail post-format-standard'  itemscope=\"itemscope\" itemtype=\"https:\/\/schema.org\/CreativeWork\" ><a href='https:\/\/ptdl.pl\/index.php\/2025\/10\/06\/konferencja-kierownikow-medycznych-laboratoriow-diagnostycznych-wojewodztwa-lubelskiego-22-pazdziernika-2025-r\/' data-rel='slide-5' class='slide-image' title='Konferencja Kierownik\u00f3w Medycznych Laboratori\u00f3w Diagnostycznych wojew\u00f3dztwa lubelskiego &#8211; 22 pa\u017adziernika 2025 r.'><img decoding=\"async\" width=\"218\" height=\"300\" src=\"https:\/\/ptdl.pl\/ptdl\/wp-content\/uploads\/2025\/10\/1-218x300.jpg\" class=\"wp-image-5331 avia-img-lazy-loading-not-5331 attachment-medium size-medium wp-post-image\" alt=\"\" srcset=\"https:\/\/ptdl.pl\/ptdl\/wp-content\/uploads\/2025\/10\/1-218x300.jpg 218w, https:\/\/ptdl.pl\/ptdl\/wp-content\/uploads\/2025\/10\/1-512x705.jpg 512w, https:\/\/ptdl.pl\/ptdl\/wp-content\/uploads\/2025\/10\/1.jpg 554w\" sizes=\"(max-width: 218px) 100vw, 218px\" \/><\/a><div class=\"slide-content\"><header class=\"entry-content-header\"><h3 class='slide-entry-title entry-title '  itemprop=\"headline\" ><a href='https:\/\/ptdl.pl\/index.php\/2025\/10\/06\/konferencja-kierownikow-medycznych-laboratoriow-diagnostycznych-wojewodztwa-lubelskiego-22-pazdziernika-2025-r\/' title='Konferencja Kierownik\u00f3w Medycznych Laboratori\u00f3w Diagnostycznych wojew\u00f3dztwa lubelskiego &#8211; 22 pa\u017adziernika 2025 r.'>Konferencja Kierownik\u00f3w Medycznych Laboratori\u00f3w Diagnostycznych wojew\u00f3dztwa lubelskiego &#8211; 22 pa\u017adziernika 2025 r.<\/a><\/h3><span class=\"av-vertical-delimiter\"><\/span><\/header><div class=\"slide-meta\"><time class='slide-meta-time updated'  itemprop=\"datePublished\" datetime=\"2025-10-06T12:48:33+02:00\" >2025-10-06<\/time><\/div><div class='slide-entry-excerpt entry-content'  itemprop=\"text\" ><div class=\"read-more-link\"><a href=\"https:\/\/ptdl.pl\/index.php\/2025\/10\/06\/konferencja-kierownikow-medycznych-laboratoriow-diagnostycznych-wojewodztwa-lubelskiego-22-pazdziernika-2025-r\/\" class=\"more-link\">Czytaj dalej<span class=\"more-link-arrow\"><\/span><\/a><\/div><\/div><\/div><footer class=\"entry-footer\"><\/footer><span class='hidden'>\n\t\t\t\t<span class='av-structured-data'  itemprop=\"image\" itemscope=\"itemscope\" itemtype=\"https:\/\/schema.org\/ImageObject\" >\n\t\t\t\t\t\t<span itemprop='url'>https:\/\/ptdl.pl\/ptdl\/wp-content\/uploads\/2025\/10\/1.jpg<\/span>\n\t\t\t\t\t\t<span itemprop='height'>763<\/span>\n\t\t\t\t\t\t<span itemprop='width'>554<\/span>\n\t\t\t\t<\/span>\n\t\t\t\t<span class='av-structured-data'  itemprop=\"publisher\" itemtype=\"https:\/\/schema.org\/Organization\" itemscope=\"itemscope\" >\n\t\t\t\t\t\t<span itemprop='name'>Dariusz Duma<\/span>\n\t\t\t\t\t\t<span itemprop='logo' itemscope itemtype='https:\/\/schema.org\/ImageObject'>\n\t\t\t\t\t\t\t<span itemprop='url'>https:\/\/ptdl.pl\/wp-content\/uploads\/2023\/03\/logo_2.svg<\/span>\n\t\t\t\t\t\t<\/span>\n\t\t\t\t<\/span><span class='av-structured-data'  itemprop=\"author\" itemscope=\"itemscope\" itemtype=\"https:\/\/schema.org\/Person\" ><span itemprop='name'>Dariusz Duma<\/span><\/span><span class='av-structured-data'  itemprop=\"datePublished\" datetime=\"2023-02-03T12:54:00+01:00\" >2025-10-06 12:48:33<\/span><span class='av-structured-data'  itemprop=\"dateModified\" itemtype=\"https:\/\/schema.org\/dateModified\" >2025-10-06 13:02:37<\/span><span class='av-structured-data'  itemprop=\"mainEntityOfPage\" itemtype=\"https:\/\/schema.org\/mainEntityOfPage\" ><span itemprop='name'>Konferencja Kierownik\u00f3w Medycznych Laboratori\u00f3w Diagnostycznych wojew\u00f3dztwa lubelskiego &#8211; 22 pa\u017adziernika 2025 r.<\/span><\/span><\/span><\/article><\/div><div class=\"slide-entry-wrap\"><article class='slide-entry flex_column  post-entry post-entry-5300 slide-entry-overview slide-loop-19 slide-parity-odd  av_one_third first real-thumbnail post-format-standard'  itemscope=\"itemscope\" itemtype=\"https:\/\/schema.org\/CreativeWork\" ><a href='https:\/\/ptdl.pl\/index.php\/2025\/10\/04\/zaproszenie\/' data-rel='slide-5' class='slide-image' title='Zaproszenie na konferencj\u0119 profilaktyczno-edukacyjn\u0105 PROFILAKTYKA PRZECIWNOWOTWOROWA RECEPT\u0104 NA ZDROWIE'><img decoding=\"async\" width=\"264\" height=\"191\" src=\"https:\/\/ptdl.pl\/ptdl\/wp-content\/uploads\/2025\/10\/rozowy.jpg\" class=\"wp-image-5315 avia-img-lazy-loading-not-5315 attachment-medium size-medium wp-post-image\" alt=\"\" \/><\/a><div class=\"slide-content\"><header class=\"entry-content-header\"><h3 class='slide-entry-title entry-title '  itemprop=\"headline\" ><a href='https:\/\/ptdl.pl\/index.php\/2025\/10\/04\/zaproszenie\/' title='Zaproszenie na konferencj\u0119 profilaktyczno-edukacyjn\u0105 PROFILAKTYKA PRZECIWNOWOTWOROWA RECEPT\u0104 NA ZDROWIE'>Zaproszenie na konferencj\u0119 profilaktyczno-edukacyjn\u0105 PROFILAKTYKA PRZECIWNOWOTWOROWA RECEPT\u0104 NA ZDROWIE<\/a><\/h3><span class=\"av-vertical-delimiter\"><\/span><\/header><div class=\"slide-meta\"><time class='slide-meta-time updated'  itemprop=\"datePublished\" datetime=\"2025-10-04T03:13:57+02:00\" >2025-10-04<\/time><\/div><div class='slide-entry-excerpt entry-content'  itemprop=\"text\" ><div class=\"read-more-link\"><a href=\"https:\/\/ptdl.pl\/index.php\/2025\/10\/04\/zaproszenie\/\" class=\"more-link\">Czytaj dalej<span class=\"more-link-arrow\"><\/span><\/a><\/div><\/div><\/div><footer class=\"entry-footer\"><\/footer><span class='hidden'>\n\t\t\t\t<span class='av-structured-data'  itemprop=\"image\" itemscope=\"itemscope\" itemtype=\"https:\/\/schema.org\/ImageObject\" >\n\t\t\t\t\t\t<span itemprop='url'>https:\/\/ptdl.pl\/ptdl\/wp-content\/uploads\/2025\/10\/rozowy.jpg<\/span>\n\t\t\t\t\t\t<span itemprop='height'>191<\/span>\n\t\t\t\t\t\t<span itemprop='width'>264<\/span>\n\t\t\t\t<\/span>\n\t\t\t\t<span class='av-structured-data'  itemprop=\"publisher\" itemtype=\"https:\/\/schema.org\/Organization\" itemscope=\"itemscope\" >\n\t\t\t\t\t\t<span itemprop='name'>Malwina Czech<\/span>\n\t\t\t\t\t\t<span itemprop='logo' itemscope itemtype='https:\/\/schema.org\/ImageObject'>\n\t\t\t\t\t\t\t<span itemprop='url'>https:\/\/ptdl.pl\/wp-content\/uploads\/2023\/03\/logo_2.svg<\/span>\n\t\t\t\t\t\t<\/span>\n\t\t\t\t<\/span><span class='av-structured-data'  itemprop=\"author\" itemscope=\"itemscope\" itemtype=\"https:\/\/schema.org\/Person\" ><span itemprop='name'>Malwina Czech<\/span><\/span><span class='av-structured-data'  itemprop=\"datePublished\" datetime=\"2023-02-03T12:54:00+01:00\" >2025-10-04 03:13:57<\/span><span class='av-structured-data'  itemprop=\"dateModified\" itemtype=\"https:\/\/schema.org\/dateModified\" >2025-10-04 03:24:42<\/span><span class='av-structured-data'  itemprop=\"mainEntityOfPage\" itemtype=\"https:\/\/schema.org\/mainEntityOfPage\" ><span itemprop='name'>Zaproszenie na konferencj\u0119 profilaktyczno-edukacyjn\u0105 PROFILAKTYKA PRZECIWNOWOTWOROWA RECEPT\u0104 NA ZDROWIE<\/span><\/span><\/span><\/article><article class='slide-entry flex_column  post-entry post-entry-5278 slide-entry-overview slide-loop-20 slide-parity-even  av_one_third  real-thumbnail post-format-standard'  itemscope=\"itemscope\" itemtype=\"https:\/\/schema.org\/CreativeWork\" ><a href='https:\/\/ptdl.pl\/index.php\/2025\/10\/03\/konferencja-ngs-w-badaniach-diagnostycznych-guzow-litych-i-w-hematoonkologii-nowe-perspektywy\/' data-rel='slide-5' class='slide-image' title='KONFERENCJA &#8222;NGS w badaniach diagnostycznych guz\u00f3w litych i w hematoonkologii \u2013 nowe perspektywy&#8221;'><img decoding=\"async\" width=\"300\" height=\"300\" src=\"https:\/\/ptdl.pl\/ptdl\/wp-content\/uploads\/2025\/10\/logokonferencji-300x300.png\" class=\"wp-image-5283 avia-img-lazy-loading-not-5283 attachment-medium size-medium wp-post-image\" alt=\"\" srcset=\"https:\/\/ptdl.pl\/ptdl\/wp-content\/uploads\/2025\/10\/logokonferencji-300x300.png 300w, https:\/\/ptdl.pl\/ptdl\/wp-content\/uploads\/2025\/10\/logokonferencji-80x80.png 80w, https:\/\/ptdl.pl\/ptdl\/wp-content\/uploads\/2025\/10\/logokonferencji-36x36.png 36w, https:\/\/ptdl.pl\/ptdl\/wp-content\/uploads\/2025\/10\/logokonferencji-180x180.png 180w, https:\/\/ptdl.pl\/ptdl\/wp-content\/uploads\/2025\/10\/logokonferencji.png 500w\" sizes=\"(max-width: 300px) 100vw, 300px\" \/><\/a><div class=\"slide-content\"><header class=\"entry-content-header\"><h3 class='slide-entry-title entry-title '  itemprop=\"headline\" ><a href='https:\/\/ptdl.pl\/index.php\/2025\/10\/03\/konferencja-ngs-w-badaniach-diagnostycznych-guzow-litych-i-w-hematoonkologii-nowe-perspektywy\/' title='KONFERENCJA &#8222;NGS w badaniach diagnostycznych guz\u00f3w litych i w hematoonkologii \u2013 nowe perspektywy&#8221;'>KONFERENCJA &#8222;NGS w badaniach diagnostycznych guz\u00f3w litych i w hematoonkologii \u2013 nowe perspektywy&#8221;<\/a><\/h3><span class=\"av-vertical-delimiter\"><\/span><\/header><div class=\"slide-meta\"><time class='slide-meta-time updated'  itemprop=\"datePublished\" datetime=\"2025-10-03T20:03:49+02:00\" >2025-10-03<\/time><\/div><div class='slide-entry-excerpt entry-content'  itemprop=\"text\" ><div class=\"read-more-link\"><a href=\"https:\/\/ptdl.pl\/index.php\/2025\/10\/03\/konferencja-ngs-w-badaniach-diagnostycznych-guzow-litych-i-w-hematoonkologii-nowe-perspektywy\/\" class=\"more-link\">Czytaj dalej<span class=\"more-link-arrow\"><\/span><\/a><\/div><\/div><\/div><footer class=\"entry-footer\"><\/footer><span class='hidden'>\n\t\t\t\t<span class='av-structured-data'  itemprop=\"image\" itemscope=\"itemscope\" itemtype=\"https:\/\/schema.org\/ImageObject\" >\n\t\t\t\t\t\t<span itemprop='url'>https:\/\/ptdl.pl\/ptdl\/wp-content\/uploads\/2025\/10\/logokonferencji.png<\/span>\n\t\t\t\t\t\t<span itemprop='height'>499<\/span>\n\t\t\t\t\t\t<span itemprop='width'>500<\/span>\n\t\t\t\t<\/span>\n\t\t\t\t<span class='av-structured-data'  itemprop=\"publisher\" itemtype=\"https:\/\/schema.org\/Organization\" itemscope=\"itemscope\" >\n\t\t\t\t\t\t<span itemprop='name'>Olga Loska<\/span>\n\t\t\t\t\t\t<span itemprop='logo' itemscope itemtype='https:\/\/schema.org\/ImageObject'>\n\t\t\t\t\t\t\t<span itemprop='url'>https:\/\/ptdl.pl\/wp-content\/uploads\/2023\/03\/logo_2.svg<\/span>\n\t\t\t\t\t\t<\/span>\n\t\t\t\t<\/span><span class='av-structured-data'  itemprop=\"author\" itemscope=\"itemscope\" itemtype=\"https:\/\/schema.org\/Person\" ><span itemprop='name'>Olga Loska<\/span><\/span><span class='av-structured-data'  itemprop=\"datePublished\" datetime=\"2023-02-03T12:54:00+01:00\" >2025-10-03 20:03:49<\/span><span class='av-structured-data'  itemprop=\"dateModified\" itemtype=\"https:\/\/schema.org\/dateModified\" >2025-10-03 20:59:21<\/span><span class='av-structured-data'  itemprop=\"mainEntityOfPage\" itemtype=\"https:\/\/schema.org\/mainEntityOfPage\" ><span itemprop='name'>KONFERENCJA &#8222;NGS w badaniach diagnostycznych guz\u00f3w litych i w hematoonkologii \u2013 nowe perspektywy&#8221;<\/span><\/span><\/span><\/article><article class='slide-entry flex_column  post-entry post-entry-5274 slide-entry-overview slide-loop-21 slide-parity-odd  av_one_third  real-thumbnail post-format-standard'  itemscope=\"itemscope\" itemtype=\"https:\/\/schema.org\/CreativeWork\" ><a href='https:\/\/ptdl.pl\/index.php\/2025\/10\/02\/konferencja-naukowo-szkoleniowa-szczecinskiego-oddzialu-ptdl-miedzyzdroje-dn-09-10-pazdziernika-2025-roku\/' data-rel='slide-5' class='slide-image' title='Konferencja Naukowo &#8211; Szkoleniowa Szczeci\u0144skiego Oddzia\u0142u PTDL  Mi\u0119dzyzdroje, dn. 09 &#8211; 10 pa\u017adziernika 2025 roku'><img decoding=\"async\" width=\"300\" height=\"199\" src=\"https:\/\/ptdl.pl\/ptdl\/wp-content\/uploads\/2023\/02\/news_026-300x199.jpg\" class=\"wp-image-817 avia-img-lazy-loading-not-817 attachment-medium size-medium wp-post-image\" alt=\"\" srcset=\"https:\/\/ptdl.pl\/ptdl\/wp-content\/uploads\/2023\/02\/news_026-300x199.jpg 300w, https:\/\/ptdl.pl\/ptdl\/wp-content\/uploads\/2023\/02\/news_026.jpg 500w\" sizes=\"(max-width: 300px) 100vw, 300px\" \/><\/a><div class=\"slide-content\"><header class=\"entry-content-header\"><h3 class='slide-entry-title entry-title '  itemprop=\"headline\" ><a href='https:\/\/ptdl.pl\/index.php\/2025\/10\/02\/konferencja-naukowo-szkoleniowa-szczecinskiego-oddzialu-ptdl-miedzyzdroje-dn-09-10-pazdziernika-2025-roku\/' title='Konferencja Naukowo &#8211; Szkoleniowa Szczeci\u0144skiego Oddzia\u0142u PTDL  Mi\u0119dzyzdroje, dn. 09 &#8211; 10 pa\u017adziernika 2025 roku'>Konferencja Naukowo &#8211; Szkoleniowa Szczeci\u0144skiego Oddzia\u0142u PTDL  Mi\u0119dzyzdroje, dn. 09 &#8211; 10 pa\u017adziernika 2025 roku<\/a><\/h3><span class=\"av-vertical-delimiter\"><\/span><\/header><div class=\"slide-meta\"><time class='slide-meta-time updated'  itemprop=\"datePublished\" datetime=\"2025-10-02T08:05:06+02:00\" >2025-10-02<\/time><\/div><div class='slide-entry-excerpt entry-content'  itemprop=\"text\" ><div class=\"read-more-link\"><a href=\"https:\/\/ptdl.pl\/index.php\/2025\/10\/02\/konferencja-naukowo-szkoleniowa-szczecinskiego-oddzialu-ptdl-miedzyzdroje-dn-09-10-pazdziernika-2025-roku\/\" class=\"more-link\">Czytaj dalej<span class=\"more-link-arrow\"><\/span><\/a><\/div><\/div><\/div><footer class=\"entry-footer\"><\/footer><span class='hidden'>\n\t\t\t\t<span class='av-structured-data'  itemprop=\"image\" itemscope=\"itemscope\" itemtype=\"https:\/\/schema.org\/ImageObject\" >\n\t\t\t\t\t\t<span itemprop='url'>https:\/\/ptdl.pl\/ptdl\/wp-content\/uploads\/2023\/02\/news_026.jpg<\/span>\n\t\t\t\t\t\t<span itemprop='height'>332<\/span>\n\t\t\t\t\t\t<span itemprop='width'>500<\/span>\n\t\t\t\t<\/span>\n\t\t\t\t<span class='av-structured-data'  itemprop=\"publisher\" itemtype=\"https:\/\/schema.org\/Organization\" itemscope=\"itemscope\" >\n\t\t\t\t\t\t<span itemprop='name'>admin<\/span>\n\t\t\t\t\t\t<span itemprop='logo' itemscope itemtype='https:\/\/schema.org\/ImageObject'>\n\t\t\t\t\t\t\t<span itemprop='url'>https:\/\/ptdl.pl\/wp-content\/uploads\/2023\/03\/logo_2.svg<\/span>\n\t\t\t\t\t\t<\/span>\n\t\t\t\t<\/span><span class='av-structured-data'  itemprop=\"author\" itemscope=\"itemscope\" itemtype=\"https:\/\/schema.org\/Person\" ><span itemprop='name'>admin<\/span><\/span><span class='av-structured-data'  itemprop=\"datePublished\" datetime=\"2023-02-03T12:54:00+01:00\" >2025-10-02 08:05:06<\/span><span class='av-structured-data'  itemprop=\"dateModified\" itemtype=\"https:\/\/schema.org\/dateModified\" >2025-10-02 08:05:06<\/span><span class='av-structured-data'  itemprop=\"mainEntityOfPage\" itemtype=\"https:\/\/schema.org\/mainEntityOfPage\" ><span itemprop='name'>Konferencja Naukowo &#8211; Szkoleniowa Szczeci\u0144skiego Oddzia\u0142u PTDL  Mi\u0119dzyzdroje, dn. 09 &#8211; 10 pa\u017adziernika 2025 roku<\/span><\/span><\/span><\/article><\/div><div class=\"slide-entry-wrap\"><article class='slide-entry flex_column  post-entry post-entry-5253 slide-entry-overview slide-loop-22 slide-parity-odd  av_one_third first real-thumbnail post-format-standard'  itemscope=\"itemscope\" itemtype=\"https:\/\/schema.org\/CreativeWork\" ><a href='https:\/\/ptdl.pl\/index.php\/2025\/10\/01\/80-lat-wydzialu-farmaceutycznego-i-30-lat-analityki-medycznej-uniwersytetu-medycznego-w-lublinie\/' data-rel='slide-5' class='slide-image' title='80 lat Wydzia\u0142u Farmaceutycznego i 30 lat Analityki Medycznej Uniwersytetu Medycznego w Lublinie'><img decoding=\"async\" width=\"300\" height=\"157\" src=\"https:\/\/ptdl.pl\/ptdl\/wp-content\/uploads\/2025\/10\/Jubileusz-WF-i-AM-300x157.jpg\" class=\"wp-image-5254 avia-img-lazy-loading-not-5254 attachment-medium size-medium wp-post-image\" alt=\"\" srcset=\"https:\/\/ptdl.pl\/ptdl\/wp-content\/uploads\/2025\/10\/Jubileusz-WF-i-AM-300x157.jpg 300w, https:\/\/ptdl.pl\/ptdl\/wp-content\/uploads\/2025\/10\/Jubileusz-WF-i-AM-768x402.jpg 768w, https:\/\/ptdl.pl\/ptdl\/wp-content\/uploads\/2025\/10\/Jubileusz-WF-i-AM-710x375.jpg 710w, https:\/\/ptdl.pl\/ptdl\/wp-content\/uploads\/2025\/10\/Jubileusz-WF-i-AM-705x369.jpg 705w, https:\/\/ptdl.pl\/ptdl\/wp-content\/uploads\/2025\/10\/Jubileusz-WF-i-AM.jpg 960w\" sizes=\"(max-width: 300px) 100vw, 300px\" \/><\/a><div class=\"slide-content\"><header class=\"entry-content-header\"><h3 class='slide-entry-title entry-title '  itemprop=\"headline\" ><a href='https:\/\/ptdl.pl\/index.php\/2025\/10\/01\/80-lat-wydzialu-farmaceutycznego-i-30-lat-analityki-medycznej-uniwersytetu-medycznego-w-lublinie\/' title='80 lat Wydzia\u0142u Farmaceutycznego i 30 lat Analityki Medycznej Uniwersytetu Medycznego w Lublinie'>80 lat Wydzia\u0142u Farmaceutycznego i 30 lat Analityki Medycznej Uniwersytetu Medycznego w Lublinie<\/a><\/h3><span class=\"av-vertical-delimiter\"><\/span><\/header><div class=\"slide-meta\"><time class='slide-meta-time updated'  itemprop=\"datePublished\" datetime=\"2025-10-01T12:03:18+02:00\" >2025-10-01<\/time><\/div><div class='slide-entry-excerpt entry-content'  itemprop=\"text\" ><div class=\"read-more-link\"><a href=\"https:\/\/ptdl.pl\/index.php\/2025\/10\/01\/80-lat-wydzialu-farmaceutycznego-i-30-lat-analityki-medycznej-uniwersytetu-medycznego-w-lublinie\/\" class=\"more-link\">Czytaj dalej<span class=\"more-link-arrow\"><\/span><\/a><\/div><\/div><\/div><footer class=\"entry-footer\"><\/footer><span class='hidden'>\n\t\t\t\t<span class='av-structured-data'  itemprop=\"image\" itemscope=\"itemscope\" itemtype=\"https:\/\/schema.org\/ImageObject\" >\n\t\t\t\t\t\t<span itemprop='url'>https:\/\/ptdl.pl\/ptdl\/wp-content\/uploads\/2025\/10\/Jubileusz-WF-i-AM.jpg<\/span>\n\t\t\t\t\t\t<span itemprop='height'>503<\/span>\n\t\t\t\t\t\t<span itemprop='width'>960<\/span>\n\t\t\t\t<\/span>\n\t\t\t\t<span class='av-structured-data'  itemprop=\"publisher\" itemtype=\"https:\/\/schema.org\/Organization\" itemscope=\"itemscope\" >\n\t\t\t\t\t\t<span itemprop='name'>Dariusz Duma<\/span>\n\t\t\t\t\t\t<span itemprop='logo' itemscope itemtype='https:\/\/schema.org\/ImageObject'>\n\t\t\t\t\t\t\t<span itemprop='url'>https:\/\/ptdl.pl\/wp-content\/uploads\/2023\/03\/logo_2.svg<\/span>\n\t\t\t\t\t\t<\/span>\n\t\t\t\t<\/span><span class='av-structured-data'  itemprop=\"author\" itemscope=\"itemscope\" itemtype=\"https:\/\/schema.org\/Person\" ><span itemprop='name'>Dariusz Duma<\/span><\/span><span class='av-structured-data'  itemprop=\"datePublished\" datetime=\"2023-02-03T12:54:00+01:00\" >2025-10-01 12:03:18<\/span><span class='av-structured-data'  itemprop=\"dateModified\" itemtype=\"https:\/\/schema.org\/dateModified\" >2025-10-01 12:03:18<\/span><span class='av-structured-data'  itemprop=\"mainEntityOfPage\" itemtype=\"https:\/\/schema.org\/mainEntityOfPage\" ><span itemprop='name'>80 lat Wydzia\u0142u Farmaceutycznego i 30 lat Analityki Medycznej Uniwersytetu Medycznego w Lublinie<\/span><\/span><\/span><\/article><article class='slide-entry flex_column  post-entry post-entry-5214 slide-entry-overview slide-loop-23 slide-parity-even  av_one_third  real-thumbnail post-format-standard'  itemscope=\"itemscope\" itemtype=\"https:\/\/schema.org\/CreativeWork\" ><a href='https:\/\/ptdl.pl\/index.php\/2025\/09\/22\/podsumowanie-lodzkie-spotkania-diagnostyczne-priorytety-medycyny-laboratoryjnej-2025\/' data-rel='slide-5' class='slide-image' title='Podsumowanie &#8211; \u0141\u00f3dzkie Spotkania Diagnostyczne. Priorytety Medycyny Laboratoryjnej 2025'><img decoding=\"async\" width=\"300\" height=\"163\" src=\"https:\/\/ptdl.pl\/ptdl\/wp-content\/uploads\/2025\/06\/baner-1200x620-1-e1753710853184-300x163.png\" class=\"wp-image-5072 avia-img-lazy-loading-not-5072 attachment-medium size-medium wp-post-image\" alt=\"\" \/><\/a><div class=\"slide-content\"><header class=\"entry-content-header\"><h3 class='slide-entry-title entry-title '  itemprop=\"headline\" ><a href='https:\/\/ptdl.pl\/index.php\/2025\/09\/22\/podsumowanie-lodzkie-spotkania-diagnostyczne-priorytety-medycyny-laboratoryjnej-2025\/' title='Podsumowanie &#8211; \u0141\u00f3dzkie Spotkania Diagnostyczne. Priorytety Medycyny Laboratoryjnej 2025'>Podsumowanie &#8211; \u0141\u00f3dzkie Spotkania Diagnostyczne. Priorytety Medycyny Laboratoryjnej 2025<\/a><\/h3><span class=\"av-vertical-delimiter\"><\/span><\/header><div class=\"slide-meta\"><time class='slide-meta-time updated'  itemprop=\"datePublished\" datetime=\"2025-09-22T20:53:22+02:00\" >2025-09-22<\/time><\/div><div class='slide-entry-excerpt entry-content'  itemprop=\"text\" ><div class=\"read-more-link\"><a href=\"https:\/\/ptdl.pl\/index.php\/2025\/09\/22\/podsumowanie-lodzkie-spotkania-diagnostyczne-priorytety-medycyny-laboratoryjnej-2025\/\" class=\"more-link\">Czytaj dalej<span class=\"more-link-arrow\"><\/span><\/a><\/div><\/div><\/div><footer class=\"entry-footer\"><\/footer><span class='hidden'>\n\t\t\t\t<span class='av-structured-data'  itemprop=\"image\" itemscope=\"itemscope\" itemtype=\"https:\/\/schema.org\/ImageObject\" >\n\t\t\t\t\t\t<span itemprop='url'>https:\/\/ptdl.pl\/ptdl\/wp-content\/uploads\/2025\/06\/baner-1200x620-1-e1753710935509.png<\/span>\n\t\t\t\t\t\t<span itemprop='height'>271<\/span>\n\t\t\t\t\t\t<span itemprop='width'>500<\/span>\n\t\t\t\t<\/span>\n\t\t\t\t<span class='av-structured-data'  itemprop=\"publisher\" itemtype=\"https:\/\/schema.org\/Organization\" itemscope=\"itemscope\" >\n\t\t\t\t\t\t<span itemprop='name'>dsk<\/span>\n\t\t\t\t\t\t<span itemprop='logo' itemscope itemtype='https:\/\/schema.org\/ImageObject'>\n\t\t\t\t\t\t\t<span itemprop='url'>https:\/\/ptdl.pl\/wp-content\/uploads\/2023\/03\/logo_2.svg<\/span>\n\t\t\t\t\t\t<\/span>\n\t\t\t\t<\/span><span class='av-structured-data'  itemprop=\"author\" itemscope=\"itemscope\" itemtype=\"https:\/\/schema.org\/Person\" ><span itemprop='name'>dsk<\/span><\/span><span class='av-structured-data'  itemprop=\"datePublished\" datetime=\"2023-02-03T12:54:00+01:00\" >2025-09-22 20:53:22<\/span><span class='av-structured-data'  itemprop=\"dateModified\" itemtype=\"https:\/\/schema.org\/dateModified\" >2025-09-23 18:45:19<\/span><span class='av-structured-data'  itemprop=\"mainEntityOfPage\" itemtype=\"https:\/\/schema.org\/mainEntityOfPage\" ><span itemprop='name'>Podsumowanie &#8211; \u0141\u00f3dzkie Spotkania Diagnostyczne. Priorytety Medycyny Laboratoryjnej 2025<\/span><\/span><\/span><\/article><article class='slide-entry flex_column  post-entry post-entry-5170 slide-entry-overview slide-loop-24 slide-parity-odd  av_one_third  real-thumbnail post-format-standard'  itemscope=\"itemscope\" itemtype=\"https:\/\/schema.org\/CreativeWork\" ><a href='https:\/\/ptdl.pl\/index.php\/2025\/09\/11\/konferencja-akademia-kontroli-zakazen\/' data-rel='slide-5' class='slide-image' title='Konferencja Akademia Kontroli Zaka\u017ce\u0144'><img decoding=\"async\" width=\"300\" height=\"169\" src=\"https:\/\/ptdl.pl\/ptdl\/wp-content\/uploads\/2025\/09\/akz-300x169.jpg\" class=\"wp-image-5172 avia-img-lazy-loading-not-5172 attachment-medium size-medium wp-post-image\" alt=\"\" srcset=\"https:\/\/ptdl.pl\/ptdl\/wp-content\/uploads\/2025\/09\/akz-300x169.jpg 300w, https:\/\/ptdl.pl\/ptdl\/wp-content\/uploads\/2025\/09\/akz-1030x579.jpg 1030w, https:\/\/ptdl.pl\/ptdl\/wp-content\/uploads\/2025\/09\/akz-768x432.jpg 768w, https:\/\/ptdl.pl\/ptdl\/wp-content\/uploads\/2025\/09\/akz-1536x864.jpg 1536w, https:\/\/ptdl.pl\/ptdl\/wp-content\/uploads\/2025\/09\/akz-1500x844.jpg 1500w, https:\/\/ptdl.pl\/ptdl\/wp-content\/uploads\/2025\/09\/akz-705x397.jpg 705w, https:\/\/ptdl.pl\/ptdl\/wp-content\/uploads\/2025\/09\/akz.jpg 1920w\" sizes=\"(max-width: 300px) 100vw, 300px\" \/><\/a><div class=\"slide-content\"><header class=\"entry-content-header\"><h3 class='slide-entry-title entry-title '  itemprop=\"headline\" ><a href='https:\/\/ptdl.pl\/index.php\/2025\/09\/11\/konferencja-akademia-kontroli-zakazen\/' title='Konferencja Akademia Kontroli Zaka\u017ce\u0144'>Konferencja Akademia Kontroli Zaka\u017ce\u0144<\/a><\/h3><span class=\"av-vertical-delimiter\"><\/span><\/header><div class=\"slide-meta\"><time class='slide-meta-time updated'  itemprop=\"datePublished\" datetime=\"2025-09-11T13:27:42+02:00\" >2025-09-11<\/time><\/div><div class='slide-entry-excerpt entry-content'  itemprop=\"text\" ><div class=\"read-more-link\"><a href=\"https:\/\/ptdl.pl\/index.php\/2025\/09\/11\/konferencja-akademia-kontroli-zakazen\/\" class=\"more-link\">Czytaj dalej<span class=\"more-link-arrow\"><\/span><\/a><\/div><\/div><\/div><footer class=\"entry-footer\"><\/footer><span class='hidden'>\n\t\t\t\t<span class='av-structured-data'  itemprop=\"image\" itemscope=\"itemscope\" itemtype=\"https:\/\/schema.org\/ImageObject\" >\n\t\t\t\t\t\t<span itemprop='url'>https:\/\/ptdl.pl\/ptdl\/wp-content\/uploads\/2025\/09\/akz.jpg<\/span>\n\t\t\t\t\t\t<span itemprop='height'>1080<\/span>\n\t\t\t\t\t\t<span itemprop='width'>1920<\/span>\n\t\t\t\t<\/span>\n\t\t\t\t<span class='av-structured-data'  itemprop=\"publisher\" itemtype=\"https:\/\/schema.org\/Organization\" itemscope=\"itemscope\" >\n\t\t\t\t\t\t<span itemprop='name'>admin<\/span>\n\t\t\t\t\t\t<span itemprop='logo' itemscope itemtype='https:\/\/schema.org\/ImageObject'>\n\t\t\t\t\t\t\t<span itemprop='url'>https:\/\/ptdl.pl\/wp-content\/uploads\/2023\/03\/logo_2.svg<\/span>\n\t\t\t\t\t\t<\/span>\n\t\t\t\t<\/span><span class='av-structured-data'  itemprop=\"author\" itemscope=\"itemscope\" itemtype=\"https:\/\/schema.org\/Person\" ><span itemprop='name'>admin<\/span><\/span><span class='av-structured-data'  itemprop=\"datePublished\" datetime=\"2023-02-03T12:54:00+01:00\" >2025-09-11 13:27:42<\/span><span class='av-structured-data'  itemprop=\"dateModified\" itemtype=\"https:\/\/schema.org\/dateModified\" >2025-09-11 13:36:17<\/span><span class='av-structured-data'  itemprop=\"mainEntityOfPage\" itemtype=\"https:\/\/schema.org\/mainEntityOfPage\" ><span itemprop='name'>Konferencja Akademia Kontroli Zaka\u017ce\u0144<\/span><\/span><\/span><\/article><\/div><div class=\"slide-entry-wrap\"><article class='slide-entry flex_column  post-entry post-entry-4628 slide-entry-overview slide-loop-25 slide-parity-odd  av_one_third first real-thumbnail post-format-standard'  itemscope=\"itemscope\" itemtype=\"https:\/\/schema.org\/CreativeWork\" ><a href='https:\/\/ptdl.pl\/index.php\/2025\/06\/18\/konferencja-zdrowie-kobiety-zapisane-w-genach\/' data-rel='slide-5' class='slide-image' title='Konferencja &#8222;Zdrowie kobiety zapisane w genach&#8221;'><img decoding=\"async\" width=\"300\" height=\"300\" src=\"https:\/\/ptdl.pl\/ptdl\/wp-content\/uploads\/2025\/04\/PTDL-Zdrowie-Kobiety-FB-1200px-300x300.jpg\" class=\"wp-image-4629 avia-img-lazy-loading-not-4629 attachment-medium size-medium wp-post-image\" alt=\"\" srcset=\"https:\/\/ptdl.pl\/ptdl\/wp-content\/uploads\/2025\/04\/PTDL-Zdrowie-Kobiety-FB-1200px-300x300.jpg 300w, https:\/\/ptdl.pl\/ptdl\/wp-content\/uploads\/2025\/04\/PTDL-Zdrowie-Kobiety-FB-1200px-1030x1030.jpg 1030w, https:\/\/ptdl.pl\/ptdl\/wp-content\/uploads\/2025\/04\/PTDL-Zdrowie-Kobiety-FB-1200px-80x80.jpg 80w, https:\/\/ptdl.pl\/ptdl\/wp-content\/uploads\/2025\/04\/PTDL-Zdrowie-Kobiety-FB-1200px-768x768.jpg 768w, https:\/\/ptdl.pl\/ptdl\/wp-content\/uploads\/2025\/04\/PTDL-Zdrowie-Kobiety-FB-1200px-36x36.jpg 36w, https:\/\/ptdl.pl\/ptdl\/wp-content\/uploads\/2025\/04\/PTDL-Zdrowie-Kobiety-FB-1200px-180x180.jpg 180w, https:\/\/ptdl.pl\/ptdl\/wp-content\/uploads\/2025\/04\/PTDL-Zdrowie-Kobiety-FB-1200px-705x705.jpg 705w, https:\/\/ptdl.pl\/ptdl\/wp-content\/uploads\/2025\/04\/PTDL-Zdrowie-Kobiety-FB-1200px.jpg 1200w\" sizes=\"(max-width: 300px) 100vw, 300px\" \/><\/a><div class=\"slide-content\"><header class=\"entry-content-header\"><h3 class='slide-entry-title entry-title '  itemprop=\"headline\" ><a href='https:\/\/ptdl.pl\/index.php\/2025\/06\/18\/konferencja-zdrowie-kobiety-zapisane-w-genach\/' title='Konferencja &#8222;Zdrowie kobiety zapisane w genach&#8221;'>Konferencja &#8222;Zdrowie kobiety zapisane w genach&#8221;<\/a><\/h3><span class=\"av-vertical-delimiter\"><\/span><\/header><div class=\"slide-meta\"><time class='slide-meta-time updated'  itemprop=\"datePublished\" datetime=\"2025-06-18T08:15:58+02:00\" >2025-06-18<\/time><\/div><div class='slide-entry-excerpt entry-content'  itemprop=\"text\" ><div class=\"read-more-link\"><a href=\"https:\/\/ptdl.pl\/index.php\/2025\/06\/18\/konferencja-zdrowie-kobiety-zapisane-w-genach\/\" class=\"more-link\">Czytaj dalej<span class=\"more-link-arrow\"><\/span><\/a><\/div><\/div><\/div><footer class=\"entry-footer\"><\/footer><span class='hidden'>\n\t\t\t\t<span class='av-structured-data'  itemprop=\"image\" itemscope=\"itemscope\" itemtype=\"https:\/\/schema.org\/ImageObject\" >\n\t\t\t\t\t\t<span itemprop='url'>https:\/\/ptdl.pl\/ptdl\/wp-content\/uploads\/2025\/04\/PTDL-Zdrowie-Kobiety-FB-1200px.jpg<\/span>\n\t\t\t\t\t\t<span itemprop='height'>1200<\/span>\n\t\t\t\t\t\t<span itemprop='width'>1200<\/span>\n\t\t\t\t<\/span>\n\t\t\t\t<span class='av-structured-data'  itemprop=\"publisher\" itemtype=\"https:\/\/schema.org\/Organization\" itemscope=\"itemscope\" >\n\t\t\t\t\t\t<span itemprop='name'>admin<\/span>\n\t\t\t\t\t\t<span itemprop='logo' itemscope itemtype='https:\/\/schema.org\/ImageObject'>\n\t\t\t\t\t\t\t<span itemprop='url'>https:\/\/ptdl.pl\/wp-content\/uploads\/2023\/03\/logo_2.svg<\/span>\n\t\t\t\t\t\t<\/span>\n\t\t\t\t<\/span><span class='av-structured-data'  itemprop=\"author\" itemscope=\"itemscope\" itemtype=\"https:\/\/schema.org\/Person\" ><span itemprop='name'>admin<\/span><\/span><span class='av-structured-data'  itemprop=\"datePublished\" datetime=\"2023-02-03T12:54:00+01:00\" >2025-06-18 08:15:58<\/span><span class='av-structured-data'  itemprop=\"dateModified\" itemtype=\"https:\/\/schema.org\/dateModified\" >2025-06-18 13:39:32<\/span><span class='av-structured-data'  itemprop=\"mainEntityOfPage\" itemtype=\"https:\/\/schema.org\/mainEntityOfPage\" ><span itemprop='name'>Konferencja &#8222;Zdrowie kobiety zapisane w genach&#8221;<\/span><\/span><\/span><\/article><article class='slide-entry flex_column  post-entry post-entry-5071 slide-entry-overview slide-loop-26 slide-parity-even  av_one_third  real-thumbnail post-format-standard'  itemscope=\"itemscope\" itemtype=\"https:\/\/schema.org\/CreativeWork\" ><a href='https:\/\/ptdl.pl\/index.php\/2025\/06\/08\/konferencja-lodzkie-spotkania-diagnostyczne-2025\/' data-rel='slide-5' class='slide-image' title='Konferencja &#8211; \u0141\u00f3dzkie Spotkania Diagnostyczne 2025'><img decoding=\"async\" width=\"300\" height=\"163\" src=\"https:\/\/ptdl.pl\/ptdl\/wp-content\/uploads\/2025\/06\/baner-1200x620-1-e1753710853184-300x163.png\" class=\"wp-image-5072 avia-img-lazy-loading-not-5072 attachment-medium size-medium wp-post-image\" alt=\"\" \/><\/a><div class=\"slide-content\"><header class=\"entry-content-header\"><h3 class='slide-entry-title entry-title '  itemprop=\"headline\" ><a href='https:\/\/ptdl.pl\/index.php\/2025\/06\/08\/konferencja-lodzkie-spotkania-diagnostyczne-2025\/' title='Konferencja &#8211; \u0141\u00f3dzkie Spotkania Diagnostyczne 2025'>Konferencja &#8211; \u0141\u00f3dzkie Spotkania Diagnostyczne 2025<\/a><\/h3><span class=\"av-vertical-delimiter\"><\/span><\/header><div class=\"slide-meta\"><time class='slide-meta-time updated'  itemprop=\"datePublished\" datetime=\"2025-06-08T10:40:53+02:00\" >2025-06-08<\/time><\/div><div class='slide-entry-excerpt entry-content'  itemprop=\"text\" ><div class=\"read-more-link\"><a href=\"https:\/\/ptdl.pl\/index.php\/2025\/06\/08\/konferencja-lodzkie-spotkania-diagnostyczne-2025\/\" class=\"more-link\">Czytaj dalej<span class=\"more-link-arrow\"><\/span><\/a><\/div><\/div><\/div><footer class=\"entry-footer\"><\/footer><span class='hidden'>\n\t\t\t\t<span class='av-structured-data'  itemprop=\"image\" itemscope=\"itemscope\" itemtype=\"https:\/\/schema.org\/ImageObject\" >\n\t\t\t\t\t\t<span itemprop='url'>https:\/\/ptdl.pl\/ptdl\/wp-content\/uploads\/2025\/06\/baner-1200x620-1-e1753710935509.png<\/span>\n\t\t\t\t\t\t<span itemprop='height'>271<\/span>\n\t\t\t\t\t\t<span itemprop='width'>500<\/span>\n\t\t\t\t<\/span>\n\t\t\t\t<span class='av-structured-data'  itemprop=\"publisher\" itemtype=\"https:\/\/schema.org\/Organization\" itemscope=\"itemscope\" >\n\t\t\t\t\t\t<span itemprop='name'>dsk<\/span>\n\t\t\t\t\t\t<span itemprop='logo' itemscope itemtype='https:\/\/schema.org\/ImageObject'>\n\t\t\t\t\t\t\t<span itemprop='url'>https:\/\/ptdl.pl\/wp-content\/uploads\/2023\/03\/logo_2.svg<\/span>\n\t\t\t\t\t\t<\/span>\n\t\t\t\t<\/span><span class='av-structured-data'  itemprop=\"author\" itemscope=\"itemscope\" itemtype=\"https:\/\/schema.org\/Person\" ><span itemprop='name'>dsk<\/span><\/span><span class='av-structured-data'  itemprop=\"datePublished\" datetime=\"2023-02-03T12:54:00+01:00\" >2025-06-08 10:40:53<\/span><span class='av-structured-data'  itemprop=\"dateModified\" itemtype=\"https:\/\/schema.org\/dateModified\" >2025-08-19 17:33:28<\/span><span class='av-structured-data'  itemprop=\"mainEntityOfPage\" itemtype=\"https:\/\/schema.org\/mainEntityOfPage\" ><span itemprop='name'>Konferencja &#8211; \u0141\u00f3dzkie Spotkania Diagnostyczne 2025<\/span><\/span><\/span><\/article><article class='slide-entry flex_column  post-entry post-entry-5059 slide-entry-overview slide-loop-27 slide-parity-odd  av_one_third  real-thumbnail post-format-standard'  itemscope=\"itemscope\" itemtype=\"https:\/\/schema.org\/CreativeWork\" ><a href='https:\/\/ptdl.pl\/index.php\/2025\/06\/06\/konferencja-trendy-w-diagnostyce-wybrane-aspekty-medycyny-laboratoryjnej-2025\/' data-rel='slide-5' class='slide-image' title='Konferencja \u201eTrendy w Diagnostyce \u2013 Wybrane aspekty Medycyny Laboratoryjnej 2025\u201e'><img decoding=\"async\" width=\"300\" height=\"104\" src=\"https:\/\/ptdl.pl\/ptdl\/wp-content\/uploads\/2025\/05\/DD-300x104.jpg\" class=\"wp-image-4878 avia-img-lazy-loading-not-4878 attachment-medium size-medium wp-post-image\" alt=\"\" srcset=\"https:\/\/ptdl.pl\/ptdl\/wp-content\/uploads\/2025\/05\/DD-300x104.jpg 300w, https:\/\/ptdl.pl\/ptdl\/wp-content\/uploads\/2025\/05\/DD.jpg 677w\" sizes=\"(max-width: 300px) 100vw, 300px\" \/><\/a><div class=\"slide-content\"><header class=\"entry-content-header\"><h3 class='slide-entry-title entry-title '  itemprop=\"headline\" ><a href='https:\/\/ptdl.pl\/index.php\/2025\/06\/06\/konferencja-trendy-w-diagnostyce-wybrane-aspekty-medycyny-laboratoryjnej-2025\/' title='Konferencja \u201eTrendy w Diagnostyce \u2013 Wybrane aspekty Medycyny Laboratoryjnej 2025\u201e'>Konferencja \u201eTrendy w Diagnostyce \u2013 Wybrane aspekty Medycyny Laboratoryjnej 2025\u201e<\/a><\/h3><span class=\"av-vertical-delimiter\"><\/span><\/header><div class=\"slide-meta\"><time class='slide-meta-time updated'  itemprop=\"datePublished\" datetime=\"2025-06-06T09:57:38+02:00\" >2025-06-06<\/time><\/div><div class='slide-entry-excerpt entry-content'  itemprop=\"text\" ><div class=\"read-more-link\"><a href=\"https:\/\/ptdl.pl\/index.php\/2025\/06\/06\/konferencja-trendy-w-diagnostyce-wybrane-aspekty-medycyny-laboratoryjnej-2025\/\" class=\"more-link\">Czytaj dalej<span class=\"more-link-arrow\"><\/span><\/a><\/div><\/div><\/div><footer class=\"entry-footer\"><\/footer><span class='hidden'>\n\t\t\t\t<span class='av-structured-data'  itemprop=\"image\" itemscope=\"itemscope\" itemtype=\"https:\/\/schema.org\/ImageObject\" >\n\t\t\t\t\t\t<span itemprop='url'>https:\/\/ptdl.pl\/ptdl\/wp-content\/uploads\/2025\/05\/DD.jpg<\/span>\n\t\t\t\t\t\t<span itemprop='height'>234<\/span>\n\t\t\t\t\t\t<span itemprop='width'>677<\/span>\n\t\t\t\t<\/span>\n\t\t\t\t<span class='av-structured-data'  itemprop=\"publisher\" itemtype=\"https:\/\/schema.org\/Organization\" itemscope=\"itemscope\" >\n\t\t\t\t\t\t<span itemprop='name'>admin<\/span>\n\t\t\t\t\t\t<span itemprop='logo' itemscope itemtype='https:\/\/schema.org\/ImageObject'>\n\t\t\t\t\t\t\t<span itemprop='url'>https:\/\/ptdl.pl\/wp-content\/uploads\/2023\/03\/logo_2.svg<\/span>\n\t\t\t\t\t\t<\/span>\n\t\t\t\t<\/span><span class='av-structured-data'  itemprop=\"author\" itemscope=\"itemscope\" itemtype=\"https:\/\/schema.org\/Person\" ><span itemprop='name'>admin<\/span><\/span><span class='av-structured-data'  itemprop=\"datePublished\" datetime=\"2023-02-03T12:54:00+01:00\" >2025-06-06 09:57:38<\/span><span class='av-structured-data'  itemprop=\"dateModified\" itemtype=\"https:\/\/schema.org\/dateModified\" >2025-06-06 10:00:51<\/span><span class='av-structured-data'  itemprop=\"mainEntityOfPage\" itemtype=\"https:\/\/schema.org\/mainEntityOfPage\" ><span itemprop='name'>Konferencja \u201eTrendy w Diagnostyce \u2013 Wybrane aspekty Medycyny Laboratoryjnej 2025\u201e<\/span><\/span><\/span><\/article><\/div><div class=\"slide-entry-wrap\"><article class='slide-entry flex_column  post-entry post-entry-5030 slide-entry-overview slide-loop-28 slide-parity-odd  av_one_third first real-thumbnail post-format-standard'  itemscope=\"itemscope\" itemtype=\"https:\/\/schema.org\/CreativeWork\" ><a href='https:\/\/ptdl.pl\/index.php\/2025\/05\/31\/swietokrzyski-dzien-diagnosty-7-czerwca-2025\/' data-rel='slide-5' class='slide-image' title='\u015awi\u0119tokrzyski Dzie\u0144 Diagnosty &#8211; 7 czerwca 2025'><img decoding=\"async\" width=\"212\" height=\"300\" src=\"https:\/\/ptdl.pl\/ptdl\/wp-content\/uploads\/2025\/05\/agenda-2-212x300.jpg\" class=\"wp-image-5035 avia-img-lazy-loading-not-5035 attachment-medium size-medium wp-post-image\" alt=\"\" srcset=\"https:\/\/ptdl.pl\/ptdl\/wp-content\/uploads\/2025\/05\/agenda-2-212x300.jpg 212w, https:\/\/ptdl.pl\/ptdl\/wp-content\/uploads\/2025\/05\/agenda-2-728x1030.jpg 728w, https:\/\/ptdl.pl\/ptdl\/wp-content\/uploads\/2025\/05\/agenda-2-768x1086.jpg 768w, https:\/\/ptdl.pl\/ptdl\/wp-content\/uploads\/2025\/05\/agenda-2-1086x1536.jpg 1086w, https:\/\/ptdl.pl\/ptdl\/wp-content\/uploads\/2025\/05\/agenda-2-1448x2048.jpg 1448w, https:\/\/ptdl.pl\/ptdl\/wp-content\/uploads\/2025\/05\/agenda-2-1060x1500.jpg 1060w, https:\/\/ptdl.pl\/ptdl\/wp-content\/uploads\/2025\/05\/agenda-2-498x705.jpg 498w, https:\/\/ptdl.pl\/ptdl\/wp-content\/uploads\/2025\/05\/agenda-2.jpg 1587w\" sizes=\"(max-width: 212px) 100vw, 212px\" \/><\/a><div class=\"slide-content\"><header class=\"entry-content-header\"><h3 class='slide-entry-title entry-title '  itemprop=\"headline\" ><a href='https:\/\/ptdl.pl\/index.php\/2025\/05\/31\/swietokrzyski-dzien-diagnosty-7-czerwca-2025\/' title='\u015awi\u0119tokrzyski Dzie\u0144 Diagnosty &#8211; 7 czerwca 2025'>\u015awi\u0119tokrzyski Dzie\u0144 Diagnosty &#8211; 7 czerwca 2025<\/a><\/h3><span class=\"av-vertical-delimiter\"><\/span><\/header><div class=\"slide-meta\"><time class='slide-meta-time updated'  itemprop=\"datePublished\" datetime=\"2025-05-31T13:27:30+02:00\" >2025-05-31<\/time><\/div><div class='slide-entry-excerpt entry-content'  itemprop=\"text\" ><div class=\"read-more-link\"><a href=\"https:\/\/ptdl.pl\/index.php\/2025\/05\/31\/swietokrzyski-dzien-diagnosty-7-czerwca-2025\/\" class=\"more-link\">Czytaj dalej<span class=\"more-link-arrow\"><\/span><\/a><\/div><\/div><\/div><footer class=\"entry-footer\"><\/footer><span class='hidden'>\n\t\t\t\t<span class='av-structured-data'  itemprop=\"image\" itemscope=\"itemscope\" itemtype=\"https:\/\/schema.org\/ImageObject\" >\n\t\t\t\t\t\t<span itemprop='url'>https:\/\/ptdl.pl\/ptdl\/wp-content\/uploads\/2025\/05\/agenda-2.jpg<\/span>\n\t\t\t\t\t\t<span itemprop='height'>2245<\/span>\n\t\t\t\t\t\t<span itemprop='width'>1587<\/span>\n\t\t\t\t<\/span>\n\t\t\t\t<span class='av-structured-data'  itemprop=\"publisher\" itemtype=\"https:\/\/schema.org\/Organization\" itemscope=\"itemscope\" >\n\t\t\t\t\t\t<span itemprop='name'>Anna Goliszek<\/span>\n\t\t\t\t\t\t<span itemprop='logo' itemscope itemtype='https:\/\/schema.org\/ImageObject'>\n\t\t\t\t\t\t\t<span itemprop='url'>https:\/\/ptdl.pl\/wp-content\/uploads\/2023\/03\/logo_2.svg<\/span>\n\t\t\t\t\t\t<\/span>\n\t\t\t\t<\/span><span class='av-structured-data'  itemprop=\"author\" itemscope=\"itemscope\" itemtype=\"https:\/\/schema.org\/Person\" ><span itemprop='name'>Anna Goliszek<\/span><\/span><span class='av-structured-data'  itemprop=\"datePublished\" datetime=\"2023-02-03T12:54:00+01:00\" >2025-05-31 13:27:30<\/span><span class='av-structured-data'  itemprop=\"dateModified\" itemtype=\"https:\/\/schema.org\/dateModified\" >2025-09-04 12:21:18<\/span><span class='av-structured-data'  itemprop=\"mainEntityOfPage\" itemtype=\"https:\/\/schema.org\/mainEntityOfPage\" ><span itemprop='name'>\u015awi\u0119tokrzyski Dzie\u0144 Diagnosty &#8211; 7 czerwca 2025<\/span><\/span><\/span><\/article><article class='slide-entry flex_column  post-entry post-entry-4983 slide-entry-overview slide-loop-29 slide-parity-even  av_one_third  real-thumbnail post-format-standard'  itemscope=\"itemscope\" itemtype=\"https:\/\/schema.org\/CreativeWork\" ><a href='https:\/\/ptdl.pl\/index.php\/2025\/05\/26\/konferencja-medycyna-laboratoryjna-2025-2\/' data-rel='slide-5' class='slide-image' title='Konferencja MEDYCYNA LABORATORYJNA 2025'><img decoding=\"async\" width=\"300\" height=\"200\" src=\"https:\/\/ptdl.pl\/ptdl\/wp-content\/uploads\/2023\/12\/news_58-300x200.jpg\" class=\"wp-image-2033 avia-img-lazy-loading-not-2033 attachment-medium size-medium wp-post-image\" alt=\"\" srcset=\"https:\/\/ptdl.pl\/ptdl\/wp-content\/uploads\/2023\/12\/news_58-300x200.jpg 300w, https:\/\/ptdl.pl\/ptdl\/wp-content\/uploads\/2023\/12\/news_58.jpg 500w\" sizes=\"(max-width: 300px) 100vw, 300px\" \/><\/a><div class=\"slide-content\"><header class=\"entry-content-header\"><h3 class='slide-entry-title entry-title '  itemprop=\"headline\" ><a href='https:\/\/ptdl.pl\/index.php\/2025\/05\/26\/konferencja-medycyna-laboratoryjna-2025-2\/' title='Konferencja MEDYCYNA LABORATORYJNA 2025'>Konferencja MEDYCYNA LABORATORYJNA 2025<\/a><\/h3><span class=\"av-vertical-delimiter\"><\/span><\/header><div class=\"slide-meta\"><time class='slide-meta-time updated'  itemprop=\"datePublished\" datetime=\"2025-05-26T09:35:55+02:00\" >2025-05-26<\/time><\/div><div class='slide-entry-excerpt entry-content'  itemprop=\"text\" ><div class=\"read-more-link\"><a href=\"https:\/\/ptdl.pl\/index.php\/2025\/05\/26\/konferencja-medycyna-laboratoryjna-2025-2\/\" class=\"more-link\">Czytaj dalej<span class=\"more-link-arrow\"><\/span><\/a><\/div><\/div><\/div><footer class=\"entry-footer\"><\/footer><span class='hidden'>\n\t\t\t\t<span class='av-structured-data'  itemprop=\"image\" itemscope=\"itemscope\" itemtype=\"https:\/\/schema.org\/ImageObject\" >\n\t\t\t\t\t\t<span itemprop='url'>https:\/\/ptdl.pl\/ptdl\/wp-content\/uploads\/2023\/12\/news_58.jpg<\/span>\n\t\t\t\t\t\t<span itemprop='height'>333<\/span>\n\t\t\t\t\t\t<span itemprop='width'>500<\/span>\n\t\t\t\t<\/span>\n\t\t\t\t<span class='av-structured-data'  itemprop=\"publisher\" itemtype=\"https:\/\/schema.org\/Organization\" itemscope=\"itemscope\" >\n\t\t\t\t\t\t<span itemprop='name'>admin<\/span>\n\t\t\t\t\t\t<span itemprop='logo' itemscope itemtype='https:\/\/schema.org\/ImageObject'>\n\t\t\t\t\t\t\t<span itemprop='url'>https:\/\/ptdl.pl\/wp-content\/uploads\/2023\/03\/logo_2.svg<\/span>\n\t\t\t\t\t\t<\/span>\n\t\t\t\t<\/span><span class='av-structured-data'  itemprop=\"author\" itemscope=\"itemscope\" itemtype=\"https:\/\/schema.org\/Person\" ><span itemprop='name'>admin<\/span><\/span><span class='av-structured-data'  itemprop=\"datePublished\" datetime=\"2023-02-03T12:54:00+01:00\" >2025-05-26 09:35:55<\/span><span class='av-structured-data'  itemprop=\"dateModified\" itemtype=\"https:\/\/schema.org\/dateModified\" >2025-05-26 13:52:55<\/span><span class='av-structured-data'  itemprop=\"mainEntityOfPage\" itemtype=\"https:\/\/schema.org\/mainEntityOfPage\" ><span itemprop='name'>Konferencja MEDYCYNA LABORATORYJNA 2025<\/span><\/span><\/span><\/article><article class='slide-entry flex_column  post-entry post-entry-4948 slide-entry-overview slide-loop-30 slide-parity-odd  av_one_third  real-thumbnail post-format-standard'  itemscope=\"itemscope\" itemtype=\"https:\/\/schema.org\/CreativeWork\" ><a href='https:\/\/ptdl.pl\/index.php\/2025\/05\/21\/konferencja\/' data-rel='slide-5' class='slide-image' title='Konferencja'><img decoding=\"async\" width=\"300\" height=\"199\" src=\"https:\/\/ptdl.pl\/ptdl\/wp-content\/uploads\/2023\/02\/news_017-300x199.jpg\" class=\"wp-image-808 avia-img-lazy-loading-not-808 attachment-medium size-medium wp-post-image\" alt=\"\" srcset=\"https:\/\/ptdl.pl\/ptdl\/wp-content\/uploads\/2023\/02\/news_017-300x199.jpg 300w, https:\/\/ptdl.pl\/ptdl\/wp-content\/uploads\/2023\/02\/news_017.jpg 500w\" sizes=\"(max-width: 300px) 100vw, 300px\" \/><\/a><div class=\"slide-content\"><header class=\"entry-content-header\"><h3 class='slide-entry-title entry-title '  itemprop=\"headline\" ><a href='https:\/\/ptdl.pl\/index.php\/2025\/05\/21\/konferencja\/' title='Konferencja'>Konferencja<\/a><\/h3><span class=\"av-vertical-delimiter\"><\/span><\/header><div class=\"slide-meta\"><time class='slide-meta-time updated'  itemprop=\"datePublished\" datetime=\"2025-05-21T15:22:11+02:00\" >2025-05-21<\/time><\/div><div class='slide-entry-excerpt entry-content'  itemprop=\"text\" ><div class=\"read-more-link\"><a href=\"https:\/\/ptdl.pl\/index.php\/2025\/05\/21\/konferencja\/\" class=\"more-link\">Czytaj dalej<span class=\"more-link-arrow\"><\/span><\/a><\/div><\/div><\/div><footer class=\"entry-footer\"><\/footer><span class='hidden'>\n\t\t\t\t<span class='av-structured-data'  itemprop=\"image\" itemscope=\"itemscope\" itemtype=\"https:\/\/schema.org\/ImageObject\" >\n\t\t\t\t\t\t<span itemprop='url'>https:\/\/ptdl.pl\/ptdl\/wp-content\/uploads\/2023\/02\/news_017.jpg<\/span>\n\t\t\t\t\t\t<span itemprop='height'>332<\/span>\n\t\t\t\t\t\t<span itemprop='width'>500<\/span>\n\t\t\t\t<\/span>\n\t\t\t\t<span class='av-structured-data'  itemprop=\"publisher\" itemtype=\"https:\/\/schema.org\/Organization\" itemscope=\"itemscope\" >\n\t\t\t\t\t\t<span itemprop='name'>Malwina Czech<\/span>\n\t\t\t\t\t\t<span itemprop='logo' itemscope itemtype='https:\/\/schema.org\/ImageObject'>\n\t\t\t\t\t\t\t<span itemprop='url'>https:\/\/ptdl.pl\/wp-content\/uploads\/2023\/03\/logo_2.svg<\/span>\n\t\t\t\t\t\t<\/span>\n\t\t\t\t<\/span><span class='av-structured-data'  itemprop=\"author\" itemscope=\"itemscope\" itemtype=\"https:\/\/schema.org\/Person\" ><span itemprop='name'>Malwina Czech<\/span><\/span><span class='av-structured-data'  itemprop=\"datePublished\" datetime=\"2023-02-03T12:54:00+01:00\" >2025-05-21 15:22:11<\/span><span class='av-structured-data'  itemprop=\"dateModified\" itemtype=\"https:\/\/schema.org\/dateModified\" >2025-05-21 15:42:05<\/span><span class='av-structured-data'  itemprop=\"mainEntityOfPage\" itemtype=\"https:\/\/schema.org\/mainEntityOfPage\" ><span itemprop='name'>Konferencja<\/span><\/span><\/span><\/article><\/div><div class=\"slide-entry-wrap\"><article class='slide-entry flex_column  post-entry post-entry-4872 slide-entry-overview slide-loop-31 slide-parity-odd  av_one_third first real-thumbnail post-format-standard'  itemscope=\"itemscope\" itemtype=\"https:\/\/schema.org\/CreativeWork\" ><a href='https:\/\/ptdl.pl\/index.php\/2025\/05\/13\/konferencja-online-trendy-w-diagnostyce-wybrane-aspekty-medycyny-laboratoryjnej-2025-26-maja-8-czerwca-2025\/' data-rel='slide-5' class='slide-image' title='Konferencja online &#8222;Trendy w Diagnostyce &#8211; Wybrane aspekty Medycyny Laboratoryjnej 2025&#8221;\u00a026 maja &#8211; 8 czerwca 2025'><img decoding=\"async\" width=\"300\" height=\"104\" src=\"https:\/\/ptdl.pl\/ptdl\/wp-content\/uploads\/2025\/05\/DD-300x104.jpg\" class=\"wp-image-4878 avia-img-lazy-loading-not-4878 attachment-medium size-medium wp-post-image\" alt=\"\" srcset=\"https:\/\/ptdl.pl\/ptdl\/wp-content\/uploads\/2025\/05\/DD-300x104.jpg 300w, https:\/\/ptdl.pl\/ptdl\/wp-content\/uploads\/2025\/05\/DD.jpg 677w\" sizes=\"(max-width: 300px) 100vw, 300px\" \/><\/a><div class=\"slide-content\"><header class=\"entry-content-header\"><h3 class='slide-entry-title entry-title '  itemprop=\"headline\" ><a href='https:\/\/ptdl.pl\/index.php\/2025\/05\/13\/konferencja-online-trendy-w-diagnostyce-wybrane-aspekty-medycyny-laboratoryjnej-2025-26-maja-8-czerwca-2025\/' title='Konferencja online &#8222;Trendy w Diagnostyce &#8211; Wybrane aspekty Medycyny Laboratoryjnej 2025&#8221;\u00a026 maja &#8211; 8 czerwca 2025'>Konferencja online &#8222;Trendy w Diagnostyce &#8211; Wybrane aspekty Medycyny Laboratoryjnej 2025&#8221;\u00a026 maja &#8211; 8 czerwca 2025<\/a><\/h3><span class=\"av-vertical-delimiter\"><\/span><\/header><div class=\"slide-meta\"><time class='slide-meta-time updated'  itemprop=\"datePublished\" datetime=\"2025-05-13T15:05:41+02:00\" >2025-05-13<\/time><\/div><div class='slide-entry-excerpt entry-content'  itemprop=\"text\" ><div class=\"read-more-link\"><a href=\"https:\/\/ptdl.pl\/index.php\/2025\/05\/13\/konferencja-online-trendy-w-diagnostyce-wybrane-aspekty-medycyny-laboratoryjnej-2025-26-maja-8-czerwca-2025\/\" class=\"more-link\">Czytaj dalej<span class=\"more-link-arrow\"><\/span><\/a><\/div><\/div><\/div><footer class=\"entry-footer\"><\/footer><span class='hidden'>\n\t\t\t\t<span class='av-structured-data'  itemprop=\"image\" itemscope=\"itemscope\" itemtype=\"https:\/\/schema.org\/ImageObject\" >\n\t\t\t\t\t\t<span itemprop='url'>https:\/\/ptdl.pl\/ptdl\/wp-content\/uploads\/2025\/05\/DD.jpg<\/span>\n\t\t\t\t\t\t<span itemprop='height'>234<\/span>\n\t\t\t\t\t\t<span itemprop='width'>677<\/span>\n\t\t\t\t<\/span>\n\t\t\t\t<span class='av-structured-data'  itemprop=\"publisher\" itemtype=\"https:\/\/schema.org\/Organization\" itemscope=\"itemscope\" >\n\t\t\t\t\t\t<span itemprop='name'>admin<\/span>\n\t\t\t\t\t\t<span itemprop='logo' itemscope itemtype='https:\/\/schema.org\/ImageObject'>\n\t\t\t\t\t\t\t<span itemprop='url'>https:\/\/ptdl.pl\/wp-content\/uploads\/2023\/03\/logo_2.svg<\/span>\n\t\t\t\t\t\t<\/span>\n\t\t\t\t<\/span><span class='av-structured-data'  itemprop=\"author\" itemscope=\"itemscope\" itemtype=\"https:\/\/schema.org\/Person\" ><span itemprop='name'>admin<\/span><\/span><span class='av-structured-data'  itemprop=\"datePublished\" datetime=\"2023-02-03T12:54:00+01:00\" >2025-05-13 15:05:41<\/span><span class='av-structured-data'  itemprop=\"dateModified\" itemtype=\"https:\/\/schema.org\/dateModified\" >2025-05-14 08:41:08<\/span><span class='av-structured-data'  itemprop=\"mainEntityOfPage\" itemtype=\"https:\/\/schema.org\/mainEntityOfPage\" ><span itemprop='name'>Konferencja online &#8222;Trendy w Diagnostyce &#8211; Wybrane aspekty Medycyny Laboratoryjnej 2025&#8221;\u00a026 maja &#8211; 8 czerwca 2025<\/span><\/span><\/span><\/article><article class='slide-entry flex_column  post-entry post-entry-4859 slide-entry-overview slide-loop-32 slide-parity-even  av_one_third  real-thumbnail post-format-standard'  itemscope=\"itemscope\" itemtype=\"https:\/\/schema.org\/CreativeWork\" ><a href='https:\/\/ptdl.pl\/index.php\/2025\/05\/12\/rejestracja-na-ogolnopolska-konferencje-vi-jesien-diagnostyczna-21-23-09-2025-w-mragowie\/' data-rel='slide-5' class='slide-image' title='Rejestracja na Og\u00f3lnopolsk\u0105 Konferencj\u0119 VI Jesie\u0144 Diagnostyczna 21-23.09.2025 w Mr\u0105gowie'><img decoding=\"async\" width=\"300\" height=\"148\" src=\"https:\/\/ptdl.pl\/ptdl\/wp-content\/uploads\/2025\/05\/Mragowo-300x148.jpg\" class=\"wp-image-4861 avia-img-lazy-loading-not-4861 attachment-medium size-medium wp-post-image\" alt=\"\" srcset=\"https:\/\/ptdl.pl\/ptdl\/wp-content\/uploads\/2025\/05\/Mragowo-300x148.jpg 300w, https:\/\/ptdl.pl\/ptdl\/wp-content\/uploads\/2025\/05\/Mragowo-1030x509.jpg 1030w, https:\/\/ptdl.pl\/ptdl\/wp-content\/uploads\/2025\/05\/Mragowo-768x380.jpg 768w, https:\/\/ptdl.pl\/ptdl\/wp-content\/uploads\/2025\/05\/Mragowo-1536x759.jpg 1536w, https:\/\/ptdl.pl\/ptdl\/wp-content\/uploads\/2025\/05\/Mragowo-1500x742.jpg 1500w, https:\/\/ptdl.pl\/ptdl\/wp-content\/uploads\/2025\/05\/Mragowo-705x349.jpg 705w, https:\/\/ptdl.pl\/ptdl\/wp-content\/uploads\/2025\/05\/Mragowo.jpg 1942w\" sizes=\"(max-width: 300px) 100vw, 300px\" \/><\/a><div class=\"slide-content\"><header class=\"entry-content-header\"><h3 class='slide-entry-title entry-title '  itemprop=\"headline\" ><a href='https:\/\/ptdl.pl\/index.php\/2025\/05\/12\/rejestracja-na-ogolnopolska-konferencje-vi-jesien-diagnostyczna-21-23-09-2025-w-mragowie\/' title='Rejestracja na Og\u00f3lnopolsk\u0105 Konferencj\u0119 VI Jesie\u0144 Diagnostyczna 21-23.09.2025 w Mr\u0105gowie'>Rejestracja na Og\u00f3lnopolsk\u0105 Konferencj\u0119 VI Jesie\u0144 Diagnostyczna 21-23.09.2025 w Mr\u0105gowie<\/a><\/h3><span class=\"av-vertical-delimiter\"><\/span><\/header><div class=\"slide-meta\"><time class='slide-meta-time updated'  itemprop=\"datePublished\" datetime=\"2025-05-12T11:27:57+02:00\" >2025-05-12<\/time><\/div><div class='slide-entry-excerpt entry-content'  itemprop=\"text\" ><div class=\"read-more-link\"><a href=\"https:\/\/ptdl.pl\/index.php\/2025\/05\/12\/rejestracja-na-ogolnopolska-konferencje-vi-jesien-diagnostyczna-21-23-09-2025-w-mragowie\/\" class=\"more-link\">Czytaj dalej<span class=\"more-link-arrow\"><\/span><\/a><\/div><\/div><\/div><footer class=\"entry-footer\"><\/footer><span class='hidden'>\n\t\t\t\t<span class='av-structured-data'  itemprop=\"image\" itemscope=\"itemscope\" itemtype=\"https:\/\/schema.org\/ImageObject\" >\n\t\t\t\t\t\t<span itemprop='url'>https:\/\/ptdl.pl\/ptdl\/wp-content\/uploads\/2025\/05\/Mragowo.jpg<\/span>\n\t\t\t\t\t\t<span itemprop='height'>960<\/span>\n\t\t\t\t\t\t<span itemprop='width'>1942<\/span>\n\t\t\t\t<\/span>\n\t\t\t\t<span class='av-structured-data'  itemprop=\"publisher\" itemtype=\"https:\/\/schema.org\/Organization\" itemscope=\"itemscope\" >\n\t\t\t\t\t\t<span itemprop='name'>Olga Ciepiela<\/span>\n\t\t\t\t\t\t<span itemprop='logo' itemscope itemtype='https:\/\/schema.org\/ImageObject'>\n\t\t\t\t\t\t\t<span itemprop='url'>https:\/\/ptdl.pl\/wp-content\/uploads\/2023\/03\/logo_2.svg<\/span>\n\t\t\t\t\t\t<\/span>\n\t\t\t\t<\/span><span class='av-structured-data'  itemprop=\"author\" itemscope=\"itemscope\" itemtype=\"https:\/\/schema.org\/Person\" ><span itemprop='name'>Olga Ciepiela<\/span><\/span><span class='av-structured-data'  itemprop=\"datePublished\" datetime=\"2023-02-03T12:54:00+01:00\" >2025-05-12 11:27:57<\/span><span class='av-structured-data'  itemprop=\"dateModified\" itemtype=\"https:\/\/schema.org\/dateModified\" >2025-05-12 11:27:57<\/span><span class='av-structured-data'  itemprop=\"mainEntityOfPage\" itemtype=\"https:\/\/schema.org\/mainEntityOfPage\" ><span itemprop='name'>Rejestracja na Og\u00f3lnopolsk\u0105 Konferencj\u0119 VI Jesie\u0144 Diagnostyczna 21-23.09.2025 w Mr\u0105gowie<\/span><\/span><\/span><\/article><article class='slide-entry flex_column  post-entry post-entry-4841 slide-entry-overview slide-loop-33 slide-parity-odd  av_one_third  real-thumbnail post-format-standard'  itemscope=\"itemscope\" itemtype=\"https:\/\/schema.org\/CreativeWork\" ><a href='https:\/\/ptdl.pl\/index.php\/2025\/05\/08\/konferencja-medycyna-laboratoryjna-2025-rejestracja\/' data-rel='slide-5' class='slide-image' title='Konferencja MEDYCYNA LABORATORYJNA 2025 &#8211; REJESTRACJA'><img decoding=\"async\" width=\"300\" height=\"200\" src=\"https:\/\/ptdl.pl\/ptdl\/wp-content\/uploads\/2023\/12\/news_58-300x200.jpg\" class=\"wp-image-2033 avia-img-lazy-loading-not-2033 attachment-medium size-medium wp-post-image\" alt=\"\" srcset=\"https:\/\/ptdl.pl\/ptdl\/wp-content\/uploads\/2023\/12\/news_58-300x200.jpg 300w, https:\/\/ptdl.pl\/ptdl\/wp-content\/uploads\/2023\/12\/news_58.jpg 500w\" sizes=\"(max-width: 300px) 100vw, 300px\" \/><\/a><div class=\"slide-content\"><header class=\"entry-content-header\"><h3 class='slide-entry-title entry-title '  itemprop=\"headline\" ><a href='https:\/\/ptdl.pl\/index.php\/2025\/05\/08\/konferencja-medycyna-laboratoryjna-2025-rejestracja\/' title='Konferencja MEDYCYNA LABORATORYJNA 2025 &#8211; REJESTRACJA'>Konferencja MEDYCYNA LABORATORYJNA 2025 &#8211; REJESTRACJA<\/a><\/h3><span class=\"av-vertical-delimiter\"><\/span><\/header><div class=\"slide-meta\"><time class='slide-meta-time updated'  itemprop=\"datePublished\" datetime=\"2025-05-08T00:00:02+02:00\" >2025-05-08<\/time><\/div><div class='slide-entry-excerpt entry-content'  itemprop=\"text\" ><div class=\"read-more-link\"><a href=\"https:\/\/ptdl.pl\/index.php\/2025\/05\/08\/konferencja-medycyna-laboratoryjna-2025-rejestracja\/\" class=\"more-link\">Czytaj dalej<span class=\"more-link-arrow\"><\/span><\/a><\/div><\/div><\/div><footer class=\"entry-footer\"><\/footer><span class='hidden'>\n\t\t\t\t<span class='av-structured-data'  itemprop=\"image\" itemscope=\"itemscope\" itemtype=\"https:\/\/schema.org\/ImageObject\" >\n\t\t\t\t\t\t<span itemprop='url'>https:\/\/ptdl.pl\/ptdl\/wp-content\/uploads\/2023\/12\/news_58.jpg<\/span>\n\t\t\t\t\t\t<span itemprop='height'>333<\/span>\n\t\t\t\t\t\t<span itemprop='width'>500<\/span>\n\t\t\t\t<\/span>\n\t\t\t\t<span class='av-structured-data'  itemprop=\"publisher\" itemtype=\"https:\/\/schema.org\/Organization\" itemscope=\"itemscope\" >\n\t\t\t\t\t\t<span itemprop='name'>admin<\/span>\n\t\t\t\t\t\t<span itemprop='logo' itemscope itemtype='https:\/\/schema.org\/ImageObject'>\n\t\t\t\t\t\t\t<span itemprop='url'>https:\/\/ptdl.pl\/wp-content\/uploads\/2023\/03\/logo_2.svg<\/span>\n\t\t\t\t\t\t<\/span>\n\t\t\t\t<\/span><span class='av-structured-data'  itemprop=\"author\" itemscope=\"itemscope\" itemtype=\"https:\/\/schema.org\/Person\" ><span itemprop='name'>admin<\/span><\/span><span class='av-structured-data'  itemprop=\"datePublished\" datetime=\"2023-02-03T12:54:00+01:00\" >2025-05-08 00:00:02<\/span><span class='av-structured-data'  itemprop=\"dateModified\" itemtype=\"https:\/\/schema.org\/dateModified\" >2025-05-22 08:38:30<\/span><span class='av-structured-data'  itemprop=\"mainEntityOfPage\" itemtype=\"https:\/\/schema.org\/mainEntityOfPage\" ><span itemprop='name'>Konferencja MEDYCYNA LABORATORYJNA 2025 &#8211; REJESTRACJA<\/span><\/span><\/span><\/article><\/div><div class=\"slide-entry-wrap\"><article class='slide-entry flex_column  post-entry post-entry-4807 slide-entry-overview slide-loop-34 slide-parity-odd  av_one_third first real-thumbnail post-format-standard'  itemscope=\"itemscope\" itemtype=\"https:\/\/schema.org\/CreativeWork\" ><a href='https:\/\/ptdl.pl\/index.php\/2025\/05\/02\/konferencja-oddzialu-ptdl-w-bydgoszczy-27-28-maja-2025-program\/' data-rel='slide-5' class='slide-image' title='Konferencja Oddzia\u0142u PTDL w Bydgoszczy  27-28 maja 2025-program'><img decoding=\"async\" width=\"300\" height=\"226\" src=\"https:\/\/ptdl.pl\/ptdl\/wp-content\/uploads\/2025\/04\/turzno-1-300x226.jpg\" class=\"wp-image-4666 avia-img-lazy-loading-not-4666 attachment-medium size-medium wp-post-image\" alt=\"\" srcset=\"https:\/\/ptdl.pl\/ptdl\/wp-content\/uploads\/2025\/04\/turzno-1-300x226.jpg 300w, https:\/\/ptdl.pl\/ptdl\/wp-content\/uploads\/2025\/04\/turzno-1-768x579.jpg 768w, https:\/\/ptdl.pl\/ptdl\/wp-content\/uploads\/2025\/04\/turzno-1-705x531.jpg 705w, https:\/\/ptdl.pl\/ptdl\/wp-content\/uploads\/2025\/04\/turzno-1.jpg 1019w\" sizes=\"(max-width: 300px) 100vw, 300px\" \/><\/a><div class=\"slide-content\"><header class=\"entry-content-header\"><h3 class='slide-entry-title entry-title '  itemprop=\"headline\" ><a href='https:\/\/ptdl.pl\/index.php\/2025\/05\/02\/konferencja-oddzialu-ptdl-w-bydgoszczy-27-28-maja-2025-program\/' title='Konferencja Oddzia\u0142u PTDL w Bydgoszczy  27-28 maja 2025-program'>Konferencja Oddzia\u0142u PTDL w Bydgoszczy  27-28 maja 2025-program<\/a><\/h3><span class=\"av-vertical-delimiter\"><\/span><\/header><div class=\"slide-meta\"><time class='slide-meta-time updated'  itemprop=\"datePublished\" datetime=\"2025-05-02T01:46:29+02:00\" >2025-05-02<\/time><\/div><div class='slide-entry-excerpt entry-content'  itemprop=\"text\" ><div class=\"read-more-link\"><a href=\"https:\/\/ptdl.pl\/index.php\/2025\/05\/02\/konferencja-oddzialu-ptdl-w-bydgoszczy-27-28-maja-2025-program\/\" class=\"more-link\">Czytaj dalej<span class=\"more-link-arrow\"><\/span><\/a><\/div><\/div><\/div><footer class=\"entry-footer\"><\/footer><span class='hidden'>\n\t\t\t\t<span class='av-structured-data'  itemprop=\"image\" itemscope=\"itemscope\" itemtype=\"https:\/\/schema.org\/ImageObject\" >\n\t\t\t\t\t\t<span itemprop='url'>https:\/\/ptdl.pl\/ptdl\/wp-content\/uploads\/2025\/04\/turzno-1.jpg<\/span>\n\t\t\t\t\t\t<span itemprop='height'>768<\/span>\n\t\t\t\t\t\t<span itemprop='width'>1019<\/span>\n\t\t\t\t<\/span>\n\t\t\t\t<span class='av-structured-data'  itemprop=\"publisher\" itemtype=\"https:\/\/schema.org\/Organization\" itemscope=\"itemscope\" >\n\t\t\t\t\t\t<span itemprop='name'>S\u0142awomira Balcerak<\/span>\n\t\t\t\t\t\t<span itemprop='logo' itemscope itemtype='https:\/\/schema.org\/ImageObject'>\n\t\t\t\t\t\t\t<span itemprop='url'>https:\/\/ptdl.pl\/wp-content\/uploads\/2023\/03\/logo_2.svg<\/span>\n\t\t\t\t\t\t<\/span>\n\t\t\t\t<\/span><span class='av-structured-data'  itemprop=\"author\" itemscope=\"itemscope\" itemtype=\"https:\/\/schema.org\/Person\" ><span itemprop='name'>S\u0142awomira Balcerak<\/span><\/span><span class='av-structured-data'  itemprop=\"datePublished\" datetime=\"2023-02-03T12:54:00+01:00\" >2025-05-02 01:46:29<\/span><span class='av-structured-data'  itemprop=\"dateModified\" itemtype=\"https:\/\/schema.org\/dateModified\" >2025-05-22 15:48:44<\/span><span class='av-structured-data'  itemprop=\"mainEntityOfPage\" itemtype=\"https:\/\/schema.org\/mainEntityOfPage\" ><span itemprop='name'>Konferencja Oddzia\u0142u PTDL w Bydgoszczy  27-28 maja 2025-program<\/span><\/span><\/span><\/article><article class='slide-entry flex_column  post-entry post-entry-4758 slide-entry-overview slide-loop-35 slide-parity-even  av_one_third  real-thumbnail post-format-standard'  itemscope=\"itemscope\" itemtype=\"https:\/\/schema.org\/CreativeWork\" ><a href='https:\/\/ptdl.pl\/index.php\/2025\/04\/25\/konferencja-medycyna-laboratoryjna-2025\/' data-rel='slide-5' class='slide-image' title='Konferencja MEDYCYNA LABORATORYJNA 2025'><img decoding=\"async\" width=\"300\" height=\"199\" src=\"https:\/\/ptdl.pl\/ptdl\/wp-content\/uploads\/2023\/02\/news_026-300x199.jpg\" class=\"wp-image-817 avia-img-lazy-loading-not-817 attachment-medium size-medium wp-post-image\" alt=\"\" srcset=\"https:\/\/ptdl.pl\/ptdl\/wp-content\/uploads\/2023\/02\/news_026-300x199.jpg 300w, https:\/\/ptdl.pl\/ptdl\/wp-content\/uploads\/2023\/02\/news_026.jpg 500w\" sizes=\"(max-width: 300px) 100vw, 300px\" \/><\/a><div class=\"slide-content\"><header class=\"entry-content-header\"><h3 class='slide-entry-title entry-title '  itemprop=\"headline\" ><a href='https:\/\/ptdl.pl\/index.php\/2025\/04\/25\/konferencja-medycyna-laboratoryjna-2025\/' title='Konferencja MEDYCYNA LABORATORYJNA 2025'>Konferencja MEDYCYNA LABORATORYJNA 2025<\/a><\/h3><span class=\"av-vertical-delimiter\"><\/span><\/header><div class=\"slide-meta\"><time class='slide-meta-time updated'  itemprop=\"datePublished\" datetime=\"2025-04-25T09:42:16+02:00\" >2025-04-25<\/time><\/div><div class='slide-entry-excerpt entry-content'  itemprop=\"text\" ><div class=\"read-more-link\"><a href=\"https:\/\/ptdl.pl\/index.php\/2025\/04\/25\/konferencja-medycyna-laboratoryjna-2025\/\" class=\"more-link\">Czytaj dalej<span class=\"more-link-arrow\"><\/span><\/a><\/div><\/div><\/div><footer class=\"entry-footer\"><\/footer><span class='hidden'>\n\t\t\t\t<span class='av-structured-data'  itemprop=\"image\" itemscope=\"itemscope\" itemtype=\"https:\/\/schema.org\/ImageObject\" >\n\t\t\t\t\t\t<span itemprop='url'>https:\/\/ptdl.pl\/ptdl\/wp-content\/uploads\/2023\/02\/news_026.jpg<\/span>\n\t\t\t\t\t\t<span itemprop='height'>332<\/span>\n\t\t\t\t\t\t<span itemprop='width'>500<\/span>\n\t\t\t\t<\/span>\n\t\t\t\t<span class='av-structured-data'  itemprop=\"publisher\" itemtype=\"https:\/\/schema.org\/Organization\" itemscope=\"itemscope\" >\n\t\t\t\t\t\t<span itemprop='name'>admin<\/span>\n\t\t\t\t\t\t<span itemprop='logo' itemscope itemtype='https:\/\/schema.org\/ImageObject'>\n\t\t\t\t\t\t\t<span itemprop='url'>https:\/\/ptdl.pl\/wp-content\/uploads\/2023\/03\/logo_2.svg<\/span>\n\t\t\t\t\t\t<\/span>\n\t\t\t\t<\/span><span class='av-structured-data'  itemprop=\"author\" itemscope=\"itemscope\" itemtype=\"https:\/\/schema.org\/Person\" ><span itemprop='name'>admin<\/span><\/span><span class='av-structured-data'  itemprop=\"datePublished\" datetime=\"2023-02-03T12:54:00+01:00\" >2025-04-25 09:42:16<\/span><span class='av-structured-data'  itemprop=\"dateModified\" itemtype=\"https:\/\/schema.org\/dateModified\" >2025-04-28 09:59:24<\/span><span class='av-structured-data'  itemprop=\"mainEntityOfPage\" itemtype=\"https:\/\/schema.org\/mainEntityOfPage\" ><span itemprop='name'>Konferencja MEDYCYNA LABORATORYJNA 2025<\/span><\/span><\/span><\/article><article class='slide-entry flex_column  post-entry post-entry-4726 slide-entry-overview slide-loop-36 slide-parity-odd  av_one_third  real-thumbnail post-format-standard'  itemscope=\"itemscope\" itemtype=\"https:\/\/schema.org\/CreativeWork\" ><a href='https:\/\/ptdl.pl\/index.php\/2025\/04\/24\/rejestracja-na-konferencje-naukowo-szkoleniowa-27-28-maja-2025-r-turzno\/' data-rel='slide-5' class='slide-image' title='Rejestracja na konferencj\u0119 naukowo-szkoleniow\u0105 Oddzia\u0142u PTDL w Bydgoszczy 27-28 maja 2025 r- Turzno'><img decoding=\"async\" width=\"300\" height=\"226\" src=\"https:\/\/ptdl.pl\/ptdl\/wp-content\/uploads\/2025\/04\/turzno-1-300x226.jpg\" class=\"wp-image-4666 avia-img-lazy-loading-not-4666 attachment-medium size-medium wp-post-image\" alt=\"\" srcset=\"https:\/\/ptdl.pl\/ptdl\/wp-content\/uploads\/2025\/04\/turzno-1-300x226.jpg 300w, https:\/\/ptdl.pl\/ptdl\/wp-content\/uploads\/2025\/04\/turzno-1-768x579.jpg 768w, https:\/\/ptdl.pl\/ptdl\/wp-content\/uploads\/2025\/04\/turzno-1-705x531.jpg 705w, https:\/\/ptdl.pl\/ptdl\/wp-content\/uploads\/2025\/04\/turzno-1.jpg 1019w\" sizes=\"(max-width: 300px) 100vw, 300px\" \/><\/a><div class=\"slide-content\"><header class=\"entry-content-header\"><h3 class='slide-entry-title entry-title '  itemprop=\"headline\" ><a href='https:\/\/ptdl.pl\/index.php\/2025\/04\/24\/rejestracja-na-konferencje-naukowo-szkoleniowa-27-28-maja-2025-r-turzno\/' title='Rejestracja na konferencj\u0119 naukowo-szkoleniow\u0105 Oddzia\u0142u PTDL w Bydgoszczy 27-28 maja 2025 r- Turzno'>Rejestracja na konferencj\u0119 naukowo-szkoleniow\u0105 Oddzia\u0142u PTDL w Bydgoszczy 27-28 maja 2025 r- Turzno<\/a><\/h3><span class=\"av-vertical-delimiter\"><\/span><\/header><div class=\"slide-meta\"><time class='slide-meta-time updated'  itemprop=\"datePublished\" datetime=\"2025-04-24T00:32:57+02:00\" >2025-04-24<\/time><\/div><div class='slide-entry-excerpt entry-content'  itemprop=\"text\" ><div class=\"read-more-link\"><a href=\"https:\/\/ptdl.pl\/index.php\/2025\/04\/24\/rejestracja-na-konferencje-naukowo-szkoleniowa-27-28-maja-2025-r-turzno\/\" class=\"more-link\">Czytaj dalej<span class=\"more-link-arrow\"><\/span><\/a><\/div><\/div><\/div><footer class=\"entry-footer\"><\/footer><span class='hidden'>\n\t\t\t\t<span class='av-structured-data'  itemprop=\"image\" itemscope=\"itemscope\" itemtype=\"https:\/\/schema.org\/ImageObject\" >\n\t\t\t\t\t\t<span itemprop='url'>https:\/\/ptdl.pl\/ptdl\/wp-content\/uploads\/2025\/04\/turzno-1.jpg<\/span>\n\t\t\t\t\t\t<span itemprop='height'>768<\/span>\n\t\t\t\t\t\t<span itemprop='width'>1019<\/span>\n\t\t\t\t<\/span>\n\t\t\t\t<span class='av-structured-data'  itemprop=\"publisher\" itemtype=\"https:\/\/schema.org\/Organization\" itemscope=\"itemscope\" >\n\t\t\t\t\t\t<span itemprop='name'>S\u0142awomira Balcerak<\/span>\n\t\t\t\t\t\t<span itemprop='logo' itemscope itemtype='https:\/\/schema.org\/ImageObject'>\n\t\t\t\t\t\t\t<span itemprop='url'>https:\/\/ptdl.pl\/wp-content\/uploads\/2023\/03\/logo_2.svg<\/span>\n\t\t\t\t\t\t<\/span>\n\t\t\t\t<\/span><span class='av-structured-data'  itemprop=\"author\" itemscope=\"itemscope\" itemtype=\"https:\/\/schema.org\/Person\" ><span itemprop='name'>S\u0142awomira Balcerak<\/span><\/span><span class='av-structured-data'  itemprop=\"datePublished\" datetime=\"2023-02-03T12:54:00+01:00\" >2025-04-24 00:32:57<\/span><span class='av-structured-data'  itemprop=\"dateModified\" itemtype=\"https:\/\/schema.org\/dateModified\" >2025-05-02 01:47:35<\/span><span class='av-structured-data'  itemprop=\"mainEntityOfPage\" itemtype=\"https:\/\/schema.org\/mainEntityOfPage\" ><span itemprop='name'>Rejestracja na konferencj\u0119 naukowo-szkoleniow\u0105 Oddzia\u0142u PTDL w Bydgoszczy 27-28 maja 2025 r- Turzno<\/span><\/span><\/span><\/article><\/div><div class=\"slide-entry-wrap\"><article class='slide-entry flex_column  post-entry post-entry-4697 slide-entry-overview slide-loop-37 slide-parity-odd  av_one_third first real-thumbnail post-format-standard'  itemscope=\"itemscope\" itemtype=\"https:\/\/schema.org\/CreativeWork\" ><a href='https:\/\/ptdl.pl\/index.php\/2025\/04\/18\/konferencja-stdl-12-05-2025\/' data-rel='slide-5' class='slide-image' title='Konferencja STDL 12.05.2025'><img decoding=\"async\" width=\"300\" height=\"169\" src=\"https:\/\/ptdl.pl\/ptdl\/wp-content\/uploads\/2025\/04\/IMG_9063-300x169.jpeg\" class=\"wp-image-4699 avia-img-lazy-loading-not-4699 attachment-medium size-medium wp-post-image\" alt=\"\" srcset=\"https:\/\/ptdl.pl\/ptdl\/wp-content\/uploads\/2025\/04\/IMG_9063-300x169.jpeg 300w, https:\/\/ptdl.pl\/ptdl\/wp-content\/uploads\/2025\/04\/IMG_9063-1030x579.jpeg 1030w, https:\/\/ptdl.pl\/ptdl\/wp-content\/uploads\/2025\/04\/IMG_9063-768x432.jpeg 768w, https:\/\/ptdl.pl\/ptdl\/wp-content\/uploads\/2025\/04\/IMG_9063-1536x864.jpeg 1536w, https:\/\/ptdl.pl\/ptdl\/wp-content\/uploads\/2025\/04\/IMG_9063-2048x1152.jpeg 2048w, https:\/\/ptdl.pl\/ptdl\/wp-content\/uploads\/2025\/04\/IMG_9063-1500x844.jpeg 1500w, https:\/\/ptdl.pl\/ptdl\/wp-content\/uploads\/2025\/04\/IMG_9063-705x396.jpeg 705w\" sizes=\"(max-width: 300px) 100vw, 300px\" \/><\/a><div class=\"slide-content\"><header class=\"entry-content-header\"><h3 class='slide-entry-title entry-title '  itemprop=\"headline\" ><a href='https:\/\/ptdl.pl\/index.php\/2025\/04\/18\/konferencja-stdl-12-05-2025\/' title='Konferencja STDL 12.05.2025'>Konferencja STDL 12.05.2025<\/a><\/h3><span class=\"av-vertical-delimiter\"><\/span><\/header><div class=\"slide-meta\"><time class='slide-meta-time updated'  itemprop=\"datePublished\" datetime=\"2025-04-18T12:15:07+02:00\" >2025-04-18<\/time><\/div><div class='slide-entry-excerpt entry-content'  itemprop=\"text\" ><div class=\"read-more-link\"><a href=\"https:\/\/ptdl.pl\/index.php\/2025\/04\/18\/konferencja-stdl-12-05-2025\/\" class=\"more-link\">Czytaj dalej<span class=\"more-link-arrow\"><\/span><\/a><\/div><\/div><\/div><footer class=\"entry-footer\"><\/footer><span class='hidden'>\n\t\t\t\t<span class='av-structured-data'  itemprop=\"image\" itemscope=\"itemscope\" itemtype=\"https:\/\/schema.org\/ImageObject\" >\n\t\t\t\t\t\t<span itemprop='url'>https:\/\/ptdl.pl\/ptdl\/wp-content\/uploads\/2025\/04\/IMG_9063-scaled.jpeg<\/span>\n\t\t\t\t\t\t<span itemprop='height'>1440<\/span>\n\t\t\t\t\t\t<span itemprop='width'>2560<\/span>\n\t\t\t\t<\/span>\n\t\t\t\t<span class='av-structured-data'  itemprop=\"publisher\" itemtype=\"https:\/\/schema.org\/Organization\" itemscope=\"itemscope\" >\n\t\t\t\t\t\t<span itemprop='name'>dsk<\/span>\n\t\t\t\t\t\t<span itemprop='logo' itemscope itemtype='https:\/\/schema.org\/ImageObject'>\n\t\t\t\t\t\t\t<span itemprop='url'>https:\/\/ptdl.pl\/wp-content\/uploads\/2023\/03\/logo_2.svg<\/span>\n\t\t\t\t\t\t<\/span>\n\t\t\t\t<\/span><span class='av-structured-data'  itemprop=\"author\" itemscope=\"itemscope\" itemtype=\"https:\/\/schema.org\/Person\" ><span itemprop='name'>dsk<\/span><\/span><span class='av-structured-data'  itemprop=\"datePublished\" datetime=\"2023-02-03T12:54:00+01:00\" >2025-04-18 12:15:07<\/span><span class='av-structured-data'  itemprop=\"dateModified\" itemtype=\"https:\/\/schema.org\/dateModified\" >2025-04-22 13:14:11<\/span><span class='av-structured-data'  itemprop=\"mainEntityOfPage\" itemtype=\"https:\/\/schema.org\/mainEntityOfPage\" ><span itemprop='name'>Konferencja STDL 12.05.2025<\/span><\/span><\/span><\/article><article class='slide-entry flex_column  post-entry post-entry-4665 slide-entry-overview slide-loop-38 slide-parity-even  av_one_third  real-thumbnail post-format-standard'  itemscope=\"itemscope\" itemtype=\"https:\/\/schema.org\/CreativeWork\" ><a href='https:\/\/ptdl.pl\/index.php\/2025\/04\/16\/4665\/' data-rel='slide-5' class='slide-image' title='Konferencja naukowo-szkoleniowa Oddzia\u0142u PTDL w Bydgoszczy -27-28 maja 2025 r Turzno k\/Torunia'><img decoding=\"async\" width=\"300\" height=\"226\" src=\"https:\/\/ptdl.pl\/ptdl\/wp-content\/uploads\/2025\/04\/turzno-1-300x226.jpg\" class=\"wp-image-4666 avia-img-lazy-loading-not-4666 attachment-medium size-medium wp-post-image\" alt=\"\" srcset=\"https:\/\/ptdl.pl\/ptdl\/wp-content\/uploads\/2025\/04\/turzno-1-300x226.jpg 300w, https:\/\/ptdl.pl\/ptdl\/wp-content\/uploads\/2025\/04\/turzno-1-768x579.jpg 768w, https:\/\/ptdl.pl\/ptdl\/wp-content\/uploads\/2025\/04\/turzno-1-705x531.jpg 705w, https:\/\/ptdl.pl\/ptdl\/wp-content\/uploads\/2025\/04\/turzno-1.jpg 1019w\" sizes=\"(max-width: 300px) 100vw, 300px\" \/><\/a><div class=\"slide-content\"><header class=\"entry-content-header\"><h3 class='slide-entry-title entry-title '  itemprop=\"headline\" ><a href='https:\/\/ptdl.pl\/index.php\/2025\/04\/16\/4665\/' title='Konferencja naukowo-szkoleniowa Oddzia\u0142u PTDL w Bydgoszczy -27-28 maja 2025 r Turzno k\/Torunia'>Konferencja naukowo-szkoleniowa Oddzia\u0142u PTDL w Bydgoszczy -27-28 maja 2025 r Turzno k\/Torunia<\/a><\/h3><span class=\"av-vertical-delimiter\"><\/span><\/header><div class=\"slide-meta\"><time class='slide-meta-time updated'  itemprop=\"datePublished\" datetime=\"2025-04-16T21:45:28+02:00\" >2025-04-16<\/time><\/div><div class='slide-entry-excerpt entry-content'  itemprop=\"text\" ><div class=\"read-more-link\"><a href=\"https:\/\/ptdl.pl\/index.php\/2025\/04\/16\/4665\/\" class=\"more-link\">Czytaj dalej<span class=\"more-link-arrow\"><\/span><\/a><\/div><\/div><\/div><footer class=\"entry-footer\"><\/footer><span class='hidden'>\n\t\t\t\t<span class='av-structured-data'  itemprop=\"image\" itemscope=\"itemscope\" itemtype=\"https:\/\/schema.org\/ImageObject\" >\n\t\t\t\t\t\t<span itemprop='url'>https:\/\/ptdl.pl\/ptdl\/wp-content\/uploads\/2025\/04\/turzno-1.jpg<\/span>\n\t\t\t\t\t\t<span itemprop='height'>768<\/span>\n\t\t\t\t\t\t<span itemprop='width'>1019<\/span>\n\t\t\t\t<\/span>\n\t\t\t\t<span class='av-structured-data'  itemprop=\"publisher\" itemtype=\"https:\/\/schema.org\/Organization\" itemscope=\"itemscope\" >\n\t\t\t\t\t\t<span itemprop='name'>S\u0142awomira Balcerak<\/span>\n\t\t\t\t\t\t<span itemprop='logo' itemscope itemtype='https:\/\/schema.org\/ImageObject'>\n\t\t\t\t\t\t\t<span itemprop='url'>https:\/\/ptdl.pl\/wp-content\/uploads\/2023\/03\/logo_2.svg<\/span>\n\t\t\t\t\t\t<\/span>\n\t\t\t\t<\/span><span class='av-structured-data'  itemprop=\"author\" itemscope=\"itemscope\" itemtype=\"https:\/\/schema.org\/Person\" ><span itemprop='name'>S\u0142awomira Balcerak<\/span><\/span><span class='av-structured-data'  itemprop=\"datePublished\" datetime=\"2023-02-03T12:54:00+01:00\" >2025-04-16 21:45:28<\/span><span class='av-structured-data'  itemprop=\"dateModified\" itemtype=\"https:\/\/schema.org\/dateModified\" >2025-04-16 21:49:11<\/span><span class='av-structured-data'  itemprop=\"mainEntityOfPage\" itemtype=\"https:\/\/schema.org\/mainEntityOfPage\" ><span itemprop='name'>Konferencja naukowo-szkoleniowa Oddzia\u0142u PTDL w Bydgoszczy -27-28 maja 2025 r Turzno k\/Torunia<\/span><\/span><\/span><\/article><article class='slide-entry flex_column  post-entry post-entry-4538 slide-entry-overview slide-loop-39 slide-parity-odd  av_one_third  real-thumbnail post-format-standard'  itemscope=\"itemscope\" itemtype=\"https:\/\/schema.org\/CreativeWork\" ><a href='https:\/\/ptdl.pl\/index.php\/2025\/03\/28\/konferencja-towards-an-eu-action-plan-on-rare-diseases\/' data-rel='slide-5' class='slide-image' title='Konferencja &#039;Towards an EU action plan on rare diseases&#8217;'><img decoding=\"async\" width=\"212\" height=\"300\" src=\"https:\/\/ptdl.pl\/ptdl\/wp-content\/uploads\/2025\/03\/25_042_image_web-212x300.jpg\" class=\"wp-image-4539 avia-img-lazy-loading-not-4539 attachment-medium size-medium wp-post-image\" alt=\"\" srcset=\"https:\/\/ptdl.pl\/ptdl\/wp-content\/uploads\/2025\/03\/25_042_image_web-212x300.jpg 212w, https:\/\/ptdl.pl\/ptdl\/wp-content\/uploads\/2025\/03\/25_042_image_web.jpg 480w\" sizes=\"(max-width: 212px) 100vw, 212px\" \/><\/a><div class=\"slide-content\"><header class=\"entry-content-header\"><h3 class='slide-entry-title entry-title '  itemprop=\"headline\" ><a href='https:\/\/ptdl.pl\/index.php\/2025\/03\/28\/konferencja-towards-an-eu-action-plan-on-rare-diseases\/' title='Konferencja &#039;Towards an EU action plan on rare diseases&#8217;'>Konferencja 'Towards an EU action plan on rare diseases&#8217;<\/a><\/h3><span class=\"av-vertical-delimiter\"><\/span><\/header><div class=\"slide-meta\"><time class='slide-meta-time updated'  itemprop=\"datePublished\" datetime=\"2025-03-28T08:45:33+01:00\" >2025-03-28<\/time><\/div><div class='slide-entry-excerpt entry-content'  itemprop=\"text\" ><div class=\"read-more-link\"><a href=\"https:\/\/ptdl.pl\/index.php\/2025\/03\/28\/konferencja-towards-an-eu-action-plan-on-rare-diseases\/\" class=\"more-link\">Czytaj dalej<span class=\"more-link-arrow\"><\/span><\/a><\/div><\/div><\/div><footer class=\"entry-footer\"><\/footer><span class='hidden'>\n\t\t\t\t<span class='av-structured-data'  itemprop=\"image\" itemscope=\"itemscope\" itemtype=\"https:\/\/schema.org\/ImageObject\" >\n\t\t\t\t\t\t<span itemprop='url'>https:\/\/ptdl.pl\/ptdl\/wp-content\/uploads\/2025\/03\/25_042_image_web.jpg<\/span>\n\t\t\t\t\t\t<span itemprop='height'>679<\/span>\n\t\t\t\t\t\t<span itemprop='width'>480<\/span>\n\t\t\t\t<\/span>\n\t\t\t\t<span class='av-structured-data'  itemprop=\"publisher\" itemtype=\"https:\/\/schema.org\/Organization\" itemscope=\"itemscope\" >\n\t\t\t\t\t\t<span itemprop='name'>admin<\/span>\n\t\t\t\t\t\t<span itemprop='logo' itemscope itemtype='https:\/\/schema.org\/ImageObject'>\n\t\t\t\t\t\t\t<span itemprop='url'>https:\/\/ptdl.pl\/wp-content\/uploads\/2023\/03\/logo_2.svg<\/span>\n\t\t\t\t\t\t<\/span>\n\t\t\t\t<\/span><span class='av-structured-data'  itemprop=\"author\" itemscope=\"itemscope\" itemtype=\"https:\/\/schema.org\/Person\" ><span itemprop='name'>admin<\/span><\/span><span class='av-structured-data'  itemprop=\"datePublished\" datetime=\"2023-02-03T12:54:00+01:00\" >2025-03-28 08:45:33<\/span><span class='av-structured-data'  itemprop=\"dateModified\" itemtype=\"https:\/\/schema.org\/dateModified\" >2025-03-28 08:47:07<\/span><span class='av-structured-data'  itemprop=\"mainEntityOfPage\" itemtype=\"https:\/\/schema.org\/mainEntityOfPage\" ><span itemprop='name'>Konferencja 'Towards an EU action plan on rare diseases&#8217;<\/span><\/span><\/span><\/article><\/div><div class=\"slide-entry-wrap\"><article class='slide-entry flex_column  post-entry post-entry-4441 slide-entry-overview slide-loop-40 slide-parity-odd  av_one_third first real-thumbnail post-format-standard'  itemscope=\"itemscope\" itemtype=\"https:\/\/schema.org\/CreativeWork\" ><a href='https:\/\/ptdl.pl\/index.php\/2025\/03\/05\/majowe-spotkania-z-medycyna-laboratoryjna-konferencja-naukowo-szkoleniowa-oddzialow-malopolskiego-swietokrzyskiego-i-podkarpackiego\/' data-rel='slide-5' class='slide-image' title='Majowe Spotkania z Medycyn\u0105 Laboratoryjn\u0105- Konferencja Naukowo-Szkoleniowa  Oddzia\u0142\u00f3w: Ma\u0142opolskiego, \u015awi\u0119tokrzyskiego i Podkarpackiego'><img decoding=\"async\" width=\"300\" height=\"161\" src=\"https:\/\/ptdl.pl\/ptdl\/wp-content\/uploads\/2025\/03\/badania-z-krwi-u-dzieci-1-896x480-1-300x161.jpg\" class=\"wp-image-4442 avia-img-lazy-loading-not-4442 attachment-medium size-medium wp-post-image\" alt=\"\" srcset=\"https:\/\/ptdl.pl\/ptdl\/wp-content\/uploads\/2025\/03\/badania-z-krwi-u-dzieci-1-896x480-1-300x161.jpg 300w, https:\/\/ptdl.pl\/ptdl\/wp-content\/uploads\/2025\/03\/badania-z-krwi-u-dzieci-1-896x480-1-768x411.jpg 768w, https:\/\/ptdl.pl\/ptdl\/wp-content\/uploads\/2025\/03\/badania-z-krwi-u-dzieci-1-896x480-1-705x378.jpg 705w, https:\/\/ptdl.pl\/ptdl\/wp-content\/uploads\/2025\/03\/badania-z-krwi-u-dzieci-1-896x480-1.jpg 896w\" sizes=\"(max-width: 300px) 100vw, 300px\" \/><\/a><div class=\"slide-content\"><header class=\"entry-content-header\"><h3 class='slide-entry-title entry-title '  itemprop=\"headline\" ><a href='https:\/\/ptdl.pl\/index.php\/2025\/03\/05\/majowe-spotkania-z-medycyna-laboratoryjna-konferencja-naukowo-szkoleniowa-oddzialow-malopolskiego-swietokrzyskiego-i-podkarpackiego\/' title='Majowe Spotkania z Medycyn\u0105 Laboratoryjn\u0105- Konferencja Naukowo-Szkoleniowa  Oddzia\u0142\u00f3w: Ma\u0142opolskiego, \u015awi\u0119tokrzyskiego i Podkarpackiego'>Majowe Spotkania z Medycyn\u0105 Laboratoryjn\u0105- Konferencja Naukowo-Szkoleniowa  Oddzia\u0142\u00f3w: Ma\u0142opolskiego, \u015awi\u0119tokrzyskiego i Podkarpackiego<\/a><\/h3><span class=\"av-vertical-delimiter\"><\/span><\/header><div class=\"slide-meta\"><time class='slide-meta-time updated'  itemprop=\"datePublished\" datetime=\"2025-03-05T13:45:28+01:00\" >2025-03-05<\/time><\/div><div class='slide-entry-excerpt entry-content'  itemprop=\"text\" ><div class=\"read-more-link\"><a href=\"https:\/\/ptdl.pl\/index.php\/2025\/03\/05\/majowe-spotkania-z-medycyna-laboratoryjna-konferencja-naukowo-szkoleniowa-oddzialow-malopolskiego-swietokrzyskiego-i-podkarpackiego\/\" class=\"more-link\">Czytaj dalej<span class=\"more-link-arrow\"><\/span><\/a><\/div><\/div><\/div><footer class=\"entry-footer\"><\/footer><span class='hidden'>\n\t\t\t\t<span class='av-structured-data'  itemprop=\"image\" itemscope=\"itemscope\" itemtype=\"https:\/\/schema.org\/ImageObject\" >\n\t\t\t\t\t\t<span itemprop='url'>https:\/\/ptdl.pl\/ptdl\/wp-content\/uploads\/2025\/03\/badania-z-krwi-u-dzieci-1-896x480-1.jpg<\/span>\n\t\t\t\t\t\t<span itemprop='height'>480<\/span>\n\t\t\t\t\t\t<span itemprop='width'>896<\/span>\n\t\t\t\t<\/span>\n\t\t\t\t<span class='av-structured-data'  itemprop=\"publisher\" itemtype=\"https:\/\/schema.org\/Organization\" itemscope=\"itemscope\" >\n\t\t\t\t\t\t<span itemprop='name'>Anna Z\u0105bek-Adamska<\/span>\n\t\t\t\t\t\t<span itemprop='logo' itemscope itemtype='https:\/\/schema.org\/ImageObject'>\n\t\t\t\t\t\t\t<span itemprop='url'>https:\/\/ptdl.pl\/wp-content\/uploads\/2023\/03\/logo_2.svg<\/span>\n\t\t\t\t\t\t<\/span>\n\t\t\t\t<\/span><span class='av-structured-data'  itemprop=\"author\" itemscope=\"itemscope\" itemtype=\"https:\/\/schema.org\/Person\" ><span itemprop='name'>Anna Z\u0105bek-Adamska<\/span><\/span><span class='av-structured-data'  itemprop=\"datePublished\" datetime=\"2023-02-03T12:54:00+01:00\" >2025-03-05 13:45:28<\/span><span class='av-structured-data'  itemprop=\"dateModified\" itemtype=\"https:\/\/schema.org\/dateModified\" >2025-04-28 07:33:22<\/span><span class='av-structured-data'  itemprop=\"mainEntityOfPage\" itemtype=\"https:\/\/schema.org\/mainEntityOfPage\" ><span itemprop='name'>Majowe Spotkania z Medycyn\u0105 Laboratoryjn\u0105- Konferencja Naukowo-Szkoleniowa  Oddzia\u0142\u00f3w: Ma\u0142opolskiego, \u015awi\u0119tokrzyskiego i Podkarpackiego<\/span><\/span><\/span><\/article><article class='slide-entry flex_column  post-entry post-entry-4268 slide-entry-overview slide-loop-41 slide-parity-even  av_one_third  real-thumbnail post-format-standard'  itemscope=\"itemscope\" itemtype=\"https:\/\/schema.org\/CreativeWork\" ><a href='https:\/\/ptdl.pl\/index.php\/2025\/02\/28\/xvii-naukowo-szkoleniowy-zjazd-kolegium-medycyny-laboratoryjnej-w-polsce\/' data-rel='slide-5' class='slide-image' title='XVII Naukowo-Szkoleniowy Zjazd Kolegium Medycyny Laboratoryjnej w Polsce'><img decoding=\"async\" width=\"300\" height=\"200\" src=\"https:\/\/ptdl.pl\/ptdl\/wp-content\/uploads\/2025\/02\/kmlp_25_baner_2-300x200.png\" class=\"wp-image-4406 avia-img-lazy-loading-not-4406 attachment-medium size-medium wp-post-image\" alt=\"\" srcset=\"https:\/\/ptdl.pl\/ptdl\/wp-content\/uploads\/2025\/02\/kmlp_25_baner_2-300x200.png 300w, https:\/\/ptdl.pl\/ptdl\/wp-content\/uploads\/2025\/02\/kmlp_25_baner_2.png 500w\" sizes=\"(max-width: 300px) 100vw, 300px\" \/><\/a><div class=\"slide-content\"><header class=\"entry-content-header\"><h3 class='slide-entry-title entry-title '  itemprop=\"headline\" ><a href='https:\/\/ptdl.pl\/index.php\/2025\/02\/28\/xvii-naukowo-szkoleniowy-zjazd-kolegium-medycyny-laboratoryjnej-w-polsce\/' title='XVII Naukowo-Szkoleniowy Zjazd Kolegium Medycyny Laboratoryjnej w Polsce'>XVII Naukowo-Szkoleniowy Zjazd Kolegium Medycyny Laboratoryjnej w Polsce<\/a><\/h3><span class=\"av-vertical-delimiter\"><\/span><\/header><div class=\"slide-meta\"><time class='slide-meta-time updated'  itemprop=\"datePublished\" datetime=\"2025-02-28T13:54:19+01:00\" >2025-02-28<\/time><\/div><div class='slide-entry-excerpt entry-content'  itemprop=\"text\" ><div class=\"read-more-link\"><a href=\"https:\/\/ptdl.pl\/index.php\/2025\/02\/28\/xvii-naukowo-szkoleniowy-zjazd-kolegium-medycyny-laboratoryjnej-w-polsce\/\" class=\"more-link\">Czytaj dalej<span class=\"more-link-arrow\"><\/span><\/a><\/div><\/div><\/div><footer class=\"entry-footer\"><\/footer><span class='hidden'>\n\t\t\t\t<span class='av-structured-data'  itemprop=\"image\" itemscope=\"itemscope\" itemtype=\"https:\/\/schema.org\/ImageObject\" >\n\t\t\t\t\t\t<span itemprop='url'>https:\/\/ptdl.pl\/ptdl\/wp-content\/uploads\/2025\/02\/kmlp_25_baner_2.png<\/span>\n\t\t\t\t\t\t<span itemprop='height'>333<\/span>\n\t\t\t\t\t\t<span itemprop='width'>500<\/span>\n\t\t\t\t<\/span>\n\t\t\t\t<span class='av-structured-data'  itemprop=\"publisher\" itemtype=\"https:\/\/schema.org\/Organization\" itemscope=\"itemscope\" >\n\t\t\t\t\t\t<span itemprop='name'>admin<\/span>\n\t\t\t\t\t\t<span itemprop='logo' itemscope itemtype='https:\/\/schema.org\/ImageObject'>\n\t\t\t\t\t\t\t<span itemprop='url'>https:\/\/ptdl.pl\/wp-content\/uploads\/2023\/03\/logo_2.svg<\/span>\n\t\t\t\t\t\t<\/span>\n\t\t\t\t<\/span><span class='av-structured-data'  itemprop=\"author\" itemscope=\"itemscope\" itemtype=\"https:\/\/schema.org\/Person\" ><span itemprop='name'>admin<\/span><\/span><span class='av-structured-data'  itemprop=\"datePublished\" datetime=\"2023-02-03T12:54:00+01:00\" >2025-02-28 13:54:19<\/span><span class='av-structured-data'  itemprop=\"dateModified\" itemtype=\"https:\/\/schema.org\/dateModified\" >2025-02-28 14:39:13<\/span><span class='av-structured-data'  itemprop=\"mainEntityOfPage\" itemtype=\"https:\/\/schema.org\/mainEntityOfPage\" ><span itemprop='name'>XVII Naukowo-Szkoleniowy Zjazd Kolegium Medycyny Laboratoryjnej w Polsce<\/span><\/span><\/span><\/article><article class='slide-entry flex_column  post-entry post-entry-4370 slide-entry-overview slide-loop-42 slide-parity-odd  av_one_third  real-thumbnail post-format-standard'  itemscope=\"itemscope\" itemtype=\"https:\/\/schema.org\/CreativeWork\" ><a href='https:\/\/ptdl.pl\/index.php\/2025\/02\/20\/webinar-tfys-clinical-case-discussions\/' data-rel='slide-5' class='slide-image' title='Webinar TFYS Clinical Case Discussions'><img decoding=\"async\" width=\"221\" height=\"300\" src=\"https:\/\/ptdl.pl\/ptdl\/wp-content\/uploads\/2025\/02\/TF-YS_20IFCC-221x300.png\" class=\"wp-image-4371 avia-img-lazy-loading-not-4371 attachment-medium size-medium wp-post-image\" alt=\"\" srcset=\"https:\/\/ptdl.pl\/ptdl\/wp-content\/uploads\/2025\/02\/TF-YS_20IFCC-221x300.png 221w, https:\/\/ptdl.pl\/ptdl\/wp-content\/uploads\/2025\/02\/TF-YS_20IFCC.png 444w\" sizes=\"(max-width: 221px) 100vw, 221px\" \/><\/a><div class=\"slide-content\"><header class=\"entry-content-header\"><h3 class='slide-entry-title entry-title '  itemprop=\"headline\" ><a href='https:\/\/ptdl.pl\/index.php\/2025\/02\/20\/webinar-tfys-clinical-case-discussions\/' title='Webinar TFYS Clinical Case Discussions'>Webinar TFYS Clinical Case Discussions<\/a><\/h3><span class=\"av-vertical-delimiter\"><\/span><\/header><div class=\"slide-meta\"><time class='slide-meta-time updated'  itemprop=\"datePublished\" datetime=\"2025-02-20T10:00:21+01:00\" >2025-02-20<\/time><\/div><div class='slide-entry-excerpt entry-content'  itemprop=\"text\" ><div class=\"read-more-link\"><a href=\"https:\/\/ptdl.pl\/index.php\/2025\/02\/20\/webinar-tfys-clinical-case-discussions\/\" class=\"more-link\">Czytaj dalej<span class=\"more-link-arrow\"><\/span><\/a><\/div><\/div><\/div><footer class=\"entry-footer\"><\/footer><span class='hidden'>\n\t\t\t\t<span class='av-structured-data'  itemprop=\"image\" itemscope=\"itemscope\" itemtype=\"https:\/\/schema.org\/ImageObject\" >\n\t\t\t\t\t\t<span itemprop='url'>https:\/\/ptdl.pl\/ptdl\/wp-content\/uploads\/2025\/02\/TF-YS_20IFCC.png<\/span>\n\t\t\t\t\t\t<span itemprop='height'>604<\/span>\n\t\t\t\t\t\t<span itemprop='width'>444<\/span>\n\t\t\t\t<\/span>\n\t\t\t\t<span class='av-structured-data'  itemprop=\"publisher\" itemtype=\"https:\/\/schema.org\/Organization\" itemscope=\"itemscope\" >\n\t\t\t\t\t\t<span itemprop='name'>admin<\/span>\n\t\t\t\t\t\t<span itemprop='logo' itemscope itemtype='https:\/\/schema.org\/ImageObject'>\n\t\t\t\t\t\t\t<span itemprop='url'>https:\/\/ptdl.pl\/wp-content\/uploads\/2023\/03\/logo_2.svg<\/span>\n\t\t\t\t\t\t<\/span>\n\t\t\t\t<\/span><span class='av-structured-data'  itemprop=\"author\" itemscope=\"itemscope\" itemtype=\"https:\/\/schema.org\/Person\" ><span itemprop='name'>admin<\/span><\/span><span class='av-structured-data'  itemprop=\"datePublished\" datetime=\"2023-02-03T12:54:00+01:00\" >2025-02-20 10:00:21<\/span><span class='av-structured-data'  itemprop=\"dateModified\" itemtype=\"https:\/\/schema.org\/dateModified\" >2025-02-20 10:01:18<\/span><span class='av-structured-data'  itemprop=\"mainEntityOfPage\" itemtype=\"https:\/\/schema.org\/mainEntityOfPage\" ><span itemprop='name'>Webinar TFYS Clinical Case Discussions<\/span><\/span><\/span><\/article><\/div><div class=\"slide-entry-wrap\"><article class='slide-entry flex_column  post-entry post-entry-4327 slide-entry-overview slide-loop-43 slide-parity-odd  av_one_third first real-thumbnail post-format-standard'  itemscope=\"itemscope\" itemtype=\"https:\/\/schema.org\/CreativeWork\" ><a href='https:\/\/ptdl.pl\/index.php\/2025\/02\/13\/kolejne-spotkania-naukowo-szkoleniowe-w-krakowie\/' data-rel='slide-5' class='slide-image' title='Sympozjum naukowo-szkoleniowe\/ oddzia\u0142 Krak\u00f3w  -29 marca 2025 r.'><img decoding=\"async\" width=\"300\" height=\"186\" src=\"https:\/\/ptdl.pl\/ptdl\/wp-content\/uploads\/2025\/02\/krak-300x186.jpg\" class=\"wp-image-4341 avia-img-lazy-loading-not-4341 attachment-medium size-medium wp-post-image\" alt=\"\" srcset=\"https:\/\/ptdl.pl\/ptdl\/wp-content\/uploads\/2025\/02\/krak-300x186.jpg 300w, https:\/\/ptdl.pl\/ptdl\/wp-content\/uploads\/2025\/02\/krak.jpg 700w\" sizes=\"(max-width: 300px) 100vw, 300px\" \/><\/a><div class=\"slide-content\"><header class=\"entry-content-header\"><h3 class='slide-entry-title entry-title '  itemprop=\"headline\" ><a href='https:\/\/ptdl.pl\/index.php\/2025\/02\/13\/kolejne-spotkania-naukowo-szkoleniowe-w-krakowie\/' title='Sympozjum naukowo-szkoleniowe\/ oddzia\u0142 Krak\u00f3w  -29 marca 2025 r.'>Sympozjum naukowo-szkoleniowe\/ oddzia\u0142 Krak\u00f3w  -29 marca 2025 r.<\/a><\/h3><span class=\"av-vertical-delimiter\"><\/span><\/header><div class=\"slide-meta\"><time class='slide-meta-time updated'  itemprop=\"datePublished\" datetime=\"2025-02-13T17:37:49+01:00\" >2025-02-13<\/time><\/div><div class='slide-entry-excerpt entry-content'  itemprop=\"text\" ><div class=\"read-more-link\"><a href=\"https:\/\/ptdl.pl\/index.php\/2025\/02\/13\/kolejne-spotkania-naukowo-szkoleniowe-w-krakowie\/\" class=\"more-link\">Czytaj dalej<span class=\"more-link-arrow\"><\/span><\/a><\/div><\/div><\/div><footer class=\"entry-footer\"><\/footer><span class='hidden'>\n\t\t\t\t<span class='av-structured-data'  itemprop=\"image\" itemscope=\"itemscope\" itemtype=\"https:\/\/schema.org\/ImageObject\" >\n\t\t\t\t\t\t<span itemprop='url'>https:\/\/ptdl.pl\/ptdl\/wp-content\/uploads\/2025\/02\/krak.jpg<\/span>\n\t\t\t\t\t\t<span itemprop='height'>433<\/span>\n\t\t\t\t\t\t<span itemprop='width'>700<\/span>\n\t\t\t\t<\/span>\n\t\t\t\t<span class='av-structured-data'  itemprop=\"publisher\" itemtype=\"https:\/\/schema.org\/Organization\" itemscope=\"itemscope\" >\n\t\t\t\t\t\t<span itemprop='name'>Anna Z\u0105bek-Adamska<\/span>\n\t\t\t\t\t\t<span itemprop='logo' itemscope itemtype='https:\/\/schema.org\/ImageObject'>\n\t\t\t\t\t\t\t<span itemprop='url'>https:\/\/ptdl.pl\/wp-content\/uploads\/2023\/03\/logo_2.svg<\/span>\n\t\t\t\t\t\t<\/span>\n\t\t\t\t<\/span><span class='av-structured-data'  itemprop=\"author\" itemscope=\"itemscope\" itemtype=\"https:\/\/schema.org\/Person\" ><span itemprop='name'>Anna Z\u0105bek-Adamska<\/span><\/span><span class='av-structured-data'  itemprop=\"datePublished\" datetime=\"2023-02-03T12:54:00+01:00\" >2025-02-13 17:37:49<\/span><span class='av-structured-data'  itemprop=\"dateModified\" itemtype=\"https:\/\/schema.org\/dateModified\" >2025-03-15 13:05:17<\/span><span class='av-structured-data'  itemprop=\"mainEntityOfPage\" itemtype=\"https:\/\/schema.org\/mainEntityOfPage\" ><span itemprop='name'>Sympozjum naukowo-szkoleniowe\/ oddzia\u0142 Krak\u00f3w  -29 marca 2025 r.<\/span><\/span><\/span><\/article><article class='slide-entry flex_column  post-entry post-entry-4303 slide-entry-overview slide-loop-44 slide-parity-even  av_one_third  real-thumbnail post-format-standard'  itemscope=\"itemscope\" itemtype=\"https:\/\/schema.org\/CreativeWork\" ><a href='https:\/\/ptdl.pl\/index.php\/2025\/02\/09\/konferencja-naukowo-szkoleniowa-labs-expo-2025\/' data-rel='slide-5' class='slide-image' title='Konferencja naukowo-szkoleniowa &#8211; LABS EXPO Pozna\u0144, 20.03.2025r.'><img decoding=\"async\" width=\"300\" height=\"253\" src=\"https:\/\/ptdl.pl\/ptdl\/wp-content\/uploads\/2025\/02\/LABS25_konferencja_1170x300-2-300x253.jpg\" class=\"wp-image-4311 avia-img-lazy-loading-not-4311 attachment-medium size-medium wp-post-image\" alt=\"\" srcset=\"https:\/\/ptdl.pl\/ptdl\/wp-content\/uploads\/2025\/02\/LABS25_konferencja_1170x300-2-300x253.jpg 300w, https:\/\/ptdl.pl\/ptdl\/wp-content\/uploads\/2025\/02\/LABS25_konferencja_1170x300-2.jpg 356w\" sizes=\"(max-width: 300px) 100vw, 300px\" \/><\/a><div class=\"slide-content\"><header class=\"entry-content-header\"><h3 class='slide-entry-title entry-title '  itemprop=\"headline\" ><a href='https:\/\/ptdl.pl\/index.php\/2025\/02\/09\/konferencja-naukowo-szkoleniowa-labs-expo-2025\/' title='Konferencja naukowo-szkoleniowa &#8211; LABS EXPO Pozna\u0144, 20.03.2025r.'>Konferencja naukowo-szkoleniowa &#8211; LABS EXPO Pozna\u0144, 20.03.2025r.<\/a><\/h3><span class=\"av-vertical-delimiter\"><\/span><\/header><div class=\"slide-meta\"><time class='slide-meta-time updated'  itemprop=\"datePublished\" datetime=\"2025-02-09T11:02:22+01:00\" >2025-02-09<\/time><\/div><div class='slide-entry-excerpt entry-content'  itemprop=\"text\" ><div class=\"read-more-link\"><a href=\"https:\/\/ptdl.pl\/index.php\/2025\/02\/09\/konferencja-naukowo-szkoleniowa-labs-expo-2025\/\" class=\"more-link\">Czytaj dalej<span class=\"more-link-arrow\"><\/span><\/a><\/div><\/div><\/div><footer class=\"entry-footer\"><\/footer><span class='hidden'>\n\t\t\t\t<span class='av-structured-data'  itemprop=\"image\" itemscope=\"itemscope\" itemtype=\"https:\/\/schema.org\/ImageObject\" >\n\t\t\t\t\t\t<span itemprop='url'>https:\/\/ptdl.pl\/ptdl\/wp-content\/uploads\/2025\/02\/LABS25_konferencja_1170x300-2.jpg<\/span>\n\t\t\t\t\t\t<span itemprop='height'>300<\/span>\n\t\t\t\t\t\t<span itemprop='width'>356<\/span>\n\t\t\t\t<\/span>\n\t\t\t\t<span class='av-structured-data'  itemprop=\"publisher\" itemtype=\"https:\/\/schema.org\/Organization\" itemscope=\"itemscope\" >\n\t\t\t\t\t\t<span itemprop='name'>Ma\u0142gorzata Zieli\u0144ska-Przyjemska<\/span>\n\t\t\t\t\t\t<span itemprop='logo' itemscope itemtype='https:\/\/schema.org\/ImageObject'>\n\t\t\t\t\t\t\t<span itemprop='url'>https:\/\/ptdl.pl\/wp-content\/uploads\/2023\/03\/logo_2.svg<\/span>\n\t\t\t\t\t\t<\/span>\n\t\t\t\t<\/span><span class='av-structured-data'  itemprop=\"author\" itemscope=\"itemscope\" itemtype=\"https:\/\/schema.org\/Person\" ><span itemprop='name'>Ma\u0142gorzata Zieli\u0144ska-Przyjemska<\/span><\/span><span class='av-structured-data'  itemprop=\"datePublished\" datetime=\"2023-02-03T12:54:00+01:00\" >2025-02-09 11:02:22<\/span><span class='av-structured-data'  itemprop=\"dateModified\" itemtype=\"https:\/\/schema.org\/dateModified\" >2025-02-09 11:05:49<\/span><span class='av-structured-data'  itemprop=\"mainEntityOfPage\" itemtype=\"https:\/\/schema.org\/mainEntityOfPage\" ><span itemprop='name'>Konferencja naukowo-szkoleniowa &#8211; LABS EXPO Pozna\u0144, 20.03.2025r.<\/span><\/span><\/span><\/article><article class='slide-entry flex_column  post-entry post-entry-4220 slide-entry-overview slide-loop-45 slide-parity-odd  av_one_third  real-thumbnail post-format-standard'  itemscope=\"itemscope\" itemtype=\"https:\/\/schema.org\/CreativeWork\" ><a href='https:\/\/ptdl.pl\/index.php\/2025\/01\/19\/konferencja-naukowo-szkoleniowa-medycyna-laboratoryjna-w-profilaktyce-zdrowotnej-opalenica-27-28-lutego-2025-r\/' data-rel='slide-5' class='slide-image' title='Konferencja naukowo-szkoleniowa &#8222;Medycyna laboratoryjna w profilaktyce zdrowotnej&#8221; &#8211; Opalenica, 27-28 lutego 2025 r.'><img decoding=\"async\" width=\"300\" height=\"300\" src=\"https:\/\/ptdl.pl\/ptdl\/wp-content\/uploads\/2025\/01\/21319075-300x300.jpg\" class=\"wp-image-4221 avia-img-lazy-loading-not-4221 attachment-medium size-medium wp-post-image\" alt=\"\" srcset=\"https:\/\/ptdl.pl\/ptdl\/wp-content\/uploads\/2025\/01\/21319075-300x300.jpg 300w, https:\/\/ptdl.pl\/ptdl\/wp-content\/uploads\/2025\/01\/21319075-1030x1030.jpg 1030w, https:\/\/ptdl.pl\/ptdl\/wp-content\/uploads\/2025\/01\/21319075-80x80.jpg 80w, https:\/\/ptdl.pl\/ptdl\/wp-content\/uploads\/2025\/01\/21319075-768x768.jpg 768w, https:\/\/ptdl.pl\/ptdl\/wp-content\/uploads\/2025\/01\/21319075-1536x1536.jpg 1536w, https:\/\/ptdl.pl\/ptdl\/wp-content\/uploads\/2025\/01\/21319075-36x36.jpg 36w, https:\/\/ptdl.pl\/ptdl\/wp-content\/uploads\/2025\/01\/21319075-180x180.jpg 180w, https:\/\/ptdl.pl\/ptdl\/wp-content\/uploads\/2025\/01\/21319075-1500x1500.jpg 1500w, https:\/\/ptdl.pl\/ptdl\/wp-content\/uploads\/2025\/01\/21319075-705x705.jpg 705w, https:\/\/ptdl.pl\/ptdl\/wp-content\/uploads\/2025\/01\/21319075.jpg 2048w\" sizes=\"(max-width: 300px) 100vw, 300px\" \/><\/a><div class=\"slide-content\"><header class=\"entry-content-header\"><h3 class='slide-entry-title entry-title '  itemprop=\"headline\" ><a href='https:\/\/ptdl.pl\/index.php\/2025\/01\/19\/konferencja-naukowo-szkoleniowa-medycyna-laboratoryjna-w-profilaktyce-zdrowotnej-opalenica-27-28-lutego-2025-r\/' title='Konferencja naukowo-szkoleniowa &#8222;Medycyna laboratoryjna w profilaktyce zdrowotnej&#8221; &#8211; Opalenica, 27-28 lutego 2025 r.'>Konferencja naukowo-szkoleniowa &#8222;Medycyna laboratoryjna w profilaktyce zdrowotnej&#8221; &#8211; Opalenica, 27-28 lutego 2025 r.<\/a><\/h3><span class=\"av-vertical-delimiter\"><\/span><\/header><div class=\"slide-meta\"><time class='slide-meta-time updated'  itemprop=\"datePublished\" datetime=\"2025-01-19T19:19:42+01:00\" >2025-01-19<\/time><\/div><div class='slide-entry-excerpt entry-content'  itemprop=\"text\" ><div class=\"read-more-link\"><a href=\"https:\/\/ptdl.pl\/index.php\/2025\/01\/19\/konferencja-naukowo-szkoleniowa-medycyna-laboratoryjna-w-profilaktyce-zdrowotnej-opalenica-27-28-lutego-2025-r\/\" class=\"more-link\">Czytaj dalej<span class=\"more-link-arrow\"><\/span><\/a><\/div><\/div><\/div><footer class=\"entry-footer\"><\/footer><span class='hidden'>\n\t\t\t\t<span class='av-structured-data'  itemprop=\"image\" itemscope=\"itemscope\" itemtype=\"https:\/\/schema.org\/ImageObject\" >\n\t\t\t\t\t\t<span itemprop='url'>https:\/\/ptdl.pl\/ptdl\/wp-content\/uploads\/2025\/01\/21319075.jpg<\/span>\n\t\t\t\t\t\t<span itemprop='height'>2048<\/span>\n\t\t\t\t\t\t<span itemprop='width'>2048<\/span>\n\t\t\t\t<\/span>\n\t\t\t\t<span class='av-structured-data'  itemprop=\"publisher\" itemtype=\"https:\/\/schema.org\/Organization\" itemscope=\"itemscope\" >\n\t\t\t\t\t\t<span itemprop='name'>Ma\u0142gorzata Zieli\u0144ska-Przyjemska<\/span>\n\t\t\t\t\t\t<span itemprop='logo' itemscope itemtype='https:\/\/schema.org\/ImageObject'>\n\t\t\t\t\t\t\t<span itemprop='url'>https:\/\/ptdl.pl\/wp-content\/uploads\/2023\/03\/logo_2.svg<\/span>\n\t\t\t\t\t\t<\/span>\n\t\t\t\t<\/span><span class='av-structured-data'  itemprop=\"author\" itemscope=\"itemscope\" itemtype=\"https:\/\/schema.org\/Person\" ><span itemprop='name'>Ma\u0142gorzata Zieli\u0144ska-Przyjemska<\/span><\/span><span class='av-structured-data'  itemprop=\"datePublished\" datetime=\"2023-02-03T12:54:00+01:00\" >2025-01-19 19:19:42<\/span><span class='av-structured-data'  itemprop=\"dateModified\" itemtype=\"https:\/\/schema.org\/dateModified\" >2025-02-23 19:40:47<\/span><span class='av-structured-data'  itemprop=\"mainEntityOfPage\" itemtype=\"https:\/\/schema.org\/mainEntityOfPage\" ><span itemprop='name'>Konferencja naukowo-szkoleniowa &#8222;Medycyna laboratoryjna w profilaktyce zdrowotnej&#8221; &#8211; Opalenica, 27-28 lutego 2025 r.<\/span><\/span><\/span><\/article><\/div><div class=\"slide-entry-wrap\"><article class='slide-entry flex_column  post-entry post-entry-4204 slide-entry-overview slide-loop-46 slide-parity-odd  av_one_third first real-thumbnail post-format-standard'  itemscope=\"itemscope\" itemtype=\"https:\/\/schema.org\/CreativeWork\" ><a href='https:\/\/ptdl.pl\/index.php\/2025\/01\/16\/sympozjum-naukowo-szkoleniowe-laboratorium-w-sluzbie-onkologii-wybrane-metody-diagnostyczne-i-ich-rola-w-terapii-nowotworow\/' data-rel='slide-5' class='slide-image' title='Sympozjum naukowo-szkoleniowe\/ oddzia\u0142 Krak\u00f3w-15 luty 2025'><img decoding=\"async\" width=\"300\" height=\"150\" src=\"https:\/\/ptdl.pl\/ptdl\/wp-content\/uploads\/2023\/02\/news_016-300x150.jpg\" class=\"wp-image-807 avia-img-lazy-loading-not-807 attachment-medium size-medium wp-post-image\" alt=\"\" srcset=\"https:\/\/ptdl.pl\/ptdl\/wp-content\/uploads\/2023\/02\/news_016-300x150.jpg 300w, https:\/\/ptdl.pl\/ptdl\/wp-content\/uploads\/2023\/02\/news_016.jpg 664w\" sizes=\"(max-width: 300px) 100vw, 300px\" \/><\/a><div class=\"slide-content\"><header class=\"entry-content-header\"><h3 class='slide-entry-title entry-title '  itemprop=\"headline\" ><a href='https:\/\/ptdl.pl\/index.php\/2025\/01\/16\/sympozjum-naukowo-szkoleniowe-laboratorium-w-sluzbie-onkologii-wybrane-metody-diagnostyczne-i-ich-rola-w-terapii-nowotworow\/' title='Sympozjum naukowo-szkoleniowe\/ oddzia\u0142 Krak\u00f3w-15 luty 2025'>Sympozjum naukowo-szkoleniowe\/ oddzia\u0142 Krak\u00f3w-15 luty 2025<\/a><\/h3><span class=\"av-vertical-delimiter\"><\/span><\/header><div class=\"slide-meta\"><time class='slide-meta-time updated'  itemprop=\"datePublished\" datetime=\"2025-01-16T18:41:20+01:00\" >2025-01-16<\/time><\/div><div class='slide-entry-excerpt entry-content'  itemprop=\"text\" ><div class=\"read-more-link\"><a href=\"https:\/\/ptdl.pl\/index.php\/2025\/01\/16\/sympozjum-naukowo-szkoleniowe-laboratorium-w-sluzbie-onkologii-wybrane-metody-diagnostyczne-i-ich-rola-w-terapii-nowotworow\/\" class=\"more-link\">Czytaj dalej<span class=\"more-link-arrow\"><\/span><\/a><\/div><\/div><\/div><footer class=\"entry-footer\"><\/footer><span class='hidden'>\n\t\t\t\t<span class='av-structured-data'  itemprop=\"image\" itemscope=\"itemscope\" itemtype=\"https:\/\/schema.org\/ImageObject\" >\n\t\t\t\t\t\t<span itemprop='url'>https:\/\/ptdl.pl\/ptdl\/wp-content\/uploads\/2023\/02\/news_016.jpg<\/span>\n\t\t\t\t\t\t<span itemprop='height'>332<\/span>\n\t\t\t\t\t\t<span itemprop='width'>664<\/span>\n\t\t\t\t<\/span>\n\t\t\t\t<span class='av-structured-data'  itemprop=\"publisher\" itemtype=\"https:\/\/schema.org\/Organization\" itemscope=\"itemscope\" >\n\t\t\t\t\t\t<span itemprop='name'>Anna Z\u0105bek-Adamska<\/span>\n\t\t\t\t\t\t<span itemprop='logo' itemscope itemtype='https:\/\/schema.org\/ImageObject'>\n\t\t\t\t\t\t\t<span itemprop='url'>https:\/\/ptdl.pl\/wp-content\/uploads\/2023\/03\/logo_2.svg<\/span>\n\t\t\t\t\t\t<\/span>\n\t\t\t\t<\/span><span class='av-structured-data'  itemprop=\"author\" itemscope=\"itemscope\" itemtype=\"https:\/\/schema.org\/Person\" ><span itemprop='name'>Anna Z\u0105bek-Adamska<\/span><\/span><span class='av-structured-data'  itemprop=\"datePublished\" datetime=\"2023-02-03T12:54:00+01:00\" >2025-01-16 18:41:20<\/span><span class='av-structured-data'  itemprop=\"dateModified\" itemtype=\"https:\/\/schema.org\/dateModified\" >2025-02-13 17:29:35<\/span><span class='av-structured-data'  itemprop=\"mainEntityOfPage\" itemtype=\"https:\/\/schema.org\/mainEntityOfPage\" ><span itemprop='name'>Sympozjum naukowo-szkoleniowe\/ oddzia\u0142 Krak\u00f3w-15 luty 2025<\/span><\/span><\/span><\/article><article class='slide-entry flex_column  post-entry post-entry-4173 slide-entry-overview slide-loop-47 slide-parity-even  av_one_third  real-thumbnail post-format-standard'  itemscope=\"itemscope\" itemtype=\"https:\/\/schema.org\/CreativeWork\" ><a href='https:\/\/ptdl.pl\/index.php\/2025\/01\/12\/konferencja-naukowo-szkoleniowa-oddzialu-lubuskiego-jesionka-2025\/' data-rel='slide-5' class='slide-image' title='Konferencja Naukowo-Szkoleniowa Oddzia\u0142u Lubuskiego Jesionka 2025'><img decoding=\"async\" width=\"300\" height=\"125\" src=\"https:\/\/ptdl.pl\/ptdl\/wp-content\/uploads\/2024\/11\/slider-1-300x125.jpg\" class=\"wp-image-3933 avia-img-lazy-loading-not-3933 attachment-medium size-medium wp-post-image\" alt=\"\" srcset=\"https:\/\/ptdl.pl\/ptdl\/wp-content\/uploads\/2024\/11\/slider-1-300x125.jpg 300w, https:\/\/ptdl.pl\/ptdl\/wp-content\/uploads\/2024\/11\/slider-1-1030x429.jpg 1030w, https:\/\/ptdl.pl\/ptdl\/wp-content\/uploads\/2024\/11\/slider-1-768x320.jpg 768w, https:\/\/ptdl.pl\/ptdl\/wp-content\/uploads\/2024\/11\/slider-1-1536x640.jpg 1536w, https:\/\/ptdl.pl\/ptdl\/wp-content\/uploads\/2024\/11\/slider-1-1500x625.jpg 1500w, https:\/\/ptdl.pl\/ptdl\/wp-content\/uploads\/2024\/11\/slider-1-705x294.jpg 705w, https:\/\/ptdl.pl\/ptdl\/wp-content\/uploads\/2024\/11\/slider-1.jpg 1920w\" sizes=\"(max-width: 300px) 100vw, 300px\" \/><\/a><div class=\"slide-content\"><header class=\"entry-content-header\"><h3 class='slide-entry-title entry-title '  itemprop=\"headline\" ><a href='https:\/\/ptdl.pl\/index.php\/2025\/01\/12\/konferencja-naukowo-szkoleniowa-oddzialu-lubuskiego-jesionka-2025\/' title='Konferencja Naukowo-Szkoleniowa Oddzia\u0142u Lubuskiego Jesionka 2025'>Konferencja Naukowo-Szkoleniowa Oddzia\u0142u Lubuskiego Jesionka 2025<\/a><\/h3><span class=\"av-vertical-delimiter\"><\/span><\/header><div class=\"slide-meta\"><time class='slide-meta-time updated'  itemprop=\"datePublished\" datetime=\"2025-01-12T20:28:41+01:00\" >2025-01-12<\/time><\/div><div class='slide-entry-excerpt entry-content'  itemprop=\"text\" ><div class=\"read-more-link\"><a href=\"https:\/\/ptdl.pl\/index.php\/2025\/01\/12\/konferencja-naukowo-szkoleniowa-oddzialu-lubuskiego-jesionka-2025\/\" class=\"more-link\">Czytaj dalej<span class=\"more-link-arrow\"><\/span><\/a><\/div><\/div><\/div><footer class=\"entry-footer\"><\/footer><span class='hidden'>\n\t\t\t\t<span class='av-structured-data'  itemprop=\"image\" itemscope=\"itemscope\" itemtype=\"https:\/\/schema.org\/ImageObject\" >\n\t\t\t\t\t\t<span itemprop='url'>https:\/\/ptdl.pl\/ptdl\/wp-content\/uploads\/2024\/11\/slider-1.jpg<\/span>\n\t\t\t\t\t\t<span itemprop='height'>800<\/span>\n\t\t\t\t\t\t<span itemprop='width'>1920<\/span>\n\t\t\t\t<\/span>\n\t\t\t\t<span class='av-structured-data'  itemprop=\"publisher\" itemtype=\"https:\/\/schema.org\/Organization\" itemscope=\"itemscope\" >\n\t\t\t\t\t\t<span itemprop='name'>Katarzyna Drzyzga-Gramacka<\/span>\n\t\t\t\t\t\t<span itemprop='logo' itemscope itemtype='https:\/\/schema.org\/ImageObject'>\n\t\t\t\t\t\t\t<span itemprop='url'>https:\/\/ptdl.pl\/wp-content\/uploads\/2023\/03\/logo_2.svg<\/span>\n\t\t\t\t\t\t<\/span>\n\t\t\t\t<\/span><span class='av-structured-data'  itemprop=\"author\" itemscope=\"itemscope\" itemtype=\"https:\/\/schema.org\/Person\" ><span itemprop='name'>Katarzyna Drzyzga-Gramacka<\/span><\/span><span class='av-structured-data'  itemprop=\"datePublished\" datetime=\"2023-02-03T12:54:00+01:00\" >2025-01-12 20:28:41<\/span><span class='av-structured-data'  itemprop=\"dateModified\" itemtype=\"https:\/\/schema.org\/dateModified\" >2025-01-12 20:28:41<\/span><span class='av-structured-data'  itemprop=\"mainEntityOfPage\" itemtype=\"https:\/\/schema.org\/mainEntityOfPage\" ><span itemprop='name'>Konferencja Naukowo-Szkoleniowa Oddzia\u0142u Lubuskiego Jesionka 2025<\/span><\/span><\/span><\/article><article class='slide-entry flex_column  post-entry post-entry-4014 slide-entry-overview slide-loop-48 slide-parity-odd  av_one_third  real-thumbnail post-format-standard'  itemscope=\"itemscope\" itemtype=\"https:\/\/schema.org\/CreativeWork\" ><a href='https:\/\/ptdl.pl\/index.php\/2024\/11\/28\/konferencja-wspolczesna-diagnostyka-laboratoryjna-roznorodnosc-sila-synergii\/' data-rel='slide-5' class='slide-image' title='KONFERENCJA \u201eWsp\u00f3\u0142czesna diagnostyka laboratoryjna \u2013r\u00f3\u017cnorodno\u015b\u0107 si\u0142\u0105 synergii\u201d'><img decoding=\"async\" width=\"300\" height=\"300\" src=\"https:\/\/ptdl.pl\/ptdl\/wp-content\/uploads\/2024\/11\/projekt-1-300x300.jpg\" class=\"wp-image-4022 avia-img-lazy-loading-not-4022 attachment-medium size-medium wp-post-image\" alt=\"\" srcset=\"https:\/\/ptdl.pl\/ptdl\/wp-content\/uploads\/2024\/11\/projekt-1-300x300.jpg 300w, https:\/\/ptdl.pl\/ptdl\/wp-content\/uploads\/2024\/11\/projekt-1-80x80.jpg 80w, https:\/\/ptdl.pl\/ptdl\/wp-content\/uploads\/2024\/11\/projekt-1-36x36.jpg 36w, https:\/\/ptdl.pl\/ptdl\/wp-content\/uploads\/2024\/11\/projekt-1-180x180.jpg 180w, https:\/\/ptdl.pl\/ptdl\/wp-content\/uploads\/2024\/11\/projekt-1.jpg 500w\" sizes=\"(max-width: 300px) 100vw, 300px\" \/><\/a><div class=\"slide-content\"><header class=\"entry-content-header\"><h3 class='slide-entry-title entry-title '  itemprop=\"headline\" ><a href='https:\/\/ptdl.pl\/index.php\/2024\/11\/28\/konferencja-wspolczesna-diagnostyka-laboratoryjna-roznorodnosc-sila-synergii\/' title='KONFERENCJA \u201eWsp\u00f3\u0142czesna diagnostyka laboratoryjna \u2013r\u00f3\u017cnorodno\u015b\u0107 si\u0142\u0105 synergii\u201d'>KONFERENCJA \u201eWsp\u00f3\u0142czesna diagnostyka laboratoryjna \u2013r\u00f3\u017cnorodno\u015b\u0107 si\u0142\u0105 synergii\u201d<\/a><\/h3><span class=\"av-vertical-delimiter\"><\/span><\/header><div class=\"slide-meta\"><time class='slide-meta-time updated'  itemprop=\"datePublished\" datetime=\"2024-11-28T14:48:34+01:00\" >2024-11-28<\/time><\/div><div class='slide-entry-excerpt entry-content'  itemprop=\"text\" ><div class=\"read-more-link\"><a href=\"https:\/\/ptdl.pl\/index.php\/2024\/11\/28\/konferencja-wspolczesna-diagnostyka-laboratoryjna-roznorodnosc-sila-synergii\/\" class=\"more-link\">Czytaj dalej<span class=\"more-link-arrow\"><\/span><\/a><\/div><\/div><\/div><footer class=\"entry-footer\"><\/footer><span class='hidden'>\n\t\t\t\t<span class='av-structured-data'  itemprop=\"image\" itemscope=\"itemscope\" itemtype=\"https:\/\/schema.org\/ImageObject\" >\n\t\t\t\t\t\t<span itemprop='url'>https:\/\/ptdl.pl\/ptdl\/wp-content\/uploads\/2024\/11\/projekt-1.jpg<\/span>\n\t\t\t\t\t\t<span itemprop='height'>500<\/span>\n\t\t\t\t\t\t<span itemprop='width'>500<\/span>\n\t\t\t\t<\/span>\n\t\t\t\t<span class='av-structured-data'  itemprop=\"publisher\" itemtype=\"https:\/\/schema.org\/Organization\" itemscope=\"itemscope\" >\n\t\t\t\t\t\t<span itemprop='name'>Olga Loska<\/span>\n\t\t\t\t\t\t<span itemprop='logo' itemscope itemtype='https:\/\/schema.org\/ImageObject'>\n\t\t\t\t\t\t\t<span itemprop='url'>https:\/\/ptdl.pl\/wp-content\/uploads\/2023\/03\/logo_2.svg<\/span>\n\t\t\t\t\t\t<\/span>\n\t\t\t\t<\/span><span class='av-structured-data'  itemprop=\"author\" itemscope=\"itemscope\" itemtype=\"https:\/\/schema.org\/Person\" ><span itemprop='name'>Olga Loska<\/span><\/span><span class='av-structured-data'  itemprop=\"datePublished\" datetime=\"2023-02-03T12:54:00+01:00\" >2024-11-28 14:48:34<\/span><span class='av-structured-data'  itemprop=\"dateModified\" itemtype=\"https:\/\/schema.org\/dateModified\" >2024-11-28 14:54:18<\/span><span class='av-structured-data'  itemprop=\"mainEntityOfPage\" itemtype=\"https:\/\/schema.org\/mainEntityOfPage\" ><span itemprop='name'>KONFERENCJA \u201eWsp\u00f3\u0142czesna diagnostyka laboratoryjna \u2013r\u00f3\u017cnorodno\u015b\u0107 si\u0142\u0105 synergii\u201d<\/span><\/span><\/span><\/article><\/div><div class=\"slide-entry-wrap\"><article class='slide-entry flex_column  post-entry post-entry-3912 slide-entry-overview slide-loop-49 slide-parity-odd  av_one_third first real-thumbnail post-format-standard'  itemscope=\"itemscope\" itemtype=\"https:\/\/schema.org\/CreativeWork\" ><a href='https:\/\/ptdl.pl\/index.php\/2024\/11\/08\/konferencja-international-scientific-meeting-evaluating-and-monitoring-analytical-quality-in-the-traceability-era\/' data-rel='slide-5' class='slide-image' title='Konferencja International Scientific Meeting &#8222;Evaluating and Monitoring Analytical Quality in the Traceability Era&#8221;'><img decoding=\"async\" width=\"300\" height=\"199\" src=\"https:\/\/ptdl.pl\/ptdl\/wp-content\/uploads\/2023\/02\/news_017-300x199.jpg\" class=\"wp-image-808 avia-img-lazy-loading-not-808 attachment-medium size-medium wp-post-image\" alt=\"\" srcset=\"https:\/\/ptdl.pl\/ptdl\/wp-content\/uploads\/2023\/02\/news_017-300x199.jpg 300w, https:\/\/ptdl.pl\/ptdl\/wp-content\/uploads\/2023\/02\/news_017.jpg 500w\" sizes=\"(max-width: 300px) 100vw, 300px\" \/><\/a><div class=\"slide-content\"><header class=\"entry-content-header\"><h3 class='slide-entry-title entry-title '  itemprop=\"headline\" ><a href='https:\/\/ptdl.pl\/index.php\/2024\/11\/08\/konferencja-international-scientific-meeting-evaluating-and-monitoring-analytical-quality-in-the-traceability-era\/' title='Konferencja International Scientific Meeting &#8222;Evaluating and Monitoring Analytical Quality in the Traceability Era&#8221;'>Konferencja International Scientific Meeting &#8222;Evaluating and Monitoring Analytical Quality in the Traceability Era&#8221;<\/a><\/h3><span class=\"av-vertical-delimiter\"><\/span><\/header><div class=\"slide-meta\"><time class='slide-meta-time updated'  itemprop=\"datePublished\" datetime=\"2024-11-08T13:27:57+01:00\" >2024-11-08<\/time><\/div><div class='slide-entry-excerpt entry-content'  itemprop=\"text\" ><div class=\"read-more-link\"><a href=\"https:\/\/ptdl.pl\/index.php\/2024\/11\/08\/konferencja-international-scientific-meeting-evaluating-and-monitoring-analytical-quality-in-the-traceability-era\/\" class=\"more-link\">Czytaj dalej<span class=\"more-link-arrow\"><\/span><\/a><\/div><\/div><\/div><footer class=\"entry-footer\"><\/footer><span class='hidden'>\n\t\t\t\t<span class='av-structured-data'  itemprop=\"image\" itemscope=\"itemscope\" itemtype=\"https:\/\/schema.org\/ImageObject\" >\n\t\t\t\t\t\t<span itemprop='url'>https:\/\/ptdl.pl\/ptdl\/wp-content\/uploads\/2023\/02\/news_017.jpg<\/span>\n\t\t\t\t\t\t<span itemprop='height'>332<\/span>\n\t\t\t\t\t\t<span itemprop='width'>500<\/span>\n\t\t\t\t<\/span>\n\t\t\t\t<span class='av-structured-data'  itemprop=\"publisher\" itemtype=\"https:\/\/schema.org\/Organization\" itemscope=\"itemscope\" >\n\t\t\t\t\t\t<span itemprop='name'>admin<\/span>\n\t\t\t\t\t\t<span itemprop='logo' itemscope itemtype='https:\/\/schema.org\/ImageObject'>\n\t\t\t\t\t\t\t<span itemprop='url'>https:\/\/ptdl.pl\/wp-content\/uploads\/2023\/03\/logo_2.svg<\/span>\n\t\t\t\t\t\t<\/span>\n\t\t\t\t<\/span><span class='av-structured-data'  itemprop=\"author\" itemscope=\"itemscope\" itemtype=\"https:\/\/schema.org\/Person\" ><span itemprop='name'>admin<\/span><\/span><span class='av-structured-data'  itemprop=\"datePublished\" datetime=\"2023-02-03T12:54:00+01:00\" >2024-11-08 13:27:57<\/span><span class='av-structured-data'  itemprop=\"dateModified\" itemtype=\"https:\/\/schema.org\/dateModified\" >2024-11-08 13:28:33<\/span><span class='av-structured-data'  itemprop=\"mainEntityOfPage\" itemtype=\"https:\/\/schema.org\/mainEntityOfPage\" ><span itemprop='name'>Konferencja International Scientific Meeting &#8222;Evaluating and Monitoring Analytical Quality in the Traceability Era&#8221;<\/span><\/span><\/span><\/article><article class='slide-entry flex_column  post-entry post-entry-3729 slide-entry-overview slide-loop-50 slide-parity-even  av_one_third  real-thumbnail post-format-standard'  itemscope=\"itemscope\" itemtype=\"https:\/\/schema.org\/CreativeWork\" ><a href='https:\/\/ptdl.pl\/index.php\/2024\/11\/07\/konferencja-evaluating-and-monitoring-analytical-quality-in-the-traceability-era\/' data-rel='slide-5' class='slide-image' title='Konferencja &#8222;Evaluating and monitoring analytical quality in the traceability era&#8221;'><img decoding=\"async\" width=\"300\" height=\"200\" src=\"https:\/\/ptdl.pl\/ptdl\/wp-content\/uploads\/2024\/10\/konferencja-300x200.png\" class=\"wp-image-3730 avia-img-lazy-loading-not-3730 attachment-medium size-medium wp-post-image\" alt=\"\" srcset=\"https:\/\/ptdl.pl\/ptdl\/wp-content\/uploads\/2024\/10\/konferencja-300x200.png 300w, https:\/\/ptdl.pl\/ptdl\/wp-content\/uploads\/2024\/10\/konferencja.png 500w\" sizes=\"(max-width: 300px) 100vw, 300px\" \/><\/a><div class=\"slide-content\"><header class=\"entry-content-header\"><h3 class='slide-entry-title entry-title '  itemprop=\"headline\" ><a href='https:\/\/ptdl.pl\/index.php\/2024\/11\/07\/konferencja-evaluating-and-monitoring-analytical-quality-in-the-traceability-era\/' title='Konferencja &#8222;Evaluating and monitoring analytical quality in the traceability era&#8221;'>Konferencja &#8222;Evaluating and monitoring analytical quality in the traceability era&#8221;<\/a><\/h3><span class=\"av-vertical-delimiter\"><\/span><\/header><div class=\"slide-meta\"><time class='slide-meta-time updated'  itemprop=\"datePublished\" datetime=\"2024-11-07T15:25:53+01:00\" >2024-11-07<\/time><\/div><div class='slide-entry-excerpt entry-content'  itemprop=\"text\" ><div class=\"read-more-link\"><a href=\"https:\/\/ptdl.pl\/index.php\/2024\/11\/07\/konferencja-evaluating-and-monitoring-analytical-quality-in-the-traceability-era\/\" class=\"more-link\">Czytaj dalej<span class=\"more-link-arrow\"><\/span><\/a><\/div><\/div><\/div><footer class=\"entry-footer\"><\/footer><span class='hidden'>\n\t\t\t\t<span class='av-structured-data'  itemprop=\"image\" itemscope=\"itemscope\" itemtype=\"https:\/\/schema.org\/ImageObject\" >\n\t\t\t\t\t\t<span itemprop='url'>https:\/\/ptdl.pl\/ptdl\/wp-content\/uploads\/2024\/10\/konferencja.png<\/span>\n\t\t\t\t\t\t<span itemprop='height'>333<\/span>\n\t\t\t\t\t\t<span itemprop='width'>500<\/span>\n\t\t\t\t<\/span>\n\t\t\t\t<span class='av-structured-data'  itemprop=\"publisher\" itemtype=\"https:\/\/schema.org\/Organization\" itemscope=\"itemscope\" >\n\t\t\t\t\t\t<span itemprop='name'>admin<\/span>\n\t\t\t\t\t\t<span itemprop='logo' itemscope itemtype='https:\/\/schema.org\/ImageObject'>\n\t\t\t\t\t\t\t<span itemprop='url'>https:\/\/ptdl.pl\/wp-content\/uploads\/2023\/03\/logo_2.svg<\/span>\n\t\t\t\t\t\t<\/span>\n\t\t\t\t<\/span><span class='av-structured-data'  itemprop=\"author\" itemscope=\"itemscope\" itemtype=\"https:\/\/schema.org\/Person\" ><span itemprop='name'>admin<\/span><\/span><span class='av-structured-data'  itemprop=\"datePublished\" datetime=\"2023-02-03T12:54:00+01:00\" >2024-11-07 15:25:53<\/span><span class='av-structured-data'  itemprop=\"dateModified\" itemtype=\"https:\/\/schema.org\/dateModified\" >2024-11-08 13:35:54<\/span><span class='av-structured-data'  itemprop=\"mainEntityOfPage\" itemtype=\"https:\/\/schema.org\/mainEntityOfPage\" ><span itemprop='name'>Konferencja &#8222;Evaluating and monitoring analytical quality in the traceability era&#8221;<\/span><\/span><\/span><\/article><article class='slide-entry flex_column  post-entry post-entry-3850 slide-entry-overview slide-loop-51 slide-parity-odd  av_one_third  real-thumbnail post-format-standard'  itemscope=\"itemscope\" itemtype=\"https:\/\/schema.org\/CreativeWork\" ><a href='https:\/\/ptdl.pl\/index.php\/2024\/11\/04\/sympozjum-pt-jakosc-to-bedzieczyli-trudne-obszary-kontroli-jakosci-w-diagnostyce-laboratoryjnej\/' data-rel='slide-5' class='slide-image' title='SYMPOZJUM PT: JAKO\u015a(\u0106) TO B\u0118DZIE\u2026CZYLI TRUDNE OBSZARY KONTROLI JAKO\u015aCI W DIAGNOSTYCE LABORATORYJNEJ'><img decoding=\"async\" width=\"300\" height=\"129\" src=\"https:\/\/ptdl.pl\/ptdl\/wp-content\/uploads\/2024\/01\/oddzial_krakow-300x129.png\" class=\"wp-image-2063 avia-img-lazy-loading-not-2063 attachment-medium size-medium wp-post-image\" alt=\"\" srcset=\"https:\/\/ptdl.pl\/ptdl\/wp-content\/uploads\/2024\/01\/oddzial_krakow-300x129.png 300w, https:\/\/ptdl.pl\/ptdl\/wp-content\/uploads\/2024\/01\/oddzial_krakow-768x330.png 768w, https:\/\/ptdl.pl\/ptdl\/wp-content\/uploads\/2024\/01\/oddzial_krakow-705x303.png 705w, https:\/\/ptdl.pl\/ptdl\/wp-content\/uploads\/2024\/01\/oddzial_krakow.png 1000w\" sizes=\"(max-width: 300px) 100vw, 300px\" \/><\/a><div class=\"slide-content\"><header class=\"entry-content-header\"><h3 class='slide-entry-title entry-title '  itemprop=\"headline\" ><a href='https:\/\/ptdl.pl\/index.php\/2024\/11\/04\/sympozjum-pt-jakosc-to-bedzieczyli-trudne-obszary-kontroli-jakosci-w-diagnostyce-laboratoryjnej\/' title='SYMPOZJUM PT: JAKO\u015a(\u0106) TO B\u0118DZIE\u2026CZYLI TRUDNE OBSZARY KONTROLI JAKO\u015aCI W DIAGNOSTYCE LABORATORYJNEJ'>SYMPOZJUM PT: JAKO\u015a(\u0106) TO B\u0118DZIE\u2026CZYLI TRUDNE OBSZARY KONTROLI JAKO\u015aCI W DIAGNOSTYCE LABORATORYJNEJ<\/a><\/h3><span class=\"av-vertical-delimiter\"><\/span><\/header><div class=\"slide-meta\"><time class='slide-meta-time updated'  itemprop=\"datePublished\" datetime=\"2024-11-04T17:48:35+01:00\" >2024-11-04<\/time><\/div><div class='slide-entry-excerpt entry-content'  itemprop=\"text\" ><div class=\"read-more-link\"><a href=\"https:\/\/ptdl.pl\/index.php\/2024\/11\/04\/sympozjum-pt-jakosc-to-bedzieczyli-trudne-obszary-kontroli-jakosci-w-diagnostyce-laboratoryjnej\/\" class=\"more-link\">Czytaj dalej<span class=\"more-link-arrow\"><\/span><\/a><\/div><\/div><\/div><footer class=\"entry-footer\"><\/footer><span class='hidden'>\n\t\t\t\t<span class='av-structured-data'  itemprop=\"image\" itemscope=\"itemscope\" itemtype=\"https:\/\/schema.org\/ImageObject\" >\n\t\t\t\t\t\t<span itemprop='url'>https:\/\/ptdl.pl\/ptdl\/wp-content\/uploads\/2024\/01\/oddzial_krakow.png<\/span>\n\t\t\t\t\t\t<span itemprop='height'>430<\/span>\n\t\t\t\t\t\t<span itemprop='width'>1000<\/span>\n\t\t\t\t<\/span>\n\t\t\t\t<span class='av-structured-data'  itemprop=\"publisher\" itemtype=\"https:\/\/schema.org\/Organization\" itemscope=\"itemscope\" >\n\t\t\t\t\t\t<span itemprop='name'>Anna Z\u0105bek-Adamska<\/span>\n\t\t\t\t\t\t<span itemprop='logo' itemscope itemtype='https:\/\/schema.org\/ImageObject'>\n\t\t\t\t\t\t\t<span itemprop='url'>https:\/\/ptdl.pl\/wp-content\/uploads\/2023\/03\/logo_2.svg<\/span>\n\t\t\t\t\t\t<\/span>\n\t\t\t\t<\/span><span class='av-structured-data'  itemprop=\"author\" itemscope=\"itemscope\" itemtype=\"https:\/\/schema.org\/Person\" ><span itemprop='name'>Anna Z\u0105bek-Adamska<\/span><\/span><span class='av-structured-data'  itemprop=\"datePublished\" datetime=\"2023-02-03T12:54:00+01:00\" >2024-11-04 17:48:35<\/span><span class='av-structured-data'  itemprop=\"dateModified\" itemtype=\"https:\/\/schema.org\/dateModified\" >2024-11-19 16:45:47<\/span><span class='av-structured-data'  itemprop=\"mainEntityOfPage\" itemtype=\"https:\/\/schema.org\/mainEntityOfPage\" ><span itemprop='name'>SYMPOZJUM PT: JAKO\u015a(\u0106) TO B\u0118DZIE\u2026CZYLI TRUDNE OBSZARY KONTROLI JAKO\u015aCI W DIAGNOSTYCE LABORATORYJNEJ<\/span><\/span><\/span><\/article><\/div><div class=\"slide-entry-wrap\"><article class='slide-entry flex_column  post-entry post-entry-3725 slide-entry-overview slide-loop-52 slide-parity-odd  av_one_third first real-thumbnail post-format-standard'  itemscope=\"itemscope\" itemtype=\"https:\/\/schema.org\/CreativeWork\" ><a href='https:\/\/ptdl.pl\/index.php\/2024\/10\/09\/warszawsko-lubelsko-swietokrzyska-jesien-diagnostyczna-17-18-10-2024-starachowice\/' data-rel='slide-5' class='slide-image' title='Warszawsko-Lubelsko-\u015awi\u0119tokrzyska Jesie\u0144 Diagnostyczna 17-18.10.2024 Starachowice'><img decoding=\"async\" width=\"300\" height=\"169\" src=\"https:\/\/ptdl.pl\/ptdl\/wp-content\/uploads\/2024\/10\/14-pkt-edukacyjnych-300x169.jpg\" class=\"wp-image-3726 avia-img-lazy-loading-not-3726 attachment-medium size-medium wp-post-image\" alt=\"\" srcset=\"https:\/\/ptdl.pl\/ptdl\/wp-content\/uploads\/2024\/10\/14-pkt-edukacyjnych-300x169.jpg 300w, https:\/\/ptdl.pl\/ptdl\/wp-content\/uploads\/2024\/10\/14-pkt-edukacyjnych-1030x579.jpg 1030w, https:\/\/ptdl.pl\/ptdl\/wp-content\/uploads\/2024\/10\/14-pkt-edukacyjnych-768x432.jpg 768w, https:\/\/ptdl.pl\/ptdl\/wp-content\/uploads\/2024\/10\/14-pkt-edukacyjnych-705x397.jpg 705w, https:\/\/ptdl.pl\/ptdl\/wp-content\/uploads\/2024\/10\/14-pkt-edukacyjnych.jpg 1280w\" sizes=\"(max-width: 300px) 100vw, 300px\" \/><\/a><div class=\"slide-content\"><header class=\"entry-content-header\"><h3 class='slide-entry-title entry-title '  itemprop=\"headline\" ><a href='https:\/\/ptdl.pl\/index.php\/2024\/10\/09\/warszawsko-lubelsko-swietokrzyska-jesien-diagnostyczna-17-18-10-2024-starachowice\/' title='Warszawsko-Lubelsko-\u015awi\u0119tokrzyska Jesie\u0144 Diagnostyczna 17-18.10.2024 Starachowice'>Warszawsko-Lubelsko-\u015awi\u0119tokrzyska Jesie\u0144 Diagnostyczna 17-18.10.2024 Starachowice<\/a><\/h3><span class=\"av-vertical-delimiter\"><\/span><\/header><div class=\"slide-meta\"><time class='slide-meta-time updated'  itemprop=\"datePublished\" datetime=\"2024-10-09T13:19:18+02:00\" >2024-10-09<\/time><\/div><div class='slide-entry-excerpt entry-content'  itemprop=\"text\" ><div class=\"read-more-link\"><a href=\"https:\/\/ptdl.pl\/index.php\/2024\/10\/09\/warszawsko-lubelsko-swietokrzyska-jesien-diagnostyczna-17-18-10-2024-starachowice\/\" class=\"more-link\">Czytaj dalej<span class=\"more-link-arrow\"><\/span><\/a><\/div><\/div><\/div><footer class=\"entry-footer\"><\/footer><span class='hidden'>\n\t\t\t\t<span class='av-structured-data'  itemprop=\"image\" itemscope=\"itemscope\" itemtype=\"https:\/\/schema.org\/ImageObject\" >\n\t\t\t\t\t\t<span itemprop='url'>https:\/\/ptdl.pl\/ptdl\/wp-content\/uploads\/2024\/10\/14-pkt-edukacyjnych.jpg<\/span>\n\t\t\t\t\t\t<span itemprop='height'>720<\/span>\n\t\t\t\t\t\t<span itemprop='width'>1280<\/span>\n\t\t\t\t<\/span>\n\t\t\t\t<span class='av-structured-data'  itemprop=\"publisher\" itemtype=\"https:\/\/schema.org\/Organization\" itemscope=\"itemscope\" >\n\t\t\t\t\t\t<span itemprop='name'>Olga Ciepiela<\/span>\n\t\t\t\t\t\t<span itemprop='logo' itemscope itemtype='https:\/\/schema.org\/ImageObject'>\n\t\t\t\t\t\t\t<span itemprop='url'>https:\/\/ptdl.pl\/wp-content\/uploads\/2023\/03\/logo_2.svg<\/span>\n\t\t\t\t\t\t<\/span>\n\t\t\t\t<\/span><span class='av-structured-data'  itemprop=\"author\" itemscope=\"itemscope\" itemtype=\"https:\/\/schema.org\/Person\" ><span itemprop='name'>Olga Ciepiela<\/span><\/span><span class='av-structured-data'  itemprop=\"datePublished\" datetime=\"2023-02-03T12:54:00+01:00\" >2024-10-09 13:19:18<\/span><span class='av-structured-data'  itemprop=\"dateModified\" itemtype=\"https:\/\/schema.org\/dateModified\" >2024-10-09 13:20:06<\/span><span class='av-structured-data'  itemprop=\"mainEntityOfPage\" itemtype=\"https:\/\/schema.org\/mainEntityOfPage\" ><span itemprop='name'>Warszawsko-Lubelsko-\u015awi\u0119tokrzyska Jesie\u0144 Diagnostyczna 17-18.10.2024 Starachowice<\/span><\/span><\/span><\/article><article class='slide-entry flex_column  post-entry post-entry-3573 slide-entry-overview slide-loop-53 slide-parity-even  av_one_third  real-thumbnail post-format-standard'  itemscope=\"itemscope\" itemtype=\"https:\/\/schema.org\/CreativeWork\" ><a href='https:\/\/ptdl.pl\/index.php\/2024\/09\/08\/posiedzenie-naukowo-szkoleniowenowosci-w-diagnostyce-laboratoryjnej-26-09-2024-r\/' data-rel='slide-5' class='slide-image' title='Posiedzenie naukowo-szkoleniowe&#8221;Nowo\u015bci w diagnostyce laboratoryjnej&#8221; -26.09.2024 r'><img decoding=\"async\" width=\"300\" height=\"200\" src=\"https:\/\/ptdl.pl\/ptdl\/wp-content\/uploads\/2024\/01\/cc-300x200.jpg\" class=\"wp-image-2539 avia-img-lazy-loading-not-2539 attachment-medium size-medium wp-post-image\" alt=\"\" srcset=\"https:\/\/ptdl.pl\/ptdl\/wp-content\/uploads\/2024\/01\/cc-300x200.jpg 300w, https:\/\/ptdl.pl\/ptdl\/wp-content\/uploads\/2024\/01\/cc-1030x687.jpg 1030w, https:\/\/ptdl.pl\/ptdl\/wp-content\/uploads\/2024\/01\/cc-768x512.jpg 768w, https:\/\/ptdl.pl\/ptdl\/wp-content\/uploads\/2024\/01\/cc-705x470.jpg 705w, https:\/\/ptdl.pl\/ptdl\/wp-content\/uploads\/2024\/01\/cc.jpg 1152w\" sizes=\"(max-width: 300px) 100vw, 300px\" \/><\/a><div class=\"slide-content\"><header class=\"entry-content-header\"><h3 class='slide-entry-title entry-title '  itemprop=\"headline\" ><a href='https:\/\/ptdl.pl\/index.php\/2024\/09\/08\/posiedzenie-naukowo-szkoleniowenowosci-w-diagnostyce-laboratoryjnej-26-09-2024-r\/' title='Posiedzenie naukowo-szkoleniowe&#8221;Nowo\u015bci w diagnostyce laboratoryjnej&#8221; -26.09.2024 r'>Posiedzenie naukowo-szkoleniowe&#8221;Nowo\u015bci w diagnostyce laboratoryjnej&#8221; -26.09.2024 r<\/a><\/h3><span class=\"av-vertical-delimiter\"><\/span><\/header><div class=\"slide-meta\"><time class='slide-meta-time updated'  itemprop=\"datePublished\" datetime=\"2024-09-08T10:21:26+02:00\" >2024-09-08<\/time><\/div><div class='slide-entry-excerpt entry-content'  itemprop=\"text\" ><div class=\"read-more-link\"><a href=\"https:\/\/ptdl.pl\/index.php\/2024\/09\/08\/posiedzenie-naukowo-szkoleniowenowosci-w-diagnostyce-laboratoryjnej-26-09-2024-r\/\" class=\"more-link\">Czytaj dalej<span class=\"more-link-arrow\"><\/span><\/a><\/div><\/div><\/div><footer class=\"entry-footer\"><\/footer><span class='hidden'>\n\t\t\t\t<span class='av-structured-data'  itemprop=\"image\" itemscope=\"itemscope\" itemtype=\"https:\/\/schema.org\/ImageObject\" >\n\t\t\t\t\t\t<span itemprop='url'>https:\/\/ptdl.pl\/ptdl\/wp-content\/uploads\/2024\/01\/cc.jpg<\/span>\n\t\t\t\t\t\t<span itemprop='height'>768<\/span>\n\t\t\t\t\t\t<span itemprop='width'>1152<\/span>\n\t\t\t\t<\/span>\n\t\t\t\t<span class='av-structured-data'  itemprop=\"publisher\" itemtype=\"https:\/\/schema.org\/Organization\" itemscope=\"itemscope\" >\n\t\t\t\t\t\t<span itemprop='name'>S\u0142awomira Balcerak<\/span>\n\t\t\t\t\t\t<span itemprop='logo' itemscope itemtype='https:\/\/schema.org\/ImageObject'>\n\t\t\t\t\t\t\t<span itemprop='url'>https:\/\/ptdl.pl\/wp-content\/uploads\/2023\/03\/logo_2.svg<\/span>\n\t\t\t\t\t\t<\/span>\n\t\t\t\t<\/span><span class='av-structured-data'  itemprop=\"author\" itemscope=\"itemscope\" itemtype=\"https:\/\/schema.org\/Person\" ><span itemprop='name'>S\u0142awomira Balcerak<\/span><\/span><span class='av-structured-data'  itemprop=\"datePublished\" datetime=\"2023-02-03T12:54:00+01:00\" >2024-09-08 10:21:26<\/span><span class='av-structured-data'  itemprop=\"dateModified\" itemtype=\"https:\/\/schema.org\/dateModified\" >2024-09-08 10:33:09<\/span><span class='av-structured-data'  itemprop=\"mainEntityOfPage\" itemtype=\"https:\/\/schema.org\/mainEntityOfPage\" ><span itemprop='name'>Posiedzenie naukowo-szkoleniowe&#8221;Nowo\u015bci w diagnostyce laboratoryjnej&#8221; -26.09.2024 r<\/span><\/span><\/span><\/article><article class='slide-entry flex_column  post-entry post-entry-3564 slide-entry-overview slide-loop-54 slide-parity-odd  av_one_third  real-thumbnail post-format-standard'  itemscope=\"itemscope\" itemtype=\"https:\/\/schema.org\/CreativeWork\" ><a href='https:\/\/ptdl.pl\/index.php\/2024\/08\/07\/v-warszawsko-lubelsko-swietkorzyska-jesien-diagnostyczna-konferencja-naukowa-17-18-10-2024\/' data-rel='slide-5' class='slide-image' title='V Warszawsko-Lubelsko-\u015awi\u0119tokrzyska Jesie\u0144 Diagnostyczna &#8211; Konferencja naukowa 17-18.10.2024'><img decoding=\"async\" width=\"300\" height=\"183\" src=\"https:\/\/ptdl.pl\/ptdl\/wp-content\/uploads\/2024\/08\/Na-strone-PTDL-300x183.jpg\" class=\"wp-image-3565 avia-img-lazy-loading-not-3565 attachment-medium size-medium wp-post-image\" alt=\"\" srcset=\"https:\/\/ptdl.pl\/ptdl\/wp-content\/uploads\/2024\/08\/Na-strone-PTDL-300x183.jpg 300w, https:\/\/ptdl.pl\/ptdl\/wp-content\/uploads\/2024\/08\/Na-strone-PTDL-705x430.jpg 705w, https:\/\/ptdl.pl\/ptdl\/wp-content\/uploads\/2024\/08\/Na-strone-PTDL.jpg 740w\" sizes=\"(max-width: 300px) 100vw, 300px\" \/><\/a><div class=\"slide-content\"><header class=\"entry-content-header\"><h3 class='slide-entry-title entry-title '  itemprop=\"headline\" ><a href='https:\/\/ptdl.pl\/index.php\/2024\/08\/07\/v-warszawsko-lubelsko-swietkorzyska-jesien-diagnostyczna-konferencja-naukowa-17-18-10-2024\/' title='V Warszawsko-Lubelsko-\u015awi\u0119tokrzyska Jesie\u0144 Diagnostyczna &#8211; Konferencja naukowa 17-18.10.2024'>V Warszawsko-Lubelsko-\u015awi\u0119tokrzyska Jesie\u0144 Diagnostyczna &#8211; Konferencja naukowa 17-18.10.2024<\/a><\/h3><span class=\"av-vertical-delimiter\"><\/span><\/header><div class=\"slide-meta\"><time class='slide-meta-time updated'  itemprop=\"datePublished\" datetime=\"2024-08-07T14:40:45+02:00\" >2024-08-07<\/time><\/div><div class='slide-entry-excerpt entry-content'  itemprop=\"text\" ><div class=\"read-more-link\"><a href=\"https:\/\/ptdl.pl\/index.php\/2024\/08\/07\/v-warszawsko-lubelsko-swietkorzyska-jesien-diagnostyczna-konferencja-naukowa-17-18-10-2024\/\" class=\"more-link\">Czytaj dalej<span class=\"more-link-arrow\"><\/span><\/a><\/div><\/div><\/div><footer class=\"entry-footer\"><\/footer><span class='hidden'>\n\t\t\t\t<span class='av-structured-data'  itemprop=\"image\" itemscope=\"itemscope\" itemtype=\"https:\/\/schema.org\/ImageObject\" >\n\t\t\t\t\t\t<span itemprop='url'>https:\/\/ptdl.pl\/ptdl\/wp-content\/uploads\/2024\/08\/Na-strone-PTDL.jpg<\/span>\n\t\t\t\t\t\t<span itemprop='height'>451<\/span>\n\t\t\t\t\t\t<span itemprop='width'>740<\/span>\n\t\t\t\t<\/span>\n\t\t\t\t<span class='av-structured-data'  itemprop=\"publisher\" itemtype=\"https:\/\/schema.org\/Organization\" itemscope=\"itemscope\" >\n\t\t\t\t\t\t<span itemprop='name'>Olga Ciepiela<\/span>\n\t\t\t\t\t\t<span itemprop='logo' itemscope itemtype='https:\/\/schema.org\/ImageObject'>\n\t\t\t\t\t\t\t<span itemprop='url'>https:\/\/ptdl.pl\/wp-content\/uploads\/2023\/03\/logo_2.svg<\/span>\n\t\t\t\t\t\t<\/span>\n\t\t\t\t<\/span><span class='av-structured-data'  itemprop=\"author\" itemscope=\"itemscope\" itemtype=\"https:\/\/schema.org\/Person\" ><span itemprop='name'>Olga Ciepiela<\/span><\/span><span class='av-structured-data'  itemprop=\"datePublished\" datetime=\"2023-02-03T12:54:00+01:00\" >2024-08-07 14:40:45<\/span><span class='av-structured-data'  itemprop=\"dateModified\" itemtype=\"https:\/\/schema.org\/dateModified\" >2024-08-07 14:41:46<\/span><span class='av-structured-data'  itemprop=\"mainEntityOfPage\" itemtype=\"https:\/\/schema.org\/mainEntityOfPage\" ><span itemprop='name'>V Warszawsko-Lubelsko-\u015awi\u0119tokrzyska Jesie\u0144 Diagnostyczna &#8211; Konferencja naukowa 17-18.10.2024<\/span><\/span><\/span><\/article><\/div><div class=\"slide-entry-wrap\"><article class='slide-entry flex_column  post-entry post-entry-3448 slide-entry-overview slide-loop-55 slide-parity-odd  av_one_third first real-thumbnail post-format-standard'  itemscope=\"itemscope\" itemtype=\"https:\/\/schema.org\/CreativeWork\" ><a href='https:\/\/ptdl.pl\/index.php\/2024\/05\/27\/konferencja-online-trendy-w-diagnostyce-wybrane-aspekty-medycyny-laboratoryjnej-27-maja-7-czerwca-2024\/' data-rel='slide-5' class='slide-image' title='Konferencja online Trendy w Diagnostyce &#8211; Wybrane aspekty Medycyny Laboratoryjnej 27 maja &#8211; 7 czerwca 2024'><img decoding=\"async\" width=\"300\" height=\"199\" src=\"https:\/\/ptdl.pl\/ptdl\/wp-content\/uploads\/2023\/12\/news_54-300x199.jpg\" class=\"wp-image-2029 avia-img-lazy-loading-not-2029 attachment-medium size-medium wp-post-image\" alt=\"\" srcset=\"https:\/\/ptdl.pl\/ptdl\/wp-content\/uploads\/2023\/12\/news_54-300x199.jpg 300w, https:\/\/ptdl.pl\/ptdl\/wp-content\/uploads\/2023\/12\/news_54.jpg 502w\" sizes=\"(max-width: 300px) 100vw, 300px\" \/><\/a><div class=\"slide-content\"><header class=\"entry-content-header\"><h3 class='slide-entry-title entry-title '  itemprop=\"headline\" ><a href='https:\/\/ptdl.pl\/index.php\/2024\/05\/27\/konferencja-online-trendy-w-diagnostyce-wybrane-aspekty-medycyny-laboratoryjnej-27-maja-7-czerwca-2024\/' title='Konferencja online Trendy w Diagnostyce &#8211; Wybrane aspekty Medycyny Laboratoryjnej 27 maja &#8211; 7 czerwca 2024'>Konferencja online Trendy w Diagnostyce &#8211; Wybrane aspekty Medycyny Laboratoryjnej 27 maja &#8211; 7 czerwca 2024<\/a><\/h3><span class=\"av-vertical-delimiter\"><\/span><\/header><div class=\"slide-meta\"><time class='slide-meta-time updated'  itemprop=\"datePublished\" datetime=\"2024-05-27T08:00:31+02:00\" >2024-05-27<\/time><\/div><div class='slide-entry-excerpt entry-content'  itemprop=\"text\" ><div class=\"read-more-link\"><a href=\"https:\/\/ptdl.pl\/index.php\/2024\/05\/27\/konferencja-online-trendy-w-diagnostyce-wybrane-aspekty-medycyny-laboratoryjnej-27-maja-7-czerwca-2024\/\" class=\"more-link\">Czytaj dalej<span class=\"more-link-arrow\"><\/span><\/a><\/div><\/div><\/div><footer class=\"entry-footer\"><\/footer><span class='hidden'>\n\t\t\t\t<span class='av-structured-data'  itemprop=\"image\" itemscope=\"itemscope\" itemtype=\"https:\/\/schema.org\/ImageObject\" >\n\t\t\t\t\t\t<span itemprop='url'>https:\/\/ptdl.pl\/ptdl\/wp-content\/uploads\/2023\/12\/news_54.jpg<\/span>\n\t\t\t\t\t\t<span itemprop='height'>333<\/span>\n\t\t\t\t\t\t<span itemprop='width'>502<\/span>\n\t\t\t\t<\/span>\n\t\t\t\t<span class='av-structured-data'  itemprop=\"publisher\" itemtype=\"https:\/\/schema.org\/Organization\" itemscope=\"itemscope\" >\n\t\t\t\t\t\t<span itemprop='name'>admin<\/span>\n\t\t\t\t\t\t<span itemprop='logo' itemscope itemtype='https:\/\/schema.org\/ImageObject'>\n\t\t\t\t\t\t\t<span itemprop='url'>https:\/\/ptdl.pl\/wp-content\/uploads\/2023\/03\/logo_2.svg<\/span>\n\t\t\t\t\t\t<\/span>\n\t\t\t\t<\/span><span class='av-structured-data'  itemprop=\"author\" itemscope=\"itemscope\" itemtype=\"https:\/\/schema.org\/Person\" ><span itemprop='name'>admin<\/span><\/span><span class='av-structured-data'  itemprop=\"datePublished\" datetime=\"2023-02-03T12:54:00+01:00\" >2024-05-27 08:00:31<\/span><span class='av-structured-data'  itemprop=\"dateModified\" itemtype=\"https:\/\/schema.org\/dateModified\" >2024-05-26 23:07:38<\/span><span class='av-structured-data'  itemprop=\"mainEntityOfPage\" itemtype=\"https:\/\/schema.org\/mainEntityOfPage\" ><span itemprop='name'>Konferencja online Trendy w Diagnostyce &#8211; Wybrane aspekty Medycyny Laboratoryjnej 27 maja &#8211; 7 czerwca 2024<\/span><\/span><\/span><\/article><article class='slide-entry flex_column  post-entry post-entry-3329 slide-entry-overview slide-loop-56 slide-parity-even  av_one_third  real-thumbnail post-format-standard'  itemscope=\"itemscope\" itemtype=\"https:\/\/schema.org\/CreativeWork\" ><a href='https:\/\/ptdl.pl\/index.php\/2024\/05\/14\/konferencja-online-trendy-w-diagnostyce-wybrane-aspekty-medycyny-laboratoryjnej-27-maja-7-czerwca-202\/' data-rel='slide-5' class='slide-image' title='Konferencja online Trendy w Diagnostyce &#8211; Wybrane aspekty Medycyny Laboratoryjnej 27 maja &#8211; 7 czerwca 2024'><img decoding=\"async\" width=\"300\" height=\"199\" src=\"https:\/\/ptdl.pl\/ptdl\/wp-content\/uploads\/2023\/12\/news_54-300x199.jpg\" class=\"wp-image-2029 avia-img-lazy-loading-not-2029 attachment-medium size-medium wp-post-image\" alt=\"\" srcset=\"https:\/\/ptdl.pl\/ptdl\/wp-content\/uploads\/2023\/12\/news_54-300x199.jpg 300w, https:\/\/ptdl.pl\/ptdl\/wp-content\/uploads\/2023\/12\/news_54.jpg 502w\" sizes=\"(max-width: 300px) 100vw, 300px\" \/><\/a><div class=\"slide-content\"><header class=\"entry-content-header\"><h3 class='slide-entry-title entry-title '  itemprop=\"headline\" ><a href='https:\/\/ptdl.pl\/index.php\/2024\/05\/14\/konferencja-online-trendy-w-diagnostyce-wybrane-aspekty-medycyny-laboratoryjnej-27-maja-7-czerwca-202\/' title='Konferencja online Trendy w Diagnostyce &#8211; Wybrane aspekty Medycyny Laboratoryjnej 27 maja &#8211; 7 czerwca 2024'>Konferencja online Trendy w Diagnostyce &#8211; Wybrane aspekty Medycyny Laboratoryjnej 27 maja &#8211; 7 czerwca 2024<\/a><\/h3><span class=\"av-vertical-delimiter\"><\/span><\/header><div class=\"slide-meta\"><time class='slide-meta-time updated'  itemprop=\"datePublished\" datetime=\"2024-05-14T11:49:21+02:00\" >2024-05-14<\/time><\/div><div class='slide-entry-excerpt entry-content'  itemprop=\"text\" ><div class=\"read-more-link\"><a href=\"https:\/\/ptdl.pl\/index.php\/2024\/05\/14\/konferencja-online-trendy-w-diagnostyce-wybrane-aspekty-medycyny-laboratoryjnej-27-maja-7-czerwca-202\/\" class=\"more-link\">Czytaj dalej<span class=\"more-link-arrow\"><\/span><\/a><\/div><\/div><\/div><footer class=\"entry-footer\"><\/footer><span class='hidden'>\n\t\t\t\t<span class='av-structured-data'  itemprop=\"image\" itemscope=\"itemscope\" itemtype=\"https:\/\/schema.org\/ImageObject\" >\n\t\t\t\t\t\t<span itemprop='url'>https:\/\/ptdl.pl\/ptdl\/wp-content\/uploads\/2023\/12\/news_54.jpg<\/span>\n\t\t\t\t\t\t<span itemprop='height'>333<\/span>\n\t\t\t\t\t\t<span itemprop='width'>502<\/span>\n\t\t\t\t<\/span>\n\t\t\t\t<span class='av-structured-data'  itemprop=\"publisher\" itemtype=\"https:\/\/schema.org\/Organization\" itemscope=\"itemscope\" >\n\t\t\t\t\t\t<span itemprop='name'>admin<\/span>\n\t\t\t\t\t\t<span itemprop='logo' itemscope itemtype='https:\/\/schema.org\/ImageObject'>\n\t\t\t\t\t\t\t<span itemprop='url'>https:\/\/ptdl.pl\/wp-content\/uploads\/2023\/03\/logo_2.svg<\/span>\n\t\t\t\t\t\t<\/span>\n\t\t\t\t<\/span><span class='av-structured-data'  itemprop=\"author\" itemscope=\"itemscope\" itemtype=\"https:\/\/schema.org\/Person\" ><span itemprop='name'>admin<\/span><\/span><span class='av-structured-data'  itemprop=\"datePublished\" datetime=\"2023-02-03T12:54:00+01:00\" >2024-05-14 11:49:21<\/span><span class='av-structured-data'  itemprop=\"dateModified\" itemtype=\"https:\/\/schema.org\/dateModified\" >2024-05-24 09:45:35<\/span><span class='av-structured-data'  itemprop=\"mainEntityOfPage\" itemtype=\"https:\/\/schema.org\/mainEntityOfPage\" ><span itemprop='name'>Konferencja online Trendy w Diagnostyce &#8211; Wybrane aspekty Medycyny Laboratoryjnej 27 maja &#8211; 7 czerwca 2024<\/span><\/span><\/span><\/article><article class='slide-entry flex_column  post-entry post-entry-3368 slide-entry-overview slide-loop-57 slide-parity-odd  av_one_third  real-thumbnail post-format-standard'  itemscope=\"itemscope\" itemtype=\"https:\/\/schema.org\/CreativeWork\" ><a href='https:\/\/ptdl.pl\/index.php\/2024\/05\/13\/konferencja-medycyna-laboratoryjna-2024-rejestracja\/' data-rel='slide-5' class='slide-image' title='Konferencja MEDYCYNA LABORATORYJNA 2024 &#8211; REJESTRACJA'><img decoding=\"async\" width=\"300\" height=\"199\" src=\"https:\/\/ptdl.pl\/ptdl\/wp-content\/uploads\/2023\/02\/news_017-300x199.jpg\" class=\"wp-image-808 avia-img-lazy-loading-not-808 attachment-medium size-medium wp-post-image\" alt=\"\" srcset=\"https:\/\/ptdl.pl\/ptdl\/wp-content\/uploads\/2023\/02\/news_017-300x199.jpg 300w, https:\/\/ptdl.pl\/ptdl\/wp-content\/uploads\/2023\/02\/news_017.jpg 500w\" sizes=\"(max-width: 300px) 100vw, 300px\" \/><\/a><div class=\"slide-content\"><header class=\"entry-content-header\"><h3 class='slide-entry-title entry-title '  itemprop=\"headline\" ><a href='https:\/\/ptdl.pl\/index.php\/2024\/05\/13\/konferencja-medycyna-laboratoryjna-2024-rejestracja\/' title='Konferencja MEDYCYNA LABORATORYJNA 2024 &#8211; REJESTRACJA'>Konferencja MEDYCYNA LABORATORYJNA 2024 &#8211; REJESTRACJA<\/a><\/h3><span class=\"av-vertical-delimiter\"><\/span><\/header><div class=\"slide-meta\"><time class='slide-meta-time updated'  itemprop=\"datePublished\" datetime=\"2024-05-13T22:16:12+02:00\" >2024-05-13<\/time><\/div><div class='slide-entry-excerpt entry-content'  itemprop=\"text\" ><div class=\"read-more-link\"><a href=\"https:\/\/ptdl.pl\/index.php\/2024\/05\/13\/konferencja-medycyna-laboratoryjna-2024-rejestracja\/\" class=\"more-link\">Czytaj dalej<span class=\"more-link-arrow\"><\/span><\/a><\/div><\/div><\/div><footer class=\"entry-footer\"><\/footer><span class='hidden'>\n\t\t\t\t<span class='av-structured-data'  itemprop=\"image\" itemscope=\"itemscope\" itemtype=\"https:\/\/schema.org\/ImageObject\" >\n\t\t\t\t\t\t<span itemprop='url'>https:\/\/ptdl.pl\/ptdl\/wp-content\/uploads\/2023\/02\/news_017.jpg<\/span>\n\t\t\t\t\t\t<span itemprop='height'>332<\/span>\n\t\t\t\t\t\t<span itemprop='width'>500<\/span>\n\t\t\t\t<\/span>\n\t\t\t\t<span class='av-structured-data'  itemprop=\"publisher\" itemtype=\"https:\/\/schema.org\/Organization\" itemscope=\"itemscope\" >\n\t\t\t\t\t\t<span itemprop='name'>admin<\/span>\n\t\t\t\t\t\t<span itemprop='logo' itemscope itemtype='https:\/\/schema.org\/ImageObject'>\n\t\t\t\t\t\t\t<span itemprop='url'>https:\/\/ptdl.pl\/wp-content\/uploads\/2023\/03\/logo_2.svg<\/span>\n\t\t\t\t\t\t<\/span>\n\t\t\t\t<\/span><span class='av-structured-data'  itemprop=\"author\" itemscope=\"itemscope\" itemtype=\"https:\/\/schema.org\/Person\" ><span itemprop='name'>admin<\/span><\/span><span class='av-structured-data'  itemprop=\"datePublished\" datetime=\"2023-02-03T12:54:00+01:00\" >2024-05-13 22:16:12<\/span><span class='av-structured-data'  itemprop=\"dateModified\" itemtype=\"https:\/\/schema.org\/dateModified\" >2024-05-24 10:49:38<\/span><span class='av-structured-data'  itemprop=\"mainEntityOfPage\" itemtype=\"https:\/\/schema.org\/mainEntityOfPage\" ><span itemprop='name'>Konferencja MEDYCYNA LABORATORYJNA 2024 &#8211; REJESTRACJA<\/span><\/span><\/span><\/article><\/div><div class=\"slide-entry-wrap\"><article class='slide-entry flex_column  post-entry post-entry-3319 slide-entry-overview slide-loop-58 slide-parity-odd  av_one_third first real-thumbnail post-format-image'  itemscope=\"itemscope\" itemtype=\"https:\/\/schema.org\/CreativeWork\" ><a href='https:\/\/ptdl.pl\/index.php\/2024\/05\/13\/mini-konferencja-immunochemia-w-diagnostyce-chorob-cywilizacyjnych-11-06-2024-gdansk\/' data-rel='slide-5' class='slide-image' title='Mini-konferencja &#8222;Immunochemia w diagnostyce chor\u00f3b cywilizacyjnych&#8221; 11.06.2024 Gda\u0144sk'><img decoding=\"async\" width=\"300\" height=\"168\" src=\"https:\/\/ptdl.pl\/ptdl\/wp-content\/uploads\/2024\/05\/Bez-nazwy.jpg\" class=\"wp-image-3323 avia-img-lazy-loading-not-3323 attachment-medium size-medium wp-post-image\" alt=\"\" \/><\/a><div class=\"slide-content\"><header class=\"entry-content-header\"><h3 class='slide-entry-title entry-title '  itemprop=\"headline\" ><a href='https:\/\/ptdl.pl\/index.php\/2024\/05\/13\/mini-konferencja-immunochemia-w-diagnostyce-chorob-cywilizacyjnych-11-06-2024-gdansk\/' title='Mini-konferencja &#8222;Immunochemia w diagnostyce chor\u00f3b cywilizacyjnych&#8221; 11.06.2024 Gda\u0144sk'>Mini-konferencja &#8222;Immunochemia w diagnostyce chor\u00f3b cywilizacyjnych&#8221; 11.06.2024 Gda\u0144sk<\/a><\/h3><span class=\"av-vertical-delimiter\"><\/span><\/header><div class=\"slide-meta\"><time class='slide-meta-time updated'  itemprop=\"datePublished\" datetime=\"2024-05-13T11:09:38+02:00\" >2024-05-13<\/time><\/div><div class='slide-entry-excerpt entry-content'  itemprop=\"text\" ><div class=\"read-more-link\"><a href=\"https:\/\/ptdl.pl\/index.php\/2024\/05\/13\/mini-konferencja-immunochemia-w-diagnostyce-chorob-cywilizacyjnych-11-06-2024-gdansk\/\" class=\"more-link\">Czytaj dalej<span class=\"more-link-arrow\"><\/span><\/a><\/div><\/div><\/div><footer class=\"entry-footer\"><\/footer><span class='hidden'>\n\t\t\t\t<span class='av-structured-data'  itemprop=\"image\" itemscope=\"itemscope\" itemtype=\"https:\/\/schema.org\/ImageObject\" >\n\t\t\t\t\t\t<span itemprop='url'>https:\/\/ptdl.pl\/ptdl\/wp-content\/uploads\/2024\/05\/Bez-nazwy.jpg<\/span>\n\t\t\t\t\t\t<span itemprop='height'>168<\/span>\n\t\t\t\t\t\t<span itemprop='width'>300<\/span>\n\t\t\t\t<\/span>\n\t\t\t\t<span class='av-structured-data'  itemprop=\"publisher\" itemtype=\"https:\/\/schema.org\/Organization\" itemscope=\"itemscope\" >\n\t\t\t\t\t\t<span itemprop='name'>Agnieszka Jankowska-Kulawy<\/span>\n\t\t\t\t\t\t<span itemprop='logo' itemscope itemtype='https:\/\/schema.org\/ImageObject'>\n\t\t\t\t\t\t\t<span itemprop='url'>https:\/\/ptdl.pl\/wp-content\/uploads\/2023\/03\/logo_2.svg<\/span>\n\t\t\t\t\t\t<\/span>\n\t\t\t\t<\/span><span class='av-structured-data'  itemprop=\"author\" itemscope=\"itemscope\" itemtype=\"https:\/\/schema.org\/Person\" ><span itemprop='name'>Agnieszka Jankowska-Kulawy<\/span><\/span><span class='av-structured-data'  itemprop=\"datePublished\" datetime=\"2023-02-03T12:54:00+01:00\" >2024-05-13 11:09:38<\/span><span class='av-structured-data'  itemprop=\"dateModified\" itemtype=\"https:\/\/schema.org\/dateModified\" >2024-05-13 11:13:15<\/span><span class='av-structured-data'  itemprop=\"mainEntityOfPage\" itemtype=\"https:\/\/schema.org\/mainEntityOfPage\" ><span itemprop='name'>Mini-konferencja &#8222;Immunochemia w diagnostyce chor\u00f3b cywilizacyjnych&#8221; 11.06.2024 Gda\u0144sk<\/span><\/span><\/span><\/article><article class='slide-entry flex_column  post-entry post-entry-3306 slide-entry-overview slide-loop-59 slide-parity-even  av_one_third  real-thumbnail post-format-standard'  itemscope=\"itemscope\" itemtype=\"https:\/\/schema.org\/CreativeWork\" ><a href='https:\/\/ptdl.pl\/index.php\/2024\/05\/11\/rejestracja-na-konferencje-naukowo-szkoleniowa-oddzialu-ptdl-w-bydgoszczy-lysomice-2024-r\/' data-rel='slide-5' class='slide-image' title='Rejestracja na konferencj\u0119 naukowo-szkoleniow\u0105 Oddzia\u0142u PTDL w Bydgoszczy-\u0141ysomice 2024 r'><img decoding=\"async\" width=\"300\" height=\"200\" src=\"https:\/\/ptdl.pl\/ptdl\/wp-content\/uploads\/2024\/01\/2020-10-17-300x200.jpg\" class=\"wp-image-2586 avia-img-lazy-loading-not-2586 attachment-medium size-medium wp-post-image\" alt=\"\" srcset=\"https:\/\/ptdl.pl\/ptdl\/wp-content\/uploads\/2024\/01\/2020-10-17-300x200.jpg 300w, https:\/\/ptdl.pl\/ptdl\/wp-content\/uploads\/2024\/01\/2020-10-17-1030x686.jpg 1030w, https:\/\/ptdl.pl\/ptdl\/wp-content\/uploads\/2024\/01\/2020-10-17-768x512.jpg 768w, https:\/\/ptdl.pl\/ptdl\/wp-content\/uploads\/2024\/01\/2020-10-17-705x470.jpg 705w, https:\/\/ptdl.pl\/ptdl\/wp-content\/uploads\/2024\/01\/2020-10-17.jpg 1360w\" sizes=\"(max-width: 300px) 100vw, 300px\" \/><\/a><div class=\"slide-content\"><header class=\"entry-content-header\"><h3 class='slide-entry-title entry-title '  itemprop=\"headline\" ><a href='https:\/\/ptdl.pl\/index.php\/2024\/05\/11\/rejestracja-na-konferencje-naukowo-szkoleniowa-oddzialu-ptdl-w-bydgoszczy-lysomice-2024-r\/' title='Rejestracja na konferencj\u0119 naukowo-szkoleniow\u0105 Oddzia\u0142u PTDL w Bydgoszczy-\u0141ysomice 2024 r'>Rejestracja na konferencj\u0119 naukowo-szkoleniow\u0105 Oddzia\u0142u PTDL w Bydgoszczy-\u0141ysomice 2024 r<\/a><\/h3><span class=\"av-vertical-delimiter\"><\/span><\/header><div class=\"slide-meta\"><time class='slide-meta-time updated'  itemprop=\"datePublished\" datetime=\"2024-05-11T12:50:07+02:00\" >2024-05-11<\/time><\/div><div class='slide-entry-excerpt entry-content'  itemprop=\"text\" ><div class=\"read-more-link\"><a href=\"https:\/\/ptdl.pl\/index.php\/2024\/05\/11\/rejestracja-na-konferencje-naukowo-szkoleniowa-oddzialu-ptdl-w-bydgoszczy-lysomice-2024-r\/\" class=\"more-link\">Czytaj dalej<span class=\"more-link-arrow\"><\/span><\/a><\/div><\/div><\/div><footer class=\"entry-footer\"><\/footer><span class='hidden'>\n\t\t\t\t<span class='av-structured-data'  itemprop=\"image\" itemscope=\"itemscope\" itemtype=\"https:\/\/schema.org\/ImageObject\" >\n\t\t\t\t\t\t<span itemprop='url'>https:\/\/ptdl.pl\/ptdl\/wp-content\/uploads\/2024\/01\/2020-10-17.jpg<\/span>\n\t\t\t\t\t\t<span itemprop='height'>906<\/span>\n\t\t\t\t\t\t<span itemprop='width'>1360<\/span>\n\t\t\t\t<\/span>\n\t\t\t\t<span class='av-structured-data'  itemprop=\"publisher\" itemtype=\"https:\/\/schema.org\/Organization\" itemscope=\"itemscope\" >\n\t\t\t\t\t\t<span itemprop='name'>S\u0142awomira Balcerak<\/span>\n\t\t\t\t\t\t<span itemprop='logo' itemscope itemtype='https:\/\/schema.org\/ImageObject'>\n\t\t\t\t\t\t\t<span itemprop='url'>https:\/\/ptdl.pl\/wp-content\/uploads\/2023\/03\/logo_2.svg<\/span>\n\t\t\t\t\t\t<\/span>\n\t\t\t\t<\/span><span class='av-structured-data'  itemprop=\"author\" itemscope=\"itemscope\" itemtype=\"https:\/\/schema.org\/Person\" ><span itemprop='name'>S\u0142awomira Balcerak<\/span><\/span><span class='av-structured-data'  itemprop=\"datePublished\" datetime=\"2023-02-03T12:54:00+01:00\" >2024-05-11 12:50:07<\/span><span class='av-structured-data'  itemprop=\"dateModified\" itemtype=\"https:\/\/schema.org\/dateModified\" >2024-05-13 15:42:47<\/span><span class='av-structured-data'  itemprop=\"mainEntityOfPage\" itemtype=\"https:\/\/schema.org\/mainEntityOfPage\" ><span itemprop='name'>Rejestracja na konferencj\u0119 naukowo-szkoleniow\u0105 Oddzia\u0142u PTDL w Bydgoszczy-\u0141ysomice 2024 r<\/span><\/span><\/span><\/article><article class='slide-entry flex_column  post-entry post-entry-3259 slide-entry-overview slide-loop-60 slide-parity-odd  av_one_third  real-thumbnail post-format-standard'  itemscope=\"itemscope\" itemtype=\"https:\/\/schema.org\/CreativeWork\" ><a href='https:\/\/ptdl.pl\/index.php\/2024\/04\/30\/konferencja-medycyna-laboratoryjna-2024\/' data-rel='slide-5' class='slide-image' title='Konferencja MEDYCYNA LABORATORYJNA 2024'><img decoding=\"async\" width=\"300\" height=\"200\" src=\"https:\/\/ptdl.pl\/ptdl\/wp-content\/uploads\/2024\/04\/mszczonow2024s-300x200.png\" class=\"wp-image-3282 avia-img-lazy-loading-not-3282 attachment-medium size-medium wp-post-image\" alt=\"\" srcset=\"https:\/\/ptdl.pl\/ptdl\/wp-content\/uploads\/2024\/04\/mszczonow2024s-300x200.png 300w, https:\/\/ptdl.pl\/ptdl\/wp-content\/uploads\/2024\/04\/mszczonow2024s.png 500w\" sizes=\"(max-width: 300px) 100vw, 300px\" \/><\/a><div class=\"slide-content\"><header class=\"entry-content-header\"><h3 class='slide-entry-title entry-title '  itemprop=\"headline\" ><a href='https:\/\/ptdl.pl\/index.php\/2024\/04\/30\/konferencja-medycyna-laboratoryjna-2024\/' title='Konferencja MEDYCYNA LABORATORYJNA 2024'>Konferencja MEDYCYNA LABORATORYJNA 2024<\/a><\/h3><span class=\"av-vertical-delimiter\"><\/span><\/header><div class=\"slide-meta\"><time class='slide-meta-time updated'  itemprop=\"datePublished\" datetime=\"2024-04-30T08:48:41+02:00\" >2024-04-30<\/time><\/div><div class='slide-entry-excerpt entry-content'  itemprop=\"text\" ><div class=\"read-more-link\"><a href=\"https:\/\/ptdl.pl\/index.php\/2024\/04\/30\/konferencja-medycyna-laboratoryjna-2024\/\" class=\"more-link\">Czytaj dalej<span class=\"more-link-arrow\"><\/span><\/a><\/div><\/div><\/div><footer class=\"entry-footer\"><\/footer><span class='hidden'>\n\t\t\t\t<span class='av-structured-data'  itemprop=\"image\" itemscope=\"itemscope\" itemtype=\"https:\/\/schema.org\/ImageObject\" >\n\t\t\t\t\t\t<span itemprop='url'>https:\/\/ptdl.pl\/ptdl\/wp-content\/uploads\/2024\/04\/mszczonow2024s.png<\/span>\n\t\t\t\t\t\t<span itemprop='height'>333<\/span>\n\t\t\t\t\t\t<span itemprop='width'>500<\/span>\n\t\t\t\t<\/span>\n\t\t\t\t<span class='av-structured-data'  itemprop=\"publisher\" itemtype=\"https:\/\/schema.org\/Organization\" itemscope=\"itemscope\" >\n\t\t\t\t\t\t<span itemprop='name'>admin<\/span>\n\t\t\t\t\t\t<span itemprop='logo' itemscope itemtype='https:\/\/schema.org\/ImageObject'>\n\t\t\t\t\t\t\t<span itemprop='url'>https:\/\/ptdl.pl\/wp-content\/uploads\/2023\/03\/logo_2.svg<\/span>\n\t\t\t\t\t\t<\/span>\n\t\t\t\t<\/span><span class='av-structured-data'  itemprop=\"author\" itemscope=\"itemscope\" itemtype=\"https:\/\/schema.org\/Person\" ><span itemprop='name'>admin<\/span><\/span><span class='av-structured-data'  itemprop=\"datePublished\" datetime=\"2023-02-03T12:54:00+01:00\" >2024-04-30 08:48:41<\/span><span class='av-structured-data'  itemprop=\"dateModified\" itemtype=\"https:\/\/schema.org\/dateModified\" >2024-05-07 13:42:02<\/span><span class='av-structured-data'  itemprop=\"mainEntityOfPage\" itemtype=\"https:\/\/schema.org\/mainEntityOfPage\" ><span itemprop='name'>Konferencja MEDYCYNA LABORATORYJNA 2024<\/span><\/span><\/span><\/article><\/div><div class=\"slide-entry-wrap\"><article class='slide-entry flex_column  post-entry post-entry-3251 slide-entry-overview slide-loop-61 slide-parity-odd  av_one_third first real-thumbnail post-format-standard'  itemscope=\"itemscope\" itemtype=\"https:\/\/schema.org\/CreativeWork\" ><a href='https:\/\/ptdl.pl\/index.php\/2024\/04\/24\/3251\/' data-rel='slide-5' class='slide-image' title='Konferencja Naukowo-Szkoleniowa O\/Bydgoszcz 05-06 czerwca 2024 r'><img decoding=\"async\" width=\"300\" height=\"200\" src=\"https:\/\/ptdl.pl\/ptdl\/wp-content\/uploads\/2024\/01\/2020-10-17-300x200.jpg\" class=\"wp-image-2586 avia-img-lazy-loading-not-2586 attachment-medium size-medium wp-post-image\" alt=\"\" srcset=\"https:\/\/ptdl.pl\/ptdl\/wp-content\/uploads\/2024\/01\/2020-10-17-300x200.jpg 300w, https:\/\/ptdl.pl\/ptdl\/wp-content\/uploads\/2024\/01\/2020-10-17-1030x686.jpg 1030w, https:\/\/ptdl.pl\/ptdl\/wp-content\/uploads\/2024\/01\/2020-10-17-768x512.jpg 768w, https:\/\/ptdl.pl\/ptdl\/wp-content\/uploads\/2024\/01\/2020-10-17-705x470.jpg 705w, https:\/\/ptdl.pl\/ptdl\/wp-content\/uploads\/2024\/01\/2020-10-17.jpg 1360w\" sizes=\"(max-width: 300px) 100vw, 300px\" \/><\/a><div class=\"slide-content\"><header class=\"entry-content-header\"><h3 class='slide-entry-title entry-title '  itemprop=\"headline\" ><a href='https:\/\/ptdl.pl\/index.php\/2024\/04\/24\/3251\/' title='Konferencja Naukowo-Szkoleniowa O\/Bydgoszcz 05-06 czerwca 2024 r'>Konferencja Naukowo-Szkoleniowa O\/Bydgoszcz 05-06 czerwca 2024 r<\/a><\/h3><span class=\"av-vertical-delimiter\"><\/span><\/header><div class=\"slide-meta\"><time class='slide-meta-time updated'  itemprop=\"datePublished\" datetime=\"2024-04-24T16:28:59+02:00\" >2024-04-24<\/time><\/div><div class='slide-entry-excerpt entry-content'  itemprop=\"text\" ><div class=\"read-more-link\"><a href=\"https:\/\/ptdl.pl\/index.php\/2024\/04\/24\/3251\/\" class=\"more-link\">Czytaj dalej<span class=\"more-link-arrow\"><\/span><\/a><\/div><\/div><\/div><footer class=\"entry-footer\"><\/footer><span class='hidden'>\n\t\t\t\t<span class='av-structured-data'  itemprop=\"image\" itemscope=\"itemscope\" itemtype=\"https:\/\/schema.org\/ImageObject\" >\n\t\t\t\t\t\t<span itemprop='url'>https:\/\/ptdl.pl\/ptdl\/wp-content\/uploads\/2024\/01\/2020-10-17.jpg<\/span>\n\t\t\t\t\t\t<span itemprop='height'>906<\/span>\n\t\t\t\t\t\t<span itemprop='width'>1360<\/span>\n\t\t\t\t<\/span>\n\t\t\t\t<span class='av-structured-data'  itemprop=\"publisher\" itemtype=\"https:\/\/schema.org\/Organization\" itemscope=\"itemscope\" >\n\t\t\t\t\t\t<span itemprop='name'>S\u0142awomira Balcerak<\/span>\n\t\t\t\t\t\t<span itemprop='logo' itemscope itemtype='https:\/\/schema.org\/ImageObject'>\n\t\t\t\t\t\t\t<span itemprop='url'>https:\/\/ptdl.pl\/wp-content\/uploads\/2023\/03\/logo_2.svg<\/span>\n\t\t\t\t\t\t<\/span>\n\t\t\t\t<\/span><span class='av-structured-data'  itemprop=\"author\" itemscope=\"itemscope\" itemtype=\"https:\/\/schema.org\/Person\" ><span itemprop='name'>S\u0142awomira Balcerak<\/span><\/span><span class='av-structured-data'  itemprop=\"datePublished\" datetime=\"2023-02-03T12:54:00+01:00\" >2024-04-24 16:28:59<\/span><span class='av-structured-data'  itemprop=\"dateModified\" itemtype=\"https:\/\/schema.org\/dateModified\" >2024-05-17 16:38:53<\/span><span class='av-structured-data'  itemprop=\"mainEntityOfPage\" itemtype=\"https:\/\/schema.org\/mainEntityOfPage\" ><span itemprop='name'>Konferencja Naukowo-Szkoleniowa O\/Bydgoszcz 05-06 czerwca 2024 r<\/span><\/span><\/span><\/article><article class='slide-entry flex_column  post-entry post-entry-3182 slide-entry-overview slide-loop-62 slide-parity-even  av_one_third  real-thumbnail post-format-standard'  itemscope=\"itemscope\" itemtype=\"https:\/\/schema.org\/CreativeWork\" ><a href='https:\/\/ptdl.pl\/index.php\/2024\/04\/15\/jubileuszowa-konferencja-z-okazji-xxx-lecia-katolickich-stowarzyszen-medycznych\/' data-rel='slide-5' class='slide-image' title='Jubileuszowa konferencja z okazji XXX-lecia Katolickich Stowarzysze\u0144 Medycznych'><img decoding=\"async\" width=\"300\" height=\"200\" src=\"https:\/\/ptdl.pl\/ptdl\/wp-content\/uploads\/2024\/04\/Zaproszenie_20Krak_C3_B3w1-300x200.png\" class=\"wp-image-3183 avia-img-lazy-loading-not-3183 attachment-medium size-medium wp-post-image\" alt=\"\" srcset=\"https:\/\/ptdl.pl\/ptdl\/wp-content\/uploads\/2024\/04\/Zaproszenie_20Krak_C3_B3w1-300x200.png 300w, https:\/\/ptdl.pl\/ptdl\/wp-content\/uploads\/2024\/04\/Zaproszenie_20Krak_C3_B3w1.png 500w\" sizes=\"(max-width: 300px) 100vw, 300px\" \/><\/a><div class=\"slide-content\"><header class=\"entry-content-header\"><h3 class='slide-entry-title entry-title '  itemprop=\"headline\" ><a href='https:\/\/ptdl.pl\/index.php\/2024\/04\/15\/jubileuszowa-konferencja-z-okazji-xxx-lecia-katolickich-stowarzyszen-medycznych\/' title='Jubileuszowa konferencja z okazji XXX-lecia Katolickich Stowarzysze\u0144 Medycznych'>Jubileuszowa konferencja z okazji XXX-lecia Katolickich Stowarzysze\u0144 Medycznych<\/a><\/h3><span class=\"av-vertical-delimiter\"><\/span><\/header><div class=\"slide-meta\"><time class='slide-meta-time updated'  itemprop=\"datePublished\" datetime=\"2024-04-15T11:55:59+02:00\" >2024-04-15<\/time><\/div><div class='slide-entry-excerpt entry-content'  itemprop=\"text\" ><div class=\"read-more-link\"><a href=\"https:\/\/ptdl.pl\/index.php\/2024\/04\/15\/jubileuszowa-konferencja-z-okazji-xxx-lecia-katolickich-stowarzyszen-medycznych\/\" class=\"more-link\">Czytaj dalej<span class=\"more-link-arrow\"><\/span><\/a><\/div><\/div><\/div><footer class=\"entry-footer\"><\/footer><span class='hidden'>\n\t\t\t\t<span class='av-structured-data'  itemprop=\"image\" itemscope=\"itemscope\" itemtype=\"https:\/\/schema.org\/ImageObject\" >\n\t\t\t\t\t\t<span itemprop='url'>https:\/\/ptdl.pl\/ptdl\/wp-content\/uploads\/2024\/04\/Zaproszenie_20Krak_C3_B3w1.png<\/span>\n\t\t\t\t\t\t<span itemprop='height'>333<\/span>\n\t\t\t\t\t\t<span itemprop='width'>500<\/span>\n\t\t\t\t<\/span>\n\t\t\t\t<span class='av-structured-data'  itemprop=\"publisher\" itemtype=\"https:\/\/schema.org\/Organization\" itemscope=\"itemscope\" >\n\t\t\t\t\t\t<span itemprop='name'>admin<\/span>\n\t\t\t\t\t\t<span itemprop='logo' itemscope itemtype='https:\/\/schema.org\/ImageObject'>\n\t\t\t\t\t\t\t<span itemprop='url'>https:\/\/ptdl.pl\/wp-content\/uploads\/2023\/03\/logo_2.svg<\/span>\n\t\t\t\t\t\t<\/span>\n\t\t\t\t<\/span><span class='av-structured-data'  itemprop=\"author\" itemscope=\"itemscope\" itemtype=\"https:\/\/schema.org\/Person\" ><span itemprop='name'>admin<\/span><\/span><span class='av-structured-data'  itemprop=\"datePublished\" datetime=\"2023-02-03T12:54:00+01:00\" >2024-04-15 11:55:59<\/span><span class='av-structured-data'  itemprop=\"dateModified\" itemtype=\"https:\/\/schema.org\/dateModified\" >2024-04-15 11:57:54<\/span><span class='av-structured-data'  itemprop=\"mainEntityOfPage\" itemtype=\"https:\/\/schema.org\/mainEntityOfPage\" ><span itemprop='name'>Jubileuszowa konferencja z okazji XXX-lecia Katolickich Stowarzysze\u0144 Medycznych<\/span><\/span><\/span><\/article><article class='slide-entry flex_column  post-entry post-entry-3172 slide-entry-overview slide-loop-63 slide-parity-odd  av_one_third  real-thumbnail post-format-standard'  itemscope=\"itemscope\" itemtype=\"https:\/\/schema.org\/CreativeWork\" ><a href='https:\/\/ptdl.pl\/index.php\/2024\/04\/11\/sympozjum-naukowe-katowickiego-oddzialu-ptdl\/' data-rel='slide-5' class='slide-image' title='Sympozjum Naukowe Katowickiego Oddzia\u0142u PTDL'><img decoding=\"async\" width=\"300\" height=\"169\" src=\"https:\/\/ptdl.pl\/ptdl\/wp-content\/uploads\/2024\/02\/oddzial_katowice-300x169.webp\" class=\"wp-image-2773 avia-img-lazy-loading-not-2773 attachment-medium size-medium wp-post-image\" alt=\"\" srcset=\"https:\/\/ptdl.pl\/ptdl\/wp-content\/uploads\/2024\/02\/oddzial_katowice-300x169.webp 300w, https:\/\/ptdl.pl\/ptdl\/wp-content\/uploads\/2024\/02\/oddzial_katowice-768x432.webp 768w, https:\/\/ptdl.pl\/ptdl\/wp-content\/uploads\/2024\/02\/oddzial_katowice-705x397.webp 705w, https:\/\/ptdl.pl\/ptdl\/wp-content\/uploads\/2024\/02\/oddzial_katowice.webp 800w\" sizes=\"(max-width: 300px) 100vw, 300px\" \/><\/a><div class=\"slide-content\"><header class=\"entry-content-header\"><h3 class='slide-entry-title entry-title '  itemprop=\"headline\" ><a href='https:\/\/ptdl.pl\/index.php\/2024\/04\/11\/sympozjum-naukowe-katowickiego-oddzialu-ptdl\/' title='Sympozjum Naukowe Katowickiego Oddzia\u0142u PTDL'>Sympozjum Naukowe Katowickiego Oddzia\u0142u PTDL<\/a><\/h3><span class=\"av-vertical-delimiter\"><\/span><\/header><div class=\"slide-meta\"><time class='slide-meta-time updated'  itemprop=\"datePublished\" datetime=\"2024-04-11T14:22:58+02:00\" >2024-04-11<\/time><\/div><div class='slide-entry-excerpt entry-content'  itemprop=\"text\" ><div class=\"read-more-link\"><a href=\"https:\/\/ptdl.pl\/index.php\/2024\/04\/11\/sympozjum-naukowe-katowickiego-oddzialu-ptdl\/\" class=\"more-link\">Czytaj dalej<span class=\"more-link-arrow\"><\/span><\/a><\/div><\/div><\/div><footer class=\"entry-footer\"><\/footer><span class='hidden'>\n\t\t\t\t<span class='av-structured-data'  itemprop=\"image\" itemscope=\"itemscope\" itemtype=\"https:\/\/schema.org\/ImageObject\" >\n\t\t\t\t\t\t<span itemprop='url'>https:\/\/ptdl.pl\/ptdl\/wp-content\/uploads\/2024\/02\/oddzial_katowice.webp<\/span>\n\t\t\t\t\t\t<span itemprop='height'>450<\/span>\n\t\t\t\t\t\t<span itemprop='width'>800<\/span>\n\t\t\t\t<\/span>\n\t\t\t\t<span class='av-structured-data'  itemprop=\"publisher\" itemtype=\"https:\/\/schema.org\/Organization\" itemscope=\"itemscope\" >\n\t\t\t\t\t\t<span itemprop='name'>Malwina Czech<\/span>\n\t\t\t\t\t\t<span itemprop='logo' itemscope itemtype='https:\/\/schema.org\/ImageObject'>\n\t\t\t\t\t\t\t<span itemprop='url'>https:\/\/ptdl.pl\/wp-content\/uploads\/2023\/03\/logo_2.svg<\/span>\n\t\t\t\t\t\t<\/span>\n\t\t\t\t<\/span><span class='av-structured-data'  itemprop=\"author\" itemscope=\"itemscope\" itemtype=\"https:\/\/schema.org\/Person\" ><span itemprop='name'>Malwina Czech<\/span><\/span><span class='av-structured-data'  itemprop=\"datePublished\" datetime=\"2023-02-03T12:54:00+01:00\" >2024-04-11 14:22:58<\/span><span class='av-structured-data'  itemprop=\"dateModified\" itemtype=\"https:\/\/schema.org\/dateModified\" >2024-04-11 14:22:58<\/span><span class='av-structured-data'  itemprop=\"mainEntityOfPage\" itemtype=\"https:\/\/schema.org\/mainEntityOfPage\" ><span itemprop='name'>Sympozjum Naukowe Katowickiego Oddzia\u0142u PTDL<\/span><\/span><\/span><\/article><\/div><div class=\"slide-entry-wrap\"><article class='slide-entry flex_column  post-entry post-entry-3134 slide-entry-overview slide-loop-64 slide-parity-odd  av_one_third first real-thumbnail post-format-standard'  itemscope=\"itemscope\" itemtype=\"https:\/\/schema.org\/CreativeWork\" ><a href='https:\/\/ptdl.pl\/index.php\/2024\/04\/05\/konferencja-interdyscyplinarne-problemy-diagnostyczno-terapeutyczne-w-populacji-geriatrycznej\/' data-rel='slide-5' class='slide-image' title='Konferencja &#8222;Interdyscyplinarne problemy diagnostyczno-terapeutyczne w populacji geriatrycznej&#8221;'><img decoding=\"async\" width=\"300\" height=\"200\" src=\"https:\/\/ptdl.pl\/ptdl\/wp-content\/uploads\/2023\/02\/news_022-300x200.jpg\" class=\"wp-image-813 avia-img-lazy-loading-not-813 attachment-medium size-medium wp-post-image\" alt=\"\" srcset=\"https:\/\/ptdl.pl\/ptdl\/wp-content\/uploads\/2023\/02\/news_022-300x200.jpg 300w, https:\/\/ptdl.pl\/ptdl\/wp-content\/uploads\/2023\/02\/news_022.jpg 500w\" sizes=\"(max-width: 300px) 100vw, 300px\" \/><\/a><div class=\"slide-content\"><header class=\"entry-content-header\"><h3 class='slide-entry-title entry-title '  itemprop=\"headline\" ><a href='https:\/\/ptdl.pl\/index.php\/2024\/04\/05\/konferencja-interdyscyplinarne-problemy-diagnostyczno-terapeutyczne-w-populacji-geriatrycznej\/' title='Konferencja &#8222;Interdyscyplinarne problemy diagnostyczno-terapeutyczne w populacji geriatrycznej&#8221;'>Konferencja &#8222;Interdyscyplinarne problemy diagnostyczno-terapeutyczne w populacji geriatrycznej&#8221;<\/a><\/h3><span class=\"av-vertical-delimiter\"><\/span><\/header><div class=\"slide-meta\"><time class='slide-meta-time updated'  itemprop=\"datePublished\" datetime=\"2024-04-05T11:07:46+02:00\" >2024-04-05<\/time><\/div><div class='slide-entry-excerpt entry-content'  itemprop=\"text\" ><div class=\"read-more-link\"><a href=\"https:\/\/ptdl.pl\/index.php\/2024\/04\/05\/konferencja-interdyscyplinarne-problemy-diagnostyczno-terapeutyczne-w-populacji-geriatrycznej\/\" class=\"more-link\">Czytaj dalej<span class=\"more-link-arrow\"><\/span><\/a><\/div><\/div><\/div><footer class=\"entry-footer\"><\/footer><span class='hidden'>\n\t\t\t\t<span class='av-structured-data'  itemprop=\"image\" itemscope=\"itemscope\" itemtype=\"https:\/\/schema.org\/ImageObject\" >\n\t\t\t\t\t\t<span itemprop='url'>https:\/\/ptdl.pl\/ptdl\/wp-content\/uploads\/2023\/02\/news_022.jpg<\/span>\n\t\t\t\t\t\t<span itemprop='height'>333<\/span>\n\t\t\t\t\t\t<span itemprop='width'>500<\/span>\n\t\t\t\t<\/span>\n\t\t\t\t<span class='av-structured-data'  itemprop=\"publisher\" itemtype=\"https:\/\/schema.org\/Organization\" itemscope=\"itemscope\" >\n\t\t\t\t\t\t<span itemprop='name'>Anna Z\u0105bek-Adamska<\/span>\n\t\t\t\t\t\t<span itemprop='logo' itemscope itemtype='https:\/\/schema.org\/ImageObject'>\n\t\t\t\t\t\t\t<span itemprop='url'>https:\/\/ptdl.pl\/wp-content\/uploads\/2023\/03\/logo_2.svg<\/span>\n\t\t\t\t\t\t<\/span>\n\t\t\t\t<\/span><span class='av-structured-data'  itemprop=\"author\" itemscope=\"itemscope\" itemtype=\"https:\/\/schema.org\/Person\" ><span itemprop='name'>Anna Z\u0105bek-Adamska<\/span><\/span><span class='av-structured-data'  itemprop=\"datePublished\" datetime=\"2023-02-03T12:54:00+01:00\" >2024-04-05 11:07:46<\/span><span class='av-structured-data'  itemprop=\"dateModified\" itemtype=\"https:\/\/schema.org\/dateModified\" >2024-04-05 11:10:18<\/span><span class='av-structured-data'  itemprop=\"mainEntityOfPage\" itemtype=\"https:\/\/schema.org\/mainEntityOfPage\" ><span itemprop='name'>Konferencja &#8222;Interdyscyplinarne problemy diagnostyczno-terapeutyczne w populacji geriatrycznej&#8221;<\/span><\/span><\/span><\/article><article class='slide-entry flex_column  post-entry post-entry-3116 slide-entry-overview slide-loop-65 slide-parity-even  av_one_third  real-thumbnail post-format-standard'  itemscope=\"itemscope\" itemtype=\"https:\/\/schema.org\/CreativeWork\" ><a href='https:\/\/ptdl.pl\/index.php\/2024\/04\/02\/xvi-naukowo-szkoleniowy-zjazd-stowarzyszenia-kolegium-medycyny-laboratoryjnej-w-polsce\/' data-rel='slide-5' class='slide-image' title='XVI Naukowo-Szkoleniowy Zjazd STOWARZYSZENIA KOLEGIUM MEDYCYNY LABORATORYJNEJ W POLSCE'><img decoding=\"async\" width=\"300\" height=\"199\" src=\"https:\/\/ptdl.pl\/ptdl\/wp-content\/uploads\/2023\/02\/news_017-300x199.jpg\" class=\"wp-image-808 avia-img-lazy-loading-not-808 attachment-medium size-medium wp-post-image\" alt=\"\" srcset=\"https:\/\/ptdl.pl\/ptdl\/wp-content\/uploads\/2023\/02\/news_017-300x199.jpg 300w, https:\/\/ptdl.pl\/ptdl\/wp-content\/uploads\/2023\/02\/news_017.jpg 500w\" sizes=\"(max-width: 300px) 100vw, 300px\" \/><\/a><div class=\"slide-content\"><header class=\"entry-content-header\"><h3 class='slide-entry-title entry-title '  itemprop=\"headline\" ><a href='https:\/\/ptdl.pl\/index.php\/2024\/04\/02\/xvi-naukowo-szkoleniowy-zjazd-stowarzyszenia-kolegium-medycyny-laboratoryjnej-w-polsce\/' title='XVI Naukowo-Szkoleniowy Zjazd STOWARZYSZENIA KOLEGIUM MEDYCYNY LABORATORYJNEJ W POLSCE'>XVI Naukowo-Szkoleniowy Zjazd STOWARZYSZENIA KOLEGIUM MEDYCYNY LABORATORYJNEJ W POLSCE<\/a><\/h3><span class=\"av-vertical-delimiter\"><\/span><\/header><div class=\"slide-meta\"><time class='slide-meta-time updated'  itemprop=\"datePublished\" datetime=\"2024-04-02T11:20:39+02:00\" >2024-04-02<\/time><\/div><div class='slide-entry-excerpt entry-content'  itemprop=\"text\" ><div class=\"read-more-link\"><a href=\"https:\/\/ptdl.pl\/index.php\/2024\/04\/02\/xvi-naukowo-szkoleniowy-zjazd-stowarzyszenia-kolegium-medycyny-laboratoryjnej-w-polsce\/\" class=\"more-link\">Czytaj dalej<span class=\"more-link-arrow\"><\/span><\/a><\/div><\/div><\/div><footer class=\"entry-footer\"><\/footer><span class='hidden'>\n\t\t\t\t<span class='av-structured-data'  itemprop=\"image\" itemscope=\"itemscope\" itemtype=\"https:\/\/schema.org\/ImageObject\" >\n\t\t\t\t\t\t<span itemprop='url'>https:\/\/ptdl.pl\/ptdl\/wp-content\/uploads\/2023\/02\/news_017.jpg<\/span>\n\t\t\t\t\t\t<span itemprop='height'>332<\/span>\n\t\t\t\t\t\t<span itemprop='width'>500<\/span>\n\t\t\t\t<\/span>\n\t\t\t\t<span class='av-structured-data'  itemprop=\"publisher\" itemtype=\"https:\/\/schema.org\/Organization\" itemscope=\"itemscope\" >\n\t\t\t\t\t\t<span itemprop='name'>admin<\/span>\n\t\t\t\t\t\t<span itemprop='logo' itemscope itemtype='https:\/\/schema.org\/ImageObject'>\n\t\t\t\t\t\t\t<span itemprop='url'>https:\/\/ptdl.pl\/wp-content\/uploads\/2023\/03\/logo_2.svg<\/span>\n\t\t\t\t\t\t<\/span>\n\t\t\t\t<\/span><span class='av-structured-data'  itemprop=\"author\" itemscope=\"itemscope\" itemtype=\"https:\/\/schema.org\/Person\" ><span itemprop='name'>admin<\/span><\/span><span class='av-structured-data'  itemprop=\"datePublished\" datetime=\"2023-02-03T12:54:00+01:00\" >2024-04-02 11:20:39<\/span><span class='av-structured-data'  itemprop=\"dateModified\" itemtype=\"https:\/\/schema.org\/dateModified\" >2024-04-09 08:31:13<\/span><span class='av-structured-data'  itemprop=\"mainEntityOfPage\" itemtype=\"https:\/\/schema.org\/mainEntityOfPage\" ><span itemprop='name'>XVI Naukowo-Szkoleniowy Zjazd STOWARZYSZENIA KOLEGIUM MEDYCYNY LABORATORYJNEJ W POLSCE<\/span><\/span><\/span><\/article><article class='slide-entry flex_column  post-entry post-entry-3044 slide-entry-overview slide-loop-66 slide-parity-odd  av_one_third  real-thumbnail post-format-standard'  itemscope=\"itemscope\" itemtype=\"https:\/\/schema.org\/CreativeWork\" ><a href='https:\/\/ptdl.pl\/index.php\/2024\/03\/22\/program-xi-konferencji-naukowo-szkoleniowej-pomorskie-spotkania-z-diagnostyka-2024-11-04-12-04-2024-r\/' data-rel='slide-5' class='slide-image' title='Program XI KONFERENCJI NAUKOWO &#8211; SZKOLENIOWEJ \u201ePOMORSKIE SPOTKANIA Z DIAGNOSTYK\u0104\u201d 2024 11.04. &#8211; 12.04.2024 r.,'><img decoding=\"async\" width=\"300\" height=\"200\" src=\"https:\/\/ptdl.pl\/ptdl\/wp-content\/uploads\/2023\/12\/news_60-300x200.jpg\" class=\"wp-image-2035 avia-img-lazy-loading-not-2035 attachment-medium size-medium wp-post-image\" alt=\"\" srcset=\"https:\/\/ptdl.pl\/ptdl\/wp-content\/uploads\/2023\/12\/news_60-300x200.jpg 300w, https:\/\/ptdl.pl\/ptdl\/wp-content\/uploads\/2023\/12\/news_60.jpg 500w\" sizes=\"(max-width: 300px) 100vw, 300px\" \/><\/a><div class=\"slide-content\"><header class=\"entry-content-header\"><h3 class='slide-entry-title entry-title '  itemprop=\"headline\" ><a href='https:\/\/ptdl.pl\/index.php\/2024\/03\/22\/program-xi-konferencji-naukowo-szkoleniowej-pomorskie-spotkania-z-diagnostyka-2024-11-04-12-04-2024-r\/' title='Program XI KONFERENCJI NAUKOWO &#8211; SZKOLENIOWEJ \u201ePOMORSKIE SPOTKANIA Z DIAGNOSTYK\u0104\u201d 2024 11.04. &#8211; 12.04.2024 r.,'>Program XI KONFERENCJI NAUKOWO &#8211; SZKOLENIOWEJ \u201ePOMORSKIE SPOTKANIA Z DIAGNOSTYK\u0104\u201d 2024 11.04. &#8211; 12.04.2024 r.,<\/a><\/h3><span class=\"av-vertical-delimiter\"><\/span><\/header><div class=\"slide-meta\"><time class='slide-meta-time updated'  itemprop=\"datePublished\" datetime=\"2024-03-22T10:24:29+01:00\" >2024-03-22<\/time><\/div><div class='slide-entry-excerpt entry-content'  itemprop=\"text\" ><div class=\"read-more-link\"><a href=\"https:\/\/ptdl.pl\/index.php\/2024\/03\/22\/program-xi-konferencji-naukowo-szkoleniowej-pomorskie-spotkania-z-diagnostyka-2024-11-04-12-04-2024-r\/\" class=\"more-link\">Czytaj dalej<span class=\"more-link-arrow\"><\/span><\/a><\/div><\/div><\/div><footer class=\"entry-footer\"><\/footer><span class='hidden'>\n\t\t\t\t<span class='av-structured-data'  itemprop=\"image\" itemscope=\"itemscope\" itemtype=\"https:\/\/schema.org\/ImageObject\" >\n\t\t\t\t\t\t<span itemprop='url'>https:\/\/ptdl.pl\/ptdl\/wp-content\/uploads\/2023\/12\/news_60.jpg<\/span>\n\t\t\t\t\t\t<span itemprop='height'>333<\/span>\n\t\t\t\t\t\t<span itemprop='width'>500<\/span>\n\t\t\t\t<\/span>\n\t\t\t\t<span class='av-structured-data'  itemprop=\"publisher\" itemtype=\"https:\/\/schema.org\/Organization\" itemscope=\"itemscope\" >\n\t\t\t\t\t\t<span itemprop='name'>Agnieszka Jankowska-Kulawy<\/span>\n\t\t\t\t\t\t<span itemprop='logo' itemscope itemtype='https:\/\/schema.org\/ImageObject'>\n\t\t\t\t\t\t\t<span itemprop='url'>https:\/\/ptdl.pl\/wp-content\/uploads\/2023\/03\/logo_2.svg<\/span>\n\t\t\t\t\t\t<\/span>\n\t\t\t\t<\/span><span class='av-structured-data'  itemprop=\"author\" itemscope=\"itemscope\" itemtype=\"https:\/\/schema.org\/Person\" ><span itemprop='name'>Agnieszka Jankowska-Kulawy<\/span><\/span><span class='av-structured-data'  itemprop=\"datePublished\" datetime=\"2023-02-03T12:54:00+01:00\" >2024-03-22 10:24:29<\/span><span class='av-structured-data'  itemprop=\"dateModified\" itemtype=\"https:\/\/schema.org\/dateModified\" >2024-03-27 12:04:48<\/span><span class='av-structured-data'  itemprop=\"mainEntityOfPage\" itemtype=\"https:\/\/schema.org\/mainEntityOfPage\" ><span itemprop='name'>Program XI KONFERENCJI NAUKOWO &#8211; SZKOLENIOWEJ \u201ePOMORSKIE SPOTKANIA Z DIAGNOSTYK\u0104\u201d 2024 11.04. &#8211; 12.04.2024 r.,<\/span><\/span><\/span><\/article><\/div><div class=\"slide-entry-wrap\"><article class='slide-entry flex_column  post-entry post-entry-3032 slide-entry-overview slide-loop-67 slide-parity-odd  av_one_third first real-thumbnail post-format-standard'  itemscope=\"itemscope\" itemtype=\"https:\/\/schema.org\/CreativeWork\" ><a href='https:\/\/ptdl.pl\/index.php\/2024\/03\/19\/sympozjum-naukowo-szkoleniowe-katowickiego-oddzialu-ptdl\/' data-rel='slide-5' class='slide-image' title='Sympozjum Naukowo-Szkoleniowe Katowickiego Oddzia\u0142u PTDL'><img decoding=\"async\" width=\"300\" height=\"200\" src=\"https:\/\/ptdl.pl\/ptdl\/wp-content\/uploads\/2023\/02\/news_028-300x200.jpg\" class=\"wp-image-819 avia-img-lazy-loading-not-819 attachment-medium size-medium wp-post-image\" alt=\"\" srcset=\"https:\/\/ptdl.pl\/ptdl\/wp-content\/uploads\/2023\/02\/news_028-300x200.jpg 300w, https:\/\/ptdl.pl\/ptdl\/wp-content\/uploads\/2023\/02\/news_028.jpg 500w\" sizes=\"(max-width: 300px) 100vw, 300px\" \/><\/a><div class=\"slide-content\"><header class=\"entry-content-header\"><h3 class='slide-entry-title entry-title '  itemprop=\"headline\" ><a href='https:\/\/ptdl.pl\/index.php\/2024\/03\/19\/sympozjum-naukowo-szkoleniowe-katowickiego-oddzialu-ptdl\/' title='Sympozjum Naukowo-Szkoleniowe Katowickiego Oddzia\u0142u PTDL'>Sympozjum Naukowo-Szkoleniowe Katowickiego Oddzia\u0142u PTDL<\/a><\/h3><span class=\"av-vertical-delimiter\"><\/span><\/header><div class=\"slide-meta\"><time class='slide-meta-time updated'  itemprop=\"datePublished\" datetime=\"2024-03-19T14:17:44+01:00\" >2024-03-19<\/time><\/div><div class='slide-entry-excerpt entry-content'  itemprop=\"text\" ><div class=\"read-more-link\"><a href=\"https:\/\/ptdl.pl\/index.php\/2024\/03\/19\/sympozjum-naukowo-szkoleniowe-katowickiego-oddzialu-ptdl\/\" class=\"more-link\">Czytaj dalej<span class=\"more-link-arrow\"><\/span><\/a><\/div><\/div><\/div><footer class=\"entry-footer\"><\/footer><span class='hidden'>\n\t\t\t\t<span class='av-structured-data'  itemprop=\"image\" itemscope=\"itemscope\" itemtype=\"https:\/\/schema.org\/ImageObject\" >\n\t\t\t\t\t\t<span itemprop='url'>https:\/\/ptdl.pl\/ptdl\/wp-content\/uploads\/2023\/02\/news_028.jpg<\/span>\n\t\t\t\t\t\t<span itemprop='height'>333<\/span>\n\t\t\t\t\t\t<span itemprop='width'>500<\/span>\n\t\t\t\t<\/span>\n\t\t\t\t<span class='av-structured-data'  itemprop=\"publisher\" itemtype=\"https:\/\/schema.org\/Organization\" itemscope=\"itemscope\" >\n\t\t\t\t\t\t<span itemprop='name'>admin<\/span>\n\t\t\t\t\t\t<span itemprop='logo' itemscope itemtype='https:\/\/schema.org\/ImageObject'>\n\t\t\t\t\t\t\t<span itemprop='url'>https:\/\/ptdl.pl\/wp-content\/uploads\/2023\/03\/logo_2.svg<\/span>\n\t\t\t\t\t\t<\/span>\n\t\t\t\t<\/span><span class='av-structured-data'  itemprop=\"author\" itemscope=\"itemscope\" itemtype=\"https:\/\/schema.org\/Person\" ><span itemprop='name'>admin<\/span><\/span><span class='av-structured-data'  itemprop=\"datePublished\" datetime=\"2023-02-03T12:54:00+01:00\" >2024-03-19 14:17:44<\/span><span class='av-structured-data'  itemprop=\"dateModified\" itemtype=\"https:\/\/schema.org\/dateModified\" >2024-03-19 14:17:44<\/span><span class='av-structured-data'  itemprop=\"mainEntityOfPage\" itemtype=\"https:\/\/schema.org\/mainEntityOfPage\" ><span itemprop='name'>Sympozjum Naukowo-Szkoleniowe Katowickiego Oddzia\u0142u PTDL<\/span><\/span><\/span><\/article><article class='slide-entry flex_column  post-entry post-entry-2992 slide-entry-overview slide-loop-68 slide-parity-even  av_one_third  real-thumbnail post-format-standard'  itemscope=\"itemscope\" itemtype=\"https:\/\/schema.org\/CreativeWork\" ><a href='https:\/\/ptdl.pl\/index.php\/2024\/03\/15\/konferencja-naukowo-szkoleniowa-opolskiego-oddzialu-ptdl-program\/' data-rel='slide-5' class='slide-image' title='Konferencja Naukowo-Szkoleniowa Opolskiego Oddzia\u0142u PTDL &#8211; Program'><img decoding=\"async\" width=\"300\" height=\"200\" src=\"https:\/\/ptdl.pl\/ptdl\/wp-content\/uploads\/2024\/03\/news_65-300x200.jpg\" class=\"wp-image-3009 avia-img-lazy-loading-not-3009 attachment-medium size-medium wp-post-image\" alt=\"\" srcset=\"https:\/\/ptdl.pl\/ptdl\/wp-content\/uploads\/2024\/03\/news_65-300x200.jpg 300w, https:\/\/ptdl.pl\/ptdl\/wp-content\/uploads\/2024\/03\/news_65.jpg 500w\" sizes=\"(max-width: 300px) 100vw, 300px\" \/><\/a><div class=\"slide-content\"><header class=\"entry-content-header\"><h3 class='slide-entry-title entry-title '  itemprop=\"headline\" ><a href='https:\/\/ptdl.pl\/index.php\/2024\/03\/15\/konferencja-naukowo-szkoleniowa-opolskiego-oddzialu-ptdl-program\/' title='Konferencja Naukowo-Szkoleniowa Opolskiego Oddzia\u0142u PTDL &#8211; Program'>Konferencja Naukowo-Szkoleniowa Opolskiego Oddzia\u0142u PTDL &#8211; Program<\/a><\/h3><span class=\"av-vertical-delimiter\"><\/span><\/header><div class=\"slide-meta\"><time class='slide-meta-time updated'  itemprop=\"datePublished\" datetime=\"2024-03-15T19:27:41+01:00\" >2024-03-15<\/time><\/div><div class='slide-entry-excerpt entry-content'  itemprop=\"text\" ><div class=\"read-more-link\"><a href=\"https:\/\/ptdl.pl\/index.php\/2024\/03\/15\/konferencja-naukowo-szkoleniowa-opolskiego-oddzialu-ptdl-program\/\" class=\"more-link\">Czytaj dalej<span class=\"more-link-arrow\"><\/span><\/a><\/div><\/div><\/div><footer class=\"entry-footer\"><\/footer><span class='hidden'>\n\t\t\t\t<span class='av-structured-data'  itemprop=\"image\" itemscope=\"itemscope\" itemtype=\"https:\/\/schema.org\/ImageObject\" >\n\t\t\t\t\t\t<span itemprop='url'>https:\/\/ptdl.pl\/ptdl\/wp-content\/uploads\/2024\/03\/news_65.jpg<\/span>\n\t\t\t\t\t\t<span itemprop='height'>333<\/span>\n\t\t\t\t\t\t<span itemprop='width'>500<\/span>\n\t\t\t\t<\/span>\n\t\t\t\t<span class='av-structured-data'  itemprop=\"publisher\" itemtype=\"https:\/\/schema.org\/Organization\" itemscope=\"itemscope\" >\n\t\t\t\t\t\t<span itemprop='name'>Ewa Gawrylak-Dryja<\/span>\n\t\t\t\t\t\t<span itemprop='logo' itemscope itemtype='https:\/\/schema.org\/ImageObject'>\n\t\t\t\t\t\t\t<span itemprop='url'>https:\/\/ptdl.pl\/wp-content\/uploads\/2023\/03\/logo_2.svg<\/span>\n\t\t\t\t\t\t<\/span>\n\t\t\t\t<\/span><span class='av-structured-data'  itemprop=\"author\" itemscope=\"itemscope\" itemtype=\"https:\/\/schema.org\/Person\" ><span itemprop='name'>Ewa Gawrylak-Dryja<\/span><\/span><span class='av-structured-data'  itemprop=\"datePublished\" datetime=\"2023-02-03T12:54:00+01:00\" >2024-03-15 19:27:41<\/span><span class='av-structured-data'  itemprop=\"dateModified\" itemtype=\"https:\/\/schema.org\/dateModified\" >2024-03-27 12:11:57<\/span><span class='av-structured-data'  itemprop=\"mainEntityOfPage\" itemtype=\"https:\/\/schema.org\/mainEntityOfPage\" ><span itemprop='name'>Konferencja Naukowo-Szkoleniowa Opolskiego Oddzia\u0142u PTDL &#8211; Program<\/span><\/span><\/span><\/article><article class='slide-entry flex_column  post-entry post-entry-2878 slide-entry-overview slide-loop-69 slide-parity-odd  av_one_third  real-thumbnail post-format-standard'  itemscope=\"itemscope\" itemtype=\"https:\/\/schema.org\/CreativeWork\" ><a href='https:\/\/ptdl.pl\/index.php\/2024\/03\/06\/ix-kongres-wyzwan-zdrowotnych\/' data-rel='slide-5' class='slide-image' title='IX Kongres Wyzwa\u0144 Zdrowotnych'><img decoding=\"async\" width=\"300\" height=\"200\" src=\"https:\/\/ptdl.pl\/ptdl\/wp-content\/uploads\/2024\/03\/hcccongres_s-300x200.jpg\" class=\"wp-image-2917 avia-img-lazy-loading-not-2917 attachment-medium size-medium wp-post-image\" alt=\"\" srcset=\"https:\/\/ptdl.pl\/ptdl\/wp-content\/uploads\/2024\/03\/hcccongres_s-300x200.jpg 300w, https:\/\/ptdl.pl\/ptdl\/wp-content\/uploads\/2024\/03\/hcccongres_s.jpg 500w\" sizes=\"(max-width: 300px) 100vw, 300px\" \/><\/a><div class=\"slide-content\"><header class=\"entry-content-header\"><h3 class='slide-entry-title entry-title '  itemprop=\"headline\" ><a href='https:\/\/ptdl.pl\/index.php\/2024\/03\/06\/ix-kongres-wyzwan-zdrowotnych\/' title='IX Kongres Wyzwa\u0144 Zdrowotnych'>IX Kongres Wyzwa\u0144 Zdrowotnych<\/a><\/h3><span class=\"av-vertical-delimiter\"><\/span><\/header><div class=\"slide-meta\"><time class='slide-meta-time updated'  itemprop=\"datePublished\" datetime=\"2024-03-06T09:15:12+01:00\" >2024-03-06<\/time><\/div><div class='slide-entry-excerpt entry-content'  itemprop=\"text\" ><div class=\"read-more-link\"><a href=\"https:\/\/ptdl.pl\/index.php\/2024\/03\/06\/ix-kongres-wyzwan-zdrowotnych\/\" class=\"more-link\">Czytaj dalej<span class=\"more-link-arrow\"><\/span><\/a><\/div><\/div><\/div><footer class=\"entry-footer\"><\/footer><span class='hidden'>\n\t\t\t\t<span class='av-structured-data'  itemprop=\"image\" itemscope=\"itemscope\" itemtype=\"https:\/\/schema.org\/ImageObject\" >\n\t\t\t\t\t\t<span itemprop='url'>https:\/\/ptdl.pl\/ptdl\/wp-content\/uploads\/2024\/03\/hcccongres_s.jpg<\/span>\n\t\t\t\t\t\t<span itemprop='height'>333<\/span>\n\t\t\t\t\t\t<span itemprop='width'>500<\/span>\n\t\t\t\t<\/span>\n\t\t\t\t<span class='av-structured-data'  itemprop=\"publisher\" itemtype=\"https:\/\/schema.org\/Organization\" itemscope=\"itemscope\" >\n\t\t\t\t\t\t<span itemprop='name'>admin<\/span>\n\t\t\t\t\t\t<span itemprop='logo' itemscope itemtype='https:\/\/schema.org\/ImageObject'>\n\t\t\t\t\t\t\t<span itemprop='url'>https:\/\/ptdl.pl\/wp-content\/uploads\/2023\/03\/logo_2.svg<\/span>\n\t\t\t\t\t\t<\/span>\n\t\t\t\t<\/span><span class='av-structured-data'  itemprop=\"author\" itemscope=\"itemscope\" itemtype=\"https:\/\/schema.org\/Person\" ><span itemprop='name'>admin<\/span><\/span><span class='av-structured-data'  itemprop=\"datePublished\" datetime=\"2023-02-03T12:54:00+01:00\" >2024-03-06 09:15:12<\/span><span class='av-structured-data'  itemprop=\"dateModified\" itemtype=\"https:\/\/schema.org\/dateModified\" >2024-03-08 12:10:30<\/span><span class='av-structured-data'  itemprop=\"mainEntityOfPage\" itemtype=\"https:\/\/schema.org\/mainEntityOfPage\" ><span itemprop='name'>IX Kongres Wyzwa\u0144 Zdrowotnych<\/span><\/span><\/span><\/article><\/div><div class=\"slide-entry-wrap\"><article class='slide-entry flex_column  post-entry post-entry-2852 slide-entry-overview slide-loop-70 slide-parity-odd  av_one_third first real-thumbnail post-format-standard'  itemscope=\"itemscope\" itemtype=\"https:\/\/schema.org\/CreativeWork\" ><a href='https:\/\/ptdl.pl\/index.php\/2024\/03\/01\/konferencja-naukowa-bialostockiego-oddzialu-ptdl-wiosenne-spotkania-z-diagnostyka-laboratoryjna-bialystok-dn-16-17-maja-2024-roku\/' data-rel='slide-5' class='slide-image' title='Konferencja Naukowa Bia\u0142ostockiego Oddzia\u0142u PTDL \u201eWiosenne Spotkania z Diagnostyk\u0105 Laboratoryjn\u0105\u201d Bia\u0142ystok, dn. 16 &#8211; 17 maja 2024 roku'><img decoding=\"async\" width=\"300\" height=\"200\" src=\"https:\/\/ptdl.pl\/ptdl\/wp-content\/uploads\/2023\/12\/news_60-300x200.jpg\" class=\"wp-image-2035 avia-img-lazy-loading-not-2035 attachment-medium size-medium wp-post-image\" alt=\"\" srcset=\"https:\/\/ptdl.pl\/ptdl\/wp-content\/uploads\/2023\/12\/news_60-300x200.jpg 300w, https:\/\/ptdl.pl\/ptdl\/wp-content\/uploads\/2023\/12\/news_60.jpg 500w\" sizes=\"(max-width: 300px) 100vw, 300px\" \/><\/a><div class=\"slide-content\"><header class=\"entry-content-header\"><h3 class='slide-entry-title entry-title '  itemprop=\"headline\" ><a href='https:\/\/ptdl.pl\/index.php\/2024\/03\/01\/konferencja-naukowa-bialostockiego-oddzialu-ptdl-wiosenne-spotkania-z-diagnostyka-laboratoryjna-bialystok-dn-16-17-maja-2024-roku\/' title='Konferencja Naukowa Bia\u0142ostockiego Oddzia\u0142u PTDL \u201eWiosenne Spotkania z Diagnostyk\u0105 Laboratoryjn\u0105\u201d Bia\u0142ystok, dn. 16 &#8211; 17 maja 2024 roku'>Konferencja Naukowa Bia\u0142ostockiego Oddzia\u0142u PTDL \u201eWiosenne Spotkania z Diagnostyk\u0105 Laboratoryjn\u0105\u201d Bia\u0142ystok, dn. 16 &#8211; 17 maja 2024 roku<\/a><\/h3><span class=\"av-vertical-delimiter\"><\/span><\/header><div class=\"slide-meta\"><time class='slide-meta-time updated'  itemprop=\"datePublished\" datetime=\"2024-03-01T21:45:47+01:00\" >2024-03-01<\/time><\/div><div class='slide-entry-excerpt entry-content'  itemprop=\"text\" ><div class=\"read-more-link\"><a href=\"https:\/\/ptdl.pl\/index.php\/2024\/03\/01\/konferencja-naukowa-bialostockiego-oddzialu-ptdl-wiosenne-spotkania-z-diagnostyka-laboratoryjna-bialystok-dn-16-17-maja-2024-roku\/\" class=\"more-link\">Czytaj dalej<span class=\"more-link-arrow\"><\/span><\/a><\/div><\/div><\/div><footer class=\"entry-footer\"><\/footer><span class='hidden'>\n\t\t\t\t<span class='av-structured-data'  itemprop=\"image\" itemscope=\"itemscope\" itemtype=\"https:\/\/schema.org\/ImageObject\" >\n\t\t\t\t\t\t<span itemprop='url'>https:\/\/ptdl.pl\/ptdl\/wp-content\/uploads\/2023\/12\/news_60.jpg<\/span>\n\t\t\t\t\t\t<span itemprop='height'>333<\/span>\n\t\t\t\t\t\t<span itemprop='width'>500<\/span>\n\t\t\t\t<\/span>\n\t\t\t\t<span class='av-structured-data'  itemprop=\"publisher\" itemtype=\"https:\/\/schema.org\/Organization\" itemscope=\"itemscope\" >\n\t\t\t\t\t\t<span itemprop='name'>Ma\u0142gorzata Rusak<\/span>\n\t\t\t\t\t\t<span itemprop='logo' itemscope itemtype='https:\/\/schema.org\/ImageObject'>\n\t\t\t\t\t\t\t<span itemprop='url'>https:\/\/ptdl.pl\/wp-content\/uploads\/2023\/03\/logo_2.svg<\/span>\n\t\t\t\t\t\t<\/span>\n\t\t\t\t<\/span><span class='av-structured-data'  itemprop=\"author\" itemscope=\"itemscope\" itemtype=\"https:\/\/schema.org\/Person\" ><span itemprop='name'>Ma\u0142gorzata Rusak<\/span><\/span><span class='av-structured-data'  itemprop=\"datePublished\" datetime=\"2023-02-03T12:54:00+01:00\" >2024-03-01 21:45:47<\/span><span class='av-structured-data'  itemprop=\"dateModified\" itemtype=\"https:\/\/schema.org\/dateModified\" >2024-03-01 21:45:47<\/span><span class='av-structured-data'  itemprop=\"mainEntityOfPage\" itemtype=\"https:\/\/schema.org\/mainEntityOfPage\" ><span itemprop='name'>Konferencja Naukowa Bia\u0142ostockiego Oddzia\u0142u PTDL \u201eWiosenne Spotkania z Diagnostyk\u0105 Laboratoryjn\u0105\u201d Bia\u0142ystok, dn. 16 &#8211; 17 maja 2024 roku<\/span><\/span><\/span><\/article><article class='slide-entry flex_column  post-entry post-entry-2822 slide-entry-overview slide-loop-71 slide-parity-even  av_one_third  real-thumbnail post-format-standard'  itemscope=\"itemscope\" itemtype=\"https:\/\/schema.org\/CreativeWork\" ><a href='https:\/\/ptdl.pl\/index.php\/2024\/02\/28\/konferencja-randox-acusera-roadshow-wewnatrzlaboratoryjna-kontrola-jakosci-poznan-18-04-2024r-godz-12-00\/' data-rel='slide-5' class='slide-image' title='Konferencja \u201eRandox Acusera Roadshow- wewn\u0105trzlaboratoryjna kontrola jako\u015bci\u201d Pozna\u0144, 18.04.2024r. godz. 12.00'><img decoding=\"async\" width=\"219\" height=\"300\" src=\"https:\/\/ptdl.pl\/ptdl\/wp-content\/uploads\/2024\/02\/Zrzut-ekranu-8-219x300.png\" class=\"wp-image-3146 avia-img-lazy-loading-not-3146 attachment-medium size-medium wp-post-image\" alt=\"\" srcset=\"https:\/\/ptdl.pl\/ptdl\/wp-content\/uploads\/2024\/02\/Zrzut-ekranu-8-219x300.png 219w, https:\/\/ptdl.pl\/ptdl\/wp-content\/uploads\/2024\/02\/Zrzut-ekranu-8.png 331w\" sizes=\"(max-width: 219px) 100vw, 219px\" \/><\/a><div class=\"slide-content\"><header class=\"entry-content-header\"><h3 class='slide-entry-title entry-title '  itemprop=\"headline\" ><a href='https:\/\/ptdl.pl\/index.php\/2024\/02\/28\/konferencja-randox-acusera-roadshow-wewnatrzlaboratoryjna-kontrola-jakosci-poznan-18-04-2024r-godz-12-00\/' title='Konferencja \u201eRandox Acusera Roadshow- wewn\u0105trzlaboratoryjna kontrola jako\u015bci\u201d Pozna\u0144, 18.04.2024r. godz. 12.00'>Konferencja \u201eRandox Acusera Roadshow- wewn\u0105trzlaboratoryjna kontrola jako\u015bci\u201d Pozna\u0144, 18.04.2024r. godz. 12.00<\/a><\/h3><span class=\"av-vertical-delimiter\"><\/span><\/header><div class=\"slide-meta\"><time class='slide-meta-time updated'  itemprop=\"datePublished\" datetime=\"2024-02-28T21:45:41+01:00\" >2024-02-28<\/time><\/div><div class='slide-entry-excerpt entry-content'  itemprop=\"text\" ><div class=\"read-more-link\"><a href=\"https:\/\/ptdl.pl\/index.php\/2024\/02\/28\/konferencja-randox-acusera-roadshow-wewnatrzlaboratoryjna-kontrola-jakosci-poznan-18-04-2024r-godz-12-00\/\" class=\"more-link\">Czytaj dalej<span class=\"more-link-arrow\"><\/span><\/a><\/div><\/div><\/div><footer class=\"entry-footer\"><\/footer><span class='hidden'>\n\t\t\t\t<span class='av-structured-data'  itemprop=\"image\" itemscope=\"itemscope\" itemtype=\"https:\/\/schema.org\/ImageObject\" >\n\t\t\t\t\t\t<span itemprop='url'>https:\/\/ptdl.pl\/ptdl\/wp-content\/uploads\/2024\/02\/Zrzut-ekranu-8.png<\/span>\n\t\t\t\t\t\t<span itemprop='height'>453<\/span>\n\t\t\t\t\t\t<span itemprop='width'>331<\/span>\n\t\t\t\t<\/span>\n\t\t\t\t<span class='av-structured-data'  itemprop=\"publisher\" itemtype=\"https:\/\/schema.org\/Organization\" itemscope=\"itemscope\" >\n\t\t\t\t\t\t<span itemprop='name'>Ma\u0142gorzata Zieli\u0144ska-Przyjemska<\/span>\n\t\t\t\t\t\t<span itemprop='logo' itemscope itemtype='https:\/\/schema.org\/ImageObject'>\n\t\t\t\t\t\t\t<span itemprop='url'>https:\/\/ptdl.pl\/wp-content\/uploads\/2023\/03\/logo_2.svg<\/span>\n\t\t\t\t\t\t<\/span>\n\t\t\t\t<\/span><span class='av-structured-data'  itemprop=\"author\" itemscope=\"itemscope\" itemtype=\"https:\/\/schema.org\/Person\" ><span itemprop='name'>Ma\u0142gorzata Zieli\u0144ska-Przyjemska<\/span><\/span><span class='av-structured-data'  itemprop=\"datePublished\" datetime=\"2023-02-03T12:54:00+01:00\" >2024-02-28 21:45:41<\/span><span class='av-structured-data'  itemprop=\"dateModified\" itemtype=\"https:\/\/schema.org\/dateModified\" >2024-04-05 21:18:13<\/span><span class='av-structured-data'  itemprop=\"mainEntityOfPage\" itemtype=\"https:\/\/schema.org\/mainEntityOfPage\" ><span itemprop='name'>Konferencja \u201eRandox Acusera Roadshow- wewn\u0105trzlaboratoryjna kontrola jako\u015bci\u201d Pozna\u0144, 18.04.2024r. godz. 12.00<\/span><\/span><\/span><\/article><article class='slide-entry flex_column  post-entry post-entry-2797 slide-entry-overview slide-loop-72 slide-parity-odd  av_one_third  real-thumbnail post-format-standard'  itemscope=\"itemscope\" itemtype=\"https:\/\/schema.org\/CreativeWork\" ><a href='https:\/\/ptdl.pl\/index.php\/2024\/02\/22\/2797\/' data-rel='slide-5' class='slide-image' title='Konferencja Randox QC Roadshow \u2013 Warszawa'><img decoding=\"async\" width=\"300\" height=\"200\" src=\"https:\/\/ptdl.pl\/ptdl\/wp-content\/uploads\/2024\/03\/Randox-300x200.png\" class=\"wp-image-2918 avia-img-lazy-loading-not-2918 attachment-medium size-medium wp-post-image\" alt=\"\" srcset=\"https:\/\/ptdl.pl\/ptdl\/wp-content\/uploads\/2024\/03\/Randox-300x200.png 300w, https:\/\/ptdl.pl\/ptdl\/wp-content\/uploads\/2024\/03\/Randox.png 500w\" sizes=\"(max-width: 300px) 100vw, 300px\" \/><\/a><div class=\"slide-content\"><header class=\"entry-content-header\"><h3 class='slide-entry-title entry-title '  itemprop=\"headline\" ><a href='https:\/\/ptdl.pl\/index.php\/2024\/02\/22\/2797\/' title='Konferencja Randox QC Roadshow \u2013 Warszawa'>Konferencja Randox QC Roadshow \u2013 Warszawa<\/a><\/h3><span class=\"av-vertical-delimiter\"><\/span><\/header><div class=\"slide-meta\"><time class='slide-meta-time updated'  itemprop=\"datePublished\" datetime=\"2024-02-22T12:01:01+01:00\" >2024-02-22<\/time><\/div><div class='slide-entry-excerpt entry-content'  itemprop=\"text\" ><div class=\"read-more-link\"><a href=\"https:\/\/ptdl.pl\/index.php\/2024\/02\/22\/2797\/\" class=\"more-link\">Czytaj dalej<span class=\"more-link-arrow\"><\/span><\/a><\/div><\/div><\/div><footer class=\"entry-footer\"><\/footer><span class='hidden'>\n\t\t\t\t<span class='av-structured-data'  itemprop=\"image\" itemscope=\"itemscope\" itemtype=\"https:\/\/schema.org\/ImageObject\" >\n\t\t\t\t\t\t<span itemprop='url'>https:\/\/ptdl.pl\/ptdl\/wp-content\/uploads\/2024\/03\/Randox.png<\/span>\n\t\t\t\t\t\t<span itemprop='height'>333<\/span>\n\t\t\t\t\t\t<span itemprop='width'>500<\/span>\n\t\t\t\t<\/span>\n\t\t\t\t<span class='av-structured-data'  itemprop=\"publisher\" itemtype=\"https:\/\/schema.org\/Organization\" itemscope=\"itemscope\" >\n\t\t\t\t\t\t<span itemprop='name'>Olga Ciepiela<\/span>\n\t\t\t\t\t\t<span itemprop='logo' itemscope itemtype='https:\/\/schema.org\/ImageObject'>\n\t\t\t\t\t\t\t<span itemprop='url'>https:\/\/ptdl.pl\/wp-content\/uploads\/2023\/03\/logo_2.svg<\/span>\n\t\t\t\t\t\t<\/span>\n\t\t\t\t<\/span><span class='av-structured-data'  itemprop=\"author\" itemscope=\"itemscope\" itemtype=\"https:\/\/schema.org\/Person\" ><span itemprop='name'>Olga Ciepiela<\/span><\/span><span class='av-structured-data'  itemprop=\"datePublished\" datetime=\"2023-02-03T12:54:00+01:00\" >2024-02-22 12:01:01<\/span><span class='av-structured-data'  itemprop=\"dateModified\" itemtype=\"https:\/\/schema.org\/dateModified\" >2024-03-08 12:17:07<\/span><span class='av-structured-data'  itemprop=\"mainEntityOfPage\" itemtype=\"https:\/\/schema.org\/mainEntityOfPage\" ><span itemprop='name'>Konferencja Randox QC Roadshow \u2013 Warszawa<\/span><\/span><\/span><\/article><\/div><div class=\"slide-entry-wrap\"><article class='slide-entry flex_column  post-entry post-entry-2690 slide-entry-overview slide-loop-73 slide-parity-odd  av_one_third first real-thumbnail post-format-standard'  itemscope=\"itemscope\" itemtype=\"https:\/\/schema.org\/CreativeWork\" ><a href='https:\/\/ptdl.pl\/index.php\/2024\/02\/08\/xi-konferencja-naukowo-szkoleniowa-pomorskie-spotkania-z-diagnostyka-2024-11-04-12-04-2024-r-gdansk-sobieszewo\/' data-rel='slide-5' class='slide-image' title='XI KONFERENCJA NAUKOWO &#8211; SZKOLENIOWA \u201ePOMORSKIE SPOTKANIA Z DIAGNOSTYK\u0104\u201d 2024 11.04. &#8211; 12.04.2024 r., Gda\u0144sk-Sobieszewo'><img decoding=\"async\" width=\"300\" height=\"199\" src=\"https:\/\/ptdl.pl\/ptdl\/wp-content\/uploads\/2023\/02\/news_017-300x199.jpg\" class=\"wp-image-808 avia-img-lazy-loading-not-808 attachment-medium size-medium wp-post-image\" alt=\"\" srcset=\"https:\/\/ptdl.pl\/ptdl\/wp-content\/uploads\/2023\/02\/news_017-300x199.jpg 300w, https:\/\/ptdl.pl\/ptdl\/wp-content\/uploads\/2023\/02\/news_017.jpg 500w\" sizes=\"(max-width: 300px) 100vw, 300px\" \/><\/a><div class=\"slide-content\"><header class=\"entry-content-header\"><h3 class='slide-entry-title entry-title '  itemprop=\"headline\" ><a href='https:\/\/ptdl.pl\/index.php\/2024\/02\/08\/xi-konferencja-naukowo-szkoleniowa-pomorskie-spotkania-z-diagnostyka-2024-11-04-12-04-2024-r-gdansk-sobieszewo\/' title='XI KONFERENCJA NAUKOWO &#8211; SZKOLENIOWA \u201ePOMORSKIE SPOTKANIA Z DIAGNOSTYK\u0104\u201d 2024 11.04. &#8211; 12.04.2024 r., Gda\u0144sk-Sobieszewo'>XI KONFERENCJA NAUKOWO &#8211; SZKOLENIOWA \u201ePOMORSKIE SPOTKANIA Z DIAGNOSTYK\u0104\u201d 2024 11.04. &#8211; 12.04.2024 r., Gda\u0144sk-Sobieszewo<\/a><\/h3><span class=\"av-vertical-delimiter\"><\/span><\/header><div class=\"slide-meta\"><time class='slide-meta-time updated'  itemprop=\"datePublished\" datetime=\"2024-02-08T11:17:41+01:00\" >2024-02-08<\/time><\/div><div class='slide-entry-excerpt entry-content'  itemprop=\"text\" ><div class=\"read-more-link\"><a href=\"https:\/\/ptdl.pl\/index.php\/2024\/02\/08\/xi-konferencja-naukowo-szkoleniowa-pomorskie-spotkania-z-diagnostyka-2024-11-04-12-04-2024-r-gdansk-sobieszewo\/\" class=\"more-link\">Czytaj dalej<span class=\"more-link-arrow\"><\/span><\/a><\/div><\/div><\/div><footer class=\"entry-footer\"><\/footer><span class='hidden'>\n\t\t\t\t<span class='av-structured-data'  itemprop=\"image\" itemscope=\"itemscope\" itemtype=\"https:\/\/schema.org\/ImageObject\" >\n\t\t\t\t\t\t<span itemprop='url'>https:\/\/ptdl.pl\/ptdl\/wp-content\/uploads\/2023\/02\/news_017.jpg<\/span>\n\t\t\t\t\t\t<span itemprop='height'>332<\/span>\n\t\t\t\t\t\t<span itemprop='width'>500<\/span>\n\t\t\t\t<\/span>\n\t\t\t\t<span class='av-structured-data'  itemprop=\"publisher\" itemtype=\"https:\/\/schema.org\/Organization\" itemscope=\"itemscope\" >\n\t\t\t\t\t\t<span itemprop='name'>Agnieszka Jankowska-Kulawy<\/span>\n\t\t\t\t\t\t<span itemprop='logo' itemscope itemtype='https:\/\/schema.org\/ImageObject'>\n\t\t\t\t\t\t\t<span itemprop='url'>https:\/\/ptdl.pl\/wp-content\/uploads\/2023\/03\/logo_2.svg<\/span>\n\t\t\t\t\t\t<\/span>\n\t\t\t\t<\/span><span class='av-structured-data'  itemprop=\"author\" itemscope=\"itemscope\" itemtype=\"https:\/\/schema.org\/Person\" ><span itemprop='name'>Agnieszka Jankowska-Kulawy<\/span><\/span><span class='av-structured-data'  itemprop=\"datePublished\" datetime=\"2023-02-03T12:54:00+01:00\" >2024-02-08 11:17:41<\/span><span class='av-structured-data'  itemprop=\"dateModified\" itemtype=\"https:\/\/schema.org\/dateModified\" >2024-02-08 15:30:48<\/span><span class='av-structured-data'  itemprop=\"mainEntityOfPage\" itemtype=\"https:\/\/schema.org\/mainEntityOfPage\" ><span itemprop='name'>XI KONFERENCJA NAUKOWO &#8211; SZKOLENIOWA \u201ePOMORSKIE SPOTKANIA Z DIAGNOSTYK\u0104\u201d 2024 11.04. &#8211; 12.04.2024 r., Gda\u0144sk-Sobieszewo<\/span><\/span><\/span><\/article><article class='slide-entry flex_column  post-entry post-entry-2680 slide-entry-overview slide-loop-74 slide-parity-even  av_one_third  real-thumbnail post-format-standard'  itemscope=\"itemscope\" itemtype=\"https:\/\/schema.org\/CreativeWork\" ><a href='https:\/\/ptdl.pl\/index.php\/2024\/02\/06\/konferencja-naukowo-szkoleniowa-opolskiego-oddzialu-ptdl\/' data-rel='slide-5' class='slide-image' title='Konferencja Naukowo-Szkoleniowa Opolskiego Oddzia\u0142u PTDL'><img decoding=\"async\" width=\"300\" height=\"200\" src=\"https:\/\/ptdl.pl\/ptdl\/wp-content\/uploads\/2023\/12\/news_44-300x200.jpg\" class=\"wp-image-2019 avia-img-lazy-loading-not-2019 attachment-medium size-medium wp-post-image\" alt=\"\" srcset=\"https:\/\/ptdl.pl\/ptdl\/wp-content\/uploads\/2023\/12\/news_44-300x200.jpg 300w, https:\/\/ptdl.pl\/ptdl\/wp-content\/uploads\/2023\/12\/news_44.jpg 500w\" sizes=\"(max-width: 300px) 100vw, 300px\" \/><\/a><div class=\"slide-content\"><header class=\"entry-content-header\"><h3 class='slide-entry-title entry-title '  itemprop=\"headline\" ><a href='https:\/\/ptdl.pl\/index.php\/2024\/02\/06\/konferencja-naukowo-szkoleniowa-opolskiego-oddzialu-ptdl\/' title='Konferencja Naukowo-Szkoleniowa Opolskiego Oddzia\u0142u PTDL'>Konferencja Naukowo-Szkoleniowa Opolskiego Oddzia\u0142u PTDL<\/a><\/h3><span class=\"av-vertical-delimiter\"><\/span><\/header><div class=\"slide-meta\"><time class='slide-meta-time updated'  itemprop=\"datePublished\" datetime=\"2024-02-06T19:39:53+01:00\" >2024-02-06<\/time><\/div><div class='slide-entry-excerpt entry-content'  itemprop=\"text\" ><div class=\"read-more-link\"><a href=\"https:\/\/ptdl.pl\/index.php\/2024\/02\/06\/konferencja-naukowo-szkoleniowa-opolskiego-oddzialu-ptdl\/\" class=\"more-link\">Czytaj dalej<span class=\"more-link-arrow\"><\/span><\/a><\/div><\/div><\/div><footer class=\"entry-footer\"><\/footer><span class='hidden'>\n\t\t\t\t<span class='av-structured-data'  itemprop=\"image\" itemscope=\"itemscope\" itemtype=\"https:\/\/schema.org\/ImageObject\" >\n\t\t\t\t\t\t<span itemprop='url'>https:\/\/ptdl.pl\/ptdl\/wp-content\/uploads\/2023\/12\/news_44.jpg<\/span>\n\t\t\t\t\t\t<span itemprop='height'>333<\/span>\n\t\t\t\t\t\t<span itemprop='width'>500<\/span>\n\t\t\t\t<\/span>\n\t\t\t\t<span class='av-structured-data'  itemprop=\"publisher\" itemtype=\"https:\/\/schema.org\/Organization\" itemscope=\"itemscope\" >\n\t\t\t\t\t\t<span itemprop='name'>Ewa Gawrylak-Dryja<\/span>\n\t\t\t\t\t\t<span itemprop='logo' itemscope itemtype='https:\/\/schema.org\/ImageObject'>\n\t\t\t\t\t\t\t<span itemprop='url'>https:\/\/ptdl.pl\/wp-content\/uploads\/2023\/03\/logo_2.svg<\/span>\n\t\t\t\t\t\t<\/span>\n\t\t\t\t<\/span><span class='av-structured-data'  itemprop=\"author\" itemscope=\"itemscope\" itemtype=\"https:\/\/schema.org\/Person\" ><span itemprop='name'>Ewa Gawrylak-Dryja<\/span><\/span><span class='av-structured-data'  itemprop=\"datePublished\" datetime=\"2023-02-03T12:54:00+01:00\" >2024-02-06 19:39:53<\/span><span class='av-structured-data'  itemprop=\"dateModified\" itemtype=\"https:\/\/schema.org\/dateModified\" >2024-02-08 15:36:53<\/span><span class='av-structured-data'  itemprop=\"mainEntityOfPage\" itemtype=\"https:\/\/schema.org\/mainEntityOfPage\" ><span itemprop='name'>Konferencja Naukowo-Szkoleniowa Opolskiego Oddzia\u0142u PTDL<\/span><\/span><\/span><\/article><article class='slide-entry flex_column  post-entry post-entry-2664 slide-entry-overview slide-loop-75 slide-parity-odd  av_one_third  real-thumbnail post-format-standard'  itemscope=\"itemscope\" itemtype=\"https:\/\/schema.org\/CreativeWork\" ><a href='https:\/\/ptdl.pl\/index.php\/2024\/02\/06\/konferencja-naukowo-szkoleniowa-poznan-28-02-2024r\/' data-rel='slide-5' class='slide-image' title='Konferencja naukowo-szkoleniowa pt. &#8222;Labtalks 2024. Diagnostyka laboratoryjna \u2013 kluczowy element post\u0119powania klinicznego z pacjentem&#8221; &#8211; Pozna\u0144, 28.02.2024r.'><img decoding=\"async\" width=\"300\" height=\"200\" src=\"https:\/\/ptdl.pl\/ptdl\/wp-content\/uploads\/2024\/02\/Zaproszenie11-2-300x200.jpg\" class=\"wp-image-2740 avia-img-lazy-loading-not-2740 attachment-medium size-medium wp-post-image\" alt=\"\" srcset=\"https:\/\/ptdl.pl\/ptdl\/wp-content\/uploads\/2024\/02\/Zaproszenie11-2-300x200.jpg 300w, https:\/\/ptdl.pl\/ptdl\/wp-content\/uploads\/2024\/02\/Zaproszenie11-2.jpg 500w\" sizes=\"(max-width: 300px) 100vw, 300px\" \/><\/a><div class=\"slide-content\"><header class=\"entry-content-header\"><h3 class='slide-entry-title entry-title '  itemprop=\"headline\" ><a href='https:\/\/ptdl.pl\/index.php\/2024\/02\/06\/konferencja-naukowo-szkoleniowa-poznan-28-02-2024r\/' title='Konferencja naukowo-szkoleniowa pt. &#8222;Labtalks 2024. Diagnostyka laboratoryjna \u2013 kluczowy element post\u0119powania klinicznego z pacjentem&#8221; &#8211; Pozna\u0144, 28.02.2024r.'>Konferencja naukowo-szkoleniowa pt. &#8222;Labtalks 2024. Diagnostyka laboratoryjna \u2013 kluczowy element post\u0119powania klinicznego z pacjentem&#8221; &#8211; Pozna\u0144, 28.02.2024r.<\/a><\/h3><span class=\"av-vertical-delimiter\"><\/span><\/header><div class=\"slide-meta\"><time class='slide-meta-time updated'  itemprop=\"datePublished\" datetime=\"2024-02-06T18:37:25+01:00\" >2024-02-06<\/time><\/div><div class='slide-entry-excerpt entry-content'  itemprop=\"text\" ><div class=\"read-more-link\"><a href=\"https:\/\/ptdl.pl\/index.php\/2024\/02\/06\/konferencja-naukowo-szkoleniowa-poznan-28-02-2024r\/\" class=\"more-link\">Czytaj dalej<span class=\"more-link-arrow\"><\/span><\/a><\/div><\/div><\/div><footer class=\"entry-footer\"><\/footer><span class='hidden'>\n\t\t\t\t<span class='av-structured-data'  itemprop=\"image\" itemscope=\"itemscope\" itemtype=\"https:\/\/schema.org\/ImageObject\" >\n\t\t\t\t\t\t<span itemprop='url'>https:\/\/ptdl.pl\/ptdl\/wp-content\/uploads\/2024\/02\/Zaproszenie11-2.jpg<\/span>\n\t\t\t\t\t\t<span itemprop='height'>333<\/span>\n\t\t\t\t\t\t<span itemprop='width'>500<\/span>\n\t\t\t\t<\/span>\n\t\t\t\t<span class='av-structured-data'  itemprop=\"publisher\" itemtype=\"https:\/\/schema.org\/Organization\" itemscope=\"itemscope\" >\n\t\t\t\t\t\t<span itemprop='name'>Ma\u0142gorzata Zieli\u0144ska-Przyjemska<\/span>\n\t\t\t\t\t\t<span itemprop='logo' itemscope itemtype='https:\/\/schema.org\/ImageObject'>\n\t\t\t\t\t\t\t<span itemprop='url'>https:\/\/ptdl.pl\/wp-content\/uploads\/2023\/03\/logo_2.svg<\/span>\n\t\t\t\t\t\t<\/span>\n\t\t\t\t<\/span><span class='av-structured-data'  itemprop=\"author\" itemscope=\"itemscope\" itemtype=\"https:\/\/schema.org\/Person\" ><span itemprop='name'>Ma\u0142gorzata Zieli\u0144ska-Przyjemska<\/span><\/span><span class='av-structured-data'  itemprop=\"datePublished\" datetime=\"2023-02-03T12:54:00+01:00\" >2024-02-06 18:37:25<\/span><span class='av-structured-data'  itemprop=\"dateModified\" itemtype=\"https:\/\/schema.org\/dateModified\" >2024-02-22 15:48:04<\/span><span class='av-structured-data'  itemprop=\"mainEntityOfPage\" itemtype=\"https:\/\/schema.org\/mainEntityOfPage\" ><span itemprop='name'>Konferencja naukowo-szkoleniowa pt. &#8222;Labtalks 2024. Diagnostyka laboratoryjna \u2013 kluczowy element post\u0119powania klinicznego z pacjentem&#8221; &#8211; Pozna\u0144, 28.02.2024r.<\/span><\/span><\/span><\/article><\/div><div class=\"slide-entry-wrap\"><article class='slide-entry flex_column  post-entry post-entry-2657 slide-entry-overview slide-loop-76 slide-parity-odd  av_one_third first real-thumbnail post-format-standard'  itemscope=\"itemscope\" itemtype=\"https:\/\/schema.org\/CreativeWork\" ><a href='https:\/\/ptdl.pl\/index.php\/2024\/02\/04\/konferencja-nowotwory-narastajace-wyzwanie-medycyny-laboratoryjnej-poznan-19-marca-2024-r\/' data-rel='slide-5' class='slide-image' title='Konferencja \u201eNowotwory \u2013 narastaj\u0105ce wyzwanie medycyny laboratoryjnej\u201d &#8211; Pozna\u0144, 19 marca 2024 r.'><img decoding=\"async\" width=\"300\" height=\"200\" src=\"https:\/\/ptdl.pl\/ptdl\/wp-content\/uploads\/2024\/02\/Konferencja-PTDL-1080x1080-1-1030x1030-1-300x200.png\" class=\"wp-image-2743 avia-img-lazy-loading-not-2743 attachment-medium size-medium wp-post-image\" alt=\"\" srcset=\"https:\/\/ptdl.pl\/ptdl\/wp-content\/uploads\/2024\/02\/Konferencja-PTDL-1080x1080-1-1030x1030-1-300x200.png 300w, https:\/\/ptdl.pl\/ptdl\/wp-content\/uploads\/2024\/02\/Konferencja-PTDL-1080x1080-1-1030x1030-1.png 500w\" sizes=\"(max-width: 300px) 100vw, 300px\" \/><\/a><div class=\"slide-content\"><header class=\"entry-content-header\"><h3 class='slide-entry-title entry-title '  itemprop=\"headline\" ><a href='https:\/\/ptdl.pl\/index.php\/2024\/02\/04\/konferencja-nowotwory-narastajace-wyzwanie-medycyny-laboratoryjnej-poznan-19-marca-2024-r\/' title='Konferencja \u201eNowotwory \u2013 narastaj\u0105ce wyzwanie medycyny laboratoryjnej\u201d &#8211; Pozna\u0144, 19 marca 2024 r.'>Konferencja \u201eNowotwory \u2013 narastaj\u0105ce wyzwanie medycyny laboratoryjnej\u201d &#8211; Pozna\u0144, 19 marca 2024 r.<\/a><\/h3><span class=\"av-vertical-delimiter\"><\/span><\/header><div class=\"slide-meta\"><time class='slide-meta-time updated'  itemprop=\"datePublished\" datetime=\"2024-02-04T13:53:15+01:00\" >2024-02-04<\/time><\/div><div class='slide-entry-excerpt entry-content'  itemprop=\"text\" ><div class=\"read-more-link\"><a href=\"https:\/\/ptdl.pl\/index.php\/2024\/02\/04\/konferencja-nowotwory-narastajace-wyzwanie-medycyny-laboratoryjnej-poznan-19-marca-2024-r\/\" class=\"more-link\">Czytaj dalej<span class=\"more-link-arrow\"><\/span><\/a><\/div><\/div><\/div><footer class=\"entry-footer\"><\/footer><span class='hidden'>\n\t\t\t\t<span class='av-structured-data'  itemprop=\"image\" itemscope=\"itemscope\" itemtype=\"https:\/\/schema.org\/ImageObject\" >\n\t\t\t\t\t\t<span itemprop='url'>https:\/\/ptdl.pl\/ptdl\/wp-content\/uploads\/2024\/02\/Konferencja-PTDL-1080x1080-1-1030x1030-1.png<\/span>\n\t\t\t\t\t\t<span itemprop='height'>333<\/span>\n\t\t\t\t\t\t<span itemprop='width'>500<\/span>\n\t\t\t\t<\/span>\n\t\t\t\t<span class='av-structured-data'  itemprop=\"publisher\" itemtype=\"https:\/\/schema.org\/Organization\" itemscope=\"itemscope\" >\n\t\t\t\t\t\t<span itemprop='name'>Ma\u0142gorzata Zieli\u0144ska-Przyjemska<\/span>\n\t\t\t\t\t\t<span itemprop='logo' itemscope itemtype='https:\/\/schema.org\/ImageObject'>\n\t\t\t\t\t\t\t<span itemprop='url'>https:\/\/ptdl.pl\/wp-content\/uploads\/2023\/03\/logo_2.svg<\/span>\n\t\t\t\t\t\t<\/span>\n\t\t\t\t<\/span><span class='av-structured-data'  itemprop=\"author\" itemscope=\"itemscope\" itemtype=\"https:\/\/schema.org\/Person\" ><span itemprop='name'>Ma\u0142gorzata Zieli\u0144ska-Przyjemska<\/span><\/span><span class='av-structured-data'  itemprop=\"datePublished\" datetime=\"2023-02-03T12:54:00+01:00\" >2024-02-04 13:53:15<\/span><span class='av-structured-data'  itemprop=\"dateModified\" itemtype=\"https:\/\/schema.org\/dateModified\" >2024-02-10 00:24:57<\/span><span class='av-structured-data'  itemprop=\"mainEntityOfPage\" itemtype=\"https:\/\/schema.org\/mainEntityOfPage\" ><span itemprop='name'>Konferencja \u201eNowotwory \u2013 narastaj\u0105ce wyzwanie medycyny laboratoryjnej\u201d &#8211; Pozna\u0144, 19 marca 2024 r.<\/span><\/span><\/span><\/article><article class='slide-entry flex_column  post-entry post-entry-2577 slide-entry-overview slide-loop-77 slide-parity-even  av_one_third  real-thumbnail post-format-standard'  itemscope=\"itemscope\" itemtype=\"https:\/\/schema.org\/CreativeWork\" ><a href='https:\/\/ptdl.pl\/index.php\/2024\/01\/23\/konferencja-jakosc-w-medycynie-laboratoryjnej\/' data-rel='slide-5' class='slide-image' title='Konferencja &#8222;Jako\u015b\u0107 w Medycynie Laboratoryjnej&#8221;'><img decoding=\"async\" width=\"300\" height=\"200\" src=\"https:\/\/ptdl.pl\/ptdl\/wp-content\/uploads\/2024\/01\/konferencja_01_s-300x200.png\" class=\"wp-image-2581 avia-img-lazy-loading-not-2581 attachment-medium size-medium wp-post-image\" alt=\"\" srcset=\"https:\/\/ptdl.pl\/ptdl\/wp-content\/uploads\/2024\/01\/konferencja_01_s-300x200.png 300w, https:\/\/ptdl.pl\/ptdl\/wp-content\/uploads\/2024\/01\/konferencja_01_s.png 500w\" sizes=\"(max-width: 300px) 100vw, 300px\" \/><\/a><div class=\"slide-content\"><header class=\"entry-content-header\"><h3 class='slide-entry-title entry-title '  itemprop=\"headline\" ><a href='https:\/\/ptdl.pl\/index.php\/2024\/01\/23\/konferencja-jakosc-w-medycynie-laboratoryjnej\/' title='Konferencja &#8222;Jako\u015b\u0107 w Medycynie Laboratoryjnej&#8221;'>Konferencja &#8222;Jako\u015b\u0107 w Medycynie Laboratoryjnej&#8221;<\/a><\/h3><span class=\"av-vertical-delimiter\"><\/span><\/header><div class=\"slide-meta\"><time class='slide-meta-time updated'  itemprop=\"datePublished\" datetime=\"2024-01-23T14:54:43+01:00\" >2024-01-23<\/time><\/div><div class='slide-entry-excerpt entry-content'  itemprop=\"text\" ><div class=\"read-more-link\"><a href=\"https:\/\/ptdl.pl\/index.php\/2024\/01\/23\/konferencja-jakosc-w-medycynie-laboratoryjnej\/\" class=\"more-link\">Czytaj dalej<span class=\"more-link-arrow\"><\/span><\/a><\/div><\/div><\/div><footer class=\"entry-footer\"><\/footer><span class='hidden'>\n\t\t\t\t<span class='av-structured-data'  itemprop=\"image\" itemscope=\"itemscope\" itemtype=\"https:\/\/schema.org\/ImageObject\" >\n\t\t\t\t\t\t<span itemprop='url'>https:\/\/ptdl.pl\/ptdl\/wp-content\/uploads\/2024\/01\/konferencja_01_s.png<\/span>\n\t\t\t\t\t\t<span itemprop='height'>333<\/span>\n\t\t\t\t\t\t<span itemprop='width'>500<\/span>\n\t\t\t\t<\/span>\n\t\t\t\t<span class='av-structured-data'  itemprop=\"publisher\" itemtype=\"https:\/\/schema.org\/Organization\" itemscope=\"itemscope\" >\n\t\t\t\t\t\t<span itemprop='name'>admin<\/span>\n\t\t\t\t\t\t<span itemprop='logo' itemscope itemtype='https:\/\/schema.org\/ImageObject'>\n\t\t\t\t\t\t\t<span itemprop='url'>https:\/\/ptdl.pl\/wp-content\/uploads\/2023\/03\/logo_2.svg<\/span>\n\t\t\t\t\t\t<\/span>\n\t\t\t\t<\/span><span class='av-structured-data'  itemprop=\"author\" itemscope=\"itemscope\" itemtype=\"https:\/\/schema.org\/Person\" ><span itemprop='name'>admin<\/span><\/span><span class='av-structured-data'  itemprop=\"datePublished\" datetime=\"2023-02-03T12:54:00+01:00\" >2024-01-23 14:54:43<\/span><span class='av-structured-data'  itemprop=\"dateModified\" itemtype=\"https:\/\/schema.org\/dateModified\" >2024-01-23 14:54:43<\/span><span class='av-structured-data'  itemprop=\"mainEntityOfPage\" itemtype=\"https:\/\/schema.org\/mainEntityOfPage\" ><span itemprop='name'>Konferencja &#8222;Jako\u015b\u0107 w Medycynie Laboratoryjnej&#8221;<\/span><\/span><\/span><\/article><article class='slide-entry flex_column  post-entry post-entry-2538 slide-entry-overview slide-loop-78 slide-parity-odd  av_one_third  real-thumbnail post-format-standard'  itemscope=\"itemscope\" itemtype=\"https:\/\/schema.org\/CreativeWork\" ><a href='https:\/\/ptdl.pl\/index.php\/2024\/01\/18\/konferencja-naukowo-szkoleniowa-i-posiedzenie-czlonkow-oddzialu-3-lutego-2024r-krakow\/' data-rel='slide-5' class='slide-image' title='Konferencja Naukowo-Szkoleniowa i posiedzenie Cz\u0142onk\u00f3w oddzia\u0142u &#8211; 3 lutego 2024r, Krak\u00f3w'><img decoding=\"async\" width=\"300\" height=\"200\" src=\"https:\/\/ptdl.pl\/ptdl\/wp-content\/uploads\/2023\/12\/news_58-300x200.jpg\" class=\"wp-image-2033 avia-img-lazy-loading-not-2033 attachment-medium size-medium wp-post-image\" alt=\"\" srcset=\"https:\/\/ptdl.pl\/ptdl\/wp-content\/uploads\/2023\/12\/news_58-300x200.jpg 300w, https:\/\/ptdl.pl\/ptdl\/wp-content\/uploads\/2023\/12\/news_58.jpg 500w\" sizes=\"(max-width: 300px) 100vw, 300px\" \/><\/a><div class=\"slide-content\"><header class=\"entry-content-header\"><h3 class='slide-entry-title entry-title '  itemprop=\"headline\" ><a href='https:\/\/ptdl.pl\/index.php\/2024\/01\/18\/konferencja-naukowo-szkoleniowa-i-posiedzenie-czlonkow-oddzialu-3-lutego-2024r-krakow\/' title='Konferencja Naukowo-Szkoleniowa i posiedzenie Cz\u0142onk\u00f3w oddzia\u0142u &#8211; 3 lutego 2024r, Krak\u00f3w'>Konferencja Naukowo-Szkoleniowa i posiedzenie Cz\u0142onk\u00f3w oddzia\u0142u &#8211; 3 lutego 2024r, Krak\u00f3w<\/a><\/h3><span class=\"av-vertical-delimiter\"><\/span><\/header><div class=\"slide-meta\"><time class='slide-meta-time updated'  itemprop=\"datePublished\" datetime=\"2024-01-18T15:04:32+01:00\" >2024-01-18<\/time><\/div><div class='slide-entry-excerpt entry-content'  itemprop=\"text\" ><div class=\"read-more-link\"><a href=\"https:\/\/ptdl.pl\/index.php\/2024\/01\/18\/konferencja-naukowo-szkoleniowa-i-posiedzenie-czlonkow-oddzialu-3-lutego-2024r-krakow\/\" class=\"more-link\">Czytaj dalej<span class=\"more-link-arrow\"><\/span><\/a><\/div><\/div><\/div><footer class=\"entry-footer\"><\/footer><span class='hidden'>\n\t\t\t\t<span class='av-structured-data'  itemprop=\"image\" itemscope=\"itemscope\" itemtype=\"https:\/\/schema.org\/ImageObject\" >\n\t\t\t\t\t\t<span itemprop='url'>https:\/\/ptdl.pl\/ptdl\/wp-content\/uploads\/2023\/12\/news_58.jpg<\/span>\n\t\t\t\t\t\t<span itemprop='height'>333<\/span>\n\t\t\t\t\t\t<span itemprop='width'>500<\/span>\n\t\t\t\t<\/span>\n\t\t\t\t<span class='av-structured-data'  itemprop=\"publisher\" itemtype=\"https:\/\/schema.org\/Organization\" itemscope=\"itemscope\" >\n\t\t\t\t\t\t<span itemprop='name'>Anna Z\u0105bek-Adamska<\/span>\n\t\t\t\t\t\t<span itemprop='logo' itemscope itemtype='https:\/\/schema.org\/ImageObject'>\n\t\t\t\t\t\t\t<span itemprop='url'>https:\/\/ptdl.pl\/wp-content\/uploads\/2023\/03\/logo_2.svg<\/span>\n\t\t\t\t\t\t<\/span>\n\t\t\t\t<\/span><span class='av-structured-data'  itemprop=\"author\" itemscope=\"itemscope\" itemtype=\"https:\/\/schema.org\/Person\" ><span itemprop='name'>Anna Z\u0105bek-Adamska<\/span><\/span><span class='av-structured-data'  itemprop=\"datePublished\" datetime=\"2023-02-03T12:54:00+01:00\" >2024-01-18 15:04:32<\/span><span class='av-structured-data'  itemprop=\"dateModified\" itemtype=\"https:\/\/schema.org\/dateModified\" >2024-02-02 17:52:23<\/span><span class='av-structured-data'  itemprop=\"mainEntityOfPage\" itemtype=\"https:\/\/schema.org\/mainEntityOfPage\" ><span itemprop='name'>Konferencja Naukowo-Szkoleniowa i posiedzenie Cz\u0142onk\u00f3w oddzia\u0142u &#8211; 3 lutego 2024r, Krak\u00f3w<\/span><\/span><\/span><\/article><\/div><div class=\"slide-entry-wrap\"><article class='slide-entry flex_column  post-entry post-entry-2520 slide-entry-overview slide-loop-79 slide-parity-odd  av_one_third first real-thumbnail post-format-standard'  itemscope=\"itemscope\" itemtype=\"https:\/\/schema.org\/CreativeWork\" ><a href='https:\/\/ptdl.pl\/index.php\/2024\/01\/18\/akademia-kontroli-zakazen\/' data-rel='slide-5' class='slide-image' title='Akademia Kontroli Zaka\u017ce\u0144'><img decoding=\"async\" width=\"300\" height=\"200\" src=\"https:\/\/ptdl.pl\/ptdl\/wp-content\/uploads\/2024\/01\/akademia_kontroli_zakazen_s-300x200.png\" class=\"wp-image-2523 avia-img-lazy-loading-not-2523 attachment-medium size-medium wp-post-image\" alt=\"\" srcset=\"https:\/\/ptdl.pl\/ptdl\/wp-content\/uploads\/2024\/01\/akademia_kontroli_zakazen_s-300x200.png 300w, https:\/\/ptdl.pl\/ptdl\/wp-content\/uploads\/2024\/01\/akademia_kontroli_zakazen_s.png 500w\" sizes=\"(max-width: 300px) 100vw, 300px\" \/><\/a><div class=\"slide-content\"><header class=\"entry-content-header\"><h3 class='slide-entry-title entry-title '  itemprop=\"headline\" ><a href='https:\/\/ptdl.pl\/index.php\/2024\/01\/18\/akademia-kontroli-zakazen\/' title='Akademia Kontroli Zaka\u017ce\u0144'>Akademia Kontroli Zaka\u017ce\u0144<\/a><\/h3><span class=\"av-vertical-delimiter\"><\/span><\/header><div class=\"slide-meta\"><time class='slide-meta-time updated'  itemprop=\"datePublished\" datetime=\"2024-01-18T11:18:12+01:00\" >2024-01-18<\/time><\/div><div class='slide-entry-excerpt entry-content'  itemprop=\"text\" ><div class=\"read-more-link\"><a href=\"https:\/\/ptdl.pl\/index.php\/2024\/01\/18\/akademia-kontroli-zakazen\/\" class=\"more-link\">Czytaj dalej<span class=\"more-link-arrow\"><\/span><\/a><\/div><\/div><\/div><footer class=\"entry-footer\"><\/footer><span class='hidden'>\n\t\t\t\t<span class='av-structured-data'  itemprop=\"image\" itemscope=\"itemscope\" itemtype=\"https:\/\/schema.org\/ImageObject\" >\n\t\t\t\t\t\t<span itemprop='url'>https:\/\/ptdl.pl\/ptdl\/wp-content\/uploads\/2024\/01\/akademia_kontroli_zakazen_s.png<\/span>\n\t\t\t\t\t\t<span itemprop='height'>333<\/span>\n\t\t\t\t\t\t<span itemprop='width'>500<\/span>\n\t\t\t\t<\/span>\n\t\t\t\t<span class='av-structured-data'  itemprop=\"publisher\" itemtype=\"https:\/\/schema.org\/Organization\" itemscope=\"itemscope\" >\n\t\t\t\t\t\t<span itemprop='name'>admin<\/span>\n\t\t\t\t\t\t<span itemprop='logo' itemscope itemtype='https:\/\/schema.org\/ImageObject'>\n\t\t\t\t\t\t\t<span itemprop='url'>https:\/\/ptdl.pl\/wp-content\/uploads\/2023\/03\/logo_2.svg<\/span>\n\t\t\t\t\t\t<\/span>\n\t\t\t\t<\/span><span class='av-structured-data'  itemprop=\"author\" itemscope=\"itemscope\" itemtype=\"https:\/\/schema.org\/Person\" ><span itemprop='name'>admin<\/span><\/span><span class='av-structured-data'  itemprop=\"datePublished\" datetime=\"2023-02-03T12:54:00+01:00\" >2024-01-18 11:18:12<\/span><span class='av-structured-data'  itemprop=\"dateModified\" itemtype=\"https:\/\/schema.org\/dateModified\" >2024-01-18 11:18:46<\/span><span class='av-structured-data'  itemprop=\"mainEntityOfPage\" itemtype=\"https:\/\/schema.org\/mainEntityOfPage\" ><span itemprop='name'>Akademia Kontroli Zaka\u017ce\u0144<\/span><\/span><\/span><\/article><article class='slide-entry flex_column  post-entry post-entry-2212 slide-entry-overview slide-loop-80 slide-parity-even  av_one_third  real-thumbnail post-format-standard'  itemscope=\"itemscope\" itemtype=\"https:\/\/schema.org\/CreativeWork\" ><a href='https:\/\/ptdl.pl\/index.php\/2024\/01\/04\/konkurs-streszczen-ifcc-worldlab-2024-w-dubaju\/' data-rel='slide-5' class='slide-image' title='Konkurs streszcze\u0144 IFCC WORLDLAB 2024 W DUBAJU'><img decoding=\"async\" width=\"300\" height=\"200\" src=\"https:\/\/ptdl.pl\/ptdl\/wp-content\/uploads\/2024\/01\/ifcc_dubai-1-300x200.png\" class=\"wp-image-2223 avia-img-lazy-loading-not-2223 attachment-medium size-medium wp-post-image\" alt=\"\" srcset=\"https:\/\/ptdl.pl\/ptdl\/wp-content\/uploads\/2024\/01\/ifcc_dubai-1-300x200.png 300w, https:\/\/ptdl.pl\/ptdl\/wp-content\/uploads\/2024\/01\/ifcc_dubai-1.png 500w\" sizes=\"(max-width: 300px) 100vw, 300px\" \/><\/a><div class=\"slide-content\"><header class=\"entry-content-header\"><h3 class='slide-entry-title entry-title '  itemprop=\"headline\" ><a href='https:\/\/ptdl.pl\/index.php\/2024\/01\/04\/konkurs-streszczen-ifcc-worldlab-2024-w-dubaju\/' title='Konkurs streszcze\u0144 IFCC WORLDLAB 2024 W DUBAJU'>Konkurs streszcze\u0144 IFCC WORLDLAB 2024 W DUBAJU<\/a><\/h3><span class=\"av-vertical-delimiter\"><\/span><\/header><div class=\"slide-meta\"><time class='slide-meta-time updated'  itemprop=\"datePublished\" datetime=\"2024-01-04T14:05:35+01:00\" >2024-01-04<\/time><\/div><div class='slide-entry-excerpt entry-content'  itemprop=\"text\" ><div class=\"read-more-link\"><a href=\"https:\/\/ptdl.pl\/index.php\/2024\/01\/04\/konkurs-streszczen-ifcc-worldlab-2024-w-dubaju\/\" class=\"more-link\">Czytaj dalej<span class=\"more-link-arrow\"><\/span><\/a><\/div><\/div><\/div><footer class=\"entry-footer\"><\/footer><span class='hidden'>\n\t\t\t\t<span class='av-structured-data'  itemprop=\"image\" itemscope=\"itemscope\" itemtype=\"https:\/\/schema.org\/ImageObject\" >\n\t\t\t\t\t\t<span itemprop='url'>https:\/\/ptdl.pl\/ptdl\/wp-content\/uploads\/2024\/01\/ifcc_dubai-1.png<\/span>\n\t\t\t\t\t\t<span itemprop='height'>333<\/span>\n\t\t\t\t\t\t<span itemprop='width'>500<\/span>\n\t\t\t\t<\/span>\n\t\t\t\t<span class='av-structured-data'  itemprop=\"publisher\" itemtype=\"https:\/\/schema.org\/Organization\" itemscope=\"itemscope\" >\n\t\t\t\t\t\t<span itemprop='name'>admin<\/span>\n\t\t\t\t\t\t<span itemprop='logo' itemscope itemtype='https:\/\/schema.org\/ImageObject'>\n\t\t\t\t\t\t\t<span itemprop='url'>https:\/\/ptdl.pl\/wp-content\/uploads\/2023\/03\/logo_2.svg<\/span>\n\t\t\t\t\t\t<\/span>\n\t\t\t\t<\/span><span class='av-structured-data'  itemprop=\"author\" itemscope=\"itemscope\" itemtype=\"https:\/\/schema.org\/Person\" ><span itemprop='name'>admin<\/span><\/span><span class='av-structured-data'  itemprop=\"datePublished\" datetime=\"2023-02-03T12:54:00+01:00\" >2024-01-04 14:05:35<\/span><span class='av-structured-data'  itemprop=\"dateModified\" itemtype=\"https:\/\/schema.org\/dateModified\" >2024-01-19 16:40:14<\/span><span class='av-structured-data'  itemprop=\"mainEntityOfPage\" itemtype=\"https:\/\/schema.org\/mainEntityOfPage\" ><span itemprop='name'>Konkurs streszcze\u0144 IFCC WORLDLAB 2024 W DUBAJU<\/span><\/span><\/span><\/article><article class='slide-entry flex_column  post-entry post-entry-1973 slide-entry-overview slide-loop-81 slide-parity-odd  av_one_third  real-thumbnail post-format-standard'  itemscope=\"itemscope\" itemtype=\"https:\/\/schema.org\/CreativeWork\" ><a href='https:\/\/ptdl.pl\/index.php\/2023\/11\/23\/xii-lubuska-konferencja-diagnostyczna-medycyna-laboratoryjna-nowosci-i-wyzwania-zima-2024\/' data-rel='slide-5' class='slide-image' title='XII Lubuska Konferencja Diagnostyczna &#8211; &#8222;Medycyna Laboratoryjna &#8211; nowo\u015bci i wyzwania&#8221;\u00a0ZIMA 2024'><img decoding=\"async\" width=\"300\" height=\"200\" src=\"https:\/\/ptdl.pl\/ptdl\/wp-content\/uploads\/2023\/02\/news_011-300x200.jpg\" class=\"wp-image-802 avia-img-lazy-loading-not-802 attachment-medium size-medium wp-post-image\" alt=\"\" srcset=\"https:\/\/ptdl.pl\/ptdl\/wp-content\/uploads\/2023\/02\/news_011-300x200.jpg 300w, https:\/\/ptdl.pl\/ptdl\/wp-content\/uploads\/2023\/02\/news_011.jpg 500w\" sizes=\"(max-width: 300px) 100vw, 300px\" \/><\/a><div class=\"slide-content\"><header class=\"entry-content-header\"><h3 class='slide-entry-title entry-title '  itemprop=\"headline\" ><a href='https:\/\/ptdl.pl\/index.php\/2023\/11\/23\/xii-lubuska-konferencja-diagnostyczna-medycyna-laboratoryjna-nowosci-i-wyzwania-zima-2024\/' title='XII Lubuska Konferencja Diagnostyczna &#8211; &#8222;Medycyna Laboratoryjna &#8211; nowo\u015bci i wyzwania&#8221;\u00a0ZIMA 2024'>XII Lubuska Konferencja Diagnostyczna &#8211; &#8222;Medycyna Laboratoryjna &#8211; nowo\u015bci i wyzwania&#8221;\u00a0ZIMA 2024<\/a><\/h3><span class=\"av-vertical-delimiter\"><\/span><\/header><div class=\"slide-meta\"><time class='slide-meta-time updated'  itemprop=\"datePublished\" datetime=\"2023-11-23T10:03:14+01:00\" >2023-11-23<\/time><\/div><div class='slide-entry-excerpt entry-content'  itemprop=\"text\" ><div class=\"read-more-link\"><a href=\"https:\/\/ptdl.pl\/index.php\/2023\/11\/23\/xii-lubuska-konferencja-diagnostyczna-medycyna-laboratoryjna-nowosci-i-wyzwania-zima-2024\/\" class=\"more-link\">Czytaj dalej<span class=\"more-link-arrow\"><\/span><\/a><\/div><\/div><\/div><footer class=\"entry-footer\"><\/footer><span class='hidden'>\n\t\t\t\t<span class='av-structured-data'  itemprop=\"image\" itemscope=\"itemscope\" itemtype=\"https:\/\/schema.org\/ImageObject\" >\n\t\t\t\t\t\t<span itemprop='url'>https:\/\/ptdl.pl\/ptdl\/wp-content\/uploads\/2023\/02\/news_011.jpg<\/span>\n\t\t\t\t\t\t<span itemprop='height'>333<\/span>\n\t\t\t\t\t\t<span itemprop='width'>500<\/span>\n\t\t\t\t<\/span>\n\t\t\t\t<span class='av-structured-data'  itemprop=\"publisher\" itemtype=\"https:\/\/schema.org\/Organization\" itemscope=\"itemscope\" >\n\t\t\t\t\t\t<span itemprop='name'>admin<\/span>\n\t\t\t\t\t\t<span itemprop='logo' itemscope itemtype='https:\/\/schema.org\/ImageObject'>\n\t\t\t\t\t\t\t<span itemprop='url'>https:\/\/ptdl.pl\/wp-content\/uploads\/2023\/03\/logo_2.svg<\/span>\n\t\t\t\t\t\t<\/span>\n\t\t\t\t<\/span><span class='av-structured-data'  itemprop=\"author\" itemscope=\"itemscope\" itemtype=\"https:\/\/schema.org\/Person\" ><span itemprop='name'>admin<\/span><\/span><span class='av-structured-data'  itemprop=\"datePublished\" datetime=\"2023-02-03T12:54:00+01:00\" >2023-11-23 10:03:14<\/span><span class='av-structured-data'  itemprop=\"dateModified\" itemtype=\"https:\/\/schema.org\/dateModified\" >2023-12-31 12:31:53<\/span><span class='av-structured-data'  itemprop=\"mainEntityOfPage\" itemtype=\"https:\/\/schema.org\/mainEntityOfPage\" ><span itemprop='name'>XII Lubuska Konferencja Diagnostyczna &#8211; &#8222;Medycyna Laboratoryjna &#8211; nowo\u015bci i wyzwania&#8221;\u00a0ZIMA 2024<\/span><\/span><\/span><\/article><\/div><div class=\"slide-entry-wrap\"><article class='slide-entry flex_column  post-entry post-entry-1956 slide-entry-overview slide-loop-82 slide-parity-odd  av_one_third first real-thumbnail post-format-standard'  itemscope=\"itemscope\" itemtype=\"https:\/\/schema.org\/CreativeWork\" ><a href='https:\/\/ptdl.pl\/index.php\/2023\/10\/21\/konferencja-swietokrzyskie-spotkania-nowosci-w-diagnostyce-edycja-jesien\/' data-rel='slide-5' class='slide-image' title='Konferencja &#8222;\u015awi\u0119tokrzyskie Spotkania-Nowo\u015bci w diagnostyce &#8211; edycja jesie\u0144&#8221;'><img decoding=\"async\" width=\"300\" height=\"199\" src=\"https:\/\/ptdl.pl\/ptdl\/wp-content\/uploads\/2023\/02\/news_017-300x199.jpg\" class=\"wp-image-808 avia-img-lazy-loading-not-808 attachment-medium size-medium wp-post-image\" alt=\"\" srcset=\"https:\/\/ptdl.pl\/ptdl\/wp-content\/uploads\/2023\/02\/news_017-300x199.jpg 300w, https:\/\/ptdl.pl\/ptdl\/wp-content\/uploads\/2023\/02\/news_017.jpg 500w\" sizes=\"(max-width: 300px) 100vw, 300px\" \/><\/a><div class=\"slide-content\"><header class=\"entry-content-header\"><h3 class='slide-entry-title entry-title '  itemprop=\"headline\" ><a href='https:\/\/ptdl.pl\/index.php\/2023\/10\/21\/konferencja-swietokrzyskie-spotkania-nowosci-w-diagnostyce-edycja-jesien\/' title='Konferencja &#8222;\u015awi\u0119tokrzyskie Spotkania-Nowo\u015bci w diagnostyce &#8211; edycja jesie\u0144&#8221;'>Konferencja &#8222;\u015awi\u0119tokrzyskie Spotkania-Nowo\u015bci w diagnostyce &#8211; edycja jesie\u0144&#8221;<\/a><\/h3><span class=\"av-vertical-delimiter\"><\/span><\/header><div class=\"slide-meta\"><time class='slide-meta-time updated'  itemprop=\"datePublished\" datetime=\"2023-10-21T09:34:48+02:00\" >2023-10-21<\/time><\/div><div class='slide-entry-excerpt entry-content'  itemprop=\"text\" ><div class=\"read-more-link\"><a href=\"https:\/\/ptdl.pl\/index.php\/2023\/10\/21\/konferencja-swietokrzyskie-spotkania-nowosci-w-diagnostyce-edycja-jesien\/\" class=\"more-link\">Czytaj dalej<span class=\"more-link-arrow\"><\/span><\/a><\/div><\/div><\/div><footer class=\"entry-footer\"><\/footer><span class='hidden'>\n\t\t\t\t<span class='av-structured-data'  itemprop=\"image\" itemscope=\"itemscope\" itemtype=\"https:\/\/schema.org\/ImageObject\" >\n\t\t\t\t\t\t<span itemprop='url'>https:\/\/ptdl.pl\/ptdl\/wp-content\/uploads\/2023\/02\/news_017.jpg<\/span>\n\t\t\t\t\t\t<span itemprop='height'>332<\/span>\n\t\t\t\t\t\t<span itemprop='width'>500<\/span>\n\t\t\t\t<\/span>\n\t\t\t\t<span class='av-structured-data'  itemprop=\"publisher\" itemtype=\"https:\/\/schema.org\/Organization\" itemscope=\"itemscope\" >\n\t\t\t\t\t\t<span itemprop='name'>admin<\/span>\n\t\t\t\t\t\t<span itemprop='logo' itemscope itemtype='https:\/\/schema.org\/ImageObject'>\n\t\t\t\t\t\t\t<span itemprop='url'>https:\/\/ptdl.pl\/wp-content\/uploads\/2023\/03\/logo_2.svg<\/span>\n\t\t\t\t\t\t<\/span>\n\t\t\t\t<\/span><span class='av-structured-data'  itemprop=\"author\" itemscope=\"itemscope\" itemtype=\"https:\/\/schema.org\/Person\" ><span itemprop='name'>admin<\/span><\/span><span class='av-structured-data'  itemprop=\"datePublished\" datetime=\"2023-02-03T12:54:00+01:00\" >2023-10-21 09:34:48<\/span><span class='av-structured-data'  itemprop=\"dateModified\" itemtype=\"https:\/\/schema.org\/dateModified\" >2023-12-31 09:38:26<\/span><span class='av-structured-data'  itemprop=\"mainEntityOfPage\" itemtype=\"https:\/\/schema.org\/mainEntityOfPage\" ><span itemprop='name'>Konferencja &#8222;\u015awi\u0119tokrzyskie Spotkania-Nowo\u015bci w diagnostyce &#8211; edycja jesie\u0144&#8221;<\/span><\/span><\/span><\/article><article class='slide-entry flex_column  post-entry post-entry-1985 slide-entry-overview slide-loop-83 slide-parity-even  av_one_third  real-thumbnail post-format-standard'  itemscope=\"itemscope\" itemtype=\"https:\/\/schema.org\/CreativeWork\" ><a href='https:\/\/ptdl.pl\/index.php\/2023\/05\/13\/konferencja-diagnostyka-laboratoryjna-olsztyn-2023\/' data-rel='slide-5' class='slide-image' title='Konferencja &#8222;Diagnostyka Laboratoryjna- Olsztyn 2023&#8221;'><img decoding=\"async\" width=\"300\" height=\"200\" src=\"https:\/\/ptdl.pl\/ptdl\/wp-content\/uploads\/2023\/02\/news_028-300x200.jpg\" class=\"wp-image-819 avia-img-lazy-loading-not-819 attachment-medium size-medium wp-post-image\" alt=\"\" srcset=\"https:\/\/ptdl.pl\/ptdl\/wp-content\/uploads\/2023\/02\/news_028-300x200.jpg 300w, https:\/\/ptdl.pl\/ptdl\/wp-content\/uploads\/2023\/02\/news_028.jpg 500w\" sizes=\"(max-width: 300px) 100vw, 300px\" \/><\/a><div class=\"slide-content\"><header class=\"entry-content-header\"><h3 class='slide-entry-title entry-title '  itemprop=\"headline\" ><a href='https:\/\/ptdl.pl\/index.php\/2023\/05\/13\/konferencja-diagnostyka-laboratoryjna-olsztyn-2023\/' title='Konferencja &#8222;Diagnostyka Laboratoryjna- Olsztyn 2023&#8221;'>Konferencja &#8222;Diagnostyka Laboratoryjna- Olsztyn 2023&#8221;<\/a><\/h3><span class=\"av-vertical-delimiter\"><\/span><\/header><div class=\"slide-meta\"><time class='slide-meta-time updated'  itemprop=\"datePublished\" datetime=\"2023-05-13T12:28:14+02:00\" >2023-05-13<\/time><\/div><div class='slide-entry-excerpt entry-content'  itemprop=\"text\" ><div class=\"read-more-link\"><a href=\"https:\/\/ptdl.pl\/index.php\/2023\/05\/13\/konferencja-diagnostyka-laboratoryjna-olsztyn-2023\/\" class=\"more-link\">Czytaj dalej<span class=\"more-link-arrow\"><\/span><\/a><\/div><\/div><\/div><footer class=\"entry-footer\"><\/footer><span class='hidden'>\n\t\t\t\t<span class='av-structured-data'  itemprop=\"image\" itemscope=\"itemscope\" itemtype=\"https:\/\/schema.org\/ImageObject\" >\n\t\t\t\t\t\t<span itemprop='url'>https:\/\/ptdl.pl\/ptdl\/wp-content\/uploads\/2023\/02\/news_028.jpg<\/span>\n\t\t\t\t\t\t<span itemprop='height'>333<\/span>\n\t\t\t\t\t\t<span itemprop='width'>500<\/span>\n\t\t\t\t<\/span>\n\t\t\t\t<span class='av-structured-data'  itemprop=\"publisher\" itemtype=\"https:\/\/schema.org\/Organization\" itemscope=\"itemscope\" >\n\t\t\t\t\t\t<span itemprop='name'>admin<\/span>\n\t\t\t\t\t\t<span itemprop='logo' itemscope itemtype='https:\/\/schema.org\/ImageObject'>\n\t\t\t\t\t\t\t<span itemprop='url'>https:\/\/ptdl.pl\/wp-content\/uploads\/2023\/03\/logo_2.svg<\/span>\n\t\t\t\t\t\t<\/span>\n\t\t\t\t<\/span><span class='av-structured-data'  itemprop=\"author\" itemscope=\"itemscope\" itemtype=\"https:\/\/schema.org\/Person\" ><span itemprop='name'>admin<\/span><\/span><span class='av-structured-data'  itemprop=\"datePublished\" datetime=\"2023-02-03T12:54:00+01:00\" >2023-05-13 12:28:14<\/span><span class='av-structured-data'  itemprop=\"dateModified\" itemtype=\"https:\/\/schema.org\/dateModified\" >2023-12-31 12:32:21<\/span><span class='av-structured-data'  itemprop=\"mainEntityOfPage\" itemtype=\"https:\/\/schema.org\/mainEntityOfPage\" ><span itemprop='name'>Konferencja &#8222;Diagnostyka Laboratoryjna- Olsztyn 2023&#8221;<\/span><\/span><\/span><\/article><article class='slide-entry flex_column  post-entry post-entry-366 slide-entry-overview slide-loop-84 slide-parity-odd  av_one_third  real-thumbnail post-format-standard'  itemscope=\"itemscope\" itemtype=\"https:\/\/schema.org\/CreativeWork\" ><a href='https:\/\/ptdl.pl\/index.php\/2023\/02\/08\/posiedzenie-naukowo-szkoleniowe-09-lutego-2023-r-aktualizacja\/' data-rel='slide-5' class='slide-image' title='Posiedzenie naukowo-szkoleniowe 09 lutego 2023 r. aktualizacja'><img decoding=\"async\" width=\"300\" height=\"199\" src=\"https:\/\/ptdl.pl\/ptdl\/wp-content\/uploads\/2023\/02\/news_026-300x199.jpg\" class=\"wp-image-817 avia-img-lazy-loading-not-817 attachment-medium size-medium wp-post-image\" alt=\"\" srcset=\"https:\/\/ptdl.pl\/ptdl\/wp-content\/uploads\/2023\/02\/news_026-300x199.jpg 300w, https:\/\/ptdl.pl\/ptdl\/wp-content\/uploads\/2023\/02\/news_026.jpg 500w\" sizes=\"(max-width: 300px) 100vw, 300px\" \/><\/a><div class=\"slide-content\"><header class=\"entry-content-header\"><h3 class='slide-entry-title entry-title '  itemprop=\"headline\" ><a href='https:\/\/ptdl.pl\/index.php\/2023\/02\/08\/posiedzenie-naukowo-szkoleniowe-09-lutego-2023-r-aktualizacja\/' title='Posiedzenie naukowo-szkoleniowe 09 lutego 2023 r. aktualizacja'>Posiedzenie naukowo-szkoleniowe 09 lutego 2023 r. aktualizacja<\/a><\/h3><span class=\"av-vertical-delimiter\"><\/span><\/header><div class=\"slide-meta\"><time class='slide-meta-time updated'  itemprop=\"datePublished\" datetime=\"2023-02-08T14:32:23+01:00\" >2023-02-08<\/time><\/div><div class='slide-entry-excerpt entry-content'  itemprop=\"text\" ><div class=\"read-more-link\"><a href=\"https:\/\/ptdl.pl\/index.php\/2023\/02\/08\/posiedzenie-naukowo-szkoleniowe-09-lutego-2023-r-aktualizacja\/\" class=\"more-link\">Czytaj dalej<span class=\"more-link-arrow\"><\/span><\/a><\/div><\/div><\/div><footer class=\"entry-footer\"><\/footer><span class='hidden'>\n\t\t\t\t<span class='av-structured-data'  itemprop=\"image\" itemscope=\"itemscope\" itemtype=\"https:\/\/schema.org\/ImageObject\" >\n\t\t\t\t\t\t<span itemprop='url'>https:\/\/ptdl.pl\/ptdl\/wp-content\/uploads\/2023\/02\/news_026.jpg<\/span>\n\t\t\t\t\t\t<span itemprop='height'>332<\/span>\n\t\t\t\t\t\t<span itemprop='width'>500<\/span>\n\t\t\t\t<\/span>\n\t\t\t\t<span class='av-structured-data'  itemprop=\"publisher\" itemtype=\"https:\/\/schema.org\/Organization\" itemscope=\"itemscope\" >\n\t\t\t\t\t\t<span itemprop='name'>admin<\/span>\n\t\t\t\t\t\t<span itemprop='logo' itemscope itemtype='https:\/\/schema.org\/ImageObject'>\n\t\t\t\t\t\t\t<span itemprop='url'>https:\/\/ptdl.pl\/wp-content\/uploads\/2023\/03\/logo_2.svg<\/span>\n\t\t\t\t\t\t<\/span>\n\t\t\t\t<\/span><span class='av-structured-data'  itemprop=\"author\" itemscope=\"itemscope\" itemtype=\"https:\/\/schema.org\/Person\" ><span itemprop='name'>admin<\/span><\/span><span class='av-structured-data'  itemprop=\"datePublished\" datetime=\"2023-02-03T12:54:00+01:00\" >2023-02-08 14:32:23<\/span><span class='av-structured-data'  itemprop=\"dateModified\" itemtype=\"https:\/\/schema.org\/dateModified\" >2023-02-28 08:48:53<\/span><span class='av-structured-data'  itemprop=\"mainEntityOfPage\" itemtype=\"https:\/\/schema.org\/mainEntityOfPage\" ><span itemprop='name'>Posiedzenie naukowo-szkoleniowe 09 lutego 2023 r. aktualizacja<\/span><\/span><\/span><\/article><\/div><div class=\"slide-entry-wrap\"><article class='slide-entry flex_column  post-entry post-entry-343 slide-entry-overview slide-loop-85 slide-parity-odd  av_one_third first real-thumbnail post-format-standard'  itemscope=\"itemscope\" itemtype=\"https:\/\/schema.org\/CreativeWork\" ><a href='https:\/\/ptdl.pl\/index.php\/2023\/02\/08\/konferencja-naukowa-ptdl-o-krakow-25-lutego-2023-r\/' data-rel='slide-5' class='slide-image' title='Konferencja naukowa PTDL O\/Krak\u00f3w 25 lutego 2023 r.'><img decoding=\"async\" width=\"300\" height=\"200\" src=\"https:\/\/ptdl.pl\/ptdl\/wp-content\/uploads\/2023\/02\/news_028-300x200.jpg\" class=\"wp-image-819 avia-img-lazy-loading-not-819 attachment-medium size-medium wp-post-image\" alt=\"\" srcset=\"https:\/\/ptdl.pl\/ptdl\/wp-content\/uploads\/2023\/02\/news_028-300x200.jpg 300w, https:\/\/ptdl.pl\/ptdl\/wp-content\/uploads\/2023\/02\/news_028.jpg 500w\" sizes=\"(max-width: 300px) 100vw, 300px\" \/><\/a><div class=\"slide-content\"><header class=\"entry-content-header\"><h3 class='slide-entry-title entry-title '  itemprop=\"headline\" ><a href='https:\/\/ptdl.pl\/index.php\/2023\/02\/08\/konferencja-naukowa-ptdl-o-krakow-25-lutego-2023-r\/' title='Konferencja naukowa PTDL O\/Krak\u00f3w 25 lutego 2023 r.'>Konferencja naukowa PTDL O\/Krak\u00f3w 25 lutego 2023 r.<\/a><\/h3><span class=\"av-vertical-delimiter\"><\/span><\/header><div class=\"slide-meta\"><time class='slide-meta-time updated'  itemprop=\"datePublished\" datetime=\"2023-02-08T14:08:50+01:00\" >2023-02-08<\/time><\/div><div class='slide-entry-excerpt entry-content'  itemprop=\"text\" ><div class=\"read-more-link\"><a href=\"https:\/\/ptdl.pl\/index.php\/2023\/02\/08\/konferencja-naukowa-ptdl-o-krakow-25-lutego-2023-r\/\" class=\"more-link\">Czytaj dalej<span class=\"more-link-arrow\"><\/span><\/a><\/div><\/div><\/div><footer class=\"entry-footer\"><\/footer><span class='hidden'>\n\t\t\t\t<span class='av-structured-data'  itemprop=\"image\" itemscope=\"itemscope\" itemtype=\"https:\/\/schema.org\/ImageObject\" >\n\t\t\t\t\t\t<span itemprop='url'>https:\/\/ptdl.pl\/ptdl\/wp-content\/uploads\/2023\/02\/news_028.jpg<\/span>\n\t\t\t\t\t\t<span itemprop='height'>333<\/span>\n\t\t\t\t\t\t<span itemprop='width'>500<\/span>\n\t\t\t\t<\/span>\n\t\t\t\t<span class='av-structured-data'  itemprop=\"publisher\" itemtype=\"https:\/\/schema.org\/Organization\" itemscope=\"itemscope\" >\n\t\t\t\t\t\t<span itemprop='name'>admin<\/span>\n\t\t\t\t\t\t<span itemprop='logo' itemscope itemtype='https:\/\/schema.org\/ImageObject'>\n\t\t\t\t\t\t\t<span itemprop='url'>https:\/\/ptdl.pl\/wp-content\/uploads\/2023\/03\/logo_2.svg<\/span>\n\t\t\t\t\t\t<\/span>\n\t\t\t\t<\/span><span class='av-structured-data'  itemprop=\"author\" itemscope=\"itemscope\" itemtype=\"https:\/\/schema.org\/Person\" ><span itemprop='name'>admin<\/span><\/span><span class='av-structured-data'  itemprop=\"datePublished\" datetime=\"2023-02-03T12:54:00+01:00\" >2023-02-08 14:08:50<\/span><span class='av-structured-data'  itemprop=\"dateModified\" itemtype=\"https:\/\/schema.org\/dateModified\" >2023-02-28 08:49:31<\/span><span class='av-structured-data'  itemprop=\"mainEntityOfPage\" itemtype=\"https:\/\/schema.org\/mainEntityOfPage\" ><span itemprop='name'>Konferencja naukowa PTDL O\/Krak\u00f3w 25 lutego 2023 r.<\/span><\/span><\/span><\/article><article class='slide-entry flex_column  post-entry post-entry-363 slide-entry-overview slide-loop-86 slide-parity-even  av_one_third  real-thumbnail post-format-standard'  itemscope=\"itemscope\" itemtype=\"https:\/\/schema.org\/CreativeWork\" ><a href='https:\/\/ptdl.pl\/index.php\/2023\/02\/02\/konferencja-naukowo-szkoleniowa\/' data-rel='slide-5' class='slide-image' title='Konferencja naukowo-szkoleniowa'><img decoding=\"async\" width=\"300\" height=\"199\" src=\"https:\/\/ptdl.pl\/ptdl\/wp-content\/uploads\/2023\/02\/news_017-300x199.jpg\" class=\"wp-image-808 avia-img-lazy-loading-not-808 attachment-medium size-medium wp-post-image\" alt=\"\" srcset=\"https:\/\/ptdl.pl\/ptdl\/wp-content\/uploads\/2023\/02\/news_017-300x199.jpg 300w, https:\/\/ptdl.pl\/ptdl\/wp-content\/uploads\/2023\/02\/news_017.jpg 500w\" sizes=\"(max-width: 300px) 100vw, 300px\" \/><\/a><div class=\"slide-content\"><header class=\"entry-content-header\"><h3 class='slide-entry-title entry-title '  itemprop=\"headline\" ><a href='https:\/\/ptdl.pl\/index.php\/2023\/02\/02\/konferencja-naukowo-szkoleniowa\/' title='Konferencja naukowo-szkoleniowa'>Konferencja naukowo-szkoleniowa<\/a><\/h3><span class=\"av-vertical-delimiter\"><\/span><\/header><div class=\"slide-meta\"><time class='slide-meta-time updated'  itemprop=\"datePublished\" datetime=\"2023-02-02T14:21:36+01:00\" >2023-02-02<\/time><\/div><div class='slide-entry-excerpt entry-content'  itemprop=\"text\" ><div class=\"read-more-link\"><a href=\"https:\/\/ptdl.pl\/index.php\/2023\/02\/02\/konferencja-naukowo-szkoleniowa\/\" class=\"more-link\">Czytaj dalej<span class=\"more-link-arrow\"><\/span><\/a><\/div><\/div><\/div><footer class=\"entry-footer\"><\/footer><span class='hidden'>\n\t\t\t\t<span class='av-structured-data'  itemprop=\"image\" itemscope=\"itemscope\" itemtype=\"https:\/\/schema.org\/ImageObject\" >\n\t\t\t\t\t\t<span itemprop='url'>https:\/\/ptdl.pl\/ptdl\/wp-content\/uploads\/2023\/02\/news_017.jpg<\/span>\n\t\t\t\t\t\t<span itemprop='height'>332<\/span>\n\t\t\t\t\t\t<span itemprop='width'>500<\/span>\n\t\t\t\t<\/span>\n\t\t\t\t<span class='av-structured-data'  itemprop=\"publisher\" itemtype=\"https:\/\/schema.org\/Organization\" itemscope=\"itemscope\" >\n\t\t\t\t\t\t<span itemprop='name'>admin<\/span>\n\t\t\t\t\t\t<span itemprop='logo' itemscope itemtype='https:\/\/schema.org\/ImageObject'>\n\t\t\t\t\t\t\t<span itemprop='url'>https:\/\/ptdl.pl\/wp-content\/uploads\/2023\/03\/logo_2.svg<\/span>\n\t\t\t\t\t\t<\/span>\n\t\t\t\t<\/span><span class='av-structured-data'  itemprop=\"author\" itemscope=\"itemscope\" itemtype=\"https:\/\/schema.org\/Person\" ><span itemprop='name'>admin<\/span><\/span><span class='av-structured-data'  itemprop=\"datePublished\" datetime=\"2023-02-03T12:54:00+01:00\" >2023-02-02 14:21:36<\/span><span class='av-structured-data'  itemprop=\"dateModified\" itemtype=\"https:\/\/schema.org\/dateModified\" >2023-02-28 08:50:25<\/span><span class='av-structured-data'  itemprop=\"mainEntityOfPage\" itemtype=\"https:\/\/schema.org\/mainEntityOfPage\" ><span itemprop='name'>Konferencja naukowo-szkoleniowa<\/span><\/span><\/span><\/article><article class='slide-entry flex_column  post-entry post-entry-358 slide-entry-overview slide-loop-87 slide-parity-odd  av_one_third  real-thumbnail post-format-standard'  itemscope=\"itemscope\" itemtype=\"https:\/\/schema.org\/CreativeWork\" ><a href='https:\/\/ptdl.pl\/index.php\/2023\/01\/20\/diagnostyka-toksykologiczna-wyzwania-laboratoryjne-kliniczne-i-spoleczne\/' data-rel='slide-5' class='slide-image' title='Diagnostyka toksykologiczna &#8211; wyzwania laboratoryjne, kliniczne i spo\u0142eczne'><img decoding=\"async\" width=\"300\" height=\"200\" src=\"https:\/\/ptdl.pl\/ptdl\/wp-content\/uploads\/2023\/02\/news_022-300x200.jpg\" class=\"wp-image-813 avia-img-lazy-loading-not-813 attachment-medium size-medium wp-post-image\" alt=\"\" srcset=\"https:\/\/ptdl.pl\/ptdl\/wp-content\/uploads\/2023\/02\/news_022-300x200.jpg 300w, https:\/\/ptdl.pl\/ptdl\/wp-content\/uploads\/2023\/02\/news_022.jpg 500w\" sizes=\"(max-width: 300px) 100vw, 300px\" \/><\/a><div class=\"slide-content\"><header class=\"entry-content-header\"><h3 class='slide-entry-title entry-title '  itemprop=\"headline\" ><a href='https:\/\/ptdl.pl\/index.php\/2023\/01\/20\/diagnostyka-toksykologiczna-wyzwania-laboratoryjne-kliniczne-i-spoleczne\/' title='Diagnostyka toksykologiczna &#8211; wyzwania laboratoryjne, kliniczne i spo\u0142eczne'>Diagnostyka toksykologiczna &#8211; wyzwania laboratoryjne, kliniczne i spo\u0142eczne<\/a><\/h3><span class=\"av-vertical-delimiter\"><\/span><\/header><div class=\"slide-meta\"><time class='slide-meta-time updated'  itemprop=\"datePublished\" datetime=\"2023-01-20T14:20:11+01:00\" >2023-01-20<\/time><\/div><div class='slide-entry-excerpt entry-content'  itemprop=\"text\" ><div class=\"read-more-link\"><a href=\"https:\/\/ptdl.pl\/index.php\/2023\/01\/20\/diagnostyka-toksykologiczna-wyzwania-laboratoryjne-kliniczne-i-spoleczne\/\" class=\"more-link\">Czytaj dalej<span class=\"more-link-arrow\"><\/span><\/a><\/div><\/div><\/div><footer class=\"entry-footer\"><\/footer><span class='hidden'>\n\t\t\t\t<span class='av-structured-data'  itemprop=\"image\" itemscope=\"itemscope\" itemtype=\"https:\/\/schema.org\/ImageObject\" >\n\t\t\t\t\t\t<span itemprop='url'>https:\/\/ptdl.pl\/ptdl\/wp-content\/uploads\/2023\/02\/news_022.jpg<\/span>\n\t\t\t\t\t\t<span itemprop='height'>333<\/span>\n\t\t\t\t\t\t<span itemprop='width'>500<\/span>\n\t\t\t\t<\/span>\n\t\t\t\t<span class='av-structured-data'  itemprop=\"publisher\" itemtype=\"https:\/\/schema.org\/Organization\" itemscope=\"itemscope\" >\n\t\t\t\t\t\t<span itemprop='name'>admin<\/span>\n\t\t\t\t\t\t<span itemprop='logo' itemscope itemtype='https:\/\/schema.org\/ImageObject'>\n\t\t\t\t\t\t\t<span itemprop='url'>https:\/\/ptdl.pl\/wp-content\/uploads\/2023\/03\/logo_2.svg<\/span>\n\t\t\t\t\t\t<\/span>\n\t\t\t\t<\/span><span class='av-structured-data'  itemprop=\"author\" itemscope=\"itemscope\" itemtype=\"https:\/\/schema.org\/Person\" ><span itemprop='name'>admin<\/span><\/span><span class='av-structured-data'  itemprop=\"datePublished\" datetime=\"2023-02-03T12:54:00+01:00\" >2023-01-20 14:20:11<\/span><span class='av-structured-data'  itemprop=\"dateModified\" itemtype=\"https:\/\/schema.org\/dateModified\" >2023-02-28 08:54:52<\/span><span class='av-structured-data'  itemprop=\"mainEntityOfPage\" itemtype=\"https:\/\/schema.org\/mainEntityOfPage\" ><span itemprop='name'>Diagnostyka toksykologiczna &#8211; wyzwania laboratoryjne, kliniczne i spo\u0142eczne<\/span><\/span><\/span><\/article><\/div><div class=\"slide-entry-wrap\"><article class='slide-entry flex_column  post-entry post-entry-346 slide-entry-overview slide-loop-88 slide-parity-odd  av_one_third first fake-thumbnail post-format-standard'  itemscope=\"itemscope\" itemtype=\"https:\/\/schema.org\/CreativeWork\" ><a href='https:\/\/ptdl.pl\/index.php\/2022\/11\/17\/xi-lubuska-konferencja-diagnostyczna-zima-2023\/' data-rel='slide-5' class='slide-image' title='XI Lubuska Konferencja Diagnostyczna &#8211; ZIMA 2023'><span class='fallback-post-type-icon' aria-hidden='true' data-av_icon='\ue836' data-av_iconfont='entypo-fontello'><\/span><span class='slider-fallback-image'><img decoding=\"async\" width=\"80\" height=\"94\" src=\"https:\/\/ptdl.pl\/ptdl\/wp-content\/uploads\/2023\/02\/lubuski_herb.jpg\" class=\"wp-image-199 avia-img-lazy-loading-not-199 attachment-medium size-medium wp-post-image\" alt=\"\" \/><\/span><\/a><div class=\"slide-content\"><header class=\"entry-content-header\"><h3 class='slide-entry-title entry-title '  itemprop=\"headline\" ><a href='https:\/\/ptdl.pl\/index.php\/2022\/11\/17\/xi-lubuska-konferencja-diagnostyczna-zima-2023\/' title='XI Lubuska Konferencja Diagnostyczna &#8211; ZIMA 2023'>XI Lubuska Konferencja Diagnostyczna &#8211; ZIMA 2023<\/a><\/h3><span class=\"av-vertical-delimiter\"><\/span><\/header><div class=\"slide-meta\"><time class='slide-meta-time updated'  itemprop=\"datePublished\" datetime=\"2022-11-17T14:09:22+01:00\" >2022-11-17<\/time><\/div><div class='slide-entry-excerpt entry-content'  itemprop=\"text\" ><div class=\"read-more-link\"><a href=\"https:\/\/ptdl.pl\/index.php\/2022\/11\/17\/xi-lubuska-konferencja-diagnostyczna-zima-2023\/\" class=\"more-link\">Czytaj dalej<span class=\"more-link-arrow\"><\/span><\/a><\/div><\/div><\/div><footer class=\"entry-footer\"><\/footer><span class='hidden'>\n\t\t\t\t<span class='av-structured-data'  itemprop=\"image\" itemscope=\"itemscope\" itemtype=\"https:\/\/schema.org\/ImageObject\" >\n\t\t\t\t\t\t<span itemprop='url'>https:\/\/ptdl.pl\/wp-content\/uploads\/2023\/03\/logo_2.svg<\/span>\n\t\t\t\t\t\t<span itemprop='height'>0<\/span>\n\t\t\t\t\t\t<span itemprop='width'>0<\/span>\n\t\t\t\t<\/span>\n\t\t\t\t<span class='av-structured-data'  itemprop=\"publisher\" itemtype=\"https:\/\/schema.org\/Organization\" itemscope=\"itemscope\" >\n\t\t\t\t\t\t<span itemprop='name'>admin<\/span>\n\t\t\t\t\t\t<span itemprop='logo' itemscope itemtype='https:\/\/schema.org\/ImageObject'>\n\t\t\t\t\t\t\t<span itemprop='url'>https:\/\/ptdl.pl\/wp-content\/uploads\/2023\/03\/logo_2.svg<\/span>\n\t\t\t\t\t\t<\/span>\n\t\t\t\t<\/span><span class='av-structured-data'  itemprop=\"author\" itemscope=\"itemscope\" itemtype=\"https:\/\/schema.org\/Person\" ><span itemprop='name'>admin<\/span><\/span><span class='av-structured-data'  itemprop=\"datePublished\" datetime=\"2023-02-03T12:54:00+01:00\" >2022-11-17 14:09:22<\/span><span class='av-structured-data'  itemprop=\"dateModified\" itemtype=\"https:\/\/schema.org\/dateModified\" >2023-02-28 08:57:39<\/span><span class='av-structured-data'  itemprop=\"mainEntityOfPage\" itemtype=\"https:\/\/schema.org\/mainEntityOfPage\" ><span itemprop='name'>XI Lubuska Konferencja Diagnostyczna &#8211; ZIMA 2023<\/span><\/span><\/span><\/article><article class='slide-entry flex_column  post-entry post-entry-349 slide-entry-overview slide-loop-89 slide-parity-even  post-entry-last  av_one_third  real-thumbnail post-format-standard'  itemscope=\"itemscope\" itemtype=\"https:\/\/schema.org\/CreativeWork\" ><a href='https:\/\/ptdl.pl\/index.php\/2022\/01\/06\/xi-lubuska-konferencja-diagnostyczna-zima-2023-2\/' data-rel='slide-5' class='slide-image' title='XI Lubuska Konferencja Diagnostyczna &#8211; ZIMA 2023'><img decoding=\"async\" width=\"80\" height=\"94\" src=\"https:\/\/ptdl.pl\/ptdl\/wp-content\/uploads\/2023\/02\/lubuski_herb.jpg\" class=\"wp-image-199 avia-img-lazy-loading-not-199 attachment-medium size-medium wp-post-image\" alt=\"\" \/><\/a><div class=\"slide-content\"><header class=\"entry-content-header\"><h3 class='slide-entry-title entry-title '  itemprop=\"headline\" ><a href='https:\/\/ptdl.pl\/index.php\/2022\/01\/06\/xi-lubuska-konferencja-diagnostyczna-zima-2023-2\/' title='XI Lubuska Konferencja Diagnostyczna &#8211; ZIMA 2023'>XI Lubuska Konferencja Diagnostyczna &#8211; ZIMA 2023<\/a><\/h3><span class=\"av-vertical-delimiter\"><\/span><\/header><div class=\"slide-meta\"><time class='slide-meta-time updated'  itemprop=\"datePublished\" datetime=\"2022-01-06T14:10:47+01:00\" >2022-01-06<\/time><\/div><div class='slide-entry-excerpt entry-content'  itemprop=\"text\" ><div class=\"read-more-link\"><a href=\"https:\/\/ptdl.pl\/index.php\/2022\/01\/06\/xi-lubuska-konferencja-diagnostyczna-zima-2023-2\/\" class=\"more-link\">Czytaj dalej<span class=\"more-link-arrow\"><\/span><\/a><\/div><\/div><\/div><footer class=\"entry-footer\"><\/footer><span class='hidden'>\n\t\t\t\t<span class='av-structured-data'  itemprop=\"image\" itemscope=\"itemscope\" itemtype=\"https:\/\/schema.org\/ImageObject\" >\n\t\t\t\t\t\t<span itemprop='url'>https:\/\/ptdl.pl\/ptdl\/wp-content\/uploads\/2023\/02\/lubuski_herb.jpg<\/span>\n\t\t\t\t\t\t<span itemprop='height'>94<\/span>\n\t\t\t\t\t\t<span itemprop='width'>80<\/span>\n\t\t\t\t<\/span>\n\t\t\t\t<span class='av-structured-data'  itemprop=\"publisher\" itemtype=\"https:\/\/schema.org\/Organization\" itemscope=\"itemscope\" >\n\t\t\t\t\t\t<span itemprop='name'>admin<\/span>\n\t\t\t\t\t\t<span itemprop='logo' itemscope itemtype='https:\/\/schema.org\/ImageObject'>\n\t\t\t\t\t\t\t<span itemprop='url'>https:\/\/ptdl.pl\/wp-content\/uploads\/2023\/03\/logo_2.svg<\/span>\n\t\t\t\t\t\t<\/span>\n\t\t\t\t<\/span><span class='av-structured-data'  itemprop=\"author\" itemscope=\"itemscope\" itemtype=\"https:\/\/schema.org\/Person\" ><span itemprop='name'>admin<\/span><\/span><span class='av-structured-data'  itemprop=\"datePublished\" datetime=\"2023-02-03T12:54:00+01:00\" >2022-01-06 14:10:47<\/span><span class='av-structured-data'  itemprop=\"dateModified\" itemtype=\"https:\/\/schema.org\/dateModified\" >2023-02-27 10:20:11<\/span><span class='av-structured-data'  itemprop=\"mainEntityOfPage\" itemtype=\"https:\/\/schema.org\/mainEntityOfPage\" ><span itemprop='name'>XI Lubuska Konferencja Diagnostyczna &#8211; ZIMA 2023<\/span><\/span><\/span><\/article><\/div><\/div><div class='avia-slideshow-arrows avia-slideshow-controls' ><a href='#prev' class='prev-slide ' aria-hidden='true' data-av_icon='\ue87c' data-av_iconfont='entypo-fontello'  tabindex='-1'>Previous<\/a><a href='#next' class='next-slide ' aria-hidden='true' data-av_icon='\ue87d' data-av_iconfont='entypo-fontello'  tabindex='-1'>Next<\/a><\/div><\/div>\n<section  class='av_textblock_section av-lsdszsl7-9b23e3481012ac9160430672aba5ea4a'  itemscope=\"itemscope\" itemtype=\"https:\/\/schema.org\/CreativeWork\" ><div class='avia_textblock mp-naglowek-specjalny1-class'  itemprop=\"text\" ><p>Aktualno\u015bci z oddzia\u0142\u00f3w terenowych<\/p>\n<hr \/>\n<\/div><\/section>\n<div  id=\"avia-magazine-1\"  class='av-magazine av-lsdbik3l-7f21d20c9f30c41237650ba9889bfd5b av-magazine-hero-left  avia-builder-el-13  el_after_av_textblock  avia-builder-el-last   avia-builder-el-13  el_after_av_textblock  avia-builder-el-last ' ><div class='av-magazine-group sort_all'><div class='av-magazine-hero first flex_column av_one_half '><article class='av-magazine-entry av-magazine-entry-id-6153 av-magazine-format-standard av-magazine-type-post av-magazine-entry-1 av-magazine-entry-big '  itemscope=\"itemscope\" itemtype=\"https:\/\/schema.org\/CreativeWork\" ><div class=\"av-magazine-thumbnail\"><a href='https:\/\/ptdl.pl\/index.php\/2026\/04\/25\/konferencja-20-maja-2026-r-poznan-congress-center-rejestracja\/' title='Link to: Konferencja 20 maja 2026 r. &#8211; Pozna\u0144 Congress Center REJESTRACJA' class='av-magazine-thumbnail-link'><img decoding=\"async\" width=\"495\" height=\"400\" src=\"https:\/\/ptdl.pl\/ptdl\/wp-content\/uploads\/2026\/03\/salmed_2026_1200x1200-495x400.png\" class=\"wp-image-5917 avia-img-lazy-loading-not-5917 attachment-portfolio size-portfolio wp-post-image\" alt=\"\" srcset=\"https:\/\/ptdl.pl\/ptdl\/wp-content\/uploads\/2026\/03\/salmed_2026_1200x1200-495x400.png 495w, https:\/\/ptdl.pl\/ptdl\/wp-content\/uploads\/2026\/03\/salmed_2026_1200x1200-845x684.png 845w\" sizes=\"(max-width: 495px) 100vw, 495px\" \/><\/a><\/div><div class=\"av-magazine-content-wrap\"><header class=\"entry-content-header\"><time class='av-magazine-time updated'  itemprop=\"datePublished\" datetime=\"2026-04-25T21:58:35+02:00\" >2026-04-25<\/time><span class=\"av-magazine-author-wrap\"><span class=\"av-magazine-text-sep text-sep-date\">\/<\/span><span class=\"av-magazine-author minor-meta\">Autor <span class=\"av-magazine-author-link\"  itemprop=\"author\" ><span class=\"av-magazine-author meta-color author\"><span class=\"fn\"><a href=\"https:\/\/ptdl.pl\/index.php\/author\/m-zielinska\/\" title=\"Autor Ma\u0142gorzata Zieli\u0144ska-Przyjemska\" rel=\"author\">Ma\u0142gorzata Zieli\u0144ska-Przyjemska<\/a><\/span><\/span><\/span><\/span><\/span><span class=\"av-magazine-cats-wrap\"><span class=\"av-magazine-text-sep text-sep-cats\">In<\/span><span class=\"av-magazine-cats minor-meta\"><a href=\"https:\/\/ptdl.pl\/index.php\/category\/aktualnosci\/\" rel=\"tag\">Aktualno\u015bci<\/a>, <a href=\"https:\/\/ptdl.pl\/index.php\/category\/aktualnosci\/aktualnosci-oddzialy-terenowe\/aktualnosci-oddzial-poznan\/\" rel=\"tag\">Aktualno\u015bci Oddzia\u0142 Pozna\u0144<\/a> <\/span><\/span><h3 class='av-magazine-title entry-title '  itemprop=\"headline\" ><a href='https:\/\/ptdl.pl\/index.php\/2026\/04\/25\/konferencja-20-maja-2026-r-poznan-congress-center-rejestracja\/' title='Link to: Konferencja 20 maja 2026 r. &#8211; Pozna\u0144 Congress Center REJESTRACJA'>Konferencja 20 maja 2026 r. &#8211; Pozna\u0144 Congress Center REJESTRACJA<\/a><\/h3><\/header><div class='av-magazine-content entry-content'  itemprop=\"text\" ><p>Szanowni Pa\u0144stwo, Diagno\u015bci Laboratoryjni,<br \/>\nSerdecznie zapraszamy\u2026<\/p>\n<\/div><\/div><footer class=\"entry-footer\"><\/footer><\/article><\/div><div class='av-magazine-sideshow flex_column av_one_half '><article class='av-magazine-entry av-magazine-entry-id-6138 av-magazine-format-standard av-magazine-type-post av-magazine-entry-2 av-magazine-entry-small '  itemscope=\"itemscope\" itemtype=\"https:\/\/schema.org\/CreativeWork\" ><div class=\"av-magazine-thumbnail\"><a href='https:\/\/ptdl.pl\/index.php\/2026\/04\/23\/konferencja-wiosenne-spotkania-z-medycyna-laboratoryjna-krynica-zdroj-2026\/' title='Link to: Konferencja \u201eWiosenne spotkania z medycyn\u0105 laboratoryjn\u0105 \u2013 Krynica-Zdr\u00f3j 2026\u201d' class='av-magazine-thumbnail-link'><img decoding=\"async\" width=\"80\" height=\"80\" src=\"https:\/\/ptdl.pl\/ptdl\/wp-content\/uploads\/2026\/04\/zdjecia-do-kolazu-konferencja-PTDL-16-17.04.26-80x80.jpg\" class=\"wp-image-6139 avia-img-lazy-loading-not-6139 attachment-thumbnail size-thumbnail wp-post-image\" alt=\"\" srcset=\"https:\/\/ptdl.pl\/ptdl\/wp-content\/uploads\/2026\/04\/zdjecia-do-kolazu-konferencja-PTDL-16-17.04.26-80x80.jpg 80w, https:\/\/ptdl.pl\/ptdl\/wp-content\/uploads\/2026\/04\/zdjecia-do-kolazu-konferencja-PTDL-16-17.04.26-36x36.jpg 36w, https:\/\/ptdl.pl\/ptdl\/wp-content\/uploads\/2026\/04\/zdjecia-do-kolazu-konferencja-PTDL-16-17.04.26-180x180.jpg 180w\" sizes=\"(max-width: 80px) 100vw, 80px\" \/><\/a><\/div><div class=\"av-magazine-content-wrap\"><header class=\"entry-content-header\"><time class='av-magazine-time updated'  itemprop=\"datePublished\" datetime=\"2026-04-23T11:51:59+02:00\" >2026-04-23<\/time><span class=\"av-magazine-author-wrap\"><span class=\"av-magazine-text-sep text-sep-date\">\/<\/span><span class=\"av-magazine-author minor-meta\">Autor <span class=\"av-magazine-author-link\"  itemprop=\"author\" ><span class=\"av-magazine-author meta-color author\"><span class=\"fn\"><a href=\"https:\/\/ptdl.pl\/index.php\/author\/admin\/\" title=\"Autor admin\" rel=\"author\">admin<\/a><\/span><\/span><\/span><\/span><\/span><span class=\"av-magazine-cats-wrap\"><span class=\"av-magazine-text-sep text-sep-cats\">In<\/span><span class=\"av-magazine-cats minor-meta\"><a href=\"https:\/\/ptdl.pl\/index.php\/category\/aktualnosci\/aktualnosci-oddzialy-terenowe\/aktualnosci-oddzial-krakow\/\" rel=\"tag\">Aktualno\u015bci Oddzia\u0142 Krak\u00f3w<\/a>, <a href=\"https:\/\/ptdl.pl\/index.php\/category\/konferencje\/\" rel=\"tag\">Konferencje<\/a> <\/span><\/span><h3 class='av-magazine-title entry-title '  itemprop=\"headline\" ><a href='https:\/\/ptdl.pl\/index.php\/2026\/04\/23\/konferencja-wiosenne-spotkania-z-medycyna-laboratoryjna-krynica-zdroj-2026\/' title='Link to: Konferencja \u201eWiosenne spotkania z medycyn\u0105 laboratoryjn\u0105 \u2013 Krynica-Zdr\u00f3j 2026\u201d'>Konferencja \u201eWiosenne spotkania z medycyn\u0105 laboratoryjn\u0105 \u2013 Krynica-Zdr\u00f3j 2026\u201d<\/a><\/h3><\/header><\/div><footer class=\"entry-footer\"><\/footer><\/article><article class='av-magazine-entry av-magazine-entry-id-6134 av-magazine-format-standard av-magazine-type-post av-magazine-entry-3 av-magazine-entry-small '  itemscope=\"itemscope\" itemtype=\"https:\/\/schema.org\/CreativeWork\" ><div class=\"av-magazine-thumbnail\"><a href='https:\/\/ptdl.pl\/index.php\/2026\/04\/23\/sesja-plakatowa-termin-nadsylania-prac-wydluzony-do-3-maja-br-_-konferencja-naukowo-szkoleniowa-szklarska-poreba-2026\/' title='Link to: SESJA PLAKATOWA Termin nadsy\u0142ania prac wyd\u0142u\u017cony do 3 maja br. _ Konferencja Naukowo-Szkoleniowa Szklarska Por\u0119ba 2026' class='av-magazine-thumbnail-link'><img decoding=\"async\" width=\"80\" height=\"80\" src=\"https:\/\/ptdl.pl\/ptdl\/wp-content\/uploads\/2026\/04\/77596-2-80x80.png\" class=\"wp-image-6024 avia-img-lazy-loading-not-6024 attachment-thumbnail size-thumbnail wp-post-image\" alt=\"\" srcset=\"https:\/\/ptdl.pl\/ptdl\/wp-content\/uploads\/2026\/04\/77596-2-80x80.png 80w, https:\/\/ptdl.pl\/ptdl\/wp-content\/uploads\/2026\/04\/77596-2-300x300.png 300w, https:\/\/ptdl.pl\/ptdl\/wp-content\/uploads\/2026\/04\/77596-2-768x768.png 768w, https:\/\/ptdl.pl\/ptdl\/wp-content\/uploads\/2026\/04\/77596-2-36x36.png 36w, https:\/\/ptdl.pl\/ptdl\/wp-content\/uploads\/2026\/04\/77596-2-180x180.png 180w, https:\/\/ptdl.pl\/ptdl\/wp-content\/uploads\/2026\/04\/77596-2-705x705.png 705w, https:\/\/ptdl.pl\/ptdl\/wp-content\/uploads\/2026\/04\/77596-2.png 1024w\" sizes=\"(max-width: 80px) 100vw, 80px\" \/><\/a><\/div><div class=\"av-magazine-content-wrap\"><header class=\"entry-content-header\"><time class='av-magazine-time updated'  itemprop=\"datePublished\" datetime=\"2026-04-23T10:43:46+02:00\" >2026-04-23<\/time><span class=\"av-magazine-author-wrap\"><span class=\"av-magazine-text-sep text-sep-date\">\/<\/span><span class=\"av-magazine-author minor-meta\">Autor <span class=\"av-magazine-author-link\"  itemprop=\"author\" ><span class=\"av-magazine-author meta-color author\"><span class=\"fn\"><a href=\"https:\/\/ptdl.pl\/index.php\/author\/o-loska\/\" title=\"Autor Olga Loska\" rel=\"author\">Olga Loska<\/a><\/span><\/span><\/span><\/span><\/span><span class=\"av-magazine-cats-wrap\"><span class=\"av-magazine-text-sep text-sep-cats\">In<\/span><span class=\"av-magazine-cats minor-meta\"><a href=\"https:\/\/ptdl.pl\/index.php\/category\/aktualnosci\/aktualnosci-oddzialy-terenowe\/aktualnosci-oddzial-wroclaw\/\" rel=\"tag\">Aktualno\u015bci Oddzia\u0142 Wroc\u0142aw<\/a> <\/span><\/span><h3 class='av-magazine-title entry-title '  itemprop=\"headline\" ><a href='https:\/\/ptdl.pl\/index.php\/2026\/04\/23\/sesja-plakatowa-termin-nadsylania-prac-wydluzony-do-3-maja-br-_-konferencja-naukowo-szkoleniowa-szklarska-poreba-2026\/' title='Link to: SESJA PLAKATOWA Termin nadsy\u0142ania prac wyd\u0142u\u017cony do 3 maja br. _ Konferencja Naukowo-Szkoleniowa Szklarska Por\u0119ba 2026'>SESJA PLAKATOWA Termin nadsy\u0142ania prac wyd\u0142u\u017cony do 3 maja br. _ Konferencja Naukowo-Szkoleniowa Szklarska Por\u0119ba 2026<\/a><\/h3><\/header><\/div><footer class=\"entry-footer\"><\/footer><\/article><article class='av-magazine-entry av-magazine-entry-id-6131 av-magazine-format-standard av-magazine-type-post av-magazine-entry-4 av-magazine-entry-small '  itemscope=\"itemscope\" itemtype=\"https:\/\/schema.org\/CreativeWork\" ><div class=\"av-magazine-thumbnail\"><a href='https:\/\/ptdl.pl\/index.php\/2026\/04\/22\/6131\/' title='Link to: ' class='av-magazine-thumbnail-link'><img decoding=\"async\" width=\"80\" height=\"80\" src=\"https:\/\/ptdl.pl\/ptdl\/wp-content\/uploads\/2025\/02\/ptdl-80x80.jpg\" class=\"wp-image-4305 avia-img-lazy-loading-not-4305 attachment-thumbnail size-thumbnail wp-post-image\" alt=\"\" srcset=\"https:\/\/ptdl.pl\/ptdl\/wp-content\/uploads\/2025\/02\/ptdl-80x80.jpg 80w, https:\/\/ptdl.pl\/ptdl\/wp-content\/uploads\/2025\/02\/ptdl-36x36.jpg 36w\" sizes=\"(max-width: 80px) 100vw, 80px\" \/><\/a><\/div><div class=\"av-magazine-content-wrap\"><header class=\"entry-content-header\"><time class='av-magazine-time updated'  itemprop=\"datePublished\" datetime=\"2026-04-22T21:35:02+02:00\" >2026-04-22<\/time><span class=\"av-magazine-author-wrap\"><span class=\"av-magazine-text-sep text-sep-date\">\/<\/span><span class=\"av-magazine-author minor-meta\">Autor <span class=\"av-magazine-author-link\"  itemprop=\"author\" ><span class=\"av-magazine-author meta-color author\"><span class=\"fn\"><a href=\"https:\/\/ptdl.pl\/index.php\/author\/o-ciepiela\/\" title=\"Autor Olga Ciepiela\" rel=\"author\">Olga Ciepiela<\/a><\/span><\/span><\/span><\/span><\/span><span class=\"av-magazine-cats-wrap\"><span class=\"av-magazine-text-sep text-sep-cats\">In<\/span><span class=\"av-magazine-cats minor-meta\"><a href=\"https:\/\/ptdl.pl\/index.php\/category\/aktualnosci\/aktualnosci-oddzialy-terenowe\/aktualnosci-oddzial-warszawa\/\" rel=\"tag\">Aktualno\u015bci Oddzia\u0142 Warszawa<\/a> <\/span><\/span><h3 class='av-magazine-title entry-title '  itemprop=\"headline\" ><a href='https:\/\/ptdl.pl\/index.php\/2026\/04\/22\/6131\/' title='Link to: '><\/a><\/h3><\/header><\/div><footer class=\"entry-footer\"><\/footer><\/article><article class='av-magazine-entry av-magazine-entry-id-6112 av-magazine-format-standard av-magazine-type-post av-magazine-entry-5 av-magazine-entry-small '  itemscope=\"itemscope\" itemtype=\"https:\/\/schema.org\/CreativeWork\" ><div class=\"av-magazine-thumbnail\"><a href='https:\/\/ptdl.pl\/index.php\/2026\/04\/22\/walne-zebranie-sprawozdawczo-wyborcze-czlonkow-oddzialu-ptdl-w-bydgoszczy-19-maja-2026-r\/' title='Link to: Walne Zebranie Sprawozdawczo-Wyborcze  Cz\u0142onk\u00f3w Oddzia\u0142u PTDL w Bydgoszczy 19 maja 2026 r' class='av-magazine-thumbnail-link'><img decoding=\"async\" width=\"80\" height=\"80\" src=\"https:\/\/ptdl.pl\/ptdl\/wp-content\/uploads\/2024\/01\/2020-10-17-80x80.jpg\" class=\"wp-image-2586 avia-img-lazy-loading-not-2586 attachment-thumbnail size-thumbnail wp-post-image\" alt=\"\" srcset=\"https:\/\/ptdl.pl\/ptdl\/wp-content\/uploads\/2024\/01\/2020-10-17-80x80.jpg 80w, https:\/\/ptdl.pl\/ptdl\/wp-content\/uploads\/2024\/01\/2020-10-17-36x36.jpg 36w, https:\/\/ptdl.pl\/ptdl\/wp-content\/uploads\/2024\/01\/2020-10-17-180x180.jpg 180w\" sizes=\"(max-width: 80px) 100vw, 80px\" \/><\/a><\/div><div class=\"av-magazine-content-wrap\"><header class=\"entry-content-header\"><time class='av-magazine-time updated'  itemprop=\"datePublished\" datetime=\"2026-04-22T15:44:52+02:00\" >2026-04-22<\/time><span class=\"av-magazine-author-wrap\"><span class=\"av-magazine-text-sep text-sep-date\">\/<\/span><span class=\"av-magazine-author minor-meta\">Autor <span class=\"av-magazine-author-link\"  itemprop=\"author\" ><span class=\"av-magazine-author meta-color author\"><span class=\"fn\"><a href=\"https:\/\/ptdl.pl\/index.php\/author\/s-balcerak\/\" title=\"Autor S\u0142awomira Balcerak\" rel=\"author\">S\u0142awomira Balcerak<\/a><\/span><\/span><\/span><\/span><\/span><span class=\"av-magazine-cats-wrap\"><span class=\"av-magazine-text-sep text-sep-cats\">In<\/span><span class=\"av-magazine-cats minor-meta\"><a href=\"https:\/\/ptdl.pl\/index.php\/category\/aktualnosci\/aktualnosci-oddzialy-terenowe\/aktualnosci-oddzial-bydgoszcz\/\" rel=\"tag\">Aktualno\u015bci Oddzia\u0142 Bydgoszcz<\/a> <\/span><\/span><h3 class='av-magazine-title entry-title '  itemprop=\"headline\" ><a href='https:\/\/ptdl.pl\/index.php\/2026\/04\/22\/walne-zebranie-sprawozdawczo-wyborcze-czlonkow-oddzialu-ptdl-w-bydgoszczy-19-maja-2026-r\/' title='Link to: Walne Zebranie Sprawozdawczo-Wyborcze  Cz\u0142onk\u00f3w Oddzia\u0142u PTDL w Bydgoszczy 19 maja 2026 r'>Walne Zebranie Sprawozdawczo-Wyborcze  Cz\u0142onk\u00f3w Oddzia\u0142u PTDL w Bydgoszczy 19 maja 2026 r<\/a><\/h3><\/header><\/div><footer class=\"entry-footer\"><\/footer><\/article><article class='av-magazine-entry av-magazine-entry-id-6109 av-magazine-format-standard av-magazine-type-post av-magazine-entry-6 av-magazine-entry-small '  itemscope=\"itemscope\" itemtype=\"https:\/\/schema.org\/CreativeWork\" ><div class=\"av-magazine-thumbnail\"><a href='https:\/\/ptdl.pl\/index.php\/2026\/04\/22\/zebranie-sprawozdawczo-wyborcze-oddzialu-gdanskiego-ptdl\/' title='Link to: Zebranie Sprawozdawczo-Wyborcze Oddzia\u0142u gda\u0144skiego PTDL' class='iconfont av-magazine-entry-icon' aria-hidden='true' data-av_icon='\ue836' data-av_iconfont='entypo-fontello'><\/a><\/div><div class=\"av-magazine-content-wrap\"><header class=\"entry-content-header\"><time class='av-magazine-time updated'  itemprop=\"datePublished\" datetime=\"2026-04-22T08:32:46+02:00\" >2026-04-22<\/time><span class=\"av-magazine-author-wrap\"><span class=\"av-magazine-text-sep text-sep-date\">\/<\/span><span class=\"av-magazine-author minor-meta\">Autor <span class=\"av-magazine-author-link\"  itemprop=\"author\" ><span class=\"av-magazine-author meta-color author\"><span class=\"fn\"><a href=\"https:\/\/ptdl.pl\/index.php\/author\/a-jankowska-kulawy\/\" title=\"Autor Agnieszka Jankowska-Kulawy\" rel=\"author\">Agnieszka Jankowska-Kulawy<\/a><\/span><\/span><\/span><\/span><\/span><span class=\"av-magazine-cats-wrap\"><span class=\"av-magazine-text-sep text-sep-cats\">In<\/span><span class=\"av-magazine-cats minor-meta\"><a href=\"https:\/\/ptdl.pl\/index.php\/category\/aktualnosci\/aktualnosci-oddzialy-terenowe\/aktualnosci-oddzial-gdansk\/\" rel=\"tag\">Aktualno\u015bci Oddzia\u0142 Gda\u0144sk<\/a> <\/span><\/span><h3 class='av-magazine-title entry-title '  itemprop=\"headline\" ><a href='https:\/\/ptdl.pl\/index.php\/2026\/04\/22\/zebranie-sprawozdawczo-wyborcze-oddzialu-gdanskiego-ptdl\/' title='Link to: Zebranie Sprawozdawczo-Wyborcze Oddzia\u0142u gda\u0144skiego PTDL'>Zebranie Sprawozdawczo-Wyborcze Oddzia\u0142u gda\u0144skiego PTDL<\/a><\/h3><\/header><\/div><footer class=\"entry-footer\"><\/footer><\/article><article class='av-magazine-entry av-magazine-entry-id-6105 av-magazine-format-standard av-magazine-type-post av-magazine-entry-7 av-magazine-entry-small '  itemscope=\"itemscope\" itemtype=\"https:\/\/schema.org\/CreativeWork\" ><div class=\"av-magazine-thumbnail\"><a href='https:\/\/ptdl.pl\/index.php\/2026\/04\/21\/link-do-posiedzenia-naukowo-szkoleniowego-21-04-2026\/' title='Link to: Link do posiedzenia naukowo-szkoleniowego 21.04.2026' class='av-magazine-thumbnail-link'><img decoding=\"async\" width=\"80\" height=\"80\" src=\"https:\/\/ptdl.pl\/ptdl\/wp-content\/uploads\/2026\/04\/mikroby-80x80.jpg\" class=\"wp-image-6043 avia-img-lazy-loading-not-6043 attachment-thumbnail size-thumbnail wp-post-image\" alt=\"\" srcset=\"https:\/\/ptdl.pl\/ptdl\/wp-content\/uploads\/2026\/04\/mikroby-80x80.jpg 80w, https:\/\/ptdl.pl\/ptdl\/wp-content\/uploads\/2026\/04\/mikroby-36x36.jpg 36w\" sizes=\"(max-width: 80px) 100vw, 80px\" \/><\/a><\/div><div class=\"av-magazine-content-wrap\"><header class=\"entry-content-header\"><time class='av-magazine-time updated'  itemprop=\"datePublished\" datetime=\"2026-04-21T17:45:34+02:00\" >2026-04-21<\/time><span class=\"av-magazine-author-wrap\"><span class=\"av-magazine-text-sep text-sep-date\">\/<\/span><span class=\"av-magazine-author minor-meta\">Autor <span class=\"av-magazine-author-link\"  itemprop=\"author\" ><span class=\"av-magazine-author meta-color author\"><span class=\"fn\"><a href=\"https:\/\/ptdl.pl\/index.php\/author\/o-ciepiela\/\" title=\"Autor Olga Ciepiela\" rel=\"author\">Olga Ciepiela<\/a><\/span><\/span><\/span><\/span><\/span><span class=\"av-magazine-cats-wrap\"><span class=\"av-magazine-text-sep text-sep-cats\">In<\/span><span class=\"av-magazine-cats minor-meta\"><a href=\"https:\/\/ptdl.pl\/index.php\/category\/aktualnosci\/aktualnosci-oddzialy-terenowe\/aktualnosci-oddzial-warszawa\/\" rel=\"tag\">Aktualno\u015bci Oddzia\u0142 Warszawa<\/a> <\/span><\/span><h3 class='av-magazine-title entry-title '  itemprop=\"headline\" ><a href='https:\/\/ptdl.pl\/index.php\/2026\/04\/21\/link-do-posiedzenia-naukowo-szkoleniowego-21-04-2026\/' title='Link to: Link do posiedzenia naukowo-szkoleniowego 21.04.2026'>Link do posiedzenia naukowo-szkoleniowego 21.04.2026<\/a><\/h3><\/header><\/div><footer class=\"entry-footer\"><\/footer><\/article><article class='av-magazine-entry av-magazine-entry-id-6070 av-magazine-format-standard av-magazine-type-post av-magazine-entry-8 av-magazine-entry-small '  itemscope=\"itemscope\" itemtype=\"https:\/\/schema.org\/CreativeWork\" ><div class=\"av-magazine-thumbnail\"><a href='https:\/\/ptdl.pl\/index.php\/2026\/04\/20\/rejestracja-na-konferencje-naukowo-szkoleniowa-oddzialu-ptdl-w-bydgoszczy-27-28-maja-2026-r-turzno-k-torunia\/' title='Link to: Rejestracja na konferencj\u0119 naukowo-szkoleniow\u0105 Oddzia\u0142u PTDL w Bydgoszczy 27-28 maja 2026 r-Turzno k\/Torunia' class='av-magazine-thumbnail-link'><img decoding=\"async\" width=\"80\" height=\"80\" src=\"https:\/\/ptdl.pl\/ptdl\/wp-content\/uploads\/2025\/04\/turzno-1-80x80.jpg\" class=\"wp-image-4666 avia-img-lazy-loading-not-4666 attachment-thumbnail size-thumbnail wp-post-image\" alt=\"\" srcset=\"https:\/\/ptdl.pl\/ptdl\/wp-content\/uploads\/2025\/04\/turzno-1-80x80.jpg 80w, https:\/\/ptdl.pl\/ptdl\/wp-content\/uploads\/2025\/04\/turzno-1-36x36.jpg 36w, https:\/\/ptdl.pl\/ptdl\/wp-content\/uploads\/2025\/04\/turzno-1-180x180.jpg 180w\" sizes=\"(max-width: 80px) 100vw, 80px\" \/><\/a><\/div><div class=\"av-magazine-content-wrap\"><header class=\"entry-content-header\"><time class='av-magazine-time updated'  itemprop=\"datePublished\" datetime=\"2026-04-20T00:25:23+02:00\" >2026-04-20<\/time><span class=\"av-magazine-author-wrap\"><span class=\"av-magazine-text-sep text-sep-date\">\/<\/span><span class=\"av-magazine-author minor-meta\">Autor <span class=\"av-magazine-author-link\"  itemprop=\"author\" ><span class=\"av-magazine-author meta-color author\"><span class=\"fn\"><a href=\"https:\/\/ptdl.pl\/index.php\/author\/s-balcerak\/\" title=\"Autor S\u0142awomira Balcerak\" rel=\"author\">S\u0142awomira Balcerak<\/a><\/span><\/span><\/span><\/span><\/span><span class=\"av-magazine-cats-wrap\"><span class=\"av-magazine-text-sep text-sep-cats\">In<\/span><span class=\"av-magazine-cats minor-meta\"><a href=\"https:\/\/ptdl.pl\/index.php\/category\/aktualnosci\/aktualnosci-oddzialy-terenowe\/aktualnosci-oddzial-bydgoszcz\/\" rel=\"tag\">Aktualno\u015bci Oddzia\u0142 Bydgoszcz<\/a>, <a href=\"https:\/\/ptdl.pl\/index.php\/category\/konferencje\/\" rel=\"tag\">Konferencje<\/a> <\/span><\/span><h3 class='av-magazine-title entry-title '  itemprop=\"headline\" ><a href='https:\/\/ptdl.pl\/index.php\/2026\/04\/20\/rejestracja-na-konferencje-naukowo-szkoleniowa-oddzialu-ptdl-w-bydgoszczy-27-28-maja-2026-r-turzno-k-torunia\/' title='Link to: Rejestracja na konferencj\u0119 naukowo-szkoleniow\u0105 Oddzia\u0142u PTDL w Bydgoszczy 27-28 maja 2026 r-Turzno k\/Torunia'>Rejestracja na konferencj\u0119 naukowo-szkoleniow\u0105 Oddzia\u0142u PTDL w Bydgoszczy 27-28 maja 2026 r-Turzno k\/Torunia<\/a><\/h3><\/header><\/div><footer class=\"entry-footer\"><\/footer><\/article><\/div><\/div><div class='av-masonry-pagination av-masonry-pagination-pagination'><nav class='pagination'><span class='pagination-meta'>Strona 1 z 45<\/span><span class='current'>1<\/span><a href='https:\/\/ptdl.pl\/index.php\/wp-json\/wp\/v2\/pages\/92\/?avia-element-paging=2' class='inactive next_page' >2<\/a><a href='https:\/\/ptdl.pl\/index.php\/wp-json\/wp\/v2\/pages\/92\/?avia-element-paging=3' class='inactive' >3<\/a><a href='https:\/\/ptdl.pl\/index.php\/wp-json\/wp\/v2\/pages\/92\/?avia-element-paging=2'>&rsaquo;<\/a><a href='https:\/\/ptdl.pl\/index.php\/wp-json\/wp\/v2\/pages\/92\/?avia-element-paging=45'>&raquo;<\/a><\/nav>\n<\/div><\/div>\n\n","protected":false},"excerpt":{"rendered":"","protected":false},"author":1,"featured_media":0,"parent":0,"menu_order":0,"comment_status":"closed","ping_status":"closed","template":"","meta":{"footnotes":""},"class_list":["post-92","page","type-page","status-publish","hentry"],"_links":{"self":[{"href":"https:\/\/ptdl.pl\/index.php\/wp-json\/wp\/v2\/pages\/92","targetHints":{"allow":["GET"]}}],"collection":[{"href":"https:\/\/ptdl.pl\/index.php\/wp-json\/wp\/v2\/pages"}],"about":[{"href":"https:\/\/ptdl.pl\/index.php\/wp-json\/wp\/v2\/types\/page"}],"author":[{"embeddable":true,"href":"https:\/\/ptdl.pl\/index.php\/wp-json\/wp\/v2\/users\/1"}],"replies":[{"embeddable":true,"href":"https:\/\/ptdl.pl\/index.php\/wp-json\/wp\/v2\/comments?post=92"}],"version-history":[{"count":241,"href":"https:\/\/ptdl.pl\/index.php\/wp-json\/wp\/v2\/pages\/92\/revisions"}],"predecessor-version":[{"id":5686,"href":"https:\/\/ptdl.pl\/index.php\/wp-json\/wp\/v2\/pages\/92\/revisions\/5686"}],"wp:attachment":[{"href":"https:\/\/ptdl.pl\/index.php\/wp-json\/wp\/v2\/media?parent=92"}],"curies":[{"name":"wp","href":"https:\/\/api.w.org\/{rel}","templated":true}]}}